{"version":"1.0","provider_name":"K\u00f6nigreich W\u00fcrttemberg","provider_url":"https:\/\/www.ewigerbund.org\/wuerttemberg","author_name":"Deutscher","author_url":"https:\/\/www.ewigerbund.org\/wuerttemberg\/author\/ewigerdaniel\/","title":"Verfassungsurkunde des K\u00f6nigreichs W\u00fcrttemberg - K\u00f6nigreich W\u00fcrttemberg","type":"rich","width":600,"height":338,"html":"<blockquote class=\"wp-embedded-content\" data-secret=\"JshR9gTd67\"><a href=\"https:\/\/www.ewigerbund.org\/wuerttemberg\/verfassungsurkunde\/\">Verfassungsurkunde des K\u00f6nigreichs W\u00fcrttemberg<\/a><\/blockquote><iframe sandbox=\"allow-scripts\" security=\"restricted\" src=\"https:\/\/www.ewigerbund.org\/wuerttemberg\/verfassungsurkunde\/embed\/#?secret=JshR9gTd67\" width=\"600\" height=\"338\" title=\"&#8222;Verfassungsurkunde des K\u00f6nigreichs W\u00fcrttemberg&#8220; &#8211; K\u00f6nigreich W\u00fcrttemberg\" data-secret=\"JshR9gTd67\" frameborder=\"0\" marginwidth=\"0\" marginheight=\"0\" scrolling=\"no\" class=\"wp-embedded-content\"><\/iframe><script type=\"text\/javascript\">\n\/* <![CDATA[ *\/\n\/*! This file is auto-generated *\/\n!function(d,l){\"use strict\";l.querySelector&&d.addEventListener&&\"undefined\"!=typeof URL&&(d.wp=d.wp||{},d.wp.receiveEmbedMessage||(d.wp.receiveEmbedMessage=function(e){var t=e.data;if((t||t.secret||t.message||t.value)&&!\/[^a-zA-Z0-9]\/.test(t.secret)){for(var s,r,n,a=l.querySelectorAll('iframe[data-secret=\"'+t.secret+'\"]'),o=l.querySelectorAll('blockquote[data-secret=\"'+t.secret+'\"]'),c=new RegExp(\"^https?:$\",\"i\"),i=0;i<o.length;i++)o[i].style.display=\"none\";for(i=0;i<a.length;i++)s=a[i],e.source===s.contentWindow&&(s.removeAttribute(\"style\"),\"height\"===t.message?(1e3<(r=parseInt(t.value,10))?r=1e3:~~r<200&&(r=200),s.height=r):\"link\"===t.message&&(r=new URL(s.getAttribute(\"src\")),n=new URL(t.value),c.test(n.protocol))&&n.host===r.host&&l.activeElement===s&&(d.top.location.href=t.value))}},d.addEventListener(\"message\",d.wp.receiveEmbedMessage,!1),l.addEventListener(\"DOMContentLoaded\",function(){for(var e,t,s=l.querySelectorAll(\"iframe.wp-embedded-content\"),r=0;r<s.length;r++)(t=(e=s[r]).getAttribute(\"data-secret\"))||(t=Math.random().toString(36).substring(2,12),e.src+=\"#?secret=\"+t,e.setAttribute(\"data-secret\",t)),e.contentWindow.postMessage({message:\"ready\",secret:t},\"*\")},!1)))}(window,document);\n\/* ]]> *\/\n<\/script>\n","thumbnail_url":"https:\/\/www.ewigerbund.org\/wuerttemberg\/wp-content\/uploads\/sites\/13\/2021\/12\/VU-w.jpg","thumbnail_width":805,"thumbnail_height":532,"description":"Hinweise sind in und blau geschrieben. Sp\u00e4tere \u00c4nderungen sind gr\u00fcn markiert. Wilhelm,von Gottes Gnaden, K\u00f6nig von W\u00fcrttemberg Thun kund und zu wissen f\u00fcr Uns und Unsere Nachfolger in der Regierung: Unseres in Gott ruhenden Herrn Vaters Majest\u00e4t und Gnaden haben schon im Jahre 1815 auf die Errichtung einer Staats-Grund-Verfassung f\u00fcr das gesamte K\u00f6nigreich W\u00fcrttemberg ernstlichen ... Weiterlesen ..."}