{"id":34,"date":"2022-12-16T12:50:08","date_gmt":"2022-12-16T11:50:08","guid":{"rendered":"https:\/\/www.ewigerbund.org\/volksschule\/?page_id=34"},"modified":"2024-09-13T08:50:41","modified_gmt":"2024-09-13T06:50:41","slug":"die-s-regel","status":"publish","type":"page","link":"https:\/\/www.ewigerbund.org\/volksschule\/fraktur-lesen-lernen\/die-s-regel\/","title":{"rendered":"Die S-Regel."},"content":{"rendered":"\n<h2 class=\"wp-block-heading\">Deutsche Schrift: s oder \u017f? Wann wird welches s verwendet?<\/h2>\n\n\n\n<p>In der deutschen Schrift gibt es als Besonderheit ein Lang-s und ein Schlu\u00df-s:<br>Das Lang-\u017f steht am Anfang und im Wortinneren, das Schlu\u00df-s nur am Wort- oder Teilwortschlu\u00df.<\/p>\n\n\n\n<p>Es gibt in der deutschen Schrift Buchstabenverb\u00fcnde (Ligaturen), die beim Satz angewendet werden: <\/p>\n\n\n\n<div class=\"wp-block-columns is-layout-flex wp-container-core-columns-is-layout-1 wp-block-columns-is-layout-flex\">\n<div class=\"wp-block-column cat-box-border-hellgrau has-background is-layout-flow wp-block-column-is-layout-flow\" style=\"background-color:#d1d7da\">\n<p class=\"has-text-align-center has-medium-font-size\">ch, \u017fch, ck, ff, fi, fl, ft, ll, si, sl, \u017f\u017f, \u017ft, tt, tz.<\/p>\n<\/div>\n<\/div>\n\n\n\n<p>Das Schlu\u00df-s steht nur<\/p>\n\n\n\n<p>1. am Wortschlu\u00df:<\/p>\n\n\n\n<div class=\"wp-block-columns is-layout-flex wp-container-core-columns-is-layout-2 wp-block-columns-is-layout-flex\">\n<div class=\"wp-block-column has-background is-layout-flow wp-block-column-is-layout-flow\" style=\"background-color:#d1d7da\">\n<p class=\"has-text-align-center\"><strong>das Glas, das Haus <\/strong>aber: <strong>im Gla\u017fe, am Hau\u017fe<\/strong><\/p>\n<\/div>\n<\/div>\n\n\n\n<p>2. am Teilwortschlu\u00df in zusammengesetzten W\u00f6rtern, deren Teile auch selbst\u00e4ndig vorkommen k\u00f6nnen:<\/p>\n\n\n\n<div class=\"wp-block-columns is-layout-flex wp-container-core-columns-is-layout-3 wp-block-columns-is-layout-flex\">\n<div class=\"wp-block-column has-background is-layout-flow wp-block-column-is-layout-flow\" style=\"background-color:#d1d7da\">\n<p class=\"has-text-align-center\"><strong>Gras-narbe, Haus-t\u00fcr, los-gehen, aus-setzen<\/strong><\/p>\n<\/div>\n<\/div>\n\n\n\n<p>3. als Fugen-s in Zusammensetzungen:<\/p>\n\n\n\n<div class=\"wp-block-columns is-layout-flex wp-container-core-columns-is-layout-4 wp-block-columns-is-layout-flex\">\n<div class=\"wp-block-column has-background is-layout-flow wp-block-column-is-layout-flow\" style=\"background-color:#d1d7da\">\n<p class=\"has-text-align-center\"><strong>An\u017fichts-karte, Arbeits-amt, E\u017f\u017fens-re\u017fte, Geburts-tag<\/strong><\/p>\n<\/div>\n<\/div>\n\n\n\n<p class=\"has-text-align-center\">nat\u00fcrlich auch dann, wenn das folgende Teilwort mit einem Lang-\u017f beginnt:<\/p>\n\n\n\n<div class=\"wp-block-columns is-layout-flex wp-container-core-columns-is-layout-5 wp-block-columns-is-layout-flex\">\n<div class=\"wp-block-column has-background is-layout-flow wp-block-column-is-layout-flow\" style=\"background-color:#d1d7da\">\n<p class=\"has-text-align-center\"><strong>An\u017fichts-\u017fache<\/strong>, <strong>Liebes-\u017fehn\u017fucht<\/strong><\/p>\n<\/div>\n<\/div>\n\n\n\n<p>4. vor sinntragenden Nachsilben:<\/p>\n\n\n\n<div class=\"wp-block-columns is-layout-flex wp-container-core-columns-is-layout-6 wp-block-columns-is-layout-flex\">\n<div class=\"wp-block-column has-background is-layout-flow wp-block-column-is-layout-flow\" style=\"background-color:#d1d7da\">\n<p class=\"has-text-align-center\"><strong>H\u00e4us-lein, M\u00e4us-chen, Wachs-tum, Weis-heit, Realis-mus, nachweis-lich, bos-haft, beweis-bar<\/strong><\/p>\n<\/div>\n<\/div>\n\n\n\n<p>Bei der Trennung von Doppel-s bleibt das Lang-\u017f erhalten: <\/p>\n\n\n\n<div class=\"wp-block-columns is-layout-flex wp-container-core-columns-is-layout-7 wp-block-columns-is-layout-flex\">\n<div class=\"wp-block-column has-background is-layout-flow wp-block-column-is-layout-flow\" style=\"background-color:#d1d7da\">\n<p class=\"has-text-align-center\"><strong>A\u017f-\u017fe\u017f-\u017for, Bi\u017f-\u017fen, D\u00fc\u017f-\u017feldorf, Ga\u017f-\u017fe, k\u00fc\u017f-\u017fen, Ma\u017f-\u017fe, Wa\u017f-\u017fer, Zeugni\u017f-\u017fe, fa\u017f-\u017fen.<\/strong><\/p>\n<\/div>\n<\/div>\n\n\n\n<div style=\"height:40px\" aria-hidden=\"true\" class=\"wp-block-spacer\"><\/div>\n\n\n\n<div class=\"wp-block-columns is-layout-flex wp-container-core-columns-is-layout-8 wp-block-columns-is-layout-flex\">\n<div class=\"wp-block-column has-background is-layout-flow wp-block-column-is-layout-flow\" style=\"background-color:#f8f8f8\">\n<p class=\"gb-headline gb-headline-d4fb997c gb-headline-text\">Mit diesem Grundwissen werden rund 98 von 100 aller s\/\u017f-F\u00e4lle erfa\u00dft.<\/p>\n<\/div>\n<\/div>\n\n\n\n<p>Ausnahmen: Das Schlu\u00df-s steht auch in Namen, Fremd- und seltenen W\u00f6rtern, z. B. in den Fremdwortvorsilben des und dis, ferner vor d, k, m, n, w:<\/p>\n\n\n\n<div class=\"wp-block-columns is-layout-flex wp-container-core-columns-is-layout-9 wp-block-columns-is-layout-flex\">\n<div class=\"wp-block-column has-background is-layout-flow wp-block-column-is-layout-flow\" style=\"background-color:#d1d7da\">\n<p class=\"has-text-align-center\"><strong>Desinfektion, Disku\u017f\u017fion, Dresden, Oskar, Wismar, Mesner, Schleswig<\/strong><\/p>\n<\/div>\n<\/div>\n\n\n\n<div style=\"height:40px\" aria-hidden=\"true\" class=\"wp-block-spacer\"><\/div>\n\n\n\n<p class=\"gb-headline gb-headline-eae38b48\"><span class=\"gb-icon\"><svg aria-hidden=\"true\" role=\"img\" height=\"1em\" width=\"1em\" viewBox=\"0 0 448 512\" xmlns=\"http:\/\/www.w3.org\/2000\/svg\"><path fill=\"currentColor\" d=\"M416 208H272V64c0-17.67-14.33-32-32-32h-32c-17.67 0-32 14.33-32 32v144H32c-17.67 0-32 14.33-32 32v32c0 17.67 14.33 32 32 32h144v144c0 17.67 14.33 32 32 32h32c17.67 0 32-14.33 32-32V304h144c17.67 0 32-14.33 32-32v-32c0-17.67-14.33-32-32-32z\"><\/path><\/svg><\/span><span class=\"gb-headline-text\">Merke.<\/span><\/p>\n\n\n\n<div class=\"wp-block-columns is-layout-flex wp-container-core-columns-is-layout-10 wp-block-columns-is-layout-flex\">\n<div class=\"wp-block-column has-background is-layout-flow wp-block-column-is-layout-flow\" style=\"background-color:#fcd2ce\">\n<p class=\"gb-headline gb-headline-b7fa8fa7 gb-headline-text\"><strong>F\u00fcr lateinisch ss steht niemals ss!<\/strong><br>Zudem gibt es die Buchstabenfolgen s s s und \u017f \u017f \u017f in der deutschen Schrift nicht.<\/p>\n<\/div>\n<\/div>\n\n\n\n<div style=\"height:40px\" aria-hidden=\"true\" class=\"wp-block-spacer\"><\/div>\n\n\n\n<p>Die Schreibregeln der s\/\u017f-Schreibung gelten auch f\u00fcr die neue Rechtschreibung. W\u00f6rter, die in der  lateinischen Schrift mit ss enden, m\u00fcssen dann in der deutschen Schrift mit \u017fs geschrieben werden:<\/p>\n\n\n\n<div class=\"wp-block-columns is-layout-flex wp-container-core-columns-is-layout-11 wp-block-columns-is-layout-flex\">\n<div class=\"wp-block-column has-background is-layout-flow wp-block-column-is-layout-flow\" style=\"background-color:#d1d7da\">\n<p class=\"has-text-align-center\"><strong>Ku\u017fs, Fa\u017fs, Schlo\u017fs\u017ftra\u00dfe.<\/strong><\/p>\n<\/div>\n<\/div>\n\n\n\n<hr class=\"wp-block-separator has-text-color has-cyan-bluish-gray-color has-alpha-channel-opacity has-cyan-bluish-gray-background-color has-background is-style-dots\"\/>\n\n\n\n<p>Beispiele f\u00fcr die bedeutungsunterscheidende Lesehilfe bei der s\/\u017f-Schreibung:<\/p>\n\n\n\n<div class=\"wp-block-columns is-layout-flex wp-container-core-columns-is-layout-12 wp-block-columns-is-layout-flex\">\n<div class=\"wp-block-column has-background is-layout-flow wp-block-column-is-layout-flow\" style=\"background-color:#d1d7da\">\n<p class=\"has-text-align-center\"><strong>Kreischen (kleiner Kreis) &#8211; Krei\u017fchen (T\u00e4tigkeitswort)<\/strong><\/p>\n\n\n\n<p class=\"has-text-align-center\"><strong>Versendung (im Reim) &#8211; Ver\u017fendung (z.B. mit Post)<\/strong><\/p>\n<\/div>\n<\/div>\n\n\n\n<p class=\"has-text-align-center\">Ist in Kreischen und Versendung der Sinn auf den ersten Blick zu erkennen?<\/p>\n\n\n\n<hr class=\"wp-block-separator has-text-color has-cyan-bluish-gray-color has-alpha-channel-opacity has-cyan-bluish-gray-background-color has-background is-style-dots\"\/>\n\n\n\n<h2 class=\"wp-block-heading\">\u00dcbung. Versuche es selbst.<\/h2>\n\n\n\n<p>Welches sind die Seile der Winde, welches ist die gro\u00dfe Eile?<\/p>\n\n\n\n<div class=\"wp-block-columns has-background is-layout-flex wp-container-core-columns-is-layout-13 wp-block-columns-is-layout-flex\" style=\"background-color:#faac5280\">\n<div class=\"wp-block-column is-layout-flow wp-block-column-is-layout-flow\">\n<p class=\"has-text-align-center\"><strong>Windeseile <\/strong>   oder   <strong> Winde\u017feile<\/strong><\/p>\n<\/div>\n<\/div>\n\n\n\n<div style=\"height:40px\" aria-hidden=\"true\" class=\"wp-block-spacer\"><\/div>\n","protected":false},"excerpt":{"rendered":"<p>Deutsche Schrift: s oder \u017f? Wann wird welches s verwendet? In der deutschen Schrift gibt es als Besonderheit ein Lang-s und ein Schlu\u00df-s:Das Lang-\u017f steht am Anfang und im Wortinneren, das Schlu\u00df-s nur am Wort- oder Teilwortschlu\u00df. Es gibt in der deutschen Schrift Buchstabenverb\u00fcnde (Ligaturen), die beim Satz angewendet werden: ch, \u017fch, ck, ff, fi, [&hellip;]<\/p>\n","protected":false},"author":8,"featured_media":174,"parent":30,"menu_order":0,"comment_status":"closed","ping_status":"closed","template":"template-6-beide-seitenleiste.php","meta":{"footnotes":""},"categories":[8],"tags":[],"class_list":["post-34","page","type-page","status-publish","has-post-thumbnail","hentry","category-fraktur-lesen-lernen"],"yoast_head":"<!-- This site is optimized with the Yoast SEO plugin v23.1 - https:\/\/yoast.com\/wordpress\/plugins\/seo\/ -->\n<title>Die S-Regel. |<\/title>\n<meta name=\"description\" content=\"Deutsche Schrift: s oder \u017f? Die Besonderheiten. Mit diesem Grundwissen werden rund 98 von 100 aller s\/\u017f-F\u00e4lle erfa\u00dft.\" \/>\n<meta name=\"robots\" content=\"index, follow, max-snippet:-1, max-image-preview:large, max-video-preview:-1\" \/>\n<link rel=\"canonical\" href=\"https:\/\/www.ewigerbund.org\/volksschule\/fraktur-lesen-lernen\/die-s-regel\/\" \/>\n<meta property=\"og:locale\" content=\"de_DE\" \/>\n<meta property=\"og:type\" content=\"article\" \/>\n<meta property=\"og:title\" content=\"Die S-Regel. |\" \/>\n<meta property=\"og:description\" content=\"Deutsche Schrift: s oder \u017f? Die Besonderheiten. Mit diesem Grundwissen werden rund 98 von 100 aller s\/\u017f-F\u00e4lle erfa\u00dft.\" \/>\n<meta property=\"og:url\" content=\"https:\/\/www.ewigerbund.org\/volksschule\/fraktur-lesen-lernen\/die-s-regel\/\" \/>\n<meta property=\"og:site_name\" content=\"Volksschule\" \/>\n<meta property=\"article:modified_time\" content=\"2024-09-13T06:50:41+00:00\" \/>\n<meta property=\"og:image\" content=\"https:\/\/www.ewigerbund.org\/volksschule\/wp-content\/uploads\/sites\/40\/2022\/12\/2022-11-13-10-45-15.00_19_57_54.Standbild002.jpg\" \/>\n\t<meta property=\"og:image:width\" content=\"1920\" \/>\n\t<meta property=\"og:image:height\" content=\"1080\" \/>\n\t<meta property=\"og:image:type\" content=\"image\/jpeg\" \/>\n<meta name=\"twitter:card\" content=\"summary_large_image\" \/>\n<meta name=\"twitter:image\" content=\"https:\/\/www.ewigerbund.org\/volksschule\/wp-content\/uploads\/sites\/40\/2022\/12\/2022-11-13-10-45-15.00_19_57_54.Standbild002.jpg\" \/>\n<meta name=\"twitter:label1\" content=\"Gesch\u00e4tzte Lesezeit\" \/>\n\t<meta name=\"twitter:data1\" content=\"2\u00a0Minuten\" \/>\n<script type=\"application\/ld+json\" class=\"yoast-schema-graph\">{\"@context\":\"https:\/\/schema.org\",\"@graph\":[{\"@type\":\"WebPage\",\"@id\":\"https:\/\/www.ewigerbund.org\/volksschule\/fraktur-lesen-lernen\/die-s-regel\/\",\"url\":\"https:\/\/www.ewigerbund.org\/volksschule\/fraktur-lesen-lernen\/die-s-regel\/\",\"name\":\"Die S-Regel. |\",\"isPartOf\":{\"@id\":\"https:\/\/www.ewigerbund.org\/volksschule\/#website\"},\"primaryImageOfPage\":{\"@id\":\"https:\/\/www.ewigerbund.org\/volksschule\/fraktur-lesen-lernen\/die-s-regel\/#primaryimage\"},\"image\":{\"@id\":\"https:\/\/www.ewigerbund.org\/volksschule\/fraktur-lesen-lernen\/die-s-regel\/#primaryimage\"},\"thumbnailUrl\":\"https:\/\/www.ewigerbund.org\/volksschule\/wp-content\/uploads\/sites\/40\/2022\/12\/EB-Volksschule-LesenSchreiben-FrakturLesenLernen-S-Regel.jpg\",\"datePublished\":\"2022-12-16T11:50:08+00:00\",\"dateModified\":\"2024-09-13T06:50:41+00:00\",\"description\":\"Deutsche Schrift: s oder \u017f? Die Besonderheiten. Mit diesem Grundwissen werden rund 98 von 100 aller s\/\u017f-F\u00e4lle erfa\u00dft.\",\"breadcrumb\":{\"@id\":\"https:\/\/www.ewigerbund.org\/volksschule\/fraktur-lesen-lernen\/die-s-regel\/#breadcrumb\"},\"inLanguage\":\"de\",\"potentialAction\":[{\"@type\":\"ReadAction\",\"target\":[\"https:\/\/www.ewigerbund.org\/volksschule\/fraktur-lesen-lernen\/die-s-regel\/\"]}]},{\"@type\":\"ImageObject\",\"inLanguage\":\"de\",\"@id\":\"https:\/\/www.ewigerbund.org\/volksschule\/fraktur-lesen-lernen\/die-s-regel\/#primaryimage\",\"url\":\"https:\/\/www.ewigerbund.org\/volksschule\/wp-content\/uploads\/sites\/40\/2022\/12\/EB-Volksschule-LesenSchreiben-FrakturLesenLernen-S-Regel.jpg\",\"contentUrl\":\"https:\/\/www.ewigerbund.org\/volksschule\/wp-content\/uploads\/sites\/40\/2022\/12\/EB-Volksschule-LesenSchreiben-FrakturLesenLernen-S-Regel.jpg\",\"width\":1748,\"height\":994},{\"@type\":\"BreadcrumbList\",\"@id\":\"https:\/\/www.ewigerbund.org\/volksschule\/fraktur-lesen-lernen\/die-s-regel\/#breadcrumb\",\"itemListElement\":[{\"@type\":\"ListItem\",\"position\":1,\"name\":\"Startseite\",\"item\":\"https:\/\/www.ewigerbund.org\/volksschule\/\"},{\"@type\":\"ListItem\",\"position\":2,\"name\":\"Frakturschrift lesen lernen.\",\"item\":\"https:\/\/www.ewigerbund.org\/volksschule\/fraktur-lesen-lernen\/\"},{\"@type\":\"ListItem\",\"position\":3,\"name\":\"Die S-Regel.\"}]},{\"@type\":\"WebSite\",\"@id\":\"https:\/\/www.ewigerbund.org\/volksschule\/#website\",\"url\":\"https:\/\/www.ewigerbund.org\/volksschule\/\",\"name\":\"Volksschule.\",\"description\":\"Verfassungsb\u00fcndnis der deutschen Einzelstaaten.\",\"publisher\":{\"@id\":\"https:\/\/www.ewigerbund.org\/volksschule\/#organization\"},\"alternateName\":\"Bildung im ewigen Bund.\",\"potentialAction\":[{\"@type\":\"SearchAction\",\"target\":{\"@type\":\"EntryPoint\",\"urlTemplate\":\"https:\/\/www.ewigerbund.org\/volksschule\/?s={search_term_string}\"},\"query-input\":\"required name=search_term_string\"}],\"inLanguage\":\"de\"},{\"@type\":\"Organization\",\"@id\":\"https:\/\/www.ewigerbund.org\/volksschule\/#organization\",\"name\":\"Volksschule.\",\"url\":\"https:\/\/www.ewigerbund.org\/volksschule\/\",\"logo\":{\"@type\":\"ImageObject\",\"inLanguage\":\"de\",\"@id\":\"https:\/\/www.ewigerbund.org\/volksschule\/#\/schema\/logo\/image\/\",\"url\":\"https:\/\/www.ewigerbund.org\/volksschule\/wp-content\/uploads\/sites\/40\/2022\/12\/2022-09-20-Logo-EB_Schutzzone_V4_Transparent.png\",\"contentUrl\":\"https:\/\/www.ewigerbund.org\/volksschule\/wp-content\/uploads\/sites\/40\/2022\/12\/2022-09-20-Logo-EB_Schutzzone_V4_Transparent.png\",\"width\":2000,\"height\":1982,\"caption\":\"Volksschule.\"},\"image\":{\"@id\":\"https:\/\/www.ewigerbund.org\/volksschule\/#\/schema\/logo\/image\/\"}}]}<\/script>\n<!-- \/ Yoast SEO plugin. -->","yoast_head_json":{"title":"Die S-Regel. |","description":"Deutsche Schrift: s oder \u017f? Die Besonderheiten. Mit diesem Grundwissen werden rund 98 von 100 aller s\/\u017f-F\u00e4lle erfa\u00dft.","robots":{"index":"index","follow":"follow","max-snippet":"max-snippet:-1","max-image-preview":"max-image-preview:large","max-video-preview":"max-video-preview:-1"},"canonical":"https:\/\/www.ewigerbund.org\/volksschule\/fraktur-lesen-lernen\/die-s-regel\/","og_locale":"de_DE","og_type":"article","og_title":"Die S-Regel. |","og_description":"Deutsche Schrift: s oder \u017f? Die Besonderheiten. Mit diesem Grundwissen werden rund 98 von 100 aller s\/\u017f-F\u00e4lle erfa\u00dft.","og_url":"https:\/\/www.ewigerbund.org\/volksschule\/fraktur-lesen-lernen\/die-s-regel\/","og_site_name":"Volksschule","article_modified_time":"2024-09-13T06:50:41+00:00","og_image":[{"width":1920,"height":1080,"url":"https:\/\/www.ewigerbund.org\/volksschule\/wp-content\/uploads\/sites\/40\/2022\/12\/2022-11-13-10-45-15.00_19_57_54.Standbild002.jpg","type":"image\/jpeg"}],"twitter_card":"summary_large_image","twitter_image":"https:\/\/www.ewigerbund.org\/volksschule\/wp-content\/uploads\/sites\/40\/2022\/12\/2022-11-13-10-45-15.00_19_57_54.Standbild002.jpg","twitter_misc":{"Gesch\u00e4tzte Lesezeit":"2\u00a0Minuten"},"schema":{"@context":"https:\/\/schema.org","@graph":[{"@type":"WebPage","@id":"https:\/\/www.ewigerbund.org\/volksschule\/fraktur-lesen-lernen\/die-s-regel\/","url":"https:\/\/www.ewigerbund.org\/volksschule\/fraktur-lesen-lernen\/die-s-regel\/","name":"Die S-Regel. |","isPartOf":{"@id":"https:\/\/www.ewigerbund.org\/volksschule\/#website"},"primaryImageOfPage":{"@id":"https:\/\/www.ewigerbund.org\/volksschule\/fraktur-lesen-lernen\/die-s-regel\/#primaryimage"},"image":{"@id":"https:\/\/www.ewigerbund.org\/volksschule\/fraktur-lesen-lernen\/die-s-regel\/#primaryimage"},"thumbnailUrl":"https:\/\/www.ewigerbund.org\/volksschule\/wp-content\/uploads\/sites\/40\/2022\/12\/EB-Volksschule-LesenSchreiben-FrakturLesenLernen-S-Regel.jpg","datePublished":"2022-12-16T11:50:08+00:00","dateModified":"2024-09-13T06:50:41+00:00","description":"Deutsche Schrift: s oder \u017f? Die Besonderheiten. Mit diesem Grundwissen werden rund 98 von 100 aller s\/\u017f-F\u00e4lle erfa\u00dft.","breadcrumb":{"@id":"https:\/\/www.ewigerbund.org\/volksschule\/fraktur-lesen-lernen\/die-s-regel\/#breadcrumb"},"inLanguage":"de","potentialAction":[{"@type":"ReadAction","target":["https:\/\/www.ewigerbund.org\/volksschule\/fraktur-lesen-lernen\/die-s-regel\/"]}]},{"@type":"ImageObject","inLanguage":"de","@id":"https:\/\/www.ewigerbund.org\/volksschule\/fraktur-lesen-lernen\/die-s-regel\/#primaryimage","url":"https:\/\/www.ewigerbund.org\/volksschule\/wp-content\/uploads\/sites\/40\/2022\/12\/EB-Volksschule-LesenSchreiben-FrakturLesenLernen-S-Regel.jpg","contentUrl":"https:\/\/www.ewigerbund.org\/volksschule\/wp-content\/uploads\/sites\/40\/2022\/12\/EB-Volksschule-LesenSchreiben-FrakturLesenLernen-S-Regel.jpg","width":1748,"height":994},{"@type":"BreadcrumbList","@id":"https:\/\/www.ewigerbund.org\/volksschule\/fraktur-lesen-lernen\/die-s-regel\/#breadcrumb","itemListElement":[{"@type":"ListItem","position":1,"name":"Startseite","item":"https:\/\/www.ewigerbund.org\/volksschule\/"},{"@type":"ListItem","position":2,"name":"Frakturschrift lesen lernen.","item":"https:\/\/www.ewigerbund.org\/volksschule\/fraktur-lesen-lernen\/"},{"@type":"ListItem","position":3,"name":"Die S-Regel."}]},{"@type":"WebSite","@id":"https:\/\/www.ewigerbund.org\/volksschule\/#website","url":"https:\/\/www.ewigerbund.org\/volksschule\/","name":"Volksschule.","description":"Verfassungsb\u00fcndnis der deutschen Einzelstaaten.","publisher":{"@id":"https:\/\/www.ewigerbund.org\/volksschule\/#organization"},"alternateName":"Bildung im ewigen Bund.","potentialAction":[{"@type":"SearchAction","target":{"@type":"EntryPoint","urlTemplate":"https:\/\/www.ewigerbund.org\/volksschule\/?s={search_term_string}"},"query-input":"required name=search_term_string"}],"inLanguage":"de"},{"@type":"Organization","@id":"https:\/\/www.ewigerbund.org\/volksschule\/#organization","name":"Volksschule.","url":"https:\/\/www.ewigerbund.org\/volksschule\/","logo":{"@type":"ImageObject","inLanguage":"de","@id":"https:\/\/www.ewigerbund.org\/volksschule\/#\/schema\/logo\/image\/","url":"https:\/\/www.ewigerbund.org\/volksschule\/wp-content\/uploads\/sites\/40\/2022\/12\/2022-09-20-Logo-EB_Schutzzone_V4_Transparent.png","contentUrl":"https:\/\/www.ewigerbund.org\/volksschule\/wp-content\/uploads\/sites\/40\/2022\/12\/2022-09-20-Logo-EB_Schutzzone_V4_Transparent.png","width":2000,"height":1982,"caption":"Volksschule."},"image":{"@id":"https:\/\/www.ewigerbund.org\/volksschule\/#\/schema\/logo\/image\/"}}]}},"_links":{"self":[{"href":"https:\/\/www.ewigerbund.org\/volksschule\/wp-json\/wp\/v2\/pages\/34","targetHints":{"allow":["GET"]}}],"collection":[{"href":"https:\/\/www.ewigerbund.org\/volksschule\/wp-json\/wp\/v2\/pages"}],"about":[{"href":"https:\/\/www.ewigerbund.org\/volksschule\/wp-json\/wp\/v2\/types\/page"}],"author":[{"embeddable":true,"href":"https:\/\/www.ewigerbund.org\/volksschule\/wp-json\/wp\/v2\/users\/8"}],"replies":[{"embeddable":true,"href":"https:\/\/www.ewigerbund.org\/volksschule\/wp-json\/wp\/v2\/comments?post=34"}],"version-history":[{"count":15,"href":"https:\/\/www.ewigerbund.org\/volksschule\/wp-json\/wp\/v2\/pages\/34\/revisions"}],"predecessor-version":[{"id":3524,"href":"https:\/\/www.ewigerbund.org\/volksschule\/wp-json\/wp\/v2\/pages\/34\/revisions\/3524"}],"up":[{"embeddable":true,"href":"https:\/\/www.ewigerbund.org\/volksschule\/wp-json\/wp\/v2\/pages\/30"}],"wp:featuredmedia":[{"embeddable":true,"href":"https:\/\/www.ewigerbund.org\/volksschule\/wp-json\/wp\/v2\/media\/174"}],"wp:attachment":[{"href":"https:\/\/www.ewigerbund.org\/volksschule\/wp-json\/wp\/v2\/media?parent=34"}],"wp:term":[{"taxonomy":"category","embeddable":true,"href":"https:\/\/www.ewigerbund.org\/volksschule\/wp-json\/wp\/v2\/categories?post=34"},{"taxonomy":"post_tag","embeddable":true,"href":"https:\/\/www.ewigerbund.org\/volksschule\/wp-json\/wp\/v2\/tags?post=34"}],"curies":[{"name":"wp","href":"https:\/\/api.w.org\/{rel}","templated":true}]}}