{"id":30,"date":"2022-12-16T12:48:18","date_gmt":"2022-12-16T11:48:18","guid":{"rendered":"https:\/\/www.ewigerbund.org\/volksschule\/?page_id=30"},"modified":"2025-01-27T16:52:34","modified_gmt":"2025-01-27T15:52:34","slug":"fraktur-lesen-lernen","status":"publish","type":"page","link":"https:\/\/www.ewigerbund.org\/volksschule\/fraktur-lesen-lernen\/","title":{"rendered":"Frakturschrift lesen lernen."},"content":{"rendered":"<div class=\"gb-container gb-container-9e590445 cat-box-border-grau\"><div class=\"gb-inside-container\">\n<div class=\"wp-block-image\">\n<figure class=\"aligncenter size-large is-resized\"><img decoding=\"async\" src=\"https:\/\/www.ewigerbund.org\/verfassungsrecht\/wp-content\/uploads\/sites\/10\/2023\/01\/Zitat-1.png\" alt=\"\" style=\"width:50px;height:53px\"\/><\/figure><\/div>\n\n\n<p class=\"gb-headline gb-headline-81bfcac6 gb-headline-text\"><em>Denn die lateinischen Buchstaben<br>hindern uns \u00fcber die Ma\u00dfen,<br>gut Deutsch zu reden.<\/em><\/p>\n\n\n\n<p class=\"has-text-align-center has-small-font-size\">Martin Luther<\/p>\n\n<\/div><\/div>\n\n\n<div style=\"height:40px\" aria-hidden=\"true\" class=\"wp-block-spacer\"><\/div>\n\n\n\n<div class=\"wp-block-columns cat-box-border-hellgrau is-layout-flex wp-container-core-columns-is-layout-1 wp-block-columns-is-layout-flex\">\n<div class=\"wp-block-column is-vertically-aligned-center is-layout-flow wp-block-column-is-layout-flow\">\n<figure class=\"wp-block-image size-large\"><a href=\"https:\/\/www.ewigerbund.org\/volksschule\/wp-content\/uploads\/sites\/40\/2023\/01\/Alphabet-Fraktur.pdf\" target=\"_blank\" rel=\"Alphabet in Fraktur noopener\"><img loading=\"lazy\" decoding=\"async\" width=\"1024\" height=\"582\" src=\"https:\/\/www.ewigerbund.org\/volksschule\/wp-content\/uploads\/sites\/40\/2022\/12\/EB-Volksschule-LesenSchreiben-FrakturLesenLernen-Alphabet-1024x582.jpg\" alt=\"\" class=\"wp-image-172\" srcset=\"https:\/\/www.ewigerbund.org\/volksschule\/wp-content\/uploads\/sites\/40\/2022\/12\/EB-Volksschule-LesenSchreiben-FrakturLesenLernen-Alphabet-1024x582.jpg 1024w, https:\/\/www.ewigerbund.org\/volksschule\/wp-content\/uploads\/sites\/40\/2022\/12\/EB-Volksschule-LesenSchreiben-FrakturLesenLernen-Alphabet-300x171.jpg 300w, https:\/\/www.ewigerbund.org\/volksschule\/wp-content\/uploads\/sites\/40\/2022\/12\/EB-Volksschule-LesenSchreiben-FrakturLesenLernen-Alphabet-768x437.jpg 768w, https:\/\/www.ewigerbund.org\/volksschule\/wp-content\/uploads\/sites\/40\/2022\/12\/EB-Volksschule-LesenSchreiben-FrakturLesenLernen-Alphabet-1536x873.jpg 1536w, https:\/\/www.ewigerbund.org\/volksschule\/wp-content\/uploads\/sites\/40\/2022\/12\/EB-Volksschule-LesenSchreiben-FrakturLesenLernen-Alphabet.jpg 1748w\" sizes=\"auto, (max-width: 1024px) 100vw, 1024px\" \/><\/a><\/figure>\n<\/div>\n\n\n\n<div class=\"wp-block-column is-vertically-aligned-center is-layout-flow wp-block-column-is-layout-flow\"><div class=\"gb-container gb-container-e2256a3f\"><div class=\"gb-inside-container\">\n\n<h2 class=\"wp-block-heading has-text-align-center\">Das Alphabet.<\/h2>\n\n\n\n<p class=\"has-text-align-center\">Als Lesehilfe dient das Alphabet in Fraktur. Es liegt zum Herunterladen bereit.<\/p>\n\n\n<div class=\"gb-button-wrapper gb-button-wrapper-b5cad186\">\n\n<a class=\"gb-button gb-button-1241e2d6 gb-button-text\" href=\"https:\/\/www.ewigerbund.org\/volksschule\/wp-content\/uploads\/sites\/40\/2023\/01\/Alphabet-Fraktur.pdf\" target=\"_blank\" rel=\"noopener noreferrer\">Fraktur-Alphabet herunterladen.<\/a>\n\n<\/div>\n<\/div><\/div><\/div>\n<\/div>\n\n\n\n<div class=\"wp-block-columns is-layout-flex wp-container-core-columns-is-layout-2 wp-block-columns-is-layout-flex\">\n<div class=\"wp-block-column cat-box-border is-layout-flow wp-block-column-is-layout-flow\">\n<figure class=\"wp-block-image size-full\"><a href=\"https:\/\/www.ewigerbund.org\/volksschule\/fraktur-lesen-lernen\/die-s-regel\/\"><img loading=\"lazy\" decoding=\"async\" width=\"750\" height=\"350\" src=\"https:\/\/www.ewigerbund.org\/volksschule\/wp-content\/uploads\/sites\/40\/2023\/01\/EB-Volksschule-LesenSchreiben-FrakturLesenLernen-S-Regel_v.jpg\" alt=\"\" class=\"wp-image-1351\" srcset=\"https:\/\/www.ewigerbund.org\/volksschule\/wp-content\/uploads\/sites\/40\/2023\/01\/EB-Volksschule-LesenSchreiben-FrakturLesenLernen-S-Regel_v.jpg 750w, https:\/\/www.ewigerbund.org\/volksschule\/wp-content\/uploads\/sites\/40\/2023\/01\/EB-Volksschule-LesenSchreiben-FrakturLesenLernen-S-Regel_v-300x140.jpg 300w\" sizes=\"auto, (max-width: 750px) 100vw, 750px\" \/><\/a><\/figure>\n\n\n\n<p class=\"has-vivid-red-color has-text-color\"><strong>Schreibregeln.<\/strong><\/p>\n\n\n\n<h3 class=\"wp-block-heading\">Deutsche Schrift: s oder \u017f?<\/h3>\n\n\n\n<p><a href=\"https:\/\/www.ewigerbund.org\/volksschule\/fraktur-lesen-lernen\/die-s-regel\/\">Regeln lernen. \u2192<\/a><\/p>\n<\/div>\n\n\n\n<div class=\"wp-block-column cat-box-border is-layout-flow wp-block-column-is-layout-flow\">\n<figure class=\"wp-block-image size-full\"><a href=\"https:\/\/www.ewigerbund.org\/volksschule\/fraktur-lesen-lernen\/leseuebungen\/\"><img loading=\"lazy\" decoding=\"async\" width=\"750\" height=\"350\" src=\"https:\/\/www.ewigerbund.org\/volksschule\/wp-content\/uploads\/sites\/40\/2023\/01\/EB-Volksschule-LesenSchreiben-FrakturLesenLernen-Leseuebung_v.jpg\" alt=\"\" class=\"wp-image-1350\" srcset=\"https:\/\/www.ewigerbund.org\/volksschule\/wp-content\/uploads\/sites\/40\/2023\/01\/EB-Volksschule-LesenSchreiben-FrakturLesenLernen-Leseuebung_v.jpg 750w, https:\/\/www.ewigerbund.org\/volksschule\/wp-content\/uploads\/sites\/40\/2023\/01\/EB-Volksschule-LesenSchreiben-FrakturLesenLernen-Leseuebung_v-300x140.jpg 300w\" sizes=\"auto, (max-width: 750px) 100vw, 750px\" \/><\/a><\/figure>\n\n\n\n<p class=\"has-vivid-red-color has-text-color\"><strong>Lese\u00fcbung.<\/strong><\/p>\n\n\n\n<h3 class=\"wp-block-heading\">Lese\u00fcbungen in Fraktur. Vorgelesen.<\/h3>\n\n\n\n<p><a href=\"https:\/\/www.ewigerbund.org\/volksschule\/fraktur-lesen-lernen\/leseuebungen\/\">Fraktur lesen lernen. \u2192<\/a><\/p>\n<\/div>\n<\/div>\n\n\n\n<h2 class=\"wp-block-heading\">Die Deutsche Schrift \u2013 Fraktur.<\/h2>\n\n\n\n<p>Jeder kennt sie, viele haben sie bereits genutzt um Texten ein elegantes, wertiges Aussehen zu verpassen. Der Autor selber hat in der Berufsschule f\u00fcr K\u00f6che diese Schrift gelernt, um Speisekarten mit dieser Handschrift zu gestalten.<\/p>\n\n\n\n<p>Unter Fraktur bezeichnet man eine Hauptschriftgruppe, die auf Basis des r\u00f6mischen Alphabets zur Schriftgattung der gebrochenen Schriften z\u00e4hlt. Fraktur wird auch als Deutsche Schrift bezeichnet.<\/p>\n\n\n\n<p>Was bedeutet Fraktur? Fraktur kommt aus dem lateinischen \u201efractura\u201c, wie man in der Medizin den Bruch z.B. eines Knochens so bezeichnet. Demzufolge weist die Art zu schreiben auch die Herleitung dieser Schriftbezeichnung ab. Sie wird zwar in Z\u00fcgen geschrieben jedoch werden Buchstaben in Ihrer Schrift nicht in einem Zug geschrieben sowie \u00dcberg\u00e4nge von Buchstaben in einem Wort unter<em>brochen<\/em> dargestellt werden.<\/p>\n\n\n\n<p>Fraktur, auch die Schrift der Deutschen, kennt man seit mehr als 400 Jahren aus dem Buchdruck. Auch weit vorher wurde in Fraktur geschrieben. Des Schreibens waren im Mittelalter sehr wenige m\u00e4chtig. Vorwiegend wurden B\u00fccher von M\u00f6nchen in Kl\u00f6stern mit Hand geschrieben. Nicht selten kopierte ein M\u00f6nch sein ganzes Leben im Kloster B\u00fccher. Spezialisten k\u00f6nnen anhand der Handschrift erkennen, wer dieses Buch geschrieben hat.<\/p>\n\n\n\n<p>Es gibt zahlreiche unterschiedliche Schriftarten die im englischen Sprachraum auch Blackletter, Gothic oder Old English genannt werden. Die erste Schrift mit der Bezeichnung \u201efractura germanica\u201c wurde 1507 erschaffen. Als Sch\u00f6pfer derselben ist der Augsburger Kalligraf und Benediktinerpater Leonhard Wagner (1453 &#8211; 1522) bezeichnet.<\/p>\n\n\n\n<h2 class=\"wp-block-heading\">Kleine Fraktur-Geschichte.<\/h2>\n\n\n\n<p>Mehr als vierhundert Jahre lang war im Deutschen Reich Fraktur die Buch- und Verkehrsschrift, bis sie 1941 durch die damalige Diktatur verboten wurde. <\/p>\n\n\n\n<p>Zur Popularit\u00e4t der Deutschen Schrift trugen vor allem die deutschsprachige Bibel und die Flugschriften Martin Luthers bei. Die Wurzeln der Frakturschrift (die Erforschung alter Schriften nennt man Pal\u00e4ographie) f\u00fchren als Ursprung der Frakturschrift in der im 14. Jahrhundert genutzten Schrift Bastarda an. Gestaltet wurde diese Schrift aus den Stilen der Buchkalligrafie und diversen Abwandlungen der Kanzleischriften, der gotischen Kursive.<\/p>\n\n\n\n<div class=\"wp-block-columns is-layout-flex wp-container-core-columns-is-layout-3 wp-block-columns-is-layout-flex\">\n<div class=\"wp-block-column is-layout-flow wp-block-column-is-layout-flow\" style=\"flex-basis:33.33%\">\n<figure class=\"wp-block-image size-large\"><img loading=\"lazy\" decoding=\"async\" width=\"684\" height=\"1024\" src=\"https:\/\/www.ewigerbund.org\/volksschule\/wp-content\/uploads\/sites\/40\/2023\/08\/EB-Volksschule-Gebetbuch-684x1024.jpg\" alt=\"Aus dem Gebetbuch Kaiser Maximilian I.\" class=\"wp-image-2787\" srcset=\"https:\/\/www.ewigerbund.org\/volksschule\/wp-content\/uploads\/sites\/40\/2023\/08\/EB-Volksschule-Gebetbuch-684x1024.jpg 684w, https:\/\/www.ewigerbund.org\/volksschule\/wp-content\/uploads\/sites\/40\/2023\/08\/EB-Volksschule-Gebetbuch-200x300.jpg 200w, https:\/\/www.ewigerbund.org\/volksschule\/wp-content\/uploads\/sites\/40\/2023\/08\/EB-Volksschule-Gebetbuch-768x1150.jpg 768w, https:\/\/www.ewigerbund.org\/volksschule\/wp-content\/uploads\/sites\/40\/2023\/08\/EB-Volksschule-Gebetbuch-1025x1536.jpg 1025w, https:\/\/www.ewigerbund.org\/volksschule\/wp-content\/uploads\/sites\/40\/2023\/08\/EB-Volksschule-Gebetbuch.jpg 1167w\" sizes=\"auto, (max-width: 684px) 100vw, 684px\" \/><\/figure>\n<\/div>\n\n\n\n<div class=\"wp-block-column is-layout-flow wp-block-column-is-layout-flow\" style=\"flex-basis:66.66%\">\n<p>Besonders die Urform der Frakturschrift in lokalen Formen ist vorwiegend in den Urkunden der kaiserlich-Habsburgischen Hofkanzlei Friedrichs III. zu finden. F\u00fcr die Lehrb\u00fccher, welche dem jungen Prinzen Maximilian von dem Wiener-Neust\u00e4dter Schreiber Wolfgang Spitzweg 1465 verfasst wurden, fand eine Frakturschrift Anwendung, die im weiteren als gotische Kanzleischrift genutzt und f\u00fcr die Sammlung das \u201eAmbaser Heldenbuch\u201c, auch mittelhochdeutsche Versepen genannt, Anwendung fand. Diese Erz\u00e4hlung in Versform hat der kaiserliche Beamte und Z\u00f6llner am Eisack bei Bozen, in S\u00fcdtirol, Hans Ried zwischen 1504 und 1516 f\u00fcr Maximilian I. verfasst.<\/p>\n\n\n\n<p>Jener Schrift zugeneigt und als B\u00fccherfreund bekannt, trug Kaiser Maximilian I. dem Augsburger Drucker Johannes Sch\u00f6nsperger auf, eine Drucktype dieser Schrift zu schneiden. Diese Schrift erschien 1513 im Maximilianischen \u201eGebetbuch\u201c das erste Mal. Dieses monumentale Werk ist von Albrecht D\u00fcrer und anderen f\u00fchrenden K\u00fcnstlern der Zeit (1514\/1515) mit Randzeichnungen illustriert.<\/p>\n\n\n\n<p>Es folgten zahlreiche Abwandlungen auch gro\u00dfer K\u00fcnstler, die die unterschiedlichsten Stile der Fraktur erarbeiteten und praktisch anwandten.<\/p>\n\n\n\n<p>Um 1555 stieg das Frankfurter Druckwesen zu seine Bl\u00fctezeit auf. Die von Christian Egenolff gegr\u00fcndete Typengie\u00dferei, nach seinem Tod durch den Typenschneider Jaques Sabon erfolgreich fortgef\u00fchrt, entwickelte sich zum ersten unabh\u00e4ngigen Betrieb seiner Art in Deutschland. Bis 1810 hatte dieser Betrieb unter dem Namen Egenolff-Sabon-Berner-Lutherischer Gie\u00dferei Bestand.<\/p>\n<\/div>\n<\/div>\n\n\n\n<p>W\u00e4hrend des 17. Jahrhunderts, nicht zuletzt wegen des Drei\u00dfigj\u00e4hrigen Krieges, litt die Druckkunst nicht unerheblich. Die Reformation trennte stark zwischen den Gegens\u00e4tzen der deutschen Fraktur und der lateinischen Antiqua. Die soziale Spaltung, in Gelehrte und einfaches Volk, wurde noch in der Gegenreformation angefacht und entwickelte sich in eine wertbesetzte Schriftspaltung. Mitte des 17. Jahrhundert pr\u00e4gten Kupferstecher den Charakter eines Buches und nicht mehr die Typographie. Frankfurt verlor den Status \u201eZentrum des Buchdruckes\u201c mit dem Aufkommen der ersten Zeitung (1660). Dieses neue Informations- und Bildungsmedium war selbstverst\u00e4ndlich in Fraktur gesetzt. Daf\u00fcr setzte sich Leipzig als Schwerpunkt der Buchproduktion durch.<\/p>\n\n\n\n<p>Leipzig war im 18. Jahrhundert das Zentrum deutscher Typopgrafie. Hier wurde auf wissenschaftliche Weise die Fraktur systematisiert und deren Schriftverh\u00e4ltisse mathematisch berechenbar definiert. Ausschlaggebend hierzu waren die Familie des \u00fcberaus gebildeten Johannes Gottlob Immanuel Breitkopf (1719 &#8211; 1794), bekannt als Buchh\u00e4ndler und -Drucker, Gie\u00dfer und Verleger. Seine Mitstreiter und Rivalen Pierre Simon Fournier, Johann Friedrich Unger (1750 &#8211; 1804), Joachim Heinrich Campe (1746 &#8211; 1818) waren ma\u00dfgeblich an der Reform der Fraktur beteiligt. Klassische deutsche Literaten in der Antiqua gedruckt zu sehen, wandelte in Deutschland Standards wieder hin zu klassizistisch anmutenden, schn\u00f6rkellosen Fraktur-Neuschnitten wie die Campe-Fraktur 1790, die Breitkopf-Fraktur 1793, die Unger-Fraktur 1793\/94 und die zierliche \u00bbJean-Paul-Fraktur\u00ab aus der Offizin Breitkopf 1798.<\/p>\n\n\n\n<p>Kurz nach dem Jahrhundertwechsel zeigte sich, da\u00df die Bem\u00fchungen von Unger &amp; Co. des letzten Jahrhundert die Schrift zu reformieren, lesbarer weil schn\u00f6rkellos und in Anlehnung an Antiqua zu kreieren, von wenig Bestand war. W\u00e4hrend der Napoleonischen Kriege wurde die als \u201efranz\u00f6sisch\u201c angesehene Antiqua zum \u201efeindlichen\u201c Symbol deklassiert. Die klassischen Fraktur Typen aus dem fr\u00fchen 19. Jahrhundert erlebten Ihre Renaissance. Zum Beispiel die legend\u00e4re aus der Weimarer Gie\u00dferei von Justus Erich Walbaum mit ihren verschn\u00f6rkelten Versalien, exakten Brechungen und sogar gespaltenen Sch\u00e4ften erfuhren, nicht nur aus patriotischen Gr\u00fcnden, wieder einer enormen Popularit\u00e4t.<\/p>\n\n\n\n<div class=\"wp-block-columns is-layout-flex wp-container-core-columns-is-layout-4 wp-block-columns-is-layout-flex\">\n<div class=\"wp-block-column is-layout-flow wp-block-column-is-layout-flow\" style=\"flex-basis:33.33%\">\n<figure class=\"wp-block-image size-large\"><img loading=\"lazy\" decoding=\"async\" width=\"684\" height=\"1024\" src=\"https:\/\/www.ewigerbund.org\/volksschule\/wp-content\/uploads\/sites\/40\/2023\/08\/EB-Volksschule-Fraktur2-684x1024.jpg\" alt=\"Beispiel f\u00fcr Frakturschrift aus dem dem Deutschen Reich 1916\" class=\"wp-image-2788\" srcset=\"https:\/\/www.ewigerbund.org\/volksschule\/wp-content\/uploads\/sites\/40\/2023\/08\/EB-Volksschule-Fraktur2-684x1024.jpg 684w, https:\/\/www.ewigerbund.org\/volksschule\/wp-content\/uploads\/sites\/40\/2023\/08\/EB-Volksschule-Fraktur2-200x300.jpg 200w, https:\/\/www.ewigerbund.org\/volksschule\/wp-content\/uploads\/sites\/40\/2023\/08\/EB-Volksschule-Fraktur2-768x1150.jpg 768w, https:\/\/www.ewigerbund.org\/volksschule\/wp-content\/uploads\/sites\/40\/2023\/08\/EB-Volksschule-Fraktur2-1025x1536.jpg 1025w, https:\/\/www.ewigerbund.org\/volksschule\/wp-content\/uploads\/sites\/40\/2023\/08\/EB-Volksschule-Fraktur2.jpg 1167w\" sizes=\"auto, (max-width: 684px) 100vw, 684px\" \/><\/figure>\n<\/div>\n\n\n\n<div class=\"wp-block-column is-layout-flow wp-block-column-is-layout-flow\" style=\"flex-basis:66.66%\">\n<p>Auch wenn Jakob Grimm 1854 in seinem Vorwort zum \u201eDeutschen W\u00f6rterbuch\u201c sich mit Vehemenz f\u00fcr die Nutzung der Antiqua einsetzte, so verweigerte sich der Gr\u00fcndervater des Deutschen Reiches, F\u00fcrst Otto von Bismarck (1815 &#8211; 1898), 1886 die Lekt\u00fcre einer, wie \u00fcblich in Antiqua gesetzten wissenschaftlichen Abhandlung, mit der Begr\u00fcndung, da\u00df er es ablehne, Texte in deutscher Schrift mit lateinischen Lettern gedruckt, zu lesen. Zumal Fraktur seit der Gr\u00fcndung des Deutschen Reiches 1871 offizielle Amtsschrift ist.<\/p>\n\n\n\n<p>Nach dem Putsch des Deutschen Reiches durch die Arbeiterschaft, Soldatenr\u00e4te und sozialistischer Parteien wurden weitere Fraktur Schriften entwickelt. Durch die Verkn\u00fcpfung mit Deutschtum und Ideologisierung der Fraktura gewann Antiqua immer mehr an Verbreitung.<\/p>\n\n\n\n<p>Anfang 1941 verbannten die Nationalsozialisten die gebrochenen Schriften durch Erla\u00df aus dem \u00f6ffentlichen Leben. In den Schulen durfte nur noch die lateinische Schrift gelehrt werden. Dieses Verbot wurde nach dem sog. 2. Weltkrieg nicht aufgehoben. Eine ausf\u00fchrliche Betrachtung von Heinrich Heeger zum Verbot der deutschen Schrift bietet der BfdS unter der Best.-Nr. 55 an. Eine Verbindung zu den Zeiten von 1933 &#8211; 1945 kann, aufgrund des Verbotes dieser Schrift mit dieser Information, das Verwenden von Fraktur nicht hergestellt werden.<\/p>\n<\/div>\n<\/div>\n\n\n\n<p>Heute schreiben und drucken wir Deutschen fast nur noch in lateinischer Schrift. Das war nicht immer so. Jahrhunderte hindurch ist Deutschland zweischriftig gewesen (vergl. Stichwort Zweischriftigkeit), denn neben der lateinischen hatte sich die deutsche Schrift f\u00fcr unsere Sprache entwickelt. Die Jugend, die in den Jahrhunderten vor 1941 aufwuchs, lernte problemlos beide Schriften..<br>Aktuell ziert Fraktur Schriftst\u00fccke, Urkunden und Gutscheine denen eine gewisse Wertigkeit, ein edles oder auch ehrendes Ansehen vermittelt werden soll. Gerne wird diese Form der Schrift auch f\u00fcr Kalligraphie-Kurse genutzt und zum Ausdr\u00fccken von Verbundenheit mit dem Ursprung der Schrift.<\/p>\n\n\n\n<h2 class=\"wp-block-heading\">Jede Hochkultur hat Ihre eigene Schrift.<\/h2>\n\n\n\n<p>Aus diesem Grund, zur Wahrung der deutschen Identit\u00e4t, ist es so wichtig, die Texte der gr\u00f6\u00dften, kulturschaffenden Deutschen in der Schrift lesen zu k\u00f6nnen, f\u00fcr welche sie geschaffen wurden.<br>Denn mit dem Lesen dieser Werke in der Deutschen Schrift, der Fraktur, wird das Wesen der Kunst und die Sch\u00f6nheit der Texte genauso origin\u00e4r wiedergegeben, wie die Gesetze, die in der Amtsschrift gedruckt sind. Auch die immer noch g\u00fcltige Verfassung des Reiches von <strong>1871 <\/strong>ist in Fraktur, der Deutschen Schrift geschrieben. Ebenso die weltweit gelobte und heute noch moderne Sozialgesetzgebung des Deutschen Reiches ist original in Fraktur geschrieben.<\/p>\n\n\n\n<p>Es l\u00e4sst sich feststellen: Der Deutschen ureigenste Schrift und Kultur soll den Deutschen ausgetrieben werden. Kaum einer unter, sch\u00e4tzungsweise, 40 Lenzen, ist in der Lage in Fraktur geschriebene Texte, geschweige denn B\u00fccher oder gar Gesetze zu lesen.<br>Wie steht es dann mit dem Verstehen?<\/p>\n\n\n\n<p>Das wieder sicherzustellen, da\u00df Deutsche ihre Schrift und ihre Kultur wiedererkennen und sp\u00fcren, das m\u00fc\u00dfen, wollen und werden wir \u00e4ndern!<br>Deutsche Schrift geh\u00f6rt nicht nur in den Geschichts- oder Kunstunterricht, Deutsche Schrift geh\u00f6rt in den Deutschunterricht.<\/p>\n\n\n\n<div class=\"wp-block-columns is-layout-flex wp-container-core-columns-is-layout-5 wp-block-columns-is-layout-flex\">\n<div class=\"wp-block-column is-layout-flow wp-block-column-is-layout-flow\">\n<h2 class=\"gb-headline gb-headline-c20ca5e8 gb-headline-text cat-box-border\">Es ist unser Erbe und es ist an uns, es zu bewahren!<\/h2>\n<\/div>\n<\/div>\n\n\n\n<div style=\"height:100px\" aria-hidden=\"true\" class=\"wp-block-spacer\"><\/div>\n","protected":false},"excerpt":{"rendered":"<p>Denn die lateinischen Buchstabenhindern uns \u00fcber die Ma\u00dfen,gut Deutsch zu reden. Martin Luther Das Alphabet. Als Lesehilfe dient das Alphabet in Fraktur. Es liegt zum Herunterladen bereit. Schreibregeln. Deutsche Schrift: s oder \u017f? Regeln lernen. \u2192 Lese\u00fcbung. Lese\u00fcbungen in Fraktur. Vorgelesen. Fraktur lesen lernen. \u2192 Die Deutsche Schrift \u2013 Fraktur. Jeder kennt sie, viele haben [&hellip;]<\/p>\n","protected":false},"author":8,"featured_media":2785,"parent":0,"menu_order":0,"comment_status":"closed","ping_status":"closed","template":"template-6-beide-seitenleiste.php","meta":{"footnotes":""},"categories":[8,7],"tags":[],"class_list":["post-30","page","type-page","status-publish","has-post-thumbnail","hentry","category-fraktur-lesen-lernen","category-volksschule"],"yoast_head":"<!-- This site is optimized with the Yoast SEO plugin v23.1 - https:\/\/yoast.com\/wordpress\/plugins\/seo\/ -->\n<title>Frakturschrift lesen lernen. | Die Schrift der Deutschen.<\/title>\n<meta name=\"description\" content=\"Mehr als vierhundert Jahre lang war im Deutschen Reich Fraktur die Buch- und Verkehrsschrift bis sie 1941 verboten wurde.\" \/>\n<meta name=\"robots\" content=\"index, follow, max-snippet:-1, max-image-preview:large, max-video-preview:-1\" \/>\n<link rel=\"canonical\" href=\"https:\/\/www.ewigerbund.org\/volksschule\/fraktur-lesen-lernen\/\" \/>\n<meta property=\"og:locale\" content=\"de_DE\" \/>\n<meta property=\"og:type\" content=\"article\" \/>\n<meta property=\"og:title\" content=\"Die Deutsche Schrift \u2013 Fraktur.\" \/>\n<meta property=\"og:description\" content=\"Mehr als vierhundert Jahre lang war im Deutschen Reich Fraktur die Buch- und Verkehrsschrift, bis sie 1941 durch die damalige Diktatur verboten wurde.\" \/>\n<meta property=\"og:url\" content=\"https:\/\/www.ewigerbund.org\/volksschule\/fraktur-lesen-lernen\/\" \/>\n<meta property=\"og:site_name\" content=\"Volksschule\" \/>\n<meta property=\"article:modified_time\" content=\"2025-01-27T15:52:34+00:00\" \/>\n<meta property=\"og:image\" content=\"https:\/\/www.ewigerbund.org\/volksschule\/wp-content\/uploads\/sites\/40\/2023\/03\/EB-Volksschule-LesenSchreiben-FrakturLesenLernen-1.jpg\" \/>\n\t<meta property=\"og:image:width\" content=\"1748\" \/>\n\t<meta property=\"og:image:height\" content=\"994\" \/>\n\t<meta property=\"og:image:type\" content=\"image\/jpeg\" \/>\n<meta name=\"twitter:card\" content=\"summary_large_image\" \/>\n<meta name=\"twitter:title\" content=\"Die Deutsche Schrift \u2013 Fraktur.\" \/>\n<meta name=\"twitter:description\" content=\"Mehr als vierhundert Jahre lang war im Deutschen Reich Fraktur die Buch- und Verkehrsschrift, bis sie 1941 durch die damalige Diktatur verboten wurde.\" \/>\n<meta name=\"twitter:image\" content=\"https:\/\/www.ewigerbund.org\/volksschule\/wp-content\/uploads\/sites\/40\/2023\/03\/EB-Volksschule-LesenSchreiben-FrakturLesenLernen-1.jpg\" \/>\n<meta name=\"twitter:label1\" content=\"Gesch\u00e4tzte Lesezeit\" \/>\n\t<meta name=\"twitter:data1\" content=\"9\u00a0Minuten\" \/>\n<script type=\"application\/ld+json\" class=\"yoast-schema-graph\">{\"@context\":\"https:\/\/schema.org\",\"@graph\":[{\"@type\":\"WebPage\",\"@id\":\"https:\/\/www.ewigerbund.org\/volksschule\/fraktur-lesen-lernen\/\",\"url\":\"https:\/\/www.ewigerbund.org\/volksschule\/fraktur-lesen-lernen\/\",\"name\":\"Frakturschrift lesen lernen. | Die Schrift der Deutschen.\",\"isPartOf\":{\"@id\":\"https:\/\/www.ewigerbund.org\/volksschule\/#website\"},\"primaryImageOfPage\":{\"@id\":\"https:\/\/www.ewigerbund.org\/volksschule\/fraktur-lesen-lernen\/#primaryimage\"},\"image\":{\"@id\":\"https:\/\/www.ewigerbund.org\/volksschule\/fraktur-lesen-lernen\/#primaryimage\"},\"thumbnailUrl\":\"https:\/\/www.ewigerbund.org\/volksschule\/wp-content\/uploads\/sites\/40\/2023\/08\/EB-Volksschule-LesenSchreiben-FrakturLesenLernen.jpg\",\"datePublished\":\"2022-12-16T11:48:18+00:00\",\"dateModified\":\"2025-01-27T15:52:34+00:00\",\"description\":\"Mehr als vierhundert Jahre lang war im Deutschen Reich Fraktur die Buch- und Verkehrsschrift bis sie 1941 verboten wurde.\",\"breadcrumb\":{\"@id\":\"https:\/\/www.ewigerbund.org\/volksschule\/fraktur-lesen-lernen\/#breadcrumb\"},\"inLanguage\":\"de\",\"potentialAction\":[{\"@type\":\"ReadAction\",\"target\":[\"https:\/\/www.ewigerbund.org\/volksschule\/fraktur-lesen-lernen\/\"]}]},{\"@type\":\"ImageObject\",\"inLanguage\":\"de\",\"@id\":\"https:\/\/www.ewigerbund.org\/volksschule\/fraktur-lesen-lernen\/#primaryimage\",\"url\":\"https:\/\/www.ewigerbund.org\/volksschule\/wp-content\/uploads\/sites\/40\/2023\/08\/EB-Volksschule-LesenSchreiben-FrakturLesenLernen.jpg\",\"contentUrl\":\"https:\/\/www.ewigerbund.org\/volksschule\/wp-content\/uploads\/sites\/40\/2023\/08\/EB-Volksschule-LesenSchreiben-FrakturLesenLernen.jpg\",\"width\":1748,\"height\":994,\"caption\":\"Fraktur lesen lernen.\"},{\"@type\":\"BreadcrumbList\",\"@id\":\"https:\/\/www.ewigerbund.org\/volksschule\/fraktur-lesen-lernen\/#breadcrumb\",\"itemListElement\":[{\"@type\":\"ListItem\",\"position\":1,\"name\":\"Startseite\",\"item\":\"https:\/\/www.ewigerbund.org\/volksschule\/\"},{\"@type\":\"ListItem\",\"position\":2,\"name\":\"Frakturschrift lesen lernen.\"}]},{\"@type\":\"WebSite\",\"@id\":\"https:\/\/www.ewigerbund.org\/volksschule\/#website\",\"url\":\"https:\/\/www.ewigerbund.org\/volksschule\/\",\"name\":\"Volksschule.\",\"description\":\"Verfassungsb\u00fcndnis der deutschen Einzelstaaten.\",\"publisher\":{\"@id\":\"https:\/\/www.ewigerbund.org\/volksschule\/#organization\"},\"alternateName\":\"Bildung im ewigen Bund.\",\"potentialAction\":[{\"@type\":\"SearchAction\",\"target\":{\"@type\":\"EntryPoint\",\"urlTemplate\":\"https:\/\/www.ewigerbund.org\/volksschule\/?s={search_term_string}\"},\"query-input\":\"required name=search_term_string\"}],\"inLanguage\":\"de\"},{\"@type\":\"Organization\",\"@id\":\"https:\/\/www.ewigerbund.org\/volksschule\/#organization\",\"name\":\"Volksschule.\",\"url\":\"https:\/\/www.ewigerbund.org\/volksschule\/\",\"logo\":{\"@type\":\"ImageObject\",\"inLanguage\":\"de\",\"@id\":\"https:\/\/www.ewigerbund.org\/volksschule\/#\/schema\/logo\/image\/\",\"url\":\"https:\/\/www.ewigerbund.org\/volksschule\/wp-content\/uploads\/sites\/40\/2022\/12\/2022-09-20-Logo-EB_Schutzzone_V4_Transparent.png\",\"contentUrl\":\"https:\/\/www.ewigerbund.org\/volksschule\/wp-content\/uploads\/sites\/40\/2022\/12\/2022-09-20-Logo-EB_Schutzzone_V4_Transparent.png\",\"width\":2000,\"height\":1982,\"caption\":\"Volksschule.\"},\"image\":{\"@id\":\"https:\/\/www.ewigerbund.org\/volksschule\/#\/schema\/logo\/image\/\"}}]}<\/script>\n<!-- \/ Yoast SEO plugin. -->","yoast_head_json":{"title":"Frakturschrift lesen lernen. | Die Schrift der Deutschen.","description":"Mehr als vierhundert Jahre lang war im Deutschen Reich Fraktur die Buch- und Verkehrsschrift bis sie 1941 verboten wurde.","robots":{"index":"index","follow":"follow","max-snippet":"max-snippet:-1","max-image-preview":"max-image-preview:large","max-video-preview":"max-video-preview:-1"},"canonical":"https:\/\/www.ewigerbund.org\/volksschule\/fraktur-lesen-lernen\/","og_locale":"de_DE","og_type":"article","og_title":"Die Deutsche Schrift \u2013 Fraktur.","og_description":"Mehr als vierhundert Jahre lang war im Deutschen Reich Fraktur die Buch- und Verkehrsschrift, bis sie 1941 durch die damalige Diktatur verboten wurde.","og_url":"https:\/\/www.ewigerbund.org\/volksschule\/fraktur-lesen-lernen\/","og_site_name":"Volksschule","article_modified_time":"2025-01-27T15:52:34+00:00","og_image":[{"width":1748,"height":994,"url":"https:\/\/www.ewigerbund.org\/volksschule\/wp-content\/uploads\/sites\/40\/2023\/03\/EB-Volksschule-LesenSchreiben-FrakturLesenLernen-1.jpg","type":"image\/jpeg"}],"twitter_card":"summary_large_image","twitter_title":"Die Deutsche Schrift \u2013 Fraktur.","twitter_description":"Mehr als vierhundert Jahre lang war im Deutschen Reich Fraktur die Buch- und Verkehrsschrift, bis sie 1941 durch die damalige Diktatur verboten wurde.","twitter_image":"https:\/\/www.ewigerbund.org\/volksschule\/wp-content\/uploads\/sites\/40\/2023\/03\/EB-Volksschule-LesenSchreiben-FrakturLesenLernen-1.jpg","twitter_misc":{"Gesch\u00e4tzte Lesezeit":"9\u00a0Minuten"},"schema":{"@context":"https:\/\/schema.org","@graph":[{"@type":"WebPage","@id":"https:\/\/www.ewigerbund.org\/volksschule\/fraktur-lesen-lernen\/","url":"https:\/\/www.ewigerbund.org\/volksschule\/fraktur-lesen-lernen\/","name":"Frakturschrift lesen lernen. | Die Schrift der Deutschen.","isPartOf":{"@id":"https:\/\/www.ewigerbund.org\/volksschule\/#website"},"primaryImageOfPage":{"@id":"https:\/\/www.ewigerbund.org\/volksschule\/fraktur-lesen-lernen\/#primaryimage"},"image":{"@id":"https:\/\/www.ewigerbund.org\/volksschule\/fraktur-lesen-lernen\/#primaryimage"},"thumbnailUrl":"https:\/\/www.ewigerbund.org\/volksschule\/wp-content\/uploads\/sites\/40\/2023\/08\/EB-Volksschule-LesenSchreiben-FrakturLesenLernen.jpg","datePublished":"2022-12-16T11:48:18+00:00","dateModified":"2025-01-27T15:52:34+00:00","description":"Mehr als vierhundert Jahre lang war im Deutschen Reich Fraktur die Buch- und Verkehrsschrift bis sie 1941 verboten wurde.","breadcrumb":{"@id":"https:\/\/www.ewigerbund.org\/volksschule\/fraktur-lesen-lernen\/#breadcrumb"},"inLanguage":"de","potentialAction":[{"@type":"ReadAction","target":["https:\/\/www.ewigerbund.org\/volksschule\/fraktur-lesen-lernen\/"]}]},{"@type":"ImageObject","inLanguage":"de","@id":"https:\/\/www.ewigerbund.org\/volksschule\/fraktur-lesen-lernen\/#primaryimage","url":"https:\/\/www.ewigerbund.org\/volksschule\/wp-content\/uploads\/sites\/40\/2023\/08\/EB-Volksschule-LesenSchreiben-FrakturLesenLernen.jpg","contentUrl":"https:\/\/www.ewigerbund.org\/volksschule\/wp-content\/uploads\/sites\/40\/2023\/08\/EB-Volksschule-LesenSchreiben-FrakturLesenLernen.jpg","width":1748,"height":994,"caption":"Fraktur lesen lernen."},{"@type":"BreadcrumbList","@id":"https:\/\/www.ewigerbund.org\/volksschule\/fraktur-lesen-lernen\/#breadcrumb","itemListElement":[{"@type":"ListItem","position":1,"name":"Startseite","item":"https:\/\/www.ewigerbund.org\/volksschule\/"},{"@type":"ListItem","position":2,"name":"Frakturschrift lesen lernen."}]},{"@type":"WebSite","@id":"https:\/\/www.ewigerbund.org\/volksschule\/#website","url":"https:\/\/www.ewigerbund.org\/volksschule\/","name":"Volksschule.","description":"Verfassungsb\u00fcndnis der deutschen Einzelstaaten.","publisher":{"@id":"https:\/\/www.ewigerbund.org\/volksschule\/#organization"},"alternateName":"Bildung im ewigen Bund.","potentialAction":[{"@type":"SearchAction","target":{"@type":"EntryPoint","urlTemplate":"https:\/\/www.ewigerbund.org\/volksschule\/?s={search_term_string}"},"query-input":"required name=search_term_string"}],"inLanguage":"de"},{"@type":"Organization","@id":"https:\/\/www.ewigerbund.org\/volksschule\/#organization","name":"Volksschule.","url":"https:\/\/www.ewigerbund.org\/volksschule\/","logo":{"@type":"ImageObject","inLanguage":"de","@id":"https:\/\/www.ewigerbund.org\/volksschule\/#\/schema\/logo\/image\/","url":"https:\/\/www.ewigerbund.org\/volksschule\/wp-content\/uploads\/sites\/40\/2022\/12\/2022-09-20-Logo-EB_Schutzzone_V4_Transparent.png","contentUrl":"https:\/\/www.ewigerbund.org\/volksschule\/wp-content\/uploads\/sites\/40\/2022\/12\/2022-09-20-Logo-EB_Schutzzone_V4_Transparent.png","width":2000,"height":1982,"caption":"Volksschule."},"image":{"@id":"https:\/\/www.ewigerbund.org\/volksschule\/#\/schema\/logo\/image\/"}}]}},"_links":{"self":[{"href":"https:\/\/www.ewigerbund.org\/volksschule\/wp-json\/wp\/v2\/pages\/30","targetHints":{"allow":["GET"]}}],"collection":[{"href":"https:\/\/www.ewigerbund.org\/volksschule\/wp-json\/wp\/v2\/pages"}],"about":[{"href":"https:\/\/www.ewigerbund.org\/volksschule\/wp-json\/wp\/v2\/types\/page"}],"author":[{"embeddable":true,"href":"https:\/\/www.ewigerbund.org\/volksschule\/wp-json\/wp\/v2\/users\/8"}],"replies":[{"embeddable":true,"href":"https:\/\/www.ewigerbund.org\/volksschule\/wp-json\/wp\/v2\/comments?post=30"}],"version-history":[{"count":94,"href":"https:\/\/www.ewigerbund.org\/volksschule\/wp-json\/wp\/v2\/pages\/30\/revisions"}],"predecessor-version":[{"id":3531,"href":"https:\/\/www.ewigerbund.org\/volksschule\/wp-json\/wp\/v2\/pages\/30\/revisions\/3531"}],"wp:featuredmedia":[{"embeddable":true,"href":"https:\/\/www.ewigerbund.org\/volksschule\/wp-json\/wp\/v2\/media\/2785"}],"wp:attachment":[{"href":"https:\/\/www.ewigerbund.org\/volksschule\/wp-json\/wp\/v2\/media?parent=30"}],"wp:term":[{"taxonomy":"category","embeddable":true,"href":"https:\/\/www.ewigerbund.org\/volksschule\/wp-json\/wp\/v2\/categories?post=30"},{"taxonomy":"post_tag","embeddable":true,"href":"https:\/\/www.ewigerbund.org\/volksschule\/wp-json\/wp\/v2\/tags?post=30"}],"curies":[{"name":"wp","href":"https:\/\/api.w.org\/{rel}","templated":true}]}}