{"id":2820,"date":"2023-12-08T22:22:15","date_gmt":"2023-12-08T21:22:15","guid":{"rendered":"https:\/\/www.ewigerbund.org\/volksschule\/?page_id=2820"},"modified":"2024-02-24T20:28:10","modified_gmt":"2024-02-24T19:28:10","slug":"geschichtsunterricht","status":"publish","type":"page","link":"https:\/\/www.ewigerbund.org\/volksschule\/geschichtsunterricht\/","title":{"rendered":"Geschichtsunterricht."},"content":{"rendered":"\n<h2 class=\"wp-block-heading\">Willkommen beim interaktiven Geschichtsunterricht!<\/h2>\n\n\n\n<a class=\"gb-button gb-button-2f4d95a2\" href=\"https:\/\/www.ewigerbund.org\/volksschule\/bedienungshilfe\/\"><span class=\"gb-icon\"><svg aria-hidden=\"true\" role=\"img\" height=\"1em\" width=\"1em\" viewBox=\"0 0 448 512\" xmlns=\"http:\/\/www.w3.org\/2000\/svg\"><path fill=\"currentColor\" d=\"M448 360V24c0-13.3-10.7-24-24-24H96C43 0 0 43 0 96v320c0 53 43 96 96 96h328c13.3 0 24-10.7 24-24v-16c0-7.5-3.5-14.3-8.9-18.7-4.2-15.4-4.2-59.3 0-74.7 5.4-4.3 8.9-11.1 8.9-18.6zM128 134c0-3.3 2.7-6 6-6h212c3.3 0 6 2.7 6 6v20c0 3.3-2.7 6-6 6H134c-3.3 0-6-2.7-6-6v-20zm0 64c0-3.3 2.7-6 6-6h212c3.3 0 6 2.7 6 6v20c0 3.3-2.7 6-6 6H134c-3.3 0-6-2.7-6-6v-20zm253.4 250H96c-17.7 0-32-14.3-32-32 0-17.6 14.4-32 32-32h285.4c-1.9 17.1-1.9 46.9 0 64z\"><\/path><\/svg><\/span><span class=\"gb-button-text\">Anwendungshilfe zu den Kursen.<\/span><\/a>\n\n\n\n<div class=\"wp-block-columns is-layout-flex wp-container-core-columns-is-layout-1 wp-block-columns-is-layout-flex\">\n<div class=\"wp-block-column cat-box-border-hellgrau-kurs is-layout-flow wp-block-column-is-layout-flow\">\n<h3 class=\"wp-block-heading has-text-align-center\">Lektion 1.<\/h3>\n\n\n\n<p class=\"has-text-align-center\">Vorgeschichte der Mark Brandenburg.<\/p>\n\n\n\n<a class=\"gb-button gb-button-61b24812 gb-button-text\" href=\"https:\/\/www.ewigerbund.org\/volksschule\/geschichtsuntrricht\/lektion-1\/\">Zur 1. Lektion.<\/a>\n<\/div>\n\n\n\n<div class=\"wp-block-column cat-box-border-hellgrau-kurs is-layout-flow wp-block-column-is-layout-flow\">\n<h3 class=\"wp-block-heading has-text-align-center\">Lektion 2.<\/h3>\n\n\n\n<p class=\"has-text-align-center\">Die Reformation.<br>&nbsp;<\/p>\n\n\n\n<a class=\"gb-button gb-button-f2363f2f gb-button-text\" href=\"https:\/\/www.ewigerbund.org\/volksschule\/geschichtsuntrricht\/lektion-2\/\">Zur 2. Lektion.<\/a>\n<\/div>\n\n\n\n<div class=\"wp-block-column cat-box-border-hellgrau-kurs is-layout-flow wp-block-column-is-layout-flow\">\n<h3 class=\"wp-block-heading has-text-align-center\">Lektion 3.<\/h3>\n\n\n\n<p class=\"has-text-align-center\">Der Bauernkrieg.<br>&nbsp;<\/p>\n\n\n\n<a class=\"gb-button gb-button-aece016e gb-button-text\" href=\"https:\/\/www.ewigerbund.org\/volksschule\/geschichtsuntrricht\/lektion-3\/\">Zur 3. Lektion.<\/a>\n<\/div>\n<\/div>\n\n\n\n<div class=\"wp-block-columns is-layout-flex wp-container-core-columns-is-layout-2 wp-block-columns-is-layout-flex\">\n<div class=\"wp-block-column cat-box-border-hellgrau-kurs is-layout-flow wp-block-column-is-layout-flow\">\n<h3 class=\"wp-block-heading has-text-align-center\">Lektion 4.<\/h3>\n\n\n\n<p class=\"has-text-align-center\">Karl V. und die <br>Reformation.<\/p>\n\n\n\n<a class=\"gb-button gb-button-a9569877 gb-button-text\" href=\"https:\/\/www.ewigerbund.org\/volksschule\/geschichtsuntrricht\/lektion-4\/\">zur 4. Lektion.<\/a>\n<\/div>\n\n\n\n<div class=\"wp-block-column cat-box-border-hellgrau-kurs is-layout-flow wp-block-column-is-layout-flow\">\n<h3 class=\"wp-block-heading has-text-align-center\">Lektion 5.<\/h3>\n\n\n\n<p class=\"has-text-align-center\">Die Reformation <br>in anderen L\u00e4ndern.<\/p>\n\n\n\n<a class=\"gb-button gb-button-31f10ab8 gb-button-text\" href=\"https:\/\/www.ewigerbund.org\/volksschule\/geschichtsuntrricht\/lektion-5\/\">Zur 5. Lektion.<\/a>\n<\/div>\n\n\n\n<div class=\"wp-block-column cat-box-border-hellgrau-kurs is-layout-flow wp-block-column-is-layout-flow\">\n<h3 class=\"wp-block-heading has-text-align-center\">Lektion 6.<\/h3>\n\n\n\n<p class=\"has-text-align-center\">Der Drei\u00dfigj\u00e4hrige Krieg.<br>&nbsp;<\/p>\n\n\n\n<a class=\"gb-button gb-button-137aa2da gb-button-text\" href=\"https:\/\/www.ewigerbund.org\/volksschule\/geschichtsuntrricht\/lektion-6\/\">Zur 6. Lektion.<\/a>\n<\/div>\n<\/div>\n\n\n\n<div class=\"wp-block-columns is-layout-flex wp-container-core-columns-is-layout-3 wp-block-columns-is-layout-flex\">\n<div class=\"wp-block-column cat-box-border-hellgrau-kurs is-layout-flow wp-block-column-is-layout-flow\">\n<h3 class=\"wp-block-heading has-text-align-center\">Lektion 7.<\/h3>\n\n\n\n<p class=\"has-text-align-center\">Die hohenzollernschen Kurf\u00fcrsten von <br>Brandenburg.<\/p>\n\n\n\n<a class=\"gb-button gb-button-48535936 gb-button-text\" href=\"https:\/\/www.ewigerbund.org\/volksschule\/geschichtsuntrricht\/lektion-7\/\">Zur 7. Lektion.<\/a>\n<\/div>\n\n\n\n<div class=\"wp-block-column cat-box-border-hellgrau-kurs is-layout-flow wp-block-column-is-layout-flow\">\n<h3 class=\"wp-block-heading has-text-align-center\">Lektion 8.<\/h3>\n\n\n\n<p class=\"has-text-align-center\">Friedrich Wilhelm, <br>der Gro\u00dfe Kurf\u00fcrst.<br>&nbsp;<\/p>\n\n\n\n<a class=\"gb-button gb-button-447184a9 gb-button-text\" href=\"https:\/\/www.ewigerbund.org\/volksschule\/geschichtsuntrricht\/lektion-8\/\">Zur 8. Lektion.<\/a>\n<\/div>\n\n\n\n<div class=\"wp-block-column cat-box-border-hellgrau-kurs is-layout-flow wp-block-column-is-layout-flow\">\n<h3 class=\"wp-block-heading has-text-align-center\">Lektion 9.<\/h3>\n\n\n\n<p class=\"has-text-align-center\">Friedrich III. \/ <br>K\u00f6nig Friedrich I.<br>&nbsp; <\/p>\n\n\n\n<a class=\"gb-button gb-button-8c913b05 gb-button-text\" href=\"https:\/\/www.ewigerbund.org\/volksschule\/geschichtsuntrricht\/lektion-9\/\">Zur 9. Lektion.<\/a>\n<\/div>\n<\/div>\n\n\n\n<div class=\"wp-block-columns is-layout-flex wp-container-core-columns-is-layout-4 wp-block-columns-is-layout-flex\">\n<div class=\"wp-block-column cat-box-border-hellgrau-kurs is-layout-flow wp-block-column-is-layout-flow\">\n<h3 class=\"wp-block-heading has-text-align-center\">Lektion 10.<\/h3>\n\n\n\n<p class=\"has-text-align-center\">Friedrich der Gro\u00dfe.<br>&nbsp;<\/p>\n\n\n\n<a class=\"gb-button gb-button-b6b65f58 gb-button-text\" href=\"https:\/\/www.ewigerbund.org\/volksschule\/geschichtsuntrricht\/lektion-10\/\">Zur 10. Lektion.<\/a>\n<\/div>\n\n\n\n<div class=\"wp-block-column cat-box-border-hellgrau-kurs is-layout-flow wp-block-column-is-layout-flow\">\n<h3 class=\"wp-block-heading has-text-align-center\">Lektion 11.<\/h3>\n\n\n\n<p class=\"has-text-align-center\">Friedrich Wilhelm I.<br>&nbsp;<\/p>\n\n\n\n<a class=\"gb-button gb-button-c941d27a gb-button-text\" href=\"https:\/\/www.ewigerbund.org\/volksschule\/geschichtsuntrricht\/lektion-11\/\">Zur 11. Lektion.<\/a>\n<\/div>\n\n\n\n<div class=\"wp-block-column cat-box-border-hellgrau-kurs is-layout-flow wp-block-column-is-layout-flow\">\n<h3 class=\"wp-block-heading has-text-align-center\">Lektion 12.<\/h3>\n\n\n\n<p class=\"has-text-align-center\">Der dritte Schlesische und Siebenj\u00e4hrige Krieg.<\/p>\n\n\n\n<a class=\"gb-button gb-button-833d9c35 gb-button-text\" href=\"https:\/\/www.ewigerbund.org\/volksschule\/geschichtsuntrricht\/lektion-12\/\">Zur 12. Lektion.<\/a>\n<\/div>\n<\/div>\n\n\n\n<div class=\"wp-block-columns is-layout-flex wp-container-core-columns-is-layout-5 wp-block-columns-is-layout-flex\">\n<div class=\"wp-block-column cat-box-border-hellgrau-kurs is-layout-flow wp-block-column-is-layout-flow\">\n<h3 class=\"wp-block-heading has-text-align-center\">Lektion 13.<\/h3>\n\n\n\n<p class=\"has-text-align-center\">Friedrich als <br>Landesvater.&nbsp;<\/p>\n\n\n\n<a class=\"gb-button gb-button-2f82f7f4 gb-button-text\" href=\"https:\/\/www.ewigerbund.org\/volksschule\/geschichtsuntrricht\/lektion-13\/\">Zur 13. Lektion.<\/a>\n<\/div>\n\n\n\n<div class=\"wp-block-column cat-box-border-hellgrau-kurs is-layout-flow wp-block-column-is-layout-flow\">\n<h3 class=\"wp-block-heading has-text-align-center\">Lektion 14.<\/h3>\n\n\n\n<p class=\"has-text-align-center\">Friedrich Wilhelm II.<br>&nbsp;<\/p>\n\n\n\n<a class=\"gb-button gb-button-f2312383 gb-button-text\" href=\"https:\/\/www.ewigerbund.org\/volksschule\/geschichtsuntrricht\/lektion-14\/\">Zur 14. Lektion.<\/a>\n<\/div>\n\n\n\n<div class=\"wp-block-column cat-box-border-hellgrau-kurs is-layout-flow wp-block-column-is-layout-flow\">\n<h3 class=\"wp-block-heading has-text-align-center\">Lektion 15.<\/h3>\n\n\n\n<p class=\"has-text-align-center\">Friedrich Wilhelm III.<br>&nbsp;<\/p>\n\n\n\n<a class=\"gb-button gb-button-21791b0b gb-button-text\" href=\"https:\/\/www.ewigerbund.org\/volksschule\/geschichtsuntrricht\/lektion-15\/\">Zur 15. Lektion.<\/a>\n<\/div>\n<\/div>\n\n\n\n<div class=\"wp-block-columns is-layout-flex wp-container-core-columns-is-layout-6 wp-block-columns-is-layout-flex\">\n<div class=\"wp-block-column cat-box-border-hellgrau-kurs is-layout-flow wp-block-column-is-layout-flow\">\n<h3 class=\"wp-block-heading has-text-align-center\">Lektion 16.<\/h3>\n\n\n\n<p class=\"has-text-align-center\">Napoleon I. und der Untergang des Deutschen Reiches.<\/p>\n\n\n\n<a class=\"gb-button gb-button-ad69a4ab gb-button-text\" href=\"https:\/\/www.ewigerbund.org\/volksschule\/geschichtsuntrricht\/lektion-16\/\">Zur 16. Lektion.<\/a>\n<\/div>\n\n\n\n<div class=\"wp-block-column cat-box-border-hellgrau-kurs is-layout-flow wp-block-column-is-layout-flow\">\n<h3 class=\"wp-block-heading has-text-align-center\">Lektion 17.<\/h3>\n\n\n\n<p class=\"has-text-align-center\">Die Befreiungskriege.<br>&nbsp;    <\/p>\n\n\n\n<a class=\"gb-button gb-button-13def758 gb-button-text\" href=\"https:\/\/www.ewigerbund.org\/volksschule\/geschichtsuntrricht\/lektion-17\/\">Zur 17. Lektion.<\/a>\n<\/div>\n\n\n\n<div class=\"wp-block-column cat-box-border-hellgrau-kurs is-layout-flow wp-block-column-is-layout-flow\">\n<h3 class=\"wp-block-heading has-text-align-center\">Lektion 18.<\/h3>\n\n\n\n<p class=\"has-text-align-center\">Der Wiener Kongre\u00df <br>und der Deutsche Bund.<\/p>\n\n\n\n<a class=\"gb-button gb-button-1278b0bd gb-button-text\" href=\"https:\/\/www.ewigerbund.org\/volksschule\/geschichtsuntrricht\/lektion-18\/\">Zur 18. Lektion.<\/a>\n<\/div>\n<\/div>\n\n\n\n<div class=\"wp-block-columns is-layout-flex wp-container-core-columns-is-layout-7 wp-block-columns-is-layout-flex\">\n<div class=\"wp-block-column cat-box-border-hellgrau-kurs is-layout-flow wp-block-column-is-layout-flow\">\n<h3 class=\"wp-block-heading has-text-align-center\">Lektion 19.<\/h3>\n\n\n\n<p class=\"has-text-align-center\">Friedrich Wilhelm IV.<br>&nbsp;<\/p>\n\n\n\n<a class=\"gb-button gb-button-01db0580 gb-button-text\" href=\"https:\/\/www.ewigerbund.org\/volksschule\/geschichtsuntrricht\/lektion-19\/\">Zur 19. Lektion.<\/a>\n<\/div>\n\n\n\n<div class=\"wp-block-column cat-box-border-hellgrau-kurs is-layout-flow wp-block-column-is-layout-flow\">\n<h3 class=\"wp-block-heading has-text-align-center\">Lektion 20.<\/h3>\n\n\n\n<p class=\"has-text-align-center\">Wilhelm I.<br>&nbsp;    <\/p>\n\n\n\n<a class=\"gb-button gb-button-73faac08 gb-button-text\" href=\"https:\/\/www.ewigerbund.org\/volksschule\/geschichtsuntrricht\/lektion-20\/\">Zur 20. Lektion.<\/a>\n<\/div>\n\n\n\n<div class=\"wp-block-column cat-box-border-hellgrau-kurs is-layout-flow wp-block-column-is-layout-flow\">\n<h3 class=\"wp-block-heading has-text-align-center\">Lektion 21.<\/h3>\n\n\n\n<p class=\"has-text-align-center\">Der Deutsch-Franz\u00f6sische Krieg.<\/p>\n\n\n\n<a class=\"gb-button gb-button-34a62d53 gb-button-text\" href=\"https:\/\/www.ewigerbund.org\/volksschule\/geschichtsuntrricht\/lektion-21\/\">Zur 21. Lektion.<\/a>\n<\/div>\n<\/div>\n\n\n\n<div class=\"wp-block-columns is-layout-flex wp-container-core-columns-is-layout-8 wp-block-columns-is-layout-flex\">\n<div class=\"wp-block-column cat-box-border-hellgrau-kurs is-layout-flow wp-block-column-is-layout-flow\">\n<h3 class=\"wp-block-heading has-text-align-center\">Lektion 22.<\/h3>\n\n\n\n<p class=\"has-text-align-center\">Kaiser Wilhelm I. Friedenszeit.<\/p>\n\n\n\n<a class=\"gb-button gb-button-c66ad366 gb-button-text\" href=\"https:\/\/www.ewigerbund.org\/volksschule\/geschichtsuntrricht\/lektion-22\/\">Zur 22. Lektion.<\/a>\n<\/div>\n\n\n\n<div class=\"wp-block-column cat-box-border-hellgrau-kurs is-layout-flow wp-block-column-is-layout-flow\">\n<h3 class=\"wp-block-heading has-text-align-center\">Lektion 23.<\/h3>\n\n\n\n<p class=\"has-text-align-center\">Kaiser Friedrich III.<\/p>\n\n\n\n<a class=\"gb-button gb-button-091771d3 gb-button-text\" href=\"https:\/\/www.ewigerbund.org\/volksschule\/geschichtsuntrricht\/lektion-23\/\">Zur 23. Lektion.<\/a>\n<\/div>\n\n\n\n<div class=\"wp-block-column cat-box-border-hellgrau-kurs is-layout-flow wp-block-column-is-layout-flow\">\n<h3 class=\"wp-block-heading has-text-align-center\">Lektion 24.<\/h3>\n\n\n\n<p class=\"has-text-align-center\">Kaiser Wilhelm II.<\/p>\n\n\n\n<a class=\"gb-button gb-button-670f56ab gb-button-text\" href=\"https:\/\/www.ewigerbund.org\/volksschule\/geschichtsuntrricht\/lektion-24\/\">Zur 24. Lektion.<\/a>\n<\/div>\n<\/div>\n\n\n\n<div style=\"height:40px\" aria-hidden=\"true\" class=\"wp-block-spacer\"><\/div>\n\n\n<div class=\"gb-container gb-container-9e590445 cat-box-border-grau\"><div class=\"gb-inside-container\">\n<div class=\"wp-block-image\">\n<figure class=\"aligncenter size-full is-resized\"><img loading=\"lazy\" decoding=\"async\" width=\"100\" height=\"105\" src=\"https:\/\/www.ewigerbund.org\/volksschule\/wp-content\/uploads\/sites\/40\/2023\/12\/grafik.png\" alt=\"\" class=\"wp-image-3101\" style=\"object-fit:cover;width:50px;height:50px\"\/><\/figure><\/div>\n\n\n<p class=\"gb-headline gb-headline-81bfcac6 gb-headline-text\"><em>Staatskunst kann man nicht lernen, sondern sich nur aus der Geschichtsschreibung aneignen.<\/em><\/p>\n\n\n\n<p class=\"has-text-align-center has-small-font-size\">Otto von Bismarck<\/p>\n\n<\/div><\/div>\n\n\n<div style=\"height:100px\" aria-hidden=\"true\" class=\"wp-block-spacer\"><\/div>\n","protected":false},"excerpt":{"rendered":"<p>Willkommen beim interaktiven Geschichtsunterricht! Lektion 1. Vorgeschichte der Mark Brandenburg. Lektion 2. Die Reformation.&nbsp; Lektion 3. Der Bauernkrieg.&nbsp; Lektion 4. Karl V. und die Reformation. Lektion 5. Die Reformation in anderen L\u00e4ndern. Lektion 6. Der Drei\u00dfigj\u00e4hrige Krieg.&nbsp; Lektion 7. Die hohenzollernschen Kurf\u00fcrsten von Brandenburg. Lektion 8. Friedrich Wilhelm, der Gro\u00dfe Kurf\u00fcrst.&nbsp; Lektion 9. Friedrich III. [&hellip;]<\/p>\n","protected":false},"author":8,"featured_media":3105,"parent":0,"menu_order":0,"comment_status":"closed","ping_status":"closed","template":"template-6-beide-seitenleiste.php","meta":{"footnotes":""},"categories":[7],"tags":[],"class_list":["post-2820","page","type-page","status-publish","has-post-thumbnail","hentry","category-volksschule"],"yoast_head":"<!-- This site is optimized with the Yoast SEO plugin v23.1 - https:\/\/yoast.com\/wordpress\/plugins\/seo\/ -->\n<title>Geschichtsunterricht. | Bildung im ewigen Bund.<\/title>\n<meta name=\"description\" content=\"Geschichtsunterricht. Lerne das was dir in der Schule niemand zeigte. Von Martin Luther bis Kaiser Wilhelm II.\" \/>\n<meta name=\"robots\" content=\"index, follow, max-snippet:-1, max-image-preview:large, max-video-preview:-1\" \/>\n<link rel=\"canonical\" href=\"https:\/\/www.ewigerbund.org\/volksschule\/geschichtsunterricht\/\" \/>\n<meta property=\"og:locale\" content=\"de_DE\" \/>\n<meta property=\"og:type\" content=\"article\" \/>\n<meta property=\"og:title\" content=\"Geschichtsunterricht | Bildung im ewigen Bund.\" \/>\n<meta property=\"og:description\" content=\"Geschichtsunterricht. Lerne das was dir in der Schule niemand zeigte. Von Martin Luther bis Kaiser Wilhelm II.\" \/>\n<meta property=\"og:url\" content=\"https:\/\/www.ewigerbund.org\/volksschule\/geschichtsunterricht\/\" \/>\n<meta property=\"og:site_name\" content=\"Volksschule\" \/>\n<meta property=\"article:modified_time\" content=\"2024-02-24T19:28:10+00:00\" \/>\n<meta property=\"og:image\" content=\"https:\/\/www.ewigerbund.org\/volksschule\/wp-content\/uploads\/sites\/40\/2023\/12\/EB-Volksschule-Geschichtskurs-flag.jpg\" \/>\n\t<meta property=\"og:image:width\" content=\"1748\" \/>\n\t<meta property=\"og:image:height\" content=\"994\" \/>\n\t<meta property=\"og:image:type\" content=\"image\/jpeg\" \/>\n<meta name=\"twitter:card\" content=\"summary_large_image\" \/>\n<meta name=\"twitter:title\" content=\"Geschichtsunterricht | Bildung im ewigen Bund.\" \/>\n<meta name=\"twitter:description\" content=\"Geschichtsunterricht. Lerne das was dir in der Schule niemand zeigte. Von Martin Luther bis heute.\" \/>\n<meta name=\"twitter:label1\" content=\"Gesch\u00e4tzte Lesezeit\" \/>\n\t<meta name=\"twitter:data1\" content=\"2\u00a0Minuten\" \/>\n<script type=\"application\/ld+json\" class=\"yoast-schema-graph\">{\"@context\":\"https:\/\/schema.org\",\"@graph\":[{\"@type\":\"WebPage\",\"@id\":\"https:\/\/www.ewigerbund.org\/volksschule\/geschichtsunterricht\/\",\"url\":\"https:\/\/www.ewigerbund.org\/volksschule\/geschichtsunterricht\/\",\"name\":\"Geschichtsunterricht. | Bildung im ewigen Bund.\",\"isPartOf\":{\"@id\":\"https:\/\/www.ewigerbund.org\/volksschule\/#website\"},\"primaryImageOfPage\":{\"@id\":\"https:\/\/www.ewigerbund.org\/volksschule\/geschichtsunterricht\/#primaryimage\"},\"image\":{\"@id\":\"https:\/\/www.ewigerbund.org\/volksschule\/geschichtsunterricht\/#primaryimage\"},\"thumbnailUrl\":\"https:\/\/www.ewigerbund.org\/volksschule\/wp-content\/uploads\/sites\/40\/2023\/12\/EB-Volksschule-Geschichtskurs-flag.jpg\",\"datePublished\":\"2023-12-08T21:22:15+00:00\",\"dateModified\":\"2024-02-24T19:28:10+00:00\",\"description\":\"Geschichtsunterricht. Lerne das was dir in der Schule niemand zeigte. Von Martin Luther bis Kaiser Wilhelm II.\",\"breadcrumb\":{\"@id\":\"https:\/\/www.ewigerbund.org\/volksschule\/geschichtsunterricht\/#breadcrumb\"},\"inLanguage\":\"de\",\"potentialAction\":[{\"@type\":\"ReadAction\",\"target\":[\"https:\/\/www.ewigerbund.org\/volksschule\/geschichtsunterricht\/\"]}]},{\"@type\":\"ImageObject\",\"inLanguage\":\"de\",\"@id\":\"https:\/\/www.ewigerbund.org\/volksschule\/geschichtsunterricht\/#primaryimage\",\"url\":\"https:\/\/www.ewigerbund.org\/volksschule\/wp-content\/uploads\/sites\/40\/2023\/12\/EB-Volksschule-Geschichtskurs-flag.jpg\",\"contentUrl\":\"https:\/\/www.ewigerbund.org\/volksschule\/wp-content\/uploads\/sites\/40\/2023\/12\/EB-Volksschule-Geschichtskurs-flag.jpg\",\"width\":1748,\"height\":994},{\"@type\":\"BreadcrumbList\",\"@id\":\"https:\/\/www.ewigerbund.org\/volksschule\/geschichtsunterricht\/#breadcrumb\",\"itemListElement\":[{\"@type\":\"ListItem\",\"position\":1,\"name\":\"Startseite\",\"item\":\"https:\/\/www.ewigerbund.org\/volksschule\/\"},{\"@type\":\"ListItem\",\"position\":2,\"name\":\"Geschichtsunterricht.\"}]},{\"@type\":\"WebSite\",\"@id\":\"https:\/\/www.ewigerbund.org\/volksschule\/#website\",\"url\":\"https:\/\/www.ewigerbund.org\/volksschule\/\",\"name\":\"Volksschule.\",\"description\":\"Verfassungsb\u00fcndnis der deutschen Einzelstaaten.\",\"publisher\":{\"@id\":\"https:\/\/www.ewigerbund.org\/volksschule\/#organization\"},\"alternateName\":\"Bildung im ewigen Bund.\",\"potentialAction\":[{\"@type\":\"SearchAction\",\"target\":{\"@type\":\"EntryPoint\",\"urlTemplate\":\"https:\/\/www.ewigerbund.org\/volksschule\/?s={search_term_string}\"},\"query-input\":\"required name=search_term_string\"}],\"inLanguage\":\"de\"},{\"@type\":\"Organization\",\"@id\":\"https:\/\/www.ewigerbund.org\/volksschule\/#organization\",\"name\":\"Volksschule.\",\"url\":\"https:\/\/www.ewigerbund.org\/volksschule\/\",\"logo\":{\"@type\":\"ImageObject\",\"inLanguage\":\"de\",\"@id\":\"https:\/\/www.ewigerbund.org\/volksschule\/#\/schema\/logo\/image\/\",\"url\":\"https:\/\/www.ewigerbund.org\/volksschule\/wp-content\/uploads\/sites\/40\/2022\/12\/2022-09-20-Logo-EB_Schutzzone_V4_Transparent.png\",\"contentUrl\":\"https:\/\/www.ewigerbund.org\/volksschule\/wp-content\/uploads\/sites\/40\/2022\/12\/2022-09-20-Logo-EB_Schutzzone_V4_Transparent.png\",\"width\":2000,\"height\":1982,\"caption\":\"Volksschule.\"},\"image\":{\"@id\":\"https:\/\/www.ewigerbund.org\/volksschule\/#\/schema\/logo\/image\/\"}}]}<\/script>\n<!-- \/ Yoast SEO plugin. -->","yoast_head_json":{"title":"Geschichtsunterricht. | Bildung im ewigen Bund.","description":"Geschichtsunterricht. Lerne das was dir in der Schule niemand zeigte. Von Martin Luther bis Kaiser Wilhelm II.","robots":{"index":"index","follow":"follow","max-snippet":"max-snippet:-1","max-image-preview":"max-image-preview:large","max-video-preview":"max-video-preview:-1"},"canonical":"https:\/\/www.ewigerbund.org\/volksschule\/geschichtsunterricht\/","og_locale":"de_DE","og_type":"article","og_title":"Geschichtsunterricht | Bildung im ewigen Bund.","og_description":"Geschichtsunterricht. Lerne das was dir in der Schule niemand zeigte. Von Martin Luther bis Kaiser Wilhelm II.","og_url":"https:\/\/www.ewigerbund.org\/volksschule\/geschichtsunterricht\/","og_site_name":"Volksschule","article_modified_time":"2024-02-24T19:28:10+00:00","og_image":[{"width":1748,"height":994,"url":"https:\/\/www.ewigerbund.org\/volksschule\/wp-content\/uploads\/sites\/40\/2023\/12\/EB-Volksschule-Geschichtskurs-flag.jpg","type":"image\/jpeg"}],"twitter_card":"summary_large_image","twitter_title":"Geschichtsunterricht | Bildung im ewigen Bund.","twitter_description":"Geschichtsunterricht. Lerne das was dir in der Schule niemand zeigte. Von Martin Luther bis heute.","twitter_misc":{"Gesch\u00e4tzte Lesezeit":"2\u00a0Minuten"},"schema":{"@context":"https:\/\/schema.org","@graph":[{"@type":"WebPage","@id":"https:\/\/www.ewigerbund.org\/volksschule\/geschichtsunterricht\/","url":"https:\/\/www.ewigerbund.org\/volksschule\/geschichtsunterricht\/","name":"Geschichtsunterricht. | Bildung im ewigen Bund.","isPartOf":{"@id":"https:\/\/www.ewigerbund.org\/volksschule\/#website"},"primaryImageOfPage":{"@id":"https:\/\/www.ewigerbund.org\/volksschule\/geschichtsunterricht\/#primaryimage"},"image":{"@id":"https:\/\/www.ewigerbund.org\/volksschule\/geschichtsunterricht\/#primaryimage"},"thumbnailUrl":"https:\/\/www.ewigerbund.org\/volksschule\/wp-content\/uploads\/sites\/40\/2023\/12\/EB-Volksschule-Geschichtskurs-flag.jpg","datePublished":"2023-12-08T21:22:15+00:00","dateModified":"2024-02-24T19:28:10+00:00","description":"Geschichtsunterricht. Lerne das was dir in der Schule niemand zeigte. Von Martin Luther bis Kaiser Wilhelm II.","breadcrumb":{"@id":"https:\/\/www.ewigerbund.org\/volksschule\/geschichtsunterricht\/#breadcrumb"},"inLanguage":"de","potentialAction":[{"@type":"ReadAction","target":["https:\/\/www.ewigerbund.org\/volksschule\/geschichtsunterricht\/"]}]},{"@type":"ImageObject","inLanguage":"de","@id":"https:\/\/www.ewigerbund.org\/volksschule\/geschichtsunterricht\/#primaryimage","url":"https:\/\/www.ewigerbund.org\/volksschule\/wp-content\/uploads\/sites\/40\/2023\/12\/EB-Volksschule-Geschichtskurs-flag.jpg","contentUrl":"https:\/\/www.ewigerbund.org\/volksschule\/wp-content\/uploads\/sites\/40\/2023\/12\/EB-Volksschule-Geschichtskurs-flag.jpg","width":1748,"height":994},{"@type":"BreadcrumbList","@id":"https:\/\/www.ewigerbund.org\/volksschule\/geschichtsunterricht\/#breadcrumb","itemListElement":[{"@type":"ListItem","position":1,"name":"Startseite","item":"https:\/\/www.ewigerbund.org\/volksschule\/"},{"@type":"ListItem","position":2,"name":"Geschichtsunterricht."}]},{"@type":"WebSite","@id":"https:\/\/www.ewigerbund.org\/volksschule\/#website","url":"https:\/\/www.ewigerbund.org\/volksschule\/","name":"Volksschule.","description":"Verfassungsb\u00fcndnis der deutschen Einzelstaaten.","publisher":{"@id":"https:\/\/www.ewigerbund.org\/volksschule\/#organization"},"alternateName":"Bildung im ewigen Bund.","potentialAction":[{"@type":"SearchAction","target":{"@type":"EntryPoint","urlTemplate":"https:\/\/www.ewigerbund.org\/volksschule\/?s={search_term_string}"},"query-input":"required name=search_term_string"}],"inLanguage":"de"},{"@type":"Organization","@id":"https:\/\/www.ewigerbund.org\/volksschule\/#organization","name":"Volksschule.","url":"https:\/\/www.ewigerbund.org\/volksschule\/","logo":{"@type":"ImageObject","inLanguage":"de","@id":"https:\/\/www.ewigerbund.org\/volksschule\/#\/schema\/logo\/image\/","url":"https:\/\/www.ewigerbund.org\/volksschule\/wp-content\/uploads\/sites\/40\/2022\/12\/2022-09-20-Logo-EB_Schutzzone_V4_Transparent.png","contentUrl":"https:\/\/www.ewigerbund.org\/volksschule\/wp-content\/uploads\/sites\/40\/2022\/12\/2022-09-20-Logo-EB_Schutzzone_V4_Transparent.png","width":2000,"height":1982,"caption":"Volksschule."},"image":{"@id":"https:\/\/www.ewigerbund.org\/volksschule\/#\/schema\/logo\/image\/"}}]}},"_links":{"self":[{"href":"https:\/\/www.ewigerbund.org\/volksschule\/wp-json\/wp\/v2\/pages\/2820","targetHints":{"allow":["GET"]}}],"collection":[{"href":"https:\/\/www.ewigerbund.org\/volksschule\/wp-json\/wp\/v2\/pages"}],"about":[{"href":"https:\/\/www.ewigerbund.org\/volksschule\/wp-json\/wp\/v2\/types\/page"}],"author":[{"embeddable":true,"href":"https:\/\/www.ewigerbund.org\/volksschule\/wp-json\/wp\/v2\/users\/8"}],"replies":[{"embeddable":true,"href":"https:\/\/www.ewigerbund.org\/volksschule\/wp-json\/wp\/v2\/comments?post=2820"}],"version-history":[{"count":47,"href":"https:\/\/www.ewigerbund.org\/volksschule\/wp-json\/wp\/v2\/pages\/2820\/revisions"}],"predecessor-version":[{"id":3397,"href":"https:\/\/www.ewigerbund.org\/volksschule\/wp-json\/wp\/v2\/pages\/2820\/revisions\/3397"}],"wp:featuredmedia":[{"embeddable":true,"href":"https:\/\/www.ewigerbund.org\/volksschule\/wp-json\/wp\/v2\/media\/3105"}],"wp:attachment":[{"href":"https:\/\/www.ewigerbund.org\/volksschule\/wp-json\/wp\/v2\/media?parent=2820"}],"wp:term":[{"taxonomy":"category","embeddable":true,"href":"https:\/\/www.ewigerbund.org\/volksschule\/wp-json\/wp\/v2\/categories?post=2820"},{"taxonomy":"post_tag","embeddable":true,"href":"https:\/\/www.ewigerbund.org\/volksschule\/wp-json\/wp\/v2\/tags?post=2820"}],"curies":[{"name":"wp","href":"https:\/\/api.w.org\/{rel}","templated":true}]}}