{"id":1164,"date":"2022-10-31T10:02:21","date_gmt":"2022-10-31T09:02:21","guid":{"rendered":"https:\/\/www.ewigerbund.org\/verfassungsrecht\/?page_id=1164"},"modified":"2025-02-20T13:30:24","modified_gmt":"2025-02-20T12:30:24","slug":"der-reichstag","status":"publish","type":"page","link":"https:\/\/www.ewigerbund.org\/verfassungsrecht\/staatsrecht-des-ewigen-bundes\/der-reichstag\/","title":{"rendered":"Reichstag."},"content":{"rendered":"\n<h2 class=\"wp-block-heading\">Der Reichstag.<\/h2>\n\n\n\n<p>Der Reichstag ist eine Volksvertretung im Sinne des konstitutionellen Staatsrechts und besteht aus 397 Abgeordneten. Auf Preu\u00dfen als gr\u00f6\u00dfter Bundesstaat entfallen 236, auf die kleinsten Bundesstaaten jeweils 1 Abgeordneter. Urspr\u00fcnglich wurde davon ausgegangen, da\u00df pro 100 000 Einwohner* durchschnittlich ein Abgeordneter gew\u00e4hlt werden soll. Eine \u00c4nderung der Mandatszahl entsprechend des Bev\u00f6lkerungswachstums kann nur durch die \u00c4nderung der Reichsverfassung erfolgen. Die Wahl der Abgeordneten erfolgte anfangs f\u00fcr drei Jahre, was sp\u00e4ter durch Gesetzes\u00e4nderung auf f\u00fcnf Jahre (Legislaturperiode) verl\u00e4ngert wurde. Gew\u00e4hlt wird nach dem allgemeinen, gleichen, geheimen und direkten Wahlrecht. W\u00e4hlbar ist jeder Deutsche, der das 25. Lebensjahr vollendet hat. Die T\u00e4tigkeit des Abgeordneten ist ein Ehrenamt; seit 1906 wird f\u00fcr jede Sitzungsperiode eine Aufwandsentsch\u00e4digung in H\u00f6he von 3000 Mark gezahlt, wovon f\u00fcr jede vers\u00e4umte Plenarsitzung 20 Mark in Abzug gebracht werden. Die Reichstagsabgeordneten haben die Interessen des gesamten deutschen Volkes zu vertreten und nicht nur die des eigenen Wahlkreises. Bez\u00fcglich ihrer Abstimmungen oder \u00c4u\u00dferungen im Reichstag k\u00f6nnen sie nicht zur Verantwortung gezogen oder bestraft werden.<\/p>\n\n\n\n<p>Der Reichstag, der seine Gesch\u00e4ftsordnung selber regelt, mu\u00df mindestens einmal im Jahr einberufen und entweder vom Kaiser oder vom Reichskanzler mit einer Thronrede er\u00f6ffnet werden. Gem\u00e4\u00df der Reichsverfassung sind die Verhandlungen des Reichstages \u00f6ffentlich, k\u00f6nnen aber auf Antrag des Pr\u00e4sidenten oder von mindestens 10 Mitgliedern unter Ausschlu\u00df der \u00d6ffentlichkeit stattfinden. Die Leitung der Verhandlungen liegt in der Hand eines gew\u00e4hlten Pr\u00e4sidiums, bestehend aus einem Pr\u00e4sidenten, 2 Vizepr\u00e4sidenten, 8 Schriftf\u00fchrern und 2 Schatzmeistern. Es ist Aufgabe des Kaisers den Reichstag zu vertagen, zu schlie\u00dfen oder aufzul\u00f6sen. Innerhalb einer Legislaturperiode mu\u00df der Bundesrat einer Aufl\u00f6sung zustimmen. Der Reichstag hat nicht das Recht sich selbst zu vertagen, kann aber durch Hinausschieben der Sitzungen eine tats\u00e4chliche Unterbrechung der Verhandlungen bewirken.<\/p>\n\n\n\n<p>Aufgabe bzw. Recht des Reichstages ist die Mitwirkung bei der Gesetzgebung. So kann er Gesetzesvorschl\u00e4ge machen und ist zust\u00e4ndig f\u00fcr Wahlpr\u00fcfungen. Gesetze kommen aber erst durch \u00fcbereinstimmende Beschl\u00fcsse von Reichstag und Bundesrat zustande. Die Vermittlung zwischen dem Reichstag und dem Bundesrat obliegt dem Reichskanzler in Verbindung mit dem Reichstagspr\u00e4sidenten.<\/p>\n\n\n\n<p>Der Reichstag \u00fcbt das Recht der Kontrolle \u00fcber die Reichsverwaltung aus, indem er z. B. gewisse Verwaltungsakte genehmigt. So ist es u. a. seine Aufgabe den j\u00e4hrlich aufzustellenden Reichshaushalt in Form eines Gesetzes zu genehmigen, Beschl\u00fcsse \u00fcber Bau und Konzessionierung von Eisenbahnen zu fassen, Vertr\u00e4ge mit fremden Staaten (wenn sie sich auf der Reichsgesetzgebung unterstehende Gegenst\u00e4nde beziehen) zu genehmigen oder auch das Recht Bittgesuche aus dem Volk entgegenzunehmen und Auskunftsverlangen an die Regierung zu stellen. Zum Reichshaushalt geh\u00f6rten auch die Kriegskredite in den Jahren 1914 bis 1918, mit deren Genehmigung\/Ablehnung der Reichstag den Verlauf des Krieges positiv wie negativ beeinflussen konnte. Au\u00dferdem steht dem Reichstag das Recht zu, W\u00fcnsche und Anschauungen gegen\u00fcber dem Bundesrat oder dem Reichskanzler in Form von Resolutionen Ausdruck zu geben.<\/p>\n\n\n\n<p>Die Beschl\u00fcsse des Reichstages werden mit absoluter Stimmenmehrheit gefa\u00dft. \u00dcber alle Gesetzentw\u00fcrfe m\u00fcssen drei Beratungen stattfinden. Zur Beschlu\u00dff\u00e4higkeit ist die Anwesenheit von mindestens 199 Abgeordneten erforderlich. Die Abstimmung erfolgt in der Regel durch Aufstehen oder Sitzenbleiben. F\u00fcr eine namentliche Abstimmung sind mindestens 50 Stimmen erforderlich.<\/p>\n\n\n\n<p>Der Reichstag war als eine Reichsgewalt beschr\u00e4nkende Kontrollinstanz konzipiert worden und nicht als Dreh- und Angelpunkt der Reichspolitik, welche im Bundesrat gemacht und vom Reichskanzler geleitet wird. Trotzdem hat der Reichstag das Recht, Initiativantr\u00e4ge zu stellen, wovon er auch reichlich Gebrauch machte.<\/p>\n\n\n\n<div class=\"wp-block-columns cat-box-border-mittelgrau is-layout-flex wp-container-core-columns-is-layout-2 wp-block-columns-is-layout-flex\">\n<div class=\"wp-block-column is-vertically-aligned-center cat-box-border-hellgrau is-layout-flow wp-block-column-is-layout-flow\">\n<div class=\"wp-block-columns is-layout-flex wp-container-core-columns-is-layout-1 wp-block-columns-is-layout-flex\">\n<div class=\"wp-block-column is-vertically-aligned-center is-layout-flow wp-block-column-is-layout-flow\" style=\"flex-basis:40%\"><div class=\"wp-block-image\">\n<figure class=\"aligncenter size-medium is-resized\"><img loading=\"lazy\" decoding=\"async\" width=\"300\" height=\"300\" src=\"https:\/\/www.ewigerbund.org\/verfassungsrecht\/wp-content\/uploads\/sites\/10\/2023\/01\/Portrait-Bismarck-500x500px-300x300.png\" alt=\"Otto von Bismarck.\" class=\"wp-image-1782\" style=\"object-fit:cover;width:250px;height:250px\" srcset=\"https:\/\/www.ewigerbund.org\/verfassungsrecht\/wp-content\/uploads\/sites\/10\/2023\/01\/Portrait-Bismarck-500x500px-300x300.png 300w, https:\/\/www.ewigerbund.org\/verfassungsrecht\/wp-content\/uploads\/sites\/10\/2023\/01\/Portrait-Bismarck-500x500px-150x150.png 150w, https:\/\/www.ewigerbund.org\/verfassungsrecht\/wp-content\/uploads\/sites\/10\/2023\/01\/Portrait-Bismarck-500x500px-120x120.png 120w, https:\/\/www.ewigerbund.org\/verfassungsrecht\/wp-content\/uploads\/sites\/10\/2023\/01\/Portrait-Bismarck-500x500px.png 500w\" sizes=\"auto, (max-width: 300px) 100vw, 300px\" \/><\/figure><\/div><\/div>\n\n\n\n<div class=\"wp-block-column is-vertically-aligned-center is-layout-flow wp-block-column-is-layout-flow\" style=\"flex-basis:60%\">\n<blockquote class=\"wp-block-quote is-layout-flow wp-block-quote-is-layout-flow\"><div class=\"wp-block-image\">\n<figure class=\"aligncenter size-full is-resized\"><img loading=\"lazy\" decoding=\"async\" width=\"100\" height=\"105\" src=\"https:\/\/www.ewigerbund.org\/verfassungsrecht\/wp-content\/uploads\/sites\/10\/2023\/01\/Zitat-1.png\" alt=\"Zitat\" class=\"wp-image-1878\" style=\"object-fit:cover;width:50px;height:50px\"\/><\/figure><\/div>\n\n\n<p class=\"gb-headline gb-headline-8fabcf51 gb-headline-text\"><em>Der Zweck des Deutschen Reiches ist der Rechtsschutz. Die parlamentarische T\u00e4tigkeit (d. i. der Reichstag) ist bei Stiftung des bestehenden Bundes der F\u00fcrsten und St\u00e4dte als ein Mittel zur Erreichung des Bundeszweckes, aber nicht als Selbstzweck aufgefasst worden.<\/em><\/p>\n\n\n\n<p class=\"has-text-align-center\">Otto von Bismarck \u00fcber die Einrichtung des Reichstages.<\/p>\n<\/blockquote>\n<\/div>\n<\/div>\n<\/div>\n<\/div>\n\n\n\n<div style=\"height:50px\" aria-hidden=\"true\" class=\"wp-block-spacer\"><\/div>\n\n\n\n<h3 class=\"wp-block-heading\">Der Reichtag im Podcast.<\/h3>\n\n\n\n<figure class=\"wp-block-embed is-type-wp-embed is-provider-ewiger-bund wp-block-embed-ewiger-bund\"><div class=\"wp-block-embed__wrapper\">\n<blockquote class=\"wp-embedded-content\" data-secret=\"AJ1qZLg7So\"><a href=\"https:\/\/podcast.ewigerbund.org\/podcast\/der-reichstag\/\">Der Reichstag.<\/a><\/blockquote><iframe loading=\"lazy\" class=\"wp-embedded-content\" sandbox=\"allow-scripts\" security=\"restricted\" style=\"position: absolute; visibility: hidden;\" title=\"&#8222;Der Reichstag.&#8220; &#8212; Ewiger Bund.\" src=\"https:\/\/podcast.ewigerbund.org\/podcast\/der-reichstag\/embed\/#?secret=zL4vMtMueT#?secret=AJ1qZLg7So\" data-secret=\"AJ1qZLg7So\" width=\"500\" height=\"282\" frameborder=\"0\" marginwidth=\"0\" marginheight=\"0\" scrolling=\"no\"><\/iframe>\n<\/div><\/figure>\n\n\n\n<div style=\"height:50px\" aria-hidden=\"true\" class=\"wp-block-spacer\"><\/div>\n\n\n\n<p class=\"gb-headline gb-headline-0a5cb273 gb-headline-text\">Quellen.<\/p>\n\n\n\n<div class=\"wp-block-group is-vertical is-layout-flex wp-container-core-group-is-layout-1 wp-block-group-is-layout-flex\">\n<p class=\"has-small-font-size\"><a href=\"https:\/\/staatsbibliothek.ewigerbund.org\/viewer\/image\/Anschuetz_Lehrbuch_des_deutschen_Staatsrechts_1914-1919\/515\/LOG%200105\/\">Ansch\u00fctz, Lehrbuch des deutschen Staatsrechts 1914 \u2013 1919.<\/a><br>*im Ansch\u00fctz S. 506 hei\u00dft es &#8222;.., da\u00df auf je 100000 Seelen ein Abgeordneter kommt&#8220;.<\/p>\n\n\n\n<p class=\"has-small-font-size\"><a href=\"https:\/\/staatsbibliothek.ewigerbund.org\/viewer\/image\/breithaupt_volksvergiftung_1925\/18\/LOG_0008\/\">Breithaupt, Volksvergiftung.<\/a><\/p>\n<\/div>\n","protected":false},"excerpt":{"rendered":"<p>Der Reichstag. Der Reichstag ist eine Volksvertretung im Sinne des konstitutionellen Staatsrechts und besteht aus 397 Abgeordneten. Auf Preu\u00dfen als gr\u00f6\u00dfter Bundesstaat entfallen 236, auf die kleinsten Bundesstaaten jeweils 1 Abgeordneter. Urspr\u00fcnglich wurde davon ausgegangen, da\u00df pro 100 000 Einwohner* durchschnittlich ein Abgeordneter gew\u00e4hlt werden soll. Eine \u00c4nderung der Mandatszahl entsprechend des Bev\u00f6lkerungswachstums kann nur &#8230; <a title=\"Reichstag.\" class=\"read-more\" href=\"https:\/\/www.ewigerbund.org\/verfassungsrecht\/staatsrecht-des-ewigen-bundes\/der-reichstag\/\" aria-label=\"Mehr zu Reichstag.\">Weiterlesen &#8230;<\/a><\/p>\n","protected":false},"author":8,"featured_media":1790,"parent":1251,"menu_order":0,"comment_status":"closed","ping_status":"closed","template":"template-6-beide-seitenleiste.php","meta":{"footnotes":""},"categories":[],"tags":[96],"class_list":["post-1164","page","type-page","status-publish","has-post-thumbnail","hentry","tag-verfassungsrecht"],"yoast_head":"<!-- This site is optimized with the Yoast SEO plugin v23.1 - https:\/\/yoast.com\/wordpress\/plugins\/seo\/ -->\n<title>Verfassungsrecht im ewigen Bund. - Der Reichstag.<\/title>\n<meta name=\"robots\" content=\"index, follow, max-snippet:-1, max-image-preview:large, max-video-preview:-1\" \/>\n<link rel=\"canonical\" href=\"https:\/\/www.ewigerbund.org\/verfassungsrecht\/staatsrecht-des-ewigen-bundes\/der-reichstag\/\" \/>\n<meta property=\"og:locale\" content=\"de_DE\" \/>\n<meta property=\"og:type\" content=\"article\" \/>\n<meta property=\"og:title\" content=\"Verfassungsrecht im ewigen Bund. - Der Reichstag.\" \/>\n<meta property=\"og:description\" content=\"Der Reichstag. Der Reichstag ist eine Volksvertretung im Sinne des konstitutionellen Staatsrechts und besteht aus 397 Abgeordneten. Auf Preu\u00dfen als gr\u00f6\u00dfter Bundesstaat entfallen 236, auf die kleinsten Bundesstaaten jeweils 1 Abgeordneter. Urspr\u00fcnglich wurde davon ausgegangen, da\u00df pro 100 000 Einwohner* durchschnittlich ein Abgeordneter gew\u00e4hlt werden soll. Eine \u00c4nderung der Mandatszahl entsprechend des Bev\u00f6lkerungswachstums kann nur ... Weiterlesen ...\" \/>\n<meta property=\"og:url\" content=\"https:\/\/www.ewigerbund.org\/verfassungsrecht\/staatsrecht-des-ewigen-bundes\/der-reichstag\/\" \/>\n<meta property=\"og:site_name\" content=\"Verfassungsrecht\" \/>\n<meta property=\"article:modified_time\" content=\"2025-02-20T12:30:24+00:00\" \/>\n<meta property=\"og:image\" content=\"https:\/\/www.ewigerbund.org\/verfassungsrecht\/wp-content\/uploads\/sites\/10\/2023\/01\/EB-Verfassungsrecht-Reichstag.jpg\" \/>\n\t<meta property=\"og:image:width\" content=\"1748\" \/>\n\t<meta property=\"og:image:height\" content=\"994\" \/>\n\t<meta property=\"og:image:type\" content=\"image\/jpeg\" \/>\n<meta name=\"twitter:card\" content=\"summary_large_image\" \/>\n<meta name=\"twitter:image\" content=\"https:\/\/www.ewigerbund.org\/verfassungsrecht\/wp-content\/uploads\/sites\/10\/2023\/01\/EB-Verfassungsrecht-Reichstag.jpg\" \/>\n<meta name=\"twitter:label1\" content=\"Gesch\u00e4tzte Lesezeit\" \/>\n\t<meta name=\"twitter:data1\" content=\"4\u00a0Minuten\" \/>\n<script type=\"application\/ld+json\" class=\"yoast-schema-graph\">{\"@context\":\"https:\/\/schema.org\",\"@graph\":[{\"@type\":\"WebPage\",\"@id\":\"https:\/\/www.ewigerbund.org\/verfassungsrecht\/staatsrecht-des-ewigen-bundes\/der-reichstag\/\",\"url\":\"https:\/\/www.ewigerbund.org\/verfassungsrecht\/staatsrecht-des-ewigen-bundes\/der-reichstag\/\",\"name\":\"Verfassungsrecht im ewigen Bund. - Der Reichstag.\",\"isPartOf\":{\"@id\":\"https:\/\/www.ewigerbund.org\/verfassungsrecht\/#website\"},\"primaryImageOfPage\":{\"@id\":\"https:\/\/www.ewigerbund.org\/verfassungsrecht\/staatsrecht-des-ewigen-bundes\/der-reichstag\/#primaryimage\"},\"image\":{\"@id\":\"https:\/\/www.ewigerbund.org\/verfassungsrecht\/staatsrecht-des-ewigen-bundes\/der-reichstag\/#primaryimage\"},\"thumbnailUrl\":\"https:\/\/www.ewigerbund.org\/verfassungsrecht\/wp-content\/uploads\/sites\/10\/2023\/01\/EB-Verfassungsrecht-Reichstag.jpg\",\"datePublished\":\"2022-10-31T09:02:21+00:00\",\"dateModified\":\"2025-02-20T12:30:24+00:00\",\"breadcrumb\":{\"@id\":\"https:\/\/www.ewigerbund.org\/verfassungsrecht\/staatsrecht-des-ewigen-bundes\/der-reichstag\/#breadcrumb\"},\"inLanguage\":\"de\",\"potentialAction\":[{\"@type\":\"ReadAction\",\"target\":[\"https:\/\/www.ewigerbund.org\/verfassungsrecht\/staatsrecht-des-ewigen-bundes\/der-reichstag\/\"]}]},{\"@type\":\"ImageObject\",\"inLanguage\":\"de\",\"@id\":\"https:\/\/www.ewigerbund.org\/verfassungsrecht\/staatsrecht-des-ewigen-bundes\/der-reichstag\/#primaryimage\",\"url\":\"https:\/\/www.ewigerbund.org\/verfassungsrecht\/wp-content\/uploads\/sites\/10\/2023\/01\/EB-Verfassungsrecht-Reichstag.jpg\",\"contentUrl\":\"https:\/\/www.ewigerbund.org\/verfassungsrecht\/wp-content\/uploads\/sites\/10\/2023\/01\/EB-Verfassungsrecht-Reichstag.jpg\",\"width\":1748,\"height\":994},{\"@type\":\"BreadcrumbList\",\"@id\":\"https:\/\/www.ewigerbund.org\/verfassungsrecht\/staatsrecht-des-ewigen-bundes\/der-reichstag\/#breadcrumb\",\"itemListElement\":[{\"@type\":\"ListItem\",\"position\":1,\"name\":\"Startseite\",\"item\":\"https:\/\/www.ewigerbund.org\/verfassungsrecht\/\"},{\"@type\":\"ListItem\",\"position\":2,\"name\":\"Verfassungsrecht.\",\"item\":\"https:\/\/www.ewigerbund.org\/verfassungsrecht\/\"},{\"@type\":\"ListItem\",\"position\":3,\"name\":\"Reichstag.\"}]},{\"@type\":\"WebSite\",\"@id\":\"https:\/\/www.ewigerbund.org\/verfassungsrecht\/#website\",\"url\":\"https:\/\/www.ewigerbund.org\/verfassungsrecht\/\",\"name\":\"Verfassungsrecht\",\"description\":\"Verfassungsb\u00fcndnis der deutschen Einzelstaaten.\",\"publisher\":{\"@id\":\"https:\/\/www.ewigerbund.org\/verfassungsrecht\/#organization\"},\"potentialAction\":[{\"@type\":\"SearchAction\",\"target\":{\"@type\":\"EntryPoint\",\"urlTemplate\":\"https:\/\/www.ewigerbund.org\/verfassungsrecht\/?s={search_term_string}\"},\"query-input\":\"required name=search_term_string\"}],\"inLanguage\":\"de\"},{\"@type\":\"Organization\",\"@id\":\"https:\/\/www.ewigerbund.org\/verfassungsrecht\/#organization\",\"name\":\"Verfassungsrecht\",\"url\":\"https:\/\/www.ewigerbund.org\/verfassungsrecht\/\",\"logo\":{\"@type\":\"ImageObject\",\"inLanguage\":\"de\",\"@id\":\"https:\/\/www.ewigerbund.org\/verfassungsrecht\/#\/schema\/logo\/image\/\",\"url\":\"https:\/\/www.ewigerbund.org\/verfassungsrecht\/wp-content\/uploads\/sites\/10\/2022\/11\/2022-09-20-Logo-EB_Schutzzone_V4_Transparent.png\",\"contentUrl\":\"https:\/\/www.ewigerbund.org\/verfassungsrecht\/wp-content\/uploads\/sites\/10\/2022\/11\/2022-09-20-Logo-EB_Schutzzone_V4_Transparent.png\",\"width\":2000,\"height\":1982,\"caption\":\"Verfassungsrecht\"},\"image\":{\"@id\":\"https:\/\/www.ewigerbund.org\/verfassungsrecht\/#\/schema\/logo\/image\/\"}}]}<\/script>\n<!-- \/ Yoast SEO plugin. -->","yoast_head_json":{"title":"Verfassungsrecht im ewigen Bund. - Der Reichstag.","robots":{"index":"index","follow":"follow","max-snippet":"max-snippet:-1","max-image-preview":"max-image-preview:large","max-video-preview":"max-video-preview:-1"},"canonical":"https:\/\/www.ewigerbund.org\/verfassungsrecht\/staatsrecht-des-ewigen-bundes\/der-reichstag\/","og_locale":"de_DE","og_type":"article","og_title":"Verfassungsrecht im ewigen Bund. - Der Reichstag.","og_description":"Der Reichstag. Der Reichstag ist eine Volksvertretung im Sinne des konstitutionellen Staatsrechts und besteht aus 397 Abgeordneten. Auf Preu\u00dfen als gr\u00f6\u00dfter Bundesstaat entfallen 236, auf die kleinsten Bundesstaaten jeweils 1 Abgeordneter. Urspr\u00fcnglich wurde davon ausgegangen, da\u00df pro 100 000 Einwohner* durchschnittlich ein Abgeordneter gew\u00e4hlt werden soll. Eine \u00c4nderung der Mandatszahl entsprechend des Bev\u00f6lkerungswachstums kann nur ... Weiterlesen ...","og_url":"https:\/\/www.ewigerbund.org\/verfassungsrecht\/staatsrecht-des-ewigen-bundes\/der-reichstag\/","og_site_name":"Verfassungsrecht","article_modified_time":"2025-02-20T12:30:24+00:00","og_image":[{"width":1748,"height":994,"url":"https:\/\/www.ewigerbund.org\/verfassungsrecht\/wp-content\/uploads\/sites\/10\/2023\/01\/EB-Verfassungsrecht-Reichstag.jpg","type":"image\/jpeg"}],"twitter_card":"summary_large_image","twitter_image":"https:\/\/www.ewigerbund.org\/verfassungsrecht\/wp-content\/uploads\/sites\/10\/2023\/01\/EB-Verfassungsrecht-Reichstag.jpg","twitter_misc":{"Gesch\u00e4tzte Lesezeit":"4\u00a0Minuten"},"schema":{"@context":"https:\/\/schema.org","@graph":[{"@type":"WebPage","@id":"https:\/\/www.ewigerbund.org\/verfassungsrecht\/staatsrecht-des-ewigen-bundes\/der-reichstag\/","url":"https:\/\/www.ewigerbund.org\/verfassungsrecht\/staatsrecht-des-ewigen-bundes\/der-reichstag\/","name":"Verfassungsrecht im ewigen Bund. - Der Reichstag.","isPartOf":{"@id":"https:\/\/www.ewigerbund.org\/verfassungsrecht\/#website"},"primaryImageOfPage":{"@id":"https:\/\/www.ewigerbund.org\/verfassungsrecht\/staatsrecht-des-ewigen-bundes\/der-reichstag\/#primaryimage"},"image":{"@id":"https:\/\/www.ewigerbund.org\/verfassungsrecht\/staatsrecht-des-ewigen-bundes\/der-reichstag\/#primaryimage"},"thumbnailUrl":"https:\/\/www.ewigerbund.org\/verfassungsrecht\/wp-content\/uploads\/sites\/10\/2023\/01\/EB-Verfassungsrecht-Reichstag.jpg","datePublished":"2022-10-31T09:02:21+00:00","dateModified":"2025-02-20T12:30:24+00:00","breadcrumb":{"@id":"https:\/\/www.ewigerbund.org\/verfassungsrecht\/staatsrecht-des-ewigen-bundes\/der-reichstag\/#breadcrumb"},"inLanguage":"de","potentialAction":[{"@type":"ReadAction","target":["https:\/\/www.ewigerbund.org\/verfassungsrecht\/staatsrecht-des-ewigen-bundes\/der-reichstag\/"]}]},{"@type":"ImageObject","inLanguage":"de","@id":"https:\/\/www.ewigerbund.org\/verfassungsrecht\/staatsrecht-des-ewigen-bundes\/der-reichstag\/#primaryimage","url":"https:\/\/www.ewigerbund.org\/verfassungsrecht\/wp-content\/uploads\/sites\/10\/2023\/01\/EB-Verfassungsrecht-Reichstag.jpg","contentUrl":"https:\/\/www.ewigerbund.org\/verfassungsrecht\/wp-content\/uploads\/sites\/10\/2023\/01\/EB-Verfassungsrecht-Reichstag.jpg","width":1748,"height":994},{"@type":"BreadcrumbList","@id":"https:\/\/www.ewigerbund.org\/verfassungsrecht\/staatsrecht-des-ewigen-bundes\/der-reichstag\/#breadcrumb","itemListElement":[{"@type":"ListItem","position":1,"name":"Startseite","item":"https:\/\/www.ewigerbund.org\/verfassungsrecht\/"},{"@type":"ListItem","position":2,"name":"Verfassungsrecht.","item":"https:\/\/www.ewigerbund.org\/verfassungsrecht\/"},{"@type":"ListItem","position":3,"name":"Reichstag."}]},{"@type":"WebSite","@id":"https:\/\/www.ewigerbund.org\/verfassungsrecht\/#website","url":"https:\/\/www.ewigerbund.org\/verfassungsrecht\/","name":"Verfassungsrecht","description":"Verfassungsb\u00fcndnis der deutschen Einzelstaaten.","publisher":{"@id":"https:\/\/www.ewigerbund.org\/verfassungsrecht\/#organization"},"potentialAction":[{"@type":"SearchAction","target":{"@type":"EntryPoint","urlTemplate":"https:\/\/www.ewigerbund.org\/verfassungsrecht\/?s={search_term_string}"},"query-input":"required name=search_term_string"}],"inLanguage":"de"},{"@type":"Organization","@id":"https:\/\/www.ewigerbund.org\/verfassungsrecht\/#organization","name":"Verfassungsrecht","url":"https:\/\/www.ewigerbund.org\/verfassungsrecht\/","logo":{"@type":"ImageObject","inLanguage":"de","@id":"https:\/\/www.ewigerbund.org\/verfassungsrecht\/#\/schema\/logo\/image\/","url":"https:\/\/www.ewigerbund.org\/verfassungsrecht\/wp-content\/uploads\/sites\/10\/2022\/11\/2022-09-20-Logo-EB_Schutzzone_V4_Transparent.png","contentUrl":"https:\/\/www.ewigerbund.org\/verfassungsrecht\/wp-content\/uploads\/sites\/10\/2022\/11\/2022-09-20-Logo-EB_Schutzzone_V4_Transparent.png","width":2000,"height":1982,"caption":"Verfassungsrecht"},"image":{"@id":"https:\/\/www.ewigerbund.org\/verfassungsrecht\/#\/schema\/logo\/image\/"}}]}},"_links":{"self":[{"href":"https:\/\/www.ewigerbund.org\/verfassungsrecht\/wp-json\/wp\/v2\/pages\/1164","targetHints":{"allow":["GET"]}}],"collection":[{"href":"https:\/\/www.ewigerbund.org\/verfassungsrecht\/wp-json\/wp\/v2\/pages"}],"about":[{"href":"https:\/\/www.ewigerbund.org\/verfassungsrecht\/wp-json\/wp\/v2\/types\/page"}],"author":[{"embeddable":true,"href":"https:\/\/www.ewigerbund.org\/verfassungsrecht\/wp-json\/wp\/v2\/users\/8"}],"replies":[{"embeddable":true,"href":"https:\/\/www.ewigerbund.org\/verfassungsrecht\/wp-json\/wp\/v2\/comments?post=1164"}],"version-history":[{"count":33,"href":"https:\/\/www.ewigerbund.org\/verfassungsrecht\/wp-json\/wp\/v2\/pages\/1164\/revisions"}],"predecessor-version":[{"id":2970,"href":"https:\/\/www.ewigerbund.org\/verfassungsrecht\/wp-json\/wp\/v2\/pages\/1164\/revisions\/2970"}],"up":[{"embeddable":true,"href":"https:\/\/www.ewigerbund.org\/verfassungsrecht\/wp-json\/wp\/v2\/pages\/1251"}],"wp:featuredmedia":[{"embeddable":true,"href":"https:\/\/www.ewigerbund.org\/verfassungsrecht\/wp-json\/wp\/v2\/media\/1790"}],"wp:attachment":[{"href":"https:\/\/www.ewigerbund.org\/verfassungsrecht\/wp-json\/wp\/v2\/media?parent=1164"}],"wp:term":[{"taxonomy":"category","embeddable":true,"href":"https:\/\/www.ewigerbund.org\/verfassungsrecht\/wp-json\/wp\/v2\/categories?post=1164"},{"taxonomy":"post_tag","embeddable":true,"href":"https:\/\/www.ewigerbund.org\/verfassungsrecht\/wp-json\/wp\/v2\/tags?post=1164"}],"curies":[{"name":"wp","href":"https:\/\/api.w.org\/{rel}","templated":true}]}}