{"id":161,"date":"2021-10-20T13:02:06","date_gmt":"2021-10-20T11:02:06","guid":{"rendered":"https:\/\/www.ewigerbund.org\/schaumburg-lippe\/?page_id=161"},"modified":"2021-10-20T13:02:07","modified_gmt":"2021-10-20T11:02:07","slug":"bueckeburg","status":"publish","type":"page","link":"https:\/\/www.ewigerbund.org\/schaumburg-lippe\/bueckeburg\/","title":{"rendered":"B\u00fcckeburg"},"content":{"rendered":"\n<div class=\"wp-block-columns is-layout-flex wp-container-core-columns-is-layout-1 wp-block-columns-is-layout-flex\">\n<div class=\"wp-block-column is-layout-flow wp-block-column-is-layout-flow\">\n<figure class=\"wp-block-gallery columns-1 is-cropped wp-block-gallery-1 is-layout-flex wp-block-gallery-is-layout-flex\"><ul class=\"blocks-gallery-grid\"><li class=\"blocks-gallery-item\"><figure><img loading=\"lazy\" decoding=\"async\" width=\"1000\" height=\"666\" src=\"https:\/\/www.ewigerbund.org\/schaumburg-lippe\/wp-content\/uploads\/sites\/32\/2021\/10\/Bueckeburg-1.jpg\" alt=\"\" data-id=\"164\" data-full-url=\"https:\/\/www.ewigerbund.org\/schaumburg-lippe\/wp-content\/uploads\/sites\/32\/2021\/10\/Bueckeburg-1.jpg\" data-link=\"https:\/\/www.ewigerbund.org\/schaumburg-lippe\/?attachment_id=164#main\" class=\"wp-image-164\" srcset=\"https:\/\/www.ewigerbund.org\/schaumburg-lippe\/wp-content\/uploads\/sites\/32\/2021\/10\/Bueckeburg-1.jpg 1000w, https:\/\/www.ewigerbund.org\/schaumburg-lippe\/wp-content\/uploads\/sites\/32\/2021\/10\/Bueckeburg-1-300x200.jpg 300w, https:\/\/www.ewigerbund.org\/schaumburg-lippe\/wp-content\/uploads\/sites\/32\/2021\/10\/Bueckeburg-1-768x511.jpg 768w\" sizes=\"auto, (max-width: 1000px) 100vw, 1000px\" \/><\/figure><\/li><\/ul><figcaption class=\"blocks-gallery-caption\">B\u00fcckeburg<\/figcaption><\/figure>\n<\/div>\n\n\n\n<div class=\"wp-block-column is-layout-flow wp-block-column-is-layout-flow\">\n<figure class=\"wp-block-image size-full\"><img loading=\"lazy\" decoding=\"async\" width=\"1004\" height=\"600\" src=\"https:\/\/www.ewigerbund.org\/schaumburg-lippe\/wp-content\/uploads\/sites\/32\/2021\/10\/Schloss-Bueckeburg.jpg\" alt=\"\" class=\"wp-image-165\" srcset=\"https:\/\/www.ewigerbund.org\/schaumburg-lippe\/wp-content\/uploads\/sites\/32\/2021\/10\/Schloss-Bueckeburg.jpg 1004w, https:\/\/www.ewigerbund.org\/schaumburg-lippe\/wp-content\/uploads\/sites\/32\/2021\/10\/Schloss-Bueckeburg-300x179.jpg 300w, https:\/\/www.ewigerbund.org\/schaumburg-lippe\/wp-content\/uploads\/sites\/32\/2021\/10\/Schloss-Bueckeburg-768x459.jpg 768w\" sizes=\"auto, (max-width: 1004px) 100vw, 1004px\" \/><figcaption>Schloss B\u00fcckeburg<\/figcaption><\/figure>\n<\/div>\n<\/div>\n\n\n\n<p><strong><a href=\"http:\/\/www.zeno.org\/Meyers-1905\/A\/B%C3%BCckeburg+%5B1%5D\">B\u00fcckeburg<\/a><\/strong>, <a href=\"http:\/\/www.zeno.org\/Meyers-1905\/A\/Haupt+%5B1%5D\">Haupt<\/a>&#8211; und Residenzstadt des <a href=\"http:\/\/www.zeno.org\/Meyers-1905\/A\/F%C3%BCrstentum\">F\u00fcrstentums<\/a> <a href=\"http:\/\/www.zeno.org\/Meyers-1905\/A\/Schaumburg-Lippe\">Schaumburg-Lippe<\/a>, am <a href=\"http:\/\/www.zeno.org\/Meyers-1905\/A\/Abhang\">Abhang<\/a> des Harrel und an der Staatsbahnlinie Wustermark-<a href=\"http:\/\/www.zeno.org\/Meyers-1905\/A\/Hamm+%5B1%5D\">Hamm<\/a>, 63 m \u00fc. M., hat ein <a href=\"http:\/\/www.zeno.org\/Meyers-1905\/A\/Schlo%C3%9F+%5B1%5D\">Schlo\u00df<\/a> (seit 1534 <a href=\"http:\/\/www.zeno.org\/Meyers-1905\/A\/Resid%C3%A9nz\">Residenz<\/a>) mit sch\u00f6ner <a href=\"http:\/\/www.zeno.org\/Meyers-1905\/A\/Kapelle+%5B2%5D\">Kapelle, 2<\/a> evangelische u. eine kath. Kirche, <a href=\"http:\/\/www.zeno.org\/Meyers-1905\/A\/Synag%C5%8Dge\">Synagoge<\/a>, <a href=\"http:\/\/www.zeno.org\/Meyers-1905\/A\/Gymnasium\">Gymnasium<\/a> mit Realprogymnasium, evangel. Schullehrerseminar, f\u00fcrstliche <a href=\"http:\/\/www.zeno.org\/Meyers-1905\/A\/Bibliothek\">Bibliothek<\/a> und (1900) mit der <a href=\"http:\/\/www.zeno.org\/Meyers-1905\/A\/Garnison\">Garnison<\/a> (ein J\u00e4gerbataillon Nr. 7) 5625 meist evang. Einwohner.<a href=\"http:\/\/www.zeno.org\/Meyers-1905\/I\/030554a\"><\/a>Wappen von Br\u00fcckeburg.<\/p>\n\n\n\n<p>B\u00fcckeburg ist Sitz der Oberbeh\u00f6rden des <a href=\"http:\/\/www.zeno.org\/Meyers-1905\/A\/Land+%5B1%5D\">Landes<\/a>, eines <a href=\"http:\/\/www.zeno.org\/Meyers-1905\/A\/Land+%5B1%5D\">Land<\/a>&#8211; und Amtsgerichts, eines Landratsamts und der Nieders\u00e4chsischen <a href=\"http:\/\/www.zeno.org\/Meyers-1905\/A\/Bank\">Bank<\/a>. Die ehemaligen Festungswerke sind in sch\u00f6ne Parkanlagen verwandelt worden. Im nahen <a href=\"http:\/\/www.zeno.org\/Meyers-1905\/A\/Wald+%5B1%5D\">Walde<\/a> liegt das Lustschlo\u00df Zum <a href=\"http:\/\/www.zeno.org\/Meyers-1905\/A\/Baum+%5B1%5D\">Baum<\/a> mit dem <a href=\"http:\/\/www.zeno.org\/Meyers-1905\/A\/Grabmal\">Grabmal<\/a> des <a href=\"http:\/\/www.zeno.org\/Meyers-1905\/A\/Feldmarschall\">Feldmarschalls<\/a> <a href=\"http:\/\/www.zeno.org\/Meyers-1905\/A\/Graf+%5B1%5D\">Grafen<\/a> <a href=\"http:\/\/www.zeno.org\/Meyers-1905\/A\/Wilhelm+%5B1%5D\">Wilhelm<\/a>; auf dem Harrel der Idaturm. \u2013 Zum Landgerichtsbezirk B. geh\u00f6ren die zwei <a href=\"http:\/\/www.zeno.org\/Meyers-1905\/A\/Amtsgerichte\">Amtsgerichte<\/a> B. und <a href=\"http:\/\/www.zeno.org\/Meyers-1905\/A\/Stadthagen\">Stadthagen<\/a>.<\/p>\n\n\n\n<h2 class=\"wp-block-heading\">Geschichte<\/h2>\n\n\n\n<p>Hervorgegangen aus einer Anfang des 14. Jahrhunderts erbauten Wasserburg, die den Namen der bei Obernkirchen gelegenen &#8222;Alten B\u00fcckeburg&#8220; erhielt, wurde B\u00fcckeburg bereits im Jahre 1365 durch die Verleihung des Fleckenprivilegs in den Rang einer selbstst\u00e4ndigen Gemeinde erhoben. Stadtrechte erhielt B\u00fcckeburg jedoch erst im Jahre 1609, als Graf Ernst zu Holstein-Schaumburg (1601 &#8211; 1622) das Schloss B\u00fcckeburg zur Residenz erw\u00e4hlte und die Stadt zum Regierungssitz machte.<br><br>Besonders ab Mitte&nbsp; des 18. Jahrhunderts kamen zahlreiche namhafte K\u00fcnstler nach B\u00fcckeburg, denen die Stadt ihre erste kulturelle Bl\u00fcte verdankt. Durch die Berufung von Pers\u00f6nlichkeiten wie Thomas Abbt, Johann-Gottfried Herder und Johann-Christoph-Friedrich Bach in das zwischenzeitlich zur Hauptstadt Schaumburg-Lippes avancierte B\u00fcckeburg, konnte die Stadt einen festen Platz in der deutschen Geistesgeschichte erlangen.<br><br>Als besonders wichtig erwies sich die Verpflichtung des Leibarztes Dr. Bernhard Christoph Faust durch den F\u00fcrstenhof. Er hat unter anderem durch die Einf\u00fchrung der Pockenimpfung auf medizinischem Gebiet Hervorragendes geleistet. Noch heute erinnert man sich dieses bedeutenden Mannes beim&nbsp;alle vier Jahre gefeierten&nbsp;&#8222;Krengelfest&#8220; der Schulkinder, die an diesem Tage mit einem Krengel (Brezel) f\u00fcr die Teilnahme an der Pockenimpfung belohnt wurden.<br><br>Im Zuge der industriellen Entwicklung des 19. Jahrhunderts, die an B\u00fcckeburg zun\u00e4chst recht spurlos vor\u00fcberging, wuchs die Zahl der Einwohner auf immerhin ca. 6.500 an.<\/p>\n\n\n\n<p>Von 1907 bis 1909 wirkte der ber\u00fchmte Schriftsteller Hermann L\u00f6ns als Redakteur der Schaumburg-Lippischen Landeszeitung in B\u00fcckeburg und setzte dieser durch sein satirisches &#8222;Duodez&#8220; ein, wenn auch nicht gerade schmeichelhaftes, Denkmal.<\/p>\n\n\n\n<p>Quelle: https:\/\/www.bueckeburg.de\/de\/Leben-in-Bueckeburg\/Stadtportrait\/Historisches http:\/\/www.zeno.org\/Meyers-1905\/A\/B%C3%BCckeburg+%5B1%5D?hl=buckeburg<\/p>\n","protected":false},"excerpt":{"rendered":"<p>B\u00fcckeburg, Haupt&#8211; und Residenzstadt des F\u00fcrstentums Schaumburg-Lippe, am Abhang des Harrel und an der Staatsbahnlinie Wustermark-Hamm, 63 m \u00fc. M., hat ein Schlo\u00df (seit 1534 Residenz) mit sch\u00f6ner Kapelle, 2 evangelische u. eine kath. Kirche, Synagoge, Gymnasium mit Realprogymnasium, evangel. Schullehrerseminar, f\u00fcrstliche Bibliothek und (1900) mit der Garnison (ein J\u00e4gerbataillon Nr. 7) 5625 meist evang. &#8230; <a title=\"B\u00fcckeburg\" class=\"read-more\" href=\"https:\/\/www.ewigerbund.org\/schaumburg-lippe\/bueckeburg\/\" aria-label=\"Mehr zu B\u00fcckeburg\">Weiterlesen &#8230;<\/a><\/p>\n","protected":false},"author":1,"featured_media":0,"parent":0,"menu_order":0,"comment_status":"closed","ping_status":"closed","template":"","meta":{"footnotes":""},"categories":[],"tags":[],"class_list":["post-161","page","type-page","status-publish","hentry"],"yoast_head":"<!-- This site is optimized with the Yoast SEO plugin v23.1 - https:\/\/yoast.com\/wordpress\/plugins\/seo\/ -->\n<title>B\u00fcckeburg - Das F\u00fcrstentum Schaumburg-Lippe im Ewigen Bund.<\/title>\n<meta name=\"robots\" content=\"index, follow, max-snippet:-1, max-image-preview:large, max-video-preview:-1\" \/>\n<link rel=\"canonical\" href=\"https:\/\/www.ewigerbund.org\/schaumburg-lippe\/bueckeburg\/\" \/>\n<meta property=\"og:locale\" content=\"de_DE\" \/>\n<meta property=\"og:type\" content=\"article\" \/>\n<meta property=\"og:title\" content=\"B\u00fcckeburg - Das F\u00fcrstentum Schaumburg-Lippe im Ewigen Bund.\" \/>\n<meta property=\"og:description\" content=\"B\u00fcckeburg, Haupt&#8211; und Residenzstadt des F\u00fcrstentums Schaumburg-Lippe, am Abhang des Harrel und an der Staatsbahnlinie Wustermark-Hamm, 63 m \u00fc. M., hat ein Schlo\u00df (seit 1534 Residenz) mit sch\u00f6ner Kapelle, 2 evangelische u. eine kath. Kirche, Synagoge, Gymnasium mit Realprogymnasium, evangel. Schullehrerseminar, f\u00fcrstliche Bibliothek und (1900) mit der Garnison (ein J\u00e4gerbataillon Nr. 7) 5625 meist evang. ... Weiterlesen ...\" \/>\n<meta property=\"og:url\" content=\"https:\/\/www.ewigerbund.org\/schaumburg-lippe\/bueckeburg\/\" \/>\n<meta property=\"og:site_name\" content=\"Das F\u00fcrstentum Schaumburg-Lippe im Ewigen Bund.\" \/>\n<meta property=\"article:modified_time\" content=\"2021-10-20T11:02:07+00:00\" \/>\n<meta property=\"og:image\" content=\"https:\/\/www.ewigerbund.org\/schaumburg-lippe\/wp-content\/uploads\/sites\/32\/2021\/10\/Bueckeburg-1.jpg\" \/>\n<meta name=\"twitter:card\" content=\"summary_large_image\" \/>\n<meta name=\"twitter:label1\" content=\"Gesch\u00e4tzte Lesezeit\" \/>\n\t<meta name=\"twitter:data1\" content=\"2\u00a0Minuten\" \/>\n<script type=\"application\/ld+json\" class=\"yoast-schema-graph\">{\"@context\":\"https:\/\/schema.org\",\"@graph\":[{\"@type\":\"WebPage\",\"@id\":\"https:\/\/www.ewigerbund.org\/schaumburg-lippe\/bueckeburg\/\",\"url\":\"https:\/\/www.ewigerbund.org\/schaumburg-lippe\/bueckeburg\/\",\"name\":\"B\u00fcckeburg - Das F\u00fcrstentum Schaumburg-Lippe im Ewigen Bund.\",\"isPartOf\":{\"@id\":\"https:\/\/www.ewigerbund.org\/schaumburg-lippe\/#website\"},\"primaryImageOfPage\":{\"@id\":\"https:\/\/www.ewigerbund.org\/schaumburg-lippe\/bueckeburg\/#primaryimage\"},\"image\":{\"@id\":\"https:\/\/www.ewigerbund.org\/schaumburg-lippe\/bueckeburg\/#primaryimage\"},\"thumbnailUrl\":\"https:\/\/www.ewigerbund.org\/schaumburg-lippe\/wp-content\/uploads\/sites\/32\/2021\/10\/Bueckeburg-1.jpg\",\"datePublished\":\"2021-10-20T11:02:06+00:00\",\"dateModified\":\"2021-10-20T11:02:07+00:00\",\"breadcrumb\":{\"@id\":\"https:\/\/www.ewigerbund.org\/schaumburg-lippe\/bueckeburg\/#breadcrumb\"},\"inLanguage\":\"de\",\"potentialAction\":[{\"@type\":\"ReadAction\",\"target\":[\"https:\/\/www.ewigerbund.org\/schaumburg-lippe\/bueckeburg\/\"]}]},{\"@type\":\"ImageObject\",\"inLanguage\":\"de\",\"@id\":\"https:\/\/www.ewigerbund.org\/schaumburg-lippe\/bueckeburg\/#primaryimage\",\"url\":\"https:\/\/www.ewigerbund.org\/schaumburg-lippe\/wp-content\/uploads\/sites\/32\/2021\/10\/Bueckeburg-1.jpg\",\"contentUrl\":\"https:\/\/www.ewigerbund.org\/schaumburg-lippe\/wp-content\/uploads\/sites\/32\/2021\/10\/Bueckeburg-1.jpg\",\"width\":1000,\"height\":666,\"caption\":\"B\u00dcCKEBURG 27.06.2011 Blick auf den Stadtteil B\u00fcckeburg-Kernstadt von B\u00fcckeburg in Niedersachsen. Zu sehen sind die Stadtkirche, die Altstadt und der Sportplatz an der Bergdorfer Stra\u00dfe. \/\/ View at the Kernstadt district of B\u00fcckeburg in Lower Saxony. Thetown church, the inner city, and the sports field at the Bergdorfer street can be seen. www.stadtkirchengemeinde-bueckeburg.de \/ www.bueckeburg.de Foto: Hans Blossey\"},{\"@type\":\"BreadcrumbList\",\"@id\":\"https:\/\/www.ewigerbund.org\/schaumburg-lippe\/bueckeburg\/#breadcrumb\",\"itemListElement\":[{\"@type\":\"ListItem\",\"position\":1,\"name\":\"Startseite\",\"item\":\"https:\/\/www.ewigerbund.org\/schaumburg-lippe\/\"},{\"@type\":\"ListItem\",\"position\":2,\"name\":\"B\u00fcckeburg\"}]},{\"@type\":\"WebSite\",\"@id\":\"https:\/\/www.ewigerbund.org\/schaumburg-lippe\/#website\",\"url\":\"https:\/\/www.ewigerbund.org\/schaumburg-lippe\/\",\"name\":\"Das F\u00fcrstentum Schaumburg-Lippe im Ewigen Bund.\",\"description\":\"Eine Bundesstaatenseite des Ewigen Bundes.\",\"potentialAction\":[{\"@type\":\"SearchAction\",\"target\":{\"@type\":\"EntryPoint\",\"urlTemplate\":\"https:\/\/www.ewigerbund.org\/schaumburg-lippe\/?s={search_term_string}\"},\"query-input\":\"required name=search_term_string\"}],\"inLanguage\":\"de\"}]}<\/script>\n<!-- \/ Yoast SEO plugin. -->","yoast_head_json":{"title":"B\u00fcckeburg - Das F\u00fcrstentum Schaumburg-Lippe im Ewigen Bund.","robots":{"index":"index","follow":"follow","max-snippet":"max-snippet:-1","max-image-preview":"max-image-preview:large","max-video-preview":"max-video-preview:-1"},"canonical":"https:\/\/www.ewigerbund.org\/schaumburg-lippe\/bueckeburg\/","og_locale":"de_DE","og_type":"article","og_title":"B\u00fcckeburg - Das F\u00fcrstentum Schaumburg-Lippe im Ewigen Bund.","og_description":"B\u00fcckeburg, Haupt&#8211; und Residenzstadt des F\u00fcrstentums Schaumburg-Lippe, am Abhang des Harrel und an der Staatsbahnlinie Wustermark-Hamm, 63 m \u00fc. M., hat ein Schlo\u00df (seit 1534 Residenz) mit sch\u00f6ner Kapelle, 2 evangelische u. eine kath. Kirche, Synagoge, Gymnasium mit Realprogymnasium, evangel. Schullehrerseminar, f\u00fcrstliche Bibliothek und (1900) mit der Garnison (ein J\u00e4gerbataillon Nr. 7) 5625 meist evang. ... Weiterlesen ...","og_url":"https:\/\/www.ewigerbund.org\/schaumburg-lippe\/bueckeburg\/","og_site_name":"Das F\u00fcrstentum Schaumburg-Lippe im Ewigen Bund.","article_modified_time":"2021-10-20T11:02:07+00:00","og_image":[{"url":"https:\/\/www.ewigerbund.org\/schaumburg-lippe\/wp-content\/uploads\/sites\/32\/2021\/10\/Bueckeburg-1.jpg"}],"twitter_card":"summary_large_image","twitter_misc":{"Gesch\u00e4tzte Lesezeit":"2\u00a0Minuten"},"schema":{"@context":"https:\/\/schema.org","@graph":[{"@type":"WebPage","@id":"https:\/\/www.ewigerbund.org\/schaumburg-lippe\/bueckeburg\/","url":"https:\/\/www.ewigerbund.org\/schaumburg-lippe\/bueckeburg\/","name":"B\u00fcckeburg - Das F\u00fcrstentum Schaumburg-Lippe im Ewigen Bund.","isPartOf":{"@id":"https:\/\/www.ewigerbund.org\/schaumburg-lippe\/#website"},"primaryImageOfPage":{"@id":"https:\/\/www.ewigerbund.org\/schaumburg-lippe\/bueckeburg\/#primaryimage"},"image":{"@id":"https:\/\/www.ewigerbund.org\/schaumburg-lippe\/bueckeburg\/#primaryimage"},"thumbnailUrl":"https:\/\/www.ewigerbund.org\/schaumburg-lippe\/wp-content\/uploads\/sites\/32\/2021\/10\/Bueckeburg-1.jpg","datePublished":"2021-10-20T11:02:06+00:00","dateModified":"2021-10-20T11:02:07+00:00","breadcrumb":{"@id":"https:\/\/www.ewigerbund.org\/schaumburg-lippe\/bueckeburg\/#breadcrumb"},"inLanguage":"de","potentialAction":[{"@type":"ReadAction","target":["https:\/\/www.ewigerbund.org\/schaumburg-lippe\/bueckeburg\/"]}]},{"@type":"ImageObject","inLanguage":"de","@id":"https:\/\/www.ewigerbund.org\/schaumburg-lippe\/bueckeburg\/#primaryimage","url":"https:\/\/www.ewigerbund.org\/schaumburg-lippe\/wp-content\/uploads\/sites\/32\/2021\/10\/Bueckeburg-1.jpg","contentUrl":"https:\/\/www.ewigerbund.org\/schaumburg-lippe\/wp-content\/uploads\/sites\/32\/2021\/10\/Bueckeburg-1.jpg","width":1000,"height":666,"caption":"B\u00dcCKEBURG 27.06.2011 Blick auf den Stadtteil B\u00fcckeburg-Kernstadt von B\u00fcckeburg in Niedersachsen. Zu sehen sind die Stadtkirche, die Altstadt und der Sportplatz an der Bergdorfer Stra\u00dfe. \/\/ View at the Kernstadt district of B\u00fcckeburg in Lower Saxony. Thetown church, the inner city, and the sports field at the Bergdorfer street can be seen. www.stadtkirchengemeinde-bueckeburg.de \/ www.bueckeburg.de Foto: Hans Blossey"},{"@type":"BreadcrumbList","@id":"https:\/\/www.ewigerbund.org\/schaumburg-lippe\/bueckeburg\/#breadcrumb","itemListElement":[{"@type":"ListItem","position":1,"name":"Startseite","item":"https:\/\/www.ewigerbund.org\/schaumburg-lippe\/"},{"@type":"ListItem","position":2,"name":"B\u00fcckeburg"}]},{"@type":"WebSite","@id":"https:\/\/www.ewigerbund.org\/schaumburg-lippe\/#website","url":"https:\/\/www.ewigerbund.org\/schaumburg-lippe\/","name":"Das F\u00fcrstentum Schaumburg-Lippe im Ewigen Bund.","description":"Eine Bundesstaatenseite des Ewigen Bundes.","potentialAction":[{"@type":"SearchAction","target":{"@type":"EntryPoint","urlTemplate":"https:\/\/www.ewigerbund.org\/schaumburg-lippe\/?s={search_term_string}"},"query-input":"required name=search_term_string"}],"inLanguage":"de"}]}},"_links":{"self":[{"href":"https:\/\/www.ewigerbund.org\/schaumburg-lippe\/wp-json\/wp\/v2\/pages\/161","targetHints":{"allow":["GET"]}}],"collection":[{"href":"https:\/\/www.ewigerbund.org\/schaumburg-lippe\/wp-json\/wp\/v2\/pages"}],"about":[{"href":"https:\/\/www.ewigerbund.org\/schaumburg-lippe\/wp-json\/wp\/v2\/types\/page"}],"author":[{"embeddable":true,"href":"https:\/\/www.ewigerbund.org\/schaumburg-lippe\/wp-json\/wp\/v2\/users\/1"}],"replies":[{"embeddable":true,"href":"https:\/\/www.ewigerbund.org\/schaumburg-lippe\/wp-json\/wp\/v2\/comments?post=161"}],"version-history":[{"count":1,"href":"https:\/\/www.ewigerbund.org\/schaumburg-lippe\/wp-json\/wp\/v2\/pages\/161\/revisions"}],"predecessor-version":[{"id":166,"href":"https:\/\/www.ewigerbund.org\/schaumburg-lippe\/wp-json\/wp\/v2\/pages\/161\/revisions\/166"}],"wp:attachment":[{"href":"https:\/\/www.ewigerbund.org\/schaumburg-lippe\/wp-json\/wp\/v2\/media?parent=161"}],"wp:term":[{"taxonomy":"category","embeddable":true,"href":"https:\/\/www.ewigerbund.org\/schaumburg-lippe\/wp-json\/wp\/v2\/categories?post=161"},{"taxonomy":"post_tag","embeddable":true,"href":"https:\/\/www.ewigerbund.org\/schaumburg-lippe\/wp-json\/wp\/v2\/tags?post=161"}],"curies":[{"name":"wp","href":"https:\/\/api.w.org\/{rel}","templated":true}]}}