{"id":879,"date":"2022-12-07T18:25:42","date_gmt":"2022-12-07T17:25:42","guid":{"rendered":"https:\/\/www.ewigerbund.org\/sachsen\/?page_id=879"},"modified":"2023-01-21T13:48:54","modified_gmt":"2023-01-21T12:48:54","slug":"1811-der-koenig-und-das-herzogthum-warschau","status":"publish","type":"page","link":"https:\/\/www.ewigerbund.org\/sachsen\/landesgeschichte\/19-jahrhundert\/1811-der-koenig-und-das-herzogthum-warschau\/","title":{"rendered":"1811. Das Herzogthum Warschau."},"content":{"rendered":"\n<p>Einen L\u00e4nderzuwachs erhielt Sachsen f\u00fcr die gebrachten Kriegsopfer nicht, wohl aber wurde das <strong>Herzogthum Warschau<\/strong> durch \u00f6sterreichische Besitzungen um 920 Quadrat-Meilen mit nahe 1 400 000 Einwohnern <strong>vergr\u00f6\u00dfert<\/strong>, so da\u00df das ganze Land 2770 Quadrat-Meilen umfa\u00dfte und beinahe 4 Millionen Einwohner z\u00e4hlte. In demselben Grade, in welchem unsers K\u00f6nigs Macht und Ansehen wuchs, wuchs durchaus nicht sein Gl\u00fcck und seine Ruhe. Der neue L\u00e4nderbesitz vergr\u00f6\u00dferte nur seine Sorgen und wurde Ursache verschiedener Verwickelungen mit Preu\u00dfen, Ru\u00dfland und Oesterreich.<\/p>\n\n\n<div class=\"wp-block-image\">\n<figure class=\"alignleft size-full\"><img loading=\"lazy\" decoding=\"async\" width=\"1200\" height=\"680\" src=\"https:\/\/www.ewigerbund.org\/sachsen\/wp-content\/uploads\/sites\/14\/2022\/12\/1815-FriedrichAugust-zurueck-in-Dresden.jpg\" alt=\"Friedrich August zur\u00fcck in Dresden - 1815.\" class=\"wp-image-878\" srcset=\"https:\/\/www.ewigerbund.org\/sachsen\/wp-content\/uploads\/sites\/14\/2022\/12\/1815-FriedrichAugust-zurueck-in-Dresden.jpg 1200w, https:\/\/www.ewigerbund.org\/sachsen\/wp-content\/uploads\/sites\/14\/2022\/12\/1815-FriedrichAugust-zurueck-in-Dresden-300x170.jpg 300w, https:\/\/www.ewigerbund.org\/sachsen\/wp-content\/uploads\/sites\/14\/2022\/12\/1815-FriedrichAugust-zurueck-in-Dresden-1024x580.jpg 1024w, https:\/\/www.ewigerbund.org\/sachsen\/wp-content\/uploads\/sites\/14\/2022\/12\/1815-FriedrichAugust-zurueck-in-Dresden-768x435.jpg 768w\" sizes=\"auto, (max-width: 1200px) 100vw, 1200px\" \/><figcaption class=\"wp-element-caption\">Friedrich August zur\u00fcck in Dresden &#8211; 1815.<\/figcaption><\/figure><\/div>\n\n\n<p><strong>Friedrich August <\/strong>erwarb sich auch bei den Polen den Beinamen des Gerechten; er \u00e4nderte nichts in ihrer Verfassung; er lie\u00df sie gern bei ihren Rechten; er besetzte keine Staats\u00e4mter mit Sachsen, sondern nur mit Eingebornen; und er verwendete sogar gegen drei Millionen polnischer Gulden aus seinem Privatschatze f\u00fcr das neue Land. Dreimal reiste er nach Warschau und ward daselbst immer mit Liebe empfangen, das letzte Mal besuchte er dieses Land im September 1811. Selten nur hatte Friedrich August sein Land w\u00e4hrend seiner langen Regierungszeit verlassen. Nirgends f\u00fchlte er sich wohler, als in seinem Sachsenlande. Im Jahre 1809 verlangte es indes der Anstand, da\u00df er dem Kaiser <strong>Napoleon einen Gegenbesuch<\/strong> abstattete, da ihn dieser wiederholt eingeladen hatte. Napoleon erwies seinem Besuche die h\u00f6chsten Ehren und alle, mit denen unser K\u00f6nig in Frankreich in Ber\u00fchrung kam, bewunderten seine gr\u00fcndliche Bekanntschaft mit der franz\u00f6sischen Sprache, sowie \u00fcberhaupt seine tiefen Kenntnisse. Da Friedrich August gerade an seinem Geburtstage (den 23. Dez. 1809) wieder in Dresden eintraf, so wurde ihm ein ungemein herzlicher und glanzvoller Empfang bereitet.<\/p>\n\n\n<div class=\"gb-button-wrapper gb-button-wrapper-476d8f3d\">\n\n<a class=\"gb-button gb-button-ec406e42\" href=\"javascript:history.back();\"><span class=\"gb-icon\"><svg aria-hidden=\"true\" role=\"img\" height=\"1em\" width=\"1em\" viewBox=\"0 0 256 512\" xmlns=\"http:\/\/www.w3.org\/2000\/svg\"><path fill=\"currentColor\" d=\"M31.7 239l136-136c9.4-9.4 24.6-9.4 33.9 0l22.6 22.6c9.4 9.4 9.4 24.6 0 33.9L127.9 256l96.4 96.4c9.4 9.4 9.4 24.6 0 33.9L201.7 409c-9.4 9.4-24.6 9.4-33.9 0l-136-136c-9.5-9.4-9.5-24.6-.1-34z\"><\/path><\/svg><\/span><span class=\"gb-button-text\">Zur\u00fcck.<\/span><\/a>\n\n<\/div>\n\n\n<hr class=\"wp-block-separator has-alpha-channel-opacity is-style-dots\"\/>\n\n\n\n<p class=\"gb-headline gb-headline-2cfe9eec gb-headline-text\"><strong>Quellangaben und Verweise.<\/strong><br><sub>Aus: Geschichte des K\u00f6nigreichs Sachsen mit besonderer Ber\u00fccksichtigung der wichtigsten culturgeschichtlichen Erscheinungen. Autor: Karl Petermann, Direktor der evangelischen Freischule in Dresden. Leipzig 1881. Verlag von Julius Klingkhardt. Seite 376-379.<\/sub><br><sub>Quelle: <a href=\"https:\/\/staatsbibliothek.ewigerbund.org\/viewer\/image\/p_gesch_sachsen\/1\/LOG_0000\/\" target=\"_blank\" rel=\"noreferrer noopener\">https:\/\/staatsbibliothek.ewigerbund.org\/viewer\/image\/p_gesch_sachsen\/1\/LOG_0000\/<\/a><\/sub><\/p>\n\n\n\n<p><\/p>\n","protected":false},"excerpt":{"rendered":"<p>Einen L\u00e4nderzuwachs erhielt Sachsen f\u00fcr die gebrachten Kriegsopfer nicht, wohl aber wurde das Herzogthum Warschau durch \u00f6sterreichische Besitzungen um 920 Quadrat-Meilen mit nahe 1 400 000 Einwohnern vergr\u00f6\u00dfert, so da\u00df das ganze Land 2770 Quadrat-Meilen umfa\u00dfte und beinahe 4 Millionen Einwohner z\u00e4hlte. In demselben Grade, in welchem unsers K\u00f6nigs Macht und Ansehen wuchs, wuchs durchaus &#8230; <a title=\"1811. Das Herzogthum Warschau.\" class=\"read-more\" href=\"https:\/\/www.ewigerbund.org\/sachsen\/landesgeschichte\/19-jahrhundert\/1811-der-koenig-und-das-herzogthum-warschau\/\" aria-label=\"Mehr zu 1811. Das Herzogthum Warschau.\">Weiterlesen &#8230;<\/a><\/p>\n","protected":false},"author":1,"featured_media":878,"parent":793,"menu_order":4,"comment_status":"closed","ping_status":"closed","template":"","meta":{"footnotes":""},"categories":[253,14],"tags":[276,274,277,275],"class_list":{"0":"post-879","1":"page","2":"type-page","3":"status-publish","4":"has-post-thumbnail","6":"category-19-jahrhundert","7":"category-landesgeschichte","8":"tag-dresden-1809","9":"tag-friedrich-august-der-gerechte","10":"tag-koenig-in-frankreich","11":"tag-sachsenlande"},"yoast_head":"<!-- This site is optimized with the Yoast SEO plugin v23.1 - https:\/\/yoast.com\/wordpress\/plugins\/seo\/ -->\n<title>1811. Das Herzogthum Warschau. &#8226; K\u00f6nigreich Sachsen.<\/title>\n<meta name=\"robots\" content=\"index, follow, max-snippet:-1, max-image-preview:large, max-video-preview:-1\" \/>\n<link rel=\"canonical\" href=\"https:\/\/www.ewigerbund.org\/sachsen\/landesgeschichte\/19-jahrhundert\/1811-der-koenig-und-das-herzogthum-warschau\/\" \/>\n<meta property=\"og:locale\" content=\"de_DE\" \/>\n<meta property=\"og:type\" content=\"article\" \/>\n<meta property=\"og:title\" content=\"1811. Das Herzogthum Warschau. &#8226; K\u00f6nigreich Sachsen.\" \/>\n<meta property=\"og:description\" content=\"Einen L\u00e4nderzuwachs erhielt Sachsen f\u00fcr die gebrachten Kriegsopfer nicht, wohl aber wurde das Herzogthum Warschau durch \u00f6sterreichische Besitzungen um 920 Quadrat-Meilen mit nahe 1 400 000 Einwohnern vergr\u00f6\u00dfert, so da\u00df das ganze Land 2770 Quadrat-Meilen umfa\u00dfte und beinahe 4 Millionen Einwohner z\u00e4hlte. In demselben Grade, in welchem unsers K\u00f6nigs Macht und Ansehen wuchs, wuchs durchaus ... Weiterlesen ...\" \/>\n<meta property=\"og:url\" content=\"https:\/\/www.ewigerbund.org\/sachsen\/landesgeschichte\/19-jahrhundert\/1811-der-koenig-und-das-herzogthum-warschau\/\" \/>\n<meta property=\"og:site_name\" content=\"K\u00f6nigreich Sachsen\" \/>\n<meta property=\"article:modified_time\" content=\"2023-01-21T12:48:54+00:00\" \/>\n<meta property=\"og:image\" content=\"https:\/\/www.ewigerbund.org\/sachsen\/wp-content\/uploads\/sites\/14\/2022\/12\/1815-FriedrichAugust-zurueck-in-Dresden.jpg\" \/>\n\t<meta property=\"og:image:width\" content=\"1200\" \/>\n\t<meta property=\"og:image:height\" content=\"680\" \/>\n\t<meta property=\"og:image:type\" content=\"image\/jpeg\" \/>\n<meta name=\"twitter:card\" content=\"summary_large_image\" \/>\n<meta name=\"twitter:label1\" content=\"Gesch\u00e4tzte Lesezeit\" \/>\n\t<meta name=\"twitter:data1\" content=\"2\u00a0Minuten\" \/>\n<script type=\"application\/ld+json\" class=\"yoast-schema-graph\">{\"@context\":\"https:\/\/schema.org\",\"@graph\":[{\"@type\":\"WebPage\",\"@id\":\"https:\/\/www.ewigerbund.org\/sachsen\/landesgeschichte\/19-jahrhundert\/1811-der-koenig-und-das-herzogthum-warschau\/\",\"url\":\"https:\/\/www.ewigerbund.org\/sachsen\/landesgeschichte\/19-jahrhundert\/1811-der-koenig-und-das-herzogthum-warschau\/\",\"name\":\"1811. Das Herzogthum Warschau. &#8226; K\u00f6nigreich Sachsen.\",\"isPartOf\":{\"@id\":\"https:\/\/www.ewigerbund.org\/sachsen\/#website\"},\"primaryImageOfPage\":{\"@id\":\"https:\/\/www.ewigerbund.org\/sachsen\/landesgeschichte\/19-jahrhundert\/1811-der-koenig-und-das-herzogthum-warschau\/#primaryimage\"},\"image\":{\"@id\":\"https:\/\/www.ewigerbund.org\/sachsen\/landesgeschichte\/19-jahrhundert\/1811-der-koenig-und-das-herzogthum-warschau\/#primaryimage\"},\"thumbnailUrl\":\"https:\/\/www.ewigerbund.org\/sachsen\/wp-content\/uploads\/sites\/14\/2022\/12\/1815-FriedrichAugust-zurueck-in-Dresden.jpg\",\"datePublished\":\"2022-12-07T17:25:42+00:00\",\"dateModified\":\"2023-01-21T12:48:54+00:00\",\"breadcrumb\":{\"@id\":\"https:\/\/www.ewigerbund.org\/sachsen\/landesgeschichte\/19-jahrhundert\/1811-der-koenig-und-das-herzogthum-warschau\/#breadcrumb\"},\"inLanguage\":\"de\",\"potentialAction\":[{\"@type\":\"ReadAction\",\"target\":[\"https:\/\/www.ewigerbund.org\/sachsen\/landesgeschichte\/19-jahrhundert\/1811-der-koenig-und-das-herzogthum-warschau\/\"]}]},{\"@type\":\"ImageObject\",\"inLanguage\":\"de\",\"@id\":\"https:\/\/www.ewigerbund.org\/sachsen\/landesgeschichte\/19-jahrhundert\/1811-der-koenig-und-das-herzogthum-warschau\/#primaryimage\",\"url\":\"https:\/\/www.ewigerbund.org\/sachsen\/wp-content\/uploads\/sites\/14\/2022\/12\/1815-FriedrichAugust-zurueck-in-Dresden.jpg\",\"contentUrl\":\"https:\/\/www.ewigerbund.org\/sachsen\/wp-content\/uploads\/sites\/14\/2022\/12\/1815-FriedrichAugust-zurueck-in-Dresden.jpg\",\"width\":1200,\"height\":680,\"caption\":\"Friedrich August zur\u00fcck in Dresden - 1815.\"},{\"@type\":\"BreadcrumbList\",\"@id\":\"https:\/\/www.ewigerbund.org\/sachsen\/landesgeschichte\/19-jahrhundert\/1811-der-koenig-und-das-herzogthum-warschau\/#breadcrumb\",\"itemListElement\":[{\"@type\":\"ListItem\",\"position\":1,\"name\":\"Startseite.\",\"item\":\"https:\/\/www.ewigerbund.org\/sachsen\/\"},{\"@type\":\"ListItem\",\"position\":2,\"name\":\"Landesgeschichte.\",\"item\":\"https:\/\/www.ewigerbund.org\/sachsen\/landesgeschichte\/\"},{\"@type\":\"ListItem\",\"position\":3,\"name\":\"19. Jahrhundert.\",\"item\":\"https:\/\/www.ewigerbund.org\/sachsen\/landesgeschichte\/19-jahrhundert\/\"},{\"@type\":\"ListItem\",\"position\":4,\"name\":\"1811. Das Herzogthum Warschau.\"}]},{\"@type\":\"WebSite\",\"@id\":\"https:\/\/www.ewigerbund.org\/sachsen\/#website\",\"url\":\"https:\/\/www.ewigerbund.org\/sachsen\/\",\"name\":\"K\u00f6nigreich Sachsen\",\"description\":\"im ewigen Bund.\",\"publisher\":{\"@id\":\"https:\/\/www.ewigerbund.org\/sachsen\/#organization\"},\"potentialAction\":[{\"@type\":\"SearchAction\",\"target\":{\"@type\":\"EntryPoint\",\"urlTemplate\":\"https:\/\/www.ewigerbund.org\/sachsen\/?s={search_term_string}\"},\"query-input\":\"required name=search_term_string\"}],\"inLanguage\":\"de\"},{\"@type\":\"Organization\",\"@id\":\"https:\/\/www.ewigerbund.org\/sachsen\/#organization\",\"name\":\"K\u00f6nigreich Sachsen\",\"url\":\"https:\/\/www.ewigerbund.org\/sachsen\/\",\"logo\":{\"@type\":\"ImageObject\",\"inLanguage\":\"de\",\"@id\":\"https:\/\/www.ewigerbund.org\/sachsen\/#\/schema\/logo\/image\/\",\"url\":\"https:\/\/www.ewigerbund.org\/sachsen\/wp-content\/uploads\/sites\/14\/2022\/11\/cropped-2022-09-10-Logo-EB-Sachsen-Schutzzone_Schatten-transparent-1200px-1.png\",\"contentUrl\":\"https:\/\/www.ewigerbund.org\/sachsen\/wp-content\/uploads\/sites\/14\/2022\/11\/cropped-2022-09-10-Logo-EB-Sachsen-Schutzzone_Schatten-transparent-1200px-1.png\",\"width\":1200,\"height\":1200,\"caption\":\"K\u00f6nigreich Sachsen\"},\"image\":{\"@id\":\"https:\/\/www.ewigerbund.org\/sachsen\/#\/schema\/logo\/image\/\"}}]}<\/script>\n<!-- \/ Yoast SEO plugin. -->","yoast_head_json":{"title":"1811. Das Herzogthum Warschau. &#8226; K\u00f6nigreich Sachsen.","robots":{"index":"index","follow":"follow","max-snippet":"max-snippet:-1","max-image-preview":"max-image-preview:large","max-video-preview":"max-video-preview:-1"},"canonical":"https:\/\/www.ewigerbund.org\/sachsen\/landesgeschichte\/19-jahrhundert\/1811-der-koenig-und-das-herzogthum-warschau\/","og_locale":"de_DE","og_type":"article","og_title":"1811. Das Herzogthum Warschau. &#8226; K\u00f6nigreich Sachsen.","og_description":"Einen L\u00e4nderzuwachs erhielt Sachsen f\u00fcr die gebrachten Kriegsopfer nicht, wohl aber wurde das Herzogthum Warschau durch \u00f6sterreichische Besitzungen um 920 Quadrat-Meilen mit nahe 1 400 000 Einwohnern vergr\u00f6\u00dfert, so da\u00df das ganze Land 2770 Quadrat-Meilen umfa\u00dfte und beinahe 4 Millionen Einwohner z\u00e4hlte. In demselben Grade, in welchem unsers K\u00f6nigs Macht und Ansehen wuchs, wuchs durchaus ... Weiterlesen ...","og_url":"https:\/\/www.ewigerbund.org\/sachsen\/landesgeschichte\/19-jahrhundert\/1811-der-koenig-und-das-herzogthum-warschau\/","og_site_name":"K\u00f6nigreich Sachsen","article_modified_time":"2023-01-21T12:48:54+00:00","og_image":[{"width":1200,"height":680,"url":"https:\/\/www.ewigerbund.org\/sachsen\/wp-content\/uploads\/sites\/14\/2022\/12\/1815-FriedrichAugust-zurueck-in-Dresden.jpg","type":"image\/jpeg"}],"twitter_card":"summary_large_image","twitter_misc":{"Gesch\u00e4tzte Lesezeit":"2\u00a0Minuten"},"schema":{"@context":"https:\/\/schema.org","@graph":[{"@type":"WebPage","@id":"https:\/\/www.ewigerbund.org\/sachsen\/landesgeschichte\/19-jahrhundert\/1811-der-koenig-und-das-herzogthum-warschau\/","url":"https:\/\/www.ewigerbund.org\/sachsen\/landesgeschichte\/19-jahrhundert\/1811-der-koenig-und-das-herzogthum-warschau\/","name":"1811. Das Herzogthum Warschau. &#8226; K\u00f6nigreich Sachsen.","isPartOf":{"@id":"https:\/\/www.ewigerbund.org\/sachsen\/#website"},"primaryImageOfPage":{"@id":"https:\/\/www.ewigerbund.org\/sachsen\/landesgeschichte\/19-jahrhundert\/1811-der-koenig-und-das-herzogthum-warschau\/#primaryimage"},"image":{"@id":"https:\/\/www.ewigerbund.org\/sachsen\/landesgeschichte\/19-jahrhundert\/1811-der-koenig-und-das-herzogthum-warschau\/#primaryimage"},"thumbnailUrl":"https:\/\/www.ewigerbund.org\/sachsen\/wp-content\/uploads\/sites\/14\/2022\/12\/1815-FriedrichAugust-zurueck-in-Dresden.jpg","datePublished":"2022-12-07T17:25:42+00:00","dateModified":"2023-01-21T12:48:54+00:00","breadcrumb":{"@id":"https:\/\/www.ewigerbund.org\/sachsen\/landesgeschichte\/19-jahrhundert\/1811-der-koenig-und-das-herzogthum-warschau\/#breadcrumb"},"inLanguage":"de","potentialAction":[{"@type":"ReadAction","target":["https:\/\/www.ewigerbund.org\/sachsen\/landesgeschichte\/19-jahrhundert\/1811-der-koenig-und-das-herzogthum-warschau\/"]}]},{"@type":"ImageObject","inLanguage":"de","@id":"https:\/\/www.ewigerbund.org\/sachsen\/landesgeschichte\/19-jahrhundert\/1811-der-koenig-und-das-herzogthum-warschau\/#primaryimage","url":"https:\/\/www.ewigerbund.org\/sachsen\/wp-content\/uploads\/sites\/14\/2022\/12\/1815-FriedrichAugust-zurueck-in-Dresden.jpg","contentUrl":"https:\/\/www.ewigerbund.org\/sachsen\/wp-content\/uploads\/sites\/14\/2022\/12\/1815-FriedrichAugust-zurueck-in-Dresden.jpg","width":1200,"height":680,"caption":"Friedrich August zur\u00fcck in Dresden - 1815."},{"@type":"BreadcrumbList","@id":"https:\/\/www.ewigerbund.org\/sachsen\/landesgeschichte\/19-jahrhundert\/1811-der-koenig-und-das-herzogthum-warschau\/#breadcrumb","itemListElement":[{"@type":"ListItem","position":1,"name":"Startseite.","item":"https:\/\/www.ewigerbund.org\/sachsen\/"},{"@type":"ListItem","position":2,"name":"Landesgeschichte.","item":"https:\/\/www.ewigerbund.org\/sachsen\/landesgeschichte\/"},{"@type":"ListItem","position":3,"name":"19. Jahrhundert.","item":"https:\/\/www.ewigerbund.org\/sachsen\/landesgeschichte\/19-jahrhundert\/"},{"@type":"ListItem","position":4,"name":"1811. Das Herzogthum Warschau."}]},{"@type":"WebSite","@id":"https:\/\/www.ewigerbund.org\/sachsen\/#website","url":"https:\/\/www.ewigerbund.org\/sachsen\/","name":"K\u00f6nigreich Sachsen","description":"im ewigen Bund.","publisher":{"@id":"https:\/\/www.ewigerbund.org\/sachsen\/#organization"},"potentialAction":[{"@type":"SearchAction","target":{"@type":"EntryPoint","urlTemplate":"https:\/\/www.ewigerbund.org\/sachsen\/?s={search_term_string}"},"query-input":"required name=search_term_string"}],"inLanguage":"de"},{"@type":"Organization","@id":"https:\/\/www.ewigerbund.org\/sachsen\/#organization","name":"K\u00f6nigreich Sachsen","url":"https:\/\/www.ewigerbund.org\/sachsen\/","logo":{"@type":"ImageObject","inLanguage":"de","@id":"https:\/\/www.ewigerbund.org\/sachsen\/#\/schema\/logo\/image\/","url":"https:\/\/www.ewigerbund.org\/sachsen\/wp-content\/uploads\/sites\/14\/2022\/11\/cropped-2022-09-10-Logo-EB-Sachsen-Schutzzone_Schatten-transparent-1200px-1.png","contentUrl":"https:\/\/www.ewigerbund.org\/sachsen\/wp-content\/uploads\/sites\/14\/2022\/11\/cropped-2022-09-10-Logo-EB-Sachsen-Schutzzone_Schatten-transparent-1200px-1.png","width":1200,"height":1200,"caption":"K\u00f6nigreich Sachsen"},"image":{"@id":"https:\/\/www.ewigerbund.org\/sachsen\/#\/schema\/logo\/image\/"}}]}},"_links":{"self":[{"href":"https:\/\/www.ewigerbund.org\/sachsen\/wp-json\/wp\/v2\/pages\/879","targetHints":{"allow":["GET"]}}],"collection":[{"href":"https:\/\/www.ewigerbund.org\/sachsen\/wp-json\/wp\/v2\/pages"}],"about":[{"href":"https:\/\/www.ewigerbund.org\/sachsen\/wp-json\/wp\/v2\/types\/page"}],"author":[{"embeddable":true,"href":"https:\/\/www.ewigerbund.org\/sachsen\/wp-json\/wp\/v2\/users\/1"}],"replies":[{"embeddable":true,"href":"https:\/\/www.ewigerbund.org\/sachsen\/wp-json\/wp\/v2\/comments?post=879"}],"version-history":[{"count":5,"href":"https:\/\/www.ewigerbund.org\/sachsen\/wp-json\/wp\/v2\/pages\/879\/revisions"}],"predecessor-version":[{"id":1317,"href":"https:\/\/www.ewigerbund.org\/sachsen\/wp-json\/wp\/v2\/pages\/879\/revisions\/1317"}],"up":[{"embeddable":true,"href":"https:\/\/www.ewigerbund.org\/sachsen\/wp-json\/wp\/v2\/pages\/793"}],"wp:featuredmedia":[{"embeddable":true,"href":"https:\/\/www.ewigerbund.org\/sachsen\/wp-json\/wp\/v2\/media\/878"}],"wp:attachment":[{"href":"https:\/\/www.ewigerbund.org\/sachsen\/wp-json\/wp\/v2\/media?parent=879"}],"wp:term":[{"taxonomy":"category","embeddable":true,"href":"https:\/\/www.ewigerbund.org\/sachsen\/wp-json\/wp\/v2\/categories?post=879"},{"taxonomy":"post_tag","embeddable":true,"href":"https:\/\/www.ewigerbund.org\/sachsen\/wp-json\/wp\/v2\/tags?post=879"}],"curies":[{"name":"wp","href":"https:\/\/api.w.org\/{rel}","templated":true}]}}