{"id":65,"date":"2021-09-26T12:31:40","date_gmt":"2021-09-26T10:31:40","guid":{"rendered":"https:\/\/www.ewigerbund.org\/sachsen\/?page_id=65"},"modified":"2024-09-23T13:38:45","modified_gmt":"2024-09-23T11:38:45","slug":"startseite","status":"publish","type":"page","link":"https:\/\/www.ewigerbund.org\/sachsen\/","title":{"rendered":"Willkommen Sachsen."},"content":{"rendered":"\n<div style=\"height:40px\" aria-hidden=\"true\" class=\"wp-block-spacer\"><\/div>\n\n\n\n<h1 class=\"gb-headline gb-headline-5571f442 gb-headline-text\">Willkommen und Gl\u00fcck Auf, Sachsen.<\/h1>\n\n\n\n<p>Wir reden und streiten s\u00e4chsisch. Wir leben und arbeiten s\u00e4chsisch. Wir forschen und entwickeln s\u00e4chsisch. Wir bauen und restaurieren s\u00e4chsisch. Wir kochen und brauen s\u00e4chsisch. Wir erziehen und bilden unsere Kinder s\u00e4chsisch. Wir sind s\u00e4chsisch!<\/p>\n\n\n<div class=\"gb-container gb-container-59573b61\"><div class=\"gb-inside-container\">\n\n<div class=\"wp-block-columns cat-box-border is-layout-flex wp-container-core-columns-is-layout-1 wp-block-columns-is-layout-flex\">\n<div class=\"wp-block-column is-layout-flow wp-block-column-is-layout-flow\">\n<figure class=\"wp-block-image size-large\"><a href=\"https:\/\/www.ewigerbund.org\/sachsen\/die-zukunft-der-koenigin-carola-bruecke\/\"><img loading=\"lazy\" decoding=\"async\" width=\"1024\" height=\"580\" src=\"https:\/\/www.ewigerbund.org\/sachsen\/wp-content\/uploads\/sites\/14\/2024\/09\/2024-09-21-koenigin-carola-bruecke-1-1024x580.jpg\" alt=\"\" class=\"wp-image-2621\" srcset=\"https:\/\/www.ewigerbund.org\/sachsen\/wp-content\/uploads\/sites\/14\/2024\/09\/2024-09-21-koenigin-carola-bruecke-1-1024x580.jpg 1024w, https:\/\/www.ewigerbund.org\/sachsen\/wp-content\/uploads\/sites\/14\/2024\/09\/2024-09-21-koenigin-carola-bruecke-1-300x170.jpg 300w, https:\/\/www.ewigerbund.org\/sachsen\/wp-content\/uploads\/sites\/14\/2024\/09\/2024-09-21-koenigin-carola-bruecke-1-768x435.jpg 768w, https:\/\/www.ewigerbund.org\/sachsen\/wp-content\/uploads\/sites\/14\/2024\/09\/2024-09-21-koenigin-carola-bruecke-1.jpg 1200w\" sizes=\"auto, (max-width: 1024px) 100vw, 1024px\" \/><\/a><\/figure>\n<\/div>\n\n\n\n<div class=\"wp-block-column is-layout-flow wp-block-column-is-layout-flow\">\n<p class=\"has-contrast-3-color has-text-color has-small-font-size\">21. September 2024<\/p>\n\n\n\n<p class=\"has-contrast-3-color has-text-color has-medium-font-size\">Neues aus dem K\u00f6nigreich Sachsen.<\/p>\n\n\n\n<h2 class=\"wp-block-heading\"><a href=\"https:\/\/www.ewigerbund.org\/sachsen\/die-zukunft-der-koenigin-carola-bruecke\/\">Die Zukunft der K\u00f6nigin-Carola-Br\u00fccke.<\/a><\/h2>\n\n\n\n<p><br>Blickt man auf die Geschehnisse der aktuellen Zeit, so kommt man nicht umhin sich die Frage zu stellen, was passiert hier eigentlich wirklich? Blicken wir doch einmal zur\u00fcck und schauen uns an, was die s\u00e4chsische Geschichte zu dieser Br\u00fccke erz\u00e4hlt.<\/p>\n<\/div>\n<\/div>\n\n<\/div><\/div>\n\n\n<div class=\"wp-block-columns is-layout-flex wp-container-core-columns-is-layout-2 wp-block-columns-is-layout-flex\">\n<div class=\"wp-block-column cat-box-border is-layout-flow wp-block-column-is-layout-flow\">\n<figure class=\"wp-block-image size-large\"><img loading=\"lazy\" decoding=\"async\" width=\"1024\" height=\"580\" src=\"https:\/\/www.ewigerbund.org\/sachsen\/wp-content\/uploads\/sites\/14\/2023\/07\/1880-KoeniglHaus-Schloss-Sophienstrasse-1024x580.jpg\" alt=\"\" class=\"wp-image-1973\" srcset=\"https:\/\/www.ewigerbund.org\/sachsen\/wp-content\/uploads\/sites\/14\/2023\/07\/1880-KoeniglHaus-Schloss-Sophienstrasse-1024x580.jpg 1024w, https:\/\/www.ewigerbund.org\/sachsen\/wp-content\/uploads\/sites\/14\/2023\/07\/1880-KoeniglHaus-Schloss-Sophienstrasse-300x170.jpg 300w, https:\/\/www.ewigerbund.org\/sachsen\/wp-content\/uploads\/sites\/14\/2023\/07\/1880-KoeniglHaus-Schloss-Sophienstrasse-768x435.jpg 768w, https:\/\/www.ewigerbund.org\/sachsen\/wp-content\/uploads\/sites\/14\/2023\/07\/1880-KoeniglHaus-Schloss-Sophienstrasse-1536x871.jpg 1536w, https:\/\/www.ewigerbund.org\/sachsen\/wp-content\/uploads\/sites\/14\/2023\/07\/1880-KoeniglHaus-Schloss-Sophienstrasse.jpg 1745w\" sizes=\"auto, (max-width: 1024px) 100vw, 1024px\" \/><\/figure>\n\n\n\n<p><\/p>\n\n\n\n<h2 class=\"gb-headline gb-headline-82624f5b gb-headline-text\"><a href=\"https:\/\/www.ewigerbund.org\/sachsen\/das-koenigshaus\/\">K\u00f6nigshaus.<\/a><\/h2>\n\n\n\n<p>Wei\u00dft Du wer unser Land gro\u00df gemacht hat? Die Meisten kennen ihn, August der Starke. Doch war er auch K\u00f6nig? Sachsen als K\u00f6nigreich ist relativ jung und doch ein Land, welches genauer betrachtet immer pr\u00e4sent war. Wir stellen dir das K\u00f6nigshaus der Sachsen vor, welche Aufgaben der K\u00f6nig hat und wie die Sachsen ihre K\u00f6nige verehrten. <\/p>\n\n\n\n<p><a href=\"https:\/\/www.ewigerbund.org\/sachsen\/das-koenigshaus\/\">Zur Audienz bitte. \u2192<\/a><\/p>\n<\/div>\n\n\n\n<div class=\"wp-block-column cat-box-border is-layout-flow wp-block-column-is-layout-flow\">\n<figure class=\"wp-block-image size-large\"><a href=\"https:\/\/www.ewigerbund.org\/sachsen\/geschichte\/\"><img loading=\"lazy\" decoding=\"async\" width=\"1024\" height=\"580\" src=\"https:\/\/www.ewigerbund.org\/sachsen\/wp-content\/uploads\/sites\/14\/2022\/11\/Vorschau-Kategorie-Geschichte-1200px-1024x580.jpg\" alt=\"\" class=\"wp-image-203\" srcset=\"https:\/\/www.ewigerbund.org\/sachsen\/wp-content\/uploads\/sites\/14\/2022\/11\/Vorschau-Kategorie-Geschichte-1200px-1024x580.jpg 1024w, https:\/\/www.ewigerbund.org\/sachsen\/wp-content\/uploads\/sites\/14\/2022\/11\/Vorschau-Kategorie-Geschichte-1200px-300x170.jpg 300w, https:\/\/www.ewigerbund.org\/sachsen\/wp-content\/uploads\/sites\/14\/2022\/11\/Vorschau-Kategorie-Geschichte-1200px-768x435.jpg 768w, https:\/\/www.ewigerbund.org\/sachsen\/wp-content\/uploads\/sites\/14\/2022\/11\/Vorschau-Kategorie-Geschichte-1200px.jpg 1200w\" sizes=\"auto, (max-width: 1024px) 100vw, 1024px\" \/><\/a><\/figure>\n\n\n\n<p><\/p>\n\n\n\n<h2 class=\"gb-headline gb-headline-324011c6 gb-headline-text\"><a href=\"https:\/\/www.ewigerbund.org\/sachsen\/landesgeschichte\/\">Landesgeschichte.<\/a><\/h2>\n\n\n\n<p>Unsere Geschichte ist so einzigartig, wie sie auch vielf\u00e4ltiger nicht sein kann und doch so individuell, wie Du selbst bist und jeder einzelne Sachse an sich. Was ist unser Ursprung, woher stammen wir, wer waren unsere Vorfahren, F\u00fcrsten und K\u00f6nige &#8211; unsere Landesgeschichte zeigt es Dir.<\/p>\n\n\n\n<p><a href=\"https:\/\/www.ewigerbund.org\/sachsen\/landesgeschichte\/\">Erfahre einfach mehr. \u2192<\/a><\/p>\n<\/div>\n\n\n\n<div class=\"wp-block-column cat-box-border is-layout-flow wp-block-column-is-layout-flow\">\n<figure class=\"wp-block-image size-large\"><img loading=\"lazy\" decoding=\"async\" width=\"1024\" height=\"580\" src=\"https:\/\/www.ewigerbund.org\/sachsen\/wp-content\/uploads\/sites\/14\/2022\/11\/20221109-Sachenkarte-1200px-1024x580.jpg\" alt=\"\" class=\"wp-image-194\" srcset=\"https:\/\/www.ewigerbund.org\/sachsen\/wp-content\/uploads\/sites\/14\/2022\/11\/20221109-Sachenkarte-1200px-1024x580.jpg 1024w, https:\/\/www.ewigerbund.org\/sachsen\/wp-content\/uploads\/sites\/14\/2022\/11\/20221109-Sachenkarte-1200px-300x170.jpg 300w, https:\/\/www.ewigerbund.org\/sachsen\/wp-content\/uploads\/sites\/14\/2022\/11\/20221109-Sachenkarte-1200px-768x435.jpg 768w, https:\/\/www.ewigerbund.org\/sachsen\/wp-content\/uploads\/sites\/14\/2022\/11\/20221109-Sachenkarte-1200px.jpg 1200w\" sizes=\"auto, (max-width: 1024px) 100vw, 1024px\" \/><\/figure>\n\n\n\n<p><\/p>\n\n\n\n<h2 class=\"gb-headline gb-headline-0fdad13b gb-headline-text\"><a href=\"https:\/\/www.ewigerbund.org\/sachsen\/koenigreich-sachsen\/geografie\/\">Geografie.<\/a><\/h2>\n\n\n\n<p>Das K\u00f6nigreich Sachsen hat sich seit anbeginn in den Grenzen erweitert und auch schon mal Gebiete abgegeben. Wie das K\u00f6nigreich in seiner geografischen Lage und Grenzen aussieht, wie die Landschaft geformt ist und interessante Zahlen, erf\u00e4hrst Du unter Geografie.<\/p>\n\n\n\n<p><a href=\"https:\/\/www.ewigerbund.org\/sachsen\/koenigreich-sachsen\/geografie\/\">Erkunde Deine Heimat. \u2192<\/a><\/p>\n<\/div>\n<\/div>\n\n\n\n<div style=\"height:50px\" aria-hidden=\"true\" class=\"wp-block-spacer\"><\/div>\n\n\n\n<p>Ja, mit einem herzlichen \u201eGl\u00fcck Auf\u201c wirst Du hier empfangen, denn so gr\u00fc\u00dft man einander tats\u00e4chlich in weiten Teilen Sachsens und nicht nur, wie so oft falsch verstanden, im tiefsten Bergwerk oder den hintersten Winkeln des Erzgebirges. Und weil wir eben Sachsen sind, ist es uns eine Herzensangelegenheit, mit Euch gemeinsam unser sch\u00f6nes Sachsen wieder in seinem ihm innenwohnenden Glanz erstrahlen zu lassen. Sei es das Handwerk, der Bergbau, der Erfinderreichtum oder die geschickte, manchmal auch kontroverse Politik der Vergangenheit, die Lebenslust an sich oder die sch\u00f6ne Maid, die in der Historie gar unz\u00e4hlige M\u00e4nner hat in Sachsen sesshaft werden lassen &#8212; wir Sachsen sind und bleiben unserem Ursprung treu. <\/p>\n\n\n\n<p>Als Sachsen haben wir Traditionen, Br\u00e4uche, Eigenheiten, die urs\u00e4chsische Kantigkeit, unsere Dialekte und regionalen Gepflogenheiten. Allem voraus geht unsere gemeinsame Liebe zu unserer Heimat. Wie lebte man in Sachsen, wie haben sich dieses Land und seine Leute kultiviert? Lasst Euch von diesem Gedanken inspirieren und zum Mitmachen anspornen, wenn wir uns auf die Wege ins K\u00f6nigreich Sachsen begeben. Lasst uns unsere Geschichte erkunden, ausarbeiten und wahren sowie unsere Heimat erbl\u00fchen. Gestalte als Sachse die Zukunft Deiner Heimat mit. Erkunde, was uns eint und was unser Land einst zu jenem einmaligen Glanz verholfen hat. Sei eingeladen, das Hier und Jetzt sowie die Historie zu ergr\u00fcnden, um daraus Neues schaffen zu wollen.<\/p>\n\n\n\n<p>Mit dem ewigen Bund besiegelten einst unsere Vorv\u00e4ter ein unzerst\u00f6rbares Band mit allen Deutschen Staaten. Dahinter steckt eine ruhmvolle Geschichte, welche nicht nur die Existenz aller Sachsen und deren friedliches und freies Leben sichert.<\/p>\n\n\n\n<div style=\"height:50px\" aria-hidden=\"true\" class=\"wp-block-spacer\"><\/div>\n\n\n<div class=\"gb-container gb-container-a809e373\"><div class=\"gb-inside-container\">\n\n<div class=\"wp-block-columns is-layout-flex wp-container-core-columns-is-layout-3 wp-block-columns-is-layout-flex\">\n<div class=\"wp-block-column container-bild-full is-layout-flow wp-block-column-is-layout-flow\">\n<figure class=\"wp-block-image size-large\"><img loading=\"lazy\" decoding=\"async\" width=\"1024\" height=\"580\" src=\"https:\/\/www.ewigerbund.org\/sachsen\/wp-content\/uploads\/sites\/14\/2023\/01\/Info-AugustDerStarke-1200px-1024x580.jpg\" alt=\"August der Starke.\" class=\"wp-image-1248\" srcset=\"https:\/\/www.ewigerbund.org\/sachsen\/wp-content\/uploads\/sites\/14\/2023\/01\/Info-AugustDerStarke-1200px-1024x580.jpg 1024w, https:\/\/www.ewigerbund.org\/sachsen\/wp-content\/uploads\/sites\/14\/2023\/01\/Info-AugustDerStarke-1200px-300x170.jpg 300w, https:\/\/www.ewigerbund.org\/sachsen\/wp-content\/uploads\/sites\/14\/2023\/01\/Info-AugustDerStarke-1200px-768x435.jpg 768w, https:\/\/www.ewigerbund.org\/sachsen\/wp-content\/uploads\/sites\/14\/2023\/01\/Info-AugustDerStarke-1200px.jpg 1200w\" sizes=\"auto, (max-width: 1024px) 100vw, 1024px\" \/><\/figure>\n<\/div>\n\n\n\n<div class=\"wp-block-column is-vertically-aligned-center is-layout-flow wp-block-column-is-layout-flow\">\n<p class=\"has-accent-color has-text-color\" style=\"font-size:15px\"><em>* 12. Mai 1670 in Dresden.<\/em><br><em>\u2020 1. Februar 1733 in Warschau.<\/em><\/p>\n\n\n\n<p class=\"gb-headline gb-headline-1437fa43 gb-headline-text\"><em><strong>August der Starke<\/strong> aus der albertinischen Linie des Hauses Wettin war vom 27. April 1694 bis 1. Februar 1733 als Friedrich August I. Kurf\u00fcrst von Sachsen sowie vom 15. September 1697 bis 1706 und neuerlich von 1709 bis 1. Februar 1733 in Personalunion als August II. K\u00f6nig von Polen und Gro\u00dff\u00fcrst von Litauen.<\/em><\/p>\n<\/div>\n<\/div>\n\n<\/div><\/div>","protected":false},"excerpt":{"rendered":"<p>Willkommen und Gl\u00fcck Auf, Sachsen. Wir reden und streiten s\u00e4chsisch. Wir leben und arbeiten s\u00e4chsisch. Wir forschen und entwickeln s\u00e4chsisch. Wir bauen und restaurieren s\u00e4chsisch. Wir kochen und brauen s\u00e4chsisch. Wir erziehen und bilden unsere Kinder s\u00e4chsisch. Wir sind s\u00e4chsisch! 21. September 2024 Neues aus dem K\u00f6nigreich Sachsen. Die Zukunft der K\u00f6nigin-Carola-Br\u00fccke. Blickt man auf &#8230; <a title=\"Willkommen Sachsen.\" class=\"read-more\" href=\"https:\/\/www.ewigerbund.org\/sachsen\/\" aria-label=\"Mehr zu Willkommen Sachsen.\">Weiterlesen &#8230;<\/a><\/p>\n","protected":false},"author":1,"featured_media":1669,"parent":0,"menu_order":0,"comment_status":"closed","ping_status":"closed","template":"","meta":{"footnotes":""},"categories":[],"tags":[5,10,11,6,9,8,12],"class_list":{"0":"post-65","1":"page","2":"type-page","3":"status-publish","4":"has-post-thumbnail","6":"tag-bundesstaat-sachsen","7":"tag-ewiger-bund","8":"tag-gueltiges-recht","9":"tag-koenigreich-sachsen","10":"tag-koenigshaus-sachsen","11":"tag-saechsisch","12":"tag-saechsische-landesverfassung"},"yoast_head":"<!-- This site is optimized with the Yoast SEO plugin v23.1 - https:\/\/yoast.com\/wordpress\/plugins\/seo\/ -->\n<title>Willkommen Sachsen. &#8226; K\u00f6nigreich Sachsen im ewigen Bund.<\/title>\n<meta name=\"description\" content=\"Wir sind s\u00e4chsisch! Sachsens Glanz und Preu\u00dfens Gloria. Wer kennt&#039;s?! Komme mit auf eine Reise in das wundersch\u00f6ne K\u00f6nigreich Sachsen.\" \/>\n<meta name=\"robots\" content=\"index, follow, max-snippet:-1, max-image-preview:large, max-video-preview:-1\" \/>\n<link rel=\"canonical\" href=\"https:\/\/www.ewigerbund.org\/sachsen\/\" \/>\n<meta property=\"og:locale\" content=\"de_DE\" \/>\n<meta property=\"og:type\" content=\"article\" \/>\n<meta property=\"og:title\" content=\"Willkommen Sachsen. &#8226; K\u00f6nigreich Sachsen im ewigen Bund.\" \/>\n<meta property=\"og:description\" content=\"Wir sind s\u00e4chsisch! Sachsens Glanz und Preu\u00dfens Gloria. Wer kennt&#039;s?! Komme mit auf eine Reise in das wundersch\u00f6ne K\u00f6nigreich Sachsen.\" \/>\n<meta property=\"og:url\" content=\"https:\/\/www.ewigerbund.org\/sachsen\/\" \/>\n<meta property=\"og:site_name\" content=\"K\u00f6nigreich Sachsen\" \/>\n<meta property=\"article:modified_time\" content=\"2024-09-23T11:38:45+00:00\" \/>\n<meta property=\"og:image\" content=\"https:\/\/www.ewigerbund.org\/sachsen\/wp-content\/uploads\/sites\/14\/2023\/05\/Banner-Start-2557x1080-1.jpg\" \/>\n\t<meta property=\"og:image:width\" content=\"2257\" \/>\n\t<meta property=\"og:image:height\" content=\"1080\" \/>\n\t<meta property=\"og:image:type\" content=\"image\/jpeg\" \/>\n<meta name=\"twitter:card\" content=\"summary_large_image\" \/>\n<meta name=\"twitter:label1\" content=\"Gesch\u00e4tzte Lesezeit\" \/>\n\t<meta name=\"twitter:data1\" content=\"5\u00a0Minuten\" \/>\n<script type=\"application\/ld+json\" class=\"yoast-schema-graph\">{\"@context\":\"https:\/\/schema.org\",\"@graph\":[{\"@type\":\"WebPage\",\"@id\":\"https:\/\/www.ewigerbund.org\/sachsen\/\",\"url\":\"https:\/\/www.ewigerbund.org\/sachsen\/\",\"name\":\"Willkommen Sachsen. &#8226; K\u00f6nigreich Sachsen im ewigen Bund.\",\"isPartOf\":{\"@id\":\"https:\/\/www.ewigerbund.org\/sachsen\/#website\"},\"primaryImageOfPage\":{\"@id\":\"https:\/\/www.ewigerbund.org\/sachsen\/#primaryimage\"},\"image\":{\"@id\":\"https:\/\/www.ewigerbund.org\/sachsen\/#primaryimage\"},\"thumbnailUrl\":\"https:\/\/www.ewigerbund.org\/sachsen\/wp-content\/uploads\/sites\/14\/2023\/05\/Banner-Start-2557x1080-1.jpg\",\"datePublished\":\"2021-09-26T10:31:40+00:00\",\"dateModified\":\"2024-09-23T11:38:45+00:00\",\"description\":\"Wir sind s\u00e4chsisch! Sachsens Glanz und Preu\u00dfens Gloria. Wer kennt's?! Komme mit auf eine Reise in das wundersch\u00f6ne K\u00f6nigreich Sachsen.\",\"breadcrumb\":{\"@id\":\"https:\/\/www.ewigerbund.org\/sachsen\/#breadcrumb\"},\"inLanguage\":\"de\",\"potentialAction\":[{\"@type\":\"ReadAction\",\"target\":[\"https:\/\/www.ewigerbund.org\/sachsen\/\"]}]},{\"@type\":\"ImageObject\",\"inLanguage\":\"de\",\"@id\":\"https:\/\/www.ewigerbund.org\/sachsen\/#primaryimage\",\"url\":\"https:\/\/www.ewigerbund.org\/sachsen\/wp-content\/uploads\/sites\/14\/2023\/05\/Banner-Start-2557x1080-1.jpg\",\"contentUrl\":\"https:\/\/www.ewigerbund.org\/sachsen\/wp-content\/uploads\/sites\/14\/2023\/05\/Banner-Start-2557x1080-1.jpg\",\"width\":2257,\"height\":1080},{\"@type\":\"BreadcrumbList\",\"@id\":\"https:\/\/www.ewigerbund.org\/sachsen\/#breadcrumb\",\"itemListElement\":[{\"@type\":\"ListItem\",\"position\":1,\"name\":\"Startseite.\",\"item\":\"https:\/\/www.ewigerbund.org\/sachsen\/\"},{\"@type\":\"ListItem\",\"position\":2,\"name\":\"Willkommen Sachsen.\"}]},{\"@type\":\"WebSite\",\"@id\":\"https:\/\/www.ewigerbund.org\/sachsen\/#website\",\"url\":\"https:\/\/www.ewigerbund.org\/sachsen\/\",\"name\":\"K\u00f6nigreich Sachsen\",\"description\":\"im ewigen Bund.\",\"publisher\":{\"@id\":\"https:\/\/www.ewigerbund.org\/sachsen\/#organization\"},\"potentialAction\":[{\"@type\":\"SearchAction\",\"target\":{\"@type\":\"EntryPoint\",\"urlTemplate\":\"https:\/\/www.ewigerbund.org\/sachsen\/?s={search_term_string}\"},\"query-input\":\"required name=search_term_string\"}],\"inLanguage\":\"de\"},{\"@type\":\"Organization\",\"@id\":\"https:\/\/www.ewigerbund.org\/sachsen\/#organization\",\"name\":\"K\u00f6nigreich Sachsen\",\"url\":\"https:\/\/www.ewigerbund.org\/sachsen\/\",\"logo\":{\"@type\":\"ImageObject\",\"inLanguage\":\"de\",\"@id\":\"https:\/\/www.ewigerbund.org\/sachsen\/#\/schema\/logo\/image\/\",\"url\":\"https:\/\/www.ewigerbund.org\/sachsen\/wp-content\/uploads\/sites\/14\/2022\/11\/cropped-2022-09-10-Logo-EB-Sachsen-Schutzzone_Schatten-transparent-1200px-1.png\",\"contentUrl\":\"https:\/\/www.ewigerbund.org\/sachsen\/wp-content\/uploads\/sites\/14\/2022\/11\/cropped-2022-09-10-Logo-EB-Sachsen-Schutzzone_Schatten-transparent-1200px-1.png\",\"width\":1200,\"height\":1200,\"caption\":\"K\u00f6nigreich Sachsen\"},\"image\":{\"@id\":\"https:\/\/www.ewigerbund.org\/sachsen\/#\/schema\/logo\/image\/\"}}]}<\/script>\n<!-- \/ Yoast SEO plugin. -->","yoast_head_json":{"title":"Willkommen Sachsen. &#8226; K\u00f6nigreich Sachsen im ewigen Bund.","description":"Wir sind s\u00e4chsisch! Sachsens Glanz und Preu\u00dfens Gloria. Wer kennt's?! Komme mit auf eine Reise in das wundersch\u00f6ne K\u00f6nigreich Sachsen.","robots":{"index":"index","follow":"follow","max-snippet":"max-snippet:-1","max-image-preview":"max-image-preview:large","max-video-preview":"max-video-preview:-1"},"canonical":"https:\/\/www.ewigerbund.org\/sachsen\/","og_locale":"de_DE","og_type":"article","og_title":"Willkommen Sachsen. &#8226; K\u00f6nigreich Sachsen im ewigen Bund.","og_description":"Wir sind s\u00e4chsisch! Sachsens Glanz und Preu\u00dfens Gloria. Wer kennt's?! Komme mit auf eine Reise in das wundersch\u00f6ne K\u00f6nigreich Sachsen.","og_url":"https:\/\/www.ewigerbund.org\/sachsen\/","og_site_name":"K\u00f6nigreich Sachsen","article_modified_time":"2024-09-23T11:38:45+00:00","og_image":[{"width":2257,"height":1080,"url":"https:\/\/www.ewigerbund.org\/sachsen\/wp-content\/uploads\/sites\/14\/2023\/05\/Banner-Start-2557x1080-1.jpg","type":"image\/jpeg"}],"twitter_card":"summary_large_image","twitter_misc":{"Gesch\u00e4tzte Lesezeit":"5\u00a0Minuten"},"schema":{"@context":"https:\/\/schema.org","@graph":[{"@type":"WebPage","@id":"https:\/\/www.ewigerbund.org\/sachsen\/","url":"https:\/\/www.ewigerbund.org\/sachsen\/","name":"Willkommen Sachsen. &#8226; K\u00f6nigreich Sachsen im ewigen Bund.","isPartOf":{"@id":"https:\/\/www.ewigerbund.org\/sachsen\/#website"},"primaryImageOfPage":{"@id":"https:\/\/www.ewigerbund.org\/sachsen\/#primaryimage"},"image":{"@id":"https:\/\/www.ewigerbund.org\/sachsen\/#primaryimage"},"thumbnailUrl":"https:\/\/www.ewigerbund.org\/sachsen\/wp-content\/uploads\/sites\/14\/2023\/05\/Banner-Start-2557x1080-1.jpg","datePublished":"2021-09-26T10:31:40+00:00","dateModified":"2024-09-23T11:38:45+00:00","description":"Wir sind s\u00e4chsisch! Sachsens Glanz und Preu\u00dfens Gloria. Wer kennt's?! Komme mit auf eine Reise in das wundersch\u00f6ne K\u00f6nigreich Sachsen.","breadcrumb":{"@id":"https:\/\/www.ewigerbund.org\/sachsen\/#breadcrumb"},"inLanguage":"de","potentialAction":[{"@type":"ReadAction","target":["https:\/\/www.ewigerbund.org\/sachsen\/"]}]},{"@type":"ImageObject","inLanguage":"de","@id":"https:\/\/www.ewigerbund.org\/sachsen\/#primaryimage","url":"https:\/\/www.ewigerbund.org\/sachsen\/wp-content\/uploads\/sites\/14\/2023\/05\/Banner-Start-2557x1080-1.jpg","contentUrl":"https:\/\/www.ewigerbund.org\/sachsen\/wp-content\/uploads\/sites\/14\/2023\/05\/Banner-Start-2557x1080-1.jpg","width":2257,"height":1080},{"@type":"BreadcrumbList","@id":"https:\/\/www.ewigerbund.org\/sachsen\/#breadcrumb","itemListElement":[{"@type":"ListItem","position":1,"name":"Startseite.","item":"https:\/\/www.ewigerbund.org\/sachsen\/"},{"@type":"ListItem","position":2,"name":"Willkommen Sachsen."}]},{"@type":"WebSite","@id":"https:\/\/www.ewigerbund.org\/sachsen\/#website","url":"https:\/\/www.ewigerbund.org\/sachsen\/","name":"K\u00f6nigreich Sachsen","description":"im ewigen Bund.","publisher":{"@id":"https:\/\/www.ewigerbund.org\/sachsen\/#organization"},"potentialAction":[{"@type":"SearchAction","target":{"@type":"EntryPoint","urlTemplate":"https:\/\/www.ewigerbund.org\/sachsen\/?s={search_term_string}"},"query-input":"required name=search_term_string"}],"inLanguage":"de"},{"@type":"Organization","@id":"https:\/\/www.ewigerbund.org\/sachsen\/#organization","name":"K\u00f6nigreich Sachsen","url":"https:\/\/www.ewigerbund.org\/sachsen\/","logo":{"@type":"ImageObject","inLanguage":"de","@id":"https:\/\/www.ewigerbund.org\/sachsen\/#\/schema\/logo\/image\/","url":"https:\/\/www.ewigerbund.org\/sachsen\/wp-content\/uploads\/sites\/14\/2022\/11\/cropped-2022-09-10-Logo-EB-Sachsen-Schutzzone_Schatten-transparent-1200px-1.png","contentUrl":"https:\/\/www.ewigerbund.org\/sachsen\/wp-content\/uploads\/sites\/14\/2022\/11\/cropped-2022-09-10-Logo-EB-Sachsen-Schutzzone_Schatten-transparent-1200px-1.png","width":1200,"height":1200,"caption":"K\u00f6nigreich Sachsen"},"image":{"@id":"https:\/\/www.ewigerbund.org\/sachsen\/#\/schema\/logo\/image\/"}}]}},"_links":{"self":[{"href":"https:\/\/www.ewigerbund.org\/sachsen\/wp-json\/wp\/v2\/pages\/65","targetHints":{"allow":["GET"]}}],"collection":[{"href":"https:\/\/www.ewigerbund.org\/sachsen\/wp-json\/wp\/v2\/pages"}],"about":[{"href":"https:\/\/www.ewigerbund.org\/sachsen\/wp-json\/wp\/v2\/types\/page"}],"author":[{"embeddable":true,"href":"https:\/\/www.ewigerbund.org\/sachsen\/wp-json\/wp\/v2\/users\/1"}],"replies":[{"embeddable":true,"href":"https:\/\/www.ewigerbund.org\/sachsen\/wp-json\/wp\/v2\/comments?post=65"}],"version-history":[{"count":77,"href":"https:\/\/www.ewigerbund.org\/sachsen\/wp-json\/wp\/v2\/pages\/65\/revisions"}],"predecessor-version":[{"id":2658,"href":"https:\/\/www.ewigerbund.org\/sachsen\/wp-json\/wp\/v2\/pages\/65\/revisions\/2658"}],"wp:featuredmedia":[{"embeddable":true,"href":"https:\/\/www.ewigerbund.org\/sachsen\/wp-json\/wp\/v2\/media\/1669"}],"wp:attachment":[{"href":"https:\/\/www.ewigerbund.org\/sachsen\/wp-json\/wp\/v2\/media?parent=65"}],"wp:term":[{"taxonomy":"category","embeddable":true,"href":"https:\/\/www.ewigerbund.org\/sachsen\/wp-json\/wp\/v2\/categories?post=65"},{"taxonomy":"post_tag","embeddable":true,"href":"https:\/\/www.ewigerbund.org\/sachsen\/wp-json\/wp\/v2\/tags?post=65"}],"curies":[{"name":"wp","href":"https:\/\/api.w.org\/{rel}","templated":true}]}}