{"id":439,"date":"2022-11-11T22:08:29","date_gmt":"2022-11-11T21:08:29","guid":{"rendered":"https:\/\/www.ewigerbund.org\/sachsen\/?page_id=439"},"modified":"2023-07-10T22:42:28","modified_gmt":"2023-07-10T20:42:28","slug":"die-flaeche-sachsens","status":"publish","type":"page","link":"https:\/\/www.ewigerbund.org\/sachsen\/koenigreich-sachsen\/geografie\/die-flaeche-sachsens\/","title":{"rendered":"Sachsens Fl\u00e4che."},"content":{"rendered":"\n<p>Das K\u00f6nigreich Sachsen hat eine Gesamtfl\u00e4che von 15 000 km\u00b2. Im Jahre 1910 z\u00e4hlte das K\u00f6nigreich insgesamt 4 800 000 Einwohner. Das bedeutet, auf 1 km\u00b2 wohnten 320 Sachsen.<\/p>\n\n\n\n<p>Ein Blick auf die Karte zeigt, da\u00df Sachsen die Gestalt eines Dreiecks hat. Doch sind zwei gro\u00dfe Einbuchtungen vorhanden, eine im Westen, die altenburgische, und eine im S\u00fcdosten, die b\u00f6hmische. Die Grenzl\u00e4nder im Westen, Norden und Osten geh\u00f6ren wie Sachsen selbst zum Deutschen Reiche. Sie hei\u00dfen Preu\u00dfen, Bayern und die auf th\u00fcringischen Gebiet Sachsen-Weimar, Altenburg, Reu\u00df J\u00fcngerer Linie und Reu\u00df \u00c4lterer Linie. Die wichtigste Grenze ist die S\u00fcdgrenze, weil sie zugleich die Grenze des Deutschen Reiches bildet. Hier liegt das K\u00f6nigreich B\u00f6hmen, das zu \u00d6sterreich geh\u00f6rt. Waren, die \u00fcber diese Grenze gebracht werden, m\u00fcssen verzollt werden und wird von Zollbeamten bewacht. Auf s\u00e4chsischer Seite stehen gr\u00fcn-wei\u00dfe Grenzpf\u00e4hle, auf b\u00f6hmischer Seite schwarz-gelbe. <\/p>\n\n\n\n<figure class=\"wp-block-image size-large\"><img loading=\"lazy\" decoding=\"async\" width=\"1024\" height=\"579\" src=\"https:\/\/www.ewigerbund.org\/sachsen\/wp-content\/uploads\/sites\/14\/2022\/12\/Flaeche-KgrSachsen-1200x680px-1-1024x579.jpg\" alt=\"\" class=\"wp-image-1177\" srcset=\"https:\/\/www.ewigerbund.org\/sachsen\/wp-content\/uploads\/sites\/14\/2022\/12\/Flaeche-KgrSachsen-1200x680px-1-1024x579.jpg 1024w, https:\/\/www.ewigerbund.org\/sachsen\/wp-content\/uploads\/sites\/14\/2022\/12\/Flaeche-KgrSachsen-1200x680px-1-300x170.jpg 300w, https:\/\/www.ewigerbund.org\/sachsen\/wp-content\/uploads\/sites\/14\/2022\/12\/Flaeche-KgrSachsen-1200x680px-1-768x435.jpg 768w, https:\/\/www.ewigerbund.org\/sachsen\/wp-content\/uploads\/sites\/14\/2022\/12\/Flaeche-KgrSachsen-1200x680px-1.jpg 1200w\" sizes=\"auto, (max-width: 1024px) 100vw, 1024px\" \/><\/figure>\n\n\n\n<p>Wollte ein Fu\u00dfg\u00e4nger Sachsen von Westen nach Osten durchwandern und ginge er dabei t\u00e4glich 30 km, so brauchte er 7 Tage (210 km). Von Norden nach S\u00fcden, also von Leipzig bis zum s\u00fcdlichsten Zipfel (150 km), w\u00fcrde seine Wanderung 5 Tage dauern. Ginge er die Elbe entlang, so k\u00e4me er in 4 Tagen durch Sachsen (122 km). Auf der Karte sehen wir, da\u00df sich entlang der S\u00fcdgrenze Gebirge ziehen. Daran schlie\u00dft sich nach Norden zu erst H\u00fcgelland, dann Tiefebene, so da\u00df sich Sachsen von S\u00fcden nach Norden zu allm\u00e4hlich abdacht. Daher schlagen auch fast alle s\u00e4chsischen Fl\u00fcsse eine n\u00f6rdliche Richtung ein. An dem Elbstrome schiebt sich das Tiefland bis nach Pirna hinauf. Das Elbtal soll die erste Landschaft Sachsens sein, die wir betrachten.<\/p>\n\n\n\n<hr class=\"wp-block-separator has-alpha-channel-opacity is-style-dots\"\/>\n\n\n<div class=\"gb-button-wrapper gb-button-wrapper-7b364a53\">\n\n<a class=\"gb-button gb-button-2a18505d\" href=\"javascript:history.back();\"><span class=\"gb-icon\"><svg aria-hidden=\"true\" role=\"img\" height=\"1em\" width=\"1em\" viewBox=\"0 0 256 512\" xmlns=\"http:\/\/www.w3.org\/2000\/svg\"><path fill=\"currentColor\" d=\"M31.7 239l136-136c9.4-9.4 24.6-9.4 33.9 0l22.6 22.6c9.4 9.4 9.4 24.6 0 33.9L127.9 256l96.4 96.4c9.4 9.4 9.4 24.6 0 33.9L201.7 409c-9.4 9.4-24.6 9.4-33.9 0l-136-136c-9.5-9.4-9.5-24.6-.1-34z\"><\/path><\/svg><\/span><span class=\"gb-button-text\">Zur\u00fcck.<\/span><\/a>\n\n<\/div>\n\n\n<p><strong>Quellenangaben und Verweise.<\/strong><br><sub>Aus: S\u00e4chsisches Realienbuch von Oskar Ostermai, Bielefeld und Leipzig 1917, Verlag von Velhagen &amp; Klasing.<br>Quelle: <a href=\"https:\/\/staatsbibliothek.ewigerbund.org\/viewer\/image\/saechsisches_Realienbuch_Nr_64\/165\/LOG_0022\/\" target=\"_blank\" rel=\"noreferrer noopener\">https:\/\/staatsbibliothek.ewigerbund.org\/viewer\/image\/saechsisches_Realienbuch_Nr_64\/165\/LOG_0022\/<\/a><\/sub><\/p>\n\n\n\n<div style=\"height:100px\" aria-hidden=\"true\" class=\"wp-block-spacer\"><\/div>\n","protected":false},"excerpt":{"rendered":"<p>Das K\u00f6nigreich Sachsen hat eine Gesamtfl\u00e4che von 15 000 km\u00b2. Im Jahre 1910 z\u00e4hlte das K\u00f6nigreich insgesamt 4 800 000 Einwohner. Das bedeutet, auf 1 km\u00b2 wohnten 320 Sachsen. Ein Blick auf die Karte zeigt, da\u00df Sachsen die Gestalt eines Dreiecks hat. Doch sind zwei gro\u00dfe Einbuchtungen vorhanden, eine im Westen, die altenburgische, und eine &#8230; <a title=\"Sachsens Fl\u00e4che.\" class=\"read-more\" href=\"https:\/\/www.ewigerbund.org\/sachsen\/koenigreich-sachsen\/geografie\/die-flaeche-sachsens\/\" aria-label=\"Mehr zu Sachsens Fl\u00e4che.\">Weiterlesen &#8230;<\/a><\/p>\n","protected":false},"author":1,"featured_media":0,"parent":251,"menu_order":2,"comment_status":"closed","ping_status":"closed","template":"","meta":{"footnotes":""},"categories":[15],"tags":[],"class_list":{"0":"post-439","1":"page","2":"type-page","3":"status-publish","5":"category-geografie"},"yoast_head":"<!-- This site is optimized with the Yoast SEO plugin v23.1 - https:\/\/yoast.com\/wordpress\/plugins\/seo\/ -->\n<title>Sachsens Fl\u00e4che. &#8226; K\u00f6nigreich Sachsen.<\/title>\n<meta name=\"description\" content=\"Die Gr\u00f6\u00dfe und Ausdehnung des K\u00f6nigreich Sachsens - von Leipzig bis zum s\u00fcdlichsten Zipfel \u00fcber H\u00fcgellanschaften ins Gebirge.\" \/>\n<meta name=\"robots\" content=\"index, follow, max-snippet:-1, max-image-preview:large, max-video-preview:-1\" \/>\n<link rel=\"canonical\" href=\"https:\/\/www.ewigerbund.org\/sachsen\/koenigreich-sachsen\/geografie\/die-flaeche-sachsens\/\" \/>\n<meta property=\"og:locale\" content=\"de_DE\" \/>\n<meta property=\"og:type\" content=\"article\" \/>\n<meta property=\"og:title\" content=\"Sachsens Fl\u00e4che. &#8226; K\u00f6nigreich Sachsen.\" \/>\n<meta property=\"og:description\" content=\"Die Gr\u00f6\u00dfe und Ausdehnung des K\u00f6nigreich Sachsens - von Leipzig bis zum s\u00fcdlichsten Zipfel \u00fcber H\u00fcgellanschaften ins Gebirge.\" \/>\n<meta property=\"og:url\" content=\"https:\/\/www.ewigerbund.org\/sachsen\/koenigreich-sachsen\/geografie\/die-flaeche-sachsens\/\" \/>\n<meta property=\"og:site_name\" content=\"K\u00f6nigreich Sachsen\" \/>\n<meta property=\"article:modified_time\" content=\"2023-07-10T20:42:28+00:00\" \/>\n<meta property=\"og:image\" content=\"https:\/\/www.ewigerbund.org\/sachsen\/wp-content\/uploads\/sites\/14\/2022\/12\/Flaeche-KgrSachsen-1200x680px-1-1024x579.jpg\" \/>\n<meta name=\"twitter:card\" content=\"summary_large_image\" \/>\n<meta name=\"twitter:label1\" content=\"Gesch\u00e4tzte Lesezeit\" \/>\n\t<meta name=\"twitter:data1\" content=\"2\u00a0Minuten\" \/>\n<script type=\"application\/ld+json\" class=\"yoast-schema-graph\">{\"@context\":\"https:\/\/schema.org\",\"@graph\":[{\"@type\":\"WebPage\",\"@id\":\"https:\/\/www.ewigerbund.org\/sachsen\/koenigreich-sachsen\/geografie\/die-flaeche-sachsens\/\",\"url\":\"https:\/\/www.ewigerbund.org\/sachsen\/koenigreich-sachsen\/geografie\/die-flaeche-sachsens\/\",\"name\":\"Sachsens Fl\u00e4che. &#8226; K\u00f6nigreich Sachsen.\",\"isPartOf\":{\"@id\":\"https:\/\/www.ewigerbund.org\/sachsen\/#website\"},\"primaryImageOfPage\":{\"@id\":\"https:\/\/www.ewigerbund.org\/sachsen\/koenigreich-sachsen\/geografie\/die-flaeche-sachsens\/#primaryimage\"},\"image\":{\"@id\":\"https:\/\/www.ewigerbund.org\/sachsen\/koenigreich-sachsen\/geografie\/die-flaeche-sachsens\/#primaryimage\"},\"thumbnailUrl\":\"https:\/\/www.ewigerbund.org\/sachsen\/wp-content\/uploads\/sites\/14\/2022\/12\/Flaeche-KgrSachsen-1200x680px-1-1024x579.jpg\",\"datePublished\":\"2022-11-11T21:08:29+00:00\",\"dateModified\":\"2023-07-10T20:42:28+00:00\",\"description\":\"Die Gr\u00f6\u00dfe und Ausdehnung des K\u00f6nigreich Sachsens - von Leipzig bis zum s\u00fcdlichsten Zipfel \u00fcber H\u00fcgellanschaften ins Gebirge.\",\"breadcrumb\":{\"@id\":\"https:\/\/www.ewigerbund.org\/sachsen\/koenigreich-sachsen\/geografie\/die-flaeche-sachsens\/#breadcrumb\"},\"inLanguage\":\"de\",\"potentialAction\":[{\"@type\":\"ReadAction\",\"target\":[\"https:\/\/www.ewigerbund.org\/sachsen\/koenigreich-sachsen\/geografie\/die-flaeche-sachsens\/\"]}]},{\"@type\":\"ImageObject\",\"inLanguage\":\"de\",\"@id\":\"https:\/\/www.ewigerbund.org\/sachsen\/koenigreich-sachsen\/geografie\/die-flaeche-sachsens\/#primaryimage\",\"url\":\"https:\/\/www.ewigerbund.org\/sachsen\/wp-content\/uploads\/sites\/14\/2022\/12\/Flaeche-KgrSachsen-1200x680px-1.jpg\",\"contentUrl\":\"https:\/\/www.ewigerbund.org\/sachsen\/wp-content\/uploads\/sites\/14\/2022\/12\/Flaeche-KgrSachsen-1200x680px-1.jpg\",\"width\":1200,\"height\":679},{\"@type\":\"BreadcrumbList\",\"@id\":\"https:\/\/www.ewigerbund.org\/sachsen\/koenigreich-sachsen\/geografie\/die-flaeche-sachsens\/#breadcrumb\",\"itemListElement\":[{\"@type\":\"ListItem\",\"position\":1,\"name\":\"Startseite.\",\"item\":\"https:\/\/www.ewigerbund.org\/sachsen\/\"},{\"@type\":\"ListItem\",\"position\":2,\"name\":\"K\u00f6nigreich Sachsen.\",\"item\":\"https:\/\/www.ewigerbund.org\/sachsen\/koenigreich-sachsen\/\"},{\"@type\":\"ListItem\",\"position\":3,\"name\":\"Geografie.\",\"item\":\"https:\/\/www.ewigerbund.org\/sachsen\/koenigreich-sachsen\/geografie\/\"},{\"@type\":\"ListItem\",\"position\":4,\"name\":\"Sachsens Fl\u00e4che.\"}]},{\"@type\":\"WebSite\",\"@id\":\"https:\/\/www.ewigerbund.org\/sachsen\/#website\",\"url\":\"https:\/\/www.ewigerbund.org\/sachsen\/\",\"name\":\"K\u00f6nigreich Sachsen\",\"description\":\"im ewigen Bund.\",\"publisher\":{\"@id\":\"https:\/\/www.ewigerbund.org\/sachsen\/#organization\"},\"potentialAction\":[{\"@type\":\"SearchAction\",\"target\":{\"@type\":\"EntryPoint\",\"urlTemplate\":\"https:\/\/www.ewigerbund.org\/sachsen\/?s={search_term_string}\"},\"query-input\":\"required name=search_term_string\"}],\"inLanguage\":\"de\"},{\"@type\":\"Organization\",\"@id\":\"https:\/\/www.ewigerbund.org\/sachsen\/#organization\",\"name\":\"K\u00f6nigreich Sachsen\",\"url\":\"https:\/\/www.ewigerbund.org\/sachsen\/\",\"logo\":{\"@type\":\"ImageObject\",\"inLanguage\":\"de\",\"@id\":\"https:\/\/www.ewigerbund.org\/sachsen\/#\/schema\/logo\/image\/\",\"url\":\"https:\/\/www.ewigerbund.org\/sachsen\/wp-content\/uploads\/sites\/14\/2022\/11\/cropped-2022-09-10-Logo-EB-Sachsen-Schutzzone_Schatten-transparent-1200px-1.png\",\"contentUrl\":\"https:\/\/www.ewigerbund.org\/sachsen\/wp-content\/uploads\/sites\/14\/2022\/11\/cropped-2022-09-10-Logo-EB-Sachsen-Schutzzone_Schatten-transparent-1200px-1.png\",\"width\":1200,\"height\":1200,\"caption\":\"K\u00f6nigreich Sachsen\"},\"image\":{\"@id\":\"https:\/\/www.ewigerbund.org\/sachsen\/#\/schema\/logo\/image\/\"}}]}<\/script>\n<!-- \/ Yoast SEO plugin. -->","yoast_head_json":{"title":"Sachsens Fl\u00e4che. &#8226; K\u00f6nigreich Sachsen.","description":"Die Gr\u00f6\u00dfe und Ausdehnung des K\u00f6nigreich Sachsens - von Leipzig bis zum s\u00fcdlichsten Zipfel \u00fcber H\u00fcgellanschaften ins Gebirge.","robots":{"index":"index","follow":"follow","max-snippet":"max-snippet:-1","max-image-preview":"max-image-preview:large","max-video-preview":"max-video-preview:-1"},"canonical":"https:\/\/www.ewigerbund.org\/sachsen\/koenigreich-sachsen\/geografie\/die-flaeche-sachsens\/","og_locale":"de_DE","og_type":"article","og_title":"Sachsens Fl\u00e4che. &#8226; K\u00f6nigreich Sachsen.","og_description":"Die Gr\u00f6\u00dfe und Ausdehnung des K\u00f6nigreich Sachsens - von Leipzig bis zum s\u00fcdlichsten Zipfel \u00fcber H\u00fcgellanschaften ins Gebirge.","og_url":"https:\/\/www.ewigerbund.org\/sachsen\/koenigreich-sachsen\/geografie\/die-flaeche-sachsens\/","og_site_name":"K\u00f6nigreich Sachsen","article_modified_time":"2023-07-10T20:42:28+00:00","og_image":[{"url":"https:\/\/www.ewigerbund.org\/sachsen\/wp-content\/uploads\/sites\/14\/2022\/12\/Flaeche-KgrSachsen-1200x680px-1-1024x579.jpg"}],"twitter_card":"summary_large_image","twitter_misc":{"Gesch\u00e4tzte Lesezeit":"2\u00a0Minuten"},"schema":{"@context":"https:\/\/schema.org","@graph":[{"@type":"WebPage","@id":"https:\/\/www.ewigerbund.org\/sachsen\/koenigreich-sachsen\/geografie\/die-flaeche-sachsens\/","url":"https:\/\/www.ewigerbund.org\/sachsen\/koenigreich-sachsen\/geografie\/die-flaeche-sachsens\/","name":"Sachsens Fl\u00e4che. &#8226; K\u00f6nigreich Sachsen.","isPartOf":{"@id":"https:\/\/www.ewigerbund.org\/sachsen\/#website"},"primaryImageOfPage":{"@id":"https:\/\/www.ewigerbund.org\/sachsen\/koenigreich-sachsen\/geografie\/die-flaeche-sachsens\/#primaryimage"},"image":{"@id":"https:\/\/www.ewigerbund.org\/sachsen\/koenigreich-sachsen\/geografie\/die-flaeche-sachsens\/#primaryimage"},"thumbnailUrl":"https:\/\/www.ewigerbund.org\/sachsen\/wp-content\/uploads\/sites\/14\/2022\/12\/Flaeche-KgrSachsen-1200x680px-1-1024x579.jpg","datePublished":"2022-11-11T21:08:29+00:00","dateModified":"2023-07-10T20:42:28+00:00","description":"Die Gr\u00f6\u00dfe und Ausdehnung des K\u00f6nigreich Sachsens - von Leipzig bis zum s\u00fcdlichsten Zipfel \u00fcber H\u00fcgellanschaften ins Gebirge.","breadcrumb":{"@id":"https:\/\/www.ewigerbund.org\/sachsen\/koenigreich-sachsen\/geografie\/die-flaeche-sachsens\/#breadcrumb"},"inLanguage":"de","potentialAction":[{"@type":"ReadAction","target":["https:\/\/www.ewigerbund.org\/sachsen\/koenigreich-sachsen\/geografie\/die-flaeche-sachsens\/"]}]},{"@type":"ImageObject","inLanguage":"de","@id":"https:\/\/www.ewigerbund.org\/sachsen\/koenigreich-sachsen\/geografie\/die-flaeche-sachsens\/#primaryimage","url":"https:\/\/www.ewigerbund.org\/sachsen\/wp-content\/uploads\/sites\/14\/2022\/12\/Flaeche-KgrSachsen-1200x680px-1.jpg","contentUrl":"https:\/\/www.ewigerbund.org\/sachsen\/wp-content\/uploads\/sites\/14\/2022\/12\/Flaeche-KgrSachsen-1200x680px-1.jpg","width":1200,"height":679},{"@type":"BreadcrumbList","@id":"https:\/\/www.ewigerbund.org\/sachsen\/koenigreich-sachsen\/geografie\/die-flaeche-sachsens\/#breadcrumb","itemListElement":[{"@type":"ListItem","position":1,"name":"Startseite.","item":"https:\/\/www.ewigerbund.org\/sachsen\/"},{"@type":"ListItem","position":2,"name":"K\u00f6nigreich Sachsen.","item":"https:\/\/www.ewigerbund.org\/sachsen\/koenigreich-sachsen\/"},{"@type":"ListItem","position":3,"name":"Geografie.","item":"https:\/\/www.ewigerbund.org\/sachsen\/koenigreich-sachsen\/geografie\/"},{"@type":"ListItem","position":4,"name":"Sachsens Fl\u00e4che."}]},{"@type":"WebSite","@id":"https:\/\/www.ewigerbund.org\/sachsen\/#website","url":"https:\/\/www.ewigerbund.org\/sachsen\/","name":"K\u00f6nigreich Sachsen","description":"im ewigen Bund.","publisher":{"@id":"https:\/\/www.ewigerbund.org\/sachsen\/#organization"},"potentialAction":[{"@type":"SearchAction","target":{"@type":"EntryPoint","urlTemplate":"https:\/\/www.ewigerbund.org\/sachsen\/?s={search_term_string}"},"query-input":"required name=search_term_string"}],"inLanguage":"de"},{"@type":"Organization","@id":"https:\/\/www.ewigerbund.org\/sachsen\/#organization","name":"K\u00f6nigreich Sachsen","url":"https:\/\/www.ewigerbund.org\/sachsen\/","logo":{"@type":"ImageObject","inLanguage":"de","@id":"https:\/\/www.ewigerbund.org\/sachsen\/#\/schema\/logo\/image\/","url":"https:\/\/www.ewigerbund.org\/sachsen\/wp-content\/uploads\/sites\/14\/2022\/11\/cropped-2022-09-10-Logo-EB-Sachsen-Schutzzone_Schatten-transparent-1200px-1.png","contentUrl":"https:\/\/www.ewigerbund.org\/sachsen\/wp-content\/uploads\/sites\/14\/2022\/11\/cropped-2022-09-10-Logo-EB-Sachsen-Schutzzone_Schatten-transparent-1200px-1.png","width":1200,"height":1200,"caption":"K\u00f6nigreich Sachsen"},"image":{"@id":"https:\/\/www.ewigerbund.org\/sachsen\/#\/schema\/logo\/image\/"}}]}},"_links":{"self":[{"href":"https:\/\/www.ewigerbund.org\/sachsen\/wp-json\/wp\/v2\/pages\/439","targetHints":{"allow":["GET"]}}],"collection":[{"href":"https:\/\/www.ewigerbund.org\/sachsen\/wp-json\/wp\/v2\/pages"}],"about":[{"href":"https:\/\/www.ewigerbund.org\/sachsen\/wp-json\/wp\/v2\/types\/page"}],"author":[{"embeddable":true,"href":"https:\/\/www.ewigerbund.org\/sachsen\/wp-json\/wp\/v2\/users\/1"}],"replies":[{"embeddable":true,"href":"https:\/\/www.ewigerbund.org\/sachsen\/wp-json\/wp\/v2\/comments?post=439"}],"version-history":[{"count":16,"href":"https:\/\/www.ewigerbund.org\/sachsen\/wp-json\/wp\/v2\/pages\/439\/revisions"}],"predecessor-version":[{"id":1964,"href":"https:\/\/www.ewigerbund.org\/sachsen\/wp-json\/wp\/v2\/pages\/439\/revisions\/1964"}],"up":[{"embeddable":true,"href":"https:\/\/www.ewigerbund.org\/sachsen\/wp-json\/wp\/v2\/pages\/251"}],"wp:attachment":[{"href":"https:\/\/www.ewigerbund.org\/sachsen\/wp-json\/wp\/v2\/media?parent=439"}],"wp:term":[{"taxonomy":"category","embeddable":true,"href":"https:\/\/www.ewigerbund.org\/sachsen\/wp-json\/wp\/v2\/categories?post=439"},{"taxonomy":"post_tag","embeddable":true,"href":"https:\/\/www.ewigerbund.org\/sachsen\/wp-json\/wp\/v2\/tags?post=439"}],"curies":[{"name":"wp","href":"https:\/\/api.w.org\/{rel}","templated":true}]}}