{"id":249,"date":"2022-11-10T19:49:39","date_gmt":"2022-11-10T18:49:39","guid":{"rendered":"https:\/\/www.ewigerbund.org\/sachsen\/?page_id=249"},"modified":"2023-10-12T20:07:25","modified_gmt":"2023-10-12T18:07:25","slug":"landesgeschichte","status":"publish","type":"page","link":"https:\/\/www.ewigerbund.org\/sachsen\/landesgeschichte\/","title":{"rendered":"Landesgeschichte."},"content":{"rendered":"<div class=\"gb-container gb-container-68c0d42b\"><div class=\"gb-inside-container\">\n\n<p class=\"has-text-align-center\"><em>Zun\u00e4chst soll der vaterl\u00e4ndische Geschichtsunterricht eine genaue Kenntni\u00df der historischen Thatsachen, soweit sie F\u00fcrst und Volk ber\u00fchren, vermitteln; \u2014 ihm ist aber eine noch h\u00f6here Aufgabe gestellt: Er soll auch in den Kindern Liebe zum engeren Vaterlande und zu seinem F\u00fcrstenhause wecken und pflegen; er soll die Kinder als k\u00fcnftige Staatsb\u00fcrger zur Treue gegen F\u00fcrst und Vaterland ermuntern und ihnen Achtung vor dem Gesetz, Achtung vor den Staatseinrichtungen einfl\u00f6\u00dfen. Erzielt dies der Geschichtsunterricht, dann erst erhalten die historischen Kenntnisse ihre h\u00f6here Weihe.<\/em><\/p>\n\n\n\n<p class=\"has-text-align-center has-small-font-size\">Karl Petermann, 1881<br>Aus: <a href=\"https:\/\/staatsbibliothek.ewigerbund.org\/viewer\/image\/p_gesch_sachsen\/6\/\" target=\"_blank\" rel=\"noreferrer noopener\">\u2192 Geschichte des K\u00f6nigreichs Sachsen mit besonderer Ber\u00fccksichtigung der wichtigsten culturgeschichtlichen Erscheinungen. <\/a><\/p>\n\n<\/div><\/div>\n\n\n<div style=\"height:40px\" aria-hidden=\"true\" class=\"wp-block-spacer\"><\/div>\n\n\n\n<div class=\"wp-block-columns is-layout-flex wp-container-core-columns-is-layout-1 wp-block-columns-is-layout-flex\">\n<div class=\"wp-block-column cat-box-border is-layout-flow wp-block-column-is-layout-flow\">\n<figure class=\"wp-block-image size-full\"><a href=\"https:\/\/www.ewigerbund.org\/sachsen\/landesgeschichte\/6-jahrhundert\/\"><img loading=\"lazy\" decoding=\"async\" width=\"1024\" height=\"392\" src=\"https:\/\/www.ewigerbund.org\/sachsen\/wp-content\/uploads\/sites\/14\/2022\/12\/Vorschau-6Jhd.jpg\" alt=\"\" class=\"wp-image-856\" srcset=\"https:\/\/www.ewigerbund.org\/sachsen\/wp-content\/uploads\/sites\/14\/2022\/12\/Vorschau-6Jhd.jpg 1024w, https:\/\/www.ewigerbund.org\/sachsen\/wp-content\/uploads\/sites\/14\/2022\/12\/Vorschau-6Jhd-300x115.jpg 300w, https:\/\/www.ewigerbund.org\/sachsen\/wp-content\/uploads\/sites\/14\/2022\/12\/Vorschau-6Jhd-768x294.jpg 768w\" sizes=\"auto, (max-width: 1024px) 100vw, 1024px\" \/><\/a><\/figure>\n\n\n\n<p><\/p>\n\n\n\n<p>Zwei Volksst\u00e4mme und ein Land. Wie alles begann.<br><br><a href=\"https:\/\/www.ewigerbund.org\/sachsen\/landesgeschichte\/6-jahrhundert\/\">Auf ins 6. Jahrhundert \u2192<\/a><\/p>\n<\/div>\n\n\n\n<div class=\"wp-block-column cat-box-border is-layout-flow wp-block-column-is-layout-flow\">\n<figure class=\"wp-block-image size-full\"><a href=\"https:\/\/www.ewigerbund.org\/sachsen\/landesgeschichte\/15-jahrhundert\/\"><img loading=\"lazy\" decoding=\"async\" width=\"1024\" height=\"392\" src=\"https:\/\/www.ewigerbund.org\/sachsen\/wp-content\/uploads\/sites\/14\/2022\/12\/Vorschau-15Jhd.jpg\" alt=\"\" class=\"wp-image-857\" srcset=\"https:\/\/www.ewigerbund.org\/sachsen\/wp-content\/uploads\/sites\/14\/2022\/12\/Vorschau-15Jhd.jpg 1024w, https:\/\/www.ewigerbund.org\/sachsen\/wp-content\/uploads\/sites\/14\/2022\/12\/Vorschau-15Jhd-300x115.jpg 300w, https:\/\/www.ewigerbund.org\/sachsen\/wp-content\/uploads\/sites\/14\/2022\/12\/Vorschau-15Jhd-768x294.jpg 768w\" sizes=\"auto, (max-width: 1024px) 100vw, 1024px\" \/><\/a><\/figure>\n\n\n\n<p><\/p>\n\n\n\n<p>Kriege und Niederlagen. Die Wettiner als Kurf\u00fcrsten.<\/p>\n\n\n\n<p><a href=\"https:\/\/www.ewigerbund.org\/sachsen\/landesgeschichte\/15-jahrhundert\/\">Mehr erfahren \u2192<\/a><\/p>\n<\/div>\n<\/div>\n\n\n\n<div class=\"wp-block-columns is-layout-flex wp-container-core-columns-is-layout-2 wp-block-columns-is-layout-flex\">\n<div class=\"wp-block-column cat-box-border is-layout-flow wp-block-column-is-layout-flow\">\n<figure class=\"wp-block-image size-full\"><img loading=\"lazy\" decoding=\"async\" width=\"1024\" height=\"392\" src=\"https:\/\/www.ewigerbund.org\/sachsen\/wp-content\/uploads\/sites\/14\/2022\/12\/Vorschau-19Jhd.jpg\" alt=\"\" class=\"wp-image-858\" srcset=\"https:\/\/www.ewigerbund.org\/sachsen\/wp-content\/uploads\/sites\/14\/2022\/12\/Vorschau-19Jhd.jpg 1024w, https:\/\/www.ewigerbund.org\/sachsen\/wp-content\/uploads\/sites\/14\/2022\/12\/Vorschau-19Jhd-300x115.jpg 300w, https:\/\/www.ewigerbund.org\/sachsen\/wp-content\/uploads\/sites\/14\/2022\/12\/Vorschau-19Jhd-768x294.jpg 768w\" sizes=\"auto, (max-width: 1024px) 100vw, 1024px\" \/><\/figure>\n\n\n\n<p>Napoleons Streifz\u00fcge und der Eintritt in den ewigen Bund.<\/p>\n\n\n\n<p><a href=\"https:\/\/www.ewigerbund.org\/sachsen\/landesgeschichte\/19-jahrhundert\/\">Mehr erfahren \u2192<\/a><\/p>\n<\/div>\n\n\n\n<div class=\"wp-block-column cat-box-border is-layout-flow wp-block-column-is-layout-flow\">\n<figure class=\"wp-block-image size-full\"><a href=\"https:\/\/www.ewigerbund.org\/sachsen\/landesgeschichte\/20-jahrhundert\/\"><img loading=\"lazy\" decoding=\"async\" width=\"1024\" height=\"392\" src=\"https:\/\/www.ewigerbund.org\/sachsen\/wp-content\/uploads\/sites\/14\/2022\/12\/Vorschau-20Jhd.jpg\" alt=\"\" class=\"wp-image-859\" srcset=\"https:\/\/www.ewigerbund.org\/sachsen\/wp-content\/uploads\/sites\/14\/2022\/12\/Vorschau-20Jhd.jpg 1024w, https:\/\/www.ewigerbund.org\/sachsen\/wp-content\/uploads\/sites\/14\/2022\/12\/Vorschau-20Jhd-300x115.jpg 300w, https:\/\/www.ewigerbund.org\/sachsen\/wp-content\/uploads\/sites\/14\/2022\/12\/Vorschau-20Jhd-768x294.jpg 768w\" sizes=\"auto, (max-width: 1024px) 100vw, 1024px\" \/><\/a><\/figure>\n\n\n\n<p>Starke Umbr\u00fcche im K\u00f6nigreich von Sachsen.<\/p>\n\n\n\n<p><a href=\"https:\/\/www.ewigerbund.org\/sachsen\/landesgeschichte\/20-jahrhundert\/\">Mehr erfahren \u2192<\/a><\/p>\n<\/div>\n<\/div>\n","protected":false},"excerpt":{"rendered":"<p>Zun\u00e4chst soll der vaterl\u00e4ndische Geschichtsunterricht eine genaue Kenntni\u00df der historischen Thatsachen, soweit sie F\u00fcrst und Volk ber\u00fchren, vermitteln; \u2014 ihm ist aber eine noch h\u00f6here Aufgabe gestellt: Er soll auch in den Kindern Liebe zum engeren Vaterlande und zu seinem F\u00fcrstenhause wecken und pflegen; er soll die Kinder als k\u00fcnftige Staatsb\u00fcrger zur Treue gegen F\u00fcrst &#8230; <a title=\"Landesgeschichte.\" class=\"read-more\" href=\"https:\/\/www.ewigerbund.org\/sachsen\/landesgeschichte\/\" aria-label=\"Mehr zu Landesgeschichte.\">Weiterlesen &#8230;<\/a><\/p>\n","protected":false},"author":1,"featured_media":0,"parent":0,"menu_order":2,"comment_status":"closed","ping_status":"closed","template":"","meta":{"footnotes":""},"categories":[14],"tags":[],"class_list":{"0":"post-249","1":"page","2":"type-page","3":"status-publish","5":"category-landesgeschichte"},"yoast_head":"<!-- This site is optimized with the Yoast SEO plugin v23.1 - https:\/\/yoast.com\/wordpress\/plugins\/seo\/ -->\n<title>Landesgeschichte. &#8226; K\u00f6nigreich Sachsen.<\/title>\n<meta name=\"description\" content=\"Zun\u00e4chst soll der vaterl\u00e4ndische Geschichtsunterricht eine genaue Kenntni\u00df der historischen Thatsachen vermitteln.\" \/>\n<meta name=\"robots\" content=\"index, follow, max-snippet:-1, max-image-preview:large, max-video-preview:-1\" \/>\n<link rel=\"canonical\" href=\"https:\/\/www.ewigerbund.org\/sachsen\/landesgeschichte\/\" \/>\n<meta property=\"og:locale\" content=\"de_DE\" \/>\n<meta property=\"og:type\" content=\"article\" \/>\n<meta property=\"og:title\" content=\"Landesgeschichte. &#8226; K\u00f6nigreich Sachsen.\" \/>\n<meta property=\"og:description\" content=\"Zun\u00e4chst soll der vaterl\u00e4ndische Geschichtsunterricht eine genaue Kenntni\u00df der historischen Thatsachen vermitteln.\" \/>\n<meta property=\"og:url\" content=\"https:\/\/www.ewigerbund.org\/sachsen\/landesgeschichte\/\" \/>\n<meta property=\"og:site_name\" content=\"K\u00f6nigreich Sachsen\" \/>\n<meta property=\"article:modified_time\" content=\"2023-10-12T18:07:25+00:00\" \/>\n<meta property=\"og:image\" content=\"https:\/\/www.ewigerbund.org\/sachsen\/wp-content\/uploads\/sites\/14\/2022\/12\/Vorschau-6Jhd.jpg\" \/>\n<meta name=\"twitter:card\" content=\"summary_large_image\" \/>\n<meta name=\"twitter:label1\" content=\"Gesch\u00e4tzte Lesezeit\" \/>\n\t<meta name=\"twitter:data1\" content=\"2\u00a0Minuten\" \/>\n<script type=\"application\/ld+json\" class=\"yoast-schema-graph\">{\"@context\":\"https:\/\/schema.org\",\"@graph\":[{\"@type\":\"WebPage\",\"@id\":\"https:\/\/www.ewigerbund.org\/sachsen\/landesgeschichte\/\",\"url\":\"https:\/\/www.ewigerbund.org\/sachsen\/landesgeschichte\/\",\"name\":\"Landesgeschichte. &#8226; K\u00f6nigreich Sachsen.\",\"isPartOf\":{\"@id\":\"https:\/\/www.ewigerbund.org\/sachsen\/#website\"},\"primaryImageOfPage\":{\"@id\":\"https:\/\/www.ewigerbund.org\/sachsen\/landesgeschichte\/#primaryimage\"},\"image\":{\"@id\":\"https:\/\/www.ewigerbund.org\/sachsen\/landesgeschichte\/#primaryimage\"},\"thumbnailUrl\":\"https:\/\/www.ewigerbund.org\/sachsen\/wp-content\/uploads\/sites\/14\/2022\/12\/Vorschau-6Jhd.jpg\",\"datePublished\":\"2022-11-10T18:49:39+00:00\",\"dateModified\":\"2023-10-12T18:07:25+00:00\",\"description\":\"Zun\u00e4chst soll der vaterl\u00e4ndische Geschichtsunterricht eine genaue Kenntni\u00df der historischen Thatsachen vermitteln.\",\"breadcrumb\":{\"@id\":\"https:\/\/www.ewigerbund.org\/sachsen\/landesgeschichte\/#breadcrumb\"},\"inLanguage\":\"de\",\"potentialAction\":[{\"@type\":\"ReadAction\",\"target\":[\"https:\/\/www.ewigerbund.org\/sachsen\/landesgeschichte\/\"]}]},{\"@type\":\"ImageObject\",\"inLanguage\":\"de\",\"@id\":\"https:\/\/www.ewigerbund.org\/sachsen\/landesgeschichte\/#primaryimage\",\"url\":\"https:\/\/www.ewigerbund.org\/sachsen\/wp-content\/uploads\/sites\/14\/2022\/12\/Vorschau-6Jhd.jpg\",\"contentUrl\":\"https:\/\/www.ewigerbund.org\/sachsen\/wp-content\/uploads\/sites\/14\/2022\/12\/Vorschau-6Jhd.jpg\",\"width\":1024,\"height\":392},{\"@type\":\"BreadcrumbList\",\"@id\":\"https:\/\/www.ewigerbund.org\/sachsen\/landesgeschichte\/#breadcrumb\",\"itemListElement\":[{\"@type\":\"ListItem\",\"position\":1,\"name\":\"Startseite.\",\"item\":\"https:\/\/www.ewigerbund.org\/sachsen\/\"},{\"@type\":\"ListItem\",\"position\":2,\"name\":\"Landesgeschichte.\"}]},{\"@type\":\"WebSite\",\"@id\":\"https:\/\/www.ewigerbund.org\/sachsen\/#website\",\"url\":\"https:\/\/www.ewigerbund.org\/sachsen\/\",\"name\":\"K\u00f6nigreich Sachsen\",\"description\":\"im ewigen Bund.\",\"publisher\":{\"@id\":\"https:\/\/www.ewigerbund.org\/sachsen\/#organization\"},\"potentialAction\":[{\"@type\":\"SearchAction\",\"target\":{\"@type\":\"EntryPoint\",\"urlTemplate\":\"https:\/\/www.ewigerbund.org\/sachsen\/?s={search_term_string}\"},\"query-input\":\"required name=search_term_string\"}],\"inLanguage\":\"de\"},{\"@type\":\"Organization\",\"@id\":\"https:\/\/www.ewigerbund.org\/sachsen\/#organization\",\"name\":\"K\u00f6nigreich Sachsen\",\"url\":\"https:\/\/www.ewigerbund.org\/sachsen\/\",\"logo\":{\"@type\":\"ImageObject\",\"inLanguage\":\"de\",\"@id\":\"https:\/\/www.ewigerbund.org\/sachsen\/#\/schema\/logo\/image\/\",\"url\":\"https:\/\/www.ewigerbund.org\/sachsen\/wp-content\/uploads\/sites\/14\/2022\/11\/cropped-2022-09-10-Logo-EB-Sachsen-Schutzzone_Schatten-transparent-1200px-1.png\",\"contentUrl\":\"https:\/\/www.ewigerbund.org\/sachsen\/wp-content\/uploads\/sites\/14\/2022\/11\/cropped-2022-09-10-Logo-EB-Sachsen-Schutzzone_Schatten-transparent-1200px-1.png\",\"width\":1200,\"height\":1200,\"caption\":\"K\u00f6nigreich Sachsen\"},\"image\":{\"@id\":\"https:\/\/www.ewigerbund.org\/sachsen\/#\/schema\/logo\/image\/\"}}]}<\/script>\n<!-- \/ Yoast SEO plugin. -->","yoast_head_json":{"title":"Landesgeschichte. &#8226; K\u00f6nigreich Sachsen.","description":"Zun\u00e4chst soll der vaterl\u00e4ndische Geschichtsunterricht eine genaue Kenntni\u00df der historischen Thatsachen vermitteln.","robots":{"index":"index","follow":"follow","max-snippet":"max-snippet:-1","max-image-preview":"max-image-preview:large","max-video-preview":"max-video-preview:-1"},"canonical":"https:\/\/www.ewigerbund.org\/sachsen\/landesgeschichte\/","og_locale":"de_DE","og_type":"article","og_title":"Landesgeschichte. &#8226; K\u00f6nigreich Sachsen.","og_description":"Zun\u00e4chst soll der vaterl\u00e4ndische Geschichtsunterricht eine genaue Kenntni\u00df der historischen Thatsachen vermitteln.","og_url":"https:\/\/www.ewigerbund.org\/sachsen\/landesgeschichte\/","og_site_name":"K\u00f6nigreich Sachsen","article_modified_time":"2023-10-12T18:07:25+00:00","og_image":[{"url":"https:\/\/www.ewigerbund.org\/sachsen\/wp-content\/uploads\/sites\/14\/2022\/12\/Vorschau-6Jhd.jpg"}],"twitter_card":"summary_large_image","twitter_misc":{"Gesch\u00e4tzte Lesezeit":"2\u00a0Minuten"},"schema":{"@context":"https:\/\/schema.org","@graph":[{"@type":"WebPage","@id":"https:\/\/www.ewigerbund.org\/sachsen\/landesgeschichte\/","url":"https:\/\/www.ewigerbund.org\/sachsen\/landesgeschichte\/","name":"Landesgeschichte. &#8226; K\u00f6nigreich Sachsen.","isPartOf":{"@id":"https:\/\/www.ewigerbund.org\/sachsen\/#website"},"primaryImageOfPage":{"@id":"https:\/\/www.ewigerbund.org\/sachsen\/landesgeschichte\/#primaryimage"},"image":{"@id":"https:\/\/www.ewigerbund.org\/sachsen\/landesgeschichte\/#primaryimage"},"thumbnailUrl":"https:\/\/www.ewigerbund.org\/sachsen\/wp-content\/uploads\/sites\/14\/2022\/12\/Vorschau-6Jhd.jpg","datePublished":"2022-11-10T18:49:39+00:00","dateModified":"2023-10-12T18:07:25+00:00","description":"Zun\u00e4chst soll der vaterl\u00e4ndische Geschichtsunterricht eine genaue Kenntni\u00df der historischen Thatsachen vermitteln.","breadcrumb":{"@id":"https:\/\/www.ewigerbund.org\/sachsen\/landesgeschichte\/#breadcrumb"},"inLanguage":"de","potentialAction":[{"@type":"ReadAction","target":["https:\/\/www.ewigerbund.org\/sachsen\/landesgeschichte\/"]}]},{"@type":"ImageObject","inLanguage":"de","@id":"https:\/\/www.ewigerbund.org\/sachsen\/landesgeschichte\/#primaryimage","url":"https:\/\/www.ewigerbund.org\/sachsen\/wp-content\/uploads\/sites\/14\/2022\/12\/Vorschau-6Jhd.jpg","contentUrl":"https:\/\/www.ewigerbund.org\/sachsen\/wp-content\/uploads\/sites\/14\/2022\/12\/Vorschau-6Jhd.jpg","width":1024,"height":392},{"@type":"BreadcrumbList","@id":"https:\/\/www.ewigerbund.org\/sachsen\/landesgeschichte\/#breadcrumb","itemListElement":[{"@type":"ListItem","position":1,"name":"Startseite.","item":"https:\/\/www.ewigerbund.org\/sachsen\/"},{"@type":"ListItem","position":2,"name":"Landesgeschichte."}]},{"@type":"WebSite","@id":"https:\/\/www.ewigerbund.org\/sachsen\/#website","url":"https:\/\/www.ewigerbund.org\/sachsen\/","name":"K\u00f6nigreich Sachsen","description":"im ewigen Bund.","publisher":{"@id":"https:\/\/www.ewigerbund.org\/sachsen\/#organization"},"potentialAction":[{"@type":"SearchAction","target":{"@type":"EntryPoint","urlTemplate":"https:\/\/www.ewigerbund.org\/sachsen\/?s={search_term_string}"},"query-input":"required name=search_term_string"}],"inLanguage":"de"},{"@type":"Organization","@id":"https:\/\/www.ewigerbund.org\/sachsen\/#organization","name":"K\u00f6nigreich Sachsen","url":"https:\/\/www.ewigerbund.org\/sachsen\/","logo":{"@type":"ImageObject","inLanguage":"de","@id":"https:\/\/www.ewigerbund.org\/sachsen\/#\/schema\/logo\/image\/","url":"https:\/\/www.ewigerbund.org\/sachsen\/wp-content\/uploads\/sites\/14\/2022\/11\/cropped-2022-09-10-Logo-EB-Sachsen-Schutzzone_Schatten-transparent-1200px-1.png","contentUrl":"https:\/\/www.ewigerbund.org\/sachsen\/wp-content\/uploads\/sites\/14\/2022\/11\/cropped-2022-09-10-Logo-EB-Sachsen-Schutzzone_Schatten-transparent-1200px-1.png","width":1200,"height":1200,"caption":"K\u00f6nigreich Sachsen"},"image":{"@id":"https:\/\/www.ewigerbund.org\/sachsen\/#\/schema\/logo\/image\/"}}]}},"_links":{"self":[{"href":"https:\/\/www.ewigerbund.org\/sachsen\/wp-json\/wp\/v2\/pages\/249","targetHints":{"allow":["GET"]}}],"collection":[{"href":"https:\/\/www.ewigerbund.org\/sachsen\/wp-json\/wp\/v2\/pages"}],"about":[{"href":"https:\/\/www.ewigerbund.org\/sachsen\/wp-json\/wp\/v2\/types\/page"}],"author":[{"embeddable":true,"href":"https:\/\/www.ewigerbund.org\/sachsen\/wp-json\/wp\/v2\/users\/1"}],"replies":[{"embeddable":true,"href":"https:\/\/www.ewigerbund.org\/sachsen\/wp-json\/wp\/v2\/comments?post=249"}],"version-history":[{"count":38,"href":"https:\/\/www.ewigerbund.org\/sachsen\/wp-json\/wp\/v2\/pages\/249\/revisions"}],"predecessor-version":[{"id":2295,"href":"https:\/\/www.ewigerbund.org\/sachsen\/wp-json\/wp\/v2\/pages\/249\/revisions\/2295"}],"wp:attachment":[{"href":"https:\/\/www.ewigerbund.org\/sachsen\/wp-json\/wp\/v2\/media?parent=249"}],"wp:term":[{"taxonomy":"category","embeddable":true,"href":"https:\/\/www.ewigerbund.org\/sachsen\/wp-json\/wp\/v2\/categories?post=249"},{"taxonomy":"post_tag","embeddable":true,"href":"https:\/\/www.ewigerbund.org\/sachsen\/wp-json\/wp\/v2\/tags?post=249"}],"curies":[{"name":"wp","href":"https:\/\/api.w.org\/{rel}","templated":true}]}}