{"id":2479,"date":"2023-11-04T20:46:12","date_gmt":"2023-11-04T19:46:12","guid":{"rendered":"https:\/\/www.ewigerbund.org\/sachsen\/?page_id=2479"},"modified":"2023-11-04T20:54:45","modified_gmt":"2023-11-04T19:54:45","slug":"kriegministerium","status":"publish","type":"page","link":"https:\/\/www.ewigerbund.org\/sachsen\/landesverwaltung\/die-ministerien\/kriegministerium\/","title":{"rendered":"Kriegministerium."},"content":{"rendered":"<div class=\"gb-container gb-container-ea2f3b23\">\n\n<div class=\"wp-block-columns is-layout-flex wp-container-core-columns-is-layout-1 wp-block-columns-is-layout-flex\">\n<div class=\"wp-block-column is-vertically-aligned-bottom is-layout-flow wp-block-column-is-layout-flow\" style=\"flex-basis:33%\">\n<h2 class=\"gb-headline gb-headline-c5087e32 gb-headline-text\">Kriegsministerium.<\/h2>\n<\/div>\n\n\n\n<div class=\"wp-block-column is-layout-flow wp-block-column-is-layout-flow\" style=\"flex-basis:67%\">\n<figure class=\"wp-block-image size-large\"><img loading=\"lazy\" decoding=\"async\" width=\"1024\" height=\"580\" src=\"https:\/\/www.ewigerbund.org\/sachsen\/wp-content\/uploads\/sites\/14\/2023\/09\/1904-AuswaertigeAngelegenheiten-Koenigsufer2-1024x580.jpg\" alt=\"Ministerium Ausw\u00e4rtige Angelegenheiten\" class=\"wp-image-2185\" srcset=\"https:\/\/www.ewigerbund.org\/sachsen\/wp-content\/uploads\/sites\/14\/2023\/09\/1904-AuswaertigeAngelegenheiten-Koenigsufer2-1024x580.jpg 1024w, https:\/\/www.ewigerbund.org\/sachsen\/wp-content\/uploads\/sites\/14\/2023\/09\/1904-AuswaertigeAngelegenheiten-Koenigsufer2-300x170.jpg 300w, https:\/\/www.ewigerbund.org\/sachsen\/wp-content\/uploads\/sites\/14\/2023\/09\/1904-AuswaertigeAngelegenheiten-Koenigsufer2-768x435.jpg 768w, https:\/\/www.ewigerbund.org\/sachsen\/wp-content\/uploads\/sites\/14\/2023\/09\/1904-AuswaertigeAngelegenheiten-Koenigsufer2-1536x871.jpg 1536w, https:\/\/www.ewigerbund.org\/sachsen\/wp-content\/uploads\/sites\/14\/2023\/09\/1904-AuswaertigeAngelegenheiten-Koenigsufer2.jpg 1745w\" sizes=\"auto, (max-width: 1024px) 100vw, 1024px\" \/><\/figure>\n<\/div>\n<\/div>\n\n<\/div>\n\n\n<div class=\"wp-block-columns is-layout-flex wp-container-core-columns-is-layout-2 wp-block-columns-is-layout-flex\">\n<div class=\"wp-block-column cat-box-border has-base-2-background-color has-background is-layout-flow wp-block-column-is-layout-flow\" style=\"flex-basis:33.33%\">\n<p class=\"has-small-font-size\">Sitz: Neust\u00e4dter Markt 14 in Dresden.<\/p>\n\n\n\n<hr class=\"wp-block-separator has-text-color has-base-3-color has-alpha-channel-opacity has-base-3-background-color has-background\"\/>\n\n\n\n<p>\u00dcbergeordnete Beh\u00f6rden.<\/p>\n\n\n\n<p class=\"gb-headline gb-headline-f6a63211 gb-headline-text\"><a href=\"https:\/\/www.ewigerbund.org\/sachsen\/landesverwaltung\/staatsoberhaupt\/\">K\u00f6nig \u2192<\/a><br><a href=\"https:\/\/www.ewigerbund.org\/sachsen\/landesverwaltung\/die-ministerien\/das-gesamtministerium\/\">Gesamtministerium \u2192<\/a><\/p>\n\n\n\n<hr class=\"wp-block-separator has-text-color has-base-3-color has-alpha-channel-opacity has-base-3-background-color has-background\"\/>\n\n\n\n<p>Verantwortlicher und Leitung der Beh\u00f6rde.<\/p>\n\n\n\n<p class=\"gb-headline gb-headline-d0eeae2c gb-headline-text\">Staatsminister.<\/p>\n\n\n\n<hr class=\"wp-block-separator has-text-color has-base-3-color has-alpha-channel-opacity has-base-3-background-color has-background\"\/>\n<\/div>\n\n\n\n<div class=\"wp-block-column is-layout-flow wp-block-column-is-layout-flow\" style=\"flex-basis:66.66%\">\n<h2 class=\"wp-block-heading\">Wirkungskreis des Kriegsministeriums.<\/h2>\n\n\n\n<p>Das Ministerium gliedert sich in f\u00fcnf Abteilungen.<\/p>\n\n\n\n<ul class=\"wp-block-list\">\n<li><strong>Allgemeine Armeeabteilung<\/strong><br>Organisation der Armee in Krieg und Frieden<\/li>\n\n\n\n<li><strong>Armeeverwaltungsabteilung<\/strong><br>Etats- und Rechnungswesen, Angelegenheiten des Kriegszahlamtes<\/li>\n\n\n\n<li><strong>Justiz- und Versorgungsabteilung<\/strong><br>Milit\u00e4rjustizwesen (insbesondere Strafvollstreckungs-, Straferlass-, Begnadigungs- und Auslieferungsangelegenheiten etc.)<\/li>\n\n\n\n<li><strong>Abteilung f\u00fcr die pers\u00f6nlichen Angelegenheiten<\/strong><br>Erg\u00e4nzung der Offiziere des Friedensstandes im Allgemeinen, Personalangelegenheiten der Offiziere, F\u00e4hnriche und Fahnenjunker<\/li>\n\n\n\n<li><strong>Medizinalabteilung<\/strong><br>Leitung des Sanit\u00e4tsdienstes der Armee<\/li>\n<\/ul>\n\n\n\n<h2 class=\"wp-block-heading\">Personal im Kriegsministerium.<\/h2>\n\n\n\n<p>Die wichtigsten Personalien sind:<\/p>\n\n\n\n<ul class=\"wp-block-list\">\n<li>Staatsminister<\/li>\n\n\n\n<li>Abteilungschefs<\/li>\n\n\n\n<li>R\u00e4te<\/li>\n\n\n\n<li>Milit\u00e4rbevollm\u00e4chtigter in Berlin<\/li>\n\n\n\n<li>Generalstab<\/li>\n\n\n\n<li>Adjutanten der K\u00f6niglichen Prinzen<\/li>\n\n\n\n<li>Zahlmeister<\/li>\n\n\n\n<li>Offiziere<\/li>\n\n\n\n<li>Stabs\u00e4rzte etc.<\/li>\n<\/ul>\n\n\n\n<h2 class=\"wp-block-heading\">Die Armeeeinteilung.<\/h2>\n\n\n\n<ul class=\"wp-block-list\">\n<li>1. K\u00f6nigl. S\u00e4chs. Armeekorps<\/li>\n\n\n\n<li>2. K\u00f6nigl. S\u00e4chs. Armeekorps<\/li>\n\n\n\n<li>Division Nr. 23, 32, 24, 40<\/li>\n\n\n\n<li>Infanterie-Brigaden Nr. 45, 46, 63, 64, 48, 88, 89<\/li>\n\n\n\n<li>Kavallerie-Brigade Nr. 23, 32, 24, 40<\/li>\n\n\n\n<li>Feldartillerie-Brigade Nr. 23, 32, 24, 40<\/li>\n\n\n\n<li>Landwehr-Inspektion Dresden<\/li>\n\n\n\n<li>Kommando der Pioniere<\/li>\n\n\n\n<li>Kommando der Trains<\/li>\n\n\n\n<li>Kommandanturen und Garnisonskommandos<br>Infanterieregimenter, Kavallerie etc.<\/li>\n<\/ul>\n<\/div>\n<\/div>\n\n\n\n<hr class=\"wp-block-separator has-alpha-channel-opacity is-style-dots\"\/>\n\n\n<div class=\"gb-button-wrapper gb-button-wrapper-a77a3ec2\">\n\n<a class=\"gb-button gb-button-b6291ce5\" href=\"javascript:history.back();\"><span class=\"gb-icon\"><svg aria-hidden=\"true\" role=\"img\" height=\"1em\" width=\"1em\" viewBox=\"0 0 256 512\" xmlns=\"http:\/\/www.w3.org\/2000\/svg\"><path fill=\"currentColor\" d=\"M31.7 239l136-136c9.4-9.4 24.6-9.4 33.9 0l22.6 22.6c9.4 9.4 9.4 24.6 0 33.9L127.9 256l96.4 96.4c9.4 9.4 9.4 24.6 0 33.9L201.7 409c-9.4 9.4-24.6 9.4-33.9 0l-136-136c-9.5-9.4-9.5-24.6-.1-34z\"><\/path><\/svg><\/span><span class=\"gb-button-text\">Zur\u00fcck.<\/span><\/a>\n\n\n\n<a class=\"gb-button gb-button-edfd6d5b\" href=\"https:\/\/www.ewigerbund.org\/sachsen\/landesverwaltung\/die-ministerien\/\"><span class=\"gb-button-text\">\u00dcbersicht Ministerien.<\/span><span class=\"gb-icon\"><svg aria-hidden=\"true\" role=\"img\" height=\"1em\" width=\"1em\" viewBox=\"0 0 256 512\" xmlns=\"http:\/\/www.w3.org\/2000\/svg\"><path fill=\"currentColor\" d=\"M224.3 273l-136 136c-9.4 9.4-24.6 9.4-33.9 0l-22.6-22.6c-9.4-9.4-9.4-24.6 0-33.9l96.4-96.4-96.4-96.4c-9.4-9.4-9.4-24.6 0-33.9L54.3 103c9.4-9.4 24.6-9.4 33.9 0l136 136c9.5 9.4 9.5 24.6.1 34z\"><\/path><\/svg><\/span><\/a>\n\n<\/div>\n\n\n<p><strong>Quellangaben und Verweise.<\/strong><br><sub>Aus: Staatshandbuch.<br>Quelle:<\/sub><\/p>\n\n\n\n<div style=\"height:100px\" aria-hidden=\"true\" class=\"wp-block-spacer\"><\/div>\n\n\n\n<p><\/p>\n","protected":false},"excerpt":{"rendered":"<p>Kriegsministerium. Sitz: Neust\u00e4dter Markt 14 in Dresden. \u00dcbergeordnete Beh\u00f6rden. K\u00f6nig \u2192Gesamtministerium \u2192 Verantwortlicher und Leitung der Beh\u00f6rde. Staatsminister. Wirkungskreis des Kriegsministeriums. Das Ministerium gliedert sich in f\u00fcnf Abteilungen. Personal im Kriegsministerium. Die wichtigsten Personalien sind: Die Armeeeinteilung. Quellangaben und Verweise.Aus: Staatshandbuch.Quelle:<\/p>\n","protected":false},"author":1,"featured_media":2184,"parent":2180,"menu_order":0,"comment_status":"closed","ping_status":"closed","template":"","meta":{"footnotes":""},"categories":[252],"tags":[],"class_list":{"0":"post-2479","1":"page","2":"type-page","3":"status-publish","4":"has-post-thumbnail","6":"category-landesverwaltung-2"},"yoast_head":"<!-- This site is optimized with the Yoast SEO plugin v23.1 - https:\/\/yoast.com\/wordpress\/plugins\/seo\/ -->\n<title>Kriegministerium. &#8226; K\u00f6nigreich Sachsen.<\/title>\n<meta name=\"description\" content=\"Das Kriegministerium ist f\u00fcr die Organisation und Verwaltung sowie die medizinische Versorgung der Armee des K\u00f6nigreichs Sachsen zust\u00e4ndig.\" \/>\n<meta name=\"robots\" content=\"index, follow, max-snippet:-1, max-image-preview:large, max-video-preview:-1\" \/>\n<link rel=\"canonical\" href=\"https:\/\/www.ewigerbund.org\/sachsen\/landesverwaltung\/die-ministerien\/kriegministerium\/\" \/>\n<meta property=\"og:locale\" content=\"de_DE\" \/>\n<meta property=\"og:type\" content=\"article\" \/>\n<meta property=\"og:title\" content=\"Kriegministerium. &#8226; K\u00f6nigreich Sachsen.\" \/>\n<meta property=\"og:description\" content=\"Das Kriegministerium ist f\u00fcr die Organisation und Verwaltung sowie die medizinische Versorgung der Armee des K\u00f6nigreichs Sachsen zust\u00e4ndig.\" \/>\n<meta property=\"og:url\" content=\"https:\/\/www.ewigerbund.org\/sachsen\/landesverwaltung\/die-ministerien\/kriegministerium\/\" \/>\n<meta property=\"og:site_name\" content=\"K\u00f6nigreich Sachsen\" \/>\n<meta property=\"article:modified_time\" content=\"2023-11-04T19:54:45+00:00\" \/>\n<meta property=\"og:image\" content=\"https:\/\/www.ewigerbund.org\/sachsen\/wp-content\/uploads\/sites\/14\/2023\/09\/1900-Kriegsministerium-NeustaedterMarkt14.jpg\" \/>\n\t<meta property=\"og:image:width\" content=\"1745\" \/>\n\t<meta property=\"og:image:height\" content=\"989\" \/>\n\t<meta property=\"og:image:type\" content=\"image\/jpeg\" \/>\n<meta name=\"twitter:card\" content=\"summary_large_image\" \/>\n<meta name=\"twitter:label1\" content=\"Gesch\u00e4tzte Lesezeit\" \/>\n\t<meta name=\"twitter:data1\" content=\"2\u00a0Minuten\" \/>\n<script type=\"application\/ld+json\" class=\"yoast-schema-graph\">{\"@context\":\"https:\/\/schema.org\",\"@graph\":[{\"@type\":\"WebPage\",\"@id\":\"https:\/\/www.ewigerbund.org\/sachsen\/landesverwaltung\/die-ministerien\/kriegministerium\/\",\"url\":\"https:\/\/www.ewigerbund.org\/sachsen\/landesverwaltung\/die-ministerien\/kriegministerium\/\",\"name\":\"Kriegministerium. &#8226; K\u00f6nigreich Sachsen.\",\"isPartOf\":{\"@id\":\"https:\/\/www.ewigerbund.org\/sachsen\/#website\"},\"primaryImageOfPage\":{\"@id\":\"https:\/\/www.ewigerbund.org\/sachsen\/landesverwaltung\/die-ministerien\/kriegministerium\/#primaryimage\"},\"image\":{\"@id\":\"https:\/\/www.ewigerbund.org\/sachsen\/landesverwaltung\/die-ministerien\/kriegministerium\/#primaryimage\"},\"thumbnailUrl\":\"https:\/\/www.ewigerbund.org\/sachsen\/wp-content\/uploads\/sites\/14\/2023\/09\/1900-Kriegsministerium-NeustaedterMarkt14.jpg\",\"datePublished\":\"2023-11-04T19:46:12+00:00\",\"dateModified\":\"2023-11-04T19:54:45+00:00\",\"description\":\"Das Kriegministerium ist f\u00fcr die Organisation und Verwaltung sowie die medizinische Versorgung der Armee des K\u00f6nigreichs Sachsen zust\u00e4ndig.\",\"breadcrumb\":{\"@id\":\"https:\/\/www.ewigerbund.org\/sachsen\/landesverwaltung\/die-ministerien\/kriegministerium\/#breadcrumb\"},\"inLanguage\":\"de\",\"potentialAction\":[{\"@type\":\"ReadAction\",\"target\":[\"https:\/\/www.ewigerbund.org\/sachsen\/landesverwaltung\/die-ministerien\/kriegministerium\/\"]}]},{\"@type\":\"ImageObject\",\"inLanguage\":\"de\",\"@id\":\"https:\/\/www.ewigerbund.org\/sachsen\/landesverwaltung\/die-ministerien\/kriegministerium\/#primaryimage\",\"url\":\"https:\/\/www.ewigerbund.org\/sachsen\/wp-content\/uploads\/sites\/14\/2023\/09\/1900-Kriegsministerium-NeustaedterMarkt14.jpg\",\"contentUrl\":\"https:\/\/www.ewigerbund.org\/sachsen\/wp-content\/uploads\/sites\/14\/2023\/09\/1900-Kriegsministerium-NeustaedterMarkt14.jpg\",\"width\":1745,\"height\":989,\"caption\":\"Kriegsminiterium im K\u00f6nigreich Sachsen\"},{\"@type\":\"BreadcrumbList\",\"@id\":\"https:\/\/www.ewigerbund.org\/sachsen\/landesverwaltung\/die-ministerien\/kriegministerium\/#breadcrumb\",\"itemListElement\":[{\"@type\":\"ListItem\",\"position\":1,\"name\":\"Startseite.\",\"item\":\"https:\/\/www.ewigerbund.org\/sachsen\/\"},{\"@type\":\"ListItem\",\"position\":2,\"name\":\"Landesverwaltung.\",\"item\":\"https:\/\/www.ewigerbund.org\/sachsen\/landesverwaltung\/\"},{\"@type\":\"ListItem\",\"position\":3,\"name\":\"Die Ministerien.\",\"item\":\"https:\/\/www.ewigerbund.org\/sachsen\/landesverwaltung\/die-ministerien\/\"},{\"@type\":\"ListItem\",\"position\":4,\"name\":\"Kriegministerium.\"}]},{\"@type\":\"WebSite\",\"@id\":\"https:\/\/www.ewigerbund.org\/sachsen\/#website\",\"url\":\"https:\/\/www.ewigerbund.org\/sachsen\/\",\"name\":\"K\u00f6nigreich Sachsen\",\"description\":\"im ewigen Bund.\",\"publisher\":{\"@id\":\"https:\/\/www.ewigerbund.org\/sachsen\/#organization\"},\"potentialAction\":[{\"@type\":\"SearchAction\",\"target\":{\"@type\":\"EntryPoint\",\"urlTemplate\":\"https:\/\/www.ewigerbund.org\/sachsen\/?s={search_term_string}\"},\"query-input\":\"required name=search_term_string\"}],\"inLanguage\":\"de\"},{\"@type\":\"Organization\",\"@id\":\"https:\/\/www.ewigerbund.org\/sachsen\/#organization\",\"name\":\"K\u00f6nigreich Sachsen\",\"url\":\"https:\/\/www.ewigerbund.org\/sachsen\/\",\"logo\":{\"@type\":\"ImageObject\",\"inLanguage\":\"de\",\"@id\":\"https:\/\/www.ewigerbund.org\/sachsen\/#\/schema\/logo\/image\/\",\"url\":\"https:\/\/www.ewigerbund.org\/sachsen\/wp-content\/uploads\/sites\/14\/2022\/11\/cropped-2022-09-10-Logo-EB-Sachsen-Schutzzone_Schatten-transparent-1200px-1.png\",\"contentUrl\":\"https:\/\/www.ewigerbund.org\/sachsen\/wp-content\/uploads\/sites\/14\/2022\/11\/cropped-2022-09-10-Logo-EB-Sachsen-Schutzzone_Schatten-transparent-1200px-1.png\",\"width\":1200,\"height\":1200,\"caption\":\"K\u00f6nigreich Sachsen\"},\"image\":{\"@id\":\"https:\/\/www.ewigerbund.org\/sachsen\/#\/schema\/logo\/image\/\"}}]}<\/script>\n<!-- \/ Yoast SEO plugin. -->","yoast_head_json":{"title":"Kriegministerium. &#8226; K\u00f6nigreich Sachsen.","description":"Das Kriegministerium ist f\u00fcr die Organisation und Verwaltung sowie die medizinische Versorgung der Armee des K\u00f6nigreichs Sachsen zust\u00e4ndig.","robots":{"index":"index","follow":"follow","max-snippet":"max-snippet:-1","max-image-preview":"max-image-preview:large","max-video-preview":"max-video-preview:-1"},"canonical":"https:\/\/www.ewigerbund.org\/sachsen\/landesverwaltung\/die-ministerien\/kriegministerium\/","og_locale":"de_DE","og_type":"article","og_title":"Kriegministerium. &#8226; K\u00f6nigreich Sachsen.","og_description":"Das Kriegministerium ist f\u00fcr die Organisation und Verwaltung sowie die medizinische Versorgung der Armee des K\u00f6nigreichs Sachsen zust\u00e4ndig.","og_url":"https:\/\/www.ewigerbund.org\/sachsen\/landesverwaltung\/die-ministerien\/kriegministerium\/","og_site_name":"K\u00f6nigreich Sachsen","article_modified_time":"2023-11-04T19:54:45+00:00","og_image":[{"width":1745,"height":989,"url":"https:\/\/www.ewigerbund.org\/sachsen\/wp-content\/uploads\/sites\/14\/2023\/09\/1900-Kriegsministerium-NeustaedterMarkt14.jpg","type":"image\/jpeg"}],"twitter_card":"summary_large_image","twitter_misc":{"Gesch\u00e4tzte Lesezeit":"2\u00a0Minuten"},"schema":{"@context":"https:\/\/schema.org","@graph":[{"@type":"WebPage","@id":"https:\/\/www.ewigerbund.org\/sachsen\/landesverwaltung\/die-ministerien\/kriegministerium\/","url":"https:\/\/www.ewigerbund.org\/sachsen\/landesverwaltung\/die-ministerien\/kriegministerium\/","name":"Kriegministerium. &#8226; K\u00f6nigreich Sachsen.","isPartOf":{"@id":"https:\/\/www.ewigerbund.org\/sachsen\/#website"},"primaryImageOfPage":{"@id":"https:\/\/www.ewigerbund.org\/sachsen\/landesverwaltung\/die-ministerien\/kriegministerium\/#primaryimage"},"image":{"@id":"https:\/\/www.ewigerbund.org\/sachsen\/landesverwaltung\/die-ministerien\/kriegministerium\/#primaryimage"},"thumbnailUrl":"https:\/\/www.ewigerbund.org\/sachsen\/wp-content\/uploads\/sites\/14\/2023\/09\/1900-Kriegsministerium-NeustaedterMarkt14.jpg","datePublished":"2023-11-04T19:46:12+00:00","dateModified":"2023-11-04T19:54:45+00:00","description":"Das Kriegministerium ist f\u00fcr die Organisation und Verwaltung sowie die medizinische Versorgung der Armee des K\u00f6nigreichs Sachsen zust\u00e4ndig.","breadcrumb":{"@id":"https:\/\/www.ewigerbund.org\/sachsen\/landesverwaltung\/die-ministerien\/kriegministerium\/#breadcrumb"},"inLanguage":"de","potentialAction":[{"@type":"ReadAction","target":["https:\/\/www.ewigerbund.org\/sachsen\/landesverwaltung\/die-ministerien\/kriegministerium\/"]}]},{"@type":"ImageObject","inLanguage":"de","@id":"https:\/\/www.ewigerbund.org\/sachsen\/landesverwaltung\/die-ministerien\/kriegministerium\/#primaryimage","url":"https:\/\/www.ewigerbund.org\/sachsen\/wp-content\/uploads\/sites\/14\/2023\/09\/1900-Kriegsministerium-NeustaedterMarkt14.jpg","contentUrl":"https:\/\/www.ewigerbund.org\/sachsen\/wp-content\/uploads\/sites\/14\/2023\/09\/1900-Kriegsministerium-NeustaedterMarkt14.jpg","width":1745,"height":989,"caption":"Kriegsminiterium im K\u00f6nigreich Sachsen"},{"@type":"BreadcrumbList","@id":"https:\/\/www.ewigerbund.org\/sachsen\/landesverwaltung\/die-ministerien\/kriegministerium\/#breadcrumb","itemListElement":[{"@type":"ListItem","position":1,"name":"Startseite.","item":"https:\/\/www.ewigerbund.org\/sachsen\/"},{"@type":"ListItem","position":2,"name":"Landesverwaltung.","item":"https:\/\/www.ewigerbund.org\/sachsen\/landesverwaltung\/"},{"@type":"ListItem","position":3,"name":"Die Ministerien.","item":"https:\/\/www.ewigerbund.org\/sachsen\/landesverwaltung\/die-ministerien\/"},{"@type":"ListItem","position":4,"name":"Kriegministerium."}]},{"@type":"WebSite","@id":"https:\/\/www.ewigerbund.org\/sachsen\/#website","url":"https:\/\/www.ewigerbund.org\/sachsen\/","name":"K\u00f6nigreich Sachsen","description":"im ewigen Bund.","publisher":{"@id":"https:\/\/www.ewigerbund.org\/sachsen\/#organization"},"potentialAction":[{"@type":"SearchAction","target":{"@type":"EntryPoint","urlTemplate":"https:\/\/www.ewigerbund.org\/sachsen\/?s={search_term_string}"},"query-input":"required name=search_term_string"}],"inLanguage":"de"},{"@type":"Organization","@id":"https:\/\/www.ewigerbund.org\/sachsen\/#organization","name":"K\u00f6nigreich Sachsen","url":"https:\/\/www.ewigerbund.org\/sachsen\/","logo":{"@type":"ImageObject","inLanguage":"de","@id":"https:\/\/www.ewigerbund.org\/sachsen\/#\/schema\/logo\/image\/","url":"https:\/\/www.ewigerbund.org\/sachsen\/wp-content\/uploads\/sites\/14\/2022\/11\/cropped-2022-09-10-Logo-EB-Sachsen-Schutzzone_Schatten-transparent-1200px-1.png","contentUrl":"https:\/\/www.ewigerbund.org\/sachsen\/wp-content\/uploads\/sites\/14\/2022\/11\/cropped-2022-09-10-Logo-EB-Sachsen-Schutzzone_Schatten-transparent-1200px-1.png","width":1200,"height":1200,"caption":"K\u00f6nigreich Sachsen"},"image":{"@id":"https:\/\/www.ewigerbund.org\/sachsen\/#\/schema\/logo\/image\/"}}]}},"_links":{"self":[{"href":"https:\/\/www.ewigerbund.org\/sachsen\/wp-json\/wp\/v2\/pages\/2479","targetHints":{"allow":["GET"]}}],"collection":[{"href":"https:\/\/www.ewigerbund.org\/sachsen\/wp-json\/wp\/v2\/pages"}],"about":[{"href":"https:\/\/www.ewigerbund.org\/sachsen\/wp-json\/wp\/v2\/types\/page"}],"author":[{"embeddable":true,"href":"https:\/\/www.ewigerbund.org\/sachsen\/wp-json\/wp\/v2\/users\/1"}],"replies":[{"embeddable":true,"href":"https:\/\/www.ewigerbund.org\/sachsen\/wp-json\/wp\/v2\/comments?post=2479"}],"version-history":[{"count":3,"href":"https:\/\/www.ewigerbund.org\/sachsen\/wp-json\/wp\/v2\/pages\/2479\/revisions"}],"predecessor-version":[{"id":2489,"href":"https:\/\/www.ewigerbund.org\/sachsen\/wp-json\/wp\/v2\/pages\/2479\/revisions\/2489"}],"up":[{"embeddable":true,"href":"https:\/\/www.ewigerbund.org\/sachsen\/wp-json\/wp\/v2\/pages\/2180"}],"wp:featuredmedia":[{"embeddable":true,"href":"https:\/\/www.ewigerbund.org\/sachsen\/wp-json\/wp\/v2\/media\/2184"}],"wp:attachment":[{"href":"https:\/\/www.ewigerbund.org\/sachsen\/wp-json\/wp\/v2\/media?parent=2479"}],"wp:term":[{"taxonomy":"category","embeddable":true,"href":"https:\/\/www.ewigerbund.org\/sachsen\/wp-json\/wp\/v2\/categories?post=2479"},{"taxonomy":"post_tag","embeddable":true,"href":"https:\/\/www.ewigerbund.org\/sachsen\/wp-json\/wp\/v2\/tags?post=2479"}],"curies":[{"name":"wp","href":"https:\/\/api.w.org\/{rel}","templated":true}]}}