{"id":1705,"date":"2023-12-18T20:29:19","date_gmt":"2023-12-18T19:29:19","guid":{"rendered":"https:\/\/www.ewigerbund.org\/sachsen\/?page_id=1705"},"modified":"2023-12-18T20:29:20","modified_gmt":"2023-12-18T19:29:20","slug":"familie-georg","status":"publish","type":"page","link":"https:\/\/www.ewigerbund.org\/sachsen\/das-koenigshaus\/sachsen-koenige\/familie-georg\/","title":{"rendered":"Familie Georg von Sachsen."},"content":{"rendered":"\n<figure class=\"wp-block-video\"><video controls poster=\"https:\/\/www.ewigerbund.org\/sachsen\/wp-content\/uploads\/sites\/14\/2023\/12\/Startbild-Familie-Georg-1745x989px.jpg\" src=\"https:\/\/odysee.com\/$\/download\/sachsenskoenige-low-bit_Full-HD-1080p_LOW_FR30\/527c0e633207387d1c57ed389f1271c2457a7de8\"><\/video><\/figure>\n\n\n\n<h2 class=\"wp-block-heading\">Die Eheleute und K\u00f6nigspaar.<\/h2>\n\n\n\n<h3 class=\"wp-block-heading has-accent-color has-text-color\">K\u00f6nig Georg von Sachsen.<\/h3>\n\n\n\n<p><strong>K\u00f6nig Georg: 1902 bis 1904.<\/strong><\/p>\n\n\n\n<div class=\"wp-block-columns cat-box-border is-layout-flex wp-container-core-columns-is-layout-1 wp-block-columns-is-layout-flex\">\n<div class=\"wp-block-column is-vertically-aligned-center is-layout-flow wp-block-column-is-layout-flow\" style=\"flex-basis:30%\">\n<figure class=\"wp-block-image size-full\"><img loading=\"lazy\" decoding=\"async\" width=\"1000\" height=\"1000\" src=\"https:\/\/www.ewigerbund.org\/sachsen\/wp-content\/uploads\/sites\/14\/2023\/07\/KH-Portraet-KoenigGeorge-1900.jpg\" alt=\"\" class=\"wp-image-1740\" srcset=\"https:\/\/www.ewigerbund.org\/sachsen\/wp-content\/uploads\/sites\/14\/2023\/07\/KH-Portraet-KoenigGeorge-1900.jpg 1000w, https:\/\/www.ewigerbund.org\/sachsen\/wp-content\/uploads\/sites\/14\/2023\/07\/KH-Portraet-KoenigGeorge-1900-300x300.jpg 300w, https:\/\/www.ewigerbund.org\/sachsen\/wp-content\/uploads\/sites\/14\/2023\/07\/KH-Portraet-KoenigGeorge-1900-150x150.jpg 150w, https:\/\/www.ewigerbund.org\/sachsen\/wp-content\/uploads\/sites\/14\/2023\/07\/KH-Portraet-KoenigGeorge-1900-768x768.jpg 768w\" sizes=\"auto, (max-width: 1000px) 100vw, 1000px\" \/><\/figure>\n<\/div>\n\n\n\n<div class=\"wp-block-column is-vertically-aligned-bottom is-layout-flow wp-block-column-is-layout-flow\" style=\"flex-basis:60%\">\n<p><sup>Vollst\u00e4ndiger Name<\/sup><br>Friedrich August Georg Ludwig Wilhelm Maximilian Karl Maria Nepomuk Baptist Xaver Cyriacus Romanus von Sachsen<\/p>\n\n\n\n<p>* 8. August 1832 in Pillnitz<br>\u2020 15. Oktober 1904 in Pillnitz<\/p>\n<\/div>\n<\/div>\n\n\n\n<p>Georg wurde als dritter Sohn von Prinz Johann von Sachsen und Prinzessin Amalie von Bayern geboren. Er hatte gro\u00dfe Neigung f\u00fcr Kunst, Wissenschaft und Musik und mit einer angenehmen Stimme liebt er den Gesang. Besonders bevorzugte er die Pflege der s\u00e4chsischen Landesgeschichte und Kunstdenkm\u00e4ler. 1854 \u00fcbernahm er den Vorsitz im K\u00f6niglichen S\u00e4chsischen Altertumsverein.<\/p>\n\n\n\n<p>Seine Berufung galt dem Milit\u00e4r. Seine Laufbahn begann er als Leutnant im 2. Infanterie Regiment bis zum Generalleutnant der Infanterie und Kommandierender General des XII. Armeekorps in der Zeit von 1873 bis 1902.<\/p>\n\n\n\n<p>Kaiser Wilhelm II. hat den Prinzen Georg 1888 f\u00fcr seine Verdienste in Krieg und Frieden dadurch anerkannt, da\u00df er ihn zum Generalfeldmarschall und zum Generalinspekteur der Armeekorps ernannte.<\/p>\n\n\n\n<hr class=\"wp-block-separator has-alpha-channel-opacity is-style-dots\"\/>\n\n\n\n<h3 class=\"wp-block-heading has-accent-color has-text-color\">Infantin <a href=\"https:\/\/de.wikipedia.org\/wiki\/Maria_Anna_von_Portugal_(1843%E2%80%931884)\">Maria Ann<\/a>a.<\/h3>\n\n\n\n<p><strong>K\u00f6nigin Maria: 1902 bis 1904.<\/strong><\/p>\n\n\n\n<div class=\"wp-block-columns cat-box-border is-layout-flex wp-container-core-columns-is-layout-2 wp-block-columns-is-layout-flex\">\n<div class=\"wp-block-column is-vertically-aligned-center is-layout-flow wp-block-column-is-layout-flow\" style=\"flex-basis:30%\">\n<figure class=\"wp-block-image size-full\"><img loading=\"lazy\" decoding=\"async\" width=\"1000\" height=\"1000\" src=\"https:\/\/www.ewigerbund.org\/sachsen\/wp-content\/uploads\/sites\/14\/2023\/06\/KH-Portraet-KoeniginMariaAnna-1902-1904.jpg\" alt=\"\" class=\"wp-image-1692\" srcset=\"https:\/\/www.ewigerbund.org\/sachsen\/wp-content\/uploads\/sites\/14\/2023\/06\/KH-Portraet-KoeniginMariaAnna-1902-1904.jpg 1000w, https:\/\/www.ewigerbund.org\/sachsen\/wp-content\/uploads\/sites\/14\/2023\/06\/KH-Portraet-KoeniginMariaAnna-1902-1904-300x300.jpg 300w, https:\/\/www.ewigerbund.org\/sachsen\/wp-content\/uploads\/sites\/14\/2023\/06\/KH-Portraet-KoeniginMariaAnna-1902-1904-150x150.jpg 150w, https:\/\/www.ewigerbund.org\/sachsen\/wp-content\/uploads\/sites\/14\/2023\/06\/KH-Portraet-KoeniginMariaAnna-1902-1904-768x768.jpg 768w\" sizes=\"auto, (max-width: 1000px) 100vw, 1000px\" \/><\/figure>\n<\/div>\n\n\n\n<div class=\"wp-block-column is-vertically-aligned-bottom is-layout-flow wp-block-column-is-layout-flow\" style=\"flex-basis:60%\">\n<p><sup>Vollst\u00e4ndiger Name<\/sup><br>Maria Anna Fernanda Leopoldina Micaela Rafaela Gabriela Carlota Ant\u00f3nia J\u00falia Vit\u00f3ria Praxedes Francisca de Assis Gonzaga<\/p>\n\n\n\n<p>* 21. Juli 1843 in Lissabon, Portugal<br>\u2020 5. Februar 1884 in Dresden<\/p>\n<\/div>\n<\/div>\n\n\n\n<p>Georg heiratete am 11. Mai 1859 in Lissabon Infantin Maria Anna, geboren am 21. Juli 1843 in Lissabon, Portugal. Die Eheleute hatten viele Gemeinsamkeiten, erfreuten sich an Musik, Malerei und den Werken unserer Dichter und Schriftsteller. Die Familie und ihr Haus waren Maria Annas Gl\u00fcck. Was sie schaffte und trieb, diente dem Familienleben. Ein reiches Feld fand sie in der Wohlt\u00e4tigkeit und war von unersch\u00fctterlicher Wahrheitsliebe. Aus der Ehe gingen acht Kinder hervor. <\/p>\n\n\n\n<p>Sie sagte einmal:<\/p>\n\n\n\n<blockquote class=\"wp-block-quote is-layout-flow wp-block-quote-is-layout-flow\">\n<p>\u201e<em>Ich sehe es als meine Pflicht, mich so viel als m\u00f6glich um die Erziehung meiner Kinder zu k\u00fcmmern und sie so oft es geht um mich zuhaben.<\/em>\u201c <\/p>\n<cite>Maria Anna<\/cite><\/blockquote>\n\n\n\n<p>Maria Anna starb am 5. Februar 1884 an einer schweren Typhuserkrankung in Dresden.<\/p>\n\n\n\n<hr class=\"wp-block-separator has-alpha-channel-opacity is-style-dots\"\/>\n\n\n\n<h2 class=\"wp-block-heading\">K\u00f6nig Georgs Kinder.<\/h2>\n\n\n\n<h3 class=\"gb-headline gb-headline-249930f4 gb-headline-text\">1860. Prinzessin Marie Johanna von Sachsen.<\/h3>\n\n\n\n<div class=\"wp-block-columns cat-box-border is-layout-flex wp-container-core-columns-is-layout-3 wp-block-columns-is-layout-flex\">\n<div class=\"wp-block-column is-vertically-aligned-center is-layout-flow wp-block-column-is-layout-flow\" style=\"flex-basis:30%\"><\/div>\n\n\n\n<div class=\"wp-block-column is-vertically-aligned-center is-layout-flow wp-block-column-is-layout-flow\" style=\"flex-basis:60%\">\n<p><sup>Vollst\u00e4ndiger Name<\/sup><br><strong>Marie Johanna<\/strong> Amalie Ferdinande Antoine Luise Juliane von Sachsen.<\/p>\n\n\n\n<p>* 19. Juni 1860 in Dresden<br>\u2020 2. M\u00e4rz 1861 in Dresden<\/p>\n<\/div>\n<\/div>\n\n\n\n<p>Prinzessin Marie Johanna wurde 19. Juni 1860 in Dresden geboren. Sie starb mit knapp 8 Monaten am<strong> <\/strong>2. M\u00e4rz 1861.<\/p>\n\n\n\n<hr class=\"wp-block-separator has-alpha-channel-opacity is-style-dots\"\/>\n\n\n\n<h3 class=\"gb-headline gb-headline-1a06d088 gb-headline-text\">1862. Prinzessin Elisabeth Albertine von Sachsen.<\/h3>\n\n\n\n<div class=\"wp-block-columns cat-box-border is-layout-flex wp-container-core-columns-is-layout-4 wp-block-columns-is-layout-flex\">\n<div class=\"wp-block-column is-vertically-aligned-center is-layout-flow wp-block-column-is-layout-flow\" style=\"flex-basis:30%\">\n<figure class=\"wp-block-image size-full\"><img loading=\"lazy\" decoding=\"async\" width=\"1000\" height=\"1000\" src=\"https:\/\/www.ewigerbund.org\/sachsen\/wp-content\/uploads\/sites\/14\/2023\/06\/KH-Portraet-Elisabeth-1861.jpg\" alt=\"Prinzessin Elisabeth Albertine mit Mutter Marie Anna\" class=\"wp-image-1689\" srcset=\"https:\/\/www.ewigerbund.org\/sachsen\/wp-content\/uploads\/sites\/14\/2023\/06\/KH-Portraet-Elisabeth-1861.jpg 1000w, https:\/\/www.ewigerbund.org\/sachsen\/wp-content\/uploads\/sites\/14\/2023\/06\/KH-Portraet-Elisabeth-1861-300x300.jpg 300w, https:\/\/www.ewigerbund.org\/sachsen\/wp-content\/uploads\/sites\/14\/2023\/06\/KH-Portraet-Elisabeth-1861-150x150.jpg 150w, https:\/\/www.ewigerbund.org\/sachsen\/wp-content\/uploads\/sites\/14\/2023\/06\/KH-Portraet-Elisabeth-1861-768x768.jpg 768w\" sizes=\"auto, (max-width: 1000px) 100vw, 1000px\" \/><figcaption class=\"wp-element-caption\">Prinzessin Elisabeth Albertine mit Mutter Marie Anna.<\/figcaption><\/figure>\n<\/div>\n\n\n\n<div class=\"wp-block-column is-vertically-aligned-bottom is-layout-flow wp-block-column-is-layout-flow\" style=\"flex-basis:60%\">\n<p><sup>Vollst\u00e4ndiger Name<\/sup><br>Elisabeth Albertine Karoline Sidonie Ferdinande Leopoldine Antonie Auguste Clementine Prinzessin von Sachsen<\/p>\n\n\n\n<p>* 14. Februar 1862 in Dresden<br>\u2020 18. Mai 1863 in Dresden<\/p>\n<\/div>\n<\/div>\n\n\n\n<p>Prinzessin Elisabeth Albertine von Sachsen wurde am 14. Februar 1862 ebenfalls in Dresden geboren. Auch sie starb mit nur 1 Jahr am 18. Mai 1863 in Dresden.<\/p>\n\n\n\n<div class=\"wp-block-columns cat-box-border-hellgrau is-layout-flex wp-container-core-columns-is-layout-5 wp-block-columns-is-layout-flex\">\n<div class=\"wp-block-column is-vertically-aligned-bottom is-layout-flow wp-block-column-is-layout-flow\">\n<p class=\"has-text-align-right\">v.l.n.r. <br>Mathilde, Friedrich August (zuk\u00fcnftiger K\u00f6nig von Sachsen), Maria Josepha, Johann Georg, Maximilian.<\/p>\n<\/div>\n\n\n\n<div class=\"wp-block-column is-layout-flow wp-block-column-is-layout-flow\">\n<figure class=\"wp-block-image size-large\"><img loading=\"lazy\" decoding=\"async\" width=\"1024\" height=\"580\" src=\"https:\/\/www.ewigerbund.org\/sachsen\/wp-content\/uploads\/sites\/14\/2023\/07\/KH-KoenigGeorgeKinder-1024x580.jpg\" alt=\"\" class=\"wp-image-1786\" srcset=\"https:\/\/www.ewigerbund.org\/sachsen\/wp-content\/uploads\/sites\/14\/2023\/07\/KH-KoenigGeorgeKinder-1024x580.jpg 1024w, https:\/\/www.ewigerbund.org\/sachsen\/wp-content\/uploads\/sites\/14\/2023\/07\/KH-KoenigGeorgeKinder-300x170.jpg 300w, https:\/\/www.ewigerbund.org\/sachsen\/wp-content\/uploads\/sites\/14\/2023\/07\/KH-KoenigGeorgeKinder-768x435.jpg 768w, https:\/\/www.ewigerbund.org\/sachsen\/wp-content\/uploads\/sites\/14\/2023\/07\/KH-KoenigGeorgeKinder-1536x871.jpg 1536w, https:\/\/www.ewigerbund.org\/sachsen\/wp-content\/uploads\/sites\/14\/2023\/07\/KH-KoenigGeorgeKinder.jpg 1745w\" sizes=\"auto, (max-width: 1024px) 100vw, 1024px\" \/><\/figure>\n<\/div>\n<\/div>\n\n\n\n<h3 class=\"gb-headline gb-headline-17281dc4 gb-headline-text\">1863. Prinzessin Mathilde von Sachsen.<\/h3>\n\n\n\n<div class=\"wp-block-columns cat-box-border is-layout-flex wp-container-core-columns-is-layout-6 wp-block-columns-is-layout-flex\">\n<div class=\"wp-block-column is-vertically-aligned-center is-layout-flow wp-block-column-is-layout-flow\" style=\"flex-basis:30%\">\n<figure class=\"wp-block-image size-full\"><img loading=\"lazy\" decoding=\"async\" width=\"1000\" height=\"1000\" src=\"https:\/\/www.ewigerbund.org\/sachsen\/wp-content\/uploads\/sites\/14\/2023\/06\/KH-Portraet-Mathilde-und-Marie-Josepha.jpg\" alt=\"Prinzessin Mathilde und Schwester Prinzessin Marie Josepha.\" class=\"wp-image-1693\" srcset=\"https:\/\/www.ewigerbund.org\/sachsen\/wp-content\/uploads\/sites\/14\/2023\/06\/KH-Portraet-Mathilde-und-Marie-Josepha.jpg 1000w, https:\/\/www.ewigerbund.org\/sachsen\/wp-content\/uploads\/sites\/14\/2023\/06\/KH-Portraet-Mathilde-und-Marie-Josepha-300x300.jpg 300w, https:\/\/www.ewigerbund.org\/sachsen\/wp-content\/uploads\/sites\/14\/2023\/06\/KH-Portraet-Mathilde-und-Marie-Josepha-150x150.jpg 150w, https:\/\/www.ewigerbund.org\/sachsen\/wp-content\/uploads\/sites\/14\/2023\/06\/KH-Portraet-Mathilde-und-Marie-Josepha-768x768.jpg 768w\" sizes=\"auto, (max-width: 1000px) 100vw, 1000px\" \/><figcaption class=\"wp-element-caption\">Prinzessin Mathilde und Schwester Prinzessin Marie Josepha.<\/figcaption><\/figure>\n<\/div>\n\n\n\n<div class=\"wp-block-column is-vertically-aligned-bottom is-layout-flow wp-block-column-is-layout-flow\" style=\"flex-basis:60%\">\n<p><sup>Vollst\u00e4ndiger Name<\/sup><br>Mathilde Marie Auguste Viktorie Leopoldine Karoline Luise Franziska Josepha Prinzessin von Sachsen<\/p>\n\n\n\n<p>* 19. M\u00e4rz 1863 in Dresden<br>\u2020 27. M\u00e4rz 1933 in Dresden<\/p>\n<\/div>\n<\/div>\n\n\n\n<p>In herzlicher Kindesliebe hat sie ihr Leben dem Vater Prinz Georg gewidmet. Durch ihr warmes Herz und hohe geistige Bildung wurde die Tochter dem Vater eine treue Begleiterin, sei es bei Ausfl\u00fcgen zu Fu\u00df oder auf dem Pferd in freier Natur. Von den Wissenschaften bevorzugte sie Geschichte und Kunstgeschichte. Auch liebte sie die Musik und spielte mit dem Vater gemeinsam Klavier. Die Prinzessin war aus\u00fcbende K\u00fcnstlerin in der Landschafts- und Historienmalerei, wo sie selbstst\u00e4ndig schaffend arbeitete. <\/p>\n\n\n\n<p>Mathilde starb unverheiratet am 27. M\u00e4rz 1933 mit 70 Jahren. Sie ist in der Neuen Gruft in Dresden beigesetzt.<\/p>\n\n\n\n<hr class=\"wp-block-separator has-alpha-channel-opacity is-style-dots\"\/>\n\n\n\n<h3 class=\"gb-headline gb-headline-30935b0b gb-headline-text\">1865. Prinz Friedrich August von Sachsen.<\/h3>\n\n\n\n<p><strong>K\u00f6nig Friedrich August III.: 1904 bis 1932.<\/strong><\/p>\n\n\n\n<div class=\"wp-block-columns cat-box-border is-layout-flex wp-container-core-columns-is-layout-7 wp-block-columns-is-layout-flex\">\n<div class=\"wp-block-column is-vertically-aligned-center is-layout-flow wp-block-column-is-layout-flow\" style=\"flex-basis:30%\">\n<figure class=\"wp-block-image size-full\"><img loading=\"lazy\" decoding=\"async\" width=\"1000\" height=\"1000\" src=\"https:\/\/www.ewigerbund.org\/sachsen\/wp-content\/uploads\/sites\/14\/2023\/06\/KH-Portrait-Friedrich-August.jpg\" alt=\"\" class=\"wp-image-1696\" srcset=\"https:\/\/www.ewigerbund.org\/sachsen\/wp-content\/uploads\/sites\/14\/2023\/06\/KH-Portrait-Friedrich-August.jpg 1000w, https:\/\/www.ewigerbund.org\/sachsen\/wp-content\/uploads\/sites\/14\/2023\/06\/KH-Portrait-Friedrich-August-300x300.jpg 300w, https:\/\/www.ewigerbund.org\/sachsen\/wp-content\/uploads\/sites\/14\/2023\/06\/KH-Portrait-Friedrich-August-150x150.jpg 150w, https:\/\/www.ewigerbund.org\/sachsen\/wp-content\/uploads\/sites\/14\/2023\/06\/KH-Portrait-Friedrich-August-768x768.jpg 768w\" sizes=\"auto, (max-width: 1000px) 100vw, 1000px\" \/><\/figure>\n<\/div>\n\n\n\n<div class=\"wp-block-column is-vertically-aligned-bottom is-layout-flow wp-block-column-is-layout-flow\">\n<p><sup>Vollst\u00e4ndiger Name<\/sup><br>Friedrich August Johann Ludwig Karl Gustav Gregor Philipp Prinz von Sachsen<\/p>\n\n\n\n<p>* 25. Mai 1865 in Dresden<br>\u2020 18. Februar 1932 auf Schloss Sibyllenort<\/p>\n<\/div>\n<\/div>\n\n\n\n<p>Seine Eigenschaften sind eine schnelle Auffassungsgabe, Zielstrebigkeit, Pflichtbewu\u00dftsein und ein Gem\u00fct wohlwollender, freundlicher Gesinnung. In seiner Passion ist er Soldat und besitzt auf milit\u00e4rischem Gebiet ein taktisch richtiges Empfinden. Er liebt die frische freie Luft, die Jagd und das Reiten. Seine milit\u00e4rische Laufbahn begann er als Leutnant bis hin zur Ernennung des Prinzen zum Generalleutnant im Jahr 1898 und mit dem Rang eines Generalleutnant \u00fcbernahm er 1902 das Kommando des XII. Armeekorps.<\/p>\n\n\n\n<p>Aufgrund der Erkrankung von K\u00f6nig Georg wurde am 14. Oktober 1904 seine K\u00f6nigliche Hoheit Friedrich August zum allerh\u00f6chsten Stellvertreter der Regierungsgesch\u00e4fte bestellt. Bereits am 15. Oktober 1904, in seinem 72. Lebensjahr, verstarb sein Vater, K\u00f6nig Georg, und seine Majest\u00e4t Friedrich August bestieg den Thron der Wettiner.<\/p>\n\n\n\n<p>Aus der Ehe mit Prinzessin Luise von \u00d6sterreich, Toskana, die in Wien am 21. November 1891 geschlossen wurde, gingen sechs Kinder hervor. Prinzessin Luise, die hervorragend begabt war mit dem Volke in freundlicher Weise zu verkehren, verstand es dank ihres Wiener Charmes schnell die s\u00e4chsischen Herzen zu gewinnen. Trotzdem verlie\u00df sie 1903 die Familie f\u00fcr immer und kehrte zun\u00e4chst nach \u00d6sterreich zur\u00fcck. Friedrich August heiratete nicht wieder und zog seine Kinder allein auf. <\/p>\n\n\n\n<p>Friedrich August III. verstarb am 18. Februar 1932 nach kurzer schwerer Krankheit auf Schloss Sibyllenort in Schlesien.<\/p>\n\n\n\n<hr class=\"wp-block-separator has-alpha-channel-opacity is-style-dots\"\/>\n\n\n\n<h3 class=\"gb-headline gb-headline-6fb1b030 gb-headline-text\">1867. Prinzessin Maria Josepha von Sachsen.<\/h3>\n\n\n\n<div class=\"wp-block-columns cat-box-border is-layout-flex wp-container-core-columns-is-layout-8 wp-block-columns-is-layout-flex\">\n<div class=\"wp-block-column is-vertically-aligned-center is-layout-flow wp-block-column-is-layout-flow\" style=\"flex-basis:30%\">\n<figure class=\"wp-block-image size-full\"><img loading=\"lazy\" decoding=\"async\" width=\"1000\" height=\"1000\" src=\"https:\/\/www.ewigerbund.org\/sachsen\/wp-content\/uploads\/sites\/14\/2023\/06\/KH-Portraet-Prinzessin-MariaJosepha.jpg\" alt=\"Prinzessin Maria Josepha\" class=\"wp-image-1695\" srcset=\"https:\/\/www.ewigerbund.org\/sachsen\/wp-content\/uploads\/sites\/14\/2023\/06\/KH-Portraet-Prinzessin-MariaJosepha.jpg 1000w, https:\/\/www.ewigerbund.org\/sachsen\/wp-content\/uploads\/sites\/14\/2023\/06\/KH-Portraet-Prinzessin-MariaJosepha-300x300.jpg 300w, https:\/\/www.ewigerbund.org\/sachsen\/wp-content\/uploads\/sites\/14\/2023\/06\/KH-Portraet-Prinzessin-MariaJosepha-150x150.jpg 150w, https:\/\/www.ewigerbund.org\/sachsen\/wp-content\/uploads\/sites\/14\/2023\/06\/KH-Portraet-Prinzessin-MariaJosepha-768x768.jpg 768w\" sizes=\"auto, (max-width: 1000px) 100vw, 1000px\" \/><\/figure>\n<\/div>\n\n\n\n<div class=\"wp-block-column is-vertically-aligned-bottom is-layout-flow wp-block-column-is-layout-flow\">\n<p><sup>Vollst\u00e4ndiger Name<\/sup><br>Maria Josepha Luise Philippine Elisabeth Pia Angelika Margarete Prinzessin von Sachsen, Erzherzogin von \u00d6sterreich<\/p>\n\n\n\n<p>* 31. Mai 1867 in Dresden<br>\u2020 28. Mai 1944 in Schloss Wildenwart, Chiemgau<\/p>\n<\/div>\n<\/div>\n\n\n\n<p>Maria Josepha heiratete Otto Erzherzog von \u00d6sterreich und war die Mutter des letzten Kaisers von \u00d6sterreich und K\u00f6nigs von Ungarn, Karl I., 1887 in Nieder\u00f6sterreich geboren. 1895 kam in Wien ihr zweiter Sohn Maximilian Eugen zur Welt. <\/p>\n\n\n\n<p>Nach der Ermordung des Thronfolgers Franz Ferdinand im Juni 1914 in Sarajevo trat ihr Sohn Karl die Thronfolge an. Karl bestieg nach dem Tod Kaiser Franz Josef I. im November 1916 den Thron. <\/p>\n\n\n\n<p>Sie verstarb am 28. Mai 1944 in Schloss Wildenwart, Chiemgau.<\/p>\n\n\n\n<hr class=\"wp-block-separator has-alpha-channel-opacity is-style-dots\"\/>\n\n\n\n<h3 class=\"gb-headline gb-headline-2c8532ff gb-headline-text\">1869. Prinz Johann Georg von Sachsen.<\/h3>\n\n\n\n<div class=\"wp-block-columns cat-box-border is-layout-flex wp-container-core-columns-is-layout-9 wp-block-columns-is-layout-flex\">\n<div class=\"wp-block-column is-vertically-aligned-center is-layout-flow wp-block-column-is-layout-flow\" style=\"flex-basis:30%\">\n<figure class=\"wp-block-image size-full\"><img loading=\"lazy\" decoding=\"async\" width=\"1000\" height=\"1000\" src=\"https:\/\/www.ewigerbund.org\/sachsen\/wp-content\/uploads\/sites\/14\/2023\/06\/KH-Portrait-JohannGeorg.jpg\" alt=\"\" class=\"wp-image-1697\" srcset=\"https:\/\/www.ewigerbund.org\/sachsen\/wp-content\/uploads\/sites\/14\/2023\/06\/KH-Portrait-JohannGeorg.jpg 1000w, https:\/\/www.ewigerbund.org\/sachsen\/wp-content\/uploads\/sites\/14\/2023\/06\/KH-Portrait-JohannGeorg-300x300.jpg 300w, https:\/\/www.ewigerbund.org\/sachsen\/wp-content\/uploads\/sites\/14\/2023\/06\/KH-Portrait-JohannGeorg-150x150.jpg 150w, https:\/\/www.ewigerbund.org\/sachsen\/wp-content\/uploads\/sites\/14\/2023\/06\/KH-Portrait-JohannGeorg-768x768.jpg 768w\" sizes=\"auto, (max-width: 1000px) 100vw, 1000px\" \/><\/figure>\n<\/div>\n\n\n\n<div class=\"wp-block-column is-vertically-aligned-bottom is-layout-flow wp-block-column-is-layout-flow\">\n<p><sup>Vollst\u00e4ndiger Name<\/sup><br>Johann Georg Pius Karl Leopold Maria Januarius Anacletus Prinz von Sachsen<\/p>\n\n\n\n<p>* 10. Juli 1869 in Dresden<br>\u2020 24. November 1938 auf Schloss Altshausen\/W\u00fcrttemberg<\/p>\n<\/div>\n<\/div>\n\n\n\n<p>Seit fr\u00fchsten Jahren galt seine Liebe der Kunst, Geschichte und Literatur. Seine Berufung war, wie f\u00fcr alle Prinzen, das Milit\u00e4r. Im April 1894 heiratete Johann Georg in Stuttgart die 22-j\u00e4hrige Prinzessin Maria Isabella von W\u00fcrttemberg, Tochter von Herzog Philipp von W\u00fcrttemberg und Erzherzogin Marie Therese von \u00d6sterreich. 1904 verstarb Maria Isabella in Dresden. Zwei Jahre nach Maria Isabellas Tod heiratete er in Cannes seine zweite Frau, Prinzessin Maria Immaculata von Neapel Sizilien. Beide Ehen blieben kinderlos. <\/p>\n\n\n\n<p>Maria Immaculata nahm sich besonders der Kinder von Friedrich August an und unterst\u00fctzte ihn bei deren Erziehung, nach der Scheidung von seiner Gemahlin Prinzessin Luise. <\/p>\n\n\n\n<p>Prinz Johann Georg starb am 24. November 1938 auf Schloss Altshausen\/W\u00fcrttemberg.<\/p>\n\n\n\n<hr class=\"wp-block-separator has-alpha-channel-opacity is-style-dots\"\/>\n\n\n\n<h3 class=\"gb-headline gb-headline-d34d2781 gb-headline-text\">1870. Prinz Maximilian von Sachsen.<\/h3>\n\n\n\n<div class=\"wp-block-columns cat-box-border is-layout-flex wp-container-core-columns-is-layout-10 wp-block-columns-is-layout-flex\">\n<div class=\"wp-block-column is-vertically-aligned-center is-layout-flow wp-block-column-is-layout-flow\" style=\"flex-basis:30%\">\n<figure class=\"wp-block-image size-full\"><img loading=\"lazy\" decoding=\"async\" width=\"1000\" height=\"1000\" src=\"https:\/\/www.ewigerbund.org\/sachsen\/wp-content\/uploads\/sites\/14\/2023\/06\/KH-Portrait-Maximilian.jpg\" alt=\"Prinz Maximilian\" class=\"wp-image-1698\" srcset=\"https:\/\/www.ewigerbund.org\/sachsen\/wp-content\/uploads\/sites\/14\/2023\/06\/KH-Portrait-Maximilian.jpg 1000w, https:\/\/www.ewigerbund.org\/sachsen\/wp-content\/uploads\/sites\/14\/2023\/06\/KH-Portrait-Maximilian-300x300.jpg 300w, https:\/\/www.ewigerbund.org\/sachsen\/wp-content\/uploads\/sites\/14\/2023\/06\/KH-Portrait-Maximilian-150x150.jpg 150w, https:\/\/www.ewigerbund.org\/sachsen\/wp-content\/uploads\/sites\/14\/2023\/06\/KH-Portrait-Maximilian-768x768.jpg 768w\" sizes=\"auto, (max-width: 1000px) 100vw, 1000px\" \/><\/figure>\n<\/div>\n\n\n\n<div class=\"wp-block-column is-vertically-aligned-bottom is-layout-flow wp-block-column-is-layout-flow\">\n<p><sup>Vollst\u00e4ndiger Name<\/sup><br>Maximilian Wilhelm August Albert Prinz von Sachsen,<br>Max genannt.<\/p>\n\n\n\n<p>* 17. November 1870 in Dresden<br>\u2020 12. Januar 1951 in Freiburg im \u00dcechtland<\/p>\n<\/div>\n<\/div>\n\n\n\n<p>Max besitzt einen scharfen Verstand und die Bef\u00e4higung, konsequent und logisch zu denken. Musikalisch begabt, spielte er Klavier und Violine. Nach einer kurzen milit\u00e4rischen Laufbahn als Leutnant bei den Kaisergrenadieren studierte er an der Universit\u00e4t Leipzig und promovierte 1892 als erster Wettiner der Albertinischen Linie zum Doktor juris. Weitere Semester folgten an der Universit\u00e4t Freiburg sowie im bisch\u00f6flichem Seminar zu Eichst\u00e4tt und der Universit\u00e4t W\u00fcrzburg. Durch sein Studium sah er seinen Wirkungskreis mehr in der Kirche. So beendete er seine milit\u00e4rische Laufbahn und trat mit der Genehmigung seines Vaters zum Priestertum \u00fcber.<\/p>\n\n\n\n<p>Im Ersten Weltkrieg war Max als Feld- und Lazarettgeistlicher bei den s\u00e4chsischen Truppen eingesetzt. Nach dem Krieg war er Professor der Theologie an der Universit\u00e4t Freiburg in der Schweiz und verstarb am 12. Januar 1951 in Freiburg im \u00dcechtland.<\/p>\n\n\n\n<hr class=\"wp-block-separator has-alpha-channel-opacity is-style-dots\"\/>\n\n\n\n<h3 class=\"gb-headline gb-headline-d57157f2 gb-headline-text\">1875. Prinz Albert von Sachsen.<\/h3>\n\n\n\n<div class=\"wp-block-columns cat-box-border is-layout-flex wp-container-core-columns-is-layout-11 wp-block-columns-is-layout-flex\">\n<div class=\"wp-block-column is-vertically-aligned-center is-layout-flow wp-block-column-is-layout-flow\" style=\"flex-basis:30%\">\n<figure class=\"wp-block-image size-full\"><img loading=\"lazy\" decoding=\"async\" width=\"1000\" height=\"1000\" src=\"https:\/\/www.ewigerbund.org\/sachsen\/wp-content\/uploads\/sites\/14\/2023\/06\/KH-Portraet-PrinzAlbert-1900.jpg\" alt=\"\" class=\"wp-image-1694\" srcset=\"https:\/\/www.ewigerbund.org\/sachsen\/wp-content\/uploads\/sites\/14\/2023\/06\/KH-Portraet-PrinzAlbert-1900.jpg 1000w, https:\/\/www.ewigerbund.org\/sachsen\/wp-content\/uploads\/sites\/14\/2023\/06\/KH-Portraet-PrinzAlbert-1900-300x300.jpg 300w, https:\/\/www.ewigerbund.org\/sachsen\/wp-content\/uploads\/sites\/14\/2023\/06\/KH-Portraet-PrinzAlbert-1900-150x150.jpg 150w, https:\/\/www.ewigerbund.org\/sachsen\/wp-content\/uploads\/sites\/14\/2023\/06\/KH-Portraet-PrinzAlbert-1900-768x768.jpg 768w\" sizes=\"auto, (max-width: 1000px) 100vw, 1000px\" \/><\/figure>\n<\/div>\n\n\n\n<div class=\"wp-block-column is-vertically-aligned-bottom is-layout-flow wp-block-column-is-layout-flow\">\n<p><sup>Vollst\u00e4ndiger Name<\/sup><br>Albert Karl Anton Ludwig Wilhelm Viktor Prinz von Sachsen<\/p>\n\n\n\n<p>* 25. Februar 1875 in Dresden<br>\u2020 16. September 1900 in Wolkau<\/p>\n<\/div>\n<\/div>\n\n\n\n<p>Bis zu seinem 10. Lebensjahr war Albert ein kr\u00e4nkliches und schwaches Kind und bedurfte der besonderen Pflege. Der Prinz hatte einen offenen und heiteren Charakter, liebte Geschichte und Kunstgeschichte und besa\u00df ein ausgezeichnetes Ged\u00e4chtnis. <\/p>\n\n\n\n<p>Als Offizier bei den Oschatzer Ulanen verungl\u00fcckte er durch einen t\u00f6dlichen Sturz aus dem Wagen auf der R\u00fcckfahrt von Dresden nach Oschatz zu seiner Garnison. <\/p>\n\n\n\n<p>Albert war nicht verheiratet und starb ohne Nachkommen am 16. September 1900 im Alter von nur 25 Jahren.<\/p>\n\n\n\n<div style=\"height:100px\" aria-hidden=\"true\" class=\"wp-block-spacer\"><\/div>\n","protected":false},"excerpt":{"rendered":"<p>Die Eheleute und K\u00f6nigspaar. K\u00f6nig Georg von Sachsen. K\u00f6nig Georg: 1902 bis 1904. Vollst\u00e4ndiger NameFriedrich August Georg Ludwig Wilhelm Maximilian Karl Maria Nepomuk Baptist Xaver Cyriacus Romanus von Sachsen * 8. August 1832 in Pillnitz\u2020 15. Oktober 1904 in Pillnitz Georg wurde als dritter Sohn von Prinz Johann von Sachsen und Prinzessin Amalie von Bayern &#8230; <a title=\"Familie Georg von Sachsen.\" class=\"read-more\" href=\"https:\/\/www.ewigerbund.org\/sachsen\/das-koenigshaus\/sachsen-koenige\/familie-georg\/\" aria-label=\"Mehr zu Familie Georg von Sachsen.\">Weiterlesen &#8230;<\/a><\/p>\n","protected":false},"author":1,"featured_media":2559,"parent":1686,"menu_order":0,"comment_status":"closed","ping_status":"closed","template":"","meta":{"footnotes":""},"categories":[251],"tags":[316],"class_list":{"0":"post-1705","1":"page","2":"type-page","3":"status-publish","4":"has-post-thumbnail","6":"category-das-koenigshaus","7":"tag-aktuelles"},"yoast_head":"<!-- This site is optimized with the Yoast SEO plugin v23.1 - https:\/\/yoast.com\/wordpress\/plugins\/seo\/ -->\n<title>Familie Georg von Sachsen. &#8226; K\u00f6nigreich Sachsen.<\/title>\n<meta name=\"robots\" content=\"index, follow, max-snippet:-1, max-image-preview:large, max-video-preview:-1\" \/>\n<link rel=\"canonical\" href=\"https:\/\/www.ewigerbund.org\/sachsen\/das-koenigshaus\/sachsen-koenige\/familie-georg\/\" \/>\n<meta property=\"og:locale\" content=\"de_DE\" \/>\n<meta property=\"og:type\" content=\"article\" \/>\n<meta property=\"og:title\" content=\"Familie Georg von Sachsen. &#8226; K\u00f6nigreich Sachsen.\" \/>\n<meta property=\"og:description\" content=\"Die Eheleute und K\u00f6nigspaar. K\u00f6nig Georg von Sachsen. K\u00f6nig Georg: 1902 bis 1904. Vollst\u00e4ndiger NameFriedrich August Georg Ludwig Wilhelm Maximilian Karl Maria Nepomuk Baptist Xaver Cyriacus Romanus von Sachsen * 8. August 1832 in Pillnitz\u2020 15. Oktober 1904 in Pillnitz Georg wurde als dritter Sohn von Prinz Johann von Sachsen und Prinzessin Amalie von Bayern ... Weiterlesen ...\" \/>\n<meta property=\"og:url\" content=\"https:\/\/www.ewigerbund.org\/sachsen\/das-koenigshaus\/sachsen-koenige\/familie-georg\/\" \/>\n<meta property=\"og:site_name\" content=\"K\u00f6nigreich Sachsen\" \/>\n<meta property=\"article:modified_time\" content=\"2023-12-18T19:29:20+00:00\" \/>\n<meta property=\"og:image\" content=\"https:\/\/www.ewigerbund.org\/sachsen\/wp-content\/uploads\/sites\/14\/2023\/12\/Startbild-Familie-Georg-1745x989px.jpg\" \/>\n\t<meta property=\"og:image:width\" content=\"1745\" \/>\n\t<meta property=\"og:image:height\" content=\"989\" \/>\n\t<meta property=\"og:image:type\" content=\"image\/jpeg\" \/>\n<meta name=\"twitter:card\" content=\"summary_large_image\" \/>\n<meta name=\"twitter:label1\" content=\"Gesch\u00e4tzte Lesezeit\" \/>\n\t<meta name=\"twitter:data1\" content=\"10\u00a0Minuten\" \/>\n<script type=\"application\/ld+json\" class=\"yoast-schema-graph\">{\"@context\":\"https:\/\/schema.org\",\"@graph\":[{\"@type\":\"WebPage\",\"@id\":\"https:\/\/www.ewigerbund.org\/sachsen\/das-koenigshaus\/sachsen-koenige\/familie-georg\/\",\"url\":\"https:\/\/www.ewigerbund.org\/sachsen\/das-koenigshaus\/sachsen-koenige\/familie-georg\/\",\"name\":\"Familie Georg von Sachsen. &#8226; K\u00f6nigreich Sachsen.\",\"isPartOf\":{\"@id\":\"https:\/\/www.ewigerbund.org\/sachsen\/#website\"},\"primaryImageOfPage\":{\"@id\":\"https:\/\/www.ewigerbund.org\/sachsen\/das-koenigshaus\/sachsen-koenige\/familie-georg\/#primaryimage\"},\"image\":{\"@id\":\"https:\/\/www.ewigerbund.org\/sachsen\/das-koenigshaus\/sachsen-koenige\/familie-georg\/#primaryimage\"},\"thumbnailUrl\":\"https:\/\/www.ewigerbund.org\/sachsen\/wp-content\/uploads\/sites\/14\/2023\/12\/Startbild-Familie-Georg-1745x989px.jpg\",\"datePublished\":\"2023-12-18T19:29:19+00:00\",\"dateModified\":\"2023-12-18T19:29:20+00:00\",\"breadcrumb\":{\"@id\":\"https:\/\/www.ewigerbund.org\/sachsen\/das-koenigshaus\/sachsen-koenige\/familie-georg\/#breadcrumb\"},\"inLanguage\":\"de\",\"potentialAction\":[{\"@type\":\"ReadAction\",\"target\":[\"https:\/\/www.ewigerbund.org\/sachsen\/das-koenigshaus\/sachsen-koenige\/familie-georg\/\"]}]},{\"@type\":\"ImageObject\",\"inLanguage\":\"de\",\"@id\":\"https:\/\/www.ewigerbund.org\/sachsen\/das-koenigshaus\/sachsen-koenige\/familie-georg\/#primaryimage\",\"url\":\"https:\/\/www.ewigerbund.org\/sachsen\/wp-content\/uploads\/sites\/14\/2023\/12\/Startbild-Familie-Georg-1745x989px.jpg\",\"contentUrl\":\"https:\/\/www.ewigerbund.org\/sachsen\/wp-content\/uploads\/sites\/14\/2023\/12\/Startbild-Familie-Georg-1745x989px.jpg\",\"width\":1745,\"height\":989},{\"@type\":\"BreadcrumbList\",\"@id\":\"https:\/\/www.ewigerbund.org\/sachsen\/das-koenigshaus\/sachsen-koenige\/familie-georg\/#breadcrumb\",\"itemListElement\":[{\"@type\":\"ListItem\",\"position\":1,\"name\":\"Startseite.\",\"item\":\"https:\/\/www.ewigerbund.org\/sachsen\/\"},{\"@type\":\"ListItem\",\"position\":2,\"name\":\"Das K\u00f6nigshaus.\",\"item\":\"https:\/\/www.ewigerbund.org\/sachsen\/das-koenigshaus\/\"},{\"@type\":\"ListItem\",\"position\":3,\"name\":\"Sachsens K\u00f6nige.\",\"item\":\"https:\/\/www.ewigerbund.org\/sachsen\/das-koenigshaus\/sachsen-koenige\/\"},{\"@type\":\"ListItem\",\"position\":4,\"name\":\"Familie Georg von Sachsen.\"}]},{\"@type\":\"WebSite\",\"@id\":\"https:\/\/www.ewigerbund.org\/sachsen\/#website\",\"url\":\"https:\/\/www.ewigerbund.org\/sachsen\/\",\"name\":\"K\u00f6nigreich Sachsen\",\"description\":\"im ewigen Bund.\",\"publisher\":{\"@id\":\"https:\/\/www.ewigerbund.org\/sachsen\/#organization\"},\"potentialAction\":[{\"@type\":\"SearchAction\",\"target\":{\"@type\":\"EntryPoint\",\"urlTemplate\":\"https:\/\/www.ewigerbund.org\/sachsen\/?s={search_term_string}\"},\"query-input\":\"required name=search_term_string\"}],\"inLanguage\":\"de\"},{\"@type\":\"Organization\",\"@id\":\"https:\/\/www.ewigerbund.org\/sachsen\/#organization\",\"name\":\"K\u00f6nigreich Sachsen\",\"url\":\"https:\/\/www.ewigerbund.org\/sachsen\/\",\"logo\":{\"@type\":\"ImageObject\",\"inLanguage\":\"de\",\"@id\":\"https:\/\/www.ewigerbund.org\/sachsen\/#\/schema\/logo\/image\/\",\"url\":\"https:\/\/www.ewigerbund.org\/sachsen\/wp-content\/uploads\/sites\/14\/2022\/11\/cropped-2022-09-10-Logo-EB-Sachsen-Schutzzone_Schatten-transparent-1200px-1.png\",\"contentUrl\":\"https:\/\/www.ewigerbund.org\/sachsen\/wp-content\/uploads\/sites\/14\/2022\/11\/cropped-2022-09-10-Logo-EB-Sachsen-Schutzzone_Schatten-transparent-1200px-1.png\",\"width\":1200,\"height\":1200,\"caption\":\"K\u00f6nigreich Sachsen\"},\"image\":{\"@id\":\"https:\/\/www.ewigerbund.org\/sachsen\/#\/schema\/logo\/image\/\"}}]}<\/script>\n<!-- \/ Yoast SEO plugin. -->","yoast_head_json":{"title":"Familie Georg von Sachsen. &#8226; K\u00f6nigreich Sachsen.","robots":{"index":"index","follow":"follow","max-snippet":"max-snippet:-1","max-image-preview":"max-image-preview:large","max-video-preview":"max-video-preview:-1"},"canonical":"https:\/\/www.ewigerbund.org\/sachsen\/das-koenigshaus\/sachsen-koenige\/familie-georg\/","og_locale":"de_DE","og_type":"article","og_title":"Familie Georg von Sachsen. &#8226; K\u00f6nigreich Sachsen.","og_description":"Die Eheleute und K\u00f6nigspaar. K\u00f6nig Georg von Sachsen. K\u00f6nig Georg: 1902 bis 1904. Vollst\u00e4ndiger NameFriedrich August Georg Ludwig Wilhelm Maximilian Karl Maria Nepomuk Baptist Xaver Cyriacus Romanus von Sachsen * 8. August 1832 in Pillnitz\u2020 15. Oktober 1904 in Pillnitz Georg wurde als dritter Sohn von Prinz Johann von Sachsen und Prinzessin Amalie von Bayern ... Weiterlesen ...","og_url":"https:\/\/www.ewigerbund.org\/sachsen\/das-koenigshaus\/sachsen-koenige\/familie-georg\/","og_site_name":"K\u00f6nigreich Sachsen","article_modified_time":"2023-12-18T19:29:20+00:00","og_image":[{"width":1745,"height":989,"url":"https:\/\/www.ewigerbund.org\/sachsen\/wp-content\/uploads\/sites\/14\/2023\/12\/Startbild-Familie-Georg-1745x989px.jpg","type":"image\/jpeg"}],"twitter_card":"summary_large_image","twitter_misc":{"Gesch\u00e4tzte Lesezeit":"10\u00a0Minuten"},"schema":{"@context":"https:\/\/schema.org","@graph":[{"@type":"WebPage","@id":"https:\/\/www.ewigerbund.org\/sachsen\/das-koenigshaus\/sachsen-koenige\/familie-georg\/","url":"https:\/\/www.ewigerbund.org\/sachsen\/das-koenigshaus\/sachsen-koenige\/familie-georg\/","name":"Familie Georg von Sachsen. &#8226; K\u00f6nigreich Sachsen.","isPartOf":{"@id":"https:\/\/www.ewigerbund.org\/sachsen\/#website"},"primaryImageOfPage":{"@id":"https:\/\/www.ewigerbund.org\/sachsen\/das-koenigshaus\/sachsen-koenige\/familie-georg\/#primaryimage"},"image":{"@id":"https:\/\/www.ewigerbund.org\/sachsen\/das-koenigshaus\/sachsen-koenige\/familie-georg\/#primaryimage"},"thumbnailUrl":"https:\/\/www.ewigerbund.org\/sachsen\/wp-content\/uploads\/sites\/14\/2023\/12\/Startbild-Familie-Georg-1745x989px.jpg","datePublished":"2023-12-18T19:29:19+00:00","dateModified":"2023-12-18T19:29:20+00:00","breadcrumb":{"@id":"https:\/\/www.ewigerbund.org\/sachsen\/das-koenigshaus\/sachsen-koenige\/familie-georg\/#breadcrumb"},"inLanguage":"de","potentialAction":[{"@type":"ReadAction","target":["https:\/\/www.ewigerbund.org\/sachsen\/das-koenigshaus\/sachsen-koenige\/familie-georg\/"]}]},{"@type":"ImageObject","inLanguage":"de","@id":"https:\/\/www.ewigerbund.org\/sachsen\/das-koenigshaus\/sachsen-koenige\/familie-georg\/#primaryimage","url":"https:\/\/www.ewigerbund.org\/sachsen\/wp-content\/uploads\/sites\/14\/2023\/12\/Startbild-Familie-Georg-1745x989px.jpg","contentUrl":"https:\/\/www.ewigerbund.org\/sachsen\/wp-content\/uploads\/sites\/14\/2023\/12\/Startbild-Familie-Georg-1745x989px.jpg","width":1745,"height":989},{"@type":"BreadcrumbList","@id":"https:\/\/www.ewigerbund.org\/sachsen\/das-koenigshaus\/sachsen-koenige\/familie-georg\/#breadcrumb","itemListElement":[{"@type":"ListItem","position":1,"name":"Startseite.","item":"https:\/\/www.ewigerbund.org\/sachsen\/"},{"@type":"ListItem","position":2,"name":"Das K\u00f6nigshaus.","item":"https:\/\/www.ewigerbund.org\/sachsen\/das-koenigshaus\/"},{"@type":"ListItem","position":3,"name":"Sachsens K\u00f6nige.","item":"https:\/\/www.ewigerbund.org\/sachsen\/das-koenigshaus\/sachsen-koenige\/"},{"@type":"ListItem","position":4,"name":"Familie Georg von Sachsen."}]},{"@type":"WebSite","@id":"https:\/\/www.ewigerbund.org\/sachsen\/#website","url":"https:\/\/www.ewigerbund.org\/sachsen\/","name":"K\u00f6nigreich Sachsen","description":"im ewigen Bund.","publisher":{"@id":"https:\/\/www.ewigerbund.org\/sachsen\/#organization"},"potentialAction":[{"@type":"SearchAction","target":{"@type":"EntryPoint","urlTemplate":"https:\/\/www.ewigerbund.org\/sachsen\/?s={search_term_string}"},"query-input":"required name=search_term_string"}],"inLanguage":"de"},{"@type":"Organization","@id":"https:\/\/www.ewigerbund.org\/sachsen\/#organization","name":"K\u00f6nigreich Sachsen","url":"https:\/\/www.ewigerbund.org\/sachsen\/","logo":{"@type":"ImageObject","inLanguage":"de","@id":"https:\/\/www.ewigerbund.org\/sachsen\/#\/schema\/logo\/image\/","url":"https:\/\/www.ewigerbund.org\/sachsen\/wp-content\/uploads\/sites\/14\/2022\/11\/cropped-2022-09-10-Logo-EB-Sachsen-Schutzzone_Schatten-transparent-1200px-1.png","contentUrl":"https:\/\/www.ewigerbund.org\/sachsen\/wp-content\/uploads\/sites\/14\/2022\/11\/cropped-2022-09-10-Logo-EB-Sachsen-Schutzzone_Schatten-transparent-1200px-1.png","width":1200,"height":1200,"caption":"K\u00f6nigreich Sachsen"},"image":{"@id":"https:\/\/www.ewigerbund.org\/sachsen\/#\/schema\/logo\/image\/"}}]}},"_links":{"self":[{"href":"https:\/\/www.ewigerbund.org\/sachsen\/wp-json\/wp\/v2\/pages\/1705","targetHints":{"allow":["GET"]}}],"collection":[{"href":"https:\/\/www.ewigerbund.org\/sachsen\/wp-json\/wp\/v2\/pages"}],"about":[{"href":"https:\/\/www.ewigerbund.org\/sachsen\/wp-json\/wp\/v2\/types\/page"}],"author":[{"embeddable":true,"href":"https:\/\/www.ewigerbund.org\/sachsen\/wp-json\/wp\/v2\/users\/1"}],"replies":[{"embeddable":true,"href":"https:\/\/www.ewigerbund.org\/sachsen\/wp-json\/wp\/v2\/comments?post=1705"}],"version-history":[{"count":22,"href":"https:\/\/www.ewigerbund.org\/sachsen\/wp-json\/wp\/v2\/pages\/1705\/revisions"}],"predecessor-version":[{"id":2584,"href":"https:\/\/www.ewigerbund.org\/sachsen\/wp-json\/wp\/v2\/pages\/1705\/revisions\/2584"}],"up":[{"embeddable":true,"href":"https:\/\/www.ewigerbund.org\/sachsen\/wp-json\/wp\/v2\/pages\/1686"}],"wp:featuredmedia":[{"embeddable":true,"href":"https:\/\/www.ewigerbund.org\/sachsen\/wp-json\/wp\/v2\/media\/2559"}],"wp:attachment":[{"href":"https:\/\/www.ewigerbund.org\/sachsen\/wp-json\/wp\/v2\/media?parent=1705"}],"wp:term":[{"taxonomy":"category","embeddable":true,"href":"https:\/\/www.ewigerbund.org\/sachsen\/wp-json\/wp\/v2\/categories?post=1705"},{"taxonomy":"post_tag","embeddable":true,"href":"https:\/\/www.ewigerbund.org\/sachsen\/wp-json\/wp\/v2\/tags?post=1705"}],"curies":[{"name":"wp","href":"https:\/\/api.w.org\/{rel}","templated":true}]}}