{"id":1686,"date":"2023-06-11T15:30:00","date_gmt":"2023-06-11T13:30:00","guid":{"rendered":"https:\/\/www.ewigerbund.org\/sachsen\/?page_id=1686"},"modified":"2023-12-10T10:19:34","modified_gmt":"2023-12-10T09:19:34","slug":"sachsen-koenige","status":"publish","type":"page","link":"https:\/\/www.ewigerbund.org\/sachsen\/das-koenigshaus\/sachsen-koenige\/","title":{"rendered":"Sachsens K\u00f6nige."},"content":{"rendered":"\n<p>Auf dieser Seite stellen wir Sachsens K\u00f6nigliche Familien vor.<\/p>\n\n\n\n<div class=\"wp-block-columns cat-box-border is-layout-flex wp-container-core-columns-is-layout-1 wp-block-columns-is-layout-flex\">\n<div class=\"wp-block-column is-layout-flow wp-block-column-is-layout-flow\">\n<figure class=\"wp-block-image size-large\"><img loading=\"lazy\" decoding=\"async\" width=\"1024\" height=\"580\" src=\"https:\/\/www.ewigerbund.org\/sachsen\/wp-content\/uploads\/sites\/14\/2023\/12\/Startbild-Familie-Georg-1745x989px-1024x580.jpg\" alt=\"\" class=\"wp-image-2559\" srcset=\"https:\/\/www.ewigerbund.org\/sachsen\/wp-content\/uploads\/sites\/14\/2023\/12\/Startbild-Familie-Georg-1745x989px-1024x580.jpg 1024w, https:\/\/www.ewigerbund.org\/sachsen\/wp-content\/uploads\/sites\/14\/2023\/12\/Startbild-Familie-Georg-1745x989px-300x170.jpg 300w, https:\/\/www.ewigerbund.org\/sachsen\/wp-content\/uploads\/sites\/14\/2023\/12\/Startbild-Familie-Georg-1745x989px-768x435.jpg 768w, https:\/\/www.ewigerbund.org\/sachsen\/wp-content\/uploads\/sites\/14\/2023\/12\/Startbild-Familie-Georg-1745x989px-1536x871.jpg 1536w, https:\/\/www.ewigerbund.org\/sachsen\/wp-content\/uploads\/sites\/14\/2023\/12\/Startbild-Familie-Georg-1745x989px.jpg 1745w\" sizes=\"auto, (max-width: 1024px) 100vw, 1024px\" \/><\/figure>\n\n\n\n<p class=\"has-text-align-center has-accent-color has-text-color\"><sup><strong>Wir stellen vor<\/strong><\/sup><\/p>\n\n\n\n<h2 class=\"wp-block-heading has-text-align-center\">Familie Georg von Sachsen.<\/h2>\n\n\n\n<p class=\"has-text-align-center\">Insgesamt acht Kinder entspro\u00dfen der Ehe zwischen K\u00f6nig Georg und Marie Anna von Portugal.<\/p>\n\n\n\n<p class=\"has-text-align-center\"><a href=\"https:\/\/www.ewigerbund.org\/sachsen\/das-koenigshaus\/sachsen-koenige\/familie-georg\/\">Familie Georg kennenlernen   \u2192<\/a><\/p>\n<\/div>\n<\/div>\n","protected":false},"excerpt":{"rendered":"<p>Auf dieser Seite stellen wir Sachsens K\u00f6nigliche Familien vor. Wir stellen vor Familie Georg von Sachsen. Insgesamt acht Kinder entspro\u00dfen der Ehe zwischen K\u00f6nig Georg und Marie Anna von Portugal. Familie Georg kennenlernen \u2192<\/p>\n","protected":false},"author":1,"featured_media":0,"parent":1094,"menu_order":0,"comment_status":"closed","ping_status":"closed","template":"","meta":{"footnotes":""},"categories":[251],"tags":[320,319,318],"class_list":{"0":"post-1686","1":"page","2":"type-page","3":"status-publish","5":"category-das-koenigshaus","6":"tag-koenig-albrecht-von-sachsen","7":"tag-koenig-georg-von-sachsen","8":"tag-koenigsfamilien"},"yoast_head":"<!-- This site is optimized with the Yoast SEO plugin v23.1 - https:\/\/yoast.com\/wordpress\/plugins\/seo\/ -->\n<title>Sachsens K\u00f6nige. &#8226; K\u00f6nigreich Sachsen.<\/title>\n<meta name=\"description\" content=\"Wer war K\u00f6nig Georg? Wann bestieg K\u00f6nig Albrecht den Thron? Erfahre alles zu den k\u00f6niglichen Familien des K\u00f6nigreich Sachsen.\" \/>\n<meta name=\"robots\" content=\"index, follow, max-snippet:-1, max-image-preview:large, max-video-preview:-1\" \/>\n<link rel=\"canonical\" href=\"https:\/\/www.ewigerbund.org\/sachsen\/das-koenigshaus\/sachsen-koenige\/\" \/>\n<meta property=\"og:locale\" content=\"de_DE\" \/>\n<meta property=\"og:type\" content=\"article\" \/>\n<meta property=\"og:title\" content=\"Sachsens K\u00f6nige. &#8226; K\u00f6nigreich Sachsen.\" \/>\n<meta property=\"og:description\" content=\"Wer war K\u00f6nig Georg? Wann bestieg K\u00f6nig Albrecht den Thron? Erfahre alles zu den k\u00f6niglichen Familien des K\u00f6nigreich Sachsen.\" \/>\n<meta property=\"og:url\" content=\"https:\/\/www.ewigerbund.org\/sachsen\/das-koenigshaus\/sachsen-koenige\/\" \/>\n<meta property=\"og:site_name\" content=\"K\u00f6nigreich Sachsen\" \/>\n<meta property=\"article:modified_time\" content=\"2023-12-10T09:19:34+00:00\" \/>\n<meta property=\"og:image\" content=\"https:\/\/www.ewigerbund.org\/sachsen\/wp-content\/uploads\/sites\/14\/2023\/12\/Startbild-Familie-Georg-1745x989px-1024x580.jpg\" \/>\n<meta name=\"twitter:card\" content=\"summary_large_image\" \/>\n<meta name=\"twitter:label1\" content=\"Gesch\u00e4tzte Lesezeit\" \/>\n\t<meta name=\"twitter:data1\" content=\"1\u00a0Minute\" \/>\n<script type=\"application\/ld+json\" class=\"yoast-schema-graph\">{\"@context\":\"https:\/\/schema.org\",\"@graph\":[{\"@type\":\"WebPage\",\"@id\":\"https:\/\/www.ewigerbund.org\/sachsen\/das-koenigshaus\/sachsen-koenige\/\",\"url\":\"https:\/\/www.ewigerbund.org\/sachsen\/das-koenigshaus\/sachsen-koenige\/\",\"name\":\"Sachsens K\u00f6nige. &#8226; K\u00f6nigreich Sachsen.\",\"isPartOf\":{\"@id\":\"https:\/\/www.ewigerbund.org\/sachsen\/#website\"},\"primaryImageOfPage\":{\"@id\":\"https:\/\/www.ewigerbund.org\/sachsen\/das-koenigshaus\/sachsen-koenige\/#primaryimage\"},\"image\":{\"@id\":\"https:\/\/www.ewigerbund.org\/sachsen\/das-koenigshaus\/sachsen-koenige\/#primaryimage\"},\"thumbnailUrl\":\"https:\/\/www.ewigerbund.org\/sachsen\/wp-content\/uploads\/sites\/14\/2023\/12\/Startbild-Familie-Georg-1745x989px-1024x580.jpg\",\"datePublished\":\"2023-06-11T13:30:00+00:00\",\"dateModified\":\"2023-12-10T09:19:34+00:00\",\"description\":\"Wer war K\u00f6nig Georg? Wann bestieg K\u00f6nig Albrecht den Thron? Erfahre alles zu den k\u00f6niglichen Familien des K\u00f6nigreich Sachsen.\",\"breadcrumb\":{\"@id\":\"https:\/\/www.ewigerbund.org\/sachsen\/das-koenigshaus\/sachsen-koenige\/#breadcrumb\"},\"inLanguage\":\"de\",\"potentialAction\":[{\"@type\":\"ReadAction\",\"target\":[\"https:\/\/www.ewigerbund.org\/sachsen\/das-koenigshaus\/sachsen-koenige\/\"]}]},{\"@type\":\"ImageObject\",\"inLanguage\":\"de\",\"@id\":\"https:\/\/www.ewigerbund.org\/sachsen\/das-koenigshaus\/sachsen-koenige\/#primaryimage\",\"url\":\"https:\/\/www.ewigerbund.org\/sachsen\/wp-content\/uploads\/sites\/14\/2023\/12\/Startbild-Familie-Georg-1745x989px.jpg\",\"contentUrl\":\"https:\/\/www.ewigerbund.org\/sachsen\/wp-content\/uploads\/sites\/14\/2023\/12\/Startbild-Familie-Georg-1745x989px.jpg\",\"width\":1745,\"height\":989},{\"@type\":\"BreadcrumbList\",\"@id\":\"https:\/\/www.ewigerbund.org\/sachsen\/das-koenigshaus\/sachsen-koenige\/#breadcrumb\",\"itemListElement\":[{\"@type\":\"ListItem\",\"position\":1,\"name\":\"Startseite.\",\"item\":\"https:\/\/www.ewigerbund.org\/sachsen\/\"},{\"@type\":\"ListItem\",\"position\":2,\"name\":\"Das K\u00f6nigshaus.\",\"item\":\"https:\/\/www.ewigerbund.org\/sachsen\/das-koenigshaus\/\"},{\"@type\":\"ListItem\",\"position\":3,\"name\":\"Sachsens K\u00f6nige.\"}]},{\"@type\":\"WebSite\",\"@id\":\"https:\/\/www.ewigerbund.org\/sachsen\/#website\",\"url\":\"https:\/\/www.ewigerbund.org\/sachsen\/\",\"name\":\"K\u00f6nigreich Sachsen\",\"description\":\"im ewigen Bund.\",\"publisher\":{\"@id\":\"https:\/\/www.ewigerbund.org\/sachsen\/#organization\"},\"potentialAction\":[{\"@type\":\"SearchAction\",\"target\":{\"@type\":\"EntryPoint\",\"urlTemplate\":\"https:\/\/www.ewigerbund.org\/sachsen\/?s={search_term_string}\"},\"query-input\":\"required name=search_term_string\"}],\"inLanguage\":\"de\"},{\"@type\":\"Organization\",\"@id\":\"https:\/\/www.ewigerbund.org\/sachsen\/#organization\",\"name\":\"K\u00f6nigreich Sachsen\",\"url\":\"https:\/\/www.ewigerbund.org\/sachsen\/\",\"logo\":{\"@type\":\"ImageObject\",\"inLanguage\":\"de\",\"@id\":\"https:\/\/www.ewigerbund.org\/sachsen\/#\/schema\/logo\/image\/\",\"url\":\"https:\/\/www.ewigerbund.org\/sachsen\/wp-content\/uploads\/sites\/14\/2022\/11\/cropped-2022-09-10-Logo-EB-Sachsen-Schutzzone_Schatten-transparent-1200px-1.png\",\"contentUrl\":\"https:\/\/www.ewigerbund.org\/sachsen\/wp-content\/uploads\/sites\/14\/2022\/11\/cropped-2022-09-10-Logo-EB-Sachsen-Schutzzone_Schatten-transparent-1200px-1.png\",\"width\":1200,\"height\":1200,\"caption\":\"K\u00f6nigreich Sachsen\"},\"image\":{\"@id\":\"https:\/\/www.ewigerbund.org\/sachsen\/#\/schema\/logo\/image\/\"}}]}<\/script>\n<!-- \/ Yoast SEO plugin. -->","yoast_head_json":{"title":"Sachsens K\u00f6nige. &#8226; K\u00f6nigreich Sachsen.","description":"Wer war K\u00f6nig Georg? Wann bestieg K\u00f6nig Albrecht den Thron? Erfahre alles zu den k\u00f6niglichen Familien des K\u00f6nigreich Sachsen.","robots":{"index":"index","follow":"follow","max-snippet":"max-snippet:-1","max-image-preview":"max-image-preview:large","max-video-preview":"max-video-preview:-1"},"canonical":"https:\/\/www.ewigerbund.org\/sachsen\/das-koenigshaus\/sachsen-koenige\/","og_locale":"de_DE","og_type":"article","og_title":"Sachsens K\u00f6nige. &#8226; K\u00f6nigreich Sachsen.","og_description":"Wer war K\u00f6nig Georg? Wann bestieg K\u00f6nig Albrecht den Thron? Erfahre alles zu den k\u00f6niglichen Familien des K\u00f6nigreich Sachsen.","og_url":"https:\/\/www.ewigerbund.org\/sachsen\/das-koenigshaus\/sachsen-koenige\/","og_site_name":"K\u00f6nigreich Sachsen","article_modified_time":"2023-12-10T09:19:34+00:00","og_image":[{"url":"https:\/\/www.ewigerbund.org\/sachsen\/wp-content\/uploads\/sites\/14\/2023\/12\/Startbild-Familie-Georg-1745x989px-1024x580.jpg"}],"twitter_card":"summary_large_image","twitter_misc":{"Gesch\u00e4tzte Lesezeit":"1\u00a0Minute"},"schema":{"@context":"https:\/\/schema.org","@graph":[{"@type":"WebPage","@id":"https:\/\/www.ewigerbund.org\/sachsen\/das-koenigshaus\/sachsen-koenige\/","url":"https:\/\/www.ewigerbund.org\/sachsen\/das-koenigshaus\/sachsen-koenige\/","name":"Sachsens K\u00f6nige. &#8226; K\u00f6nigreich Sachsen.","isPartOf":{"@id":"https:\/\/www.ewigerbund.org\/sachsen\/#website"},"primaryImageOfPage":{"@id":"https:\/\/www.ewigerbund.org\/sachsen\/das-koenigshaus\/sachsen-koenige\/#primaryimage"},"image":{"@id":"https:\/\/www.ewigerbund.org\/sachsen\/das-koenigshaus\/sachsen-koenige\/#primaryimage"},"thumbnailUrl":"https:\/\/www.ewigerbund.org\/sachsen\/wp-content\/uploads\/sites\/14\/2023\/12\/Startbild-Familie-Georg-1745x989px-1024x580.jpg","datePublished":"2023-06-11T13:30:00+00:00","dateModified":"2023-12-10T09:19:34+00:00","description":"Wer war K\u00f6nig Georg? Wann bestieg K\u00f6nig Albrecht den Thron? Erfahre alles zu den k\u00f6niglichen Familien des K\u00f6nigreich Sachsen.","breadcrumb":{"@id":"https:\/\/www.ewigerbund.org\/sachsen\/das-koenigshaus\/sachsen-koenige\/#breadcrumb"},"inLanguage":"de","potentialAction":[{"@type":"ReadAction","target":["https:\/\/www.ewigerbund.org\/sachsen\/das-koenigshaus\/sachsen-koenige\/"]}]},{"@type":"ImageObject","inLanguage":"de","@id":"https:\/\/www.ewigerbund.org\/sachsen\/das-koenigshaus\/sachsen-koenige\/#primaryimage","url":"https:\/\/www.ewigerbund.org\/sachsen\/wp-content\/uploads\/sites\/14\/2023\/12\/Startbild-Familie-Georg-1745x989px.jpg","contentUrl":"https:\/\/www.ewigerbund.org\/sachsen\/wp-content\/uploads\/sites\/14\/2023\/12\/Startbild-Familie-Georg-1745x989px.jpg","width":1745,"height":989},{"@type":"BreadcrumbList","@id":"https:\/\/www.ewigerbund.org\/sachsen\/das-koenigshaus\/sachsen-koenige\/#breadcrumb","itemListElement":[{"@type":"ListItem","position":1,"name":"Startseite.","item":"https:\/\/www.ewigerbund.org\/sachsen\/"},{"@type":"ListItem","position":2,"name":"Das K\u00f6nigshaus.","item":"https:\/\/www.ewigerbund.org\/sachsen\/das-koenigshaus\/"},{"@type":"ListItem","position":3,"name":"Sachsens K\u00f6nige."}]},{"@type":"WebSite","@id":"https:\/\/www.ewigerbund.org\/sachsen\/#website","url":"https:\/\/www.ewigerbund.org\/sachsen\/","name":"K\u00f6nigreich Sachsen","description":"im ewigen Bund.","publisher":{"@id":"https:\/\/www.ewigerbund.org\/sachsen\/#organization"},"potentialAction":[{"@type":"SearchAction","target":{"@type":"EntryPoint","urlTemplate":"https:\/\/www.ewigerbund.org\/sachsen\/?s={search_term_string}"},"query-input":"required name=search_term_string"}],"inLanguage":"de"},{"@type":"Organization","@id":"https:\/\/www.ewigerbund.org\/sachsen\/#organization","name":"K\u00f6nigreich Sachsen","url":"https:\/\/www.ewigerbund.org\/sachsen\/","logo":{"@type":"ImageObject","inLanguage":"de","@id":"https:\/\/www.ewigerbund.org\/sachsen\/#\/schema\/logo\/image\/","url":"https:\/\/www.ewigerbund.org\/sachsen\/wp-content\/uploads\/sites\/14\/2022\/11\/cropped-2022-09-10-Logo-EB-Sachsen-Schutzzone_Schatten-transparent-1200px-1.png","contentUrl":"https:\/\/www.ewigerbund.org\/sachsen\/wp-content\/uploads\/sites\/14\/2022\/11\/cropped-2022-09-10-Logo-EB-Sachsen-Schutzzone_Schatten-transparent-1200px-1.png","width":1200,"height":1200,"caption":"K\u00f6nigreich Sachsen"},"image":{"@id":"https:\/\/www.ewigerbund.org\/sachsen\/#\/schema\/logo\/image\/"}}]}},"_links":{"self":[{"href":"https:\/\/www.ewigerbund.org\/sachsen\/wp-json\/wp\/v2\/pages\/1686","targetHints":{"allow":["GET"]}}],"collection":[{"href":"https:\/\/www.ewigerbund.org\/sachsen\/wp-json\/wp\/v2\/pages"}],"about":[{"href":"https:\/\/www.ewigerbund.org\/sachsen\/wp-json\/wp\/v2\/types\/page"}],"author":[{"embeddable":true,"href":"https:\/\/www.ewigerbund.org\/sachsen\/wp-json\/wp\/v2\/users\/1"}],"replies":[{"embeddable":true,"href":"https:\/\/www.ewigerbund.org\/sachsen\/wp-json\/wp\/v2\/comments?post=1686"}],"version-history":[{"count":15,"href":"https:\/\/www.ewigerbund.org\/sachsen\/wp-json\/wp\/v2\/pages\/1686\/revisions"}],"predecessor-version":[{"id":2560,"href":"https:\/\/www.ewigerbund.org\/sachsen\/wp-json\/wp\/v2\/pages\/1686\/revisions\/2560"}],"up":[{"embeddable":true,"href":"https:\/\/www.ewigerbund.org\/sachsen\/wp-json\/wp\/v2\/pages\/1094"}],"wp:attachment":[{"href":"https:\/\/www.ewigerbund.org\/sachsen\/wp-json\/wp\/v2\/media?parent=1686"}],"wp:term":[{"taxonomy":"category","embeddable":true,"href":"https:\/\/www.ewigerbund.org\/sachsen\/wp-json\/wp\/v2\/categories?post=1686"},{"taxonomy":"post_tag","embeddable":true,"href":"https:\/\/www.ewigerbund.org\/sachsen\/wp-json\/wp\/v2\/tags?post=1686"}],"curies":[{"name":"wp","href":"https:\/\/api.w.org\/{rel}","templated":true}]}}