{"id":65,"date":"2021-09-26T12:31:40","date_gmt":"2021-09-26T10:31:40","guid":{"rendered":"https:\/\/www.ewigerbund.org\/reuss-aelterer-linie\/?page_id=65"},"modified":"2023-05-16T18:45:03","modified_gmt":"2023-05-16T16:45:03","slug":"startseite","status":"publish","type":"page","link":"https:\/\/www.ewigerbund.org\/reuss-aelterer-linie\/","title":{"rendered":"Startseite"},"content":{"rendered":"\n<h2 class=\"wp-block-heading\">F\u00fcrstentum Reu\u00df \u00e4lterer Linie 1790 bis heute.<\/h2>\n\n\n\n<p>Reu\u00df sind zwei Deutsche F\u00fcrstent\u00fcmer: Reu\u00df \u00e4lterer Linie (Reu\u00df-Greiz) und&nbsp;Reu\u00df j\u00fcngerer Linie&nbsp;(Reu\u00df-Schleiz-Gera), deren Gebiet aus zwei getrennten Teilen besteht, wovon der n\u00f6rdliche (Unterland) an den Preu\u00dfischen Regierungsbezirk&nbsp;Merseburg, das&nbsp;Herzogtum Sachsen-Altenburg&nbsp;und das&nbsp;Gro\u00dfherzogtum Sachsen-Weimar&nbsp;grenzt, w\u00e4hrend der gr\u00f6\u00dfere s\u00fcdliche Teil (Oberland) von&nbsp;Schwarzburg-Rudolstadt, dem Preu\u00dfischen Kreis Ranis, dem&nbsp;Gro\u00dfherzogtum Sachsen-Weimar, den K\u00f6nigreichen&nbsp;Sachsen&nbsp;und&nbsp;Bayern&nbsp;(Oberfranken) sowie dem&nbsp;Herzogtum Sachsen-Meiningen&nbsp;eingeschlossen wird.<\/p>\n\n\n\n<p>Im allgemeinen ist das Land gebirgig, indem es von einem Teil des Th\u00fcringer Waldes (dem sogenannten Frankenwald) sowie von einem Teil des zwischen diesem und dem Erzgebirge befindlichen vogtl\u00e4ndischen Mittelgebirges durchzogen wird. Die bedeutendsten Spitzen sind: der Sieglitz (747 m) und der Kulm (779 m). Die Hauptgew\u00e4sser sind: die Saale mit der Selbitz, Lemnitz, Friesau, Wetterau und Sormitz im westlichen und die Wei\u00dfe Elster mit der G\u00f6ltzsch im \u00f6stlichen Teile des Landes. An der s\u00fcdlichen Grenze entspringt die Rodach, die zum Main geht. Das Oberland f\u00fchrt an zahlreichen Punkten Stahlquellen, von denen die in der N\u00e4he von&nbsp;Lobenstein&nbsp;gefasst sind und Anlass zu der Begr\u00fcndung der dortigen Bade- und Heilanstalt gaben. Das Klima ist gem\u00e4\u00dfigt, um den Frankenwald etwas rauh, in den Gegenden an der Saale und um&nbsp;Gera&nbsp;weit milder.<\/p>\n\n\n\n<p>Die F\u00fcrstent\u00fcmer Reu\u00df haben einen Fl\u00e4cheninhalt von 1143,01 km\u00b2 mit (1905) 215.187 Einwohner, wovon auf Reu\u00df \u00e4lterer Linie 316,3 km\u00b2 mit 70.603 Einwohner, auf Reu\u00df j\u00fcngerer Linie 826,71 km\u00b2 mit 144.584 Einwohner kommen. Reu\u00df \u00e4lterer Linie z\u00e4hlt 2 St\u00e4dte, 2 Marktflecken und 71 D\u00f6rfer, Reu\u00df j\u00fcngerer Linie 6 St\u00e4dte, 4 Marktflecken und 163 D\u00f6rfer. St\u00e4dte mit \u00fcber 10.000 Einwohner sind&nbsp;Greiz&nbsp;(23.118) und&nbsp;Gera&nbsp;(46.909).<\/p>\n\n\n\n<p>Das Wappen beider F\u00fcrstent\u00fcmer hat vier Felder, in deren erstem und viertem ein rot gekr\u00f6nter, goldener, doppelt geschw\u00e4nzter L\u00f6we in Schwarz (wegen Reu\u00df), in deren zweitem und drittem ein goldener Kranich in Silber (wegen&nbsp;Kranichfeld); der Schild ist mit drei Helmen bedeckt und wird von zwei L\u00f6wen gehalten, die bei Reu\u00df \u00e4lterer Linie golden, bei&nbsp;Reu\u00df j\u00fcngerer Linie&nbsp;schwarz-silbern sind. Die Devise, auf blauem Bande, lautet: &#8222;<em>Ich bau auf Gott.<\/em>&#8222;<\/p>\n\n\n\n<p>Die Landesfarben des F\u00fcrstentums Reu\u00df \u00e4lterer Linie sind Schwarz, Rot und Gelb.<\/p>\n\n\n\n<h3 class=\"wp-block-heading\">Bundesrat:<\/h3>\n\n\n\n<p>1 Stimme<\/p>\n\n\n\n<h3 class=\"wp-block-heading\">Reichstag:<\/h3>\n\n\n\n<p>1 Wahlkreis und 1 Abgeordneter<\/p>\n\n\n\n<h3 class=\"wp-block-heading\">Haupt- und Residenzstadt des F\u00fcrstentums Reu\u00df \u00e4lterer Linie:<\/h3>\n\n\n\n<p>Greiz&nbsp;\u2013 23.114 Einwohner (1905) \u2013 191. Platz der gr\u00f6\u00dften&nbsp;St\u00e4dte&nbsp;des Deutschen Reichs. Die Stadt&nbsp;Greiz&nbsp;entstand als Deutsche Burg im slawischen Umland.<\/p>\n\n\n\n<p>Gem\u00e4\u00df der Aufstellung der Generalverordnung vom 30. Dezember 1861 besorgte die Thurn und Taxissche Post auf Grund von Beschl\u00fcssen des&nbsp;Wiener Kongresses 1815&nbsp;den Postdienst bis zum 30. Juni 1867 im F\u00fcrstentum Reu\u00df \u00e4lterer Linie.<\/p>\n\n\n\n<p>Ab 1. Juli 1867 \u00fcbernahm die Preu\u00dfische Post den Postdienst. Das gesamte Preu\u00dfische Postwesen ging am 1. Januar 1868 auf den&nbsp;Norddeutschen Bund&nbsp;(Norddeutscher Postbezirk) \u00fcber. Die&nbsp;Reichsverfassung&nbsp;vom 16. April 1871 bestimmte u. a. dass die unmittelbare Posthoheit, mit Ausnahme des inneren Verkehrs im&nbsp;K\u00f6nigreich Bayern&nbsp;und im&nbsp;K\u00f6nigreich W\u00fcrttemberg, dem&nbsp;Deutschen Reich&nbsp;zusteht.<\/p>\n\n\n\n<h3 class=\"wp-block-heading\">W\u00e4hrungen und M\u00fcnzen:<\/h3>\n\n\n<div class=\"gb-container gb-container-6fa066ac\"><div class=\"gb-inside-container\">\n\n<ul class=\"wp-block-list\">\n<li>bis 1875:&nbsp;1 Taler = 30 Groschen = 360 Pfennige,<\/li>\n\n\n\n<li>ab 1875: 1 Mark = 100 Pfennig.<\/li>\n<\/ul>\n\n<\/div><\/div>\n\n\n<p>Das F\u00fcrstentum Reu\u00df \u00e4lterer Linie geh\u00f6rt 1881 zum Ersatzbezirk des IV. Armeekorps. 1905: In milit\u00e4rischer Hinsicht bilden die Truppen der beiden Reu\u00df mit denen von\u00a0Schwarzburg-Rudolstadt\u00a0das 7. th\u00fcringische Infanterieregiment Nr. 96, das der 38. Division des 11. Preu\u00dfischen Armeekorps (Kassel) zugewiesen ist. In\u00a0Gera\u00a0befindet sich der Regimentsstab und au\u00dferdem ist dort ein Bataillon dieses Regiments stationiert, von dem allmonatlich ein kleines Detachement (Truppenabteilung) nach\u00a0Greiz\u00a0abgeschickt wird.<\/p>\n\n\n\n<h3 class=\"wp-block-heading\">Wirtschaft:<\/h3>\n\n\n\n<p>Die Reu\u00dfischen F\u00fcrstent\u00fcmer geh\u00f6ren zu den industriereichsten Gebieten Deutschlands \u2013 Strumpfwirkindustrie, Tischlerhandwerk und Gummi- und Strickwarenfabrik. Obgleich die Reu\u00dfischen Lande wegen ihrer gebirgigen Beschaffenheit die Landwirtschaft nicht zu beg\u00fcnstigen scheinen, so wird diese doch mit gro\u00dfer Sorgfalt betrieben.<\/p>\n\n\n\n<p>Ahnherr des Hauses Reu\u00df ist Erkenbert, Herr von Weida (um 1122). Der&nbsp;Deutsche Kaiser&nbsp;Heinrich VI., nach dem die m\u00e4nnlichen Nachkommen angeblich den Namen Heinrich f\u00fchren, verlieh dem Hause die Reichsvogteien&nbsp;Plauen&nbsp;(1569 an Kursachsen),&nbsp;Weida&nbsp;(1411 an&nbsp;Mei\u00dfen) und&nbsp;Gera. Heinrich, Vogt von&nbsp;Plauen&nbsp;(gestorben vor 1296), erhielt infolge seiner Heirat mit der Tochter einer russischen F\u00fcrstin den Beinamen \u201eReu\u00df\u201c (Deutsches Wort f\u00fcr Russe), der seinen Nachkommen blieb. Die Vorfahren des Reu\u00dfischen F\u00fcrstenhauses waren im 12. Jahrhundert Kaiserliche V\u00f6gte im Sorbenland (Vogtland) und wurden allm\u00e4hlich selbstst\u00e4ndig.<\/p>\n\n\n\n<p>Alle F\u00fcrsten und Prinzen des Hauses Reu\u00df f\u00fchren den Namen Heinrich, wobei die \u00e4ltere Linie alle hintereinander bis hundert, die j\u00fcngere bis zum Ende eines Jahrhunderts fortz\u00e4hlt und dann von vorne anf\u00e4ngt.<\/p>\n\n\n\n<p>Im Aussterben der einen Linie f\u00e4llt das Land an die andere. 1802 legte ein verheerender Brand die Stadt&nbsp;Greiz&nbsp;in Schutt und Asche. F\u00fcrst Heinrich XXII. stand bis 1867 unter Vormundschaft seiner Mutter Caroline von Hessen. Sie war streng konservativ gesinnt und entschied sich im&nbsp;Deutschen Krieg&nbsp;von 1866 gegen Preu\u00dfen. Preu\u00dfen okkupierte daraufhin das kleine F\u00fcrstentum und erst am 26. September 1866 schloss Caroline Frieden mit Preu\u00dfen. Das Land musste 100.000 Taler Kriegsstrafe zahlen und dem&nbsp;Norddeutschen Bund&nbsp;beitreten. Heinrich XXII. f\u00fchrte bei seinem Regierungsantritt eine neue st\u00e4ndische Volksvertretung mit allerdings wenig weitgreifender Mitwirkung bei der Finanzverwaltung und Gesetzgebung ein. Am 1. Juli 1867 ging die Milit\u00e4rhoheit im F\u00fcrstentum an Preu\u00dfen \u00fcber, 1871 wurde Reu\u00df \u00e4lterer Linie&nbsp;Bundesstaat&nbsp;des&nbsp;Deutschen Reiches.<\/p>\n\n\n\n<h3 class=\"wp-block-heading\">Regenten:<\/h3>\n\n\n\n<p>F\u00fcrsten von Reu\u00df \u00e4lterer Linie 1790 \u2013 1918.<br>Regierendes F\u00fcrstenhaus: Ahnherr Erkenbert von Weida (um 1120), Stammvater Heinrich (geb. 1506).<\/p>\n\n\n<div class=\"gb-container gb-container-962d46b1\"><div class=\"gb-inside-container\">\n\n<ul class=\"wp-block-list\">\n<li>1743 \u2013 1800 Heinrich XI. (1722 \u2013 1800).<\/li>\n\n\n\n<li>1800 \u2013 1817 Heinrich XIII. (1747 \u2013 1817).<\/li>\n\n\n\n<li>1817 \u2013 1836 Heinrich XIX. (1790 \u2013 1836).<\/li>\n\n\n\n<li>1836 \u2013 1859 Heinrich XX. (1794 \u2013 1859).<\/li>\n\n\n\n<li>1859 \u2013 1867 vormundschaftlich: Caroline von Hessen-Homburg (1819 \u2013 1872).<\/li>\n\n\n\n<li>1867 \u2013 1902 Heinrich XXII. (1846 \u2013 1902).<\/li>\n\n\n\n<li>1902 \u2013 1918 Heinrich XXIV. (1878 \u2013 1927), (einziger Sohn Heinrich XXII. war infolge eines Unfalls regierungsunf\u00e4hig).<\/li>\n<\/ul>\n\n<\/div><\/div>\n\n\n<h3 class=\"wp-block-heading\">Regentschaft durch:<\/h3>\n\n\n<div class=\"gb-container gb-container-ef7ac0fa\"><div class=\"gb-inside-container\">\n\n<ul class=\"wp-block-list\">\n<li>1902 \u2013 1908 Heinrich XIV. j. L. (1832\u20131913).<\/li>\n\n\n\n<li>1908 \u2013 1928 Heinrich XXVII. j. L. Erbprinz, Regent und (seit 1913) F\u00fcrst j. L. (1858\u20131928).<\/li>\n\n\n\n<li>1928 \u2013 1945 Heinrich XLV.<\/li>\n\n\n\n<li>1945 \u2013 2012 Heinrich IV. F\u00fcrst Reu\u00df-K\u00f6stritz<\/li>\n\n\n\n<li>2012 bis heute Heinrich XIV.<\/li>\n<\/ul>\n\n<\/div><\/div>\n\n\n<h3 class=\"wp-block-heading\">Landesparlament des F\u00fcrstentums Reu\u00df \u00e4lterer Linie.<\/h3>\n\n\n\n<p>12 Abgeordnete, von denen 3 vom Landesherren ernannt, die \u00fcbrigen als Vertreter des Gro\u00dfgrundbesitzes (2) direkt, der St\u00e4dte (3) und Landgemeinden (4) indirekt auf sechs Jahre gew\u00e4hlt werden.<\/p>\n\n\n\n<h3 class=\"wp-block-heading\">Gerichtsorganisation (1881).<\/h3>\n\n\n\n<p>F\u00fcr Th\u00fcringen besteht ein gemeinsames Oberlandesgericht in Jena. \u00a0Das F\u00fcrstentum hat ein Landesgericht in\u00a0Greiz\u00a0und Amtsgerichte in Burgk,\u00a0Greiz\u00a0und\u00a0Zeulenroda.<\/p>\n\n\n\n<h3 class=\"wp-block-heading\">Administrative Gliederung des F\u00fcrstentums Reu\u00df \u00e4lterer Linie.<\/h3>\n\n\n\n<p>Das F\u00fcrstentum Reu\u00df \u00e4lterer Linie hat ein Landratsamt f\u00fcr das gesamte Land und zwei Stadtverwaltungen.<\/p>\n\n\n\n<p>Das F\u00fcrstentum Reu\u00df \u00e4lterer Linie, 316,7 km\u00b2 gro\u00df, besteht aus 2 St\u00e4dten, 2 Marktflecken und 71 D\u00f6rfern: Stadt\u00a0Greiz\u00a0und Stadt\u00a0Zeulenroda, sowie die Gemeinden Altgernsdorf, Altgommla, Arnsgr\u00fcn, Bernsgr\u00fcn, Br\u00fcckla, B\u00fcna, Burgk, Caselwitz, Cossengr\u00fcn, Crispendorf, Da\u00dflitz, Dobia, D\u00f6lau (D\u00f6hlau), D\u00f6rflas, Erbengr\u00fcn, Eubenberg, Fraureuth, Friesau, Fr\u00f6bersgr\u00fcn, Frotschau, Gablau, G\u00f6rschnitz (nur teilweise zu Reu\u00df \u00e4lterer Linie, der andere Teil geh\u00f6rt zum K\u00f6nigreich Sachsen), Gottesgr\u00fcn, Grochwitz, Hain, Hainsberg, Herrmannsgr\u00fcn, Hohen\u00f6lsen (nur teilweise zu Reu\u00df \u00e4lterer Linie, der andere Teil geh\u00f6rt zum\u00a0Gro\u00dfherzogtum Sachsen-Weimar-Eisenach), Hohndorf, Irchwitz, Kahmer, Kauern, Kleinreinsdorf, K\u00fchdorf, Kurtschau, Leiningen, Lunzig, Mehla, Mohlsdorf, M\u00f6nchgr\u00fcn, M\u00f6schlitz, Moschwitz, Naitschau, Neud\u00f6rfel, Neugernsdorf, Neugommla, Neundorf, Nitschareuth, Obergrochlitz, Pahnstangen, Plothen (nur teilweise zu Reu\u00df \u00e4lterer Linie, der andere Teil geh\u00f6rt zum\u00a0Gro\u00dfherzogtum Sachsen-Weimar-Eisenach) , Pohlitz, P\u00f6llwitz (nur teilweise zu Reu\u00df \u00e4lterer Linie, der andere Teil geh\u00f6rt zum\u00a0F\u00fcrstentumReu\u00df j\u00fcngerer Linie), Raasdorf, Rauschengesees, Reinsdorf, Remptendorf, Reudnitz, R\u00f6ppisch, Rothenthal, Sachswitz, Sch\u00f6nbach, Sch\u00f6nbrunn, Sch\u00f6nfeld, Sorge (nur teilweise zu Reu\u00df \u00e4lterer Linie, der andere Teil geh\u00f6rt zum\u00a0Gro\u00dfherzogtum Sachsen-Weimar-Eisenach), Tschirma, Untergrochlitz, Waltersdorf, Wellsdorf, Wildetaube, Wolfshain, Zoghaus, Zoppoten.<\/p>\n","protected":false},"excerpt":{"rendered":"<p>F\u00fcrstentum Reu\u00df \u00e4lterer Linie 1790 bis heute. Reu\u00df sind zwei Deutsche F\u00fcrstent\u00fcmer: Reu\u00df \u00e4lterer Linie (Reu\u00df-Greiz) und&nbsp;Reu\u00df j\u00fcngerer Linie&nbsp;(Reu\u00df-Schleiz-Gera), deren Gebiet aus zwei getrennten Teilen besteht, wovon der n\u00f6rdliche (Unterland) an den Preu\u00dfischen Regierungsbezirk&nbsp;Merseburg, das&nbsp;Herzogtum Sachsen-Altenburg&nbsp;und das&nbsp;Gro\u00dfherzogtum Sachsen-Weimar&nbsp;grenzt, w\u00e4hrend der gr\u00f6\u00dfere s\u00fcdliche Teil (Oberland) von&nbsp;Schwarzburg-Rudolstadt, dem Preu\u00dfischen Kreis Ranis, dem&nbsp;Gro\u00dfherzogtum Sachsen-Weimar, den K\u00f6nigreichen&nbsp;Sachsen&nbsp;und&nbsp;Bayern&nbsp;(Oberfranken) sowie dem&nbsp;Herzogtum &#8230; <a title=\"Startseite\" class=\"read-more\" href=\"https:\/\/www.ewigerbund.org\/reuss-aelterer-linie\/\" aria-label=\"Mehr zu Startseite\">Weiterlesen &#8230;<\/a><\/p>\n","protected":false},"author":8,"featured_media":175,"parent":0,"menu_order":0,"comment_status":"closed","ping_status":"closed","template":"template-5-rechte-seitenleiste.php","meta":{"footnotes":""},"categories":[],"tags":[],"class_list":["post-65","page","type-page","status-publish","has-post-thumbnail","hentry"],"yoast_head":"<!-- This site is optimized with the Yoast SEO plugin v23.1 - https:\/\/yoast.com\/wordpress\/plugins\/seo\/ -->\n<title>Startseite - Das F\u00fcrstentum Reu\u00df \u00e4lterer Linie im Ewigen Bund.<\/title>\n<meta name=\"description\" content=\"Reu\u00df sind zwei Deutsche F\u00fcrstent\u00fcmer: Reu\u00df \u00e4lterer Linie (Reu\u00df-Greiz) und\u00a0Reu\u00df j\u00fcngerer Linie\u00a0(Reu\u00df-Schleiz-Gera).\" \/>\n<meta name=\"robots\" content=\"index, follow, max-snippet:-1, max-image-preview:large, max-video-preview:-1\" \/>\n<link rel=\"canonical\" href=\"https:\/\/www.ewigerbund.org\/reuss-aelterer-linie\/\" \/>\n<meta property=\"og:locale\" content=\"de_DE\" \/>\n<meta property=\"og:type\" content=\"article\" \/>\n<meta property=\"og:title\" content=\"Startseite - Das F\u00fcrstentum Reu\u00df \u00e4lterer Linie im Ewigen Bund.\" \/>\n<meta property=\"og:description\" content=\"Reu\u00df sind zwei Deutsche F\u00fcrstent\u00fcmer: Reu\u00df \u00e4lterer Linie (Reu\u00df-Greiz) und\u00a0Reu\u00df j\u00fcngerer Linie\u00a0(Reu\u00df-Schleiz-Gera).\" \/>\n<meta property=\"og:url\" content=\"https:\/\/www.ewigerbund.org\/reuss-aelterer-linie\/\" \/>\n<meta property=\"og:site_name\" content=\"Das F\u00fcrstentum Reu\u00df \u00e4lterer Linie im Ewigen Bund.\" \/>\n<meta property=\"article:modified_time\" content=\"2023-05-16T16:45:03+00:00\" \/>\n<meta property=\"og:image\" content=\"https:\/\/www.ewigerbund.org\/reuss-aelterer-linie\/wp-content\/uploads\/sites\/33\/2023\/05\/Greiz_Reuss_aeltere_Linie.jpg\" \/>\n\t<meta property=\"og:image:width\" content=\"1920\" \/>\n\t<meta property=\"og:image:height\" content=\"1281\" \/>\n\t<meta property=\"og:image:type\" content=\"image\/jpeg\" \/>\n<meta name=\"twitter:card\" content=\"summary_large_image\" \/>\n<meta name=\"twitter:label1\" content=\"Gesch\u00e4tzte Lesezeit\" \/>\n\t<meta name=\"twitter:data1\" content=\"7\u00a0Minuten\" \/>\n<script type=\"application\/ld+json\" class=\"yoast-schema-graph\">{\"@context\":\"https:\/\/schema.org\",\"@graph\":[{\"@type\":\"WebPage\",\"@id\":\"https:\/\/www.ewigerbund.org\/reuss-aelterer-linie\/\",\"url\":\"https:\/\/www.ewigerbund.org\/reuss-aelterer-linie\/\",\"name\":\"Startseite - Das F\u00fcrstentum Reu\u00df \u00e4lterer Linie im Ewigen Bund.\",\"isPartOf\":{\"@id\":\"https:\/\/www.ewigerbund.org\/reuss-aelterer-linie\/#website\"},\"primaryImageOfPage\":{\"@id\":\"https:\/\/www.ewigerbund.org\/reuss-aelterer-linie\/#primaryimage\"},\"image\":{\"@id\":\"https:\/\/www.ewigerbund.org\/reuss-aelterer-linie\/#primaryimage\"},\"thumbnailUrl\":\"https:\/\/www.ewigerbund.org\/reuss-aelterer-linie\/wp-content\/uploads\/sites\/33\/2023\/05\/Greiz_Reuss_aeltere_Linie.jpg\",\"datePublished\":\"2021-09-26T10:31:40+00:00\",\"dateModified\":\"2023-05-16T16:45:03+00:00\",\"description\":\"Reu\u00df sind zwei Deutsche F\u00fcrstent\u00fcmer: Reu\u00df \u00e4lterer Linie (Reu\u00df-Greiz) und\u00a0Reu\u00df j\u00fcngerer Linie\u00a0(Reu\u00df-Schleiz-Gera).\",\"breadcrumb\":{\"@id\":\"https:\/\/www.ewigerbund.org\/reuss-aelterer-linie\/#breadcrumb\"},\"inLanguage\":\"de\",\"potentialAction\":[{\"@type\":\"ReadAction\",\"target\":[\"https:\/\/www.ewigerbund.org\/reuss-aelterer-linie\/\"]}]},{\"@type\":\"ImageObject\",\"inLanguage\":\"de\",\"@id\":\"https:\/\/www.ewigerbund.org\/reuss-aelterer-linie\/#primaryimage\",\"url\":\"https:\/\/www.ewigerbund.org\/reuss-aelterer-linie\/wp-content\/uploads\/sites\/33\/2023\/05\/Greiz_Reuss_aeltere_Linie.jpg\",\"contentUrl\":\"https:\/\/www.ewigerbund.org\/reuss-aelterer-linie\/wp-content\/uploads\/sites\/33\/2023\/05\/Greiz_Reuss_aeltere_Linie.jpg\",\"width\":1920,\"height\":1281},{\"@type\":\"BreadcrumbList\",\"@id\":\"https:\/\/www.ewigerbund.org\/reuss-aelterer-linie\/#breadcrumb\",\"itemListElement\":[{\"@type\":\"ListItem\",\"position\":1,\"name\":\"Startseite\",\"item\":\"https:\/\/www.ewigerbund.org\/reuss-aelterer-linie\/\"},{\"@type\":\"ListItem\",\"position\":2,\"name\":\"Startseite\"}]},{\"@type\":\"WebSite\",\"@id\":\"https:\/\/www.ewigerbund.org\/reuss-aelterer-linie\/#website\",\"url\":\"https:\/\/www.ewigerbund.org\/reuss-aelterer-linie\/\",\"name\":\"Das F\u00fcrstentum Reu\u00df \u00e4lterer Linie im Ewigen Bund.\",\"description\":\"Eine Bundesstaatenseite des Ewigen Bundes.\",\"potentialAction\":[{\"@type\":\"SearchAction\",\"target\":{\"@type\":\"EntryPoint\",\"urlTemplate\":\"https:\/\/www.ewigerbund.org\/reuss-aelterer-linie\/?s={search_term_string}\"},\"query-input\":\"required name=search_term_string\"}],\"inLanguage\":\"de\"}]}<\/script>\n<!-- \/ Yoast SEO plugin. -->","yoast_head_json":{"title":"Startseite - Das F\u00fcrstentum Reu\u00df \u00e4lterer Linie im Ewigen Bund.","description":"Reu\u00df sind zwei Deutsche F\u00fcrstent\u00fcmer: Reu\u00df \u00e4lterer Linie (Reu\u00df-Greiz) und\u00a0Reu\u00df j\u00fcngerer Linie\u00a0(Reu\u00df-Schleiz-Gera).","robots":{"index":"index","follow":"follow","max-snippet":"max-snippet:-1","max-image-preview":"max-image-preview:large","max-video-preview":"max-video-preview:-1"},"canonical":"https:\/\/www.ewigerbund.org\/reuss-aelterer-linie\/","og_locale":"de_DE","og_type":"article","og_title":"Startseite - Das F\u00fcrstentum Reu\u00df \u00e4lterer Linie im Ewigen Bund.","og_description":"Reu\u00df sind zwei Deutsche F\u00fcrstent\u00fcmer: Reu\u00df \u00e4lterer Linie (Reu\u00df-Greiz) und\u00a0Reu\u00df j\u00fcngerer Linie\u00a0(Reu\u00df-Schleiz-Gera).","og_url":"https:\/\/www.ewigerbund.org\/reuss-aelterer-linie\/","og_site_name":"Das F\u00fcrstentum Reu\u00df \u00e4lterer Linie im Ewigen Bund.","article_modified_time":"2023-05-16T16:45:03+00:00","og_image":[{"width":1920,"height":1281,"url":"https:\/\/www.ewigerbund.org\/reuss-aelterer-linie\/wp-content\/uploads\/sites\/33\/2023\/05\/Greiz_Reuss_aeltere_Linie.jpg","type":"image\/jpeg"}],"twitter_card":"summary_large_image","twitter_misc":{"Gesch\u00e4tzte Lesezeit":"7\u00a0Minuten"},"schema":{"@context":"https:\/\/schema.org","@graph":[{"@type":"WebPage","@id":"https:\/\/www.ewigerbund.org\/reuss-aelterer-linie\/","url":"https:\/\/www.ewigerbund.org\/reuss-aelterer-linie\/","name":"Startseite - Das F\u00fcrstentum Reu\u00df \u00e4lterer Linie im Ewigen Bund.","isPartOf":{"@id":"https:\/\/www.ewigerbund.org\/reuss-aelterer-linie\/#website"},"primaryImageOfPage":{"@id":"https:\/\/www.ewigerbund.org\/reuss-aelterer-linie\/#primaryimage"},"image":{"@id":"https:\/\/www.ewigerbund.org\/reuss-aelterer-linie\/#primaryimage"},"thumbnailUrl":"https:\/\/www.ewigerbund.org\/reuss-aelterer-linie\/wp-content\/uploads\/sites\/33\/2023\/05\/Greiz_Reuss_aeltere_Linie.jpg","datePublished":"2021-09-26T10:31:40+00:00","dateModified":"2023-05-16T16:45:03+00:00","description":"Reu\u00df sind zwei Deutsche F\u00fcrstent\u00fcmer: Reu\u00df \u00e4lterer Linie (Reu\u00df-Greiz) und\u00a0Reu\u00df j\u00fcngerer Linie\u00a0(Reu\u00df-Schleiz-Gera).","breadcrumb":{"@id":"https:\/\/www.ewigerbund.org\/reuss-aelterer-linie\/#breadcrumb"},"inLanguage":"de","potentialAction":[{"@type":"ReadAction","target":["https:\/\/www.ewigerbund.org\/reuss-aelterer-linie\/"]}]},{"@type":"ImageObject","inLanguage":"de","@id":"https:\/\/www.ewigerbund.org\/reuss-aelterer-linie\/#primaryimage","url":"https:\/\/www.ewigerbund.org\/reuss-aelterer-linie\/wp-content\/uploads\/sites\/33\/2023\/05\/Greiz_Reuss_aeltere_Linie.jpg","contentUrl":"https:\/\/www.ewigerbund.org\/reuss-aelterer-linie\/wp-content\/uploads\/sites\/33\/2023\/05\/Greiz_Reuss_aeltere_Linie.jpg","width":1920,"height":1281},{"@type":"BreadcrumbList","@id":"https:\/\/www.ewigerbund.org\/reuss-aelterer-linie\/#breadcrumb","itemListElement":[{"@type":"ListItem","position":1,"name":"Startseite","item":"https:\/\/www.ewigerbund.org\/reuss-aelterer-linie\/"},{"@type":"ListItem","position":2,"name":"Startseite"}]},{"@type":"WebSite","@id":"https:\/\/www.ewigerbund.org\/reuss-aelterer-linie\/#website","url":"https:\/\/www.ewigerbund.org\/reuss-aelterer-linie\/","name":"Das F\u00fcrstentum Reu\u00df \u00e4lterer Linie im Ewigen Bund.","description":"Eine Bundesstaatenseite des Ewigen Bundes.","potentialAction":[{"@type":"SearchAction","target":{"@type":"EntryPoint","urlTemplate":"https:\/\/www.ewigerbund.org\/reuss-aelterer-linie\/?s={search_term_string}"},"query-input":"required name=search_term_string"}],"inLanguage":"de"}]}},"_links":{"self":[{"href":"https:\/\/www.ewigerbund.org\/reuss-aelterer-linie\/wp-json\/wp\/v2\/pages\/65","targetHints":{"allow":["GET"]}}],"collection":[{"href":"https:\/\/www.ewigerbund.org\/reuss-aelterer-linie\/wp-json\/wp\/v2\/pages"}],"about":[{"href":"https:\/\/www.ewigerbund.org\/reuss-aelterer-linie\/wp-json\/wp\/v2\/types\/page"}],"author":[{"embeddable":true,"href":"https:\/\/www.ewigerbund.org\/reuss-aelterer-linie\/wp-json\/wp\/v2\/users\/8"}],"replies":[{"embeddable":true,"href":"https:\/\/www.ewigerbund.org\/reuss-aelterer-linie\/wp-json\/wp\/v2\/comments?post=65"}],"version-history":[{"count":19,"href":"https:\/\/www.ewigerbund.org\/reuss-aelterer-linie\/wp-json\/wp\/v2\/pages\/65\/revisions"}],"predecessor-version":[{"id":194,"href":"https:\/\/www.ewigerbund.org\/reuss-aelterer-linie\/wp-json\/wp\/v2\/pages\/65\/revisions\/194"}],"wp:featuredmedia":[{"embeddable":true,"href":"https:\/\/www.ewigerbund.org\/reuss-aelterer-linie\/wp-json\/wp\/v2\/media\/175"}],"wp:attachment":[{"href":"https:\/\/www.ewigerbund.org\/reuss-aelterer-linie\/wp-json\/wp\/v2\/media?parent=65"}],"wp:term":[{"taxonomy":"category","embeddable":true,"href":"https:\/\/www.ewigerbund.org\/reuss-aelterer-linie\/wp-json\/wp\/v2\/categories?post=65"},{"taxonomy":"post_tag","embeddable":true,"href":"https:\/\/www.ewigerbund.org\/reuss-aelterer-linie\/wp-json\/wp\/v2\/tags?post=65"}],"curies":[{"name":"wp","href":"https:\/\/api.w.org\/{rel}","templated":true}]}}