{"id":366,"date":"2022-12-14T17:51:35","date_gmt":"2022-12-14T16:51:35","guid":{"rendered":"https:\/\/www.ewigerbund.org\/geschichte\/?page_id=366"},"modified":"2023-08-26T18:34:25","modified_gmt":"2023-08-26T16:34:25","slug":"1688-1713-friedrich-iii-i","status":"publish","type":"page","link":"https:\/\/www.ewigerbund.org\/geschichte\/17-jahrhundert\/1688-1713-friedrich-iii-i\/","title":{"rendered":"1688 \u2013 1713. Friedrich III. (I.)"},"content":{"rendered":"\n<figure class=\"wp-block-embed is-type-video is-provider-vimeo wp-block-embed-vimeo wp-embed-aspect-16-9 wp-has-aspect-ratio\"><div class=\"wp-block-embed__wrapper\">\n<iframe loading=\"lazy\" src=\"https:\/\/player.vimeo.com\/video\/781166027?h=c874bbe597&amp;dnt=1&amp;app_id=122963\" width=\"500\" height=\"281\" frameborder=\"0\" allow=\"autoplay; fullscreen; picture-in-picture; clipboard-write\"><\/iframe>\n<\/div><\/figure>\n\n\n\n<h2 class=\"wp-block-heading\">Friedrich III. Als Kurf\u00fcrst. 1688 \u2013 1701.<\/h2>\n\n\n\n<div class=\"wp-block-columns is-layout-flex wp-container-core-columns-is-layout-1 wp-block-columns-is-layout-flex\">\n<div class=\"wp-block-column is-layout-flow wp-block-column-is-layout-flow\"><div class=\"wp-block-image\">\n<figure class=\"aligncenter size-full is-resized\"><img loading=\"lazy\" decoding=\"async\" src=\"https:\/\/www.ewigerbund.org\/geschichte\/wp-content\/uploads\/sites\/39\/2023\/01\/Portrait-Friedrich-I-500x500px.png\" alt=\"\" class=\"wp-image-1441\" width=\"375\" height=\"375\" srcset=\"https:\/\/www.ewigerbund.org\/geschichte\/wp-content\/uploads\/sites\/39\/2023\/01\/Portrait-Friedrich-I-500x500px.png 500w, https:\/\/www.ewigerbund.org\/geschichte\/wp-content\/uploads\/sites\/39\/2023\/01\/Portrait-Friedrich-I-500x500px-300x300.png 300w, https:\/\/www.ewigerbund.org\/geschichte\/wp-content\/uploads\/sites\/39\/2023\/01\/Portrait-Friedrich-I-500x500px-150x150.png 150w, https:\/\/www.ewigerbund.org\/geschichte\/wp-content\/uploads\/sites\/39\/2023\/01\/Portrait-Friedrich-I-500x500px-120x120.png 120w\" sizes=\"auto, (max-width: 375px) 100vw, 375px\" \/><\/figure><\/div><\/div>\n\n\n\n<div class=\"wp-block-column is-layout-flow wp-block-column-is-layout-flow\">\n<p>Friedrich III., der Sohn des Gro\u00dfen Kurf\u00fcrsten, hatte eine schm\u00e4chtige, etwas verwachsene Gestalt. Von Charakter war er gutm\u00fctig und milde und wurde deshalb von seinem Volke aufrichtig geliebt. Bei Beginn seiner Regierung erhob er seinen Erzieher, den trefflichen Dankelmann, zu seinem Ratgeber und verwaltete sein Land in der sparsamen Weise seines Vaters. Da er aber von gro\u00dfem Ehrgeize erf\u00fcllt war, wollte er es bald dem prunkliebenden Franzosenk\u00f6nige Ludwig&nbsp;XIV. gleichtun. <\/p>\n<\/div>\n<\/div>\n\n\n\n<p>Als Dankelmann ihm \u00fcber die wachsenden Ausgaben der Hofhaltung Vorhaltungen machte, fiel er in Ungnade, und ein anderer Ratgeber, der sich durch Schmeichelei Friedrichs Gunst erworben hatte, trat an seine Stelle. Nun folgte am Hofe ein pr\u00e4chtiges Fest auf das andere. &#8211; Als Ludwig&nbsp;XIV. den 3.&nbsp;Raubkrieg gegen Deutschland begann, zog Friedrich&nbsp;III. wie einst sein Vater an den Rhein, und seine Truppen nahmen den Franzosen die von ihnen besetzte Stadt Bonn wieder weg. Der Krieg wurde jedoch vom Kaiser ohne Eifer betrieben, so da\u00df Ludwig XIV. beim Friedensschlusse Stra\u00dfburg und andere geraubten Reichsst\u00e4dte behalten konnte.<\/p>\n\n\n\n<h2 class=\"wp-block-heading\">Friedrich wird K\u00f6nig in Preu\u00dfen.<\/h2>\n\n\n\n<p>Friedrich besa\u00df unter allen deutschen Reichsf\u00fcrsten n\u00e4chst dem Kaiser das gr\u00f6\u00dfte Landgebiet, und Brandenburg geno\u00df seit der Zeit seines Vaters hohes Ansehen. Als nun der Kurf\u00fcrst von Sachsen, dessen Macht der brandenburgischen nachstand, K\u00f6nig von Polen wurde, erwachte in Friedrich der gl\u00fchende Wunsch, ebenfalls die K\u00f6nigsw\u00fcrde zu erlangen. Als deutscher Reichsf\u00fcrst konnte er es nicht, da es in Deutschland nur einen K\u00f6nig gab, n\u00e4mlich den Kaiser. Friedrich aber war zugleich unabh\u00e4ngiger Herzog in Preu\u00dfen, das nicht zum Reiche geh\u00f6rte. Dort war seine Erhebung zum K\u00f6nige m\u00f6glich; freilich mu\u00dfte der deutsche Kaiser ihn als K\u00f6nig anerkennen. Der Kurf\u00fcrst scheute am Hofe zu Wien weder M\u00fche noch Kosten, um die Zustimmung zu erhalten. Endlich willigte der Kaiser ein, und Friedrich versprach daf\u00fcr, ihm in dem spanischen Erbfolgekriege 8000 Mann Truppen zu senden. &#8211; Nun zog der Kurf\u00fcrst mit einem gro\u00dfen Gefolge, zu dessen Fortschaffung mehr als 300 Wagen gebraucht wurden, nach K\u00f6nigsberg. Im Saale des Schlosses, wo sich die vornehmsten M\u00e4nner des Landes und die St\u00e4nde des Herzogtums Preu\u00dfen versammelt hatten, war der Thron aufgeschlagen.<strong> Dort setzte Friedrich&nbsp;III. sich selbst und seiner Gemahlin am 18. Januar 1701 die K\u00f6nigskrone auf das Haupt.<\/strong> Unter einem Thronhimmel, der von preu\u00dfischen Edelleuten getragen wurde, im Purpurmantel und mit der Krone auf dem Haupte, begab er sich dann nach der Kirche, wo die feierliche Salbung durch den Geistlichen stattfand. Mehrt\u00e4gige \u00f6ffentliche Feste folgten auf die Kr\u00f6nung. Der Kurf\u00fcrst nannte sich von nun an <strong>\u201eFriedrich I., K\u00f6nig in Preu\u00dfen\u201c.<\/strong> Zum Andenken stiftete er den \u201eHohen Orden vom schwarzen Adler\u201c, der die Inschrift tr\u00e4gt: \u201e Suum cuique\u201c d.h. \u201eJedem das Seine\u201c. F\u00fcr die Bewohner aller brandenburgisch-preu\u00dfischen Lande kam nun der Name <strong>Preu\u00dfen<\/strong> auf. &#8211; Dem Kaiser hielt der neue K\u00f6nig sein Versprechen treulich, und unter der F\u00fchrung des F\u00fcrsten Leopold von Anhalt-Dessau erwarben sich preu\u00dfische Truppen im Kampfe gegen Frankreich hohen Ruhm.<\/p>\n\n\n\n<h2 class=\"wp-block-heading\">Pflege von Kunst und Wissenschaft.<\/h2>\n\n\n\n<p>Wie sein Vorbild Ludwig&nbsp;XIV. f\u00f6rderte auch Friedrich I. Kunst und Wissenschaft. In Berlin wurde die Stra\u00dfe \u201eUnter den Linden\u201c und ein neuer Stadtteil, das Friedrichsviertel, angelegt. Unter der Leitung des Baumeisters und Bildhauers Schl\u00fcter entstanden das gewaltige K\u00f6nigliche Schlo\u00df und das Zeughaus. Auf der Br\u00fccke, die am Schlo\u00dfe \u00fcber die Spree f\u00fchrt, erhob sich das von Schl\u00fcter entworfene und in Erz gegossene, herrliche Denkmal des Gro\u00dfen Kurf\u00fcrsten. <\/p>\n\n\n<div class=\"wp-block-image\">\n<figure class=\"aligncenter size-full\"><img loading=\"lazy\" decoding=\"async\" width=\"1200\" height=\"682\" src=\"https:\/\/www.ewigerbund.org\/geschichte\/wp-content\/uploads\/sites\/39\/2023\/01\/EB-Geschichte-Friedrich-III-Bild01.jpg\" alt=\"\" class=\"wp-image-1443\" srcset=\"https:\/\/www.ewigerbund.org\/geschichte\/wp-content\/uploads\/sites\/39\/2023\/01\/EB-Geschichte-Friedrich-III-Bild01.jpg 1200w, https:\/\/www.ewigerbund.org\/geschichte\/wp-content\/uploads\/sites\/39\/2023\/01\/EB-Geschichte-Friedrich-III-Bild01-300x171.jpg 300w, https:\/\/www.ewigerbund.org\/geschichte\/wp-content\/uploads\/sites\/39\/2023\/01\/EB-Geschichte-Friedrich-III-Bild01-1024x582.jpg 1024w, https:\/\/www.ewigerbund.org\/geschichte\/wp-content\/uploads\/sites\/39\/2023\/01\/EB-Geschichte-Friedrich-III-Bild01-768x436.jpg 768w\" sizes=\"auto, (max-width: 1200px) 100vw, 1200px\" \/><\/figure><\/div>\n\n\n<p>Seiner Gemahlin Sophie Charlotte erbaute der K\u00f6nig das Schlo\u00df Charlottenburg und umgab es mit einem sch\u00f6nen Parke. Er begr\u00fcndete auch in Berlin die Akademie der Wissenschaften, in der sich die gelehrtesten M\u00e4nner seines Landes zu gemeinsamer Arbeit vereinigten. In Halle wurde eine neue Universit\u00e4t errichtet, an der ber\u00fchmte Lehrer wirkten, z. B. der fromme <strong>August Hermann Francke, der Sch\u00f6pfer<\/strong> des gro\u00dfen Waisenhauses.<\/p>\n\n\n\n<h2 class=\"wp-block-heading\">Sophie Charlotte.<\/h2>\n\n\n\n<div class=\"wp-block-columns is-layout-flex wp-container-core-columns-is-layout-2 wp-block-columns-is-layout-flex\">\n<div class=\"wp-block-column is-layout-flow wp-block-column-is-layout-flow\">\n<p>Die Gemahlin Friedrichs I., die geistvolle Sophie Charlotte von Hannover, liebte das ger\u00e4uschvolle Hofleben mit den h\u00e4ufigen Festlichkeiten nicht und zog sich nach ihrem stillen Schlo\u00dfe Charlottenburg zur\u00fcck. Dort sammelte sie einen Kreis von gelehrten M\u00e4nnern um sich, mit denen sie sich \u00fcber die schwierigsten Fragen der Wissenschaft unterhielt.<\/p>\n<\/div>\n\n\n\n<div class=\"wp-block-column is-layout-flow wp-block-column-is-layout-flow\"><div class=\"wp-block-image\">\n<figure class=\"aligncenter size-full is-resized\"><img loading=\"lazy\" decoding=\"async\" src=\"https:\/\/www.ewigerbund.org\/geschichte\/wp-content\/uploads\/sites\/39\/2023\/01\/Portrait-SophieCharlotte-500x500px.png\" alt=\"\" class=\"wp-image-1442\" width=\"375\" height=\"375\" srcset=\"https:\/\/www.ewigerbund.org\/geschichte\/wp-content\/uploads\/sites\/39\/2023\/01\/Portrait-SophieCharlotte-500x500px.png 500w, https:\/\/www.ewigerbund.org\/geschichte\/wp-content\/uploads\/sites\/39\/2023\/01\/Portrait-SophieCharlotte-500x500px-300x300.png 300w, https:\/\/www.ewigerbund.org\/geschichte\/wp-content\/uploads\/sites\/39\/2023\/01\/Portrait-SophieCharlotte-500x500px-150x150.png 150w, https:\/\/www.ewigerbund.org\/geschichte\/wp-content\/uploads\/sites\/39\/2023\/01\/Portrait-SophieCharlotte-500x500px-120x120.png 120w\" sizes=\"auto, (max-width: 375px) 100vw, 375px\" \/><\/figure><\/div><\/div>\n<\/div>\n\n\n\n<h2 class=\"wp-block-heading\">Letzte Regierungszeit.<\/h2>\n\n\n\n<p>In den letzten Jahren der Regierung Friedrichs I. wurde Ostpreu\u00dfen von einer furchtbaren Pest heimgesucht. Sie raffte 200000 Menschen, den dritten Teil der Bev\u00f6lkerung, hinweg. Die langen Kriege, zu denen der K\u00f6nig seine Truppen entsandt hatte, und die verschwenderische Hofhaltung verschlangen ungeheure Geldsummen. Daher hinterlie\u00df Friedrich I. trotz der sehr hohen Steuern, die f\u00fcr das Volk kaum zu erschwingen waren, seinem Nachfolger eine gro\u00dfe Schuldenlast. &#8211; Der Umfang des Staates war gewachsen. Durch Erbschaft (von Luise Henriette her) und durch Kauf waren einige Gebiete am Rheine und an der Ems zu Preu\u00dfen gekommen.<\/p>\n\n\n\n<div style=\"height:100px\" aria-hidden=\"true\" class=\"wp-block-spacer\"><\/div>\n","protected":false},"excerpt":{"rendered":"<p>Friedrich III. Als Kurf\u00fcrst. 1688 \u2013 1701. Friedrich III., der Sohn des Gro\u00dfen Kurf\u00fcrsten, hatte eine schm\u00e4chtige, etwas verwachsene Gestalt. Von Charakter war er gutm\u00fctig und milde und wurde deshalb von seinem Volke aufrichtig geliebt. Bei Beginn seiner Regierung erhob er seinen Erzieher, den trefflichen Dankelmann, zu seinem Ratgeber und verwaltete sein Land in der [&hellip;]<\/p>\n","protected":false},"author":16,"featured_media":1452,"parent":324,"menu_order":0,"comment_status":"closed","ping_status":"closed","template":"template-6-beide-seitenleiste.php","meta":{"footnotes":""},"categories":[12,7],"tags":[35],"class_list":["post-366","page","type-page","status-publish","has-post-thumbnail","hentry","category-17-jahrhundert","category-geschichte","tag-geschichteeb"],"yoast_head":"<!-- This site is optimized with the Yoast SEO plugin v23.1 - https:\/\/yoast.com\/wordpress\/plugins\/seo\/ -->\n<title>1688 \u2013 1713. Friedrich III. (I.) | Ewiger Bund.<\/title>\n<meta name=\"description\" content=\"Friedrich III., der Sohn des Gro\u00dfen Kurf\u00fcrsten, hatte eine schm\u00e4chtige, etwas verwachsene Gestalt.\" \/>\n<meta name=\"robots\" content=\"index, follow, max-snippet:-1, max-image-preview:large, max-video-preview:-1\" \/>\n<link rel=\"canonical\" href=\"https:\/\/www.ewigerbund.org\/geschichte\/17-jahrhundert\/1688-1713-friedrich-iii-i\/\" \/>\n<meta property=\"og:locale\" content=\"de_DE\" \/>\n<meta property=\"og:type\" content=\"article\" \/>\n<meta property=\"og:title\" content=\"1688 \u2013 1713. Friedrich III. (I.)\" \/>\n<meta property=\"og:description\" content=\"Friedrich III., der Sohn des Gro\u00dfen Kurf\u00fcrsten, hatte eine schm\u00e4chtige, etwas verwachsene Gestalt. Von Charakter war er gutm\u00fctig und milde und wurde deshalb von seinem Volke aufrichtig geliebt.\" \/>\n<meta property=\"og:url\" content=\"https:\/\/www.ewigerbund.org\/geschichte\/17-jahrhundert\/1688-1713-friedrich-iii-i\/\" \/>\n<meta property=\"og:site_name\" content=\"Geschichte\" \/>\n<meta property=\"article:modified_time\" content=\"2023-08-26T16:34:25+00:00\" \/>\n<meta property=\"og:image\" content=\"https:\/\/www.ewigerbund.org\/geschichte\/wp-content\/uploads\/sites\/39\/2023\/01\/EB-Geschichte-Friedrich-III-Video-1.jpg\" \/>\n\t<meta property=\"og:image:width\" content=\"1200\" \/>\n\t<meta property=\"og:image:height\" content=\"682\" \/>\n\t<meta property=\"og:image:type\" content=\"image\/jpeg\" \/>\n<meta name=\"twitter:card\" content=\"summary_large_image\" \/>\n<meta name=\"twitter:title\" content=\"1688 \u2013 1713. Friedrich III. (I.)\" \/>\n<meta name=\"twitter:description\" content=\"Friedrich III., der Sohn des Gro\u00dfen Kurf\u00fcrsten, hatte eine schm\u00e4chtige, etwas verwachsene Gestalt. Von Charakter war er gutm\u00fctig und milde und wurde deshalb von seinem Volke aufrichtig geliebt.\" \/>\n<meta name=\"twitter:image\" content=\"https:\/\/www.ewigerbund.org\/geschichte\/wp-content\/uploads\/sites\/39\/2023\/01\/EB-Geschichte-Friedrich-III-Video.jpg\" \/>\n<meta name=\"twitter:label1\" content=\"Gesch\u00e4tzte Lesezeit\" \/>\n\t<meta name=\"twitter:data1\" content=\"5\u00a0Minuten\" \/>\n<script type=\"application\/ld+json\" class=\"yoast-schema-graph\">{\"@context\":\"https:\/\/schema.org\",\"@graph\":[{\"@type\":\"WebPage\",\"@id\":\"https:\/\/www.ewigerbund.org\/geschichte\/17-jahrhundert\/1688-1713-friedrich-iii-i\/\",\"url\":\"https:\/\/www.ewigerbund.org\/geschichte\/17-jahrhundert\/1688-1713-friedrich-iii-i\/\",\"name\":\"1688 \u2013 1713. Friedrich III. (I.) | Ewiger Bund.\",\"isPartOf\":{\"@id\":\"https:\/\/www.ewigerbund.org\/geschichte\/#website\"},\"primaryImageOfPage\":{\"@id\":\"https:\/\/www.ewigerbund.org\/geschichte\/17-jahrhundert\/1688-1713-friedrich-iii-i\/#primaryimage\"},\"image\":{\"@id\":\"https:\/\/www.ewigerbund.org\/geschichte\/17-jahrhundert\/1688-1713-friedrich-iii-i\/#primaryimage\"},\"thumbnailUrl\":\"https:\/\/www.ewigerbund.org\/geschichte\/wp-content\/uploads\/sites\/39\/2023\/01\/EB-Geschichte-Friedrich-III-Video-1.jpg\",\"datePublished\":\"2022-12-14T16:51:35+00:00\",\"dateModified\":\"2023-08-26T16:34:25+00:00\",\"description\":\"Friedrich III., der Sohn des Gro\u00dfen Kurf\u00fcrsten, hatte eine schm\u00e4chtige, etwas verwachsene Gestalt.\",\"breadcrumb\":{\"@id\":\"https:\/\/www.ewigerbund.org\/geschichte\/17-jahrhundert\/1688-1713-friedrich-iii-i\/#breadcrumb\"},\"inLanguage\":\"de\",\"potentialAction\":[{\"@type\":\"ReadAction\",\"target\":[\"https:\/\/www.ewigerbund.org\/geschichte\/17-jahrhundert\/1688-1713-friedrich-iii-i\/\"]}]},{\"@type\":\"ImageObject\",\"inLanguage\":\"de\",\"@id\":\"https:\/\/www.ewigerbund.org\/geschichte\/17-jahrhundert\/1688-1713-friedrich-iii-i\/#primaryimage\",\"url\":\"https:\/\/www.ewigerbund.org\/geschichte\/wp-content\/uploads\/sites\/39\/2023\/01\/EB-Geschichte-Friedrich-III-Video-1.jpg\",\"contentUrl\":\"https:\/\/www.ewigerbund.org\/geschichte\/wp-content\/uploads\/sites\/39\/2023\/01\/EB-Geschichte-Friedrich-III-Video-1.jpg\",\"width\":1200,\"height\":682},{\"@type\":\"BreadcrumbList\",\"@id\":\"https:\/\/www.ewigerbund.org\/geschichte\/17-jahrhundert\/1688-1713-friedrich-iii-i\/#breadcrumb\",\"itemListElement\":[{\"@type\":\"ListItem\",\"position\":1,\"name\":\"Startseite\",\"item\":\"https:\/\/www.ewigerbund.org\/geschichte\/\"},{\"@type\":\"ListItem\",\"position\":2,\"name\":\"17. Jahrhundert.\",\"item\":\"https:\/\/www.ewigerbund.org\/geschichte\/17-jahrhundert\/\"},{\"@type\":\"ListItem\",\"position\":3,\"name\":\"1688 \u2013 1713. Friedrich III. (I.)\"}]},{\"@type\":\"WebSite\",\"@id\":\"https:\/\/www.ewigerbund.org\/geschichte\/#website\",\"url\":\"https:\/\/www.ewigerbund.org\/geschichte\/\",\"name\":\"Geschichte\",\"description\":\"vom ewigen Bund.\",\"publisher\":{\"@id\":\"https:\/\/www.ewigerbund.org\/geschichte\/#organization\"},\"alternateName\":\"vom ewigen Bund.\",\"potentialAction\":[{\"@type\":\"SearchAction\",\"target\":{\"@type\":\"EntryPoint\",\"urlTemplate\":\"https:\/\/www.ewigerbund.org\/geschichte\/?s={search_term_string}\"},\"query-input\":\"required name=search_term_string\"}],\"inLanguage\":\"de\"},{\"@type\":\"Organization\",\"@id\":\"https:\/\/www.ewigerbund.org\/geschichte\/#organization\",\"name\":\"Geschichte\",\"url\":\"https:\/\/www.ewigerbund.org\/geschichte\/\",\"logo\":{\"@type\":\"ImageObject\",\"inLanguage\":\"de\",\"@id\":\"https:\/\/www.ewigerbund.org\/geschichte\/#\/schema\/logo\/image\/\",\"url\":\"https:\/\/www.ewigerbund.org\/geschichte\/wp-content\/uploads\/sites\/39\/2022\/11\/2022-09-20-Logo-EB_Schutzzone_V4_Transparent.png\",\"contentUrl\":\"https:\/\/www.ewigerbund.org\/geschichte\/wp-content\/uploads\/sites\/39\/2022\/11\/2022-09-20-Logo-EB_Schutzzone_V4_Transparent.png\",\"width\":2000,\"height\":1982,\"caption\":\"Geschichte\"},\"image\":{\"@id\":\"https:\/\/www.ewigerbund.org\/geschichte\/#\/schema\/logo\/image\/\"}}]}<\/script>\n<!-- \/ Yoast SEO plugin. -->","yoast_head_json":{"title":"1688 \u2013 1713. Friedrich III. (I.) | Ewiger Bund.","description":"Friedrich III., der Sohn des Gro\u00dfen Kurf\u00fcrsten, hatte eine schm\u00e4chtige, etwas verwachsene Gestalt.","robots":{"index":"index","follow":"follow","max-snippet":"max-snippet:-1","max-image-preview":"max-image-preview:large","max-video-preview":"max-video-preview:-1"},"canonical":"https:\/\/www.ewigerbund.org\/geschichte\/17-jahrhundert\/1688-1713-friedrich-iii-i\/","og_locale":"de_DE","og_type":"article","og_title":"1688 \u2013 1713. Friedrich III. (I.)","og_description":"Friedrich III., der Sohn des Gro\u00dfen Kurf\u00fcrsten, hatte eine schm\u00e4chtige, etwas verwachsene Gestalt. Von Charakter war er gutm\u00fctig und milde und wurde deshalb von seinem Volke aufrichtig geliebt.","og_url":"https:\/\/www.ewigerbund.org\/geschichte\/17-jahrhundert\/1688-1713-friedrich-iii-i\/","og_site_name":"Geschichte","article_modified_time":"2023-08-26T16:34:25+00:00","og_image":[{"width":1200,"height":682,"url":"https:\/\/www.ewigerbund.org\/geschichte\/wp-content\/uploads\/sites\/39\/2023\/01\/EB-Geschichte-Friedrich-III-Video-1.jpg","type":"image\/jpeg"}],"twitter_card":"summary_large_image","twitter_title":"1688 \u2013 1713. Friedrich III. (I.)","twitter_description":"Friedrich III., der Sohn des Gro\u00dfen Kurf\u00fcrsten, hatte eine schm\u00e4chtige, etwas verwachsene Gestalt. Von Charakter war er gutm\u00fctig und milde und wurde deshalb von seinem Volke aufrichtig geliebt.","twitter_image":"https:\/\/www.ewigerbund.org\/geschichte\/wp-content\/uploads\/sites\/39\/2023\/01\/EB-Geschichte-Friedrich-III-Video.jpg","twitter_misc":{"Gesch\u00e4tzte Lesezeit":"5\u00a0Minuten"},"schema":{"@context":"https:\/\/schema.org","@graph":[{"@type":"WebPage","@id":"https:\/\/www.ewigerbund.org\/geschichte\/17-jahrhundert\/1688-1713-friedrich-iii-i\/","url":"https:\/\/www.ewigerbund.org\/geschichte\/17-jahrhundert\/1688-1713-friedrich-iii-i\/","name":"1688 \u2013 1713. Friedrich III. (I.) | Ewiger Bund.","isPartOf":{"@id":"https:\/\/www.ewigerbund.org\/geschichte\/#website"},"primaryImageOfPage":{"@id":"https:\/\/www.ewigerbund.org\/geschichte\/17-jahrhundert\/1688-1713-friedrich-iii-i\/#primaryimage"},"image":{"@id":"https:\/\/www.ewigerbund.org\/geschichte\/17-jahrhundert\/1688-1713-friedrich-iii-i\/#primaryimage"},"thumbnailUrl":"https:\/\/www.ewigerbund.org\/geschichte\/wp-content\/uploads\/sites\/39\/2023\/01\/EB-Geschichte-Friedrich-III-Video-1.jpg","datePublished":"2022-12-14T16:51:35+00:00","dateModified":"2023-08-26T16:34:25+00:00","description":"Friedrich III., der Sohn des Gro\u00dfen Kurf\u00fcrsten, hatte eine schm\u00e4chtige, etwas verwachsene Gestalt.","breadcrumb":{"@id":"https:\/\/www.ewigerbund.org\/geschichte\/17-jahrhundert\/1688-1713-friedrich-iii-i\/#breadcrumb"},"inLanguage":"de","potentialAction":[{"@type":"ReadAction","target":["https:\/\/www.ewigerbund.org\/geschichte\/17-jahrhundert\/1688-1713-friedrich-iii-i\/"]}]},{"@type":"ImageObject","inLanguage":"de","@id":"https:\/\/www.ewigerbund.org\/geschichte\/17-jahrhundert\/1688-1713-friedrich-iii-i\/#primaryimage","url":"https:\/\/www.ewigerbund.org\/geschichte\/wp-content\/uploads\/sites\/39\/2023\/01\/EB-Geschichte-Friedrich-III-Video-1.jpg","contentUrl":"https:\/\/www.ewigerbund.org\/geschichte\/wp-content\/uploads\/sites\/39\/2023\/01\/EB-Geschichte-Friedrich-III-Video-1.jpg","width":1200,"height":682},{"@type":"BreadcrumbList","@id":"https:\/\/www.ewigerbund.org\/geschichte\/17-jahrhundert\/1688-1713-friedrich-iii-i\/#breadcrumb","itemListElement":[{"@type":"ListItem","position":1,"name":"Startseite","item":"https:\/\/www.ewigerbund.org\/geschichte\/"},{"@type":"ListItem","position":2,"name":"17. Jahrhundert.","item":"https:\/\/www.ewigerbund.org\/geschichte\/17-jahrhundert\/"},{"@type":"ListItem","position":3,"name":"1688 \u2013 1713. Friedrich III. (I.)"}]},{"@type":"WebSite","@id":"https:\/\/www.ewigerbund.org\/geschichte\/#website","url":"https:\/\/www.ewigerbund.org\/geschichte\/","name":"Geschichte","description":"vom ewigen Bund.","publisher":{"@id":"https:\/\/www.ewigerbund.org\/geschichte\/#organization"},"alternateName":"vom ewigen Bund.","potentialAction":[{"@type":"SearchAction","target":{"@type":"EntryPoint","urlTemplate":"https:\/\/www.ewigerbund.org\/geschichte\/?s={search_term_string}"},"query-input":"required name=search_term_string"}],"inLanguage":"de"},{"@type":"Organization","@id":"https:\/\/www.ewigerbund.org\/geschichte\/#organization","name":"Geschichte","url":"https:\/\/www.ewigerbund.org\/geschichte\/","logo":{"@type":"ImageObject","inLanguage":"de","@id":"https:\/\/www.ewigerbund.org\/geschichte\/#\/schema\/logo\/image\/","url":"https:\/\/www.ewigerbund.org\/geschichte\/wp-content\/uploads\/sites\/39\/2022\/11\/2022-09-20-Logo-EB_Schutzzone_V4_Transparent.png","contentUrl":"https:\/\/www.ewigerbund.org\/geschichte\/wp-content\/uploads\/sites\/39\/2022\/11\/2022-09-20-Logo-EB_Schutzzone_V4_Transparent.png","width":2000,"height":1982,"caption":"Geschichte"},"image":{"@id":"https:\/\/www.ewigerbund.org\/geschichte\/#\/schema\/logo\/image\/"}}]}},"_links":{"self":[{"href":"https:\/\/www.ewigerbund.org\/geschichte\/wp-json\/wp\/v2\/pages\/366","targetHints":{"allow":["GET"]}}],"collection":[{"href":"https:\/\/www.ewigerbund.org\/geschichte\/wp-json\/wp\/v2\/pages"}],"about":[{"href":"https:\/\/www.ewigerbund.org\/geschichte\/wp-json\/wp\/v2\/types\/page"}],"author":[{"embeddable":true,"href":"https:\/\/www.ewigerbund.org\/geschichte\/wp-json\/wp\/v2\/users\/16"}],"replies":[{"embeddable":true,"href":"https:\/\/www.ewigerbund.org\/geschichte\/wp-json\/wp\/v2\/comments?post=366"}],"version-history":[{"count":13,"href":"https:\/\/www.ewigerbund.org\/geschichte\/wp-json\/wp\/v2\/pages\/366\/revisions"}],"predecessor-version":[{"id":2259,"href":"https:\/\/www.ewigerbund.org\/geschichte\/wp-json\/wp\/v2\/pages\/366\/revisions\/2259"}],"up":[{"embeddable":true,"href":"https:\/\/www.ewigerbund.org\/geschichte\/wp-json\/wp\/v2\/pages\/324"}],"wp:featuredmedia":[{"embeddable":true,"href":"https:\/\/www.ewigerbund.org\/geschichte\/wp-json\/wp\/v2\/media\/1452"}],"wp:attachment":[{"href":"https:\/\/www.ewigerbund.org\/geschichte\/wp-json\/wp\/v2\/media?parent=366"}],"wp:term":[{"taxonomy":"category","embeddable":true,"href":"https:\/\/www.ewigerbund.org\/geschichte\/wp-json\/wp\/v2\/categories?post=366"},{"taxonomy":"post_tag","embeddable":true,"href":"https:\/\/www.ewigerbund.org\/geschichte\/wp-json\/wp\/v2\/tags?post=366"}],"curies":[{"name":"wp","href":"https:\/\/api.w.org\/{rel}","templated":true}]}}