{"id":341,"date":"2022-12-08T19:46:17","date_gmt":"2022-12-08T18:46:17","guid":{"rendered":"https:\/\/www.ewigerbund.org\/geschichte\/?page_id=341"},"modified":"2023-03-30T22:37:39","modified_gmt":"2023-03-30T20:37:39","slug":"1134-1373-vorgeschichte-der-mark-brandenburg","status":"publish","type":"page","link":"https:\/\/www.ewigerbund.org\/geschichte\/bis-14-jahrhundert\/1134-1373-vorgeschichte-der-mark-brandenburg\/","title":{"rendered":"1134 \u2013 1373. Vorgeschichte der Mark Brandenburg."},"content":{"rendered":"\n<figure class=\"wp-block-embed is-type-video is-provider-vimeo wp-block-embed-vimeo wp-embed-aspect-16-9 wp-has-aspect-ratio\"><div class=\"wp-block-embed__wrapper\">\n<iframe loading=\"lazy\" src=\"https:\/\/player.vimeo.com\/video\/779348007?h=b3949b9700&amp;dnt=1&amp;app_id=122963\" width=\"500\" height=\"281\" frameborder=\"0\" allow=\"autoplay; fullscreen; picture-in-picture; clipboard-write\"><\/iframe>\n<\/div><\/figure>\n\n\n\n<h2 class=\"wp-block-heading\">Die Mark unter den Anhaltinern (1134 \u2013 1320).<\/h2>\n\n\n\n<p>Albrecht der B\u00e4r war im Jahre 1134 vom Kaiser Lothar mit der Nordmark belehnt worden, die einst Heinrich I zum Schutze gegen die Slawen gegr\u00fcndet hatte (S. <a href=\"https:\/\/bibliothek.ewigerbund.org\/?rcno_review=realienbuch-nr-3-ausgabe-a#realienbuch_nr_3_1907_ocr_kompr-1\/30\/\" target=\"_blank\" rel=\"noreferrer noopener\">24<\/a> u. <a href=\"https:\/\/bibliothek.ewigerbund.org\/?rcno_review=realienbuch-nr-3-ausgabe-a#realienbuch_nr_3_1907_ocr_kompr-1\/38\/\" target=\"_blank\" rel=\"noreferrer noopener\">32<\/a>). Er dehnte seine Herrschaft auf das Gebiet der Havel, also weiter nach Osten aus und nannte sich Markgraf von Brandenburg. Die Nordmark erhielt zum Unterschiede von dem neuen Besitze den Namen Altmark. (Karte!) Im deutschen Reiche bekleidete Albrecht die Erzk\u00e4mmererw\u00fcrde. &#8211; Seine Nachkommen, die Anhaltiner, eroberten und besiedelten allm\u00e4hlich das Land zwischen Elbe und Oder. Christentum und deutsches Wesen wurden durch sie dabei \u00fcberall eingef\u00fchrt. Sie waren gute Landesv\u00e4ter, die f\u00fcr Ordnung und Frieden sorgten. Unter ihrer Herrschaft wurde das wendische Dorf Berlin an der Spree zur Stadt erhoben (um 1250). Der bedeutendste Markgraf aus dem anhaltinischen Geschlechte war Waldemar. Er nahm an der Wahl des deutschen Kaisers teil und sch\u00fctzte sein Land in ruhmvollen K\u00e4mpfen gegen die feindlichen Nachbarn. Aber in der Bl\u00fcte seiner Jahre wurde er vom Tode hinweggerafft. Nicht lange danach (1320) starb die Familie der Anhaltiner in der Mark aus.<\/p>\n\n\n\n<h2 class=\"wp-block-heading\">Die Mark unter den Wittelsbachern (1324 \u2013 1373) und Luxemburgern (1373 \u2013 1415).<\/h2>\n\n\n\n<p>Kaiser Ludwig der Bayer zog die Mark als erledigtes Reichslehen ein und gab sie seinem Sohne. Gegen dessen Herrschaft trat nach einer Reihe von Jahren ein alter Pilger auf, der sich f\u00fcr den verstorbenen Markgrafen Waldemar ausgab. Er behauptete, er sei nach dem Heiligen Lande gezogen, um ein Gel\u00fcbde zu erf\u00fcllen, und erst jetzt wiedergekehrt. Anf\u00e4nglich fand er gro\u00dfen Anhang, mu\u00dfte aber schlie\u00dflich das Feld r\u00e4umen. &#8211; Unter den Wittelsbachern wurde die Mark durch die goldene Bulle 1356 (<a href=\"https:\/\/bibliothek.ewigerbund.org\/?rcno_review=realienbuch-nr-3-ausgabe-a#realienbuch_nr_3_1907_ocr_kompr-1\/62\/\" target=\"_blank\" rel=\"noreferrer noopener\">S. 57,3<\/a>) zum Kurf\u00fcrstentum erhoben.<\/p>\n\n\n\n<p>Ihre Bewohner hatten in dieser Zeit viel unter dem Raubrittertum und unter Verheerungen durch die Nachbarn zu leiden, wurden auch durch h\u00e4ufige Geldforderungen ihrer Landesherren hart bedr\u00fcckt. Der letzte wittelsbachische Kurf\u00fcrst, Otto der Faule, wurde durch Kaiser Karl&nbsp;IV. von Luxemburg gezwungen, die Mark gegen eine Geldsumme an ihn abzutreten. &#8211; Karl&nbsp;IV. war ein sorgsamer Landesvater, der Brandenburg vortrefflich verwaltete. In Tangerm\u00fcnde an der Elbe, das er zu einer gro\u00dfen Handelsstadt machen wollte, errichtete er ein Schloss und gro\u00dfe Lagerh\u00e4user. Er lie\u00df auch das \u201eHandbuch der Mark\u201c anlegen, in dem alle Schl\u00f6sser, St\u00e4dte und D\u00f6rfer aufgez\u00e4hlt und nach ihrem Werte und Umfange, sowie nach den auf ihnen ruhenden Abgaben beschrieben sind. Sein Sohn aber, Kaiser Sigismund, verpf\u00e4ndete die Mark und verkaufte einen Teil, die Neumark an den deutschen Ritterorden. Da kamen wieder schlimme Zeiten f\u00fcr die Bewohner. Raubritter und R\u00e4uberbanden machten das Land so unsicher, da\u00df die D\u00f6rfer und die wehrlosen kleinen St\u00e4dte in Armut trieben. Im Jahre 1411 sandte Sigismund den Burggrafen Friedrich von N\u00fcrnberg als Statthalter in die Mark. Wenige Jahre sp\u00e4ter (1415) \u00fcbergab er sie ihm mit der Kur- und Erzk\u00e4mmererw\u00fcrde als Reichslehen.<\/p>\n\n\n\n<p><\/p>\n","protected":false},"excerpt":{"rendered":"<p>Die Mark unter den Anhaltinern (1134 \u2013 1320). Albrecht der B\u00e4r war im Jahre 1134 vom Kaiser Lothar mit der Nordmark belehnt worden, die einst Heinrich I zum Schutze gegen die Slawen gegr\u00fcndet hatte (S. 24 u. 32). Er dehnte seine Herrschaft auf das Gebiet der Havel, also weiter nach Osten aus und nannte sich [&hellip;]<\/p>\n","protected":false},"author":16,"featured_media":2005,"parent":311,"menu_order":0,"comment_status":"closed","ping_status":"closed","template":"template-6-beide-seitenleiste.php","meta":{"footnotes":""},"categories":[10],"tags":[],"class_list":["post-341","page","type-page","status-publish","has-post-thumbnail","hentry","category-bis-14-jahrhundert"],"yoast_head":"<!-- This site is optimized with the Yoast SEO plugin v23.1 - https:\/\/yoast.com\/wordpress\/plugins\/seo\/ -->\n<title>1134 \u2013 1373. Vorgeschichte der Mark Brandenburg.<\/title>\n<meta name=\"description\" content=\"Albrecht der B\u00e4r war im Jahre 1134 vom Kaiser Lothar mit der Nordmark belehnt worden. Erfahre mehr \u00fcber die Mark Brandenburg.\" \/>\n<meta name=\"robots\" content=\"index, follow, max-snippet:-1, max-image-preview:large, max-video-preview:-1\" \/>\n<link rel=\"canonical\" href=\"https:\/\/www.ewigerbund.org\/geschichte\/bis-14-jahrhundert\/1134-1373-vorgeschichte-der-mark-brandenburg\/\" \/>\n<meta property=\"og:locale\" content=\"de_DE\" \/>\n<meta property=\"og:type\" content=\"article\" \/>\n<meta property=\"og:title\" content=\"1134 \u2013 1373. Vorgeschichte der Mark Brandenburg.\" \/>\n<meta property=\"og:description\" content=\"Albrecht der B\u00e4r war im Jahre 1134 vom Kaiser Lothar mit der Nordmark belehnt worden. Erfahre mehr \u00fcber die Mark Brandenburg.\" \/>\n<meta property=\"og:url\" content=\"https:\/\/www.ewigerbund.org\/geschichte\/bis-14-jahrhundert\/1134-1373-vorgeschichte-der-mark-brandenburg\/\" \/>\n<meta property=\"og:site_name\" content=\"Geschichte\" \/>\n<meta property=\"article:modified_time\" content=\"2023-03-30T20:37:39+00:00\" \/>\n<meta property=\"og:image\" content=\"https:\/\/www.ewigerbund.org\/geschichte\/wp-content\/uploads\/sites\/39\/2023\/03\/EB-Geschichte-MarkBrandenburg-Video.jpg\" \/>\n\t<meta property=\"og:image:width\" content=\"1748\" \/>\n\t<meta property=\"og:image:height\" content=\"994\" \/>\n\t<meta property=\"og:image:type\" content=\"image\/jpeg\" \/>\n<meta name=\"twitter:card\" content=\"summary_large_image\" \/>\n<meta name=\"twitter:label1\" content=\"Gesch\u00e4tzte Lesezeit\" \/>\n\t<meta name=\"twitter:data1\" content=\"3\u00a0Minuten\" \/>\n<script type=\"application\/ld+json\" class=\"yoast-schema-graph\">{\"@context\":\"https:\/\/schema.org\",\"@graph\":[{\"@type\":\"WebPage\",\"@id\":\"https:\/\/www.ewigerbund.org\/geschichte\/bis-14-jahrhundert\/1134-1373-vorgeschichte-der-mark-brandenburg\/\",\"url\":\"https:\/\/www.ewigerbund.org\/geschichte\/bis-14-jahrhundert\/1134-1373-vorgeschichte-der-mark-brandenburg\/\",\"name\":\"1134 \u2013 1373. Vorgeschichte der Mark Brandenburg.\",\"isPartOf\":{\"@id\":\"https:\/\/www.ewigerbund.org\/geschichte\/#website\"},\"primaryImageOfPage\":{\"@id\":\"https:\/\/www.ewigerbund.org\/geschichte\/bis-14-jahrhundert\/1134-1373-vorgeschichte-der-mark-brandenburg\/#primaryimage\"},\"image\":{\"@id\":\"https:\/\/www.ewigerbund.org\/geschichte\/bis-14-jahrhundert\/1134-1373-vorgeschichte-der-mark-brandenburg\/#primaryimage\"},\"thumbnailUrl\":\"https:\/\/www.ewigerbund.org\/geschichte\/wp-content\/uploads\/sites\/39\/2023\/03\/EB-Geschichte-MarkBrandenburg-Video.jpg\",\"datePublished\":\"2022-12-08T18:46:17+00:00\",\"dateModified\":\"2023-03-30T20:37:39+00:00\",\"description\":\"Albrecht der B\u00e4r war im Jahre 1134 vom Kaiser Lothar mit der Nordmark belehnt worden. Erfahre mehr \u00fcber die Mark Brandenburg.\",\"breadcrumb\":{\"@id\":\"https:\/\/www.ewigerbund.org\/geschichte\/bis-14-jahrhundert\/1134-1373-vorgeschichte-der-mark-brandenburg\/#breadcrumb\"},\"inLanguage\":\"de\",\"potentialAction\":[{\"@type\":\"ReadAction\",\"target\":[\"https:\/\/www.ewigerbund.org\/geschichte\/bis-14-jahrhundert\/1134-1373-vorgeschichte-der-mark-brandenburg\/\"]}]},{\"@type\":\"ImageObject\",\"inLanguage\":\"de\",\"@id\":\"https:\/\/www.ewigerbund.org\/geschichte\/bis-14-jahrhundert\/1134-1373-vorgeschichte-der-mark-brandenburg\/#primaryimage\",\"url\":\"https:\/\/www.ewigerbund.org\/geschichte\/wp-content\/uploads\/sites\/39\/2023\/03\/EB-Geschichte-MarkBrandenburg-Video.jpg\",\"contentUrl\":\"https:\/\/www.ewigerbund.org\/geschichte\/wp-content\/uploads\/sites\/39\/2023\/03\/EB-Geschichte-MarkBrandenburg-Video.jpg\",\"width\":1748,\"height\":994},{\"@type\":\"BreadcrumbList\",\"@id\":\"https:\/\/www.ewigerbund.org\/geschichte\/bis-14-jahrhundert\/1134-1373-vorgeschichte-der-mark-brandenburg\/#breadcrumb\",\"itemListElement\":[{\"@type\":\"ListItem\",\"position\":1,\"name\":\"Startseite\",\"item\":\"https:\/\/www.ewigerbund.org\/geschichte\/\"},{\"@type\":\"ListItem\",\"position\":2,\"name\":\"bis 14. Jahrhundert.\",\"item\":\"https:\/\/www.ewigerbund.org\/geschichte\/bis-14-jahrhundert\/\"},{\"@type\":\"ListItem\",\"position\":3,\"name\":\"1134 \u2013 1373. Vorgeschichte der Mark Brandenburg.\"}]},{\"@type\":\"WebSite\",\"@id\":\"https:\/\/www.ewigerbund.org\/geschichte\/#website\",\"url\":\"https:\/\/www.ewigerbund.org\/geschichte\/\",\"name\":\"Geschichte\",\"description\":\"vom ewigen Bund.\",\"publisher\":{\"@id\":\"https:\/\/www.ewigerbund.org\/geschichte\/#organization\"},\"alternateName\":\"vom ewigen Bund.\",\"potentialAction\":[{\"@type\":\"SearchAction\",\"target\":{\"@type\":\"EntryPoint\",\"urlTemplate\":\"https:\/\/www.ewigerbund.org\/geschichte\/?s={search_term_string}\"},\"query-input\":\"required name=search_term_string\"}],\"inLanguage\":\"de\"},{\"@type\":\"Organization\",\"@id\":\"https:\/\/www.ewigerbund.org\/geschichte\/#organization\",\"name\":\"Geschichte\",\"url\":\"https:\/\/www.ewigerbund.org\/geschichte\/\",\"logo\":{\"@type\":\"ImageObject\",\"inLanguage\":\"de\",\"@id\":\"https:\/\/www.ewigerbund.org\/geschichte\/#\/schema\/logo\/image\/\",\"url\":\"https:\/\/www.ewigerbund.org\/geschichte\/wp-content\/uploads\/sites\/39\/2022\/11\/2022-09-20-Logo-EB_Schutzzone_V4_Transparent.png\",\"contentUrl\":\"https:\/\/www.ewigerbund.org\/geschichte\/wp-content\/uploads\/sites\/39\/2022\/11\/2022-09-20-Logo-EB_Schutzzone_V4_Transparent.png\",\"width\":2000,\"height\":1982,\"caption\":\"Geschichte\"},\"image\":{\"@id\":\"https:\/\/www.ewigerbund.org\/geschichte\/#\/schema\/logo\/image\/\"}}]}<\/script>\n<!-- \/ Yoast SEO plugin. -->","yoast_head_json":{"title":"1134 \u2013 1373. Vorgeschichte der Mark Brandenburg.","description":"Albrecht der B\u00e4r war im Jahre 1134 vom Kaiser Lothar mit der Nordmark belehnt worden. Erfahre mehr \u00fcber die Mark Brandenburg.","robots":{"index":"index","follow":"follow","max-snippet":"max-snippet:-1","max-image-preview":"max-image-preview:large","max-video-preview":"max-video-preview:-1"},"canonical":"https:\/\/www.ewigerbund.org\/geschichte\/bis-14-jahrhundert\/1134-1373-vorgeschichte-der-mark-brandenburg\/","og_locale":"de_DE","og_type":"article","og_title":"1134 \u2013 1373. Vorgeschichte der Mark Brandenburg.","og_description":"Albrecht der B\u00e4r war im Jahre 1134 vom Kaiser Lothar mit der Nordmark belehnt worden. Erfahre mehr \u00fcber die Mark Brandenburg.","og_url":"https:\/\/www.ewigerbund.org\/geschichte\/bis-14-jahrhundert\/1134-1373-vorgeschichte-der-mark-brandenburg\/","og_site_name":"Geschichte","article_modified_time":"2023-03-30T20:37:39+00:00","og_image":[{"width":1748,"height":994,"url":"https:\/\/www.ewigerbund.org\/geschichte\/wp-content\/uploads\/sites\/39\/2023\/03\/EB-Geschichte-MarkBrandenburg-Video.jpg","type":"image\/jpeg"}],"twitter_card":"summary_large_image","twitter_misc":{"Gesch\u00e4tzte Lesezeit":"3\u00a0Minuten"},"schema":{"@context":"https:\/\/schema.org","@graph":[{"@type":"WebPage","@id":"https:\/\/www.ewigerbund.org\/geschichte\/bis-14-jahrhundert\/1134-1373-vorgeschichte-der-mark-brandenburg\/","url":"https:\/\/www.ewigerbund.org\/geschichte\/bis-14-jahrhundert\/1134-1373-vorgeschichte-der-mark-brandenburg\/","name":"1134 \u2013 1373. Vorgeschichte der Mark Brandenburg.","isPartOf":{"@id":"https:\/\/www.ewigerbund.org\/geschichte\/#website"},"primaryImageOfPage":{"@id":"https:\/\/www.ewigerbund.org\/geschichte\/bis-14-jahrhundert\/1134-1373-vorgeschichte-der-mark-brandenburg\/#primaryimage"},"image":{"@id":"https:\/\/www.ewigerbund.org\/geschichte\/bis-14-jahrhundert\/1134-1373-vorgeschichte-der-mark-brandenburg\/#primaryimage"},"thumbnailUrl":"https:\/\/www.ewigerbund.org\/geschichte\/wp-content\/uploads\/sites\/39\/2023\/03\/EB-Geschichte-MarkBrandenburg-Video.jpg","datePublished":"2022-12-08T18:46:17+00:00","dateModified":"2023-03-30T20:37:39+00:00","description":"Albrecht der B\u00e4r war im Jahre 1134 vom Kaiser Lothar mit der Nordmark belehnt worden. Erfahre mehr \u00fcber die Mark Brandenburg.","breadcrumb":{"@id":"https:\/\/www.ewigerbund.org\/geschichte\/bis-14-jahrhundert\/1134-1373-vorgeschichte-der-mark-brandenburg\/#breadcrumb"},"inLanguage":"de","potentialAction":[{"@type":"ReadAction","target":["https:\/\/www.ewigerbund.org\/geschichte\/bis-14-jahrhundert\/1134-1373-vorgeschichte-der-mark-brandenburg\/"]}]},{"@type":"ImageObject","inLanguage":"de","@id":"https:\/\/www.ewigerbund.org\/geschichte\/bis-14-jahrhundert\/1134-1373-vorgeschichte-der-mark-brandenburg\/#primaryimage","url":"https:\/\/www.ewigerbund.org\/geschichte\/wp-content\/uploads\/sites\/39\/2023\/03\/EB-Geschichte-MarkBrandenburg-Video.jpg","contentUrl":"https:\/\/www.ewigerbund.org\/geschichte\/wp-content\/uploads\/sites\/39\/2023\/03\/EB-Geschichte-MarkBrandenburg-Video.jpg","width":1748,"height":994},{"@type":"BreadcrumbList","@id":"https:\/\/www.ewigerbund.org\/geschichte\/bis-14-jahrhundert\/1134-1373-vorgeschichte-der-mark-brandenburg\/#breadcrumb","itemListElement":[{"@type":"ListItem","position":1,"name":"Startseite","item":"https:\/\/www.ewigerbund.org\/geschichte\/"},{"@type":"ListItem","position":2,"name":"bis 14. Jahrhundert.","item":"https:\/\/www.ewigerbund.org\/geschichte\/bis-14-jahrhundert\/"},{"@type":"ListItem","position":3,"name":"1134 \u2013 1373. Vorgeschichte der Mark Brandenburg."}]},{"@type":"WebSite","@id":"https:\/\/www.ewigerbund.org\/geschichte\/#website","url":"https:\/\/www.ewigerbund.org\/geschichte\/","name":"Geschichte","description":"vom ewigen Bund.","publisher":{"@id":"https:\/\/www.ewigerbund.org\/geschichte\/#organization"},"alternateName":"vom ewigen Bund.","potentialAction":[{"@type":"SearchAction","target":{"@type":"EntryPoint","urlTemplate":"https:\/\/www.ewigerbund.org\/geschichte\/?s={search_term_string}"},"query-input":"required name=search_term_string"}],"inLanguage":"de"},{"@type":"Organization","@id":"https:\/\/www.ewigerbund.org\/geschichte\/#organization","name":"Geschichte","url":"https:\/\/www.ewigerbund.org\/geschichte\/","logo":{"@type":"ImageObject","inLanguage":"de","@id":"https:\/\/www.ewigerbund.org\/geschichte\/#\/schema\/logo\/image\/","url":"https:\/\/www.ewigerbund.org\/geschichte\/wp-content\/uploads\/sites\/39\/2022\/11\/2022-09-20-Logo-EB_Schutzzone_V4_Transparent.png","contentUrl":"https:\/\/www.ewigerbund.org\/geschichte\/wp-content\/uploads\/sites\/39\/2022\/11\/2022-09-20-Logo-EB_Schutzzone_V4_Transparent.png","width":2000,"height":1982,"caption":"Geschichte"},"image":{"@id":"https:\/\/www.ewigerbund.org\/geschichte\/#\/schema\/logo\/image\/"}}]}},"_links":{"self":[{"href":"https:\/\/www.ewigerbund.org\/geschichte\/wp-json\/wp\/v2\/pages\/341","targetHints":{"allow":["GET"]}}],"collection":[{"href":"https:\/\/www.ewigerbund.org\/geschichte\/wp-json\/wp\/v2\/pages"}],"about":[{"href":"https:\/\/www.ewigerbund.org\/geschichte\/wp-json\/wp\/v2\/types\/page"}],"author":[{"embeddable":true,"href":"https:\/\/www.ewigerbund.org\/geschichte\/wp-json\/wp\/v2\/users\/16"}],"replies":[{"embeddable":true,"href":"https:\/\/www.ewigerbund.org\/geschichte\/wp-json\/wp\/v2\/comments?post=341"}],"version-history":[{"count":10,"href":"https:\/\/www.ewigerbund.org\/geschichte\/wp-json\/wp\/v2\/pages\/341\/revisions"}],"predecessor-version":[{"id":2059,"href":"https:\/\/www.ewigerbund.org\/geschichte\/wp-json\/wp\/v2\/pages\/341\/revisions\/2059"}],"up":[{"embeddable":true,"href":"https:\/\/www.ewigerbund.org\/geschichte\/wp-json\/wp\/v2\/pages\/311"}],"wp:featuredmedia":[{"embeddable":true,"href":"https:\/\/www.ewigerbund.org\/geschichte\/wp-json\/wp\/v2\/media\/2005"}],"wp:attachment":[{"href":"https:\/\/www.ewigerbund.org\/geschichte\/wp-json\/wp\/v2\/media?parent=341"}],"wp:term":[{"taxonomy":"category","embeddable":true,"href":"https:\/\/www.ewigerbund.org\/geschichte\/wp-json\/wp\/v2\/categories?post=341"},{"taxonomy":"post_tag","embeddable":true,"href":"https:\/\/www.ewigerbund.org\/geschichte\/wp-json\/wp\/v2\/tags?post=341"}],"curies":[{"name":"wp","href":"https:\/\/api.w.org\/{rel}","templated":true}]}}