{"id":326,"date":"2022-12-08T09:08:43","date_gmt":"2022-12-08T08:08:43","guid":{"rendered":"https:\/\/www.ewigerbund.org\/geschichte\/?page_id=326"},"modified":"2023-08-26T18:30:14","modified_gmt":"2023-08-26T16:30:14","slug":"18-jahrhundert","status":"publish","type":"page","link":"https:\/\/www.ewigerbund.org\/geschichte\/18-jahrhundert\/","title":{"rendered":"18. Jahrhundert."},"content":{"rendered":"\n<h2 class=\"has-text-align-center wp-block-heading\">Die Geschichte im 18. Jahrhundert.<\/h2>\n\n\n<p><!-- \/.panel-heading --><\/p>\n<div class=\"panel-body\">\n<ul class=\"timeline\">\n<li>\n<div class=\"timeline-badge\"><\/div>\n<div class=\"timeline-panel\">\n<div class=\"timeline-heading\">\n<h2 style=\"color: #811810;\" align=\"right\"><span style=\"color: #e42313;\">1712 &#8211; 1756.<\/span><\/h2>\n<p><a href=\"https:\/\/www.ewigerbund.org\/geschichte\/18-jahrhundert\/1712-1756-friedrich-der-grosse\/\"><img decoding=\"async\" class=\"aligncenter size-medium\" src=\"https:\/\/www.ewigerbund.org\/geschichte\/wp-content\/uploads\/sites\/39\/2023\/08\/1740-1786-EB-Friedrich-Grosse-1.jpg\" width=\"100%\" height=\"auto\"><\/a><\/p>\n<h4 class=\"timeline-title\">Friedrich der Gro\u00dfe.<\/h4>\n<\/div>\n<div class=\"timeline-body\">\n<p>Friedrich wurde am 24. Januar 1712 geboren. Sein Vater wollte ihn so erziehen, da\u00df nicht \u201eder Sohn einmal des Vaters Arbeit zerst\u00f6rte\u201c. Er sollte ein guter Christ, ein sparsamer Hausvater und ein t\u00fcchtiger Soldat werden. Bis zum 11. Lebensjahr des Prinzen ging alles nach des K\u00f6nigs Wunsche, und er hatte eine innige Freude, <\/p>\n<p><a href=\"https:\/\/www.ewigerbund.org\/geschichte\/18-jahrhundert\/1712-1756-friedrich-der-grosse\/\">Weiterlesen \u2794 <\/a><\/p>\n<\/div>\n<\/div>\n<\/li>\n<li class=\"timeline-inverted\">\n<div class=\"timeline-badge\"><\/div>\n<div class=\"timeline-panel\">\n<div class=\"timeline-heading\">\n<h2 style=\"color: #811810;\" align=\"left\"><span style=\"color: #e42313;\">1713 &#8211; 1740.<\/span><\/h2>\n<p><a href=\"https:\/\/www.ewigerbund.org\/geschichte\/1713-1740-friedrich-wilhelm-i\/\"><img decoding=\"async\" class=\"aligncenter size-medium\" src=\"https:\/\/www.ewigerbund.org\/geschichte\/wp-content\/uploads\/sites\/39\/2023\/01\/EB-Geschichte-1713-1740-FriedrichWilhelmI_v.jpg\" width=\"100%\" height=\"auto\"><\/a><\/p>\n<h4 class=\"timeline-title\">Friedrich Wilhelm I.<\/h4>\n<\/div>\n<div class=\"timeline-body\">\n<p>Friedrich Wilhelm I. hatte als Kronprinz die Verschwendung am Hofe mit Mi\u00dffallen gesehen. Nachdem er seinem Vater eine gl\u00e4nzende Leichenfeier gehalten hatte, schaffte er ohne weiteres den kostspieligen Hofstaat ab. Nur wenige unentbehrliche Hofbeamte behielt er.<\/p>\n<p><a href=\"https:\/\/www.ewigerbund.org\/geschichte\/1713-1740-friedrich-wilhelm-i\/\">Weiterlesen \u2794 <\/a><\/p>\n<\/div>\n<\/div>\n<\/li>\n<li>\n<div class=\"timeline-badge\"><\/div>\n<div class=\"timeline-panel\">\n<div class=\"timeline-heading\">\n<h2 style=\"color: #811810;\" align=\"right\"><span style=\"color: #e42313;\">1756 &#8211; 1763.<\/span><\/h2>\n<p><a href=\"https:\/\/www.ewigerbund.org\/geschichte\/18-jahrhundert\/1756-1763-der-dritte-schlesische-oder-siebenjaehrige-krieg\/\"><img decoding=\"async\" class=\"aligncenter size-medium\" src=\"https:\/\/www.ewigerbund.org\/geschichte\/wp-content\/uploads\/sites\/39\/2023\/08\/1740-1786-EB-Friedrich-Grosse-2.jpg\" width=\"100%\" height=\"auto\"><\/a><\/p>\n<h4 class=\"timeline-title\">Der Dritte Schlesische oder Siebenj\u00e4hrige Krieg.<\/h4>\n<\/div>\n<div class=\"timeline-body\">\n<p>Maria Theresia konnte den Verlust Schlesiens nicht \u00fcberwinden und bewog die Kaiserin von Ru\u00dfland, sowie den K\u00f6nig von Frankreich und den Kurf\u00fcrsten von Sachsen zu einem B\u00fcndnisse gegen Preu\u00dfen. Sp\u00e4ter traten noch Schweden und das deutsche Reich den Feinden Friedrichs bei. Man verabredete eine v\u00f6llige Teilung des preu\u00dfischen Staates, <\/p>\n<p><a href=\"https:\/\/www.ewigerbund.org\/geschichte\/18-jahrhundert\/1756-1763-der-dritte-schlesische-oder-siebenjaehrige-krieg\/\">Weiterlesen \u2794 <\/a><\/p>\n<\/div>\n<\/div>\n<\/li>\n<li class=\"timeline-inverted\">\n<div class=\"timeline-badge\"><\/div>\n<div class=\"timeline-panel\">\n<div class=\"timeline-heading\">\n<h2 style=\"color: #811810;\" align=\"left\"><span style=\"color: #e42313;\">1763 &#8211; 1786.<\/span><\/h2>\n<p><a href=\"https:\/\/www.ewigerbund.org\/geschichte\/18-jahrhundert\/1763-1786-friedrich-als-landesvater\/\"><img decoding=\"async\" class=\"aligncenter size-medium\" src=\"https:\/\/www.ewigerbund.org\/geschichte\/wp-content\/uploads\/sites\/39\/2023\/08\/1740-1786-EB-Friedrich-Grosse-3.jpg\" width=\"100%\" height=\"auto\"><\/a><\/p>\n<h4 class=\"timeline-title\">Friedrich als Landesvater.<\/h4>\n<\/div>\n<div class=\"timeline-body\">\n<p>Die furchtbaren Aufregungen und Anstrengungen des Siebenj\u00e4hrigen Krieges hatten den K\u00f6nig vorzeitig alt gemacht. In abgetragenem blauen Rocke, mit hohen Stiefeln, ein dreieckiges H\u00fctchen auf dem Kopfe und mit dem Kr\u00fcckstocke in der Hand sahen ihn die Berliner auf seinem Schimmel durch die Stra\u00dfen reiten. Er hielt seinen kleinen hageren K\u00f6rper ein wenig nach vorn geneigt,<\/p>\n<p><a href=\"https:\/\/www.ewigerbund.org\/geschichte\/18-jahrhundert\/1763-1786-friedrich-als-landesvater\/\">Weiterlesen \u2794<\/a><\/p>\n<\/div>\n<\/div>\n<\/li>\n<li>\n<div class=\"timeline-badge\"><\/div>\n<div class=\"timeline-panel\">\n<div class=\"timeline-heading\">\n<h2 style=\"color: #811810;\" align=\"right\"><span style=\"color: #e42313;\">1786 &#8211; 1797.<\/span><\/h2>\n<p><a href=\"https:\/\/www.ewigerbund.org\/geschichte\/18-jahrhundert\/1786-1797-friedrich-wilhelm-ii\/\"><img decoding=\"async\" class=\"aligncenter size-medium\" src=\"https:\/\/www.ewigerbund.org\/geschichte\/wp-content\/uploads\/sites\/39\/2023\/01\/EB-Geschichte-1786-1797-FriedrichWilhelmII_v.jpg\" width=\"100%\" height=\"auto\"><\/a><\/p>\n<h4 class=\"timeline-title\">Friedrich Wilhelm II.<\/h4>\n<\/div>\n<div class=\"timeline-body\">\n<p>Da Friedrich der Gro\u00dfe keine Kinder hinterlie\u00df, folgte ihm sein Neffe Friedrich Wilhelm II. in der Regierung. Er hatte eine stattliche Gestalt und ein wohlwollendes, offenes Wesen. Wegen seiner Freundlichkeit war er bei seinen Untertanen sehr beliebt. Er redete die Leute nicht mehr wie bisher \u00fcblich gewesen war, mit \u201eEr\u201c an, sondern gebrauchte das h\u00f6flichere \u201eSie\u201c.<\/p>\n<p><a href=\"https:\/\/www.ewigerbund.org\/geschichte\/18-jahrhundert\/1786-1797-friedrich-wilhelm-ii\/\">Weiterlesen \u2794 <\/a><\/p>\n<\/div>\n<\/div>\n<\/li>\n<\/ul>\n<\/div>\n<p><!-- \/.panel-body --><\/p>","protected":false},"excerpt":{"rendered":"<p>Die Geschichte im 18. Jahrhundert. 1712 &#8211; 1756. Friedrich der Gro\u00dfe. Friedrich wurde am 24. Januar 1712 geboren. Sein Vater wollte ihn so erziehen, da\u00df nicht \u201eder Sohn einmal des Vaters Arbeit zerst\u00f6rte\u201c. Er sollte ein guter Christ, ein sparsamer Hausvater und ein t\u00fcchtiger Soldat werden. Bis zum 11. Lebensjahr des Prinzen ging alles nach [&hellip;]<\/p>\n","protected":false},"author":16,"featured_media":1776,"parent":0,"menu_order":0,"comment_status":"closed","ping_status":"closed","template":"template-4-linke-seitenleiste.php","meta":{"footnotes":""},"categories":[13,7,8],"tags":[],"class_list":["post-326","page","type-page","status-publish","has-post-thumbnail","hentry","category-18-jahrhundert","category-geschichte","category-zeitlinie"],"yoast_head":"<!-- This site is optimized with the Yoast SEO plugin v23.1 - https:\/\/yoast.com\/wordpress\/plugins\/seo\/ -->\n<title>18. Jahrhundert. | Ewiger Bund.<\/title>\n<meta name=\"description\" content=\"Deutschland kommt zu sich, komm einfach mit. Gemeinsam werden wir das deutsche Reich zur alten W\u00fcrde emporheben!\" \/>\n<meta name=\"robots\" content=\"index, follow, max-snippet:-1, max-image-preview:large, max-video-preview:-1\" \/>\n<link rel=\"canonical\" href=\"https:\/\/www.ewigerbund.org\/geschichte\/18-jahrhundert\/\" \/>\n<meta property=\"og:locale\" content=\"de_DE\" \/>\n<meta property=\"og:type\" content=\"article\" \/>\n<meta property=\"og:title\" content=\"18. Jahrhundert. | Ewiger Bund.\" \/>\n<meta property=\"og:description\" content=\"Deutschland kommt zu sich, komm einfach mit. Gemeinsam werden wir das deutsche Reich zur alten W\u00fcrde emporheben!\" \/>\n<meta property=\"og:url\" content=\"https:\/\/www.ewigerbund.org\/geschichte\/18-jahrhundert\/\" \/>\n<meta property=\"og:site_name\" content=\"Geschichte\" \/>\n<meta property=\"article:modified_time\" content=\"2023-08-26T16:30:14+00:00\" \/>\n<meta property=\"og:image\" content=\"https:\/\/www.ewigerbund.org\/geschichte\/wp-content\/uploads\/sites\/39\/2023\/01\/Kat-Geschichte.jpg\" \/>\n\t<meta property=\"og:image:width\" content=\"1748\" \/>\n\t<meta property=\"og:image:height\" content=\"994\" \/>\n\t<meta property=\"og:image:type\" content=\"image\/jpeg\" \/>\n<meta name=\"twitter:card\" content=\"summary_large_image\" \/>\n<meta name=\"twitter:label1\" content=\"Gesch\u00e4tzte Lesezeit\" \/>\n\t<meta name=\"twitter:data1\" content=\"3\u00a0Minuten\" \/>\n<script type=\"application\/ld+json\" class=\"yoast-schema-graph\">{\"@context\":\"https:\/\/schema.org\",\"@graph\":[{\"@type\":\"WebPage\",\"@id\":\"https:\/\/www.ewigerbund.org\/geschichte\/18-jahrhundert\/\",\"url\":\"https:\/\/www.ewigerbund.org\/geschichte\/18-jahrhundert\/\",\"name\":\"18. Jahrhundert. | Ewiger Bund.\",\"isPartOf\":{\"@id\":\"https:\/\/www.ewigerbund.org\/geschichte\/#website\"},\"primaryImageOfPage\":{\"@id\":\"https:\/\/www.ewigerbund.org\/geschichte\/18-jahrhundert\/#primaryimage\"},\"image\":{\"@id\":\"https:\/\/www.ewigerbund.org\/geschichte\/18-jahrhundert\/#primaryimage\"},\"thumbnailUrl\":\"https:\/\/www.ewigerbund.org\/geschichte\/wp-content\/uploads\/sites\/39\/2023\/01\/Kat-Geschichte.jpg\",\"datePublished\":\"2022-12-08T08:08:43+00:00\",\"dateModified\":\"2023-08-26T16:30:14+00:00\",\"description\":\"Deutschland kommt zu sich, komm einfach mit. Gemeinsam werden wir das deutsche Reich zur alten W\u00fcrde emporheben!\",\"breadcrumb\":{\"@id\":\"https:\/\/www.ewigerbund.org\/geschichte\/18-jahrhundert\/#breadcrumb\"},\"inLanguage\":\"de\",\"potentialAction\":[{\"@type\":\"ReadAction\",\"target\":[\"https:\/\/www.ewigerbund.org\/geschichte\/18-jahrhundert\/\"]}]},{\"@type\":\"ImageObject\",\"inLanguage\":\"de\",\"@id\":\"https:\/\/www.ewigerbund.org\/geschichte\/18-jahrhundert\/#primaryimage\",\"url\":\"https:\/\/www.ewigerbund.org\/geschichte\/wp-content\/uploads\/sites\/39\/2023\/01\/Kat-Geschichte.jpg\",\"contentUrl\":\"https:\/\/www.ewigerbund.org\/geschichte\/wp-content\/uploads\/sites\/39\/2023\/01\/Kat-Geschichte.jpg\",\"width\":1748,\"height\":994},{\"@type\":\"BreadcrumbList\",\"@id\":\"https:\/\/www.ewigerbund.org\/geschichte\/18-jahrhundert\/#breadcrumb\",\"itemListElement\":[{\"@type\":\"ListItem\",\"position\":1,\"name\":\"Startseite\",\"item\":\"https:\/\/www.ewigerbund.org\/geschichte\/\"},{\"@type\":\"ListItem\",\"position\":2,\"name\":\"18. Jahrhundert.\"}]},{\"@type\":\"WebSite\",\"@id\":\"https:\/\/www.ewigerbund.org\/geschichte\/#website\",\"url\":\"https:\/\/www.ewigerbund.org\/geschichte\/\",\"name\":\"Geschichte\",\"description\":\"vom ewigen Bund.\",\"publisher\":{\"@id\":\"https:\/\/www.ewigerbund.org\/geschichte\/#organization\"},\"alternateName\":\"vom ewigen Bund.\",\"potentialAction\":[{\"@type\":\"SearchAction\",\"target\":{\"@type\":\"EntryPoint\",\"urlTemplate\":\"https:\/\/www.ewigerbund.org\/geschichte\/?s={search_term_string}\"},\"query-input\":\"required name=search_term_string\"}],\"inLanguage\":\"de\"},{\"@type\":\"Organization\",\"@id\":\"https:\/\/www.ewigerbund.org\/geschichte\/#organization\",\"name\":\"Geschichte\",\"url\":\"https:\/\/www.ewigerbund.org\/geschichte\/\",\"logo\":{\"@type\":\"ImageObject\",\"inLanguage\":\"de\",\"@id\":\"https:\/\/www.ewigerbund.org\/geschichte\/#\/schema\/logo\/image\/\",\"url\":\"https:\/\/www.ewigerbund.org\/geschichte\/wp-content\/uploads\/sites\/39\/2022\/11\/2022-09-20-Logo-EB_Schutzzone_V4_Transparent.png\",\"contentUrl\":\"https:\/\/www.ewigerbund.org\/geschichte\/wp-content\/uploads\/sites\/39\/2022\/11\/2022-09-20-Logo-EB_Schutzzone_V4_Transparent.png\",\"width\":2000,\"height\":1982,\"caption\":\"Geschichte\"},\"image\":{\"@id\":\"https:\/\/www.ewigerbund.org\/geschichte\/#\/schema\/logo\/image\/\"}}]}<\/script>\n<!-- \/ Yoast SEO plugin. -->","yoast_head_json":{"title":"18. Jahrhundert. | Ewiger Bund.","description":"Deutschland kommt zu sich, komm einfach mit. Gemeinsam werden wir das deutsche Reich zur alten W\u00fcrde emporheben!","robots":{"index":"index","follow":"follow","max-snippet":"max-snippet:-1","max-image-preview":"max-image-preview:large","max-video-preview":"max-video-preview:-1"},"canonical":"https:\/\/www.ewigerbund.org\/geschichte\/18-jahrhundert\/","og_locale":"de_DE","og_type":"article","og_title":"18. Jahrhundert. | Ewiger Bund.","og_description":"Deutschland kommt zu sich, komm einfach mit. Gemeinsam werden wir das deutsche Reich zur alten W\u00fcrde emporheben!","og_url":"https:\/\/www.ewigerbund.org\/geschichte\/18-jahrhundert\/","og_site_name":"Geschichte","article_modified_time":"2023-08-26T16:30:14+00:00","og_image":[{"width":1748,"height":994,"url":"https:\/\/www.ewigerbund.org\/geschichte\/wp-content\/uploads\/sites\/39\/2023\/01\/Kat-Geschichte.jpg","type":"image\/jpeg"}],"twitter_card":"summary_large_image","twitter_misc":{"Gesch\u00e4tzte Lesezeit":"3\u00a0Minuten"},"schema":{"@context":"https:\/\/schema.org","@graph":[{"@type":"WebPage","@id":"https:\/\/www.ewigerbund.org\/geschichte\/18-jahrhundert\/","url":"https:\/\/www.ewigerbund.org\/geschichte\/18-jahrhundert\/","name":"18. Jahrhundert. | Ewiger Bund.","isPartOf":{"@id":"https:\/\/www.ewigerbund.org\/geschichte\/#website"},"primaryImageOfPage":{"@id":"https:\/\/www.ewigerbund.org\/geschichte\/18-jahrhundert\/#primaryimage"},"image":{"@id":"https:\/\/www.ewigerbund.org\/geschichte\/18-jahrhundert\/#primaryimage"},"thumbnailUrl":"https:\/\/www.ewigerbund.org\/geschichte\/wp-content\/uploads\/sites\/39\/2023\/01\/Kat-Geschichte.jpg","datePublished":"2022-12-08T08:08:43+00:00","dateModified":"2023-08-26T16:30:14+00:00","description":"Deutschland kommt zu sich, komm einfach mit. Gemeinsam werden wir das deutsche Reich zur alten W\u00fcrde emporheben!","breadcrumb":{"@id":"https:\/\/www.ewigerbund.org\/geschichte\/18-jahrhundert\/#breadcrumb"},"inLanguage":"de","potentialAction":[{"@type":"ReadAction","target":["https:\/\/www.ewigerbund.org\/geschichte\/18-jahrhundert\/"]}]},{"@type":"ImageObject","inLanguage":"de","@id":"https:\/\/www.ewigerbund.org\/geschichte\/18-jahrhundert\/#primaryimage","url":"https:\/\/www.ewigerbund.org\/geschichte\/wp-content\/uploads\/sites\/39\/2023\/01\/Kat-Geschichte.jpg","contentUrl":"https:\/\/www.ewigerbund.org\/geschichte\/wp-content\/uploads\/sites\/39\/2023\/01\/Kat-Geschichte.jpg","width":1748,"height":994},{"@type":"BreadcrumbList","@id":"https:\/\/www.ewigerbund.org\/geschichte\/18-jahrhundert\/#breadcrumb","itemListElement":[{"@type":"ListItem","position":1,"name":"Startseite","item":"https:\/\/www.ewigerbund.org\/geschichte\/"},{"@type":"ListItem","position":2,"name":"18. Jahrhundert."}]},{"@type":"WebSite","@id":"https:\/\/www.ewigerbund.org\/geschichte\/#website","url":"https:\/\/www.ewigerbund.org\/geschichte\/","name":"Geschichte","description":"vom ewigen Bund.","publisher":{"@id":"https:\/\/www.ewigerbund.org\/geschichte\/#organization"},"alternateName":"vom ewigen Bund.","potentialAction":[{"@type":"SearchAction","target":{"@type":"EntryPoint","urlTemplate":"https:\/\/www.ewigerbund.org\/geschichte\/?s={search_term_string}"},"query-input":"required name=search_term_string"}],"inLanguage":"de"},{"@type":"Organization","@id":"https:\/\/www.ewigerbund.org\/geschichte\/#organization","name":"Geschichte","url":"https:\/\/www.ewigerbund.org\/geschichte\/","logo":{"@type":"ImageObject","inLanguage":"de","@id":"https:\/\/www.ewigerbund.org\/geschichte\/#\/schema\/logo\/image\/","url":"https:\/\/www.ewigerbund.org\/geschichte\/wp-content\/uploads\/sites\/39\/2022\/11\/2022-09-20-Logo-EB_Schutzzone_V4_Transparent.png","contentUrl":"https:\/\/www.ewigerbund.org\/geschichte\/wp-content\/uploads\/sites\/39\/2022\/11\/2022-09-20-Logo-EB_Schutzzone_V4_Transparent.png","width":2000,"height":1982,"caption":"Geschichte"},"image":{"@id":"https:\/\/www.ewigerbund.org\/geschichte\/#\/schema\/logo\/image\/"}}]}},"_links":{"self":[{"href":"https:\/\/www.ewigerbund.org\/geschichte\/wp-json\/wp\/v2\/pages\/326","targetHints":{"allow":["GET"]}}],"collection":[{"href":"https:\/\/www.ewigerbund.org\/geschichte\/wp-json\/wp\/v2\/pages"}],"about":[{"href":"https:\/\/www.ewigerbund.org\/geschichte\/wp-json\/wp\/v2\/types\/page"}],"author":[{"embeddable":true,"href":"https:\/\/www.ewigerbund.org\/geschichte\/wp-json\/wp\/v2\/users\/16"}],"replies":[{"embeddable":true,"href":"https:\/\/www.ewigerbund.org\/geschichte\/wp-json\/wp\/v2\/comments?post=326"}],"version-history":[{"count":27,"href":"https:\/\/www.ewigerbund.org\/geschichte\/wp-json\/wp\/v2\/pages\/326\/revisions"}],"predecessor-version":[{"id":2257,"href":"https:\/\/www.ewigerbund.org\/geschichte\/wp-json\/wp\/v2\/pages\/326\/revisions\/2257"}],"wp:featuredmedia":[{"embeddable":true,"href":"https:\/\/www.ewigerbund.org\/geschichte\/wp-json\/wp\/v2\/media\/1776"}],"wp:attachment":[{"href":"https:\/\/www.ewigerbund.org\/geschichte\/wp-json\/wp\/v2\/media?parent=326"}],"wp:term":[{"taxonomy":"category","embeddable":true,"href":"https:\/\/www.ewigerbund.org\/geschichte\/wp-json\/wp\/v2\/categories?post=326"},{"taxonomy":"post_tag","embeddable":true,"href":"https:\/\/www.ewigerbund.org\/geschichte\/wp-json\/wp\/v2\/tags?post=326"}],"curies":[{"name":"wp","href":"https:\/\/api.w.org\/{rel}","templated":true}]}}