{"id":281,"date":"2022-11-26T08:25:32","date_gmt":"2022-11-26T07:25:32","guid":{"rendered":"https:\/\/www.ewigerbund.org\/geschichte\/?page_id=281"},"modified":"2023-03-18T10:37:01","modified_gmt":"2023-03-18T09:37:01","slug":"1525-der-bauernkrieg","status":"publish","type":"page","link":"https:\/\/www.ewigerbund.org\/geschichte\/16-jahrhundert\/1525-der-bauernkrieg\/","title":{"rendered":"1525. Der Bauernkrieg."},"content":{"rendered":"\n<figure class=\"wp-block-embed is-type-video is-provider-vimeo wp-block-embed-vimeo wp-embed-aspect-16-9 wp-has-aspect-ratio\"><div class=\"wp-block-embed__wrapper\">\n<iframe loading=\"lazy\" src=\"https:\/\/player.vimeo.com\/video\/775242003?h=cc567924d8&amp;dnt=1&amp;app_id=122963\" width=\"500\" height=\"281\" frameborder=\"0\" allow=\"autoplay; fullscreen; picture-in-picture; clipboard-write\"><\/iframe>\n<\/div><\/figure>\n\n\n\n<h2 class=\"wp-block-heading\">Der Bauernkrieg.<\/h2>\n\n\n\n<p>Die Lage des Bauernstandes war in den letzten Jahrhunderten immer schlechter geworden. Der Bauer mu\u00dfte mit seinen Familienmitgliedern und mit seinen Zugtieren oft mehrere Tage der Woche auf dem Gutshofe unentgeltlich arbeiten (Hand- und Spanndienste). Au\u00dferdem hatte er allerlei Abgaben an Vieh und Feldfr\u00fcchten an das Lehen zu entrichten. Daher war es ihm auch bei gro\u00dfem Flei\u00dfe kaum m\u00f6glich, das Leben zu fristen. Als nun Luther eine Schrift \u00fcber die Glaubensfreiheit herausgab, bezogen die Bauern das Wort <strong>\u201eFreiheit\u201c<\/strong> auf ihre Lage. Im Jahre 1525 erhoben sie sich in ganz S\u00fcd- und Mitteldeutschland und forderten die Abschaffung der Leibeigenschaft, Beschr\u00e4nkung und Feststellung der Fronden und Abgaben, freie Jagd, freien Fischfang, freies Holz und freie Wahl ihrer Geistlichen. Ihr Hauptf\u00fchrer in Mitteldeutschland war der fr\u00fchere M\u00f6nch <strong>Thomas M\u00fcnzer.<\/strong> Sie bem\u00e4chtigten sich der freien Reichsstadt M\u00fchlhausen i. Th., verjagten den Rat und machten sich selbst zu Herren. Solange die Bauern sich vor Gewalttaten geh\u00fctet hatten, war Luther f\u00fcr sie eingetreten. Aber als sie anfingen, furchtbare Greuel zu begehen, sowie Burgen und Kl\u00f6ster zu verbrennen, forderte er die F\u00fcrsten auf, sie zur Ruhe und Ordnung zu zwingen. Diese taten sich nun ohne R\u00fccksicht auf ihren Glauben zusammen und vernichteten die Bauernheere; M\u00fcnzer wurde gefangen und grausam hingerichtet. Die Lage des Bauernstandes wurde nun schlimmer als vorher und erfuhr \u00fcber 250 Jahre keine Besserung.<\/p>\n\n\n\n<h2 class=\"wp-block-heading\">Die Wiedert\u00e4ufer in M\u00fcnster.<\/h2>\n\n\n\n<p>Zur Zeit der Reformation traten M\u00e4nner auf, die die Taufe der Kinder ablehnten und die Erwachsenen nochmals tauften. Diese \u201eWiedert\u00e4ufer\u201c wollten schon hier auf Erden ein Reich Gottes aufrichten. In der Stadt M\u00fcnster i. W. vertrieben sie den Bischof und die Obrigkeit. Darauf erw\u00e4hlten sie ihren F\u00fchrer Johann Bockold aus Leiden in Holland zum K\u00f6nige. Nun zwangen sie die B\u00fcrger, ihren Besitz an Gold und Silber auf dem Rathause abzuliefern und f\u00fchrten die Vielweiberei ein. Der Bischof von M\u00fcnster und der Landgraf Philipp von Hessen eroberten schlie\u00dflich die Stadt und machten der tollen Wirtschaft ein Ende (1535).<\/p>\n","protected":false},"excerpt":{"rendered":"<p>Der Bauernkrieg. Die Lage des Bauernstandes war in den letzten Jahrhunderten immer schlechter geworden. Der Bauer mu\u00dfte mit seinen Familienmitgliedern und mit seinen Zugtieren oft mehrere Tage der Woche auf dem Gutshofe unentgeltlich arbeiten (Hand- und Spanndienste). Au\u00dferdem hatte er allerlei Abgaben an Vieh und Feldfr\u00fcchten an das Lehen zu entrichten. Daher war es ihm [&hellip;]<\/p>\n","protected":false},"author":16,"featured_media":2012,"parent":251,"menu_order":0,"comment_status":"closed","ping_status":"closed","template":"template-6-beide-seitenleiste.php","meta":{"footnotes":""},"categories":[9,7],"tags":[35],"class_list":["post-281","page","type-page","status-publish","has-post-thumbnail","hentry","category-16-jahrhundert","category-geschichte","tag-geschichteeb"],"yoast_head":"<!-- This site is optimized with the Yoast SEO plugin v23.1 - https:\/\/yoast.com\/wordpress\/plugins\/seo\/ -->\n<title>1525. Der Bauernkrieg. | Ewiger Bund.<\/title>\n<meta name=\"description\" content=\"Die Lage des Bauernstandes war in den letzten Jahrhunderten immer schlechter geworden.\" \/>\n<meta name=\"robots\" content=\"index, follow, max-snippet:-1, max-image-preview:large, max-video-preview:-1\" \/>\n<link rel=\"canonical\" href=\"https:\/\/www.ewigerbund.org\/geschichte\/16-jahrhundert\/1525-der-bauernkrieg\/\" \/>\n<meta property=\"og:locale\" content=\"de_DE\" \/>\n<meta property=\"og:type\" content=\"article\" \/>\n<meta property=\"og:title\" content=\"1525. Der Bauernkrieg.\" \/>\n<meta property=\"og:description\" content=\"Die Lage des Bauernstandes war in den letzten Jahrhunderten immer schlechter geworden. Der Bauer mu\u00dfte mit seinen Familienmitgliedern und mit seinen Zugtieren oft mehrere Tage der Woche auf dem Gutshofe unentgeltlich arbeiten (Hand- und Spanndienste).\" \/>\n<meta property=\"og:url\" content=\"https:\/\/www.ewigerbund.org\/geschichte\/16-jahrhundert\/1525-der-bauernkrieg\/\" \/>\n<meta property=\"og:site_name\" content=\"Geschichte\" \/>\n<meta property=\"article:modified_time\" content=\"2023-03-18T09:37:01+00:00\" \/>\n<meta property=\"og:image\" content=\"https:\/\/www.ewigerbund.org\/geschichte\/wp-content\/uploads\/sites\/39\/2023\/01\/EB-Geschichte-Bauernkrieg-Video.jpg\" \/>\n\t<meta property=\"og:image:width\" content=\"1200\" \/>\n\t<meta property=\"og:image:height\" content=\"682\" \/>\n\t<meta property=\"og:image:type\" content=\"image\/jpeg\" \/>\n<meta name=\"twitter:card\" content=\"summary_large_image\" \/>\n<meta name=\"twitter:title\" content=\"1525. Der Bauernkrieg.\" \/>\n<meta name=\"twitter:description\" content=\"Die Lage des Bauernstandes war in den letzten Jahrhunderten immer schlechter geworden. Der Bauer mu\u00dfte mit seinen Familienmitgliedern und mit seinen Zugtieren oft mehrere Tage der Woche auf dem Gutshofe unentgeltlich arbeiten (Hand- und Spanndienste).\" \/>\n<meta name=\"twitter:image\" content=\"https:\/\/www.ewigerbund.org\/geschichte\/wp-content\/uploads\/sites\/39\/2023\/01\/EB-Geschichte-Bauernkrieg-Video.jpg\" \/>\n<meta name=\"twitter:label1\" content=\"Gesch\u00e4tzte Lesezeit\" \/>\n\t<meta name=\"twitter:data1\" content=\"2\u00a0Minuten\" \/>\n<script type=\"application\/ld+json\" class=\"yoast-schema-graph\">{\"@context\":\"https:\/\/schema.org\",\"@graph\":[{\"@type\":\"WebPage\",\"@id\":\"https:\/\/www.ewigerbund.org\/geschichte\/16-jahrhundert\/1525-der-bauernkrieg\/\",\"url\":\"https:\/\/www.ewigerbund.org\/geschichte\/16-jahrhundert\/1525-der-bauernkrieg\/\",\"name\":\"1525. Der Bauernkrieg. | Ewiger Bund.\",\"isPartOf\":{\"@id\":\"https:\/\/www.ewigerbund.org\/geschichte\/#website\"},\"primaryImageOfPage\":{\"@id\":\"https:\/\/www.ewigerbund.org\/geschichte\/16-jahrhundert\/1525-der-bauernkrieg\/#primaryimage\"},\"image\":{\"@id\":\"https:\/\/www.ewigerbund.org\/geschichte\/16-jahrhundert\/1525-der-bauernkrieg\/#primaryimage\"},\"thumbnailUrl\":\"https:\/\/www.ewigerbund.org\/geschichte\/wp-content\/uploads\/sites\/39\/2023\/03\/EB-Geschichte-Bauernkrieg-Video-1.jpg\",\"datePublished\":\"2022-11-26T07:25:32+00:00\",\"dateModified\":\"2023-03-18T09:37:01+00:00\",\"description\":\"Die Lage des Bauernstandes war in den letzten Jahrhunderten immer schlechter geworden.\",\"breadcrumb\":{\"@id\":\"https:\/\/www.ewigerbund.org\/geschichte\/16-jahrhundert\/1525-der-bauernkrieg\/#breadcrumb\"},\"inLanguage\":\"de\",\"potentialAction\":[{\"@type\":\"ReadAction\",\"target\":[\"https:\/\/www.ewigerbund.org\/geschichte\/16-jahrhundert\/1525-der-bauernkrieg\/\"]}]},{\"@type\":\"ImageObject\",\"inLanguage\":\"de\",\"@id\":\"https:\/\/www.ewigerbund.org\/geschichte\/16-jahrhundert\/1525-der-bauernkrieg\/#primaryimage\",\"url\":\"https:\/\/www.ewigerbund.org\/geschichte\/wp-content\/uploads\/sites\/39\/2023\/03\/EB-Geschichte-Bauernkrieg-Video-1.jpg\",\"contentUrl\":\"https:\/\/www.ewigerbund.org\/geschichte\/wp-content\/uploads\/sites\/39\/2023\/03\/EB-Geschichte-Bauernkrieg-Video-1.jpg\",\"width\":1200,\"height\":682},{\"@type\":\"BreadcrumbList\",\"@id\":\"https:\/\/www.ewigerbund.org\/geschichte\/16-jahrhundert\/1525-der-bauernkrieg\/#breadcrumb\",\"itemListElement\":[{\"@type\":\"ListItem\",\"position\":1,\"name\":\"Startseite\",\"item\":\"https:\/\/www.ewigerbund.org\/geschichte\/\"},{\"@type\":\"ListItem\",\"position\":2,\"name\":\"16. Jahrhundert.\",\"item\":\"https:\/\/www.ewigerbund.org\/geschichte\/16-jahrhundert\/\"},{\"@type\":\"ListItem\",\"position\":3,\"name\":\"1525. Der Bauernkrieg.\"}]},{\"@type\":\"WebSite\",\"@id\":\"https:\/\/www.ewigerbund.org\/geschichte\/#website\",\"url\":\"https:\/\/www.ewigerbund.org\/geschichte\/\",\"name\":\"Geschichte\",\"description\":\"vom ewigen Bund.\",\"publisher\":{\"@id\":\"https:\/\/www.ewigerbund.org\/geschichte\/#organization\"},\"alternateName\":\"vom ewigen Bund.\",\"potentialAction\":[{\"@type\":\"SearchAction\",\"target\":{\"@type\":\"EntryPoint\",\"urlTemplate\":\"https:\/\/www.ewigerbund.org\/geschichte\/?s={search_term_string}\"},\"query-input\":\"required name=search_term_string\"}],\"inLanguage\":\"de\"},{\"@type\":\"Organization\",\"@id\":\"https:\/\/www.ewigerbund.org\/geschichte\/#organization\",\"name\":\"Geschichte\",\"url\":\"https:\/\/www.ewigerbund.org\/geschichte\/\",\"logo\":{\"@type\":\"ImageObject\",\"inLanguage\":\"de\",\"@id\":\"https:\/\/www.ewigerbund.org\/geschichte\/#\/schema\/logo\/image\/\",\"url\":\"https:\/\/www.ewigerbund.org\/geschichte\/wp-content\/uploads\/sites\/39\/2022\/11\/2022-09-20-Logo-EB_Schutzzone_V4_Transparent.png\",\"contentUrl\":\"https:\/\/www.ewigerbund.org\/geschichte\/wp-content\/uploads\/sites\/39\/2022\/11\/2022-09-20-Logo-EB_Schutzzone_V4_Transparent.png\",\"width\":2000,\"height\":1982,\"caption\":\"Geschichte\"},\"image\":{\"@id\":\"https:\/\/www.ewigerbund.org\/geschichte\/#\/schema\/logo\/image\/\"}}]}<\/script>\n<!-- \/ Yoast SEO plugin. -->","yoast_head_json":{"title":"1525. Der Bauernkrieg. | Ewiger Bund.","description":"Die Lage des Bauernstandes war in den letzten Jahrhunderten immer schlechter geworden.","robots":{"index":"index","follow":"follow","max-snippet":"max-snippet:-1","max-image-preview":"max-image-preview:large","max-video-preview":"max-video-preview:-1"},"canonical":"https:\/\/www.ewigerbund.org\/geschichte\/16-jahrhundert\/1525-der-bauernkrieg\/","og_locale":"de_DE","og_type":"article","og_title":"1525. Der Bauernkrieg.","og_description":"Die Lage des Bauernstandes war in den letzten Jahrhunderten immer schlechter geworden. Der Bauer mu\u00dfte mit seinen Familienmitgliedern und mit seinen Zugtieren oft mehrere Tage der Woche auf dem Gutshofe unentgeltlich arbeiten (Hand- und Spanndienste).","og_url":"https:\/\/www.ewigerbund.org\/geschichte\/16-jahrhundert\/1525-der-bauernkrieg\/","og_site_name":"Geschichte","article_modified_time":"2023-03-18T09:37:01+00:00","og_image":[{"width":1200,"height":682,"url":"https:\/\/www.ewigerbund.org\/geschichte\/wp-content\/uploads\/sites\/39\/2023\/01\/EB-Geschichte-Bauernkrieg-Video.jpg","type":"image\/jpeg"}],"twitter_card":"summary_large_image","twitter_title":"1525. Der Bauernkrieg.","twitter_description":"Die Lage des Bauernstandes war in den letzten Jahrhunderten immer schlechter geworden. Der Bauer mu\u00dfte mit seinen Familienmitgliedern und mit seinen Zugtieren oft mehrere Tage der Woche auf dem Gutshofe unentgeltlich arbeiten (Hand- und Spanndienste).","twitter_image":"https:\/\/www.ewigerbund.org\/geschichte\/wp-content\/uploads\/sites\/39\/2023\/01\/EB-Geschichte-Bauernkrieg-Video.jpg","twitter_misc":{"Gesch\u00e4tzte Lesezeit":"2\u00a0Minuten"},"schema":{"@context":"https:\/\/schema.org","@graph":[{"@type":"WebPage","@id":"https:\/\/www.ewigerbund.org\/geschichte\/16-jahrhundert\/1525-der-bauernkrieg\/","url":"https:\/\/www.ewigerbund.org\/geschichte\/16-jahrhundert\/1525-der-bauernkrieg\/","name":"1525. Der Bauernkrieg. | Ewiger Bund.","isPartOf":{"@id":"https:\/\/www.ewigerbund.org\/geschichte\/#website"},"primaryImageOfPage":{"@id":"https:\/\/www.ewigerbund.org\/geschichte\/16-jahrhundert\/1525-der-bauernkrieg\/#primaryimage"},"image":{"@id":"https:\/\/www.ewigerbund.org\/geschichte\/16-jahrhundert\/1525-der-bauernkrieg\/#primaryimage"},"thumbnailUrl":"https:\/\/www.ewigerbund.org\/geschichte\/wp-content\/uploads\/sites\/39\/2023\/03\/EB-Geschichte-Bauernkrieg-Video-1.jpg","datePublished":"2022-11-26T07:25:32+00:00","dateModified":"2023-03-18T09:37:01+00:00","description":"Die Lage des Bauernstandes war in den letzten Jahrhunderten immer schlechter geworden.","breadcrumb":{"@id":"https:\/\/www.ewigerbund.org\/geschichte\/16-jahrhundert\/1525-der-bauernkrieg\/#breadcrumb"},"inLanguage":"de","potentialAction":[{"@type":"ReadAction","target":["https:\/\/www.ewigerbund.org\/geschichte\/16-jahrhundert\/1525-der-bauernkrieg\/"]}]},{"@type":"ImageObject","inLanguage":"de","@id":"https:\/\/www.ewigerbund.org\/geschichte\/16-jahrhundert\/1525-der-bauernkrieg\/#primaryimage","url":"https:\/\/www.ewigerbund.org\/geschichte\/wp-content\/uploads\/sites\/39\/2023\/03\/EB-Geschichte-Bauernkrieg-Video-1.jpg","contentUrl":"https:\/\/www.ewigerbund.org\/geschichte\/wp-content\/uploads\/sites\/39\/2023\/03\/EB-Geschichte-Bauernkrieg-Video-1.jpg","width":1200,"height":682},{"@type":"BreadcrumbList","@id":"https:\/\/www.ewigerbund.org\/geschichte\/16-jahrhundert\/1525-der-bauernkrieg\/#breadcrumb","itemListElement":[{"@type":"ListItem","position":1,"name":"Startseite","item":"https:\/\/www.ewigerbund.org\/geschichte\/"},{"@type":"ListItem","position":2,"name":"16. Jahrhundert.","item":"https:\/\/www.ewigerbund.org\/geschichte\/16-jahrhundert\/"},{"@type":"ListItem","position":3,"name":"1525. Der Bauernkrieg."}]},{"@type":"WebSite","@id":"https:\/\/www.ewigerbund.org\/geschichte\/#website","url":"https:\/\/www.ewigerbund.org\/geschichte\/","name":"Geschichte","description":"vom ewigen Bund.","publisher":{"@id":"https:\/\/www.ewigerbund.org\/geschichte\/#organization"},"alternateName":"vom ewigen Bund.","potentialAction":[{"@type":"SearchAction","target":{"@type":"EntryPoint","urlTemplate":"https:\/\/www.ewigerbund.org\/geschichte\/?s={search_term_string}"},"query-input":"required name=search_term_string"}],"inLanguage":"de"},{"@type":"Organization","@id":"https:\/\/www.ewigerbund.org\/geschichte\/#organization","name":"Geschichte","url":"https:\/\/www.ewigerbund.org\/geschichte\/","logo":{"@type":"ImageObject","inLanguage":"de","@id":"https:\/\/www.ewigerbund.org\/geschichte\/#\/schema\/logo\/image\/","url":"https:\/\/www.ewigerbund.org\/geschichte\/wp-content\/uploads\/sites\/39\/2022\/11\/2022-09-20-Logo-EB_Schutzzone_V4_Transparent.png","contentUrl":"https:\/\/www.ewigerbund.org\/geschichte\/wp-content\/uploads\/sites\/39\/2022\/11\/2022-09-20-Logo-EB_Schutzzone_V4_Transparent.png","width":2000,"height":1982,"caption":"Geschichte"},"image":{"@id":"https:\/\/www.ewigerbund.org\/geschichte\/#\/schema\/logo\/image\/"}}]}},"_links":{"self":[{"href":"https:\/\/www.ewigerbund.org\/geschichte\/wp-json\/wp\/v2\/pages\/281","targetHints":{"allow":["GET"]}}],"collection":[{"href":"https:\/\/www.ewigerbund.org\/geschichte\/wp-json\/wp\/v2\/pages"}],"about":[{"href":"https:\/\/www.ewigerbund.org\/geschichte\/wp-json\/wp\/v2\/types\/page"}],"author":[{"embeddable":true,"href":"https:\/\/www.ewigerbund.org\/geschichte\/wp-json\/wp\/v2\/users\/16"}],"replies":[{"embeddable":true,"href":"https:\/\/www.ewigerbund.org\/geschichte\/wp-json\/wp\/v2\/comments?post=281"}],"version-history":[{"count":5,"href":"https:\/\/www.ewigerbund.org\/geschichte\/wp-json\/wp\/v2\/pages\/281\/revisions"}],"predecessor-version":[{"id":2013,"href":"https:\/\/www.ewigerbund.org\/geschichte\/wp-json\/wp\/v2\/pages\/281\/revisions\/2013"}],"up":[{"embeddable":true,"href":"https:\/\/www.ewigerbund.org\/geschichte\/wp-json\/wp\/v2\/pages\/251"}],"wp:featuredmedia":[{"embeddable":true,"href":"https:\/\/www.ewigerbund.org\/geschichte\/wp-json\/wp\/v2\/media\/2012"}],"wp:attachment":[{"href":"https:\/\/www.ewigerbund.org\/geschichte\/wp-json\/wp\/v2\/media?parent=281"}],"wp:term":[{"taxonomy":"category","embeddable":true,"href":"https:\/\/www.ewigerbund.org\/geschichte\/wp-json\/wp\/v2\/categories?post=281"},{"taxonomy":"post_tag","embeddable":true,"href":"https:\/\/www.ewigerbund.org\/geschichte\/wp-json\/wp\/v2\/tags?post=281"}],"curies":[{"name":"wp","href":"https:\/\/api.w.org\/{rel}","templated":true}]}}