{"id":251,"date":"2022-11-24T17:49:33","date_gmt":"2022-11-24T16:49:33","guid":{"rendered":"https:\/\/www.ewigerbund.org\/geschichte\/?page_id=251"},"modified":"2023-04-23T20:38:50","modified_gmt":"2023-04-23T18:38:50","slug":"16-jahrhundert","status":"publish","type":"page","link":"https:\/\/www.ewigerbund.org\/geschichte\/16-jahrhundert\/","title":{"rendered":"16. Jahrhundert."},"content":{"rendered":"\n<h2 class=\"gb-headline gb-headline-6293de51 gb-headline-text\">Die Geschichte im 16. Jahrhundert.<\/h2>\n\n\n<p><!-- \/.panel-heading --><\/p>\n<div class=\"panel-body\">\n<ul class=\"timeline\">\n<li>\n<div class=\"timeline-badge\">&nbsp;<\/div>\n<div class=\"timeline-panel\">\n<div class=\"timeline-heading\">\n<h2 style=\"color: #811810;\" align=\"right\"><span style=\"color: #e42313;\">1517.<\/span><\/h2>\n<p><a href=\"https:\/\/www.ewigerbund.org\/geschichte\/16-jahrhundert\/1517-die-reformation\/\"><img loading=\"lazy\" decoding=\"async\" class=\"aligncenter wp-image-1464 size-full\" src=\"https:\/\/www.ewigerbund.org\/geschichte\/wp-content\/uploads\/sites\/39\/2023\/01\/EB-Geschichte-Reformation-Video-1.jpg\" alt=\"\" width=\"1200\" height=\"682\" srcset=\"https:\/\/www.ewigerbund.org\/geschichte\/wp-content\/uploads\/sites\/39\/2023\/01\/EB-Geschichte-Reformation-Video-1.jpg 1200w, https:\/\/www.ewigerbund.org\/geschichte\/wp-content\/uploads\/sites\/39\/2023\/01\/EB-Geschichte-Reformation-Video-1-300x171.jpg 300w, https:\/\/www.ewigerbund.org\/geschichte\/wp-content\/uploads\/sites\/39\/2023\/01\/EB-Geschichte-Reformation-Video-1-1024x582.jpg 1024w, https:\/\/www.ewigerbund.org\/geschichte\/wp-content\/uploads\/sites\/39\/2023\/01\/EB-Geschichte-Reformation-Video-1-768x436.jpg 768w\" sizes=\"auto, (max-width: 1200px) 100vw, 1200px\" \/><\/a><\/p>\n<h3 class=\"timeline-title\">Die Reformation.<\/h3>\n<\/div>\n<div class=\"timeline-body\">\n<p>In der Kirche waren allm\u00e4hlich mancherlei Mi\u00dfst\u00e4nde eingetreten. Die P\u00e4pste standen lange Zeit unter dem Einflusse der franz\u00f6sischen K\u00f6nige mehrfach erhoben mehrere Kirchenf\u00fcrsten gleichzeitig Anspruch auf die p\u00e4pstliche W\u00fcrde.<\/p>\n<p><a href=\"https:\/\/www.ewigerbund.org\/geschichte\/16-jahrhundert\/1517-die-reformation\/\">Weiterlesen \u2794<\/a><\/p>\n<\/div>\n<\/div>\n<\/li>\n<li class=\"timeline-inverted\">\n<div class=\"timeline-badge\">&nbsp;<\/div>\n<div class=\"timeline-panel\">\n<div class=\"timeline-heading\">\n<h2 style=\"color: #811810;\" align=\"left\"><span style=\"color: #e42313;\">1525.<\/span><\/h2>\n<p><a href=\"https:\/\/www.ewigerbund.org\/geschichte\/16-jahrhundert\/1525-der-bauernkrieg\/\"><img loading=\"lazy\" decoding=\"async\" class=\"aligncenter wp-image-1459 size-full\" src=\"https:\/\/www.ewigerbund.org\/geschichte\/wp-content\/uploads\/sites\/39\/2023\/01\/EB-Geschichte-Bauernkrieg-Video-1.jpg\" alt=\"\" width=\"1200\" height=\"682\" srcset=\"https:\/\/www.ewigerbund.org\/geschichte\/wp-content\/uploads\/sites\/39\/2023\/01\/EB-Geschichte-Bauernkrieg-Video-1.jpg 1200w, https:\/\/www.ewigerbund.org\/geschichte\/wp-content\/uploads\/sites\/39\/2023\/01\/EB-Geschichte-Bauernkrieg-Video-1-300x171.jpg 300w, https:\/\/www.ewigerbund.org\/geschichte\/wp-content\/uploads\/sites\/39\/2023\/01\/EB-Geschichte-Bauernkrieg-Video-1-1024x582.jpg 1024w, https:\/\/www.ewigerbund.org\/geschichte\/wp-content\/uploads\/sites\/39\/2023\/01\/EB-Geschichte-Bauernkrieg-Video-1-768x436.jpg 768w\" sizes=\"auto, (max-width: 1200px) 100vw, 1200px\" \/><\/a><\/p>\n<h3 class=\"timeline-title\">Der Bauernkrieg.<\/h3>\n<\/div>\n<div class=\"timeline-body\">\n<p>Die Lage des Bauernstandes war in den letzten Jahrhunderten immer schlechter geworden. Der Bauer mu\u00dfte mit seinen Familienmitgliedern und mit seinen Zugtieren oft mehrere Tage der Woche auf dem Gutshofe unentgeltlich arbeiten (Hand- und Spanndienste).<\/p>\n<p><a href=\"https:\/\/www.ewigerbund.org\/geschichte\/16-jahrhundert\/1525-der-bauernkrieg\/\">Weiterlesen \u2794<\/a><\/p>\n<\/div>\n<\/div>\n<\/li>\n<li>\n<div class=\"timeline-badge\">&nbsp;<\/div>\n<div class=\"timeline-panel\">\n<div class=\"timeline-heading\">\n<h2 style=\"color: #811810;\" align=\"right\"><span style=\"color: #e42313;\">1529.<\/span><\/h2>\n<p><a href=\"https:\/\/www.ewigerbund.org\/geschichte\/16-jahrhundert\/1529-karl-v-und-die-reformation\/\"><img loading=\"lazy\" decoding=\"async\" class=\"aligncenter wp-image-1463 size-full\" src=\"https:\/\/www.ewigerbund.org\/geschichte\/wp-content\/uploads\/sites\/39\/2023\/01\/EB-Geschichte-KaiserKarlVReformation-Video-1.jpg\" alt=\"\" width=\"1200\" height=\"682\" srcset=\"https:\/\/www.ewigerbund.org\/geschichte\/wp-content\/uploads\/sites\/39\/2023\/01\/EB-Geschichte-KaiserKarlVReformation-Video-1.jpg 1200w, https:\/\/www.ewigerbund.org\/geschichte\/wp-content\/uploads\/sites\/39\/2023\/01\/EB-Geschichte-KaiserKarlVReformation-Video-1-300x171.jpg 300w, https:\/\/www.ewigerbund.org\/geschichte\/wp-content\/uploads\/sites\/39\/2023\/01\/EB-Geschichte-KaiserKarlVReformation-Video-1-1024x582.jpg 1024w, https:\/\/www.ewigerbund.org\/geschichte\/wp-content\/uploads\/sites\/39\/2023\/01\/EB-Geschichte-KaiserKarlVReformation-Video-1-768x436.jpg 768w\" sizes=\"auto, (max-width: 1200px) 100vw, 1200px\" \/><\/a><\/p>\n<h3 class=\"timeline-title\">Karl V. und die Reformation.<\/h3>\n<\/div>\n<div class=\"timeline-body\">\n<p>Luthers Lehre breitete sich immer weiter aus. Manche deutsche F\u00fcrsten lie\u00dfen sich bei Einf\u00fchrung der Reformation durch Gewinnsucht leiten; denn bei Aufhebung der Kl\u00f6ster nahmen die Landesherren die reichen G\u00fcter derselben f\u00fcr sich in Besitz, wenn sie auch vielleicht einen Teil der Eink\u00fcnfte zur Unterhaltung von Schulen oder Krankenh\u00e4usern bestimmten.<\/p>\n<p><a href=\"https:\/\/www.ewigerbund.org\/geschichte\/16-jahrhundert\/1529-karl-v-und-die-reformation\/\">Weiterlesen \u2794<\/a><\/p>\n<\/div>\n<\/div>\n<\/li>\n<li class=\"timeline-inverted\">\n<div class=\"timeline-badge\">&nbsp;<\/div>\n<div class=\"timeline-panel\">\n<div class=\"timeline-heading\">\n<h2 style=\"color: #811810;\" align=\"left\"><span style=\"color: #e42313;\">1530 &#8211; 1580.<\/span><\/h2>\n<p><a href=\"https:\/\/www.ewigerbund.org\/geschichte\/16-jahrhundert\/1530-1580-die-reformation-in-anderen-laendern\/\"><img loading=\"lazy\" decoding=\"async\" class=\"aligncenter wp-image-1465 size-full\" src=\"https:\/\/www.ewigerbund.org\/geschichte\/wp-content\/uploads\/sites\/39\/2023\/01\/EB-Geschichte-ReformationInLaendern-Video-1.jpg\" alt=\"\" width=\"1200\" height=\"682\" srcset=\"https:\/\/www.ewigerbund.org\/geschichte\/wp-content\/uploads\/sites\/39\/2023\/01\/EB-Geschichte-ReformationInLaendern-Video-1.jpg 1200w, https:\/\/www.ewigerbund.org\/geschichte\/wp-content\/uploads\/sites\/39\/2023\/01\/EB-Geschichte-ReformationInLaendern-Video-1-300x171.jpg 300w, https:\/\/www.ewigerbund.org\/geschichte\/wp-content\/uploads\/sites\/39\/2023\/01\/EB-Geschichte-ReformationInLaendern-Video-1-1024x582.jpg 1024w, https:\/\/www.ewigerbund.org\/geschichte\/wp-content\/uploads\/sites\/39\/2023\/01\/EB-Geschichte-ReformationInLaendern-Video-1-768x436.jpg 768w\" sizes=\"auto, (max-width: 1200px) 100vw, 1200px\" \/><\/a><\/p>\n<h3 class=\"timeline-title\">Die Reformation in anderen L\u00e4ndern.<\/h3>\n<\/div>\n<div class=\"timeline-body\">\n<p>In der Schweiz war Ulrich Zwingli, Prediger in Z\u00fcrich, als Reformator aufgetreten. Er gr\u00fcndete wie Luther, die kirchliche Lehre nur auf die Heilige Schrift. In einigen Punkten jedoch, besonders in der Lehre vom heiligen Abendmahle, das er nur als Erinnerungsfeier an den Opfertod Christi gelten lie\u00df, wich er von Luther ab. Landgraf Philipp von Hessen wollte zwischen Zwingli und Luther eine Einigung herbeif\u00fchren.<\/p>\n<p><a href=\"https:\/\/www.ewigerbund.org\/geschichte\/16-jahrhundert\/1530-1580-die-reformation-in-anderen-laendern\/\">Weiterlesen \u2794<\/a><\/p>\n<\/div>\n<\/div>\n<\/li>\n<\/ul>\n<\/div>\n<p><!-- \/.panel-body --><\/p>","protected":false},"excerpt":{"rendered":"<p>Die Geschichte im 16. Jahrhundert. &nbsp; 1517. Die Reformation. In der Kirche waren allm\u00e4hlich mancherlei Mi\u00dfst\u00e4nde eingetreten. Die P\u00e4pste standen lange Zeit unter dem Einflusse der franz\u00f6sischen K\u00f6nige mehrfach erhoben mehrere Kirchenf\u00fcrsten gleichzeitig Anspruch auf die p\u00e4pstliche W\u00fcrde. Weiterlesen \u2794 &nbsp; 1525. Der Bauernkrieg. Die Lage des Bauernstandes war in den letzten Jahrhunderten immer schlechter [&hellip;]<\/p>\n","protected":false},"author":16,"featured_media":1776,"parent":0,"menu_order":0,"comment_status":"closed","ping_status":"closed","template":"template-4-linke-seitenleiste.php","meta":{"footnotes":""},"categories":[9,7,8],"tags":[],"class_list":["post-251","page","type-page","status-publish","has-post-thumbnail","hentry","category-16-jahrhundert","category-geschichte","category-zeitlinie"],"yoast_head":"<!-- This site is optimized with the Yoast SEO plugin v23.1 - https:\/\/yoast.com\/wordpress\/plugins\/seo\/ -->\n<title>Deutsche Geschichte im 16. Jahrhundert. | Ewiger Bund.<\/title>\n<meta name=\"description\" content=\"Das 16. Jahrhundert mit der Reformation und dem Bauernkrieg. Wichtige und pr\u00e4gsame Ereignisse informativ in Filmen erz\u00e4hlt.\" \/>\n<meta name=\"robots\" content=\"index, follow, max-snippet:-1, max-image-preview:large, max-video-preview:-1\" \/>\n<link rel=\"canonical\" href=\"https:\/\/www.ewigerbund.org\/geschichte\/16-jahrhundert\/\" \/>\n<meta property=\"og:locale\" content=\"de_DE\" \/>\n<meta property=\"og:type\" content=\"article\" \/>\n<meta property=\"og:title\" content=\"Deutsche Geschichte im 16. Jahrhundert. | Ewiger Bund.\" \/>\n<meta property=\"og:description\" content=\"Das 16. Jahrhundert mit der Reformation und dem Bauernkrieg. Wichtige und pr\u00e4gsame Ereignisse informativ in Filmen erz\u00e4hlt.\" \/>\n<meta property=\"og:url\" content=\"https:\/\/www.ewigerbund.org\/geschichte\/16-jahrhundert\/\" \/>\n<meta property=\"og:site_name\" content=\"Geschichte\" \/>\n<meta property=\"article:modified_time\" content=\"2023-04-23T18:38:50+00:00\" \/>\n<meta property=\"og:image\" content=\"https:\/\/www.ewigerbund.org\/geschichte\/wp-content\/uploads\/sites\/39\/2023\/01\/Kat-Geschichte.jpg\" \/>\n\t<meta property=\"og:image:width\" content=\"1748\" \/>\n\t<meta property=\"og:image:height\" content=\"994\" \/>\n\t<meta property=\"og:image:type\" content=\"image\/jpeg\" \/>\n<meta name=\"twitter:card\" content=\"summary_large_image\" \/>\n<meta name=\"twitter:label1\" content=\"Gesch\u00e4tzte Lesezeit\" \/>\n\t<meta name=\"twitter:data1\" content=\"2\u00a0Minuten\" \/>\n<script type=\"application\/ld+json\" class=\"yoast-schema-graph\">{\"@context\":\"https:\/\/schema.org\",\"@graph\":[{\"@type\":\"WebPage\",\"@id\":\"https:\/\/www.ewigerbund.org\/geschichte\/16-jahrhundert\/\",\"url\":\"https:\/\/www.ewigerbund.org\/geschichte\/16-jahrhundert\/\",\"name\":\"Deutsche Geschichte im 16. Jahrhundert. | Ewiger Bund.\",\"isPartOf\":{\"@id\":\"https:\/\/www.ewigerbund.org\/geschichte\/#website\"},\"primaryImageOfPage\":{\"@id\":\"https:\/\/www.ewigerbund.org\/geschichte\/16-jahrhundert\/#primaryimage\"},\"image\":{\"@id\":\"https:\/\/www.ewigerbund.org\/geschichte\/16-jahrhundert\/#primaryimage\"},\"thumbnailUrl\":\"https:\/\/www.ewigerbund.org\/geschichte\/wp-content\/uploads\/sites\/39\/2023\/01\/Kat-Geschichte.jpg\",\"datePublished\":\"2022-11-24T16:49:33+00:00\",\"dateModified\":\"2023-04-23T18:38:50+00:00\",\"description\":\"Das 16. Jahrhundert mit der Reformation und dem Bauernkrieg. Wichtige und pr\u00e4gsame Ereignisse informativ in Filmen erz\u00e4hlt.\",\"breadcrumb\":{\"@id\":\"https:\/\/www.ewigerbund.org\/geschichte\/16-jahrhundert\/#breadcrumb\"},\"inLanguage\":\"de\",\"potentialAction\":[{\"@type\":\"ReadAction\",\"target\":[\"https:\/\/www.ewigerbund.org\/geschichte\/16-jahrhundert\/\"]}]},{\"@type\":\"ImageObject\",\"inLanguage\":\"de\",\"@id\":\"https:\/\/www.ewigerbund.org\/geschichte\/16-jahrhundert\/#primaryimage\",\"url\":\"https:\/\/www.ewigerbund.org\/geschichte\/wp-content\/uploads\/sites\/39\/2023\/01\/Kat-Geschichte.jpg\",\"contentUrl\":\"https:\/\/www.ewigerbund.org\/geschichte\/wp-content\/uploads\/sites\/39\/2023\/01\/Kat-Geschichte.jpg\",\"width\":1748,\"height\":994},{\"@type\":\"BreadcrumbList\",\"@id\":\"https:\/\/www.ewigerbund.org\/geschichte\/16-jahrhundert\/#breadcrumb\",\"itemListElement\":[{\"@type\":\"ListItem\",\"position\":1,\"name\":\"Startseite\",\"item\":\"https:\/\/www.ewigerbund.org\/geschichte\/\"},{\"@type\":\"ListItem\",\"position\":2,\"name\":\"16. Jahrhundert.\"}]},{\"@type\":\"WebSite\",\"@id\":\"https:\/\/www.ewigerbund.org\/geschichte\/#website\",\"url\":\"https:\/\/www.ewigerbund.org\/geschichte\/\",\"name\":\"Geschichte\",\"description\":\"vom ewigen Bund.\",\"publisher\":{\"@id\":\"https:\/\/www.ewigerbund.org\/geschichte\/#organization\"},\"alternateName\":\"vom ewigen Bund.\",\"potentialAction\":[{\"@type\":\"SearchAction\",\"target\":{\"@type\":\"EntryPoint\",\"urlTemplate\":\"https:\/\/www.ewigerbund.org\/geschichte\/?s={search_term_string}\"},\"query-input\":\"required name=search_term_string\"}],\"inLanguage\":\"de\"},{\"@type\":\"Organization\",\"@id\":\"https:\/\/www.ewigerbund.org\/geschichte\/#organization\",\"name\":\"Geschichte\",\"url\":\"https:\/\/www.ewigerbund.org\/geschichte\/\",\"logo\":{\"@type\":\"ImageObject\",\"inLanguage\":\"de\",\"@id\":\"https:\/\/www.ewigerbund.org\/geschichte\/#\/schema\/logo\/image\/\",\"url\":\"https:\/\/www.ewigerbund.org\/geschichte\/wp-content\/uploads\/sites\/39\/2022\/11\/2022-09-20-Logo-EB_Schutzzone_V4_Transparent.png\",\"contentUrl\":\"https:\/\/www.ewigerbund.org\/geschichte\/wp-content\/uploads\/sites\/39\/2022\/11\/2022-09-20-Logo-EB_Schutzzone_V4_Transparent.png\",\"width\":2000,\"height\":1982,\"caption\":\"Geschichte\"},\"image\":{\"@id\":\"https:\/\/www.ewigerbund.org\/geschichte\/#\/schema\/logo\/image\/\"}}]}<\/script>\n<!-- \/ Yoast SEO plugin. -->","yoast_head_json":{"title":"Deutsche Geschichte im 16. Jahrhundert. | Ewiger Bund.","description":"Das 16. Jahrhundert mit der Reformation und dem Bauernkrieg. Wichtige und pr\u00e4gsame Ereignisse informativ in Filmen erz\u00e4hlt.","robots":{"index":"index","follow":"follow","max-snippet":"max-snippet:-1","max-image-preview":"max-image-preview:large","max-video-preview":"max-video-preview:-1"},"canonical":"https:\/\/www.ewigerbund.org\/geschichte\/16-jahrhundert\/","og_locale":"de_DE","og_type":"article","og_title":"Deutsche Geschichte im 16. Jahrhundert. | Ewiger Bund.","og_description":"Das 16. Jahrhundert mit der Reformation und dem Bauernkrieg. Wichtige und pr\u00e4gsame Ereignisse informativ in Filmen erz\u00e4hlt.","og_url":"https:\/\/www.ewigerbund.org\/geschichte\/16-jahrhundert\/","og_site_name":"Geschichte","article_modified_time":"2023-04-23T18:38:50+00:00","og_image":[{"width":1748,"height":994,"url":"https:\/\/www.ewigerbund.org\/geschichte\/wp-content\/uploads\/sites\/39\/2023\/01\/Kat-Geschichte.jpg","type":"image\/jpeg"}],"twitter_card":"summary_large_image","twitter_misc":{"Gesch\u00e4tzte Lesezeit":"2\u00a0Minuten"},"schema":{"@context":"https:\/\/schema.org","@graph":[{"@type":"WebPage","@id":"https:\/\/www.ewigerbund.org\/geschichte\/16-jahrhundert\/","url":"https:\/\/www.ewigerbund.org\/geschichte\/16-jahrhundert\/","name":"Deutsche Geschichte im 16. Jahrhundert. | Ewiger Bund.","isPartOf":{"@id":"https:\/\/www.ewigerbund.org\/geschichte\/#website"},"primaryImageOfPage":{"@id":"https:\/\/www.ewigerbund.org\/geschichte\/16-jahrhundert\/#primaryimage"},"image":{"@id":"https:\/\/www.ewigerbund.org\/geschichte\/16-jahrhundert\/#primaryimage"},"thumbnailUrl":"https:\/\/www.ewigerbund.org\/geschichte\/wp-content\/uploads\/sites\/39\/2023\/01\/Kat-Geschichte.jpg","datePublished":"2022-11-24T16:49:33+00:00","dateModified":"2023-04-23T18:38:50+00:00","description":"Das 16. Jahrhundert mit der Reformation und dem Bauernkrieg. Wichtige und pr\u00e4gsame Ereignisse informativ in Filmen erz\u00e4hlt.","breadcrumb":{"@id":"https:\/\/www.ewigerbund.org\/geschichte\/16-jahrhundert\/#breadcrumb"},"inLanguage":"de","potentialAction":[{"@type":"ReadAction","target":["https:\/\/www.ewigerbund.org\/geschichte\/16-jahrhundert\/"]}]},{"@type":"ImageObject","inLanguage":"de","@id":"https:\/\/www.ewigerbund.org\/geschichte\/16-jahrhundert\/#primaryimage","url":"https:\/\/www.ewigerbund.org\/geschichte\/wp-content\/uploads\/sites\/39\/2023\/01\/Kat-Geschichte.jpg","contentUrl":"https:\/\/www.ewigerbund.org\/geschichte\/wp-content\/uploads\/sites\/39\/2023\/01\/Kat-Geschichte.jpg","width":1748,"height":994},{"@type":"BreadcrumbList","@id":"https:\/\/www.ewigerbund.org\/geschichte\/16-jahrhundert\/#breadcrumb","itemListElement":[{"@type":"ListItem","position":1,"name":"Startseite","item":"https:\/\/www.ewigerbund.org\/geschichte\/"},{"@type":"ListItem","position":2,"name":"16. Jahrhundert."}]},{"@type":"WebSite","@id":"https:\/\/www.ewigerbund.org\/geschichte\/#website","url":"https:\/\/www.ewigerbund.org\/geschichte\/","name":"Geschichte","description":"vom ewigen Bund.","publisher":{"@id":"https:\/\/www.ewigerbund.org\/geschichte\/#organization"},"alternateName":"vom ewigen Bund.","potentialAction":[{"@type":"SearchAction","target":{"@type":"EntryPoint","urlTemplate":"https:\/\/www.ewigerbund.org\/geschichte\/?s={search_term_string}"},"query-input":"required name=search_term_string"}],"inLanguage":"de"},{"@type":"Organization","@id":"https:\/\/www.ewigerbund.org\/geschichte\/#organization","name":"Geschichte","url":"https:\/\/www.ewigerbund.org\/geschichte\/","logo":{"@type":"ImageObject","inLanguage":"de","@id":"https:\/\/www.ewigerbund.org\/geschichte\/#\/schema\/logo\/image\/","url":"https:\/\/www.ewigerbund.org\/geschichte\/wp-content\/uploads\/sites\/39\/2022\/11\/2022-09-20-Logo-EB_Schutzzone_V4_Transparent.png","contentUrl":"https:\/\/www.ewigerbund.org\/geschichte\/wp-content\/uploads\/sites\/39\/2022\/11\/2022-09-20-Logo-EB_Schutzzone_V4_Transparent.png","width":2000,"height":1982,"caption":"Geschichte"},"image":{"@id":"https:\/\/www.ewigerbund.org\/geschichte\/#\/schema\/logo\/image\/"}}]}},"_links":{"self":[{"href":"https:\/\/www.ewigerbund.org\/geschichte\/wp-json\/wp\/v2\/pages\/251","targetHints":{"allow":["GET"]}}],"collection":[{"href":"https:\/\/www.ewigerbund.org\/geschichte\/wp-json\/wp\/v2\/pages"}],"about":[{"href":"https:\/\/www.ewigerbund.org\/geschichte\/wp-json\/wp\/v2\/types\/page"}],"author":[{"embeddable":true,"href":"https:\/\/www.ewigerbund.org\/geschichte\/wp-json\/wp\/v2\/users\/16"}],"replies":[{"embeddable":true,"href":"https:\/\/www.ewigerbund.org\/geschichte\/wp-json\/wp\/v2\/comments?post=251"}],"version-history":[{"count":41,"href":"https:\/\/www.ewigerbund.org\/geschichte\/wp-json\/wp\/v2\/pages\/251\/revisions"}],"predecessor-version":[{"id":1695,"href":"https:\/\/www.ewigerbund.org\/geschichte\/wp-json\/wp\/v2\/pages\/251\/revisions\/1695"}],"wp:featuredmedia":[{"embeddable":true,"href":"https:\/\/www.ewigerbund.org\/geschichte\/wp-json\/wp\/v2\/media\/1776"}],"wp:attachment":[{"href":"https:\/\/www.ewigerbund.org\/geschichte\/wp-json\/wp\/v2\/media?parent=251"}],"wp:term":[{"taxonomy":"category","embeddable":true,"href":"https:\/\/www.ewigerbund.org\/geschichte\/wp-json\/wp\/v2\/categories?post=251"},{"taxonomy":"post_tag","embeddable":true,"href":"https:\/\/www.ewigerbund.org\/geschichte\/wp-json\/wp\/v2\/tags?post=251"}],"curies":[{"name":"wp","href":"https:\/\/api.w.org\/{rel}","templated":true}]}}