{"id":1615,"date":"2023-01-22T19:09:16","date_gmt":"2023-01-22T18:09:16","guid":{"rendered":"https:\/\/www.ewigerbund.org\/geschichte\/?page_id=1615"},"modified":"2024-04-29T18:37:23","modified_gmt":"2024-04-29T16:37:23","slug":"1888-kaiser-friedrich-iii","status":"publish","type":"page","link":"https:\/\/www.ewigerbund.org\/geschichte\/19-jahrhundert\/1888-kaiser-friedrich-iii\/","title":{"rendered":"1888. Kaiser Friedrich III."},"content":{"rendered":"\n<figure class=\"wp-block-embed is-type-video is-provider-vimeo wp-block-embed-vimeo wp-embed-aspect-16-9 wp-has-aspect-ratio\"><div class=\"wp-block-embed__wrapper\">\n<iframe loading=\"lazy\" src=\"https:\/\/player.vimeo.com\/video\/841478171?h=c48563b864&amp;dnt=1&amp;app_id=122963\" width=\"500\" height=\"281\" frameborder=\"0\" allow=\"autoplay; fullscreen; picture-in-picture; clipboard-write\"><\/iframe>\n<\/div><\/figure>\n\n\n\n<h3 class=\"wp-block-heading\">Friedrich III. 1888.<\/h3>\n\n\n\n<p>Kaiser Friedrich III., Kaiser Wilhelms einziger Sohn, wurde am 18. Oktober 1831 geboren. Seine Eltern nannten ihn Fritz; als er aber nach der Thronbesteigung seines Vaters Kronprinz von Preu\u00dfen wurde, f\u00fchrte er den Namen Friedrich Wilhelm. Er besuchte als erster preu\u00dfischer Prinz, der seine Bildung auf einer Hochschule abschlo\u00df, die Universit\u00e4t Bonn. Milit\u00e4rische \u00dcbungen und Unterricht in den Kriegswissenschaften wurden daneben nicht vers\u00e4umt. In ihm vereinte sich die soldatische Art des Vaters mit der von der Mutter ererbten Liebe zu Kunst und Wissenschaft. Durch sein heiteres Wesen, seine Leutseligkeit und Herzensg\u00fcte erwarb er sich die Zuneigung aller, mit denen er in Ber\u00fchrung kam.<\/p>\n\n\n\n<p>Er wuchs zu einem stattlichen Manne mit m\u00e4chtigem blonden Vollbarte heran. Im Alter von 27 Jahren verheiratete sich Kronprinz Friedrich Wilhelm mit der Prinzessin Viktoria von England. Dem hohen Paare, das ein sehr gl\u00fcckliches Familienleben f\u00fchrte, wurden acht Kinder, vier S\u00f6hne und vier T\u00f6chter, geboren. Besonders gern verweilte die kronprinzliche Familie auf dem Gute Bornstedt bei Potsdam, wo die jungen Prinzen und Prinzessinnen oft in ungezwungenen Verkehr mit den Kindern des Dorfes traten.<\/p>\n\n\n\n<h3 class=\"wp-block-heading\">Sein Wirken f\u00fcr das Vaterland.<\/h3>\n\n\n\n<p>Im Kriege gegen D\u00e4nemark 1864 war der Kronprinz dem General Wrangel als Berater beigegeben, und im Jahre 1866 f\u00fchrte er die II. Armee. Sein Wahlspruch war: \u201eFurchtlos und beharrlich!\u201c Als er sich in Schlesien befand und die Feindseligkeiten er\u00f6ffnet werden sollten, erhielt er unerwartet die Nachricht von dem Tode eines seiner S\u00f6hne. (Ein anderer Sohn starb 1879.) Gern w\u00e4re er nach Berlin geeilt, um seiner Gemahlin in den Tagen der Trauer zur Seite zu stehen, doch die Pflicht gegen das Vaterland erlaubte es nicht.<\/p>\n\n\n\n<p>Der Kronprinz erwies sich als ein geschickter und kaltbl\u00fctiger Heerf\u00fchrer, der seinen Truppen unbegrenztes Vertrauen einfl\u00f6\u00dfte. Durch sein rechtzeitiges Eingreifen entschied er die Schlacht bei K\u00f6niggr\u00e4tz. Gro\u00dfe Verdienste erwarb er sich auch beim Friedensschlusse, indem er den Grafen Bismarck, der \u00d6sterreich keine Gebietsabtretung auferlegen wollte, aber mit seiner Ansicht allein stand, erfolgreich unterst\u00fctzte. Im franz\u00f6sischen Kriege 1870\/71 befehligte der Kronprinz die s\u00fcddeutschen Truppen, deren Zuneigung er sich bald in hohem Ma\u00dfe erwarb. Brausender Jubel erhob sich unter den Kriegern, wenn er sie mit einem freundlichen Worte begr\u00fc\u00dfte, oder wenn er, die kurze Pfeife im Munde, an ihrer Seite dahin ritt. Der Sieg von W\u00f6rth, die gewaltigen Ereignisse von Sedan sind mit seinem Namen untrennbar verkn\u00fcpft. F\u00fcr die Einigung Deutschlands und die Erneuerung der Kaiserw\u00fcrde ist er mit ganzer Seele eingetreten.<\/p>\n\n\n\n<p>Wilhelm I. war anfangs wenig geneigt, die Kaiserw\u00fcrde zu \u00fcbernehmen, mit der bei ihm die Erinnerung an die verungl\u00fcckten Einigungsversuche seines Bruders Friedrich Wilhelms IV. verbunden war. Er wollte am liebsten nur K\u00f6nig von Preu\u00dfen bleiben; doch dem Kronprinzen gelang es im Verein mit dem eisernen Kanzler, alle Bedenken seines Vaters zu zerstreuen. Seinem herzgewinnenden Wesen ist es zu danken, da\u00df die fr\u00fchere Abneigung der S\u00fcddeutschen gegen Preu\u00dfen schnell \u00fcberwunden wurde.<\/p>\n\n\n\n<h3 class=\"wp-block-heading\">Krankheit und Tod.<\/h3>\n\n\n\n<p>Im Jahre 1887 erkrankte der Kronprinz an einem Halsleiden, und bald vernahm man im deutschen Volke mit sorgenvoller Trauer, da\u00df die Krankheit sich mehr und mehr verschlimmere. Die \u00c4rzte sandten den kranken F\u00fcrsten, der seine Leiden mit gro\u00dfer Geduld und Ergebung trug, nach verschiedenen Kurorten und zuletzt nach Italien.<\/p>\n\n\n\n<p>Dort traf ihn die Nachricht von dem Tode seines Vaters. Ein Diener \u00fcberreichte ihm eine Depesche mit der Aufschrift: \u201eAn Seine Majest\u00e4t den Kaiser Friedrich!\u201c Ohne sie zu \u00f6ffnen, legte er sie beiseite und begann heftig zu weinen. Er wu\u00dfte, was sie enthielt.<\/p>\n\n\n\n<p>Als sterbenskranker Mann eilte er trotz des rauhen Winterwetters nach Deutschland, und \u00fcbernahm als \u201eKaiser Friedrich III.\u201c die deutsche Kaiserw\u00fcrde und die preu\u00dfische K\u00f6nigskrone.Mit unerm\u00fcdlichem Eifer erledigte der Kaiser trotz seiner Schw\u00e4che die Regierungsgesch\u00e4fte und wie sein erhabener Vater selbst auf dem Sterbebette keine Zeit hatte, m\u00fcde zu sein, so hatte er keine Zeit, krank zu sein. F\u00fcrst Bismarck blieb an der Spitze der Staatsleitung. Seine Dankbarkeit f\u00fcr treu geleistete Dienste bewies Kaiser Friedrich auch dadurch, da\u00df er den General von Blumenthal, der ihm 1866 und 1870\/71 zur Seite gestanden hatte, zum Feldmarschall ernannte.<\/p>\n\n\n\n<p>Die schreckliche Krankheit machte immer weitere Fortschritte. Kaiser Friedrich war bald nicht mehr imstande zu sprechen und mu\u00dfte seine W\u00fcnsche schriftlich mitteilen. Mit heldenhafter \u00dcberwindung trug er alle Schmerzen; seinem \u00e4ltesten Sohne, dem Kronprinzen Wilhelm, schrieb er einst auf einen Zettel: \u201eLerne leiden, ohne zu klagen!\u201c<\/p>\n\n\n\n<p>Mit wehm\u00fctiger Freude wohnte er der Verm\u00e4hlung seines zweiten Sohnes, des Prinzen Heinrich, bei und nahm auch noch, auf seinen S\u00e4bel gest\u00fctzt im Wagen stehend, \u00fcber die 2. Garde-Infanterie-Brigade, die der Kronprinz Wilhelm ihm vorf\u00fchrte, eine Parade ab.<\/p>\n\n\n\n<p>Am 15. Juni 1888 machte ein sanfter Tod dem schweren Leiden des edlen F\u00fcrsten ein Ende. Ganz Deutschland beweinte den Tod seines Lieblings.Nur kurze Zeit -99 Tage- hat sein Haupt im Glanze der K\u00f6nigskrone gestrahlt. Wenn Kaiser Friedrich III., den man wegen seiner Gestalt und seines Schicksals mit dem Helden Siegfried verglichen hat, den deutschen Kaiserthron auch nur wenige Monate lang einnahm, so wird sein Name doch im Herzen des deutschen Volkes unausl\u00f6schlich fortleben. Mit der Geschichte der deutschen Einigung und der Wiederaufrichtung des Deutschen Reiches ist er f\u00fcr alle Zeiten verkn\u00fcpft.<\/p>\n","protected":false},"excerpt":{"rendered":"<p>Friedrich III. 1888. Kaiser Friedrich III., Kaiser Wilhelms einziger Sohn, wurde am 18. Oktober 1831 geboren. Seine Eltern nannten ihn Fritz; als er aber nach der Thronbesteigung seines Vaters Kronprinz von Preu\u00dfen wurde, f\u00fchrte er den Namen Friedrich Wilhelm. Er besuchte als erster preu\u00dfischer Prinz, der seine Bildung auf einer Hochschule abschlo\u00df, die Universit\u00e4t Bonn. [&hellip;]<\/p>\n","protected":false},"author":16,"featured_media":2179,"parent":328,"menu_order":0,"comment_status":"closed","ping_status":"closed","template":"template-6-beide-seitenleiste.php","meta":{"footnotes":""},"categories":[14],"tags":[35],"class_list":["post-1615","page","type-page","status-publish","has-post-thumbnail","hentry","category-19-jahrhundert","tag-geschichteeb"],"yoast_head":"<!-- This site is optimized with the Yoast SEO plugin v23.1 - https:\/\/yoast.com\/wordpress\/plugins\/seo\/ -->\n<title>1888. Kaiser Friedrich III. | Ewiger Bund.<\/title>\n<meta name=\"description\" content=\"Kaiser Friedrich III., Kaiser Wilhelms einziger Sohn, wurde am 18. Oktober 1831 geboren. Seine Eltern nannten ihn Fritz.\" \/>\n<meta name=\"robots\" content=\"index, follow, max-snippet:-1, max-image-preview:large, max-video-preview:-1\" \/>\n<link rel=\"canonical\" href=\"https:\/\/www.ewigerbund.org\/geschichte\/19-jahrhundert\/1888-kaiser-friedrich-iii\/\" \/>\n<meta property=\"og:locale\" content=\"de_DE\" \/>\n<meta property=\"og:type\" content=\"article\" \/>\n<meta property=\"og:title\" content=\"1888. Kaiser Friedrich III. | Ewiger Bund.\" \/>\n<meta property=\"og:description\" content=\"Kaiser Friedrich III., Kaiser Wilhelms einziger Sohn, wurde am 18. Oktober 1831 geboren. Seine Eltern nannten ihn Fritz.\" \/>\n<meta property=\"og:url\" content=\"https:\/\/www.ewigerbund.org\/geschichte\/19-jahrhundert\/1888-kaiser-friedrich-iii\/\" \/>\n<meta property=\"og:site_name\" content=\"Geschichte\" \/>\n<meta property=\"article:modified_time\" content=\"2024-04-29T16:37:23+00:00\" \/>\n<meta property=\"og:image\" content=\"https:\/\/www.ewigerbund.org\/geschichte\/wp-content\/uploads\/sites\/39\/2023\/07\/EB-Geschichte-1888-Friedrich-III.jpg\" \/>\n\t<meta property=\"og:image:width\" content=\"1748\" \/>\n\t<meta property=\"og:image:height\" content=\"994\" \/>\n\t<meta property=\"og:image:type\" content=\"image\/jpeg\" \/>\n<meta name=\"twitter:card\" content=\"summary_large_image\" \/>\n<meta name=\"twitter:label1\" content=\"Gesch\u00e4tzte Lesezeit\" \/>\n\t<meta name=\"twitter:data1\" content=\"5\u00a0Minuten\" \/>\n<script type=\"application\/ld+json\" class=\"yoast-schema-graph\">{\"@context\":\"https:\/\/schema.org\",\"@graph\":[{\"@type\":\"WebPage\",\"@id\":\"https:\/\/www.ewigerbund.org\/geschichte\/19-jahrhundert\/1888-kaiser-friedrich-iii\/\",\"url\":\"https:\/\/www.ewigerbund.org\/geschichte\/19-jahrhundert\/1888-kaiser-friedrich-iii\/\",\"name\":\"1888. Kaiser Friedrich III. | Ewiger Bund.\",\"isPartOf\":{\"@id\":\"https:\/\/www.ewigerbund.org\/geschichte\/#website\"},\"primaryImageOfPage\":{\"@id\":\"https:\/\/www.ewigerbund.org\/geschichte\/19-jahrhundert\/1888-kaiser-friedrich-iii\/#primaryimage\"},\"image\":{\"@id\":\"https:\/\/www.ewigerbund.org\/geschichte\/19-jahrhundert\/1888-kaiser-friedrich-iii\/#primaryimage\"},\"thumbnailUrl\":\"https:\/\/www.ewigerbund.org\/geschichte\/wp-content\/uploads\/sites\/39\/2023\/07\/EB-Geschichte-1888-Friedrich-III.jpg\",\"datePublished\":\"2023-01-22T18:09:16+00:00\",\"dateModified\":\"2024-04-29T16:37:23+00:00\",\"description\":\"Kaiser Friedrich III., Kaiser Wilhelms einziger Sohn, wurde am 18. Oktober 1831 geboren. Seine Eltern nannten ihn Fritz.\",\"breadcrumb\":{\"@id\":\"https:\/\/www.ewigerbund.org\/geschichte\/19-jahrhundert\/1888-kaiser-friedrich-iii\/#breadcrumb\"},\"inLanguage\":\"de\",\"potentialAction\":[{\"@type\":\"ReadAction\",\"target\":[\"https:\/\/www.ewigerbund.org\/geschichte\/19-jahrhundert\/1888-kaiser-friedrich-iii\/\"]}]},{\"@type\":\"ImageObject\",\"inLanguage\":\"de\",\"@id\":\"https:\/\/www.ewigerbund.org\/geschichte\/19-jahrhundert\/1888-kaiser-friedrich-iii\/#primaryimage\",\"url\":\"https:\/\/www.ewigerbund.org\/geschichte\/wp-content\/uploads\/sites\/39\/2023\/07\/EB-Geschichte-1888-Friedrich-III.jpg\",\"contentUrl\":\"https:\/\/www.ewigerbund.org\/geschichte\/wp-content\/uploads\/sites\/39\/2023\/07\/EB-Geschichte-1888-Friedrich-III.jpg\",\"width\":1748,\"height\":994,\"caption\":\"Friedrich III.\"},{\"@type\":\"BreadcrumbList\",\"@id\":\"https:\/\/www.ewigerbund.org\/geschichte\/19-jahrhundert\/1888-kaiser-friedrich-iii\/#breadcrumb\",\"itemListElement\":[{\"@type\":\"ListItem\",\"position\":1,\"name\":\"Startseite\",\"item\":\"https:\/\/www.ewigerbund.org\/geschichte\/\"},{\"@type\":\"ListItem\",\"position\":2,\"name\":\"19. Jahrhundert.\",\"item\":\"https:\/\/www.ewigerbund.org\/geschichte\/19-jahrhundert\/\"},{\"@type\":\"ListItem\",\"position\":3,\"name\":\"1888. Kaiser Friedrich III.\"}]},{\"@type\":\"WebSite\",\"@id\":\"https:\/\/www.ewigerbund.org\/geschichte\/#website\",\"url\":\"https:\/\/www.ewigerbund.org\/geschichte\/\",\"name\":\"Geschichte\",\"description\":\"vom ewigen Bund.\",\"publisher\":{\"@id\":\"https:\/\/www.ewigerbund.org\/geschichte\/#organization\"},\"alternateName\":\"vom ewigen Bund.\",\"potentialAction\":[{\"@type\":\"SearchAction\",\"target\":{\"@type\":\"EntryPoint\",\"urlTemplate\":\"https:\/\/www.ewigerbund.org\/geschichte\/?s={search_term_string}\"},\"query-input\":\"required name=search_term_string\"}],\"inLanguage\":\"de\"},{\"@type\":\"Organization\",\"@id\":\"https:\/\/www.ewigerbund.org\/geschichte\/#organization\",\"name\":\"Geschichte\",\"url\":\"https:\/\/www.ewigerbund.org\/geschichte\/\",\"logo\":{\"@type\":\"ImageObject\",\"inLanguage\":\"de\",\"@id\":\"https:\/\/www.ewigerbund.org\/geschichte\/#\/schema\/logo\/image\/\",\"url\":\"https:\/\/www.ewigerbund.org\/geschichte\/wp-content\/uploads\/sites\/39\/2022\/11\/2022-09-20-Logo-EB_Schutzzone_V4_Transparent.png\",\"contentUrl\":\"https:\/\/www.ewigerbund.org\/geschichte\/wp-content\/uploads\/sites\/39\/2022\/11\/2022-09-20-Logo-EB_Schutzzone_V4_Transparent.png\",\"width\":2000,\"height\":1982,\"caption\":\"Geschichte\"},\"image\":{\"@id\":\"https:\/\/www.ewigerbund.org\/geschichte\/#\/schema\/logo\/image\/\"}}]}<\/script>\n<!-- \/ Yoast SEO plugin. -->","yoast_head_json":{"title":"1888. Kaiser Friedrich III. | Ewiger Bund.","description":"Kaiser Friedrich III., Kaiser Wilhelms einziger Sohn, wurde am 18. Oktober 1831 geboren. Seine Eltern nannten ihn Fritz.","robots":{"index":"index","follow":"follow","max-snippet":"max-snippet:-1","max-image-preview":"max-image-preview:large","max-video-preview":"max-video-preview:-1"},"canonical":"https:\/\/www.ewigerbund.org\/geschichte\/19-jahrhundert\/1888-kaiser-friedrich-iii\/","og_locale":"de_DE","og_type":"article","og_title":"1888. Kaiser Friedrich III. | Ewiger Bund.","og_description":"Kaiser Friedrich III., Kaiser Wilhelms einziger Sohn, wurde am 18. Oktober 1831 geboren. Seine Eltern nannten ihn Fritz.","og_url":"https:\/\/www.ewigerbund.org\/geschichte\/19-jahrhundert\/1888-kaiser-friedrich-iii\/","og_site_name":"Geschichte","article_modified_time":"2024-04-29T16:37:23+00:00","og_image":[{"width":1748,"height":994,"url":"https:\/\/www.ewigerbund.org\/geschichte\/wp-content\/uploads\/sites\/39\/2023\/07\/EB-Geschichte-1888-Friedrich-III.jpg","type":"image\/jpeg"}],"twitter_card":"summary_large_image","twitter_misc":{"Gesch\u00e4tzte Lesezeit":"5\u00a0Minuten"},"schema":{"@context":"https:\/\/schema.org","@graph":[{"@type":"WebPage","@id":"https:\/\/www.ewigerbund.org\/geschichte\/19-jahrhundert\/1888-kaiser-friedrich-iii\/","url":"https:\/\/www.ewigerbund.org\/geschichte\/19-jahrhundert\/1888-kaiser-friedrich-iii\/","name":"1888. Kaiser Friedrich III. | Ewiger Bund.","isPartOf":{"@id":"https:\/\/www.ewigerbund.org\/geschichte\/#website"},"primaryImageOfPage":{"@id":"https:\/\/www.ewigerbund.org\/geschichte\/19-jahrhundert\/1888-kaiser-friedrich-iii\/#primaryimage"},"image":{"@id":"https:\/\/www.ewigerbund.org\/geschichte\/19-jahrhundert\/1888-kaiser-friedrich-iii\/#primaryimage"},"thumbnailUrl":"https:\/\/www.ewigerbund.org\/geschichte\/wp-content\/uploads\/sites\/39\/2023\/07\/EB-Geschichte-1888-Friedrich-III.jpg","datePublished":"2023-01-22T18:09:16+00:00","dateModified":"2024-04-29T16:37:23+00:00","description":"Kaiser Friedrich III., Kaiser Wilhelms einziger Sohn, wurde am 18. Oktober 1831 geboren. Seine Eltern nannten ihn Fritz.","breadcrumb":{"@id":"https:\/\/www.ewigerbund.org\/geschichte\/19-jahrhundert\/1888-kaiser-friedrich-iii\/#breadcrumb"},"inLanguage":"de","potentialAction":[{"@type":"ReadAction","target":["https:\/\/www.ewigerbund.org\/geschichte\/19-jahrhundert\/1888-kaiser-friedrich-iii\/"]}]},{"@type":"ImageObject","inLanguage":"de","@id":"https:\/\/www.ewigerbund.org\/geschichte\/19-jahrhundert\/1888-kaiser-friedrich-iii\/#primaryimage","url":"https:\/\/www.ewigerbund.org\/geschichte\/wp-content\/uploads\/sites\/39\/2023\/07\/EB-Geschichte-1888-Friedrich-III.jpg","contentUrl":"https:\/\/www.ewigerbund.org\/geschichte\/wp-content\/uploads\/sites\/39\/2023\/07\/EB-Geschichte-1888-Friedrich-III.jpg","width":1748,"height":994,"caption":"Friedrich III."},{"@type":"BreadcrumbList","@id":"https:\/\/www.ewigerbund.org\/geschichte\/19-jahrhundert\/1888-kaiser-friedrich-iii\/#breadcrumb","itemListElement":[{"@type":"ListItem","position":1,"name":"Startseite","item":"https:\/\/www.ewigerbund.org\/geschichte\/"},{"@type":"ListItem","position":2,"name":"19. Jahrhundert.","item":"https:\/\/www.ewigerbund.org\/geschichte\/19-jahrhundert\/"},{"@type":"ListItem","position":3,"name":"1888. Kaiser Friedrich III."}]},{"@type":"WebSite","@id":"https:\/\/www.ewigerbund.org\/geschichte\/#website","url":"https:\/\/www.ewigerbund.org\/geschichte\/","name":"Geschichte","description":"vom ewigen Bund.","publisher":{"@id":"https:\/\/www.ewigerbund.org\/geschichte\/#organization"},"alternateName":"vom ewigen Bund.","potentialAction":[{"@type":"SearchAction","target":{"@type":"EntryPoint","urlTemplate":"https:\/\/www.ewigerbund.org\/geschichte\/?s={search_term_string}"},"query-input":"required name=search_term_string"}],"inLanguage":"de"},{"@type":"Organization","@id":"https:\/\/www.ewigerbund.org\/geschichte\/#organization","name":"Geschichte","url":"https:\/\/www.ewigerbund.org\/geschichte\/","logo":{"@type":"ImageObject","inLanguage":"de","@id":"https:\/\/www.ewigerbund.org\/geschichte\/#\/schema\/logo\/image\/","url":"https:\/\/www.ewigerbund.org\/geschichte\/wp-content\/uploads\/sites\/39\/2022\/11\/2022-09-20-Logo-EB_Schutzzone_V4_Transparent.png","contentUrl":"https:\/\/www.ewigerbund.org\/geschichte\/wp-content\/uploads\/sites\/39\/2022\/11\/2022-09-20-Logo-EB_Schutzzone_V4_Transparent.png","width":2000,"height":1982,"caption":"Geschichte"},"image":{"@id":"https:\/\/www.ewigerbund.org\/geschichte\/#\/schema\/logo\/image\/"}}]}},"_links":{"self":[{"href":"https:\/\/www.ewigerbund.org\/geschichte\/wp-json\/wp\/v2\/pages\/1615","targetHints":{"allow":["GET"]}}],"collection":[{"href":"https:\/\/www.ewigerbund.org\/geschichte\/wp-json\/wp\/v2\/pages"}],"about":[{"href":"https:\/\/www.ewigerbund.org\/geschichte\/wp-json\/wp\/v2\/types\/page"}],"author":[{"embeddable":true,"href":"https:\/\/www.ewigerbund.org\/geschichte\/wp-json\/wp\/v2\/users\/16"}],"replies":[{"embeddable":true,"href":"https:\/\/www.ewigerbund.org\/geschichte\/wp-json\/wp\/v2\/comments?post=1615"}],"version-history":[{"count":5,"href":"https:\/\/www.ewigerbund.org\/geschichte\/wp-json\/wp\/v2\/pages\/1615\/revisions"}],"predecessor-version":[{"id":2318,"href":"https:\/\/www.ewigerbund.org\/geschichte\/wp-json\/wp\/v2\/pages\/1615\/revisions\/2318"}],"up":[{"embeddable":true,"href":"https:\/\/www.ewigerbund.org\/geschichte\/wp-json\/wp\/v2\/pages\/328"}],"wp:featuredmedia":[{"embeddable":true,"href":"https:\/\/www.ewigerbund.org\/geschichte\/wp-json\/wp\/v2\/media\/2179"}],"wp:attachment":[{"href":"https:\/\/www.ewigerbund.org\/geschichte\/wp-json\/wp\/v2\/media?parent=1615"}],"wp:term":[{"taxonomy":"category","embeddable":true,"href":"https:\/\/www.ewigerbund.org\/geschichte\/wp-json\/wp\/v2\/categories?post=1615"},{"taxonomy":"post_tag","embeddable":true,"href":"https:\/\/www.ewigerbund.org\/geschichte\/wp-json\/wp\/v2\/tags?post=1615"}],"curies":[{"name":"wp","href":"https:\/\/api.w.org\/{rel}","templated":true}]}}