{"id":1569,"date":"2023-01-13T16:58:38","date_gmt":"2023-01-13T15:58:38","guid":{"rendered":"https:\/\/www.ewigerbund.org\/geschichte\/?page_id=1569"},"modified":"2023-09-04T22:33:43","modified_gmt":"2023-09-04T20:33:43","slug":"1814-der-wiener-kongress-und-der-deutsche-bund","status":"publish","type":"page","link":"https:\/\/www.ewigerbund.org\/geschichte\/19-jahrhundert\/1814-der-wiener-kongress-und-der-deutsche-bund\/","title":{"rendered":"1814. Der Wiener Kongre\u00df und der Deutsche Bund."},"content":{"rendered":"\n<h2 class=\"wp-block-heading\">Der Wiener Kongre\u00df und der Deutsche Bund.<\/h2>\n\n\n\n<figure class=\"wp-block-embed is-type-video is-provider-vimeo wp-block-embed-vimeo wp-embed-aspect-16-9 wp-has-aspect-ratio\"><div class=\"wp-block-embed__wrapper\">\n<iframe loading=\"lazy\" src=\"https:\/\/player.vimeo.com\/video\/836897916?h=dadfa2ca86&amp;dnt=1&amp;app_id=122963\" width=\"500\" height=\"281\" frameborder=\"0\" allow=\"autoplay; fullscreen; picture-in-picture; clipboard-write\"><\/iframe>\n<\/div><\/figure>\n\n\n\n<div style=\"height:20px\" aria-hidden=\"true\" class=\"wp-block-spacer\"><\/div>\n\n\n\n<p>Bald nach Beendigung des gewaltigen Krieges 1814 versammelten sich die verb\u00fcndeten F\u00fcrsten in Wien, um den L\u00e4nderbesitz der einzelnen Staaten festzustellen. Auf dem Wiener Kongresse trat wieder das Bestreben \u00d6sterreichs hervor, Preu\u00dfen nicht zu Macht und Ansehen kommen zu lassen. Obgleich es in den Befreiungsk\u00e4mpfen die gr\u00f6\u00dften Opfer gebracht hatte, erhielt es weniger Gebiet, als es vor 1806 besessen hatte. Es mu\u00dfte Ansbach-Bayreuth an Bayern und Ostfriesland an Hannover abtreten. Daf\u00fcr bekam es die H\u00e4lfte des K\u00f6nigreich Sachsens, sowie den gr\u00f6\u00dften Teil der jetzigen Provinzen Westfalen und Rheinland.<\/p>\n\n\n\n<p>Gegen das Herzogtum Lauenburg a. E. tauschte es das schwedische Vorpommern ein, so da\u00df seit 1815 ganz Pommern preu\u00dfisch ist. Von seinen polnischen Besitzungen wurden ihm nur Danzig, Thorn und Posen zur\u00fcckgegeben, der Rest fiel an Ru\u00dfland. Preu\u00dfen war durch Hannover, Kurhessen und andere Staaten in eine gro\u00dfe \u00f6stliche und eine kleine westliche H\u00e4lfte gespalten, so da\u00df ihm ein Krieg, in dem diese L\u00e4nder sich feindlich verhielten, gro\u00dfe Gefahr bringen konnte. Es war aber durch den Wiener Kongre\u00df wieder ein vorwiegend deutsches Land geworden. Das deutsche Kaiserreich wurde nicht wieder aufgerichtet. An seine Stelle trat der \u201eDeutsche Bund\u201c, zu dem \u00d6sterreich, die f\u00fcnf K\u00f6nigreiche Preu\u00dfen, Bayern, W\u00fcrttemberg, Hannover und Sachsen, sowie drei\u00dfig Kleinstaaten und vier freie St\u00e4dte, im ganzen 40 Glieder, geh\u00f6rten.<\/p>\n\n\n\n<p>Die Angelegenheiten Deutschlands sollten durch Vertreter der Regierungen aller deutschen L\u00e4nder gemeinsam beraten werden. Dieser \u201eBundestag\u201c, in dem \u00d6sterreich den Vorsitz f\u00fchrte und den meisten Einflu\u00df besa\u00df, trat in Frankfurt a. M. zusammen. So blieb Deutschland ohne Einheit und Oberhaupt in viele selbst\u00e4ndige Staaten zerrissen, unter denen die beiden alten Gegner, \u00d6sterreich und Preu\u00dfen, den Vorrang zu gewinnen trachteten.<\/p>\n\n\n\n<h4 class=\"wp-block-heading\">Die heilige Allianz.<\/h4>\n\n\n\n<p>Das deutsche Volk war durch diese Gestaltung des Reiches entt\u00e4uscht. Als auch das Versprechen, eine Verfassung zu geben, d. h. das Volk durch gew\u00e4hlte Abgeordnete an der Regierung der Staaten teilnehmen zu lassen, nur von wenigen F\u00fcrsten gehalten wurde, stieg die Unzufriedenheit unter den gebildeten Bev\u00f6lkerungsschichten in hohem Ma\u00dfe. Alexander I., Franz I. und Friedrich Wilhelm III. hatten w\u00e4hrend der Befreiungskriege ein B\u00fcndnis, die \u201eheilige Allianz\u201c, geschlossen, in dem sie \u201eRegierung ihrer L\u00e4nder in christlichem Geiste\u201c gelobten. Der \u00f6sterreichische Minister Metternich benutzte diesen Bund, um alle Bestrebungen zu unterdr\u00fccken, die auf freiheitliche Einrichtungen und auf Deutschlands Einigung hinzielten. \u00dcber 30 Jahre \u00fcbte er in ganz Deutschland einen unheilvollen Einflu\u00df aus. Er verhinderte, da\u00df Friedrich Wilhelm III. eine Volksvertretung berief, so da\u00df es in Preu\u00dfen nur zur Bildung von Provinzialst\u00e4nden kam. Vereine von Turnern und Studenten, sowie Versammlungen wurden verboten und die Zeitungen unter strenge Aufsicht gestellt. M\u00e4nner, die den W\u00fcnschen des Volkes Ausdruck zu geben wagten, wurden verfolgt und in die Gef\u00e4ngnisse geworfen; selbst Arndt, Jahn u. a., die sich um Deutschlands Befreiung verdient gemacht hatten, blieben nicht verschont.<\/p>\n\n\n\n<h4 class=\"wp-block-heading\">Friedrich Wilhelms III. Sorge f\u00fcr sein Land.<\/h4>\n\n\n\n<p>Nach den Befreiungsk\u00e4mpfen waren in Preu\u00dfen gro\u00dfe Aufgaben zu l\u00f6sen. Schulden, die durch den Krieg entstanden waren, mu\u00dften gedeckt, die neuen Landesteile in den Staat eingegliedert werden. Der K\u00f6nig lie\u00df die Verwaltung in sparsamster Weise f\u00fchren und setzte die Ausgaben f\u00fcr den Hof auf eine bestimmte Jahressumme fest. Das Land wurde in acht Provinzen (Preu\u00dfen, Pommern, Brandenburg, Sachsen, Posen, Schlesien, Westfalen und Rheinland) geteilt, an deren Spitze je ein Oberpr\u00e4sident stand. Jede Provinz zerfiel wieder in Regierungsbezirke, die von Pr\u00e4sidenten verwaltet wurden, und in Kreise unter Landr\u00e4ten. Vertreter des Grundbesitzes und der St\u00e4dte bildeten den Provinziallandtag, der die Angelegenheiten der Provinz beriet. In jeder Provinz wurde ein Armeekorps aufgestellt, das ein kommandierender General befehligte. Als neuntes Armeekorps trat die Garde in Berlin und Potsdam hinzu, die aus allen Provinzen ihre Soldaten erhielt. Die allgemeine Wehrpflicht wurde durchgef\u00fchrt und an der Einrichtung der Landwehr festgehalten. Jeder Preu\u00dfe mu\u00dfte drei Jahre bei der Truppe, zwei Jahre in der Reserve und je sieben Jahre in der Landwehr ersten und zweiten Aufgebots dienen. Die Heerf\u00fchrer der Befreiungskriege hatte der K\u00f6nig durch Standeserh\u00f6hungen belohnt. B\u00fclow, Tauentzien, York, Kleist und Gneisenau wurden in den Grafenstand erhoben; Bl\u00fccher war zum \u201eF\u00fcrsten von Wahlstatt\u201c ernannt worden.<\/p>\n\n\n\n<p>Damit zur Durchf\u00fchrung der allgemeinen Schulpflicht eine hinreichende Anzahl geeigneter Lehrer angestellt werden konnte, lie\u00df Friedrich Wilhelm III. neue Seminare einrichten. Die Universit\u00e4t Wittenberg wurde nach Halle verlegt und im Westen des Landes die Universit\u00e4t Bonn gegr\u00fcndet. Als im Jahre 1817 die dritte Jahrhundertfeier der Reformation begangen wurde, vereinigten sich die lutherische und die reformierte Kirche auf Veranlassung des K\u00f6nigs unter einer gemeinsamen Oberbeh\u00f6rde. Die Gemeinden, die sich dieser \u201eUnion\u201c (Vereinigung) anschlossen, nannten sich \u201eevangelisch\u201c.<\/p>\n\n\n\n<p>Seit der Befreiung der Bauern entwickelte sich in der Landwirtschaft ein reges Streben. Die Gemeindel\u00e4ndereien wurden unter die zur Benutzung Berechtigten verteilt und die \u00c4cker so zusammengelegt, da\u00df jeder Bauer bequem und ohne durch den Nachbar behindert zu werden, sein Land bewirtschaften konnte. Auch die Viehzucht machte gro\u00dfe Fortschritte. Die alte Dreifelderwirtschaft h\u00f6rte nach und nach auf, Kartoffel- und Kleebau verbreiteten sich allgemein.<\/p>\n\n\n\n<p>Die Landwirte fingen an, die Lehren der Naturwissenschaft auf den Ackerbau anzuwenden und die Felder k\u00fcnstlich zu d\u00fcngen. Man kam auch allm\u00e4hlich zu der Einsicht, da\u00df der Landbau regelrecht erlernt werden m\u00fc\u00dfte. Bei Berlin entstand die erste landwirtschaftliche Hochschule.<\/p>\n\n\n\n<p>Die deutsche Vielstaaterei war der Entwicklung des Handels sehr hinderlich. Jedes Land erhob von den Waren, die der Kaufmann hindurchf\u00fchren wollte, hohe Z\u00f6lle, so da\u00df es fast unm\u00f6glich war, auf weitere Entfernungen Handel zu treiben. Da gr\u00fcndete Friedrich Wilhelm III. 1834 den deutschen Zollverein, dem trotz der Abmahnungen \u00d6sterreichs bald viele deutsche Staaten beitraten. Sie bildeten zusammen mit Preu\u00dfen ein einheitliches Zollgebiet, in dem die Waren nur einmal versteuert werden mu\u00dften. Das Geld, das dadurch einkam, wurde unter die beteiligten L\u00e4nder nach der Bev\u00f6lkerungszahl verteilt. Der Zollverein f\u00fchrte einen gro\u00dfen Aufschwung des Handels herbei, er brachte auch die deutschen Staaten einander n\u00e4her und hat so die sp\u00e4tere Einigung Deutschlands vorbereitet. Ein v\u00f6lliger Umschwung des wirtschaftlichen Lebens vollzog sich mit der Einf\u00fchrung der Dampfmaschine. Die ersten Fabriken entstanden, zwischen Berlin und Potsdam wurde 1838 die erste preu\u00dfische Eisenbahn gebaut. Auf den Str\u00f6men begannen Dampfschiffe zu verkehren, und auch der Seehandel fing wieder an sich zu beleben.<\/p>\n\n\n\n<p>In der langen Friedenszeit, die auf die Befreiungskriege folgte, strebte der deutsche B\u00fcrgerstand m\u00e4chtig empor und \u00fcbernahm in Wissenschaft und Kunst, in Handel und Gewerbe die F\u00fchrung. Neben den drei alten St\u00e4nden (Adel, B\u00fcrger, Bauern) begann sich durch die zahlreicher werdenden Fabriken ein neuer, vierter Stand, der Arbeiterstand, zu bilden.<\/p>\n","protected":false},"excerpt":{"rendered":"<p>Der Wiener Kongre\u00df und der Deutsche Bund. Bald nach Beendigung des gewaltigen Krieges 1814 versammelten sich die verb\u00fcndeten F\u00fcrsten in Wien, um den L\u00e4nderbesitz der einzelnen Staaten festzustellen. Auf dem Wiener Kongresse trat wieder das Bestreben \u00d6sterreichs hervor, Preu\u00dfen nicht zu Macht und Ansehen kommen zu lassen. Obgleich es in den Befreiungsk\u00e4mpfen die gr\u00f6\u00dften Opfer [&hellip;]<\/p>\n","protected":false},"author":16,"featured_media":2183,"parent":328,"menu_order":0,"comment_status":"closed","ping_status":"closed","template":"template-6-beide-seitenleiste.php","meta":{"footnotes":""},"categories":[14],"tags":[35],"class_list":["post-1569","page","type-page","status-publish","has-post-thumbnail","hentry","category-19-jahrhundert","tag-geschichteeb"],"yoast_head":"<!-- This site is optimized with the Yoast SEO plugin v23.1 - https:\/\/yoast.com\/wordpress\/plugins\/seo\/ -->\n<title>1814. Der Wiener Kongre\u00df und der Deutsche Bund. | Ewiger Bund.<\/title>\n<meta name=\"description\" content=\"Bald nach Beendigung des Krieges 1814 versammelten sich die verb\u00fcndeten F\u00fcrsten in Wien, um den L\u00e4nderbesitz der einzelnen Staaten festzustellen.\" \/>\n<meta name=\"robots\" content=\"index, follow, max-snippet:-1, max-image-preview:large, max-video-preview:-1\" \/>\n<link rel=\"canonical\" href=\"https:\/\/www.ewigerbund.org\/geschichte\/19-jahrhundert\/1814-der-wiener-kongress-und-der-deutsche-bund\/\" \/>\n<meta property=\"og:locale\" content=\"de_DE\" \/>\n<meta property=\"og:type\" content=\"article\" \/>\n<meta property=\"og:title\" content=\"1814. Der Wiener Kongre\u00df und der Deutsche Bund. | Ewiger Bund.\" \/>\n<meta property=\"og:description\" content=\"Bald nach Beendigung des Krieges 1814 versammelten sich die verb\u00fcndeten F\u00fcrsten in Wien, um den L\u00e4nderbesitz der einzelnen Staaten festzustellen.\" \/>\n<meta property=\"og:url\" content=\"https:\/\/www.ewigerbund.org\/geschichte\/19-jahrhundert\/1814-der-wiener-kongress-und-der-deutsche-bund\/\" \/>\n<meta property=\"og:site_name\" content=\"Geschichte\" \/>\n<meta property=\"article:modified_time\" content=\"2023-09-04T20:33:43+00:00\" \/>\n<meta property=\"og:image\" content=\"https:\/\/www.ewigerbund.org\/geschichte\/wp-content\/uploads\/sites\/39\/2023\/07\/EB-Geschichte-1814-WienerKongress.jpg\" \/>\n\t<meta property=\"og:image:width\" content=\"1748\" \/>\n\t<meta property=\"og:image:height\" content=\"994\" \/>\n\t<meta property=\"og:image:type\" content=\"image\/jpeg\" \/>\n<meta name=\"twitter:card\" content=\"summary_large_image\" \/>\n<meta name=\"twitter:label1\" content=\"Gesch\u00e4tzte Lesezeit\" \/>\n\t<meta name=\"twitter:data1\" content=\"6\u00a0Minuten\" \/>\n<script type=\"application\/ld+json\" class=\"yoast-schema-graph\">{\"@context\":\"https:\/\/schema.org\",\"@graph\":[{\"@type\":\"WebPage\",\"@id\":\"https:\/\/www.ewigerbund.org\/geschichte\/19-jahrhundert\/1814-der-wiener-kongress-und-der-deutsche-bund\/\",\"url\":\"https:\/\/www.ewigerbund.org\/geschichte\/19-jahrhundert\/1814-der-wiener-kongress-und-der-deutsche-bund\/\",\"name\":\"1814. Der Wiener Kongre\u00df und der Deutsche Bund. | Ewiger Bund.\",\"isPartOf\":{\"@id\":\"https:\/\/www.ewigerbund.org\/geschichte\/#website\"},\"primaryImageOfPage\":{\"@id\":\"https:\/\/www.ewigerbund.org\/geschichte\/19-jahrhundert\/1814-der-wiener-kongress-und-der-deutsche-bund\/#primaryimage\"},\"image\":{\"@id\":\"https:\/\/www.ewigerbund.org\/geschichte\/19-jahrhundert\/1814-der-wiener-kongress-und-der-deutsche-bund\/#primaryimage\"},\"thumbnailUrl\":\"https:\/\/www.ewigerbund.org\/geschichte\/wp-content\/uploads\/sites\/39\/2023\/07\/EB-Geschichte-1814-WienerKongress.jpg\",\"datePublished\":\"2023-01-13T15:58:38+00:00\",\"dateModified\":\"2023-09-04T20:33:43+00:00\",\"description\":\"Bald nach Beendigung des Krieges 1814 versammelten sich die verb\u00fcndeten F\u00fcrsten in Wien, um den L\u00e4nderbesitz der einzelnen Staaten festzustellen.\",\"breadcrumb\":{\"@id\":\"https:\/\/www.ewigerbund.org\/geschichte\/19-jahrhundert\/1814-der-wiener-kongress-und-der-deutsche-bund\/#breadcrumb\"},\"inLanguage\":\"de\",\"potentialAction\":[{\"@type\":\"ReadAction\",\"target\":[\"https:\/\/www.ewigerbund.org\/geschichte\/19-jahrhundert\/1814-der-wiener-kongress-und-der-deutsche-bund\/\"]}]},{\"@type\":\"ImageObject\",\"inLanguage\":\"de\",\"@id\":\"https:\/\/www.ewigerbund.org\/geschichte\/19-jahrhundert\/1814-der-wiener-kongress-und-der-deutsche-bund\/#primaryimage\",\"url\":\"https:\/\/www.ewigerbund.org\/geschichte\/wp-content\/uploads\/sites\/39\/2023\/07\/EB-Geschichte-1814-WienerKongress.jpg\",\"contentUrl\":\"https:\/\/www.ewigerbund.org\/geschichte\/wp-content\/uploads\/sites\/39\/2023\/07\/EB-Geschichte-1814-WienerKongress.jpg\",\"width\":1748,\"height\":994,\"caption\":\"1814 Wiener Kongress\"},{\"@type\":\"BreadcrumbList\",\"@id\":\"https:\/\/www.ewigerbund.org\/geschichte\/19-jahrhundert\/1814-der-wiener-kongress-und-der-deutsche-bund\/#breadcrumb\",\"itemListElement\":[{\"@type\":\"ListItem\",\"position\":1,\"name\":\"Startseite\",\"item\":\"https:\/\/www.ewigerbund.org\/geschichte\/\"},{\"@type\":\"ListItem\",\"position\":2,\"name\":\"19. Jahrhundert.\",\"item\":\"https:\/\/www.ewigerbund.org\/geschichte\/19-jahrhundert\/\"},{\"@type\":\"ListItem\",\"position\":3,\"name\":\"1814. Der Wiener Kongre\u00df und der Deutsche Bund.\"}]},{\"@type\":\"WebSite\",\"@id\":\"https:\/\/www.ewigerbund.org\/geschichte\/#website\",\"url\":\"https:\/\/www.ewigerbund.org\/geschichte\/\",\"name\":\"Geschichte\",\"description\":\"vom ewigen Bund.\",\"publisher\":{\"@id\":\"https:\/\/www.ewigerbund.org\/geschichte\/#organization\"},\"alternateName\":\"vom ewigen Bund.\",\"potentialAction\":[{\"@type\":\"SearchAction\",\"target\":{\"@type\":\"EntryPoint\",\"urlTemplate\":\"https:\/\/www.ewigerbund.org\/geschichte\/?s={search_term_string}\"},\"query-input\":\"required name=search_term_string\"}],\"inLanguage\":\"de\"},{\"@type\":\"Organization\",\"@id\":\"https:\/\/www.ewigerbund.org\/geschichte\/#organization\",\"name\":\"Geschichte\",\"url\":\"https:\/\/www.ewigerbund.org\/geschichte\/\",\"logo\":{\"@type\":\"ImageObject\",\"inLanguage\":\"de\",\"@id\":\"https:\/\/www.ewigerbund.org\/geschichte\/#\/schema\/logo\/image\/\",\"url\":\"https:\/\/www.ewigerbund.org\/geschichte\/wp-content\/uploads\/sites\/39\/2022\/11\/2022-09-20-Logo-EB_Schutzzone_V4_Transparent.png\",\"contentUrl\":\"https:\/\/www.ewigerbund.org\/geschichte\/wp-content\/uploads\/sites\/39\/2022\/11\/2022-09-20-Logo-EB_Schutzzone_V4_Transparent.png\",\"width\":2000,\"height\":1982,\"caption\":\"Geschichte\"},\"image\":{\"@id\":\"https:\/\/www.ewigerbund.org\/geschichte\/#\/schema\/logo\/image\/\"}}]}<\/script>\n<!-- \/ Yoast SEO plugin. -->","yoast_head_json":{"title":"1814. Der Wiener Kongre\u00df und der Deutsche Bund. | Ewiger Bund.","description":"Bald nach Beendigung des Krieges 1814 versammelten sich die verb\u00fcndeten F\u00fcrsten in Wien, um den L\u00e4nderbesitz der einzelnen Staaten festzustellen.","robots":{"index":"index","follow":"follow","max-snippet":"max-snippet:-1","max-image-preview":"max-image-preview:large","max-video-preview":"max-video-preview:-1"},"canonical":"https:\/\/www.ewigerbund.org\/geschichte\/19-jahrhundert\/1814-der-wiener-kongress-und-der-deutsche-bund\/","og_locale":"de_DE","og_type":"article","og_title":"1814. Der Wiener Kongre\u00df und der Deutsche Bund. | Ewiger Bund.","og_description":"Bald nach Beendigung des Krieges 1814 versammelten sich die verb\u00fcndeten F\u00fcrsten in Wien, um den L\u00e4nderbesitz der einzelnen Staaten festzustellen.","og_url":"https:\/\/www.ewigerbund.org\/geschichte\/19-jahrhundert\/1814-der-wiener-kongress-und-der-deutsche-bund\/","og_site_name":"Geschichte","article_modified_time":"2023-09-04T20:33:43+00:00","og_image":[{"width":1748,"height":994,"url":"https:\/\/www.ewigerbund.org\/geschichte\/wp-content\/uploads\/sites\/39\/2023\/07\/EB-Geschichte-1814-WienerKongress.jpg","type":"image\/jpeg"}],"twitter_card":"summary_large_image","twitter_misc":{"Gesch\u00e4tzte Lesezeit":"6\u00a0Minuten"},"schema":{"@context":"https:\/\/schema.org","@graph":[{"@type":"WebPage","@id":"https:\/\/www.ewigerbund.org\/geschichte\/19-jahrhundert\/1814-der-wiener-kongress-und-der-deutsche-bund\/","url":"https:\/\/www.ewigerbund.org\/geschichte\/19-jahrhundert\/1814-der-wiener-kongress-und-der-deutsche-bund\/","name":"1814. Der Wiener Kongre\u00df und der Deutsche Bund. | Ewiger Bund.","isPartOf":{"@id":"https:\/\/www.ewigerbund.org\/geschichte\/#website"},"primaryImageOfPage":{"@id":"https:\/\/www.ewigerbund.org\/geschichte\/19-jahrhundert\/1814-der-wiener-kongress-und-der-deutsche-bund\/#primaryimage"},"image":{"@id":"https:\/\/www.ewigerbund.org\/geschichte\/19-jahrhundert\/1814-der-wiener-kongress-und-der-deutsche-bund\/#primaryimage"},"thumbnailUrl":"https:\/\/www.ewigerbund.org\/geschichte\/wp-content\/uploads\/sites\/39\/2023\/07\/EB-Geschichte-1814-WienerKongress.jpg","datePublished":"2023-01-13T15:58:38+00:00","dateModified":"2023-09-04T20:33:43+00:00","description":"Bald nach Beendigung des Krieges 1814 versammelten sich die verb\u00fcndeten F\u00fcrsten in Wien, um den L\u00e4nderbesitz der einzelnen Staaten festzustellen.","breadcrumb":{"@id":"https:\/\/www.ewigerbund.org\/geschichte\/19-jahrhundert\/1814-der-wiener-kongress-und-der-deutsche-bund\/#breadcrumb"},"inLanguage":"de","potentialAction":[{"@type":"ReadAction","target":["https:\/\/www.ewigerbund.org\/geschichte\/19-jahrhundert\/1814-der-wiener-kongress-und-der-deutsche-bund\/"]}]},{"@type":"ImageObject","inLanguage":"de","@id":"https:\/\/www.ewigerbund.org\/geschichte\/19-jahrhundert\/1814-der-wiener-kongress-und-der-deutsche-bund\/#primaryimage","url":"https:\/\/www.ewigerbund.org\/geschichte\/wp-content\/uploads\/sites\/39\/2023\/07\/EB-Geschichte-1814-WienerKongress.jpg","contentUrl":"https:\/\/www.ewigerbund.org\/geschichte\/wp-content\/uploads\/sites\/39\/2023\/07\/EB-Geschichte-1814-WienerKongress.jpg","width":1748,"height":994,"caption":"1814 Wiener Kongress"},{"@type":"BreadcrumbList","@id":"https:\/\/www.ewigerbund.org\/geschichte\/19-jahrhundert\/1814-der-wiener-kongress-und-der-deutsche-bund\/#breadcrumb","itemListElement":[{"@type":"ListItem","position":1,"name":"Startseite","item":"https:\/\/www.ewigerbund.org\/geschichte\/"},{"@type":"ListItem","position":2,"name":"19. Jahrhundert.","item":"https:\/\/www.ewigerbund.org\/geschichte\/19-jahrhundert\/"},{"@type":"ListItem","position":3,"name":"1814. Der Wiener Kongre\u00df und der Deutsche Bund."}]},{"@type":"WebSite","@id":"https:\/\/www.ewigerbund.org\/geschichte\/#website","url":"https:\/\/www.ewigerbund.org\/geschichte\/","name":"Geschichte","description":"vom ewigen Bund.","publisher":{"@id":"https:\/\/www.ewigerbund.org\/geschichte\/#organization"},"alternateName":"vom ewigen Bund.","potentialAction":[{"@type":"SearchAction","target":{"@type":"EntryPoint","urlTemplate":"https:\/\/www.ewigerbund.org\/geschichte\/?s={search_term_string}"},"query-input":"required name=search_term_string"}],"inLanguage":"de"},{"@type":"Organization","@id":"https:\/\/www.ewigerbund.org\/geschichte\/#organization","name":"Geschichte","url":"https:\/\/www.ewigerbund.org\/geschichte\/","logo":{"@type":"ImageObject","inLanguage":"de","@id":"https:\/\/www.ewigerbund.org\/geschichte\/#\/schema\/logo\/image\/","url":"https:\/\/www.ewigerbund.org\/geschichte\/wp-content\/uploads\/sites\/39\/2022\/11\/2022-09-20-Logo-EB_Schutzzone_V4_Transparent.png","contentUrl":"https:\/\/www.ewigerbund.org\/geschichte\/wp-content\/uploads\/sites\/39\/2022\/11\/2022-09-20-Logo-EB_Schutzzone_V4_Transparent.png","width":2000,"height":1982,"caption":"Geschichte"},"image":{"@id":"https:\/\/www.ewigerbund.org\/geschichte\/#\/schema\/logo\/image\/"}}]}},"_links":{"self":[{"href":"https:\/\/www.ewigerbund.org\/geschichte\/wp-json\/wp\/v2\/pages\/1569","targetHints":{"allow":["GET"]}}],"collection":[{"href":"https:\/\/www.ewigerbund.org\/geschichte\/wp-json\/wp\/v2\/pages"}],"about":[{"href":"https:\/\/www.ewigerbund.org\/geschichte\/wp-json\/wp\/v2\/types\/page"}],"author":[{"embeddable":true,"href":"https:\/\/www.ewigerbund.org\/geschichte\/wp-json\/wp\/v2\/users\/16"}],"replies":[{"embeddable":true,"href":"https:\/\/www.ewigerbund.org\/geschichte\/wp-json\/wp\/v2\/comments?post=1569"}],"version-history":[{"count":6,"href":"https:\/\/www.ewigerbund.org\/geschichte\/wp-json\/wp\/v2\/pages\/1569\/revisions"}],"predecessor-version":[{"id":2157,"href":"https:\/\/www.ewigerbund.org\/geschichte\/wp-json\/wp\/v2\/pages\/1569\/revisions\/2157"}],"up":[{"embeddable":true,"href":"https:\/\/www.ewigerbund.org\/geschichte\/wp-json\/wp\/v2\/pages\/328"}],"wp:featuredmedia":[{"embeddable":true,"href":"https:\/\/www.ewigerbund.org\/geschichte\/wp-json\/wp\/v2\/media\/2183"}],"wp:attachment":[{"href":"https:\/\/www.ewigerbund.org\/geschichte\/wp-json\/wp\/v2\/media?parent=1569"}],"wp:term":[{"taxonomy":"category","embeddable":true,"href":"https:\/\/www.ewigerbund.org\/geschichte\/wp-json\/wp\/v2\/categories?post=1569"},{"taxonomy":"post_tag","embeddable":true,"href":"https:\/\/www.ewigerbund.org\/geschichte\/wp-json\/wp\/v2\/tags?post=1569"}],"curies":[{"name":"wp","href":"https:\/\/api.w.org\/{rel}","templated":true}]}}