{"id":803,"date":"2021-09-25T12:18:31","date_gmt":"2021-09-25T10:18:31","guid":{"rendered":"https:\/\/wissen.ewigerbund.org\/?page_id=803"},"modified":"2025-03-06T21:05:06","modified_gmt":"2025-03-06T20:05:06","slug":"filme","status":"publish","type":"page","link":"https:\/\/www.ewigerbund.org\/film\/filmothek\/filme\/","title":{"rendered":"Historische Filme und Dokumentationen."},"content":{"rendered":"<div class=\"gb-button-wrapper gb-button-wrapper-b754b7dd\">\n\n<a class=\"gb-button gb-button-805c0fdb gb-button-text\" href=\"#doku\">Dokumentationen.<\/a>\n\n\n\n<a class=\"gb-button gb-button-ddb17be2 gb-button-text\" href=\"#fiktion\">Fiktive Spielfilme.<\/a>\n\n<\/div>\n\n\n<h2 class=\"wp-block-heading\" id=\"historie\">Historische Leinwandfilme.<\/h2>\n\n\n\n<div class=\"wp-block-columns is-layout-flex wp-container-core-columns-is-layout-1 wp-block-columns-is-layout-flex\">\n<div class=\"wp-block-column cat-box-border is-layout-flow wp-block-column-is-layout-flow\"><div class=\"wp-block-image\">\n<figure class=\"aligncenter size-full\"><a href=\"https:\/\/www.ewigerbund.org\/film\/1914-die-letzten-tage-vor-dem-weltbrand\/\"><img loading=\"lazy\" decoding=\"async\" width=\"750\" height=\"350\" src=\"https:\/\/www.ewigerbund.org\/film\/wp-content\/uploads\/sites\/38\/2024\/07\/film-die-letzten-tage-vor-dem-weltenbrand_v.jpg\" alt=\"\" class=\"wp-image-3157\" srcset=\"https:\/\/www.ewigerbund.org\/film\/wp-content\/uploads\/sites\/38\/2024\/07\/film-die-letzten-tage-vor-dem-weltenbrand_v.jpg 750w, https:\/\/www.ewigerbund.org\/film\/wp-content\/uploads\/sites\/38\/2024\/07\/film-die-letzten-tage-vor-dem-weltenbrand_v-300x140.jpg 300w\" sizes=\"auto, (max-width: 750px) 100vw, 750px\" \/><\/a><\/figure><\/div>\n\n\n<h3 class=\"wp-block-heading has-text-align-left\">1914. Die letzten Tage vor dem Weltbrand.<\/h3>\n\n\n\n<p>Historischer Film der die Ereignisse vor dem Ausbruch des Weltkriegs 1914 schildert.<\/p>\n\n\n\n<p><a href=\"https:\/\/www.ewigerbund.org\/film\/1914-die-letzten-tage-vor-dem-weltbrand\/\">Film ansehen. \u2192<\/a> <\/p>\n<\/div>\n\n\n\n<div class=\"wp-block-column cat-box-border is-layout-flow wp-block-column-is-layout-flow\"><div class=\"wp-block-image\">\n<figure class=\"aligncenter size-full\"><a href=\"https:\/\/www.ewigerbund.org\/film\/der-alte-und-der-junge-koenig\/\"><img loading=\"lazy\" decoding=\"async\" width=\"750\" height=\"348\" src=\"https:\/\/www.ewigerbund.org\/film\/wp-content\/uploads\/sites\/38\/2023\/03\/EB-Mediathek-Film-DerAlteUndJungeKoenig_v.jpg\" alt=\"\" class=\"wp-image-2797\" srcset=\"https:\/\/www.ewigerbund.org\/film\/wp-content\/uploads\/sites\/38\/2023\/03\/EB-Mediathek-Film-DerAlteUndJungeKoenig_v.jpg 750w, https:\/\/www.ewigerbund.org\/film\/wp-content\/uploads\/sites\/38\/2023\/03\/EB-Mediathek-Film-DerAlteUndJungeKoenig_v-300x139.jpg 300w\" sizes=\"auto, (max-width: 750px) 100vw, 750px\" \/><\/a><\/figure><\/div>\n\n\n<h3 class=\"wp-block-heading has-text-align-left\">Der alte und der junge K\u00f6nig.<\/h3>\n\n\n\n<p>Historiendrama um den Konflikt zwischen dem jungen Kronprinz Friedrich und seinem strengen Vater.<\/p>\n\n\n\n<p><a href=\"https:\/\/www.ewigerbund.org\/film\/der-alte-und-der-junge-koenig\/\">Film ansehen. \u2192 <\/a><\/p>\n<\/div>\n\n\n\n<div class=\"wp-block-column cat-box-border is-layout-flow wp-block-column-is-layout-flow\"><div class=\"wp-block-image\">\n<figure class=\"aligncenter size-full\"><a href=\"https:\/\/www.ewigerbund.org\/film\/das-schoene-fraulein-schragg\/\"><img loading=\"lazy\" decoding=\"async\" width=\"750\" height=\"348\" src=\"https:\/\/www.ewigerbund.org\/film\/wp-content\/uploads\/sites\/38\/2023\/03\/EB-Mediathek-Film-DasSchoeneFraeuleinSchragg_v.jpg\" alt=\"\" class=\"wp-image-2798\" srcset=\"https:\/\/www.ewigerbund.org\/film\/wp-content\/uploads\/sites\/38\/2023\/03\/EB-Mediathek-Film-DasSchoeneFraeuleinSchragg_v.jpg 750w, https:\/\/www.ewigerbund.org\/film\/wp-content\/uploads\/sites\/38\/2023\/03\/EB-Mediathek-Film-DasSchoeneFraeuleinSchragg_v-300x139.jpg 300w\" sizes=\"auto, (max-width: 750px) 100vw, 750px\" \/><\/a><\/figure><\/div>\n\n\n<h3 class=\"wp-block-heading has-text-align-left\">Das sch\u00f6ne Fraulein Schragg.<\/h3>\n\n\n\n<p>Auf h\u00f6chste Kabinettsorder wird das Hoffr\u00e4ulein Anna-Maria Schragg nach Masuren geschickt, um das Aufbauwerk voranzutreiben.<\/p>\n\n\n\n<p><a href=\"https:\/\/www.ewigerbund.org\/film\/das-schoene-fraulein-schragg\/\">Film ansehen. \u2192<\/a> <\/p>\n<\/div>\n<\/div>\n\n\n\n<div class=\"wp-block-columns is-layout-flex wp-container-core-columns-is-layout-2 wp-block-columns-is-layout-flex\">\n<div class=\"wp-block-column cat-box-border is-layout-flow wp-block-column-is-layout-flow\">\n<figure class=\"wp-block-image size-full\"><a href=\"https:\/\/www.ewigerbund.org\/film\/der-grosse-koenig\/\"><img loading=\"lazy\" decoding=\"async\" width=\"750\" height=\"348\" src=\"https:\/\/www.ewigerbund.org\/film\/wp-content\/uploads\/sites\/38\/2023\/03\/EB-Mediathek-Film-DerGrosseKoenig_v.jpg\" alt=\"\" class=\"wp-image-2801\" srcset=\"https:\/\/www.ewigerbund.org\/film\/wp-content\/uploads\/sites\/38\/2023\/03\/EB-Mediathek-Film-DerGrosseKoenig_v.jpg 750w, https:\/\/www.ewigerbund.org\/film\/wp-content\/uploads\/sites\/38\/2023\/03\/EB-Mediathek-Film-DerGrosseKoenig_v-300x139.jpg 300w\" sizes=\"auto, (max-width: 750px) 100vw, 750px\" \/><\/a><\/figure>\n\n\n\n<h3 class=\"wp-block-heading has-text-align-left\">Der gro\u00dfe K\u00f6nig.<\/h3>\n\n\n\n<p>In diesem Film wird die Geschichte des Preu\u00dfenk\u00f6nigs Friedrich des Gro\u00dfen erz\u00e4hlt.<\/p>\n\n\n\n<p><a href=\"https:\/\/www.ewigerbund.org\/film\/der-grosse-koenig\/\">Film ansehen. \u2192<\/a> <\/p>\n<\/div>\n\n\n\n<div class=\"wp-block-column cat-box-border is-layout-flow wp-block-column-is-layout-flow\">\n<figure class=\"wp-block-image size-full\"><a href=\"https:\/\/www.ewigerbund.org\/film\/fridericus-der-alte-fritz\/\"><img loading=\"lazy\" decoding=\"async\" width=\"750\" height=\"348\" src=\"https:\/\/www.ewigerbund.org\/film\/wp-content\/uploads\/sites\/38\/2023\/03\/EB-Mediathek-Film-Fridericus-DerAlteFritz_v.jpg\" alt=\"\" class=\"wp-image-2802\" srcset=\"https:\/\/www.ewigerbund.org\/film\/wp-content\/uploads\/sites\/38\/2023\/03\/EB-Mediathek-Film-Fridericus-DerAlteFritz_v.jpg 750w, https:\/\/www.ewigerbund.org\/film\/wp-content\/uploads\/sites\/38\/2023\/03\/EB-Mediathek-Film-Fridericus-DerAlteFritz_v-300x139.jpg 300w\" sizes=\"auto, (max-width: 750px) 100vw, 750px\" \/><\/a><\/figure>\n\n\n\n<h3 class=\"wp-block-heading has-text-align-left\">Fridericus \u2013 Der alte Fritz.<\/h3>\n\n\n\n<p>Die Preu\u00dfen werden durch die \u00f6sterreichische Armee belagert. K\u00f6nig Friedrich II. entdeckt eine L\u00fccke durch die die Preu\u00dfen fliehen k\u00f6nnen.<\/p>\n\n\n\n<p><a href=\"https:\/\/www.ewigerbund.org\/film\/fridericus-der-alte-fritz\/\">Film ansehen. \u2192<\/a> <\/p>\n<\/div>\n\n\n\n<div class=\"wp-block-column cat-box-border is-layout-flow wp-block-column-is-layout-flow\">\n<figure class=\"wp-block-image size-full\"><a href=\"https:\/\/www.ewigerbund.org\/film\/der-choral-von-leuthen\/\"><img loading=\"lazy\" decoding=\"async\" width=\"750\" height=\"348\" src=\"https:\/\/www.ewigerbund.org\/film\/wp-content\/uploads\/sites\/38\/2023\/03\/EB-Mediathek-Film-DerChoralVonLeuthen_v.jpg\" alt=\"\" class=\"wp-image-2803\" srcset=\"https:\/\/www.ewigerbund.org\/film\/wp-content\/uploads\/sites\/38\/2023\/03\/EB-Mediathek-Film-DerChoralVonLeuthen_v.jpg 750w, https:\/\/www.ewigerbund.org\/film\/wp-content\/uploads\/sites\/38\/2023\/03\/EB-Mediathek-Film-DerChoralVonLeuthen_v-300x139.jpg 300w\" sizes=\"auto, (max-width: 750px) 100vw, 750px\" \/><\/a><\/figure>\n\n\n\n<h3 class=\"wp-block-heading has-text-align-left\">Der Choral von Leuthen.<\/h3>\n\n\n\n<p>Im Dezember 1757 mu\u00df sich die preu\u00dfische Armee angesichts der \u00f6sterreichischen \u00dcbermacht zur\u00fcckziehen.<\/p>\n\n\n\n<p><a href=\"https:\/\/www.ewigerbund.org\/film\/der-choral-von-leuthen\/\">Film ansehen. \u2192 <\/a><\/p>\n<\/div>\n<\/div>\n\n\n\n<div class=\"wp-block-columns is-layout-flex wp-container-core-columns-is-layout-3 wp-block-columns-is-layout-flex\">\n<div class=\"wp-block-column cat-box-border is-layout-flow wp-block-column-is-layout-flow\">\n<figure class=\"wp-block-image size-full\"><img loading=\"lazy\" decoding=\"async\" width=\"750\" height=\"348\" src=\"https:\/\/www.ewigerbund.org\/film\/wp-content\/uploads\/sites\/38\/2023\/10\/EB_Mediathek_Film_Bismarck_Die_Gruendung_des_deutschen_Reichs_v.jpg\" alt=\"Bismarck - Die Gr\u00fcndung des Deutschen Reichs\" class=\"wp-image-3022\" srcset=\"https:\/\/www.ewigerbund.org\/film\/wp-content\/uploads\/sites\/38\/2023\/10\/EB_Mediathek_Film_Bismarck_Die_Gruendung_des_deutschen_Reichs_v.jpg 750w, https:\/\/www.ewigerbund.org\/film\/wp-content\/uploads\/sites\/38\/2023\/10\/EB_Mediathek_Film_Bismarck_Die_Gruendung_des_deutschen_Reichs_v-300x139.jpg 300w\" sizes=\"auto, (max-width: 750px) 100vw, 750px\" \/><\/figure>\n\n\n\n<h3 class=\"wp-block-heading has-text-align-left\">Bismarck \u2013 Die Gr\u00fcndung des deutschen Reichs.<\/h3>\n\n\n\n<p>Als der preu\u00dfische K\u00f6nig Wilhelm I. mit dem Gedanken spielt, abzudanken, gelingt es Bismarck Wilhelm I. vom Gegenteil zu \u00fcberzeugen.<\/p>\n\n\n\n<p><a href=\"https:\/\/www.ewigerbund.org\/film\/bismarck-die-gruendung-des-deutschen-reichs\/\">Film ansehen. \u2192 <\/a><\/p>\n<\/div>\n\n\n\n<div class=\"wp-block-column cat-box-border is-layout-flow wp-block-column-is-layout-flow\">\n<figure class=\"wp-block-image size-full\"><a href=\"https:\/\/www.ewigerbund.org\/film\/schicksalswendung-wilhelm-ii-und-bismarck\/\"><img loading=\"lazy\" decoding=\"async\" width=\"750\" height=\"348\" src=\"https:\/\/www.ewigerbund.org\/film\/wp-content\/uploads\/sites\/38\/2023\/03\/EB-Mediathek-Film-Bismarck-Entlassung_v.jpg\" alt=\"\" class=\"wp-image-2808\" srcset=\"https:\/\/www.ewigerbund.org\/film\/wp-content\/uploads\/sites\/38\/2023\/03\/EB-Mediathek-Film-Bismarck-Entlassung_v.jpg 750w, https:\/\/www.ewigerbund.org\/film\/wp-content\/uploads\/sites\/38\/2023\/03\/EB-Mediathek-Film-Bismarck-Entlassung_v-300x139.jpg 300w\" sizes=\"auto, (max-width: 750px) 100vw, 750px\" \/><\/a><\/figure>\n\n\n\n<h3 class=\"wp-block-heading has-text-align-left\">Schicksalswendung Wilhelm II. und Bismarck.<\/h3>\n\n\n\n<p>Im M\u00e4rz 1890, knapp zwei Jahre, nachdem er Kaiser geworden war, entlie\u00df Kaiser Wilhelm II. den verdienten Reichskanzler Otto von Bismarck.<\/p>\n\n\n\n<p><a href=\"https:\/\/www.ewigerbund.org\/film\/schicksalswendung-wilhelm-ii-und-bismarck\/\">Film ansehen. \u2192<\/a> <\/p>\n<\/div>\n\n\n\n<div class=\"wp-block-column cat-box-border is-layout-flow wp-block-column-is-layout-flow\">\n<figure class=\"wp-block-image size-full\"><a href=\"https:\/\/www.ewigerbund.org\/film\/friedrich-schiller-der-triumph-eines-genies\/\"><img loading=\"lazy\" decoding=\"async\" width=\"750\" height=\"348\" src=\"https:\/\/www.ewigerbund.org\/film\/wp-content\/uploads\/sites\/38\/2023\/03\/EB-Mediathek-Film-FriedrichSchiller-DerTriumphEinesGenies_v.jpg\" alt=\"\" class=\"wp-image-2809\" srcset=\"https:\/\/www.ewigerbund.org\/film\/wp-content\/uploads\/sites\/38\/2023\/03\/EB-Mediathek-Film-FriedrichSchiller-DerTriumphEinesGenies_v.jpg 750w, https:\/\/www.ewigerbund.org\/film\/wp-content\/uploads\/sites\/38\/2023\/03\/EB-Mediathek-Film-FriedrichSchiller-DerTriumphEinesGenies_v-300x139.jpg 300w\" sizes=\"auto, (max-width: 750px) 100vw, 750px\" \/><\/a><\/figure>\n\n\n\n<h3 class=\"wp-block-heading has-text-align-left\">Friedrich Schiller \u2013 Der Triumph eines Genies.<\/h3>\n\n\n\n<p>Der junge Schiller, dessen Leidenschaft dem Schreiben und Dichten gilt, mu\u00df unter Zwang auf die Milit\u00e4rakademie.<\/p>\n\n\n\n<p><a href=\"https:\/\/www.ewigerbund.org\/film\/friedrich-schiller-der-triumph-eines-genies\/\">Film ansehen. \u2192<\/a> <\/p>\n<\/div>\n<\/div>\n\n\n\n<div class=\"wp-block-columns is-layout-flex wp-container-core-columns-is-layout-4 wp-block-columns-is-layout-flex\">\n<div class=\"wp-block-column cat-box-border is-layout-flow wp-block-column-is-layout-flow\">\n<figure class=\"wp-block-image size-full\"><a href=\"https:\/\/www.ewigerbund.org\/film\/die-taenzerin-von-sanssouci\/\"><img loading=\"lazy\" decoding=\"async\" width=\"750\" height=\"348\" src=\"https:\/\/www.ewigerbund.org\/film\/wp-content\/uploads\/sites\/38\/2023\/03\/EB-Mediathek-Film-DieTaenzerinVonSanssouci_v.jpg\" alt=\"\" class=\"wp-image-2811\" srcset=\"https:\/\/www.ewigerbund.org\/film\/wp-content\/uploads\/sites\/38\/2023\/03\/EB-Mediathek-Film-DieTaenzerinVonSanssouci_v.jpg 750w, https:\/\/www.ewigerbund.org\/film\/wp-content\/uploads\/sites\/38\/2023\/03\/EB-Mediathek-Film-DieTaenzerinVonSanssouci_v-300x139.jpg 300w\" sizes=\"auto, (max-width: 750px) 100vw, 750px\" \/><\/a><\/figure>\n\n\n\n<h3 class=\"wp-block-heading has-text-align-left\">Die T\u00e4nzerin von Sanssouci.<\/h3>\n\n\n\n<p>Ganz Europa liegt der T\u00e4nzerin Barberina zu F\u00fc\u00dfen. Sogar Friedrich II., K\u00f6nig von Preu\u00dfen, will sie an seinem Opernhaus engagieren.<\/p>\n\n\n\n<p><a href=\"https:\/\/www.ewigerbund.org\/film\/die-taenzerin-von-sanssouci\/\">Film ansehen. \u2192<\/a> <\/p>\n<\/div>\n\n\n\n<div class=\"wp-block-column cat-box-border is-layout-flow wp-block-column-is-layout-flow\">\n<figure class=\"wp-block-image size-full\"><a href=\"https:\/\/www.ewigerbund.org\/film\/waterloo-stummfilm-alemania\/\"><img loading=\"lazy\" decoding=\"async\" width=\"750\" height=\"348\" src=\"https:\/\/www.ewigerbund.org\/film\/wp-content\/uploads\/sites\/38\/2023\/03\/EB-Mediathek-Film-Waterloo_v.jpg\" alt=\"\" class=\"wp-image-2813\" srcset=\"https:\/\/www.ewigerbund.org\/film\/wp-content\/uploads\/sites\/38\/2023\/03\/EB-Mediathek-Film-Waterloo_v.jpg 750w, https:\/\/www.ewigerbund.org\/film\/wp-content\/uploads\/sites\/38\/2023\/03\/EB-Mediathek-Film-Waterloo_v-300x139.jpg 300w\" sizes=\"auto, (max-width: 750px) 100vw, 750px\" \/><\/a><\/figure>\n\n\n\n<h3 class=\"wp-block-heading has-text-align-left\">Waterloo (Stummfilm, Alemania).<\/h3>\n\n\n\n<p>Entgegen den Lehren unserer Schulb\u00fccher fand Napoleons letzte Schlacht in Wirklichkeit nicht bei Waterloo statt.<\/p>\n\n\n\n<p><a href=\"https:\/\/www.ewigerbund.org\/film\/waterloo-stummfilm-alemania\/\">Film ansehen. \u2192<\/a> <\/p>\n<\/div>\n\n\n\n<div class=\"wp-block-column cat-box-border is-layout-flow wp-block-column-is-layout-flow\">\n<figure class=\"wp-block-image size-full\"><a href=\"\/film\/kolberg\/\"><img loading=\"lazy\" decoding=\"async\" width=\"750\" height=\"348\" src=\"https:\/\/www.ewigerbund.org\/film\/wp-content\/uploads\/sites\/38\/2023\/03\/EB-Mediathek-Film-Kolberg_v.jpg\" alt=\"\" class=\"wp-image-2795\" srcset=\"https:\/\/www.ewigerbund.org\/film\/wp-content\/uploads\/sites\/38\/2023\/03\/EB-Mediathek-Film-Kolberg_v.jpg 750w, https:\/\/www.ewigerbund.org\/film\/wp-content\/uploads\/sites\/38\/2023\/03\/EB-Mediathek-Film-Kolberg_v-300x139.jpg 300w\" sizes=\"auto, (max-width: 750px) 100vw, 750px\" \/><\/a><\/figure>\n\n\n\n<h3 class=\"wp-block-heading\">Kolberg.<\/h3>\n\n\n\n<p>Filmhistorisches Zeitdokument um den Belagerungszustand der Stadt Kolberg.<\/p>\n\n\n\n<p><a href=\"https:\/\/www.ewigerbund.org\/film\/kolberg\/\">Film ansehen. \u2192<\/a> <\/p>\n<\/div>\n<\/div>\n\n\n\n<div style=\"height:100px\" aria-hidden=\"true\" class=\"wp-block-spacer\"><\/div>\n\n\n<div class=\"gb-button-wrapper gb-button-wrapper-0c30959f\">\n\n<a class=\"gb-button gb-button-3709983b gb-button-text\" href=\"#historie\">Historische Leinwandfilme.<\/a>\n\n\n\n<a class=\"gb-button gb-button-57cf53e1 gb-button-text\" href=\"#fiktion\">Fiktive Spielfilme.<\/a>\n\n<\/div>\n\n\n<h2 class=\"wp-block-heading\" id=\"doku\">Dokumentationen.<\/h2>\n\n\n\n<div class=\"wp-block-columns is-layout-flex wp-container-core-columns-is-layout-5 wp-block-columns-is-layout-flex\">\n<div class=\"wp-block-column cat-box-border is-layout-flow wp-block-column-is-layout-flow\">\n<figure class=\"wp-block-image size-full\"><a href=\"https:\/\/www.ewigerbund.org\/film\/des-kaisers-kleine-leute-wie-lebten-unsere-grosseltern\/\"><img loading=\"lazy\" decoding=\"async\" width=\"750\" height=\"348\" src=\"https:\/\/www.ewigerbund.org\/film\/wp-content\/uploads\/sites\/38\/2023\/03\/EB-Mediathek-Film-Des_Kaisers_kleine_Leute_v.jpg\" alt=\"\" class=\"wp-image-2833\" srcset=\"https:\/\/www.ewigerbund.org\/film\/wp-content\/uploads\/sites\/38\/2023\/03\/EB-Mediathek-Film-Des_Kaisers_kleine_Leute_v.jpg 750w, https:\/\/www.ewigerbund.org\/film\/wp-content\/uploads\/sites\/38\/2023\/03\/EB-Mediathek-Film-Des_Kaisers_kleine_Leute_v-300x139.jpg 300w\" sizes=\"auto, (max-width: 750px) 100vw, 750px\" \/><\/a><\/figure>\n\n\n\n<h3 class=\"wp-block-heading has-text-align-left\">Des Kaisers Kleine Leute \u2013 Wie lebten unsere Gro\u00dfeltern?<\/h3>\n\n\n\n<p>Die Wilhelminische Epoche war gepr\u00e4gt durch Umbr\u00fcche in allen Lebensbereichen.&nbsp;<\/p>\n\n\n\n<p><a href=\"https:\/\/www.ewigerbund.org\/film\/des-kaisers-kleine-leute-wie-lebten-unsere-grosseltern\/\">Film ansehen. \u2192<\/a><\/p>\n<\/div>\n\n\n\n<div class=\"wp-block-column cat-box-border is-layout-flow wp-block-column-is-layout-flow\">\n<figure class=\"wp-block-image size-full\"><a href=\"https:\/\/www.ewigerbund.org\/film\/haus-doorn-auf-den-spuren-von-kaiser-wilhelm-ii\/\"><img loading=\"lazy\" decoding=\"async\" width=\"750\" height=\"348\" src=\"https:\/\/www.ewigerbund.org\/film\/wp-content\/uploads\/sites\/38\/2023\/03\/EB_Mediathek_Film_Haus_Doorn_Auf_den_Spuren_von_Kaiser_Wilhelm_II_v.jpg\" alt=\"\" class=\"wp-image-2827\" srcset=\"https:\/\/www.ewigerbund.org\/film\/wp-content\/uploads\/sites\/38\/2023\/03\/EB_Mediathek_Film_Haus_Doorn_Auf_den_Spuren_von_Kaiser_Wilhelm_II_v.jpg 750w, https:\/\/www.ewigerbund.org\/film\/wp-content\/uploads\/sites\/38\/2023\/03\/EB_Mediathek_Film_Haus_Doorn_Auf_den_Spuren_von_Kaiser_Wilhelm_II_v-300x139.jpg 300w\" sizes=\"auto, (max-width: 750px) 100vw, 750px\" \/><\/a><\/figure>\n\n\n\n<h3 class=\"wp-block-heading has-text-align-left\">Haus Doorn \u2013 Auf den Spuren von Kaiser Wilhelm II.<\/h3>\n\n\n\n<p>Nach der erzwungenen Abdankung Kaiser Wilhelms II., war er gen\u00f6tigt in die Exilierung zu gehen.<\/p>\n\n\n\n<p><a href=\"https:\/\/www.ewigerbund.org\/film\/haus-doorn-auf-den-spuren-von-kaiser-wilhelm-ii\/\">Film ansehen. \u2192<\/a><\/p>\n<\/div>\n\n\n\n<div class=\"wp-block-column cat-box-border is-layout-flow wp-block-column-is-layout-flow\">\n<figure class=\"wp-block-image size-full\"><a href=\"https:\/\/www.ewigerbund.org\/film\/der-hereroaufstand-1904-voelkermord-oder-kriegspropaganda\/\"><img loading=\"lazy\" decoding=\"async\" width=\"750\" height=\"348\" src=\"https:\/\/www.ewigerbund.org\/film\/wp-content\/uploads\/sites\/38\/2024\/10\/EB_Mediathek_Film_Der_Hereroaufstand_1904_\u2013_Voelkermord_oder_Kriegspropaganda_v.jpg\" alt=\"\" class=\"wp-image-3261\" srcset=\"https:\/\/www.ewigerbund.org\/film\/wp-content\/uploads\/sites\/38\/2024\/10\/EB_Mediathek_Film_Der_Hereroaufstand_1904_\u2013_Voelkermord_oder_Kriegspropaganda_v.jpg 750w, https:\/\/www.ewigerbund.org\/film\/wp-content\/uploads\/sites\/38\/2024\/10\/EB_Mediathek_Film_Der_Hereroaufstand_1904_\u2013_Voelkermord_oder_Kriegspropaganda_v-300x139.jpg 300w\" sizes=\"auto, (max-width: 750px) 100vw, 750px\" \/><\/a><\/figure>\n\n\n\n<h3 class=\"wp-block-heading has-text-align-left\">Der Hereroaufstand 1904 \u2013 V\u00f6lkermord oder Kriegspropaganda?<\/h3>\n\n\n\n<p>In der zweiten H\u00e4lfte des 18. Jahrhunderts erfolgte von Nordosten her, \u00fcber den Okawangoflu\u00df, die Einwanderung der Hereros.<\/p>\n\n\n\n<p><a href=\"https:\/\/www.ewigerbund.org\/film\/der-hereroaufstand-1904-voelkermord-oder-kriegspropaganda\/\">Film ansehen. \u2192<\/a><\/p>\n<\/div>\n<\/div>\n\n\n\n<div class=\"wp-block-columns is-layout-flex wp-container-core-columns-is-layout-6 wp-block-columns-is-layout-flex\">\n<div class=\"wp-block-column cat-box-border is-layout-flow wp-block-column-is-layout-flow\">\n<figure class=\"wp-block-image size-full\"><a href=\"https:\/\/www.ewigerbund.org\/film\/der-weg-in-das-versailler-schmachdiktat\/\"><img loading=\"lazy\" decoding=\"async\" width=\"750\" height=\"348\" src=\"https:\/\/www.ewigerbund.org\/film\/wp-content\/uploads\/sites\/38\/2023\/03\/EB-Mediathek-Film-Der_Weg_in_das_Versailler_Schmachdiktat_v.jpg\" alt=\"\" class=\"wp-image-2835\" srcset=\"https:\/\/www.ewigerbund.org\/film\/wp-content\/uploads\/sites\/38\/2023\/03\/EB-Mediathek-Film-Der_Weg_in_das_Versailler_Schmachdiktat_v.jpg 750w, https:\/\/www.ewigerbund.org\/film\/wp-content\/uploads\/sites\/38\/2023\/03\/EB-Mediathek-Film-Der_Weg_in_das_Versailler_Schmachdiktat_v-300x139.jpg 300w\" sizes=\"auto, (max-width: 750px) 100vw, 750px\" \/><\/a><\/figure>\n\n\n\n<h3 class=\"wp-block-heading has-text-align-left\">Der Weg in das Versailler Schmachdiktat.<\/h3>\n\n\n\n<p>Der Versailler Vertrag wurde von den nicht legitimierten Vertretern Hermann M\u00fcller und Dr. Bell f\u00fcr L\u2019Allmagne unterzeichnet.<\/p>\n\n\n\n<p><a href=\"https:\/\/www.ewigerbund.org\/film\/der-weg-in-das-versailler-schmachdiktat\/\">Film ansehen. \u2192<\/a><\/p>\n<\/div>\n\n\n\n<div class=\"wp-block-column cat-box-border is-layout-flow wp-block-column-is-layout-flow\">\n<figure class=\"wp-block-image size-full\"><a href=\"https:\/\/www.ewigerbund.org\/film\/kaiser-wilhelm-ii-politisch-unkorrekt\/\"><img loading=\"lazy\" decoding=\"async\" width=\"750\" height=\"348\" src=\"https:\/\/www.ewigerbund.org\/film\/wp-content\/uploads\/sites\/38\/2023\/03\/EB-Mediathek-Film-EB-Kaiser_Wilhelm_II_Politisch_unkorrekt_v.jpg\" alt=\"\" class=\"wp-image-2831\" srcset=\"https:\/\/www.ewigerbund.org\/film\/wp-content\/uploads\/sites\/38\/2023\/03\/EB-Mediathek-Film-EB-Kaiser_Wilhelm_II_Politisch_unkorrekt_v.jpg 750w, https:\/\/www.ewigerbund.org\/film\/wp-content\/uploads\/sites\/38\/2023\/03\/EB-Mediathek-Film-EB-Kaiser_Wilhelm_II_Politisch_unkorrekt_v-300x139.jpg 300w\" sizes=\"auto, (max-width: 750px) 100vw, 750px\" \/><\/a><\/figure>\n\n\n\n<h3 class=\"wp-block-heading has-text-align-left\">Kaiser Wilhelm II. &#8211; Politisch unkorrekt.<\/h3>\n\n\n\n<p><a href=\"https:\/\/www.ewigerbund.org\/film\/kaiser-wilhelm-ii-politisch-unkorrekt\/\">Film ansehen. \u2192<\/a><\/p>\n<\/div>\n\n\n\n<div class=\"wp-block-column cat-box-border is-layout-flow wp-block-column-is-layout-flow\">\n<figure class=\"wp-block-image size-full\"><img loading=\"lazy\" decoding=\"async\" width=\"750\" height=\"348\" src=\"https:\/\/www.ewigerbund.org\/film\/wp-content\/uploads\/sites\/38\/2023\/03\/EB-Mediathek-Film-Das_Floetenkonzert_von_Sanssourci_v.jpg\" alt=\"\" class=\"wp-image-2839\" srcset=\"https:\/\/www.ewigerbund.org\/film\/wp-content\/uploads\/sites\/38\/2023\/03\/EB-Mediathek-Film-Das_Floetenkonzert_von_Sanssourci_v.jpg 750w, https:\/\/www.ewigerbund.org\/film\/wp-content\/uploads\/sites\/38\/2023\/03\/EB-Mediathek-Film-Das_Floetenkonzert_von_Sanssourci_v-300x139.jpg 300w\" sizes=\"auto, (max-width: 750px) 100vw, 750px\" \/><\/figure>\n\n\n\n<h3 class=\"wp-block-heading has-text-align-left\">Das Fl\u00f6tenkonzert von Sanssouci.<\/h3>\n\n\n\n<p>Erz\u00e4hlt wird im Fl\u00f6tenkonzert das Abenteuer eines preu\u00dfischen Offiziers und Spions am Dresdner Hof.<\/p>\n\n\n\n<p><a href=\"https:\/\/www.ewigerbund.org\/film\/das-floetenkonzert-von-sanssouci\/\">Film ansehen. \u2192<\/a><\/p>\n<\/div>\n<\/div>\n\n\n\n<div style=\"height:100px\" aria-hidden=\"true\" class=\"wp-block-spacer\"><\/div>\n\n\n<div class=\"gb-button-wrapper gb-button-wrapper-74f214d3\">\n\n<a class=\"gb-button gb-button-9fe9b1f5 gb-button-text\" href=\"#historie\">Historische Leinwandfilme.<\/a>\n\n\n\n<a class=\"gb-button gb-button-af1c9c94 gb-button-text\" href=\"#doku\">Dokumentationen.<\/a>\n\n<\/div>\n\n\n<h2 class=\"wp-block-heading\" id=\"fiktion\">Fiktive Spielfilme.<\/h2>\n\n\n<div class=\"gb-grid-wrapper gb-grid-wrapper-7b5e9d4e\">\n<div class=\"gb-grid-column gb-grid-column-de9de558\"><div class=\"gb-container gb-container-de9de558\"><div class=\"gb-inside-container\">\n\n<div class=\"wp-block-media-text alignwide is-stacked-on-mobile\"><figure class=\"wp-block-media-text__media\"><a href=\"https:\/\/www.ewigerbund.org\/film\/ritt-zwischen-den-fronten\/\"><img loading=\"lazy\" decoding=\"async\" width=\"750\" height=\"348\" src=\"https:\/\/www.ewigerbund.org\/film\/wp-content\/uploads\/sites\/38\/2023\/03\/EB-Mediathek-Film-Ritt_zwischen_den_Fronten_v.jpg\" alt=\"\" class=\"wp-image-2825 size-full\" srcset=\"https:\/\/www.ewigerbund.org\/film\/wp-content\/uploads\/sites\/38\/2023\/03\/EB-Mediathek-Film-Ritt_zwischen_den_Fronten_v.jpg 750w, https:\/\/www.ewigerbund.org\/film\/wp-content\/uploads\/sites\/38\/2023\/03\/EB-Mediathek-Film-Ritt_zwischen_den_Fronten_v-300x139.jpg 300w\" sizes=\"auto, (max-width: 750px) 100vw, 750px\" \/><\/a><\/figure><div class=\"wp-block-media-text__content\">\n<h3 class=\"wp-block-heading\">Ritt zwischen den Fronten.<\/h3>\n\n\n\n<p>Der Film \u201eRitt zwischen den Fronten\u201c ist ein Spielfilm, der zwar auch historische Fakten beinhaltet, jedoch im Haupthandlungsstrang rein fiktiv ist. Dennoch gibt er eindrucksvolles Zeugnis f\u00fcr den preu\u00dfischen Geist, der den Befreiungskrieg 1813-1815 erm\u00f6glichte.<\/p>\n\n\n\n<p><a href=\"https:\/\/www.ewigerbund.org\/film\/ritt-zwischen-den-fronten\/\">Film ansehen. \u2192<\/a><\/p>\n<\/div><\/div>\n\n<\/div><\/div><\/div>\n\n<div class=\"gb-grid-column gb-grid-column-75f84642\"><div class=\"gb-container gb-container-75f84642\"><div class=\"gb-inside-container\">\n\n<div class=\"wp-block-media-text alignwide is-stacked-on-mobile\"><figure class=\"wp-block-media-text__media\"><a href=\"https:\/\/www.ewigerbund.org\/film\/eine-handvoll-helden-die-letzte-kompanie\/\"><img loading=\"lazy\" decoding=\"async\" width=\"750\" height=\"348\" src=\"https:\/\/www.ewigerbund.org\/film\/wp-content\/uploads\/sites\/38\/2023\/03\/EB_Mediathek_Film_Eine_Handvoll_Helden_\u2013_Die_letzte_Kompanie_v.jpg\" alt=\"\" class=\"wp-image-2829 size-full\" srcset=\"https:\/\/www.ewigerbund.org\/film\/wp-content\/uploads\/sites\/38\/2023\/03\/EB_Mediathek_Film_Eine_Handvoll_Helden_\u2013_Die_letzte_Kompanie_v.jpg 750w, https:\/\/www.ewigerbund.org\/film\/wp-content\/uploads\/sites\/38\/2023\/03\/EB_Mediathek_Film_Eine_Handvoll_Helden_\u2013_Die_letzte_Kompanie_v-300x139.jpg 300w\" sizes=\"auto, (max-width: 750px) 100vw, 750px\" \/><\/a><\/figure><div class=\"wp-block-media-text__content\">\n<h3 class=\"wp-block-heading\">Eine Handvoll Helden \u2013 Die letzte Kompanie.<\/h3>\n\n\n\n<p>1806 wurden die Preu\u00dfen bei Jena und Auerst\u00e4dt von Napoleons Armee vernichtend geschlagen. Versprengte Teile der preu\u00dfischen Truppen retteten sich auf das andere Ufer der Saale. <\/p>\n\n\n\n<p><a href=\"https:\/\/www.ewigerbund.org\/film\/eine-handvoll-helden-die-letzte-kompanie\/\">Film ansehen. \u2192<\/a><\/p>\n<\/div><\/div>\n\n<\/div><\/div><\/div>\n<\/div>\n\n\n<div style=\"height:50px\" aria-hidden=\"true\" class=\"wp-block-spacer\"><\/div>\n","protected":false},"excerpt":{"rendered":"<p>Historische Leinwandfilme. 1914. Die letzten Tage vor dem Weltbrand. Historischer Film der die Ereignisse vor dem Ausbruch des Weltkriegs 1914 schildert. Film ansehen. \u2192 Der alte und der junge K\u00f6nig. Historiendrama um den Konflikt zwischen dem jungen Kronprinz Friedrich und seinem strengen Vater. Film ansehen. \u2192 Das sch\u00f6ne Fraulein Schragg. Auf h\u00f6chste Kabinettsorder wird das &#8230; <a title=\"Historische Filme und Dokumentationen.\" class=\"read-more\" href=\"https:\/\/www.ewigerbund.org\/film\/filmothek\/filme\/\" aria-label=\"Mehr zu Historische Filme und Dokumentationen.\">Weiterlesen &#8230;<\/a><\/p>\n","protected":false},"author":16,"featured_media":2023,"parent":1864,"menu_order":0,"comment_status":"closed","ping_status":"closed","template":"","meta":{"footnotes":""},"categories":[11],"tags":[],"class_list":["post-803","page","type-page","status-publish","has-post-thumbnail","hentry","category-historische-filme-und-dokumentationen"],"yoast_head":"<!-- This site is optimized with the Yoast SEO plugin v23.1 - https:\/\/yoast.com\/wordpress\/plugins\/seo\/ -->\n<title>Historische Filme und Dokumentationen. | Ewiger Bund.<\/title>\n<meta name=\"description\" content=\"Historische Filme wie Kolberg, Der gro\u00dfe K\u00f6nig, Der Alte und der junge K\u00f6nig, Bismarck - Die Gr\u00fcndung des deutschen Reichs und viele mehr.\" \/>\n<meta name=\"robots\" content=\"index, follow, max-snippet:-1, max-image-preview:large, max-video-preview:-1\" \/>\n<link rel=\"canonical\" href=\"https:\/\/www.ewigerbund.org\/film\/filmothek\/filme\/\" \/>\n<meta property=\"og:locale\" content=\"de_DE\" \/>\n<meta property=\"og:type\" content=\"article\" \/>\n<meta property=\"og:title\" content=\"Historische Filme und Dokumentationen. | Ewiger Bund.\" \/>\n<meta property=\"og:description\" content=\"Historische Filme wie Kolberg, Der gro\u00dfe K\u00f6nig, Der Alte und der junge K\u00f6nig, Bismarck - Die Gr\u00fcndung des deutschen Reichs und viele mehr.\" \/>\n<meta property=\"og:url\" content=\"https:\/\/www.ewigerbund.org\/film\/filmothek\/filme\/\" \/>\n<meta property=\"og:site_name\" content=\"Mediathek.\" \/>\n<meta property=\"article:modified_time\" content=\"2025-03-06T20:05:06+00:00\" \/>\n<meta property=\"og:image\" content=\"https:\/\/www.ewigerbund.org\/film\/wp-content\/uploads\/sites\/38\/2023\/01\/EB-Mediathek-Kino.jpg\" \/>\n\t<meta property=\"og:image:width\" content=\"1748\" \/>\n\t<meta property=\"og:image:height\" content=\"994\" \/>\n\t<meta property=\"og:image:type\" content=\"image\/jpeg\" \/>\n<meta name=\"twitter:card\" content=\"summary_large_image\" \/>\n<meta name=\"twitter:label1\" content=\"Gesch\u00e4tzte Lesezeit\" \/>\n\t<meta name=\"twitter:data1\" content=\"7\u00a0Minuten\" \/>\n<script type=\"application\/ld+json\" class=\"yoast-schema-graph\">{\"@context\":\"https:\/\/schema.org\",\"@graph\":[{\"@type\":\"WebPage\",\"@id\":\"https:\/\/www.ewigerbund.org\/film\/filmothek\/filme\/\",\"url\":\"https:\/\/www.ewigerbund.org\/film\/filmothek\/filme\/\",\"name\":\"Historische Filme und Dokumentationen. | Ewiger Bund.\",\"isPartOf\":{\"@id\":\"https:\/\/www.ewigerbund.org\/film\/#website\"},\"primaryImageOfPage\":{\"@id\":\"https:\/\/www.ewigerbund.org\/film\/filmothek\/filme\/#primaryimage\"},\"image\":{\"@id\":\"https:\/\/www.ewigerbund.org\/film\/filmothek\/filme\/#primaryimage\"},\"thumbnailUrl\":\"https:\/\/www.ewigerbund.org\/film\/wp-content\/uploads\/sites\/38\/2023\/01\/EB-Mediathek-Kino.jpg\",\"datePublished\":\"2021-09-25T10:18:31+00:00\",\"dateModified\":\"2025-03-06T20:05:06+00:00\",\"description\":\"Historische Filme wie Kolberg, Der gro\u00dfe K\u00f6nig, Der Alte und der junge K\u00f6nig, Bismarck - Die Gr\u00fcndung des deutschen Reichs und viele mehr.\",\"breadcrumb\":{\"@id\":\"https:\/\/www.ewigerbund.org\/film\/filmothek\/filme\/#breadcrumb\"},\"inLanguage\":\"de\",\"potentialAction\":[{\"@type\":\"ReadAction\",\"target\":[\"https:\/\/www.ewigerbund.org\/film\/filmothek\/filme\/\"]}]},{\"@type\":\"ImageObject\",\"inLanguage\":\"de\",\"@id\":\"https:\/\/www.ewigerbund.org\/film\/filmothek\/filme\/#primaryimage\",\"url\":\"https:\/\/www.ewigerbund.org\/film\/wp-content\/uploads\/sites\/38\/2023\/01\/EB-Mediathek-Kino.jpg\",\"contentUrl\":\"https:\/\/www.ewigerbund.org\/film\/wp-content\/uploads\/sites\/38\/2023\/01\/EB-Mediathek-Kino.jpg\",\"width\":1748,\"height\":994},{\"@type\":\"BreadcrumbList\",\"@id\":\"https:\/\/www.ewigerbund.org\/film\/filmothek\/filme\/#breadcrumb\",\"itemListElement\":[{\"@type\":\"ListItem\",\"position\":1,\"name\":\"Startseite\",\"item\":\"https:\/\/www.ewigerbund.org\/film\/\"},{\"@type\":\"ListItem\",\"position\":2,\"name\":\"Filmothek.\",\"item\":\"https:\/\/www.ewigerbund.org\/film\/filmothek\/\"},{\"@type\":\"ListItem\",\"position\":3,\"name\":\"Historische Filme und Dokumentationen.\"}]},{\"@type\":\"WebSite\",\"@id\":\"https:\/\/www.ewigerbund.org\/film\/#website\",\"url\":\"https:\/\/www.ewigerbund.org\/film\/\",\"name\":\"Mediathek.\",\"description\":\"Verfassungsb\u00fcndnis der deutschen Einzelstaaten.\",\"publisher\":{\"@id\":\"https:\/\/www.ewigerbund.org\/film\/#organization\"},\"potentialAction\":[{\"@type\":\"SearchAction\",\"target\":{\"@type\":\"EntryPoint\",\"urlTemplate\":\"https:\/\/www.ewigerbund.org\/film\/?s={search_term_string}\"},\"query-input\":\"required name=search_term_string\"}],\"inLanguage\":\"de\"},{\"@type\":\"Organization\",\"@id\":\"https:\/\/www.ewigerbund.org\/film\/#organization\",\"name\":\"Mediathek.\",\"url\":\"https:\/\/www.ewigerbund.org\/film\/\",\"logo\":{\"@type\":\"ImageObject\",\"inLanguage\":\"de\",\"@id\":\"https:\/\/www.ewigerbund.org\/film\/#\/schema\/logo\/image\/\",\"url\":\"https:\/\/www.ewigerbund.org\/film\/wp-content\/uploads\/sites\/38\/2022\/11\/2022-09-20-Logo-EB_Schutzzone_V4_Transparent.png\",\"contentUrl\":\"https:\/\/www.ewigerbund.org\/film\/wp-content\/uploads\/sites\/38\/2022\/11\/2022-09-20-Logo-EB_Schutzzone_V4_Transparent.png\",\"width\":2000,\"height\":1982,\"caption\":\"Mediathek.\"},\"image\":{\"@id\":\"https:\/\/www.ewigerbund.org\/film\/#\/schema\/logo\/image\/\"}}]}<\/script>\n<!-- \/ Yoast SEO plugin. -->","yoast_head_json":{"title":"Historische Filme und Dokumentationen. | Ewiger Bund.","description":"Historische Filme wie Kolberg, Der gro\u00dfe K\u00f6nig, Der Alte und der junge K\u00f6nig, Bismarck - Die Gr\u00fcndung des deutschen Reichs und viele mehr.","robots":{"index":"index","follow":"follow","max-snippet":"max-snippet:-1","max-image-preview":"max-image-preview:large","max-video-preview":"max-video-preview:-1"},"canonical":"https:\/\/www.ewigerbund.org\/film\/filmothek\/filme\/","og_locale":"de_DE","og_type":"article","og_title":"Historische Filme und Dokumentationen. | Ewiger Bund.","og_description":"Historische Filme wie Kolberg, Der gro\u00dfe K\u00f6nig, Der Alte und der junge K\u00f6nig, Bismarck - Die Gr\u00fcndung des deutschen Reichs und viele mehr.","og_url":"https:\/\/www.ewigerbund.org\/film\/filmothek\/filme\/","og_site_name":"Mediathek.","article_modified_time":"2025-03-06T20:05:06+00:00","og_image":[{"width":1748,"height":994,"url":"https:\/\/www.ewigerbund.org\/film\/wp-content\/uploads\/sites\/38\/2023\/01\/EB-Mediathek-Kino.jpg","type":"image\/jpeg"}],"twitter_card":"summary_large_image","twitter_misc":{"Gesch\u00e4tzte Lesezeit":"7\u00a0Minuten"},"schema":{"@context":"https:\/\/schema.org","@graph":[{"@type":"WebPage","@id":"https:\/\/www.ewigerbund.org\/film\/filmothek\/filme\/","url":"https:\/\/www.ewigerbund.org\/film\/filmothek\/filme\/","name":"Historische Filme und Dokumentationen. | Ewiger Bund.","isPartOf":{"@id":"https:\/\/www.ewigerbund.org\/film\/#website"},"primaryImageOfPage":{"@id":"https:\/\/www.ewigerbund.org\/film\/filmothek\/filme\/#primaryimage"},"image":{"@id":"https:\/\/www.ewigerbund.org\/film\/filmothek\/filme\/#primaryimage"},"thumbnailUrl":"https:\/\/www.ewigerbund.org\/film\/wp-content\/uploads\/sites\/38\/2023\/01\/EB-Mediathek-Kino.jpg","datePublished":"2021-09-25T10:18:31+00:00","dateModified":"2025-03-06T20:05:06+00:00","description":"Historische Filme wie Kolberg, Der gro\u00dfe K\u00f6nig, Der Alte und der junge K\u00f6nig, Bismarck - Die Gr\u00fcndung des deutschen Reichs und viele mehr.","breadcrumb":{"@id":"https:\/\/www.ewigerbund.org\/film\/filmothek\/filme\/#breadcrumb"},"inLanguage":"de","potentialAction":[{"@type":"ReadAction","target":["https:\/\/www.ewigerbund.org\/film\/filmothek\/filme\/"]}]},{"@type":"ImageObject","inLanguage":"de","@id":"https:\/\/www.ewigerbund.org\/film\/filmothek\/filme\/#primaryimage","url":"https:\/\/www.ewigerbund.org\/film\/wp-content\/uploads\/sites\/38\/2023\/01\/EB-Mediathek-Kino.jpg","contentUrl":"https:\/\/www.ewigerbund.org\/film\/wp-content\/uploads\/sites\/38\/2023\/01\/EB-Mediathek-Kino.jpg","width":1748,"height":994},{"@type":"BreadcrumbList","@id":"https:\/\/www.ewigerbund.org\/film\/filmothek\/filme\/#breadcrumb","itemListElement":[{"@type":"ListItem","position":1,"name":"Startseite","item":"https:\/\/www.ewigerbund.org\/film\/"},{"@type":"ListItem","position":2,"name":"Filmothek.","item":"https:\/\/www.ewigerbund.org\/film\/filmothek\/"},{"@type":"ListItem","position":3,"name":"Historische Filme und Dokumentationen."}]},{"@type":"WebSite","@id":"https:\/\/www.ewigerbund.org\/film\/#website","url":"https:\/\/www.ewigerbund.org\/film\/","name":"Mediathek.","description":"Verfassungsb\u00fcndnis der deutschen Einzelstaaten.","publisher":{"@id":"https:\/\/www.ewigerbund.org\/film\/#organization"},"potentialAction":[{"@type":"SearchAction","target":{"@type":"EntryPoint","urlTemplate":"https:\/\/www.ewigerbund.org\/film\/?s={search_term_string}"},"query-input":"required name=search_term_string"}],"inLanguage":"de"},{"@type":"Organization","@id":"https:\/\/www.ewigerbund.org\/film\/#organization","name":"Mediathek.","url":"https:\/\/www.ewigerbund.org\/film\/","logo":{"@type":"ImageObject","inLanguage":"de","@id":"https:\/\/www.ewigerbund.org\/film\/#\/schema\/logo\/image\/","url":"https:\/\/www.ewigerbund.org\/film\/wp-content\/uploads\/sites\/38\/2022\/11\/2022-09-20-Logo-EB_Schutzzone_V4_Transparent.png","contentUrl":"https:\/\/www.ewigerbund.org\/film\/wp-content\/uploads\/sites\/38\/2022\/11\/2022-09-20-Logo-EB_Schutzzone_V4_Transparent.png","width":2000,"height":1982,"caption":"Mediathek."},"image":{"@id":"https:\/\/www.ewigerbund.org\/film\/#\/schema\/logo\/image\/"}}]}},"_links":{"self":[{"href":"https:\/\/www.ewigerbund.org\/film\/wp-json\/wp\/v2\/pages\/803","targetHints":{"allow":["GET"]}}],"collection":[{"href":"https:\/\/www.ewigerbund.org\/film\/wp-json\/wp\/v2\/pages"}],"about":[{"href":"https:\/\/www.ewigerbund.org\/film\/wp-json\/wp\/v2\/types\/page"}],"author":[{"embeddable":true,"href":"https:\/\/www.ewigerbund.org\/film\/wp-json\/wp\/v2\/users\/16"}],"replies":[{"embeddable":true,"href":"https:\/\/www.ewigerbund.org\/film\/wp-json\/wp\/v2\/comments?post=803"}],"version-history":[{"count":84,"href":"https:\/\/www.ewigerbund.org\/film\/wp-json\/wp\/v2\/pages\/803\/revisions"}],"predecessor-version":[{"id":3387,"href":"https:\/\/www.ewigerbund.org\/film\/wp-json\/wp\/v2\/pages\/803\/revisions\/3387"}],"up":[{"embeddable":true,"href":"https:\/\/www.ewigerbund.org\/film\/wp-json\/wp\/v2\/pages\/1864"}],"wp:featuredmedia":[{"embeddable":true,"href":"https:\/\/www.ewigerbund.org\/film\/wp-json\/wp\/v2\/media\/2023"}],"wp:attachment":[{"href":"https:\/\/www.ewigerbund.org\/film\/wp-json\/wp\/v2\/media?parent=803"}],"wp:term":[{"taxonomy":"category","embeddable":true,"href":"https:\/\/www.ewigerbund.org\/film\/wp-json\/wp\/v2\/categories?post=803"},{"taxonomy":"post_tag","embeddable":true,"href":"https:\/\/www.ewigerbund.org\/film\/wp-json\/wp\/v2\/tags?post=803"}],"curies":[{"name":"wp","href":"https:\/\/api.w.org\/{rel}","templated":true}]}}