{"id":8,"date":"2020-11-21T11:35:27","date_gmt":"2020-11-21T10:35:27","guid":{"rendered":"https:\/\/wissen.ewigerbund.org\/?page_id=6"},"modified":"2025-08-20T12:16:19","modified_gmt":"2025-08-20T10:16:19","slug":"film","status":"publish","type":"page","link":"https:\/\/www.ewigerbund.org\/film\/","title":{"rendered":"Mediathek."},"content":{"rendered":"\n<h2 class=\"wp-block-heading\">Genie\u00dfe Unterhaltung und Bildung auf vielf\u00e4ltige Weise.<\/h2>\n\n\n\n<div class=\"wp-block-columns is-layout-flex wp-container-core-columns-is-layout-1 wp-block-columns-is-layout-flex\">\n<div class=\"wp-block-column cat-box-border is-layout-flow wp-block-column-is-layout-flow\">\n<figure class=\"wp-block-image size-full\"><a href=\"https:\/\/www.ewigerbund.org\/film\/filmothek\/\"><img loading=\"lazy\" decoding=\"async\" width=\"750\" height=\"350\" src=\"https:\/\/www.ewigerbund.org\/film\/wp-content\/uploads\/sites\/38\/2023\/09\/kat-Filmothek_v.jpg\" alt=\"Filmzeit beim ewigen Bund\" class=\"wp-image-2955\" srcset=\"https:\/\/www.ewigerbund.org\/film\/wp-content\/uploads\/sites\/38\/2023\/09\/kat-Filmothek_v.jpg 750w, https:\/\/www.ewigerbund.org\/film\/wp-content\/uploads\/sites\/38\/2023\/09\/kat-Filmothek_v-300x140.jpg 300w\" sizes=\"auto, (max-width: 750px) 100vw, 750px\" \/><\/a><\/figure>\n\n\n\n<p class=\"has-text-color has-small-font-size\" style=\"color:#e42313\"><strong>Filmothek.<\/strong><\/p>\n\n\n\n<h3 class=\"gb-headline gb-headline-b8a6beaa gb-headline-text\">Die deutsche Wahrheit wunderbar in bewegten Bildern, vertont und f\u00fcr Dich erz\u00e4hlt. <\/h3>\n\n\n\n<p class=\"has-text-align-left has-cyan-bluish-gray-color has-text-color\"><a href=\"https:\/\/www.ewigerbund.org\/film\/filmothek\/\">Schau einfach rein. \u2192<\/a><\/p>\n<\/div>\n\n\n\n<div class=\"wp-block-column cat-box-border is-layout-flow wp-block-column-is-layout-flow\">\n<figure class=\"wp-block-image size-full\"><a href=\"https:\/\/podcast.ewigerbund.org\/\"><img loading=\"lazy\" decoding=\"async\" width=\"750\" height=\"350\" src=\"https:\/\/www.ewigerbund.org\/film\/wp-content\/uploads\/sites\/38\/2023\/09\/EB-Audiothek_v-1.jpg\" alt=\"Audiothek beim Ewigen Bund Podcasts\" class=\"wp-image-2950\" srcset=\"https:\/\/www.ewigerbund.org\/film\/wp-content\/uploads\/sites\/38\/2023\/09\/EB-Audiothek_v-1.jpg 750w, https:\/\/www.ewigerbund.org\/film\/wp-content\/uploads\/sites\/38\/2023\/09\/EB-Audiothek_v-1-300x140.jpg 300w\" sizes=\"auto, (max-width: 750px) 100vw, 750px\" \/><\/a><\/figure>\n\n\n\n<p class=\"has-text-color has-small-font-size\" style=\"color:#e42313\"><strong>Audiothek.<\/strong><\/p>\n\n\n\n<h3 class=\"gb-headline gb-headline-e88a376f gb-headline-text\">Podcasts und vorgelesene Literatur aus der deutschen Geschichte bis in die Gegenwart.<\/h3>\n\n\n\n<p class=\"has-text-align-left has-cyan-bluish-gray-color has-text-color\"><a href=\"http:\/\/podcast.ewigerbund.org\/\">H\u00f6re einfach zu. \u2192<\/a><\/p>\n<\/div>\n\n\n\n<div class=\"wp-block-column cat-box-border is-layout-flow wp-block-column-is-layout-flow\">\n<figure class=\"wp-block-image size-full\"><a href=\"https:\/\/www.ewigerbund.org\/eb\/material\/\"><img loading=\"lazy\" decoding=\"async\" width=\"750\" height=\"350\" src=\"https:\/\/www.ewigerbund.org\/film\/wp-content\/uploads\/sites\/38\/2023\/09\/EB-EwigerBund-Drucksachen_v.jpg\" alt=\"Ewiger Bund Werbemittel\" class=\"wp-image-2954\" srcset=\"https:\/\/www.ewigerbund.org\/film\/wp-content\/uploads\/sites\/38\/2023\/09\/EB-EwigerBund-Drucksachen_v.jpg 750w, https:\/\/www.ewigerbund.org\/film\/wp-content\/uploads\/sites\/38\/2023\/09\/EB-EwigerBund-Drucksachen_v-300x140.jpg 300w\" sizes=\"auto, (max-width: 750px) 100vw, 750px\" \/><\/a><\/figure>\n\n\n\n<p class=\"has-text-color has-small-font-size\" style=\"color:#e42313\"><strong>Infomaterial.<\/strong><\/p>\n\n\n\n<h3 class=\"gb-headline gb-headline-80df411e gb-headline-text\">Nutze unser Material, um Nachbarn, Freunde oder Deine Familie zu informieren.<\/h3>\n\n\n\n<p class=\"has-text-align-left has-cyan-bluish-gray-color has-text-color\"><a href=\"https:\/\/www.ewigerbund.org\/eb\/material\/\">Mach einfach mit. \u2192<\/a><\/p>\n<\/div>\n<\/div>\n\n\n\n<div class=\"wp-block-columns is-layout-flex wp-container-core-columns-is-layout-2 wp-block-columns-is-layout-flex\">\n<div class=\"wp-block-column is-vertically-aligned-top is-layout-flow wp-block-column-is-layout-flow\" style=\"flex-basis:60%\">\n<h2 class=\"wp-block-heading\">Wir schauen zur\u00fcck in die Zukunft.<\/h2>\n\n\n\n<p>Wie erlangen die Deutschen ihre Souver\u00e4nit\u00e4t und Freiheit zur\u00fcck? In unserem Video- und Materialarchiv bieten wir Dir das komplette Wissen vom ewigen Bund an. Unsere Mediathek enth\u00e4lt eine gro\u00dfe Sammlung an Filmen, Vortr\u00e4gen, H\u00f6rspielen, Podcasts und die direkten Verweise zu Druckmaterial oder unserer Digitalen Staatsbibliothek. <\/p>\n\n\n\n<p class=\"has-vivid-red-color has-text-color\"><strong>Die Deutschen kommen zu sich. <\/strong><br><strong><em>Komm einfach mit!<\/em><\/strong><\/p>\n<\/div>\n\n\n\n<div class=\"wp-block-column is-vertically-aligned-top cat-box-border-stabi is-layout-flow wp-block-column-is-layout-flow\" style=\"flex-basis:40%\">\n<figure class=\"wp-block-image size-full\"><a href=\"https:\/\/staatsbibliothek.ewigerbund.org\" target=\"_blank\" rel=\"noreferrer noopener\"><img loading=\"lazy\" decoding=\"async\" width=\"750\" height=\"350\" src=\"https:\/\/www.ewigerbund.org\/film\/wp-content\/uploads\/sites\/38\/2023\/09\/EB-Mediathek-Stabi_v.jpg\" alt=\"Digitale Staatsbibliothek des ewigen Bundes.\" class=\"wp-image-2956\" srcset=\"https:\/\/www.ewigerbund.org\/film\/wp-content\/uploads\/sites\/38\/2023\/09\/EB-Mediathek-Stabi_v.jpg 750w, https:\/\/www.ewigerbund.org\/film\/wp-content\/uploads\/sites\/38\/2023\/09\/EB-Mediathek-Stabi_v-300x140.jpg 300w\" sizes=\"auto, (max-width: 750px) 100vw, 750px\" \/><\/a><\/figure>\n\n\n\n<p class=\"has-text-align-center has-white-color has-text-color has-small-font-size\"><strong>Bibliothek.<\/strong><\/p>\n\n\n\n<h3 class=\"gb-headline gb-headline-0d4baf0f gb-headline-text\">Wichtige Literatur findest Du <br>in der Digitalen Staatsbibliothek.<\/h3>\n\n\n\n<a class=\"gb-button gb-button-486756a7 gb-button-text\" href=\"https:\/\/staatsbibliothek.ewigerbund.org\" target=\"_blank\" rel=\"noopener noreferrer\">Zur Staatsbibliothek.<\/a>\n<\/div>\n<\/div>\n\n\n\n<div style=\"height:100px\" aria-hidden=\"true\" class=\"wp-block-spacer\"><\/div>\n","protected":false},"excerpt":{"rendered":"<p>Genie\u00dfe Unterhaltung und Bildung auf vielf\u00e4ltige Weise. Filmothek. Die deutsche Wahrheit wunderbar in bewegten Bildern, vertont und f\u00fcr Dich erz\u00e4hlt. Schau einfach rein. \u2192 Audiothek. Podcasts und vorgelesene Literatur aus der deutschen Geschichte bis in die Gegenwart. H\u00f6re einfach zu. \u2192 Infomaterial. Nutze unser Material, um Nachbarn, Freunde oder Deine Familie zu informieren. Mach einfach &#8230; <a title=\"Mediathek.\" class=\"read-more\" href=\"https:\/\/www.ewigerbund.org\/film\/\" aria-label=\"Mehr zu Mediathek.\">Weiterlesen &#8230;<\/a><\/p>\n","protected":false},"author":8,"featured_media":2131,"parent":0,"menu_order":0,"comment_status":"closed","ping_status":"closed","template":"","meta":{"footnotes":""},"categories":[1],"tags":[46],"class_list":["post-8","page","type-page","status-publish","has-post-thumbnail","hentry","category-allgemein","tag-mediathek-vom-ewigen-bund"],"yoast_head":"<!-- This site is optimized with the Yoast SEO plugin v23.1 - https:\/\/yoast.com\/wordpress\/plugins\/seo\/ -->\n<title>Mediathek vom ewigen Bund.<\/title>\n<meta name=\"description\" content=\"Der ewige Bund stellt in der Mediathek Filme, Podcasts u.v.m. zur wahren Geschichte der Deutschen frei zur Verf\u00fcgung.\" \/>\n<meta name=\"robots\" content=\"index, follow, max-snippet:-1, max-image-preview:large, max-video-preview:-1\" \/>\n<link rel=\"canonical\" href=\"https:\/\/www.ewigerbund.org\/film\/\" \/>\n<meta property=\"og:locale\" content=\"de_DE\" \/>\n<meta property=\"og:type\" content=\"article\" \/>\n<meta property=\"og:title\" content=\"Mediathek vom ewigen Bund.\" \/>\n<meta property=\"og:description\" content=\"Der ewige Bund stellt in der Mediathek Filme, Podcasts u.v.m. zur wahren Geschichte der Deutschen frei zur Verf\u00fcgung.\" \/>\n<meta property=\"og:url\" content=\"https:\/\/www.ewigerbund.org\/film\/\" \/>\n<meta property=\"og:site_name\" content=\"Mediathek.\" \/>\n<meta property=\"article:modified_time\" content=\"2025-08-20T10:16:19+00:00\" \/>\n<meta property=\"og:image\" content=\"https:\/\/www.ewigerbund.org\/film\/wp-content\/uploads\/sites\/38\/2023\/01\/EB-Mediathek.jpg\" \/>\n\t<meta property=\"og:image:width\" content=\"1748\" \/>\n\t<meta property=\"og:image:height\" content=\"994\" \/>\n\t<meta property=\"og:image:type\" content=\"image\/jpeg\" \/>\n<meta name=\"twitter:card\" content=\"summary_large_image\" \/>\n<meta name=\"twitter:label1\" content=\"Gesch\u00e4tzte Lesezeit\" \/>\n\t<meta name=\"twitter:data1\" content=\"2\u00a0Minuten\" \/>\n<script type=\"application\/ld+json\" class=\"yoast-schema-graph\">{\"@context\":\"https:\/\/schema.org\",\"@graph\":[{\"@type\":\"WebPage\",\"@id\":\"https:\/\/www.ewigerbund.org\/film\/\",\"url\":\"https:\/\/www.ewigerbund.org\/film\/\",\"name\":\"Mediathek vom ewigen Bund.\",\"isPartOf\":{\"@id\":\"https:\/\/www.ewigerbund.org\/film\/#website\"},\"primaryImageOfPage\":{\"@id\":\"https:\/\/www.ewigerbund.org\/film\/#primaryimage\"},\"image\":{\"@id\":\"https:\/\/www.ewigerbund.org\/film\/#primaryimage\"},\"thumbnailUrl\":\"https:\/\/www.ewigerbund.org\/film\/wp-content\/uploads\/sites\/38\/2023\/01\/EB-Mediathek.jpg\",\"datePublished\":\"2020-11-21T10:35:27+00:00\",\"dateModified\":\"2025-08-20T10:16:19+00:00\",\"description\":\"Der ewige Bund stellt in der Mediathek Filme, Podcasts u.v.m. zur wahren Geschichte der Deutschen frei zur Verf\u00fcgung.\",\"breadcrumb\":{\"@id\":\"https:\/\/www.ewigerbund.org\/film\/#breadcrumb\"},\"inLanguage\":\"de\",\"potentialAction\":[{\"@type\":\"ReadAction\",\"target\":[\"https:\/\/www.ewigerbund.org\/film\/\"]}]},{\"@type\":\"ImageObject\",\"inLanguage\":\"de\",\"@id\":\"https:\/\/www.ewigerbund.org\/film\/#primaryimage\",\"url\":\"https:\/\/www.ewigerbund.org\/film\/wp-content\/uploads\/sites\/38\/2023\/01\/EB-Mediathek.jpg\",\"contentUrl\":\"https:\/\/www.ewigerbund.org\/film\/wp-content\/uploads\/sites\/38\/2023\/01\/EB-Mediathek.jpg\",\"width\":1748,\"height\":994},{\"@type\":\"BreadcrumbList\",\"@id\":\"https:\/\/www.ewigerbund.org\/film\/#breadcrumb\",\"itemListElement\":[{\"@type\":\"ListItem\",\"position\":1,\"name\":\"Startseite\",\"item\":\"https:\/\/www.ewigerbund.org\/film\/\"},{\"@type\":\"ListItem\",\"position\":2,\"name\":\"Mediathek.\"}]},{\"@type\":\"WebSite\",\"@id\":\"https:\/\/www.ewigerbund.org\/film\/#website\",\"url\":\"https:\/\/www.ewigerbund.org\/film\/\",\"name\":\"Mediathek.\",\"description\":\"Verfassungsb\u00fcndnis der deutschen Einzelstaaten.\",\"publisher\":{\"@id\":\"https:\/\/www.ewigerbund.org\/film\/#organization\"},\"potentialAction\":[{\"@type\":\"SearchAction\",\"target\":{\"@type\":\"EntryPoint\",\"urlTemplate\":\"https:\/\/www.ewigerbund.org\/film\/?s={search_term_string}\"},\"query-input\":\"required name=search_term_string\"}],\"inLanguage\":\"de\"},{\"@type\":\"Organization\",\"@id\":\"https:\/\/www.ewigerbund.org\/film\/#organization\",\"name\":\"Mediathek.\",\"url\":\"https:\/\/www.ewigerbund.org\/film\/\",\"logo\":{\"@type\":\"ImageObject\",\"inLanguage\":\"de\",\"@id\":\"https:\/\/www.ewigerbund.org\/film\/#\/schema\/logo\/image\/\",\"url\":\"https:\/\/www.ewigerbund.org\/film\/wp-content\/uploads\/sites\/38\/2022\/11\/2022-09-20-Logo-EB_Schutzzone_V4_Transparent.png\",\"contentUrl\":\"https:\/\/www.ewigerbund.org\/film\/wp-content\/uploads\/sites\/38\/2022\/11\/2022-09-20-Logo-EB_Schutzzone_V4_Transparent.png\",\"width\":2000,\"height\":1982,\"caption\":\"Mediathek.\"},\"image\":{\"@id\":\"https:\/\/www.ewigerbund.org\/film\/#\/schema\/logo\/image\/\"}}]}<\/script>\n<!-- \/ Yoast SEO plugin. -->","yoast_head_json":{"title":"Mediathek vom ewigen Bund.","description":"Der ewige Bund stellt in der Mediathek Filme, Podcasts u.v.m. zur wahren Geschichte der Deutschen frei zur Verf\u00fcgung.","robots":{"index":"index","follow":"follow","max-snippet":"max-snippet:-1","max-image-preview":"max-image-preview:large","max-video-preview":"max-video-preview:-1"},"canonical":"https:\/\/www.ewigerbund.org\/film\/","og_locale":"de_DE","og_type":"article","og_title":"Mediathek vom ewigen Bund.","og_description":"Der ewige Bund stellt in der Mediathek Filme, Podcasts u.v.m. zur wahren Geschichte der Deutschen frei zur Verf\u00fcgung.","og_url":"https:\/\/www.ewigerbund.org\/film\/","og_site_name":"Mediathek.","article_modified_time":"2025-08-20T10:16:19+00:00","og_image":[{"width":1748,"height":994,"url":"https:\/\/www.ewigerbund.org\/film\/wp-content\/uploads\/sites\/38\/2023\/01\/EB-Mediathek.jpg","type":"image\/jpeg"}],"twitter_card":"summary_large_image","twitter_misc":{"Gesch\u00e4tzte Lesezeit":"2\u00a0Minuten"},"schema":{"@context":"https:\/\/schema.org","@graph":[{"@type":"WebPage","@id":"https:\/\/www.ewigerbund.org\/film\/","url":"https:\/\/www.ewigerbund.org\/film\/","name":"Mediathek vom ewigen Bund.","isPartOf":{"@id":"https:\/\/www.ewigerbund.org\/film\/#website"},"primaryImageOfPage":{"@id":"https:\/\/www.ewigerbund.org\/film\/#primaryimage"},"image":{"@id":"https:\/\/www.ewigerbund.org\/film\/#primaryimage"},"thumbnailUrl":"https:\/\/www.ewigerbund.org\/film\/wp-content\/uploads\/sites\/38\/2023\/01\/EB-Mediathek.jpg","datePublished":"2020-11-21T10:35:27+00:00","dateModified":"2025-08-20T10:16:19+00:00","description":"Der ewige Bund stellt in der Mediathek Filme, Podcasts u.v.m. zur wahren Geschichte der Deutschen frei zur Verf\u00fcgung.","breadcrumb":{"@id":"https:\/\/www.ewigerbund.org\/film\/#breadcrumb"},"inLanguage":"de","potentialAction":[{"@type":"ReadAction","target":["https:\/\/www.ewigerbund.org\/film\/"]}]},{"@type":"ImageObject","inLanguage":"de","@id":"https:\/\/www.ewigerbund.org\/film\/#primaryimage","url":"https:\/\/www.ewigerbund.org\/film\/wp-content\/uploads\/sites\/38\/2023\/01\/EB-Mediathek.jpg","contentUrl":"https:\/\/www.ewigerbund.org\/film\/wp-content\/uploads\/sites\/38\/2023\/01\/EB-Mediathek.jpg","width":1748,"height":994},{"@type":"BreadcrumbList","@id":"https:\/\/www.ewigerbund.org\/film\/#breadcrumb","itemListElement":[{"@type":"ListItem","position":1,"name":"Startseite","item":"https:\/\/www.ewigerbund.org\/film\/"},{"@type":"ListItem","position":2,"name":"Mediathek."}]},{"@type":"WebSite","@id":"https:\/\/www.ewigerbund.org\/film\/#website","url":"https:\/\/www.ewigerbund.org\/film\/","name":"Mediathek.","description":"Verfassungsb\u00fcndnis der deutschen Einzelstaaten.","publisher":{"@id":"https:\/\/www.ewigerbund.org\/film\/#organization"},"potentialAction":[{"@type":"SearchAction","target":{"@type":"EntryPoint","urlTemplate":"https:\/\/www.ewigerbund.org\/film\/?s={search_term_string}"},"query-input":"required name=search_term_string"}],"inLanguage":"de"},{"@type":"Organization","@id":"https:\/\/www.ewigerbund.org\/film\/#organization","name":"Mediathek.","url":"https:\/\/www.ewigerbund.org\/film\/","logo":{"@type":"ImageObject","inLanguage":"de","@id":"https:\/\/www.ewigerbund.org\/film\/#\/schema\/logo\/image\/","url":"https:\/\/www.ewigerbund.org\/film\/wp-content\/uploads\/sites\/38\/2022\/11\/2022-09-20-Logo-EB_Schutzzone_V4_Transparent.png","contentUrl":"https:\/\/www.ewigerbund.org\/film\/wp-content\/uploads\/sites\/38\/2022\/11\/2022-09-20-Logo-EB_Schutzzone_V4_Transparent.png","width":2000,"height":1982,"caption":"Mediathek."},"image":{"@id":"https:\/\/www.ewigerbund.org\/film\/#\/schema\/logo\/image\/"}}]}},"_links":{"self":[{"href":"https:\/\/www.ewigerbund.org\/film\/wp-json\/wp\/v2\/pages\/8","targetHints":{"allow":["GET"]}}],"collection":[{"href":"https:\/\/www.ewigerbund.org\/film\/wp-json\/wp\/v2\/pages"}],"about":[{"href":"https:\/\/www.ewigerbund.org\/film\/wp-json\/wp\/v2\/types\/page"}],"author":[{"embeddable":true,"href":"https:\/\/www.ewigerbund.org\/film\/wp-json\/wp\/v2\/users\/8"}],"replies":[{"embeddable":true,"href":"https:\/\/www.ewigerbund.org\/film\/wp-json\/wp\/v2\/comments?post=8"}],"version-history":[{"count":224,"href":"https:\/\/www.ewigerbund.org\/film\/wp-json\/wp\/v2\/pages\/8\/revisions"}],"predecessor-version":[{"id":3431,"href":"https:\/\/www.ewigerbund.org\/film\/wp-json\/wp\/v2\/pages\/8\/revisions\/3431"}],"wp:featuredmedia":[{"embeddable":true,"href":"https:\/\/www.ewigerbund.org\/film\/wp-json\/wp\/v2\/media\/2131"}],"wp:attachment":[{"href":"https:\/\/www.ewigerbund.org\/film\/wp-json\/wp\/v2\/media?parent=8"}],"wp:term":[{"taxonomy":"category","embeddable":true,"href":"https:\/\/www.ewigerbund.org\/film\/wp-json\/wp\/v2\/categories?post=8"},{"taxonomy":"post_tag","embeddable":true,"href":"https:\/\/www.ewigerbund.org\/film\/wp-json\/wp\/v2\/tags?post=8"}],"curies":[{"name":"wp","href":"https:\/\/api.w.org\/{rel}","templated":true}]}}