{"id":3196,"date":"2024-09-10T15:27:41","date_gmt":"2024-09-10T13:27:41","guid":{"rendered":"https:\/\/www.ewigerbund.org\/film\/?page_id=3196"},"modified":"2025-03-28T08:32:37","modified_gmt":"2025-03-28T07:32:37","slug":"reportagen-und-dokumentationen","status":"publish","type":"page","link":"https:\/\/www.ewigerbund.org\/film\/filmothek\/reportagen-und-dokumentationen\/","title":{"rendered":"Reportagen und Dokumentationen."},"content":{"rendered":"\n<div class=\"wp-block-my-custom-block-2-cat-box-2 is-layout-flex wp-container-3 wp-block-columns cat-box-border\"><div class=\"is-layout-flow wp-block-column\"><figure class=\"wp-block-image size-large\"><img decoding=\"async\" src=\"https:\/\/www.ewigerbund.org\/film\/wp-content\/uploads\/sites\/38\/2025\/01\/EB-staatsumsturz1.jpg\" alt=\"Staatsumsturz. Der Film.\"\/><\/figure><\/div><div class=\"is-layout-flow wp-block-column\"><p class=\"has-contrast-3-color has-text-color has-small-font-size\">17. Januar 2025<\/p><p class=\"has-accent-color has-text-color has-medium-font-size\">Was wirklich 1918 geschah!<\/p><h2>Staatsumsturz. <\/h2><p><\/p><p><a href=\"https:\/\/www.ewigerbund.org\/film\/staatsumsturz-der-film\/\">Film jetzt ansehen.<\/a><\/p><\/div><\/div>\n\n\n\n<h2 class=\"wp-block-heading\">Zeitzeugen.<\/h2>\n\n\n\n<p>Zeitzeugen ist eine Filmreihe, die die Erinnerungen und Erz\u00e4hlungen an die Kaiserzeit in den Mittelpunkt stellt. In pers\u00f6nlichen Gespr\u00e4chen berichten Deutsche von ihren Kindheitserlebnissen und den Geschichten, die ihnen von ihren Gro\u00dfeltern \u00fcberliefert wurden. Diese Gro\u00dfeltern haben das Kaiserreich selbst erlebt und pr\u00e4gten ihre Nachkommen mit den Werten und Erfahrungen dieser Zeit.<\/p>\n\n\n\n<p>La\u00df dich von diesen authentischen Berichten in die Welt der Kaiserzeit entf\u00fchren und f\u00fcr unsere Zukunft inspirieren.<\/p>\n\n\n<ul class=\"wp-block-latest-posts__list is-grid columns-2 wp-block-latest-posts\"><li><div class=\"wp-block-latest-posts__featured-image aligncenter\"><a href=\"https:\/\/www.ewigerbund.org\/film\/zeitzeugin-christina-teil-2\/\" aria-label=\"Zeitzeugin Christina Teil 2.\"><img loading=\"lazy\" decoding=\"async\" width=\"1024\" height=\"582\" src=\"https:\/\/www.ewigerbund.org\/film\/wp-content\/uploads\/sites\/38\/2025\/01\/2025-01-13-zeitzeugen-christina-teil2-1024x582.jpg\" class=\"attachment-large size-large wp-post-image\" alt=\"Christina Teil 2 - Die goldene Zeit zu Kaiser Wilhelm II.\" style=\"\" srcset=\"https:\/\/www.ewigerbund.org\/film\/wp-content\/uploads\/sites\/38\/2025\/01\/2025-01-13-zeitzeugen-christina-teil2-1024x582.jpg 1024w, https:\/\/www.ewigerbund.org\/film\/wp-content\/uploads\/sites\/38\/2025\/01\/2025-01-13-zeitzeugen-christina-teil2-300x171.jpg 300w, https:\/\/www.ewigerbund.org\/film\/wp-content\/uploads\/sites\/38\/2025\/01\/2025-01-13-zeitzeugen-christina-teil2-768x437.jpg 768w, https:\/\/www.ewigerbund.org\/film\/wp-content\/uploads\/sites\/38\/2025\/01\/2025-01-13-zeitzeugen-christina-teil2-1536x873.jpg 1536w, https:\/\/www.ewigerbund.org\/film\/wp-content\/uploads\/sites\/38\/2025\/01\/2025-01-13-zeitzeugen-christina-teil2.jpg 1748w\" sizes=\"auto, (max-width: 1024px) 100vw, 1024px\" \/><\/a><\/div><a class=\"wp-block-latest-posts__post-title\" href=\"https:\/\/www.ewigerbund.org\/film\/zeitzeugin-christina-teil-2\/\">Zeitzeugin Christina Teil 2.<\/a><div class=\"wp-block-latest-posts__post-excerpt\">Der ewige Bund war wieder zu Gast bei der Studiendirektorin Christina, in der preu\u00dfischen Provinz Westfalen. Durch ihre, dem Preu\u00dfentum sehr zugetane Familie, war es ihr m\u00f6glich aus erster Hand zu erfahren wie es damals im Deutschen Reich wirklich war. <\/div><\/li>\n<li><div class=\"wp-block-latest-posts__featured-image aligncenter\"><a href=\"https:\/\/www.ewigerbund.org\/film\/ein-hoch-auf-den-preussischen-koenig\/\" aria-label=\"Zeitzeugin Christina Teil 1.\"><img loading=\"lazy\" decoding=\"async\" width=\"1024\" height=\"582\" src=\"https:\/\/www.ewigerbund.org\/film\/wp-content\/uploads\/sites\/38\/2025\/01\/2024-08-23-zeitzeugen-christina-teil1-1024x582.jpg\" class=\"attachment-large size-large wp-post-image\" alt=\"Christina Teil 1 - Ein Hoch auf den preu\u00dfischen K\u00f6nig.\" style=\"\" srcset=\"https:\/\/www.ewigerbund.org\/film\/wp-content\/uploads\/sites\/38\/2025\/01\/2024-08-23-zeitzeugen-christina-teil1-1024x582.jpg 1024w, https:\/\/www.ewigerbund.org\/film\/wp-content\/uploads\/sites\/38\/2025\/01\/2024-08-23-zeitzeugen-christina-teil1-300x171.jpg 300w, https:\/\/www.ewigerbund.org\/film\/wp-content\/uploads\/sites\/38\/2025\/01\/2024-08-23-zeitzeugen-christina-teil1-768x437.jpg 768w, https:\/\/www.ewigerbund.org\/film\/wp-content\/uploads\/sites\/38\/2025\/01\/2024-08-23-zeitzeugen-christina-teil1-1536x873.jpg 1536w, https:\/\/www.ewigerbund.org\/film\/wp-content\/uploads\/sites\/38\/2025\/01\/2024-08-23-zeitzeugen-christina-teil1.jpg 1748w\" sizes=\"auto, (max-width: 1024px) 100vw, 1024px\" \/><\/a><\/div><a class=\"wp-block-latest-posts__post-title\" href=\"https:\/\/www.ewigerbund.org\/film\/ein-hoch-auf-den-preussischen-koenig\/\">Zeitzeugin Christina Teil 1.<\/a><div class=\"wp-block-latest-posts__post-excerpt\">Erlebe eine kleine Zeitreise in die Vergangenheit und wie es damals wirklich war, als man, entgegen der aktuell vorherrschenden Meinung, dem K\u00f6nig von Preu\u00dfen liebte und verehrte.<\/div><\/li>\n<\/ul>\n\n\n<h2 class=\"wp-block-heading\">Dokumentar- und Reportagefilme.<\/h2>\n\n\n\n<p>Wir pr\u00e4sentieren eine sorgf\u00e4ltige Auswahl an Dokumentar- und Reportagefilmen, die historische Ereignisse und bedeutende Entwicklungen beleuchten. Diese Filme bieten wertvolle Einblicke und vermitteln zus\u00e4tzliches Wissen auf spannende und anschauliche Weise. Ob politische Umbr\u00fcche, gesellschaftliche Ver\u00e4nderungen oder historische Pers\u00f6nlichkeiten \u2013 hier wird Geschichte lebendig.<\/p>\n\n\n<ul class=\"wp-block-latest-posts__list is-grid columns-2 wp-block-latest-posts\"><li><div class=\"wp-block-latest-posts__featured-image aligncenter\"><a href=\"https:\/\/www.ewigerbund.org\/film\/staatsumsturz-der-film\/\" aria-label=\"Staatsumsturz. Der Film.\"><img loading=\"lazy\" decoding=\"async\" width=\"1024\" height=\"582\" src=\"https:\/\/www.ewigerbund.org\/film\/wp-content\/uploads\/sites\/38\/2025\/01\/EB-staatsumsturz1-1024x582.jpg\" class=\"attachment-large size-large wp-post-image\" alt=\"Staatsumsturz. Der Film.\" style=\"\" srcset=\"https:\/\/www.ewigerbund.org\/film\/wp-content\/uploads\/sites\/38\/2025\/01\/EB-staatsumsturz1-1024x582.jpg 1024w, https:\/\/www.ewigerbund.org\/film\/wp-content\/uploads\/sites\/38\/2025\/01\/EB-staatsumsturz1-300x171.jpg 300w, https:\/\/www.ewigerbund.org\/film\/wp-content\/uploads\/sites\/38\/2025\/01\/EB-staatsumsturz1-768x437.jpg 768w, https:\/\/www.ewigerbund.org\/film\/wp-content\/uploads\/sites\/38\/2025\/01\/EB-staatsumsturz1-1536x873.jpg 1536w, https:\/\/www.ewigerbund.org\/film\/wp-content\/uploads\/sites\/38\/2025\/01\/EB-staatsumsturz1.jpg 1748w\" sizes=\"auto, (max-width: 1024px) 100vw, 1024px\" \/><\/a><\/div><a class=\"wp-block-latest-posts__post-title\" href=\"https:\/\/www.ewigerbund.org\/film\/staatsumsturz-der-film\/\">Staatsumsturz. Der Film.<\/a><div class=\"wp-block-latest-posts__post-excerpt\">Weckruf an die Deutschen! Eine belegte Dokumentation, die mit beeindruckender Klarheit die Ereignisse, die 1918 zum Staatsumsturz f\u00fchrten, beleuchtet. Eine Produktion des ewigen Bundes. <\/div><\/li>\n<li><div class=\"wp-block-latest-posts__featured-image aligncenter\"><a href=\"https:\/\/www.ewigerbund.org\/film\/der-weg-in-das-versailler-schmachdiktat\/\" aria-label=\"Der Weg in das Versailler Schmachdiktat.\"><img loading=\"lazy\" decoding=\"async\" width=\"1024\" height=\"582\" src=\"https:\/\/www.ewigerbund.org\/film\/wp-content\/uploads\/sites\/38\/2023\/03\/EB-Mediathek-Film-Der_Weg_in_das_Versailler_Schmachdiktat-1024x582.jpg\" class=\"attachment-large size-large wp-post-image\" alt=\"\" style=\"\" srcset=\"https:\/\/www.ewigerbund.org\/film\/wp-content\/uploads\/sites\/38\/2023\/03\/EB-Mediathek-Film-Der_Weg_in_das_Versailler_Schmachdiktat-1024x582.jpg 1024w, https:\/\/www.ewigerbund.org\/film\/wp-content\/uploads\/sites\/38\/2023\/03\/EB-Mediathek-Film-Der_Weg_in_das_Versailler_Schmachdiktat-300x171.jpg 300w, https:\/\/www.ewigerbund.org\/film\/wp-content\/uploads\/sites\/38\/2023\/03\/EB-Mediathek-Film-Der_Weg_in_das_Versailler_Schmachdiktat-768x437.jpg 768w, https:\/\/www.ewigerbund.org\/film\/wp-content\/uploads\/sites\/38\/2023\/03\/EB-Mediathek-Film-Der_Weg_in_das_Versailler_Schmachdiktat-1536x873.jpg 1536w, https:\/\/www.ewigerbund.org\/film\/wp-content\/uploads\/sites\/38\/2023\/03\/EB-Mediathek-Film-Der_Weg_in_das_Versailler_Schmachdiktat.jpg 1748w\" sizes=\"auto, (max-width: 1024px) 100vw, 1024px\" \/><\/a><\/div><a class=\"wp-block-latest-posts__post-title\" href=\"https:\/\/www.ewigerbund.org\/film\/der-weg-in-das-versailler-schmachdiktat\/\">Der Weg in das Versailler Schmachdiktat.<\/a><div class=\"wp-block-latest-posts__post-excerpt\">Am 10. Januar 1920 trat dieser in Kraft. Der Versailler Vertrag wurde von den nicht legitimierten Vertretern Hermann M\u00fcller und &#8230; <a title=\"Der Weg in das Versailler Schmachdiktat.\" class=\"read-more\" href=\"https:\/\/www.ewigerbund.org\/film\/der-weg-in-das-versailler-schmachdiktat\/\" aria-label=\"Mehr zu Der Weg in das Versailler Schmachdiktat.\">Weiterlesen &#8230;<\/a><\/div><\/li>\n<li><div class=\"wp-block-latest-posts__featured-image aligncenter\"><a href=\"https:\/\/www.ewigerbund.org\/film\/haus-doorn-auf-den-spuren-von-kaiser-wilhelm-ii\/\" aria-label=\"Haus Doorn &#8211; Auf den Spuren von Kaiser Wilhelm II.\"><img loading=\"lazy\" decoding=\"async\" width=\"1024\" height=\"582\" src=\"https:\/\/www.ewigerbund.org\/film\/wp-content\/uploads\/sites\/38\/2023\/03\/EB_Mediathek_Film_Haus_Doorn_Auf_den_Spuren_von_Kaiser_Wilhelm_II-1024x582.jpg\" class=\"attachment-large size-large wp-post-image\" alt=\"\" style=\"\" srcset=\"https:\/\/www.ewigerbund.org\/film\/wp-content\/uploads\/sites\/38\/2023\/03\/EB_Mediathek_Film_Haus_Doorn_Auf_den_Spuren_von_Kaiser_Wilhelm_II-1024x582.jpg 1024w, https:\/\/www.ewigerbund.org\/film\/wp-content\/uploads\/sites\/38\/2023\/03\/EB_Mediathek_Film_Haus_Doorn_Auf_den_Spuren_von_Kaiser_Wilhelm_II-300x171.jpg 300w, https:\/\/www.ewigerbund.org\/film\/wp-content\/uploads\/sites\/38\/2023\/03\/EB_Mediathek_Film_Haus_Doorn_Auf_den_Spuren_von_Kaiser_Wilhelm_II-768x437.jpg 768w, https:\/\/www.ewigerbund.org\/film\/wp-content\/uploads\/sites\/38\/2023\/03\/EB_Mediathek_Film_Haus_Doorn_Auf_den_Spuren_von_Kaiser_Wilhelm_II-1536x873.jpg 1536w, https:\/\/www.ewigerbund.org\/film\/wp-content\/uploads\/sites\/38\/2023\/03\/EB_Mediathek_Film_Haus_Doorn_Auf_den_Spuren_von_Kaiser_Wilhelm_II.jpg 1748w\" sizes=\"auto, (max-width: 1024px) 100vw, 1024px\" \/><\/a><\/div><a class=\"wp-block-latest-posts__post-title\" href=\"https:\/\/www.ewigerbund.org\/film\/haus-doorn-auf-den-spuren-von-kaiser-wilhelm-ii\/\">Haus Doorn &#8211; Auf den Spuren von Kaiser Wilhelm II.<\/a><div class=\"wp-block-latest-posts__post-excerpt\">9. November 1918. Auf Bestreben und mit Unterst\u00fctzung feindlicher M\u00e4chte, insbesondere durch v\u00f6lkerrechtswidriges Verhalten und unter der F\u00fchrung der SPD &#8230; <a title=\"Haus Doorn &#8211; Auf den Spuren von Kaiser Wilhelm II.\" class=\"read-more\" href=\"https:\/\/www.ewigerbund.org\/film\/haus-doorn-auf-den-spuren-von-kaiser-wilhelm-ii\/\" aria-label=\"Mehr zu Haus Doorn &#8211; Auf den Spuren von Kaiser Wilhelm II.\">Weiterlesen &#8230;<\/a><\/div><\/li>\n<li><div class=\"wp-block-latest-posts__featured-image aligncenter\"><a href=\"https:\/\/www.ewigerbund.org\/film\/des-kaisers-kleine-leute-wie-lebten-unsere-grosseltern\/\" aria-label=\"Des Kaisers Kleine Leute \u2013 Wie lebten unsere Gro\u00dfeltern?\"><img loading=\"lazy\" decoding=\"async\" width=\"1024\" height=\"582\" src=\"https:\/\/www.ewigerbund.org\/film\/wp-content\/uploads\/sites\/38\/2023\/03\/EB-Mediathek-Film-Des_Kaisers_kleine_Leute-1024x582.jpg\" class=\"attachment-large size-large wp-post-image\" alt=\"\" style=\"\" srcset=\"https:\/\/www.ewigerbund.org\/film\/wp-content\/uploads\/sites\/38\/2023\/03\/EB-Mediathek-Film-Des_Kaisers_kleine_Leute-1024x582.jpg 1024w, https:\/\/www.ewigerbund.org\/film\/wp-content\/uploads\/sites\/38\/2023\/03\/EB-Mediathek-Film-Des_Kaisers_kleine_Leute-300x171.jpg 300w, https:\/\/www.ewigerbund.org\/film\/wp-content\/uploads\/sites\/38\/2023\/03\/EB-Mediathek-Film-Des_Kaisers_kleine_Leute-768x437.jpg 768w, https:\/\/www.ewigerbund.org\/film\/wp-content\/uploads\/sites\/38\/2023\/03\/EB-Mediathek-Film-Des_Kaisers_kleine_Leute-1536x873.jpg 1536w, https:\/\/www.ewigerbund.org\/film\/wp-content\/uploads\/sites\/38\/2023\/03\/EB-Mediathek-Film-Des_Kaisers_kleine_Leute.jpg 1748w\" sizes=\"auto, (max-width: 1024px) 100vw, 1024px\" \/><\/a><\/div><a class=\"wp-block-latest-posts__post-title\" href=\"https:\/\/www.ewigerbund.org\/film\/des-kaisers-kleine-leute-wie-lebten-unsere-grosseltern\/\">Des Kaisers Kleine Leute \u2013 Wie lebten unsere Gro\u00dfeltern?<\/a><div class=\"wp-block-latest-posts__post-excerpt\">Die Wilhelminische Epoche war gepr\u00e4gt durch Umbr\u00fcche in allen Lebensbereichen. Die technischen Gro\u00dfst\u00e4dte wuchsen, neue Entwicklungen und Industrialisierung ver\u00e4nderten das &#8230; <a title=\"Des Kaisers Kleine Leute \u2013 Wie lebten unsere Gro\u00dfeltern?\" class=\"read-more\" href=\"https:\/\/www.ewigerbund.org\/film\/des-kaisers-kleine-leute-wie-lebten-unsere-grosseltern\/\" aria-label=\"Mehr zu Des Kaisers Kleine Leute \u2013 Wie lebten unsere Gro\u00dfeltern?\">Weiterlesen &#8230;<\/a><\/div><\/li>\n<\/ul>\n\n<ul class=\"wp-block-latest-posts__list is-grid columns-2 wp-block-latest-posts\"><li><div class=\"wp-block-latest-posts__featured-image aligncenter\"><a href=\"https:\/\/www.ewigerbund.org\/film\/zeitzeugin-christina-teil-2\/\" aria-label=\"Zeitzeugin Christina Teil 2.\"><img loading=\"lazy\" decoding=\"async\" width=\"1024\" height=\"582\" src=\"https:\/\/www.ewigerbund.org\/film\/wp-content\/uploads\/sites\/38\/2025\/01\/2025-01-13-zeitzeugen-christina-teil2-1024x582.jpg\" class=\"attachment-large size-large wp-post-image\" alt=\"Christina Teil 2 - Die goldene Zeit zu Kaiser Wilhelm II.\" style=\"\" srcset=\"https:\/\/www.ewigerbund.org\/film\/wp-content\/uploads\/sites\/38\/2025\/01\/2025-01-13-zeitzeugen-christina-teil2-1024x582.jpg 1024w, https:\/\/www.ewigerbund.org\/film\/wp-content\/uploads\/sites\/38\/2025\/01\/2025-01-13-zeitzeugen-christina-teil2-300x171.jpg 300w, https:\/\/www.ewigerbund.org\/film\/wp-content\/uploads\/sites\/38\/2025\/01\/2025-01-13-zeitzeugen-christina-teil2-768x437.jpg 768w, https:\/\/www.ewigerbund.org\/film\/wp-content\/uploads\/sites\/38\/2025\/01\/2025-01-13-zeitzeugen-christina-teil2-1536x873.jpg 1536w, https:\/\/www.ewigerbund.org\/film\/wp-content\/uploads\/sites\/38\/2025\/01\/2025-01-13-zeitzeugen-christina-teil2.jpg 1748w\" sizes=\"auto, (max-width: 1024px) 100vw, 1024px\" \/><\/a><\/div><a class=\"wp-block-latest-posts__post-title\" href=\"https:\/\/www.ewigerbund.org\/film\/zeitzeugin-christina-teil-2\/\">Zeitzeugin Christina Teil 2.<\/a><div class=\"wp-block-latest-posts__post-excerpt\">Der ewige Bund war wieder zu Gast bei der Studiendirektorin Christina, in der preu\u00dfischen Provinz Westfalen. Durch ihre, dem Preu\u00dfentum sehr zugetane Familie, war es ihr m\u00f6glich aus erster Hand zu erfahren wie es damals im Deutschen Reich wirklich war. <\/div><\/li>\n<li><div class=\"wp-block-latest-posts__featured-image aligncenter\"><a href=\"https:\/\/www.ewigerbund.org\/film\/ein-hoch-auf-den-preussischen-koenig\/\" aria-label=\"Zeitzeugin Christina Teil 1.\"><img loading=\"lazy\" decoding=\"async\" width=\"1024\" height=\"582\" src=\"https:\/\/www.ewigerbund.org\/film\/wp-content\/uploads\/sites\/38\/2025\/01\/2024-08-23-zeitzeugen-christina-teil1-1024x582.jpg\" class=\"attachment-large size-large wp-post-image\" alt=\"Christina Teil 1 - Ein Hoch auf den preu\u00dfischen K\u00f6nig.\" style=\"\" srcset=\"https:\/\/www.ewigerbund.org\/film\/wp-content\/uploads\/sites\/38\/2025\/01\/2024-08-23-zeitzeugen-christina-teil1-1024x582.jpg 1024w, https:\/\/www.ewigerbund.org\/film\/wp-content\/uploads\/sites\/38\/2025\/01\/2024-08-23-zeitzeugen-christina-teil1-300x171.jpg 300w, https:\/\/www.ewigerbund.org\/film\/wp-content\/uploads\/sites\/38\/2025\/01\/2024-08-23-zeitzeugen-christina-teil1-768x437.jpg 768w, https:\/\/www.ewigerbund.org\/film\/wp-content\/uploads\/sites\/38\/2025\/01\/2024-08-23-zeitzeugen-christina-teil1-1536x873.jpg 1536w, https:\/\/www.ewigerbund.org\/film\/wp-content\/uploads\/sites\/38\/2025\/01\/2024-08-23-zeitzeugen-christina-teil1.jpg 1748w\" sizes=\"auto, (max-width: 1024px) 100vw, 1024px\" \/><\/a><\/div><a class=\"wp-block-latest-posts__post-title\" href=\"https:\/\/www.ewigerbund.org\/film\/ein-hoch-auf-den-preussischen-koenig\/\">Zeitzeugin Christina Teil 1.<\/a><div class=\"wp-block-latest-posts__post-excerpt\">Erlebe eine kleine Zeitreise in die Vergangenheit und wie es damals wirklich war, als man, entgegen der aktuell vorherrschenden Meinung, dem K\u00f6nig von Preu\u00dfen liebte und verehrte.<\/div><\/li>\n<li><div class=\"wp-block-latest-posts__featured-image aligncenter\"><a href=\"https:\/\/www.ewigerbund.org\/film\/kaiser-wilhelm-ii-politisch-unkorrekt\/\" aria-label=\"Kaiser Wilhelm II Politisch unkorrekt.\"><img loading=\"lazy\" decoding=\"async\" width=\"1024\" height=\"582\" src=\"https:\/\/www.ewigerbund.org\/film\/wp-content\/uploads\/sites\/38\/2023\/03\/EB-Mediathek-Film-EB-Kaiser_Wilhelm_II_Politisch_unkorrekt-1024x582.jpg\" class=\"attachment-large size-large wp-post-image\" alt=\"\" style=\"\" srcset=\"https:\/\/www.ewigerbund.org\/film\/wp-content\/uploads\/sites\/38\/2023\/03\/EB-Mediathek-Film-EB-Kaiser_Wilhelm_II_Politisch_unkorrekt-1024x582.jpg 1024w, https:\/\/www.ewigerbund.org\/film\/wp-content\/uploads\/sites\/38\/2023\/03\/EB-Mediathek-Film-EB-Kaiser_Wilhelm_II_Politisch_unkorrekt-300x171.jpg 300w, https:\/\/www.ewigerbund.org\/film\/wp-content\/uploads\/sites\/38\/2023\/03\/EB-Mediathek-Film-EB-Kaiser_Wilhelm_II_Politisch_unkorrekt-768x437.jpg 768w, https:\/\/www.ewigerbund.org\/film\/wp-content\/uploads\/sites\/38\/2023\/03\/EB-Mediathek-Film-EB-Kaiser_Wilhelm_II_Politisch_unkorrekt-1536x873.jpg 1536w, https:\/\/www.ewigerbund.org\/film\/wp-content\/uploads\/sites\/38\/2023\/03\/EB-Mediathek-Film-EB-Kaiser_Wilhelm_II_Politisch_unkorrekt.jpg 1748w\" sizes=\"auto, (max-width: 1024px) 100vw, 1024px\" \/><\/a><\/div><a class=\"wp-block-latest-posts__post-title\" href=\"https:\/\/www.ewigerbund.org\/film\/kaiser-wilhelm-ii-politisch-unkorrekt\/\">Kaiser Wilhelm II Politisch unkorrekt.<\/a><div class=\"wp-block-latest-posts__post-excerpt\"><\/div><\/li>\n<li><div class=\"wp-block-latest-posts__featured-image aligncenter\"><a href=\"https:\/\/www.ewigerbund.org\/film\/der-hereroaufstand-1904-voelkermord-oder-kriegspropaganda\/\" aria-label=\"Der Hereroaufstand 1904 &#8211; V\u00f6lkermord oder Kriegspropaganda?\"><img loading=\"lazy\" decoding=\"async\" width=\"1024\" height=\"582\" src=\"https:\/\/www.ewigerbund.org\/film\/wp-content\/uploads\/sites\/38\/2024\/10\/EB_Mediathek_Film_Der_Hereroaufstand_1904_\u2013_Voelkermord_oder_Kriegspropaganda-1024x582.jpg\" class=\"attachment-large size-large wp-post-image\" alt=\"\" style=\"\" srcset=\"https:\/\/www.ewigerbund.org\/film\/wp-content\/uploads\/sites\/38\/2024\/10\/EB_Mediathek_Film_Der_Hereroaufstand_1904_\u2013_Voelkermord_oder_Kriegspropaganda-1024x582.jpg 1024w, https:\/\/www.ewigerbund.org\/film\/wp-content\/uploads\/sites\/38\/2024\/10\/EB_Mediathek_Film_Der_Hereroaufstand_1904_\u2013_Voelkermord_oder_Kriegspropaganda-300x171.jpg 300w, https:\/\/www.ewigerbund.org\/film\/wp-content\/uploads\/sites\/38\/2024\/10\/EB_Mediathek_Film_Der_Hereroaufstand_1904_\u2013_Voelkermord_oder_Kriegspropaganda-768x437.jpg 768w, https:\/\/www.ewigerbund.org\/film\/wp-content\/uploads\/sites\/38\/2024\/10\/EB_Mediathek_Film_Der_Hereroaufstand_1904_\u2013_Voelkermord_oder_Kriegspropaganda-1536x873.jpg 1536w, https:\/\/www.ewigerbund.org\/film\/wp-content\/uploads\/sites\/38\/2024\/10\/EB_Mediathek_Film_Der_Hereroaufstand_1904_\u2013_Voelkermord_oder_Kriegspropaganda.jpg 1748w\" sizes=\"auto, (max-width: 1024px) 100vw, 1024px\" \/><\/a><\/div><a class=\"wp-block-latest-posts__post-title\" href=\"https:\/\/www.ewigerbund.org\/film\/der-hereroaufstand-1904-voelkermord-oder-kriegspropaganda\/\">Der Hereroaufstand 1904 &#8211; V\u00f6lkermord oder Kriegspropaganda?<\/a><div class=\"wp-block-latest-posts__post-excerpt\">Dieses durch das \u201eWolffsche Bureau\u201c ver\u00f6ffentlichte Telegramm schreckte wie ein Blitz aus heiterem Himmel in der Fr\u00fche des 14. Januar &#8230; <a title=\"Der Hereroaufstand 1904 &#8211; V\u00f6lkermord oder Kriegspropaganda?\" class=\"read-more\" href=\"https:\/\/www.ewigerbund.org\/film\/der-hereroaufstand-1904-voelkermord-oder-kriegspropaganda\/\" aria-label=\"Mehr zu Der Hereroaufstand 1904 &#8211; V\u00f6lkermord oder Kriegspropaganda?\">Weiterlesen &#8230;<\/a><\/div><\/li>\n<\/ul>","protected":false},"excerpt":{"rendered":"<p>Zeitzeugen. Zeitzeugen ist eine Filmreihe, die die Erinnerungen und Erz\u00e4hlungen an die Kaiserzeit in den Mittelpunkt stellt. In pers\u00f6nlichen Gespr\u00e4chen berichten Deutsche von ihren Kindheitserlebnissen und den Geschichten, die ihnen von ihren Gro\u00dfeltern \u00fcberliefert wurden. Diese Gro\u00dfeltern haben das Kaiserreich selbst erlebt und pr\u00e4gten ihre Nachkommen mit den Werten und Erfahrungen dieser Zeit. La\u00df dich &#8230; <a title=\"Reportagen und Dokumentationen.\" class=\"read-more\" href=\"https:\/\/www.ewigerbund.org\/film\/filmothek\/reportagen-und-dokumentationen\/\" aria-label=\"Mehr zu Reportagen und Dokumentationen.\">Weiterlesen &#8230;<\/a><\/p>\n","protected":false},"author":16,"featured_media":3175,"parent":1864,"menu_order":0,"comment_status":"closed","ping_status":"closed","template":"template-6-beide-seitenleiste.php","meta":{"footnotes":""},"categories":[47],"tags":[],"class_list":["post-3196","page","type-page","status-publish","has-post-thumbnail","hentry","category-reportagen-und-dokumentationen"],"yoast_head":"<!-- This site is optimized with the Yoast SEO plugin v23.1 - https:\/\/yoast.com\/wordpress\/plugins\/seo\/ -->\n<title>Reportagen und Dokumentationen. | Ewiger Bund.<\/title>\n<meta name=\"robots\" content=\"index, follow, max-snippet:-1, max-image-preview:large, max-video-preview:-1\" \/>\n<link rel=\"canonical\" href=\"https:\/\/www.ewigerbund.org\/film\/filmothek\/reportagen-und-dokumentationen\/\" \/>\n<meta property=\"og:locale\" content=\"de_DE\" \/>\n<meta property=\"og:type\" content=\"article\" \/>\n<meta property=\"og:title\" content=\"Reportagen und Dokumentationen. | Ewiger Bund.\" \/>\n<meta property=\"og:description\" content=\"Zeitzeugen. Zeitzeugen ist eine Filmreihe, die die Erinnerungen und Erz\u00e4hlungen an die Kaiserzeit in den Mittelpunkt stellt. In pers\u00f6nlichen Gespr\u00e4chen berichten Deutsche von ihren Kindheitserlebnissen und den Geschichten, die ihnen von ihren Gro\u00dfeltern \u00fcberliefert wurden. Diese Gro\u00dfeltern haben das Kaiserreich selbst erlebt und pr\u00e4gten ihre Nachkommen mit den Werten und Erfahrungen dieser Zeit. La\u00df dich ... Weiterlesen ...\" \/>\n<meta property=\"og:url\" content=\"https:\/\/www.ewigerbund.org\/film\/filmothek\/reportagen-und-dokumentationen\/\" \/>\n<meta property=\"og:site_name\" content=\"Mediathek.\" \/>\n<meta property=\"article:modified_time\" content=\"2025-03-28T07:32:37+00:00\" \/>\n<meta property=\"og:image\" content=\"https:\/\/www.ewigerbund.org\/film\/wp-content\/uploads\/sites\/38\/2024\/09\/EB-reportagen.jpg\" \/>\n\t<meta property=\"og:image:width\" content=\"1748\" \/>\n\t<meta property=\"og:image:height\" content=\"994\" \/>\n\t<meta property=\"og:image:type\" content=\"image\/jpeg\" \/>\n<meta name=\"twitter:card\" content=\"summary_large_image\" \/>\n<meta name=\"twitter:label1\" content=\"Gesch\u00e4tzte Lesezeit\" \/>\n\t<meta name=\"twitter:data1\" content=\"2\u00a0Minuten\" \/>\n<script type=\"application\/ld+json\" class=\"yoast-schema-graph\">{\"@context\":\"https:\/\/schema.org\",\"@graph\":[{\"@type\":\"WebPage\",\"@id\":\"https:\/\/www.ewigerbund.org\/film\/filmothek\/reportagen-und-dokumentationen\/\",\"url\":\"https:\/\/www.ewigerbund.org\/film\/filmothek\/reportagen-und-dokumentationen\/\",\"name\":\"Reportagen und Dokumentationen. | Ewiger Bund.\",\"isPartOf\":{\"@id\":\"https:\/\/www.ewigerbund.org\/film\/#website\"},\"primaryImageOfPage\":{\"@id\":\"https:\/\/www.ewigerbund.org\/film\/filmothek\/reportagen-und-dokumentationen\/#primaryimage\"},\"image\":{\"@id\":\"https:\/\/www.ewigerbund.org\/film\/filmothek\/reportagen-und-dokumentationen\/#primaryimage\"},\"thumbnailUrl\":\"https:\/\/www.ewigerbund.org\/film\/wp-content\/uploads\/sites\/38\/2024\/09\/EB-reportagen.jpg\",\"datePublished\":\"2024-09-10T13:27:41+00:00\",\"dateModified\":\"2025-03-28T07:32:37+00:00\",\"breadcrumb\":{\"@id\":\"https:\/\/www.ewigerbund.org\/film\/filmothek\/reportagen-und-dokumentationen\/#breadcrumb\"},\"inLanguage\":\"de\",\"potentialAction\":[{\"@type\":\"ReadAction\",\"target\":[\"https:\/\/www.ewigerbund.org\/film\/filmothek\/reportagen-und-dokumentationen\/\"]}]},{\"@type\":\"ImageObject\",\"inLanguage\":\"de\",\"@id\":\"https:\/\/www.ewigerbund.org\/film\/filmothek\/reportagen-und-dokumentationen\/#primaryimage\",\"url\":\"https:\/\/www.ewigerbund.org\/film\/wp-content\/uploads\/sites\/38\/2024\/09\/EB-reportagen.jpg\",\"contentUrl\":\"https:\/\/www.ewigerbund.org\/film\/wp-content\/uploads\/sites\/38\/2024\/09\/EB-reportagen.jpg\",\"width\":1748,\"height\":994,\"caption\":\"Ewiger Bund - Reportagen und Dokumentationen.\"},{\"@type\":\"BreadcrumbList\",\"@id\":\"https:\/\/www.ewigerbund.org\/film\/filmothek\/reportagen-und-dokumentationen\/#breadcrumb\",\"itemListElement\":[{\"@type\":\"ListItem\",\"position\":1,\"name\":\"Startseite\",\"item\":\"https:\/\/www.ewigerbund.org\/film\/\"},{\"@type\":\"ListItem\",\"position\":2,\"name\":\"Filmothek.\",\"item\":\"https:\/\/www.ewigerbund.org\/film\/filmothek\/\"},{\"@type\":\"ListItem\",\"position\":3,\"name\":\"Reportagen und Dokumentationen.\"}]},{\"@type\":\"WebSite\",\"@id\":\"https:\/\/www.ewigerbund.org\/film\/#website\",\"url\":\"https:\/\/www.ewigerbund.org\/film\/\",\"name\":\"Mediathek.\",\"description\":\"Verfassungsb\u00fcndnis der deutschen Einzelstaaten.\",\"publisher\":{\"@id\":\"https:\/\/www.ewigerbund.org\/film\/#organization\"},\"potentialAction\":[{\"@type\":\"SearchAction\",\"target\":{\"@type\":\"EntryPoint\",\"urlTemplate\":\"https:\/\/www.ewigerbund.org\/film\/?s={search_term_string}\"},\"query-input\":\"required name=search_term_string\"}],\"inLanguage\":\"de\"},{\"@type\":\"Organization\",\"@id\":\"https:\/\/www.ewigerbund.org\/film\/#organization\",\"name\":\"Mediathek.\",\"url\":\"https:\/\/www.ewigerbund.org\/film\/\",\"logo\":{\"@type\":\"ImageObject\",\"inLanguage\":\"de\",\"@id\":\"https:\/\/www.ewigerbund.org\/film\/#\/schema\/logo\/image\/\",\"url\":\"https:\/\/www.ewigerbund.org\/film\/wp-content\/uploads\/sites\/38\/2022\/11\/2022-09-20-Logo-EB_Schutzzone_V4_Transparent.png\",\"contentUrl\":\"https:\/\/www.ewigerbund.org\/film\/wp-content\/uploads\/sites\/38\/2022\/11\/2022-09-20-Logo-EB_Schutzzone_V4_Transparent.png\",\"width\":2000,\"height\":1982,\"caption\":\"Mediathek.\"},\"image\":{\"@id\":\"https:\/\/www.ewigerbund.org\/film\/#\/schema\/logo\/image\/\"}}]}<\/script>\n<!-- \/ Yoast SEO plugin. -->","yoast_head_json":{"title":"Reportagen und Dokumentationen. | Ewiger Bund.","robots":{"index":"index","follow":"follow","max-snippet":"max-snippet:-1","max-image-preview":"max-image-preview:large","max-video-preview":"max-video-preview:-1"},"canonical":"https:\/\/www.ewigerbund.org\/film\/filmothek\/reportagen-und-dokumentationen\/","og_locale":"de_DE","og_type":"article","og_title":"Reportagen und Dokumentationen. | Ewiger Bund.","og_description":"Zeitzeugen. Zeitzeugen ist eine Filmreihe, die die Erinnerungen und Erz\u00e4hlungen an die Kaiserzeit in den Mittelpunkt stellt. In pers\u00f6nlichen Gespr\u00e4chen berichten Deutsche von ihren Kindheitserlebnissen und den Geschichten, die ihnen von ihren Gro\u00dfeltern \u00fcberliefert wurden. Diese Gro\u00dfeltern haben das Kaiserreich selbst erlebt und pr\u00e4gten ihre Nachkommen mit den Werten und Erfahrungen dieser Zeit. La\u00df dich ... Weiterlesen ...","og_url":"https:\/\/www.ewigerbund.org\/film\/filmothek\/reportagen-und-dokumentationen\/","og_site_name":"Mediathek.","article_modified_time":"2025-03-28T07:32:37+00:00","og_image":[{"width":1748,"height":994,"url":"https:\/\/www.ewigerbund.org\/film\/wp-content\/uploads\/sites\/38\/2024\/09\/EB-reportagen.jpg","type":"image\/jpeg"}],"twitter_card":"summary_large_image","twitter_misc":{"Gesch\u00e4tzte Lesezeit":"2\u00a0Minuten"},"schema":{"@context":"https:\/\/schema.org","@graph":[{"@type":"WebPage","@id":"https:\/\/www.ewigerbund.org\/film\/filmothek\/reportagen-und-dokumentationen\/","url":"https:\/\/www.ewigerbund.org\/film\/filmothek\/reportagen-und-dokumentationen\/","name":"Reportagen und Dokumentationen. | Ewiger Bund.","isPartOf":{"@id":"https:\/\/www.ewigerbund.org\/film\/#website"},"primaryImageOfPage":{"@id":"https:\/\/www.ewigerbund.org\/film\/filmothek\/reportagen-und-dokumentationen\/#primaryimage"},"image":{"@id":"https:\/\/www.ewigerbund.org\/film\/filmothek\/reportagen-und-dokumentationen\/#primaryimage"},"thumbnailUrl":"https:\/\/www.ewigerbund.org\/film\/wp-content\/uploads\/sites\/38\/2024\/09\/EB-reportagen.jpg","datePublished":"2024-09-10T13:27:41+00:00","dateModified":"2025-03-28T07:32:37+00:00","breadcrumb":{"@id":"https:\/\/www.ewigerbund.org\/film\/filmothek\/reportagen-und-dokumentationen\/#breadcrumb"},"inLanguage":"de","potentialAction":[{"@type":"ReadAction","target":["https:\/\/www.ewigerbund.org\/film\/filmothek\/reportagen-und-dokumentationen\/"]}]},{"@type":"ImageObject","inLanguage":"de","@id":"https:\/\/www.ewigerbund.org\/film\/filmothek\/reportagen-und-dokumentationen\/#primaryimage","url":"https:\/\/www.ewigerbund.org\/film\/wp-content\/uploads\/sites\/38\/2024\/09\/EB-reportagen.jpg","contentUrl":"https:\/\/www.ewigerbund.org\/film\/wp-content\/uploads\/sites\/38\/2024\/09\/EB-reportagen.jpg","width":1748,"height":994,"caption":"Ewiger Bund - Reportagen und Dokumentationen."},{"@type":"BreadcrumbList","@id":"https:\/\/www.ewigerbund.org\/film\/filmothek\/reportagen-und-dokumentationen\/#breadcrumb","itemListElement":[{"@type":"ListItem","position":1,"name":"Startseite","item":"https:\/\/www.ewigerbund.org\/film\/"},{"@type":"ListItem","position":2,"name":"Filmothek.","item":"https:\/\/www.ewigerbund.org\/film\/filmothek\/"},{"@type":"ListItem","position":3,"name":"Reportagen und Dokumentationen."}]},{"@type":"WebSite","@id":"https:\/\/www.ewigerbund.org\/film\/#website","url":"https:\/\/www.ewigerbund.org\/film\/","name":"Mediathek.","description":"Verfassungsb\u00fcndnis der deutschen Einzelstaaten.","publisher":{"@id":"https:\/\/www.ewigerbund.org\/film\/#organization"},"potentialAction":[{"@type":"SearchAction","target":{"@type":"EntryPoint","urlTemplate":"https:\/\/www.ewigerbund.org\/film\/?s={search_term_string}"},"query-input":"required name=search_term_string"}],"inLanguage":"de"},{"@type":"Organization","@id":"https:\/\/www.ewigerbund.org\/film\/#organization","name":"Mediathek.","url":"https:\/\/www.ewigerbund.org\/film\/","logo":{"@type":"ImageObject","inLanguage":"de","@id":"https:\/\/www.ewigerbund.org\/film\/#\/schema\/logo\/image\/","url":"https:\/\/www.ewigerbund.org\/film\/wp-content\/uploads\/sites\/38\/2022\/11\/2022-09-20-Logo-EB_Schutzzone_V4_Transparent.png","contentUrl":"https:\/\/www.ewigerbund.org\/film\/wp-content\/uploads\/sites\/38\/2022\/11\/2022-09-20-Logo-EB_Schutzzone_V4_Transparent.png","width":2000,"height":1982,"caption":"Mediathek."},"image":{"@id":"https:\/\/www.ewigerbund.org\/film\/#\/schema\/logo\/image\/"}}]}},"_links":{"self":[{"href":"https:\/\/www.ewigerbund.org\/film\/wp-json\/wp\/v2\/pages\/3196","targetHints":{"allow":["GET"]}}],"collection":[{"href":"https:\/\/www.ewigerbund.org\/film\/wp-json\/wp\/v2\/pages"}],"about":[{"href":"https:\/\/www.ewigerbund.org\/film\/wp-json\/wp\/v2\/types\/page"}],"author":[{"embeddable":true,"href":"https:\/\/www.ewigerbund.org\/film\/wp-json\/wp\/v2\/users\/16"}],"replies":[{"embeddable":true,"href":"https:\/\/www.ewigerbund.org\/film\/wp-json\/wp\/v2\/comments?post=3196"}],"version-history":[{"count":38,"href":"https:\/\/www.ewigerbund.org\/film\/wp-json\/wp\/v2\/pages\/3196\/revisions"}],"predecessor-version":[{"id":3396,"href":"https:\/\/www.ewigerbund.org\/film\/wp-json\/wp\/v2\/pages\/3196\/revisions\/3396"}],"up":[{"embeddable":true,"href":"https:\/\/www.ewigerbund.org\/film\/wp-json\/wp\/v2\/pages\/1864"}],"wp:featuredmedia":[{"embeddable":true,"href":"https:\/\/www.ewigerbund.org\/film\/wp-json\/wp\/v2\/media\/3175"}],"wp:attachment":[{"href":"https:\/\/www.ewigerbund.org\/film\/wp-json\/wp\/v2\/media?parent=3196"}],"wp:term":[{"taxonomy":"category","embeddable":true,"href":"https:\/\/www.ewigerbund.org\/film\/wp-json\/wp\/v2\/categories?post=3196"},{"taxonomy":"post_tag","embeddable":true,"href":"https:\/\/www.ewigerbund.org\/film\/wp-json\/wp\/v2\/tags?post=3196"}],"curies":[{"name":"wp","href":"https:\/\/api.w.org\/{rel}","templated":true}]}}