{"id":1424,"date":"2022-11-30T18:42:04","date_gmt":"2022-11-30T17:42:04","guid":{"rendered":"https:\/\/www.ewigerbund.org\/film\/?page_id=1424"},"modified":"2025-05-16T17:23:49","modified_gmt":"2025-05-16T15:23:49","slug":"wissen-ist-eine-holschuld","status":"publish","type":"page","link":"https:\/\/www.ewigerbund.org\/film\/filmothek\/wissen-ist-eine-holschuld\/","title":{"rendered":"Wissen ist eine Holschuld."},"content":{"rendered":"<ul class=\"wp-block-latest-posts__list is-grid columns-2 wp-block-latest-posts\"><li><div class=\"wp-block-latest-posts__featured-image aligncenter\"><a href=\"https:\/\/www.ewigerbund.org\/film\/01-bundestag-im-reichstag\/\" aria-label=\"#01 Bundestag im Reichstag\"><img loading=\"lazy\" decoding=\"async\" width=\"1024\" height=\"582\" src=\"https:\/\/www.ewigerbund.org\/film\/wp-content\/uploads\/sites\/38\/2023\/02\/EB-Mediathek-Film1-1024x582.jpg\" class=\"attachment-large size-large wp-post-image\" alt=\"\" style=\"\" srcset=\"https:\/\/www.ewigerbund.org\/film\/wp-content\/uploads\/sites\/38\/2023\/02\/EB-Mediathek-Film1-1024x582.jpg 1024w, https:\/\/www.ewigerbund.org\/film\/wp-content\/uploads\/sites\/38\/2023\/02\/EB-Mediathek-Film1-300x171.jpg 300w, https:\/\/www.ewigerbund.org\/film\/wp-content\/uploads\/sites\/38\/2023\/02\/EB-Mediathek-Film1-768x437.jpg 768w, https:\/\/www.ewigerbund.org\/film\/wp-content\/uploads\/sites\/38\/2023\/02\/EB-Mediathek-Film1-1536x873.jpg 1536w, https:\/\/www.ewigerbund.org\/film\/wp-content\/uploads\/sites\/38\/2023\/02\/EB-Mediathek-Film1.jpg 1748w\" sizes=\"auto, (max-width: 1024px) 100vw, 1024px\" \/><\/a><\/div><a class=\"wp-block-latest-posts__post-title\" href=\"https:\/\/www.ewigerbund.org\/film\/01-bundestag-im-reichstag\/\">#01 Bundestag im Reichstag<\/a><div class=\"wp-block-latest-posts__post-excerpt\">Bundestag im Reichstag? Wissen ist eine Holschuld 1. Abgeordnete des Reichstages im Reichstag bis 1918: 397 Abgeordnete werden direkt vom &#8230; <a title=\"#01 Bundestag im Reichstag\" class=\"read-more\" href=\"https:\/\/www.ewigerbund.org\/film\/01-bundestag-im-reichstag\/\" aria-label=\"Mehr zu #01 Bundestag im Reichstag\">Weiterlesen &#8230;<\/a><\/div><\/li>\n<li><div class=\"wp-block-latest-posts__featured-image aligncenter\"><a href=\"https:\/\/www.ewigerbund.org\/film\/02-unveroeffentlicht\/\" aria-label=\"#02 Unver\u00f6ffentlicht\"><img loading=\"lazy\" decoding=\"async\" width=\"1024\" height=\"582\" src=\"https:\/\/www.ewigerbund.org\/film\/wp-content\/uploads\/sites\/38\/2022\/05\/EB-Mediathek-Film2-1024x582.jpg\" class=\"attachment-large size-large wp-post-image\" alt=\"\" style=\"\" srcset=\"https:\/\/www.ewigerbund.org\/film\/wp-content\/uploads\/sites\/38\/2022\/05\/EB-Mediathek-Film2-1024x582.jpg 1024w, https:\/\/www.ewigerbund.org\/film\/wp-content\/uploads\/sites\/38\/2022\/05\/EB-Mediathek-Film2-300x171.jpg 300w, https:\/\/www.ewigerbund.org\/film\/wp-content\/uploads\/sites\/38\/2022\/05\/EB-Mediathek-Film2-768x437.jpg 768w, https:\/\/www.ewigerbund.org\/film\/wp-content\/uploads\/sites\/38\/2022\/05\/EB-Mediathek-Film2-1536x873.jpg 1536w, https:\/\/www.ewigerbund.org\/film\/wp-content\/uploads\/sites\/38\/2022\/05\/EB-Mediathek-Film2.jpg 1748w\" sizes=\"auto, (max-width: 1024px) 100vw, 1024px\" \/><\/a><\/div><a class=\"wp-block-latest-posts__post-title\" href=\"https:\/\/www.ewigerbund.org\/film\/02-unveroeffentlicht\/\">#02 Unver\u00f6ffentlicht<\/a><div class=\"wp-block-latest-posts__post-excerpt\">Kommt sp\u00e4ter&#8230; Wissen ist eine Holschuld 2. Das Holschuldvideo Nummer zwei wurde bislang nicht ver\u00f6ffentlicht. Dies geschieht erst wenn das &#8230; <a title=\"#02 Unver\u00f6ffentlicht\" class=\"read-more\" href=\"https:\/\/www.ewigerbund.org\/film\/02-unveroeffentlicht\/\" aria-label=\"Mehr zu #02 Unver\u00f6ffentlicht\">Weiterlesen &#8230;<\/a><\/div><\/li>\n<li><div class=\"wp-block-latest-posts__featured-image aligncenter\"><a href=\"https:\/\/www.ewigerbund.org\/film\/04-mit-kranken-kasse-machen\/\" aria-label=\"#04 Mit Kranken Kasse machen.\"><img loading=\"lazy\" decoding=\"async\" width=\"1024\" height=\"582\" src=\"https:\/\/www.ewigerbund.org\/film\/wp-content\/uploads\/sites\/38\/2023\/02\/EB-Mediathek-Film4-1024x582.jpg\" class=\"attachment-large size-large wp-post-image\" alt=\"\" style=\"\" srcset=\"https:\/\/www.ewigerbund.org\/film\/wp-content\/uploads\/sites\/38\/2023\/02\/EB-Mediathek-Film4-1024x582.jpg 1024w, https:\/\/www.ewigerbund.org\/film\/wp-content\/uploads\/sites\/38\/2023\/02\/EB-Mediathek-Film4-300x171.jpg 300w, https:\/\/www.ewigerbund.org\/film\/wp-content\/uploads\/sites\/38\/2023\/02\/EB-Mediathek-Film4-768x437.jpg 768w, https:\/\/www.ewigerbund.org\/film\/wp-content\/uploads\/sites\/38\/2023\/02\/EB-Mediathek-Film4-1536x873.jpg 1536w, https:\/\/www.ewigerbund.org\/film\/wp-content\/uploads\/sites\/38\/2023\/02\/EB-Mediathek-Film4.jpg 1748w\" sizes=\"auto, (max-width: 1024px) 100vw, 1024px\" \/><\/a><\/div><a class=\"wp-block-latest-posts__post-title\" href=\"https:\/\/www.ewigerbund.org\/film\/04-mit-kranken-kasse-machen\/\">#04 Mit Kranken Kasse machen.<\/a><div class=\"wp-block-latest-posts__post-excerpt\">Mit Kranken Kasse machen. Wissen ist eine Holschuld 4. Krankenkasse. Heute: horrende steigende Kosten. Ein System, welches von kranken Menschen &#8230; <a title=\"#04 Mit Kranken Kasse machen.\" class=\"read-more\" href=\"https:\/\/www.ewigerbund.org\/film\/04-mit-kranken-kasse-machen\/\" aria-label=\"Mehr zu #04 Mit Kranken Kasse machen.\">Weiterlesen &#8230;<\/a><\/div><\/li>\n<li><div class=\"wp-block-latest-posts__featured-image aligncenter\"><a href=\"https:\/\/www.ewigerbund.org\/film\/05-abdankung-des-kaisers\/\" aria-label=\"#05 Abdankung des Kaisers.\"><img loading=\"lazy\" decoding=\"async\" width=\"1024\" height=\"582\" src=\"https:\/\/www.ewigerbund.org\/film\/wp-content\/uploads\/sites\/38\/2022\/05\/EB-Mediathek-Film5-1024x582.jpg\" class=\"attachment-large size-large wp-post-image\" alt=\"\" style=\"\" srcset=\"https:\/\/www.ewigerbund.org\/film\/wp-content\/uploads\/sites\/38\/2022\/05\/EB-Mediathek-Film5-1024x582.jpg 1024w, https:\/\/www.ewigerbund.org\/film\/wp-content\/uploads\/sites\/38\/2022\/05\/EB-Mediathek-Film5-300x171.jpg 300w, https:\/\/www.ewigerbund.org\/film\/wp-content\/uploads\/sites\/38\/2022\/05\/EB-Mediathek-Film5-768x437.jpg 768w, https:\/\/www.ewigerbund.org\/film\/wp-content\/uploads\/sites\/38\/2022\/05\/EB-Mediathek-Film5-1536x873.jpg 1536w, https:\/\/www.ewigerbund.org\/film\/wp-content\/uploads\/sites\/38\/2022\/05\/EB-Mediathek-Film5.jpg 1748w\" sizes=\"auto, (max-width: 1024px) 100vw, 1024px\" \/><\/a><\/div><a class=\"wp-block-latest-posts__post-title\" href=\"https:\/\/www.ewigerbund.org\/film\/05-abdankung-des-kaisers\/\">#05 Abdankung des Kaisers.<\/a><div class=\"wp-block-latest-posts__post-excerpt\">Abdankung des Kaisers. Wissen ist eine Holschuld 5. Abdankung? Im Deutschen Reich werden Gesetze vom Reichstag und Bundesrat beschlossen. Diese &#8230; <a title=\"#05 Abdankung des Kaisers.\" class=\"read-more\" href=\"https:\/\/www.ewigerbund.org\/film\/05-abdankung-des-kaisers\/\" aria-label=\"Mehr zu #05 Abdankung des Kaisers.\">Weiterlesen &#8230;<\/a><\/div><\/li>\n<li><div class=\"wp-block-latest-posts__featured-image aligncenter\"><a href=\"https:\/\/www.ewigerbund.org\/film\/06-vaterlaendischer-hilfsdienst\/\" aria-label=\"#06 Vaterl\u00e4ndischer Hilfsdienst.\"><img loading=\"lazy\" decoding=\"async\" width=\"1024\" height=\"582\" src=\"https:\/\/www.ewigerbund.org\/film\/wp-content\/uploads\/sites\/38\/2022\/05\/EB-Mediathek-Film6-1024x582.jpg\" class=\"attachment-large size-large wp-post-image\" alt=\"\" style=\"\" srcset=\"https:\/\/www.ewigerbund.org\/film\/wp-content\/uploads\/sites\/38\/2022\/05\/EB-Mediathek-Film6-1024x582.jpg 1024w, https:\/\/www.ewigerbund.org\/film\/wp-content\/uploads\/sites\/38\/2022\/05\/EB-Mediathek-Film6-300x171.jpg 300w, https:\/\/www.ewigerbund.org\/film\/wp-content\/uploads\/sites\/38\/2022\/05\/EB-Mediathek-Film6-768x437.jpg 768w, https:\/\/www.ewigerbund.org\/film\/wp-content\/uploads\/sites\/38\/2022\/05\/EB-Mediathek-Film6-1536x873.jpg 1536w, https:\/\/www.ewigerbund.org\/film\/wp-content\/uploads\/sites\/38\/2022\/05\/EB-Mediathek-Film6.jpg 1748w\" sizes=\"auto, (max-width: 1024px) 100vw, 1024px\" \/><\/a><\/div><a class=\"wp-block-latest-posts__post-title\" href=\"https:\/\/www.ewigerbund.org\/film\/06-vaterlaendischer-hilfsdienst\/\">#06 Vaterl\u00e4ndischer Hilfsdienst.<\/a><div class=\"wp-block-latest-posts__post-excerpt\">Vaterl\u00e4ndischer Hilfsdienst. Wissen ist eine Holschuld 6. Der vaterl\u00e4ndische Hilfsdienst &#8211; VHD. Der vaterl\u00e4ndische Hilfsdienst wurde per Gesetz am 05. &#8230; <a title=\"#06 Vaterl\u00e4ndischer Hilfsdienst.\" class=\"read-more\" href=\"https:\/\/www.ewigerbund.org\/film\/06-vaterlaendischer-hilfsdienst\/\" aria-label=\"Mehr zu #06 Vaterl\u00e4ndischer Hilfsdienst.\">Weiterlesen &#8230;<\/a><\/div><\/li>\n<li><div class=\"wp-block-latest-posts__featured-image aligncenter\"><a href=\"https:\/\/www.ewigerbund.org\/film\/07-schwarz-weiss-rot-die-farben-des-ewigen-bundes\/\" aria-label=\"#07 Schwarz-Weiss-Rot &#8211; die Farben des ewigen Bundes.\"><img loading=\"lazy\" decoding=\"async\" width=\"1024\" height=\"582\" src=\"https:\/\/www.ewigerbund.org\/film\/wp-content\/uploads\/sites\/38\/2023\/02\/EB-Mediathek-Film7-1024x582.jpg\" class=\"attachment-large size-large wp-post-image\" alt=\"\" style=\"\" srcset=\"https:\/\/www.ewigerbund.org\/film\/wp-content\/uploads\/sites\/38\/2023\/02\/EB-Mediathek-Film7-1024x582.jpg 1024w, https:\/\/www.ewigerbund.org\/film\/wp-content\/uploads\/sites\/38\/2023\/02\/EB-Mediathek-Film7-300x171.jpg 300w, https:\/\/www.ewigerbund.org\/film\/wp-content\/uploads\/sites\/38\/2023\/02\/EB-Mediathek-Film7-768x437.jpg 768w, https:\/\/www.ewigerbund.org\/film\/wp-content\/uploads\/sites\/38\/2023\/02\/EB-Mediathek-Film7-1536x873.jpg 1536w, https:\/\/www.ewigerbund.org\/film\/wp-content\/uploads\/sites\/38\/2023\/02\/EB-Mediathek-Film7.jpg 1748w\" sizes=\"auto, (max-width: 1024px) 100vw, 1024px\" \/><\/a><\/div><a class=\"wp-block-latest-posts__post-title\" href=\"https:\/\/www.ewigerbund.org\/film\/07-schwarz-weiss-rot-die-farben-des-ewigen-bundes\/\">#07 Schwarz-Weiss-Rot &#8211; die Farben des ewigen Bundes.<\/a><div class=\"wp-block-latest-posts__post-excerpt\">Schwarz-Weiss-Rot &#8211; die Farben des ewigen Bundes. Wissen ist eine Holschuld 7. Schwarz-wei\u00df-rot bilden seit 1867 die Farben des Norddeutschen &#8230; <a title=\"#07 Schwarz-Weiss-Rot &#8211; die Farben des ewigen Bundes.\" class=\"read-more\" href=\"https:\/\/www.ewigerbund.org\/film\/07-schwarz-weiss-rot-die-farben-des-ewigen-bundes\/\" aria-label=\"Mehr zu #07 Schwarz-Weiss-Rot &#8211; die Farben des ewigen Bundes.\">Weiterlesen &#8230;<\/a><\/div><\/li>\n<li><div class=\"wp-block-latest-posts__featured-image aligncenter\"><a href=\"https:\/\/www.ewigerbund.org\/film\/08-vom-abdruck-wurde-abgesehen\/\" aria-label=\"#08 Vom Abdruck wurde abgesehen.\"><img loading=\"lazy\" decoding=\"async\" width=\"1024\" height=\"582\" src=\"https:\/\/www.ewigerbund.org\/film\/wp-content\/uploads\/sites\/38\/2022\/05\/EB-Mediathek-Film8-1024x582.jpg\" class=\"attachment-large size-large wp-post-image\" alt=\"\" style=\"\" srcset=\"https:\/\/www.ewigerbund.org\/film\/wp-content\/uploads\/sites\/38\/2022\/05\/EB-Mediathek-Film8-1024x582.jpg 1024w, https:\/\/www.ewigerbund.org\/film\/wp-content\/uploads\/sites\/38\/2022\/05\/EB-Mediathek-Film8-300x171.jpg 300w, https:\/\/www.ewigerbund.org\/film\/wp-content\/uploads\/sites\/38\/2022\/05\/EB-Mediathek-Film8-768x437.jpg 768w, https:\/\/www.ewigerbund.org\/film\/wp-content\/uploads\/sites\/38\/2022\/05\/EB-Mediathek-Film8-1536x873.jpg 1536w, https:\/\/www.ewigerbund.org\/film\/wp-content\/uploads\/sites\/38\/2022\/05\/EB-Mediathek-Film8.jpg 1748w\" sizes=\"auto, (max-width: 1024px) 100vw, 1024px\" \/><\/a><\/div><a class=\"wp-block-latest-posts__post-title\" href=\"https:\/\/www.ewigerbund.org\/film\/08-vom-abdruck-wurde-abgesehen\/\">#08 Vom Abdruck wurde abgesehen.<\/a><div class=\"wp-block-latest-posts__post-excerpt\">Vom Abdruck wurde abgesehen. Wissen ist eine Holschuld 8. Das BGB. Jeder Hausbesitzer sollte sich seinen Versicherungsschein der Wohngeb\u00e4udeversicherung einmal &#8230; <a title=\"#08 Vom Abdruck wurde abgesehen.\" class=\"read-more\" href=\"https:\/\/www.ewigerbund.org\/film\/08-vom-abdruck-wurde-abgesehen\/\" aria-label=\"Mehr zu #08 Vom Abdruck wurde abgesehen.\">Weiterlesen &#8230;<\/a><\/div><\/li>\n<li><div class=\"wp-block-latest-posts__featured-image aligncenter\"><a href=\"https:\/\/www.ewigerbund.org\/film\/09-der-kaiser-ein-allmaechtiger-monarch\/\" aria-label=\"#09 Der Kaiser, ein allm\u00e4chtiger Monarch?\"><img loading=\"lazy\" decoding=\"async\" width=\"1024\" height=\"582\" src=\"https:\/\/www.ewigerbund.org\/film\/wp-content\/uploads\/sites\/38\/2022\/05\/EB-Mediathek-Film9-1024x582.jpg\" class=\"attachment-large size-large wp-post-image\" alt=\"\" style=\"\" srcset=\"https:\/\/www.ewigerbund.org\/film\/wp-content\/uploads\/sites\/38\/2022\/05\/EB-Mediathek-Film9-1024x582.jpg 1024w, https:\/\/www.ewigerbund.org\/film\/wp-content\/uploads\/sites\/38\/2022\/05\/EB-Mediathek-Film9-300x171.jpg 300w, https:\/\/www.ewigerbund.org\/film\/wp-content\/uploads\/sites\/38\/2022\/05\/EB-Mediathek-Film9-768x437.jpg 768w, https:\/\/www.ewigerbund.org\/film\/wp-content\/uploads\/sites\/38\/2022\/05\/EB-Mediathek-Film9-1536x873.jpg 1536w, https:\/\/www.ewigerbund.org\/film\/wp-content\/uploads\/sites\/38\/2022\/05\/EB-Mediathek-Film9.jpg 1748w\" sizes=\"auto, (max-width: 1024px) 100vw, 1024px\" \/><\/a><\/div><a class=\"wp-block-latest-posts__post-title\" href=\"https:\/\/www.ewigerbund.org\/film\/09-der-kaiser-ein-allmaechtiger-monarch\/\">#09 Der Kaiser, ein allm\u00e4chtiger Monarch?<\/a><div class=\"wp-block-latest-posts__post-excerpt\">Der Kaiser, ein allm\u00e4chtiger Monarch? Wissen ist eine Holschuld 9. Recht und Kaiser. Aufgrund gezielter Falschinformationen, sowohl von Systemmedien als &#8230; <a title=\"#09 Der Kaiser, ein allm\u00e4chtiger Monarch?\" class=\"read-more\" href=\"https:\/\/www.ewigerbund.org\/film\/09-der-kaiser-ein-allmaechtiger-monarch\/\" aria-label=\"Mehr zu #09 Der Kaiser, ein allm\u00e4chtiger Monarch?\">Weiterlesen &#8230;<\/a><\/div><\/li>\n<li><div class=\"wp-block-latest-posts__featured-image aligncenter\"><a href=\"https:\/\/www.ewigerbund.org\/film\/10-vatikan-und-das-kaiserreich\/\" aria-label=\"#10 Vatikan und das Kaiserreich.\"><img loading=\"lazy\" decoding=\"async\" width=\"1024\" height=\"582\" src=\"https:\/\/www.ewigerbund.org\/film\/wp-content\/uploads\/sites\/38\/2023\/02\/EB-Mediathek-Film10-1024x582.jpg\" class=\"attachment-large size-large wp-post-image\" alt=\"\" style=\"\" srcset=\"https:\/\/www.ewigerbund.org\/film\/wp-content\/uploads\/sites\/38\/2023\/02\/EB-Mediathek-Film10-1024x582.jpg 1024w, https:\/\/www.ewigerbund.org\/film\/wp-content\/uploads\/sites\/38\/2023\/02\/EB-Mediathek-Film10-300x171.jpg 300w, https:\/\/www.ewigerbund.org\/film\/wp-content\/uploads\/sites\/38\/2023\/02\/EB-Mediathek-Film10-768x437.jpg 768w, https:\/\/www.ewigerbund.org\/film\/wp-content\/uploads\/sites\/38\/2023\/02\/EB-Mediathek-Film10-1536x873.jpg 1536w, https:\/\/www.ewigerbund.org\/film\/wp-content\/uploads\/sites\/38\/2023\/02\/EB-Mediathek-Film10.jpg 1748w\" sizes=\"auto, (max-width: 1024px) 100vw, 1024px\" \/><\/a><\/div><a class=\"wp-block-latest-posts__post-title\" href=\"https:\/\/www.ewigerbund.org\/film\/10-vatikan-und-das-kaiserreich\/\">#10 Vatikan und das Kaiserreich.<\/a><div class=\"wp-block-latest-posts__post-excerpt\">Vatikan und das Kaiserreich. Wissen ist eine Holschuld 10. Um 1500. \u201eEs gebe der Papst her Rom und alles, was &#8230; <a title=\"#10 Vatikan und das Kaiserreich.\" class=\"read-more\" href=\"https:\/\/www.ewigerbund.org\/film\/10-vatikan-und-das-kaiserreich\/\" aria-label=\"Mehr zu #10 Vatikan und das Kaiserreich.\">Weiterlesen &#8230;<\/a><\/div><\/li>\n<li><div class=\"wp-block-latest-posts__featured-image aligncenter\"><a href=\"https:\/\/www.ewigerbund.org\/film\/11-wohlfahrt-des-deutschen-volkes\/\" aria-label=\"#11 Wohlfahrt des deutschen Volkes.\"><img loading=\"lazy\" decoding=\"async\" width=\"1024\" height=\"582\" src=\"https:\/\/www.ewigerbund.org\/film\/wp-content\/uploads\/sites\/38\/2023\/02\/EB-Mediathek-Film11-1024x582.jpg\" class=\"attachment-large size-large wp-post-image\" alt=\"\" style=\"\" srcset=\"https:\/\/www.ewigerbund.org\/film\/wp-content\/uploads\/sites\/38\/2023\/02\/EB-Mediathek-Film11-1024x582.jpg 1024w, https:\/\/www.ewigerbund.org\/film\/wp-content\/uploads\/sites\/38\/2023\/02\/EB-Mediathek-Film11-300x171.jpg 300w, https:\/\/www.ewigerbund.org\/film\/wp-content\/uploads\/sites\/38\/2023\/02\/EB-Mediathek-Film11-768x437.jpg 768w, https:\/\/www.ewigerbund.org\/film\/wp-content\/uploads\/sites\/38\/2023\/02\/EB-Mediathek-Film11-1536x873.jpg 1536w, https:\/\/www.ewigerbund.org\/film\/wp-content\/uploads\/sites\/38\/2023\/02\/EB-Mediathek-Film11.jpg 1748w\" sizes=\"auto, (max-width: 1024px) 100vw, 1024px\" \/><\/a><\/div><a class=\"wp-block-latest-posts__post-title\" href=\"https:\/\/www.ewigerbund.org\/film\/11-wohlfahrt-des-deutschen-volkes\/\">#11 Wohlfahrt des deutschen Volkes.<\/a><div class=\"wp-block-latest-posts__post-excerpt\">Wohlfahrt des deutschen Volkes. Wissen ist eine Holschuld 11. Handlungsunf\u00e4higes deutsches Staatswesen. Die wenigsten Deutschen haben eine leise Vorstellung davon, &#8230; <a title=\"#11 Wohlfahrt des deutschen Volkes.\" class=\"read-more\" href=\"https:\/\/www.ewigerbund.org\/film\/11-wohlfahrt-des-deutschen-volkes\/\" aria-label=\"Mehr zu #11 Wohlfahrt des deutschen Volkes.\">Weiterlesen &#8230;<\/a><\/div><\/li>\n<li><div class=\"wp-block-latest-posts__featured-image aligncenter\"><a href=\"https:\/\/www.ewigerbund.org\/film\/12-was-ist-das-bundesgebiet\/\" aria-label=\"#12 Was ist das Bundesgebiet?\"><img loading=\"lazy\" decoding=\"async\" width=\"1024\" height=\"582\" src=\"https:\/\/www.ewigerbund.org\/film\/wp-content\/uploads\/sites\/38\/2023\/02\/EB-Mediathek-Film12-1024x582.jpg\" class=\"attachment-large size-large wp-post-image\" alt=\"\" style=\"\" srcset=\"https:\/\/www.ewigerbund.org\/film\/wp-content\/uploads\/sites\/38\/2023\/02\/EB-Mediathek-Film12-1024x582.jpg 1024w, https:\/\/www.ewigerbund.org\/film\/wp-content\/uploads\/sites\/38\/2023\/02\/EB-Mediathek-Film12-300x171.jpg 300w, https:\/\/www.ewigerbund.org\/film\/wp-content\/uploads\/sites\/38\/2023\/02\/EB-Mediathek-Film12-768x437.jpg 768w, https:\/\/www.ewigerbund.org\/film\/wp-content\/uploads\/sites\/38\/2023\/02\/EB-Mediathek-Film12-1536x873.jpg 1536w, https:\/\/www.ewigerbund.org\/film\/wp-content\/uploads\/sites\/38\/2023\/02\/EB-Mediathek-Film12.jpg 1748w\" sizes=\"auto, (max-width: 1024px) 100vw, 1024px\" \/><\/a><\/div><a class=\"wp-block-latest-posts__post-title\" href=\"https:\/\/www.ewigerbund.org\/film\/12-was-ist-das-bundesgebiet\/\">#12 Was ist das Bundesgebiet?<\/a><div class=\"wp-block-latest-posts__post-excerpt\">Was ist das Bundesgebiet? Wissen ist eine Holschuld 12. In den t\u00e4glichen Politinszenierungen des Parteientheaters werden st\u00e4ndig bestimmte Begriffe genutzt, &#8230; <a title=\"#12 Was ist das Bundesgebiet?\" class=\"read-more\" href=\"https:\/\/www.ewigerbund.org\/film\/12-was-ist-das-bundesgebiet\/\" aria-label=\"Mehr zu #12 Was ist das Bundesgebiet?\">Weiterlesen &#8230;<\/a><\/div><\/li>\n<li><div class=\"wp-block-latest-posts__featured-image aligncenter\"><a href=\"https:\/\/www.ewigerbund.org\/film\/13-das-kaiserreich-in-zahlen\/\" aria-label=\"#13 Das Kaiserreich in Zahlen.\"><img loading=\"lazy\" decoding=\"async\" width=\"1024\" height=\"582\" src=\"https:\/\/www.ewigerbund.org\/film\/wp-content\/uploads\/sites\/38\/2022\/05\/EB-Mediathek-Film13-1024x582.jpg\" class=\"attachment-large size-large wp-post-image\" alt=\"\" style=\"\" srcset=\"https:\/\/www.ewigerbund.org\/film\/wp-content\/uploads\/sites\/38\/2022\/05\/EB-Mediathek-Film13-1024x582.jpg 1024w, https:\/\/www.ewigerbund.org\/film\/wp-content\/uploads\/sites\/38\/2022\/05\/EB-Mediathek-Film13-300x171.jpg 300w, https:\/\/www.ewigerbund.org\/film\/wp-content\/uploads\/sites\/38\/2022\/05\/EB-Mediathek-Film13-768x437.jpg 768w, https:\/\/www.ewigerbund.org\/film\/wp-content\/uploads\/sites\/38\/2022\/05\/EB-Mediathek-Film13-1536x873.jpg 1536w, https:\/\/www.ewigerbund.org\/film\/wp-content\/uploads\/sites\/38\/2022\/05\/EB-Mediathek-Film13.jpg 1748w\" sizes=\"auto, (max-width: 1024px) 100vw, 1024px\" \/><\/a><\/div><a class=\"wp-block-latest-posts__post-title\" href=\"https:\/\/www.ewigerbund.org\/film\/13-das-kaiserreich-in-zahlen\/\">#13 Das Kaiserreich in Zahlen.<\/a><div class=\"wp-block-latest-posts__post-excerpt\">Die Zahlen aus dem Deutschen Kaiserreich. Wissen ist eine Holschuld 13. Bev\u00f6lkerung. Bev\u00f6lkerung 1871 1912 Deutsches Kaiserreich 40,9 Mio. 66,1 &#8230; <a title=\"#13 Das Kaiserreich in Zahlen.\" class=\"read-more\" href=\"https:\/\/www.ewigerbund.org\/film\/13-das-kaiserreich-in-zahlen\/\" aria-label=\"Mehr zu #13 Das Kaiserreich in Zahlen.\">Weiterlesen &#8230;<\/a><\/div><\/li>\n<li><div class=\"wp-block-latest-posts__featured-image aligncenter\"><a href=\"https:\/\/www.ewigerbund.org\/film\/14-bundesverfassungsgericht-und-kaiserreich\/\" aria-label=\"#14 Bundesverfassungsgericht und Kaiserreich.\"><img loading=\"lazy\" decoding=\"async\" width=\"1024\" height=\"582\" src=\"https:\/\/www.ewigerbund.org\/film\/wp-content\/uploads\/sites\/38\/2022\/05\/EB-Mediathek-Film14-1024x582.jpg\" class=\"attachment-large size-large wp-post-image\" alt=\"\" style=\"\" srcset=\"https:\/\/www.ewigerbund.org\/film\/wp-content\/uploads\/sites\/38\/2022\/05\/EB-Mediathek-Film14-1024x582.jpg 1024w, https:\/\/www.ewigerbund.org\/film\/wp-content\/uploads\/sites\/38\/2022\/05\/EB-Mediathek-Film14-300x171.jpg 300w, https:\/\/www.ewigerbund.org\/film\/wp-content\/uploads\/sites\/38\/2022\/05\/EB-Mediathek-Film14-768x437.jpg 768w, https:\/\/www.ewigerbund.org\/film\/wp-content\/uploads\/sites\/38\/2022\/05\/EB-Mediathek-Film14-1536x873.jpg 1536w, https:\/\/www.ewigerbund.org\/film\/wp-content\/uploads\/sites\/38\/2022\/05\/EB-Mediathek-Film14.jpg 1748w\" sizes=\"auto, (max-width: 1024px) 100vw, 1024px\" \/><\/a><\/div><a class=\"wp-block-latest-posts__post-title\" href=\"https:\/\/www.ewigerbund.org\/film\/14-bundesverfassungsgericht-und-kaiserreich\/\">#14 Bundesverfassungsgericht und Kaiserreich.<\/a><div class=\"wp-block-latest-posts__post-excerpt\">BRD Bundesverfassungsgericht und das Deutsche Kaiserreich. Wissen ist eine Holschuld 14. Der \u201eAlte Fritz\u201c, Preu\u00dfens gro\u00dfer K\u00f6nig Friedrich der Zweite, &#8230; <a title=\"#14 Bundesverfassungsgericht und Kaiserreich.\" class=\"read-more\" href=\"https:\/\/www.ewigerbund.org\/film\/14-bundesverfassungsgericht-und-kaiserreich\/\" aria-label=\"Mehr zu #14 Bundesverfassungsgericht und Kaiserreich.\">Weiterlesen &#8230;<\/a><\/div><\/li>\n<li><div class=\"wp-block-latest-posts__featured-image aligncenter\"><a href=\"https:\/\/www.ewigerbund.org\/film\/15-zum-wohle-der-gesundheit\/\" aria-label=\"#15 Zum Wohle der Gesundheit.\"><img loading=\"lazy\" decoding=\"async\" width=\"1024\" height=\"582\" src=\"https:\/\/www.ewigerbund.org\/film\/wp-content\/uploads\/sites\/38\/2023\/02\/EB-Mediathek-Film15-1024x582.jpg\" class=\"attachment-large size-large wp-post-image\" alt=\"\" style=\"\" srcset=\"https:\/\/www.ewigerbund.org\/film\/wp-content\/uploads\/sites\/38\/2023\/02\/EB-Mediathek-Film15-1024x582.jpg 1024w, https:\/\/www.ewigerbund.org\/film\/wp-content\/uploads\/sites\/38\/2023\/02\/EB-Mediathek-Film15-300x171.jpg 300w, https:\/\/www.ewigerbund.org\/film\/wp-content\/uploads\/sites\/38\/2023\/02\/EB-Mediathek-Film15-768x437.jpg 768w, https:\/\/www.ewigerbund.org\/film\/wp-content\/uploads\/sites\/38\/2023\/02\/EB-Mediathek-Film15-1536x873.jpg 1536w, https:\/\/www.ewigerbund.org\/film\/wp-content\/uploads\/sites\/38\/2023\/02\/EB-Mediathek-Film15.jpg 1748w\" sizes=\"auto, (max-width: 1024px) 100vw, 1024px\" \/><\/a><\/div><a class=\"wp-block-latest-posts__post-title\" href=\"https:\/\/www.ewigerbund.org\/film\/15-zum-wohle-der-gesundheit\/\">#15 Zum Wohle der Gesundheit.<\/a><div class=\"wp-block-latest-posts__post-excerpt\">Zum Wohle der Gesundheit. Wissen ist eine Holschuld 15. Nur der blau\u00e4ugigste Realit\u00e4tsverweigerer hat noch immer nicht erkannt, da\u00df er &#8230; <a title=\"#15 Zum Wohle der Gesundheit.\" class=\"read-more\" href=\"https:\/\/www.ewigerbund.org\/film\/15-zum-wohle-der-gesundheit\/\" aria-label=\"Mehr zu #15 Zum Wohle der Gesundheit.\">Weiterlesen &#8230;<\/a><\/div><\/li>\n<li><div class=\"wp-block-latest-posts__featured-image aligncenter\"><a href=\"https:\/\/www.ewigerbund.org\/film\/16-psychologische-kriegsfuehrung-gegen-den-unterthan\/\" aria-label=\"#16 Psychologische Kriegsf\u00fchrung gegen den Unterthan.\"><img loading=\"lazy\" decoding=\"async\" width=\"1024\" height=\"582\" src=\"https:\/\/www.ewigerbund.org\/film\/wp-content\/uploads\/sites\/38\/2023\/02\/EB-Mediathek-Film16-1024x582.jpg\" class=\"attachment-large size-large wp-post-image\" alt=\"\" style=\"\" srcset=\"https:\/\/www.ewigerbund.org\/film\/wp-content\/uploads\/sites\/38\/2023\/02\/EB-Mediathek-Film16-1024x582.jpg 1024w, https:\/\/www.ewigerbund.org\/film\/wp-content\/uploads\/sites\/38\/2023\/02\/EB-Mediathek-Film16-300x171.jpg 300w, https:\/\/www.ewigerbund.org\/film\/wp-content\/uploads\/sites\/38\/2023\/02\/EB-Mediathek-Film16-768x437.jpg 768w, https:\/\/www.ewigerbund.org\/film\/wp-content\/uploads\/sites\/38\/2023\/02\/EB-Mediathek-Film16-1536x873.jpg 1536w, https:\/\/www.ewigerbund.org\/film\/wp-content\/uploads\/sites\/38\/2023\/02\/EB-Mediathek-Film16.jpg 1748w\" sizes=\"auto, (max-width: 1024px) 100vw, 1024px\" \/><\/a><\/div><a class=\"wp-block-latest-posts__post-title\" href=\"https:\/\/www.ewigerbund.org\/film\/16-psychologische-kriegsfuehrung-gegen-den-unterthan\/\">#16 Psychologische Kriegsf\u00fchrung gegen den Unterthan.<\/a><div class=\"wp-block-latest-posts__post-excerpt\">Psychologische Kriegsf\u00fchrung gegen den Unterthan. Wissen ist eine Holschuld 16. Psychologische Kriegsf\u00fchrung ist nicht neu und noch immer eine der &#8230; <a title=\"#16 Psychologische Kriegsf\u00fchrung gegen den Unterthan.\" class=\"read-more\" href=\"https:\/\/www.ewigerbund.org\/film\/16-psychologische-kriegsfuehrung-gegen-den-unterthan\/\" aria-label=\"Mehr zu #16 Psychologische Kriegsf\u00fchrung gegen den Unterthan.\">Weiterlesen &#8230;<\/a><\/div><\/li>\n<li><div class=\"wp-block-latest-posts__featured-image aligncenter\"><a href=\"https:\/\/www.ewigerbund.org\/film\/17-deutscher-goldstandard\/\" aria-label=\"#17 Deutscher Goldstandard.\"><img loading=\"lazy\" decoding=\"async\" width=\"1024\" height=\"582\" src=\"https:\/\/www.ewigerbund.org\/film\/wp-content\/uploads\/sites\/38\/2023\/02\/EB-Mediathek-Film17-1024x582.jpg\" class=\"attachment-large size-large wp-post-image\" alt=\"\" style=\"\" srcset=\"https:\/\/www.ewigerbund.org\/film\/wp-content\/uploads\/sites\/38\/2023\/02\/EB-Mediathek-Film17-1024x582.jpg 1024w, https:\/\/www.ewigerbund.org\/film\/wp-content\/uploads\/sites\/38\/2023\/02\/EB-Mediathek-Film17-300x171.jpg 300w, https:\/\/www.ewigerbund.org\/film\/wp-content\/uploads\/sites\/38\/2023\/02\/EB-Mediathek-Film17-768x437.jpg 768w, https:\/\/www.ewigerbund.org\/film\/wp-content\/uploads\/sites\/38\/2023\/02\/EB-Mediathek-Film17-1536x873.jpg 1536w, https:\/\/www.ewigerbund.org\/film\/wp-content\/uploads\/sites\/38\/2023\/02\/EB-Mediathek-Film17.jpg 1748w\" sizes=\"auto, (max-width: 1024px) 100vw, 1024px\" \/><\/a><\/div><a class=\"wp-block-latest-posts__post-title\" href=\"https:\/\/www.ewigerbund.org\/film\/17-deutscher-goldstandard\/\">#17 Deutscher Goldstandard.<\/a><div class=\"wp-block-latest-posts__post-excerpt\">Deutscher Goldstandard. Wissen ist eine Holschuld 17. Mit der Reichsgr\u00fcndung 1871 erfolgte auch ein Schritt, der, so unbedeutend er scheinen &#8230; <a title=\"#17 Deutscher Goldstandard.\" class=\"read-more\" href=\"https:\/\/www.ewigerbund.org\/film\/17-deutscher-goldstandard\/\" aria-label=\"Mehr zu #17 Deutscher Goldstandard.\">Weiterlesen &#8230;<\/a><\/div><\/li>\n<li><div class=\"wp-block-latest-posts__featured-image aligncenter\"><a href=\"https:\/\/www.ewigerbund.org\/film\/18-preussen-deutschland-teil-1\/\" aria-label=\"#18 Preu\u00dfen-Deutschland Teil 1\"><img loading=\"lazy\" decoding=\"async\" width=\"1024\" height=\"582\" src=\"https:\/\/www.ewigerbund.org\/film\/wp-content\/uploads\/sites\/38\/2023\/02\/EB-Mediathek-Film18-1024x582.jpg\" class=\"attachment-large size-large wp-post-image\" alt=\"\" style=\"\" srcset=\"https:\/\/www.ewigerbund.org\/film\/wp-content\/uploads\/sites\/38\/2023\/02\/EB-Mediathek-Film18-1024x582.jpg 1024w, https:\/\/www.ewigerbund.org\/film\/wp-content\/uploads\/sites\/38\/2023\/02\/EB-Mediathek-Film18-300x171.jpg 300w, https:\/\/www.ewigerbund.org\/film\/wp-content\/uploads\/sites\/38\/2023\/02\/EB-Mediathek-Film18-768x437.jpg 768w, https:\/\/www.ewigerbund.org\/film\/wp-content\/uploads\/sites\/38\/2023\/02\/EB-Mediathek-Film18-1536x873.jpg 1536w, https:\/\/www.ewigerbund.org\/film\/wp-content\/uploads\/sites\/38\/2023\/02\/EB-Mediathek-Film18.jpg 1748w\" sizes=\"auto, (max-width: 1024px) 100vw, 1024px\" \/><\/a><\/div><a class=\"wp-block-latest-posts__post-title\" href=\"https:\/\/www.ewigerbund.org\/film\/18-preussen-deutschland-teil-1\/\">#18 Preu\u00dfen-Deutschland Teil 1<\/a><div class=\"wp-block-latest-posts__post-excerpt\">Preu\u00dfen-Deutschland Teil 1. Wissen ist eine Holschuld 18. Inzwischen sollte jeder selbst und klar denkende Deutsche bemerkt haben, da\u00df das &#8230; <a title=\"#18 Preu\u00dfen-Deutschland Teil 1\" class=\"read-more\" href=\"https:\/\/www.ewigerbund.org\/film\/18-preussen-deutschland-teil-1\/\" aria-label=\"Mehr zu #18 Preu\u00dfen-Deutschland Teil 1\">Weiterlesen &#8230;<\/a><\/div><\/li>\n<li><div class=\"wp-block-latest-posts__featured-image aligncenter\"><a href=\"https:\/\/www.ewigerbund.org\/film\/19-preussen-deutschland-teil-2\/\" aria-label=\"#19 Preu\u00dfen-Deutschland Teil 2\"><img loading=\"lazy\" decoding=\"async\" width=\"1024\" height=\"582\" src=\"https:\/\/www.ewigerbund.org\/film\/wp-content\/uploads\/sites\/38\/2023\/02\/EB-Mediathek-Film19-1024x582.jpg\" class=\"attachment-large size-large wp-post-image\" alt=\"\" style=\"\" srcset=\"https:\/\/www.ewigerbund.org\/film\/wp-content\/uploads\/sites\/38\/2023\/02\/EB-Mediathek-Film19-1024x582.jpg 1024w, https:\/\/www.ewigerbund.org\/film\/wp-content\/uploads\/sites\/38\/2023\/02\/EB-Mediathek-Film19-300x171.jpg 300w, https:\/\/www.ewigerbund.org\/film\/wp-content\/uploads\/sites\/38\/2023\/02\/EB-Mediathek-Film19-768x437.jpg 768w, https:\/\/www.ewigerbund.org\/film\/wp-content\/uploads\/sites\/38\/2023\/02\/EB-Mediathek-Film19-1536x873.jpg 1536w, https:\/\/www.ewigerbund.org\/film\/wp-content\/uploads\/sites\/38\/2023\/02\/EB-Mediathek-Film19.jpg 1748w\" sizes=\"auto, (max-width: 1024px) 100vw, 1024px\" \/><\/a><\/div><a class=\"wp-block-latest-posts__post-title\" href=\"https:\/\/www.ewigerbund.org\/film\/19-preussen-deutschland-teil-2\/\">#19 Preu\u00dfen-Deutschland Teil 2<\/a><div class=\"wp-block-latest-posts__post-excerpt\">Preu\u00dfen-Deutschland Teil 2. Wissen ist eine Holschuld 19. Das den Deutschen aufgezwungene Geschichtsbild br\u00f6ckelt immer st\u00e4rker. Immer mehr erkennen, wie &#8230; <a title=\"#19 Preu\u00dfen-Deutschland Teil 2\" class=\"read-more\" href=\"https:\/\/www.ewigerbund.org\/film\/19-preussen-deutschland-teil-2\/\" aria-label=\"Mehr zu #19 Preu\u00dfen-Deutschland Teil 2\">Weiterlesen &#8230;<\/a><\/div><\/li>\n<li><div class=\"wp-block-latest-posts__featured-image aligncenter\"><a href=\"https:\/\/www.ewigerbund.org\/film\/20-preussen-deutschland-teil-3\/\" aria-label=\"#20 Preu\u00dfen-Deutschland Teil 3\"><img loading=\"lazy\" decoding=\"async\" width=\"1024\" height=\"582\" src=\"https:\/\/www.ewigerbund.org\/film\/wp-content\/uploads\/sites\/38\/2023\/02\/EB-Mediathek-Film20-1024x582.jpg\" class=\"attachment-large size-large wp-post-image\" alt=\"\" style=\"\" srcset=\"https:\/\/www.ewigerbund.org\/film\/wp-content\/uploads\/sites\/38\/2023\/02\/EB-Mediathek-Film20-1024x582.jpg 1024w, https:\/\/www.ewigerbund.org\/film\/wp-content\/uploads\/sites\/38\/2023\/02\/EB-Mediathek-Film20-300x171.jpg 300w, https:\/\/www.ewigerbund.org\/film\/wp-content\/uploads\/sites\/38\/2023\/02\/EB-Mediathek-Film20-768x437.jpg 768w, https:\/\/www.ewigerbund.org\/film\/wp-content\/uploads\/sites\/38\/2023\/02\/EB-Mediathek-Film20-1536x873.jpg 1536w, https:\/\/www.ewigerbund.org\/film\/wp-content\/uploads\/sites\/38\/2023\/02\/EB-Mediathek-Film20.jpg 1748w\" sizes=\"auto, (max-width: 1024px) 100vw, 1024px\" \/><\/a><\/div><a class=\"wp-block-latest-posts__post-title\" href=\"https:\/\/www.ewigerbund.org\/film\/20-preussen-deutschland-teil-3\/\">#20 Preu\u00dfen-Deutschland Teil 3<\/a><div class=\"wp-block-latest-posts__post-excerpt\">Preu\u00dfen-Deutschland Teil 3. Wissen ist eine Holschuld 20. Um den Zugang der Deutschen zu ihrer wahren Geschichte weiter zu erm\u00f6glichen, &#8230; <a title=\"#20 Preu\u00dfen-Deutschland Teil 3\" class=\"read-more\" href=\"https:\/\/www.ewigerbund.org\/film\/20-preussen-deutschland-teil-3\/\" aria-label=\"Mehr zu #20 Preu\u00dfen-Deutschland Teil 3\">Weiterlesen &#8230;<\/a><\/div><\/li>\n<li><div class=\"wp-block-latest-posts__featured-image aligncenter\"><a href=\"https:\/\/www.ewigerbund.org\/film\/21-verantwortungslosigkeit-oder-verantwortung\/\" aria-label=\"#21 Verantwortungslosigkeit oder Verantwortung?\"><img loading=\"lazy\" decoding=\"async\" width=\"1024\" height=\"582\" src=\"https:\/\/www.ewigerbund.org\/film\/wp-content\/uploads\/sites\/38\/2023\/02\/EB-Mediathek-Film21-1024x582.jpg\" class=\"attachment-large size-large wp-post-image\" alt=\"\" style=\"\" srcset=\"https:\/\/www.ewigerbund.org\/film\/wp-content\/uploads\/sites\/38\/2023\/02\/EB-Mediathek-Film21-1024x582.jpg 1024w, https:\/\/www.ewigerbund.org\/film\/wp-content\/uploads\/sites\/38\/2023\/02\/EB-Mediathek-Film21-300x171.jpg 300w, https:\/\/www.ewigerbund.org\/film\/wp-content\/uploads\/sites\/38\/2023\/02\/EB-Mediathek-Film21-768x437.jpg 768w, https:\/\/www.ewigerbund.org\/film\/wp-content\/uploads\/sites\/38\/2023\/02\/EB-Mediathek-Film21-1536x873.jpg 1536w, https:\/\/www.ewigerbund.org\/film\/wp-content\/uploads\/sites\/38\/2023\/02\/EB-Mediathek-Film21.jpg 1748w\" sizes=\"auto, (max-width: 1024px) 100vw, 1024px\" \/><\/a><\/div><a class=\"wp-block-latest-posts__post-title\" href=\"https:\/\/www.ewigerbund.org\/film\/21-verantwortungslosigkeit-oder-verantwortung\/\">#21 Verantwortungslosigkeit oder Verantwortung?<\/a><div class=\"wp-block-latest-posts__post-excerpt\">Wer hat die Gewalt \u00fcber deutsche Schul- und Geschichtsb\u00fccher? Nun, jedenfalls nicht die Deutschen selbst. Insbesondere die Leitmedien befinden sich nicht in deutschen H\u00e4nden, sie sind im Gegenteil durchdrungen von den deutschen V\u00f6lkern nicht wohlgesonnen Kr\u00e4ften.<\/div><\/li>\n<li><div class=\"wp-block-latest-posts__featured-image aligncenter\"><a href=\"https:\/\/www.ewigerbund.org\/film\/22-preussen-deutschland-teil-4-kaiserreich-adel-und-tugenden\/\" aria-label=\"#22 Preu\u00dfen-Deutschland Teil 4\"><img loading=\"lazy\" decoding=\"async\" width=\"1024\" height=\"582\" src=\"https:\/\/www.ewigerbund.org\/film\/wp-content\/uploads\/sites\/38\/2023\/02\/EB-Mediathek-Film22-1024x582.jpg\" class=\"attachment-large size-large wp-post-image\" alt=\"\" style=\"\" srcset=\"https:\/\/www.ewigerbund.org\/film\/wp-content\/uploads\/sites\/38\/2023\/02\/EB-Mediathek-Film22-1024x582.jpg 1024w, https:\/\/www.ewigerbund.org\/film\/wp-content\/uploads\/sites\/38\/2023\/02\/EB-Mediathek-Film22-300x171.jpg 300w, https:\/\/www.ewigerbund.org\/film\/wp-content\/uploads\/sites\/38\/2023\/02\/EB-Mediathek-Film22-768x437.jpg 768w, https:\/\/www.ewigerbund.org\/film\/wp-content\/uploads\/sites\/38\/2023\/02\/EB-Mediathek-Film22-1536x873.jpg 1536w, https:\/\/www.ewigerbund.org\/film\/wp-content\/uploads\/sites\/38\/2023\/02\/EB-Mediathek-Film22.jpg 1748w\" sizes=\"auto, (max-width: 1024px) 100vw, 1024px\" \/><\/a><\/div><a class=\"wp-block-latest-posts__post-title\" href=\"https:\/\/www.ewigerbund.org\/film\/22-preussen-deutschland-teil-4-kaiserreich-adel-und-tugenden\/\">#22 Preu\u00dfen-Deutschland Teil 4<\/a><div class=\"wp-block-latest-posts__post-excerpt\">Preu\u00dfen-Deutschland Teil 4. Wissen ist eine Holschuld 22. Kaiserreich, Adel und Tugenden. Nicht nur das deutsche Kaiserreich selbst, sondern auch &#8230; <a title=\"#22 Preu\u00dfen-Deutschland Teil 4\" class=\"read-more\" href=\"https:\/\/www.ewigerbund.org\/film\/22-preussen-deutschland-teil-4-kaiserreich-adel-und-tugenden\/\" aria-label=\"Mehr zu #22 Preu\u00dfen-Deutschland Teil 4\">Weiterlesen &#8230;<\/a><\/div><\/li>\n<li><div class=\"wp-block-latest-posts__featured-image aligncenter\"><a href=\"https:\/\/www.ewigerbund.org\/film\/23-sind-die-deutschen-lernfaehig\/\" aria-label=\"#23 Sind die Deutschen lernf\u00e4hig?\"><img loading=\"lazy\" decoding=\"async\" width=\"1024\" height=\"582\" src=\"https:\/\/www.ewigerbund.org\/film\/wp-content\/uploads\/sites\/38\/2023\/02\/EB-Mediathek-Film23-1024x582.jpg\" class=\"attachment-large size-large wp-post-image\" alt=\"\" style=\"\" srcset=\"https:\/\/www.ewigerbund.org\/film\/wp-content\/uploads\/sites\/38\/2023\/02\/EB-Mediathek-Film23-1024x582.jpg 1024w, https:\/\/www.ewigerbund.org\/film\/wp-content\/uploads\/sites\/38\/2023\/02\/EB-Mediathek-Film23-300x171.jpg 300w, https:\/\/www.ewigerbund.org\/film\/wp-content\/uploads\/sites\/38\/2023\/02\/EB-Mediathek-Film23-768x437.jpg 768w, https:\/\/www.ewigerbund.org\/film\/wp-content\/uploads\/sites\/38\/2023\/02\/EB-Mediathek-Film23-1536x873.jpg 1536w, https:\/\/www.ewigerbund.org\/film\/wp-content\/uploads\/sites\/38\/2023\/02\/EB-Mediathek-Film23.jpg 1748w\" sizes=\"auto, (max-width: 1024px) 100vw, 1024px\" \/><\/a><\/div><a class=\"wp-block-latest-posts__post-title\" href=\"https:\/\/www.ewigerbund.org\/film\/23-sind-die-deutschen-lernfaehig\/\">#23 Sind die Deutschen lernf\u00e4hig?<\/a><div class=\"wp-block-latest-posts__post-excerpt\">Lernf\u00e4higkeit des Menschen. Wissen ist eine Holschuld 23. Eigentlich m\u00f6chte man annehmen, da\u00df der Mensch als vermeintlich intelligenteste Spezies auf &#8230; <a title=\"#23 Sind die Deutschen lernf\u00e4hig?\" class=\"read-more\" href=\"https:\/\/www.ewigerbund.org\/film\/23-sind-die-deutschen-lernfaehig\/\" aria-label=\"Mehr zu #23 Sind die Deutschen lernf\u00e4hig?\">Weiterlesen &#8230;<\/a><\/div><\/li>\n<li><div class=\"wp-block-latest-posts__featured-image aligncenter\"><a href=\"https:\/\/www.ewigerbund.org\/film\/24-wahrheit-oder-honigtopf\/\" aria-label=\"#24 Wahrheit oder Honigtopf?\"><img loading=\"lazy\" decoding=\"async\" width=\"1024\" height=\"582\" src=\"https:\/\/www.ewigerbund.org\/film\/wp-content\/uploads\/sites\/38\/2023\/02\/EB-Mediathek-Film24-1024x582.jpg\" class=\"attachment-large size-large wp-post-image\" alt=\"\" style=\"\" srcset=\"https:\/\/www.ewigerbund.org\/film\/wp-content\/uploads\/sites\/38\/2023\/02\/EB-Mediathek-Film24-1024x582.jpg 1024w, https:\/\/www.ewigerbund.org\/film\/wp-content\/uploads\/sites\/38\/2023\/02\/EB-Mediathek-Film24-300x171.jpg 300w, https:\/\/www.ewigerbund.org\/film\/wp-content\/uploads\/sites\/38\/2023\/02\/EB-Mediathek-Film24-768x437.jpg 768w, https:\/\/www.ewigerbund.org\/film\/wp-content\/uploads\/sites\/38\/2023\/02\/EB-Mediathek-Film24-1536x873.jpg 1536w, https:\/\/www.ewigerbund.org\/film\/wp-content\/uploads\/sites\/38\/2023\/02\/EB-Mediathek-Film24.jpg 1748w\" sizes=\"auto, (max-width: 1024px) 100vw, 1024px\" \/><\/a><\/div><a class=\"wp-block-latest-posts__post-title\" href=\"https:\/\/www.ewigerbund.org\/film\/24-wahrheit-oder-honigtopf\/\">#24 Wahrheit oder Honigtopf?<\/a><div class=\"wp-block-latest-posts__post-excerpt\">Wahrheit oder Honigtopf? Wissen ist eine Holschuld 24. Inzwischen d\u00fcrften nur noch die blau\u00e4ugisten Deutschen noch immer nicht bemerkt haben, &#8230; <a title=\"#24 Wahrheit oder Honigtopf?\" class=\"read-more\" href=\"https:\/\/www.ewigerbund.org\/film\/24-wahrheit-oder-honigtopf\/\" aria-label=\"Mehr zu #24 Wahrheit oder Honigtopf?\">Weiterlesen &#8230;<\/a><\/div><\/li>\n<li><div class=\"wp-block-latest-posts__featured-image aligncenter\"><a href=\"https:\/\/www.ewigerbund.org\/film\/25-wissensvermittlung-oder-meinungsmache\/\" aria-label=\"#25 Wissensvermittlung oder Meinungsmache?\"><img loading=\"lazy\" decoding=\"async\" width=\"1024\" height=\"582\" src=\"https:\/\/www.ewigerbund.org\/film\/wp-content\/uploads\/sites\/38\/2023\/02\/EB-Mediathek-Film25-1024x582.jpg\" class=\"attachment-large size-large wp-post-image\" alt=\"\" style=\"\" srcset=\"https:\/\/www.ewigerbund.org\/film\/wp-content\/uploads\/sites\/38\/2023\/02\/EB-Mediathek-Film25-1024x582.jpg 1024w, https:\/\/www.ewigerbund.org\/film\/wp-content\/uploads\/sites\/38\/2023\/02\/EB-Mediathek-Film25-300x171.jpg 300w, https:\/\/www.ewigerbund.org\/film\/wp-content\/uploads\/sites\/38\/2023\/02\/EB-Mediathek-Film25-768x437.jpg 768w, https:\/\/www.ewigerbund.org\/film\/wp-content\/uploads\/sites\/38\/2023\/02\/EB-Mediathek-Film25-1536x873.jpg 1536w, https:\/\/www.ewigerbund.org\/film\/wp-content\/uploads\/sites\/38\/2023\/02\/EB-Mediathek-Film25.jpg 1748w\" sizes=\"auto, (max-width: 1024px) 100vw, 1024px\" \/><\/a><\/div><a class=\"wp-block-latest-posts__post-title\" href=\"https:\/\/www.ewigerbund.org\/film\/25-wissensvermittlung-oder-meinungsmache\/\">#25 Wissensvermittlung oder Meinungsmache?<\/a><div class=\"wp-block-latest-posts__post-excerpt\">Wissensvermittlung oder Meinungsmache. Wissen ist eine Holschuld 25.<\/div><\/li>\n<li><div class=\"wp-block-latest-posts__featured-image aligncenter\"><a href=\"https:\/\/www.ewigerbund.org\/film\/26-was-ist-wirklich-1918-geschehen\/\" aria-label=\"#26 Was ist wirklich 1918 geschehen?\"><img loading=\"lazy\" decoding=\"async\" width=\"1024\" height=\"582\" src=\"https:\/\/www.ewigerbund.org\/film\/wp-content\/uploads\/sites\/38\/2023\/02\/EB-Mediathek-Film26-1024x582.jpg\" class=\"attachment-large size-large wp-post-image\" alt=\"\" style=\"\" srcset=\"https:\/\/www.ewigerbund.org\/film\/wp-content\/uploads\/sites\/38\/2023\/02\/EB-Mediathek-Film26-1024x582.jpg 1024w, https:\/\/www.ewigerbund.org\/film\/wp-content\/uploads\/sites\/38\/2023\/02\/EB-Mediathek-Film26-300x171.jpg 300w, https:\/\/www.ewigerbund.org\/film\/wp-content\/uploads\/sites\/38\/2023\/02\/EB-Mediathek-Film26-768x437.jpg 768w, https:\/\/www.ewigerbund.org\/film\/wp-content\/uploads\/sites\/38\/2023\/02\/EB-Mediathek-Film26-1536x873.jpg 1536w, https:\/\/www.ewigerbund.org\/film\/wp-content\/uploads\/sites\/38\/2023\/02\/EB-Mediathek-Film26.jpg 1748w\" sizes=\"auto, (max-width: 1024px) 100vw, 1024px\" \/><\/a><\/div><a class=\"wp-block-latest-posts__post-title\" href=\"https:\/\/www.ewigerbund.org\/film\/26-was-ist-wirklich-1918-geschehen\/\">#26 Was ist wirklich 1918 geschehen?<\/a><div class=\"wp-block-latest-posts__post-excerpt\">Was ist wirklich 1918 geschehen. Wissen ist eine Holschuld 26. In unserem Video 25 \u201eWissensvermittlung oder Meinungsmache?\u201c konnten wir uns &#8230; <a title=\"#26 Was ist wirklich 1918 geschehen?\" class=\"read-more\" href=\"https:\/\/www.ewigerbund.org\/film\/26-was-ist-wirklich-1918-geschehen\/\" aria-label=\"Mehr zu #26 Was ist wirklich 1918 geschehen?\">Weiterlesen &#8230;<\/a><\/div><\/li>\n<li><div class=\"wp-block-latest-posts__featured-image aligncenter\"><a href=\"https:\/\/www.ewigerbund.org\/film\/27-kleine-deutsche-flaggenkunde\/\" aria-label=\"#27 Kleine deutsche Flaggenkunde.\"><img loading=\"lazy\" decoding=\"async\" width=\"1024\" height=\"582\" src=\"https:\/\/www.ewigerbund.org\/film\/wp-content\/uploads\/sites\/38\/2023\/02\/EB-Mediathek-Film27-1024x582.jpg\" class=\"attachment-large size-large wp-post-image\" alt=\"\" style=\"\" srcset=\"https:\/\/www.ewigerbund.org\/film\/wp-content\/uploads\/sites\/38\/2023\/02\/EB-Mediathek-Film27-1024x582.jpg 1024w, https:\/\/www.ewigerbund.org\/film\/wp-content\/uploads\/sites\/38\/2023\/02\/EB-Mediathek-Film27-300x171.jpg 300w, https:\/\/www.ewigerbund.org\/film\/wp-content\/uploads\/sites\/38\/2023\/02\/EB-Mediathek-Film27-768x437.jpg 768w, https:\/\/www.ewigerbund.org\/film\/wp-content\/uploads\/sites\/38\/2023\/02\/EB-Mediathek-Film27-1536x873.jpg 1536w, https:\/\/www.ewigerbund.org\/film\/wp-content\/uploads\/sites\/38\/2023\/02\/EB-Mediathek-Film27.jpg 1748w\" sizes=\"auto, (max-width: 1024px) 100vw, 1024px\" \/><\/a><\/div><a class=\"wp-block-latest-posts__post-title\" href=\"https:\/\/www.ewigerbund.org\/film\/27-kleine-deutsche-flaggenkunde\/\">#27 Kleine deutsche Flaggenkunde.<\/a><div class=\"wp-block-latest-posts__post-excerpt\">Kleine deutsche Flaggenkunde. Wissen ist eine Holschuld 27.<\/div><\/li>\n<li><div class=\"wp-block-latest-posts__featured-image aligncenter\"><a href=\"https:\/\/www.ewigerbund.org\/film\/28-es-beginnt-mit-unseren-kindern\/\" aria-label=\"#28 Es beginnt mit unseren Kindern.\"><img loading=\"lazy\" decoding=\"async\" width=\"1024\" height=\"582\" src=\"https:\/\/www.ewigerbund.org\/film\/wp-content\/uploads\/sites\/38\/2023\/02\/EB-Mediathek-Film28-1024x582.jpg\" class=\"attachment-large size-large wp-post-image\" alt=\"\" style=\"\" srcset=\"https:\/\/www.ewigerbund.org\/film\/wp-content\/uploads\/sites\/38\/2023\/02\/EB-Mediathek-Film28-1024x582.jpg 1024w, https:\/\/www.ewigerbund.org\/film\/wp-content\/uploads\/sites\/38\/2023\/02\/EB-Mediathek-Film28-300x171.jpg 300w, https:\/\/www.ewigerbund.org\/film\/wp-content\/uploads\/sites\/38\/2023\/02\/EB-Mediathek-Film28-768x437.jpg 768w, https:\/\/www.ewigerbund.org\/film\/wp-content\/uploads\/sites\/38\/2023\/02\/EB-Mediathek-Film28-1536x873.jpg 1536w, https:\/\/www.ewigerbund.org\/film\/wp-content\/uploads\/sites\/38\/2023\/02\/EB-Mediathek-Film28.jpg 1748w\" sizes=\"auto, (max-width: 1024px) 100vw, 1024px\" \/><\/a><\/div><a class=\"wp-block-latest-posts__post-title\" href=\"https:\/\/www.ewigerbund.org\/film\/28-es-beginnt-mit-unseren-kindern\/\">#28 Es beginnt mit unseren Kindern.<\/a><div class=\"wp-block-latest-posts__post-excerpt\">Es beginnt mit unseren Kindern. Wissen ist eine Holschuld 28. Interessanterweise sind die deutschen Nationalfarben inzwischen vermehrt Thema, auch und &#8230; <a title=\"#28 Es beginnt mit unseren Kindern.\" class=\"read-more\" href=\"https:\/\/www.ewigerbund.org\/film\/28-es-beginnt-mit-unseren-kindern\/\" aria-label=\"Mehr zu #28 Es beginnt mit unseren Kindern.\">Weiterlesen &#8230;<\/a><\/div><\/li>\n<li><div class=\"wp-block-latest-posts__featured-image aligncenter\"><a href=\"https:\/\/www.ewigerbund.org\/film\/29-wofuer-steht-die-flagge-des-deutschen-reiches-1871\/\" aria-label=\"#29 Wof\u00fcr steht die Flagge?\"><img loading=\"lazy\" decoding=\"async\" width=\"1024\" height=\"582\" src=\"https:\/\/www.ewigerbund.org\/film\/wp-content\/uploads\/sites\/38\/2023\/02\/EB-Mediathek-Film29-1024x582.jpg\" class=\"attachment-large size-large wp-post-image\" alt=\"\" style=\"\" srcset=\"https:\/\/www.ewigerbund.org\/film\/wp-content\/uploads\/sites\/38\/2023\/02\/EB-Mediathek-Film29-1024x582.jpg 1024w, https:\/\/www.ewigerbund.org\/film\/wp-content\/uploads\/sites\/38\/2023\/02\/EB-Mediathek-Film29-300x171.jpg 300w, https:\/\/www.ewigerbund.org\/film\/wp-content\/uploads\/sites\/38\/2023\/02\/EB-Mediathek-Film29-768x437.jpg 768w, https:\/\/www.ewigerbund.org\/film\/wp-content\/uploads\/sites\/38\/2023\/02\/EB-Mediathek-Film29-1536x873.jpg 1536w, https:\/\/www.ewigerbund.org\/film\/wp-content\/uploads\/sites\/38\/2023\/02\/EB-Mediathek-Film29.jpg 1748w\" sizes=\"auto, (max-width: 1024px) 100vw, 1024px\" \/><\/a><\/div><a class=\"wp-block-latest-posts__post-title\" href=\"https:\/\/www.ewigerbund.org\/film\/29-wofuer-steht-die-flagge-des-deutschen-reiches-1871\/\">#29 Wof\u00fcr steht die Flagge?<\/a><div class=\"wp-block-latest-posts__post-excerpt\">Wof\u00fcr steht die Flagge des Deutschen Reiches (1871). Wissen ist eine Holschuld 29. So wenig wir es als unsere Hauptaufgabe &#8230; <a title=\"#29 Wof\u00fcr steht die Flagge?\" class=\"read-more\" href=\"https:\/\/www.ewigerbund.org\/film\/29-wofuer-steht-die-flagge-des-deutschen-reiches-1871\/\" aria-label=\"Mehr zu #29 Wof\u00fcr steht die Flagge?\">Weiterlesen &#8230;<\/a><\/div><\/li>\n<li><div class=\"wp-block-latest-posts__featured-image aligncenter\"><a href=\"https:\/\/www.ewigerbund.org\/film\/30-kleine-deutsche-verfassungsgeschichte\/\" aria-label=\"#30 Kleine deutsche Verfassungsgeschichte.\"><img loading=\"lazy\" decoding=\"async\" width=\"1024\" height=\"582\" src=\"https:\/\/www.ewigerbund.org\/film\/wp-content\/uploads\/sites\/38\/2023\/02\/EB-Mediathek-Film30-1024x582.jpg\" class=\"attachment-large size-large wp-post-image\" alt=\"\" style=\"\" srcset=\"https:\/\/www.ewigerbund.org\/film\/wp-content\/uploads\/sites\/38\/2023\/02\/EB-Mediathek-Film30-1024x582.jpg 1024w, https:\/\/www.ewigerbund.org\/film\/wp-content\/uploads\/sites\/38\/2023\/02\/EB-Mediathek-Film30-300x171.jpg 300w, https:\/\/www.ewigerbund.org\/film\/wp-content\/uploads\/sites\/38\/2023\/02\/EB-Mediathek-Film30-768x437.jpg 768w, https:\/\/www.ewigerbund.org\/film\/wp-content\/uploads\/sites\/38\/2023\/02\/EB-Mediathek-Film30-1536x873.jpg 1536w, https:\/\/www.ewigerbund.org\/film\/wp-content\/uploads\/sites\/38\/2023\/02\/EB-Mediathek-Film30.jpg 1748w\" sizes=\"auto, (max-width: 1024px) 100vw, 1024px\" \/><\/a><\/div><a class=\"wp-block-latest-posts__post-title\" href=\"https:\/\/www.ewigerbund.org\/film\/30-kleine-deutsche-verfassungsgeschichte\/\">#30 Kleine deutsche Verfassungsgeschichte.<\/a><div class=\"wp-block-latest-posts__post-excerpt\">Kleine deutsche Verfassungsgeschichte. Wissen ist eine Holschuld 30. Der g\u00fcltigen deutschen Verfassung vom 16. April 1871 liegt eine bewegte 65 &#8230; <a title=\"#30 Kleine deutsche Verfassungsgeschichte.\" class=\"read-more\" href=\"https:\/\/www.ewigerbund.org\/film\/30-kleine-deutsche-verfassungsgeschichte\/\" aria-label=\"Mehr zu #30 Kleine deutsche Verfassungsgeschichte.\">Weiterlesen &#8230;<\/a><\/div><\/li>\n<li><div class=\"wp-block-latest-posts__featured-image aligncenter\"><a href=\"https:\/\/www.ewigerbund.org\/film\/31-die-wirtschaftlichen-kraefte-deutschlands-1913\/\" aria-label=\"#31 Die wirtschaftlichen Kr\u00e4fte Deutschlands 1913.\"><img loading=\"lazy\" decoding=\"async\" width=\"1024\" height=\"582\" src=\"https:\/\/www.ewigerbund.org\/film\/wp-content\/uploads\/sites\/38\/2023\/02\/EB-Mediathek-Film31-1024x582.jpg\" class=\"attachment-large size-large wp-post-image\" alt=\"\" style=\"\" srcset=\"https:\/\/www.ewigerbund.org\/film\/wp-content\/uploads\/sites\/38\/2023\/02\/EB-Mediathek-Film31-1024x582.jpg 1024w, https:\/\/www.ewigerbund.org\/film\/wp-content\/uploads\/sites\/38\/2023\/02\/EB-Mediathek-Film31-300x171.jpg 300w, https:\/\/www.ewigerbund.org\/film\/wp-content\/uploads\/sites\/38\/2023\/02\/EB-Mediathek-Film31-768x437.jpg 768w, https:\/\/www.ewigerbund.org\/film\/wp-content\/uploads\/sites\/38\/2023\/02\/EB-Mediathek-Film31-1536x873.jpg 1536w, https:\/\/www.ewigerbund.org\/film\/wp-content\/uploads\/sites\/38\/2023\/02\/EB-Mediathek-Film31.jpg 1748w\" sizes=\"auto, (max-width: 1024px) 100vw, 1024px\" \/><\/a><\/div><a class=\"wp-block-latest-posts__post-title\" href=\"https:\/\/www.ewigerbund.org\/film\/31-die-wirtschaftlichen-kraefte-deutschlands-1913\/\">#31 Die wirtschaftlichen Kr\u00e4fte Deutschlands 1913.<\/a><div class=\"wp-block-latest-posts__post-excerpt\">Die deutsche Wirtschaft im Jahre 1913. Wissen ist eine Holschuld 31. Der Gro\u00dfteil der Deutschen bekommt sogenanntes geschichtliches Wissen von &#8230; <a title=\"#31 Die wirtschaftlichen Kr\u00e4fte Deutschlands 1913.\" class=\"read-more\" href=\"https:\/\/www.ewigerbund.org\/film\/31-die-wirtschaftlichen-kraefte-deutschlands-1913\/\" aria-label=\"Mehr zu #31 Die wirtschaftlichen Kr\u00e4fte Deutschlands 1913.\">Weiterlesen &#8230;<\/a><\/div><\/li>\n<li><div class=\"wp-block-latest-posts__featured-image aligncenter\"><a href=\"https:\/\/www.ewigerbund.org\/film\/33-vhd1-das-sprachrohr-des-vhd-jetzt-abonnieren\/\" aria-label=\"#33 VHD1 &#8211; Das Sprachrohr des VHD.\"><img loading=\"lazy\" decoding=\"async\" width=\"1024\" height=\"582\" src=\"https:\/\/www.ewigerbund.org\/film\/wp-content\/uploads\/sites\/38\/2023\/02\/EB-Mediathek-Film33-1024x582.jpg\" class=\"attachment-large size-large wp-post-image\" alt=\"\" style=\"\" srcset=\"https:\/\/www.ewigerbund.org\/film\/wp-content\/uploads\/sites\/38\/2023\/02\/EB-Mediathek-Film33-1024x582.jpg 1024w, https:\/\/www.ewigerbund.org\/film\/wp-content\/uploads\/sites\/38\/2023\/02\/EB-Mediathek-Film33-300x171.jpg 300w, https:\/\/www.ewigerbund.org\/film\/wp-content\/uploads\/sites\/38\/2023\/02\/EB-Mediathek-Film33-768x437.jpg 768w, https:\/\/www.ewigerbund.org\/film\/wp-content\/uploads\/sites\/38\/2023\/02\/EB-Mediathek-Film33-1536x873.jpg 1536w, https:\/\/www.ewigerbund.org\/film\/wp-content\/uploads\/sites\/38\/2023\/02\/EB-Mediathek-Film33.jpg 1748w\" sizes=\"auto, (max-width: 1024px) 100vw, 1024px\" \/><\/a><\/div><a class=\"wp-block-latest-posts__post-title\" href=\"https:\/\/www.ewigerbund.org\/film\/33-vhd1-das-sprachrohr-des-vhd-jetzt-abonnieren\/\">#33 VHD1 &#8211; Das Sprachrohr des VHD.<\/a><div class=\"wp-block-latest-posts__post-excerpt\">VHD1 &#8211; Das Sprachrohr des VHD [JETZT ABONNIEREN!] Wissen ist eine Holschuld 33. VHD1 ist das offizielle Sprachrohr des vaterl\u00e4ndischen &#8230; <a title=\"#33 VHD1 &#8211; Das Sprachrohr des VHD.\" class=\"read-more\" href=\"https:\/\/www.ewigerbund.org\/film\/33-vhd1-das-sprachrohr-des-vhd-jetzt-abonnieren\/\" aria-label=\"Mehr zu #33 VHD1 &#8211; Das Sprachrohr des VHD.\">Weiterlesen &#8230;<\/a><\/div><\/li>\n<li><div class=\"wp-block-latest-posts__featured-image aligncenter\"><a href=\"https:\/\/www.ewigerbund.org\/film\/34-das-richtige-tun\/\" aria-label=\"#34 Das richtige TUN!\"><img loading=\"lazy\" decoding=\"async\" width=\"1024\" height=\"582\" src=\"https:\/\/www.ewigerbund.org\/film\/wp-content\/uploads\/sites\/38\/2023\/02\/EB-Mediathek-Film34-1024x582.jpg\" class=\"attachment-large size-large wp-post-image\" alt=\"\" style=\"\" srcset=\"https:\/\/www.ewigerbund.org\/film\/wp-content\/uploads\/sites\/38\/2023\/02\/EB-Mediathek-Film34-1024x582.jpg 1024w, https:\/\/www.ewigerbund.org\/film\/wp-content\/uploads\/sites\/38\/2023\/02\/EB-Mediathek-Film34-300x171.jpg 300w, https:\/\/www.ewigerbund.org\/film\/wp-content\/uploads\/sites\/38\/2023\/02\/EB-Mediathek-Film34-768x437.jpg 768w, https:\/\/www.ewigerbund.org\/film\/wp-content\/uploads\/sites\/38\/2023\/02\/EB-Mediathek-Film34-1536x873.jpg 1536w, https:\/\/www.ewigerbund.org\/film\/wp-content\/uploads\/sites\/38\/2023\/02\/EB-Mediathek-Film34.jpg 1748w\" sizes=\"auto, (max-width: 1024px) 100vw, 1024px\" \/><\/a><\/div><a class=\"wp-block-latest-posts__post-title\" href=\"https:\/\/www.ewigerbund.org\/film\/34-das-richtige-tun\/\">#34 Das richtige TUN!<\/a><div class=\"wp-block-latest-posts__post-excerpt\">Das richtige TUN! (auf YouTube gel\u00f6scht) Ausgerechnet dieses Video wurde auf dem YouTube Kanal Ewiger Bund gel\u00f6scht. Warum wohl? Distanzierung &#8230; <a title=\"#34 Das richtige TUN!\" class=\"read-more\" href=\"https:\/\/www.ewigerbund.org\/film\/34-das-richtige-tun\/\" aria-label=\"Mehr zu #34 Das richtige TUN!\">Weiterlesen &#8230;<\/a><\/div><\/li>\n<li><div class=\"wp-block-latest-posts__featured-image aligncenter\"><a href=\"https:\/\/www.ewigerbund.org\/film\/35-impfen-im-reich\/\" aria-label=\"#35 Impfen im Reich.\"><img loading=\"lazy\" decoding=\"async\" width=\"1024\" height=\"582\" src=\"https:\/\/www.ewigerbund.org\/film\/wp-content\/uploads\/sites\/38\/2025\/05\/EB-Mediathek-Film35-1024x582.jpg\" class=\"attachment-large size-large wp-post-image\" alt=\"Wissen ist eine Holschuld 35 - Impfen im Reich.\" style=\"\" srcset=\"https:\/\/www.ewigerbund.org\/film\/wp-content\/uploads\/sites\/38\/2025\/05\/EB-Mediathek-Film35-1024x582.jpg 1024w, https:\/\/www.ewigerbund.org\/film\/wp-content\/uploads\/sites\/38\/2025\/05\/EB-Mediathek-Film35-300x171.jpg 300w, https:\/\/www.ewigerbund.org\/film\/wp-content\/uploads\/sites\/38\/2025\/05\/EB-Mediathek-Film35-768x437.jpg 768w, https:\/\/www.ewigerbund.org\/film\/wp-content\/uploads\/sites\/38\/2025\/05\/EB-Mediathek-Film35-1536x873.jpg 1536w, https:\/\/www.ewigerbund.org\/film\/wp-content\/uploads\/sites\/38\/2025\/05\/EB-Mediathek-Film35.jpg 1748w\" sizes=\"auto, (max-width: 1024px) 100vw, 1024px\" \/><\/a><\/div><a class=\"wp-block-latest-posts__post-title\" href=\"https:\/\/www.ewigerbund.org\/film\/35-impfen-im-reich\/\">#35 Impfen im Reich.<\/a><div class=\"wp-block-latest-posts__post-excerpt\">1874. Die Abgeordneten des Reichstags hatten dar\u00fcber zu befinden, ob jeder Deutsche sich verpflichtend einer Pockenschutzimpfung unterziehen sollte. Darf die Staatsgewalt in die Selbstbestimmung der B\u00fcrger eingreifen oder ist die k\u00f6rperliche Unversehrtheit unantastbar? In diesem Spannungsfeld hatten die Politiker zu beraten und zu entscheiden. \n\nEs soll hier nicht das F\u00fcr und Wider in Bezug auf Impfungen er\u00f6rtert werden; vielmehr geht es um die Frage, vor welchem Hintergrund die Volksvertreter damals ihre Entscheidungen trafen.<\/div><\/li>\n<li><div class=\"wp-block-latest-posts__featured-image aligncenter\"><a href=\"https:\/\/www.ewigerbund.org\/film\/03-altersarmut-trotz-leibrente\/\" aria-label=\"03 Altersarmut trotz Leibrente.\"><img loading=\"lazy\" decoding=\"async\" width=\"1024\" height=\"582\" src=\"https:\/\/www.ewigerbund.org\/film\/wp-content\/uploads\/sites\/38\/2023\/02\/EB-Mediathek-Film3-1024x582.jpg\" class=\"attachment-large size-large wp-post-image\" alt=\"\" style=\"\" srcset=\"https:\/\/www.ewigerbund.org\/film\/wp-content\/uploads\/sites\/38\/2023\/02\/EB-Mediathek-Film3-1024x582.jpg 1024w, https:\/\/www.ewigerbund.org\/film\/wp-content\/uploads\/sites\/38\/2023\/02\/EB-Mediathek-Film3-300x171.jpg 300w, https:\/\/www.ewigerbund.org\/film\/wp-content\/uploads\/sites\/38\/2023\/02\/EB-Mediathek-Film3-768x437.jpg 768w, https:\/\/www.ewigerbund.org\/film\/wp-content\/uploads\/sites\/38\/2023\/02\/EB-Mediathek-Film3-1536x873.jpg 1536w, https:\/\/www.ewigerbund.org\/film\/wp-content\/uploads\/sites\/38\/2023\/02\/EB-Mediathek-Film3.jpg 1748w\" sizes=\"auto, (max-width: 1024px) 100vw, 1024px\" \/><\/a><\/div><a class=\"wp-block-latest-posts__post-title\" href=\"https:\/\/www.ewigerbund.org\/film\/03-altersarmut-trotz-leibrente\/\">03 Altersarmut trotz Leibrente.<\/a><div class=\"wp-block-latest-posts__post-excerpt\">Achtung! Beim ewigen Bund ging ein Hinweis ein, da\u00df die Berechnungsgrundlage nicht korrekt sei. Der ewige Bund nimmt diesen Hinweis &#8230; <a title=\"03 Altersarmut trotz Leibrente.\" class=\"read-more\" href=\"https:\/\/www.ewigerbund.org\/film\/03-altersarmut-trotz-leibrente\/\" aria-label=\"Mehr zu 03 Altersarmut trotz Leibrente.\">Weiterlesen &#8230;<\/a><\/div><\/li>\n<\/ul>\n\n\n<div style=\"height:40px\" aria-hidden=\"true\" class=\"wp-block-spacer\"><\/div>\n\n\n<div class=\"gb-container gb-container-2f563f5f\"><div class=\"gb-inside-container\">\n\n<h2 class=\"wp-block-heading\">So entstand die Videoreihe &#8222;Wissen ist eine Holschuld&#8220;.<\/h2>\n\n\n\n<p>Genau am 26. Januar 2020 wurde das erste Video unserer Reihe \u201eWissen ist eine Holschuld\u201c f\u00fcr unseren Youtube-Kanal \u201eEwiger Bund\u201c erstellt.<\/p>\n\n\n\n<p>Die Idee hinter dieser Videoreihe war und ist es, den <strong>Deutschen den Zugang zum wirklich not-wendigen Wissen \u00fcber bewegte Bilder zu erm\u00f6glichen<\/strong>. Wissen \u00fcber den wahren deutschen Status quo, \u00fcber geschichtliche Ereignisse und nat\u00fcrlich Wissen \u00fcber das, was wirklich zu tun ist.<\/p>\n\n\n\n<p>Da wir uns \u00fcber die immer geringer werdende Aufmerksamkeitsspanne vieler Menschen bewu\u00dft waren, sind die ersten Videos dieser Reihe nur ca. 2 bis 3 Minuten lang. Vorrangig wird in den ersten Videos der Soll und- Ist-Zustand gegen\u00fcber gestellt. Die ersten Reaktionen und R\u00fcckmeldungen zeigten auf, da\u00df diese Videoreihe <strong>viele Deutsche zum Nachdenken anregte<\/strong>. Gerade die Gegen\u00fcberstellung von Soll und- Ist-Zustand hat so machem die Augen ge\u00f6ffnet. Dabei stellten wir fest, da\u00df den meisten Deutschen der Ist-Zustand nat\u00fcrlich v\u00f6llig klar ist, da sie ihn ja jeden Tag erleben. Das sah in Sachen Soll-Zustand schon anders aus. Viele der \u00fcber die Videos vermittelten Informationen waren den meisten schlicht und einfach nicht bekannt.<\/p>\n\n\n\n<p>Bei der Wissensvermittlung, egal auf welche Art und in welchem Medium, war und ist uns immer eines ganz wichtig, n\u00e4mlich die Nachvollziehbarkeit. So verweisen wir immer wieder darauf, da\u00df jeder unsere Aussagen selbst pr\u00fcfen soll. Selbstverst\u00e4ndlich stellen wir auch die entsprechenden Quellen zur Verf\u00fcgung. Genau diese Vorgehensweise hat sich immer wieder als zielf\u00fchrend erwiesen, da wir uns nichts selber ausdenken und alles f\u00fcr jeden nachvollzieh- und pr\u00fcfbar ist.<\/p>\n\n\n\n<p>In der weiteren Entwicklung der Videoreihe wurden dann aber auch etwas l\u00e4ngere Videos produziert. Das ist <strong>bei der Komplexit\u00e4t und dem Umfang des n\u00f6tigen Wissens<\/strong> auch nicht verwunderlich. Und so gab es dann auch schon mal 10 oder 15 Minuten lange Videos. Wobei Teil 30 der Videoreihe \u201eKleine deutsche Verfassungsgeschichte\u201c mit knapp 50 Minuten das wohl l\u00e4ngste Video in dieser Reihe ist. Und man beachte, es hei\u00dft nicht ohne Grund KLEINE deutsche Verfassungsgeschichte. Allein das zeigt schon auf, wie viel Wissen es aufzuarbeiten gilt.<\/p>\n\n\n\n<p>Doch nicht nur die L\u00e4nge der produzierten Videos hat sich ge\u00e4ndert. Auch die eigentliche Pr\u00e4sentation ver\u00e4nderte sich. W\u00e4hrend in den ersten Videos ausschlie\u00dflich Text eingeblendet wurde, so wurden die Videos sp\u00e4ter professionell eingesprochen. Dieser Mehrwert wurde dann auch auf die ersten Videos angewandt, mit anderen Worten, alle diese Videos wurden ebenfalls im Nachhinein eingesprochen. Deswegen sind auch einige Videos doppelt zu finden, da wir die alten Videos nicht gel\u00f6scht haben.<\/p>\n\n\n\n<p>Erst nach einer geraumen Zeit gab es vereinzelte Stimmen, welche wegen des Namens der Videoreihe Fragen hatten. So fanden es einige recht schwierig, da\u00df das Wort \u201eSchuld\u201c im Namen auftaucht. Bis zu einem gewissen Punkt konnten wir das zwar nachvollziehen, aber es zeigt auch auf erschreckende Weise auf, wie tief die Indoktrination der Deutschen gegriffen hat. Letzten Endes haben wir uns aber daf\u00fcr entschieden, da\u00df wir den bereits etablierten Namen beibehalten. Diese Entscheidung scheint auch gar nicht so verkehrt gewesen zu sein, denn schlie\u00dflich nutzen inzwischen auch den Deutschen nicht wohlgesonnene Kr\u00e4fte genau diese Wortwahl. Immer wieder tauchen vermeintlich alternative Videos oder Kan\u00e4le auf, welche unter der Bezeichnung \u201eWissen ist eine Holschuld\u201c eigene Inhalte verbreiten. Wie meinte schon Oscar Wilde so treffend? \u201eNachahmung ist die h\u00f6chste Form der Anerkennung.\u201c<\/p>\n\n\n\n<p>Wobei sich in diesem Fall die Nachahmung nur auf die Nutzung des Titels unserer Videoreihe bezieht. Inhaltlich liegen im wahrsten Sinne des Wortes Welten dazwischen. Beim genauen studieren der Inhalte dieser Nachahmer stellt sich recht schnell die Erkenntnis ein, da\u00df sie wieder einmal mehr die Deutschen vom rechten (richtigen) Weg abbringen wollen und daf\u00fcr eben alle Mittel nutzen.<\/p>\n\n\n\n<p>Letzten Endes hat die Erfahrung gezeigt, da\u00df ein selbst denkender und aufrechter Deutscher sich auch von solchen Manipulationsversuchen nicht mehr vom n\u00f6tigen Handeln abhalten l\u00e4sst. Die Nachvollziehbarkeit all unserer Inhalte hat sich immer wieder als gr\u00f6\u00dftes Problem f\u00fcr die den Deutschen feindlich gesonnenen Kr\u00e4fte erwiesen und das ist gut so, denn am <strong>Ende wird die Wahrheit sich immer durchsetzen.<\/strong><\/p>\n\n\n\n<p>Wer nun unsere Videoreihe \u201eWissen ist eine Holschuld\u201c aufmerksam verfolgt hat, der wird festellen, da\u00df es nach \u00fcber 30 Videos etwas ruhiger geworden ist. Doch das ist schnell erkl\u00e4rt. Es ist inzwischen schlicht und einfach das Wichtigste gesagt. Keines unserer Videos soll den jeweils behandelten Inhalt in G\u00e4nze und bis auf den letzten Punkt erkl\u00e4ren. Vielmehr geht es darum, zum Nachdenken und zum selbst recherchieren anzuregen.<\/p>\n\n\n\n<p>Die Videoreihe \u201eWissen ist eine Holschuld\u201c ist in erster Linie als Einstieg in das not-wendige Wissen gedacht. Inzwischen hat der ewige Bund viele weitere M\u00f6glichkeiten geschaffen, um tiefer in das n\u00f6tige Wissen vorzudringen. Eine dieser M\u00f6glichkeiten sind z.B. die Bundesstaatenportale oder Orientierungsstufen, aber das ist schon wieder ein anderes Thema.<\/p>\n\n\n\n<p>Am Ende m\u00f6chten wir uns bei allen Beteiligten an der Videoreihe \u201eWissen ist eine Holschuld\u201c f\u00fcr ihre Arbeit und ihr Engagement bedanken. Es musste viel recherchiert, geschrieben, korrigiert, geschnitten und vertont werden. Inzwischen ist die Zahl der engagierten Kr\u00e4fte in der Schicksalsgemeinschaft der Deutschen, dem ewigen Bund exponentiell angewachsen und sie alle tragen in den vielen verschiedenen Bereich dazu bei, da\u00df wir letzten Endes zur\u00fcck auf wirklich<strong> staatlichen Boden und damit zur\u00fcck zu Freiheit und Souver\u00e4nit\u00e4t gelangen.<\/strong><\/p>\n\n<\/div><\/div>","protected":false},"excerpt":{"rendered":"<p>So entstand die Videoreihe &#8222;Wissen ist eine Holschuld&#8220;. Genau am 26. Januar 2020 wurde das erste Video unserer Reihe \u201eWissen ist eine Holschuld\u201c f\u00fcr unseren Youtube-Kanal \u201eEwiger Bund\u201c erstellt. Die Idee hinter dieser Videoreihe war und ist es, den Deutschen den Zugang zum wirklich not-wendigen Wissen \u00fcber bewegte Bilder zu erm\u00f6glichen. Wissen \u00fcber den wahren &#8230; <a title=\"Wissen ist eine Holschuld.\" class=\"read-more\" href=\"https:\/\/www.ewigerbund.org\/film\/filmothek\/wissen-ist-eine-holschuld\/\" aria-label=\"Mehr zu Wissen ist eine Holschuld.\">Weiterlesen &#8230;<\/a><\/p>\n","protected":false},"author":16,"featured_media":2077,"parent":1864,"menu_order":0,"comment_status":"closed","ping_status":"closed","template":"template-6-beide-seitenleiste.php","meta":{"footnotes":""},"categories":[6],"tags":[],"class_list":["post-1424","page","type-page","status-publish","has-post-thumbnail","hentry","category-wissen-ist-eine-holschuld"],"yoast_head":"<!-- This site is optimized with the Yoast SEO plugin v23.1 - https:\/\/yoast.com\/wordpress\/plugins\/seo\/ -->\n<title>Wissen ist eine Holschuld. | Ewiger Bund.<\/title>\n<meta name=\"description\" content=\"Tats\u00e4chlich liegt die L\u00f6sung der deutschen Frage im Tun, aber eben nicht im \u201eetwas Tun\u201c sondern im \u201erichtigen Tun\u201c.\" \/>\n<meta name=\"robots\" content=\"index, follow, max-snippet:-1, max-image-preview:large, max-video-preview:-1\" \/>\n<link rel=\"canonical\" href=\"https:\/\/www.ewigerbund.org\/film\/filmothek\/wissen-ist-eine-holschuld\/\" \/>\n<meta property=\"og:locale\" content=\"de_DE\" \/>\n<meta property=\"og:type\" content=\"article\" \/>\n<meta property=\"og:title\" content=\"Wissen ist eine Holschuld. | Ewiger Bund.\" \/>\n<meta property=\"og:description\" content=\"Tats\u00e4chlich liegt die L\u00f6sung der deutschen Frage im Tun, aber eben nicht im \u201eetwas Tun\u201c sondern im \u201erichtigen Tun\u201c.\" \/>\n<meta property=\"og:url\" content=\"https:\/\/www.ewigerbund.org\/film\/filmothek\/wissen-ist-eine-holschuld\/\" \/>\n<meta property=\"og:site_name\" content=\"Mediathek.\" \/>\n<meta property=\"article:modified_time\" content=\"2025-05-16T15:23:49+00:00\" \/>\n<meta property=\"og:image\" content=\"https:\/\/www.ewigerbund.org\/film\/wp-content\/uploads\/sites\/38\/2023\/01\/EB-Mediathek-WissenIstHolschuld.jpg\" \/>\n\t<meta property=\"og:image:width\" content=\"1748\" \/>\n\t<meta property=\"og:image:height\" content=\"994\" \/>\n\t<meta property=\"og:image:type\" content=\"image\/jpeg\" \/>\n<meta name=\"twitter:card\" content=\"summary_large_image\" \/>\n<meta name=\"twitter:label1\" content=\"Gesch\u00e4tzte Lesezeit\" \/>\n\t<meta name=\"twitter:data1\" content=\"5\u00a0Minuten\" \/>\n<script type=\"application\/ld+json\" class=\"yoast-schema-graph\">{\"@context\":\"https:\/\/schema.org\",\"@graph\":[{\"@type\":\"WebPage\",\"@id\":\"https:\/\/www.ewigerbund.org\/film\/filmothek\/wissen-ist-eine-holschuld\/\",\"url\":\"https:\/\/www.ewigerbund.org\/film\/filmothek\/wissen-ist-eine-holschuld\/\",\"name\":\"Wissen ist eine Holschuld. | Ewiger Bund.\",\"isPartOf\":{\"@id\":\"https:\/\/www.ewigerbund.org\/film\/#website\"},\"primaryImageOfPage\":{\"@id\":\"https:\/\/www.ewigerbund.org\/film\/filmothek\/wissen-ist-eine-holschuld\/#primaryimage\"},\"image\":{\"@id\":\"https:\/\/www.ewigerbund.org\/film\/filmothek\/wissen-ist-eine-holschuld\/#primaryimage\"},\"thumbnailUrl\":\"https:\/\/www.ewigerbund.org\/film\/wp-content\/uploads\/sites\/38\/2023\/01\/EB-Mediathek-WissenIstHolschuld.jpg\",\"datePublished\":\"2022-11-30T17:42:04+00:00\",\"dateModified\":\"2025-05-16T15:23:49+00:00\",\"description\":\"Tats\u00e4chlich liegt die L\u00f6sung der deutschen Frage im Tun, aber eben nicht im \u201eetwas Tun\u201c sondern im \u201erichtigen Tun\u201c.\",\"breadcrumb\":{\"@id\":\"https:\/\/www.ewigerbund.org\/film\/filmothek\/wissen-ist-eine-holschuld\/#breadcrumb\"},\"inLanguage\":\"de\",\"potentialAction\":[{\"@type\":\"ReadAction\",\"target\":[\"https:\/\/www.ewigerbund.org\/film\/filmothek\/wissen-ist-eine-holschuld\/\"]}]},{\"@type\":\"ImageObject\",\"inLanguage\":\"de\",\"@id\":\"https:\/\/www.ewigerbund.org\/film\/filmothek\/wissen-ist-eine-holschuld\/#primaryimage\",\"url\":\"https:\/\/www.ewigerbund.org\/film\/wp-content\/uploads\/sites\/38\/2023\/01\/EB-Mediathek-WissenIstHolschuld.jpg\",\"contentUrl\":\"https:\/\/www.ewigerbund.org\/film\/wp-content\/uploads\/sites\/38\/2023\/01\/EB-Mediathek-WissenIstHolschuld.jpg\",\"width\":1748,\"height\":994},{\"@type\":\"BreadcrumbList\",\"@id\":\"https:\/\/www.ewigerbund.org\/film\/filmothek\/wissen-ist-eine-holschuld\/#breadcrumb\",\"itemListElement\":[{\"@type\":\"ListItem\",\"position\":1,\"name\":\"Startseite\",\"item\":\"https:\/\/www.ewigerbund.org\/film\/\"},{\"@type\":\"ListItem\",\"position\":2,\"name\":\"Filmothek.\",\"item\":\"https:\/\/www.ewigerbund.org\/film\/filmothek\/\"},{\"@type\":\"ListItem\",\"position\":3,\"name\":\"Wissen ist eine Holschuld.\"}]},{\"@type\":\"WebSite\",\"@id\":\"https:\/\/www.ewigerbund.org\/film\/#website\",\"url\":\"https:\/\/www.ewigerbund.org\/film\/\",\"name\":\"Mediathek.\",\"description\":\"Verfassungsb\u00fcndnis der deutschen Einzelstaaten.\",\"publisher\":{\"@id\":\"https:\/\/www.ewigerbund.org\/film\/#organization\"},\"potentialAction\":[{\"@type\":\"SearchAction\",\"target\":{\"@type\":\"EntryPoint\",\"urlTemplate\":\"https:\/\/www.ewigerbund.org\/film\/?s={search_term_string}\"},\"query-input\":\"required name=search_term_string\"}],\"inLanguage\":\"de\"},{\"@type\":\"Organization\",\"@id\":\"https:\/\/www.ewigerbund.org\/film\/#organization\",\"name\":\"Mediathek.\",\"url\":\"https:\/\/www.ewigerbund.org\/film\/\",\"logo\":{\"@type\":\"ImageObject\",\"inLanguage\":\"de\",\"@id\":\"https:\/\/www.ewigerbund.org\/film\/#\/schema\/logo\/image\/\",\"url\":\"https:\/\/www.ewigerbund.org\/film\/wp-content\/uploads\/sites\/38\/2022\/11\/2022-09-20-Logo-EB_Schutzzone_V4_Transparent.png\",\"contentUrl\":\"https:\/\/www.ewigerbund.org\/film\/wp-content\/uploads\/sites\/38\/2022\/11\/2022-09-20-Logo-EB_Schutzzone_V4_Transparent.png\",\"width\":2000,\"height\":1982,\"caption\":\"Mediathek.\"},\"image\":{\"@id\":\"https:\/\/www.ewigerbund.org\/film\/#\/schema\/logo\/image\/\"}}]}<\/script>\n<!-- \/ Yoast SEO plugin. -->","yoast_head_json":{"title":"Wissen ist eine Holschuld. | Ewiger Bund.","description":"Tats\u00e4chlich liegt die L\u00f6sung der deutschen Frage im Tun, aber eben nicht im \u201eetwas Tun\u201c sondern im \u201erichtigen Tun\u201c.","robots":{"index":"index","follow":"follow","max-snippet":"max-snippet:-1","max-image-preview":"max-image-preview:large","max-video-preview":"max-video-preview:-1"},"canonical":"https:\/\/www.ewigerbund.org\/film\/filmothek\/wissen-ist-eine-holschuld\/","og_locale":"de_DE","og_type":"article","og_title":"Wissen ist eine Holschuld. | Ewiger Bund.","og_description":"Tats\u00e4chlich liegt die L\u00f6sung der deutschen Frage im Tun, aber eben nicht im \u201eetwas Tun\u201c sondern im \u201erichtigen Tun\u201c.","og_url":"https:\/\/www.ewigerbund.org\/film\/filmothek\/wissen-ist-eine-holschuld\/","og_site_name":"Mediathek.","article_modified_time":"2025-05-16T15:23:49+00:00","og_image":[{"width":1748,"height":994,"url":"https:\/\/www.ewigerbund.org\/film\/wp-content\/uploads\/sites\/38\/2023\/01\/EB-Mediathek-WissenIstHolschuld.jpg","type":"image\/jpeg"}],"twitter_card":"summary_large_image","twitter_misc":{"Gesch\u00e4tzte Lesezeit":"5\u00a0Minuten"},"schema":{"@context":"https:\/\/schema.org","@graph":[{"@type":"WebPage","@id":"https:\/\/www.ewigerbund.org\/film\/filmothek\/wissen-ist-eine-holschuld\/","url":"https:\/\/www.ewigerbund.org\/film\/filmothek\/wissen-ist-eine-holschuld\/","name":"Wissen ist eine Holschuld. | Ewiger Bund.","isPartOf":{"@id":"https:\/\/www.ewigerbund.org\/film\/#website"},"primaryImageOfPage":{"@id":"https:\/\/www.ewigerbund.org\/film\/filmothek\/wissen-ist-eine-holschuld\/#primaryimage"},"image":{"@id":"https:\/\/www.ewigerbund.org\/film\/filmothek\/wissen-ist-eine-holschuld\/#primaryimage"},"thumbnailUrl":"https:\/\/www.ewigerbund.org\/film\/wp-content\/uploads\/sites\/38\/2023\/01\/EB-Mediathek-WissenIstHolschuld.jpg","datePublished":"2022-11-30T17:42:04+00:00","dateModified":"2025-05-16T15:23:49+00:00","description":"Tats\u00e4chlich liegt die L\u00f6sung der deutschen Frage im Tun, aber eben nicht im \u201eetwas Tun\u201c sondern im \u201erichtigen Tun\u201c.","breadcrumb":{"@id":"https:\/\/www.ewigerbund.org\/film\/filmothek\/wissen-ist-eine-holschuld\/#breadcrumb"},"inLanguage":"de","potentialAction":[{"@type":"ReadAction","target":["https:\/\/www.ewigerbund.org\/film\/filmothek\/wissen-ist-eine-holschuld\/"]}]},{"@type":"ImageObject","inLanguage":"de","@id":"https:\/\/www.ewigerbund.org\/film\/filmothek\/wissen-ist-eine-holschuld\/#primaryimage","url":"https:\/\/www.ewigerbund.org\/film\/wp-content\/uploads\/sites\/38\/2023\/01\/EB-Mediathek-WissenIstHolschuld.jpg","contentUrl":"https:\/\/www.ewigerbund.org\/film\/wp-content\/uploads\/sites\/38\/2023\/01\/EB-Mediathek-WissenIstHolschuld.jpg","width":1748,"height":994},{"@type":"BreadcrumbList","@id":"https:\/\/www.ewigerbund.org\/film\/filmothek\/wissen-ist-eine-holschuld\/#breadcrumb","itemListElement":[{"@type":"ListItem","position":1,"name":"Startseite","item":"https:\/\/www.ewigerbund.org\/film\/"},{"@type":"ListItem","position":2,"name":"Filmothek.","item":"https:\/\/www.ewigerbund.org\/film\/filmothek\/"},{"@type":"ListItem","position":3,"name":"Wissen ist eine Holschuld."}]},{"@type":"WebSite","@id":"https:\/\/www.ewigerbund.org\/film\/#website","url":"https:\/\/www.ewigerbund.org\/film\/","name":"Mediathek.","description":"Verfassungsb\u00fcndnis der deutschen Einzelstaaten.","publisher":{"@id":"https:\/\/www.ewigerbund.org\/film\/#organization"},"potentialAction":[{"@type":"SearchAction","target":{"@type":"EntryPoint","urlTemplate":"https:\/\/www.ewigerbund.org\/film\/?s={search_term_string}"},"query-input":"required name=search_term_string"}],"inLanguage":"de"},{"@type":"Organization","@id":"https:\/\/www.ewigerbund.org\/film\/#organization","name":"Mediathek.","url":"https:\/\/www.ewigerbund.org\/film\/","logo":{"@type":"ImageObject","inLanguage":"de","@id":"https:\/\/www.ewigerbund.org\/film\/#\/schema\/logo\/image\/","url":"https:\/\/www.ewigerbund.org\/film\/wp-content\/uploads\/sites\/38\/2022\/11\/2022-09-20-Logo-EB_Schutzzone_V4_Transparent.png","contentUrl":"https:\/\/www.ewigerbund.org\/film\/wp-content\/uploads\/sites\/38\/2022\/11\/2022-09-20-Logo-EB_Schutzzone_V4_Transparent.png","width":2000,"height":1982,"caption":"Mediathek."},"image":{"@id":"https:\/\/www.ewigerbund.org\/film\/#\/schema\/logo\/image\/"}}]}},"_links":{"self":[{"href":"https:\/\/www.ewigerbund.org\/film\/wp-json\/wp\/v2\/pages\/1424","targetHints":{"allow":["GET"]}}],"collection":[{"href":"https:\/\/www.ewigerbund.org\/film\/wp-json\/wp\/v2\/pages"}],"about":[{"href":"https:\/\/www.ewigerbund.org\/film\/wp-json\/wp\/v2\/types\/page"}],"author":[{"embeddable":true,"href":"https:\/\/www.ewigerbund.org\/film\/wp-json\/wp\/v2\/users\/16"}],"replies":[{"embeddable":true,"href":"https:\/\/www.ewigerbund.org\/film\/wp-json\/wp\/v2\/comments?post=1424"}],"version-history":[{"count":95,"href":"https:\/\/www.ewigerbund.org\/film\/wp-json\/wp\/v2\/pages\/1424\/revisions"}],"predecessor-version":[{"id":3419,"href":"https:\/\/www.ewigerbund.org\/film\/wp-json\/wp\/v2\/pages\/1424\/revisions\/3419"}],"up":[{"embeddable":true,"href":"https:\/\/www.ewigerbund.org\/film\/wp-json\/wp\/v2\/pages\/1864"}],"wp:featuredmedia":[{"embeddable":true,"href":"https:\/\/www.ewigerbund.org\/film\/wp-json\/wp\/v2\/media\/2077"}],"wp:attachment":[{"href":"https:\/\/www.ewigerbund.org\/film\/wp-json\/wp\/v2\/media?parent=1424"}],"wp:term":[{"taxonomy":"category","embeddable":true,"href":"https:\/\/www.ewigerbund.org\/film\/wp-json\/wp\/v2\/categories?post=1424"},{"taxonomy":"post_tag","embeddable":true,"href":"https:\/\/www.ewigerbund.org\/film\/wp-json\/wp\/v2\/tags?post=1424"}],"curies":[{"name":"wp","href":"https:\/\/api.w.org\/{rel}","templated":true}]}}