{"id":1270,"date":"2023-01-05T11:11:53","date_gmt":"2023-01-05T10:11:53","guid":{"rendered":"https:\/\/www.ewigerbund.org\/eb\/?page_id=1270"},"modified":"2025-04-28T11:56:05","modified_gmt":"2025-04-28T09:56:05","slug":"tun","status":"publish","type":"page","link":"https:\/\/www.ewigerbund.org\/eb\/tun\/","title":{"rendered":"Was ist zu tun?"},"content":{"rendered":"<div class=\"gb-grid-wrapper gb-grid-wrapper-d28eb1a8\">\n<div class=\"gb-grid-column gb-grid-column-b745a2d9\"><div class=\"gb-container gb-container-b745a2d9\"><\/div><\/div>\n\n<div class=\"gb-grid-column gb-grid-column-b7c973b7\"><div class=\"gb-container gb-container-b7c973b7\">\n\n<div class=\"wp-block-my-custom-block-2-cat-box-2 is-layout-flex wp-container-3 wp-block-columns cat-box-border\"><div class=\"is-layout-flow wp-block-column\"><figure class=\"wp-block-image size-large\"><img decoding=\"async\" src=\"https:\/\/www.ewigerbund.org\/eb\/wp-content\/uploads\/sites\/42\/2025\/04\/EB-was-ist-zu-tun-podcast.jpg\" alt=\"Podcast: Was ist zu tun.\"\/><\/figure><\/div><div class=\"is-layout-flow wp-block-column\"><p class=\"has-contrast-3-color has-text-color has-small-font-size\"><\/p><p class=\"has-accent-color has-text-color has-medium-font-size\"><\/p><h2>Podcast.<\/h2><p><\/p><p><a href=\"https:\/\/podcast.ewigerbund.org\/podcast\/was-ist-zu-tun\/\">Jetzt &#8222;Was ist zu tun?&#8220; anh\u00f6ren.<\/a><\/p><\/div><\/div>\n\n<\/div><\/div>\n\n<div class=\"gb-grid-column gb-grid-column-a35b6f6a\"><div class=\"gb-container gb-container-a35b6f6a\"><\/div><\/div>\n<\/div>\n\n\n<h2 class=\"wp-block-heading\">Das kannst Du tun.<\/h2>\n\n\n\n<p>Jedem, der begriffen und durchdrungen hat, was der ewige Bund ist und in welche Lage er 1918 versetzt wurde, wird damit gleichzeitig klar: Der Verfassungsbruch im Herbst 1918 ist die eine Ursache, mit deren Beseitigung alle, bis in unsere Gegenwart wirkenden Folgen, sofort aufh\u00f6ren. Damit wirft sich zwangsl\u00e4ufig die Frage auf, was wir daf\u00fcr zu tun haben.<\/p>\n\n\n\n<p>Die Antwort ist einfach: Das deutsche Volk hat die Restauration des deutschen Gesamtstaates, auf Grundlage der g\u00fcltigen Verfassung vom 16. April 1871, in seinem letzten g\u00fcltigen Rechtsstand zu besorgen. Einfacher ausgedr\u00fcckt, haben wir den verfassungsm\u00e4\u00dfigen Zustand wieder herzustellen.<\/p>\n\n\n\n<p>Was mit diesem einfachen Satz zusammengefa\u00dft ist, birgt eine kaum zu \u00fcberblickende Anzahl von Herausforderungen. Die erste und gr\u00f6\u00dfte Herausforderung besteht in der \u00dcberwindung der falschen Ansichten und negativen Empfindungen, die uns Deutschen \u00fcber hundert Jahre lang, also drei Generationen durch ungerechtfertigte Schuldzuweisungen und verzerrte Geschichtsdarstellung, kurz Umerziehung und Manipulation, in Bezug auf unseren Gesamtstaat aufgezwungen wurden.<\/p>\n\n\n\n<p>Das begann nicht erst 1945 durch die Alliierten, wie h\u00e4ufig f\u00e4lschlicherweise angenommen wird. Wer die gezielt platzierte H\u00fcrde des Nationalsozialismus \u00fcberwindet, wird feststellen, da\u00df die Geschichtsklitterung und Umerziehung schon in der Weimarer Republik, also unmittelbar nach dem Staatsumsturz einsetzte<a href=\"#sdfootnote1sym\" id=\"sdfootnote1anc\"><sup>1<\/sup><\/a>. Mit der Staatsgewalt geriet auch das Bildungswesen in H\u00e4nde, die keine deutschen Interessen verfolgten. 1945 intensivierten die Alliierten ihre antideutschen Bestrebungen:<\/p>\n\n\n\n<blockquote class=\"wp-block-quote zitat-style is-layout-flow wp-block-quote-is-layout-flow\">\n<p>\u201e<em>Aber wir haben Deutschland nicht von Friedrich II., von Bismarck, vom Kaiser, von deutscher Geschichte und Tradition befreit. Das mu\u00df der Deutsche selber tun.\u201c <a href=\"#sdfootnote2sym\" id=\"sdfootnote2anc\"><sup>2<\/sup><\/a><\/em><\/p>\n<\/blockquote>\n\n\n\n<p>Damit liefern ausgerechnet die Alliierten den Anhaltspunkt daf\u00fcr, was wir zu tun haben \u2013 worin der erste Schritt zur Beseitigung der Ursache besteht. Deutsche brauchen sich nur wieder vor Augen zu halten:<\/p>\n\n\n\n<ul class=\"wp-block-list inhalt-liste\">\n<li>wof\u00fcr Friedrich II. und Bismarck stehen und was sie leisteten,<\/li>\n\n\n\n<li>was der Deutsche Kaiser ist,<\/li>\n\n\n\n<li>wie unsere wahre deutsche Geschichte und unsere Traditionen aussehen.<\/li>\n<\/ul>\n\n\n\n<p><br><\/p>\n\n\n<div class=\"gb-container gb-container-92c95977 cat-box-border-hellgrau\"><div class=\"gb-inside-container\">\n\n<div class=\"wp-block-columns are-vertically-aligned-center is-layout-flex wp-container-core-columns-is-layout-1 wp-block-columns-is-layout-flex\">\n<div class=\"wp-block-column is-vertically-aligned-center is-layout-flow wp-block-column-is-layout-flow\"><div class=\"wp-block-image\">\n<figure class=\"aligncenter size-full\"><a href=\"https:\/\/aktiv.ewigerbund.org\" target=\"_blank\" rel=\" noreferrer noopener\"><img loading=\"lazy\" decoding=\"async\" width=\"750\" height=\"350\" src=\"https:\/\/www.ewigerbund.org\/eb\/wp-content\/uploads\/sites\/42\/2025\/04\/eb-was-ist-zu-tun-v.jpg\" alt=\"Was ist zu tun\" class=\"wp-image-3383\" srcset=\"https:\/\/www.ewigerbund.org\/eb\/wp-content\/uploads\/sites\/42\/2025\/04\/eb-was-ist-zu-tun-v.jpg 750w, https:\/\/www.ewigerbund.org\/eb\/wp-content\/uploads\/sites\/42\/2025\/04\/eb-was-ist-zu-tun-v-300x140.jpg 300w\" sizes=\"auto, (max-width: 750px) 100vw, 750px\" \/><\/a><\/figure><\/div><\/div>\n\n\n\n<div class=\"wp-block-column is-vertically-aligned-center is-layout-flow wp-block-column-is-layout-flow\">\n<p class=\"has-text-align-center has-vivid-red-color has-text-color has-link-color wp-elements-5577893b48f9380afe2e6ebb1470b213\"><strong>Arbeitsplattform des ewigen Bundes.<\/strong><\/p>\n\n\n\n<p class=\"has-text-align-center cat-box-titel has-ffffff-color has-text-color\">Austauschen. Mitwirken. Gestalten<\/p>\n\n\n<div class=\"gb-button-wrapper gb-button-wrapper-dee7e289\">\n\n<a class=\"gb-button gb-button-01554d8d gb-button-text\" href=\"http:\/\/aktiv.ewigerbund.org\" target=\"_blank\" rel=\"noopener noreferrer\">Komm einfach mit!<\/a>\n\n<\/div><\/div>\n<\/div>\n\n<\/div><\/div>\n\n<div class=\"gb-container gb-container-1a596686 cat-box-border-hellgrau\"><div class=\"gb-inside-container\">\n\n<div class=\"wp-block-columns are-vertically-aligned-center is-layout-flex wp-container-core-columns-is-layout-2 wp-block-columns-is-layout-flex\">\n<div class=\"wp-block-column is-vertically-aligned-center is-layout-flow wp-block-column-is-layout-flow\"><div class=\"wp-block-image\">\n<figure class=\"aligncenter size-large\"><a href=\"http:\/\/www.ewigerbund.org\/volksschule\/\"><img decoding=\"async\" src=\"https:\/\/www.ewigerbund.org\/volksschule\/wp-content\/uploads\/sites\/40\/2023\/01\/Kat-Volksschule_v.jpg\" alt=\"\"\/><\/a><\/figure><\/div><\/div>\n\n\n\n<div class=\"wp-block-column is-vertically-aligned-center is-layout-flow wp-block-column-is-layout-flow\">\n<p class=\"has-text-align-center has-vivid-red-color has-text-color has-link-color wp-elements-f41b559f144ed2f414da8663cbaa78f1\"><strong>Volksschule des ewigen Bundes.<\/strong><\/p>\n\n\n\n<p class=\"has-text-align-center cat-box-titel has-ffffff-color has-text-color\">Lernen. Erkennen. Mitmachen.<\/p>\n\n\n<div class=\"gb-button-wrapper gb-button-wrapper-e8e4a559\">\n\n<a class=\"gb-button gb-button-7dd4ac23 gb-button-text\" href=\"http:\/\/www.ewigerbund.org\/volksschule\/\">Wir unterrichten Dich!<\/a>\n\n<\/div><\/div>\n<\/div>\n\n<\/div><\/div>\n\n\n<div style=\"height:40px\" aria-hidden=\"true\" class=\"wp-block-spacer\"><\/div>\n\n\n\n<div style=\"height:20px\" aria-hidden=\"true\" class=\"wp-block-spacer\"><\/div>\n\n\n\n<h2 class=\"wp-block-heading\">Wissen \u2192 Bewu\u00dftsein \u2192 Handeln.<\/h2>\n\n\n<div class=\"gb-container gb-container-9fc67622 cat-box-border-mittelgrau\"><div class=\"gb-inside-container\">\n\n<div class=\"wp-block-columns is-layout-flex wp-container-core-columns-is-layout-3 wp-block-columns-is-layout-flex\">\n<div class=\"wp-block-column is-vertically-aligned-center is-layout-flow wp-block-column-is-layout-flow\" style=\"flex-basis:66.66%\"><div class=\"wp-block-image\">\n<figure class=\"aligncenter size-large is-resized\"><img decoding=\"async\" src=\"https:\/\/www.ewigerbund.org\/verfassungsrecht\/wp-content\/uploads\/sites\/10\/2023\/01\/Zitat-1.png\" alt=\"\" style=\"width:50px;height:53px\"\/><\/figure><\/div>\n\n\n<p class=\"has-text-align-center cat-box-titel-h3 has-22-font-size\">Es ist nicht schwer, Leute zu finden, die dem Staate in leichten und gl\u00fccklichen Zeiten dienen; gute B\u00fcrger sind die dem Staate in einer Zeit der Gefahr und des Ungl\u00fccks dienen. Solides Ansehen beruht auf der Ausf\u00fchrung schwieriger Dinge. Je schwieriger sie sind, desto mehr Ehre bringen sie.<\/p>\n\n\n\n<p class=\"has-text-align-center has-small-font-size\">&#8211; Friedrich II., K\u00f6nig von Preu\u00dfen, an seinen Bruder Heinrich aus dem Lager Hohendorf am 9. August 1740.<\/p>\n<\/div>\n\n\n\n<div class=\"wp-block-column is-vertically-aligned-center is-layout-flow wp-block-column-is-layout-flow\" style=\"flex-basis:33.33%\"><div class=\"wp-block-image\">\n<figure class=\"aligncenter size-full is-resized\"><img loading=\"lazy\" decoding=\"async\" width=\"500\" height=\"500\" src=\"https:\/\/www.ewigerbund.org\/eb\/wp-content\/uploads\/sites\/42\/2023\/01\/Portrait-AlterFritz-sw-500x500px.png\" alt=\"\" class=\"wp-image-1766\" style=\"width:250px;height:250px\" srcset=\"https:\/\/www.ewigerbund.org\/eb\/wp-content\/uploads\/sites\/42\/2023\/01\/Portrait-AlterFritz-sw-500x500px.png 500w, https:\/\/www.ewigerbund.org\/eb\/wp-content\/uploads\/sites\/42\/2023\/01\/Portrait-AlterFritz-sw-500x500px-300x300.png 300w, https:\/\/www.ewigerbund.org\/eb\/wp-content\/uploads\/sites\/42\/2023\/01\/Portrait-AlterFritz-sw-500x500px-150x150.png 150w, https:\/\/www.ewigerbund.org\/eb\/wp-content\/uploads\/sites\/42\/2023\/01\/Portrait-AlterFritz-sw-500x500px-120x120.png 120w\" sizes=\"auto, (max-width: 500px) 100vw, 500px\" \/><\/figure><\/div><\/div>\n<\/div>\n\n<\/div><\/div>\n\n\n<p><br>Wissen ist Macht, hei\u00dft es und daraus folgt: Nicht-Wissen ist Ohn-Macht. Ein kurzer Blick auf die deutsche Gegenwart, best\u00e4tigt diese Folgerung. Grundvoraussetzung ist es also, die deutsche Ohnmacht zu \u00fcberwinden. Wissens- und Informationsvermittlung an die breite Masse ist daher das Wichtigste, was zu tun ist. Das Wissen \u00fcber die stolze und ruhmreiche Geschichte und den deutschen Gesamtstaat schafft die Grundlage, um alle weiteren Herausforderungen, auf dem Weg zur Restauration meistern zu k\u00f6nnen.<\/p>\n\n\n\n<p>Was auf dieser Grundlage weiter zu tun ist, sagt uns das sogenannte Bundesverfassungsgericht:<\/p>\n\n\n\n<blockquote class=\"wp-block-quote zitat-style is-layout-flow wp-block-quote-is-layout-flow\">\n<p>\u201e<em>Das Deutsche Reich [&#8230;] ist allerdings als Gesamtstaat mangels Organisation, insbesondere mangels institutionalisierter Organe selbst nicht handlungsf\u00e4hig.\u201c<sup><a href=\"#sdfootnote3sym\">3<\/a><\/sup><\/em><\/p>\n<\/blockquote>\n\n\n\n<p><br>Um die Handlungsf\u00e4higkeit wieder herzustellen, sind die gesetzlichen Institutionen zu organisieren, d.h. die verfassungsm\u00e4\u00dfigen Organe der Legislative, Exekutive und Judikative (Gesetzgeber, \u00c4mter und Gerichte) sind so wieder herzustellen, wie Verfassung und Gesetze es vorschreiben. Das ist die Restauration in knappen Worten. Erst mit dem Wissen um den Gesamtstaat und seine Verfassung, erschlie\u00dfen sich die daraus erwachsenden Herausforderungen, die hier nur kurz zusammengefa\u00dft werden: Das Deutsche Reich mit seiner Verfassung ist ein f\u00f6deraler Bundesstaat aus 25 Gliedstaaten, mit ihren jeweiligen Verfassungen und dem Reichsland Elsa\u00df- Lothringen. Als w\u00e4re das nicht komplex genug, wird das Ganze durch den am 31. Juli 1914, gem\u00e4\u00df Artikel 68 der Bismarckschen Reichsverfassung, erkl\u00e4rten Kriegs- und Belagerungszustand, einer Notverfassung unterworfen. Das alles will erfahren, studiert, begriffen und durchdrungen werden, um es wieder anwenden zu k\u00f6nnen.<\/p>\n\n\n\n<p><br>Die Antwort auf die Frage, was zu tun ist, lautet:<\/p>\n\n\n\n<p class=\"gb-headline gb-headline-cb996df3 gb-headline-text\">Wissen aneignen, aufbereiten und vermitteln.<\/p>\n\n\n\n<p>Doch damit ist es nicht getan. Die Organe des Gesamtstaates wollen mit Menschen besetzt werden, die nicht nur \u00fcber das daf\u00fcr jeweils erforderliche Wissen verf\u00fcgen, sondern die dar\u00fcber hinaus bereit sind, Verantwortung zu \u00fcbernehmen \u2013 um Recht und Ordnung sowie dem allgemeinen Wohl dienen zu wollen. Es braucht deutsche Staatsm\u00e4nner und Staatsdiener auf allen Ebenen: Vom Kaiserlichen Staatssekret\u00e4r \u00fcber Minister der Gliedstaaten, Beamte der Landesverwaltungen, Landr\u00e4ten, Polizeipr\u00e4sidenten bis hin zum Polizeibeamten auf der Stra\u00dfe.<\/p>\n\n\n\n<p>Ein recht bekannter Vertreter der sogenannten \u201eReichsb\u00fcrgerszene\u201c \u00e4u\u00dferte vor einigen Jahren sinngem\u00e4\u00df:<\/p>\n\n\n\n<blockquote class=\"wp-block-quote is-layout-flow wp-block-quote-is-layout-flow\">\n<p class=\"zitat-style\"><em>Die Deutschen werden es nicht ohne Hilfe von au\u00dfen schaffen, denn es fehlt ihnen das F\u00fchrungspersonal.<\/em><\/p>\n<\/blockquote>\n\n\n\n<p><br>Kann die Souver\u00e4nit\u00e4t, d.h. die Selbstbestimmung eines Volkes, durch Hilfe von au\u00dfen wieder erlangt werden? Nein. Das wu\u00dfte schon Freiherr vom Stein, der zur Zeit der napoleonischen Besatzung feststellte:<\/p>\n\n\n\n<h3 class=\"wp-block-heading has-text-align-center\">\u201eDeutschland kann nur durch Deutschland gerettet werden.\u201c<\/h3>\n\n\n\n<p>Das sind die Herausforderungen, die von uns zu meistern sind.<\/p>\n\n\n\n<p>Das ist, was zu tun ist: Jeder Einzelne von uns hat sich zuerst ein gewisses Ma\u00df an Wissen anzueignen und dann Verantwortung zu \u00fcbernehmen. Auch und gerade Letzteres fiel der Umerziehung, insbesondere seit 1945, zum Opfer.<\/p>\n\n\n\n<p>F\u00fcr das, was zu tun ist, gibt es kein historisches Beispiel und keine Blaupause. Jede einzelne notwendige Komponente ist von uns zu ermitteln, zu rekonstruieren und zu restaurieren. Jeder Schritt auf dem Weg zu Frieden, Freiheit und Souver\u00e4nit\u00e4t ist von uns zu planen. Scheitern ist dabei keine Option, denn das w\u00e4re der Schlu\u00dfpunkt der deutschen Geschichte. Wir w\u00fcrden dar\u00fcber hinaus der Menschheit jede Aussicht auf Beendigung des \u00fcber hundertj\u00e4hrigen Weltenbrandes nehmen.<\/p>\n\n\n\n<p>Es beginnt in der Volksschule, die schon bereit steht. Fangen wir wieder an Deutsche zu werden.<\/p>\n\n\n\n<div style=\"height:100px\" aria-hidden=\"true\" class=\"wp-block-spacer\"><\/div>\n\n\n\n<p><strong>Quellangaben.<\/strong><\/p>\n\n\n\n<p><a id=\"sdfootnote1sym\" href=\"#sdfootnote1anc\">1<\/a> exemplarisch siehe: Oskar H\u00fcbner, Das Lesebuch der Republik, 1922.<br><a id=\"sdfootnote2sym\" href=\"#sdfootnote2anc\">2<\/a> Here is Germany, US Propagandafilm 1945.<br><a href=\"#sdfootnote3anc\">3<\/a> <a href=\"https:\/\/servat.unibe.ch\/dfr\/bv036001.html\" target=\"_blank\" rel=\"noreferrer noopener\">BVerfGE 36, 1 &#8211; Grundlagenvertrag &#8211; B. III. I &#8211; https:\/\/servat.unibe.ch\/dfr\/bv036001.html<\/a><\/p>\n\n\n\n<p><\/p>\n","protected":false},"excerpt":{"rendered":"<p>Das kannst Du tun. Jedem, der begriffen und durchdrungen hat, was der ewige Bund ist und in welche Lage er 1918 versetzt wurde, wird damit gleichzeitig klar: Der Verfassungsbruch im Herbst 1918 ist die eine Ursache, mit deren Beseitigung alle, bis in unsere Gegenwart wirkenden Folgen, sofort aufh\u00f6ren. Damit wirft sich zwangsl\u00e4ufig die Frage auf, [&hellip;]<\/p>\n","protected":false},"author":8,"featured_media":3384,"parent":0,"menu_order":0,"comment_status":"closed","ping_status":"closed","template":"template-6-beide-seitenleiste.php","meta":{"footnotes":""},"categories":[14],"tags":[],"class_list":["post-1270","page","type-page","status-publish","has-post-thumbnail","hentry","category-der-ewige-bund"],"yoast_head":"<!-- This site is optimized with the Yoast SEO plugin v23.1 - https:\/\/yoast.com\/wordpress\/plugins\/seo\/ -->\n<title>Was ist zu tun? | Ewiger Bund.<\/title>\n<meta name=\"description\" content=\"Was ist zu tun, um unsere Souver\u00e4nit\u00e4t zu erreichen? Wer das Wissen anwenden kann, trotzt allen Widerst\u00e4nden. Wissen. &gt; Bewu\u00dftsein. &gt; Handeln.\" \/>\n<meta name=\"robots\" content=\"index, follow, max-snippet:-1, max-image-preview:large, max-video-preview:-1\" \/>\n<link rel=\"canonical\" href=\"https:\/\/www.ewigerbund.org\/eb\/tun\/\" \/>\n<meta property=\"og:locale\" content=\"de_DE\" \/>\n<meta property=\"og:type\" content=\"article\" \/>\n<meta property=\"og:title\" content=\"Was ist zu tun?\" \/>\n<meta property=\"og:description\" content=\"Wie bereits beschrieben, ist der ewige Bund heute noch immer existent, jedoch mangels institutionalisierter Organe handlungsunf\u00e4hig. Diese Organe m\u00fc\u00dfen restauriert werden. Dazu bedarf es zu aller erst Deutsche, die Verantwortung \u00fcbernehmen.\" \/>\n<meta property=\"og:url\" content=\"https:\/\/www.ewigerbund.org\/eb\/tun\/\" \/>\n<meta property=\"og:site_name\" content=\"Der ewige Bund.\" \/>\n<meta property=\"article:modified_time\" content=\"2025-04-28T09:56:05+00:00\" \/>\n<meta property=\"og:image\" content=\"https:\/\/www.ewigerbund.org\/eb\/wp-content\/uploads\/sites\/42\/2025\/04\/eb-was-ist-zu-tun.jpg\" \/>\n\t<meta property=\"og:image:width\" content=\"1748\" \/>\n\t<meta property=\"og:image:height\" content=\"994\" \/>\n\t<meta property=\"og:image:type\" content=\"image\/jpeg\" \/>\n<meta name=\"twitter:card\" content=\"summary_large_image\" \/>\n<meta name=\"twitter:title\" content=\"Was ist zu tun?\" \/>\n<meta name=\"twitter:description\" content=\"Wie bereits beschrieben, ist der ewige Bund heute noch immer existent, jedoch mangels institutionalisierter Organe handlungsunf\u00e4hig. Diese Organe m\u00fc\u00dfen restauriert werden. Dazu bedarf es zu aller erst Deutsche, die Verantwortung \u00fcbernehmen.\" \/>\n<meta name=\"twitter:label1\" content=\"Gesch\u00e4tzte Lesezeit\" \/>\n\t<meta name=\"twitter:data1\" content=\"7\u00a0Minuten\" \/>\n<script type=\"application\/ld+json\" class=\"yoast-schema-graph\">{\"@context\":\"https:\/\/schema.org\",\"@graph\":[{\"@type\":\"WebPage\",\"@id\":\"https:\/\/www.ewigerbund.org\/eb\/tun\/\",\"url\":\"https:\/\/www.ewigerbund.org\/eb\/tun\/\",\"name\":\"Was ist zu tun? | Ewiger Bund.\",\"isPartOf\":{\"@id\":\"https:\/\/www.ewigerbund.org\/eb\/#website\"},\"primaryImageOfPage\":{\"@id\":\"https:\/\/www.ewigerbund.org\/eb\/tun\/#primaryimage\"},\"image\":{\"@id\":\"https:\/\/www.ewigerbund.org\/eb\/tun\/#primaryimage\"},\"thumbnailUrl\":\"https:\/\/www.ewigerbund.org\/eb\/wp-content\/uploads\/sites\/42\/2025\/04\/eb-was-ist-zu-tun.jpg\",\"datePublished\":\"2023-01-05T10:11:53+00:00\",\"dateModified\":\"2025-04-28T09:56:05+00:00\",\"description\":\"Was ist zu tun, um unsere Souver\u00e4nit\u00e4t zu erreichen? Wer das Wissen anwenden kann, trotzt allen Widerst\u00e4nden. Wissen. > Bewu\u00dftsein. > Handeln.\",\"breadcrumb\":{\"@id\":\"https:\/\/www.ewigerbund.org\/eb\/tun\/#breadcrumb\"},\"inLanguage\":\"de\",\"potentialAction\":[{\"@type\":\"ReadAction\",\"target\":[\"https:\/\/www.ewigerbund.org\/eb\/tun\/\"]}]},{\"@type\":\"ImageObject\",\"inLanguage\":\"de\",\"@id\":\"https:\/\/www.ewigerbund.org\/eb\/tun\/#primaryimage\",\"url\":\"https:\/\/www.ewigerbund.org\/eb\/wp-content\/uploads\/sites\/42\/2025\/04\/eb-was-ist-zu-tun.jpg\",\"contentUrl\":\"https:\/\/www.ewigerbund.org\/eb\/wp-content\/uploads\/sites\/42\/2025\/04\/eb-was-ist-zu-tun.jpg\",\"width\":1748,\"height\":994,\"caption\":\"Aktiv werden.\"},{\"@type\":\"BreadcrumbList\",\"@id\":\"https:\/\/www.ewigerbund.org\/eb\/tun\/#breadcrumb\",\"itemListElement\":[{\"@type\":\"ListItem\",\"position\":1,\"name\":\"Startseite\",\"item\":\"https:\/\/www.ewigerbund.org\/eb\/\"},{\"@type\":\"ListItem\",\"position\":2,\"name\":\"Was ist zu tun?\"}]},{\"@type\":\"WebSite\",\"@id\":\"https:\/\/www.ewigerbund.org\/eb\/#website\",\"url\":\"https:\/\/www.ewigerbund.org\/eb\/\",\"name\":\"Der ewige Bund.\",\"description\":\"Verfassungsb\u00fcndnis der deutschen Einzelstaaten.\",\"publisher\":{\"@id\":\"https:\/\/www.ewigerbund.org\/eb\/#organization\"},\"potentialAction\":[{\"@type\":\"SearchAction\",\"target\":{\"@type\":\"EntryPoint\",\"urlTemplate\":\"https:\/\/www.ewigerbund.org\/eb\/?s={search_term_string}\"},\"query-input\":\"required name=search_term_string\"}],\"inLanguage\":\"de\"},{\"@type\":\"Organization\",\"@id\":\"https:\/\/www.ewigerbund.org\/eb\/#organization\",\"name\":\"Der ewige Bund.\",\"url\":\"https:\/\/www.ewigerbund.org\/eb\/\",\"logo\":{\"@type\":\"ImageObject\",\"inLanguage\":\"de\",\"@id\":\"https:\/\/www.ewigerbund.org\/eb\/#\/schema\/logo\/image\/\",\"url\":\"https:\/\/www.ewigerbund.org\/eb\/wp-content\/uploads\/sites\/42\/2023\/01\/2022-09-20-Logo-EB_Schutzzone_V4_Transparent.png\",\"contentUrl\":\"https:\/\/www.ewigerbund.org\/eb\/wp-content\/uploads\/sites\/42\/2023\/01\/2022-09-20-Logo-EB_Schutzzone_V4_Transparent.png\",\"width\":2000,\"height\":1982,\"caption\":\"Der ewige Bund.\"},\"image\":{\"@id\":\"https:\/\/www.ewigerbund.org\/eb\/#\/schema\/logo\/image\/\"}}]}<\/script>\n<!-- \/ Yoast SEO plugin. -->","yoast_head_json":{"title":"Was ist zu tun? | Ewiger Bund.","description":"Was ist zu tun, um unsere Souver\u00e4nit\u00e4t zu erreichen? Wer das Wissen anwenden kann, trotzt allen Widerst\u00e4nden. Wissen. > Bewu\u00dftsein. > Handeln.","robots":{"index":"index","follow":"follow","max-snippet":"max-snippet:-1","max-image-preview":"max-image-preview:large","max-video-preview":"max-video-preview:-1"},"canonical":"https:\/\/www.ewigerbund.org\/eb\/tun\/","og_locale":"de_DE","og_type":"article","og_title":"Was ist zu tun?","og_description":"Wie bereits beschrieben, ist der ewige Bund heute noch immer existent, jedoch mangels institutionalisierter Organe handlungsunf\u00e4hig. Diese Organe m\u00fc\u00dfen restauriert werden. Dazu bedarf es zu aller erst Deutsche, die Verantwortung \u00fcbernehmen.","og_url":"https:\/\/www.ewigerbund.org\/eb\/tun\/","og_site_name":"Der ewige Bund.","article_modified_time":"2025-04-28T09:56:05+00:00","og_image":[{"width":1748,"height":994,"url":"https:\/\/www.ewigerbund.org\/eb\/wp-content\/uploads\/sites\/42\/2025\/04\/eb-was-ist-zu-tun.jpg","type":"image\/jpeg"}],"twitter_card":"summary_large_image","twitter_title":"Was ist zu tun?","twitter_description":"Wie bereits beschrieben, ist der ewige Bund heute noch immer existent, jedoch mangels institutionalisierter Organe handlungsunf\u00e4hig. Diese Organe m\u00fc\u00dfen restauriert werden. Dazu bedarf es zu aller erst Deutsche, die Verantwortung \u00fcbernehmen.","twitter_misc":{"Gesch\u00e4tzte Lesezeit":"7\u00a0Minuten"},"schema":{"@context":"https:\/\/schema.org","@graph":[{"@type":"WebPage","@id":"https:\/\/www.ewigerbund.org\/eb\/tun\/","url":"https:\/\/www.ewigerbund.org\/eb\/tun\/","name":"Was ist zu tun? | Ewiger Bund.","isPartOf":{"@id":"https:\/\/www.ewigerbund.org\/eb\/#website"},"primaryImageOfPage":{"@id":"https:\/\/www.ewigerbund.org\/eb\/tun\/#primaryimage"},"image":{"@id":"https:\/\/www.ewigerbund.org\/eb\/tun\/#primaryimage"},"thumbnailUrl":"https:\/\/www.ewigerbund.org\/eb\/wp-content\/uploads\/sites\/42\/2025\/04\/eb-was-ist-zu-tun.jpg","datePublished":"2023-01-05T10:11:53+00:00","dateModified":"2025-04-28T09:56:05+00:00","description":"Was ist zu tun, um unsere Souver\u00e4nit\u00e4t zu erreichen? Wer das Wissen anwenden kann, trotzt allen Widerst\u00e4nden. Wissen. > Bewu\u00dftsein. > Handeln.","breadcrumb":{"@id":"https:\/\/www.ewigerbund.org\/eb\/tun\/#breadcrumb"},"inLanguage":"de","potentialAction":[{"@type":"ReadAction","target":["https:\/\/www.ewigerbund.org\/eb\/tun\/"]}]},{"@type":"ImageObject","inLanguage":"de","@id":"https:\/\/www.ewigerbund.org\/eb\/tun\/#primaryimage","url":"https:\/\/www.ewigerbund.org\/eb\/wp-content\/uploads\/sites\/42\/2025\/04\/eb-was-ist-zu-tun.jpg","contentUrl":"https:\/\/www.ewigerbund.org\/eb\/wp-content\/uploads\/sites\/42\/2025\/04\/eb-was-ist-zu-tun.jpg","width":1748,"height":994,"caption":"Aktiv werden."},{"@type":"BreadcrumbList","@id":"https:\/\/www.ewigerbund.org\/eb\/tun\/#breadcrumb","itemListElement":[{"@type":"ListItem","position":1,"name":"Startseite","item":"https:\/\/www.ewigerbund.org\/eb\/"},{"@type":"ListItem","position":2,"name":"Was ist zu tun?"}]},{"@type":"WebSite","@id":"https:\/\/www.ewigerbund.org\/eb\/#website","url":"https:\/\/www.ewigerbund.org\/eb\/","name":"Der ewige Bund.","description":"Verfassungsb\u00fcndnis der deutschen Einzelstaaten.","publisher":{"@id":"https:\/\/www.ewigerbund.org\/eb\/#organization"},"potentialAction":[{"@type":"SearchAction","target":{"@type":"EntryPoint","urlTemplate":"https:\/\/www.ewigerbund.org\/eb\/?s={search_term_string}"},"query-input":"required name=search_term_string"}],"inLanguage":"de"},{"@type":"Organization","@id":"https:\/\/www.ewigerbund.org\/eb\/#organization","name":"Der ewige Bund.","url":"https:\/\/www.ewigerbund.org\/eb\/","logo":{"@type":"ImageObject","inLanguage":"de","@id":"https:\/\/www.ewigerbund.org\/eb\/#\/schema\/logo\/image\/","url":"https:\/\/www.ewigerbund.org\/eb\/wp-content\/uploads\/sites\/42\/2023\/01\/2022-09-20-Logo-EB_Schutzzone_V4_Transparent.png","contentUrl":"https:\/\/www.ewigerbund.org\/eb\/wp-content\/uploads\/sites\/42\/2023\/01\/2022-09-20-Logo-EB_Schutzzone_V4_Transparent.png","width":2000,"height":1982,"caption":"Der ewige Bund."},"image":{"@id":"https:\/\/www.ewigerbund.org\/eb\/#\/schema\/logo\/image\/"}}]}},"_links":{"self":[{"href":"https:\/\/www.ewigerbund.org\/eb\/wp-json\/wp\/v2\/pages\/1270","targetHints":{"allow":["GET"]}}],"collection":[{"href":"https:\/\/www.ewigerbund.org\/eb\/wp-json\/wp\/v2\/pages"}],"about":[{"href":"https:\/\/www.ewigerbund.org\/eb\/wp-json\/wp\/v2\/types\/page"}],"author":[{"embeddable":true,"href":"https:\/\/www.ewigerbund.org\/eb\/wp-json\/wp\/v2\/users\/8"}],"replies":[{"embeddable":true,"href":"https:\/\/www.ewigerbund.org\/eb\/wp-json\/wp\/v2\/comments?post=1270"}],"version-history":[{"count":132,"href":"https:\/\/www.ewigerbund.org\/eb\/wp-json\/wp\/v2\/pages\/1270\/revisions"}],"predecessor-version":[{"id":3437,"href":"https:\/\/www.ewigerbund.org\/eb\/wp-json\/wp\/v2\/pages\/1270\/revisions\/3437"}],"wp:featuredmedia":[{"embeddable":true,"href":"https:\/\/www.ewigerbund.org\/eb\/wp-json\/wp\/v2\/media\/3384"}],"wp:attachment":[{"href":"https:\/\/www.ewigerbund.org\/eb\/wp-json\/wp\/v2\/media?parent=1270"}],"wp:term":[{"taxonomy":"category","embeddable":true,"href":"https:\/\/www.ewigerbund.org\/eb\/wp-json\/wp\/v2\/categories?post=1270"},{"taxonomy":"post_tag","embeddable":true,"href":"https:\/\/www.ewigerbund.org\/eb\/wp-json\/wp\/v2\/tags?post=1270"}],"curies":[{"name":"wp","href":"https:\/\/api.w.org\/{rel}","templated":true}]}}