{"id":1268,"date":"2023-01-05T11:10:36","date_gmt":"2023-01-05T10:10:36","guid":{"rendered":"https:\/\/www.ewigerbund.org\/eb\/?page_id=1268"},"modified":"2026-03-24T19:38:30","modified_gmt":"2026-03-24T18:38:30","slug":"was-ist-der","status":"publish","type":"page","link":"https:\/\/www.ewigerbund.org\/eb\/was-ist-der\/","title":{"rendered":"Was ist der ewige Bund?"},"content":{"rendered":"\n<h2 class=\"wp-block-heading\">Warum es den ewigen Bund gibt.<\/h2>\n\n\n\n<figure class=\"wp-block-embed is-type-video is-provider-vimeo wp-block-embed-vimeo wp-embed-aspect-16-9 wp-has-aspect-ratio\"><div class=\"wp-block-embed__wrapper\">\n<iframe loading=\"lazy\" src=\"https:\/\/player.vimeo.com\/video\/1176665541?h=9509cc1cd1&amp;dnt=1&amp;app_id=122963\" width=\"500\" height=\"281\" frameborder=\"0\" allow=\"autoplay; fullscreen; picture-in-picture; clipboard-write; encrypted-media; web-share\" referrerpolicy=\"strict-origin-when-cross-origin\"><\/iframe>\n<\/div><\/figure>\n\n\n\n<p>Mit seiner Begr\u00fcndung, auf Grundlage v\u00f6lkerrechtlicher Vertr\u00e4ge, erf\u00fcllte der ewige Bund den lange und innig gehegten deutschen Wunsch nach innerer Einheit, Rechtsschutz, freier Entfaltung in Selbstbestimmung, Beteiligung des Volkes an der politischen Beschlu\u00dffassung, vor allem jedoch den Wunsch nach Frieden. <\/p>\n\n\n\n<p>Besiegelt, als <a href=\"https:\/\/www.ewigerbund.org\/verfassungsrecht\/staatsrecht-des-ewigen-bundes\/verfassungsurkunde\/\">Verfassungswerk mit 78 Artikeln<\/a>, ist der ewige Bund jedoch weit mehr als eine vertragliche Vereinbarung oder ein politisches Konstrukt. Er ist die lebendige, organische Einheit eines Urvolkes, welches nach Fichte, immer auf deutschem Boden gesessen hat \u2013 auch als in der V\u00f6lkerwanderung Teile von ihm abgewandert sind. So hat die deutsche Nation stets ihre Eigenart, als auch die Vielfalt ihrer V\u00f6lker und St\u00e4mme bewahrt. <\/p>\n\n\n\n<p>Mit dem ewigen Bund vereinten sich <strong>25 deutsche Staaten<\/strong> mit unterschiedlichen Kulturen, Sprachen, Sitten und Gebr\u00e4uchen zu dieser besonderen Einheit. Doch gerade in der Verschiedenheit seiner Elemente, liegt die wahre St\u00e4rke des Bundes: Die Unterschiede werden nicht als Trennung, sondern als bereichernde Vielfalt verstanden, die in ihrer Summe das deutsche Wesen in seiner gesamten Tiefe abbildet.<\/p>\n\n\n\n<figure class=\"wp-block-image size-large\"><img loading=\"lazy\" decoding=\"async\" width=\"1024\" height=\"582\" src=\"https:\/\/www.ewigerbund.org\/eb\/wp-content\/uploads\/sites\/42\/2025\/04\/eb-weltkarte-1024x582.jpg\" alt=\"Weltkarte ewiger Bund.\" class=\"wp-image-3362\" srcset=\"https:\/\/www.ewigerbund.org\/eb\/wp-content\/uploads\/sites\/42\/2025\/04\/eb-weltkarte-1024x582.jpg 1024w, https:\/\/www.ewigerbund.org\/eb\/wp-content\/uploads\/sites\/42\/2025\/04\/eb-weltkarte-300x171.jpg 300w, https:\/\/www.ewigerbund.org\/eb\/wp-content\/uploads\/sites\/42\/2025\/04\/eb-weltkarte-768x437.jpg 768w, https:\/\/www.ewigerbund.org\/eb\/wp-content\/uploads\/sites\/42\/2025\/04\/eb-weltkarte-1536x873.jpg 1536w, https:\/\/www.ewigerbund.org\/eb\/wp-content\/uploads\/sites\/42\/2025\/04\/eb-weltkarte.jpg 1748w\" sizes=\"auto, (max-width: 1024px) 100vw, 1024px\" \/><\/figure>\n\n\n\n<p>Der ewige Bund ist mehr als eine blo\u00dfe Ansammlung von Menschen und Gebieten \u2013 er ist auch die Vereinigung eines Volkes, das in seinem Reich lebt, atmet und w\u00e4chst. Er umfa\u00dft die Menschen als auch das Land mit seinen D\u00f6rfern, St\u00e4dten und Metropolen, dar\u00fcber hinaus aber auch W\u00e4lder, Felder, Wiesen, Fl\u00fcsse, Seen, Berge und die Tier- und Pflanzenwelt, die darin ihr Zuhause haben. Vom ungeborenen Kind bis zum alten Greis, vom einfachen Arbeiter bis zum Forscher, vom Handwerker bis zum K\u00fcnstler \u2013 sie alle sind Teil eines gro\u00dfen Ganzen. Auch Angeh\u00f6rige anderer Nationen, die im Bundesgebiet leben, tragen ihren Teil bei. Der ewige Bund ist die Nahrung, die Luft, die Sprache und die Gedanken der Deutschen. Kunst, Literatur, Musik und Gewerbe, welche in diesem Bund gedeihen, sind ebenso integraler Bestandteil dieses ewigen Bundes wie die Alltagskultur, die das Leben pr\u00e4gt.<\/p>\n\n\n\n<h2 class=\"wp-block-heading\">Das sind wir.<\/h2>\n\n\n\n<p>Die deutsche Gesellschaft, Kultur und Geschichte formen sich aus den Traditionen, \u00dcberzeugungen und t\u00e4glichen Interaktionen der Deutschen untereinander, w\u00e4hrend Industrie, Handwerk, Handel, Gewerbe, Landwirtschaft und Innovationen, die wirtschaftliche Kraft des Landes ausmachen. All diese Elemente, von der vielf\u00e4ltigen Natur, \u00fcber das kulturelle Erbe, bis hin zur modernen Infrastruktur, vereinen sich zu dem, was den ewigen Bund in seinem Innersten ausmacht. Es ist ein komplexes Geflecht aus Leben und Geschichte, was den Kern der Nation bildet.<\/p>\n\n\n\n<figure class=\"wp-block-image size-large\"><img loading=\"lazy\" decoding=\"async\" width=\"1024\" height=\"582\" src=\"https:\/\/www.ewigerbund.org\/eb\/wp-content\/uploads\/sites\/42\/2025\/04\/eb-gesellschaft-1024x582.jpg\" alt=\"Brandenburger Tor Berlin\" class=\"wp-image-3365\" srcset=\"https:\/\/www.ewigerbund.org\/eb\/wp-content\/uploads\/sites\/42\/2025\/04\/eb-gesellschaft-1024x582.jpg 1024w, https:\/\/www.ewigerbund.org\/eb\/wp-content\/uploads\/sites\/42\/2025\/04\/eb-gesellschaft-300x171.jpg 300w, https:\/\/www.ewigerbund.org\/eb\/wp-content\/uploads\/sites\/42\/2025\/04\/eb-gesellschaft-768x437.jpg 768w, https:\/\/www.ewigerbund.org\/eb\/wp-content\/uploads\/sites\/42\/2025\/04\/eb-gesellschaft-1536x873.jpg 1536w, https:\/\/www.ewigerbund.org\/eb\/wp-content\/uploads\/sites\/42\/2025\/04\/eb-gesellschaft.jpg 1748w\" sizes=\"auto, (max-width: 1024px) 100vw, 1024px\" \/><\/figure>\n\n\n\n<p>Dabei stellt der ewige Bund die Verk\u00f6rperung eines h\u00f6heren Ideals dar. Er strebt nach F\u00f6rderung des allgemeinen Wohls sowie der Vervollkommnung aller Dinge und das nicht nur innerhalb seiner geographischen Grenzen, sondern als universeller Beitrag zur Menschheit. Die deutsche Kultur, in all ihrer Vielfalt und Tiefe, besa\u00df und besitzt das Potential, die Menschheit zu inspirieren und zu erheben. Der ewige Bund ist eine Einladung, die Zukunft friedlich zu gestalten und die Verbindung von Natur, Mensch, Technik, Tradition und Geist auf gesunden Grundlagen zu erneuern.<\/p>\n\n\n\n<h2 class=\"wp-block-heading\">R\u00fcckblick ins Reich.<\/h2>\n\n\n\n<blockquote class=\"wp-block-quote zitat-style is-layout-flow wp-block-quote-is-layout-flow\">\n<p><em>Schutz des Bundesgebietes und des innerhalb desselben g\u00fcltigen Rechtes, sowie zur Pflege der Wohlfahrt des deutschen Volkes.<\/em><\/p>\n<\/blockquote>\n\n\n\n<p>So lautet der Staatszweck, zu welchem der ewige Bund im Jahre 1871 geschlossen und gelebt wurde. In den darauf folgenden 40 Friedensjahren \u00fcbernahmen die Deutschen in vielen Disziplinen die F\u00fchrung. Die Industrie entwickelte sich mit einer nie dagewesenen Dynamik: Fabriken und Unternehmen schossen in den St\u00e4dten aus dem Boden und trugen zu einer starken Wirtschaft bei. Die deutsche Ingenieurskunst und der Erfindergeist wurden weltbekannt; sie standen f\u00fcr Qualit\u00e4t, Zuverl\u00e4ssigkeit sowie Innovation und waren Ausdruck eines neuen nationalen Selbstbewu\u00dftseins. Deutschland wuchs zu einer der f\u00fchrenden Industrienationen heran, deren Produkte auf der ganzen Welt gesch\u00e4tzt wurden. Gleichzeitig sorgte der technische Fortschritt f\u00fcr neue Arbeitspl\u00e4tze und eine Aussicht auf bessere Lebensbedingungen, f\u00fcr weite Teile der Bev\u00f6lkerung.<\/p>\n\n\n\n<p>Trotz all der wirtschaftlichen Dynamik blieb der Geist des Friedens, in der Gesellschaft, eine feste Konstante. Es war eine Zeit der \u00e4u\u00dferen Stabilit\u00e4t, in der die Menschen ihr Leben gestalten, aufbauen und von einer Zukunft tr\u00e4umen konnten, welche von Zusammenhalt und Sicherheit gepr\u00e4gt war. Der Alltag war bestimmt von einem Gemeinschaftsgef\u00fchl, welches durch Vereine, Feste und Traditionen gest\u00e4rkt wurde. Die Menschen fanden Halt und Freude in ihren sozialen Bindungen und pflegten eine tief verwurzelte Liebe zur Heimat und ihrer Natur, die sie als Quelle der Erholung und Inspiration sch\u00e4tzten.<\/p>\n\n\n\n<figure class=\"wp-block-image size-large\"><img loading=\"lazy\" decoding=\"async\" width=\"1024\" height=\"582\" src=\"https:\/\/www.ewigerbund.org\/eb\/wp-content\/uploads\/sites\/42\/2025\/04\/eb-haager-friedenskonferenz-1024x582.jpg\" alt=\"Hager Friedenskonferenz 1899\" class=\"wp-image-3370\" srcset=\"https:\/\/www.ewigerbund.org\/eb\/wp-content\/uploads\/sites\/42\/2025\/04\/eb-haager-friedenskonferenz-1024x582.jpg 1024w, https:\/\/www.ewigerbund.org\/eb\/wp-content\/uploads\/sites\/42\/2025\/04\/eb-haager-friedenskonferenz-300x171.jpg 300w, https:\/\/www.ewigerbund.org\/eb\/wp-content\/uploads\/sites\/42\/2025\/04\/eb-haager-friedenskonferenz-768x437.jpg 768w, https:\/\/www.ewigerbund.org\/eb\/wp-content\/uploads\/sites\/42\/2025\/04\/eb-haager-friedenskonferenz-1536x873.jpg 1536w, https:\/\/www.ewigerbund.org\/eb\/wp-content\/uploads\/sites\/42\/2025\/04\/eb-haager-friedenskonferenz.jpg 1748w\" sizes=\"auto, (max-width: 1024px) 100vw, 1024px\" \/><\/figure>\n\n\n\n<p>Aus dieser mentalen, wie wirtschaftlichen St\u00e4rke heraus, wagte der ewige Bund \u2013 vielleicht zu fr\u00fch \u2013 einen Schritt, der auf die F\u00f6rderung der gesamten Menschheit und ihrer Wohlfahrt abzielte. Zu einer Zeit, wo f\u00fcr viele Staaten der Krieg ein \u00fcbliches Mittel f\u00fcr die Durchsetzung ihrer Interessen war, wollte der ewige Bund den Krieg g\u00e4nzlich abschaffen. Mit dieser Einstellung nahmen seine Vertreter an den Friedenskonferenzen in Den Haag teil: Nach deutschem Willen, sollte die Anrufung unabh\u00e4ngiger, internationaler Schiedsgerichte, bewaffnete Konflikte \u00fcberfl\u00fcssig machen. Doch anstatt sich dem hehren deutschen Ziel, des ewigen Weltfriedens anzun\u00e4hern, verb\u00fcndete sich halb Europa gegen den deutschen Gesamtstaat und zog ihn 1914, in einen perfide vorbereiteten Krieg, der bis heute andauert. Ende 1918 nutzen die Feinde des ewigen Bundes die Situation aus und st\u00fcrzen diesen Staat. Das deutsche Friedenswerk wurde mit Gewalt gestoppt und handlungsunf\u00e4hig gemacht.<\/p>\n\n\n\n<h2 class=\"wp-block-heading\">Unser Erbe.<\/h2>\n\n\n\n<p>Das ist unser Erbe. Nur durch die Anerkennung und die Annahme dieses Erbes k\u00f6nnen die Deutschen in eine gemeinsame Zukunft aufbrechen. Der ewige Bund ist die Grundlage, auf der die Gilden von Morgen gedeihen werden \u2013 eine Zukunft, in der die deutsche Nation heilen kann, in sich selbst vollkommen wird und dar\u00fcber hinaus auch die Welt an ihrem unverwechselbaren Wesen teilhaben l\u00e4\u00dft: Der sehns\u00fcchtige deutsche Wunsch nach Freiheit, Gerechtigkeit, Harmonie und Frieden.<\/p>\n\n\n\n<div style=\"height:40px\" aria-hidden=\"true\" class=\"wp-block-spacer\"><\/div>\n\n\n<div class=\"gb-grid-wrapper gb-grid-wrapper-b20f7ebc\">\n<div class=\"gb-grid-column gb-grid-column-2d266b38\"><div class=\"gb-container gb-container-2d266b38\"><\/div><\/div>\n\n<div class=\"gb-grid-column gb-grid-column-cd588ea4\"><div class=\"gb-container gb-container-cd588ea4\">\n\n<div class=\"wp-block-my-custom-block-2-cat-box-2 is-layout-flex wp-container-3 wp-block-columns cat-box-border\"><div class=\"is-layout-flow wp-block-column\"><figure class=\"wp-block-image size-large\"><img decoding=\"async\" src=\"https:\/\/www.ewigerbund.org\/eb\/wp-content\/uploads\/sites\/42\/2025\/04\/EB-was-ist-podcast.jpg\" alt=\"Podcast: Was ist der ewige Bund?\"\/><\/figure><\/div><div class=\"is-layout-flow wp-block-column\"><p class=\"has-contrast-3-color has-text-color has-small-font-size\"><\/p><p class=\"has-accent-color has-text-color has-medium-font-size\"><\/p><h2>Podcast.<\/h2><p><\/p><p><a href=\"https:\/\/podcast.ewigerbund.org\/podcast\/was-ist-der-ewige-bund\/\">Hier &#8222;Was ist der ewige Bund?&#8220; anh\u00f6ren.<\/a><\/p><\/div><\/div>\n\n<\/div><\/div>\n\n<div class=\"gb-grid-column gb-grid-column-5863bba7\"><div class=\"gb-container gb-container-5863bba7\"><\/div><\/div>\n<\/div>\n\n<div class=\"gb-container gb-container-81a0c304 cat-box-border-dunkelrot\"><div class=\"gb-inside-container\">\n\n<div class=\"wp-block-columns are-vertically-aligned-center is-layout-flex wp-container-core-columns-is-layout-1 wp-block-columns-is-layout-flex\">\n<div class=\"wp-block-column is-vertically-aligned-center is-layout-flow wp-block-column-is-layout-flow\">\n<figure class=\"wp-block-image size-full\"><a href=\"https:\/\/www.ewigerbund.org\/eb\/heute\/\"><img loading=\"lazy\" decoding=\"async\" width=\"750\" height=\"350\" src=\"https:\/\/www.ewigerbund.org\/eb\/wp-content\/uploads\/sites\/42\/2023\/04\/EB-EwigerBund-EBheute_v.jpg\" alt=\"\" class=\"wp-image-2626\" srcset=\"https:\/\/www.ewigerbund.org\/eb\/wp-content\/uploads\/sites\/42\/2023\/04\/EB-EwigerBund-EBheute_v.jpg 750w, https:\/\/www.ewigerbund.org\/eb\/wp-content\/uploads\/sites\/42\/2023\/04\/EB-EwigerBund-EBheute_v-300x140.jpg 300w\" sizes=\"auto, (max-width: 750px) 100vw, 750px\" \/><\/a><\/figure>\n<\/div>\n\n\n\n<div class=\"wp-block-column is-vertically-aligned-center is-layout-flow wp-block-column-is-layout-flow\">\n<p class=\"has-text-align-center cat-box-titel has-white-color has-text-color\">Es sollte \u00fcber 100 Jahre dauern, bis die L\u00f6sung der deutschen Frage aus der Versenkung gehoben wurde. <\/p>\n\n\n<div class=\"gb-button-wrapper gb-button-wrapper-534383ea\">\n\n<a class=\"gb-button gb-button-629cb97e gb-button-text\" href=\"https:\/\/www.ewigerbund.org\/eb\/heute\/\">Der ewige Bund heute.<\/a>\n\n<\/div><\/div>\n<\/div>\n\n<\/div><\/div>\n\n\n<div style=\"height:40px\" aria-hidden=\"true\" class=\"wp-block-spacer\"><\/div>\n\n\n<div class=\"gb-container gb-container-3f133be9 cat-box-border-mittelgrau\"><div class=\"gb-inside-container\">\n\n<div class=\"wp-block-columns are-vertically-aligned-center is-layout-flex wp-container-core-columns-is-layout-2 wp-block-columns-is-layout-flex\">\n<div class=\"wp-block-column is-vertically-aligned-center is-layout-flow wp-block-column-is-layout-flow\" style=\"flex-basis:66.66%\"><div class=\"wp-block-image\">\n<figure class=\"aligncenter size-large is-resized\"><img decoding=\"async\" src=\"https:\/\/www.ewigerbund.org\/verfassungsrecht\/wp-content\/uploads\/sites\/10\/2023\/01\/Zitat-1.png\" alt=\"\" style=\"width:50px;height:53px\"\/><\/figure><\/div>\n\n\n<p class=\"gb-headline gb-headline-074b5852 gb-headline-text cat-box-titel-h3\">In schwankender Zeit gilt es,<br>das Seine zu behaupten.<\/p>\n\n\n\n<p class=\"has-text-align-center has-small-font-size\">&#8211; Goethe<\/p>\n<\/div>\n\n\n\n<div class=\"wp-block-column is-vertically-aligned-center is-layout-flow wp-block-column-is-layout-flow\" style=\"flex-basis:33.33%\"><div class=\"wp-block-image\">\n<figure class=\"aligncenter size-full is-resized\"><img loading=\"lazy\" decoding=\"async\" width=\"500\" height=\"500\" src=\"https:\/\/www.ewigerbund.org\/eb\/wp-content\/uploads\/sites\/42\/2023\/02\/Portrait-goethe-500x500px.png\" alt=\"\" class=\"wp-image-2073\" style=\"width:250px;height:250px\" srcset=\"https:\/\/www.ewigerbund.org\/eb\/wp-content\/uploads\/sites\/42\/2023\/02\/Portrait-goethe-500x500px.png 500w, https:\/\/www.ewigerbund.org\/eb\/wp-content\/uploads\/sites\/42\/2023\/02\/Portrait-goethe-500x500px-300x300.png 300w, https:\/\/www.ewigerbund.org\/eb\/wp-content\/uploads\/sites\/42\/2023\/02\/Portrait-goethe-500x500px-150x150.png 150w, https:\/\/www.ewigerbund.org\/eb\/wp-content\/uploads\/sites\/42\/2023\/02\/Portrait-goethe-500x500px-120x120.png 120w\" sizes=\"auto, (max-width: 500px) 100vw, 500px\" \/><\/figure><\/div><\/div>\n<\/div>\n\n<\/div><\/div>","protected":false},"excerpt":{"rendered":"<p>Warum es den ewigen Bund gibt. Mit seiner Begr\u00fcndung, auf Grundlage v\u00f6lkerrechtlicher Vertr\u00e4ge, erf\u00fcllte der ewige Bund den lange und innig gehegten deutschen Wunsch nach innerer Einheit, Rechtsschutz, freier Entfaltung in Selbstbestimmung, Beteiligung des Volkes an der politischen Beschlu\u00dffassung, vor allem jedoch den Wunsch nach Frieden. Besiegelt, als Verfassungswerk mit 78 Artikeln, ist der ewige [&hellip;]<\/p>\n","protected":false},"author":8,"featured_media":1534,"parent":0,"menu_order":0,"comment_status":"closed","ping_status":"closed","template":"template-6-beide-seitenleiste.php","meta":{"footnotes":""},"categories":[14],"tags":[],"class_list":["post-1268","page","type-page","status-publish","has-post-thumbnail","hentry","category-der-ewige-bund"],"yoast_head":"<!-- This site is optimized with the Yoast SEO plugin v23.1 - https:\/\/yoast.com\/wordpress\/plugins\/seo\/ -->\n<title>Was ist der ewige Bund? | Ewiger Bund.<\/title>\n<meta name=\"description\" content=\"Der ewige Bund ist das Verfassungsb\u00fcndnis aus 25 deutschen Einzelstaaten - ein souver\u00e4ner Bundesstaat als V\u00f6lkerrechtssubjekt geschaffen.\" \/>\n<meta name=\"robots\" content=\"index, follow, max-snippet:-1, max-image-preview:large, max-video-preview:-1\" \/>\n<link rel=\"canonical\" href=\"https:\/\/www.ewigerbund.org\/eb\/was-ist-der\/\" \/>\n<meta property=\"og:locale\" content=\"de_DE\" \/>\n<meta property=\"og:type\" content=\"article\" \/>\n<meta property=\"og:title\" content=\"Was ist der ewige Bund? | Ewiger Bund.\" \/>\n<meta property=\"og:description\" content=\"Der ewige Bund ist das Verfassungsb\u00fcndnis aus 25 deutschen Einzelstaaten - ein souver\u00e4ner Bundesstaat als V\u00f6lkerrechtssubjekt geschaffen.\" \/>\n<meta property=\"og:url\" content=\"https:\/\/www.ewigerbund.org\/eb\/was-ist-der\/\" \/>\n<meta property=\"og:site_name\" content=\"Der ewige Bund.\" \/>\n<meta property=\"article:modified_time\" content=\"2026-03-24T18:38:30+00:00\" \/>\n<meta property=\"og:image\" content=\"https:\/\/www.ewigerbund.org\/eb\/wp-content\/uploads\/sites\/42\/2023\/01\/Kat-EwigerBund.jpg\" \/>\n\t<meta property=\"og:image:width\" content=\"1748\" \/>\n\t<meta property=\"og:image:height\" content=\"994\" \/>\n\t<meta property=\"og:image:type\" content=\"image\/jpeg\" \/>\n<meta name=\"twitter:card\" content=\"summary_large_image\" \/>\n<meta name=\"twitter:label1\" content=\"Gesch\u00e4tzte Lesezeit\" \/>\n\t<meta name=\"twitter:data1\" content=\"7\u00a0Minuten\" \/>\n<script type=\"application\/ld+json\" class=\"yoast-schema-graph\">{\"@context\":\"https:\/\/schema.org\",\"@graph\":[{\"@type\":\"WebPage\",\"@id\":\"https:\/\/www.ewigerbund.org\/eb\/was-ist-der\/\",\"url\":\"https:\/\/www.ewigerbund.org\/eb\/was-ist-der\/\",\"name\":\"Was ist der ewige Bund? | Ewiger Bund.\",\"isPartOf\":{\"@id\":\"https:\/\/www.ewigerbund.org\/eb\/#website\"},\"primaryImageOfPage\":{\"@id\":\"https:\/\/www.ewigerbund.org\/eb\/was-ist-der\/#primaryimage\"},\"image\":{\"@id\":\"https:\/\/www.ewigerbund.org\/eb\/was-ist-der\/#primaryimage\"},\"thumbnailUrl\":\"https:\/\/www.ewigerbund.org\/eb\/wp-content\/uploads\/sites\/42\/2023\/01\/Kat-EwigerBund.jpg\",\"datePublished\":\"2023-01-05T10:10:36+00:00\",\"dateModified\":\"2026-03-24T18:38:30+00:00\",\"description\":\"Der ewige Bund ist das Verfassungsb\u00fcndnis aus 25 deutschen Einzelstaaten - ein souver\u00e4ner Bundesstaat als V\u00f6lkerrechtssubjekt geschaffen.\",\"breadcrumb\":{\"@id\":\"https:\/\/www.ewigerbund.org\/eb\/was-ist-der\/#breadcrumb\"},\"inLanguage\":\"de\",\"potentialAction\":[{\"@type\":\"ReadAction\",\"target\":[\"https:\/\/www.ewigerbund.org\/eb\/was-ist-der\/\"]}]},{\"@type\":\"ImageObject\",\"inLanguage\":\"de\",\"@id\":\"https:\/\/www.ewigerbund.org\/eb\/was-ist-der\/#primaryimage\",\"url\":\"https:\/\/www.ewigerbund.org\/eb\/wp-content\/uploads\/sites\/42\/2023\/01\/Kat-EwigerBund.jpg\",\"contentUrl\":\"https:\/\/www.ewigerbund.org\/eb\/wp-content\/uploads\/sites\/42\/2023\/01\/Kat-EwigerBund.jpg\",\"width\":1748,\"height\":994},{\"@type\":\"BreadcrumbList\",\"@id\":\"https:\/\/www.ewigerbund.org\/eb\/was-ist-der\/#breadcrumb\",\"itemListElement\":[{\"@type\":\"ListItem\",\"position\":1,\"name\":\"Startseite\",\"item\":\"https:\/\/www.ewigerbund.org\/eb\/\"},{\"@type\":\"ListItem\",\"position\":2,\"name\":\"Was ist der ewige Bund?\"}]},{\"@type\":\"WebSite\",\"@id\":\"https:\/\/www.ewigerbund.org\/eb\/#website\",\"url\":\"https:\/\/www.ewigerbund.org\/eb\/\",\"name\":\"Der ewige Bund.\",\"description\":\"Verfassungsb\u00fcndnis der deutschen Einzelstaaten.\",\"publisher\":{\"@id\":\"https:\/\/www.ewigerbund.org\/eb\/#organization\"},\"potentialAction\":[{\"@type\":\"SearchAction\",\"target\":{\"@type\":\"EntryPoint\",\"urlTemplate\":\"https:\/\/www.ewigerbund.org\/eb\/?s={search_term_string}\"},\"query-input\":\"required name=search_term_string\"}],\"inLanguage\":\"de\"},{\"@type\":\"Organization\",\"@id\":\"https:\/\/www.ewigerbund.org\/eb\/#organization\",\"name\":\"Der ewige Bund.\",\"url\":\"https:\/\/www.ewigerbund.org\/eb\/\",\"logo\":{\"@type\":\"ImageObject\",\"inLanguage\":\"de\",\"@id\":\"https:\/\/www.ewigerbund.org\/eb\/#\/schema\/logo\/image\/\",\"url\":\"https:\/\/www.ewigerbund.org\/eb\/wp-content\/uploads\/sites\/42\/2023\/01\/2022-09-20-Logo-EB_Schutzzone_V4_Transparent.png\",\"contentUrl\":\"https:\/\/www.ewigerbund.org\/eb\/wp-content\/uploads\/sites\/42\/2023\/01\/2022-09-20-Logo-EB_Schutzzone_V4_Transparent.png\",\"width\":2000,\"height\":1982,\"caption\":\"Der ewige Bund.\"},\"image\":{\"@id\":\"https:\/\/www.ewigerbund.org\/eb\/#\/schema\/logo\/image\/\"}}]}<\/script>\n<!-- \/ Yoast SEO plugin. -->","yoast_head_json":{"title":"Was ist der ewige Bund? | Ewiger Bund.","description":"Der ewige Bund ist das Verfassungsb\u00fcndnis aus 25 deutschen Einzelstaaten - ein souver\u00e4ner Bundesstaat als V\u00f6lkerrechtssubjekt geschaffen.","robots":{"index":"index","follow":"follow","max-snippet":"max-snippet:-1","max-image-preview":"max-image-preview:large","max-video-preview":"max-video-preview:-1"},"canonical":"https:\/\/www.ewigerbund.org\/eb\/was-ist-der\/","og_locale":"de_DE","og_type":"article","og_title":"Was ist der ewige Bund? | Ewiger Bund.","og_description":"Der ewige Bund ist das Verfassungsb\u00fcndnis aus 25 deutschen Einzelstaaten - ein souver\u00e4ner Bundesstaat als V\u00f6lkerrechtssubjekt geschaffen.","og_url":"https:\/\/www.ewigerbund.org\/eb\/was-ist-der\/","og_site_name":"Der ewige Bund.","article_modified_time":"2026-03-24T18:38:30+00:00","og_image":[{"width":1748,"height":994,"url":"https:\/\/www.ewigerbund.org\/eb\/wp-content\/uploads\/sites\/42\/2023\/01\/Kat-EwigerBund.jpg","type":"image\/jpeg"}],"twitter_card":"summary_large_image","twitter_misc":{"Gesch\u00e4tzte Lesezeit":"7\u00a0Minuten"},"schema":{"@context":"https:\/\/schema.org","@graph":[{"@type":"WebPage","@id":"https:\/\/www.ewigerbund.org\/eb\/was-ist-der\/","url":"https:\/\/www.ewigerbund.org\/eb\/was-ist-der\/","name":"Was ist der ewige Bund? | Ewiger Bund.","isPartOf":{"@id":"https:\/\/www.ewigerbund.org\/eb\/#website"},"primaryImageOfPage":{"@id":"https:\/\/www.ewigerbund.org\/eb\/was-ist-der\/#primaryimage"},"image":{"@id":"https:\/\/www.ewigerbund.org\/eb\/was-ist-der\/#primaryimage"},"thumbnailUrl":"https:\/\/www.ewigerbund.org\/eb\/wp-content\/uploads\/sites\/42\/2023\/01\/Kat-EwigerBund.jpg","datePublished":"2023-01-05T10:10:36+00:00","dateModified":"2026-03-24T18:38:30+00:00","description":"Der ewige Bund ist das Verfassungsb\u00fcndnis aus 25 deutschen Einzelstaaten - ein souver\u00e4ner Bundesstaat als V\u00f6lkerrechtssubjekt geschaffen.","breadcrumb":{"@id":"https:\/\/www.ewigerbund.org\/eb\/was-ist-der\/#breadcrumb"},"inLanguage":"de","potentialAction":[{"@type":"ReadAction","target":["https:\/\/www.ewigerbund.org\/eb\/was-ist-der\/"]}]},{"@type":"ImageObject","inLanguage":"de","@id":"https:\/\/www.ewigerbund.org\/eb\/was-ist-der\/#primaryimage","url":"https:\/\/www.ewigerbund.org\/eb\/wp-content\/uploads\/sites\/42\/2023\/01\/Kat-EwigerBund.jpg","contentUrl":"https:\/\/www.ewigerbund.org\/eb\/wp-content\/uploads\/sites\/42\/2023\/01\/Kat-EwigerBund.jpg","width":1748,"height":994},{"@type":"BreadcrumbList","@id":"https:\/\/www.ewigerbund.org\/eb\/was-ist-der\/#breadcrumb","itemListElement":[{"@type":"ListItem","position":1,"name":"Startseite","item":"https:\/\/www.ewigerbund.org\/eb\/"},{"@type":"ListItem","position":2,"name":"Was ist der ewige Bund?"}]},{"@type":"WebSite","@id":"https:\/\/www.ewigerbund.org\/eb\/#website","url":"https:\/\/www.ewigerbund.org\/eb\/","name":"Der ewige Bund.","description":"Verfassungsb\u00fcndnis der deutschen Einzelstaaten.","publisher":{"@id":"https:\/\/www.ewigerbund.org\/eb\/#organization"},"potentialAction":[{"@type":"SearchAction","target":{"@type":"EntryPoint","urlTemplate":"https:\/\/www.ewigerbund.org\/eb\/?s={search_term_string}"},"query-input":"required name=search_term_string"}],"inLanguage":"de"},{"@type":"Organization","@id":"https:\/\/www.ewigerbund.org\/eb\/#organization","name":"Der ewige Bund.","url":"https:\/\/www.ewigerbund.org\/eb\/","logo":{"@type":"ImageObject","inLanguage":"de","@id":"https:\/\/www.ewigerbund.org\/eb\/#\/schema\/logo\/image\/","url":"https:\/\/www.ewigerbund.org\/eb\/wp-content\/uploads\/sites\/42\/2023\/01\/2022-09-20-Logo-EB_Schutzzone_V4_Transparent.png","contentUrl":"https:\/\/www.ewigerbund.org\/eb\/wp-content\/uploads\/sites\/42\/2023\/01\/2022-09-20-Logo-EB_Schutzzone_V4_Transparent.png","width":2000,"height":1982,"caption":"Der ewige Bund."},"image":{"@id":"https:\/\/www.ewigerbund.org\/eb\/#\/schema\/logo\/image\/"}}]}},"_links":{"self":[{"href":"https:\/\/www.ewigerbund.org\/eb\/wp-json\/wp\/v2\/pages\/1268","targetHints":{"allow":["GET"]}}],"collection":[{"href":"https:\/\/www.ewigerbund.org\/eb\/wp-json\/wp\/v2\/pages"}],"about":[{"href":"https:\/\/www.ewigerbund.org\/eb\/wp-json\/wp\/v2\/types\/page"}],"author":[{"embeddable":true,"href":"https:\/\/www.ewigerbund.org\/eb\/wp-json\/wp\/v2\/users\/8"}],"replies":[{"embeddable":true,"href":"https:\/\/www.ewigerbund.org\/eb\/wp-json\/wp\/v2\/comments?post=1268"}],"version-history":[{"count":216,"href":"https:\/\/www.ewigerbund.org\/eb\/wp-json\/wp\/v2\/pages\/1268\/revisions"}],"predecessor-version":[{"id":3465,"href":"https:\/\/www.ewigerbund.org\/eb\/wp-json\/wp\/v2\/pages\/1268\/revisions\/3465"}],"wp:featuredmedia":[{"embeddable":true,"href":"https:\/\/www.ewigerbund.org\/eb\/wp-json\/wp\/v2\/media\/1534"}],"wp:attachment":[{"href":"https:\/\/www.ewigerbund.org\/eb\/wp-json\/wp\/v2\/media?parent=1268"}],"wp:term":[{"taxonomy":"category","embeddable":true,"href":"https:\/\/www.ewigerbund.org\/eb\/wp-json\/wp\/v2\/categories?post=1268"},{"taxonomy":"post_tag","embeddable":true,"href":"https:\/\/www.ewigerbund.org\/eb\/wp-json\/wp\/v2\/tags?post=1268"}],"curies":[{"name":"wp","href":"https:\/\/api.w.org\/{rel}","templated":true}]}}