{"id":1266,"date":"2023-01-05T11:09:41","date_gmt":"2023-01-05T10:09:41","guid":{"rendered":"https:\/\/www.ewigerbund.org\/eb\/?page_id=1266"},"modified":"2026-03-24T19:45:30","modified_gmt":"2026-03-24T18:45:30","slug":"heute","status":"publish","type":"page","link":"https:\/\/www.ewigerbund.org\/eb\/heute\/","title":{"rendered":"Der ewige Bund heute."},"content":{"rendered":"\n<div class=\"wp-block-columns is-layout-flex wp-container-core-columns-is-layout-1 wp-block-columns-is-layout-flex\">\n<div class=\"wp-block-column cat-box-border is-layout-flow wp-block-column-is-layout-flow\">\n<figure class=\"wp-block-image size-large\"><a href=\"https:\/\/www.ewigerbund.org\/eb\/heute\/meine-geschichte-erzaehlt\/\"><img loading=\"lazy\" decoding=\"async\" width=\"1024\" height=\"582\" src=\"https:\/\/www.ewigerbund.org\/eb\/wp-content\/uploads\/sites\/42\/2023\/01\/meine-geschichte-vorschau-1024x582.jpg\" alt=\"\" class=\"wp-image-2977\" srcset=\"https:\/\/www.ewigerbund.org\/eb\/wp-content\/uploads\/sites\/42\/2023\/01\/meine-geschichte-vorschau-1024x582.jpg 1024w, https:\/\/www.ewigerbund.org\/eb\/wp-content\/uploads\/sites\/42\/2023\/01\/meine-geschichte-vorschau-300x171.jpg 300w, https:\/\/www.ewigerbund.org\/eb\/wp-content\/uploads\/sites\/42\/2023\/01\/meine-geschichte-vorschau-768x437.jpg 768w, https:\/\/www.ewigerbund.org\/eb\/wp-content\/uploads\/sites\/42\/2023\/01\/meine-geschichte-vorschau-1536x873.jpg 1536w, https:\/\/www.ewigerbund.org\/eb\/wp-content\/uploads\/sites\/42\/2023\/01\/meine-geschichte-vorschau.jpg 1748w\" sizes=\"auto, (max-width: 1024px) 100vw, 1024px\" \/><\/a><\/figure>\n\n\n\n<h2 class=\"gb-headline gb-headline-dde73988 gb-headline-text\">Pers\u00f6nliche Erz\u00e4hlungen.<\/h2>\n\n\n\n<p>Freu Dich auf die ganz pers\u00f6nlichen und individuellen Geschichten \u00fcber den Weg zum ewigen Bundes.<\/p>\n\n\n\n<p><a href=\"https:\/\/www.ewigerbund.org\/eb\/heute\/meine-geschichte-erzaehlt\/\">La\u00df Dich inspirieren! \u2192<\/a><\/p>\n<\/div>\n\n\n\n<div class=\"wp-block-column cat-box-border is-layout-flow wp-block-column-is-layout-flow\">\n<figure class=\"wp-block-image size-large\"><a href=\"https:\/\/www.ewigerbund.org\/eb\/heute\/wer-sind-wir\/\"><img loading=\"lazy\" decoding=\"async\" width=\"1024\" height=\"582\" src=\"https:\/\/www.ewigerbund.org\/eb\/wp-content\/uploads\/sites\/42\/2023\/01\/EB-EwigerBund-WerWirSind-1024x582.jpg\" alt=\"Gesichter des ewigen Bundes\" class=\"wp-image-1641\" srcset=\"https:\/\/www.ewigerbund.org\/eb\/wp-content\/uploads\/sites\/42\/2023\/01\/EB-EwigerBund-WerWirSind-1024x582.jpg 1024w, https:\/\/www.ewigerbund.org\/eb\/wp-content\/uploads\/sites\/42\/2023\/01\/EB-EwigerBund-WerWirSind-300x171.jpg 300w, https:\/\/www.ewigerbund.org\/eb\/wp-content\/uploads\/sites\/42\/2023\/01\/EB-EwigerBund-WerWirSind-768x437.jpg 768w, https:\/\/www.ewigerbund.org\/eb\/wp-content\/uploads\/sites\/42\/2023\/01\/EB-EwigerBund-WerWirSind-1536x873.jpg 1536w, https:\/\/www.ewigerbund.org\/eb\/wp-content\/uploads\/sites\/42\/2023\/01\/EB-EwigerBund-WerWirSind.jpg 1748w\" sizes=\"auto, (max-width: 1024px) 100vw, 1024px\" \/><\/a><\/figure>\n\n\n\n<h2 class=\"gb-headline gb-headline-04d0eb80 gb-headline-text\">Gesichter im ewigen Bund.<\/h2>\n\n\n\n<p>Lerne die Menschen kennen, die sich als deutsches Indigenat versammelt haben und aktiv an der Restauration beteiligt sind.<\/p>\n\n\n\n<p><a href=\"https:\/\/www.ewigerbund.org\/eb\/heute\/wer-sind-wir\/\">Schau sie Dir an! \u2192<\/a><\/p>\n<\/div>\n<\/div>\n\n\n\n<div style=\"height:50px\" aria-hidden=\"true\" class=\"wp-block-spacer\"><\/div>\n\n\n\n<h2 class=\"wp-block-heading\">Der Staat &#8211; das V\u00f6lkerrechtssubjekt.<\/h2>\n\n\n\n<figure class=\"wp-block-embed is-type-video is-provider-vimeo wp-block-embed-vimeo wp-embed-aspect-16-9 wp-has-aspect-ratio\"><div class=\"wp-block-embed__wrapper\">\n<iframe loading=\"lazy\" src=\"https:\/\/player.vimeo.com\/video\/1176665952?h=c14d294240&amp;dnt=1&amp;app_id=122963\" width=\"500\" height=\"281\" frameborder=\"0\" allow=\"autoplay; fullscreen; picture-in-picture; clipboard-write; encrypted-media; web-share\" referrerpolicy=\"strict-origin-when-cross-origin\"><\/iframe>\n<\/div><\/figure>\n\n\n\n<div style=\"height:50px\" aria-hidden=\"true\" class=\"wp-block-spacer\"><\/div>\n\n\n\n<p>Der ewige Bund ist ein V\u00f6lkerrechtssubjekt, damit Gegenstand internationaler Vertr\u00e4ge und Abkommen und es l\u00e4\u00dft sich daher nicht einfach revolutionieren, aufl\u00f6sen oder liquidieren. Das mu\u00dfte auch die Bundesregierung der Bundesrepublik Deutschland offen einr\u00e4umen<a href=\"#sdfootnote1sym\" id=\"sdfootnote1anc\"><sup>1<\/sup><\/a>, denn diese ist an die Urteile des Bundesverfassungsgerichts gebunden und das urteilte in seiner st\u00e4ndigen Rechtsprechung wie folgt:<\/p>\n\n\n\n<blockquote class=\"wp-block-quote zitat-style is-layout-flow wp-block-quote-is-layout-flow\">\n<p>\u201e<em>Das Deutsche Reich existiert fort, besitzt nach wie vor Rechtsf\u00e4higkeit, ist allerdings als Gesamtstaat mangels Organisation, insbesondere mangels institutionalisierter Organe selbst nicht handlungsf\u00e4hig. [&#8230;] Die Bundesrepublik Deutschland ist also nicht \u201eRechtsnachfolger\u201c des Deutschen Reiches &#8230; \u201c<\/em><a href=\"#sdfootnote2sym\" id=\"sdfootnote2anc\"><sup>2<\/sup><\/a><\/p>\n<\/blockquote>\n\n\n\n<p>Auf &#8222;Ewiger Bund heute&#8220; zeigen wir Dir, wie der ewige Bund aktuell wirkt und welche Aufgaben er zu bew\u00e4ltigen hat. Zudem stellen wir Dir Gesichter des ewigen Bundes vor und erz\u00e4hlen unter &#8222;Meine Geschichte&#8220; pers\u00f6nliche Geschichten. Tauche ein in interessante Wege und lerne die Menschen kennen, die den ewigen Bund heute pr\u00e4gen. Jede Geschichte gibt einen Einblick in das Leben und die Erfahrungen der Deutschen, zeigt ihre Beweggr\u00fcnde und die Vielfalt ihrer pers\u00f6nlichen Erkenntnisreise. Lass Dich von den beeindruckenden Erz\u00e4hlungen ber\u00fchren, entdecke und motivieren, wie der ewige Bund das Leben dieser Menschen bereichert und zum besseren gewendet hat.<\/p>\n\n\n<div class=\"gb-container gb-container-d16aab04 cat-box-border-mittelgrau\"><div class=\"gb-inside-container\">\n<div class=\"wp-block-image\">\n<figure class=\"aligncenter size-large is-resized\"><img decoding=\"async\" src=\"https:\/\/www.ewigerbund.org\/verfassungsrecht\/wp-content\/uploads\/sites\/10\/2023\/01\/Zitat-1.png\" alt=\"\" style=\"width:50px;height:53px\"\/><\/figure><\/div>\n\n\n<p class=\"gb-headline gb-headline-0d32e9f9 gb-headline-text cat-box-titel-h3\">Nicht Altes anzustreben bin ich gewillt, sondern f\u00fcr das zu k\u00e4mpfen, was ewig gilt.<\/p>\n\n\n\n<p class=\"has-text-align-center has-small-font-size\">&#8211; Deutscher Patriot Sascha.<\/p>\n\n<\/div><\/div>\n\n\n<h3 class=\"wp-block-heading\">Das Schicksal der Deutschen.<\/h3>\n\n\n\n<p>Die festgestellte Handlungsunf\u00e4higkeit ist das Ergebnis des Staatsumsturzes vom November 1918, in dessen Rahmen hochverr\u00e4terische Kr\u00e4fte die Staatsgewalt, mittels Verfassungsbruch, gewaltsam an sich rissen \u2013 um sie bis heute auszu\u00fcben.<\/p>\n\n\n\n<blockquote class=\"wp-block-quote zitat-style is-layout-flow wp-block-quote-is-layout-flow\">\n<p>\u201e<em>Das Recht ohne die Macht ist machtlos <\/em><em>\u2013<\/em><em> die Macht ohne das Recht ist tyrannisch.\u201c<\/em><\/p>\n<\/blockquote>\n\n\n\n<p>Wer k\u00f6nnte diese Feststellung von Blaise Pascal, aus dem 17. Jahrhundert besser best\u00e4tigen, als die Deutschen, wenn sie auf die vergangenen 100 Jahre zur\u00fcck blicken? <\/p>\n\n\n\n<p>Die illegale Machtergreifung im November 1918 hat zwei grundlegende Wirkungen. Eine im Inneren und eine im \u00c4u\u00dferen, die beide bis auf die Gegenwart die deutsche Realit\u00e4t bestimmen:<\/p>\n\n\n\n<p>Im Inneren kam die Rechtspflege zum Erliegen, d.h. seit November 1918 ist weder ein legitimer deutscher Gesetzgeber, eine legitime deutsche Regierung, noch ein legitimer Verwaltungs- und Beamtenapparat vorhanden.<\/p>\n\n\n\n<p>Im \u00c4u\u00dferen war mit der Exilierung des deutschen Kaisers, als v\u00f6lkerrechtlicher Vertreter der Deutschen, kein legitimer Signatar f\u00fcr den Friedensschlu\u00df verf\u00fcgbar. Das hatte zur Folge, da\u00df der Versailler Vertrag, im Juni 1919, auf deutscher Seite von keinem legitimierten Vertreter unterzeichnet wurde und somit kein v\u00f6lkerrechtlicher, sondern nur ein privatrechtlicher Vertrag sein kann. Die USA erkannten dies, ratifizierten den Versailler Vertrag in der Folge nicht und der US Kongre\u00df konstatierte <strong>192<\/strong><strong>1<\/strong> mit der Knox-Porter-Resolution<a href=\"#sdfootnote3sym\" id=\"sdfootnote3anc\"><sup>3<\/sup><\/a> explizit, da\u00df es an einem v\u00f6lkerrechtlichen Friedensschlu\u00df, mit der Kaiserlich Deutschen Regierung, mangele.<\/p>\n\n\n\n<div class=\"wp-block-columns cat-box-border is-layout-flex wp-container-core-columns-is-layout-2 wp-block-columns-is-layout-flex\">\n<div class=\"wp-block-column is-layout-flow wp-block-column-is-layout-flow\">\n<figure class=\"wp-block-image size-large\"><a href=\"https:\/\/www.ewigerbund.org\/film\/staatsumsturz-der-film\/\"><img decoding=\"async\" src=\"https:\/\/www.ewigerbund.org\/film\/wp-content\/uploads\/sites\/38\/2025\/01\/EB-staatsumsturz1.jpg\" alt=\"\"\/><\/a><\/figure>\n<\/div>\n\n\n\n<div class=\"wp-block-column is-vertically-aligned-center is-layout-flow wp-block-column-is-layout-flow\">\n<p class=\"has-vivid-red-color has-text-color has-link-color wp-elements-6b5778a4eafe8a78fe0f3b3fab61b298\" style=\"font-size:18px\"><strong>Was wirklich 1918 geschah!<\/strong><\/p>\n\n\n\n<h3 class=\"wp-block-heading\">Staatsumsturz.<\/h3>\n\n\n\n<p><a href=\"https:\/\/www.ewigerbund.org\/film\/staatsumsturz-der-film\/\">Film jetzt ansehen.<\/a><\/p>\n<\/div>\n<\/div>\n\n\n\n<p>Zusammengefa\u00dft: Der am 28. Juli 1914 ausgebrochene Weltkrieg wurde zu keinem Zeitpunkt v\u00f6lkerrechtlich beendet \u2013 er dauert bis zum heutigen Tage an und sollte als hundertj\u00e4hriger Weltkrieg angesprochen werden. Der durch den Staatsumsturz im November 1918 seiner Handlungsf\u00e4higkeit beraubte ewige Bund, das V\u00f6lkerrechtssubjekt Deutsches Reich, befindet sich als Spielball fremder M\u00e4chte, nach wie vor im Kriegs- und Belagerungszustand, wie er am 31. Juli 1914<a href=\"#sdfootnote4sym\" id=\"sdfootnote4anc\"><sup>4<\/sup><\/a> durch den deutschen Kaiser, gem\u00e4\u00df Artikel 68<a href=\"#sdfootnote5sym\" id=\"sdfootnote5anc\"><sup>5<\/sup><\/a> der Verfassung, erkl\u00e4rt wurde.<\/p>\n\n\n\n<h2 class=\"wp-block-heading\">Das darf so nicht bleiben.<\/h2>\n\n\n\n<p>Das darf so nicht bleiben \u2013 und mu\u00df es auch nicht, denn das sogenannte Bundesverfassungsgericht zeigt den Ausweg. Zur Erinnerung:<\/p>\n\n\n\n<blockquote class=\"wp-block-quote zitat-style is-layout-flow wp-block-quote-is-layout-flow\">\n<p>\u201e<em>Das Deutsche Reich existiert fort, besitzt nach wie vor Rechtsf\u00e4higkeit, ist allerdings als Gesamtstaat mangels Organisation, insbesondere mangels institutionalisierter Organe selbst nicht handlungsf\u00e4hig. [&#8230;]\u201c<\/em><a href=\"#sdfootnote6sym\" id=\"sdfootnote6anc\"><sup>6<\/sup><\/a><\/p>\n<\/blockquote>\n\n\n\n<p>Der Gesamtstaat, damit auch seine 25 Gliedstaaten, mit Elsa\u00df-Lothringen und damit das Bundesgebiet<a href=\"#sdfootnote7sym\" id=\"sdfootnote7anc\"><sup>7<\/sup><\/a> als Staatsgebiet sind vorhanden. Die Rechtsf\u00e4higkeit ist gegeben, Verfassung und Gesetzgebung sind vorhanden, g\u00fcltig und in Kraft<a href=\"#sdfootnote8sym\" id=\"sdfootnote8anc\"><sup>8<\/sup><\/a>. Was fehlt, ist eine Organisation der gesetzlichen Einrichtungen, sprich \u00c4mter und Beh\u00f6rden sowie die in ihnen zum Handeln berufenen und bef\u00e4higten Deutschen, sprich hoheitlich bestallte Beamte.<\/p>\n\n\n\n<h2 class=\"wp-block-heading\">Der ewige Bund in der Gegenwart.<\/h2>\n\n\n\n<p>Der ewige Bund stellt sich heute folgenderma\u00dfen dar. Er ist der Zusammenschlu\u00df all jener im Bundesgebiet befindlichen Menschen, die Vorstehendes gepr\u00fcft und f\u00fcr wahr erkannt haben und die sich daf\u00fcr engagieren, die Handlungsf\u00e4higkeit des Gesamtstaates wieder herzustellen, seine gesetzlichen Institutionen zu restaurieren und mit bef\u00e4higten und verantwortungsbewu\u00dften Deutschen auszustatten. Wir wollen und werden den ewigen Bund wieder zu dem machen, wozu er gegr\u00fcndet wurde und was er ist (Pfad zu \u201eWas ist der ewige Bund\u201c). Unser derzeit \u00fcbergeordnetes Ziel ist aber weit gewichtiger: Wir wollen und werden den v\u00f6lkerrechtlichen Friedensschlu\u00df zum hundertj\u00e4hrigen Weltkrieg erm\u00f6glichen, den nur der Deutsche Kaiser f\u00fcr die Deutschen verhandeln kann und der sich dazu auf einen funktionierenden Verwaltungsapparat, samt Beamtenschaft st\u00fctzen k\u00f6nnen mu\u00df.<\/p>\n\n\n\n<p>Das bringt uns zu der Frage: <\/p>\n\n\n<div class=\"gb-container gb-container-8f1f8e95 cat-box-border-hellgrau\"><div class=\"gb-inside-container\">\n\n<div class=\"wp-block-columns are-vertically-aligned-center is-layout-flex wp-container-core-columns-is-layout-3 wp-block-columns-is-layout-flex\">\n<div class=\"wp-block-column is-vertically-aligned-center is-layout-flow wp-block-column-is-layout-flow\">\n<h3 class=\"wp-block-heading has-text-align-center cat-box-titel has-ffffff-color has-text-color\">Was ist daf\u00fcr zu tun?<\/h3>\n\n\n\n<p class=\"has-text-align-center\"><a href=\"https:\/\/www.ewigerbund.org\/eb\/tun\/\">Dein Weg in den ewigen Bund. <\/a><\/p>\n<\/div>\n\n\n\n<div class=\"wp-block-column is-vertically-aligned-center is-layout-flow wp-block-column-is-layout-flow\">\n<figure class=\"wp-block-image size-full cat-box-border-hellgrau\"><a href=\"https:\/\/www.ewigerbund.org\/eb\/tun\/\"><img loading=\"lazy\" decoding=\"async\" width=\"750\" height=\"350\" src=\"https:\/\/www.ewigerbund.org\/eb\/wp-content\/uploads\/sites\/42\/2025\/04\/eb-was-ist-zu-tun-v.jpg\" alt=\"Was ist zu tun\" class=\"wp-image-3383\" srcset=\"https:\/\/www.ewigerbund.org\/eb\/wp-content\/uploads\/sites\/42\/2025\/04\/eb-was-ist-zu-tun-v.jpg 750w, https:\/\/www.ewigerbund.org\/eb\/wp-content\/uploads\/sites\/42\/2025\/04\/eb-was-ist-zu-tun-v-300x140.jpg 300w\" sizes=\"auto, (max-width: 750px) 100vw, 750px\" \/><\/a><\/figure>\n<\/div>\n<\/div>\n\n<\/div><\/div>\n\n<div class=\"gb-grid-wrapper gb-grid-wrapper-f757dc51\">\n<div class=\"gb-grid-column gb-grid-column-61f13091\"><div class=\"gb-container gb-container-61f13091\"><\/div><\/div>\n\n<div class=\"gb-grid-column gb-grid-column-31a564df\"><div class=\"gb-container gb-container-31a564df\">\n\n<div class=\"wp-block-my-custom-block-2-cat-box-2 is-layout-flex wp-container-3 wp-block-columns cat-box-border\"><div class=\"is-layout-flow wp-block-column\"><figure class=\"wp-block-image size-large\"><img decoding=\"async\" src=\"https:\/\/www.ewigerbund.org\/eb\/wp-content\/uploads\/sites\/42\/2025\/04\/EB-heute-podcast.jpg\" alt=\"Podcast: Der ewige Bund heute.\"\/><\/figure><\/div><div class=\"is-layout-flow wp-block-column\"><p class=\"has-contrast-3-color has-text-color has-small-font-size\"><\/p><p class=\"has-accent-color has-text-color has-medium-font-size\"><\/p><h2>Podcast.<\/h2><p><\/p><p><a href=\"https:\/\/podcast.ewigerbund.org\/podcast\/der-ewige-bund-heute\/\">Hier &#8222;Der ewige Bund heute.&#8220; anh\u00f6ren.<\/a><\/p><\/div><\/div>\n\n<\/div><\/div>\n\n<div class=\"gb-grid-column gb-grid-column-0fffdd88\"><div class=\"gb-container gb-container-0fffdd88\"><\/div><\/div>\n<\/div>\n\n\n<div style=\"height:50px\" aria-hidden=\"true\" class=\"wp-block-spacer\"><\/div>\n\n\n\n<hr class=\"wp-block-separator has-alpha-channel-opacity is-style-dots\"\/>\n\n\n\n<p><strong>Quellangaben.<\/strong><\/p>\n\n\n\n<p><a id=\"sdfootnote1sym\" href=\"#sdfootnote1anc\">1<\/a> <a href=\"https:\/\/www.bundestag.de\/webarchiv\/Presse\/hib\/2015_06\/380964-380964\" target=\"_blank\" rel=\"noreferrer noopener\">https:\/\/www.bundestag.de\/webarchiv\/Presse\/hib\/2015_06\/380964-380964<\/a><br><a id=\"sdfootnote2sym\" href=\"#sdfootnote2anc\">2<\/a> <a href=\"https:\/\/servat.unibe.ch\/dfr\/bv036001.html\" target=\"_blank\" rel=\"noreferrer noopener\">BVerfGE 36, 1 &#8211; Grundlagenvertrag &#8211; B. III. I &#8211; https:\/\/servat.unibe.ch\/dfr\/bv036001.html<\/a><br><a id=\"sdfootnote3sym\" href=\"#sdfootnote3anc\">3<\/a> <a href=\"https:\/\/history.house.gov\/HistoricalHighlight\/Detail\/15032423345\" target=\"_blank\" rel=\"noreferrer noopener\">Knox-Porter-Resolution &#8211; https:\/\/history.house.gov\/HistoricalHighlight\/Detail\/15032423345<\/a><br><a id=\"sdfootnote4sym\" href=\"#sdfootnote4anc\">4<\/a> <a href=\"https:\/\/staatsbibliothek.ewigerbund.org\/viewer\/image\/rgbl_1914\/287\/LOG_0154\/\" target=\"_blank\" rel=\"noreferrer noopener\">https:\/\/staatsbibliothek.ewigerbund.org\/viewer\/image\/rgbl_1914\/287\/LOG_0154\/<\/a><br><a id=\"sdfootnote5sym\" href=\"#sdfootnote5anc\">5<\/a> <a href=\"https:\/\/www.ewigerbund.org\/verfassungsrecht\/staatsrecht-des-ewigen-bundes\/verfassungsurkunde\/#artikel_68\" target=\"_blank\" rel=\"noreferrer noopener\">https:\/\/www.ewigerbund.org\/verfassungsrecht\/staatsrecht-des-ewigen-bundes\/verfassungsurkunde\/#artikel_68<\/a><br><a id=\"sdfootnote6sym\" href=\"#sdfootnote6anc\">6<\/a> <a href=\"https:\/\/servat.unibe.ch\/dfr\/bv036001.html\" target=\"_blank\" rel=\"noreferrer noopener\">BVerfGE 36, 1 &#8211; Grundlagenvertrag &#8211; B. III. I &#8211; https:\/\/servat.unibe.ch\/dfr\/bv036001.html<\/a><br><a id=\"sdfootnote7sym\" href=\"#sdfootnote7anc\">7<\/a> vgl. Artikel 25 Grundgesetz f\u00fcr die Bundesrepublik Deutschland und Artikel 1 der Reichsverfassung<br><a id=\"sdfootnote8sym\" href=\"#sdfootnote8anc\">8<\/a> vgl. Artikel 50 Einf\u00fchrungsgesetz zum B\u00fcrgerlichen Gesetzbuch geltend<\/p>\n\n\n\n<div style=\"height:50px\" aria-hidden=\"true\" class=\"wp-block-spacer\"><\/div>\n\n\n\n<h2 class=\"wp-block-heading\">2024 &#8211; Ein R\u00fcckblick auf 6 Jahre Arbeit.<\/h2>\n\n\n\n<div class=\"wp-block-columns cat-box-border is-layout-flex wp-container-core-columns-is-layout-4 wp-block-columns-is-layout-flex\">\n<div class=\"wp-block-column cat-box-order is-layout-flow wp-block-column-is-layout-flow\"><div style=\"padding:57% 0 0 0;position:relative;\"><iframe src=\"https:\/\/player.vimeo.com\/video\/947307830?h=792602cb37&amp;badge=0&amp;autopause=0&amp;player_id=0&amp;app_id=58479\" allow=\"autoplay; fullscreen; picture-in-picture\" allowfullscreen=\"\" style=\"position:absolute;top:0;left:0;width:100%;height:100%;\" frameborder=\"0\"><\/iframe><\/div><script src=\"https:\/\/player.vimeo.com\/api\/player.js\"><\/script>\n\n\n\n<p><a href=\"https:\/\/www.ewigerbund.org\/aktuelles\/6-jahre-arbeit-fuer-frieden-und-freiheit-fuer-thron-und-reich\/\">Jetzt den Beitrag lesen \u2192<\/a><\/p>\n<\/div>\n<\/div>\n","protected":false},"excerpt":{"rendered":"<p>Pers\u00f6nliche Erz\u00e4hlungen. Freu Dich auf die ganz pers\u00f6nlichen und individuellen Geschichten \u00fcber den Weg zum ewigen Bundes. La\u00df Dich inspirieren! \u2192 Gesichter im ewigen Bund. Lerne die Menschen kennen, die sich als deutsches Indigenat versammelt haben und aktiv an der Restauration beteiligt sind. Schau sie Dir an! \u2192 Der Staat &#8211; das V\u00f6lkerrechtssubjekt. Der ewige [&hellip;]<\/p>\n","protected":false},"author":8,"featured_media":2697,"parent":0,"menu_order":0,"comment_status":"closed","ping_status":"closed","template":"template-6-beide-seitenleiste.php","meta":{"footnotes":""},"categories":[14],"tags":[],"class_list":["post-1266","page","type-page","status-publish","has-post-thumbnail","hentry","category-der-ewige-bund"],"yoast_head":"<!-- This site is optimized with the Yoast SEO plugin v23.1 - https:\/\/yoast.com\/wordpress\/plugins\/seo\/ -->\n<title>Der ewige Bund heute. | Ewiger Bund.<\/title>\n<meta name=\"description\" content=\"Der ewige Bund erfa\u00dft, sammelt und organisiert die Deutschen im gesamten Bundesgebiet auf Grundlage des Kriegs- und Belagerungszustandes.\" \/>\n<meta name=\"robots\" content=\"index, follow, max-snippet:-1, max-image-preview:large, max-video-preview:-1\" \/>\n<link rel=\"canonical\" href=\"https:\/\/www.ewigerbund.org\/eb\/heute\/\" \/>\n<meta property=\"og:locale\" content=\"de_DE\" \/>\n<meta property=\"og:type\" content=\"article\" \/>\n<meta property=\"og:title\" content=\"Der ewige Bund heute. | Ewiger Bund.\" \/>\n<meta property=\"og:description\" content=\"Der ewige Bund erfa\u00dft, sammelt und organisiert die Deutschen im gesamten Bundesgebiet auf Grundlage des Kriegs- und Belagerungszustandes.\" \/>\n<meta property=\"og:url\" content=\"https:\/\/www.ewigerbund.org\/eb\/heute\/\" \/>\n<meta property=\"og:site_name\" content=\"Der ewige Bund.\" \/>\n<meta property=\"article:modified_time\" content=\"2026-03-24T18:45:30+00:00\" \/>\n<meta property=\"og:image\" content=\"https:\/\/www.ewigerbund.org\/eb\/wp-content\/uploads\/sites\/42\/2023\/04\/EB-EwigerBund-EBheute.jpg\" \/>\n\t<meta property=\"og:image:width\" content=\"1748\" \/>\n\t<meta property=\"og:image:height\" content=\"994\" \/>\n\t<meta property=\"og:image:type\" content=\"image\/jpeg\" \/>\n<meta name=\"twitter:card\" content=\"summary_large_image\" \/>\n<meta name=\"twitter:label1\" content=\"Gesch\u00e4tzte Lesezeit\" \/>\n\t<meta name=\"twitter:data1\" content=\"6\u00a0Minuten\" \/>\n<script type=\"application\/ld+json\" class=\"yoast-schema-graph\">{\"@context\":\"https:\/\/schema.org\",\"@graph\":[{\"@type\":\"WebPage\",\"@id\":\"https:\/\/www.ewigerbund.org\/eb\/heute\/\",\"url\":\"https:\/\/www.ewigerbund.org\/eb\/heute\/\",\"name\":\"Der ewige Bund heute. | Ewiger Bund.\",\"isPartOf\":{\"@id\":\"https:\/\/www.ewigerbund.org\/eb\/#website\"},\"primaryImageOfPage\":{\"@id\":\"https:\/\/www.ewigerbund.org\/eb\/heute\/#primaryimage\"},\"image\":{\"@id\":\"https:\/\/www.ewigerbund.org\/eb\/heute\/#primaryimage\"},\"thumbnailUrl\":\"https:\/\/www.ewigerbund.org\/eb\/wp-content\/uploads\/sites\/42\/2023\/04\/EB-EwigerBund-EBheute.jpg\",\"datePublished\":\"2023-01-05T10:09:41+00:00\",\"dateModified\":\"2026-03-24T18:45:30+00:00\",\"description\":\"Der ewige Bund erfa\u00dft, sammelt und organisiert die Deutschen im gesamten Bundesgebiet auf Grundlage des Kriegs- und Belagerungszustandes.\",\"breadcrumb\":{\"@id\":\"https:\/\/www.ewigerbund.org\/eb\/heute\/#breadcrumb\"},\"inLanguage\":\"de\",\"potentialAction\":[{\"@type\":\"ReadAction\",\"target\":[\"https:\/\/www.ewigerbund.org\/eb\/heute\/\"]}]},{\"@type\":\"ImageObject\",\"inLanguage\":\"de\",\"@id\":\"https:\/\/www.ewigerbund.org\/eb\/heute\/#primaryimage\",\"url\":\"https:\/\/www.ewigerbund.org\/eb\/wp-content\/uploads\/sites\/42\/2023\/04\/EB-EwigerBund-EBheute.jpg\",\"contentUrl\":\"https:\/\/www.ewigerbund.org\/eb\/wp-content\/uploads\/sites\/42\/2023\/04\/EB-EwigerBund-EBheute.jpg\",\"width\":1748,\"height\":994},{\"@type\":\"BreadcrumbList\",\"@id\":\"https:\/\/www.ewigerbund.org\/eb\/heute\/#breadcrumb\",\"itemListElement\":[{\"@type\":\"ListItem\",\"position\":1,\"name\":\"Startseite\",\"item\":\"https:\/\/www.ewigerbund.org\/eb\/\"},{\"@type\":\"ListItem\",\"position\":2,\"name\":\"Der ewige Bund heute.\"}]},{\"@type\":\"WebSite\",\"@id\":\"https:\/\/www.ewigerbund.org\/eb\/#website\",\"url\":\"https:\/\/www.ewigerbund.org\/eb\/\",\"name\":\"Der ewige Bund.\",\"description\":\"Verfassungsb\u00fcndnis der deutschen Einzelstaaten.\",\"publisher\":{\"@id\":\"https:\/\/www.ewigerbund.org\/eb\/#organization\"},\"potentialAction\":[{\"@type\":\"SearchAction\",\"target\":{\"@type\":\"EntryPoint\",\"urlTemplate\":\"https:\/\/www.ewigerbund.org\/eb\/?s={search_term_string}\"},\"query-input\":\"required name=search_term_string\"}],\"inLanguage\":\"de\"},{\"@type\":\"Organization\",\"@id\":\"https:\/\/www.ewigerbund.org\/eb\/#organization\",\"name\":\"Der ewige Bund.\",\"url\":\"https:\/\/www.ewigerbund.org\/eb\/\",\"logo\":{\"@type\":\"ImageObject\",\"inLanguage\":\"de\",\"@id\":\"https:\/\/www.ewigerbund.org\/eb\/#\/schema\/logo\/image\/\",\"url\":\"https:\/\/www.ewigerbund.org\/eb\/wp-content\/uploads\/sites\/42\/2023\/01\/2022-09-20-Logo-EB_Schutzzone_V4_Transparent.png\",\"contentUrl\":\"https:\/\/www.ewigerbund.org\/eb\/wp-content\/uploads\/sites\/42\/2023\/01\/2022-09-20-Logo-EB_Schutzzone_V4_Transparent.png\",\"width\":2000,\"height\":1982,\"caption\":\"Der ewige Bund.\"},\"image\":{\"@id\":\"https:\/\/www.ewigerbund.org\/eb\/#\/schema\/logo\/image\/\"}}]}<\/script>\n<!-- \/ Yoast SEO plugin. -->","yoast_head_json":{"title":"Der ewige Bund heute. | Ewiger Bund.","description":"Der ewige Bund erfa\u00dft, sammelt und organisiert die Deutschen im gesamten Bundesgebiet auf Grundlage des Kriegs- und Belagerungszustandes.","robots":{"index":"index","follow":"follow","max-snippet":"max-snippet:-1","max-image-preview":"max-image-preview:large","max-video-preview":"max-video-preview:-1"},"canonical":"https:\/\/www.ewigerbund.org\/eb\/heute\/","og_locale":"de_DE","og_type":"article","og_title":"Der ewige Bund heute. | Ewiger Bund.","og_description":"Der ewige Bund erfa\u00dft, sammelt und organisiert die Deutschen im gesamten Bundesgebiet auf Grundlage des Kriegs- und Belagerungszustandes.","og_url":"https:\/\/www.ewigerbund.org\/eb\/heute\/","og_site_name":"Der ewige Bund.","article_modified_time":"2026-03-24T18:45:30+00:00","og_image":[{"width":1748,"height":994,"url":"https:\/\/www.ewigerbund.org\/eb\/wp-content\/uploads\/sites\/42\/2023\/04\/EB-EwigerBund-EBheute.jpg","type":"image\/jpeg"}],"twitter_card":"summary_large_image","twitter_misc":{"Gesch\u00e4tzte Lesezeit":"6\u00a0Minuten"},"schema":{"@context":"https:\/\/schema.org","@graph":[{"@type":"WebPage","@id":"https:\/\/www.ewigerbund.org\/eb\/heute\/","url":"https:\/\/www.ewigerbund.org\/eb\/heute\/","name":"Der ewige Bund heute. | Ewiger Bund.","isPartOf":{"@id":"https:\/\/www.ewigerbund.org\/eb\/#website"},"primaryImageOfPage":{"@id":"https:\/\/www.ewigerbund.org\/eb\/heute\/#primaryimage"},"image":{"@id":"https:\/\/www.ewigerbund.org\/eb\/heute\/#primaryimage"},"thumbnailUrl":"https:\/\/www.ewigerbund.org\/eb\/wp-content\/uploads\/sites\/42\/2023\/04\/EB-EwigerBund-EBheute.jpg","datePublished":"2023-01-05T10:09:41+00:00","dateModified":"2026-03-24T18:45:30+00:00","description":"Der ewige Bund erfa\u00dft, sammelt und organisiert die Deutschen im gesamten Bundesgebiet auf Grundlage des Kriegs- und Belagerungszustandes.","breadcrumb":{"@id":"https:\/\/www.ewigerbund.org\/eb\/heute\/#breadcrumb"},"inLanguage":"de","potentialAction":[{"@type":"ReadAction","target":["https:\/\/www.ewigerbund.org\/eb\/heute\/"]}]},{"@type":"ImageObject","inLanguage":"de","@id":"https:\/\/www.ewigerbund.org\/eb\/heute\/#primaryimage","url":"https:\/\/www.ewigerbund.org\/eb\/wp-content\/uploads\/sites\/42\/2023\/04\/EB-EwigerBund-EBheute.jpg","contentUrl":"https:\/\/www.ewigerbund.org\/eb\/wp-content\/uploads\/sites\/42\/2023\/04\/EB-EwigerBund-EBheute.jpg","width":1748,"height":994},{"@type":"BreadcrumbList","@id":"https:\/\/www.ewigerbund.org\/eb\/heute\/#breadcrumb","itemListElement":[{"@type":"ListItem","position":1,"name":"Startseite","item":"https:\/\/www.ewigerbund.org\/eb\/"},{"@type":"ListItem","position":2,"name":"Der ewige Bund heute."}]},{"@type":"WebSite","@id":"https:\/\/www.ewigerbund.org\/eb\/#website","url":"https:\/\/www.ewigerbund.org\/eb\/","name":"Der ewige Bund.","description":"Verfassungsb\u00fcndnis der deutschen Einzelstaaten.","publisher":{"@id":"https:\/\/www.ewigerbund.org\/eb\/#organization"},"potentialAction":[{"@type":"SearchAction","target":{"@type":"EntryPoint","urlTemplate":"https:\/\/www.ewigerbund.org\/eb\/?s={search_term_string}"},"query-input":"required name=search_term_string"}],"inLanguage":"de"},{"@type":"Organization","@id":"https:\/\/www.ewigerbund.org\/eb\/#organization","name":"Der ewige Bund.","url":"https:\/\/www.ewigerbund.org\/eb\/","logo":{"@type":"ImageObject","inLanguage":"de","@id":"https:\/\/www.ewigerbund.org\/eb\/#\/schema\/logo\/image\/","url":"https:\/\/www.ewigerbund.org\/eb\/wp-content\/uploads\/sites\/42\/2023\/01\/2022-09-20-Logo-EB_Schutzzone_V4_Transparent.png","contentUrl":"https:\/\/www.ewigerbund.org\/eb\/wp-content\/uploads\/sites\/42\/2023\/01\/2022-09-20-Logo-EB_Schutzzone_V4_Transparent.png","width":2000,"height":1982,"caption":"Der ewige Bund."},"image":{"@id":"https:\/\/www.ewigerbund.org\/eb\/#\/schema\/logo\/image\/"}}]}},"_links":{"self":[{"href":"https:\/\/www.ewigerbund.org\/eb\/wp-json\/wp\/v2\/pages\/1266","targetHints":{"allow":["GET"]}}],"collection":[{"href":"https:\/\/www.ewigerbund.org\/eb\/wp-json\/wp\/v2\/pages"}],"about":[{"href":"https:\/\/www.ewigerbund.org\/eb\/wp-json\/wp\/v2\/types\/page"}],"author":[{"embeddable":true,"href":"https:\/\/www.ewigerbund.org\/eb\/wp-json\/wp\/v2\/users\/8"}],"replies":[{"embeddable":true,"href":"https:\/\/www.ewigerbund.org\/eb\/wp-json\/wp\/v2\/comments?post=1266"}],"version-history":[{"count":89,"href":"https:\/\/www.ewigerbund.org\/eb\/wp-json\/wp\/v2\/pages\/1266\/revisions"}],"predecessor-version":[{"id":3469,"href":"https:\/\/www.ewigerbund.org\/eb\/wp-json\/wp\/v2\/pages\/1266\/revisions\/3469"}],"wp:featuredmedia":[{"embeddable":true,"href":"https:\/\/www.ewigerbund.org\/eb\/wp-json\/wp\/v2\/media\/2697"}],"wp:attachment":[{"href":"https:\/\/www.ewigerbund.org\/eb\/wp-json\/wp\/v2\/media?parent=1266"}],"wp:term":[{"taxonomy":"category","embeddable":true,"href":"https:\/\/www.ewigerbund.org\/eb\/wp-json\/wp\/v2\/categories?post=1266"},{"taxonomy":"post_tag","embeddable":true,"href":"https:\/\/www.ewigerbund.org\/eb\/wp-json\/wp\/v2\/tags?post=1266"}],"curies":[{"name":"wp","href":"https:\/\/api.w.org\/{rel}","templated":true}]}}