{"id":251,"date":"2026-02-06T14:36:17","date_gmt":"2026-02-06T13:36:17","guid":{"rendered":"https:\/\/www.ewigerbund.org\/bremen\/?page_id=251"},"modified":"2026-02-06T15:14:00","modified_gmt":"2026-02-06T14:14:00","slug":"burgerrecht","status":"publish","type":"page","link":"https:\/\/www.ewigerbund.org\/bremen\/wissensschatz\/burgerrecht\/","title":{"rendered":"Das B\u00fcrgerrecht"},"content":{"rendered":"\n<h2 class=\"wp-block-heading\"><a>Das B\u00fcrgerrecht.<\/a><\/h2>\n\n\n\n<p>Gleich Hamburg und L\u00fcbeck macht auch Bremen ein von der Staatsangeh\u00f6rigkeit gesondertes B\u00fcrgerrecht zur Voraussetzung der politischen Berechtigung im Staat. Von alters her mussten die B\u00fcrger der Stadt im B\u00fcrgereid Treue und Gehorsam geloben. Fr\u00fcher freilich hatte das B\u00fcrgerrecht, das wieder in verschiedenen Arten als kleines oder gro\u00dfes, altst\u00e4dtisches, vorst\u00e4dtisches oder neu st\u00e4dtisches erworben werden konnte, eine weit gr\u00f6\u00dfere Bedeutung, da sich au\u00dfer politischen auch b\u00fcrgerliche Rechte, so die Befugnis zum Handel und Gewerbebetrieb im Staate, daran kn\u00fcpften. Anderseits war der Erwerb fr\u00fcher auch an erschwerende Bedingungen gekn\u00fcpft.<\/p>\n\n\n\n<p>Heute ist jeder m\u00e4nnliche, erwachsene bremische Staatsangeh\u00f6rige auf seinen Antrag zur Leistung des Staatsb\u00fcrgereides zuzulassen. Vor Ableistung des Eides ist nach dem Gesetz vom 27. Juni 1872 eine Geb\u00fchr von 16,50 Mk. zu entrichten. Der Eid lautet nach dem Gesetz vom 12. Juni 1889:<\/p>\n\n\n\n<p>\u201eIch will dem Bremischen Freistaat treu und hold und der Obrigkeit und den Gesetzen gehorsam sein. Meine Pflichten als Staatsb\u00fcrger will ich redlich erf\u00fcllen und, wenn ich in \u00f6ffentlichen Angelegenheiten mitzuwirken habe, keine andere R\u00fccksicht walten lassen als die auf das gemeine Beste.\u201c<\/p>\n\n\n\n<p>Die fr\u00fcher bestehende Verpflichtung der m\u00e4nnlichen Staatsangeh\u00f6rigen zur Leistung des Staatsb\u00fcrgereides ist durch Gesetz vom 26. Februar 1904 im allgemeinen aufgehoben. Sie besteht heute nur noch:<\/p>\n\n\n\n<p>1. f\u00fcr die Beamten im Sinne des Beamtengesetzes, einschlie\u00dflich der Richter;<\/p>\n\n\n\n<p>2. nach n\u00e4herer Bestimmung des Senats f\u00fcr weitere Angestellte des Staates und der Gemeinden und sonstiger \u00f6ffentlicher K\u00f6rperschaften;&nbsp;<\/p>\n\n\n\n<p>3. f\u00fcr die Prediger der evangelischen Gemeinden;<\/p>\n\n\n\n<p>4. f\u00fcr die Rechtsanw\u00e4lte und Notare.<\/p>\n\n\n\n<p>\u00dcber die Rechte, die sich an die Leistung des B\u00fcrgereides kn\u00fcpfen, s. hier.<\/p>\n\n\n\n<p>Verloren wird das B\u00fcrgerrecht mit der bremischen Staatsangeh\u00f6rigkeit; einen besonderen Verlust, etwa als Strafe, kennt das Gesetz nicht.<\/p>\n\n\n\n<p><\/p>\n","protected":false},"excerpt":{"rendered":"<p>Das B\u00fcrgerrecht. Gleich Hamburg und L\u00fcbeck macht auch Bremen ein von der Staatsangeh\u00f6rigkeit gesondertes B\u00fcrgerrecht zur Voraussetzung der politischen Berechtigung im Staat. Von alters her mussten die B\u00fcrger der Stadt im B\u00fcrgereid Treue und Gehorsam geloben. Fr\u00fcher freilich hatte das B\u00fcrgerrecht, das wieder in verschiedenen Arten als kleines oder gro\u00dfes, altst\u00e4dtisches, vorst\u00e4dtisches oder neu st\u00e4dtisches &#8230; <a title=\"Das B\u00fcrgerrecht\" class=\"read-more\" href=\"https:\/\/www.ewigerbund.org\/bremen\/wissensschatz\/burgerrecht\/\" aria-label=\"Mehr zu Das B\u00fcrgerrecht\">Weiterlesen &#8230;<\/a><\/p>\n","protected":false},"author":30,"featured_media":0,"parent":238,"menu_order":0,"comment_status":"closed","ping_status":"closed","template":"template-6-beide-seitenleiste.php","meta":{"footnotes":""},"categories":[],"tags":[],"class_list":["post-251","page","type-page","status-publish","hentry"],"yoast_head":"<!-- This site is optimized with the Yoast SEO plugin v23.1 - https:\/\/yoast.com\/wordpress\/plugins\/seo\/ -->\n<title>Das B\u00fcrgerrecht - Freie Hansestadt Bremen<\/title>\n<meta name=\"robots\" content=\"index, follow, max-snippet:-1, max-image-preview:large, max-video-preview:-1\" \/>\n<link rel=\"canonical\" href=\"https:\/\/www.ewigerbund.org\/bremen\/wissensschatz\/burgerrecht\/\" \/>\n<meta property=\"og:locale\" content=\"de_DE\" \/>\n<meta property=\"og:type\" content=\"article\" \/>\n<meta property=\"og:title\" content=\"Das B\u00fcrgerrecht - Freie Hansestadt Bremen\" \/>\n<meta property=\"og:description\" content=\"Das B\u00fcrgerrecht. Gleich Hamburg und L\u00fcbeck macht auch Bremen ein von der Staatsangeh\u00f6rigkeit gesondertes B\u00fcrgerrecht zur Voraussetzung der politischen Berechtigung im Staat. Von alters her mussten die B\u00fcrger der Stadt im B\u00fcrgereid Treue und Gehorsam geloben. Fr\u00fcher freilich hatte das B\u00fcrgerrecht, das wieder in verschiedenen Arten als kleines oder gro\u00dfes, altst\u00e4dtisches, vorst\u00e4dtisches oder neu st\u00e4dtisches ... Weiterlesen ...\" \/>\n<meta property=\"og:url\" content=\"https:\/\/www.ewigerbund.org\/bremen\/wissensschatz\/burgerrecht\/\" \/>\n<meta property=\"og:site_name\" content=\"Freie Hansestadt Bremen\" \/>\n<meta property=\"article:modified_time\" content=\"2026-02-06T14:14:00+00:00\" \/>\n<meta name=\"twitter:card\" content=\"summary_large_image\" \/>\n<meta name=\"twitter:label1\" content=\"Gesch\u00e4tzte Lesezeit\" \/>\n\t<meta name=\"twitter:data1\" content=\"2\u00a0Minuten\" \/>\n<script type=\"application\/ld+json\" class=\"yoast-schema-graph\">{\"@context\":\"https:\/\/schema.org\",\"@graph\":[{\"@type\":\"WebPage\",\"@id\":\"https:\/\/www.ewigerbund.org\/bremen\/wissensschatz\/burgerrecht\/\",\"url\":\"https:\/\/www.ewigerbund.org\/bremen\/wissensschatz\/burgerrecht\/\",\"name\":\"Das B\u00fcrgerrecht - Freie Hansestadt Bremen\",\"isPartOf\":{\"@id\":\"https:\/\/www.ewigerbund.org\/bremen\/#website\"},\"datePublished\":\"2026-02-06T13:36:17+00:00\",\"dateModified\":\"2026-02-06T14:14:00+00:00\",\"breadcrumb\":{\"@id\":\"https:\/\/www.ewigerbund.org\/bremen\/wissensschatz\/burgerrecht\/#breadcrumb\"},\"inLanguage\":\"de\",\"potentialAction\":[{\"@type\":\"ReadAction\",\"target\":[\"https:\/\/www.ewigerbund.org\/bremen\/wissensschatz\/burgerrecht\/\"]}]},{\"@type\":\"BreadcrumbList\",\"@id\":\"https:\/\/www.ewigerbund.org\/bremen\/wissensschatz\/burgerrecht\/#breadcrumb\",\"itemListElement\":[{\"@type\":\"ListItem\",\"position\":1,\"name\":\"Startseite\",\"item\":\"https:\/\/www.ewigerbund.org\/bremen\/\"},{\"@type\":\"ListItem\",\"position\":2,\"name\":\"Wissensschatz\",\"item\":\"https:\/\/www.ewigerbund.org\/bremen\/wissensschatz\/\"},{\"@type\":\"ListItem\",\"position\":3,\"name\":\"Das B\u00fcrgerrecht\"}]},{\"@type\":\"WebSite\",\"@id\":\"https:\/\/www.ewigerbund.org\/bremen\/#website\",\"url\":\"https:\/\/www.ewigerbund.org\/bremen\/\",\"name\":\"Freie Hansestadt Bremen\",\"description\":\" im ewigen Bund.\",\"publisher\":{\"@id\":\"https:\/\/www.ewigerbund.org\/bremen\/#organization\"},\"potentialAction\":[{\"@type\":\"SearchAction\",\"target\":{\"@type\":\"EntryPoint\",\"urlTemplate\":\"https:\/\/www.ewigerbund.org\/bremen\/?s={search_term_string}\"},\"query-input\":\"required name=search_term_string\"}],\"inLanguage\":\"de\"},{\"@type\":\"Organization\",\"@id\":\"https:\/\/www.ewigerbund.org\/bremen\/#organization\",\"name\":\"Freie Hansestadt Bremen\",\"url\":\"https:\/\/www.ewigerbund.org\/bremen\/\",\"logo\":{\"@type\":\"ImageObject\",\"inLanguage\":\"de\",\"@id\":\"https:\/\/www.ewigerbund.org\/bremen\/#\/schema\/logo\/image\/\",\"url\":\"https:\/\/www.ewigerbund.org\/bremen\/wp-content\/uploads\/sites\/36\/2024\/11\/2024-11-25-signet-bremen-v2-512pixel.png\",\"contentUrl\":\"https:\/\/www.ewigerbund.org\/bremen\/wp-content\/uploads\/sites\/36\/2024\/11\/2024-11-25-signet-bremen-v2-512pixel.png\",\"width\":512,\"height\":512,\"caption\":\"Freie Hansestadt Bremen\"},\"image\":{\"@id\":\"https:\/\/www.ewigerbund.org\/bremen\/#\/schema\/logo\/image\/\"}}]}<\/script>\n<!-- \/ Yoast SEO plugin. -->","yoast_head_json":{"title":"Das B\u00fcrgerrecht - Freie Hansestadt Bremen","robots":{"index":"index","follow":"follow","max-snippet":"max-snippet:-1","max-image-preview":"max-image-preview:large","max-video-preview":"max-video-preview:-1"},"canonical":"https:\/\/www.ewigerbund.org\/bremen\/wissensschatz\/burgerrecht\/","og_locale":"de_DE","og_type":"article","og_title":"Das B\u00fcrgerrecht - Freie Hansestadt Bremen","og_description":"Das B\u00fcrgerrecht. Gleich Hamburg und L\u00fcbeck macht auch Bremen ein von der Staatsangeh\u00f6rigkeit gesondertes B\u00fcrgerrecht zur Voraussetzung der politischen Berechtigung im Staat. Von alters her mussten die B\u00fcrger der Stadt im B\u00fcrgereid Treue und Gehorsam geloben. Fr\u00fcher freilich hatte das B\u00fcrgerrecht, das wieder in verschiedenen Arten als kleines oder gro\u00dfes, altst\u00e4dtisches, vorst\u00e4dtisches oder neu st\u00e4dtisches ... Weiterlesen ...","og_url":"https:\/\/www.ewigerbund.org\/bremen\/wissensschatz\/burgerrecht\/","og_site_name":"Freie Hansestadt Bremen","article_modified_time":"2026-02-06T14:14:00+00:00","twitter_card":"summary_large_image","twitter_misc":{"Gesch\u00e4tzte Lesezeit":"2\u00a0Minuten"},"schema":{"@context":"https:\/\/schema.org","@graph":[{"@type":"WebPage","@id":"https:\/\/www.ewigerbund.org\/bremen\/wissensschatz\/burgerrecht\/","url":"https:\/\/www.ewigerbund.org\/bremen\/wissensschatz\/burgerrecht\/","name":"Das B\u00fcrgerrecht - Freie Hansestadt Bremen","isPartOf":{"@id":"https:\/\/www.ewigerbund.org\/bremen\/#website"},"datePublished":"2026-02-06T13:36:17+00:00","dateModified":"2026-02-06T14:14:00+00:00","breadcrumb":{"@id":"https:\/\/www.ewigerbund.org\/bremen\/wissensschatz\/burgerrecht\/#breadcrumb"},"inLanguage":"de","potentialAction":[{"@type":"ReadAction","target":["https:\/\/www.ewigerbund.org\/bremen\/wissensschatz\/burgerrecht\/"]}]},{"@type":"BreadcrumbList","@id":"https:\/\/www.ewigerbund.org\/bremen\/wissensschatz\/burgerrecht\/#breadcrumb","itemListElement":[{"@type":"ListItem","position":1,"name":"Startseite","item":"https:\/\/www.ewigerbund.org\/bremen\/"},{"@type":"ListItem","position":2,"name":"Wissensschatz","item":"https:\/\/www.ewigerbund.org\/bremen\/wissensschatz\/"},{"@type":"ListItem","position":3,"name":"Das B\u00fcrgerrecht"}]},{"@type":"WebSite","@id":"https:\/\/www.ewigerbund.org\/bremen\/#website","url":"https:\/\/www.ewigerbund.org\/bremen\/","name":"Freie Hansestadt Bremen","description":" im ewigen Bund.","publisher":{"@id":"https:\/\/www.ewigerbund.org\/bremen\/#organization"},"potentialAction":[{"@type":"SearchAction","target":{"@type":"EntryPoint","urlTemplate":"https:\/\/www.ewigerbund.org\/bremen\/?s={search_term_string}"},"query-input":"required name=search_term_string"}],"inLanguage":"de"},{"@type":"Organization","@id":"https:\/\/www.ewigerbund.org\/bremen\/#organization","name":"Freie Hansestadt Bremen","url":"https:\/\/www.ewigerbund.org\/bremen\/","logo":{"@type":"ImageObject","inLanguage":"de","@id":"https:\/\/www.ewigerbund.org\/bremen\/#\/schema\/logo\/image\/","url":"https:\/\/www.ewigerbund.org\/bremen\/wp-content\/uploads\/sites\/36\/2024\/11\/2024-11-25-signet-bremen-v2-512pixel.png","contentUrl":"https:\/\/www.ewigerbund.org\/bremen\/wp-content\/uploads\/sites\/36\/2024\/11\/2024-11-25-signet-bremen-v2-512pixel.png","width":512,"height":512,"caption":"Freie Hansestadt Bremen"},"image":{"@id":"https:\/\/www.ewigerbund.org\/bremen\/#\/schema\/logo\/image\/"}}]}},"_links":{"self":[{"href":"https:\/\/www.ewigerbund.org\/bremen\/wp-json\/wp\/v2\/pages\/251","targetHints":{"allow":["GET"]}}],"collection":[{"href":"https:\/\/www.ewigerbund.org\/bremen\/wp-json\/wp\/v2\/pages"}],"about":[{"href":"https:\/\/www.ewigerbund.org\/bremen\/wp-json\/wp\/v2\/types\/page"}],"author":[{"embeddable":true,"href":"https:\/\/www.ewigerbund.org\/bremen\/wp-json\/wp\/v2\/users\/30"}],"replies":[{"embeddable":true,"href":"https:\/\/www.ewigerbund.org\/bremen\/wp-json\/wp\/v2\/comments?post=251"}],"version-history":[{"count":2,"href":"https:\/\/www.ewigerbund.org\/bremen\/wp-json\/wp\/v2\/pages\/251\/revisions"}],"predecessor-version":[{"id":268,"href":"https:\/\/www.ewigerbund.org\/bremen\/wp-json\/wp\/v2\/pages\/251\/revisions\/268"}],"up":[{"embeddable":true,"href":"https:\/\/www.ewigerbund.org\/bremen\/wp-json\/wp\/v2\/pages\/238"}],"wp:attachment":[{"href":"https:\/\/www.ewigerbund.org\/bremen\/wp-json\/wp\/v2\/media?parent=251"}],"wp:term":[{"taxonomy":"category","embeddable":true,"href":"https:\/\/www.ewigerbund.org\/bremen\/wp-json\/wp\/v2\/categories?post=251"},{"taxonomy":"post_tag","embeddable":true,"href":"https:\/\/www.ewigerbund.org\/bremen\/wp-json\/wp\/v2\/tags?post=251"}],"curies":[{"name":"wp","href":"https:\/\/api.w.org\/{rel}","templated":true}]}}