{"id":230,"date":"2026-01-17T15:15:50","date_gmt":"2026-01-17T14:15:50","guid":{"rendered":"https:\/\/www.ewigerbund.org\/bremen\/?page_id=230"},"modified":"2026-01-27T16:58:17","modified_gmt":"2026-01-27T15:58:17","slug":"volk","status":"publish","type":"page","link":"https:\/\/www.ewigerbund.org\/bremen\/wissensschatz\/volk\/","title":{"rendered":"Das Staatsvolk"},"content":{"rendered":"\n<h2 class=\"wp-block-heading\"><a>Das Staatsvolk.<\/a><\/h2>\n\n\n\n<p>Die Bev\u00f6lkerung des Staates betrug am 1. Dezember 1907 276.944 Personen. Nach ihrem Verh\u00e4ltnis zum Staat gliedert sich diese Bev\u00f6lkerung wie in jedem Staat in Einheimische und Fremde, bremische Staatsangeh\u00f6rige und Nichtbremer. Da in Bremen die politischen Rechte nicht ohne weiteres allen Staatsangeh\u00f6rigen zustehen, sondern von dem Besitz des B\u00fcrgerrechtes der Staatsangeh\u00f6rigen abh\u00e4ngig gemacht sind, sind aus der Menge der Staatsgenossen wieder die B\u00fcrger als die vollberechtigten Staatsangeh\u00f6rigen herausgehoben. Da ferner Bremen zum Deutschen Reiche geh\u00f6rt und dieses die Angeh\u00f6rigen aller deutschen Bundesstaaten als Reichsangeh\u00f6rige in vielen Beziehungen in allen Bundesstaaten gleichgestellt hat, scheiden sich die Fremden weiter in Reichsangeh\u00f6rige, die anderen deutschen Staaten angeh\u00f6ren, und Ausl\u00e4nder, d.h. Nichtdeutsche. Die Bev\u00f6lkerung im Bremischen Staat gliedert sich also vierfach in: 1. bremische Staatsangeh\u00f6rige, 2. B\u00fcrger; 3. andere Reichsdeutsche, 4. Ausl\u00e4nder.<\/p>\n\n\n\n<p>Die Unterschiede in der Rechtsstellung der Einheimischen und Fremden sind in den Kulturstaaten unter dem Einfluss des m\u00e4chtigen Anwachsens des Verkehrs zwischen den V\u00f6lkern gegen fr\u00fcher erheblich abgeschw\u00e4cht. W\u00e4hrend ehemals der Fremde als rechtlos galt und noch bis in das 19. Jahrhundert hinein auch in Bremen der Rechte der Niederlassung, des Gewerbebetriebes, des Erwerbs von Grundeigentum entbehrte, sind jetzt nach der Reichsverfassung die Reichsangeh\u00f6rigen in allen Bundesstaaten in den b\u00fcrgerlichen \u2014 nicht politischen \u2014 Rechten den Einheimischen rechtlich gleichgestellt, und faktisch genie\u00dfen auch die Ausl\u00e4nder gleiche Behandlung. Heute ergeben sich f\u00fcr die vier Gruppen folgende Unterschiede:&nbsp;<\/p>\n\n\n\n<p>1. Nur die B\u00fcrger sind politisch berechtigt zur Teilnahme am Staats leben. Besitz des B\u00fcrgerrechtes ist insbesondere Voraussetzung f\u00fcr das aktive und passive Wahlrecht zur B\u00fcrgerschaft, f\u00fcr die Wahl in den Senat, f\u00fcr die Mitgliedschaft des Kaufmannskonventes, des Gewerbekonventes, der Kammer f\u00fcr Landwirtschaft. Den politischen Rechten der B\u00fcrger entspricht ihre im Staatsb\u00fcrgereid bekr\u00e4ftigte Pflicht, diese Rechte zum Besten des Staates auszu\u00fcben. Eine allgemeine Verpflichtung der B\u00fcrger zur Annahme von Ehren\u00e4mtern ist nicht festgelegt; insbesondere ist die Annahme der Wahl in die B\u00fcrgerschaft und in den Senat freigestellt.<\/p>\n\n\n\n<p>2. Die bremische Staatsangeh\u00f6rigkeit gibt den Anspruch auf besonderen Schutz durch den Heimatsstaat auch au\u00dferhalb seiner Grenzen. Sie ist die Voraussetzung f\u00fcr die Gemeindeangeh\u00f6rigkeit der Stadt Bremen und des Landgebietes, w\u00e4hrend in den Stadtgemeinden Vegesack und Bremerhaven Besitz der Reichsangeh\u00f6rigkeit f\u00fcr die Gemeindeangeh\u00f6rigkeit und das Gemeindeb\u00fcrgerrecht gen\u00fcgt. Zur Teilnahme an bestimmten Anstalten und Stiftungen sind nur bremische Staatsangeh\u00f6rige berechtigt.<\/p>\n\n\n\n<p>Unter der \u00dcberschrift \u201eVon den Rechten der Bremischen Staatsgenossen\u201c stellt die bremische Verfassung im zweiten Abschnitt eine Reihe von Grundrechten \u2014 wie die Freiheit der Person, der Meinungs\u00e4u\u00dferung, Gewerbefreiheit, Glaubens- und Gewissensfreiheit, Unverletzlichkeit der Wohnung und des Eigentums \u2014 auf. Sie hatten die hohe Bedeutung, die Schranken der Staatsgewalt gegen\u00fcber dem Einzelnen festzustellen. In ihrer Mehrzahl sollten sie nicht nur dem Staatsgenossen, sondern jeder Person im Bereich der Staatsgewalt zugute kommen. Heute sind sie als Grunds\u00e4tze des Rechtsstaates allgemein anerkannt. Ihre notwendige Ausgestaltung und Begrenzung haben sie im Deutschen Reiche zumeist durch Reichsgesetze gefunden. Bei der Verwaltung des Staates, deren Grenzen und rechtliche Garantien sie grundlegend bezeichnen, ist darauf zur\u00fcckzukommen.<\/p>\n\n\n\n<p>Eine republikanische Eigenart der bremischen Verfassung enth\u00e4lt die Bestimmung, dass der Staat bei seinen Angeh\u00f6rigen keinen Adel anerkennt und auch Titel, W\u00fcrden und Auszeichnungen, die einem Bremer von einem anderen Staat verliehen werden, nur bei ausdr\u00fccklicher Genehmigung der Annahme durch den Senat anerkannt werden. Durch diese Nichtanerkennung des Adels wird niemand gehindert, das ihm im \u00fcbrigen zukommende Adelspr\u00e4dikat zu f\u00fchren. Die Bestimmung, die auf einen Rat- und B\u00fcrgerschluss von 1806 zur\u00fcckgeht und jeden Vorzug des Adels durch das radikale Mittel v\u00f6lliger Ignorierung verhindern sollte, hat nur zur Folge, dass im amtlichen Verkehr gegen\u00fcber den Staatsangeh\u00f6rigen das Adelspr\u00e4dikat, der nicht genehmigte Titel usw. fortgelassen sind.<\/p>\n\n\n\n<p>3. Die \u00fcbrigen Reichsangeh\u00f6rigen stehen den bremischen Staatsangeh\u00f6rigen au\u00dfer in der politischen Berechtigung und den vorerw\u00e4hnten Sonderbeziehungen auf Grund der <a href=\"https:\/\/www.ewigerbund.org\/verfassungsrecht\/staatsrecht-des-ewigen-bundes\/verfassungsurkunde\">Reichsverfassung<\/a> (s. Art. 3) gleich.<\/p>\n\n\n\n<p>4. Auch die Ausl\u00e4nder, d.h. die Personen, welche nicht die deutsche Reichsangeh\u00f6rigkeit besitzen, genie\u00dfen faktisch in der Regel gleiche Behandlung wie die Inl\u00e4nder. Sie k\u00f6nnen sich im Staat niederlassen, Gewerbe betreiben, auch im Erwerb von Grundeigentum sind sie in Bremen nicht beschr\u00e4nkt. Aber sie entbehren grunds\u00e4tzlich der \u00f6ffentlichen Rechte, namentlich haben sie kein Recht zum Aufenthalt im Staat und k\u00f6nnen aus Gr\u00fcnden des \u00f6ffentlichen Wohles ausgewiesen werden (gesetzliche Bestimmungen fehlen). Durch Staatsvertr\u00e4ge sind den Angeh\u00f6rigen einiger Staaten auf der Basis der Gegenseitigkeit eine Reihe von \u00f6ffentlichen Rechten zugesichert.<\/p>\n\n\n\n<p>Solange die Ausl\u00e4nder sich im Staat aufhalten oder dort wohnen oder, soweit sie durch Grundbesitz im Staat seinem Herrschaftsbereich unterworfen sind, m\u00fcssen sie sich seinen Gesetzen f\u00fcgen und haben auch gleich der inl\u00e4ndischen Bev\u00f6lkerung die an den Wohnsitz oder den Grundbesitz gekn\u00fcpften Steuern zu zahlen.<\/p>\n\n\n\n<p>Zust\u00e4ndige Beh\u00f6rde f\u00fcr die Ausweisung von Ausl\u00e4ndern ist die Polizeikommission des Senats; gegen Ihre Verf\u00fcgung kann Beschwerde an den Senat eingelegt werden.<\/p>\n","protected":false},"excerpt":{"rendered":"<p>Das Staatsvolk. Die Bev\u00f6lkerung des Staates betrug am 1. Dezember 1907 276.944 Personen. Nach ihrem Verh\u00e4ltnis zum Staat gliedert sich diese Bev\u00f6lkerung wie in jedem Staat in Einheimische und Fremde, bremische Staatsangeh\u00f6rige und Nichtbremer. Da in Bremen die politischen Rechte nicht ohne weiteres allen Staatsangeh\u00f6rigen zustehen, sondern von dem Besitz des B\u00fcrgerrechtes der Staatsangeh\u00f6rigen abh\u00e4ngig &#8230; <a title=\"Das Staatsvolk\" class=\"read-more\" href=\"https:\/\/www.ewigerbund.org\/bremen\/wissensschatz\/volk\/\" aria-label=\"Mehr zu Das Staatsvolk\">Weiterlesen &#8230;<\/a><\/p>\n","protected":false},"author":30,"featured_media":0,"parent":238,"menu_order":0,"comment_status":"closed","ping_status":"closed","template":"","meta":{"footnotes":""},"categories":[],"tags":[14],"class_list":["post-230","page","type-page","status-publish","hentry","tag-staatsvolk"],"yoast_head":"<!-- This site is optimized with the Yoast SEO plugin v23.1 - https:\/\/yoast.com\/wordpress\/plugins\/seo\/ -->\n<title>Das Staatsvolk - Freie Hansestadt Bremen<\/title>\n<meta name=\"robots\" content=\"index, follow, max-snippet:-1, max-image-preview:large, max-video-preview:-1\" \/>\n<link rel=\"canonical\" href=\"https:\/\/www.ewigerbund.org\/bremen\/wissensschatz\/volk\/\" \/>\n<meta property=\"og:locale\" content=\"de_DE\" \/>\n<meta property=\"og:type\" content=\"article\" \/>\n<meta property=\"og:title\" content=\"Das Staatsvolk - Freie Hansestadt Bremen\" \/>\n<meta property=\"og:description\" content=\"Das Staatsvolk. Die Bev\u00f6lkerung des Staates betrug am 1. Dezember 1907 276.944 Personen. Nach ihrem Verh\u00e4ltnis zum Staat gliedert sich diese Bev\u00f6lkerung wie in jedem Staat in Einheimische und Fremde, bremische Staatsangeh\u00f6rige und Nichtbremer. Da in Bremen die politischen Rechte nicht ohne weiteres allen Staatsangeh\u00f6rigen zustehen, sondern von dem Besitz des B\u00fcrgerrechtes der Staatsangeh\u00f6rigen abh\u00e4ngig ... Weiterlesen ...\" \/>\n<meta property=\"og:url\" content=\"https:\/\/www.ewigerbund.org\/bremen\/wissensschatz\/volk\/\" \/>\n<meta property=\"og:site_name\" content=\"Freie Hansestadt Bremen\" \/>\n<meta property=\"article:modified_time\" content=\"2026-01-27T15:58:17+00:00\" \/>\n<meta name=\"twitter:card\" content=\"summary_large_image\" \/>\n<meta name=\"twitter:label1\" content=\"Gesch\u00e4tzte Lesezeit\" \/>\n\t<meta name=\"twitter:data1\" content=\"5\u00a0Minuten\" \/>\n<script type=\"application\/ld+json\" class=\"yoast-schema-graph\">{\"@context\":\"https:\/\/schema.org\",\"@graph\":[{\"@type\":\"WebPage\",\"@id\":\"https:\/\/www.ewigerbund.org\/bremen\/wissensschatz\/volk\/\",\"url\":\"https:\/\/www.ewigerbund.org\/bremen\/wissensschatz\/volk\/\",\"name\":\"Das Staatsvolk - Freie Hansestadt Bremen\",\"isPartOf\":{\"@id\":\"https:\/\/www.ewigerbund.org\/bremen\/#website\"},\"datePublished\":\"2026-01-17T14:15:50+00:00\",\"dateModified\":\"2026-01-27T15:58:17+00:00\",\"breadcrumb\":{\"@id\":\"https:\/\/www.ewigerbund.org\/bremen\/wissensschatz\/volk\/#breadcrumb\"},\"inLanguage\":\"de\",\"potentialAction\":[{\"@type\":\"ReadAction\",\"target\":[\"https:\/\/www.ewigerbund.org\/bremen\/wissensschatz\/volk\/\"]}]},{\"@type\":\"BreadcrumbList\",\"@id\":\"https:\/\/www.ewigerbund.org\/bremen\/wissensschatz\/volk\/#breadcrumb\",\"itemListElement\":[{\"@type\":\"ListItem\",\"position\":1,\"name\":\"Startseite\",\"item\":\"https:\/\/www.ewigerbund.org\/bremen\/\"},{\"@type\":\"ListItem\",\"position\":2,\"name\":\"Wissensschatz\",\"item\":\"https:\/\/www.ewigerbund.org\/bremen\/wissensschatz\/\"},{\"@type\":\"ListItem\",\"position\":3,\"name\":\"Das Staatsvolk\"}]},{\"@type\":\"WebSite\",\"@id\":\"https:\/\/www.ewigerbund.org\/bremen\/#website\",\"url\":\"https:\/\/www.ewigerbund.org\/bremen\/\",\"name\":\"Freie Hansestadt Bremen\",\"description\":\" im ewigen Bund.\",\"publisher\":{\"@id\":\"https:\/\/www.ewigerbund.org\/bremen\/#organization\"},\"potentialAction\":[{\"@type\":\"SearchAction\",\"target\":{\"@type\":\"EntryPoint\",\"urlTemplate\":\"https:\/\/www.ewigerbund.org\/bremen\/?s={search_term_string}\"},\"query-input\":\"required name=search_term_string\"}],\"inLanguage\":\"de\"},{\"@type\":\"Organization\",\"@id\":\"https:\/\/www.ewigerbund.org\/bremen\/#organization\",\"name\":\"Freie Hansestadt Bremen\",\"url\":\"https:\/\/www.ewigerbund.org\/bremen\/\",\"logo\":{\"@type\":\"ImageObject\",\"inLanguage\":\"de\",\"@id\":\"https:\/\/www.ewigerbund.org\/bremen\/#\/schema\/logo\/image\/\",\"url\":\"https:\/\/www.ewigerbund.org\/bremen\/wp-content\/uploads\/sites\/36\/2024\/11\/2024-11-25-signet-bremen-v2-512pixel.png\",\"contentUrl\":\"https:\/\/www.ewigerbund.org\/bremen\/wp-content\/uploads\/sites\/36\/2024\/11\/2024-11-25-signet-bremen-v2-512pixel.png\",\"width\":512,\"height\":512,\"caption\":\"Freie Hansestadt Bremen\"},\"image\":{\"@id\":\"https:\/\/www.ewigerbund.org\/bremen\/#\/schema\/logo\/image\/\"}}]}<\/script>\n<!-- \/ Yoast SEO plugin. -->","yoast_head_json":{"title":"Das Staatsvolk - Freie Hansestadt Bremen","robots":{"index":"index","follow":"follow","max-snippet":"max-snippet:-1","max-image-preview":"max-image-preview:large","max-video-preview":"max-video-preview:-1"},"canonical":"https:\/\/www.ewigerbund.org\/bremen\/wissensschatz\/volk\/","og_locale":"de_DE","og_type":"article","og_title":"Das Staatsvolk - Freie Hansestadt Bremen","og_description":"Das Staatsvolk. Die Bev\u00f6lkerung des Staates betrug am 1. Dezember 1907 276.944 Personen. Nach ihrem Verh\u00e4ltnis zum Staat gliedert sich diese Bev\u00f6lkerung wie in jedem Staat in Einheimische und Fremde, bremische Staatsangeh\u00f6rige und Nichtbremer. Da in Bremen die politischen Rechte nicht ohne weiteres allen Staatsangeh\u00f6rigen zustehen, sondern von dem Besitz des B\u00fcrgerrechtes der Staatsangeh\u00f6rigen abh\u00e4ngig ... Weiterlesen ...","og_url":"https:\/\/www.ewigerbund.org\/bremen\/wissensschatz\/volk\/","og_site_name":"Freie Hansestadt Bremen","article_modified_time":"2026-01-27T15:58:17+00:00","twitter_card":"summary_large_image","twitter_misc":{"Gesch\u00e4tzte Lesezeit":"5\u00a0Minuten"},"schema":{"@context":"https:\/\/schema.org","@graph":[{"@type":"WebPage","@id":"https:\/\/www.ewigerbund.org\/bremen\/wissensschatz\/volk\/","url":"https:\/\/www.ewigerbund.org\/bremen\/wissensschatz\/volk\/","name":"Das Staatsvolk - Freie Hansestadt Bremen","isPartOf":{"@id":"https:\/\/www.ewigerbund.org\/bremen\/#website"},"datePublished":"2026-01-17T14:15:50+00:00","dateModified":"2026-01-27T15:58:17+00:00","breadcrumb":{"@id":"https:\/\/www.ewigerbund.org\/bremen\/wissensschatz\/volk\/#breadcrumb"},"inLanguage":"de","potentialAction":[{"@type":"ReadAction","target":["https:\/\/www.ewigerbund.org\/bremen\/wissensschatz\/volk\/"]}]},{"@type":"BreadcrumbList","@id":"https:\/\/www.ewigerbund.org\/bremen\/wissensschatz\/volk\/#breadcrumb","itemListElement":[{"@type":"ListItem","position":1,"name":"Startseite","item":"https:\/\/www.ewigerbund.org\/bremen\/"},{"@type":"ListItem","position":2,"name":"Wissensschatz","item":"https:\/\/www.ewigerbund.org\/bremen\/wissensschatz\/"},{"@type":"ListItem","position":3,"name":"Das Staatsvolk"}]},{"@type":"WebSite","@id":"https:\/\/www.ewigerbund.org\/bremen\/#website","url":"https:\/\/www.ewigerbund.org\/bremen\/","name":"Freie Hansestadt Bremen","description":" im ewigen Bund.","publisher":{"@id":"https:\/\/www.ewigerbund.org\/bremen\/#organization"},"potentialAction":[{"@type":"SearchAction","target":{"@type":"EntryPoint","urlTemplate":"https:\/\/www.ewigerbund.org\/bremen\/?s={search_term_string}"},"query-input":"required name=search_term_string"}],"inLanguage":"de"},{"@type":"Organization","@id":"https:\/\/www.ewigerbund.org\/bremen\/#organization","name":"Freie Hansestadt Bremen","url":"https:\/\/www.ewigerbund.org\/bremen\/","logo":{"@type":"ImageObject","inLanguage":"de","@id":"https:\/\/www.ewigerbund.org\/bremen\/#\/schema\/logo\/image\/","url":"https:\/\/www.ewigerbund.org\/bremen\/wp-content\/uploads\/sites\/36\/2024\/11\/2024-11-25-signet-bremen-v2-512pixel.png","contentUrl":"https:\/\/www.ewigerbund.org\/bremen\/wp-content\/uploads\/sites\/36\/2024\/11\/2024-11-25-signet-bremen-v2-512pixel.png","width":512,"height":512,"caption":"Freie Hansestadt Bremen"},"image":{"@id":"https:\/\/www.ewigerbund.org\/bremen\/#\/schema\/logo\/image\/"}}]}},"_links":{"self":[{"href":"https:\/\/www.ewigerbund.org\/bremen\/wp-json\/wp\/v2\/pages\/230","targetHints":{"allow":["GET"]}}],"collection":[{"href":"https:\/\/www.ewigerbund.org\/bremen\/wp-json\/wp\/v2\/pages"}],"about":[{"href":"https:\/\/www.ewigerbund.org\/bremen\/wp-json\/wp\/v2\/types\/page"}],"author":[{"embeddable":true,"href":"https:\/\/www.ewigerbund.org\/bremen\/wp-json\/wp\/v2\/users\/30"}],"replies":[{"embeddable":true,"href":"https:\/\/www.ewigerbund.org\/bremen\/wp-json\/wp\/v2\/comments?post=230"}],"version-history":[{"count":2,"href":"https:\/\/www.ewigerbund.org\/bremen\/wp-json\/wp\/v2\/pages\/230\/revisions"}],"predecessor-version":[{"id":235,"href":"https:\/\/www.ewigerbund.org\/bremen\/wp-json\/wp\/v2\/pages\/230\/revisions\/235"}],"up":[{"embeddable":true,"href":"https:\/\/www.ewigerbund.org\/bremen\/wp-json\/wp\/v2\/pages\/238"}],"wp:attachment":[{"href":"https:\/\/www.ewigerbund.org\/bremen\/wp-json\/wp\/v2\/media?parent=230"}],"wp:term":[{"taxonomy":"category","embeddable":true,"href":"https:\/\/www.ewigerbund.org\/bremen\/wp-json\/wp\/v2\/categories?post=230"},{"taxonomy":"post_tag","embeddable":true,"href":"https:\/\/www.ewigerbund.org\/bremen\/wp-json\/wp\/v2\/tags?post=230"}],"curies":[{"name":"wp","href":"https:\/\/api.w.org\/{rel}","templated":true}]}}