{"id":928,"date":"2022-08-22T19:50:46","date_gmt":"2022-08-22T17:50:46","guid":{"rendered":"https:\/\/www.ewigerbund.org\/bayern\/?page_id=928"},"modified":"2023-11-04T17:34:47","modified_gmt":"2023-11-04T16:34:47","slug":"koenig-ludwig-ii","status":"publish","type":"page","link":"https:\/\/www.ewigerbund.org\/bayern\/geschichte\/koenig-ludwig-ii\/","title":{"rendered":"1864-1886. K\u00f6nig Ludwig II."},"content":{"rendered":"<div style=\"padding:57% 0 0 0;position:relative;\"><iframe src=\"https:\/\/player.vimeo.com\/video\/835121909?h=fbfadaf0e1&amp;badge=0&amp;autopause=0&amp;player_id=0&amp;app_id=58479\" allow=\"autoplay; fullscreen; picture-in-picture\" allowfullscreen=\"\" style=\"position:absolute;top:0;left:0;width:100%;height:100%;\" frameborder=\"0\"><\/iframe><\/div><script src=\"https:\/\/player.vimeo.com\/api\/player.js\"><\/script>\n\n\n\n<div style=\"height:25px\" aria-hidden=\"true\" class=\"wp-block-spacer\"><\/div>\n\n\n<div class=\"gb-container gb-container-b8ebe4c8\"><div class=\"gb-inside-container\">\n\n<p>Seine Majest\u00e4t Ludwig II. Otto Friedrich Wilhelm von Bayern, wurde am 25. August 1845 auf Schlo\u00df Nymphenburg geboren. Er entsprang der Ehe zwischen <a href=\"https:\/\/www.ewigerbund.org\/bayern\/geschichte\/maximilian-ii\/\" target=\"_blank\" rel=\"noreferrer noopener\">K\u00f6nig Maximilian II.<\/a> und Prinzessin Marie von Preu\u00dfen.<\/p>\n\n<\/div><\/div>\n\n\n<p><\/p>\n\n\n<div class=\"gb-container gb-container-3a387b16\"><div class=\"gb-inside-container\">\n\n<p>Bereits als 18-j\u00e4hriger J\u00fcngling bestieg Ludwig in ernster Zeit den bayerischen Thron. Wie sein Vater, so glaubte auch er an eine Erneuerung des Deutschen Reiches auf der Grundlage der alten Bundesverfassung. Als aber das Jahr 1866 zeigte, da\u00df es unm\u00f6glich sei, \u00d6sterreichs Vorherrschaft aufrechtzuerhalten, f\u00fcgte er sich mit weiser Einsicht in die ge\u00e4nderte Sachlage und hielt an den mit Preu\u00dfen geschlossenen Vertr\u00e4gen unersch\u00fctterlich fest. In kerndeutschem Empfinden schlossen sich Bayerns F\u00fcrst und Volk der gro\u00dfen Bewegung an, die zu den ruhmvollen K\u00e4mpfen gegen Frankreich und zur Errichtung des Deutschen Reiches f\u00fchrte.<\/p>\n\n<\/div><\/div>\n\n<div class=\"gb-container gb-container-86f46bb0\"><div class=\"gb-inside-container\">\n\n<p>Zur Bl\u00fcte der vaterl\u00e4ndischen Industrie und namentlich des bayerischen Kunstgewerbes trug der kunstsinnige F\u00fcrst ganz wesentlich bei. Durch die Erbauung und wahrhaft k\u00f6nigliche Ausstattung der Schl\u00f6sser Neuschwanstein, Linderhof und Herrenchiemsee sowie durch die wirksame Unterst\u00fctzung des gro\u00dfen Tondichters Richard Wagner offenbarte er das hohe Verst\u00e4ndnis f\u00fcr die Kunst, das auch er als sch\u00f6nes Erbe der Wittelsbacher von seinen V\u00e4tern \u00fcberkommen hatte. Sein hohes Interesse f\u00fcr Unterricht und Erziehung bekundete Ludwig II. durch die Errichtung der Technischen Hochschule und der Kunstgewerbeschule in M\u00fcnchen sowie durch die Herstellung eines pr\u00e4chtigen Neubaues f\u00fcr die Akademie der K\u00fcnste.<\/p>\n\n<\/div><\/div>\n\n\n<p><\/p>\n\n\n<div class=\"gb-container gb-container-394ba38b\"><div class=\"gb-inside-container\">\n\n<p>In erhebender Weise feierte das bayerische Volk im Jahre 1880 das Jubelfest zur 700-j\u00e4hrigen Regierung der Wittelsbacher, ein Fest, das in seinem ganzen Verlaufe das herzliche Verh\u00e4ltnis kennzeichnete, das Bayerns Volk mit seinem Herrscherhause, mit seinem in kraftvoller M\u00e4nnlichkeit bl\u00fchenden K\u00f6nige verband.<\/p>\n\n<\/div><\/div>\n\n<div class=\"gb-container gb-container-285d3587\"><div class=\"gb-inside-container\">\n\n<p>Tiefe Best\u00fcrzung durchzitterte deshalb das Land, als wenige Jahre danach der verehrte F\u00fcrst auf r\u00e4tselhafte Art und Weise ums Leben kam. Um sein Ende ranken sich seither viele Mythen. Kaum ein Monarch musste mehr Unwahrheiten \u00fcber seine Person erdulden wie Ludwig II. Zweifellos war er Opfer von Intrigen, L\u00fcgen und Verrat.<\/p>\n\n<\/div><\/div>\n\n\n<p><\/p>\n\n\n<div class=\"gb-container gb-container-bfed3cb3\"><div class=\"gb-inside-container\">\n\n<p>Auch heute noch, 137 Jahre sp\u00e4ter, kann der Schleier nicht gel\u00fcftet werden. Ein ewig R\u00e4tsel wollte er bleiben &#8211; es ist ihm wohl gelungen. Machen wir Schlu\u00df mit der Verunglimpfung unseres F\u00fcrsten und bewahren wir sein Andenken.<\/p>\n\n<\/div><\/div>\n\n<div class=\"gb-button-wrapper gb-button-wrapper-1624cbe9\">\n\n<a class=\"gb-button gb-button-f5a204c1 gb-button-text\" href=\"https:\/\/forum.bayern.ewigerbund.org\/viewtopic.php?t=297\" target=\"_blank\" rel=\"noopener noreferrer\">Dieser Beitrag hat dir gefallen? Hier kommentieren.<\/a>\n\n<\/div>\n\n\n<p><\/p>\n\n\n\n<p class=\"has-small-font-size\"><em>Quelle: Bayerisches Realienbuch. Bearbeitet von Dr. Hans Reinlein, Oberlehrer in M\u00fcnchen Realienbuch Nr. 63, 171. bis 180. Gesamt-Auflage. Bielefeld und Leipzig 1915, Seite 147-148.<\/em><\/p>\n","protected":false},"excerpt":{"rendered":"<p>Seine Majest\u00e4t Ludwig II. Otto Friedrich Wilhelm von Bayern, wurde am 25. August 1845 auf Schlo\u00df Nymphenburg geboren. Er entsprang der Ehe zwischen K\u00f6nig Maximilian II. und Prinzessin Marie von Preu\u00dfen. Bereits als 18-j\u00e4hriger J\u00fcngling bestieg Ludwig in ernster Zeit den bayerischen Thron. Wie sein Vater, so glaubte auch er an eine Erneuerung des Deutschen &#8230; <a title=\"1864-1886. K\u00f6nig Ludwig II.\" class=\"read-more\" href=\"https:\/\/www.ewigerbund.org\/bayern\/geschichte\/koenig-ludwig-ii\/\" aria-label=\"Mehr zu 1864-1886. K\u00f6nig Ludwig II.\">Weiterlesen &#8230;<\/a><\/p>\n","protected":false},"author":1,"featured_media":3210,"parent":215,"menu_order":26,"comment_status":"closed","ping_status":"closed","template":"template-6-beide-seitenleiste.php","meta":{"footnotes":""},"categories":[7],"tags":[93,218,219,214,217,216,169,173,191],"class_list":["post-928","page","type-page","status-publish","has-post-thumbnail","hentry","category-geschichte","tag-deutsches-reich","tag-herrenchiemsee","tag-hochschule","tag-koenig-ludwig-ii","tag-linderhof","tag-neuschwanstein","tag-oesterreich","tag-preussen","tag-wittelsbach"],"yoast_head":"<!-- This site is optimized with the Yoast SEO plugin v23.1 - https:\/\/yoast.com\/wordpress\/plugins\/seo\/ -->\n<title>1864-1886. K\u00f6nig Ludwig II. - K\u00f6nigreich Bayern<\/title>\n<meta name=\"robots\" content=\"index, follow, max-snippet:-1, max-image-preview:large, max-video-preview:-1\" \/>\n<link rel=\"canonical\" href=\"https:\/\/www.ewigerbund.org\/bayern\/geschichte\/koenig-ludwig-ii\/\" \/>\n<meta property=\"og:locale\" content=\"de_DE\" \/>\n<meta property=\"og:type\" content=\"article\" \/>\n<meta property=\"og:title\" content=\"1864-1886. K\u00f6nig Ludwig II. - K\u00f6nigreich Bayern\" \/>\n<meta property=\"og:description\" content=\"Seine Majest\u00e4t Ludwig II. Otto Friedrich Wilhelm von Bayern, wurde am 25. August 1845 auf Schlo\u00df Nymphenburg geboren. Er entsprang der Ehe zwischen K\u00f6nig Maximilian II. und Prinzessin Marie von Preu\u00dfen. Bereits als 18-j\u00e4hriger J\u00fcngling bestieg Ludwig in ernster Zeit den bayerischen Thron. Wie sein Vater, so glaubte auch er an eine Erneuerung des Deutschen ... Weiterlesen ...\" \/>\n<meta property=\"og:url\" content=\"https:\/\/www.ewigerbund.org\/bayern\/geschichte\/koenig-ludwig-ii\/\" \/>\n<meta property=\"og:site_name\" content=\"K\u00f6nigreich Bayern\" \/>\n<meta property=\"article:modified_time\" content=\"2023-11-04T16:34:47+00:00\" \/>\n<meta property=\"og:image\" content=\"https:\/\/www.ewigerbund.org\/bayern\/wp-content\/uploads\/sites\/12\/2023\/07\/Ludwig-II-Standbild2.jpg\" \/>\n\t<meta property=\"og:image:width\" content=\"1920\" \/>\n\t<meta property=\"og:image:height\" content=\"1080\" \/>\n\t<meta property=\"og:image:type\" content=\"image\/jpeg\" \/>\n<meta name=\"twitter:card\" content=\"summary_large_image\" \/>\n<meta name=\"twitter:label1\" content=\"Gesch\u00e4tzte Lesezeit\" \/>\n\t<meta name=\"twitter:data1\" content=\"3\u00a0Minuten\" \/>\n<script type=\"application\/ld+json\" class=\"yoast-schema-graph\">{\"@context\":\"https:\/\/schema.org\",\"@graph\":[{\"@type\":\"WebPage\",\"@id\":\"https:\/\/www.ewigerbund.org\/bayern\/geschichte\/koenig-ludwig-ii\/\",\"url\":\"https:\/\/www.ewigerbund.org\/bayern\/geschichte\/koenig-ludwig-ii\/\",\"name\":\"1864-1886. K\u00f6nig Ludwig II. - K\u00f6nigreich Bayern\",\"isPartOf\":{\"@id\":\"https:\/\/www.ewigerbund.org\/bayern\/#website\"},\"primaryImageOfPage\":{\"@id\":\"https:\/\/www.ewigerbund.org\/bayern\/geschichte\/koenig-ludwig-ii\/#primaryimage\"},\"image\":{\"@id\":\"https:\/\/www.ewigerbund.org\/bayern\/geschichte\/koenig-ludwig-ii\/#primaryimage\"},\"thumbnailUrl\":\"https:\/\/www.ewigerbund.org\/bayern\/wp-content\/uploads\/sites\/12\/2023\/07\/Ludwig-II-Standbild2.jpg\",\"datePublished\":\"2022-08-22T17:50:46+00:00\",\"dateModified\":\"2023-11-04T16:34:47+00:00\",\"breadcrumb\":{\"@id\":\"https:\/\/www.ewigerbund.org\/bayern\/geschichte\/koenig-ludwig-ii\/#breadcrumb\"},\"inLanguage\":\"de\",\"potentialAction\":[{\"@type\":\"ReadAction\",\"target\":[\"https:\/\/www.ewigerbund.org\/bayern\/geschichte\/koenig-ludwig-ii\/\"]}]},{\"@type\":\"ImageObject\",\"inLanguage\":\"de\",\"@id\":\"https:\/\/www.ewigerbund.org\/bayern\/geschichte\/koenig-ludwig-ii\/#primaryimage\",\"url\":\"https:\/\/www.ewigerbund.org\/bayern\/wp-content\/uploads\/sites\/12\/2023\/07\/Ludwig-II-Standbild2.jpg\",\"contentUrl\":\"https:\/\/www.ewigerbund.org\/bayern\/wp-content\/uploads\/sites\/12\/2023\/07\/Ludwig-II-Standbild2.jpg\",\"width\":1920,\"height\":1080,\"caption\":\"1864-1886. K\u00f6nig Ludwig II.\"},{\"@type\":\"BreadcrumbList\",\"@id\":\"https:\/\/www.ewigerbund.org\/bayern\/geschichte\/koenig-ludwig-ii\/#breadcrumb\",\"itemListElement\":[{\"@type\":\"ListItem\",\"position\":1,\"name\":\"Startseite\",\"item\":\"https:\/\/www.ewigerbund.org\/bayern\/\"},{\"@type\":\"ListItem\",\"position\":2,\"name\":\"Geschichte\",\"item\":\"https:\/\/www.ewigerbund.org\/bayern\/geschichte\/\"},{\"@type\":\"ListItem\",\"position\":3,\"name\":\"1864-1886. K\u00f6nig Ludwig II.\"}]},{\"@type\":\"WebSite\",\"@id\":\"https:\/\/www.ewigerbund.org\/bayern\/#website\",\"url\":\"https:\/\/www.ewigerbund.org\/bayern\/\",\"name\":\"K\u00f6nigreich Bayern\",\"description\":\"im ewigen Bund.\",\"publisher\":{\"@id\":\"https:\/\/www.ewigerbund.org\/bayern\/#organization\"},\"potentialAction\":[{\"@type\":\"SearchAction\",\"target\":{\"@type\":\"EntryPoint\",\"urlTemplate\":\"https:\/\/www.ewigerbund.org\/bayern\/?s={search_term_string}\"},\"query-input\":\"required name=search_term_string\"}],\"inLanguage\":\"de\"},{\"@type\":\"Organization\",\"@id\":\"https:\/\/www.ewigerbund.org\/bayern\/#organization\",\"name\":\"K\u00f6nigreich Bayern\",\"url\":\"https:\/\/www.ewigerbund.org\/bayern\/\",\"logo\":{\"@type\":\"ImageObject\",\"inLanguage\":\"de\",\"@id\":\"https:\/\/www.ewigerbund.org\/bayern\/#\/schema\/logo\/image\/\",\"url\":\"https:\/\/www.ewigerbund.org\/bayern\/wp-content\/uploads\/sites\/12\/2023\/02\/2023-02-24-Logo-EB-Bayern-Schutzzone_Schatten_BGweiss_V2_1200px.png\",\"contentUrl\":\"https:\/\/www.ewigerbund.org\/bayern\/wp-content\/uploads\/sites\/12\/2023\/02\/2023-02-24-Logo-EB-Bayern-Schutzzone_Schatten_BGweiss_V2_1200px.png\",\"width\":1200,\"height\":1200,\"caption\":\"K\u00f6nigreich Bayern\"},\"image\":{\"@id\":\"https:\/\/www.ewigerbund.org\/bayern\/#\/schema\/logo\/image\/\"}}]}<\/script>\n<!-- \/ Yoast SEO plugin. -->","yoast_head_json":{"title":"1864-1886. K\u00f6nig Ludwig II. - K\u00f6nigreich Bayern","robots":{"index":"index","follow":"follow","max-snippet":"max-snippet:-1","max-image-preview":"max-image-preview:large","max-video-preview":"max-video-preview:-1"},"canonical":"https:\/\/www.ewigerbund.org\/bayern\/geschichte\/koenig-ludwig-ii\/","og_locale":"de_DE","og_type":"article","og_title":"1864-1886. K\u00f6nig Ludwig II. - K\u00f6nigreich Bayern","og_description":"Seine Majest\u00e4t Ludwig II. Otto Friedrich Wilhelm von Bayern, wurde am 25. August 1845 auf Schlo\u00df Nymphenburg geboren. Er entsprang der Ehe zwischen K\u00f6nig Maximilian II. und Prinzessin Marie von Preu\u00dfen. Bereits als 18-j\u00e4hriger J\u00fcngling bestieg Ludwig in ernster Zeit den bayerischen Thron. Wie sein Vater, so glaubte auch er an eine Erneuerung des Deutschen ... Weiterlesen ...","og_url":"https:\/\/www.ewigerbund.org\/bayern\/geschichte\/koenig-ludwig-ii\/","og_site_name":"K\u00f6nigreich Bayern","article_modified_time":"2023-11-04T16:34:47+00:00","og_image":[{"width":1920,"height":1080,"url":"https:\/\/www.ewigerbund.org\/bayern\/wp-content\/uploads\/sites\/12\/2023\/07\/Ludwig-II-Standbild2.jpg","type":"image\/jpeg"}],"twitter_card":"summary_large_image","twitter_misc":{"Gesch\u00e4tzte Lesezeit":"3\u00a0Minuten"},"schema":{"@context":"https:\/\/schema.org","@graph":[{"@type":"WebPage","@id":"https:\/\/www.ewigerbund.org\/bayern\/geschichte\/koenig-ludwig-ii\/","url":"https:\/\/www.ewigerbund.org\/bayern\/geschichte\/koenig-ludwig-ii\/","name":"1864-1886. K\u00f6nig Ludwig II. - K\u00f6nigreich Bayern","isPartOf":{"@id":"https:\/\/www.ewigerbund.org\/bayern\/#website"},"primaryImageOfPage":{"@id":"https:\/\/www.ewigerbund.org\/bayern\/geschichte\/koenig-ludwig-ii\/#primaryimage"},"image":{"@id":"https:\/\/www.ewigerbund.org\/bayern\/geschichte\/koenig-ludwig-ii\/#primaryimage"},"thumbnailUrl":"https:\/\/www.ewigerbund.org\/bayern\/wp-content\/uploads\/sites\/12\/2023\/07\/Ludwig-II-Standbild2.jpg","datePublished":"2022-08-22T17:50:46+00:00","dateModified":"2023-11-04T16:34:47+00:00","breadcrumb":{"@id":"https:\/\/www.ewigerbund.org\/bayern\/geschichte\/koenig-ludwig-ii\/#breadcrumb"},"inLanguage":"de","potentialAction":[{"@type":"ReadAction","target":["https:\/\/www.ewigerbund.org\/bayern\/geschichte\/koenig-ludwig-ii\/"]}]},{"@type":"ImageObject","inLanguage":"de","@id":"https:\/\/www.ewigerbund.org\/bayern\/geschichte\/koenig-ludwig-ii\/#primaryimage","url":"https:\/\/www.ewigerbund.org\/bayern\/wp-content\/uploads\/sites\/12\/2023\/07\/Ludwig-II-Standbild2.jpg","contentUrl":"https:\/\/www.ewigerbund.org\/bayern\/wp-content\/uploads\/sites\/12\/2023\/07\/Ludwig-II-Standbild2.jpg","width":1920,"height":1080,"caption":"1864-1886. K\u00f6nig Ludwig II."},{"@type":"BreadcrumbList","@id":"https:\/\/www.ewigerbund.org\/bayern\/geschichte\/koenig-ludwig-ii\/#breadcrumb","itemListElement":[{"@type":"ListItem","position":1,"name":"Startseite","item":"https:\/\/www.ewigerbund.org\/bayern\/"},{"@type":"ListItem","position":2,"name":"Geschichte","item":"https:\/\/www.ewigerbund.org\/bayern\/geschichte\/"},{"@type":"ListItem","position":3,"name":"1864-1886. K\u00f6nig Ludwig II."}]},{"@type":"WebSite","@id":"https:\/\/www.ewigerbund.org\/bayern\/#website","url":"https:\/\/www.ewigerbund.org\/bayern\/","name":"K\u00f6nigreich Bayern","description":"im ewigen Bund.","publisher":{"@id":"https:\/\/www.ewigerbund.org\/bayern\/#organization"},"potentialAction":[{"@type":"SearchAction","target":{"@type":"EntryPoint","urlTemplate":"https:\/\/www.ewigerbund.org\/bayern\/?s={search_term_string}"},"query-input":"required name=search_term_string"}],"inLanguage":"de"},{"@type":"Organization","@id":"https:\/\/www.ewigerbund.org\/bayern\/#organization","name":"K\u00f6nigreich Bayern","url":"https:\/\/www.ewigerbund.org\/bayern\/","logo":{"@type":"ImageObject","inLanguage":"de","@id":"https:\/\/www.ewigerbund.org\/bayern\/#\/schema\/logo\/image\/","url":"https:\/\/www.ewigerbund.org\/bayern\/wp-content\/uploads\/sites\/12\/2023\/02\/2023-02-24-Logo-EB-Bayern-Schutzzone_Schatten_BGweiss_V2_1200px.png","contentUrl":"https:\/\/www.ewigerbund.org\/bayern\/wp-content\/uploads\/sites\/12\/2023\/02\/2023-02-24-Logo-EB-Bayern-Schutzzone_Schatten_BGweiss_V2_1200px.png","width":1200,"height":1200,"caption":"K\u00f6nigreich Bayern"},"image":{"@id":"https:\/\/www.ewigerbund.org\/bayern\/#\/schema\/logo\/image\/"}}]}},"_links":{"self":[{"href":"https:\/\/www.ewigerbund.org\/bayern\/wp-json\/wp\/v2\/pages\/928","targetHints":{"allow":["GET"]}}],"collection":[{"href":"https:\/\/www.ewigerbund.org\/bayern\/wp-json\/wp\/v2\/pages"}],"about":[{"href":"https:\/\/www.ewigerbund.org\/bayern\/wp-json\/wp\/v2\/types\/page"}],"author":[{"embeddable":true,"href":"https:\/\/www.ewigerbund.org\/bayern\/wp-json\/wp\/v2\/users\/1"}],"replies":[{"embeddable":true,"href":"https:\/\/www.ewigerbund.org\/bayern\/wp-json\/wp\/v2\/comments?post=928"}],"version-history":[{"count":11,"href":"https:\/\/www.ewigerbund.org\/bayern\/wp-json\/wp\/v2\/pages\/928\/revisions"}],"predecessor-version":[{"id":4302,"href":"https:\/\/www.ewigerbund.org\/bayern\/wp-json\/wp\/v2\/pages\/928\/revisions\/4302"}],"up":[{"embeddable":true,"href":"https:\/\/www.ewigerbund.org\/bayern\/wp-json\/wp\/v2\/pages\/215"}],"wp:featuredmedia":[{"embeddable":true,"href":"https:\/\/www.ewigerbund.org\/bayern\/wp-json\/wp\/v2\/media\/3210"}],"wp:attachment":[{"href":"https:\/\/www.ewigerbund.org\/bayern\/wp-json\/wp\/v2\/media?parent=928"}],"wp:term":[{"taxonomy":"category","embeddable":true,"href":"https:\/\/www.ewigerbund.org\/bayern\/wp-json\/wp\/v2\/categories?post=928"},{"taxonomy":"post_tag","embeddable":true,"href":"https:\/\/www.ewigerbund.org\/bayern\/wp-json\/wp\/v2\/tags?post=928"}],"curies":[{"name":"wp","href":"https:\/\/api.w.org\/{rel}","templated":true}]}}