{"id":65,"date":"2021-09-26T12:31:40","date_gmt":"2021-09-26T10:31:40","guid":{"rendered":"https:\/\/www.ewigerbund.org\/bayern\/?page_id=65"},"modified":"2024-02-05T21:03:28","modified_gmt":"2024-02-05T20:03:28","slug":"startseite","status":"publish","type":"page","link":"https:\/\/www.ewigerbund.org\/bayern\/","title":{"rendered":"Startseite."},"content":{"rendered":"<div class=\"gb-container gb-container-50bea39d cat-box-border-mittelgrau\"><div class=\"gb-inside-container\">\n\n<div class=\"wp-block-columns is-layout-flex wp-container-core-columns-is-layout-1 wp-block-columns-is-layout-flex\">\n<div class=\"wp-block-column is-vertically-aligned-center is-layout-flow wp-block-column-is-layout-flow\" style=\"flex-basis:75%\">\n<p class=\"has-text-align-center\">&#8222;<em>Gott mit dir, du Land der Bayern,<br>deutsche Erde, Vaterland!<br>\u00dcber deinen weiten Gauen<br>ruhe Seine Segenshand!<br>Er beh\u00fcte deine Fluren,<br>schirme deiner St\u00e4dte Bau!<br>Und erhalte dir die Farben<br>Seines Himmels, wei\u00df und blau<\/em>!&#8220;<\/p>\n\n\n\n<p class=\"gb-headline gb-headline-fc25ab62 gb-headline-text\"><\/p>\n\n\n\n<p class=\"has-text-align-center\">Bayernhymne, 1. Strophe.<\/p>\n\n\n<div class=\"gb-container gb-container-2ce9f411\"><div class=\"gb-inside-container\"><\/div><\/div><\/div>\n\n\n\n<div class=\"wp-block-column is-vertically-aligned-center is-layout-flow wp-block-column-is-layout-flow\" style=\"flex-basis:25%\"><div class=\"wp-block-image\">\n<figure class=\"aligncenter size-full\"><img loading=\"lazy\" decoding=\"async\" width=\"750\" height=\"750\" src=\"https:\/\/www.ewigerbund.org\/bayern\/wp-content\/uploads\/sites\/12\/2023\/04\/Ludwig_II_Foto_graustufen.png\" alt=\"Bild Ludwig der Zweite\" class=\"wp-image-2156\" style=\"object-fit:cover\" srcset=\"https:\/\/www.ewigerbund.org\/bayern\/wp-content\/uploads\/sites\/12\/2023\/04\/Ludwig_II_Foto_graustufen.png 750w, https:\/\/www.ewigerbund.org\/bayern\/wp-content\/uploads\/sites\/12\/2023\/04\/Ludwig_II_Foto_graustufen-300x300.png 300w, https:\/\/www.ewigerbund.org\/bayern\/wp-content\/uploads\/sites\/12\/2023\/04\/Ludwig_II_Foto_graustufen-150x150.png 150w, https:\/\/www.ewigerbund.org\/bayern\/wp-content\/uploads\/sites\/12\/2023\/04\/Ludwig_II_Foto_graustufen-500x500.png 500w\" sizes=\"auto, (max-width: 750px) 100vw, 750px\" \/><\/figure><\/div><\/div>\n<\/div>\n\n<\/div><\/div>\n\n<div class=\"gb-container gb-container-369f71e1\"><div class=\"gb-inside-container\">\n\n<div style=\"height:30px\" aria-hidden=\"true\" class=\"wp-block-spacer\"><\/div>\n\n\n<div class=\"gb-container gb-container-7ba75a19\">\n\n<h2 class=\"gb-headline gb-headline-c0b40539 gb-headline-text\">Ewiger Bund Bayern &#8211; wir restaurieren das K\u00f6nigreich!<\/h2>\n\n\n\n<p>Herzlich willkommen beim ewigen Bund in Bayern, dem Portal f\u00fcr alle monarchisch und vaterl\u00e4ndisch gesinnten Menschen im K\u00f6nigreich und alle, die das noch werden wollen.<\/p>\n\n\n\n<p>Seit einigen Jahren offenbart sich immer deutlicher, wohin die Entwicklung Deutschlands und Bayerns f\u00fchren wird, wenn nicht grunds\u00e4tzliche Ver\u00e4nderungen eintreten. L\u00e4ngst ist einem jeden Beobachter klar, da\u00df eine bis ins Mark korrumpierte und fremdgesteuerte Parteipolitik und die daraus resultierende Regierung nicht das Wohl und die Pflege des Volkes im Sinne haben kann. Wesentlich weniger deutlich offenbart sich jedoch, wo die Ursache f\u00fcr diese Entwicklung auszumachen ist und wie sie umzukehren sei.<\/p>\n\n\n\n<p>F\u00fcr uns aber steht fest: Mit dem verbrecherischen Umsturz des Novembers 1918 wurden die deutschen St\u00e4mme ihrer legitimen und souver\u00e4nen Staatsgewalten beraubt und der Gier seiner Gegner schutzlos preisgegeben. Die Annahme des Versailler Raubfriedens und die Anerkennung der angedichteten Kriegsschuld bilden bis heute die Grundlage f\u00fcr die fortw\u00e4hrende Einhegung und Bek\u00e4mpfung des Deutschen Volkes. Wahrheit, Freiheit und Recht erleben seither eine umfassende Unterdr\u00fcckung.<\/p>\n\n\n\n<p>Nach unserer festesten \u00dcberzeugung ist eine wahre Reaktion gegen den weiteren Niedergang nur auf der Grundlage der traditionellen Grunds\u00e4tze von Hierarchie, Aristokratie und K\u00f6nigtum m\u00f6glich. Unsere Vision ist daher ein in seine angestammten Rechte wiedereingesetztes bayerisches K\u00f6nigshaus und folglich eine Restauration der f\u00fcrsorglich-wohlwollenden Regierung des K\u00f6nigreichs Bayern.<\/p>\n\n\n\n<div style=\"height:30px\" aria-hidden=\"true\" class=\"wp-block-spacer\"><\/div>\n\n\n\n<h2 class=\"wp-block-heading\">Der monarchische Gedanke.<\/h2>\n\n\n\n<p>Die Monarchie mag in Deutschland heute weit entfernt und der monarchische Gedanke nahezu ausgel\u00f6scht erscheinen. Doch wir sind uns sicher: Dieser Schein tr\u00fcgt!<\/p>\n\n\n\n<p>Nach \u00fcber hundert Jahren Dornr\u00f6schenschlaf ist nun die Zeit gekommen, Wahrheit, Freiheit und Recht von ihrer Unterdr\u00fcckung zu befreien. Die Unterrichtung \u00fcber die wesentlichen historischen sowie rechtlichen Tatsachen wird f\u00fcr ein gerechtes Geschichtsurteil sorgen, den Schuldkult aufbrechen und folglich Staatsbewusstsein und Verfassungstreue st\u00e4rken. Die Wahrheit allein wird gen\u00fcgen, eine Renaissance des monarchischen Gedankens einzuleiten und die einst im bayerischen Volk so unersch\u00fctterliche dynastische Anh\u00e4nglichkeit wiederzubeleben.<\/p>\n\n\n\n<p>F\u00fcr uns bleibt kein Zweifel daran bestehen: Mit der Restauration der deutschen F\u00fcrstenstaaten und der Erneuerung des ewigen Bundes werden wir f\u00fcr uns und unsere Kinder eine Zukunft in einem dem Menschen wohlgesonnenen Staatswesen erm\u00f6glichen &#8211; einem Staatswesen, welches der Wohlfahrt des Volkes dient und nicht l\u00e4nger \u201einternationalen&#8220; Interessen.<\/p>\n\n\n<div class=\"gb-container gb-container-cb592434\">\n\n<p><a href=\"https:\/\/www.ewigerbund.org\/bayern\/startseite\/herz-eb\/unser-auftrag\/\">Mit Gott f\u00fcr K\u00f6nig und Vaterland.<\/a><\/p>\n\n<\/div>\n<\/div>\n\n<div class=\"wp-block-image\">\n<figure class=\"alignright size-medium\"><img loading=\"lazy\" decoding=\"async\" width=\"300\" height=\"86\" src=\"https:\/\/www.ewigerbund.org\/bayern\/wp-content\/uploads\/sites\/12\/2023\/05\/2023-05-01-Themenmarker2-BayernKommtZuSich-Schutzzone-300x86.png\" alt=\"\" class=\"wp-image-2176\" srcset=\"https:\/\/www.ewigerbund.org\/bayern\/wp-content\/uploads\/sites\/12\/2023\/05\/2023-05-01-Themenmarker2-BayernKommtZuSich-Schutzzone-300x86.png 300w, https:\/\/www.ewigerbund.org\/bayern\/wp-content\/uploads\/sites\/12\/2023\/05\/2023-05-01-Themenmarker2-BayernKommtZuSich-Schutzzone-1024x293.png 1024w, https:\/\/www.ewigerbund.org\/bayern\/wp-content\/uploads\/sites\/12\/2023\/05\/2023-05-01-Themenmarker2-BayernKommtZuSich-Schutzzone-768x220.png 768w, https:\/\/www.ewigerbund.org\/bayern\/wp-content\/uploads\/sites\/12\/2023\/05\/2023-05-01-Themenmarker2-BayernKommtZuSich-Schutzzone.png 1200w\" sizes=\"auto, (max-width: 300px) 100vw, 300px\" \/><\/figure><\/div>\n\n\n<p><\/p>\n\n<\/div><\/div>\n\n\n<div style=\"height:100px\" aria-hidden=\"true\" class=\"wp-block-spacer\"><\/div>\n\n\n<div class=\"gb-container gb-container-c982642a\"><div class=\"gb-inside-container\">\n\n<h2 class=\"gb-headline gb-headline-8e9ab5c5 gb-headline-text\">NEUESTE ARTIKEL<\/h2>\n\n<\/div><\/div>\n\n\n<div style=\"height:50px\" aria-hidden=\"true\" class=\"wp-block-spacer\"><\/div>\n\n\n<div class=\"gb-container gb-container-d85f29e6\"><div class=\"gb-inside-container\">\n\n<div class=\"wp-block-columns is-layout-flex wp-container-core-columns-is-layout-2 wp-block-columns-is-layout-flex\">\n<div class=\"wp-block-column is-layout-flow wp-block-column-is-layout-flow\">\n<figure class=\"wp-block-gallery has-nested-images columns-default is-cropped wp-block-gallery-1 is-layout-flex wp-block-gallery-is-layout-flex\">\n<figure class=\"wp-block-image size-large\"><a href=\"https:\/\/www.ewigerbund.org\/bayern\/geschichte\/1743-1814-graf-rumford\/\"><img loading=\"lazy\" decoding=\"async\" width=\"1024\" height=\"576\" data-id=\"4466\" src=\"https:\/\/www.ewigerbund.org\/bayern\/wp-content\/uploads\/sites\/12\/2023\/11\/Benjamin_Thompson_wiki_bunt_Flagge-1024x576.jpg\" alt=\"\" class=\"wp-image-4466\" srcset=\"https:\/\/www.ewigerbund.org\/bayern\/wp-content\/uploads\/sites\/12\/2023\/11\/Benjamin_Thompson_wiki_bunt_Flagge-1024x576.jpg 1024w, https:\/\/www.ewigerbund.org\/bayern\/wp-content\/uploads\/sites\/12\/2023\/11\/Benjamin_Thompson_wiki_bunt_Flagge-300x169.jpg 300w, https:\/\/www.ewigerbund.org\/bayern\/wp-content\/uploads\/sites\/12\/2023\/11\/Benjamin_Thompson_wiki_bunt_Flagge-768x432.jpg 768w, https:\/\/www.ewigerbund.org\/bayern\/wp-content\/uploads\/sites\/12\/2023\/11\/Benjamin_Thompson_wiki_bunt_Flagge.jpg 1200w\" sizes=\"auto, (max-width: 1024px) 100vw, 1024px\" \/><\/a><\/figure>\n<\/figure>\n\n\n\n<h2 class=\"gb-headline gb-headline-6fb3f92c gb-headline-text\"><strong>Sir Benjamin Thompson Graf von Rumford<\/strong>.<\/h2>\n\n\n\n<p>Bayerischer Kriegsminister, Sozial- und Heeresreformer, Physiker, Erfinder.<\/p>\n\n\n\n<p style=\"font-size:15px\">Nachdem bei manchen Deutschen nach wie vor ein US-amerikanischer Unternehmer, Unterhalter und so genannter Politiker&nbsp;als der gro\u00dfe Heilsbringer f\u00fcr die Zukunft der Deutschen angesehen wird, wollen wir uns mit diesem Bericht einem Amerikaner widmen, der sich wahrhaftig mit seinen Leistungen&#8230;<\/p>\n\n\n\n<p><a href=\"https:\/\/www.ewigerbund.org\/bayern\/geschichte\/1743-1814-graf-rumford\/\">Wer war dieser Mann? \u2192<\/a><\/p>\n<\/div>\n\n\n\n<div class=\"wp-block-column is-layout-flow wp-block-column-is-layout-flow\">\n<figure class=\"wp-block-image size-large\"><a href=\"https:\/\/www.ewigerbund.org\/bayern\/geschichte\/begraebnis-koenig-ludwigs\/\"><img loading=\"lazy\" decoding=\"async\" width=\"1024\" height=\"576\" src=\"https:\/\/www.ewigerbund.org\/bayern\/wp-content\/uploads\/sites\/12\/2023\/11\/BeisetzungLudwigIII-1024x576.jpg\" alt=\"\" class=\"wp-image-4313\" srcset=\"https:\/\/www.ewigerbund.org\/bayern\/wp-content\/uploads\/sites\/12\/2023\/11\/BeisetzungLudwigIII-1024x576.jpg 1024w, https:\/\/www.ewigerbund.org\/bayern\/wp-content\/uploads\/sites\/12\/2023\/11\/BeisetzungLudwigIII-300x169.jpg 300w, https:\/\/www.ewigerbund.org\/bayern\/wp-content\/uploads\/sites\/12\/2023\/11\/BeisetzungLudwigIII-768x432.jpg 768w, https:\/\/www.ewigerbund.org\/bayern\/wp-content\/uploads\/sites\/12\/2023\/11\/BeisetzungLudwigIII.jpg 1200w\" sizes=\"auto, (max-width: 1024px) 100vw, 1024px\" \/><\/a><\/figure>\n\n\n\n<h2 class=\"gb-headline gb-headline-7b938206 gb-headline-text\"><strong>1921. Das denkw\u00fcrdige Begr\u00e4bnis K\u00f6nig Ludwigs III.<\/strong><\/h2>\n\n\n\n<p style=\"font-size:16px\">Seit dem gewaltsamen Umsturz durch eine extremistische Minderheit im November 1918 ist die Lage im Land instabil und das Verh\u00e4ltnis zwischen der bayerischen und der vermeintlichen&#8230;<\/p>\n\n\n<div class=\"gb-container gb-container-55c599e0\">\n\n<p><a href=\"https:\/\/www.ewigerbund.org\/bayern\/geschichte\/begraebnis-koenig-ludwigs\/\">Das Begr\u00e4bnis K\u00f6nig Ludwigs III. \u2192<\/a><\/p>\n\n<\/div><\/div>\n\n\n\n<div class=\"wp-block-column is-layout-flow wp-block-column-is-layout-flow\">\n<figure class=\"wp-block-image size-large\"><a href=\"https:\/\/www.ewigerbund.org\/bayern\/geschichte\/der-kulturkampf\/\"><img loading=\"lazy\" decoding=\"async\" width=\"1024\" height=\"576\" src=\"https:\/\/www.ewigerbund.org\/bayern\/wp-content\/uploads\/sites\/12\/2023\/08\/OttovWittelsbach_und_die_paepstlichen_Legaten_gross_farbig_Vorschau-1024x576.jpg\" alt=\"\" class=\"wp-image-3419\" srcset=\"https:\/\/www.ewigerbund.org\/bayern\/wp-content\/uploads\/sites\/12\/2023\/08\/OttovWittelsbach_und_die_paepstlichen_Legaten_gross_farbig_Vorschau-1024x576.jpg 1024w, https:\/\/www.ewigerbund.org\/bayern\/wp-content\/uploads\/sites\/12\/2023\/08\/OttovWittelsbach_und_die_paepstlichen_Legaten_gross_farbig_Vorschau-300x169.jpg 300w, https:\/\/www.ewigerbund.org\/bayern\/wp-content\/uploads\/sites\/12\/2023\/08\/OttovWittelsbach_und_die_paepstlichen_Legaten_gross_farbig_Vorschau-768x432.jpg 768w, https:\/\/www.ewigerbund.org\/bayern\/wp-content\/uploads\/sites\/12\/2023\/08\/OttovWittelsbach_und_die_paepstlichen_Legaten_gross_farbig_Vorschau.jpg 1200w\" sizes=\"auto, (max-width: 1024px) 100vw, 1024px\" \/><\/a><\/figure>\n\n\n<div class=\"gb-container gb-container-373a201d\"><div class=\"gb-inside-container\">\n\n<h2 class=\"gb-headline gb-headline-c84fdd5c gb-headline-text\"><strong>Der &#8222;Kulturkampf&#8220;<\/strong><\/h2>\n\n<\/div><\/div>\n\n\n<p style=\"font-size:15px\">Die bayerische Geschichte ist mehr als tausend Jahre ma\u00dfgeblich beeinflu\u00dft durch den Konflikt des deutschen Kaisertums mit dem r\u00f6mischen Papsttum, f\u00fcr welchen sich im 19. Jahrhundert der Begriff des Kulturkampfes zu einem gefl\u00fcgelten Wort entwickelte.<\/p>\n\n\n\n<p><a href=\"https:\/\/www.ewigerbund.org\/bayern\/geschichte\/der-kulturkampf\/\">Weiterlesen \u2192<\/a><\/p>\n<\/div>\n<\/div>\n\n<\/div><\/div>\n\n<div class=\"gb-container gb-container-a4075573\"><div class=\"gb-inside-container\">\n\n<div class=\"wp-block-columns is-layout-flex wp-container-core-columns-is-layout-3 wp-block-columns-is-layout-flex\">\n<div class=\"wp-block-column is-layout-flow wp-block-column-is-layout-flow\">\n<figure class=\"wp-block-image size-large\"><a href=\"https:\/\/www.ewigerbund.org\/bayern\/das-staatsbad-koenig-ludwigs-i-in-brueckenau\/\"><img loading=\"lazy\" decoding=\"async\" width=\"1024\" height=\"576\" src=\"https:\/\/www.ewigerbund.org\/bayern\/wp-content\/uploads\/sites\/12\/2023\/09\/brueckenau-ludwig-i-thron-unten1-1024x576.jpg\" alt=\"\" class=\"wp-image-3818\" srcset=\"https:\/\/www.ewigerbund.org\/bayern\/wp-content\/uploads\/sites\/12\/2023\/09\/brueckenau-ludwig-i-thron-unten1-1024x576.jpg 1024w, https:\/\/www.ewigerbund.org\/bayern\/wp-content\/uploads\/sites\/12\/2023\/09\/brueckenau-ludwig-i-thron-unten1-300x169.jpg 300w, https:\/\/www.ewigerbund.org\/bayern\/wp-content\/uploads\/sites\/12\/2023\/09\/brueckenau-ludwig-i-thron-unten1-768x432.jpg 768w, https:\/\/www.ewigerbund.org\/bayern\/wp-content\/uploads\/sites\/12\/2023\/09\/brueckenau-ludwig-i-thron-unten1.jpg 1200w\" sizes=\"auto, (max-width: 1024px) 100vw, 1024px\" \/><\/a><\/figure>\n\n\n\n<h2 class=\"gb-headline gb-headline-4a720ccc gb-headline-text\"><strong>Der ewige Bund Bayern im Staatsbad K\u00f6nig Ludwigs I.<\/strong><\/h2>\n\n\n\n<p class=\"has-text-color\" style=\"color:#656565;font-size:15px\"><span style=\"font-size: revert;color: initial\">Bad Br\u00fcckenau. Nachdem der letzte Ausflug des ewigen Bundes in Bayern anl\u00e4sslich eines Gedenkgottesdienstes zum Andenken an&nbsp;<\/span>K\u00f6nig Ludwig II.<span style=\"font-size: revert;color: initial\">, an den malerischen W\u00fcrmsee f\u00fchrte, folgte man dieses Mal den Spuren<\/span>&nbsp;K\u00f6nig Ludwigs I.<span style=\"font-size: revert;color: initial\">, dem Gro\u00dfvater&nbsp;<\/span>K\u00f6nig Ludwigs II.<span style=\"font-size: revert;color: initial\">, ins sch\u00f6ne Unterfranken.<\/span><\/p>\n\n\n<div class=\"gb-container gb-container-d3141035\">\n\n<p><a href=\"https:\/\/www.ewigerbund.org\/bayern\/das-staatsbad-koenig-ludwigs-i-in-brueckenau\/\">Das Staatsbad \u2192<\/a><\/p>\n\n<\/div>\n\n\n<p><\/p>\n<\/div>\n\n\n\n<div class=\"wp-block-column is-layout-flow wp-block-column-is-layout-flow\">\n<figure class=\"wp-block-image size-large\"><a href=\"https:\/\/www.ewigerbund.org\/bayern\/startseite\/herz-eb\/aktuelles\/freistaat-oder-koenigreich\/\"><img loading=\"lazy\" decoding=\"async\" width=\"1024\" height=\"576\" src=\"https:\/\/www.ewigerbund.org\/bayern\/wp-content\/uploads\/sites\/12\/2023\/11\/Antibolschewist-1024x576.jpg\" alt=\"\" class=\"wp-image-4382\" srcset=\"https:\/\/www.ewigerbund.org\/bayern\/wp-content\/uploads\/sites\/12\/2023\/11\/Antibolschewist-1024x576.jpg 1024w, https:\/\/www.ewigerbund.org\/bayern\/wp-content\/uploads\/sites\/12\/2023\/11\/Antibolschewist-300x169.jpg 300w, https:\/\/www.ewigerbund.org\/bayern\/wp-content\/uploads\/sites\/12\/2023\/11\/Antibolschewist-768x432.jpg 768w, https:\/\/www.ewigerbund.org\/bayern\/wp-content\/uploads\/sites\/12\/2023\/11\/Antibolschewist.jpg 1200w\" sizes=\"auto, (max-width: 1024px) 100vw, 1024px\" \/><\/a><\/figure>\n\n\n\n<h2 class=\"wp-block-heading\" style=\"font-size:20px\"><strong>Freistaat oder K\u00f6nigreich?<\/strong><\/h2>\n\n\n\n<p id=\"bkmrk-herzogtum%2C-f%C3%BCrstenst\" style=\"font-size:15px\">Herzogtum, F\u00fcrstenstaat, K\u00f6nigreich. Seit dem Jahr&nbsp;1180&nbsp;wurden die bayerischen Lande durch das Haus Wittelsbach regiert. Noch immer ist das Herrschergeschlecht im Land pr\u00e4sent. Die Familie Wittelsbach wirkt bis heute&#8230;&nbsp;<\/p>\n\n\n<div class=\"gb-container gb-container-33e6760f\">\n\n<p style=\"font-size:16px\"><a href=\"https:\/\/www.ewigerbund.org\/bayern\/startseite\/herz-eb\/aktuelles\/freistaat-oder-koenigreich\/\">Weiterlesen \u2192<\/a><\/p>\n\n<\/div><\/div>\n\n\n\n<div class=\"wp-block-column is-layout-flow wp-block-column-is-layout-flow\">\n<figure class=\"wp-block-image size-full\"><a href=\"https:\/\/www.ewigerbund.org\/bayern\/startseite\/herz-eb\/aktuelles\/gedenkgottesdienst-ludwig-ii\/\"><img loading=\"lazy\" decoding=\"async\" width=\"750\" height=\"426\" src=\"https:\/\/www.ewigerbund.org\/bayern\/wp-content\/uploads\/sites\/12\/2023\/06\/LudwigII_Kreuz.jpg\" alt=\"\" class=\"wp-image-2828\" srcset=\"https:\/\/www.ewigerbund.org\/bayern\/wp-content\/uploads\/sites\/12\/2023\/06\/LudwigII_Kreuz.jpg 750w, https:\/\/www.ewigerbund.org\/bayern\/wp-content\/uploads\/sites\/12\/2023\/06\/LudwigII_Kreuz-300x170.jpg 300w\" sizes=\"auto, (max-width: 750px) 100vw, 750px\" \/><\/a><\/figure>\n\n\n\n<h2 class=\"gb-headline gb-headline-6b7e30b2 gb-headline-text\"><strong>Gedenkgottesdienst Ludwig II. am 11. Juni 2023.<\/strong><\/h2>\n\n\n\n<p style=\"font-size:15px\">Anl\u00e4\u00dflich des diesj\u00e4hrigen Gedenkgottesdienst zum 137. Todestag Seiner Majest\u00e4t K\u00f6nig Ludwigs II. in der Kapelle des Schlo\u00dfparks reisten auch Mitarbeiter des Portals f\u00fcr das K\u00f6nigreich Bayern zum Andenken an K\u00f6nig Ludwig II. nach Leoni am Starnberger See.<\/p>\n\n\n\n<p class=\"has-text-color\" style=\"color:#0082b9\"><a href=\"https:\/\/www.ewigerbund.org\/bayern\/startseite\/herz-eb\/aktuelles\/gedenkgottesdienst-ludwig-ii\/\">Gedenkgottesdienst Ludwig II \u2192 <\/a><\/p>\n<\/div>\n<\/div>\n\n<\/div><\/div>","protected":false},"excerpt":{"rendered":"<p>&#8222;Gott mit dir, du Land der Bayern,deutsche Erde, Vaterland!\u00dcber deinen weiten Gauenruhe Seine Segenshand!Er beh\u00fcte deine Fluren,schirme deiner St\u00e4dte Bau!Und erhalte dir die FarbenSeines Himmels, wei\u00df und blau!&#8220; Bayernhymne, 1. Strophe. Ewiger Bund Bayern &#8211; wir restaurieren das K\u00f6nigreich! Herzlich willkommen beim ewigen Bund in Bayern, dem Portal f\u00fcr alle monarchisch und vaterl\u00e4ndisch gesinnten Menschen &#8230; <a title=\"Startseite.\" class=\"read-more\" href=\"https:\/\/www.ewigerbund.org\/bayern\/\" aria-label=\"Mehr zu Startseite.\">Weiterlesen &#8230;<\/a><\/p>\n","protected":false},"author":8,"featured_media":2131,"parent":0,"menu_order":0,"comment_status":"closed","ping_status":"closed","template":"","meta":{"footnotes":""},"categories":[1],"tags":[43,220,541,500,542,378],"class_list":["post-65","page","type-page","status-publish","has-post-thumbnail","hentry","category-allgemein","tag-koenigreich-bayern","tag-monarchie","tag-monarchischer-gedanke","tag-restauration","tag-ueberzeugung","tag-wohlfahrt"],"yoast_head":"<!-- This site is optimized with the Yoast SEO plugin v23.1 - https:\/\/yoast.com\/wordpress\/plugins\/seo\/ -->\n<title>Startseite. K\u00f6nigreich Bayern<\/title>\n<meta name=\"description\" content=\"Herzlich willkommen beim ewigen Bund Bayern, dem Portal f\u00fcr alle monarchisch und vaterl\u00e4ndisch gesinnten Menschen im K\u00f6nigreich und...\" \/>\n<meta name=\"robots\" content=\"index, follow, max-snippet:-1, max-image-preview:large, max-video-preview:-1\" \/>\n<link rel=\"canonical\" href=\"https:\/\/www.ewigerbund.org\/bayern\/\" \/>\n<meta property=\"og:locale\" content=\"de_DE\" \/>\n<meta property=\"og:type\" content=\"article\" \/>\n<meta property=\"og:title\" content=\"Startseite. K\u00f6nigreich Bayern\" \/>\n<meta property=\"og:description\" content=\"Herzlich willkommen beim ewigen Bund Bayern, dem Portal f\u00fcr alle monarchisch und vaterl\u00e4ndisch gesinnten Menschen im K\u00f6nigreich und...\" \/>\n<meta property=\"og:url\" content=\"https:\/\/www.ewigerbund.org\/bayern\/\" \/>\n<meta property=\"og:site_name\" content=\"K\u00f6nigreich Bayern\" \/>\n<meta property=\"article:modified_time\" content=\"2024-02-05T20:03:28+00:00\" \/>\n<meta property=\"og:image\" content=\"https:\/\/www.ewigerbund.org\/bayern\/wp-content\/uploads\/sites\/12\/2023\/04\/Startseite_Landschaft_1749x994px_edited.jpg\" \/>\n\t<meta property=\"og:image:width\" content=\"1748\" \/>\n\t<meta property=\"og:image:height\" content=\"994\" \/>\n\t<meta property=\"og:image:type\" content=\"image\/jpeg\" \/>\n<meta name=\"twitter:card\" content=\"summary_large_image\" \/>\n<meta name=\"twitter:label1\" content=\"Gesch\u00e4tzte Lesezeit\" \/>\n\t<meta name=\"twitter:data1\" content=\"3\u00a0Minuten\" \/>\n<script type=\"application\/ld+json\" class=\"yoast-schema-graph\">{\"@context\":\"https:\/\/schema.org\",\"@graph\":[{\"@type\":\"WebPage\",\"@id\":\"https:\/\/www.ewigerbund.org\/bayern\/\",\"url\":\"https:\/\/www.ewigerbund.org\/bayern\/\",\"name\":\"Startseite. K\u00f6nigreich Bayern\",\"isPartOf\":{\"@id\":\"https:\/\/www.ewigerbund.org\/bayern\/#website\"},\"primaryImageOfPage\":{\"@id\":\"https:\/\/www.ewigerbund.org\/bayern\/#primaryimage\"},\"image\":{\"@id\":\"https:\/\/www.ewigerbund.org\/bayern\/#primaryimage\"},\"thumbnailUrl\":\"https:\/\/www.ewigerbund.org\/bayern\/wp-content\/uploads\/sites\/12\/2023\/04\/Startseite_Landschaft_1749x994px_edited.jpg\",\"datePublished\":\"2021-09-26T10:31:40+00:00\",\"dateModified\":\"2024-02-05T20:03:28+00:00\",\"description\":\"Herzlich willkommen beim ewigen Bund Bayern, dem Portal f\u00fcr alle monarchisch und vaterl\u00e4ndisch gesinnten Menschen im K\u00f6nigreich und...\",\"breadcrumb\":{\"@id\":\"https:\/\/www.ewigerbund.org\/bayern\/#breadcrumb\"},\"inLanguage\":\"de\",\"potentialAction\":[{\"@type\":\"ReadAction\",\"target\":[\"https:\/\/www.ewigerbund.org\/bayern\/\"]}]},{\"@type\":\"ImageObject\",\"inLanguage\":\"de\",\"@id\":\"https:\/\/www.ewigerbund.org\/bayern\/#primaryimage\",\"url\":\"https:\/\/www.ewigerbund.org\/bayern\/wp-content\/uploads\/sites\/12\/2023\/04\/Startseite_Landschaft_1749x994px_edited.jpg\",\"contentUrl\":\"https:\/\/www.ewigerbund.org\/bayern\/wp-content\/uploads\/sites\/12\/2023\/04\/Startseite_Landschaft_1749x994px_edited.jpg\",\"width\":1748,\"height\":994},{\"@type\":\"BreadcrumbList\",\"@id\":\"https:\/\/www.ewigerbund.org\/bayern\/#breadcrumb\",\"itemListElement\":[{\"@type\":\"ListItem\",\"position\":1,\"name\":\"Startseite\",\"item\":\"https:\/\/www.ewigerbund.org\/bayern\/\"},{\"@type\":\"ListItem\",\"position\":2,\"name\":\"Startseite.\"}]},{\"@type\":\"WebSite\",\"@id\":\"https:\/\/www.ewigerbund.org\/bayern\/#website\",\"url\":\"https:\/\/www.ewigerbund.org\/bayern\/\",\"name\":\"K\u00f6nigreich Bayern\",\"description\":\"im ewigen Bund.\",\"publisher\":{\"@id\":\"https:\/\/www.ewigerbund.org\/bayern\/#organization\"},\"potentialAction\":[{\"@type\":\"SearchAction\",\"target\":{\"@type\":\"EntryPoint\",\"urlTemplate\":\"https:\/\/www.ewigerbund.org\/bayern\/?s={search_term_string}\"},\"query-input\":\"required name=search_term_string\"}],\"inLanguage\":\"de\"},{\"@type\":\"Organization\",\"@id\":\"https:\/\/www.ewigerbund.org\/bayern\/#organization\",\"name\":\"K\u00f6nigreich Bayern\",\"url\":\"https:\/\/www.ewigerbund.org\/bayern\/\",\"logo\":{\"@type\":\"ImageObject\",\"inLanguage\":\"de\",\"@id\":\"https:\/\/www.ewigerbund.org\/bayern\/#\/schema\/logo\/image\/\",\"url\":\"https:\/\/www.ewigerbund.org\/bayern\/wp-content\/uploads\/sites\/12\/2023\/02\/2023-02-24-Logo-EB-Bayern-Schutzzone_Schatten_BGweiss_V2_1200px.png\",\"contentUrl\":\"https:\/\/www.ewigerbund.org\/bayern\/wp-content\/uploads\/sites\/12\/2023\/02\/2023-02-24-Logo-EB-Bayern-Schutzzone_Schatten_BGweiss_V2_1200px.png\",\"width\":1200,\"height\":1200,\"caption\":\"K\u00f6nigreich Bayern\"},\"image\":{\"@id\":\"https:\/\/www.ewigerbund.org\/bayern\/#\/schema\/logo\/image\/\"}}]}<\/script>\n<!-- \/ Yoast SEO plugin. -->","yoast_head_json":{"title":"Startseite. K\u00f6nigreich Bayern","description":"Herzlich willkommen beim ewigen Bund Bayern, dem Portal f\u00fcr alle monarchisch und vaterl\u00e4ndisch gesinnten Menschen im K\u00f6nigreich und...","robots":{"index":"index","follow":"follow","max-snippet":"max-snippet:-1","max-image-preview":"max-image-preview:large","max-video-preview":"max-video-preview:-1"},"canonical":"https:\/\/www.ewigerbund.org\/bayern\/","og_locale":"de_DE","og_type":"article","og_title":"Startseite. K\u00f6nigreich Bayern","og_description":"Herzlich willkommen beim ewigen Bund Bayern, dem Portal f\u00fcr alle monarchisch und vaterl\u00e4ndisch gesinnten Menschen im K\u00f6nigreich und...","og_url":"https:\/\/www.ewigerbund.org\/bayern\/","og_site_name":"K\u00f6nigreich Bayern","article_modified_time":"2024-02-05T20:03:28+00:00","og_image":[{"width":1748,"height":994,"url":"https:\/\/www.ewigerbund.org\/bayern\/wp-content\/uploads\/sites\/12\/2023\/04\/Startseite_Landschaft_1749x994px_edited.jpg","type":"image\/jpeg"}],"twitter_card":"summary_large_image","twitter_misc":{"Gesch\u00e4tzte Lesezeit":"3\u00a0Minuten"},"schema":{"@context":"https:\/\/schema.org","@graph":[{"@type":"WebPage","@id":"https:\/\/www.ewigerbund.org\/bayern\/","url":"https:\/\/www.ewigerbund.org\/bayern\/","name":"Startseite. K\u00f6nigreich Bayern","isPartOf":{"@id":"https:\/\/www.ewigerbund.org\/bayern\/#website"},"primaryImageOfPage":{"@id":"https:\/\/www.ewigerbund.org\/bayern\/#primaryimage"},"image":{"@id":"https:\/\/www.ewigerbund.org\/bayern\/#primaryimage"},"thumbnailUrl":"https:\/\/www.ewigerbund.org\/bayern\/wp-content\/uploads\/sites\/12\/2023\/04\/Startseite_Landschaft_1749x994px_edited.jpg","datePublished":"2021-09-26T10:31:40+00:00","dateModified":"2024-02-05T20:03:28+00:00","description":"Herzlich willkommen beim ewigen Bund Bayern, dem Portal f\u00fcr alle monarchisch und vaterl\u00e4ndisch gesinnten Menschen im K\u00f6nigreich und...","breadcrumb":{"@id":"https:\/\/www.ewigerbund.org\/bayern\/#breadcrumb"},"inLanguage":"de","potentialAction":[{"@type":"ReadAction","target":["https:\/\/www.ewigerbund.org\/bayern\/"]}]},{"@type":"ImageObject","inLanguage":"de","@id":"https:\/\/www.ewigerbund.org\/bayern\/#primaryimage","url":"https:\/\/www.ewigerbund.org\/bayern\/wp-content\/uploads\/sites\/12\/2023\/04\/Startseite_Landschaft_1749x994px_edited.jpg","contentUrl":"https:\/\/www.ewigerbund.org\/bayern\/wp-content\/uploads\/sites\/12\/2023\/04\/Startseite_Landschaft_1749x994px_edited.jpg","width":1748,"height":994},{"@type":"BreadcrumbList","@id":"https:\/\/www.ewigerbund.org\/bayern\/#breadcrumb","itemListElement":[{"@type":"ListItem","position":1,"name":"Startseite","item":"https:\/\/www.ewigerbund.org\/bayern\/"},{"@type":"ListItem","position":2,"name":"Startseite."}]},{"@type":"WebSite","@id":"https:\/\/www.ewigerbund.org\/bayern\/#website","url":"https:\/\/www.ewigerbund.org\/bayern\/","name":"K\u00f6nigreich Bayern","description":"im ewigen Bund.","publisher":{"@id":"https:\/\/www.ewigerbund.org\/bayern\/#organization"},"potentialAction":[{"@type":"SearchAction","target":{"@type":"EntryPoint","urlTemplate":"https:\/\/www.ewigerbund.org\/bayern\/?s={search_term_string}"},"query-input":"required name=search_term_string"}],"inLanguage":"de"},{"@type":"Organization","@id":"https:\/\/www.ewigerbund.org\/bayern\/#organization","name":"K\u00f6nigreich Bayern","url":"https:\/\/www.ewigerbund.org\/bayern\/","logo":{"@type":"ImageObject","inLanguage":"de","@id":"https:\/\/www.ewigerbund.org\/bayern\/#\/schema\/logo\/image\/","url":"https:\/\/www.ewigerbund.org\/bayern\/wp-content\/uploads\/sites\/12\/2023\/02\/2023-02-24-Logo-EB-Bayern-Schutzzone_Schatten_BGweiss_V2_1200px.png","contentUrl":"https:\/\/www.ewigerbund.org\/bayern\/wp-content\/uploads\/sites\/12\/2023\/02\/2023-02-24-Logo-EB-Bayern-Schutzzone_Schatten_BGweiss_V2_1200px.png","width":1200,"height":1200,"caption":"K\u00f6nigreich Bayern"},"image":{"@id":"https:\/\/www.ewigerbund.org\/bayern\/#\/schema\/logo\/image\/"}}]}},"_links":{"self":[{"href":"https:\/\/www.ewigerbund.org\/bayern\/wp-json\/wp\/v2\/pages\/65","targetHints":{"allow":["GET"]}}],"collection":[{"href":"https:\/\/www.ewigerbund.org\/bayern\/wp-json\/wp\/v2\/pages"}],"about":[{"href":"https:\/\/www.ewigerbund.org\/bayern\/wp-json\/wp\/v2\/types\/page"}],"author":[{"embeddable":true,"href":"https:\/\/www.ewigerbund.org\/bayern\/wp-json\/wp\/v2\/users\/8"}],"replies":[{"embeddable":true,"href":"https:\/\/www.ewigerbund.org\/bayern\/wp-json\/wp\/v2\/comments?post=65"}],"version-history":[{"count":167,"href":"https:\/\/www.ewigerbund.org\/bayern\/wp-json\/wp\/v2\/pages\/65\/revisions"}],"predecessor-version":[{"id":5133,"href":"https:\/\/www.ewigerbund.org\/bayern\/wp-json\/wp\/v2\/pages\/65\/revisions\/5133"}],"wp:featuredmedia":[{"embeddable":true,"href":"https:\/\/www.ewigerbund.org\/bayern\/wp-json\/wp\/v2\/media\/2131"}],"wp:attachment":[{"href":"https:\/\/www.ewigerbund.org\/bayern\/wp-json\/wp\/v2\/media?parent=65"}],"wp:term":[{"taxonomy":"category","embeddable":true,"href":"https:\/\/www.ewigerbund.org\/bayern\/wp-json\/wp\/v2\/categories?post=65"},{"taxonomy":"post_tag","embeddable":true,"href":"https:\/\/www.ewigerbund.org\/bayern\/wp-json\/wp\/v2\/tags?post=65"}],"curies":[{"name":"wp","href":"https:\/\/api.w.org\/{rel}","templated":true}]}}