{"id":604,"date":"2022-08-12T16:37:00","date_gmt":"2022-08-12T14:37:00","guid":{"rendered":"https:\/\/www.ewigerbund.org\/bayern\/?page_id=604"},"modified":"2023-11-04T17:52:22","modified_gmt":"2023-11-04T16:52:22","slug":"maximilian-ii","status":"publish","type":"page","link":"https:\/\/www.ewigerbund.org\/bayern\/geschichte\/maximilian-ii\/","title":{"rendered":"1848-1864. Maximilian II."},"content":{"rendered":"\n<p><strong>Friedensliebe. &#8211; Reformen.<\/strong><\/p>\n\n\n\n<p>In bewegter Zeit trat Maximilian II. die Regierung in Bayern an. Die Februarrevolution, die in Frankreich ihren Ausgang genommen, hatte ganz Europa \u00fcberflutet und auch in Deutschland Unruhe und Verwirrung gestiftet. Der Einsicht und Vers\u00f6hnlichkeit Maximilians gelang es bald, die Ordnung in seinem Lande wieder herzustellen. Sein Wahlspruch war: \u201eIch will Frieden haben mit meinem Volke\u201c, und diesem Grundsatze entsprechend war es sein eifrigstes Bestreben, dem Lande eine neue, zeitgem\u00e4\u00dfe Gesetzgebung zu schaffen. Gleich bei seinem Regierungsantritte hatte er eine Reihe volksfreundlicher Zugest\u00e4ndnisse gemacht, womit er die Versprechungen seines Vaters einl\u00f6ste und allen berechtigten Forderungen weit entgegenkam. Die Rechtspflege erfuhr durch Einf\u00fchrung der Schwurgerichte und des \u00f6ffentlichen Strafverfahrens eine namhafte Verbesserung. Die Pre\u00dffreiheit f\u00f6rderte das B\u00fccher- und Zeitungswesen und hob so die geistige Kultur des Landes. Ein neues Landtagsgesetz, wonach die Abgeordneten ohne R\u00fccksicht auf die Standesangeh\u00f6rigkeit gew\u00e4hlt werden sollten, erh\u00f6hte den Einflu\u00df und die Bedeutung der Volksvertretung.<\/p>\n\n\n\n<p><strong>Hebung des wirtschaftlichen Lebens.<\/strong><\/p>\n\n\n\n<p>Das ganze leider so kurze Leben des K\u00f6nigs war erf\u00fcllt von unabl\u00e4ssiger Sorge f\u00fcr das Wohl seines Landes. Der Bauernstand erfuhr eine kr\u00e4ftige F\u00f6rderung durch Beseitigung oder Abl\u00f6sung der dr\u00fcckenden Grundlasten und Zehnten. Handel und Industrie nahmen durch Errichtung zahlreicher Eisenbahn- und Telegraphenlinien sowie durch die Veranstaltung einer deutschen Industrieausstellung einen erneuten Aufschwung. Ein feines Verst\u00e4ndnis zeigte Maximilian f\u00fcr die Bedeutung des Kunstgewerbes, das er durch die Errichtung des Bayerischen Nationalmuseums, einer gro\u00dfartigen Sammlung von Erzeugnissen des vaterl\u00e4ndischen Kunstflei\u00dfes, zu heben suchte. Das Germanische Museum zu N\u00fcrnberg sollte \u00e4hnlichen Zwecken dienen.<\/p>\n\n\n\n<p><strong>Pflege der Kunst und Wissenschaft.<\/strong><\/p>\n\n\n\n<p>Auch die k\u00fcnstlerischen Bestrebungen seines Vaters nahm Maximilian II. Wieder auf und suchte ihnen durch Errichtung zahlreicher Bauwerke und sch\u00f6ner Denkm\u00e4ler zu dienen. Die pr\u00e4chtige Maximilianstra\u00dfe in M\u00fcnchen, in der sp\u00e4ter das Standbild des edlen K\u00f6nigs errichtet wurde, verdankt ihm ihre Entstehung. Besondere Gunst wandte Maximilian der Dichtkunst zu. M\u00e4nner wie Geibel und Bodenstedt, Hermann und Maximilian Schmidt, Paul Heyse und Martin Greif erfuhren warmherzige F\u00f6rderung und wirksame Anregung durch den K\u00f6nig, dessen Kunstsinn und dessen f\u00fcrstliche Gunst den \u201eM\u00fcnchener Dichterkreis\u201c zusammengerufen hatte.<\/p>\n\n\n\n<p>Eine besonders liebevolle Sorgfalt wandte Maximilian II. der Pflege der Wissenschaften zu. Viele hervorragende Gelehrte wurden an die M\u00fcnchener Hochschulen berufen, und mit reichen Geldmitteln unterst\u00fctzte der K\u00f6nig ihre Arbeiten, so da\u00df f\u00fcr Bayern eine Bl\u00fcte wissenschaftlicher T\u00e4tigkeit begann. Mit gl\u00fccklichstem Erfolge wirkten Liebig auf dem Gebiete der Naturwissenschaften, Riehl auf dem der Kulturgeschichte, Ranke, Sybel und Giesebrecht auf dem der Geschichte. Zur Ausbildung besonders begabter und w\u00fcrdiger junger Leute gr\u00fcndete er das Maximilianeum.<\/p>\n\n\n\n<p><\/p>\n\n\n<div class=\"gb-container gb-container-d868be05\"><div class=\"gb-inside-container\">\n\n<p>So wurde Maximilians Regierungszeit auf allen Gebieten geistigen Lebens zu einer Quelle reichen Segens und bot in vielem eine gl\u00fcckliche Erg\u00e4nzung zu dem, was sein Vater <a href=\"https:\/\/www.ewigerbund.org\/bayern\/geschichte\/koenig-ludwig-i\/\">Ludwig l.<\/a> erstrebt und geschaffen hatte. Und wie dieser, bew\u00e4hrte auch Maximilian II. in allem eine echt deutsche Gesinnung. Wie viele seiner Zeitgenossen glaubte er an eine Neugestaltung und Einigung des gro\u00dfen deutschen Vaterlandes mit Einschlu\u00df \u00d6sterreichs. Als im Jahre <a href=\"https:\/\/www.ewigerbund.org\/bayern\/geschichte\/die-deutsche-einheit-zweiter-theil\/\" target=\"_blank\" rel=\"noreferrer noopener\">1864 der Krieg gegen D\u00e4nemark<\/a> er\u00f6ffnet wurde, kehrte der schwer Erkrankte aus dem sonnigen Italien nach M\u00fcnchen zur\u00fcck, wo ihn der Tod unerwartet schnell seinem trauernden Volke entri\u00df.<\/p>\n\n<\/div><\/div>\n\n<div class=\"gb-button-wrapper gb-button-wrapper-35f53ee8\">\n\n<a class=\"gb-button gb-button-887a921a gb-button-text\" href=\"https:\/\/forum.bayern.ewigerbund.org\/viewtopic.php?t=82\" target=\"_blank\" rel=\"noopener noreferrer\">Dieser Beitrag hat dir gefallen? Hier kommentieren.<\/a>\n\n<\/div>\n\n\n<p><\/p>\n\n\n\n<p class=\"has-small-font-size\"><em>Quelle: Bayerisches Realienbuch. Bearbeitet von Dr. Hans Reinlein, Oberlehrer in M\u00fcnchen Realienbuch Nr. 63, 171. bis 180. Gesamt-Auflage. Bielefeld und Leipzig 1915, Seite 122-123<\/em>.<\/p>\n\n\n\n<div style=\"height:50px\" aria-hidden=\"true\" class=\"wp-block-spacer\"><\/div>\n\n\n\n<hr class=\"wp-block-separator has-alpha-channel-opacity\" \/>\n\n\n\n<div style=\"height:50px\" aria-hidden=\"true\" class=\"wp-block-spacer\"><\/div>\n\n\n\n<p>AUCH INTERESSANT<\/p>\n\n\n<div class=\"gb-container gb-container-acab5971\">\n<div class=\"gb-container gb-container-4885f4da\"><div class=\"gb-inside-container\">\n\n<div class=\"wp-block-columns is-layout-flex wp-container-core-columns-is-layout-1 wp-block-columns-is-layout-flex\">\n<div class=\"wp-block-column is-layout-flow wp-block-column-is-layout-flow\" style=\"text-decoration:none\">\n<figure class=\"wp-block-image size-large\"><a href=\"https:\/\/www.ewigerbund.org\/bayern\/geographie\/die-fraenkische-schweiz\/\"><img loading=\"lazy\" decoding=\"async\" width=\"1024\" height=\"580\" src=\"https:\/\/www.ewigerbund.org\/bayern\/wp-content\/uploads\/sites\/12\/2023\/06\/Die_Zugspitze_und_der_Eibsee-1024x580.jpg\" alt=\"Die_Zugspitze_und_der_Eibsee\" class=\"wp-image-2801\" srcset=\"https:\/\/www.ewigerbund.org\/bayern\/wp-content\/uploads\/sites\/12\/2023\/06\/Die_Zugspitze_und_der_Eibsee-1024x580.jpg 1024w, https:\/\/www.ewigerbund.org\/bayern\/wp-content\/uploads\/sites\/12\/2023\/06\/Die_Zugspitze_und_der_Eibsee-300x170.jpg 300w, https:\/\/www.ewigerbund.org\/bayern\/wp-content\/uploads\/sites\/12\/2023\/06\/Die_Zugspitze_und_der_Eibsee-768x435.jpg 768w, https:\/\/www.ewigerbund.org\/bayern\/wp-content\/uploads\/sites\/12\/2023\/06\/Die_Zugspitze_und_der_Eibsee.jpg 1200w\" sizes=\"auto, (max-width: 1024px) 100vw, 1024px\" \/><\/a><\/figure>\n\n\n\n<p><strong>Die Zugspitze und der Eibsee<\/strong><\/p>\n\n\n\n<p class=\"has-small-font-size\">Den westlichen H\u00f6hepunkt der oberbayrischen Alpen bildet der Wetterstein.&nbsp;<\/p>\n\n\n\n<p><a href=\"https:\/\/www.ewigerbund.org\/bayern\/geographie\/die-fraenkische-schweiz\/\" target=\"_blank\" rel=\"noreferrer noopener\"><\/a><a href=\"https:\/\/www.ewigerbund.org\/bayern\/geographie\/die-zugspitze-und-der-eibsee\/\" target=\"_blank\" rel=\"noreferrer noopener\">Auf den Gipfel der Zugspitze \u2192<\/a><\/p>\n<\/div>\n\n\n\n<div class=\"wp-block-column is-layout-flow wp-block-column-is-layout-flow\"><div class=\"gb-container gb-container-c2f7d578\"><div class=\"gb-inside-container\">\n\n<figure class=\"wp-block-image size-large is-resized\"><a href=\"https:\/\/www.ewigerbund.org\/bayern\/die-walhalla\/\"><img loading=\"lazy\" decoding=\"async\" src=\"https:\/\/www.ewigerbund.org\/bayern\/wp-content\/uploads\/sites\/12\/2023\/08\/1842_Walhalla-1024x576.jpg\" alt=\"\" class=\"wp-image-3358\" style=\"width:256px;height:144px\" width=\"256\" height=\"144\" srcset=\"https:\/\/www.ewigerbund.org\/bayern\/wp-content\/uploads\/sites\/12\/2023\/08\/1842_Walhalla-1024x576.jpg 1024w, https:\/\/www.ewigerbund.org\/bayern\/wp-content\/uploads\/sites\/12\/2023\/08\/1842_Walhalla-300x169.jpg 300w, https:\/\/www.ewigerbund.org\/bayern\/wp-content\/uploads\/sites\/12\/2023\/08\/1842_Walhalla-768x432.jpg 768w, https:\/\/www.ewigerbund.org\/bayern\/wp-content\/uploads\/sites\/12\/2023\/08\/1842_Walhalla.jpg 1200w\" sizes=\"auto, (max-width: 256px) 100vw, 256px\" \/><\/a><\/figure>\n\n<\/div><\/div>\n\n\n<p><strong>Die Walhalla.<\/strong><\/p>\n\n\n\n<p class=\"has-small-font-size\">Als den sch\u00f6nsten Festtag seiner langen Regierungszeit bezeichnet&nbsp;Ludwig&nbsp;selbst den Tag der Grundsteinlegung zur Walhalla. Am 2. Oktober 1808 hatte der J\u00fcngling an Johannes M\u00fcller geschrieben: \u201eWalhalla ist kein Werk f\u00fcr einen Kronprinzen, w\u00e4re zu kostspielig; soll ich einst K\u00f6nig werden, errichte ich es!\u201c<\/p>\n\n\n\n<p><a href=\"https:\/\/www.ewigerbund.org\/bayern\/die-walhalla\/\">Auf nach Walhalla \u2192<\/a><\/p>\n<\/div>\n\n\n\n<div class=\"wp-block-column is-layout-flow wp-block-column-is-layout-flow\">\n<figure class=\"wp-block-image size-large\"><a href=\"https:\/\/www.ewigerbund.org\/bayern\/geschichte\/1180-der-beginn-des-hauses-bayern-otto-von-wittelsbach\/\"><img loading=\"lazy\" decoding=\"async\" width=\"1024\" height=\"582\" src=\"https:\/\/www.ewigerbund.org\/bayern\/wp-content\/uploads\/sites\/12\/2023\/05\/1180-Otto-von-Wittelsbach_video.edited-1024x582.jpg\" alt=\"\" class=\"wp-image-2172\" srcset=\"https:\/\/www.ewigerbund.org\/bayern\/wp-content\/uploads\/sites\/12\/2023\/05\/1180-Otto-von-Wittelsbach_video.edited-1024x582.jpg 1024w, https:\/\/www.ewigerbund.org\/bayern\/wp-content\/uploads\/sites\/12\/2023\/05\/1180-Otto-von-Wittelsbach_video.edited-300x171.jpg 300w, https:\/\/www.ewigerbund.org\/bayern\/wp-content\/uploads\/sites\/12\/2023\/05\/1180-Otto-von-Wittelsbach_video.edited-768x437.jpg 768w, https:\/\/www.ewigerbund.org\/bayern\/wp-content\/uploads\/sites\/12\/2023\/05\/1180-Otto-von-Wittelsbach_video.edited-1536x873.jpg 1536w, https:\/\/www.ewigerbund.org\/bayern\/wp-content\/uploads\/sites\/12\/2023\/05\/1180-Otto-von-Wittelsbach_video.edited.jpg 1748w\" sizes=\"auto, (max-width: 1024px) 100vw, 1024px\" \/><\/a><\/figure>\n\n\n\n<p><strong>1180. Der Beginn des Hauses Bayern \u2013 Otto von Wittelsbach.<\/strong><\/p>\n\n\n\n<p class=\"has-small-font-size\">Auf dem R\u00fcckzuge von Italien im Jahre 1155 nahm Kaiser Friedrich der Rothbart mit dem deutschen Heere seinen Weg durchs Etschthal, um \u00fcber den Brenner nach Deutschland zu gelangen. Auf diesem Wege kam er an den Engpa\u00df von Chiusa, die Berner Klause genannt.<\/p>\n\n\n\n<p><a href=\"https:\/\/www.ewigerbund.org\/bayern\/geschichte\/1180-der-beginn-des-hauses-bayern-otto-von-wittelsbach\/\">Weiterlesen \u2192<\/a><\/p>\n<\/div>\n<\/div>\n\n<\/div><\/div>\n\n<div class=\"gb-container gb-container-abbd7799\"><div class=\"gb-inside-container\">\n\n<div class=\"wp-block-columns is-layout-flex wp-container-core-columns-is-layout-2 wp-block-columns-is-layout-flex\">\n<div class=\"wp-block-column is-layout-flow wp-block-column-is-layout-flow\">\n<figure class=\"wp-block-image size-large\"><a href=\"https:\/\/www.ewigerbund.org\/bayern\/geschichte\/ludwig-iii\/\"><img loading=\"lazy\" decoding=\"async\" width=\"1024\" height=\"580\" src=\"https:\/\/www.ewigerbund.org\/bayern\/wp-content\/uploads\/sites\/12\/2023\/07\/1912-1921-Ludwig-III-1024x580-1-1024x580.jpg\" alt=\"1912-1921-Ludwig-III\" class=\"wp-image-3230\" srcset=\"https:\/\/www.ewigerbund.org\/bayern\/wp-content\/uploads\/sites\/12\/2023\/07\/1912-1921-Ludwig-III-1024x580-1-1024x580.jpg 1024w, https:\/\/www.ewigerbund.org\/bayern\/wp-content\/uploads\/sites\/12\/2023\/07\/1912-1921-Ludwig-III-1024x580-1-300x170.jpg 300w, https:\/\/www.ewigerbund.org\/bayern\/wp-content\/uploads\/sites\/12\/2023\/07\/1912-1921-Ludwig-III-1024x580-1-768x435.jpg 768w, https:\/\/www.ewigerbund.org\/bayern\/wp-content\/uploads\/sites\/12\/2023\/07\/1912-1921-Ludwig-III-1024x580-1.jpg 1200w\" sizes=\"auto, (max-width: 1024px) 100vw, 1024px\" \/><\/a><\/figure>\n\n\n\n<h2 class=\"has-medium-font-size wp-block-heading\"><strong>1912-1921. K\u00f6nig Ludwig III.<\/strong><\/h2>\n\n\n\n<p>Prinz Ludwig, Luitpolds \u00e4ltester Sohn, \u00fcbernahm die Regierung als ein in Arbeit und vaterl\u00e4ndischer Hingebung erprobter F\u00fcrst. Am 7. Januar 1845 zu M\u00fcnchen geboren, geno\u00df der Prinz unter der Obhut seiner trefflichen Eltern eine sorgsame Erziehung, der er die liebensw\u00fcrdige Offenheit, die schlichte Geradheit seines Wesens vor allem verdankt. Es war das Bestreben seines Vaters Luitpold und seiner Mutter Augusta, einer geborenen Prinzessin von Toskana, dem Sohne eine umfassende und gediegene Bildung zu geben.<\/p>\n\n\n\n<p><a href=\"https:\/\/www.ewigerbund.org\/bayern\/geschichte\/ludwig-iii\/\">Weiterlesen \u2192<\/a><\/p>\n<\/div>\n\n\n\n<div class=\"wp-block-column is-layout-flow wp-block-column-is-layout-flow\">\n<figure class=\"wp-block-image size-full\"><a href=\"https:\/\/www.ewigerbund.org\/bayern\/geschichte\/gruendung-des-deutschen-zollvereines\/\"><img loading=\"lazy\" decoding=\"async\" width=\"1024\" height=\"580\" src=\"https:\/\/www.ewigerbund.org\/bayern\/wp-content\/uploads\/sites\/12\/2023\/06\/Gruendung-des-Deutschen-Zollvereins-1024x580-1.jpg\" alt=\"Gruendung-des-Deutschen-Zollvereins\" class=\"wp-image-2889\" srcset=\"https:\/\/www.ewigerbund.org\/bayern\/wp-content\/uploads\/sites\/12\/2023\/06\/Gruendung-des-Deutschen-Zollvereins-1024x580-1.jpg 1024w, https:\/\/www.ewigerbund.org\/bayern\/wp-content\/uploads\/sites\/12\/2023\/06\/Gruendung-des-Deutschen-Zollvereins-1024x580-1-300x170.jpg 300w, https:\/\/www.ewigerbund.org\/bayern\/wp-content\/uploads\/sites\/12\/2023\/06\/Gruendung-des-Deutschen-Zollvereins-1024x580-1-768x435.jpg 768w\" sizes=\"auto, (max-width: 1024px) 100vw, 1024px\" \/><\/a><\/figure>\n\n\n\n<h2 class=\"has-medium-font-size wp-block-heading\"><strong>1834. Gr\u00fcndung des deutschen Zollvereines.<\/strong><\/h2>\n\n\n\n<p>Von gro\u00dfer Wichtigkeit war die Gr\u00fcndung des Deutschen Zollvereins (1834). Bis dahin war n\u00e4mlich die Einfuhr der Waren aus einem Bundesstaat in den anderen nur gegen Zoll gestattet. Das war ungemein l\u00e4stig und hemmte den Handel sehr.<\/p>\n\n\n\n<p><a href=\"https:\/\/www.ewigerbund.org\/bayern\/geschichte\/gruendung-des-deutschen-zollvereines\/\">Weiterlesen \u2192<\/a><\/p>\n<\/div>\n\n\n\n<div class=\"wp-block-column is-layout-flow wp-block-column-is-layout-flow\">\n<figure class=\"wp-block-image size-full\"><a href=\"https:\/\/www.ewigerbund.org\/bayern\/geschichte\/einfuehrung-des-erstgeburtsrechts\/\"><img loading=\"lazy\" decoding=\"async\" width=\"1024\" height=\"582\" src=\"https:\/\/www.ewigerbund.org\/bayern\/wp-content\/uploads\/sites\/12\/2023\/06\/1392-1506_Einfuerung_des_Erstgeburtsrechts-1024x582-1.jpg\" alt=\"1392-1506_Einfuerung_des_Erstgeburtsrechts\" class=\"wp-image-2870\" srcset=\"https:\/\/www.ewigerbund.org\/bayern\/wp-content\/uploads\/sites\/12\/2023\/06\/1392-1506_Einfuerung_des_Erstgeburtsrechts-1024x582-1.jpg 1024w, https:\/\/www.ewigerbund.org\/bayern\/wp-content\/uploads\/sites\/12\/2023\/06\/1392-1506_Einfuerung_des_Erstgeburtsrechts-1024x582-1-300x171.jpg 300w, https:\/\/www.ewigerbund.org\/bayern\/wp-content\/uploads\/sites\/12\/2023\/06\/1392-1506_Einfuerung_des_Erstgeburtsrechts-1024x582-1-768x437.jpg 768w\" sizes=\"auto, (max-width: 1024px) 100vw, 1024px\" \/><\/a><\/figure>\n\n\n\n<h2 class=\"has-medium-font-size wp-block-heading\"><strong>1392-1506. Einf\u00fchrung des Erstgeburtsrechts.<\/strong><\/h2>\n\n\n\n<p>Nicht lange dauerte Stephans Regierung, als er mit seinem Bruder Johann von M\u00fcnchen in Streit gerieth, und dadurch bezweckte, da\u00df die Br\u00fcder Ihre Theile zusammenwarfen (1395). Johanns Sohn Ernst behielt Landsberg, Weilheim, Wolfrathshausen und Dachau. Als Johann im Jahre 1397 starb, traten seine S\u00f6hne Wilhelm und Albert in dessen Rechte. Hierauf verlangte Stephan, vornehmlich aber sein Sohn Ludwig, M\u00fcnchen zum Sitze.<\/p>\n\n\n\n<p><a href=\"https:\/\/www.ewigerbund.org\/bayern\/geschichte\/einfuehrung-des-erstgeburtsrechts\/\">Weiterlesen \u2192<\/a><\/p>\n<\/div>\n<\/div>\n\n<\/div><\/div>\n\n\n<p><\/p>\n\n<\/div>\n\n<div class=\"gb-container gb-container-faf8e2f8\"><div class=\"gb-inside-container\">\n\n<div class=\"wp-block-columns is-layout-flex wp-container-core-columns-is-layout-3 wp-block-columns-is-layout-flex\">\n<div class=\"wp-block-column is-layout-flow wp-block-column-is-layout-flow\">\n<figure class=\"wp-block-image size-full\"><a href=\"https:\/\/www.ewigerbund.org\/bayern\/geschichte\/die-verwuestung-der-pfalz-und-der-brand-speiers\/\"><img loading=\"lazy\" decoding=\"async\" width=\"1024\" height=\"580\" src=\"https:\/\/www.ewigerbund.org\/bayern\/wp-content\/uploads\/sites\/12\/2023\/06\/1688.jpg\" alt=\"1688 Durlach\" class=\"wp-image-2878\" srcset=\"https:\/\/www.ewigerbund.org\/bayern\/wp-content\/uploads\/sites\/12\/2023\/06\/1688.jpg 1024w, https:\/\/www.ewigerbund.org\/bayern\/wp-content\/uploads\/sites\/12\/2023\/06\/1688-300x170.jpg 300w, https:\/\/www.ewigerbund.org\/bayern\/wp-content\/uploads\/sites\/12\/2023\/06\/1688-768x435.jpg 768w\" sizes=\"auto, (max-width: 1024px) 100vw, 1024px\" \/><\/a><\/figure>\n\n\n\n<p><strong>1688. Die Verw\u00fcstung der Pfalz und der Brand Speiers.<\/strong><\/p>\n\n\n\n<p class=\"has-small-font-size\">Wie Ludwig XIV. mitten im Frieden Stra\u00dfburg geraubt hatte, so fiel er im September 1688 ohne Kriegserkl\u00e4rung in die Pfalz ein. Rasch nacheinander hatten die Franzosen Kaiserslautern, Mainz, Heidelberg und Heilbronn genommen und sich so in den Besitz der Pfalz gesetzt, ehe man in Deutschland an Widerstand denken konnte.<\/p>\n\n\n\n<p><a href=\"https:\/\/www.ewigerbund.org\/bayern\/geschichte\/die-verwuestung-der-pfalz-und-der-brand-speiers\/\">Weiterlesen \u2192<\/a><\/p>\n<\/div>\n\n\n\n<div class=\"wp-block-column is-layout-flow wp-block-column-is-layout-flow\">\n<figure class=\"wp-block-image size-full\"><a href=\"https:\/\/www.ewigerbund.org\/bayern\/geschichte\/koenig-ludwig-i\/\"><img loading=\"lazy\" decoding=\"async\" width=\"1024\" height=\"580\" src=\"https:\/\/www.ewigerbund.org\/bayern\/wp-content\/uploads\/sites\/12\/2023\/06\/Ludwig-I.jpg\" alt=\"Ludwig-I\" class=\"wp-image-2887\" srcset=\"https:\/\/www.ewigerbund.org\/bayern\/wp-content\/uploads\/sites\/12\/2023\/06\/Ludwig-I.jpg 1024w, https:\/\/www.ewigerbund.org\/bayern\/wp-content\/uploads\/sites\/12\/2023\/06\/Ludwig-I-300x170.jpg 300w, https:\/\/www.ewigerbund.org\/bayern\/wp-content\/uploads\/sites\/12\/2023\/06\/Ludwig-I-768x435.jpg 768w\" sizes=\"auto, (max-width: 1024px) 100vw, 1024px\" \/><\/a><\/figure>\n\n\n\n<p><strong>1825-1848. K\u00f6nig Ludwig I.<\/strong><\/p>\n\n\n\n<p class=\"has-small-font-size\">Ludwig I. wurde in Stra\u00dfburg geboren. Auf den Universit\u00e4ten Landshut und G\u00f6ttingen erwarb er sich eine vorz\u00fcgliche Bildung, die er durch gro\u00dfe Reisen namentlich nach dem S\u00fcden Europas erweiterte und vertiefte. Im Jahre 1810 verm\u00e4hlte er sich mit der Prinzessin Therese von Hildburghausen.&nbsp;<\/p>\n\n\n\n<p><a href=\"https:\/\/www.ewigerbund.org\/bayern\/geschichte\/koenig-ludwig-i\/\">Weiterlesen \u2192<\/a><\/p>\n<\/div>\n\n\n\n<div class=\"wp-block-column is-layout-flow wp-block-column-is-layout-flow\">\n<figure class=\"wp-block-image size-full\"><a href=\"https:\/\/www.ewigerbund.org\/bayern\/herz-eb\/warum-wir-das-tun\/\"><img loading=\"lazy\" decoding=\"async\" width=\"750\" height=\"426\" src=\"https:\/\/www.ewigerbund.org\/bayern\/wp-content\/uploads\/sites\/12\/2023\/06\/Warum-wir-das-tun.jpg\" alt=\"Warum-wir-das-tun\" class=\"wp-image-2777\" srcset=\"https:\/\/www.ewigerbund.org\/bayern\/wp-content\/uploads\/sites\/12\/2023\/06\/Warum-wir-das-tun.jpg 750w, https:\/\/www.ewigerbund.org\/bayern\/wp-content\/uploads\/sites\/12\/2023\/06\/Warum-wir-das-tun-300x170.jpg 300w\" sizes=\"auto, (max-width: 750px) 100vw, 750px\" \/><\/a><\/figure>\n\n\n\n<p><strong>Warum wir das tun.<\/strong><\/p>\n\n\n\n<p class=\"has-small-font-size\">Der Verrat, der 1918 zum Sturz der Monarchien gef\u00fchrt hat, zog eine beispiellose Leidensgeschichte des deutschen &#8230;<\/p>\n\n\n\n<p><a href=\"https:\/\/www.ewigerbund.org\/bayern\/herz-eb\/warum-wir-das-tun\/\">Weiterlesen \u2192<\/a><\/p>\n<\/div>\n<\/div>\n\n<\/div><\/div>","protected":false},"excerpt":{"rendered":"<p>Friedensliebe. &#8211; Reformen. In bewegter Zeit trat Maximilian II. die Regierung in Bayern an. Die Februarrevolution, die in Frankreich ihren Ausgang genommen, hatte ganz Europa \u00fcberflutet und auch in Deutschland Unruhe und Verwirrung gestiftet. Der Einsicht und Vers\u00f6hnlichkeit Maximilians gelang es bald, die Ordnung in seinem Lande wieder herzustellen. Sein Wahlspruch war: \u201eIch will Frieden &#8230; <a title=\"1848-1864. Maximilian II.\" class=\"read-more\" href=\"https:\/\/www.ewigerbund.org\/bayern\/geschichte\/maximilian-ii\/\" aria-label=\"Mehr zu 1848-1864. Maximilian II.\">Weiterlesen &#8230;<\/a><\/p>\n","protected":false},"author":1,"featured_media":2890,"parent":215,"menu_order":24,"comment_status":"closed","ping_status":"closed","template":"template-6-beide-seitenleiste.php","meta":{"footnotes":""},"categories":[7],"tags":[108,161,159,155,156,157,154,158],"class_list":["post-604","page","type-page","status-publish","has-post-thumbnail","hentry","category-geschichte","tag-bauernstand","tag-daenemark","tag-denkmaeler","tag-februarrevolution","tag-frankreich","tag-kunst","tag-maximilian-ii","tag-wissenschaft"],"yoast_head":"<!-- This site is optimized with the Yoast SEO plugin v23.1 - https:\/\/yoast.com\/wordpress\/plugins\/seo\/ -->\n<title>1848-1864. Maximilian II. - K\u00f6nigreich Bayern<\/title>\n<meta name=\"robots\" content=\"index, follow, max-snippet:-1, max-image-preview:large, max-video-preview:-1\" \/>\n<link rel=\"canonical\" href=\"https:\/\/www.ewigerbund.org\/bayern\/geschichte\/maximilian-ii\/\" \/>\n<meta property=\"og:locale\" content=\"de_DE\" \/>\n<meta property=\"og:type\" content=\"article\" \/>\n<meta property=\"og:title\" content=\"1848-1864. Maximilian II. - K\u00f6nigreich Bayern\" \/>\n<meta property=\"og:description\" content=\"Friedensliebe. &#8211; Reformen. In bewegter Zeit trat Maximilian II. die Regierung in Bayern an. Die Februarrevolution, die in Frankreich ihren Ausgang genommen, hatte ganz Europa \u00fcberflutet und auch in Deutschland Unruhe und Verwirrung gestiftet. Der Einsicht und Vers\u00f6hnlichkeit Maximilians gelang es bald, die Ordnung in seinem Lande wieder herzustellen. Sein Wahlspruch war: \u201eIch will Frieden ... Weiterlesen ...\" \/>\n<meta property=\"og:url\" content=\"https:\/\/www.ewigerbund.org\/bayern\/geschichte\/maximilian-ii\/\" \/>\n<meta property=\"og:site_name\" content=\"K\u00f6nigreich Bayern\" \/>\n<meta property=\"article:modified_time\" content=\"2023-11-04T16:52:22+00:00\" \/>\n<meta property=\"og:image\" content=\"https:\/\/www.ewigerbund.org\/bayern\/wp-content\/uploads\/sites\/12\/2023\/06\/Maximilian-II.jpg\" \/>\n\t<meta property=\"og:image:width\" content=\"1024\" \/>\n\t<meta property=\"og:image:height\" content=\"580\" \/>\n\t<meta property=\"og:image:type\" content=\"image\/jpeg\" \/>\n<meta name=\"twitter:card\" content=\"summary_large_image\" \/>\n<meta name=\"twitter:label1\" content=\"Gesch\u00e4tzte Lesezeit\" \/>\n\t<meta name=\"twitter:data1\" content=\"3\u00a0Minuten\" \/>\n<script type=\"application\/ld+json\" class=\"yoast-schema-graph\">{\"@context\":\"https:\/\/schema.org\",\"@graph\":[{\"@type\":\"WebPage\",\"@id\":\"https:\/\/www.ewigerbund.org\/bayern\/geschichte\/maximilian-ii\/\",\"url\":\"https:\/\/www.ewigerbund.org\/bayern\/geschichte\/maximilian-ii\/\",\"name\":\"1848-1864. Maximilian II. - K\u00f6nigreich Bayern\",\"isPartOf\":{\"@id\":\"https:\/\/www.ewigerbund.org\/bayern\/#website\"},\"primaryImageOfPage\":{\"@id\":\"https:\/\/www.ewigerbund.org\/bayern\/geschichte\/maximilian-ii\/#primaryimage\"},\"image\":{\"@id\":\"https:\/\/www.ewigerbund.org\/bayern\/geschichte\/maximilian-ii\/#primaryimage\"},\"thumbnailUrl\":\"https:\/\/www.ewigerbund.org\/bayern\/wp-content\/uploads\/sites\/12\/2023\/06\/Maximilian-II.jpg\",\"datePublished\":\"2022-08-12T14:37:00+00:00\",\"dateModified\":\"2023-11-04T16:52:22+00:00\",\"breadcrumb\":{\"@id\":\"https:\/\/www.ewigerbund.org\/bayern\/geschichte\/maximilian-ii\/#breadcrumb\"},\"inLanguage\":\"de\",\"potentialAction\":[{\"@type\":\"ReadAction\",\"target\":[\"https:\/\/www.ewigerbund.org\/bayern\/geschichte\/maximilian-ii\/\"]}]},{\"@type\":\"ImageObject\",\"inLanguage\":\"de\",\"@id\":\"https:\/\/www.ewigerbund.org\/bayern\/geschichte\/maximilian-ii\/#primaryimage\",\"url\":\"https:\/\/www.ewigerbund.org\/bayern\/wp-content\/uploads\/sites\/12\/2023\/06\/Maximilian-II.jpg\",\"contentUrl\":\"https:\/\/www.ewigerbund.org\/bayern\/wp-content\/uploads\/sites\/12\/2023\/06\/Maximilian-II.jpg\",\"width\":1024,\"height\":580,\"caption\":\"Maximilian-II\"},{\"@type\":\"BreadcrumbList\",\"@id\":\"https:\/\/www.ewigerbund.org\/bayern\/geschichte\/maximilian-ii\/#breadcrumb\",\"itemListElement\":[{\"@type\":\"ListItem\",\"position\":1,\"name\":\"Startseite\",\"item\":\"https:\/\/www.ewigerbund.org\/bayern\/\"},{\"@type\":\"ListItem\",\"position\":2,\"name\":\"Geschichte\",\"item\":\"https:\/\/www.ewigerbund.org\/bayern\/geschichte\/\"},{\"@type\":\"ListItem\",\"position\":3,\"name\":\"1848-1864. Maximilian II.\"}]},{\"@type\":\"WebSite\",\"@id\":\"https:\/\/www.ewigerbund.org\/bayern\/#website\",\"url\":\"https:\/\/www.ewigerbund.org\/bayern\/\",\"name\":\"K\u00f6nigreich Bayern\",\"description\":\"im ewigen Bund.\",\"publisher\":{\"@id\":\"https:\/\/www.ewigerbund.org\/bayern\/#organization\"},\"potentialAction\":[{\"@type\":\"SearchAction\",\"target\":{\"@type\":\"EntryPoint\",\"urlTemplate\":\"https:\/\/www.ewigerbund.org\/bayern\/?s={search_term_string}\"},\"query-input\":\"required name=search_term_string\"}],\"inLanguage\":\"de\"},{\"@type\":\"Organization\",\"@id\":\"https:\/\/www.ewigerbund.org\/bayern\/#organization\",\"name\":\"K\u00f6nigreich Bayern\",\"url\":\"https:\/\/www.ewigerbund.org\/bayern\/\",\"logo\":{\"@type\":\"ImageObject\",\"inLanguage\":\"de\",\"@id\":\"https:\/\/www.ewigerbund.org\/bayern\/#\/schema\/logo\/image\/\",\"url\":\"https:\/\/www.ewigerbund.org\/bayern\/wp-content\/uploads\/sites\/12\/2023\/02\/2023-02-24-Logo-EB-Bayern-Schutzzone_Schatten_BGweiss_V2_1200px.png\",\"contentUrl\":\"https:\/\/www.ewigerbund.org\/bayern\/wp-content\/uploads\/sites\/12\/2023\/02\/2023-02-24-Logo-EB-Bayern-Schutzzone_Schatten_BGweiss_V2_1200px.png\",\"width\":1200,\"height\":1200,\"caption\":\"K\u00f6nigreich Bayern\"},\"image\":{\"@id\":\"https:\/\/www.ewigerbund.org\/bayern\/#\/schema\/logo\/image\/\"}}]}<\/script>\n<!-- \/ Yoast SEO plugin. -->","yoast_head_json":{"title":"1848-1864. Maximilian II. - K\u00f6nigreich Bayern","robots":{"index":"index","follow":"follow","max-snippet":"max-snippet:-1","max-image-preview":"max-image-preview:large","max-video-preview":"max-video-preview:-1"},"canonical":"https:\/\/www.ewigerbund.org\/bayern\/geschichte\/maximilian-ii\/","og_locale":"de_DE","og_type":"article","og_title":"1848-1864. Maximilian II. - K\u00f6nigreich Bayern","og_description":"Friedensliebe. &#8211; Reformen. In bewegter Zeit trat Maximilian II. die Regierung in Bayern an. Die Februarrevolution, die in Frankreich ihren Ausgang genommen, hatte ganz Europa \u00fcberflutet und auch in Deutschland Unruhe und Verwirrung gestiftet. Der Einsicht und Vers\u00f6hnlichkeit Maximilians gelang es bald, die Ordnung in seinem Lande wieder herzustellen. Sein Wahlspruch war: \u201eIch will Frieden ... Weiterlesen ...","og_url":"https:\/\/www.ewigerbund.org\/bayern\/geschichte\/maximilian-ii\/","og_site_name":"K\u00f6nigreich Bayern","article_modified_time":"2023-11-04T16:52:22+00:00","og_image":[{"width":1024,"height":580,"url":"https:\/\/www.ewigerbund.org\/bayern\/wp-content\/uploads\/sites\/12\/2023\/06\/Maximilian-II.jpg","type":"image\/jpeg"}],"twitter_card":"summary_large_image","twitter_misc":{"Gesch\u00e4tzte Lesezeit":"3\u00a0Minuten"},"schema":{"@context":"https:\/\/schema.org","@graph":[{"@type":"WebPage","@id":"https:\/\/www.ewigerbund.org\/bayern\/geschichte\/maximilian-ii\/","url":"https:\/\/www.ewigerbund.org\/bayern\/geschichte\/maximilian-ii\/","name":"1848-1864. Maximilian II. - K\u00f6nigreich Bayern","isPartOf":{"@id":"https:\/\/www.ewigerbund.org\/bayern\/#website"},"primaryImageOfPage":{"@id":"https:\/\/www.ewigerbund.org\/bayern\/geschichte\/maximilian-ii\/#primaryimage"},"image":{"@id":"https:\/\/www.ewigerbund.org\/bayern\/geschichte\/maximilian-ii\/#primaryimage"},"thumbnailUrl":"https:\/\/www.ewigerbund.org\/bayern\/wp-content\/uploads\/sites\/12\/2023\/06\/Maximilian-II.jpg","datePublished":"2022-08-12T14:37:00+00:00","dateModified":"2023-11-04T16:52:22+00:00","breadcrumb":{"@id":"https:\/\/www.ewigerbund.org\/bayern\/geschichte\/maximilian-ii\/#breadcrumb"},"inLanguage":"de","potentialAction":[{"@type":"ReadAction","target":["https:\/\/www.ewigerbund.org\/bayern\/geschichte\/maximilian-ii\/"]}]},{"@type":"ImageObject","inLanguage":"de","@id":"https:\/\/www.ewigerbund.org\/bayern\/geschichte\/maximilian-ii\/#primaryimage","url":"https:\/\/www.ewigerbund.org\/bayern\/wp-content\/uploads\/sites\/12\/2023\/06\/Maximilian-II.jpg","contentUrl":"https:\/\/www.ewigerbund.org\/bayern\/wp-content\/uploads\/sites\/12\/2023\/06\/Maximilian-II.jpg","width":1024,"height":580,"caption":"Maximilian-II"},{"@type":"BreadcrumbList","@id":"https:\/\/www.ewigerbund.org\/bayern\/geschichte\/maximilian-ii\/#breadcrumb","itemListElement":[{"@type":"ListItem","position":1,"name":"Startseite","item":"https:\/\/www.ewigerbund.org\/bayern\/"},{"@type":"ListItem","position":2,"name":"Geschichte","item":"https:\/\/www.ewigerbund.org\/bayern\/geschichte\/"},{"@type":"ListItem","position":3,"name":"1848-1864. Maximilian II."}]},{"@type":"WebSite","@id":"https:\/\/www.ewigerbund.org\/bayern\/#website","url":"https:\/\/www.ewigerbund.org\/bayern\/","name":"K\u00f6nigreich Bayern","description":"im ewigen Bund.","publisher":{"@id":"https:\/\/www.ewigerbund.org\/bayern\/#organization"},"potentialAction":[{"@type":"SearchAction","target":{"@type":"EntryPoint","urlTemplate":"https:\/\/www.ewigerbund.org\/bayern\/?s={search_term_string}"},"query-input":"required name=search_term_string"}],"inLanguage":"de"},{"@type":"Organization","@id":"https:\/\/www.ewigerbund.org\/bayern\/#organization","name":"K\u00f6nigreich Bayern","url":"https:\/\/www.ewigerbund.org\/bayern\/","logo":{"@type":"ImageObject","inLanguage":"de","@id":"https:\/\/www.ewigerbund.org\/bayern\/#\/schema\/logo\/image\/","url":"https:\/\/www.ewigerbund.org\/bayern\/wp-content\/uploads\/sites\/12\/2023\/02\/2023-02-24-Logo-EB-Bayern-Schutzzone_Schatten_BGweiss_V2_1200px.png","contentUrl":"https:\/\/www.ewigerbund.org\/bayern\/wp-content\/uploads\/sites\/12\/2023\/02\/2023-02-24-Logo-EB-Bayern-Schutzzone_Schatten_BGweiss_V2_1200px.png","width":1200,"height":1200,"caption":"K\u00f6nigreich Bayern"},"image":{"@id":"https:\/\/www.ewigerbund.org\/bayern\/#\/schema\/logo\/image\/"}}]}},"_links":{"self":[{"href":"https:\/\/www.ewigerbund.org\/bayern\/wp-json\/wp\/v2\/pages\/604","targetHints":{"allow":["GET"]}}],"collection":[{"href":"https:\/\/www.ewigerbund.org\/bayern\/wp-json\/wp\/v2\/pages"}],"about":[{"href":"https:\/\/www.ewigerbund.org\/bayern\/wp-json\/wp\/v2\/types\/page"}],"author":[{"embeddable":true,"href":"https:\/\/www.ewigerbund.org\/bayern\/wp-json\/wp\/v2\/users\/1"}],"replies":[{"embeddable":true,"href":"https:\/\/www.ewigerbund.org\/bayern\/wp-json\/wp\/v2\/comments?post=604"}],"version-history":[{"count":14,"href":"https:\/\/www.ewigerbund.org\/bayern\/wp-json\/wp\/v2\/pages\/604\/revisions"}],"predecessor-version":[{"id":4311,"href":"https:\/\/www.ewigerbund.org\/bayern\/wp-json\/wp\/v2\/pages\/604\/revisions\/4311"}],"up":[{"embeddable":true,"href":"https:\/\/www.ewigerbund.org\/bayern\/wp-json\/wp\/v2\/pages\/215"}],"wp:featuredmedia":[{"embeddable":true,"href":"https:\/\/www.ewigerbund.org\/bayern\/wp-json\/wp\/v2\/media\/2890"}],"wp:attachment":[{"href":"https:\/\/www.ewigerbund.org\/bayern\/wp-json\/wp\/v2\/media?parent=604"}],"wp:term":[{"taxonomy":"category","embeddable":true,"href":"https:\/\/www.ewigerbund.org\/bayern\/wp-json\/wp\/v2\/categories?post=604"},{"taxonomy":"post_tag","embeddable":true,"href":"https:\/\/www.ewigerbund.org\/bayern\/wp-json\/wp\/v2\/tags?post=604"}],"curies":[{"name":"wp","href":"https:\/\/api.w.org\/{rel}","templated":true}]}}