{"id":598,"date":"2022-08-12T16:18:15","date_gmt":"2022-08-12T14:18:15","guid":{"rendered":"https:\/\/www.ewigerbund.org\/bayern\/?page_id=598"},"modified":"2023-11-23T22:22:53","modified_gmt":"2023-11-23T21:22:53","slug":"koenig-ludwig-i","status":"publish","type":"page","link":"https:\/\/www.ewigerbund.org\/bayern\/geschichte\/koenig-ludwig-i\/","title":{"rendered":"1825-1848. K\u00f6nig Ludwig I."},"content":{"rendered":"<div class=\"gb-container gb-container-987448c3\"><div class=\"gb-inside-container\">\n\n<h2 class=\"gb-headline gb-headline-2396729b gb-headline-text\">1825-1848. K\u00f6nig Ludwig I.<\/h2>\n\n<\/div><\/div>\n\n\n<div style=\"height:60px\" aria-hidden=\"true\" class=\"wp-block-spacer\"><\/div>\n\n\n<div class=\"gb-container gb-container-bf4db466\"><div class=\"gb-inside-container\">\n\n<figure class=\"wp-block-embed is-type-video is-provider-vimeo wp-block-embed-vimeo wp-embed-aspect-16-9 wp-has-aspect-ratio\"><div class=\"wp-block-embed__wrapper\">\n<iframe loading=\"lazy\" title=\"K\u00f6nig Ludwig I\" src=\"https:\/\/player.vimeo.com\/video\/856059253?dnt=1&amp;app_id=122963\" width=\"500\" height=\"281\" frameborder=\"0\" allow=\"autoplay; fullscreen; picture-in-picture; clipboard-write\"><\/iframe>\n<\/div><\/figure>\n\n<\/div><\/div>\n\n\n<div style=\"height:50px\" aria-hidden=\"true\" class=\"wp-block-spacer\"><\/div>\n\n\n<div class=\"gb-container gb-container-33fd31ea\"><div class=\"gb-inside-container\">\n<div class=\"gb-container gb-container-0ae58977\"><div class=\"gb-inside-container\">\n\n<div class=\"wp-block-columns is-layout-flex wp-container-core-columns-is-layout-1 wp-block-columns-is-layout-flex\">\n<div class=\"wp-block-column is-vertically-aligned-top is-layout-flow wp-block-column-is-layout-flow\"><div class=\"wp-block-image\">\n<figure class=\"alignright size-full\"><img loading=\"lazy\" decoding=\"async\" width=\"150\" height=\"150\" src=\"https:\/\/www.ewigerbund.org\/bayern\/wp-content\/uploads\/sites\/12\/2023\/08\/Kopfhoerer.png\" alt=\"\" class=\"wp-image-3325\" \/><\/figure><\/div><\/div>\n\n\n\n<div class=\"wp-block-column is-vertically-aligned-center is-layout-flow wp-block-column-is-layout-flow\">\n<figure class=\"wp-block-audio\"><audio controls src=\"https:\/\/www.ewigerbund.org\/bayern\/wp-content\/uploads\/sites\/12\/2023\/08\/Ludwig-I-Audio.mp3\"><\/audio><\/figure>\n\n\n\n<p class=\"has-text-align-center\"><strong>Artikel anh\u00f6ren<\/strong><\/p>\n<\/div>\n\n\n\n<div class=\"wp-block-column is-layout-flow wp-block-column-is-layout-flow\"><\/div>\n<\/div>\n\n<\/div><\/div>\n<\/div><\/div>\n\n\n<div style=\"height:50px\" aria-hidden=\"true\" class=\"wp-block-spacer\"><\/div>\n\n\n\n<p><strong>Ludwig als Kronprinz.<\/strong><\/p>\n\n\n\n<p>Ludwig I. wurde in Stra\u00dfburg geboren. Auf den Universit\u00e4ten Landshut und G\u00f6ttingen erwarb er sich eine vorz\u00fcgliche Bildung, die er durch gro\u00dfe Reisen namentlich nach dem S\u00fcden Europas erweiterte und vertiefte.<\/p>\n\n\n\n<p>Im Jahre 1810 verm\u00e4hlte er sich mit der Prinzessin Therese von Hildburghausen. Damals wurde in M\u00fcnchen zum ersten Male das Oktoberfest gefeiert, das mit seinen Ausstellungen und Preisstiftungen sp\u00e4terhin so wesentlich zur Hebung der bayerischen Landwirtschaft beitrug.<\/p>\n\n\n\n<p><strong>Ludwigs deutsche Gesinnung.<\/strong><\/p>\n\n\n\n<p>Ludwig I. war ein F\u00fcrst von echt deutscher Gesinnung. Das zeigte er schon als Kronprinz. Als er in Stra\u00dfburg der Siegesfeier der Schlacht bei Austerlitz beiwohnte, \u00e4u\u00dferte er: \u201eDas sollte mir die teuerste Siegesfeier sein, wenn die Stadt, wo ich geboren bin, wieder eine deutsche Stadt w\u00fcrde.\u201c Mit heller Begeisterung begr\u00fc\u00dfte er den Erfolg der deutschen Waffen in den Freiheitsk\u00e4mpfen und jubelte auf, als sich Bayern durch den Vertrag zu Ried noch vor der gro\u00dfen V\u00f6lkerschlacht bei Leipzig mit den Gegnern Napoleons verband. Zur Erinnerung an die heldenhaften K\u00e4mpfe jener Zeit erbaute er die Befreiungshalle bei Kelheim, die er mit der Inschrift schm\u00fccken lie\u00df:<\/p>\n\n\n\n<blockquote class=\"wp-block-quote zitat-style is-layout-flow wp-block-quote-is-layout-flow\">\n<p><strong>\u201eM\u00f6gen die Teutschen nie vergessen, was den Befreiungskampf notwendig machte und wodurch sie gesiegt.\u201c<\/strong><\/p>\n<cite>Ludwig I., Inschrift an der Befreiungshalle Kelheim.<\/cite><\/blockquote>\n\n\n<div class=\"gb-container gb-container-b4c3a036\"><div class=\"gb-inside-container\">\n\n<p>Seiner Begeisterung f\u00fcr deutsche Gr\u00f6\u00dfe und deutsche Kraft gab er auch Ausdruck durch Erbauung der <a href=\"https:\/\/www.ewigerbund.org\/bayern\/geographie\/die-walhalla\/\">Walhalla<\/a> bei Regensburg, die einen Ehrentempel f\u00fcr ber\u00fchmte Deutsche aller Zeiten bilden sollte, ferner durch Errichtung des Siegestores und des Obelisk, den er zur Erinnerung an die in Russland gefallenen Bayern auf dem Karolinenplatz in M\u00fcnchen errichten lie\u00df und der die Inschrift tr\u00e4gt: \u201eAuch sie starben f\u00fcr des Vaterlandes Befreiung.\u201c<\/p>\n\n<\/div><\/div>\n\n\n<p><\/p>\n\n\n\n<p>Mit t\u00e4tigem Interesse begr\u00fc\u00dfte und f\u00f6rderte Ludwig l. auch den Kampf der Griechen, der zu deren Befreiung vom t\u00fcrkischen Joche f\u00fchrte. Ludwigs zweiter Sohn Otto nahm die K\u00f6nigskrone an, die ihm das befreite Volk darbot.<\/p>\n\n\n\n<p><strong>Sorge f\u00fcr das wirtschaftliche Leben.<\/strong><\/p>\n\n\n\n<p>An einer Zeit friedlicher Entwicklung bestieg Ludwig I. im Jahre 1825 mit dem Wahlspruche: \u201eGerecht und beharrlich&#8220; den bayerischen Thron. Handel und Verkehr waren dank der treuen F\u00fcrsorge seines Vaters in erfreulichem Aufschwung begriffen; zu ihrer weiteren Hebung unabl\u00e4ssig beizutragen, erkannte der junge K\u00f6nig als eine der dringendsten Forderungen seiner Zeit. Deshalb verband er die beiden Hauptflussadern Bayerns durch den <em>Donau-<\/em><em>M<\/em><em>ainkanal<\/em>. Mit klarem Blick erkannt er die Bedeutung des Eisenbahnwesens, das damals in seiner ersten Entwicklung begriffen war, und schon1835 er\u00f6ffnete er eine Eisenbahnlinie, die als erste auf deutschem Boden die aufstrebenden St\u00e4dte N\u00fcrnberg und F\u00fcrth verband. Fr\u00fcher schon hatte <em>Steinheil<\/em> in M\u00fcnchen den Telegraphen in den Dienst des \u00f6ffentlichen Verkehrs gestellt. Von gr\u00f6\u00dfter Wichtigkeit f\u00fcr die wirtschaftliche Hebung des Landes wurde ferner der Eintritt Bayerns in den deutschen Zollverein, wodurch gleichzeitig ein einigendes Band zwischen den Staaten des deutschen Nordens und des deutschen S\u00fcdens geschaffen wurde.<\/p>\n\n\n\n<p>Ludwig gab seinem Lande die noch heute bestehende Einteilung und schuf den \u201eLandrat\u201c, der den einzelnen Kreisregierungen in \u00e4hnlicher Art, wie der \u201eLandtag&#8220; der Staatsregierung, zur Seite steht. Durch weise Sparsamkeit gelang es dem K\u00f6nig die Staatsschulden zu mindern und reichliche Mittel f\u00fcr Zwecke der Wohlt\u00e4tigkeit und Bildung zu er\u00fcbrigen. Die Universit\u00e4t Landshut verlegte er nach M\u00fcnchen und erf\u00fcllte sie mit neuem geistigen Leben.<\/p>\n\n\n\n<p><strong>K\u00f6nig Ludwig als Freund der K\u00fcnste.<\/strong><\/p>\n\n\n<div class=\"gb-container gb-container-87586f06\"><div class=\"gb-inside-container\">\n\n<p>Mit unerm\u00fcdlichem Eifer und seltenem Verst\u00e4ndnis bet\u00e4tigte sich Ludwig I. auf dem Gebiete der Kunst. Die namhaftesten K\u00fcnstler und Baumeister berief er zur Ausf\u00fchrung seiner Pl\u00e4ne an seinen Hof, und es begann f\u00fcr Bayerns Hauptstadt eine Zeit K\u00fcnstlerischer Bl\u00fcte, die M\u00fcnchen in den Rang der ersten Kunststadt Deutschlands hob. Es erstand eine Menge herrlicher Bauten, von denen in M\u00fcnchen die <a href=\"https:\/\/www.ewigerbund.org\/bayern\/die-allerheiligen-hofkirche-1826-1837\/\" target=\"_blank\" rel=\"noreferrer noopener\">Allerheiligenhofkirche<\/a>, die Ludwigs- und die<a href=\"https:\/\/www.ewigerbund.org\/bayern\/pfarrkirche-zum-heiligen-bonifacius\/\" target=\"_blank\" rel=\"noreferrer noopener\"> Bonifatiuskirche<\/a>, die neue Residenz, die Propyl\u00e4en, das <a href=\"https:\/\/www.ewigerbund.org\/bayern\/bauwerke\/siegestor-1843-1850\/\" target=\"_blank\" rel=\"noreferrer noopener\">Siegestor<\/a>, die <a href=\"https:\/\/www.ewigerbund.org\/bayern\/bauwerke\/feldherrn-halle-1840-1844\/\" target=\"_blank\" rel=\"noreferrer noopener\">Feldherrnhalle<\/a>, die <a href=\"https:\/\/www.ewigerbund.org\/bayern\/bauwerke\/universitaet-1835-1840\/\">Universit\u00e4t<\/a>, das Bibliotheksgeb\u00e4ude, das Odeon und die bayerische Ruhmeshalle mit der Bavaria die bedeutendsten sind. In der von ihm gegr\u00fcndeten Erzgie\u00dferei lie\u00df er zahlreiche Denkm\u00e4ler ber\u00fchmter M\u00e4nner herstellen, womit er M\u00fcnchen und andere St\u00e4dte schm\u00fcckte. Auch sammelte er Meisterwerke aller Art, mit denen er die Glyptothek und die beiden Pinakotheken f\u00fcllte.<\/p>\n\n<\/div><\/div>\n\n\n<p>Unsch\u00e4tzbar sind die Werte, die er so der Hauptstadt seines Landes schenkte, und mit Recht nennt ihn die Geschichte \u201eden zweiten Gr\u00fcnder M\u00fcnchens&#8220;.<\/p>\n\n\n\n<p><strong>Niederlegung der Krone und Tod.<\/strong><\/p>\n\n\n\n<p>Im Jahre 1848 legte Ludwig I. die Krone nieder. Aber bis zu seinem Tode, der im Jahre 1868 zu Nizza erfolgte, blieb er ein Freund und F\u00f6rderer edler Kunst und sicherte so seinem Namen ein unverg\u00e4ngliches Andenken.<\/p>\n\n\n\n<p>Ein pr\u00e4chtiges Denkmal am Eingang der Ludwigstra\u00dfe in M\u00fcnchen, die seinen Namen und das Gepr\u00e4ge seines Geistes tr\u00e4gt, h\u00e4lt die Erinnerung an seine glanzvolle Regierung wach.<\/p>\n\n\n<div class=\"gb-button-wrapper gb-button-wrapper-dbf26aac\">\n\n<a class=\"gb-button gb-button-0d6a3484 gb-button-text\" href=\"https:\/\/forum.bayern.ewigerbund.org\/viewtopic.php?t=83\" target=\"_blank\" rel=\"noopener noreferrer\">Dieser Beitrag hat dir gefallen? Hier kommentieren.<\/a>\n\n<\/div>\n\n\n<p><\/p>\n\n\n\n<p class=\"has-small-font-size\"><em>Quelle: Bayerisches Realienbuch. Bearbeitet von Dr. Hans Reinlein, Oberlehrer in M\u00fcnchen Realienbuch Nr. 63, 171. bis 180. Gesamt-Auflage. Bielefeld und Leipzig 1915, Seite 120-122.<\/em><\/p>\n\n\n\n<div style=\"height:50px\" aria-hidden=\"true\" class=\"wp-block-spacer\"><\/div>\n\n\n\n<hr class=\"wp-block-separator has-alpha-channel-opacity\" \/>\n\n\n\n<div style=\"height:50px\" aria-hidden=\"true\" class=\"wp-block-spacer\"><\/div>\n\n\n<div class=\"gb-container gb-container-e6c9ed7b\"><div class=\"gb-inside-container\">\n\n<h2 class=\"gb-headline gb-headline-e6b3728f gb-headline-text\">AUCH INTERESSANT<\/h2>\n\n<\/div><\/div>\n\n<div class=\"gb-container gb-container-c4c6a5b5\"><div class=\"gb-inside-container\">\n\n<div class=\"wp-block-columns is-layout-flex wp-container-core-columns-is-layout-2 wp-block-columns-is-layout-flex\">\n<div class=\"wp-block-column is-layout-flow wp-block-column-is-layout-flow\">\n<figure class=\"wp-block-image size-large\"><a href=\"https:\/\/www.ewigerbund.org\/bayern\/geschichte\/ludwig-iii\/\"><img loading=\"lazy\" decoding=\"async\" width=\"1024\" height=\"580\" src=\"https:\/\/www.ewigerbund.org\/bayern\/wp-content\/uploads\/sites\/12\/2023\/07\/1912-1921-Ludwig-III-1024x580-1-1024x580.jpg\" alt=\"1912-1921-Ludwig-III\" class=\"wp-image-3230\" srcset=\"https:\/\/www.ewigerbund.org\/bayern\/wp-content\/uploads\/sites\/12\/2023\/07\/1912-1921-Ludwig-III-1024x580-1-1024x580.jpg 1024w, https:\/\/www.ewigerbund.org\/bayern\/wp-content\/uploads\/sites\/12\/2023\/07\/1912-1921-Ludwig-III-1024x580-1-300x170.jpg 300w, https:\/\/www.ewigerbund.org\/bayern\/wp-content\/uploads\/sites\/12\/2023\/07\/1912-1921-Ludwig-III-1024x580-1-768x435.jpg 768w, https:\/\/www.ewigerbund.org\/bayern\/wp-content\/uploads\/sites\/12\/2023\/07\/1912-1921-Ludwig-III-1024x580-1.jpg 1200w\" sizes=\"auto, (max-width: 1024px) 100vw, 1024px\" \/><\/a><\/figure>\n\n\n\n<h2 class=\"has-medium-font-size wp-block-heading\"><strong>1912-1921. K\u00f6nig Ludwig III.<\/strong><\/h2>\n\n\n\n<p>Prinz Ludwig, Luitpolds \u00e4ltester Sohn, \u00fcbernahm die Regierung als ein in Arbeit und vaterl\u00e4ndischer Hingebung erprobter F\u00fcrst. Am 7. Januar 1845 zu M\u00fcnchen geboren, geno\u00df der Prinz unter der Obhut seiner trefflichen Eltern eine sorgsame Erziehung, der er die liebensw\u00fcrdige Offenheit, die schlichte Geradheit seines Wesens vor allem verdankt. Es war das Bestreben seines Vaters Luitpold und seiner Mutter Augusta, einer geborenen Prinzessin von Toskana, dem Sohne eine umfassende und gediegene Bildung zu geben.<\/p>\n\n\n\n<p><a href=\"https:\/\/www.ewigerbund.org\/bayern\/geschichte\/ludwig-iii\/\">Weiterlesen \u2192<\/a><\/p>\n<\/div>\n\n\n\n<div class=\"wp-block-column is-layout-flow wp-block-column-is-layout-flow\">\n<figure class=\"wp-block-gallery has-nested-images columns-default is-cropped wp-block-gallery-1 is-layout-flex wp-block-gallery-is-layout-flex\">\n<figure class=\"wp-block-image size-large\"><a href=\"https:\/\/www.ewigerbund.org\/bayern\/geschichte\/1743-1814-graf-rumford\/\"><img loading=\"lazy\" decoding=\"async\" width=\"1024\" height=\"576\" data-id=\"4466\" src=\"https:\/\/www.ewigerbund.org\/bayern\/wp-content\/uploads\/sites\/12\/2023\/11\/Benjamin_Thompson_wiki_bunt_Flagge-1024x576.jpg\" alt=\"\" class=\"wp-image-4466\" srcset=\"https:\/\/www.ewigerbund.org\/bayern\/wp-content\/uploads\/sites\/12\/2023\/11\/Benjamin_Thompson_wiki_bunt_Flagge-1024x576.jpg 1024w, https:\/\/www.ewigerbund.org\/bayern\/wp-content\/uploads\/sites\/12\/2023\/11\/Benjamin_Thompson_wiki_bunt_Flagge-300x169.jpg 300w, https:\/\/www.ewigerbund.org\/bayern\/wp-content\/uploads\/sites\/12\/2023\/11\/Benjamin_Thompson_wiki_bunt_Flagge-768x432.jpg 768w, https:\/\/www.ewigerbund.org\/bayern\/wp-content\/uploads\/sites\/12\/2023\/11\/Benjamin_Thompson_wiki_bunt_Flagge.jpg 1200w\" sizes=\"auto, (max-width: 1024px) 100vw, 1024px\" \/><\/a><\/figure>\n<\/figure>\n\n\n\n<h2 class=\"gb-headline gb-headline-6fb3f92c gb-headline-text\"><strong>Sir Benjamin Thompson Graf von Rumford<\/strong>.<\/h2>\n\n\n\n<p>Bayerischer Kriegsminister, Sozial- und Heeresreformer, Physiker, Erfinder.<\/p>\n\n\n\n<p style=\"font-size:15px\">Nachdem bei manchen Deutschen nach wie vor ein US-amerikanischer Unternehmer, Unterhalter und so genannter Politiker&nbsp;als der gro\u00dfe Heilsbringer f\u00fcr die Zukunft der Deutschen angesehen wird, wollen wir uns mit diesem Bericht einem Amerikaner widmen, der sich wahrhaftig mit seinen Leistungen&#8230;<\/p>\n\n\n\n<p><a href=\"https:\/\/www.ewigerbund.org\/bayern\/geschichte\/1743-1814-graf-rumford\/\">Wer war dieser Mann? \u2192<\/a><\/p>\n<\/div>\n\n\n\n<div class=\"wp-block-column is-layout-flow wp-block-column-is-layout-flow\">\n<figure class=\"wp-block-image size-full\"><a href=\"https:\/\/www.ewigerbund.org\/bayern\/geschichte\/die-friedenszeit\/\"><img loading=\"lazy\" decoding=\"async\" width=\"1024\" height=\"580\" src=\"https:\/\/www.ewigerbund.org\/bayern\/wp-content\/uploads\/sites\/12\/2023\/06\/Friedenszeit-1024x580-1.jpg\" alt=\"Friedenszeit\" class=\"wp-image-2886\" srcset=\"https:\/\/www.ewigerbund.org\/bayern\/wp-content\/uploads\/sites\/12\/2023\/06\/Friedenszeit-1024x580-1.jpg 1024w, https:\/\/www.ewigerbund.org\/bayern\/wp-content\/uploads\/sites\/12\/2023\/06\/Friedenszeit-1024x580-1-300x170.jpg 300w, https:\/\/www.ewigerbund.org\/bayern\/wp-content\/uploads\/sites\/12\/2023\/06\/Friedenszeit-1024x580-1-768x435.jpg 768w\" sizes=\"auto, (max-width: 1024px) 100vw, 1024px\" \/><\/a><\/figure>\n\n\n\n<h2 class=\"has-medium-font-size wp-block-heading\"><strong>1815-1840. Die Friedenszeit.<\/strong><\/h2>\n\n\n\n<p class=\"has-medium-font-size\">Die lange Friedenszeit, die der Gr\u00fcndung des Deutschen Bundes folgte, wirkte erfreulich auf die wirtschaftliche Entwicklung der deutschen Staaten. Insbesondere nahm die Landwirtschaft einen kr\u00e4ftigen Aufschwung durch die fortschreitende Befreiung des Bauernstandes von den altherk\u00f6mmlichen Lasten und Fronden,<\/p>\n\n\n\n<p><a href=\"https:\/\/www.ewigerbund.org\/bayern\/geschichte\/die-friedenszeit\/\">Weiterlesen \u2192<\/a><\/p>\n<\/div>\n<\/div>\n\n<\/div><\/div>\n\n<div class=\"gb-container gb-container-8d049471\"><div class=\"gb-inside-container\">\n\n<div class=\"wp-block-columns is-layout-flex wp-container-core-columns-is-layout-3 wp-block-columns-is-layout-flex\">\n<div class=\"wp-block-column is-layout-flow wp-block-column-is-layout-flow\">\n<figure class=\"wp-block-image size-full\"><a href=\"https:\/\/www.ewigerbund.org\/bayern\/geschichte\/1290-1312-niederbayern-unter-otto-iii-ludwig-xiii-und-stephan-i\/\"><img loading=\"lazy\" decoding=\"async\" width=\"1024\" height=\"580\" src=\"https:\/\/www.ewigerbund.org\/bayern\/wp-content\/uploads\/sites\/12\/2023\/06\/Niederbayern_unter_Otto_III_Ludwig_III_und_Stephan_I-1024x580-1.jpg\" alt=\"Niederbayern_unter_Otto_III_Ludwig_III_und_Stephan_I\" class=\"wp-image-2863\" srcset=\"https:\/\/www.ewigerbund.org\/bayern\/wp-content\/uploads\/sites\/12\/2023\/06\/Niederbayern_unter_Otto_III_Ludwig_III_und_Stephan_I-1024x580-1.jpg 1024w, https:\/\/www.ewigerbund.org\/bayern\/wp-content\/uploads\/sites\/12\/2023\/06\/Niederbayern_unter_Otto_III_Ludwig_III_und_Stephan_I-1024x580-1-300x170.jpg 300w, https:\/\/www.ewigerbund.org\/bayern\/wp-content\/uploads\/sites\/12\/2023\/06\/Niederbayern_unter_Otto_III_Ludwig_III_und_Stephan_I-1024x580-1-768x435.jpg 768w\" sizes=\"auto, (max-width: 1024px) 100vw, 1024px\" \/><\/a><\/figure>\n\n\n\n<h2 class=\"has-medium-font-size wp-block-heading\"><strong>1290-1312. Niederbayern unter Otto III., Ludwig III. und Stephan I.<\/strong><\/h2>\n\n\n\n<p>Heinrich XIII. hinterlie\u00df drei S\u00f6hne, Otto III., Ludwig III. und Stephan I., welche nach dem Tode des Vaters die Regierung gemeinsam f\u00fchrten (1290-1296). Einer dieser Br\u00fcder, Stephan, wurde nach dem Tode des Erzbischofes Rudolf von Salzburg (\u2020 1.August 1290) auf den erzbisch\u00f6flichen Stuhl berufen, <\/p>\n\n\n\n<p><a href=\"https:\/\/www.ewigerbund.org\/bayern\/geschichte\/1290-1312-niederbayern-unter-otto-iii-ludwig-xiii-und-stephan-i\/\">Weiterlesen \u2192<\/a><\/p>\n<\/div>\n\n\n\n<div class=\"wp-block-column is-layout-flow wp-block-column-is-layout-flow\"><div class=\"wp-block-image\">\n<figure class=\"aligncenter size-large\"><a href=\"https:\/\/www.ewigerbund.org\/bayern\/geographie\/die-zugspitze-und-der-eibsee\/\"><img loading=\"lazy\" decoding=\"async\" width=\"1024\" height=\"580\" src=\"https:\/\/www.ewigerbund.org\/bayern\/wp-content\/uploads\/sites\/12\/2023\/06\/Die_Zugspitze_und_der_Eibsee-1024x580.jpg\" alt=\"\" class=\"wp-image-2801\" srcset=\"https:\/\/www.ewigerbund.org\/bayern\/wp-content\/uploads\/sites\/12\/2023\/06\/Die_Zugspitze_und_der_Eibsee-1024x580.jpg 1024w, https:\/\/www.ewigerbund.org\/bayern\/wp-content\/uploads\/sites\/12\/2023\/06\/Die_Zugspitze_und_der_Eibsee-300x170.jpg 300w, https:\/\/www.ewigerbund.org\/bayern\/wp-content\/uploads\/sites\/12\/2023\/06\/Die_Zugspitze_und_der_Eibsee-768x435.jpg 768w, https:\/\/www.ewigerbund.org\/bayern\/wp-content\/uploads\/sites\/12\/2023\/06\/Die_Zugspitze_und_der_Eibsee.jpg 1200w\" sizes=\"auto, (max-width: 1024px) 100vw, 1024px\" \/><\/a><\/figure><\/div>\n\n\n<h2 class=\"has-medium-font-size wp-block-heading\"><strong>Die Zugspitze und der Eibsee.<\/strong><\/h2>\n\n\n\n<p>Den westlichen H\u00f6hepunkt der oberbayrischen Alpen bildet der Wetterstein.&nbsp;<\/p>\n\n\n\n<p><a href=\"https:\/\/www.ewigerbund.org\/bayern\/geographie\/die-zugspitze-und-der-eibsee\/\">Auf den Gipfel der Zugspitze \u2192<\/a><\/p>\n<\/div>\n\n\n\n<div class=\"wp-block-column is-layout-flow wp-block-column-is-layout-flow\"><div class=\"wp-block-image\">\n<figure class=\"aligncenter size-large\"><a href=\"https:\/\/www.ewigerbund.org\/bayern\/geographie\/der-boehmerwald\/\"><img loading=\"lazy\" decoding=\"async\" width=\"1024\" height=\"580\" src=\"https:\/\/www.ewigerbund.org\/bayern\/wp-content\/uploads\/sites\/12\/2023\/06\/Der_Boehmerwald-1024x580.jpg\" alt=\"\" class=\"wp-image-2794\" srcset=\"https:\/\/www.ewigerbund.org\/bayern\/wp-content\/uploads\/sites\/12\/2023\/06\/Der_Boehmerwald-1024x580.jpg 1024w, https:\/\/www.ewigerbund.org\/bayern\/wp-content\/uploads\/sites\/12\/2023\/06\/Der_Boehmerwald-300x170.jpg 300w, https:\/\/www.ewigerbund.org\/bayern\/wp-content\/uploads\/sites\/12\/2023\/06\/Der_Boehmerwald-768x435.jpg 768w, https:\/\/www.ewigerbund.org\/bayern\/wp-content\/uploads\/sites\/12\/2023\/06\/Der_Boehmerwald.jpg 1200w\" sizes=\"auto, (max-width: 1024px) 100vw, 1024px\" \/><\/a><\/figure><\/div>\n\n\n<h2 class=\"has-medium-font-size wp-block-heading\"><strong>Der B\u00f6hmerwald.<\/strong><\/h2>\n\n\n\n<p>Der B\u00f6hmerwald ist ein Mittelgebirge mit welliger Oberfl\u00e4che und starker Bewaldung..<\/p>\n\n\n\n<p><a href=\"https:\/\/www.ewigerbund.org\/bayern\/geographie\/der-boehmerwald\/\">In den B\u00f6hmerwald \u2192<\/a><\/p>\n<\/div>\n<\/div>\n\n<\/div><\/div>","protected":false},"excerpt":{"rendered":"<p>1825-1848. K\u00f6nig Ludwig I. Ludwig als Kronprinz. Ludwig I. wurde in Stra\u00dfburg geboren. Auf den Universit\u00e4ten Landshut und G\u00f6ttingen erwarb er sich eine vorz\u00fcgliche Bildung, die er durch gro\u00dfe Reisen namentlich nach dem S\u00fcden Europas erweiterte und vertiefte. Im Jahre 1810 verm\u00e4hlte er sich mit der Prinzessin Therese von Hildburghausen. Damals wurde in M\u00fcnchen zum &#8230; <a title=\"1825-1848. K\u00f6nig Ludwig I.\" class=\"read-more\" href=\"https:\/\/www.ewigerbund.org\/bayern\/geschichte\/koenig-ludwig-i\/\" aria-label=\"Mehr zu 1825-1848. K\u00f6nig Ludwig I.\">Weiterlesen &#8230;<\/a><\/p>\n","protected":false},"author":1,"featured_media":2887,"parent":215,"menu_order":20,"comment_status":"closed","ping_status":"closed","template":"template-6-beide-seitenleiste.php","meta":{"footnotes":""},"categories":[7],"tags":[151,145,81,146,150,149,147,58],"class_list":["post-598","page","type-page","status-publish","has-post-thumbnail","hentry","category-geschichte","tag-bavaria","tag-ludwig-i","tag-napoleon","tag-oktoberfest","tag-ruhmeshalle","tag-siegestor","tag-voelkerschlacht-bei-leipzig","tag-walhalla"],"yoast_head":"<!-- This site is optimized with the Yoast SEO plugin v23.1 - https:\/\/yoast.com\/wordpress\/plugins\/seo\/ -->\n<title>1825-1848. K\u00f6nig Ludwig I. - K\u00f6nigreich Bayern<\/title>\n<meta name=\"robots\" content=\"index, follow, max-snippet:-1, max-image-preview:large, max-video-preview:-1\" \/>\n<link rel=\"canonical\" href=\"https:\/\/www.ewigerbund.org\/bayern\/geschichte\/koenig-ludwig-i\/\" \/>\n<meta property=\"og:locale\" content=\"de_DE\" \/>\n<meta property=\"og:type\" content=\"article\" \/>\n<meta property=\"og:title\" content=\"1825-1848. K\u00f6nig Ludwig I. - K\u00f6nigreich Bayern\" \/>\n<meta property=\"og:description\" content=\"1825-1848. K\u00f6nig Ludwig I. Ludwig als Kronprinz. Ludwig I. wurde in Stra\u00dfburg geboren. Auf den Universit\u00e4ten Landshut und G\u00f6ttingen erwarb er sich eine vorz\u00fcgliche Bildung, die er durch gro\u00dfe Reisen namentlich nach dem S\u00fcden Europas erweiterte und vertiefte. Im Jahre 1810 verm\u00e4hlte er sich mit der Prinzessin Therese von Hildburghausen. Damals wurde in M\u00fcnchen zum ... Weiterlesen ...\" \/>\n<meta property=\"og:url\" content=\"https:\/\/www.ewigerbund.org\/bayern\/geschichte\/koenig-ludwig-i\/\" \/>\n<meta property=\"og:site_name\" content=\"K\u00f6nigreich Bayern\" \/>\n<meta property=\"article:modified_time\" content=\"2023-11-23T21:22:53+00:00\" \/>\n<meta property=\"og:image\" content=\"https:\/\/www.ewigerbund.org\/bayern\/wp-content\/uploads\/sites\/12\/2023\/06\/Ludwig-I.jpg\" \/>\n\t<meta property=\"og:image:width\" content=\"1024\" \/>\n\t<meta property=\"og:image:height\" content=\"580\" \/>\n\t<meta property=\"og:image:type\" content=\"image\/jpeg\" \/>\n<meta name=\"twitter:card\" content=\"summary_large_image\" \/>\n<meta name=\"twitter:label1\" content=\"Gesch\u00e4tzte Lesezeit\" \/>\n\t<meta name=\"twitter:data1\" content=\"5\u00a0Minuten\" \/>\n<script type=\"application\/ld+json\" class=\"yoast-schema-graph\">{\"@context\":\"https:\/\/schema.org\",\"@graph\":[{\"@type\":\"WebPage\",\"@id\":\"https:\/\/www.ewigerbund.org\/bayern\/geschichte\/koenig-ludwig-i\/\",\"url\":\"https:\/\/www.ewigerbund.org\/bayern\/geschichte\/koenig-ludwig-i\/\",\"name\":\"1825-1848. K\u00f6nig Ludwig I. - K\u00f6nigreich Bayern\",\"isPartOf\":{\"@id\":\"https:\/\/www.ewigerbund.org\/bayern\/#website\"},\"primaryImageOfPage\":{\"@id\":\"https:\/\/www.ewigerbund.org\/bayern\/geschichte\/koenig-ludwig-i\/#primaryimage\"},\"image\":{\"@id\":\"https:\/\/www.ewigerbund.org\/bayern\/geschichte\/koenig-ludwig-i\/#primaryimage\"},\"thumbnailUrl\":\"https:\/\/www.ewigerbund.org\/bayern\/wp-content\/uploads\/sites\/12\/2023\/06\/Ludwig-I.jpg\",\"datePublished\":\"2022-08-12T14:18:15+00:00\",\"dateModified\":\"2023-11-23T21:22:53+00:00\",\"breadcrumb\":{\"@id\":\"https:\/\/www.ewigerbund.org\/bayern\/geschichte\/koenig-ludwig-i\/#breadcrumb\"},\"inLanguage\":\"de\",\"potentialAction\":[{\"@type\":\"ReadAction\",\"target\":[\"https:\/\/www.ewigerbund.org\/bayern\/geschichte\/koenig-ludwig-i\/\"]}]},{\"@type\":\"ImageObject\",\"inLanguage\":\"de\",\"@id\":\"https:\/\/www.ewigerbund.org\/bayern\/geschichte\/koenig-ludwig-i\/#primaryimage\",\"url\":\"https:\/\/www.ewigerbund.org\/bayern\/wp-content\/uploads\/sites\/12\/2023\/06\/Ludwig-I.jpg\",\"contentUrl\":\"https:\/\/www.ewigerbund.org\/bayern\/wp-content\/uploads\/sites\/12\/2023\/06\/Ludwig-I.jpg\",\"width\":1024,\"height\":580,\"caption\":\"Ludwig-I\"},{\"@type\":\"BreadcrumbList\",\"@id\":\"https:\/\/www.ewigerbund.org\/bayern\/geschichte\/koenig-ludwig-i\/#breadcrumb\",\"itemListElement\":[{\"@type\":\"ListItem\",\"position\":1,\"name\":\"Startseite\",\"item\":\"https:\/\/www.ewigerbund.org\/bayern\/\"},{\"@type\":\"ListItem\",\"position\":2,\"name\":\"Geschichte\",\"item\":\"https:\/\/www.ewigerbund.org\/bayern\/geschichte\/\"},{\"@type\":\"ListItem\",\"position\":3,\"name\":\"1825-1848. K\u00f6nig Ludwig I.\"}]},{\"@type\":\"WebSite\",\"@id\":\"https:\/\/www.ewigerbund.org\/bayern\/#website\",\"url\":\"https:\/\/www.ewigerbund.org\/bayern\/\",\"name\":\"K\u00f6nigreich Bayern\",\"description\":\"im ewigen Bund.\",\"publisher\":{\"@id\":\"https:\/\/www.ewigerbund.org\/bayern\/#organization\"},\"potentialAction\":[{\"@type\":\"SearchAction\",\"target\":{\"@type\":\"EntryPoint\",\"urlTemplate\":\"https:\/\/www.ewigerbund.org\/bayern\/?s={search_term_string}\"},\"query-input\":\"required name=search_term_string\"}],\"inLanguage\":\"de\"},{\"@type\":\"Organization\",\"@id\":\"https:\/\/www.ewigerbund.org\/bayern\/#organization\",\"name\":\"K\u00f6nigreich Bayern\",\"url\":\"https:\/\/www.ewigerbund.org\/bayern\/\",\"logo\":{\"@type\":\"ImageObject\",\"inLanguage\":\"de\",\"@id\":\"https:\/\/www.ewigerbund.org\/bayern\/#\/schema\/logo\/image\/\",\"url\":\"https:\/\/www.ewigerbund.org\/bayern\/wp-content\/uploads\/sites\/12\/2023\/02\/2023-02-24-Logo-EB-Bayern-Schutzzone_Schatten_BGweiss_V2_1200px.png\",\"contentUrl\":\"https:\/\/www.ewigerbund.org\/bayern\/wp-content\/uploads\/sites\/12\/2023\/02\/2023-02-24-Logo-EB-Bayern-Schutzzone_Schatten_BGweiss_V2_1200px.png\",\"width\":1200,\"height\":1200,\"caption\":\"K\u00f6nigreich Bayern\"},\"image\":{\"@id\":\"https:\/\/www.ewigerbund.org\/bayern\/#\/schema\/logo\/image\/\"}}]}<\/script>\n<!-- \/ Yoast SEO plugin. -->","yoast_head_json":{"title":"1825-1848. K\u00f6nig Ludwig I. - K\u00f6nigreich Bayern","robots":{"index":"index","follow":"follow","max-snippet":"max-snippet:-1","max-image-preview":"max-image-preview:large","max-video-preview":"max-video-preview:-1"},"canonical":"https:\/\/www.ewigerbund.org\/bayern\/geschichte\/koenig-ludwig-i\/","og_locale":"de_DE","og_type":"article","og_title":"1825-1848. K\u00f6nig Ludwig I. - K\u00f6nigreich Bayern","og_description":"1825-1848. K\u00f6nig Ludwig I. Ludwig als Kronprinz. Ludwig I. wurde in Stra\u00dfburg geboren. Auf den Universit\u00e4ten Landshut und G\u00f6ttingen erwarb er sich eine vorz\u00fcgliche Bildung, die er durch gro\u00dfe Reisen namentlich nach dem S\u00fcden Europas erweiterte und vertiefte. Im Jahre 1810 verm\u00e4hlte er sich mit der Prinzessin Therese von Hildburghausen. Damals wurde in M\u00fcnchen zum ... Weiterlesen ...","og_url":"https:\/\/www.ewigerbund.org\/bayern\/geschichte\/koenig-ludwig-i\/","og_site_name":"K\u00f6nigreich Bayern","article_modified_time":"2023-11-23T21:22:53+00:00","og_image":[{"width":1024,"height":580,"url":"https:\/\/www.ewigerbund.org\/bayern\/wp-content\/uploads\/sites\/12\/2023\/06\/Ludwig-I.jpg","type":"image\/jpeg"}],"twitter_card":"summary_large_image","twitter_misc":{"Gesch\u00e4tzte Lesezeit":"5\u00a0Minuten"},"schema":{"@context":"https:\/\/schema.org","@graph":[{"@type":"WebPage","@id":"https:\/\/www.ewigerbund.org\/bayern\/geschichte\/koenig-ludwig-i\/","url":"https:\/\/www.ewigerbund.org\/bayern\/geschichte\/koenig-ludwig-i\/","name":"1825-1848. K\u00f6nig Ludwig I. - K\u00f6nigreich Bayern","isPartOf":{"@id":"https:\/\/www.ewigerbund.org\/bayern\/#website"},"primaryImageOfPage":{"@id":"https:\/\/www.ewigerbund.org\/bayern\/geschichte\/koenig-ludwig-i\/#primaryimage"},"image":{"@id":"https:\/\/www.ewigerbund.org\/bayern\/geschichte\/koenig-ludwig-i\/#primaryimage"},"thumbnailUrl":"https:\/\/www.ewigerbund.org\/bayern\/wp-content\/uploads\/sites\/12\/2023\/06\/Ludwig-I.jpg","datePublished":"2022-08-12T14:18:15+00:00","dateModified":"2023-11-23T21:22:53+00:00","breadcrumb":{"@id":"https:\/\/www.ewigerbund.org\/bayern\/geschichte\/koenig-ludwig-i\/#breadcrumb"},"inLanguage":"de","potentialAction":[{"@type":"ReadAction","target":["https:\/\/www.ewigerbund.org\/bayern\/geschichte\/koenig-ludwig-i\/"]}]},{"@type":"ImageObject","inLanguage":"de","@id":"https:\/\/www.ewigerbund.org\/bayern\/geschichte\/koenig-ludwig-i\/#primaryimage","url":"https:\/\/www.ewigerbund.org\/bayern\/wp-content\/uploads\/sites\/12\/2023\/06\/Ludwig-I.jpg","contentUrl":"https:\/\/www.ewigerbund.org\/bayern\/wp-content\/uploads\/sites\/12\/2023\/06\/Ludwig-I.jpg","width":1024,"height":580,"caption":"Ludwig-I"},{"@type":"BreadcrumbList","@id":"https:\/\/www.ewigerbund.org\/bayern\/geschichte\/koenig-ludwig-i\/#breadcrumb","itemListElement":[{"@type":"ListItem","position":1,"name":"Startseite","item":"https:\/\/www.ewigerbund.org\/bayern\/"},{"@type":"ListItem","position":2,"name":"Geschichte","item":"https:\/\/www.ewigerbund.org\/bayern\/geschichte\/"},{"@type":"ListItem","position":3,"name":"1825-1848. K\u00f6nig Ludwig I."}]},{"@type":"WebSite","@id":"https:\/\/www.ewigerbund.org\/bayern\/#website","url":"https:\/\/www.ewigerbund.org\/bayern\/","name":"K\u00f6nigreich Bayern","description":"im ewigen Bund.","publisher":{"@id":"https:\/\/www.ewigerbund.org\/bayern\/#organization"},"potentialAction":[{"@type":"SearchAction","target":{"@type":"EntryPoint","urlTemplate":"https:\/\/www.ewigerbund.org\/bayern\/?s={search_term_string}"},"query-input":"required name=search_term_string"}],"inLanguage":"de"},{"@type":"Organization","@id":"https:\/\/www.ewigerbund.org\/bayern\/#organization","name":"K\u00f6nigreich Bayern","url":"https:\/\/www.ewigerbund.org\/bayern\/","logo":{"@type":"ImageObject","inLanguage":"de","@id":"https:\/\/www.ewigerbund.org\/bayern\/#\/schema\/logo\/image\/","url":"https:\/\/www.ewigerbund.org\/bayern\/wp-content\/uploads\/sites\/12\/2023\/02\/2023-02-24-Logo-EB-Bayern-Schutzzone_Schatten_BGweiss_V2_1200px.png","contentUrl":"https:\/\/www.ewigerbund.org\/bayern\/wp-content\/uploads\/sites\/12\/2023\/02\/2023-02-24-Logo-EB-Bayern-Schutzzone_Schatten_BGweiss_V2_1200px.png","width":1200,"height":1200,"caption":"K\u00f6nigreich Bayern"},"image":{"@id":"https:\/\/www.ewigerbund.org\/bayern\/#\/schema\/logo\/image\/"}}]}},"_links":{"self":[{"href":"https:\/\/www.ewigerbund.org\/bayern\/wp-json\/wp\/v2\/pages\/598","targetHints":{"allow":["GET"]}}],"collection":[{"href":"https:\/\/www.ewigerbund.org\/bayern\/wp-json\/wp\/v2\/pages"}],"about":[{"href":"https:\/\/www.ewigerbund.org\/bayern\/wp-json\/wp\/v2\/types\/page"}],"author":[{"embeddable":true,"href":"https:\/\/www.ewigerbund.org\/bayern\/wp-json\/wp\/v2\/users\/1"}],"replies":[{"embeddable":true,"href":"https:\/\/www.ewigerbund.org\/bayern\/wp-json\/wp\/v2\/comments?post=598"}],"version-history":[{"count":20,"href":"https:\/\/www.ewigerbund.org\/bayern\/wp-json\/wp\/v2\/pages\/598\/revisions"}],"predecessor-version":[{"id":4456,"href":"https:\/\/www.ewigerbund.org\/bayern\/wp-json\/wp\/v2\/pages\/598\/revisions\/4456"}],"up":[{"embeddable":true,"href":"https:\/\/www.ewigerbund.org\/bayern\/wp-json\/wp\/v2\/pages\/215"}],"wp:featuredmedia":[{"embeddable":true,"href":"https:\/\/www.ewigerbund.org\/bayern\/wp-json\/wp\/v2\/media\/2887"}],"wp:attachment":[{"href":"https:\/\/www.ewigerbund.org\/bayern\/wp-json\/wp\/v2\/media?parent=598"}],"wp:term":[{"taxonomy":"category","embeddable":true,"href":"https:\/\/www.ewigerbund.org\/bayern\/wp-json\/wp\/v2\/categories?post=598"},{"taxonomy":"post_tag","embeddable":true,"href":"https:\/\/www.ewigerbund.org\/bayern\/wp-json\/wp\/v2\/tags?post=598"}],"curies":[{"name":"wp","href":"https:\/\/api.w.org\/{rel}","templated":true}]}}