{"id":4625,"date":"2024-02-22T17:12:21","date_gmt":"2024-02-22T16:12:21","guid":{"rendered":"https:\/\/www.ewigerbund.org\/bayern\/?page_id=4625"},"modified":"2024-02-22T17:12:22","modified_gmt":"2024-02-22T16:12:22","slug":"buergerliches-gesetzbuch","status":"publish","type":"page","link":"https:\/\/www.ewigerbund.org\/bayern\/staatsrecht\/buergerliches-recht\/buergerliches-gesetzbuch\/","title":{"rendered":"B\u00fcrgerliches Gesetzbuch."},"content":{"rendered":"\n<h2 class=\"wp-block-heading\">Einleitung.<\/h2>\n\n\n\n<p>Mit dem 1. Januar 1900 ist auch im K\u00f6nigreich Bayern das &#8222;B\u00fcrgerliches Gesetzbuch f\u00fcr das Deutsche Reich&#8220;, kurz BGB, in Kraft getreten. Jahrzehnte hatte man an dessen Ausarbeitung gearbeitet. Gleichzeitig wurde die ausschlie\u00dfliche Zust\u00e4ndigkeit des Reichsgerichts gegen\u00fcber obersten Landesgerichten auf alle Zivilprozesse erstreckt, in denen sich das erhobene Begehren auf das B\u00fcrgerliche Gesetzbuch st\u00fctzt. Damit ist f\u00fcr Deutschland zum ersten Male in der Geschichte die Einheit auf dem Gebiete des Privatrechts in Gesetzgebung und Rechtsprechung im wesentlichen erreicht.<\/p>\n\n\n\n<h2 class=\"wp-block-heading\">Ordnung und Inhalt des BGB.<\/h2>\n\n\n\n<p>Die Gegenst\u00e4nde des BGB beschr\u00e4nken sich grunds\u00e4tzlich, wenn auch nicht ausnahmslos, auf die Regelung des reinen Privatrechts. Die Haupteinteilung ist die in wissenschaftlichen Systemen des Privatrechts l\u00e4ngst \u00fcbliche. Einem Allgemeinen Teil (Buch 1), schlie\u00dft sich der besondere Teil an, welcher in vier aufeinander folgenden B\u00fcchern (2 bis 5) das Recht der Schuldverh\u00e4ltnisse, das Sachenrecht, das Familienrecht und das Erbrecht behandelt.<\/p>\n\n\n\n<p>Die Ausarbeitung von Teilentw\u00fcrfen des BGB wurde f\u00fcnf Mitgliedern \u00fcbertragen, f\u00fcr den Allgemeinen Teil Gebhard, f\u00fcr das Recht der Schuldverh\u00e4ltnisse von K\u00fcbel, f\u00fcr das Sachenrecht Johow, f\u00fcr das Familienrecht Planck, f\u00fcr das Erbrecht von Schmitt.<\/p>\n\n\n\n<p>Das Familienrecht umfa\u00dft die mit der Familienverbindung in Beziehung stehenden Rechte und Pflichten, und zwar sowohl bez\u00fcglich der pers\u00f6nlichen Stellung der Familienglieder als hinsichtlich des Verm\u00f6gens. Das Erbrecht enth\u00e4lt die Rechtsregeln, nach welchen der \u00dcbergang der verm\u00f6gensrechtlichen Verh\u00e4ltnisse bei dem Tode eines Menschen erfolgt. Im \u00fcbrigen zerf\u00e4llt das Verm\u00f6gensrecht in das Recht der Schuldverh\u00e4ltnisse und das Sachenrecht. Diese Einteilung beruht auf dem zugrunde gelegten Gegensatze zwischen pers\u00f6nlichen und dinglichen Rechten.<\/p>\n\n\n\n<h3 class=\"wp-block-heading\">Allgemeine Lehre.<\/h3>\n\n\n\n<p>Die allgemeinen Lehren umfassen unter anderem die Definition von nat\u00fcrlichen und juristischen Personen und deren Rechtsf\u00e4higkeit und Stand (Titel I). So bestimmt das B\u00fcrgerliche Gesetzbuch beispielsweise, da\u00df die Rechtsf\u00e4higkeit des Menschen von Geburt an besteht. Im K\u00f6nigreich Bayern sowie im gesamten Reichsgebiet gibt es somit keine Sklaven, Unfreie, Friedlose oder Ge\u00e4chtete. Niemandem ist der Schutz des Staates entzogen.<\/p>\n\n\n\n<p>Daneben aber war die der positiven Ordnung weit mehr bed\u00fcrfende Frage zu erledigen, inwieweit neben dem einzelnen Menschen auch Vereinen, K\u00f6rperschaften, Stiftungen und Anstalten die private Rechtsf\u00e4higkeit zu gew\u00e4hren sei (Titel II, Juristische Personen).<\/p>\n\n\n\n<h3 class=\"wp-block-heading\">Familien- und Erbrecht.<\/h3>\n\n\n\n<p>Gerade aber das Familienleben findet seine f\u00fcrsorgliche Regelung durch das B\u00fcrgerliche Gesetzbuch. Das Familienrecht regelt die Wirkungen, welche Ehe und Verwandtschaft in pers\u00f6nlicher und verm\u00f6gensrechtlicher Hinsicht aus\u00fcben. Ob Verl\u00f6bnis und Eheschlie\u00dfung, Verwandtschaft, das Verh\u00e4ltnis von Eltern zu ihren Kindern, Vormundschaft und Erbschaft, kein Bereich ist der Gewohnheit oder gar Gesetzlosigkeit \u00fcberlassen. Das Erbrecht bestimmt, auf wen, auf welche Weise und in welchem Umfang die Verm\u00f6gensrechte und die Verbindlichkeiten Verstorbener \u00fcbergehen.<\/p>\n\n\n<div class=\"gb-container gb-container-f2a41176\">\n\n<h2 class=\"wp-block-heading\">Eine gro\u00dfartige Leistung.<\/h2>\n\n\n<div class=\"wp-block-image\">\n<figure class=\"alignleft size-large is-resized\"><img loading=\"lazy\" decoding=\"async\" width=\"688\" height=\"1024\" src=\"https:\/\/www.ewigerbund.org\/bayern\/wp-content\/uploads\/sites\/12\/2023\/12\/Commission_zur_Ausarbeitung_des_Entwurfs_eines_deutschen_buergerlichen_Gesetzbuchs-688x1024.jpg\" alt=\"\" class=\"wp-image-4906\" style=\"aspect-ratio:0.6721754807692307;width:198px;height:auto\" srcset=\"https:\/\/www.ewigerbund.org\/bayern\/wp-content\/uploads\/sites\/12\/2023\/12\/Commission_zur_Ausarbeitung_des_Entwurfs_eines_deutschen_buergerlichen_Gesetzbuchs-688x1024.jpg 688w, https:\/\/www.ewigerbund.org\/bayern\/wp-content\/uploads\/sites\/12\/2023\/12\/Commission_zur_Ausarbeitung_des_Entwurfs_eines_deutschen_buergerlichen_Gesetzbuchs-202x300.jpg 202w, https:\/\/www.ewigerbund.org\/bayern\/wp-content\/uploads\/sites\/12\/2023\/12\/Commission_zur_Ausarbeitung_des_Entwurfs_eines_deutschen_buergerlichen_Gesetzbuchs-768x1143.jpg 768w, https:\/\/www.ewigerbund.org\/bayern\/wp-content\/uploads\/sites\/12\/2023\/12\/Commission_zur_Ausarbeitung_des_Entwurfs_eines_deutschen_buergerlichen_Gesetzbuchs-1032x1536.jpg 1032w, https:\/\/www.ewigerbund.org\/bayern\/wp-content\/uploads\/sites\/12\/2023\/12\/Commission_zur_Ausarbeitung_des_Entwurfs_eines_deutschen_buergerlichen_Gesetzbuchs-1377x2048.jpg 1377w, https:\/\/www.ewigerbund.org\/bayern\/wp-content\/uploads\/sites\/12\/2023\/12\/Commission_zur_Ausarbeitung_des_Entwurfs_eines_deutschen_buergerlichen_Gesetzbuchs-scaled.jpg 1721w\" sizes=\"auto, (max-width: 688px) 100vw, 688px\" \/><\/figure><\/div>\n\n\n<p>Mit dem B\u00fcrgerlichen Gesetzbuch hat die zust\u00e4ndige Kommission ein wahres Kunstwerk deutschen Rechtes geschaffen. International hoch anerkannt und vielfach zum Vorbild genommen, war es damals Ausdruck h\u00f6chster Rechtskultur.<\/p>\n\n\n\n<p><a href=\"https:\/\/staatsbibliothek.ewigerbund.org\/viewer\/image\/fischer_bgb_1912\/1\/#topDocAnchor\">Mehr zum B\u00fcrgerlichen Gesetzbuch -&gt;<\/a><\/p>\n\n<\/div>","protected":false},"excerpt":{"rendered":"<p>Einleitung. Mit dem 1. Januar 1900 ist auch im K\u00f6nigreich Bayern das &#8222;B\u00fcrgerliches Gesetzbuch f\u00fcr das Deutsche Reich&#8220;, kurz BGB, in Kraft getreten. Jahrzehnte hatte man an dessen Ausarbeitung gearbeitet. Gleichzeitig wurde die ausschlie\u00dfliche Zust\u00e4ndigkeit des Reichsgerichts gegen\u00fcber obersten Landesgerichten auf alle Zivilprozesse erstreckt, in denen sich das erhobene Begehren auf das B\u00fcrgerliche Gesetzbuch st\u00fctzt. &#8230; <a title=\"B\u00fcrgerliches Gesetzbuch.\" class=\"read-more\" href=\"https:\/\/www.ewigerbund.org\/bayern\/staatsrecht\/buergerliches-recht\/buergerliches-gesetzbuch\/\" aria-label=\"Mehr zu B\u00fcrgerliches Gesetzbuch.\">Weiterlesen &#8230;<\/a><\/p>\n","protected":false},"author":1,"featured_media":4835,"parent":1933,"menu_order":0,"comment_status":"closed","ping_status":"closed","template":"template-6-beide-seitenleiste.php","meta":{"footnotes":""},"categories":[94],"tags":[623,620,626,625,624,621,622],"class_list":["post-4625","page","type-page","status-publish","has-post-thumbnail","hentry","category-staats-und-verwaltungsrecht","tag-allgemeine-lehre","tag-bgb","tag-juristische-person","tag-natuerliche-person","tag-personen","tag-privatrecht","tag-zivilrecht"],"yoast_head":"<!-- This site is optimized with the Yoast SEO plugin v23.1 - https:\/\/yoast.com\/wordpress\/plugins\/seo\/ -->\n<title>B\u00fcrgerliches Gesetzbuch. - K\u00f6nigreich Bayern<\/title>\n<meta name=\"description\" content=\"Mit dem 1. Januar 1900 ist auch im K\u00f6nigreich Bayern das &quot;B\u00fcrgerliches Gesetzbuch f\u00fcr das Deutsche Reich&quot;, kurz BGB, in Kraft getreten ...\" \/>\n<meta name=\"robots\" content=\"index, follow, max-snippet:-1, max-image-preview:large, max-video-preview:-1\" \/>\n<link rel=\"canonical\" href=\"https:\/\/www.ewigerbund.org\/bayern\/staatsrecht\/buergerliches-recht\/buergerliches-gesetzbuch\/\" \/>\n<meta property=\"og:locale\" content=\"de_DE\" \/>\n<meta property=\"og:type\" content=\"article\" \/>\n<meta property=\"og:title\" content=\"B\u00fcrgerliches Gesetzbuch. - K\u00f6nigreich Bayern\" \/>\n<meta property=\"og:description\" content=\"Mit dem 1. Januar 1900 ist auch im K\u00f6nigreich Bayern das &quot;B\u00fcrgerliches Gesetzbuch f\u00fcr das Deutsche Reich&quot;, kurz BGB, in Kraft getreten ...\" \/>\n<meta property=\"og:url\" content=\"https:\/\/www.ewigerbund.org\/bayern\/staatsrecht\/buergerliches-recht\/buergerliches-gesetzbuch\/\" \/>\n<meta property=\"og:site_name\" content=\"K\u00f6nigreich Bayern\" \/>\n<meta property=\"article:modified_time\" content=\"2024-02-22T16:12:22+00:00\" \/>\n<meta property=\"og:image\" content=\"https:\/\/www.ewigerbund.org\/bayern\/wp-content\/uploads\/sites\/12\/2023\/12\/1200x675px.jpg\" \/>\n\t<meta property=\"og:image:width\" content=\"1200\" \/>\n\t<meta property=\"og:image:height\" content=\"675\" \/>\n\t<meta property=\"og:image:type\" content=\"image\/jpeg\" \/>\n<meta name=\"twitter:card\" content=\"summary_large_image\" \/>\n<meta name=\"twitter:label1\" content=\"Gesch\u00e4tzte Lesezeit\" \/>\n\t<meta name=\"twitter:data1\" content=\"3\u00a0Minuten\" \/>\n<script type=\"application\/ld+json\" class=\"yoast-schema-graph\">{\"@context\":\"https:\/\/schema.org\",\"@graph\":[{\"@type\":\"WebPage\",\"@id\":\"https:\/\/www.ewigerbund.org\/bayern\/staatsrecht\/buergerliches-recht\/buergerliches-gesetzbuch\/\",\"url\":\"https:\/\/www.ewigerbund.org\/bayern\/staatsrecht\/buergerliches-recht\/buergerliches-gesetzbuch\/\",\"name\":\"B\u00fcrgerliches Gesetzbuch. - K\u00f6nigreich Bayern\",\"isPartOf\":{\"@id\":\"https:\/\/www.ewigerbund.org\/bayern\/#website\"},\"primaryImageOfPage\":{\"@id\":\"https:\/\/www.ewigerbund.org\/bayern\/staatsrecht\/buergerliches-recht\/buergerliches-gesetzbuch\/#primaryimage\"},\"image\":{\"@id\":\"https:\/\/www.ewigerbund.org\/bayern\/staatsrecht\/buergerliches-recht\/buergerliches-gesetzbuch\/#primaryimage\"},\"thumbnailUrl\":\"https:\/\/www.ewigerbund.org\/bayern\/wp-content\/uploads\/sites\/12\/2023\/12\/1200x675px.jpg\",\"datePublished\":\"2024-02-22T16:12:21+00:00\",\"dateModified\":\"2024-02-22T16:12:22+00:00\",\"description\":\"Mit dem 1. Januar 1900 ist auch im K\u00f6nigreich Bayern das \\\"B\u00fcrgerliches Gesetzbuch f\u00fcr das Deutsche Reich\\\", kurz BGB, in Kraft getreten ...\",\"breadcrumb\":{\"@id\":\"https:\/\/www.ewigerbund.org\/bayern\/staatsrecht\/buergerliches-recht\/buergerliches-gesetzbuch\/#breadcrumb\"},\"inLanguage\":\"de\",\"potentialAction\":[{\"@type\":\"ReadAction\",\"target\":[\"https:\/\/www.ewigerbund.org\/bayern\/staatsrecht\/buergerliches-recht\/buergerliches-gesetzbuch\/\"]}]},{\"@type\":\"ImageObject\",\"inLanguage\":\"de\",\"@id\":\"https:\/\/www.ewigerbund.org\/bayern\/staatsrecht\/buergerliches-recht\/buergerliches-gesetzbuch\/#primaryimage\",\"url\":\"https:\/\/www.ewigerbund.org\/bayern\/wp-content\/uploads\/sites\/12\/2023\/12\/1200x675px.jpg\",\"contentUrl\":\"https:\/\/www.ewigerbund.org\/bayern\/wp-content\/uploads\/sites\/12\/2023\/12\/1200x675px.jpg\",\"width\":1200,\"height\":675},{\"@type\":\"BreadcrumbList\",\"@id\":\"https:\/\/www.ewigerbund.org\/bayern\/staatsrecht\/buergerliches-recht\/buergerliches-gesetzbuch\/#breadcrumb\",\"itemListElement\":[{\"@type\":\"ListItem\",\"position\":1,\"name\":\"Startseite\",\"item\":\"https:\/\/www.ewigerbund.org\/bayern\/\"},{\"@type\":\"ListItem\",\"position\":2,\"name\":\"Bayerisches Staatsrecht.\",\"item\":\"https:\/\/www.ewigerbund.org\/bayern\/staatsrecht\/\"},{\"@type\":\"ListItem\",\"position\":3,\"name\":\"B\u00fcrgerliches Recht.\",\"item\":\"https:\/\/www.ewigerbund.org\/bayern\/staatsrecht\/buergerliches-recht\/\"},{\"@type\":\"ListItem\",\"position\":4,\"name\":\"B\u00fcrgerliches Gesetzbuch.\"}]},{\"@type\":\"WebSite\",\"@id\":\"https:\/\/www.ewigerbund.org\/bayern\/#website\",\"url\":\"https:\/\/www.ewigerbund.org\/bayern\/\",\"name\":\"K\u00f6nigreich Bayern\",\"description\":\"im ewigen Bund.\",\"publisher\":{\"@id\":\"https:\/\/www.ewigerbund.org\/bayern\/#organization\"},\"potentialAction\":[{\"@type\":\"SearchAction\",\"target\":{\"@type\":\"EntryPoint\",\"urlTemplate\":\"https:\/\/www.ewigerbund.org\/bayern\/?s={search_term_string}\"},\"query-input\":\"required name=search_term_string\"}],\"inLanguage\":\"de\"},{\"@type\":\"Organization\",\"@id\":\"https:\/\/www.ewigerbund.org\/bayern\/#organization\",\"name\":\"K\u00f6nigreich Bayern\",\"url\":\"https:\/\/www.ewigerbund.org\/bayern\/\",\"logo\":{\"@type\":\"ImageObject\",\"inLanguage\":\"de\",\"@id\":\"https:\/\/www.ewigerbund.org\/bayern\/#\/schema\/logo\/image\/\",\"url\":\"https:\/\/www.ewigerbund.org\/bayern\/wp-content\/uploads\/sites\/12\/2023\/02\/2023-02-24-Logo-EB-Bayern-Schutzzone_Schatten_BGweiss_V2_1200px.png\",\"contentUrl\":\"https:\/\/www.ewigerbund.org\/bayern\/wp-content\/uploads\/sites\/12\/2023\/02\/2023-02-24-Logo-EB-Bayern-Schutzzone_Schatten_BGweiss_V2_1200px.png\",\"width\":1200,\"height\":1200,\"caption\":\"K\u00f6nigreich Bayern\"},\"image\":{\"@id\":\"https:\/\/www.ewigerbund.org\/bayern\/#\/schema\/logo\/image\/\"}}]}<\/script>\n<!-- \/ Yoast SEO plugin. -->","yoast_head_json":{"title":"B\u00fcrgerliches Gesetzbuch. - K\u00f6nigreich Bayern","description":"Mit dem 1. Januar 1900 ist auch im K\u00f6nigreich Bayern das \"B\u00fcrgerliches Gesetzbuch f\u00fcr das Deutsche Reich\", kurz BGB, in Kraft getreten ...","robots":{"index":"index","follow":"follow","max-snippet":"max-snippet:-1","max-image-preview":"max-image-preview:large","max-video-preview":"max-video-preview:-1"},"canonical":"https:\/\/www.ewigerbund.org\/bayern\/staatsrecht\/buergerliches-recht\/buergerliches-gesetzbuch\/","og_locale":"de_DE","og_type":"article","og_title":"B\u00fcrgerliches Gesetzbuch. - K\u00f6nigreich Bayern","og_description":"Mit dem 1. Januar 1900 ist auch im K\u00f6nigreich Bayern das \"B\u00fcrgerliches Gesetzbuch f\u00fcr das Deutsche Reich\", kurz BGB, in Kraft getreten ...","og_url":"https:\/\/www.ewigerbund.org\/bayern\/staatsrecht\/buergerliches-recht\/buergerliches-gesetzbuch\/","og_site_name":"K\u00f6nigreich Bayern","article_modified_time":"2024-02-22T16:12:22+00:00","og_image":[{"width":1200,"height":675,"url":"https:\/\/www.ewigerbund.org\/bayern\/wp-content\/uploads\/sites\/12\/2023\/12\/1200x675px.jpg","type":"image\/jpeg"}],"twitter_card":"summary_large_image","twitter_misc":{"Gesch\u00e4tzte Lesezeit":"3\u00a0Minuten"},"schema":{"@context":"https:\/\/schema.org","@graph":[{"@type":"WebPage","@id":"https:\/\/www.ewigerbund.org\/bayern\/staatsrecht\/buergerliches-recht\/buergerliches-gesetzbuch\/","url":"https:\/\/www.ewigerbund.org\/bayern\/staatsrecht\/buergerliches-recht\/buergerliches-gesetzbuch\/","name":"B\u00fcrgerliches Gesetzbuch. - K\u00f6nigreich Bayern","isPartOf":{"@id":"https:\/\/www.ewigerbund.org\/bayern\/#website"},"primaryImageOfPage":{"@id":"https:\/\/www.ewigerbund.org\/bayern\/staatsrecht\/buergerliches-recht\/buergerliches-gesetzbuch\/#primaryimage"},"image":{"@id":"https:\/\/www.ewigerbund.org\/bayern\/staatsrecht\/buergerliches-recht\/buergerliches-gesetzbuch\/#primaryimage"},"thumbnailUrl":"https:\/\/www.ewigerbund.org\/bayern\/wp-content\/uploads\/sites\/12\/2023\/12\/1200x675px.jpg","datePublished":"2024-02-22T16:12:21+00:00","dateModified":"2024-02-22T16:12:22+00:00","description":"Mit dem 1. Januar 1900 ist auch im K\u00f6nigreich Bayern das \"B\u00fcrgerliches Gesetzbuch f\u00fcr das Deutsche Reich\", kurz BGB, in Kraft getreten ...","breadcrumb":{"@id":"https:\/\/www.ewigerbund.org\/bayern\/staatsrecht\/buergerliches-recht\/buergerliches-gesetzbuch\/#breadcrumb"},"inLanguage":"de","potentialAction":[{"@type":"ReadAction","target":["https:\/\/www.ewigerbund.org\/bayern\/staatsrecht\/buergerliches-recht\/buergerliches-gesetzbuch\/"]}]},{"@type":"ImageObject","inLanguage":"de","@id":"https:\/\/www.ewigerbund.org\/bayern\/staatsrecht\/buergerliches-recht\/buergerliches-gesetzbuch\/#primaryimage","url":"https:\/\/www.ewigerbund.org\/bayern\/wp-content\/uploads\/sites\/12\/2023\/12\/1200x675px.jpg","contentUrl":"https:\/\/www.ewigerbund.org\/bayern\/wp-content\/uploads\/sites\/12\/2023\/12\/1200x675px.jpg","width":1200,"height":675},{"@type":"BreadcrumbList","@id":"https:\/\/www.ewigerbund.org\/bayern\/staatsrecht\/buergerliches-recht\/buergerliches-gesetzbuch\/#breadcrumb","itemListElement":[{"@type":"ListItem","position":1,"name":"Startseite","item":"https:\/\/www.ewigerbund.org\/bayern\/"},{"@type":"ListItem","position":2,"name":"Bayerisches Staatsrecht.","item":"https:\/\/www.ewigerbund.org\/bayern\/staatsrecht\/"},{"@type":"ListItem","position":3,"name":"B\u00fcrgerliches Recht.","item":"https:\/\/www.ewigerbund.org\/bayern\/staatsrecht\/buergerliches-recht\/"},{"@type":"ListItem","position":4,"name":"B\u00fcrgerliches Gesetzbuch."}]},{"@type":"WebSite","@id":"https:\/\/www.ewigerbund.org\/bayern\/#website","url":"https:\/\/www.ewigerbund.org\/bayern\/","name":"K\u00f6nigreich Bayern","description":"im ewigen Bund.","publisher":{"@id":"https:\/\/www.ewigerbund.org\/bayern\/#organization"},"potentialAction":[{"@type":"SearchAction","target":{"@type":"EntryPoint","urlTemplate":"https:\/\/www.ewigerbund.org\/bayern\/?s={search_term_string}"},"query-input":"required name=search_term_string"}],"inLanguage":"de"},{"@type":"Organization","@id":"https:\/\/www.ewigerbund.org\/bayern\/#organization","name":"K\u00f6nigreich Bayern","url":"https:\/\/www.ewigerbund.org\/bayern\/","logo":{"@type":"ImageObject","inLanguage":"de","@id":"https:\/\/www.ewigerbund.org\/bayern\/#\/schema\/logo\/image\/","url":"https:\/\/www.ewigerbund.org\/bayern\/wp-content\/uploads\/sites\/12\/2023\/02\/2023-02-24-Logo-EB-Bayern-Schutzzone_Schatten_BGweiss_V2_1200px.png","contentUrl":"https:\/\/www.ewigerbund.org\/bayern\/wp-content\/uploads\/sites\/12\/2023\/02\/2023-02-24-Logo-EB-Bayern-Schutzzone_Schatten_BGweiss_V2_1200px.png","width":1200,"height":1200,"caption":"K\u00f6nigreich Bayern"},"image":{"@id":"https:\/\/www.ewigerbund.org\/bayern\/#\/schema\/logo\/image\/"}}]}},"_links":{"self":[{"href":"https:\/\/www.ewigerbund.org\/bayern\/wp-json\/wp\/v2\/pages\/4625","targetHints":{"allow":["GET"]}}],"collection":[{"href":"https:\/\/www.ewigerbund.org\/bayern\/wp-json\/wp\/v2\/pages"}],"about":[{"href":"https:\/\/www.ewigerbund.org\/bayern\/wp-json\/wp\/v2\/types\/page"}],"author":[{"embeddable":true,"href":"https:\/\/www.ewigerbund.org\/bayern\/wp-json\/wp\/v2\/users\/1"}],"replies":[{"embeddable":true,"href":"https:\/\/www.ewigerbund.org\/bayern\/wp-json\/wp\/v2\/comments?post=4625"}],"version-history":[{"count":13,"href":"https:\/\/www.ewigerbund.org\/bayern\/wp-json\/wp\/v2\/pages\/4625\/revisions"}],"predecessor-version":[{"id":5204,"href":"https:\/\/www.ewigerbund.org\/bayern\/wp-json\/wp\/v2\/pages\/4625\/revisions\/5204"}],"up":[{"embeddable":true,"href":"https:\/\/www.ewigerbund.org\/bayern\/wp-json\/wp\/v2\/pages\/1933"}],"wp:featuredmedia":[{"embeddable":true,"href":"https:\/\/www.ewigerbund.org\/bayern\/wp-json\/wp\/v2\/media\/4835"}],"wp:attachment":[{"href":"https:\/\/www.ewigerbund.org\/bayern\/wp-json\/wp\/v2\/media?parent=4625"}],"wp:term":[{"taxonomy":"category","embeddable":true,"href":"https:\/\/www.ewigerbund.org\/bayern\/wp-json\/wp\/v2\/categories?post=4625"},{"taxonomy":"post_tag","embeddable":true,"href":"https:\/\/www.ewigerbund.org\/bayern\/wp-json\/wp\/v2\/tags?post=4625"}],"curies":[{"name":"wp","href":"https:\/\/api.w.org\/{rel}","templated":true}]}}