{"id":4074,"date":"2023-11-07T00:01:00","date_gmt":"2023-11-06T23:01:00","guid":{"rendered":"https:\/\/www.ewigerbund.org\/bayern\/?page_id=4074"},"modified":"2023-11-12T03:14:55","modified_gmt":"2023-11-12T02:14:55","slug":"freistaat-oder-koenigreich","status":"publish","type":"page","link":"https:\/\/www.ewigerbund.org\/bayern\/geschichte\/freistaat-oder-koenigreich\/","title":{"rendered":"Freistaat oder K\u00f6nigreich?"},"content":{"rendered":"\n<h2 class=\"gb-headline gb-headline-4d0cb5da gb-headline-text\"><strong>Freistaat oder K\u00f6nigreich?<\/strong><\/h2>\n\n\n<div class=\"gb-container gb-container-6ce7e8bd\">\n\n<p id=\"bkmrk-herzogtum%2C-f%C3%BCrstenst\">Wie kam es zum sog. Freistaat Bayern? Einst Herzogtum, dann F\u00fcrstenstaat und endlich K\u00f6nigreich &#8211; Seit dem Jahr <a href=\"https:\/\/www.ewigerbund.org\/bayern\/geschichte\/1180-der-beginn-des-hauses-bayern-otto-von-wittelsbach\/\">1180<\/a> wurden die bayerischen Lande durch das Haus Wittelsbach regiert. <\/p>\n\n\n\n<p id=\"bkmrk-herzogtum%2C-f%C3%BCrstenst\">Die Familie Wittelsbach wirkt bis heute f\u00fcr den Erhalt und die Eigenstaatlichkeit Bayerns, ist auch im sog. <em>Freistaat<\/em> pr\u00e4sent geblieben, wird geachtet und ist beim Volk beliebt. Kein Groll ist zu sp\u00fcren zwischen Volk und K\u00f6nigsfamilie. Ein merkw\u00fcrdiges Verh\u00e4ltnis eines Volkes zu einem Herrschergeschlecht, das es angeblich in einer Revolution verjagt hat. Grund genug, der Frage nachzugehen, wie es dazu kam, da\u00df unser geliebtes bayerisches Vaterland, welches seit dem Jahre 1806 ein gedeihendes K\u00f6nigreich war, zu einem sog. <em>Freistaat<\/em> wurde.<br><\/p>\n\n\n\n<h3 class=\"gb-headline gb-headline-e894d7cf gb-headline-text\"><strong>November 1918<\/strong>.<\/h3>\n\n\n\n<p id=\"bkmrk-%E2%80%9Enicht-die-strukture\">\u201eNicht die strukturelle Schw\u00e4che der monarchischen Idee, nicht die vermuteten oder tats\u00e4chlichen Verfallserscheinungen innerhalb der bayerischen Monarchie und auch nicht die angeblich un\u00fcberwindlichen sozialen und gesellschaftlichen Spannungen der Prinzregentenzeit lassen am Ende des Krieges die Revolution siegen. Resignation, Kriegsm\u00fcdigkeit und Friedenssehnsucht bestimmen das Bewu\u00dftsein, haben eine Stimmung geschaffen, in der dann der Umsturz erfolgreich betrieben werden kann. Auf diesem Hintergrund konnte die Beseitigung der Monarchie unter dem Motto der Kriegsbeendigung erfolgen.\u201c<sup>1<\/sup><\/p>\n\n\n\n<div style=\"height:50px\" aria-hidden=\"true\" class=\"wp-block-spacer\"><\/div>\n\n\n\n<figure class=\"wp-block-gallery has-nested-images columns-default is-cropped wp-block-gallery-1 is-layout-flex wp-block-gallery-is-layout-flex\">\n<figure class=\"wp-block-image size-medium\"><a href=\"https:\/\/www.ewigerbund.org\/bayern\/wp-content\/uploads\/sites\/12\/2023\/11\/Muenchen-1919-Revolution-1.jpg\"><img loading=\"lazy\" decoding=\"async\" width=\"300\" height=\"168\" src=\"https:\/\/www.ewigerbund.org\/bayern\/wp-content\/uploads\/sites\/12\/2023\/11\/Muenchen-1919-Revolution-1-300x168.jpg\" alt=\"\" class=\"wp-image-4322\" style=\"aspect-ratio:1.7813620071684588\" srcset=\"https:\/\/www.ewigerbund.org\/bayern\/wp-content\/uploads\/sites\/12\/2023\/11\/Muenchen-1919-Revolution-1-300x168.jpg 300w, https:\/\/www.ewigerbund.org\/bayern\/wp-content\/uploads\/sites\/12\/2023\/11\/Muenchen-1919-Revolution-1-768x431.jpg 768w, https:\/\/www.ewigerbund.org\/bayern\/wp-content\/uploads\/sites\/12\/2023\/11\/Muenchen-1919-Revolution-1.jpg 827w\" sizes=\"auto, (max-width: 300px) 100vw, 300px\" \/><\/a><figcaption class=\"wp-element-caption\">Demonstration in M\u00fcnchen 1919<\/figcaption><\/figure>\n\n\n\n<figure class=\"wp-block-image size-medium\"><a href=\"https:\/\/www.ewigerbund.org\/bayern\/wp-content\/uploads\/sites\/12\/2023\/11\/Theresienwiese_1918.jpg\"><img loading=\"lazy\" decoding=\"async\" width=\"300\" height=\"232\" src=\"https:\/\/www.ewigerbund.org\/bayern\/wp-content\/uploads\/sites\/12\/2023\/11\/Theresienwiese_1918-300x232.jpg\" alt=\"\" class=\"wp-image-4321\" srcset=\"https:\/\/www.ewigerbund.org\/bayern\/wp-content\/uploads\/sites\/12\/2023\/11\/Theresienwiese_1918-300x232.jpg 300w, https:\/\/www.ewigerbund.org\/bayern\/wp-content\/uploads\/sites\/12\/2023\/11\/Theresienwiese_1918.jpg 600w\" sizes=\"auto, (max-width: 300px) 100vw, 300px\" \/><\/a><figcaption class=\"wp-element-caption\">Demonstration auf der Theresienwiese am 7. November 1918, angeblich 60.000 Menschen<\/figcaption><\/figure>\n<\/figure>\n\n\n\n<div style=\"height:50px\" aria-hidden=\"true\" class=\"wp-block-spacer\"><\/div>\n\n\n\n<p id=\"bkmrk-ludwig-iii.-war-der-\"><a href=\"https:\/\/www.ewigerbund.org\/bayern\/geschichte\/ludwig-iii\/\">Ludwig III.<\/a> war der erste deutsche F\u00fcrst, der im Zuge der Novemberrevolution das Zepter aus der Hand geben mu\u00dfte. Die These von den Bayern, die ihren Herrscher verjagten, greift zu kurz. Es darf davon ausgegangen werden, da\u00df die von langer Hand geplante Vernichtung des Deutschen Reiches durch r\u00e4nkeschmiedende Kr\u00e4fte nicht zuf\u00e4llig zuerst in Bayern zur Vertreibung des legitimen Staatsoberhauptes f\u00fchrte.<\/p>\n\n\n\n<p id=\"bkmrk-das-selbstbewu%C3%9Ftsein\">Das Selbstbewu\u00dftsein und die Autorit\u00e4t des greisen K\u00f6nigs d\u00fcrfte zum Ende des Krieges bereits gelitten haben. Als junger Mann zog er es vor, Jura, Geschichte und National\u00f6konomie zu studieren. In Wirtschafts- und Verkehrsangelegenheiten wurde ihm auch durch seine Zeitgenossen eine hohe Kompetenz bescheinigt. Prinz Ludwig durchlief keinerlei milit\u00e4rische Ausbildung, was untypisch war f\u00fcr einen Wittelsbacher. Folglich hat sich dieses milit\u00e4rische Kompetenzvakuum ab 1914 offenbart. Der K\u00f6nig war mit dem Krieg schlichtweg \u00fcberfordert. Sein Sohn Rupprecht attestierte seinem Vater dann auch eine unrealistische optimistische Sicht auf den Ausgang dieses Waffenganges.<\/p>\n\n\n\n<div style=\"height:50px\" aria-hidden=\"true\" class=\"wp-block-spacer\"><\/div>\n\n\n<div class=\"wp-block-image\">\n<figure class=\"aligncenter size-full is-resized\"><img loading=\"lazy\" decoding=\"async\" width=\"600\" height=\"375\" src=\"https:\/\/www.ewigerbund.org\/bayern\/wp-content\/uploads\/sites\/12\/2023\/11\/LudwigIIIFamilie.jpg\" alt=\"\" class=\"wp-image-4324\" style=\"aspect-ratio:1.6;width:620px;height:auto\" srcset=\"https:\/\/www.ewigerbund.org\/bayern\/wp-content\/uploads\/sites\/12\/2023\/11\/LudwigIIIFamilie.jpg 600w, https:\/\/www.ewigerbund.org\/bayern\/wp-content\/uploads\/sites\/12\/2023\/11\/LudwigIIIFamilie-300x188.jpg 300w\" sizes=\"auto, (max-width: 600px) 100vw, 600px\" \/><\/figure><\/div>\n\n\n<div style=\"height:50px\" aria-hidden=\"true\" class=\"wp-block-spacer\"><\/div>\n\n\n\n<h2 class=\"gb-headline gb-headline-f546a5f4 gb-headline-text\">Uneinigkeit zwischen den H\u00e4usern.<\/h2>\n\n\n\n<p id=\"bkmrk-ein-weiterer-aspekt%2C\">Ein weiterer Aspekt, warum Bayern hinsichtlich eines Putsches anf\u00e4llig war, d\u00fcrfte in den wiederkehrenden Z\u00e4nkereien zwischen den Vertretern der H\u00e4user Hohenzollern und Wittelsbach zu finden sein. Wenn auch die gro\u00dfdeutsche Orientierung Bayerns au\u00dfer Frage stand, kam es immer wieder zu Sticheleien und Provokationen zwischen den beiden K\u00f6nigsh\u00e4usern der gr\u00f6\u00dften deutschen Bundesstaaten. So geschehen anl\u00e4\u00dflich des Kaisergeburtstags im Jahre 1900. <a href=\"https:\/\/www.ewigerbund.org\/bayern\/geschichte\/prinzregent-luitpold\/\">Prinzregent Luitpold<\/a> hatte angeordnet, die bayerischen Staatsgeb\u00e4ude dieses Mal nicht beflaggen zu lassen, sondern nur die Milit\u00e4rgeb\u00e4ude. Daraufhin sch\u00e4umte <a href=\"https:\/\/www.ewigerbund.org\/geschichte\/19-jahrhundert\/1859-wilhelm-ii\/\">Wilhelm II.<\/a>: \u201eNa warte Wittelsbach! Du sollst noch das Reich achten und kennen lernen!\u201c<sup>2<\/sup>und \u201eDie Sache darf nicht durchgelassen werden. Nie wieder darf die Flagge eines Wittelsbachers eines meiner Schiffe verunzieren.\u201c<sup>2<\/sup><\/p>\n\n\n\n<p id=\"bkmrk-hinter-dem-humoristi\">Hinter dem humoristischen Aspekt solcher pers\u00f6nlicher Eitelkeiten lassen derlei Eskapaden gewisse Spannungen zwischen den protestantischen Hohenzollern und den katholischen Wittelsbachern durchscheinen. Ein Hebel, der von zersetzenden Kr\u00e4ften zur Spaltung der Deutschen eingesetzt wird.<\/p>\n\n\n\n<p id=\"bkmrk-vor-dem-hintergrund-\">Vor dem Hintergrund eines angeschlagenen Herrscherhauses nutzten aufr\u00fchrerische Kreise um den Revolutionsf\u00fchrer Kurt Eisner die Situation aus. Eisner, der im Januar 1918 wegen Hochverrats inhaftiert und im Oktober wieder freigelassen wurde, gelang es, am 7. November auf der M\u00fcnchener Theresienwiese, je nach Quelle, zwanzig- bis sechzigtausend Demonstranten zu versammeln. Es handelte sich dabei um eine Kundgebung der Gewerkschaften, der SPD sowie der USPD. Eisner wird nachgesagt, \u00fcber schier unersch\u00f6pfliche finanzielle Ressourcen verf\u00fcgt zu haben. So soll er zur Durchf\u00fchrung des Putsches im Oktober und November 1918 ca. 165 Millionen Mark (3 Milliarden Euro) ausgegeben haben.<\/p>\n\n\n\n<div style=\"height:50px\" aria-hidden=\"true\" class=\"wp-block-spacer\"><\/div>\n\n\n\n<figure class=\"wp-block-gallery has-nested-images columns-default is-cropped wp-block-gallery-2 is-layout-flex wp-block-gallery-is-layout-flex\">\n<figure class=\"wp-block-image size-full\"><a href=\"https:\/\/www.ewigerbund.org\/bayern\/wp-content\/uploads\/sites\/12\/2023\/11\/Kurt_Eisner_mit_Frau_und_Unterleitner_1919.jpg\"><img loading=\"lazy\" decoding=\"async\" width=\"800\" height=\"450\" src=\"https:\/\/www.ewigerbund.org\/bayern\/wp-content\/uploads\/sites\/12\/2023\/11\/Kurt_Eisner_mit_Frau_und_Unterleitner_1919.jpg\" alt=\"\" class=\"wp-image-4319\" style=\"aspect-ratio:1.7777777777777777\" srcset=\"https:\/\/www.ewigerbund.org\/bayern\/wp-content\/uploads\/sites\/12\/2023\/11\/Kurt_Eisner_mit_Frau_und_Unterleitner_1919.jpg 800w, https:\/\/www.ewigerbund.org\/bayern\/wp-content\/uploads\/sites\/12\/2023\/11\/Kurt_Eisner_mit_Frau_und_Unterleitner_1919-300x169.jpg 300w, https:\/\/www.ewigerbund.org\/bayern\/wp-content\/uploads\/sites\/12\/2023\/11\/Kurt_Eisner_mit_Frau_und_Unterleitner_1919-768x432.jpg 768w\" sizes=\"auto, (max-width: 800px) 100vw, 800px\" \/><\/a><figcaption class=\"wp-element-caption\">Kurt Eisner mit seiner Frau und seinem Schwiegersohn, Minister Hans Unterleitner<\/figcaption><\/figure>\n\n\n\n<figure class=\"wp-block-image size-full\"><a href=\"https:\/\/www.ewigerbund.org\/bayern\/wp-content\/uploads\/sites\/12\/2023\/11\/Sennecke_-_Kurt_Eisner_Fahrt_zur_Reichskonferenz_November_1918.jpg\"><img loading=\"lazy\" decoding=\"async\" width=\"500\" height=\"379\" src=\"https:\/\/www.ewigerbund.org\/bayern\/wp-content\/uploads\/sites\/12\/2023\/11\/Sennecke_-_Kurt_Eisner_Fahrt_zur_Reichskonferenz_November_1918.jpg\" alt=\"\" class=\"wp-image-4323\" srcset=\"https:\/\/www.ewigerbund.org\/bayern\/wp-content\/uploads\/sites\/12\/2023\/11\/Sennecke_-_Kurt_Eisner_Fahrt_zur_Reichskonferenz_November_1918.jpg 500w, https:\/\/www.ewigerbund.org\/bayern\/wp-content\/uploads\/sites\/12\/2023\/11\/Sennecke_-_Kurt_Eisner_Fahrt_zur_Reichskonferenz_November_1918-300x227.jpg 300w\" sizes=\"auto, (max-width: 500px) 100vw, 500px\" \/><\/a><figcaption class=\"wp-element-caption\">Eisner auf der Fahrt zur Reichskanzlei in Berlin<\/figcaption><\/figure>\n<\/figure>\n\n\n\n<div style=\"height:50px\" aria-hidden=\"true\" class=\"wp-block-spacer\"><\/div>\n\n\n\n<p id=\"bkmrk-viele-der-vor-kurzem\">Viele der vor kurzem heimgekehrten kriegsm\u00fcden und ersch\u00f6pften Soldaten schlossen sich den Aufst\u00e4ndischen an. Noch in der Nacht vom 7. auf den 8. November fl\u00fcchtete die K\u00f6nigsfamilie auf Dr\u00e4ngen des Innenministers Dandl nach Wildenwarth im Chiemgau.<\/p>\n\n\n\n<h3 class=\"gb-headline gb-headline-13f769c4 gb-headline-text\"><strong>Exkurs<\/strong>.<\/h3>\n\n\n\n<p id=\"bkmrk-thronverzicht\">Thronverzicht<\/p>\n\n\n\n<blockquote class=\"wp-block-quote zitat-style is-layout-flow wp-block-quote-is-layout-flow\">\n<p id=\"bkmrk-%E2%80%9Ezeit-meines-lebens-\">\u201e<em>Zeit meines Lebens habe ich mit dem Volk und f\u00fcr das Volk gearbeitet. Die Sorge f\u00fcr das Wohl meines geliebten Bayern war stets mein h\u00f6chstes Streben.<\/em><\/p>\n\n\n\n<p id=\"bkmrk-nachdem-ich-infolge-\"><em>Nachdem ich infolge der Ereignisse der letzten Tage nicht mehr in der Lage bin die Regierung weiterzuf\u00fchren, stelle ich allen Beamten, Offizieren und Soldaten die Weiterarbeit unter den gegebenen Verh\u00e4ltnissen frei und entbinde sie des mir geleisteten Treueides.&#8220;<\/em><\/p>\n\n\n\n<p id=\"bkmrk-anif-den-13.-novembe\"><em>Anif den 13. November 1918.<\/em><\/p>\n\n\n\n<p id=\"bkmrk-ludwig%E2%80%9C3\"><em>Ludwig<\/em> III<\/p>\n<\/blockquote>\n\n\n\n<p id=\"bkmrk--4\"><br><\/p>\n\n\n\n<p id=\"bkmrk-die-sog.-anifer-erkl\">Die sog. Anifer Erkl\u00e4rung vom 13. November 1918 wurde von der neuen Regierung als Thronverzicht interpretiert und als solcher dem bayerischen Volk weisgemacht. \u201eTats\u00e4chlich aber haben weder der K\u00f6nig noch andere Mitglieder des Hauses Wittelsbach jemals auf den bayerischen Thron verzichtet.\u201c<\/p>\n\n\n\n<p id=\"bkmrk-die-entbindung-der-b\">Die Entbindung der Beamten von ihrem Eid erm\u00f6glichte die Aufrechterhaltung der Verwaltung und verhinderte somit den Ausbruch von Anarchie und Chaos. Bei der Entbindung vom Eid f\u00fcr Soldaten und Offiziere wurde ein m\u00f6gliches Blutvergie\u00dfen verhindert.<\/p>\n\n\n\n<div style=\"height:50px\" aria-hidden=\"true\" class=\"wp-block-spacer\"><\/div>\n\n\n\n<h3 class=\"gb-headline gb-headline-a7651706 gb-headline-text\"><strong>Die Folgen der Ereignisse<\/strong>.<\/h3>\n\n\n\n<p id=\"bkmrk-anfang-november-1918\">Anfang November 1918 bildeten sich Soldaten- und Arbeiterr\u00e4te nach dem Vorbild der sog. Oktoberrevolution in Ru\u00dfland. Ausgehend von M\u00fcnchen wurden diese R\u00e4te dann auch in zahlreichen weiteren bayerischen St\u00e4dten gew\u00e4hlt. In der Nacht vom 7. auf den 8. November besetzten die Mitglieder dieser R\u00e4te \u00f6ffentliche Geb\u00e4ude in M\u00fcnchen. Am 8. November 1918 waren diese Gremien beteiligt an einer ersten provisorischen Regierung unter Kurt Eisner. In Anbetracht der rasch aufeinander folgenden Ereignisse, darf man von einer im Vorfeld strategisch ausgerichteten Planung ausgehen.<\/p>\n\n\n\n<p id=\"bkmrk--6\">Das leidgepr\u00fcfte deutsche Volk wurde in seiner Hoffnung auf friedliche Zeiten nach dem Waffenstillstand und dem Sturz der Monarchien entt\u00e4uscht. Hohe Arbeitslosigkeit und Armut f\u00fchrten dazu, da\u00df es immer wieder zu Kundgebungen gegen die neue Regierung kam. So etwa am 7. Januar 1919, als sich viertausend Demonstranten auf der Theresienwiese einfanden mit der Forderung nach einer h\u00f6heren Arbeitslosenunterst\u00fctzung. Die Veranstaltung wurde dann von der \u201eSchutzwache\u201c unter Maschinengewehrfeuer aufgel\u00f6st.<\/p>\n\n\n\n<p id=\"bkmrk-die-unzufriedenheit-\">Die Unzufriedenheit des Volkes nutzten wiederum kommunistische Kr\u00e4fte aus, um eine R\u00e4terepublik nach sowjetischem Vorbild zu fordern. Tats\u00e4chlich wurde am 7. April 1919 die \u201eR\u00e4terepublik Baiern\u201c ausgerufen. Selbsternannte \u201eVolksbeauftragte\u201c wie Gustav Landauer, Erich M\u00fchsam und Ernst Toller gaben den Ton an. Diese Episode endete am 2. Mai 1919 durch milit\u00e4rische Intervention Preu\u00dfens, W\u00fcrttembergs sowie eines Freikorps.<\/p>\n\n\n\n<div style=\"height:30px\" aria-hidden=\"true\" class=\"wp-block-spacer\"><\/div>\n\n\n\n<h3 class=\"gb-headline gb-headline-1450ba32 gb-headline-text\">10.000,- Mark Belohnung<\/h3>\n\n\n\n<figure class=\"wp-block-gallery has-nested-images columns-4 is-cropped wp-block-gallery-3 is-layout-flex wp-block-gallery-is-layout-flex\">\n<figure class=\"wp-block-image size-large\"><a href=\"https:\/\/www.ewigerbund.org\/bayern\/wp-content\/uploads\/sites\/12\/2023\/11\/Ernst_Toller_1923.jpg\"><img loading=\"lazy\" decoding=\"async\" width=\"511\" height=\"815\" src=\"https:\/\/www.ewigerbund.org\/bayern\/wp-content\/uploads\/sites\/12\/2023\/11\/Ernst_Toller_1923.jpg\" alt=\"\" class=\"wp-image-4440\" srcset=\"https:\/\/www.ewigerbund.org\/bayern\/wp-content\/uploads\/sites\/12\/2023\/11\/Ernst_Toller_1923.jpg 511w, https:\/\/www.ewigerbund.org\/bayern\/wp-content\/uploads\/sites\/12\/2023\/11\/Ernst_Toller_1923-188x300.jpg 188w\" sizes=\"auto, (max-width: 511px) 100vw, 511px\" \/><\/a><figcaption class=\"wp-element-caption\">Ernst Toller<\/figcaption><\/figure>\n\n\n\n<figure class=\"wp-block-image size-large\"><a href=\"https:\/\/www.ewigerbund.org\/bayern\/wp-content\/uploads\/sites\/12\/2023\/11\/Ernst_Toller_-_10000_Mark_Belohnung_wegen_Hochverrats_1919.jpg\"><img loading=\"lazy\" decoding=\"async\" width=\"553\" height=\"720\" src=\"https:\/\/www.ewigerbund.org\/bayern\/wp-content\/uploads\/sites\/12\/2023\/11\/Ernst_Toller_-_10000_Mark_Belohnung_wegen_Hochverrats_1919.jpg\" alt=\"\" class=\"wp-image-4441\" srcset=\"https:\/\/www.ewigerbund.org\/bayern\/wp-content\/uploads\/sites\/12\/2023\/11\/Ernst_Toller_-_10000_Mark_Belohnung_wegen_Hochverrats_1919.jpg 553w, https:\/\/www.ewigerbund.org\/bayern\/wp-content\/uploads\/sites\/12\/2023\/11\/Ernst_Toller_-_10000_Mark_Belohnung_wegen_Hochverrats_1919-230x300.jpg 230w\" sizes=\"auto, (max-width: 553px) 100vw, 553px\" \/><\/a><\/figure>\n\n\n\n<figure class=\"wp-block-image size-large\"><a href=\"https:\/\/www.ewigerbund.org\/bayern\/wp-content\/uploads\/sites\/12\/2023\/11\/Bundesarchiv_Bild_146-1981-003-08_Erich_Muehsam.jpg\"><img loading=\"lazy\" decoding=\"async\" width=\"532\" height=\"769\" src=\"https:\/\/www.ewigerbund.org\/bayern\/wp-content\/uploads\/sites\/12\/2023\/11\/Bundesarchiv_Bild_146-1981-003-08_Erich_Muehsam.jpg\" alt=\"\" class=\"wp-image-4442\" srcset=\"https:\/\/www.ewigerbund.org\/bayern\/wp-content\/uploads\/sites\/12\/2023\/11\/Bundesarchiv_Bild_146-1981-003-08_Erich_Muehsam.jpg 532w, https:\/\/www.ewigerbund.org\/bayern\/wp-content\/uploads\/sites\/12\/2023\/11\/Bundesarchiv_Bild_146-1981-003-08_Erich_Muehsam-208x300.jpg 208w\" sizes=\"auto, (max-width: 532px) 100vw, 532px\" \/><\/a><figcaption class=\"wp-element-caption\">Erich M\u00fchsam<\/figcaption><\/figure>\n\n\n\n<figure class=\"wp-block-image size-large\"><a href=\"https:\/\/www.ewigerbund.org\/bayern\/wp-content\/uploads\/sites\/12\/2023\/11\/Gustav_Landauer_189x.png\"><img loading=\"lazy\" decoding=\"async\" width=\"755\" height=\"1024\" src=\"https:\/\/www.ewigerbund.org\/bayern\/wp-content\/uploads\/sites\/12\/2023\/11\/Gustav_Landauer_189x-755x1024.png\" alt=\"\" class=\"wp-image-4443\" srcset=\"https:\/\/www.ewigerbund.org\/bayern\/wp-content\/uploads\/sites\/12\/2023\/11\/Gustav_Landauer_189x-755x1024.png 755w, https:\/\/www.ewigerbund.org\/bayern\/wp-content\/uploads\/sites\/12\/2023\/11\/Gustav_Landauer_189x-221x300.png 221w, https:\/\/www.ewigerbund.org\/bayern\/wp-content\/uploads\/sites\/12\/2023\/11\/Gustav_Landauer_189x-768x1041.png 768w, https:\/\/www.ewigerbund.org\/bayern\/wp-content\/uploads\/sites\/12\/2023\/11\/Gustav_Landauer_189x.png 1055w\" sizes=\"auto, (max-width: 755px) 100vw, 755px\" \/><\/a><figcaption class=\"wp-element-caption\">Gustav Landauer<\/figcaption><\/figure>\n<\/figure>\n\n\n\n<div style=\"height:30px\" aria-hidden=\"true\" class=\"wp-block-spacer\"><\/div>\n\n\n\n<p id=\"bkmrk-ein-zitat-landauers-\">Ein Zitat Landauers verdeutlicht die politische Zerrissenheit dieser Zeit: <\/p>\n\n\n<div class=\"gb-container gb-container-51e9ac96\">\n\n<blockquote class=\"wp-block-quote zitat-style is-layout-flow wp-block-quote-is-layout-flow\">\n<p id=\"bkmrk-ein-zitat-landauers-\">\u201eIn der ganzen Naturgeschichte kenne ich kein ekelhafteres Lebewesen als die Sozialdemokratische Partei.\u201c<\/p>\n<\/blockquote>\n\n<\/div>\n\n\n<p id=\"bkmrk-ein-zitat-landauers-\">Es sollte nicht unerw\u00e4hnt bleiben, da\u00df die R\u00e4terepublik nur ausgerufen werden konnte in Folge der vorherigen Machtergreifung durch Sozialdemokraten. Der f\u00fchrende Sozialdemokrat, Kurt Eisner, wiederum wurde bereits am 21. Februar 1919 erschossen von Anton Graf von Arco auf Valley.<\/p>\n\n\n\n<div style=\"height:50px\" aria-hidden=\"true\" class=\"wp-block-spacer\"><\/div>\n\n\n\n<figure class=\"wp-block-gallery has-nested-images columns-2 is-cropped wp-block-gallery-4 is-layout-flex wp-block-gallery-is-layout-flex\">\n<figure class=\"wp-block-image size-full\"><a href=\"https:\/\/www.ewigerbund.org\/bayern\/wp-content\/uploads\/sites\/12\/2023\/11\/AlborozoProclamacionDeLaRepublicaBaviera.jpg\"><img loading=\"lazy\" decoding=\"async\" width=\"600\" height=\"418\" src=\"https:\/\/www.ewigerbund.org\/bayern\/wp-content\/uploads\/sites\/12\/2023\/11\/AlborozoProclamacionDeLaRepublicaBaviera.jpg\" alt=\"\" class=\"wp-image-4327\" srcset=\"https:\/\/www.ewigerbund.org\/bayern\/wp-content\/uploads\/sites\/12\/2023\/11\/AlborozoProclamacionDeLaRepublicaBaviera.jpg 600w, https:\/\/www.ewigerbund.org\/bayern\/wp-content\/uploads\/sites\/12\/2023\/11\/AlborozoProclamacionDeLaRepublicaBaviera-300x209.jpg 300w\" sizes=\"auto, (max-width: 600px) 100vw, 600px\" \/><\/a><\/figure>\n\n\n\n<figure class=\"wp-block-image size-full\"><a href=\"https:\/\/www.ewigerbund.org\/bayern\/wp-content\/uploads\/sites\/12\/2023\/11\/Revolution1918-1.jpg\"><img loading=\"lazy\" decoding=\"async\" width=\"800\" height=\"519\" src=\"https:\/\/www.ewigerbund.org\/bayern\/wp-content\/uploads\/sites\/12\/2023\/11\/Revolution1918-1.jpg\" alt=\"\" class=\"wp-image-4447\" srcset=\"https:\/\/www.ewigerbund.org\/bayern\/wp-content\/uploads\/sites\/12\/2023\/11\/Revolution1918-1.jpg 800w, https:\/\/www.ewigerbund.org\/bayern\/wp-content\/uploads\/sites\/12\/2023\/11\/Revolution1918-1-300x195.jpg 300w, https:\/\/www.ewigerbund.org\/bayern\/wp-content\/uploads\/sites\/12\/2023\/11\/Revolution1918-1-768x498.jpg 768w\" sizes=\"auto, (max-width: 800px) 100vw, 800px\" \/><\/a><\/figure>\n\n\n\n<figure class=\"wp-block-image size-full\"><a href=\"https:\/\/www.ewigerbund.org\/bayern\/wp-content\/uploads\/sites\/12\/2023\/11\/Antibolschewisxt.jpg\"><img loading=\"lazy\" decoding=\"async\" width=\"800\" height=\"450\" src=\"https:\/\/www.ewigerbund.org\/bayern\/wp-content\/uploads\/sites\/12\/2023\/11\/Antibolschewisxt.jpg\" alt=\"\" class=\"wp-image-4383\" srcset=\"https:\/\/www.ewigerbund.org\/bayern\/wp-content\/uploads\/sites\/12\/2023\/11\/Antibolschewisxt.jpg 800w, https:\/\/www.ewigerbund.org\/bayern\/wp-content\/uploads\/sites\/12\/2023\/11\/Antibolschewisxt-300x169.jpg 300w, https:\/\/www.ewigerbund.org\/bayern\/wp-content\/uploads\/sites\/12\/2023\/11\/Antibolschewisxt-768x432.jpg 768w\" sizes=\"auto, (max-width: 800px) 100vw, 800px\" \/><\/a><\/figure>\n\n\n\n<figure class=\"wp-block-image size-full\"><a href=\"https:\/\/www.ewigerbund.org\/bayern\/wp-content\/uploads\/sites\/12\/2023\/11\/Stadt-Kommandantur_Muenchen_\u2014_Beschluss_Saemtliche_Buerger_._14._April_1919.jpg\"><img loading=\"lazy\" decoding=\"async\" width=\"600\" height=\"847\" src=\"https:\/\/www.ewigerbund.org\/bayern\/wp-content\/uploads\/sites\/12\/2023\/11\/Stadt-Kommandantur_Muenchen_\u2014_Beschluss_Saemtliche_Buerger_._14._April_1919.jpg\" alt=\"\" class=\"wp-image-4328\" srcset=\"https:\/\/www.ewigerbund.org\/bayern\/wp-content\/uploads\/sites\/12\/2023\/11\/Stadt-Kommandantur_Muenchen_\u2014_Beschluss_Saemtliche_Buerger_._14._April_1919.jpg 600w, https:\/\/www.ewigerbund.org\/bayern\/wp-content\/uploads\/sites\/12\/2023\/11\/Stadt-Kommandantur_Muenchen_\u2014_Beschluss_Saemtliche_Buerger_._14._April_1919-213x300.jpg 213w\" sizes=\"auto, (max-width: 600px) 100vw, 600px\" \/><\/a><\/figure>\n<\/figure>\n\n\n\n<p id=\"bkmrk--7\"><br><\/p>\n\n\n<div class=\"gb-container gb-container-8309b293\">\n\n<p id=\"bkmrk-nachdem-im-sommer-19\">Nachdem im Sommer 1919 der \u201eVersailler Vertrag\u201c unter Dach und Fach war, wurde die v\u00f6lkerrechtswidrige britische Hungerblockade gegen das deutsche Volk aufgehoben. Das folgende Verwaltungskonstrukt namens Weimarer Republik f\u00fchrte dann geradewegs innerhalb weniger Jahre zum finanzpolitischen Kollaps durch eine Hyperinflation und somit einer weiteren Verarmung der Deutschen und somit auch der Bayern.<\/p>\n\n<\/div>\n\n\n<p id=\"bkmrk-die-katastrophalen-p\">Die katastrophalen politischen und wirtschaftlichen Zust\u00e4nde der 1920er Jahre bereiteten den N\u00e4hrboden f\u00fcr die Erfolge der Nationalsozialisten. Die zerm\u00fcrbten Deutschen folgten nur allzu gerne den Heilsversprechungen hinsichtlich einer wiedererstarkenden deutschen Nation.<\/p>\n\n\n\n<p id=\"bkmrk--8\"><\/p>\n\n\n\n<p id=\"bkmrk-zwischen-1918-und-19\">Zwischen 1918 und 1933 gab es immer wieder Bestrebungen hinsichtlich einer Restauration der deutschen Monarchien respektive des Kaiserreichs. Durch geschickte Propaganda der Regierungen nebst angeschlossener Presse wurden derlei Bestrebungen unterbunden. Die Deutschen entschieden sich in demokratischer Wahl f\u00fcr das nationalsozialistische Regime, infolgedessen Deutschland und die Welt in die n\u00e4chste Katastrophe schlingerte. Innenpolitisch bedeutsam war u.a. das neue Staatsangeh\u00f6rigkeitsgesetz von 1934, in dem zum ersten Mal eine deutsche Staatsangeh\u00f6rigkeit eingef\u00fchrt wurde.<\/p>\n\n\n\n<h3 class=\"gb-headline gb-headline-0da14d46 gb-headline-text\"><strong>Fazit<\/strong><\/h3>\n\n\n\n<p id=\"bkmrk-der-sog.-freistaat-b\">Der sog. Freistaat Bayern ist ein Polit- und Verwaltungskonstrukt, das 1918 in Folge eines politischen Umsturzes \u201eausgerufen\u201c wurde. Die aktuell geltende Verfassung dieses Konstruktes wurde auf Anweisung des US-amerikanischen Milit\u00e4rs als Besatzungsmacht 1946 angefertigt und in Kraft gesetzt. Ebenfalls 1946 wurde die franz\u00f6sisch besetzte Pfalz durch die franz\u00f6sische Besatzungsmacht per Verordnung von Bayern abgetrennt. Mit Gr\u00fcndung der Bundesrepublik Deutschland wurde der Freistaat Bayern als Bundesland in die BRD eingegliedert.<\/p>\n\n\n\n<p id=\"bkmrk-es-handelt-sich-bei-\">Es handelt sich bei der Bundesrepublik also um ein merkw\u00fcrdiges Konstrukt, bei dem fundamentale Bestandteile eines souver\u00e4nen Staatswesens schlicht fehlen.<\/p>\n\n\n\n<p id=\"bkmrk-sowohl-der-bundestag\">Sowohl der Bundestag wie das Bundesverfassungsgericht gehen daher von einem Fortbestand des Deutschen Reiches aus. Im Analogschlu\u00df bedeutet das, da\u00df das K\u00f6nigreich Bayern ebenfalls weiter fortbesteht.<\/p>\n\n\n\n<p id=\"bkmrk--12\"><br><\/p>\n\n\n\n<p id=\"bkmrk-wollen-wir-weiterhin\">Wollen wir weiterhin fremdbestimmt sein durch eine Regierung, die fremde Interessen vertritt bzw. durch EU-Kommissare o. \u00e4. regiert werden oder m\u00f6chten wir wieder selbstbestimmmte Bayern sein, eingebettet in den souver\u00e4nen Gesamtstaat Deutsches Reich?<\/p>\n\n\n\n<div style=\"height:50px\" aria-hidden=\"true\" class=\"wp-block-spacer\"><\/div>\n\n\n\n<h4 class=\"gb-headline gb-headline-09e7f643 gb-headline-text\"><strong>Quellen<\/strong><\/h4>\n\n\n\n<p class=\"has-small-font-size\" id=\"bkmrk-1%29-k%C3%B6rner%2C-hans-mich\">1) K\u00f6rner, Hans-Michael: Geschichte des K\u00f6nigreichs Bayern, M\u00fcnchen 2006, Seite 199 f.<\/p>\n\n\n\n<p class=\"has-small-font-size\" id=\"bkmrk-2%29-k%C3%B6rner%2C-a.a.o.%2C-s\">2) K\u00f6rner, a.a.O., Seite 185.<\/p>\n\n\n\n<p class=\"has-small-font-size\" id=\"bkmrk-3%29-https%3A%2F%2Fde.wikipe\">&#8230;<\/p>\n\n<\/div>\n\n\n<div style=\"height:50px\" aria-hidden=\"true\" class=\"wp-block-spacer\"><\/div>\n\n\n\n<hr class=\"wp-block-separator has-alpha-channel-opacity\" \/>\n\n\n\n<div style=\"height:50px\" aria-hidden=\"true\" class=\"wp-block-spacer\"><\/div>\n\n\n\n<h2 class=\"gb-headline gb-headline-97273625 gb-headline-text\">AUCH INTERESSANT<\/h2>\n\n\n<div class=\"gb-container gb-container-f612280c\">\n\n<div class=\"wp-block-columns is-layout-flex wp-container-core-columns-is-layout-1 wp-block-columns-is-layout-flex\">\n<div class=\"wp-block-column is-layout-flow wp-block-column-is-layout-flow\">\n<figure class=\"wp-block-image size-large\"><a href=\"https:\/\/www.ewigerbund.org\/bayern\/geschichte\/karl-theodor-kurfuerst-von-bayern\/\"><img loading=\"lazy\" decoding=\"async\" width=\"1024\" height=\"582\" src=\"https:\/\/www.ewigerbund.org\/bayern\/wp-content\/uploads\/sites\/12\/2023\/06\/Carl-Theodor-Vorschau-1024x582.jpg\" alt=\"Carl-Theodor\" class=\"wp-image-2786\" srcset=\"https:\/\/www.ewigerbund.org\/bayern\/wp-content\/uploads\/sites\/12\/2023\/06\/Carl-Theodor-Vorschau-1024x582.jpg 1024w, https:\/\/www.ewigerbund.org\/bayern\/wp-content\/uploads\/sites\/12\/2023\/06\/Carl-Theodor-Vorschau-300x171.jpg 300w, https:\/\/www.ewigerbund.org\/bayern\/wp-content\/uploads\/sites\/12\/2023\/06\/Carl-Theodor-Vorschau-768x436.jpg 768w, https:\/\/www.ewigerbund.org\/bayern\/wp-content\/uploads\/sites\/12\/2023\/06\/Carl-Theodor-Vorschau.jpg 1200w\" sizes=\"auto, (max-width: 1024px) 100vw, 1024px\" \/><\/a><\/figure>\n\n\n\n<h2 class=\"wp-block-heading has-medium-font-size\"><strong>1777-1799. Karl Theodor, Kurf\u00fcrst von Bayern.<\/strong><\/h2>\n\n\n\n<p>Karl Theodor hatte bereits 35 Jahre in der Pfalz regiert und sich dort pr\u00e4chtige Wohnsitze geschaffen, als ihm Bayern als ein unverhofftes Erbe zufiel. Nur ungern entschlo\u00df er sich seine bisherige Residenz Mannheim mit M\u00fcnchen zu vertauschen. Da er ohne erbberechtigte Nachkommen war, gewann ihn Kaiser Joseph II. leicht f\u00fcr seinen Plan, s\u00e4mtliche Bayern unter einem Herrscherhause zu vereinigen. <\/p>\n\n\n\n<p><a href=\"https:\/\/www.ewigerbund.org\/bayern\/geschichte\/karl-theodor-kurfuerst-von-bayern\/\">Weiterlesen \u2192<\/a><\/p>\n<\/div>\n\n\n\n<div class=\"wp-block-column is-layout-flow wp-block-column-is-layout-flow\">\n<figure class=\"wp-block-image size-large\"><a href=\"https:\/\/www.ewigerbund.org\/bayern\/geschichte\/die-wittelsbacher\/\"><img loading=\"lazy\" decoding=\"async\" width=\"1024\" height=\"580\" src=\"https:\/\/www.ewigerbund.org\/bayern\/wp-content\/uploads\/sites\/12\/2023\/06\/900-1180_Die_Wittelsbacher-1200x680-1-1024x580.jpg\" alt=\"Die Wittelsbacher\" class=\"wp-image-2854\" srcset=\"https:\/\/www.ewigerbund.org\/bayern\/wp-content\/uploads\/sites\/12\/2023\/06\/900-1180_Die_Wittelsbacher-1200x680-1-1024x580.jpg 1024w, https:\/\/www.ewigerbund.org\/bayern\/wp-content\/uploads\/sites\/12\/2023\/06\/900-1180_Die_Wittelsbacher-1200x680-1-300x170.jpg 300w, https:\/\/www.ewigerbund.org\/bayern\/wp-content\/uploads\/sites\/12\/2023\/06\/900-1180_Die_Wittelsbacher-1200x680-1-768x435.jpg 768w, https:\/\/www.ewigerbund.org\/bayern\/wp-content\/uploads\/sites\/12\/2023\/06\/900-1180_Die_Wittelsbacher-1200x680-1.jpg 1200w\" sizes=\"auto, (max-width: 1024px) 100vw, 1024px\" \/><\/a><\/figure>\n\n\n\n<h2 class=\"has-medium-font-size wp-block-heading\"><strong>900-1180. Die Wittelsbacher.<\/strong><\/h2>\n\n\n\n<p>V\u00f6lker verrauschen und Namen verklingen und d\u00fcstre Vergessenheit deckt ganze Geschlechter. Nur wenige \u00fcberdauern die St\u00fcrme der Zeit und ragen wie die Alpenh\u00e4upter aus der Vergangenheit noch herein in die Gegenwart. An diese wenigen Geschlechter, welche von der Vorsehung bestimmt sind, die Geschicke der V\u00f6lker zu leiten, reiht sich das der Wittelsbacher.<\/p>\n\n\n\n<p><a href=\"https:\/\/www.ewigerbund.org\/bayern\/geschichte\/die-wittelsbacher\/\">Weiterlesen \u2192<\/a><\/p>\n<\/div>\n\n\n\n<div class=\"wp-block-column is-layout-flow wp-block-column-is-layout-flow\">\n<figure class=\"wp-block-image size-full\"><a href=\"https:\/\/www.ewigerbund.org\/bayern\/geschichte\/die-kirchenspaltung\/\"><img loading=\"lazy\" decoding=\"async\" width=\"1024\" height=\"580\" src=\"https:\/\/www.ewigerbund.org\/bayern\/wp-content\/uploads\/sites\/12\/2023\/06\/1409-1558_Die_Kirchenspaltung-1024x580-1.jpg\" alt=\"1409-1558_Die_Kirchenspaltung\" class=\"wp-image-2871\" srcset=\"https:\/\/www.ewigerbund.org\/bayern\/wp-content\/uploads\/sites\/12\/2023\/06\/1409-1558_Die_Kirchenspaltung-1024x580-1.jpg 1024w, https:\/\/www.ewigerbund.org\/bayern\/wp-content\/uploads\/sites\/12\/2023\/06\/1409-1558_Die_Kirchenspaltung-1024x580-1-300x170.jpg 300w, https:\/\/www.ewigerbund.org\/bayern\/wp-content\/uploads\/sites\/12\/2023\/06\/1409-1558_Die_Kirchenspaltung-1024x580-1-768x435.jpg 768w\" sizes=\"auto, (max-width: 1024px) 100vw, 1024px\" \/><\/a><\/figure>\n\n\n\n<h2 class=\"wp-block-heading has-medium-font-size\"><strong>1409-1558. Die Kirchenspaltung.<\/strong><\/h2>\n\n\n\n<p>In den ersten Jahrhunderten ging die Kirche gegen solche ihrer Mitglieder, die in grober Weise die Gebote Gottes \u00fcbertreten hatten, mit gro\u00dfer Strenge vor. So z.B. gestatte sie ihnen nicht, am \u00f6ffentlichen Gottesdienste teilzunehmen. Nur am Eingange der Kirche durften sie, mit einem B\u00fc\u00dfergewande angetan, stehen und die F\u00fcrbitte der Vor\u00fcbergehenden anflehen.&nbsp;<\/p>\n\n\n\n<p><a href=\"https:\/\/www.ewigerbund.org\/bayern\/geschichte\/die-kirchenspaltung\/\">Weiterlesen \u2192<\/a><\/p>\n<\/div>\n<\/div>\n\n<\/div>\n\n<div class=\"gb-container gb-container-8d28651f\">\n\n<div class=\"wp-block-columns is-layout-flex wp-container-core-columns-is-layout-2 wp-block-columns-is-layout-flex\">\n<div class=\"wp-block-column is-layout-flow wp-block-column-is-layout-flow\">\n<figure class=\"wp-block-image size-full\"><a href=\"https:\/\/www.ewigerbund.org\/bayern\/geschichte\/die-verwuestung-der-pfalz-und-der-brand-speiers\/\"><img loading=\"lazy\" decoding=\"async\" width=\"1024\" height=\"580\" src=\"https:\/\/www.ewigerbund.org\/bayern\/wp-content\/uploads\/sites\/12\/2023\/06\/1688.jpg\" alt=\"1688 Durlach\" class=\"wp-image-2878\" srcset=\"https:\/\/www.ewigerbund.org\/bayern\/wp-content\/uploads\/sites\/12\/2023\/06\/1688.jpg 1024w, https:\/\/www.ewigerbund.org\/bayern\/wp-content\/uploads\/sites\/12\/2023\/06\/1688-300x170.jpg 300w, https:\/\/www.ewigerbund.org\/bayern\/wp-content\/uploads\/sites\/12\/2023\/06\/1688-768x435.jpg 768w\" sizes=\"auto, (max-width: 1024px) 100vw, 1024px\" \/><\/a><\/figure>\n\n\n\n<p class=\"has-medium-font-size\"><strong>1688. Die Verw\u00fcstung der Pfalz und der Brand Speiers.<\/strong><\/p>\n\n\n\n<p style=\"font-size:16px\">Wie Ludwig XIV. mitten im Frieden Stra\u00dfburg geraubt hatte, so fiel er im September 1688 ohne Kriegserkl\u00e4rung in die Pfalz ein. Rasch nacheinander hatten die Franzosen Kaiserslautern, Mainz, Heidelberg und Heilbronn genommen und sich so in den Besitz der Pfalz gesetzt, ehe man in Deutschland an Widerstand denken konnte.<\/p>\n\n\n\n<p><a href=\"https:\/\/www.ewigerbund.org\/bayern\/geschichte\/die-verwuestung-der-pfalz-und-der-brand-speiers\/\">Weiterlesen \u2192<\/a><\/p>\n<\/div>\n\n\n\n<div class=\"wp-block-column is-layout-flow wp-block-column-is-layout-flow\">\n<figure class=\"gb-block-image gb-block-image-7d025ed2\"><a href=\"https:\/\/www.ewigerbund.org\/bayern\/bauwerke\/die-walhalla\/\"><img loading=\"lazy\" decoding=\"async\" width=\"1024\" height=\"576\" class=\"gb-image gb-image-7d025ed2\" src=\"https:\/\/www.ewigerbund.org\/bayern\/wp-content\/uploads\/sites\/12\/2023\/08\/1842_Walhalla-1024x576.jpg\" alt=\"\" title=\"1842_Walhalla\" srcset=\"https:\/\/www.ewigerbund.org\/bayern\/wp-content\/uploads\/sites\/12\/2023\/08\/1842_Walhalla-1024x576.jpg 1024w, https:\/\/www.ewigerbund.org\/bayern\/wp-content\/uploads\/sites\/12\/2023\/08\/1842_Walhalla-300x169.jpg 300w, https:\/\/www.ewigerbund.org\/bayern\/wp-content\/uploads\/sites\/12\/2023\/08\/1842_Walhalla-768x432.jpg 768w, https:\/\/www.ewigerbund.org\/bayern\/wp-content\/uploads\/sites\/12\/2023\/08\/1842_Walhalla.jpg 1200w\" sizes=\"auto, (max-width: 1024px) 100vw, 1024px\" \/><\/a><\/figure>\n\n\n\n<h2 class=\"wp-block-heading has-medium-font-size\"><strong>Die Walhalla.<\/strong><\/h2>\n\n\n\n<p style=\"font-size:16px\">Als den sch\u00f6nsten Festtag seiner langen Regierungszeit bezeichnet&nbsp;Ludwig&nbsp;selbst den Tag der Grundsteinlegung zur Walhalla. Am 2. Oktober 1808 hatte der J\u00fcngling an Johannes M\u00fcller geschrieben: \u201eWalhalla ist kein Werk f\u00fcr einen Kronprinzen, w\u00e4re zu kostspielig; soll ich einst K\u00f6nig werden, errichte ich es!\u201c<\/p>\n\n\n\n<p><a href=\"https:\/\/www.ewigerbund.org\/bayern\/die-walhalla\/\">Auf nach Walhalla \u2192<\/a><\/p>\n<\/div>\n\n\n\n<div class=\"wp-block-column is-layout-flow wp-block-column-is-layout-flow\">\n<figure class=\"wp-block-image size-large\"><a href=\"https:\/\/www.ewigerbund.org\/bayern\/die-allerheiligen-hofkirche-1826-1837\/\"><img loading=\"lazy\" decoding=\"async\" width=\"1024\" height=\"576\" src=\"https:\/\/www.ewigerbund.org\/bayern\/wp-content\/uploads\/sites\/12\/2023\/08\/AllerheiligenHofkirche-1024x576.jpg\" alt=\"\" class=\"wp-image-3725\" srcset=\"https:\/\/www.ewigerbund.org\/bayern\/wp-content\/uploads\/sites\/12\/2023\/08\/AllerheiligenHofkirche-1024x576.jpg 1024w, https:\/\/www.ewigerbund.org\/bayern\/wp-content\/uploads\/sites\/12\/2023\/08\/AllerheiligenHofkirche-300x169.jpg 300w, https:\/\/www.ewigerbund.org\/bayern\/wp-content\/uploads\/sites\/12\/2023\/08\/AllerheiligenHofkirche-768x432.jpg 768w, https:\/\/www.ewigerbund.org\/bayern\/wp-content\/uploads\/sites\/12\/2023\/08\/AllerheiligenHofkirche.jpg 1200w\" sizes=\"auto, (max-width: 1024px) 100vw, 1024px\" \/><\/a><\/figure>\n\n\n\n<h2 class=\"gb-headline gb-headline-f4b96bf3 gb-headline-text\">Die Allerheiligen-Hofkirche. (1826-1837)<\/h2>\n\n\n\n<p>Diese Hofkirche auch neue Hofkapelle genannt, durch mehrere Korridore mit der Residenz verbunden, ist ohne Turm in alt-romanischen Rundbogenstil des 11. Jahrhunderts im Auftrage des&nbsp;<a href=\"https:\/\/www.ewigerbund.org\/bayern\/geschichte\/koenig-ludwig-i\/\">K\u00f6nig Ludwig<\/a>&nbsp;von L. v. Klenze 1826 bis 1837 erbaut. &nbsp;Ihre Breite betr\u00e4gt 100 Fu\u00df, ihre Tiefe 165 Fu\u00df und ihre H\u00f6he 80 Fu\u00df. Die nach Morgen gerichtete&#8230;<\/p>\n\n\n\n<p><a href=\"https:\/\/www.ewigerbund.org\/bayern\/die-allerheiligen-hofkirche-1826-1837\/\">Auf zur Allerheiligen-Hofkirche \u2192<\/a><\/p>\n<\/div>\n<\/div>\n\n<\/div>","protected":false},"excerpt":{"rendered":"<p>Freistaat oder K\u00f6nigreich? Wie kam es zum sog. Freistaat Bayern? Einst Herzogtum, dann F\u00fcrstenstaat und endlich K\u00f6nigreich &#8211; Seit dem Jahr 1180 wurden die bayerischen Lande durch das Haus Wittelsbach regiert. Die Familie Wittelsbach wirkt bis heute f\u00fcr den Erhalt und die Eigenstaatlichkeit Bayerns, ist auch im sog. Freistaat pr\u00e4sent geblieben, wird geachtet und ist &#8230; <a title=\"Freistaat oder K\u00f6nigreich?\" class=\"read-more\" href=\"https:\/\/www.ewigerbund.org\/bayern\/geschichte\/freistaat-oder-koenigreich\/\" aria-label=\"Mehr zu Freistaat oder K\u00f6nigreich?\">Weiterlesen &#8230;<\/a><\/p>\n","protected":false},"author":1,"featured_media":4382,"parent":215,"menu_order":2,"comment_status":"closed","ping_status":"closed","template":"template-6-beide-seitenleiste.php","meta":{"footnotes":""},"categories":[7],"tags":[601,598,603,43,599,167,204,597,600,500,602,605,604,191],"class_list":["post-4074","page","type-page","status-publish","has-post-thumbnail","hentry","category-geschichte","tag-7-november","tag-abdankung","tag-freistaat","tag-koenigreich-bayern","tag-kurt-eisner","tag-ludwig-iii","tag-muenchen","tag-novemberrevolution","tag-putsch","tag-restauration","tag-thronverzicht","tag-umsturz","tag-versailer-vertrag","tag-wittelsbach"],"yoast_head":"<!-- This site is optimized with the Yoast SEO plugin v23.1 - https:\/\/yoast.com\/wordpress\/plugins\/seo\/ -->\n<title>Freistaat oder K\u00f6nigreich? - K\u00f6nigreich Bayern<\/title>\n<meta name=\"description\" content=\"Wie kam es zum Freistaat Bayern? Herzogtum, F\u00fcrstenstaat, K\u00f6nigreich. Seit dem Jahr 1180 wurden die bayerischen Lande durch das Haus ...\" \/>\n<meta name=\"robots\" content=\"index, follow, max-snippet:-1, max-image-preview:large, max-video-preview:-1\" \/>\n<link rel=\"canonical\" href=\"https:\/\/www.ewigerbund.org\/bayern\/geschichte\/freistaat-oder-koenigreich\/\" \/>\n<meta property=\"og:locale\" content=\"de_DE\" \/>\n<meta property=\"og:type\" content=\"article\" \/>\n<meta property=\"og:title\" content=\"Freistaat oder K\u00f6nigreich? - K\u00f6nigreich Bayern\" \/>\n<meta property=\"og:description\" content=\"Wie kam es zum Freistaat Bayern? Herzogtum, F\u00fcrstenstaat, K\u00f6nigreich. Seit dem Jahr 1180 wurden die bayerischen Lande durch das Haus ...\" \/>\n<meta property=\"og:url\" content=\"https:\/\/www.ewigerbund.org\/bayern\/geschichte\/freistaat-oder-koenigreich\/\" \/>\n<meta property=\"og:site_name\" content=\"K\u00f6nigreich Bayern\" \/>\n<meta property=\"article:modified_time\" content=\"2023-11-12T02:14:55+00:00\" \/>\n<meta property=\"og:image\" content=\"https:\/\/www.ewigerbund.org\/bayern\/wp-content\/uploads\/sites\/12\/2023\/11\/Antibolschewist.jpg\" \/>\n\t<meta property=\"og:image:width\" content=\"1200\" \/>\n\t<meta property=\"og:image:height\" content=\"675\" \/>\n\t<meta property=\"og:image:type\" content=\"image\/jpeg\" \/>\n<meta name=\"twitter:card\" content=\"summary_large_image\" \/>\n<meta name=\"twitter:label1\" content=\"Gesch\u00e4tzte Lesezeit\" \/>\n\t<meta name=\"twitter:data1\" content=\"10\u00a0Minuten\" \/>\n<script type=\"application\/ld+json\" class=\"yoast-schema-graph\">{\"@context\":\"https:\/\/schema.org\",\"@graph\":[{\"@type\":\"WebPage\",\"@id\":\"https:\/\/www.ewigerbund.org\/bayern\/geschichte\/freistaat-oder-koenigreich\/\",\"url\":\"https:\/\/www.ewigerbund.org\/bayern\/geschichte\/freistaat-oder-koenigreich\/\",\"name\":\"Freistaat oder K\u00f6nigreich? - K\u00f6nigreich Bayern\",\"isPartOf\":{\"@id\":\"https:\/\/www.ewigerbund.org\/bayern\/#website\"},\"primaryImageOfPage\":{\"@id\":\"https:\/\/www.ewigerbund.org\/bayern\/geschichte\/freistaat-oder-koenigreich\/#primaryimage\"},\"image\":{\"@id\":\"https:\/\/www.ewigerbund.org\/bayern\/geschichte\/freistaat-oder-koenigreich\/#primaryimage\"},\"thumbnailUrl\":\"https:\/\/www.ewigerbund.org\/bayern\/wp-content\/uploads\/sites\/12\/2023\/11\/Antibolschewist.jpg\",\"datePublished\":\"2023-11-06T23:01:00+00:00\",\"dateModified\":\"2023-11-12T02:14:55+00:00\",\"description\":\"Wie kam es zum Freistaat Bayern? Herzogtum, F\u00fcrstenstaat, K\u00f6nigreich. Seit dem Jahr 1180 wurden die bayerischen Lande durch das Haus ...\",\"breadcrumb\":{\"@id\":\"https:\/\/www.ewigerbund.org\/bayern\/geschichte\/freistaat-oder-koenigreich\/#breadcrumb\"},\"inLanguage\":\"de\",\"potentialAction\":[{\"@type\":\"ReadAction\",\"target\":[\"https:\/\/www.ewigerbund.org\/bayern\/geschichte\/freistaat-oder-koenigreich\/\"]}]},{\"@type\":\"ImageObject\",\"inLanguage\":\"de\",\"@id\":\"https:\/\/www.ewigerbund.org\/bayern\/geschichte\/freistaat-oder-koenigreich\/#primaryimage\",\"url\":\"https:\/\/www.ewigerbund.org\/bayern\/wp-content\/uploads\/sites\/12\/2023\/11\/Antibolschewist.jpg\",\"contentUrl\":\"https:\/\/www.ewigerbund.org\/bayern\/wp-content\/uploads\/sites\/12\/2023\/11\/Antibolschewist.jpg\",\"width\":1200,\"height\":675},{\"@type\":\"BreadcrumbList\",\"@id\":\"https:\/\/www.ewigerbund.org\/bayern\/geschichte\/freistaat-oder-koenigreich\/#breadcrumb\",\"itemListElement\":[{\"@type\":\"ListItem\",\"position\":1,\"name\":\"Startseite\",\"item\":\"https:\/\/www.ewigerbund.org\/bayern\/\"},{\"@type\":\"ListItem\",\"position\":2,\"name\":\"Geschichte\",\"item\":\"https:\/\/www.ewigerbund.org\/bayern\/geschichte\/\"},{\"@type\":\"ListItem\",\"position\":3,\"name\":\"Freistaat oder K\u00f6nigreich?\"}]},{\"@type\":\"WebSite\",\"@id\":\"https:\/\/www.ewigerbund.org\/bayern\/#website\",\"url\":\"https:\/\/www.ewigerbund.org\/bayern\/\",\"name\":\"K\u00f6nigreich Bayern\",\"description\":\"im ewigen Bund.\",\"publisher\":{\"@id\":\"https:\/\/www.ewigerbund.org\/bayern\/#organization\"},\"potentialAction\":[{\"@type\":\"SearchAction\",\"target\":{\"@type\":\"EntryPoint\",\"urlTemplate\":\"https:\/\/www.ewigerbund.org\/bayern\/?s={search_term_string}\"},\"query-input\":\"required name=search_term_string\"}],\"inLanguage\":\"de\"},{\"@type\":\"Organization\",\"@id\":\"https:\/\/www.ewigerbund.org\/bayern\/#organization\",\"name\":\"K\u00f6nigreich Bayern\",\"url\":\"https:\/\/www.ewigerbund.org\/bayern\/\",\"logo\":{\"@type\":\"ImageObject\",\"inLanguage\":\"de\",\"@id\":\"https:\/\/www.ewigerbund.org\/bayern\/#\/schema\/logo\/image\/\",\"url\":\"https:\/\/www.ewigerbund.org\/bayern\/wp-content\/uploads\/sites\/12\/2023\/02\/2023-02-24-Logo-EB-Bayern-Schutzzone_Schatten_BGweiss_V2_1200px.png\",\"contentUrl\":\"https:\/\/www.ewigerbund.org\/bayern\/wp-content\/uploads\/sites\/12\/2023\/02\/2023-02-24-Logo-EB-Bayern-Schutzzone_Schatten_BGweiss_V2_1200px.png\",\"width\":1200,\"height\":1200,\"caption\":\"K\u00f6nigreich Bayern\"},\"image\":{\"@id\":\"https:\/\/www.ewigerbund.org\/bayern\/#\/schema\/logo\/image\/\"}}]}<\/script>\n<!-- \/ Yoast SEO plugin. -->","yoast_head_json":{"title":"Freistaat oder K\u00f6nigreich? - K\u00f6nigreich Bayern","description":"Wie kam es zum Freistaat Bayern? Herzogtum, F\u00fcrstenstaat, K\u00f6nigreich. Seit dem Jahr 1180 wurden die bayerischen Lande durch das Haus ...","robots":{"index":"index","follow":"follow","max-snippet":"max-snippet:-1","max-image-preview":"max-image-preview:large","max-video-preview":"max-video-preview:-1"},"canonical":"https:\/\/www.ewigerbund.org\/bayern\/geschichte\/freistaat-oder-koenigreich\/","og_locale":"de_DE","og_type":"article","og_title":"Freistaat oder K\u00f6nigreich? - K\u00f6nigreich Bayern","og_description":"Wie kam es zum Freistaat Bayern? Herzogtum, F\u00fcrstenstaat, K\u00f6nigreich. Seit dem Jahr 1180 wurden die bayerischen Lande durch das Haus ...","og_url":"https:\/\/www.ewigerbund.org\/bayern\/geschichte\/freistaat-oder-koenigreich\/","og_site_name":"K\u00f6nigreich Bayern","article_modified_time":"2023-11-12T02:14:55+00:00","og_image":[{"width":1200,"height":675,"url":"https:\/\/www.ewigerbund.org\/bayern\/wp-content\/uploads\/sites\/12\/2023\/11\/Antibolschewist.jpg","type":"image\/jpeg"}],"twitter_card":"summary_large_image","twitter_misc":{"Gesch\u00e4tzte Lesezeit":"10\u00a0Minuten"},"schema":{"@context":"https:\/\/schema.org","@graph":[{"@type":"WebPage","@id":"https:\/\/www.ewigerbund.org\/bayern\/geschichte\/freistaat-oder-koenigreich\/","url":"https:\/\/www.ewigerbund.org\/bayern\/geschichte\/freistaat-oder-koenigreich\/","name":"Freistaat oder K\u00f6nigreich? - K\u00f6nigreich Bayern","isPartOf":{"@id":"https:\/\/www.ewigerbund.org\/bayern\/#website"},"primaryImageOfPage":{"@id":"https:\/\/www.ewigerbund.org\/bayern\/geschichte\/freistaat-oder-koenigreich\/#primaryimage"},"image":{"@id":"https:\/\/www.ewigerbund.org\/bayern\/geschichte\/freistaat-oder-koenigreich\/#primaryimage"},"thumbnailUrl":"https:\/\/www.ewigerbund.org\/bayern\/wp-content\/uploads\/sites\/12\/2023\/11\/Antibolschewist.jpg","datePublished":"2023-11-06T23:01:00+00:00","dateModified":"2023-11-12T02:14:55+00:00","description":"Wie kam es zum Freistaat Bayern? Herzogtum, F\u00fcrstenstaat, K\u00f6nigreich. Seit dem Jahr 1180 wurden die bayerischen Lande durch das Haus ...","breadcrumb":{"@id":"https:\/\/www.ewigerbund.org\/bayern\/geschichte\/freistaat-oder-koenigreich\/#breadcrumb"},"inLanguage":"de","potentialAction":[{"@type":"ReadAction","target":["https:\/\/www.ewigerbund.org\/bayern\/geschichte\/freistaat-oder-koenigreich\/"]}]},{"@type":"ImageObject","inLanguage":"de","@id":"https:\/\/www.ewigerbund.org\/bayern\/geschichte\/freistaat-oder-koenigreich\/#primaryimage","url":"https:\/\/www.ewigerbund.org\/bayern\/wp-content\/uploads\/sites\/12\/2023\/11\/Antibolschewist.jpg","contentUrl":"https:\/\/www.ewigerbund.org\/bayern\/wp-content\/uploads\/sites\/12\/2023\/11\/Antibolschewist.jpg","width":1200,"height":675},{"@type":"BreadcrumbList","@id":"https:\/\/www.ewigerbund.org\/bayern\/geschichte\/freistaat-oder-koenigreich\/#breadcrumb","itemListElement":[{"@type":"ListItem","position":1,"name":"Startseite","item":"https:\/\/www.ewigerbund.org\/bayern\/"},{"@type":"ListItem","position":2,"name":"Geschichte","item":"https:\/\/www.ewigerbund.org\/bayern\/geschichte\/"},{"@type":"ListItem","position":3,"name":"Freistaat oder K\u00f6nigreich?"}]},{"@type":"WebSite","@id":"https:\/\/www.ewigerbund.org\/bayern\/#website","url":"https:\/\/www.ewigerbund.org\/bayern\/","name":"K\u00f6nigreich Bayern","description":"im ewigen Bund.","publisher":{"@id":"https:\/\/www.ewigerbund.org\/bayern\/#organization"},"potentialAction":[{"@type":"SearchAction","target":{"@type":"EntryPoint","urlTemplate":"https:\/\/www.ewigerbund.org\/bayern\/?s={search_term_string}"},"query-input":"required name=search_term_string"}],"inLanguage":"de"},{"@type":"Organization","@id":"https:\/\/www.ewigerbund.org\/bayern\/#organization","name":"K\u00f6nigreich Bayern","url":"https:\/\/www.ewigerbund.org\/bayern\/","logo":{"@type":"ImageObject","inLanguage":"de","@id":"https:\/\/www.ewigerbund.org\/bayern\/#\/schema\/logo\/image\/","url":"https:\/\/www.ewigerbund.org\/bayern\/wp-content\/uploads\/sites\/12\/2023\/02\/2023-02-24-Logo-EB-Bayern-Schutzzone_Schatten_BGweiss_V2_1200px.png","contentUrl":"https:\/\/www.ewigerbund.org\/bayern\/wp-content\/uploads\/sites\/12\/2023\/02\/2023-02-24-Logo-EB-Bayern-Schutzzone_Schatten_BGweiss_V2_1200px.png","width":1200,"height":1200,"caption":"K\u00f6nigreich Bayern"},"image":{"@id":"https:\/\/www.ewigerbund.org\/bayern\/#\/schema\/logo\/image\/"}}]}},"_links":{"self":[{"href":"https:\/\/www.ewigerbund.org\/bayern\/wp-json\/wp\/v2\/pages\/4074","targetHints":{"allow":["GET"]}}],"collection":[{"href":"https:\/\/www.ewigerbund.org\/bayern\/wp-json\/wp\/v2\/pages"}],"about":[{"href":"https:\/\/www.ewigerbund.org\/bayern\/wp-json\/wp\/v2\/types\/page"}],"author":[{"embeddable":true,"href":"https:\/\/www.ewigerbund.org\/bayern\/wp-json\/wp\/v2\/users\/1"}],"replies":[{"embeddable":true,"href":"https:\/\/www.ewigerbund.org\/bayern\/wp-json\/wp\/v2\/comments?post=4074"}],"version-history":[{"count":31,"href":"https:\/\/www.ewigerbund.org\/bayern\/wp-json\/wp\/v2\/pages\/4074\/revisions"}],"predecessor-version":[{"id":4522,"href":"https:\/\/www.ewigerbund.org\/bayern\/wp-json\/wp\/v2\/pages\/4074\/revisions\/4522"}],"up":[{"embeddable":true,"href":"https:\/\/www.ewigerbund.org\/bayern\/wp-json\/wp\/v2\/pages\/215"}],"wp:featuredmedia":[{"embeddable":true,"href":"https:\/\/www.ewigerbund.org\/bayern\/wp-json\/wp\/v2\/media\/4382"}],"wp:attachment":[{"href":"https:\/\/www.ewigerbund.org\/bayern\/wp-json\/wp\/v2\/media?parent=4074"}],"wp:term":[{"taxonomy":"category","embeddable":true,"href":"https:\/\/www.ewigerbund.org\/bayern\/wp-json\/wp\/v2\/categories?post=4074"},{"taxonomy":"post_tag","embeddable":true,"href":"https:\/\/www.ewigerbund.org\/bayern\/wp-json\/wp\/v2\/tags?post=4074"}],"curies":[{"name":"wp","href":"https:\/\/api.w.org\/{rel}","templated":true}]}}