{"id":3805,"date":"2023-09-02T00:22:14","date_gmt":"2023-09-01T22:22:14","guid":{"rendered":"https:\/\/www.ewigerbund.org\/bayern\/?page_id=3805"},"modified":"2023-10-07T02:57:18","modified_gmt":"2023-10-07T00:57:18","slug":"das-staatsbad-koenig-ludwigs-i-in-brueckenau","status":"publish","type":"page","link":"https:\/\/www.ewigerbund.org\/bayern\/das-staatsbad-koenig-ludwigs-i-in-brueckenau\/","title":{"rendered":"Das Staatsbad K\u00f6nig Ludwigs I."},"content":{"rendered":"\n<h2 class=\"gb-headline gb-headline-db45f852 gb-headline-text\">Ausflug nach Br\u00fcckenau.<\/h2>\n\n\n<div class=\"gb-container gb-container-519c9915\"><div class=\"gb-inside-container\">\n\n<p>Bad Br\u00fcckenau. Nachdem der letzte Ausflug des ewigen Bundes in Bayern anl\u00e4sslich eines Gedenkgottesdienstes zum Andenken an <a href=\"https:\/\/www.ewigerbund.org\/bayern\/geschichte\/koenig-ludwig-ii\/\">K\u00f6nig Ludwig II.<\/a> an den malerischen W\u00fcrmsee f\u00fchrte, folgte man dieses Mal den Spuren seines Gro\u00dfvaters <a href=\"https:\/\/www.ewigerbund.org\/bayern\/geschichte\/koenig-ludwig-i\/\">K\u00f6nig Ludwig I.<\/a> in das herrliche Unterfranken.<\/p>\n\n\n<div class=\"gb-container gb-container-73da0fa6\"><div class=\"gb-inside-container\">\n<div class=\"wp-block-image\">\n<figure class=\"aligncenter size-large is-resized\"><img loading=\"lazy\" decoding=\"async\" src=\"https:\/\/www.ewigerbund.org\/bayern\/wp-content\/uploads\/sites\/12\/2023\/09\/brueckenau-ludwig-i-thron-unten1-1024x576.jpg\" alt=\"\" class=\"wp-image-3818\" style=\"width:677px;height:381px\" width=\"677\" height=\"381\" srcset=\"https:\/\/www.ewigerbund.org\/bayern\/wp-content\/uploads\/sites\/12\/2023\/09\/brueckenau-ludwig-i-thron-unten1-1024x576.jpg 1024w, https:\/\/www.ewigerbund.org\/bayern\/wp-content\/uploads\/sites\/12\/2023\/09\/brueckenau-ludwig-i-thron-unten1-300x169.jpg 300w, https:\/\/www.ewigerbund.org\/bayern\/wp-content\/uploads\/sites\/12\/2023\/09\/brueckenau-ludwig-i-thron-unten1-768x432.jpg 768w, https:\/\/www.ewigerbund.org\/bayern\/wp-content\/uploads\/sites\/12\/2023\/09\/brueckenau-ludwig-i-thron-unten1.jpg 1200w\" sizes=\"auto, (max-width: 677px) 100vw, 677px\" \/><\/figure><\/div>\n\n\n<h2 class=\"wp-block-heading\">Historische Parkanlage mit Heilquellen.<\/h2>\n\n\n\n<p>Ziel unseres diesmaligen Ausflugs war das historische Staatsbad in Bad Br\u00fcckenau. Das f\u00fcr seine Heilquellen ber\u00fchmte und vom Kunstsinn K\u00f6nig Ludwigs I. gepr\u00e4gte Heilbad bietet eine ideale Umgebung, um einzutauchen in die gute alte Zeit.<\/p>\n\n\n<div class=\"gb-container gb-container-69bad36f\"><div class=\"gb-inside-container\">\n\n<p>In vollendeter Harmonie arrangiert sich die elegante Parkanlage mit den barocken Geb\u00e4uden zu einem erhabenen Ensemble, in deren Mitte ganze f\u00fcnf lebensspendende Wasserquellen bereitstehen. Die <a href=\"https:\/\/www.ewigerbund.org\/bayern\/geschichte\/koenig-ludwig-i\/\" target=\"_blank\" rel=\"noreferrer noopener\">K\u00f6nig Ludwig I.<\/a> Quelle, die Sinnberger Quelle, die Wernarzer Quelle, die Bad Br\u00fcckenauer Vitalquelle und zu guter Letzt die Lola-Montez-Quelle. Ironischerweise war letztgenannte die einzige Quelle, die einen faden Beigeschmack hinterlie\u00df.<\/p>\n\n\n<div class=\"wp-block-image\">\n<figure class=\"alignright size-large is-resized\"><img loading=\"lazy\" decoding=\"async\" src=\"https:\/\/www.ewigerbund.org\/bayern\/wp-content\/uploads\/sites\/12\/2023\/09\/brueckenau-bellevue-end-1024x576.jpg\" alt=\"\" class=\"wp-image-3820\" style=\"width:465px;height:261px\" width=\"465\" height=\"261\" srcset=\"https:\/\/www.ewigerbund.org\/bayern\/wp-content\/uploads\/sites\/12\/2023\/09\/brueckenau-bellevue-end-1024x576.jpg 1024w, https:\/\/www.ewigerbund.org\/bayern\/wp-content\/uploads\/sites\/12\/2023\/09\/brueckenau-bellevue-end-300x169.jpg 300w, https:\/\/www.ewigerbund.org\/bayern\/wp-content\/uploads\/sites\/12\/2023\/09\/brueckenau-bellevue-end-768x432.jpg 768w, https:\/\/www.ewigerbund.org\/bayern\/wp-content\/uploads\/sites\/12\/2023\/09\/brueckenau-bellevue-end.jpg 1200w\" sizes=\"auto, (max-width: 465px) 100vw, 465px\" \/><\/figure><\/div>\n\n<div class=\"gb-container gb-container-5eaccaee\"><div class=\"gb-inside-container\">\n\n<p>Im Norden des Areals \u00fcberragt der F\u00fcrstenhof nahezu monumental die Parkanlage. Am s\u00fcdlichen Anstieg gegen\u00fcber des F\u00fcrstenhofes und mit ihm auf gleicher H\u00f6he befindet sich das 1819 erbaute, einstige G\u00e4stehaus &#8222;Bellevue&#8220; (sch\u00f6ne Aussicht). Heute findet sich dort ein Wirtshaus, und nat\u00fcrlich nicht irgendein Wirtshaus, sondern, wie sollte es in Bayern auch anders sein, ein vorz\u00fcglich dirigiertes, italienisches Restaurant, mit herrlicher K\u00fcche und strapazierf\u00e4higer Freundlichkeit.<\/p>\n\n\n<div class=\"gb-container gb-container-b38fed2a\"><div class=\"gb-inside-container\">\n\n<h2 class=\"wp-block-heading\">Bewegte Geschichte.<\/h2>\n\n\n\n<p>Doch das Staatsbad in Bad Br\u00fcckenau hat nicht nur ein klassisches Ambiente mit au\u00dfergew\u00f6hnlichen Wasserquellen und guter K\u00fcche zu bieten, sondern auch eine spannende Historie.<\/p>\n\n\n<div class=\"gb-container gb-container-029f17fa\"><div class=\"gb-inside-container\">\n\n<p>Die Badeanlage entstand ab Mitte des 18. Jahrhunderts nachdem 1747 eine Wasserquelle, die heutige &#8222;Ludwig I. Quelle&#8220;, wiederentdeckt wird. Zu dieser Zeit geh\u00f6rte Br\u00fcckenau noch zu Fulda und der Fuldaer F\u00fcrstabt begann die Erschlie\u00dfung des Areals. Die ersten Kurgeb\u00e4ude werden ab 1749 errichtet. Der weitere Ausbau verz\u00f6gert sich jedoch auf Grund des 7-j\u00e4hrigen Krieges von 1756-1763. Erst 1779 folgt das erste Badehaus. W\u00e4hrend den franz\u00f6sischen Revolutionskriegen wird das Bad dann immer wieder gepl\u00fcndert und verw\u00fcstet.<\/p>\n\n\n<div class=\"gb-container gb-container-ff29e748\"><div class=\"gb-inside-container\">\n\n<h2 class=\"wp-block-heading\">Br\u00fcckenau wird bayerisch.<\/h2>\n\n\n<div class=\"wp-block-image\">\n<figure class=\"alignleft size-large is-resized\"><img loading=\"lazy\" decoding=\"async\" src=\"https:\/\/www.ewigerbund.org\/bayern\/wp-content\/uploads\/sites\/12\/2023\/09\/brueckenau-fuerstenhof-end-1024x576.jpg\" alt=\"\" class=\"wp-image-3821\" style=\"width:469px;height:263px\" width=\"469\" height=\"263\" srcset=\"https:\/\/www.ewigerbund.org\/bayern\/wp-content\/uploads\/sites\/12\/2023\/09\/brueckenau-fuerstenhof-end-1024x576.jpg 1024w, https:\/\/www.ewigerbund.org\/bayern\/wp-content\/uploads\/sites\/12\/2023\/09\/brueckenau-fuerstenhof-end-300x169.jpg 300w, https:\/\/www.ewigerbund.org\/bayern\/wp-content\/uploads\/sites\/12\/2023\/09\/brueckenau-fuerstenhof-end-768x432.jpg 768w, https:\/\/www.ewigerbund.org\/bayern\/wp-content\/uploads\/sites\/12\/2023\/09\/brueckenau-fuerstenhof-end.jpg 1200w\" sizes=\"auto, (max-width: 469px) 100vw, 469px\" \/><\/figure><\/div>\n\n<div class=\"gb-container gb-container-07811d17\"><div class=\"gb-inside-container\">\n\n<p>Erst 1816 f\u00e4llt Br\u00fcckenau im Rahmen der Neuordnung Europas durch den <a href=\"https:\/\/www.ewigerbund.org\/bayern\/geschichte\/der-wiener-kongress\/\" target=\"_blank\" rel=\"noreferrer noopener\">Wiener Congress<\/a> dem K\u00f6nigreich Bayern zu. Nun beginnt die Bl\u00fctezeit der Anlage. K\u00f6nig Ludwig I. n\u00e4mlich, damals noch Kronprinz, entdeckt seine Liebe zum Br\u00fcckenauer Kurbad. Von 1818 bis 1862 verbringt der Sohn des ersten bayerischen <a href=\"https:\/\/www.ewigerbund.org\/bayern\/geschichte\/koenig-maximilian-i-von-bayern\/\" target=\"_blank\" rel=\"noreferrer noopener\">K\u00f6nigs, Maximilian I. Josef<\/a>, zahlreiche, ausgedehnte Aufenthalte in der Kuranlage. So manchen Sommer \u00fcber wurde das K\u00f6nigreich Bayern aus dem Br\u00fcckenauer F\u00fcrstenhof heraus regiert. <a href=\"https:\/\/www.ewigerbund.org\/bayern\/geschichte\/koenig-ludwig-i\/\" target=\"_blank\" rel=\"noreferrer noopener\">Ludwig I.<\/a> machte das Bad in Br\u00fcckenau zu einem Kleinod bayerischer Staatsb\u00e4der, welches immer wieder Ausflugsziel herausragender Pers\u00f6nlichkeiten ist.<\/p>\n\n\n<div class=\"gb-container gb-container-9a9935d0\"><div class=\"gb-inside-container\">\n\n<h2 class=\"wp-block-heading\">Hoher Besuch.<\/h2>\n\n\n\n<p>Im Jahr 1830 beispielsweise besuchte Charlotte von Preu\u00dfen den Bayernk\u00f6nig in seiner Anlage. Sie war seit 1817 mit dem russischen Zaren verheiratet und unter dem Namen Alexandra Fjodorowna Kaiserin von Russland.<\/p>\n\n\n\n<p><br>1898 nutzte Kaiserin Elisabeth von \u00d6sterreich (aus dem Hause Wittelsbach) das erholsame Ambiente der Anlage zur Sommerkur. Das es ihre letzten Tage sein werden, ahnte zu diesem Zeitpunkt nat\u00fcrlich noch niemand. Die n\u00e4chste Station ihrer Reise wird sie nicht \u00fcberleben. Am 10. September des selben Jahres wird Kaiserin Sissi, wie sie heute noch liebevoll genannt wird, in Genf von einem italienischen Anarchisten mit einer Feile angegriffen. Sie stirbt wenige Stunden sp\u00e4ter an den Folgen der heimt\u00fcckisch zugef\u00fcgten Verletzung. Ihre selbst verfassten Gedichte werden 60 Jahre lang vom bayerischen K\u00f6nigshaus verschlossen aufbewahrt, bis man sie am 3. Juli 1951 dem Bundespr\u00e4sidenten der Schweiz \u00fcbergibt. So hatte es die unvergessliche Kaiserin in ihrem Testament verf\u00fcgt.<\/p>\n\n\n\n<figure class=\"wp-block-gallery has-nested-images columns-2 is-cropped wp-block-gallery-1 is-layout-flex wp-block-gallery-is-layout-flex\">\n<figure class=\"wp-block-image size-large\"><a href=\"https:\/\/www.ewigerbund.org\/bayern\/wp-content\/uploads\/sites\/12\/2023\/09\/brueckenau-bachstufe-end.jpg\" target=\"_blank\" rel=\"noopener\"><img loading=\"lazy\" decoding=\"async\" width=\"1024\" height=\"576\" src=\"https:\/\/www.ewigerbund.org\/bayern\/wp-content\/uploads\/sites\/12\/2023\/09\/brueckenau-bachstufe-end-1024x576.jpg\" alt=\"\" class=\"wp-image-3824\" srcset=\"https:\/\/www.ewigerbund.org\/bayern\/wp-content\/uploads\/sites\/12\/2023\/09\/brueckenau-bachstufe-end-1024x576.jpg 1024w, https:\/\/www.ewigerbund.org\/bayern\/wp-content\/uploads\/sites\/12\/2023\/09\/brueckenau-bachstufe-end-300x169.jpg 300w, https:\/\/www.ewigerbund.org\/bayern\/wp-content\/uploads\/sites\/12\/2023\/09\/brueckenau-bachstufe-end-768x432.jpg 768w, https:\/\/www.ewigerbund.org\/bayern\/wp-content\/uploads\/sites\/12\/2023\/09\/brueckenau-bachstufe-end.jpg 1200w\" sizes=\"auto, (max-width: 1024px) 100vw, 1024px\" \/><\/a><\/figure>\n\n\n\n<figure class=\"wp-block-image size-large\"><a href=\"https:\/\/www.ewigerbund.org\/bayern\/wp-content\/uploads\/sites\/12\/2023\/09\/brueckenau-bad-seitenansicht-end.jpg\" target=\"_blank\" rel=\"noopener\"><img loading=\"lazy\" decoding=\"async\" width=\"1024\" height=\"576\" src=\"https:\/\/www.ewigerbund.org\/bayern\/wp-content\/uploads\/sites\/12\/2023\/09\/brueckenau-bad-seitenansicht-end-1024x576.jpg\" alt=\"\" class=\"wp-image-3822\" srcset=\"https:\/\/www.ewigerbund.org\/bayern\/wp-content\/uploads\/sites\/12\/2023\/09\/brueckenau-bad-seitenansicht-end-1024x576.jpg 1024w, https:\/\/www.ewigerbund.org\/bayern\/wp-content\/uploads\/sites\/12\/2023\/09\/brueckenau-bad-seitenansicht-end-300x169.jpg 300w, https:\/\/www.ewigerbund.org\/bayern\/wp-content\/uploads\/sites\/12\/2023\/09\/brueckenau-bad-seitenansicht-end-768x432.jpg 768w, https:\/\/www.ewigerbund.org\/bayern\/wp-content\/uploads\/sites\/12\/2023\/09\/brueckenau-bad-seitenansicht-end.jpg 1200w\" sizes=\"auto, (max-width: 1024px) 100vw, 1024px\" \/><\/a><\/figure>\n\n\n\n<figure class=\"wp-block-image size-large\"><a href=\"https:\/\/www.ewigerbund.org\/bayern\/wp-content\/uploads\/sites\/12\/2023\/09\/brueckenau-haus-hirsch-end.jpg\" target=\"_blank\" rel=\"noopener\"><img loading=\"lazy\" decoding=\"async\" width=\"1024\" height=\"576\" src=\"https:\/\/www.ewigerbund.org\/bayern\/wp-content\/uploads\/sites\/12\/2023\/09\/brueckenau-haus-hirsch-end-1024x576.jpg\" alt=\"\" class=\"wp-image-3825\" srcset=\"https:\/\/www.ewigerbund.org\/bayern\/wp-content\/uploads\/sites\/12\/2023\/09\/brueckenau-haus-hirsch-end-1024x576.jpg 1024w, https:\/\/www.ewigerbund.org\/bayern\/wp-content\/uploads\/sites\/12\/2023\/09\/brueckenau-haus-hirsch-end-300x169.jpg 300w, https:\/\/www.ewigerbund.org\/bayern\/wp-content\/uploads\/sites\/12\/2023\/09\/brueckenau-haus-hirsch-end-768x432.jpg 768w, https:\/\/www.ewigerbund.org\/bayern\/wp-content\/uploads\/sites\/12\/2023\/09\/brueckenau-haus-hirsch-end.jpg 1200w\" sizes=\"auto, (max-width: 1024px) 100vw, 1024px\" \/><\/a><\/figure>\n\n\n\n<figure class=\"wp-block-image size-large\"><a href=\"https:\/\/www.ewigerbund.org\/bayern\/wp-content\/uploads\/sites\/12\/2023\/09\/brueckenau-ludwig-i-thron-gesamt-hinten-end.jpg\" target=\"_blank\" rel=\"noopener\"><img loading=\"lazy\" decoding=\"async\" width=\"1024\" height=\"576\" src=\"https:\/\/www.ewigerbund.org\/bayern\/wp-content\/uploads\/sites\/12\/2023\/09\/brueckenau-ludwig-i-thron-gesamt-hinten-end-1024x576.jpg\" alt=\"\" class=\"wp-image-3823\" srcset=\"https:\/\/www.ewigerbund.org\/bayern\/wp-content\/uploads\/sites\/12\/2023\/09\/brueckenau-ludwig-i-thron-gesamt-hinten-end-1024x576.jpg 1024w, https:\/\/www.ewigerbund.org\/bayern\/wp-content\/uploads\/sites\/12\/2023\/09\/brueckenau-ludwig-i-thron-gesamt-hinten-end-300x169.jpg 300w, https:\/\/www.ewigerbund.org\/bayern\/wp-content\/uploads\/sites\/12\/2023\/09\/brueckenau-ludwig-i-thron-gesamt-hinten-end-768x432.jpg 768w, https:\/\/www.ewigerbund.org\/bayern\/wp-content\/uploads\/sites\/12\/2023\/09\/brueckenau-ludwig-i-thron-gesamt-hinten-end.jpg 1200w\" sizes=\"auto, (max-width: 1024px) 100vw, 1024px\" \/><\/a><\/figure>\n<\/figure>\n\n\n<div class=\"gb-container gb-container-b876e687\"><div class=\"gb-inside-container\">\n\n<h2 class=\"wp-block-heading\">Der &#8222;Ellwanger Kreis&#8220; in Br\u00fcckenau.<\/h2>\n\n\n\n<p>Aber auch einem finstren Kapitel deutscher Geschichte musste das Staatsbad eine B\u00fchne bieten. Im 1901 nachtr\u00e4glich erbauten Parkhotel trafen sich am 13. April 1948 etwa 60 zwielichtige Gestalten, um \u00fcber das Schicksal der besetzten deutschen Lande zu beraten. Die Politiker des sog. Ellwanger Kreises und andere einflussreiche Herren waren angereist, um im Auftrag und unter Aufsicht der Besatzer mit Konrad Adenauer \u00fcber die k\u00fcnftige Ausgestaltung deutscher Gebiete zu befinden. Es war das einzige Mal, da\u00df der Ellwanger Kreis au\u00dferhalb Ellwangens, einer W\u00fcrttemberger Kleinstadt nahe der bayerischen Grenze, tagte, und es war auch das einzige Mal, da\u00df Konrad Adenauer daran teilnahm.<\/p>\n\n\n<div class=\"gb-container gb-container-c5d7175f\"><div class=\"gb-inside-container\">\n\n<p>Insgesamt d\u00fcrfte es wohl das bedeutendste Treffen dieser Art gewesen sein. Vertreter der Sozialdemokraten blieben au\u00dfen vor, waren sie doch entschieden gegen eine Zerst\u00fcckelung Deutschlands eingetreten. Was bei diesem &#8222;Ausflug&#8220; besprochen wurde, erfuhren in Teilen aber auch sie. Im sozialdemokratischen Pressedienst stand eine Woche sp\u00e4ter zu lesen: &#8222;Die Besprechungen wurden um den von dem \u00bbEllwanger Kreis\u00bb aus erarbeiteten Verfassungsentwurf gef\u00fchrt. Dieser Entwurf sieht vor, dass Deutschland ein Bundesstaat mit der Bezeichnung \u00abBundesrepublik Deutschland\u00bb sein soll.&#8220; Die Bezeichnung \u00abDeutsches Reich\u00bb erschien den Herren nicht mehr angemessen. Warum wohl?<\/p>\n\n\n<div class=\"wp-block-image\">\n<figure class=\"alignright size-full is-resized\"><img loading=\"lazy\" decoding=\"async\" src=\"https:\/\/www.ewigerbund.org\/bayern\/wp-content\/uploads\/sites\/12\/2023\/09\/DBP_25._Todestag_Konrad_Adenauer_100_Pfennig_1992.jpg\" alt=\"\" class=\"wp-image-3819\" style=\"width:251px;height:251px\" width=\"251\" height=\"251\" srcset=\"https:\/\/www.ewigerbund.org\/bayern\/wp-content\/uploads\/sites\/12\/2023\/09\/DBP_25._Todestag_Konrad_Adenauer_100_Pfennig_1992.jpg 400w, https:\/\/www.ewigerbund.org\/bayern\/wp-content\/uploads\/sites\/12\/2023\/09\/DBP_25._Todestag_Konrad_Adenauer_100_Pfennig_1992-300x300.jpg 300w, https:\/\/www.ewigerbund.org\/bayern\/wp-content\/uploads\/sites\/12\/2023\/09\/DBP_25._Todestag_Konrad_Adenauer_100_Pfennig_1992-150x150.jpg 150w\" sizes=\"auto, (max-width: 251px) 100vw, 251px\" \/><\/figure><\/div>\n\n\n<p>Protokolliert wurde dieses Treffen nat\u00fcrlich nicht. Geht ja auch niemanden etwas an. Wie viele Sitzungen von Konrad Adenauer &#8222;un-protokolliert&#8220; geblieben sind, wird einst Gegenstand der Forschung werden. Aus Bad Br\u00fcckenau kehrte der Macher der Bundesrepublik jedoch gest\u00e4rkt nach Hause. Ob es am Heilwasser der bayerischen Quellen lag? Wer wei\u00df das schon. Adenauer wurde schlu\u00dfendlich, nachdem er am 23. Mai 1949 das sog. &#8222;Grundgesetz f\u00fcr die Bundesrepublik Deutschland&#8220; verk\u00fcndete am 15. September 1949 mit der ersten Kanzlerschaft dieser Republik belohnt.<\/p>\n\n\n<div class=\"gb-container gb-container-a9dc28d3\"><div class=\"gb-inside-container\">\n\n<p>Doch auch eine solche Episode vermag es nicht, den w\u00fcrdevollen Glanz des Staatsbades in Bad Br\u00fcckenau zu schm\u00e4lern. Viel zu charakterstark ist der Ausdruck, den K\u00f6nig <a href=\"https:\/\/www.ewigerbund.org\/bayern\/geschichte\/koenig-ludwig-i\/\" target=\"_blank\" rel=\"noreferrer noopener\">Ludwig I.<\/a> diesem Ort verlieh. Und wenn im Parkhotel dereinst die Proklamation des K\u00f6nigreichs seinen Beschlu\u00df findet, dann wird auch dieses unr\u00fchmliche Kapitel ein gerechtes Urteil erfahren.<\/p>\n\n\n\n<div style=\"height:50px\" aria-hidden=\"true\" class=\"wp-block-spacer\"><\/div>\n\n<\/div><\/div>\n<\/div><\/div>\n<\/div><\/div>\n<\/div><\/div>\n<\/div><\/div>\n<\/div><\/div>\n<\/div><\/div>\n<\/div><\/div>\n<\/div><\/div>\n<\/div><\/div>\n<\/div><\/div>\n<\/div><\/div>\n\n\n<hr class=\"wp-block-separator has-alpha-channel-opacity\" \/>\n\n\n\n<div style=\"height:51px\" aria-hidden=\"true\" class=\"wp-block-spacer\"><\/div>\n\n\n\n<h2 class=\"gb-headline gb-headline-1fa9727f gb-headline-text\">AUCH INTERESSANT<\/h2>\n\n\n<div class=\"gb-container gb-container-abf8621a\"><div class=\"gb-inside-container\">\n\n<div class=\"wp-block-columns is-layout-flex wp-container-core-columns-is-layout-1 wp-block-columns-is-layout-flex\">\n<div class=\"wp-block-column is-layout-flow wp-block-column-is-layout-flow\">\n<figure class=\"wp-block-image size-large\"><a href=\"https:\/\/www.ewigerbund.org\/bayern\/geschichte\/1180-der-beginn-des-hauses-bayern-otto-von-wittelsbach\/\"><img loading=\"lazy\" decoding=\"async\" width=\"1024\" height=\"582\" src=\"https:\/\/www.ewigerbund.org\/bayern\/wp-content\/uploads\/sites\/12\/2023\/05\/1180-Otto-von-Wittelsbach_video.edited-1024x582.jpg\" alt=\"1180 Otto von Wittelsbach\" class=\"wp-image-2172\" srcset=\"https:\/\/www.ewigerbund.org\/bayern\/wp-content\/uploads\/sites\/12\/2023\/05\/1180-Otto-von-Wittelsbach_video.edited-1024x582.jpg 1024w, https:\/\/www.ewigerbund.org\/bayern\/wp-content\/uploads\/sites\/12\/2023\/05\/1180-Otto-von-Wittelsbach_video.edited-300x171.jpg 300w, https:\/\/www.ewigerbund.org\/bayern\/wp-content\/uploads\/sites\/12\/2023\/05\/1180-Otto-von-Wittelsbach_video.edited-768x437.jpg 768w, https:\/\/www.ewigerbund.org\/bayern\/wp-content\/uploads\/sites\/12\/2023\/05\/1180-Otto-von-Wittelsbach_video.edited-1536x873.jpg 1536w, https:\/\/www.ewigerbund.org\/bayern\/wp-content\/uploads\/sites\/12\/2023\/05\/1180-Otto-von-Wittelsbach_video.edited.jpg 1748w\" sizes=\"auto, (max-width: 1024px) 100vw, 1024px\" \/><\/a><\/figure>\n\n\n\n<h2 class=\"has-medium-font-size wp-block-heading\"><strong>1180. Der Beginn des Hauses Bayern \u2013 Otto von Wittelsbach.<\/strong><\/h2>\n\n\n\n<p>Auf dem R\u00fcckzuge von Italien im Jahre 1155 nahm Kaiser Friedrich der Rothbart mit dem deutschen Heere seinen Weg durchs Etschthal, um \u00fcber den Brenner nach Deutschland zu gelangen. Auf diesem Wege kam er an den Engpa\u00df von Chiusa, die Berner Klause genannt.<\/p>\n\n\n\n<p><a href=\"https:\/\/www.ewigerbund.org\/bayern\/geschichte\/1180-der-beginn-des-hauses-bayern-otto-von-wittelsbach\/\">Weiterlesen \u2192<\/a><\/p>\n<\/div>\n\n\n\n<div class=\"wp-block-column is-layout-flow wp-block-column-is-layout-flow\">\n<figure class=\"gb-block-image gb-block-image-93e2bc85\"><a href=\"https:\/\/www.ewigerbund.org\/bayern\/bauwerke\/universitaet-1835-1840\/\"><img loading=\"lazy\" decoding=\"async\" width=\"1024\" height=\"576\" class=\"gb-image gb-image-93e2bc85\" src=\"https:\/\/www.ewigerbund.org\/bayern\/wp-content\/uploads\/sites\/12\/2023\/08\/Muenchen_Amalienstrasse_bei_Universitaet-1024x576.jpg\" alt=\"\" title=\"M\u00fcnchen_Amalienstra\u00dfe_bei_Universit\u00e4t\" srcset=\"https:\/\/www.ewigerbund.org\/bayern\/wp-content\/uploads\/sites\/12\/2023\/08\/Muenchen_Amalienstrasse_bei_Universitaet-1024x576.jpg 1024w, https:\/\/www.ewigerbund.org\/bayern\/wp-content\/uploads\/sites\/12\/2023\/08\/Muenchen_Amalienstrasse_bei_Universitaet-300x169.jpg 300w, https:\/\/www.ewigerbund.org\/bayern\/wp-content\/uploads\/sites\/12\/2023\/08\/Muenchen_Amalienstrasse_bei_Universitaet-768x432.jpg 768w, https:\/\/www.ewigerbund.org\/bayern\/wp-content\/uploads\/sites\/12\/2023\/08\/Muenchen_Amalienstrasse_bei_Universitaet.jpg 1200w\" sizes=\"auto, (max-width: 1024px) 100vw, 1024px\" \/><\/a><\/figure>\n\n\n\n<h2 class=\"wp-block-heading\" style=\"font-size:20px\"><strong>Universit\u00e4t. (1835-1840)<\/strong><\/h2>\n\n\n\n<p style=\"font-size:16px\">Das Geb\u00e4ude f\u00fcr die k\u00f6nigliche Ludwigs-Maximilians-Universit\u00e4t wurde im byzantinisch-florentinischen Stil w\u00e4hrend der Zeitdauer von 1835 bis 1840 in der Ludwigstra\u00dfe..<\/p>\n\n\n\n<p><a href=\"https:\/\/www.ewigerbund.org\/bayern\/bauwerke\/universitaet-1835-1840\/\">Auf zur Uni \u2192<\/a><\/p>\n<\/div>\n\n\n\n<div class=\"wp-block-column is-layout-flow wp-block-column-is-layout-flow\">\n<figure class=\"wp-block-image size-full\"><a href=\"https:\/\/www.ewigerbund.org\/bayern\/geschichte\/prinzregent-luitpold\/\"><img loading=\"lazy\" decoding=\"async\" width=\"1024\" height=\"580\" src=\"https:\/\/www.ewigerbund.org\/bayern\/wp-content\/uploads\/sites\/12\/2023\/06\/Luitpold-Prinzregent-Bayern-fuer-Otto-I.jpg\" alt=\"Luitpold-Prinzregent-Bayern-fuer-Otto-I\" class=\"wp-image-2894\" srcset=\"https:\/\/www.ewigerbund.org\/bayern\/wp-content\/uploads\/sites\/12\/2023\/06\/Luitpold-Prinzregent-Bayern-fuer-Otto-I.jpg 1024w, https:\/\/www.ewigerbund.org\/bayern\/wp-content\/uploads\/sites\/12\/2023\/06\/Luitpold-Prinzregent-Bayern-fuer-Otto-I-300x170.jpg 300w, https:\/\/www.ewigerbund.org\/bayern\/wp-content\/uploads\/sites\/12\/2023\/06\/Luitpold-Prinzregent-Bayern-fuer-Otto-I-768x435.jpg 768w\" sizes=\"auto, (max-width: 1024px) 100vw, 1024px\" \/><\/a><\/figure>\n\n\n\n<h2 class=\"has-medium-font-size wp-block-heading\"><strong>1886-1912. Prinzregent Luitpold.<\/strong><\/h2>\n\n\n\n<p>Die Erkrankung Ludwigs II., welcher im Jahre 1886 der unerwartete Tod des K\u00f6nigs folgte, legte dem Prinzen Luitpold, dem Oheim des K\u00f6nigs und seines gleichfalls schwer erkrankten Bruders Otto, die schwere Pflicht auf, die durch die Verfassung vorgeschriebene Regentschaft zu \u00fcbernehmen. Prinz Luitpold, im Jahre 1821 als dritter Sohn Ludwigs I. geboren,<\/p>\n\n\n\n<p><a href=\"https:\/\/www.ewigerbund.org\/bayern\/geschichte\/prinzregent-luitpold\/\">Weiterlesen \u2192<\/a><\/p>\n<\/div>\n<\/div>\n\n\n\n<div class=\"wp-block-columns is-layout-flex wp-container-core-columns-is-layout-2 wp-block-columns-is-layout-flex\">\n<div class=\"wp-block-column is-layout-flow wp-block-column-is-layout-flow\">\n<figure class=\"wp-block-image size-full\"><a href=\"https:\/\/www.ewigerbund.org\/bayern\/geschichte\/die-friedenszeit\/\"><img loading=\"lazy\" decoding=\"async\" width=\"1024\" height=\"580\" src=\"https:\/\/www.ewigerbund.org\/bayern\/wp-content\/uploads\/sites\/12\/2023\/06\/Friedenszeit-1024x580-1.jpg\" alt=\"Friedenszeit\" class=\"wp-image-2886\" srcset=\"https:\/\/www.ewigerbund.org\/bayern\/wp-content\/uploads\/sites\/12\/2023\/06\/Friedenszeit-1024x580-1.jpg 1024w, https:\/\/www.ewigerbund.org\/bayern\/wp-content\/uploads\/sites\/12\/2023\/06\/Friedenszeit-1024x580-1-300x170.jpg 300w, https:\/\/www.ewigerbund.org\/bayern\/wp-content\/uploads\/sites\/12\/2023\/06\/Friedenszeit-1024x580-1-768x435.jpg 768w\" sizes=\"auto, (max-width: 1024px) 100vw, 1024px\" \/><\/a><\/figure>\n\n\n\n<h2 class=\"has-medium-font-size wp-block-heading\"><strong>1815-1840. Die Friedenszeit.<\/strong><\/h2>\n\n\n\n<p class=\"has-medium-font-size\">Die lange Friedenszeit, die der Gr\u00fcndung des Deutschen Bundes folgte, wirkte erfreulich auf die wirtschaftliche Entwicklung der deutschen Staaten. Insbesondere nahm die Landwirtschaft einen kr\u00e4ftigen Aufschwung durch die fortschreitende Befreiung des Bauernstandes von den altherk\u00f6mmlichen Lasten und Fronden,<\/p>\n\n\n\n<p><a href=\"https:\/\/www.ewigerbund.org\/bayern\/geschichte\/die-friedenszeit\/\">Weiterlesen \u2192<\/a><\/p>\n<\/div>\n\n\n\n<div class=\"wp-block-column is-layout-flow wp-block-column-is-layout-flow\">\n<figure class=\"wp-block-image size-large\"><a href=\"https:\/\/www.ewigerbund.org\/bayern\/bauwerke\/die-ruhmeshalle-mit-der-bavaria-1843-1850\"><img loading=\"lazy\" decoding=\"async\" width=\"1024\" height=\"576\" src=\"https:\/\/www.ewigerbund.org\/bayern\/wp-content\/uploads\/sites\/12\/2023\/08\/Ruhmeshalle-Fahne-1024x576.jpg\" alt=\"\" class=\"wp-image-3717\" srcset=\"https:\/\/www.ewigerbund.org\/bayern\/wp-content\/uploads\/sites\/12\/2023\/08\/Ruhmeshalle-Fahne-1024x576.jpg 1024w, https:\/\/www.ewigerbund.org\/bayern\/wp-content\/uploads\/sites\/12\/2023\/08\/Ruhmeshalle-Fahne-300x169.jpg 300w, https:\/\/www.ewigerbund.org\/bayern\/wp-content\/uploads\/sites\/12\/2023\/08\/Ruhmeshalle-Fahne-768x432.jpg 768w, https:\/\/www.ewigerbund.org\/bayern\/wp-content\/uploads\/sites\/12\/2023\/08\/Ruhmeshalle-Fahne.jpg 1200w\" sizes=\"auto, (max-width: 1024px) 100vw, 1024px\" \/><\/a><\/figure>\n\n\n\n<h2 class=\"gb-headline gb-headline-41e87470 gb-headline-text\"><strong>Die Ruhmeshalle mit der Bavaria. (1843-1850)<\/strong><\/h2>\n\n\n\n<p>Der Bau der Ruhmeshalle wurde auf Befehl<a href=\"https:\/\/www.ewigerbund.org\/bayern\/geschichte\/koenig-ludwig-i\/\" target=\"_blank\" rel=\"noreferrer noopener\">&nbsp;K\u00f6nig Ludwigs&nbsp;<\/a>von L. v. Klenze im altdorischen Tempelstil aus Marmor des Untersbergs bei Salzburg ausgef\u00fchrt und 1843 begonnen.<\/p>\n\n\n\n<p>Dieser, nach dem Willen seines erhabenen Gr\u00fcnders, dem Ruhm ausgezeichneter M\u00e4nner Bayerns gewidmete, Ehrentempel erhebt sich auf&#8230;<\/p>\n\n\n\n<p><a href=\"https:\/\/www.ewigerbund.org\/bayern\/bauwerke\/die-ruhmeshalle-mit-der-bavaria-1843-1850\/\">Zur Ruhmeshalle mit der Bavaria \u2192<\/a><\/p>\n<\/div>\n\n\n\n<div class=\"wp-block-column is-layout-flow wp-block-column-is-layout-flow\"><div class=\"wp-block-image\">\n<figure class=\"aligncenter size-large\"><a href=\"https:\/\/www.ewigerbund.org\/bayern\/geographie\/das-alte-und-das-heutige-muenchen\/\"><img loading=\"lazy\" decoding=\"async\" width=\"1024\" height=\"580\" src=\"https:\/\/www.ewigerbund.org\/bayern\/wp-content\/uploads\/sites\/12\/2023\/06\/Das_alte_und_das_heutige_Muenchen-1024x580.jpg\" alt=\"\" class=\"wp-image-2790\" srcset=\"https:\/\/www.ewigerbund.org\/bayern\/wp-content\/uploads\/sites\/12\/2023\/06\/Das_alte_und_das_heutige_Muenchen-1024x580.jpg 1024w, https:\/\/www.ewigerbund.org\/bayern\/wp-content\/uploads\/sites\/12\/2023\/06\/Das_alte_und_das_heutige_Muenchen-300x170.jpg 300w, https:\/\/www.ewigerbund.org\/bayern\/wp-content\/uploads\/sites\/12\/2023\/06\/Das_alte_und_das_heutige_Muenchen-768x435.jpg 768w, https:\/\/www.ewigerbund.org\/bayern\/wp-content\/uploads\/sites\/12\/2023\/06\/Das_alte_und_das_heutige_Muenchen.jpg 1200w\" sizes=\"auto, (max-width: 1024px) 100vw, 1024px\" \/><\/a><\/figure><\/div>\n\n\n<h2 class=\"has-medium-font-size wp-block-heading\">Das alte und das heutige M\u00fcnchen.<\/h2>\n\n\n\n<p>M\u00fcnchen (260.000 Einw.) ist ein Oase in der W\u00fcste, auf einer weiten Hochebene gelegen.<\/p>\n\n\n\n<p><a href=\"https:\/\/www.ewigerbund.org\/bayern\/geographie\/das-alte-und-das-heutige-muenchen\/\">Auf nach M\u00fcnchen \u2192<\/a><\/p>\n<\/div>\n<\/div>\n\n<\/div><\/div>","protected":false},"excerpt":{"rendered":"<p>Ausflug nach Br\u00fcckenau. Bad Br\u00fcckenau. Nachdem der letzte Ausflug des ewigen Bundes in Bayern anl\u00e4sslich eines Gedenkgottesdienstes zum Andenken an K\u00f6nig Ludwig II. an den malerischen W\u00fcrmsee f\u00fchrte, folgte man dieses Mal den Spuren seines Gro\u00dfvaters K\u00f6nig Ludwig I. in das herrliche Unterfranken. Historische Parkanlage mit Heilquellen. Ziel unseres diesmaligen Ausflugs war das historische Staatsbad &#8230; <a title=\"Das Staatsbad K\u00f6nig Ludwigs I.\" class=\"read-more\" href=\"https:\/\/www.ewigerbund.org\/bayern\/das-staatsbad-koenig-ludwigs-i-in-brueckenau\/\" aria-label=\"Mehr zu Das Staatsbad K\u00f6nig Ludwigs I.\">Weiterlesen &#8230;<\/a><\/p>\n","protected":false},"author":1,"featured_media":3816,"parent":0,"menu_order":2,"comment_status":"closed","ping_status":"closed","template":"template-6-beide-seitenleiste.php","meta":{"footnotes":""},"categories":[1,6,5,495],"tags":[540,534,171,43,533,145,535],"class_list":["post-3805","page","type-page","status-publish","has-post-thumbnail","hentry","category-allgemein","category-bayern","category-bundesstaat","category-land-und-leute","tag-ausflug","tag-bad-brueckenau","tag-bayern","tag-koenigreich-bayern","tag-ludwig","tag-ludwig-i","tag-staatsbad"],"yoast_head":"<!-- This site is optimized with the Yoast SEO plugin v23.1 - https:\/\/yoast.com\/wordpress\/plugins\/seo\/ -->\n<title>Das Staatsbad K\u00f6nig Ludwigs I. - K\u00f6nigreich Bayern<\/title>\n<meta name=\"description\" content=\"Ziel unseres diesmaligen Ausflugs war das historische Staatsbad in Bad Br\u00fcckenau. Das f\u00fcr seine Heilquellen ber\u00fchmte und vom Kunstsinn...\" \/>\n<meta name=\"robots\" content=\"index, follow, max-snippet:-1, max-image-preview:large, max-video-preview:-1\" \/>\n<link rel=\"canonical\" href=\"https:\/\/www.ewigerbund.org\/bayern\/das-staatsbad-koenig-ludwigs-i-in-brueckenau\/\" \/>\n<meta property=\"og:locale\" content=\"de_DE\" \/>\n<meta property=\"og:type\" content=\"article\" \/>\n<meta property=\"og:title\" content=\"Das Staatsbad K\u00f6nig Ludwigs I. - K\u00f6nigreich Bayern\" \/>\n<meta property=\"og:description\" content=\"Ziel unseres diesmaligen Ausflugs war das historische Staatsbad in Bad Br\u00fcckenau. Das f\u00fcr seine Heilquellen ber\u00fchmte und vom Kunstsinn...\" \/>\n<meta property=\"og:url\" content=\"https:\/\/www.ewigerbund.org\/bayern\/das-staatsbad-koenig-ludwigs-i-in-brueckenau\/\" \/>\n<meta property=\"og:site_name\" content=\"K\u00f6nigreich Bayern\" \/>\n<meta property=\"article:modified_time\" content=\"2023-10-07T00:57:18+00:00\" \/>\n<meta property=\"og:image\" content=\"https:\/\/www.ewigerbund.org\/bayern\/wp-content\/uploads\/sites\/12\/2023\/09\/brueckenau-ludwig-i-thron-unten.jpg\" \/>\n\t<meta property=\"og:image:width\" content=\"1200\" \/>\n\t<meta property=\"og:image:height\" content=\"675\" \/>\n\t<meta property=\"og:image:type\" content=\"image\/jpeg\" \/>\n<meta name=\"twitter:card\" content=\"summary_large_image\" \/>\n<meta name=\"twitter:label1\" content=\"Gesch\u00e4tzte Lesezeit\" \/>\n\t<meta name=\"twitter:data1\" content=\"7\u00a0Minuten\" \/>\n<script type=\"application\/ld+json\" class=\"yoast-schema-graph\">{\"@context\":\"https:\/\/schema.org\",\"@graph\":[{\"@type\":[\"Article\",\"Report\"],\"@id\":\"https:\/\/www.ewigerbund.org\/bayern\/das-staatsbad-koenig-ludwigs-i-in-brueckenau\/#article\",\"isPartOf\":{\"@id\":\"https:\/\/www.ewigerbund.org\/bayern\/das-staatsbad-koenig-ludwigs-i-in-brueckenau\/\"},\"author\":{\"name\":\"Ewiger Bund (Offiziell)\",\"@id\":\"https:\/\/www.ewigerbund.org\/bayern\/#\/schema\/person\/0362e92185f3785946d79eb35c5d3b96\"},\"headline\":\"Das Staatsbad K\u00f6nig Ludwigs I.\",\"datePublished\":\"2023-09-01T22:22:14+00:00\",\"dateModified\":\"2023-10-07T00:57:18+00:00\",\"mainEntityOfPage\":{\"@id\":\"https:\/\/www.ewigerbund.org\/bayern\/das-staatsbad-koenig-ludwigs-i-in-brueckenau\/\"},\"wordCount\":942,\"publisher\":{\"@id\":\"https:\/\/www.ewigerbund.org\/bayern\/#organization\"},\"image\":{\"@id\":\"https:\/\/www.ewigerbund.org\/bayern\/das-staatsbad-koenig-ludwigs-i-in-brueckenau\/#primaryimage\"},\"thumbnailUrl\":\"https:\/\/www.ewigerbund.org\/bayern\/wp-content\/uploads\/sites\/12\/2023\/09\/brueckenau-ludwig-i-thron-unten.jpg\",\"keywords\":[\"Ausflug\",\"Bad Br\u00fcckenau\",\"Bayern\",\"K\u00f6nigreich Bayern\",\"Ludwig\",\"Ludwig I.\",\"Staatsbad\"],\"articleSection\":{\"1\":\"Bayern\",\"2\":\"Bundesstaat\",\"3\":\"Sehenswert\"},\"inLanguage\":\"de\"},{\"@type\":\"WebPage\",\"@id\":\"https:\/\/www.ewigerbund.org\/bayern\/das-staatsbad-koenig-ludwigs-i-in-brueckenau\/\",\"url\":\"https:\/\/www.ewigerbund.org\/bayern\/das-staatsbad-koenig-ludwigs-i-in-brueckenau\/\",\"name\":\"Das Staatsbad K\u00f6nig Ludwigs I. - K\u00f6nigreich Bayern\",\"isPartOf\":{\"@id\":\"https:\/\/www.ewigerbund.org\/bayern\/#website\"},\"primaryImageOfPage\":{\"@id\":\"https:\/\/www.ewigerbund.org\/bayern\/das-staatsbad-koenig-ludwigs-i-in-brueckenau\/#primaryimage\"},\"image\":{\"@id\":\"https:\/\/www.ewigerbund.org\/bayern\/das-staatsbad-koenig-ludwigs-i-in-brueckenau\/#primaryimage\"},\"thumbnailUrl\":\"https:\/\/www.ewigerbund.org\/bayern\/wp-content\/uploads\/sites\/12\/2023\/09\/brueckenau-ludwig-i-thron-unten.jpg\",\"datePublished\":\"2023-09-01T22:22:14+00:00\",\"dateModified\":\"2023-10-07T00:57:18+00:00\",\"description\":\"Ziel unseres diesmaligen Ausflugs war das historische Staatsbad in Bad Br\u00fcckenau. Das f\u00fcr seine Heilquellen ber\u00fchmte und vom Kunstsinn...\",\"breadcrumb\":{\"@id\":\"https:\/\/www.ewigerbund.org\/bayern\/das-staatsbad-koenig-ludwigs-i-in-brueckenau\/#breadcrumb\"},\"inLanguage\":\"de\",\"potentialAction\":[{\"@type\":\"ReadAction\",\"target\":[\"https:\/\/www.ewigerbund.org\/bayern\/das-staatsbad-koenig-ludwigs-i-in-brueckenau\/\"]}]},{\"@type\":\"ImageObject\",\"inLanguage\":\"de\",\"@id\":\"https:\/\/www.ewigerbund.org\/bayern\/das-staatsbad-koenig-ludwigs-i-in-brueckenau\/#primaryimage\",\"url\":\"https:\/\/www.ewigerbund.org\/bayern\/wp-content\/uploads\/sites\/12\/2023\/09\/brueckenau-ludwig-i-thron-unten.jpg\",\"contentUrl\":\"https:\/\/www.ewigerbund.org\/bayern\/wp-content\/uploads\/sites\/12\/2023\/09\/brueckenau-ludwig-i-thron-unten.jpg\",\"width\":1200,\"height\":675},{\"@type\":\"BreadcrumbList\",\"@id\":\"https:\/\/www.ewigerbund.org\/bayern\/das-staatsbad-koenig-ludwigs-i-in-brueckenau\/#breadcrumb\",\"itemListElement\":[{\"@type\":\"ListItem\",\"position\":1,\"name\":\"Startseite\",\"item\":\"https:\/\/www.ewigerbund.org\/bayern\/\"},{\"@type\":\"ListItem\",\"position\":2,\"name\":\"Das Staatsbad K\u00f6nig Ludwigs I.\"}]},{\"@type\":\"WebSite\",\"@id\":\"https:\/\/www.ewigerbund.org\/bayern\/#website\",\"url\":\"https:\/\/www.ewigerbund.org\/bayern\/\",\"name\":\"K\u00f6nigreich Bayern\",\"description\":\"im ewigen Bund.\",\"publisher\":{\"@id\":\"https:\/\/www.ewigerbund.org\/bayern\/#organization\"},\"potentialAction\":[{\"@type\":\"SearchAction\",\"target\":{\"@type\":\"EntryPoint\",\"urlTemplate\":\"https:\/\/www.ewigerbund.org\/bayern\/?s={search_term_string}\"},\"query-input\":\"required name=search_term_string\"}],\"inLanguage\":\"de\"},{\"@type\":\"Organization\",\"@id\":\"https:\/\/www.ewigerbund.org\/bayern\/#organization\",\"name\":\"K\u00f6nigreich Bayern\",\"url\":\"https:\/\/www.ewigerbund.org\/bayern\/\",\"logo\":{\"@type\":\"ImageObject\",\"inLanguage\":\"de\",\"@id\":\"https:\/\/www.ewigerbund.org\/bayern\/#\/schema\/logo\/image\/\",\"url\":\"https:\/\/www.ewigerbund.org\/bayern\/wp-content\/uploads\/sites\/12\/2023\/02\/2023-02-24-Logo-EB-Bayern-Schutzzone_Schatten_BGweiss_V2_1200px.png\",\"contentUrl\":\"https:\/\/www.ewigerbund.org\/bayern\/wp-content\/uploads\/sites\/12\/2023\/02\/2023-02-24-Logo-EB-Bayern-Schutzzone_Schatten_BGweiss_V2_1200px.png\",\"width\":1200,\"height\":1200,\"caption\":\"K\u00f6nigreich Bayern\"},\"image\":{\"@id\":\"https:\/\/www.ewigerbund.org\/bayern\/#\/schema\/logo\/image\/\"}},{\"@type\":\"Person\",\"@id\":\"https:\/\/www.ewigerbund.org\/bayern\/#\/schema\/person\/0362e92185f3785946d79eb35c5d3b96\",\"name\":\"Ewiger Bund (Offiziell)\",\"image\":{\"@type\":\"ImageObject\",\"inLanguage\":\"de\",\"@id\":\"https:\/\/www.ewigerbund.org\/bayern\/#\/schema\/person\/image\/\",\"url\":\"https:\/\/secure.gravatar.com\/avatar\/1e3f022cd8f681d14f459ffaa89a6798?s=96&d=mm&r=g\",\"contentUrl\":\"https:\/\/secure.gravatar.com\/avatar\/1e3f022cd8f681d14f459ffaa89a6798?s=96&d=mm&r=g\",\"caption\":\"Ewiger Bund (Offiziell)\"},\"url\":\"https:\/\/www.ewigerbund.org\/bayern\/author\/deutscher\/\"}]}<\/script>\n<!-- \/ Yoast SEO plugin. -->","yoast_head_json":{"title":"Das Staatsbad K\u00f6nig Ludwigs I. - K\u00f6nigreich Bayern","description":"Ziel unseres diesmaligen Ausflugs war das historische Staatsbad in Bad Br\u00fcckenau. Das f\u00fcr seine Heilquellen ber\u00fchmte und vom Kunstsinn...","robots":{"index":"index","follow":"follow","max-snippet":"max-snippet:-1","max-image-preview":"max-image-preview:large","max-video-preview":"max-video-preview:-1"},"canonical":"https:\/\/www.ewigerbund.org\/bayern\/das-staatsbad-koenig-ludwigs-i-in-brueckenau\/","og_locale":"de_DE","og_type":"article","og_title":"Das Staatsbad K\u00f6nig Ludwigs I. - K\u00f6nigreich Bayern","og_description":"Ziel unseres diesmaligen Ausflugs war das historische Staatsbad in Bad Br\u00fcckenau. Das f\u00fcr seine Heilquellen ber\u00fchmte und vom Kunstsinn...","og_url":"https:\/\/www.ewigerbund.org\/bayern\/das-staatsbad-koenig-ludwigs-i-in-brueckenau\/","og_site_name":"K\u00f6nigreich Bayern","article_modified_time":"2023-10-07T00:57:18+00:00","og_image":[{"width":1200,"height":675,"url":"https:\/\/www.ewigerbund.org\/bayern\/wp-content\/uploads\/sites\/12\/2023\/09\/brueckenau-ludwig-i-thron-unten.jpg","type":"image\/jpeg"}],"twitter_card":"summary_large_image","twitter_misc":{"Gesch\u00e4tzte Lesezeit":"7\u00a0Minuten"},"schema":{"@context":"https:\/\/schema.org","@graph":[{"@type":["Article","Report"],"@id":"https:\/\/www.ewigerbund.org\/bayern\/das-staatsbad-koenig-ludwigs-i-in-brueckenau\/#article","isPartOf":{"@id":"https:\/\/www.ewigerbund.org\/bayern\/das-staatsbad-koenig-ludwigs-i-in-brueckenau\/"},"author":{"name":"Ewiger Bund (Offiziell)","@id":"https:\/\/www.ewigerbund.org\/bayern\/#\/schema\/person\/0362e92185f3785946d79eb35c5d3b96"},"headline":"Das Staatsbad K\u00f6nig Ludwigs I.","datePublished":"2023-09-01T22:22:14+00:00","dateModified":"2023-10-07T00:57:18+00:00","mainEntityOfPage":{"@id":"https:\/\/www.ewigerbund.org\/bayern\/das-staatsbad-koenig-ludwigs-i-in-brueckenau\/"},"wordCount":942,"publisher":{"@id":"https:\/\/www.ewigerbund.org\/bayern\/#organization"},"image":{"@id":"https:\/\/www.ewigerbund.org\/bayern\/das-staatsbad-koenig-ludwigs-i-in-brueckenau\/#primaryimage"},"thumbnailUrl":"https:\/\/www.ewigerbund.org\/bayern\/wp-content\/uploads\/sites\/12\/2023\/09\/brueckenau-ludwig-i-thron-unten.jpg","keywords":["Ausflug","Bad Br\u00fcckenau","Bayern","K\u00f6nigreich Bayern","Ludwig","Ludwig I.","Staatsbad"],"articleSection":{"1":"Bayern","2":"Bundesstaat","3":"Sehenswert"},"inLanguage":"de"},{"@type":"WebPage","@id":"https:\/\/www.ewigerbund.org\/bayern\/das-staatsbad-koenig-ludwigs-i-in-brueckenau\/","url":"https:\/\/www.ewigerbund.org\/bayern\/das-staatsbad-koenig-ludwigs-i-in-brueckenau\/","name":"Das Staatsbad K\u00f6nig Ludwigs I. - K\u00f6nigreich Bayern","isPartOf":{"@id":"https:\/\/www.ewigerbund.org\/bayern\/#website"},"primaryImageOfPage":{"@id":"https:\/\/www.ewigerbund.org\/bayern\/das-staatsbad-koenig-ludwigs-i-in-brueckenau\/#primaryimage"},"image":{"@id":"https:\/\/www.ewigerbund.org\/bayern\/das-staatsbad-koenig-ludwigs-i-in-brueckenau\/#primaryimage"},"thumbnailUrl":"https:\/\/www.ewigerbund.org\/bayern\/wp-content\/uploads\/sites\/12\/2023\/09\/brueckenau-ludwig-i-thron-unten.jpg","datePublished":"2023-09-01T22:22:14+00:00","dateModified":"2023-10-07T00:57:18+00:00","description":"Ziel unseres diesmaligen Ausflugs war das historische Staatsbad in Bad Br\u00fcckenau. Das f\u00fcr seine Heilquellen ber\u00fchmte und vom Kunstsinn...","breadcrumb":{"@id":"https:\/\/www.ewigerbund.org\/bayern\/das-staatsbad-koenig-ludwigs-i-in-brueckenau\/#breadcrumb"},"inLanguage":"de","potentialAction":[{"@type":"ReadAction","target":["https:\/\/www.ewigerbund.org\/bayern\/das-staatsbad-koenig-ludwigs-i-in-brueckenau\/"]}]},{"@type":"ImageObject","inLanguage":"de","@id":"https:\/\/www.ewigerbund.org\/bayern\/das-staatsbad-koenig-ludwigs-i-in-brueckenau\/#primaryimage","url":"https:\/\/www.ewigerbund.org\/bayern\/wp-content\/uploads\/sites\/12\/2023\/09\/brueckenau-ludwig-i-thron-unten.jpg","contentUrl":"https:\/\/www.ewigerbund.org\/bayern\/wp-content\/uploads\/sites\/12\/2023\/09\/brueckenau-ludwig-i-thron-unten.jpg","width":1200,"height":675},{"@type":"BreadcrumbList","@id":"https:\/\/www.ewigerbund.org\/bayern\/das-staatsbad-koenig-ludwigs-i-in-brueckenau\/#breadcrumb","itemListElement":[{"@type":"ListItem","position":1,"name":"Startseite","item":"https:\/\/www.ewigerbund.org\/bayern\/"},{"@type":"ListItem","position":2,"name":"Das Staatsbad K\u00f6nig Ludwigs I."}]},{"@type":"WebSite","@id":"https:\/\/www.ewigerbund.org\/bayern\/#website","url":"https:\/\/www.ewigerbund.org\/bayern\/","name":"K\u00f6nigreich Bayern","description":"im ewigen Bund.","publisher":{"@id":"https:\/\/www.ewigerbund.org\/bayern\/#organization"},"potentialAction":[{"@type":"SearchAction","target":{"@type":"EntryPoint","urlTemplate":"https:\/\/www.ewigerbund.org\/bayern\/?s={search_term_string}"},"query-input":"required name=search_term_string"}],"inLanguage":"de"},{"@type":"Organization","@id":"https:\/\/www.ewigerbund.org\/bayern\/#organization","name":"K\u00f6nigreich Bayern","url":"https:\/\/www.ewigerbund.org\/bayern\/","logo":{"@type":"ImageObject","inLanguage":"de","@id":"https:\/\/www.ewigerbund.org\/bayern\/#\/schema\/logo\/image\/","url":"https:\/\/www.ewigerbund.org\/bayern\/wp-content\/uploads\/sites\/12\/2023\/02\/2023-02-24-Logo-EB-Bayern-Schutzzone_Schatten_BGweiss_V2_1200px.png","contentUrl":"https:\/\/www.ewigerbund.org\/bayern\/wp-content\/uploads\/sites\/12\/2023\/02\/2023-02-24-Logo-EB-Bayern-Schutzzone_Schatten_BGweiss_V2_1200px.png","width":1200,"height":1200,"caption":"K\u00f6nigreich Bayern"},"image":{"@id":"https:\/\/www.ewigerbund.org\/bayern\/#\/schema\/logo\/image\/"}},{"@type":"Person","@id":"https:\/\/www.ewigerbund.org\/bayern\/#\/schema\/person\/0362e92185f3785946d79eb35c5d3b96","name":"Ewiger Bund (Offiziell)","image":{"@type":"ImageObject","inLanguage":"de","@id":"https:\/\/www.ewigerbund.org\/bayern\/#\/schema\/person\/image\/","url":"https:\/\/secure.gravatar.com\/avatar\/1e3f022cd8f681d14f459ffaa89a6798?s=96&d=mm&r=g","contentUrl":"https:\/\/secure.gravatar.com\/avatar\/1e3f022cd8f681d14f459ffaa89a6798?s=96&d=mm&r=g","caption":"Ewiger Bund (Offiziell)"},"url":"https:\/\/www.ewigerbund.org\/bayern\/author\/deutscher\/"}]}},"_links":{"self":[{"href":"https:\/\/www.ewigerbund.org\/bayern\/wp-json\/wp\/v2\/pages\/3805","targetHints":{"allow":["GET"]}}],"collection":[{"href":"https:\/\/www.ewigerbund.org\/bayern\/wp-json\/wp\/v2\/pages"}],"about":[{"href":"https:\/\/www.ewigerbund.org\/bayern\/wp-json\/wp\/v2\/types\/page"}],"author":[{"embeddable":true,"href":"https:\/\/www.ewigerbund.org\/bayern\/wp-json\/wp\/v2\/users\/1"}],"replies":[{"embeddable":true,"href":"https:\/\/www.ewigerbund.org\/bayern\/wp-json\/wp\/v2\/comments?post=3805"}],"version-history":[{"count":15,"href":"https:\/\/www.ewigerbund.org\/bayern\/wp-json\/wp\/v2\/pages\/3805\/revisions"}],"predecessor-version":[{"id":4020,"href":"https:\/\/www.ewigerbund.org\/bayern\/wp-json\/wp\/v2\/pages\/3805\/revisions\/4020"}],"wp:featuredmedia":[{"embeddable":true,"href":"https:\/\/www.ewigerbund.org\/bayern\/wp-json\/wp\/v2\/media\/3816"}],"wp:attachment":[{"href":"https:\/\/www.ewigerbund.org\/bayern\/wp-json\/wp\/v2\/media?parent=3805"}],"wp:term":[{"taxonomy":"category","embeddable":true,"href":"https:\/\/www.ewigerbund.org\/bayern\/wp-json\/wp\/v2\/categories?post=3805"},{"taxonomy":"post_tag","embeddable":true,"href":"https:\/\/www.ewigerbund.org\/bayern\/wp-json\/wp\/v2\/tags?post=3805"}],"curies":[{"name":"wp","href":"https:\/\/api.w.org\/{rel}","templated":true}]}}