{"id":3756,"date":"2023-08-26T23:26:54","date_gmt":"2023-08-26T21:26:54","guid":{"rendered":"https:\/\/www.ewigerbund.org\/bayern\/?page_id=3756"},"modified":"2023-11-12T02:59:31","modified_gmt":"2023-11-12T01:59:31","slug":"pfarrkirche-zum-heiligen-bonifacius","status":"publish","type":"page","link":"https:\/\/www.ewigerbund.org\/bayern\/bauwerke\/pfarrkirche-zum-heiligen-bonifacius\/","title":{"rendered":"St. Bonifaciuskirche. (1835-1850)"},"content":{"rendered":"\n<h2 class=\"gb-headline gb-headline-de1f01a1 gb-headline-text\"><strong>Die Basilika.<\/strong><\/h2>\n\n\n<div class=\"gb-container gb-container-9e1784ef\"><div class=\"gb-inside-container\">\n\n<p>Eine Basilika &#8211; ein Geb\u00e4ude von l\u00e4nglich viereckiger Form mit S\u00e4uleng\u00e4ngen &#8211; diente urspr\u00fcnglich den alten Griechen und R\u00f6mern als \u00f6ffentliche Gerichtshalle. Nachher zu Zeiten Constantin des Gro\u00dfen im vierten Jahrhundert und sp\u00e4ter wandte man die Basilikenform f\u00fcr kirchliche Geb\u00e4ude an, welche \u00fcber den Gr\u00e4bern der Heiligen errichtet wurden. So auch bei der St. Bonifaciuskirche.<\/p>\n\n<\/div><\/div>\n\n<div class=\"gb-container gb-container-44878904\"><div class=\"gb-inside-container\">\n\n<figure class=\"wp-block-gallery has-nested-images columns-default is-cropped wp-block-gallery-1 is-layout-flex wp-block-gallery-is-layout-flex\">\n<figure class=\"wp-block-image size-large\"><img loading=\"lazy\" decoding=\"async\" width=\"1024\" height=\"576\" src=\"https:\/\/www.ewigerbund.org\/bayern\/wp-content\/uploads\/sites\/12\/2023\/08\/Muenchen_St_Bonifaz-1024x576.jpg\" alt=\"\" class=\"wp-image-3758\" srcset=\"https:\/\/www.ewigerbund.org\/bayern\/wp-content\/uploads\/sites\/12\/2023\/08\/Muenchen_St_Bonifaz-1024x576.jpg 1024w, https:\/\/www.ewigerbund.org\/bayern\/wp-content\/uploads\/sites\/12\/2023\/08\/Muenchen_St_Bonifaz-300x169.jpg 300w, https:\/\/www.ewigerbund.org\/bayern\/wp-content\/uploads\/sites\/12\/2023\/08\/Muenchen_St_Bonifaz-768x432.jpg 768w, https:\/\/www.ewigerbund.org\/bayern\/wp-content\/uploads\/sites\/12\/2023\/08\/Muenchen_St_Bonifaz.jpg 1200w\" sizes=\"auto, (max-width: 1024px) 100vw, 1024px\" \/><\/figure>\n<\/figure>\n\n<\/div><\/div>\n\n<div class=\"gb-container gb-container-c472d9e0\"><div class=\"gb-inside-container\">\n\n<p>Die St. Bonifaciuskirche wurde auf Befehl<a href=\"https:\/\/www.ewigerbund.org\/bayern\/geschichte\/koenig-ludwig-i\/\" target=\"_blank\" rel=\"noreferrer noopener\"> K\u00f6nig Ludwigs <\/a>und aus dessen Privatmitteln zuerst in urspr\u00fcnglicher Reinheit des Rundbogenstils nach jenen Vorbildern von Ziebland erbaut. Den Grundstein legte<a href=\"https:\/\/www.ewigerbund.org\/bayern\/geschichte\/koenig-ludwig-i\/\" target=\"_blank\" rel=\"noreferrer noopener\"> K\u00f6nig Ludwig <\/a>am 12. Oktober 1835 zur Feier seiner silbernen Hochzeit; die Einweihung fand am 12. November 1850 statt.<\/p>\n\n<\/div><\/div>\n\n<div class=\"gb-container gb-container-2dedd622\"><div class=\"gb-inside-container\">\n\n<p>Diese unvergleichlich pr\u00e4chtige Pfarrkirche hat an der Hauptfassade in der Karlsstra\u00dfe eine von acht Pfeilern getragene Vorhalle. Drei Portale er\u00f6ffnen den Eingang in das Innere. <\/p>\n\n\n\n<p>An den Seiten des Hauptportals stehen die Bilds\u00e4ulen der Apostel Petrus und Paulus, diese, so wie die Pfeiler, die Rundb\u00f6gen dar\u00fcber, die Archivolten und Eckpfeiler, die B\u00f6gen und Einfassungen der Fenster und Portale sind von wei\u00dfem Kalkstein. Das Holzschnitzwerk der T\u00fcrfl\u00fcgel ist von Sch\u00f6nlaub ausgef\u00fchrt und zeigt an der mittleren oder Hauptt\u00fcr in acht Feldern die Symbole und sinnbildlichen Gestalten des Christentums, die T\u00fcr beim Eintritt zur linken die Symbole der Evangelien und die zur Rechten die Symbole der Episteln.<\/p>\n\n\n\n<h2 class=\"gb-headline gb-headline-5690f702 gb-headline-text\">Das Innere der Pfarrkirche.<\/h2>\n\n\n\n<p>Das \u00fcberraschend prachtvolle Innere ruht auf 66 S\u00e4ulen, von denen 64 je 16 in einer Reihe das Ganze in ein Mittelschiff und in vier schm\u00e4lere Seitenschiffe teilen, au\u00dferdem zwei das Orgelchor tragen. Die S\u00e4ulen sind Monolithen (d.h.aus, einem einzigen Stein bestehend) von gelblichgrauem polierten Tiroler Marmor mit Sockeln und Kn\u00e4ufen von wei\u00dfem Marmor, 25 Fu\u00df hoch, unten 2 \u00bd Fu\u00df stark. Die innere Breite der Kirche betr\u00e4gt 124 Fu\u00df, die L\u00e4nge 262 Fu\u00df, die H\u00f6he des Mittelschiffs 80 Fu\u00df, die der Seitenschiffe 43 Fu\u00df.<\/p>\n\n<\/div><\/div>\n\n\n<figure class=\"wp-block-gallery has-nested-images columns-default is-cropped wp-block-gallery-2 is-layout-flex wp-block-gallery-is-layout-flex\">\n<figure class=\"wp-block-image size-large\"><img loading=\"lazy\" decoding=\"async\" width=\"1024\" height=\"576\" data-id=\"3760\" src=\"https:\/\/www.ewigerbund.org\/bayern\/wp-content\/uploads\/sites\/12\/2023\/08\/Bonifaz_Muenchen_1900_mit_Schrift-1024x576.jpg\" alt=\"\" class=\"wp-image-3760\" srcset=\"https:\/\/www.ewigerbund.org\/bayern\/wp-content\/uploads\/sites\/12\/2023\/08\/Bonifaz_Muenchen_1900_mit_Schrift-1024x576.jpg 1024w, https:\/\/www.ewigerbund.org\/bayern\/wp-content\/uploads\/sites\/12\/2023\/08\/Bonifaz_Muenchen_1900_mit_Schrift-300x169.jpg 300w, https:\/\/www.ewigerbund.org\/bayern\/wp-content\/uploads\/sites\/12\/2023\/08\/Bonifaz_Muenchen_1900_mit_Schrift-768x432.jpg 768w, https:\/\/www.ewigerbund.org\/bayern\/wp-content\/uploads\/sites\/12\/2023\/08\/Bonifaz_Muenchen_1900_mit_Schrift.jpg 1200w\" sizes=\"auto, (max-width: 1024px) 100vw, 1024px\" \/><\/figure>\n<\/figure>\n\n\n<div class=\"gb-container gb-container-566cc270\"><div class=\"gb-inside-container\">\n\n<p>Die Decke des bis zum Dachstuhl reichenden Mittelschiffs ist blau mit goldenen Sternen, die braunen, goldverzierten Balken liegen unverh\u00fcllt. Reiche Freskomalereien von Heinrich von Hess und seinen Sch\u00fclern, von Schraudolph und anderen schm\u00fccken die Altarnische und die W\u00e4nde des Mittelschiffs; auf Letzteren sind 12 Szenen aus dem Leben des heiligen Bonifacius und dar\u00fcber 36 Abbildungen die Verbreitung des Christentums, besonders in Bayern, betreffend, dargestellt. Zwischen den Rundb\u00f6gen sind 34 Medaillon-Bildnisse der P\u00e4pste von Julius III. bis Gregor XVI. angebracht.<\/p>\n\n<\/div><\/div>\n\n<div class=\"gb-container gb-container-58bf9e29\"><div class=\"gb-inside-container\">\n\n<p>Die auf Rollen stehende Kanzel kann auf einer Eisenbahn vor- und zur\u00fcckgeschoben werden.<\/p>\n\n\n\n<p>Unter dem marmornen Mosaikboden der St. Bonifaciuskirche befindet sich die Grabkapelle (Krypta) und die Gr\u00fcfte f\u00fcr die verstorbenen Benediktiner, deren Kloster: das Bonifaciusstift hinter der Kirche erbaut und durch einen verdeckten Gang mit derselben verbunden ist.<\/p>\n\n<\/div><\/div>\n\n<div class=\"gb-container gb-container-5596824f\"><div class=\"gb-inside-container\">\n\n<p class=\"has-small-font-size\">Quelle: Erinnerung an M\u00fcnchen, Verlag von Mey und Widmayer, 1856, Seite 41-43<\/p>\n\n<\/div><\/div>\n\n\n<div style=\"height:50px\" aria-hidden=\"true\" class=\"wp-block-spacer\"><\/div>\n\n\n\n<hr class=\"wp-block-separator has-alpha-channel-opacity\" \/>\n\n\n\n<div style=\"height:50px\" aria-hidden=\"true\" class=\"wp-block-spacer\"><\/div>\n\n\n\n<h2 class=\"gb-headline gb-headline-2ea3398a gb-headline-text\">AUCH INTERESSANT<\/h2>\n\n\n<div class=\"gb-container gb-container-a3754e80\"><div class=\"gb-inside-container\">\n\n<div class=\"wp-block-columns is-layout-flex wp-container-core-columns-is-layout-1 wp-block-columns-is-layout-flex\">\n<div class=\"wp-block-column is-layout-flow wp-block-column-is-layout-flow\">\n<figure class=\"wp-block-image size-full\"><a href=\"https:\/\/www.ewigerbund.org\/bayern\/geschichte\/der-deutsch-franzoesische-krieg\/\"><img loading=\"lazy\" decoding=\"async\" width=\"1024\" height=\"580\" src=\"https:\/\/www.ewigerbund.org\/bayern\/wp-content\/uploads\/sites\/12\/2023\/06\/Der-Deutsch-Franzoesische-Krieg.-Bildunterschrift-Beachten.-Siehe-Uebersicht-der-Artikel.jpg\" alt=\"Der-Deutsch-Franzoesische-Krieg\" class=\"wp-image-2893\" srcset=\"https:\/\/www.ewigerbund.org\/bayern\/wp-content\/uploads\/sites\/12\/2023\/06\/Der-Deutsch-Franzoesische-Krieg.-Bildunterschrift-Beachten.-Siehe-Uebersicht-der-Artikel.jpg 1024w, https:\/\/www.ewigerbund.org\/bayern\/wp-content\/uploads\/sites\/12\/2023\/06\/Der-Deutsch-Franzoesische-Krieg.-Bildunterschrift-Beachten.-Siehe-Uebersicht-der-Artikel-300x170.jpg 300w, https:\/\/www.ewigerbund.org\/bayern\/wp-content\/uploads\/sites\/12\/2023\/06\/Der-Deutsch-Franzoesische-Krieg.-Bildunterschrift-Beachten.-Siehe-Uebersicht-der-Artikel-768x435.jpg 768w\" sizes=\"auto, (max-width: 1024px) 100vw, 1024px\" \/><\/a><\/figure>\n\n\n\n<h2 class=\"has-medium-font-size wp-block-heading\"><strong>1870-1871. Der deutsch-franz\u00f6sische Krieg.<\/strong><\/h2>\n\n\n\n<p>Am 19. Juli 1870 erkl\u00e4rte der franz\u00f6sische Kaiser Napoleon III. unter freudiger Zustimmung seines Volkes, aber ohne Grund zu blutigem Kampfe, an Preu\u00dfen den Krieg. Die angebahnte Einigung Deutschlands sollte verhindert und das linke Rheinufer f\u00fcr Frankreich zur\u00fcckerobert werden. <\/p>\n\n\n\n<p><a href=\"https:\/\/www.ewigerbund.org\/bayern\/geschichte\/der-deutsch-franzoesische-krieg\/\">Weiterlesen \u2192<\/a><\/p>\n<\/div>\n\n\n\n<div class=\"wp-block-column is-layout-flow wp-block-column-is-layout-flow\">\n<figure class=\"wp-block-image size-full\"><a href=\"https:\/\/www.ewigerbund.org\/bayern\/geschichte\/max-emanuel-von-bayern\/\"><img loading=\"lazy\" decoding=\"async\" width=\"1024\" height=\"580\" src=\"https:\/\/www.ewigerbund.org\/bayern\/wp-content\/uploads\/sites\/12\/2023\/06\/KurfuerstMaxEmanuel-1200px-1-1024x580-1.jpg\" alt=\"KurfuerstMaxEmanuel\" class=\"wp-image-2876\" srcset=\"https:\/\/www.ewigerbund.org\/bayern\/wp-content\/uploads\/sites\/12\/2023\/06\/KurfuerstMaxEmanuel-1200px-1-1024x580-1.jpg 1024w, https:\/\/www.ewigerbund.org\/bayern\/wp-content\/uploads\/sites\/12\/2023\/06\/KurfuerstMaxEmanuel-1200px-1-1024x580-1-300x170.jpg 300w, https:\/\/www.ewigerbund.org\/bayern\/wp-content\/uploads\/sites\/12\/2023\/06\/KurfuerstMaxEmanuel-1200px-1-1024x580-1-768x435.jpg 768w\" sizes=\"auto, (max-width: 1024px) 100vw, 1024px\" \/><\/a><\/figure>\n\n\n\n<h2 class=\"has-medium-font-size wp-block-heading\"><strong>1679-1726. Kurf\u00fcrst Max Emanuel von Bayern.<\/strong><\/h2>\n\n\n\n<p>Kurf\u00fcrst Max II. Emanuel war der Enkel Maximilians I., der am Verlauf des Drei\u00dfigj\u00e4hrigen Krieges so lebhaften Anteil nahm. Sein Vater Ferdinand Maria (1651\u20141679) hatte seinem ersch\u00f6pften Lande die Segnungen des Friedens erhalten und alle Aufreizungen Frankreichs,<\/p>\n\n\n\n<p><a href=\"https:\/\/www.ewigerbund.org\/bayern\/geschichte\/max-emanuel-von-bayern\/\">Weiterlesen \u2192<\/a><\/p>\n<\/div>\n\n\n\n<div class=\"wp-block-column is-layout-flow wp-block-column-is-layout-flow\">\n<figure class=\"wp-block-image size-large\"><a href=\"https:\/\/www.ewigerbund.org\/bayern\/geschichte\/1180-der-beginn-des-hauses-bayern-otto-von-wittelsbach\/\"><img loading=\"lazy\" decoding=\"async\" width=\"1024\" height=\"582\" src=\"https:\/\/www.ewigerbund.org\/bayern\/wp-content\/uploads\/sites\/12\/2023\/05\/1180-Otto-von-Wittelsbach_video.edited-1024x582.jpg\" alt=\"1180 Otto von Wittelsbach\" class=\"wp-image-2172\" srcset=\"https:\/\/www.ewigerbund.org\/bayern\/wp-content\/uploads\/sites\/12\/2023\/05\/1180-Otto-von-Wittelsbach_video.edited-1024x582.jpg 1024w, https:\/\/www.ewigerbund.org\/bayern\/wp-content\/uploads\/sites\/12\/2023\/05\/1180-Otto-von-Wittelsbach_video.edited-300x171.jpg 300w, https:\/\/www.ewigerbund.org\/bayern\/wp-content\/uploads\/sites\/12\/2023\/05\/1180-Otto-von-Wittelsbach_video.edited-768x437.jpg 768w, https:\/\/www.ewigerbund.org\/bayern\/wp-content\/uploads\/sites\/12\/2023\/05\/1180-Otto-von-Wittelsbach_video.edited-1536x873.jpg 1536w, https:\/\/www.ewigerbund.org\/bayern\/wp-content\/uploads\/sites\/12\/2023\/05\/1180-Otto-von-Wittelsbach_video.edited.jpg 1748w\" sizes=\"auto, (max-width: 1024px) 100vw, 1024px\" \/><\/a><\/figure>\n\n\n\n<h2 class=\"has-medium-font-size wp-block-heading\"><strong>1180. Der Beginn des Hauses Bayern \u2013 Otto von Wittelsbach.<\/strong><\/h2>\n\n\n\n<p>Auf dem R\u00fcckzuge von Italien im Jahre 1155 nahm Kaiser Friedrich der Rothbart mit dem deutschen Heere seinen Weg durchs Etschthal, um \u00fcber den Brenner nach Deutschland zu gelangen. Auf diesem Wege kam er an den Engpa\u00df von Chiusa, die Berner Klause genannt.<\/p>\n\n\n\n<p><a href=\"https:\/\/www.ewigerbund.org\/bayern\/geschichte\/1180-der-beginn-des-hauses-bayern-otto-von-wittelsbach\/\">Weiterlesen \u2192<\/a><\/p>\n<\/div>\n<\/div>\n\n<\/div><\/div>\n\n<div class=\"gb-container gb-container-55e56cdb\"><div class=\"gb-inside-container\">\n\n<div class=\"wp-block-columns is-layout-flex wp-container-core-columns-is-layout-2 wp-block-columns-is-layout-flex\">\n<div class=\"wp-block-column is-layout-flow wp-block-column-is-layout-flow\">\n<figure class=\"wp-block-image size-large\"><a href=\"https:\/\/www.ewigerbund.org\/bayern\/geschichte\/die-wittelsbacher\/\"><img loading=\"lazy\" decoding=\"async\" width=\"1024\" height=\"580\" src=\"https:\/\/www.ewigerbund.org\/bayern\/wp-content\/uploads\/sites\/12\/2023\/06\/900-1180_Die_Wittelsbacher-1200x680-1-1024x580.jpg\" alt=\"Die Wittelsbacher\" class=\"wp-image-2854\" srcset=\"https:\/\/www.ewigerbund.org\/bayern\/wp-content\/uploads\/sites\/12\/2023\/06\/900-1180_Die_Wittelsbacher-1200x680-1-1024x580.jpg 1024w, https:\/\/www.ewigerbund.org\/bayern\/wp-content\/uploads\/sites\/12\/2023\/06\/900-1180_Die_Wittelsbacher-1200x680-1-300x170.jpg 300w, https:\/\/www.ewigerbund.org\/bayern\/wp-content\/uploads\/sites\/12\/2023\/06\/900-1180_Die_Wittelsbacher-1200x680-1-768x435.jpg 768w, https:\/\/www.ewigerbund.org\/bayern\/wp-content\/uploads\/sites\/12\/2023\/06\/900-1180_Die_Wittelsbacher-1200x680-1.jpg 1200w\" sizes=\"auto, (max-width: 1024px) 100vw, 1024px\" \/><\/a><\/figure>\n\n\n\n<h2 class=\"has-medium-font-size wp-block-heading\"><strong>900-1180. Die Wittelsbacher.<\/strong><\/h2>\n\n\n\n<p>V\u00f6lker verrauschen und Namen verklingen und d\u00fcstre Vergessenheit deckt ganze Geschlechter. Nur wenige \u00fcberdauern die St\u00fcrme der Zeit und ragen wie die Alpenh\u00e4upter aus der Vergangenheit noch herein in die Gegenwart. An diese wenigen Geschlechter, welche von der Vorsehung bestimmt sind, die Geschicke der V\u00f6lker zu leiten, reiht sich das der Wittelsbacher.<\/p>\n\n\n\n<p><a href=\"https:\/\/www.ewigerbund.org\/bayern\/geschichte\/die-wittelsbacher\/\">Weiterlesen \u2192<\/a><\/p>\n<\/div>\n\n\n\n<div class=\"wp-block-column is-layout-flow wp-block-column-is-layout-flow\">\n<figure class=\"wp-block-image size-full\"><a href=\"https:\/\/www.ewigerbund.org\/bayern\/geschichte\/der-spanische-erbfolgekrieg\/\"><img loading=\"lazy\" decoding=\"async\" width=\"1024\" height=\"580\" src=\"https:\/\/www.ewigerbund.org\/bayern\/wp-content\/uploads\/sites\/12\/2023\/06\/Der_Spanische_Erbfolgekrieg_Graf_Arkosss_Heldenmuthiger_Tod-1024x580-1.jpg\" alt=\"Der_Spanische_Erbfolgekrieg_Graf_Arkosss_Heldenmuthiger_Tod\" class=\"wp-image-2879\" srcset=\"https:\/\/www.ewigerbund.org\/bayern\/wp-content\/uploads\/sites\/12\/2023\/06\/Der_Spanische_Erbfolgekrieg_Graf_Arkosss_Heldenmuthiger_Tod-1024x580-1.jpg 1024w, https:\/\/www.ewigerbund.org\/bayern\/wp-content\/uploads\/sites\/12\/2023\/06\/Der_Spanische_Erbfolgekrieg_Graf_Arkosss_Heldenmuthiger_Tod-1024x580-1-300x170.jpg 300w, https:\/\/www.ewigerbund.org\/bayern\/wp-content\/uploads\/sites\/12\/2023\/06\/Der_Spanische_Erbfolgekrieg_Graf_Arkosss_Heldenmuthiger_Tod-1024x580-1-768x435.jpg 768w\" sizes=\"auto, (max-width: 1024px) 100vw, 1024px\" \/><\/a><\/figure>\n\n\n\n<h2 class=\"has-medium-font-size wp-block-heading\"><strong>1702-1713. Der spanische Erbfolgekrieg. Graf Arko\u2019s heldenm\u00fcthiger Tod.<\/strong><\/h2>\n\n\n\n<p>Auf Spaniens Krone waren nun die Blicke aller europ\u00e4ischen H\u00f6fe gerichtet. Langsam siechte der kinderlose K\u00f6nig dahin und man f\u00fchlte, da\u00df er Thron und Leben bald verlassen werde. \u2013 Wer nun Erbe seiner Reiche werden w\u00fcrde, das war die Frage, deren Entscheidung, mochte sie fallen wie immer, einen blutigen Kampf entz\u00fcnden mu\u00dfte.<\/p>\n\n\n\n<p><a href=\"https:\/\/www.ewigerbund.org\/bayern\/geschichte\/der-spanische-erbfolgekrieg\/\">Weiterlesen \u2192<\/a><\/p>\n<\/div>\n\n\n\n<div class=\"wp-block-column is-layout-flow wp-block-column-is-layout-flow\">\n<figure class=\"wp-block-image size-full\"><a href=\"https:\/\/www.ewigerbund.org\/bayern\/geschichte\/der-dreissigjahrige-krieg\/\"><img loading=\"lazy\" decoding=\"async\" width=\"1024\" height=\"580\" src=\"https:\/\/www.ewigerbund.org\/bayern\/wp-content\/uploads\/sites\/12\/2023\/06\/1618-1648-Der-dreissigjaehrige-Krieg.jpg\" alt=\"1618-1648-Der-dreissigjaehrige-Krieg\" class=\"wp-image-2873\" srcset=\"https:\/\/www.ewigerbund.org\/bayern\/wp-content\/uploads\/sites\/12\/2023\/06\/1618-1648-Der-dreissigjaehrige-Krieg.jpg 1024w, https:\/\/www.ewigerbund.org\/bayern\/wp-content\/uploads\/sites\/12\/2023\/06\/1618-1648-Der-dreissigjaehrige-Krieg-300x170.jpg 300w, https:\/\/www.ewigerbund.org\/bayern\/wp-content\/uploads\/sites\/12\/2023\/06\/1618-1648-Der-dreissigjaehrige-Krieg-768x435.jpg 768w\" sizes=\"auto, (max-width: 1024px) 100vw, 1024px\" \/><\/a><\/figure>\n\n\n\n<h2 class=\"has-medium-font-size wp-block-heading\"><strong>1618-1648. Der drei\u00dfigj\u00e4hrige Krieg. Die Schlacht am wei\u00dfen Berge.<\/strong><\/h2>\n\n\n\n<p>Der letzte Friede von Augsburg (1555) hatte die Religionsunruhen in Deutschland nur \u00e4u\u00dferlich beschwichtigt. \u00dcberall ist leichter Vers\u00f6hnung, als wo der Kampf um den Glauben, des inneren Lebens Heiligthum, die Gem\u00fcther entzweit.<\/p>\n\n\n\n<p><a href=\"https:\/\/www.ewigerbund.org\/bayern\/geschichte\/der-dreissigjahrige-krieg\/\">Weiterlesen \u2192<\/a><\/p>\n<\/div>\n<\/div>\n\n<\/div><\/div>","protected":false},"excerpt":{"rendered":"<p>Die Basilika. Eine Basilika &#8211; ein Geb\u00e4ude von l\u00e4nglich viereckiger Form mit S\u00e4uleng\u00e4ngen &#8211; diente urspr\u00fcnglich den alten Griechen und R\u00f6mern als \u00f6ffentliche Gerichtshalle. Nachher zu Zeiten Constantin des Gro\u00dfen im vierten Jahrhundert und sp\u00e4ter wandte man die Basilikenform f\u00fcr kirchliche Geb\u00e4ude an, welche \u00fcber den Gr\u00e4bern der Heiligen errichtet wurden. So auch bei der &#8230; <a title=\"St. Bonifaciuskirche. (1835-1850)\" class=\"read-more\" href=\"https:\/\/www.ewigerbund.org\/bayern\/bauwerke\/pfarrkirche-zum-heiligen-bonifacius\/\" aria-label=\"Mehr zu St. Bonifaciuskirche. (1835-1850)\">Weiterlesen &#8230;<\/a><\/p>\n","protected":false},"author":1,"featured_media":3758,"parent":2379,"menu_order":2,"comment_status":"closed","ping_status":"closed","template":"template-6-beide-seitenleiste.php","meta":{"footnotes":""},"categories":[531],"tags":[171,556,43,145,204,547],"class_list":["post-3756","page","type-page","status-publish","has-post-thumbnail","hentry","category-bauwerke","tag-bayern","tag-bonifacius","tag-koenigreich-bayern","tag-ludwig-i","tag-muenchen","tag-pfarrkirche"],"yoast_head":"<!-- This site is optimized with the Yoast SEO plugin v23.1 - https:\/\/yoast.com\/wordpress\/plugins\/seo\/ -->\n<title>St. Bonifaciuskirche. (1835-1850) - K\u00f6nigreich Bayern<\/title>\n<meta name=\"description\" content=\"Eine Basilika - ein Geb\u00e4ude von l\u00e4nglich viereckiger Form mit S\u00e4uleng\u00e4ngen - diente urspr\u00fcnglich den alten Griechen und R\u00f6mern als ...\" \/>\n<meta name=\"robots\" content=\"index, follow, max-snippet:-1, max-image-preview:large, max-video-preview:-1\" \/>\n<link rel=\"canonical\" href=\"https:\/\/www.ewigerbund.org\/bayern\/bauwerke\/pfarrkirche-zum-heiligen-bonifacius\/\" \/>\n<meta property=\"og:locale\" content=\"de_DE\" \/>\n<meta property=\"og:type\" content=\"article\" \/>\n<meta property=\"og:title\" content=\"St. Bonifaciuskirche. (1835-1850) - K\u00f6nigreich Bayern\" \/>\n<meta property=\"og:description\" content=\"Eine Basilika - ein Geb\u00e4ude von l\u00e4nglich viereckiger Form mit S\u00e4uleng\u00e4ngen - diente urspr\u00fcnglich den alten Griechen und R\u00f6mern als ...\" \/>\n<meta property=\"og:url\" content=\"https:\/\/www.ewigerbund.org\/bayern\/bauwerke\/pfarrkirche-zum-heiligen-bonifacius\/\" \/>\n<meta property=\"og:site_name\" content=\"K\u00f6nigreich Bayern\" \/>\n<meta property=\"article:modified_time\" content=\"2023-11-12T01:59:31+00:00\" \/>\n<meta property=\"og:image\" content=\"https:\/\/www.ewigerbund.org\/bayern\/wp-content\/uploads\/sites\/12\/2023\/08\/Muenchen_St_Bonifaz.jpg\" \/>\n\t<meta property=\"og:image:width\" content=\"1200\" \/>\n\t<meta property=\"og:image:height\" content=\"675\" \/>\n\t<meta property=\"og:image:type\" content=\"image\/jpeg\" \/>\n<meta name=\"twitter:card\" content=\"summary_large_image\" \/>\n<meta name=\"twitter:label1\" content=\"Gesch\u00e4tzte Lesezeit\" \/>\n\t<meta name=\"twitter:data1\" content=\"3\u00a0Minuten\" \/>\n<script type=\"application\/ld+json\" class=\"yoast-schema-graph\">{\"@context\":\"https:\/\/schema.org\",\"@graph\":[{\"@type\":\"WebPage\",\"@id\":\"https:\/\/www.ewigerbund.org\/bayern\/bauwerke\/pfarrkirche-zum-heiligen-bonifacius\/\",\"url\":\"https:\/\/www.ewigerbund.org\/bayern\/bauwerke\/pfarrkirche-zum-heiligen-bonifacius\/\",\"name\":\"St. Bonifaciuskirche. (1835-1850) - K\u00f6nigreich Bayern\",\"isPartOf\":{\"@id\":\"https:\/\/www.ewigerbund.org\/bayern\/#website\"},\"primaryImageOfPage\":{\"@id\":\"https:\/\/www.ewigerbund.org\/bayern\/bauwerke\/pfarrkirche-zum-heiligen-bonifacius\/#primaryimage\"},\"image\":{\"@id\":\"https:\/\/www.ewigerbund.org\/bayern\/bauwerke\/pfarrkirche-zum-heiligen-bonifacius\/#primaryimage\"},\"thumbnailUrl\":\"https:\/\/www.ewigerbund.org\/bayern\/wp-content\/uploads\/sites\/12\/2023\/08\/Muenchen_St_Bonifaz.jpg\",\"datePublished\":\"2023-08-26T21:26:54+00:00\",\"dateModified\":\"2023-11-12T01:59:31+00:00\",\"description\":\"Eine Basilika - ein Geb\u00e4ude von l\u00e4nglich viereckiger Form mit S\u00e4uleng\u00e4ngen - diente urspr\u00fcnglich den alten Griechen und R\u00f6mern als ...\",\"breadcrumb\":{\"@id\":\"https:\/\/www.ewigerbund.org\/bayern\/bauwerke\/pfarrkirche-zum-heiligen-bonifacius\/#breadcrumb\"},\"inLanguage\":\"de\",\"potentialAction\":[{\"@type\":\"ReadAction\",\"target\":[\"https:\/\/www.ewigerbund.org\/bayern\/bauwerke\/pfarrkirche-zum-heiligen-bonifacius\/\"]}]},{\"@type\":\"ImageObject\",\"inLanguage\":\"de\",\"@id\":\"https:\/\/www.ewigerbund.org\/bayern\/bauwerke\/pfarrkirche-zum-heiligen-bonifacius\/#primaryimage\",\"url\":\"https:\/\/www.ewigerbund.org\/bayern\/wp-content\/uploads\/sites\/12\/2023\/08\/Muenchen_St_Bonifaz.jpg\",\"contentUrl\":\"https:\/\/www.ewigerbund.org\/bayern\/wp-content\/uploads\/sites\/12\/2023\/08\/Muenchen_St_Bonifaz.jpg\",\"width\":1200,\"height\":675},{\"@type\":\"BreadcrumbList\",\"@id\":\"https:\/\/www.ewigerbund.org\/bayern\/bauwerke\/pfarrkirche-zum-heiligen-bonifacius\/#breadcrumb\",\"itemListElement\":[{\"@type\":\"ListItem\",\"position\":1,\"name\":\"Startseite\",\"item\":\"https:\/\/www.ewigerbund.org\/bayern\/\"},{\"@type\":\"ListItem\",\"position\":2,\"name\":\"Wahrzeichen.\",\"item\":\"https:\/\/www.ewigerbund.org\/bayern\/bauwerke\/\"},{\"@type\":\"ListItem\",\"position\":3,\"name\":\"St. Bonifaciuskirche. (1835-1850)\"}]},{\"@type\":\"WebSite\",\"@id\":\"https:\/\/www.ewigerbund.org\/bayern\/#website\",\"url\":\"https:\/\/www.ewigerbund.org\/bayern\/\",\"name\":\"K\u00f6nigreich Bayern\",\"description\":\"im ewigen Bund.\",\"publisher\":{\"@id\":\"https:\/\/www.ewigerbund.org\/bayern\/#organization\"},\"potentialAction\":[{\"@type\":\"SearchAction\",\"target\":{\"@type\":\"EntryPoint\",\"urlTemplate\":\"https:\/\/www.ewigerbund.org\/bayern\/?s={search_term_string}\"},\"query-input\":\"required name=search_term_string\"}],\"inLanguage\":\"de\"},{\"@type\":\"Organization\",\"@id\":\"https:\/\/www.ewigerbund.org\/bayern\/#organization\",\"name\":\"K\u00f6nigreich Bayern\",\"url\":\"https:\/\/www.ewigerbund.org\/bayern\/\",\"logo\":{\"@type\":\"ImageObject\",\"inLanguage\":\"de\",\"@id\":\"https:\/\/www.ewigerbund.org\/bayern\/#\/schema\/logo\/image\/\",\"url\":\"https:\/\/www.ewigerbund.org\/bayern\/wp-content\/uploads\/sites\/12\/2023\/02\/2023-02-24-Logo-EB-Bayern-Schutzzone_Schatten_BGweiss_V2_1200px.png\",\"contentUrl\":\"https:\/\/www.ewigerbund.org\/bayern\/wp-content\/uploads\/sites\/12\/2023\/02\/2023-02-24-Logo-EB-Bayern-Schutzzone_Schatten_BGweiss_V2_1200px.png\",\"width\":1200,\"height\":1200,\"caption\":\"K\u00f6nigreich Bayern\"},\"image\":{\"@id\":\"https:\/\/www.ewigerbund.org\/bayern\/#\/schema\/logo\/image\/\"}}]}<\/script>\n<!-- \/ Yoast SEO plugin. -->","yoast_head_json":{"title":"St. Bonifaciuskirche. (1835-1850) - K\u00f6nigreich Bayern","description":"Eine Basilika - ein Geb\u00e4ude von l\u00e4nglich viereckiger Form mit S\u00e4uleng\u00e4ngen - diente urspr\u00fcnglich den alten Griechen und R\u00f6mern als ...","robots":{"index":"index","follow":"follow","max-snippet":"max-snippet:-1","max-image-preview":"max-image-preview:large","max-video-preview":"max-video-preview:-1"},"canonical":"https:\/\/www.ewigerbund.org\/bayern\/bauwerke\/pfarrkirche-zum-heiligen-bonifacius\/","og_locale":"de_DE","og_type":"article","og_title":"St. Bonifaciuskirche. (1835-1850) - K\u00f6nigreich Bayern","og_description":"Eine Basilika - ein Geb\u00e4ude von l\u00e4nglich viereckiger Form mit S\u00e4uleng\u00e4ngen - diente urspr\u00fcnglich den alten Griechen und R\u00f6mern als ...","og_url":"https:\/\/www.ewigerbund.org\/bayern\/bauwerke\/pfarrkirche-zum-heiligen-bonifacius\/","og_site_name":"K\u00f6nigreich Bayern","article_modified_time":"2023-11-12T01:59:31+00:00","og_image":[{"width":1200,"height":675,"url":"https:\/\/www.ewigerbund.org\/bayern\/wp-content\/uploads\/sites\/12\/2023\/08\/Muenchen_St_Bonifaz.jpg","type":"image\/jpeg"}],"twitter_card":"summary_large_image","twitter_misc":{"Gesch\u00e4tzte Lesezeit":"3\u00a0Minuten"},"schema":{"@context":"https:\/\/schema.org","@graph":[{"@type":"WebPage","@id":"https:\/\/www.ewigerbund.org\/bayern\/bauwerke\/pfarrkirche-zum-heiligen-bonifacius\/","url":"https:\/\/www.ewigerbund.org\/bayern\/bauwerke\/pfarrkirche-zum-heiligen-bonifacius\/","name":"St. Bonifaciuskirche. (1835-1850) - K\u00f6nigreich Bayern","isPartOf":{"@id":"https:\/\/www.ewigerbund.org\/bayern\/#website"},"primaryImageOfPage":{"@id":"https:\/\/www.ewigerbund.org\/bayern\/bauwerke\/pfarrkirche-zum-heiligen-bonifacius\/#primaryimage"},"image":{"@id":"https:\/\/www.ewigerbund.org\/bayern\/bauwerke\/pfarrkirche-zum-heiligen-bonifacius\/#primaryimage"},"thumbnailUrl":"https:\/\/www.ewigerbund.org\/bayern\/wp-content\/uploads\/sites\/12\/2023\/08\/Muenchen_St_Bonifaz.jpg","datePublished":"2023-08-26T21:26:54+00:00","dateModified":"2023-11-12T01:59:31+00:00","description":"Eine Basilika - ein Geb\u00e4ude von l\u00e4nglich viereckiger Form mit S\u00e4uleng\u00e4ngen - diente urspr\u00fcnglich den alten Griechen und R\u00f6mern als ...","breadcrumb":{"@id":"https:\/\/www.ewigerbund.org\/bayern\/bauwerke\/pfarrkirche-zum-heiligen-bonifacius\/#breadcrumb"},"inLanguage":"de","potentialAction":[{"@type":"ReadAction","target":["https:\/\/www.ewigerbund.org\/bayern\/bauwerke\/pfarrkirche-zum-heiligen-bonifacius\/"]}]},{"@type":"ImageObject","inLanguage":"de","@id":"https:\/\/www.ewigerbund.org\/bayern\/bauwerke\/pfarrkirche-zum-heiligen-bonifacius\/#primaryimage","url":"https:\/\/www.ewigerbund.org\/bayern\/wp-content\/uploads\/sites\/12\/2023\/08\/Muenchen_St_Bonifaz.jpg","contentUrl":"https:\/\/www.ewigerbund.org\/bayern\/wp-content\/uploads\/sites\/12\/2023\/08\/Muenchen_St_Bonifaz.jpg","width":1200,"height":675},{"@type":"BreadcrumbList","@id":"https:\/\/www.ewigerbund.org\/bayern\/bauwerke\/pfarrkirche-zum-heiligen-bonifacius\/#breadcrumb","itemListElement":[{"@type":"ListItem","position":1,"name":"Startseite","item":"https:\/\/www.ewigerbund.org\/bayern\/"},{"@type":"ListItem","position":2,"name":"Wahrzeichen.","item":"https:\/\/www.ewigerbund.org\/bayern\/bauwerke\/"},{"@type":"ListItem","position":3,"name":"St. Bonifaciuskirche. (1835-1850)"}]},{"@type":"WebSite","@id":"https:\/\/www.ewigerbund.org\/bayern\/#website","url":"https:\/\/www.ewigerbund.org\/bayern\/","name":"K\u00f6nigreich Bayern","description":"im ewigen Bund.","publisher":{"@id":"https:\/\/www.ewigerbund.org\/bayern\/#organization"},"potentialAction":[{"@type":"SearchAction","target":{"@type":"EntryPoint","urlTemplate":"https:\/\/www.ewigerbund.org\/bayern\/?s={search_term_string}"},"query-input":"required name=search_term_string"}],"inLanguage":"de"},{"@type":"Organization","@id":"https:\/\/www.ewigerbund.org\/bayern\/#organization","name":"K\u00f6nigreich Bayern","url":"https:\/\/www.ewigerbund.org\/bayern\/","logo":{"@type":"ImageObject","inLanguage":"de","@id":"https:\/\/www.ewigerbund.org\/bayern\/#\/schema\/logo\/image\/","url":"https:\/\/www.ewigerbund.org\/bayern\/wp-content\/uploads\/sites\/12\/2023\/02\/2023-02-24-Logo-EB-Bayern-Schutzzone_Schatten_BGweiss_V2_1200px.png","contentUrl":"https:\/\/www.ewigerbund.org\/bayern\/wp-content\/uploads\/sites\/12\/2023\/02\/2023-02-24-Logo-EB-Bayern-Schutzzone_Schatten_BGweiss_V2_1200px.png","width":1200,"height":1200,"caption":"K\u00f6nigreich Bayern"},"image":{"@id":"https:\/\/www.ewigerbund.org\/bayern\/#\/schema\/logo\/image\/"}}]}},"_links":{"self":[{"href":"https:\/\/www.ewigerbund.org\/bayern\/wp-json\/wp\/v2\/pages\/3756","targetHints":{"allow":["GET"]}}],"collection":[{"href":"https:\/\/www.ewigerbund.org\/bayern\/wp-json\/wp\/v2\/pages"}],"about":[{"href":"https:\/\/www.ewigerbund.org\/bayern\/wp-json\/wp\/v2\/types\/page"}],"author":[{"embeddable":true,"href":"https:\/\/www.ewigerbund.org\/bayern\/wp-json\/wp\/v2\/users\/1"}],"replies":[{"embeddable":true,"href":"https:\/\/www.ewigerbund.org\/bayern\/wp-json\/wp\/v2\/comments?post=3756"}],"version-history":[{"count":10,"href":"https:\/\/www.ewigerbund.org\/bayern\/wp-json\/wp\/v2\/pages\/3756\/revisions"}],"predecessor-version":[{"id":4524,"href":"https:\/\/www.ewigerbund.org\/bayern\/wp-json\/wp\/v2\/pages\/3756\/revisions\/4524"}],"up":[{"embeddable":true,"href":"https:\/\/www.ewigerbund.org\/bayern\/wp-json\/wp\/v2\/pages\/2379"}],"wp:featuredmedia":[{"embeddable":true,"href":"https:\/\/www.ewigerbund.org\/bayern\/wp-json\/wp\/v2\/media\/3758"}],"wp:attachment":[{"href":"https:\/\/www.ewigerbund.org\/bayern\/wp-json\/wp\/v2\/media?parent=3756"}],"wp:term":[{"taxonomy":"category","embeddable":true,"href":"https:\/\/www.ewigerbund.org\/bayern\/wp-json\/wp\/v2\/categories?post=3756"},{"taxonomy":"post_tag","embeddable":true,"href":"https:\/\/www.ewigerbund.org\/bayern\/wp-json\/wp\/v2\/tags?post=3756"}],"curies":[{"name":"wp","href":"https:\/\/api.w.org\/{rel}","templated":true}]}}