{"id":3723,"date":"2023-08-26T00:53:04","date_gmt":"2023-08-25T22:53:04","guid":{"rendered":"https:\/\/www.ewigerbund.org\/bayern\/?page_id=3723"},"modified":"2024-02-07T21:56:00","modified_gmt":"2024-02-07T20:56:00","slug":"die-allerheiligen-hofkirche-1826-1837","status":"publish","type":"page","link":"https:\/\/www.ewigerbund.org\/bayern\/bauwerke\/die-allerheiligen-hofkirche-1826-1837\/","title":{"rendered":"Die Allerheiligen-Hofkirche. (1826-1837)"},"content":{"rendered":"\n<h2 class=\"gb-headline gb-headline-066bddf2 gb-headline-text\">Hofkirche im alt-romanischen Stil.<\/h2>\n\n\n<div class=\"gb-container gb-container-8029cda1\"><div class=\"gb-inside-container\">\n\n<p>Diese Hofkirche, auch neue Hofkapelle genannt, durch mehrere Korridore mit der Residenz verbunden, ist ohne Turm in alt-romanischen Rundbogenstil des 11. Jahrhunderts erbaut worden. Den Auftrag an Leo von Klenze erteilte <a href=\"https:\/\/www.ewigerbund.org\/bayern\/geschichte\/koenig-ludwig-i\/\" target=\"_blank\" rel=\"noreferrer noopener\">K\u00f6nig Ludwig<\/a> I. Ihre Breite betr\u00e4gt 100 Fu\u00df, ihre Tiefe 165 Fu\u00df und ihre H\u00f6he 80 Fu\u00df. Die nach Morgen gerichtete Hauptfassade hat \u00fcber dem Portal eine sch\u00f6ne Fensterrose, vier Fenster unten und zwei gr\u00f6\u00dfere oben. Sie endigt in einem mit Akanthusbl\u00e4ttern verzierten Giebel, auf dem, so wie auf dem entgegengesetzten Giebel ein Kreuz steht. \u00dcber dem Portal in der L\u00fcnette der Erl\u00f6ser, vor ihm anbetend Maria und Johannes der T\u00e4ufer, in Relief gearbeitet, daneben auf den Portalpfeilern die Bilds\u00e4ulen der Apostel Petrus und Paulus. Das Portal und die Bildwerke sind von Konrad Eberhard kunstvoll in Sandstein ausgef\u00fchrt. Auf den oberen und unteren Gesimsen stehen verteilt acht Rundbogenh\u00e4uschen.<\/p>\n\n\n<div class=\"wp-block-image\">\n<figure class=\"aligncenter size-large\"><img loading=\"lazy\" decoding=\"async\" width=\"1024\" height=\"576\" src=\"https:\/\/www.ewigerbund.org\/bayern\/wp-content\/uploads\/sites\/12\/2023\/08\/AllerheiligenHofkirche1-1024x576.jpg\" alt=\"\" class=\"wp-image-3726\" srcset=\"https:\/\/www.ewigerbund.org\/bayern\/wp-content\/uploads\/sites\/12\/2023\/08\/AllerheiligenHofkirche1-1024x576.jpg 1024w, https:\/\/www.ewigerbund.org\/bayern\/wp-content\/uploads\/sites\/12\/2023\/08\/AllerheiligenHofkirche1-300x169.jpg 300w, https:\/\/www.ewigerbund.org\/bayern\/wp-content\/uploads\/sites\/12\/2023\/08\/AllerheiligenHofkirche1-768x432.jpg 768w, https:\/\/www.ewigerbund.org\/bayern\/wp-content\/uploads\/sites\/12\/2023\/08\/AllerheiligenHofkirche1.jpg 1200w\" sizes=\"auto, (max-width: 1024px) 100vw, 1024px\" \/><\/figure><\/div>\n\n\n<h2 class=\"gb-headline gb-headline-310e6175 gb-headline-text\">Innere Gestaltung.<\/h2>\n\n\n\n<p>Das Innere der Hofkirche, wo die wohltuende Einrichtung so getroffen ist, da\u00df der Einfall des Lichtscheins durch die Fenster nirgends das Auge blendet, zeigt eine geschmackvolle Pracht. Die W\u00e4nde sind oben und in den W\u00f6lbungen mit Freskomalereien Goldgrund von Heinrich von Hess, Schraudolph und anderen pr\u00e4chtig geschm\u00fcckt, unten mit Marmor bekleidet. Vier starke Pfeiler und acht S\u00e4ulen von buntem Marmor teilen die Kirche in ein Mittelschiff und zwei Seitenschiffe. Kapitele, B\u00e4nder und Ornamente sind reich vergoldet. \u00dcber den Seitenschiffen befinden sich die Emporen mit den Sitzen f\u00fcr den Hof. <\/p>\n\n\n\n<p>Die Freskogem\u00e4lde in den Kuppeln und der Chornische stellen die heilige Dreieinigkeit symbolisch dar. Gott Vater (Altes Testament) in der ersten Kuppel, Gott Sohn (Neues Testament) in der zweiten Kuppel und die Wirkungen des Heiligen Geistes in der Chor-Nische. Viele der \u00fcbrigen bildlichen Darstellungen beziehen sich auf Hauptmomente aus dem alten und neuen Testament. Andere stehen in kirchlichen Beziehungen zu den Abteilungen des Geb\u00e4udes, wo sie angebracht sind.<\/p>\n\n<\/div><\/div>\n\n<div class=\"gb-container gb-container-9b05282f\"><div class=\"gb-inside-container\">\n\n<p class=\"has-small-font-size\">Quelle: Erinnerung an M\u00fcnchen, Verlag von Mey und Widmayer, 1856, Seite 21-22<\/p>\n\n<\/div><\/div>","protected":false},"excerpt":{"rendered":"<p>Hofkirche im alt-romanischen Stil. Diese Hofkirche, auch neue Hofkapelle genannt, durch mehrere Korridore mit der Residenz verbunden, ist ohne Turm in alt-romanischen Rundbogenstil des 11. Jahrhunderts erbaut worden. Den Auftrag an Leo von Klenze erteilte K\u00f6nig Ludwig I. Ihre Breite betr\u00e4gt 100 Fu\u00df, ihre Tiefe 165 Fu\u00df und ihre H\u00f6he 80 Fu\u00df. Die nach Morgen &#8230; <a title=\"Die Allerheiligen-Hofkirche. (1826-1837)\" class=\"read-more\" href=\"https:\/\/www.ewigerbund.org\/bayern\/bauwerke\/die-allerheiligen-hofkirche-1826-1837\/\" aria-label=\"Mehr zu Die Allerheiligen-Hofkirche. (1826-1837)\">Weiterlesen &#8230;<\/a><\/p>\n","protected":false},"author":1,"featured_media":3726,"parent":2379,"menu_order":2,"comment_status":"closed","ping_status":"closed","template":"template-6-beide-seitenleiste.php","meta":{"footnotes":""},"categories":[531],"tags":[559,558,557,145],"class_list":["post-3723","page","type-page","status-publish","has-post-thumbnail","hentry","category-bauwerke","tag-alt-romanisch","tag-hofkirche","tag-leo-von-klenze","tag-ludwig-i"],"yoast_head":"<!-- This site is optimized with the Yoast SEO plugin v23.1 - https:\/\/yoast.com\/wordpress\/plugins\/seo\/ -->\n<title>Die Allerheiligen-Hofkirche. (1826-1837) - K\u00f6nigreich Bayern<\/title>\n<meta name=\"description\" content=\"Diese Hofkirche, auch neue Hofkapelle genannt, durch mehrere Korridore mit der Residenz verbunden, ist ohne Turm in alt-romanischen ...\" \/>\n<meta name=\"robots\" content=\"index, follow, max-snippet:-1, max-image-preview:large, max-video-preview:-1\" \/>\n<link rel=\"canonical\" href=\"https:\/\/www.ewigerbund.org\/bayern\/bauwerke\/die-allerheiligen-hofkirche-1826-1837\/\" \/>\n<meta property=\"og:locale\" content=\"de_DE\" \/>\n<meta property=\"og:type\" content=\"article\" \/>\n<meta property=\"og:title\" content=\"Die Allerheiligen-Hofkirche. (1826-1837) - K\u00f6nigreich Bayern\" \/>\n<meta property=\"og:description\" content=\"Diese Hofkirche, auch neue Hofkapelle genannt, durch mehrere Korridore mit der Residenz verbunden, ist ohne Turm in alt-romanischen ...\" \/>\n<meta property=\"og:url\" content=\"https:\/\/www.ewigerbund.org\/bayern\/bauwerke\/die-allerheiligen-hofkirche-1826-1837\/\" \/>\n<meta property=\"og:site_name\" content=\"K\u00f6nigreich Bayern\" \/>\n<meta property=\"article:modified_time\" content=\"2024-02-07T20:56:00+00:00\" \/>\n<meta property=\"og:image\" content=\"https:\/\/www.ewigerbund.org\/bayern\/wp-content\/uploads\/sites\/12\/2023\/08\/AllerheiligenHofkirche1.jpg\" \/>\n\t<meta property=\"og:image:width\" content=\"1200\" \/>\n\t<meta property=\"og:image:height\" content=\"675\" \/>\n\t<meta property=\"og:image:type\" content=\"image\/jpeg\" \/>\n<meta name=\"twitter:card\" content=\"summary_large_image\" \/>\n<meta name=\"twitter:label1\" content=\"Gesch\u00e4tzte Lesezeit\" \/>\n\t<meta name=\"twitter:data1\" content=\"2\u00a0Minuten\" \/>\n<script type=\"application\/ld+json\" class=\"yoast-schema-graph\">{\"@context\":\"https:\/\/schema.org\",\"@graph\":[{\"@type\":\"WebPage\",\"@id\":\"https:\/\/www.ewigerbund.org\/bayern\/bauwerke\/die-allerheiligen-hofkirche-1826-1837\/\",\"url\":\"https:\/\/www.ewigerbund.org\/bayern\/bauwerke\/die-allerheiligen-hofkirche-1826-1837\/\",\"name\":\"Die Allerheiligen-Hofkirche. (1826-1837) - K\u00f6nigreich Bayern\",\"isPartOf\":{\"@id\":\"https:\/\/www.ewigerbund.org\/bayern\/#website\"},\"primaryImageOfPage\":{\"@id\":\"https:\/\/www.ewigerbund.org\/bayern\/bauwerke\/die-allerheiligen-hofkirche-1826-1837\/#primaryimage\"},\"image\":{\"@id\":\"https:\/\/www.ewigerbund.org\/bayern\/bauwerke\/die-allerheiligen-hofkirche-1826-1837\/#primaryimage\"},\"thumbnailUrl\":\"https:\/\/www.ewigerbund.org\/bayern\/wp-content\/uploads\/sites\/12\/2023\/08\/AllerheiligenHofkirche1.jpg\",\"datePublished\":\"2023-08-25T22:53:04+00:00\",\"dateModified\":\"2024-02-07T20:56:00+00:00\",\"description\":\"Diese Hofkirche, auch neue Hofkapelle genannt, durch mehrere Korridore mit der Residenz verbunden, ist ohne Turm in alt-romanischen ...\",\"breadcrumb\":{\"@id\":\"https:\/\/www.ewigerbund.org\/bayern\/bauwerke\/die-allerheiligen-hofkirche-1826-1837\/#breadcrumb\"},\"inLanguage\":\"de\",\"potentialAction\":[{\"@type\":\"ReadAction\",\"target\":[\"https:\/\/www.ewigerbund.org\/bayern\/bauwerke\/die-allerheiligen-hofkirche-1826-1837\/\"]}]},{\"@type\":\"ImageObject\",\"inLanguage\":\"de\",\"@id\":\"https:\/\/www.ewigerbund.org\/bayern\/bauwerke\/die-allerheiligen-hofkirche-1826-1837\/#primaryimage\",\"url\":\"https:\/\/www.ewigerbund.org\/bayern\/wp-content\/uploads\/sites\/12\/2023\/08\/AllerheiligenHofkirche1.jpg\",\"contentUrl\":\"https:\/\/www.ewigerbund.org\/bayern\/wp-content\/uploads\/sites\/12\/2023\/08\/AllerheiligenHofkirche1.jpg\",\"width\":1200,\"height\":675},{\"@type\":\"BreadcrumbList\",\"@id\":\"https:\/\/www.ewigerbund.org\/bayern\/bauwerke\/die-allerheiligen-hofkirche-1826-1837\/#breadcrumb\",\"itemListElement\":[{\"@type\":\"ListItem\",\"position\":1,\"name\":\"Startseite\",\"item\":\"https:\/\/www.ewigerbund.org\/bayern\/\"},{\"@type\":\"ListItem\",\"position\":2,\"name\":\"Wahrzeichen.\",\"item\":\"https:\/\/www.ewigerbund.org\/bayern\/bauwerke\/\"},{\"@type\":\"ListItem\",\"position\":3,\"name\":\"Die Allerheiligen-Hofkirche. (1826-1837)\"}]},{\"@type\":\"WebSite\",\"@id\":\"https:\/\/www.ewigerbund.org\/bayern\/#website\",\"url\":\"https:\/\/www.ewigerbund.org\/bayern\/\",\"name\":\"K\u00f6nigreich Bayern\",\"description\":\"im ewigen Bund.\",\"publisher\":{\"@id\":\"https:\/\/www.ewigerbund.org\/bayern\/#organization\"},\"potentialAction\":[{\"@type\":\"SearchAction\",\"target\":{\"@type\":\"EntryPoint\",\"urlTemplate\":\"https:\/\/www.ewigerbund.org\/bayern\/?s={search_term_string}\"},\"query-input\":\"required name=search_term_string\"}],\"inLanguage\":\"de\"},{\"@type\":\"Organization\",\"@id\":\"https:\/\/www.ewigerbund.org\/bayern\/#organization\",\"name\":\"K\u00f6nigreich Bayern\",\"url\":\"https:\/\/www.ewigerbund.org\/bayern\/\",\"logo\":{\"@type\":\"ImageObject\",\"inLanguage\":\"de\",\"@id\":\"https:\/\/www.ewigerbund.org\/bayern\/#\/schema\/logo\/image\/\",\"url\":\"https:\/\/www.ewigerbund.org\/bayern\/wp-content\/uploads\/sites\/12\/2023\/02\/2023-02-24-Logo-EB-Bayern-Schutzzone_Schatten_BGweiss_V2_1200px.png\",\"contentUrl\":\"https:\/\/www.ewigerbund.org\/bayern\/wp-content\/uploads\/sites\/12\/2023\/02\/2023-02-24-Logo-EB-Bayern-Schutzzone_Schatten_BGweiss_V2_1200px.png\",\"width\":1200,\"height\":1200,\"caption\":\"K\u00f6nigreich Bayern\"},\"image\":{\"@id\":\"https:\/\/www.ewigerbund.org\/bayern\/#\/schema\/logo\/image\/\"}}]}<\/script>\n<!-- \/ Yoast SEO plugin. -->","yoast_head_json":{"title":"Die Allerheiligen-Hofkirche. (1826-1837) - K\u00f6nigreich Bayern","description":"Diese Hofkirche, auch neue Hofkapelle genannt, durch mehrere Korridore mit der Residenz verbunden, ist ohne Turm in alt-romanischen ...","robots":{"index":"index","follow":"follow","max-snippet":"max-snippet:-1","max-image-preview":"max-image-preview:large","max-video-preview":"max-video-preview:-1"},"canonical":"https:\/\/www.ewigerbund.org\/bayern\/bauwerke\/die-allerheiligen-hofkirche-1826-1837\/","og_locale":"de_DE","og_type":"article","og_title":"Die Allerheiligen-Hofkirche. (1826-1837) - K\u00f6nigreich Bayern","og_description":"Diese Hofkirche, auch neue Hofkapelle genannt, durch mehrere Korridore mit der Residenz verbunden, ist ohne Turm in alt-romanischen ...","og_url":"https:\/\/www.ewigerbund.org\/bayern\/bauwerke\/die-allerheiligen-hofkirche-1826-1837\/","og_site_name":"K\u00f6nigreich Bayern","article_modified_time":"2024-02-07T20:56:00+00:00","og_image":[{"width":1200,"height":675,"url":"https:\/\/www.ewigerbund.org\/bayern\/wp-content\/uploads\/sites\/12\/2023\/08\/AllerheiligenHofkirche1.jpg","type":"image\/jpeg"}],"twitter_card":"summary_large_image","twitter_misc":{"Gesch\u00e4tzte Lesezeit":"2\u00a0Minuten"},"schema":{"@context":"https:\/\/schema.org","@graph":[{"@type":"WebPage","@id":"https:\/\/www.ewigerbund.org\/bayern\/bauwerke\/die-allerheiligen-hofkirche-1826-1837\/","url":"https:\/\/www.ewigerbund.org\/bayern\/bauwerke\/die-allerheiligen-hofkirche-1826-1837\/","name":"Die Allerheiligen-Hofkirche. (1826-1837) - K\u00f6nigreich Bayern","isPartOf":{"@id":"https:\/\/www.ewigerbund.org\/bayern\/#website"},"primaryImageOfPage":{"@id":"https:\/\/www.ewigerbund.org\/bayern\/bauwerke\/die-allerheiligen-hofkirche-1826-1837\/#primaryimage"},"image":{"@id":"https:\/\/www.ewigerbund.org\/bayern\/bauwerke\/die-allerheiligen-hofkirche-1826-1837\/#primaryimage"},"thumbnailUrl":"https:\/\/www.ewigerbund.org\/bayern\/wp-content\/uploads\/sites\/12\/2023\/08\/AllerheiligenHofkirche1.jpg","datePublished":"2023-08-25T22:53:04+00:00","dateModified":"2024-02-07T20:56:00+00:00","description":"Diese Hofkirche, auch neue Hofkapelle genannt, durch mehrere Korridore mit der Residenz verbunden, ist ohne Turm in alt-romanischen ...","breadcrumb":{"@id":"https:\/\/www.ewigerbund.org\/bayern\/bauwerke\/die-allerheiligen-hofkirche-1826-1837\/#breadcrumb"},"inLanguage":"de","potentialAction":[{"@type":"ReadAction","target":["https:\/\/www.ewigerbund.org\/bayern\/bauwerke\/die-allerheiligen-hofkirche-1826-1837\/"]}]},{"@type":"ImageObject","inLanguage":"de","@id":"https:\/\/www.ewigerbund.org\/bayern\/bauwerke\/die-allerheiligen-hofkirche-1826-1837\/#primaryimage","url":"https:\/\/www.ewigerbund.org\/bayern\/wp-content\/uploads\/sites\/12\/2023\/08\/AllerheiligenHofkirche1.jpg","contentUrl":"https:\/\/www.ewigerbund.org\/bayern\/wp-content\/uploads\/sites\/12\/2023\/08\/AllerheiligenHofkirche1.jpg","width":1200,"height":675},{"@type":"BreadcrumbList","@id":"https:\/\/www.ewigerbund.org\/bayern\/bauwerke\/die-allerheiligen-hofkirche-1826-1837\/#breadcrumb","itemListElement":[{"@type":"ListItem","position":1,"name":"Startseite","item":"https:\/\/www.ewigerbund.org\/bayern\/"},{"@type":"ListItem","position":2,"name":"Wahrzeichen.","item":"https:\/\/www.ewigerbund.org\/bayern\/bauwerke\/"},{"@type":"ListItem","position":3,"name":"Die Allerheiligen-Hofkirche. (1826-1837)"}]},{"@type":"WebSite","@id":"https:\/\/www.ewigerbund.org\/bayern\/#website","url":"https:\/\/www.ewigerbund.org\/bayern\/","name":"K\u00f6nigreich Bayern","description":"im ewigen Bund.","publisher":{"@id":"https:\/\/www.ewigerbund.org\/bayern\/#organization"},"potentialAction":[{"@type":"SearchAction","target":{"@type":"EntryPoint","urlTemplate":"https:\/\/www.ewigerbund.org\/bayern\/?s={search_term_string}"},"query-input":"required name=search_term_string"}],"inLanguage":"de"},{"@type":"Organization","@id":"https:\/\/www.ewigerbund.org\/bayern\/#organization","name":"K\u00f6nigreich Bayern","url":"https:\/\/www.ewigerbund.org\/bayern\/","logo":{"@type":"ImageObject","inLanguage":"de","@id":"https:\/\/www.ewigerbund.org\/bayern\/#\/schema\/logo\/image\/","url":"https:\/\/www.ewigerbund.org\/bayern\/wp-content\/uploads\/sites\/12\/2023\/02\/2023-02-24-Logo-EB-Bayern-Schutzzone_Schatten_BGweiss_V2_1200px.png","contentUrl":"https:\/\/www.ewigerbund.org\/bayern\/wp-content\/uploads\/sites\/12\/2023\/02\/2023-02-24-Logo-EB-Bayern-Schutzzone_Schatten_BGweiss_V2_1200px.png","width":1200,"height":1200,"caption":"K\u00f6nigreich Bayern"},"image":{"@id":"https:\/\/www.ewigerbund.org\/bayern\/#\/schema\/logo\/image\/"}}]}},"_links":{"self":[{"href":"https:\/\/www.ewigerbund.org\/bayern\/wp-json\/wp\/v2\/pages\/3723","targetHints":{"allow":["GET"]}}],"collection":[{"href":"https:\/\/www.ewigerbund.org\/bayern\/wp-json\/wp\/v2\/pages"}],"about":[{"href":"https:\/\/www.ewigerbund.org\/bayern\/wp-json\/wp\/v2\/types\/page"}],"author":[{"embeddable":true,"href":"https:\/\/www.ewigerbund.org\/bayern\/wp-json\/wp\/v2\/users\/1"}],"replies":[{"embeddable":true,"href":"https:\/\/www.ewigerbund.org\/bayern\/wp-json\/wp\/v2\/comments?post=3723"}],"version-history":[{"count":8,"href":"https:\/\/www.ewigerbund.org\/bayern\/wp-json\/wp\/v2\/pages\/3723\/revisions"}],"predecessor-version":[{"id":5168,"href":"https:\/\/www.ewigerbund.org\/bayern\/wp-json\/wp\/v2\/pages\/3723\/revisions\/5168"}],"up":[{"embeddable":true,"href":"https:\/\/www.ewigerbund.org\/bayern\/wp-json\/wp\/v2\/pages\/2379"}],"wp:featuredmedia":[{"embeddable":true,"href":"https:\/\/www.ewigerbund.org\/bayern\/wp-json\/wp\/v2\/media\/3726"}],"wp:attachment":[{"href":"https:\/\/www.ewigerbund.org\/bayern\/wp-json\/wp\/v2\/media?parent=3723"}],"wp:term":[{"taxonomy":"category","embeddable":true,"href":"https:\/\/www.ewigerbund.org\/bayern\/wp-json\/wp\/v2\/categories?post=3723"},{"taxonomy":"post_tag","embeddable":true,"href":"https:\/\/www.ewigerbund.org\/bayern\/wp-json\/wp\/v2\/tags?post=3723"}],"curies":[{"name":"wp","href":"https:\/\/api.w.org\/{rel}","templated":true}]}}