{"id":289,"date":"2022-08-10T21:58:21","date_gmt":"2022-08-10T19:58:21","guid":{"rendered":"https:\/\/www.ewigerbund.org\/bayern\/?page_id=289"},"modified":"2023-11-23T22:07:31","modified_gmt":"2023-11-23T21:07:31","slug":"der-bayerische-befreiungskampf","status":"publish","type":"page","link":"https:\/\/www.ewigerbund.org\/bayern\/geschichte\/der-bayerische-befreiungskampf\/","title":{"rendered":"1705. Der bayerische Befreiungskampf."},"content":{"rendered":"\n<h2 class=\"gb-headline gb-headline-13d2495a gb-headline-text\">\u00d6sterreichische Besatzung.<\/h2>\n\n\n\n<p>Das r\u00fccksichtslose Auftreten der Kaiserlichen erf\u00fcllte das treu an seinem F\u00fcrstenhause h\u00e4ngende Bayernvolk mit tiefem Groll. Dieses erging in offene Emp\u00f6rung \u00fcber, als man bayerische Untertanen in die \u00f6sterreichische Armee einzustellen begann. Die kurf\u00fcrstlichen Kinder nach \u00d6sterreich wegzuf\u00fchren erz\u00fcrnte nicht minder. <\/p>\n\n\n\n<p>Die niederbayerischen Bauern sammelten sich um Xaver Meindl und Sebastian Plinganser: die Oberl\u00e4nder wollten das von den \u00d6sterreichern besetzte M\u00fcnchen befreien. In der Weihnacht 1705 sollte der Plan zur Ausf\u00fchrung kommen. Die \u00d6sterreicher, die von dem Vorhaben durch Verrat Kenntnis erhielten, schlugen den Ansturm mit \u00dcbermacht ab und dr\u00e4ngten die Bauern nach Sendling zur\u00fcck. Mehr als 2.000 wackere Landsleute besiegelten dort ihre Bayerntreue mit ihrem Blute.<\/p>\n\n\n\n<p>Bei diesem Kampfe soll nach der Sage der riesenstarke Schmied von Kochel die L\u00f6wenfahne unter Wundern der Tapferkeit verteidigt haben, bis er selbst als der letzte fiel. Ein Wandgem\u00e4lde an der Sendlinger Kirche und ein Denkmal auf dem Friedhofe halten die Erinnerung an den Todeskampf der tapferen Bauern wach. Die niederbayerischen K\u00e4mpfer erlitten bei Aidenbach eine entscheidende Niederlage. Unterdessen wurde der Kampf auch au\u00dferhalb Bayerns mit Erbitterung fortgef\u00fchrt. Ludwig XIV. geriet gegen\u00fcber der \u00dcbermacht und dem Ansturme kriegsgewandter Gegner in schwere Bedr\u00e4ngnis. Als aber der habsburgische Bewerber um den spanischen K\u00f6nigsthron die \u00f6sterreichischen Lande erbte und 1711 als Karl VI. die Kaiserkrone erhielt, da schlug die Stimmung zugunsten Frankreichs um. Denn man wollte nicht, dass wieder zwei gro\u00dfe Reiche in einer Hand vereinigt w\u00e4ren.<\/p>\n\n\n<div class=\"gb-container gb-container-0362021e\">\n\n<p>Und so erreichte<a href=\"https:\/\/www.ewigerbund.org\/bayern\/geschichte\/ludwig-xiv-von-frankreich\/\"> Ludwig XIV.<\/a> in den Friedensschl\u00fcssen zu Utrecht (1713) und Rastatt (1714), dass Philipp V. Spanien und dessen au\u00dfereurop\u00e4ische Besitzungen behielt. Nur die Nebenl\u00e4nder (Belgien, Holland, Neapel und Sardinien) fielen an \u00d6sterreich. England wusste sich die Herrschaft \u00fcber weite nordamerikanische Gebiete zu sichern und erhielt au\u00dferdem das wichtige Gibraltar. Jetzt erst konnte <a href=\"https:\/\/www.ewigerbund.org\/bayern\/geschichte\/ludwig-xiv-von-frankreich\/\">Max Emanuel<\/a> nach Bayern zur\u00fcckkehren, wo er trotz des schweren Ungl\u00fccks, das er durch seine Teilnahme am <a href=\"https:\/\/www.ewigerbund.org\/bayern\/geschichte\/der-spanische-erbfolgekrieg\/\">spanischen Erbfolgekriege<\/a> \u00fcber das Land heraufbeschworen hatte, mit lodernder Begeisterung empfangen wurde. Als Helden, mit dem Degen in der Faust die Schanzen von Belgrad st\u00fcrmend, stellt ihn das auf dem Promenadenplatz in M\u00fcnchen errichtete Denkmal dar.<\/p>\n\n<\/div>\n\n<div class=\"gb-button-wrapper gb-button-wrapper-37497926\">\n\n<a class=\"gb-button gb-button-b3660f83 gb-button-text\" href=\"https:\/\/forum.bayern.ewigerbund.org\/viewtopic.php?t=80\" target=\"_blank\" rel=\"noopener noreferrer\">Dieser Beitrag hat dir gefallen? Hier kommentieren.<\/a>\n\n<\/div>\n\n\n<p><\/p>\n\n\n\n<p class=\"has-small-font-size\"><em>Quelle: Bayerisches Realienbuch. Bearbeitet von Dr. Hans Reinlein, Oberlehrer in M\u00fcnchen Realienbuch Nr. 63, 171. bis 180 Gesamt-Auflage. Bielefeld und Leipzig 1915, Seite 84<\/em>.<\/p>\n","protected":false},"excerpt":{"rendered":"<p>\u00d6sterreichische Besatzung. Das r\u00fccksichtslose Auftreten der Kaiserlichen erf\u00fcllte das treu an seinem F\u00fcrstenhause h\u00e4ngende Bayernvolk mit tiefem Groll. Dieses erging in offene Emp\u00f6rung \u00fcber, als man bayerische Untertanen in die \u00f6sterreichische Armee einzustellen begann. Die kurf\u00fcrstlichen Kinder nach \u00d6sterreich wegzuf\u00fchren erz\u00fcrnte nicht minder. Die niederbayerischen Bauern sammelten sich um Xaver Meindl und Sebastian Plinganser: die &#8230; <a title=\"1705. Der bayerische Befreiungskampf.\" class=\"read-more\" href=\"https:\/\/www.ewigerbund.org\/bayern\/geschichte\/der-bayerische-befreiungskampf\/\" aria-label=\"Mehr zu 1705. Der bayerische Befreiungskampf.\">Weiterlesen &#8230;<\/a><\/p>\n","protected":false},"author":1,"featured_media":2880,"parent":215,"menu_order":12,"comment_status":"closed","ping_status":"closed","template":"template-6-beide-seitenleiste.php","meta":{"footnotes":""},"categories":[6,5,7],"tags":[171,79,309,78,211,30,169,80],"class_list":["post-289","page","type-page","status-publish","has-post-thumbnail","hentry","category-bayern","category-bundesstaat","category-geschichte","tag-bayern","tag-der-bayerische-befreiungskampf","tag-der-spanische-erbfolgekrieg","tag-karl-vi","tag-kurfuerst-max-emanuel","tag-ludwig-xiv","tag-oesterreich","tag-philipp-v"],"yoast_head":"<!-- This site is optimized with the Yoast SEO plugin v23.1 - https:\/\/yoast.com\/wordpress\/plugins\/seo\/ -->\n<title>1705. Der bayerische Befreiungskampf. - K\u00f6nigreich Bayern<\/title>\n<meta name=\"description\" content=\"Das r\u00fccksichtslose Auftreten der Kaiserlichen erf\u00fcllte das treu an seinem F\u00fcrstenhause h\u00e4ngende Bayernvolk mit tiefem Groll. Dies erging...\" \/>\n<meta name=\"robots\" content=\"index, follow, max-snippet:-1, max-image-preview:large, max-video-preview:-1\" \/>\n<link rel=\"canonical\" href=\"https:\/\/www.ewigerbund.org\/bayern\/geschichte\/der-bayerische-befreiungskampf\/\" \/>\n<meta property=\"og:locale\" content=\"de_DE\" \/>\n<meta property=\"og:type\" content=\"article\" \/>\n<meta property=\"og:title\" content=\"1705. Der bayerische Befreiungskampf. - K\u00f6nigreich Bayern\" \/>\n<meta property=\"og:description\" content=\"Das r\u00fccksichtslose Auftreten der Kaiserlichen erf\u00fcllte das treu an seinem F\u00fcrstenhause h\u00e4ngende Bayernvolk mit tiefem Groll. Dies erging...\" \/>\n<meta property=\"og:url\" content=\"https:\/\/www.ewigerbund.org\/bayern\/geschichte\/der-bayerische-befreiungskampf\/\" \/>\n<meta property=\"og:site_name\" content=\"K\u00f6nigreich Bayern\" \/>\n<meta property=\"article:modified_time\" content=\"2023-11-23T21:07:31+00:00\" \/>\n<meta property=\"og:image\" content=\"https:\/\/www.ewigerbund.org\/bayern\/wp-content\/uploads\/sites\/12\/2023\/06\/1705_Der_Bayerische_Befreiungskampf-1024x580-1.jpg\" \/>\n\t<meta property=\"og:image:width\" content=\"1024\" \/>\n\t<meta property=\"og:image:height\" content=\"580\" \/>\n\t<meta property=\"og:image:type\" content=\"image\/jpeg\" \/>\n<meta name=\"twitter:card\" content=\"summary_large_image\" \/>\n<meta name=\"twitter:label1\" content=\"Gesch\u00e4tzte Lesezeit\" \/>\n\t<meta name=\"twitter:data1\" content=\"3\u00a0Minuten\" \/>\n<script type=\"application\/ld+json\" class=\"yoast-schema-graph\">{\"@context\":\"https:\/\/schema.org\",\"@graph\":[{\"@type\":\"WebPage\",\"@id\":\"https:\/\/www.ewigerbund.org\/bayern\/geschichte\/der-bayerische-befreiungskampf\/\",\"url\":\"https:\/\/www.ewigerbund.org\/bayern\/geschichte\/der-bayerische-befreiungskampf\/\",\"name\":\"1705. Der bayerische Befreiungskampf. - K\u00f6nigreich Bayern\",\"isPartOf\":{\"@id\":\"https:\/\/www.ewigerbund.org\/bayern\/#website\"},\"primaryImageOfPage\":{\"@id\":\"https:\/\/www.ewigerbund.org\/bayern\/geschichte\/der-bayerische-befreiungskampf\/#primaryimage\"},\"image\":{\"@id\":\"https:\/\/www.ewigerbund.org\/bayern\/geschichte\/der-bayerische-befreiungskampf\/#primaryimage\"},\"thumbnailUrl\":\"https:\/\/www.ewigerbund.org\/bayern\/wp-content\/uploads\/sites\/12\/2023\/06\/1705_Der_Bayerische_Befreiungskampf-1024x580-1.jpg\",\"datePublished\":\"2022-08-10T19:58:21+00:00\",\"dateModified\":\"2023-11-23T21:07:31+00:00\",\"description\":\"Das r\u00fccksichtslose Auftreten der Kaiserlichen erf\u00fcllte das treu an seinem F\u00fcrstenhause h\u00e4ngende Bayernvolk mit tiefem Groll. Dies erging...\",\"breadcrumb\":{\"@id\":\"https:\/\/www.ewigerbund.org\/bayern\/geschichte\/der-bayerische-befreiungskampf\/#breadcrumb\"},\"inLanguage\":\"de\",\"potentialAction\":[{\"@type\":\"ReadAction\",\"target\":[\"https:\/\/www.ewigerbund.org\/bayern\/geschichte\/der-bayerische-befreiungskampf\/\"]}]},{\"@type\":\"ImageObject\",\"inLanguage\":\"de\",\"@id\":\"https:\/\/www.ewigerbund.org\/bayern\/geschichte\/der-bayerische-befreiungskampf\/#primaryimage\",\"url\":\"https:\/\/www.ewigerbund.org\/bayern\/wp-content\/uploads\/sites\/12\/2023\/06\/1705_Der_Bayerische_Befreiungskampf-1024x580-1.jpg\",\"contentUrl\":\"https:\/\/www.ewigerbund.org\/bayern\/wp-content\/uploads\/sites\/12\/2023\/06\/1705_Der_Bayerische_Befreiungskampf-1024x580-1.jpg\",\"width\":1024,\"height\":580,\"caption\":\"1705_Der_Bayerische_Befreiungskampf-1024x580\"},{\"@type\":\"BreadcrumbList\",\"@id\":\"https:\/\/www.ewigerbund.org\/bayern\/geschichte\/der-bayerische-befreiungskampf\/#breadcrumb\",\"itemListElement\":[{\"@type\":\"ListItem\",\"position\":1,\"name\":\"Startseite\",\"item\":\"https:\/\/www.ewigerbund.org\/bayern\/\"},{\"@type\":\"ListItem\",\"position\":2,\"name\":\"Geschichte\",\"item\":\"https:\/\/www.ewigerbund.org\/bayern\/geschichte\/\"},{\"@type\":\"ListItem\",\"position\":3,\"name\":\"1705. Der bayerische Befreiungskampf.\"}]},{\"@type\":\"WebSite\",\"@id\":\"https:\/\/www.ewigerbund.org\/bayern\/#website\",\"url\":\"https:\/\/www.ewigerbund.org\/bayern\/\",\"name\":\"K\u00f6nigreich Bayern\",\"description\":\"im ewigen Bund.\",\"publisher\":{\"@id\":\"https:\/\/www.ewigerbund.org\/bayern\/#organization\"},\"potentialAction\":[{\"@type\":\"SearchAction\",\"target\":{\"@type\":\"EntryPoint\",\"urlTemplate\":\"https:\/\/www.ewigerbund.org\/bayern\/?s={search_term_string}\"},\"query-input\":\"required name=search_term_string\"}],\"inLanguage\":\"de\"},{\"@type\":\"Organization\",\"@id\":\"https:\/\/www.ewigerbund.org\/bayern\/#organization\",\"name\":\"K\u00f6nigreich Bayern\",\"url\":\"https:\/\/www.ewigerbund.org\/bayern\/\",\"logo\":{\"@type\":\"ImageObject\",\"inLanguage\":\"de\",\"@id\":\"https:\/\/www.ewigerbund.org\/bayern\/#\/schema\/logo\/image\/\",\"url\":\"https:\/\/www.ewigerbund.org\/bayern\/wp-content\/uploads\/sites\/12\/2023\/02\/2023-02-24-Logo-EB-Bayern-Schutzzone_Schatten_BGweiss_V2_1200px.png\",\"contentUrl\":\"https:\/\/www.ewigerbund.org\/bayern\/wp-content\/uploads\/sites\/12\/2023\/02\/2023-02-24-Logo-EB-Bayern-Schutzzone_Schatten_BGweiss_V2_1200px.png\",\"width\":1200,\"height\":1200,\"caption\":\"K\u00f6nigreich Bayern\"},\"image\":{\"@id\":\"https:\/\/www.ewigerbund.org\/bayern\/#\/schema\/logo\/image\/\"}}]}<\/script>\n<!-- \/ Yoast SEO plugin. -->","yoast_head_json":{"title":"1705. Der bayerische Befreiungskampf. - K\u00f6nigreich Bayern","description":"Das r\u00fccksichtslose Auftreten der Kaiserlichen erf\u00fcllte das treu an seinem F\u00fcrstenhause h\u00e4ngende Bayernvolk mit tiefem Groll. Dies erging...","robots":{"index":"index","follow":"follow","max-snippet":"max-snippet:-1","max-image-preview":"max-image-preview:large","max-video-preview":"max-video-preview:-1"},"canonical":"https:\/\/www.ewigerbund.org\/bayern\/geschichte\/der-bayerische-befreiungskampf\/","og_locale":"de_DE","og_type":"article","og_title":"1705. Der bayerische Befreiungskampf. - K\u00f6nigreich Bayern","og_description":"Das r\u00fccksichtslose Auftreten der Kaiserlichen erf\u00fcllte das treu an seinem F\u00fcrstenhause h\u00e4ngende Bayernvolk mit tiefem Groll. Dies erging...","og_url":"https:\/\/www.ewigerbund.org\/bayern\/geschichte\/der-bayerische-befreiungskampf\/","og_site_name":"K\u00f6nigreich Bayern","article_modified_time":"2023-11-23T21:07:31+00:00","og_image":[{"width":1024,"height":580,"url":"https:\/\/www.ewigerbund.org\/bayern\/wp-content\/uploads\/sites\/12\/2023\/06\/1705_Der_Bayerische_Befreiungskampf-1024x580-1.jpg","type":"image\/jpeg"}],"twitter_card":"summary_large_image","twitter_misc":{"Gesch\u00e4tzte Lesezeit":"3\u00a0Minuten"},"schema":{"@context":"https:\/\/schema.org","@graph":[{"@type":"WebPage","@id":"https:\/\/www.ewigerbund.org\/bayern\/geschichte\/der-bayerische-befreiungskampf\/","url":"https:\/\/www.ewigerbund.org\/bayern\/geschichte\/der-bayerische-befreiungskampf\/","name":"1705. Der bayerische Befreiungskampf. - K\u00f6nigreich Bayern","isPartOf":{"@id":"https:\/\/www.ewigerbund.org\/bayern\/#website"},"primaryImageOfPage":{"@id":"https:\/\/www.ewigerbund.org\/bayern\/geschichte\/der-bayerische-befreiungskampf\/#primaryimage"},"image":{"@id":"https:\/\/www.ewigerbund.org\/bayern\/geschichte\/der-bayerische-befreiungskampf\/#primaryimage"},"thumbnailUrl":"https:\/\/www.ewigerbund.org\/bayern\/wp-content\/uploads\/sites\/12\/2023\/06\/1705_Der_Bayerische_Befreiungskampf-1024x580-1.jpg","datePublished":"2022-08-10T19:58:21+00:00","dateModified":"2023-11-23T21:07:31+00:00","description":"Das r\u00fccksichtslose Auftreten der Kaiserlichen erf\u00fcllte das treu an seinem F\u00fcrstenhause h\u00e4ngende Bayernvolk mit tiefem Groll. Dies erging...","breadcrumb":{"@id":"https:\/\/www.ewigerbund.org\/bayern\/geschichte\/der-bayerische-befreiungskampf\/#breadcrumb"},"inLanguage":"de","potentialAction":[{"@type":"ReadAction","target":["https:\/\/www.ewigerbund.org\/bayern\/geschichte\/der-bayerische-befreiungskampf\/"]}]},{"@type":"ImageObject","inLanguage":"de","@id":"https:\/\/www.ewigerbund.org\/bayern\/geschichte\/der-bayerische-befreiungskampf\/#primaryimage","url":"https:\/\/www.ewigerbund.org\/bayern\/wp-content\/uploads\/sites\/12\/2023\/06\/1705_Der_Bayerische_Befreiungskampf-1024x580-1.jpg","contentUrl":"https:\/\/www.ewigerbund.org\/bayern\/wp-content\/uploads\/sites\/12\/2023\/06\/1705_Der_Bayerische_Befreiungskampf-1024x580-1.jpg","width":1024,"height":580,"caption":"1705_Der_Bayerische_Befreiungskampf-1024x580"},{"@type":"BreadcrumbList","@id":"https:\/\/www.ewigerbund.org\/bayern\/geschichte\/der-bayerische-befreiungskampf\/#breadcrumb","itemListElement":[{"@type":"ListItem","position":1,"name":"Startseite","item":"https:\/\/www.ewigerbund.org\/bayern\/"},{"@type":"ListItem","position":2,"name":"Geschichte","item":"https:\/\/www.ewigerbund.org\/bayern\/geschichte\/"},{"@type":"ListItem","position":3,"name":"1705. Der bayerische Befreiungskampf."}]},{"@type":"WebSite","@id":"https:\/\/www.ewigerbund.org\/bayern\/#website","url":"https:\/\/www.ewigerbund.org\/bayern\/","name":"K\u00f6nigreich Bayern","description":"im ewigen Bund.","publisher":{"@id":"https:\/\/www.ewigerbund.org\/bayern\/#organization"},"potentialAction":[{"@type":"SearchAction","target":{"@type":"EntryPoint","urlTemplate":"https:\/\/www.ewigerbund.org\/bayern\/?s={search_term_string}"},"query-input":"required name=search_term_string"}],"inLanguage":"de"},{"@type":"Organization","@id":"https:\/\/www.ewigerbund.org\/bayern\/#organization","name":"K\u00f6nigreich Bayern","url":"https:\/\/www.ewigerbund.org\/bayern\/","logo":{"@type":"ImageObject","inLanguage":"de","@id":"https:\/\/www.ewigerbund.org\/bayern\/#\/schema\/logo\/image\/","url":"https:\/\/www.ewigerbund.org\/bayern\/wp-content\/uploads\/sites\/12\/2023\/02\/2023-02-24-Logo-EB-Bayern-Schutzzone_Schatten_BGweiss_V2_1200px.png","contentUrl":"https:\/\/www.ewigerbund.org\/bayern\/wp-content\/uploads\/sites\/12\/2023\/02\/2023-02-24-Logo-EB-Bayern-Schutzzone_Schatten_BGweiss_V2_1200px.png","width":1200,"height":1200,"caption":"K\u00f6nigreich Bayern"},"image":{"@id":"https:\/\/www.ewigerbund.org\/bayern\/#\/schema\/logo\/image\/"}}]}},"_links":{"self":[{"href":"https:\/\/www.ewigerbund.org\/bayern\/wp-json\/wp\/v2\/pages\/289","targetHints":{"allow":["GET"]}}],"collection":[{"href":"https:\/\/www.ewigerbund.org\/bayern\/wp-json\/wp\/v2\/pages"}],"about":[{"href":"https:\/\/www.ewigerbund.org\/bayern\/wp-json\/wp\/v2\/types\/page"}],"author":[{"embeddable":true,"href":"https:\/\/www.ewigerbund.org\/bayern\/wp-json\/wp\/v2\/users\/1"}],"replies":[{"embeddable":true,"href":"https:\/\/www.ewigerbund.org\/bayern\/wp-json\/wp\/v2\/comments?post=289"}],"version-history":[{"count":6,"href":"https:\/\/www.ewigerbund.org\/bayern\/wp-json\/wp\/v2\/pages\/289\/revisions"}],"predecessor-version":[{"id":4580,"href":"https:\/\/www.ewigerbund.org\/bayern\/wp-json\/wp\/v2\/pages\/289\/revisions\/4580"}],"up":[{"embeddable":true,"href":"https:\/\/www.ewigerbund.org\/bayern\/wp-json\/wp\/v2\/pages\/215"}],"wp:featuredmedia":[{"embeddable":true,"href":"https:\/\/www.ewigerbund.org\/bayern\/wp-json\/wp\/v2\/media\/2880"}],"wp:attachment":[{"href":"https:\/\/www.ewigerbund.org\/bayern\/wp-json\/wp\/v2\/media?parent=289"}],"wp:term":[{"taxonomy":"category","embeddable":true,"href":"https:\/\/www.ewigerbund.org\/bayern\/wp-json\/wp\/v2\/categories?post=289"},{"taxonomy":"post_tag","embeddable":true,"href":"https:\/\/www.ewigerbund.org\/bayern\/wp-json\/wp\/v2\/tags?post=289"}],"curies":[{"name":"wp","href":"https:\/\/api.w.org\/{rel}","templated":true}]}}