{"id":2825,"date":"2023-06-20T00:59:53","date_gmt":"2023-06-19T22:59:53","guid":{"rendered":"https:\/\/www.ewigerbund.org\/bayern\/?page_id=2825"},"modified":"2023-10-08T02:51:14","modified_gmt":"2023-10-08T00:51:14","slug":"gedenkgottesdienst-ludwig-ii","status":"publish","type":"page","link":"https:\/\/www.ewigerbund.org\/bayern\/neueste-beitraege\/gedenkgottesdienst-ludwig-ii\/","title":{"rendered":"Gedenkgottesdienst zum Andenken Ludwigs II."},"content":{"rendered":"\n<p id=\"bkmrk-am-13.-juni-2023-j%C3%A4h\"><\/p>\n\n\n<div class=\"gb-container gb-container-dlb0c8a1\"><div class=\"gb-inside-container\"><\/div><\/div>\n\n\n<figure class=\"wp-block-gallery has-nested-images columns-default is-cropped wp-block-gallery-1 is-layout-flex wp-block-gallery-is-layout-flex\">\n<figure class=\"wp-block-image size-large\"><a href=\"https:\/\/www.ewigerbund.org\/bayern\/wp-content\/uploads\/sites\/12\/2023\/08\/G_Kapelle-1.jpg\"><img loading=\"lazy\" decoding=\"async\" width=\"1024\" height=\"576\" data-id=\"3345\" src=\"https:\/\/www.ewigerbund.org\/bayern\/wp-content\/uploads\/sites\/12\/2023\/08\/G_Kapelle-1-1024x576.jpg\" alt=\"Kapelle\" class=\"wp-image-3345\" srcset=\"https:\/\/www.ewigerbund.org\/bayern\/wp-content\/uploads\/sites\/12\/2023\/08\/G_Kapelle-1-1024x576.jpg 1024w, https:\/\/www.ewigerbund.org\/bayern\/wp-content\/uploads\/sites\/12\/2023\/08\/G_Kapelle-1-300x169.jpg 300w, https:\/\/www.ewigerbund.org\/bayern\/wp-content\/uploads\/sites\/12\/2023\/08\/G_Kapelle-1-768x432.jpg 768w, https:\/\/www.ewigerbund.org\/bayern\/wp-content\/uploads\/sites\/12\/2023\/08\/G_Kapelle-1.jpg 1200w\" sizes=\"auto, (max-width: 1024px) 100vw, 1024px\" \/><\/a><\/figure>\n<\/figure>\n\n\n<div class=\"gb-container gb-container-81054880\"><div class=\"gb-inside-container\">\n\n<div class=\"wp-block-columns is-layout-flex wp-container-core-columns-is-layout-1 wp-block-columns-is-layout-flex\">\n<div class=\"wp-block-column is-layout-flow wp-block-column-is-layout-flow\"><\/div>\n<\/div>\n\n<\/div><\/div>\n\n\n<div class=\"wp-block-columns is-layout-flex wp-container-core-columns-is-layout-2 wp-block-columns-is-layout-flex\">\n<div class=\"wp-block-column is-layout-flow wp-block-column-is-layout-flow\" style=\"flex-basis:10%\"><\/div>\n\n\n\n<div class=\"wp-block-column is-vertically-aligned-top is-layout-flow wp-block-column-is-layout-flow\" style=\"flex-basis:20%\"><div class=\"wp-block-image\">\n<figure class=\"alignright size-full\"><img loading=\"lazy\" decoding=\"async\" width=\"150\" height=\"150\" src=\"https:\/\/www.ewigerbund.org\/bayern\/wp-content\/uploads\/sites\/12\/2023\/08\/Kopfhoerer.png\" alt=\"Kopfhoerer\" class=\"wp-image-3325\" \/><\/figure><\/div><\/div>\n\n\n\n<div class=\"wp-block-column is-vertically-aligned-center is-layout-flow wp-block-column-is-layout-flow\" style=\"flex-basis:50%\">\n<figure class=\"wp-block-audio\"><audio controls src=\"https:\/\/www.ewigerbund.org\/bayern\/wp-content\/uploads\/sites\/12\/2023\/08\/Gedenkgottesdienst-Ludwig-II.mp3\"><\/audio><\/figure>\n\n\n\n<p class=\"has-text-align-center\"><strong>Artikel anh\u00f6ren<\/strong><\/p>\n<\/div>\n\n\n\n<div class=\"wp-block-column is-layout-flow wp-block-column-is-layout-flow\" style=\"flex-basis:20%\"><\/div>\n<\/div>\n\n\n<div class=\"gb-container gb-container-2652b13c\"><div class=\"gb-inside-container\">\n\n<h2 class=\"gb-headline gb-headline-5749d7d6 gb-headline-text\">Die Votivkapelle zu Schlo\u00df Berg.<\/h2>\n\n\n\n<p>Media in vita in morte sumus. Die Votivkapelle im Park zu Schlo\u00df Berg &#8211; ein ehrerbietender Bau im fr\u00fchromanischen Stil, welcher am 14. Jahrestag des tragischen Ungl\u00fccks am W\u00fcrmsee eingeweiht wurde. Auf das Betreiben der Mutter, K\u00f6nigin Marie, wurde 1887 bereits eine fast sieben Meter hohe Totenleuchte zum Andenken an <a href=\"https:\/\/www.ewigerbund.org\/bayern\/geschichte\/koenig-ludwig-ii\/\" target=\"_blank\" rel=\"noreferrer noopener\">K\u00f6nig Ludwig II.<\/a> errichtet. 1896 beauftragte dann Reichsverweser <a href=\"https:\/\/www.ewigerbund.org\/bayern\/geschichte\/prinzregent-luitpold\/\" target=\"_blank\" rel=\"noreferrer noopener\">Prinzregent Luitpold<\/a> den k\u00f6niglichen Hofbaurat Julius Hofmann mit den Planungen f\u00fcr den Bau. An den Seitenw\u00e4nden steht auf zwei Steintafeln geschrieben: &#8222;<em>Dem Ged\u00e4chtnis <a href=\"https:\/\/www.ewigerbund.org\/bayern\/geschichte\/koenig-ludwig-ii\/\" target=\"_blank\" rel=\"noreferrer noopener\">Seiner Majest\u00e4t Ludwig II, K\u00f6nig von Bayern<\/a>, geweiht, der nach 22j\u00e4hriger Regierung zur Trauer des Vaterlandes an dieser Stelle am 13. Juni 1886 aus dem Leben schied&#8220;. <\/em>Bis heute versammeln sich hier allj\u00e4hrlich im Juni k\u00f6nigstreue Bayern zum Andenken an <a href=\"https:\/\/www.ewigerbund.org\/bayern\/geschichte\/koenig-ludwig-ii\/\" target=\"_blank\" rel=\"noreferrer noopener\">K\u00f6nig Ludwig II<\/a>.<\/p>\n\n<\/div><\/div>\n\n<div class=\"gb-container gb-container-3afd2fb9\"><div class=\"gb-inside-container\">\n\n<div class=\"wp-block-columns is-layout-flex wp-container-core-columns-is-layout-3 wp-block-columns-is-layout-flex\">\n<div class=\"wp-block-column is-layout-flow wp-block-column-is-layout-flow\"><\/div>\n<\/div>\n\n<\/div><\/div>\n\n\n<figure class=\"wp-block-gallery has-nested-images columns-default is-cropped wp-block-gallery-2 is-layout-flex wp-block-gallery-is-layout-flex\">\n<figure class=\"wp-block-image size-large\"><a href=\"https:\/\/www.ewigerbund.org\/bayern\/wp-content\/uploads\/sites\/12\/2023\/08\/G_Saeule.jpg\"><img loading=\"lazy\" decoding=\"async\" width=\"1024\" height=\"576\" data-id=\"3346\" src=\"https:\/\/www.ewigerbund.org\/bayern\/wp-content\/uploads\/sites\/12\/2023\/08\/G_Saeule-1024x576.jpg\" alt=\"Saeule\" class=\"wp-image-3346\" srcset=\"https:\/\/www.ewigerbund.org\/bayern\/wp-content\/uploads\/sites\/12\/2023\/08\/G_Saeule-1024x576.jpg 1024w, https:\/\/www.ewigerbund.org\/bayern\/wp-content\/uploads\/sites\/12\/2023\/08\/G_Saeule-300x169.jpg 300w, https:\/\/www.ewigerbund.org\/bayern\/wp-content\/uploads\/sites\/12\/2023\/08\/G_Saeule-768x432.jpg 768w, https:\/\/www.ewigerbund.org\/bayern\/wp-content\/uploads\/sites\/12\/2023\/08\/G_Saeule.jpg 1200w\" sizes=\"auto, (max-width: 1024px) 100vw, 1024px\" \/><\/a><\/figure>\n<\/figure>\n\n\n<div class=\"gb-container gb-container-bd79ba6e\"><div class=\"gb-inside-container\">\n\n<div class=\"wp-block-columns is-layout-flex wp-container-core-columns-is-layout-4 wp-block-columns-is-layout-flex\">\n<div class=\"wp-block-column is-layout-flow wp-block-column-is-layout-flow\"><\/div>\n<\/div>\n\n<\/div><\/div>\n\n<div class=\"gb-container gb-container-c0e07f52\"><div class=\"gb-inside-container\">\n\n<h2 class=\"gb-headline gb-headline-6fbf9c11 gb-headline-text\">Ewiges Andenken.<\/h2>\n\n\n\n<p>Anl\u00e4\u00dflich des diesj\u00e4hrigen Gedenkgottesdienst zum 137. Todestag Seiner Majest\u00e4t in der Kapelle des Schlo\u00dfparks reisten auch Mitarbeiter des Portals f\u00fcr das K\u00f6nigreich Bayern zum Andenken an <a href=\"https:\/\/www.ewigerbund.org\/bayern\/geschichte\/koenig-ludwig-ii\/\" target=\"_blank\" rel=\"noreferrer noopener\">K\u00f6nig Ludwig<\/a> nach Leoni am Starnberger See.<\/p>\n\n<\/div><\/div>\n\n<div class=\"gb-container gb-container-dbf62c4c\"><div class=\"gb-inside-container\">\n\n<p>Bereits eine Stunde vor Beginn des Gottesdienstes f\u00fcllte sich der Platz vor der Kapelle. Noch immer scheint die einstige dynastische Anh\u00e4nglichkeit der bayerischen Bev\u00f6lkerung tief in den Herzen verwurzelt. Ob sich die Anwesenden die Monarchie zur\u00fcckw\u00fcnschen, lie\u00df sich nicht feststellen, aber dagegen einzuwenden h\u00e4tten offensichtlich die Wenigsten etwas, mit Ausnahme des bestellten Vorbeters vielleicht. In einer nicht enden wollenden Ansprache m\u00fchte sich der Prediger, ein dann doch recht einseitiges Bild Seiner Majest\u00e4t zu zeichnen, in dem, wie gehabt, Fakten mit Fiktion vermengt werden. Das Wesentliche bleibt unerw\u00e4hnt, hat aber tats\u00e4chlich an einem solchen Tage auch gar keinen Platz. Deshalb w\u00e4re es sch\u00f6n gewesen, wenn auch diese anderen <em>Geschichten<\/em> keinen Platz gefunden h\u00e4tten.&nbsp;<\/p>\n\n<\/div><\/div>\n\n<div class=\"gb-container gb-container-a640dcb1\"><div class=\"gb-inside-container\">\n\n<div class=\"wp-block-columns is-layout-flex wp-container-core-columns-is-layout-5 wp-block-columns-is-layout-flex\">\n<div class=\"wp-block-column is-layout-flow wp-block-column-is-layout-flow\"><\/div>\n<\/div>\n\n<\/div><\/div>\n\n<div class=\"gb-container gb-container-38fc05c2\"><div class=\"gb-inside-container\">\n\n<figure class=\"wp-block-gallery has-nested-images columns-2 is-cropped wp-block-gallery-3 is-layout-flex wp-block-gallery-is-layout-flex\">\n<figure class=\"wp-block-image size-large\"><a href=\"https:\/\/www.ewigerbund.org\/bayern\/wp-content\/uploads\/sites\/12\/2023\/08\/G_Innen1.jpg\"><img loading=\"lazy\" decoding=\"async\" width=\"1024\" height=\"576\" src=\"https:\/\/www.ewigerbund.org\/bayern\/wp-content\/uploads\/sites\/12\/2023\/08\/G_Innen1-1024x576.jpg\" alt=\"Innen1\" class=\"wp-image-3350\" srcset=\"https:\/\/www.ewigerbund.org\/bayern\/wp-content\/uploads\/sites\/12\/2023\/08\/G_Innen1-1024x576.jpg 1024w, https:\/\/www.ewigerbund.org\/bayern\/wp-content\/uploads\/sites\/12\/2023\/08\/G_Innen1-300x169.jpg 300w, https:\/\/www.ewigerbund.org\/bayern\/wp-content\/uploads\/sites\/12\/2023\/08\/G_Innen1-768x432.jpg 768w, https:\/\/www.ewigerbund.org\/bayern\/wp-content\/uploads\/sites\/12\/2023\/08\/G_Innen1.jpg 1200w\" sizes=\"auto, (max-width: 1024px) 100vw, 1024px\" \/><\/a><\/figure>\n\n\n\n<figure class=\"wp-block-image size-large\"><a href=\"https:\/\/www.ewigerbund.org\/bayern\/wp-content\/uploads\/sites\/12\/2023\/08\/G_Innen2.jpg\"><img loading=\"lazy\" decoding=\"async\" width=\"1024\" height=\"576\" src=\"https:\/\/www.ewigerbund.org\/bayern\/wp-content\/uploads\/sites\/12\/2023\/08\/G_Innen2-1024x576.jpg\" alt=\"Innen2\" class=\"wp-image-3349\" srcset=\"https:\/\/www.ewigerbund.org\/bayern\/wp-content\/uploads\/sites\/12\/2023\/08\/G_Innen2-1024x576.jpg 1024w, https:\/\/www.ewigerbund.org\/bayern\/wp-content\/uploads\/sites\/12\/2023\/08\/G_Innen2-300x169.jpg 300w, https:\/\/www.ewigerbund.org\/bayern\/wp-content\/uploads\/sites\/12\/2023\/08\/G_Innen2-768x432.jpg 768w, https:\/\/www.ewigerbund.org\/bayern\/wp-content\/uploads\/sites\/12\/2023\/08\/G_Innen2.jpg 1200w\" sizes=\"auto, (max-width: 1024px) 100vw, 1024px\" \/><\/a><\/figure>\n\n\n\n<figure class=\"wp-block-image size-large\"><a href=\"https:\/\/www.ewigerbund.org\/bayern\/wp-content\/uploads\/sites\/12\/2023\/08\/G_Innen3.jpg\"><img loading=\"lazy\" decoding=\"async\" width=\"1024\" height=\"576\" src=\"https:\/\/www.ewigerbund.org\/bayern\/wp-content\/uploads\/sites\/12\/2023\/08\/G_Innen3-1024x576.jpg\" alt=\"Innen3\" class=\"wp-image-3347\" srcset=\"https:\/\/www.ewigerbund.org\/bayern\/wp-content\/uploads\/sites\/12\/2023\/08\/G_Innen3-1024x576.jpg 1024w, https:\/\/www.ewigerbund.org\/bayern\/wp-content\/uploads\/sites\/12\/2023\/08\/G_Innen3-300x169.jpg 300w, https:\/\/www.ewigerbund.org\/bayern\/wp-content\/uploads\/sites\/12\/2023\/08\/G_Innen3-768x432.jpg 768w, https:\/\/www.ewigerbund.org\/bayern\/wp-content\/uploads\/sites\/12\/2023\/08\/G_Innen3.jpg 1200w\" sizes=\"auto, (max-width: 1024px) 100vw, 1024px\" \/><\/a><\/figure>\n\n\n\n<figure class=\"wp-block-image size-large\"><a href=\"https:\/\/www.ewigerbund.org\/bayern\/wp-content\/uploads\/sites\/12\/2023\/08\/G_Innen4.jpg\"><img loading=\"lazy\" decoding=\"async\" width=\"1024\" height=\"576\" src=\"https:\/\/www.ewigerbund.org\/bayern\/wp-content\/uploads\/sites\/12\/2023\/08\/G_Innen4-1024x576.jpg\" alt=\"Innen4\" class=\"wp-image-3348\" srcset=\"https:\/\/www.ewigerbund.org\/bayern\/wp-content\/uploads\/sites\/12\/2023\/08\/G_Innen4-1024x576.jpg 1024w, https:\/\/www.ewigerbund.org\/bayern\/wp-content\/uploads\/sites\/12\/2023\/08\/G_Innen4-300x169.jpg 300w, https:\/\/www.ewigerbund.org\/bayern\/wp-content\/uploads\/sites\/12\/2023\/08\/G_Innen4-768x432.jpg 768w, https:\/\/www.ewigerbund.org\/bayern\/wp-content\/uploads\/sites\/12\/2023\/08\/G_Innen4.jpg 1200w\" sizes=\"auto, (max-width: 1024px) 100vw, 1024px\" \/><\/a><\/figure>\n<\/figure>\n\n<\/div><\/div>\n\n<div class=\"gb-container gb-container-551bceef\"><div class=\"gb-inside-container\">\n<div class=\"gb-container gb-container-c0150748\"><div class=\"gb-inside-container\">\n\n<div class=\"wp-block-columns is-layout-flex wp-container-core-columns-is-layout-6 wp-block-columns-is-layout-flex\">\n<div class=\"wp-block-column is-layout-flow wp-block-column-is-layout-flow\"><\/div>\n<\/div>\n\n<\/div><\/div>\n<\/div><\/div>\n\n<div class=\"gb-container gb-container-46000db4\"><div class=\"gb-inside-container\">\n\n<h2 class=\"gb-headline gb-headline-119a896b gb-headline-text\">Mythen um Leben und Tod.<\/h2>\n\n\n\n<p>Seit nun 137 Jahren ranken sich Mythen um Leben und Tod K\u00f6nig Ludwigs II. und trotz der L\u00fcgen \u00fcber seine Person erfreute er sich allergr\u00f6\u00dfter Beliebtheit im Volk. Gerade <a href=\"https:\/\/www.ewigerbund.org\/bayern\/geschichte\/koenig-ludwig-ii\/\" target=\"_blank\" rel=\"noreferrer noopener\">K\u00f6nig Ludwig II<\/a>. nimmt unter den deutschen K\u00f6nigen eine herausragende Rolle ein. Kaum einer war seiner Zeit in Sachen Kunstsinnigkeit und Wohlfahrtspflege soweit voraus wie unser <em>Kini<\/em>. Seine Schl\u00f6sserbauten, die er nicht nur beauftragte, sondern sich eben auch ma\u00dfgeblich an den Planungen beteiligte, beeindrucken bis heute. Von \u00fcberall her str\u00f6men die Besucher, um die kunstvollen Bauwerke zu bestaunen. Ludwig II. hatte zweifellos einen herausragenden Sinn f\u00fcr das Sch\u00f6ne. Wohl auch deshalb war seine Regierungszeit von Friedensliebe und Volkswohlfahrt gepr\u00e4gt. Tiefe Abscheu hegte er gegen die aufgezwungene Gewaltt\u00e4tigkeit seiner Zeit. Tiefste Trauer durchzog Bayern bei der Nachricht \u00fcber seinen Tod. Eine Trauer, die auch heute noch bayerische Herzen ergreift. <\/p>\n\n\n\n<p>Mit Ludwig II. ging eine \u00c4ra zu Ende. Nicht ungekl\u00e4rt, sondern gezielt verdunkelt. Nicht wenige sehen in ihm einen der letzten gro\u00dfen, deutschen K\u00f6nige. F\u00fcr uns bleibt seine Person auf ewig heilig und unverletzlich. Es bliebe zu w\u00fcnschen, alle &#8222;seine Getreuen&#8220; w\u00fcrden es \u00e4hnlich halten. Da\u00df das Andenken an Ludwig II. gewahrt bleibt, ist den Veranstaltern hoch anzurechnen, doch K\u00f6nigstreue verstehen wir anders. F\u00fcr das n\u00e4chste Jahr sehen wir es als unsere Aufgabe, den monarchischen Gedanken, welchen Ludwig II. so vehement verfocht, mehr W\u00fcrdigung zu verschaffen &#8211; und wir laden schon heute herzlich dazu ein, uns dabei zu begleiten. F\u00fcr die Heimat &#8211; In Treue fest.<\/p>\n\n<\/div><\/div>\n\n<div class=\"gb-container gb-container-208897ff\"><div class=\"gb-inside-container\">\n\n<div class=\"wp-block-columns is-layout-flex wp-container-core-columns-is-layout-7 wp-block-columns-is-layout-flex\">\n<div class=\"wp-block-column is-layout-flow wp-block-column-is-layout-flow\"><\/div>\n<\/div>\n\n<\/div><\/div>\n\n\n<figure class=\"wp-block-gallery has-nested-images columns-default is-cropped wp-block-gallery-4 is-layout-flex wp-block-gallery-is-layout-flex\">\n<figure class=\"wp-block-image size-large\"><a href=\"https:\/\/www.ewigerbund.org\/bayern\/wp-content\/uploads\/sites\/12\/2023\/08\/G_Aussen1.jpg\"><img loading=\"lazy\" decoding=\"async\" width=\"1024\" height=\"576\" data-id=\"3351\" src=\"https:\/\/www.ewigerbund.org\/bayern\/wp-content\/uploads\/sites\/12\/2023\/08\/G_Aussen1-1024x576.jpg\" alt=\"Aussen1\" class=\"wp-image-3351\" srcset=\"https:\/\/www.ewigerbund.org\/bayern\/wp-content\/uploads\/sites\/12\/2023\/08\/G_Aussen1-1024x576.jpg 1024w, https:\/\/www.ewigerbund.org\/bayern\/wp-content\/uploads\/sites\/12\/2023\/08\/G_Aussen1-300x169.jpg 300w, https:\/\/www.ewigerbund.org\/bayern\/wp-content\/uploads\/sites\/12\/2023\/08\/G_Aussen1-768x432.jpg 768w, https:\/\/www.ewigerbund.org\/bayern\/wp-content\/uploads\/sites\/12\/2023\/08\/G_Aussen1.jpg 1200w\" sizes=\"auto, (max-width: 1024px) 100vw, 1024px\" \/><\/a><\/figure>\n<\/figure>\n\n\n<div class=\"gb-container gb-container-5165c821\"><div class=\"gb-inside-container\">\n\n<div class=\"wp-block-columns is-layout-flex wp-container-core-columns-is-layout-8 wp-block-columns-is-layout-flex\">\n<div class=\"wp-block-column is-layout-flow wp-block-column-is-layout-flow\">\n<div style=\"height:100px\" aria-hidden=\"true\" class=\"wp-block-spacer\"><\/div>\n<\/div>\n<\/div>\n\n<\/div><\/div>\n\n\n<hr class=\"wp-block-separator has-alpha-channel-opacity\" \/>\n\n\n\n<div style=\"height:100px\" aria-hidden=\"true\" class=\"wp-block-spacer\"><\/div>\n\n\n<div class=\"gb-container gb-container-17be4b9d\"><div class=\"gb-inside-container\">\n\n<p><strong>AUCH INTERESSANT<\/strong><\/p>\n\n<\/div><\/div>\n\n<div class=\"gb-container gb-container-d2e7bd44\"><div class=\"gb-inside-container\">\n\n<div style=\"height:50px\" aria-hidden=\"true\" class=\"wp-block-spacer\"><\/div>\n\n<\/div><\/div>\n\n<div class=\"gb-container gb-container-fb12fc65\"><div class=\"gb-inside-container\">\n\n<div style=\"height:100px\" aria-hidden=\"true\" class=\"wp-block-spacer\"><\/div>\n\n\n<div class=\"gb-container gb-container-4885f4da\"><div class=\"gb-inside-container\">\n\n<div class=\"wp-block-columns is-layout-flex wp-container-core-columns-is-layout-9 wp-block-columns-is-layout-flex\">\n<div class=\"wp-block-column is-layout-flow wp-block-column-is-layout-flow\" style=\"text-decoration:none\">\n<figure class=\"wp-block-image size-large\"><a href=\"https:\/\/www.ewigerbund.org\/bayern\/geographie\/die-fraenkische-schweiz\/\"><img loading=\"lazy\" decoding=\"async\" width=\"1024\" height=\"580\" src=\"https:\/\/www.ewigerbund.org\/bayern\/wp-content\/uploads\/sites\/12\/2023\/06\/Die_Zugspitze_und_der_Eibsee-1024x580.jpg\" alt=\"Die_Zugspitze_und_der_Eibsee\" class=\"wp-image-2801\" srcset=\"https:\/\/www.ewigerbund.org\/bayern\/wp-content\/uploads\/sites\/12\/2023\/06\/Die_Zugspitze_und_der_Eibsee-1024x580.jpg 1024w, https:\/\/www.ewigerbund.org\/bayern\/wp-content\/uploads\/sites\/12\/2023\/06\/Die_Zugspitze_und_der_Eibsee-300x170.jpg 300w, https:\/\/www.ewigerbund.org\/bayern\/wp-content\/uploads\/sites\/12\/2023\/06\/Die_Zugspitze_und_der_Eibsee-768x435.jpg 768w, https:\/\/www.ewigerbund.org\/bayern\/wp-content\/uploads\/sites\/12\/2023\/06\/Die_Zugspitze_und_der_Eibsee.jpg 1200w\" sizes=\"auto, (max-width: 1024px) 100vw, 1024px\" \/><\/a><\/figure>\n\n\n\n<p><strong>Die Zugspitze und der Eibsee<\/strong><\/p>\n\n\n\n<p class=\"has-small-font-size\">Den westlichen H\u00f6hepunkt der oberbayrischen Alpen bildet der Wetterstein.&nbsp;<\/p>\n\n\n\n<p><a href=\"https:\/\/www.ewigerbund.org\/bayern\/geographie\/die-fraenkische-schweiz\/\" target=\"_blank\" rel=\"noreferrer noopener\"><\/a><a href=\"https:\/\/www.ewigerbund.org\/bayern\/geographie\/die-zugspitze-und-der-eibsee\/\" target=\"_blank\" rel=\"noreferrer noopener\">Auf den Gipfel der Zugspitze \u2192<\/a><\/p>\n<\/div>\n\n\n\n<div class=\"wp-block-column is-layout-flow wp-block-column-is-layout-flow\"><div class=\"gb-container gb-container-c2f7d578\"><div class=\"gb-inside-container\">\n\n<figure class=\"wp-block-image size-large is-resized\"><a href=\"https:\/\/www.ewigerbund.org\/bayern\/die-walhalla\/\"><img loading=\"lazy\" decoding=\"async\" src=\"https:\/\/www.ewigerbund.org\/bayern\/wp-content\/uploads\/sites\/12\/2023\/08\/1842_Walhalla-1024x576.jpg\" alt=\"\" class=\"wp-image-3358\" style=\"width:256px;height:144px\" width=\"256\" height=\"144\" srcset=\"https:\/\/www.ewigerbund.org\/bayern\/wp-content\/uploads\/sites\/12\/2023\/08\/1842_Walhalla-1024x576.jpg 1024w, https:\/\/www.ewigerbund.org\/bayern\/wp-content\/uploads\/sites\/12\/2023\/08\/1842_Walhalla-300x169.jpg 300w, https:\/\/www.ewigerbund.org\/bayern\/wp-content\/uploads\/sites\/12\/2023\/08\/1842_Walhalla-768x432.jpg 768w, https:\/\/www.ewigerbund.org\/bayern\/wp-content\/uploads\/sites\/12\/2023\/08\/1842_Walhalla.jpg 1200w\" sizes=\"auto, (max-width: 256px) 100vw, 256px\" \/><\/a><\/figure>\n\n<\/div><\/div>\n\n\n<p><strong>Die Walhalla.<\/strong><\/p>\n\n\n\n<p class=\"has-small-font-size\">Als den sch\u00f6nsten Festtag seiner langen Regierungszeit bezeichnet&nbsp;Ludwig&nbsp;selbst den Tag der Grundsteinlegung zur Walhalla. Am 2. Oktober 1808 hatte der J\u00fcngling an Johannes M\u00fcller geschrieben: \u201eWalhalla ist kein Werk f\u00fcr einen Kronprinzen, w\u00e4re zu kostspielig; soll ich einst K\u00f6nig werden, errichte ich es!\u201c<\/p>\n\n\n\n<p><a href=\"https:\/\/www.ewigerbund.org\/bayern\/die-walhalla\/\">Auf nach Walhalla \u2192<\/a><\/p>\n<\/div>\n\n\n\n<div class=\"wp-block-column is-layout-flow wp-block-column-is-layout-flow\">\n<figure class=\"wp-block-image size-large\"><a href=\"https:\/\/www.ewigerbund.org\/bayern\/geschichte\/1180-der-beginn-des-hauses-bayern-otto-von-wittelsbach\/\"><img loading=\"lazy\" decoding=\"async\" width=\"1024\" height=\"582\" src=\"https:\/\/www.ewigerbund.org\/bayern\/wp-content\/uploads\/sites\/12\/2023\/05\/1180-Otto-von-Wittelsbach_video.edited-1024x582.jpg\" alt=\"\" class=\"wp-image-2172\" srcset=\"https:\/\/www.ewigerbund.org\/bayern\/wp-content\/uploads\/sites\/12\/2023\/05\/1180-Otto-von-Wittelsbach_video.edited-1024x582.jpg 1024w, https:\/\/www.ewigerbund.org\/bayern\/wp-content\/uploads\/sites\/12\/2023\/05\/1180-Otto-von-Wittelsbach_video.edited-300x171.jpg 300w, https:\/\/www.ewigerbund.org\/bayern\/wp-content\/uploads\/sites\/12\/2023\/05\/1180-Otto-von-Wittelsbach_video.edited-768x437.jpg 768w, https:\/\/www.ewigerbund.org\/bayern\/wp-content\/uploads\/sites\/12\/2023\/05\/1180-Otto-von-Wittelsbach_video.edited-1536x873.jpg 1536w, https:\/\/www.ewigerbund.org\/bayern\/wp-content\/uploads\/sites\/12\/2023\/05\/1180-Otto-von-Wittelsbach_video.edited.jpg 1748w\" sizes=\"auto, (max-width: 1024px) 100vw, 1024px\" \/><\/a><\/figure>\n\n\n\n<p><strong>1180. Der Beginn des Hauses Bayern \u2013 Otto von Wittelsbach.<\/strong><\/p>\n\n\n\n<p class=\"has-small-font-size\">Auf dem R\u00fcckzuge von Italien im Jahre 1155 nahm Kaiser Friedrich der Rothbart mit dem deutschen Heere seinen Weg durchs Etschthal, um \u00fcber den Brenner nach Deutschland zu gelangen. Auf diesem Wege kam er an den Engpa\u00df von Chiusa, die Berner Klause genannt.<\/p>\n\n\n\n<p><a href=\"https:\/\/www.ewigerbund.org\/bayern\/geschichte\/1180-der-beginn-des-hauses-bayern-otto-von-wittelsbach\/\">Weiterlesen \u2192<\/a><\/p>\n<\/div>\n<\/div>\n\n<\/div><\/div>\n\n<div class=\"gb-container gb-container-abbd7799\"><div class=\"gb-inside-container\">\n\n<div class=\"wp-block-columns is-layout-flex wp-container-core-columns-is-layout-10 wp-block-columns-is-layout-flex\">\n<div class=\"wp-block-column is-layout-flow wp-block-column-is-layout-flow\">\n<figure class=\"wp-block-image size-large\"><a href=\"https:\/\/www.ewigerbund.org\/bayern\/geschichte\/ludwig-iii\/\"><img loading=\"lazy\" decoding=\"async\" width=\"1024\" height=\"580\" src=\"https:\/\/www.ewigerbund.org\/bayern\/wp-content\/uploads\/sites\/12\/2023\/07\/1912-1921-Ludwig-III-1024x580-1-1024x580.jpg\" alt=\"1912-1921-Ludwig-III\" class=\"wp-image-3230\" srcset=\"https:\/\/www.ewigerbund.org\/bayern\/wp-content\/uploads\/sites\/12\/2023\/07\/1912-1921-Ludwig-III-1024x580-1-1024x580.jpg 1024w, https:\/\/www.ewigerbund.org\/bayern\/wp-content\/uploads\/sites\/12\/2023\/07\/1912-1921-Ludwig-III-1024x580-1-300x170.jpg 300w, https:\/\/www.ewigerbund.org\/bayern\/wp-content\/uploads\/sites\/12\/2023\/07\/1912-1921-Ludwig-III-1024x580-1-768x435.jpg 768w, https:\/\/www.ewigerbund.org\/bayern\/wp-content\/uploads\/sites\/12\/2023\/07\/1912-1921-Ludwig-III-1024x580-1.jpg 1200w\" sizes=\"auto, (max-width: 1024px) 100vw, 1024px\" \/><\/a><\/figure>\n\n\n\n<h2 class=\"has-medium-font-size wp-block-heading\"><strong>1912-1921. K\u00f6nig Ludwig III.<\/strong><\/h2>\n\n\n\n<p>Prinz Ludwig, Luitpolds \u00e4ltester Sohn, \u00fcbernahm die Regierung als ein in Arbeit und vaterl\u00e4ndischer Hingebung erprobter F\u00fcrst. Am 7. Januar 1845 zu M\u00fcnchen geboren, geno\u00df der Prinz unter der Obhut seiner trefflichen Eltern eine sorgsame Erziehung, der er die liebensw\u00fcrdige Offenheit, die schlichte Geradheit seines Wesens vor allem verdankt. Es war das Bestreben seines Vaters Luitpold und seiner Mutter Augusta, einer geborenen Prinzessin von Toskana, dem Sohne eine umfassende und gediegene Bildung zu geben.<\/p>\n\n\n\n<p><a href=\"https:\/\/www.ewigerbund.org\/bayern\/geschichte\/ludwig-iii\/\">Weiterlesen \u2192<\/a><\/p>\n<\/div>\n\n\n\n<div class=\"wp-block-column is-layout-flow wp-block-column-is-layout-flow\">\n<figure class=\"wp-block-image size-full\"><a href=\"https:\/\/www.ewigerbund.org\/bayern\/geschichte\/gruendung-des-deutschen-zollvereines\/\"><img loading=\"lazy\" decoding=\"async\" width=\"1024\" height=\"580\" src=\"https:\/\/www.ewigerbund.org\/bayern\/wp-content\/uploads\/sites\/12\/2023\/06\/Gruendung-des-Deutschen-Zollvereins-1024x580-1.jpg\" alt=\"Gruendung-des-Deutschen-Zollvereins\" class=\"wp-image-2889\" srcset=\"https:\/\/www.ewigerbund.org\/bayern\/wp-content\/uploads\/sites\/12\/2023\/06\/Gruendung-des-Deutschen-Zollvereins-1024x580-1.jpg 1024w, https:\/\/www.ewigerbund.org\/bayern\/wp-content\/uploads\/sites\/12\/2023\/06\/Gruendung-des-Deutschen-Zollvereins-1024x580-1-300x170.jpg 300w, https:\/\/www.ewigerbund.org\/bayern\/wp-content\/uploads\/sites\/12\/2023\/06\/Gruendung-des-Deutschen-Zollvereins-1024x580-1-768x435.jpg 768w\" sizes=\"auto, (max-width: 1024px) 100vw, 1024px\" \/><\/a><\/figure>\n\n\n\n<h2 class=\"has-medium-font-size wp-block-heading\"><strong>1834. Gr\u00fcndung des deutschen Zollvereines.<\/strong><\/h2>\n\n\n\n<p>Von gro\u00dfer Wichtigkeit war die Gr\u00fcndung des Deutschen Zollvereins (1834). Bis dahin war n\u00e4mlich die Einfuhr der Waren aus einem Bundesstaat in den anderen nur gegen Zoll gestattet. Das war ungemein l\u00e4stig und hemmte den Handel sehr.<\/p>\n\n\n\n<p><a href=\"https:\/\/www.ewigerbund.org\/bayern\/geschichte\/gruendung-des-deutschen-zollvereines\/\">Weiterlesen \u2192<\/a><\/p>\n<\/div>\n\n\n\n<div class=\"wp-block-column is-layout-flow wp-block-column-is-layout-flow\">\n<figure class=\"wp-block-image size-full\"><a href=\"https:\/\/www.ewigerbund.org\/bayern\/geschichte\/einfuehrung-des-erstgeburtsrechts\/\"><img loading=\"lazy\" decoding=\"async\" width=\"1024\" height=\"582\" src=\"https:\/\/www.ewigerbund.org\/bayern\/wp-content\/uploads\/sites\/12\/2023\/06\/1392-1506_Einfuerung_des_Erstgeburtsrechts-1024x582-1.jpg\" alt=\"1392-1506_Einfuerung_des_Erstgeburtsrechts\" class=\"wp-image-2870\" srcset=\"https:\/\/www.ewigerbund.org\/bayern\/wp-content\/uploads\/sites\/12\/2023\/06\/1392-1506_Einfuerung_des_Erstgeburtsrechts-1024x582-1.jpg 1024w, https:\/\/www.ewigerbund.org\/bayern\/wp-content\/uploads\/sites\/12\/2023\/06\/1392-1506_Einfuerung_des_Erstgeburtsrechts-1024x582-1-300x171.jpg 300w, https:\/\/www.ewigerbund.org\/bayern\/wp-content\/uploads\/sites\/12\/2023\/06\/1392-1506_Einfuerung_des_Erstgeburtsrechts-1024x582-1-768x437.jpg 768w\" sizes=\"auto, (max-width: 1024px) 100vw, 1024px\" \/><\/a><\/figure>\n\n\n\n<h2 class=\"has-medium-font-size wp-block-heading\"><strong>1392-1506. Einf\u00fchrung des Erstgeburtsrechts.<\/strong><\/h2>\n\n\n\n<p>Nicht lange dauerte Stephans Regierung, als er mit seinem Bruder Johann von M\u00fcnchen in Streit gerieth, und dadurch bezweckte, da\u00df die Br\u00fcder Ihre Theile zusammenwarfen (1395). Johanns Sohn Ernst behielt Landsberg, Weilheim, Wolfrathshausen und Dachau. Als Johann im Jahre 1397 starb, traten seine S\u00f6hne Wilhelm und Albert in dessen Rechte. Hierauf verlangte Stephan, vornehmlich aber sein Sohn Ludwig, M\u00fcnchen zum Sitze.<\/p>\n\n\n\n<p><a href=\"https:\/\/www.ewigerbund.org\/bayern\/geschichte\/einfuehrung-des-erstgeburtsrechts\/\">Weiterlesen \u2192<\/a><\/p>\n<\/div>\n<\/div>\n\n<\/div><\/div>\n<\/div><\/div>\n\n<div class=\"gb-container gb-container-c7708e8b\"><div class=\"gb-inside-container\">\n\n<div class=\"wp-block-columns is-layout-flex wp-container-core-columns-is-layout-11 wp-block-columns-is-layout-flex\">\n<div class=\"wp-block-column is-layout-flow wp-block-column-is-layout-flow\">\n<figure class=\"wp-block-image size-full\"><a href=\"https:\/\/www.ewigerbund.org\/bayern\/geschichte\/die-verwuestung-der-pfalz-und-der-brand-speiers\/\"><img loading=\"lazy\" decoding=\"async\" width=\"1024\" height=\"580\" src=\"https:\/\/www.ewigerbund.org\/bayern\/wp-content\/uploads\/sites\/12\/2023\/06\/1688.jpg\" alt=\"1688 Durlach\" class=\"wp-image-2878\" srcset=\"https:\/\/www.ewigerbund.org\/bayern\/wp-content\/uploads\/sites\/12\/2023\/06\/1688.jpg 1024w, https:\/\/www.ewigerbund.org\/bayern\/wp-content\/uploads\/sites\/12\/2023\/06\/1688-300x170.jpg 300w, https:\/\/www.ewigerbund.org\/bayern\/wp-content\/uploads\/sites\/12\/2023\/06\/1688-768x435.jpg 768w\" sizes=\"auto, (max-width: 1024px) 100vw, 1024px\" \/><\/a><\/figure>\n\n\n\n<p><strong>1688. Die Verw\u00fcstung der Pfalz und der Brand Speiers.<\/strong><\/p>\n\n\n\n<p class=\"has-small-font-size\">Wie Ludwig XIV. mitten im Frieden Stra\u00dfburg geraubt hatte, so fiel er im September 1688 ohne Kriegserkl\u00e4rung in die Pfalz ein. Rasch nacheinander hatten die Franzosen Kaiserslautern, Mainz, Heidelberg und Heilbronn genommen und sich so in den Besitz der Pfalz gesetzt, ehe man in Deutschland an Widerstand denken konnte.<\/p>\n\n\n\n<p><a href=\"https:\/\/www.ewigerbund.org\/bayern\/geschichte\/die-verwuestung-der-pfalz-und-der-brand-speiers\/\">Weiterlesen \u2192<\/a><\/p>\n<\/div>\n\n\n\n<div class=\"wp-block-column is-layout-flow wp-block-column-is-layout-flow\">\n<figure class=\"wp-block-image size-full\"><a href=\"https:\/\/www.ewigerbund.org\/bayern\/geschichte\/koenig-ludwig-i\/\"><img loading=\"lazy\" decoding=\"async\" width=\"1024\" height=\"580\" src=\"https:\/\/www.ewigerbund.org\/bayern\/wp-content\/uploads\/sites\/12\/2023\/06\/Ludwig-I.jpg\" alt=\"Ludwig-I\" class=\"wp-image-2887\" srcset=\"https:\/\/www.ewigerbund.org\/bayern\/wp-content\/uploads\/sites\/12\/2023\/06\/Ludwig-I.jpg 1024w, https:\/\/www.ewigerbund.org\/bayern\/wp-content\/uploads\/sites\/12\/2023\/06\/Ludwig-I-300x170.jpg 300w, https:\/\/www.ewigerbund.org\/bayern\/wp-content\/uploads\/sites\/12\/2023\/06\/Ludwig-I-768x435.jpg 768w\" sizes=\"auto, (max-width: 1024px) 100vw, 1024px\" \/><\/a><\/figure>\n\n\n\n<p><strong>1825-1848. K\u00f6nig Ludwig I.<\/strong><\/p>\n\n\n\n<p class=\"has-small-font-size\">Ludwig I. wurde in Stra\u00dfburg geboren. Auf den Universit\u00e4ten Landshut und G\u00f6ttingen erwarb er sich eine vorz\u00fcgliche Bildung, die er durch gro\u00dfe Reisen namentlich nach dem S\u00fcden Europas erweiterte und vertiefte. Im Jahre 1810 verm\u00e4hlte er sich mit der Prinzessin Therese von Hildburghausen.&nbsp;<\/p>\n\n\n\n<p><a href=\"https:\/\/www.ewigerbund.org\/bayern\/geschichte\/koenig-ludwig-i\/\">Weiterlesen \u2192<\/a><\/p>\n<\/div>\n\n\n\n<div class=\"wp-block-column is-layout-flow wp-block-column-is-layout-flow\">\n<figure class=\"wp-block-image size-full\"><a href=\"https:\/\/www.ewigerbund.org\/bayern\/herz-eb\/warum-wir-das-tun\/\"><img loading=\"lazy\" decoding=\"async\" width=\"750\" height=\"426\" src=\"https:\/\/www.ewigerbund.org\/bayern\/wp-content\/uploads\/sites\/12\/2023\/06\/Warum-wir-das-tun.jpg\" alt=\"Warum-wir-das-tun\" class=\"wp-image-2777\" srcset=\"https:\/\/www.ewigerbund.org\/bayern\/wp-content\/uploads\/sites\/12\/2023\/06\/Warum-wir-das-tun.jpg 750w, https:\/\/www.ewigerbund.org\/bayern\/wp-content\/uploads\/sites\/12\/2023\/06\/Warum-wir-das-tun-300x170.jpg 300w\" sizes=\"auto, (max-width: 750px) 100vw, 750px\" \/><\/a><\/figure>\n\n\n\n<p><strong>Warum wir das tun.<\/strong><\/p>\n\n\n\n<p class=\"has-small-font-size\">Der Verrat, der 1918 zum Sturz der Monarchien gef\u00fchrt hat, zog eine beispiellose Leidensgeschichte des deutschen &#8230;<\/p>\n\n\n\n<p><a href=\"https:\/\/www.ewigerbund.org\/bayern\/herz-eb\/warum-wir-das-tun\/\">Weiterlesen \u2192<\/a><\/p>\n<\/div>\n<\/div>\n\n<\/div><\/div>","protected":false},"excerpt":{"rendered":"<p>Artikel anh\u00f6ren Die Votivkapelle zu Schlo\u00df Berg. Media in vita in morte sumus. Die Votivkapelle im Park zu Schlo\u00df Berg &#8211; ein ehrerbietender Bau im fr\u00fchromanischen Stil, welcher am 14. Jahrestag des tragischen Ungl\u00fccks am W\u00fcrmsee eingeweiht wurde. Auf das Betreiben der Mutter, K\u00f6nigin Marie, wurde 1887 bereits eine fast sieben Meter hohe Totenleuchte zum &#8230; <a title=\"Gedenkgottesdienst zum Andenken Ludwigs II.\" class=\"read-more\" href=\"https:\/\/www.ewigerbund.org\/bayern\/neueste-beitraege\/gedenkgottesdienst-ludwig-ii\/\" aria-label=\"Mehr zu Gedenkgottesdienst zum Andenken Ludwigs II.\">Weiterlesen &#8230;<\/a><\/p>\n","protected":false},"author":1,"featured_media":2829,"parent":1896,"menu_order":3,"comment_status":"closed","ping_status":"closed","template":"template-6-beide-seitenleiste.php","meta":{"footnotes":""},"categories":[1,6,5],"tags":[171,554,43,555,164,221,553,300,550,551],"class_list":["post-2825","page","type-page","status-publish","has-post-thumbnail","hentry","category-allgemein","category-bayern","category-bundesstaat","tag-bayern","tag-julius-hofmann","tag-koenigreich-bayern","tag-koenigstreu","tag-ludwig-ii","tag-oberbayern","tag-schloss-berg","tag-starnberg","tag-votivkapelle","tag-wuermsee"],"yoast_head":"<!-- This site is optimized with the Yoast SEO plugin v23.1 - https:\/\/yoast.com\/wordpress\/plugins\/seo\/ -->\n<title>Gedenkgottesdienst zum Andenken Ludwigs II. - K\u00f6nigreich Bayern<\/title>\n<meta name=\"description\" content=\"Die Votivkapelle im Park zu Schlo\u00df Berg - ein ehrerbietender Bau im fr\u00fchromanischen Stil, welcher am 14. Jahrestag des tragischen Ungl\u00fccks...\" \/>\n<meta name=\"robots\" content=\"index, follow, max-snippet:-1, max-image-preview:large, max-video-preview:-1\" \/>\n<link rel=\"canonical\" href=\"https:\/\/www.ewigerbund.org\/bayern\/neueste-beitraege\/gedenkgottesdienst-ludwig-ii\/\" \/>\n<meta property=\"og:locale\" content=\"de_DE\" \/>\n<meta property=\"og:type\" content=\"article\" \/>\n<meta property=\"og:title\" content=\"Gedenkgottesdienst zum Andenken Ludwigs II. - K\u00f6nigreich Bayern\" \/>\n<meta property=\"og:description\" content=\"Die Votivkapelle im Park zu Schlo\u00df Berg - ein ehrerbietender Bau im fr\u00fchromanischen Stil, welcher am 14. Jahrestag des tragischen Ungl\u00fccks...\" \/>\n<meta property=\"og:url\" content=\"https:\/\/www.ewigerbund.org\/bayern\/neueste-beitraege\/gedenkgottesdienst-ludwig-ii\/\" \/>\n<meta property=\"og:site_name\" content=\"K\u00f6nigreich Bayern\" \/>\n<meta property=\"article:modified_time\" content=\"2023-10-08T00:51:14+00:00\" \/>\n<meta property=\"og:image\" content=\"https:\/\/www.ewigerbund.org\/bayern\/wp-content\/uploads\/sites\/12\/2023\/06\/LudwigII_Kreuz_Banner.jpg\" \/>\n\t<meta property=\"og:image:width\" content=\"1920\" \/>\n\t<meta property=\"og:image:height\" content=\"350\" \/>\n\t<meta property=\"og:image:type\" content=\"image\/jpeg\" \/>\n<meta name=\"twitter:card\" content=\"summary_large_image\" \/>\n<meta name=\"twitter:label1\" content=\"Gesch\u00e4tzte Lesezeit\" \/>\n\t<meta name=\"twitter:data1\" content=\"6\u00a0Minuten\" \/>\n<script type=\"application\/ld+json\" class=\"yoast-schema-graph\">{\"@context\":\"https:\/\/schema.org\",\"@graph\":[{\"@type\":\"WebPage\",\"@id\":\"https:\/\/www.ewigerbund.org\/bayern\/neueste-beitraege\/gedenkgottesdienst-ludwig-ii\/\",\"url\":\"https:\/\/www.ewigerbund.org\/bayern\/neueste-beitraege\/gedenkgottesdienst-ludwig-ii\/\",\"name\":\"Gedenkgottesdienst zum Andenken Ludwigs II. - K\u00f6nigreich Bayern\",\"isPartOf\":{\"@id\":\"https:\/\/www.ewigerbund.org\/bayern\/#website\"},\"primaryImageOfPage\":{\"@id\":\"https:\/\/www.ewigerbund.org\/bayern\/neueste-beitraege\/gedenkgottesdienst-ludwig-ii\/#primaryimage\"},\"image\":{\"@id\":\"https:\/\/www.ewigerbund.org\/bayern\/neueste-beitraege\/gedenkgottesdienst-ludwig-ii\/#primaryimage\"},\"thumbnailUrl\":\"https:\/\/www.ewigerbund.org\/bayern\/wp-content\/uploads\/sites\/12\/2023\/06\/LudwigII_Kreuz_Banner.jpg\",\"datePublished\":\"2023-06-19T22:59:53+00:00\",\"dateModified\":\"2023-10-08T00:51:14+00:00\",\"description\":\"Die Votivkapelle im Park zu Schlo\u00df Berg - ein ehrerbietender Bau im fr\u00fchromanischen Stil, welcher am 14. Jahrestag des tragischen Ungl\u00fccks...\",\"breadcrumb\":{\"@id\":\"https:\/\/www.ewigerbund.org\/bayern\/neueste-beitraege\/gedenkgottesdienst-ludwig-ii\/#breadcrumb\"},\"inLanguage\":\"de\",\"potentialAction\":[{\"@type\":\"ReadAction\",\"target\":[\"https:\/\/www.ewigerbund.org\/bayern\/neueste-beitraege\/gedenkgottesdienst-ludwig-ii\/\"]}]},{\"@type\":\"ImageObject\",\"inLanguage\":\"de\",\"@id\":\"https:\/\/www.ewigerbund.org\/bayern\/neueste-beitraege\/gedenkgottesdienst-ludwig-ii\/#primaryimage\",\"url\":\"https:\/\/www.ewigerbund.org\/bayern\/wp-content\/uploads\/sites\/12\/2023\/06\/LudwigII_Kreuz_Banner.jpg\",\"contentUrl\":\"https:\/\/www.ewigerbund.org\/bayern\/wp-content\/uploads\/sites\/12\/2023\/06\/LudwigII_Kreuz_Banner.jpg\",\"width\":1920,\"height\":350,\"caption\":\"LudwigII_Kreuz_Banner\"},{\"@type\":\"BreadcrumbList\",\"@id\":\"https:\/\/www.ewigerbund.org\/bayern\/neueste-beitraege\/gedenkgottesdienst-ludwig-ii\/#breadcrumb\",\"itemListElement\":[{\"@type\":\"ListItem\",\"position\":1,\"name\":\"Startseite\",\"item\":\"https:\/\/www.ewigerbund.org\/bayern\/\"},{\"@type\":\"ListItem\",\"position\":2,\"name\":\"Neueste Beitr\u00e4ge.\",\"item\":\"https:\/\/www.ewigerbund.org\/bayern\/neueste-beitraege\/\"},{\"@type\":\"ListItem\",\"position\":3,\"name\":\"Gedenkgottesdienst zum Andenken Ludwigs II.\"}]},{\"@type\":\"WebSite\",\"@id\":\"https:\/\/www.ewigerbund.org\/bayern\/#website\",\"url\":\"https:\/\/www.ewigerbund.org\/bayern\/\",\"name\":\"K\u00f6nigreich Bayern\",\"description\":\"im ewigen Bund.\",\"publisher\":{\"@id\":\"https:\/\/www.ewigerbund.org\/bayern\/#organization\"},\"potentialAction\":[{\"@type\":\"SearchAction\",\"target\":{\"@type\":\"EntryPoint\",\"urlTemplate\":\"https:\/\/www.ewigerbund.org\/bayern\/?s={search_term_string}\"},\"query-input\":\"required name=search_term_string\"}],\"inLanguage\":\"de\"},{\"@type\":\"Organization\",\"@id\":\"https:\/\/www.ewigerbund.org\/bayern\/#organization\",\"name\":\"K\u00f6nigreich Bayern\",\"url\":\"https:\/\/www.ewigerbund.org\/bayern\/\",\"logo\":{\"@type\":\"ImageObject\",\"inLanguage\":\"de\",\"@id\":\"https:\/\/www.ewigerbund.org\/bayern\/#\/schema\/logo\/image\/\",\"url\":\"https:\/\/www.ewigerbund.org\/bayern\/wp-content\/uploads\/sites\/12\/2023\/02\/2023-02-24-Logo-EB-Bayern-Schutzzone_Schatten_BGweiss_V2_1200px.png\",\"contentUrl\":\"https:\/\/www.ewigerbund.org\/bayern\/wp-content\/uploads\/sites\/12\/2023\/02\/2023-02-24-Logo-EB-Bayern-Schutzzone_Schatten_BGweiss_V2_1200px.png\",\"width\":1200,\"height\":1200,\"caption\":\"K\u00f6nigreich Bayern\"},\"image\":{\"@id\":\"https:\/\/www.ewigerbund.org\/bayern\/#\/schema\/logo\/image\/\"}}]}<\/script>\n<!-- \/ Yoast SEO plugin. -->","yoast_head_json":{"title":"Gedenkgottesdienst zum Andenken Ludwigs II. - K\u00f6nigreich Bayern","description":"Die Votivkapelle im Park zu Schlo\u00df Berg - ein ehrerbietender Bau im fr\u00fchromanischen Stil, welcher am 14. Jahrestag des tragischen Ungl\u00fccks...","robots":{"index":"index","follow":"follow","max-snippet":"max-snippet:-1","max-image-preview":"max-image-preview:large","max-video-preview":"max-video-preview:-1"},"canonical":"https:\/\/www.ewigerbund.org\/bayern\/neueste-beitraege\/gedenkgottesdienst-ludwig-ii\/","og_locale":"de_DE","og_type":"article","og_title":"Gedenkgottesdienst zum Andenken Ludwigs II. - K\u00f6nigreich Bayern","og_description":"Die Votivkapelle im Park zu Schlo\u00df Berg - ein ehrerbietender Bau im fr\u00fchromanischen Stil, welcher am 14. Jahrestag des tragischen Ungl\u00fccks...","og_url":"https:\/\/www.ewigerbund.org\/bayern\/neueste-beitraege\/gedenkgottesdienst-ludwig-ii\/","og_site_name":"K\u00f6nigreich Bayern","article_modified_time":"2023-10-08T00:51:14+00:00","og_image":[{"width":1920,"height":350,"url":"https:\/\/www.ewigerbund.org\/bayern\/wp-content\/uploads\/sites\/12\/2023\/06\/LudwigII_Kreuz_Banner.jpg","type":"image\/jpeg"}],"twitter_card":"summary_large_image","twitter_misc":{"Gesch\u00e4tzte Lesezeit":"6\u00a0Minuten"},"schema":{"@context":"https:\/\/schema.org","@graph":[{"@type":"WebPage","@id":"https:\/\/www.ewigerbund.org\/bayern\/neueste-beitraege\/gedenkgottesdienst-ludwig-ii\/","url":"https:\/\/www.ewigerbund.org\/bayern\/neueste-beitraege\/gedenkgottesdienst-ludwig-ii\/","name":"Gedenkgottesdienst zum Andenken Ludwigs II. - K\u00f6nigreich Bayern","isPartOf":{"@id":"https:\/\/www.ewigerbund.org\/bayern\/#website"},"primaryImageOfPage":{"@id":"https:\/\/www.ewigerbund.org\/bayern\/neueste-beitraege\/gedenkgottesdienst-ludwig-ii\/#primaryimage"},"image":{"@id":"https:\/\/www.ewigerbund.org\/bayern\/neueste-beitraege\/gedenkgottesdienst-ludwig-ii\/#primaryimage"},"thumbnailUrl":"https:\/\/www.ewigerbund.org\/bayern\/wp-content\/uploads\/sites\/12\/2023\/06\/LudwigII_Kreuz_Banner.jpg","datePublished":"2023-06-19T22:59:53+00:00","dateModified":"2023-10-08T00:51:14+00:00","description":"Die Votivkapelle im Park zu Schlo\u00df Berg - ein ehrerbietender Bau im fr\u00fchromanischen Stil, welcher am 14. Jahrestag des tragischen Ungl\u00fccks...","breadcrumb":{"@id":"https:\/\/www.ewigerbund.org\/bayern\/neueste-beitraege\/gedenkgottesdienst-ludwig-ii\/#breadcrumb"},"inLanguage":"de","potentialAction":[{"@type":"ReadAction","target":["https:\/\/www.ewigerbund.org\/bayern\/neueste-beitraege\/gedenkgottesdienst-ludwig-ii\/"]}]},{"@type":"ImageObject","inLanguage":"de","@id":"https:\/\/www.ewigerbund.org\/bayern\/neueste-beitraege\/gedenkgottesdienst-ludwig-ii\/#primaryimage","url":"https:\/\/www.ewigerbund.org\/bayern\/wp-content\/uploads\/sites\/12\/2023\/06\/LudwigII_Kreuz_Banner.jpg","contentUrl":"https:\/\/www.ewigerbund.org\/bayern\/wp-content\/uploads\/sites\/12\/2023\/06\/LudwigII_Kreuz_Banner.jpg","width":1920,"height":350,"caption":"LudwigII_Kreuz_Banner"},{"@type":"BreadcrumbList","@id":"https:\/\/www.ewigerbund.org\/bayern\/neueste-beitraege\/gedenkgottesdienst-ludwig-ii\/#breadcrumb","itemListElement":[{"@type":"ListItem","position":1,"name":"Startseite","item":"https:\/\/www.ewigerbund.org\/bayern\/"},{"@type":"ListItem","position":2,"name":"Neueste Beitr\u00e4ge.","item":"https:\/\/www.ewigerbund.org\/bayern\/neueste-beitraege\/"},{"@type":"ListItem","position":3,"name":"Gedenkgottesdienst zum Andenken Ludwigs II."}]},{"@type":"WebSite","@id":"https:\/\/www.ewigerbund.org\/bayern\/#website","url":"https:\/\/www.ewigerbund.org\/bayern\/","name":"K\u00f6nigreich Bayern","description":"im ewigen Bund.","publisher":{"@id":"https:\/\/www.ewigerbund.org\/bayern\/#organization"},"potentialAction":[{"@type":"SearchAction","target":{"@type":"EntryPoint","urlTemplate":"https:\/\/www.ewigerbund.org\/bayern\/?s={search_term_string}"},"query-input":"required name=search_term_string"}],"inLanguage":"de"},{"@type":"Organization","@id":"https:\/\/www.ewigerbund.org\/bayern\/#organization","name":"K\u00f6nigreich Bayern","url":"https:\/\/www.ewigerbund.org\/bayern\/","logo":{"@type":"ImageObject","inLanguage":"de","@id":"https:\/\/www.ewigerbund.org\/bayern\/#\/schema\/logo\/image\/","url":"https:\/\/www.ewigerbund.org\/bayern\/wp-content\/uploads\/sites\/12\/2023\/02\/2023-02-24-Logo-EB-Bayern-Schutzzone_Schatten_BGweiss_V2_1200px.png","contentUrl":"https:\/\/www.ewigerbund.org\/bayern\/wp-content\/uploads\/sites\/12\/2023\/02\/2023-02-24-Logo-EB-Bayern-Schutzzone_Schatten_BGweiss_V2_1200px.png","width":1200,"height":1200,"caption":"K\u00f6nigreich Bayern"},"image":{"@id":"https:\/\/www.ewigerbund.org\/bayern\/#\/schema\/logo\/image\/"}}]}},"_links":{"self":[{"href":"https:\/\/www.ewigerbund.org\/bayern\/wp-json\/wp\/v2\/pages\/2825","targetHints":{"allow":["GET"]}}],"collection":[{"href":"https:\/\/www.ewigerbund.org\/bayern\/wp-json\/wp\/v2\/pages"}],"about":[{"href":"https:\/\/www.ewigerbund.org\/bayern\/wp-json\/wp\/v2\/types\/page"}],"author":[{"embeddable":true,"href":"https:\/\/www.ewigerbund.org\/bayern\/wp-json\/wp\/v2\/users\/1"}],"replies":[{"embeddable":true,"href":"https:\/\/www.ewigerbund.org\/bayern\/wp-json\/wp\/v2\/comments?post=2825"}],"version-history":[{"count":20,"href":"https:\/\/www.ewigerbund.org\/bayern\/wp-json\/wp\/v2\/pages\/2825\/revisions"}],"predecessor-version":[{"id":4153,"href":"https:\/\/www.ewigerbund.org\/bayern\/wp-json\/wp\/v2\/pages\/2825\/revisions\/4153"}],"up":[{"embeddable":true,"href":"https:\/\/www.ewigerbund.org\/bayern\/wp-json\/wp\/v2\/pages\/1896"}],"wp:featuredmedia":[{"embeddable":true,"href":"https:\/\/www.ewigerbund.org\/bayern\/wp-json\/wp\/v2\/media\/2829"}],"wp:attachment":[{"href":"https:\/\/www.ewigerbund.org\/bayern\/wp-json\/wp\/v2\/media?parent=2825"}],"wp:term":[{"taxonomy":"category","embeddable":true,"href":"https:\/\/www.ewigerbund.org\/bayern\/wp-json\/wp\/v2\/categories?post=2825"},{"taxonomy":"post_tag","embeddable":true,"href":"https:\/\/www.ewigerbund.org\/bayern\/wp-json\/wp\/v2\/tags?post=2825"}],"curies":[{"name":"wp","href":"https:\/\/api.w.org\/{rel}","templated":true}]}}