{"id":282,"date":"2022-08-10T21:33:32","date_gmt":"2022-08-10T19:33:32","guid":{"rendered":"https:\/\/www.ewigerbund.org\/bayern\/?page_id=282"},"modified":"2023-07-20T01:01:20","modified_gmt":"2023-07-19T23:01:20","slug":"die-tuerkenkriege","status":"publish","type":"page","link":"https:\/\/www.ewigerbund.org\/bayern\/geschichte\/die-tuerkenkriege\/","title":{"rendered":"1683-1697. Die T\u00fcrkenkriege."},"content":{"rendered":"\n<p>W\u00e4hrend der deutsche Westen zertr\u00fcmmert und geknechtet wurde, litt der deutsche Osten schwer unter den Einf\u00e4llen der T\u00fcrken. Die T\u00fcrken hatten 1453 Konstantinopel, die Hauptstadt des ostr\u00f6mischen Reiches, erobert, im 16. Jahrhundert den gr\u00f6\u00dften Teil Ungarns besetzt und kurz nach dem Westf\u00e4lischen Frieden auch Siebenb\u00fcrgen erobert. Im Jahre 1683 zogen sie, aufgereizt von <a href=\"https:\/\/www.ewigerbund.org\/bayern\/geschichte\/ludwig-xiv-von-frankreich\/\">Ludwig XIV.<\/a> und im Bunde mit den emp\u00f6rerischen Ungarn, mit einem Heer von 200.000 Mann von Belgrad aus donauaufw\u00e4rts und belagerten Wien. Die T\u00fcrkengefahr schien dem Reiche verh\u00e4ngnisvoll zu werden; denn schon drohte Wien, das von R\u00fcdiger von Starhemberg heldenmutig verteidigt wurde, dem grimmigen Ansturme der Janitscharen zu erliegen.<\/p>\n\n\n\n<p>Da nahte im Augenblick der h\u00f6chsten Not das christliche Entsatzheer unter F\u00fchrung des tapferen Polenk\u00f6nigs Johann Sobiesky und brachte dem t\u00fcrkischen Gro\u00dfwesir Kara Mustapha eine vernichtende Niederlage bei. Die T\u00fcrken wendeten sich zur Flucht und \u00fcberlie\u00dfen den Siegern eine unermessliche Beute und Tausende von Christensklaven. Nun wendete sich das Reich mit aller Macht gegen die T\u00fcrken. Ungarn wurde in den n\u00e4chsten vier Jahren zur\u00fcckerobert, nach dem Karl von Lothringen den gl\u00e4nzenden Sieg bei Moh\u00e1cs errungen hatte. 1688 entriss der tapfere <a href=\"https:\/\/www.ewigerbund.org\/bayern\/geschichte\/max-emanuel-von-bayern\/\">Kurf\u00fcrst Max Emanuel von Bayern<\/a> den T\u00fcrken das feste Belgrad, den Schl\u00fcssel der unteren Donau. Die schwerste und entscheidendste Niederlage aber erlitten sie durch Prinz Eugen bei Zenta an der unteren Thei\u00df (1697). Prinz Eugen war ein Spross des F\u00fcrstenhauses von Savoyen.<\/p>\n\n\n\n<p>Den Gepflogenheiten jener Zeit entsprechend, war er als j\u00fcngerer Sohn urspr\u00fcnglich f\u00fcr den geistlichen Stand bestimmt; aber sein fester Wille, Soldat zu werden, besiegte jeden Widerstand. Als Zwanzigj\u00e4hriger bot er dem K\u00f6nig von Frankreich seine Dienste an, wurde jedoch mit Hohn abgewiesen. Umso freundlicher nahm Kaiser Leopold I. sein Anerbieten auf, und rasch r\u00fcckte der begabte Offizier von Stufe zu Stufe empor. In den T\u00fcrkenkriegen fand er Gelegenheit, seine reichen Gaben zu entfalten; Hier bildete er sich zum gro\u00dfen Feldherren aus und errang eine Reihe gl\u00e4nzender Siege. Auch den Franzosen brachte er im <a href=\"https:\/\/www.ewigerbund.org\/bayern\/geschichte\/der-spanische-erbfolgekrieg\/\">Spanischen Erbfolgekriege<\/a> schwere Niederlagen bei. Seine Zeitgenossen r\u00fchmten sein freies, offenes Wesen, seine schlichte b\u00fcrgerliche Einfachheit, seinen Willen gegen jede Verstellung, und im Volksliede lebt er als \u201eder edle Ritter\u201c fort. Seine letzte Ruhest\u00e4tte fand er im Stephansdome zu Wien.<\/p>\n\n\n<div class=\"gb-button-wrapper gb-button-wrapper-3e6b8a46\">\n\n<a class=\"gb-button gb-button-ca5b34b2 gb-button-text\" href=\"https:\/\/forum.bayern.ewigerbund.org\/viewtopic.php?t=81\" target=\"_blank\" rel=\"noopener noreferrer\">Dieser Beitrag hat dir gefallen? Hier kommentieren.<\/a>\n\n<\/div>\n\n\n<p><\/p>\n\n\n\n<p class=\"has-small-font-size\"><em>Quelle: Bayerisches Realienbuch. Bearbeitet von Dr. Hans Reinlein, Oberlehrer in M\u00fcnchen Realienbuch Nr. 63, 171. bis 180. Gesamt-Auflage. Bielefeld und Leipzig 1915, Seite 82<\/em>.<\/p>\n","protected":false},"excerpt":{"rendered":"<p>W\u00e4hrend der deutsche Westen zertr\u00fcmmert und geknechtet wurde, litt der deutsche Osten schwer unter den Einf\u00e4llen der T\u00fcrken. Die T\u00fcrken hatten 1453 Konstantinopel, die Hauptstadt des ostr\u00f6mischen Reiches, erobert, im 16. Jahrhundert den gr\u00f6\u00dften Teil Ungarns besetzt und kurz nach dem Westf\u00e4lischen Frieden auch Siebenb\u00fcrgen erobert. Im Jahre 1683 zogen sie, aufgereizt von Ludwig XIV. &#8230; <a title=\"1683-1697. Die T\u00fcrkenkriege.\" class=\"read-more\" href=\"https:\/\/www.ewigerbund.org\/bayern\/geschichte\/die-tuerkenkriege\/\" aria-label=\"Mehr zu 1683-1697. Die T\u00fcrkenkriege.\">Weiterlesen &#8230;<\/a><\/p>\n","protected":false},"author":1,"featured_media":2877,"parent":215,"menu_order":10,"comment_status":"closed","ping_status":"closed","template":"","meta":{"footnotes":""},"categories":[6,5,7],"tags":[40,309,65,34,41,211,67,64,63,137,38,133,62,136],"class_list":["post-282","page","type-page","status-publish","has-post-thumbnail","hentry","category-bayern","category-bundesstaat","category-geschichte","tag-belgrad","tag-der-spanische-erbfolgekrieg","tag-johann-sobiesky","tag-kaiser-leopold-i","tag-karl-von-lothringen","tag-kurfuerst-max-emanuel","tag-prinz-eugen","tag-ruediger-von-starhemberg","tag-siebenbuergen","tag-sieg-bei-mohacs","tag-tuerkenkriege","tag-ungarn","tag-westfaelischer-frieden","tag-wien"],"yoast_head":"<!-- This site is optimized with the Yoast SEO plugin v23.1 - https:\/\/yoast.com\/wordpress\/plugins\/seo\/ -->\n<title>1683-1697. Die T\u00fcrkenkriege. - K\u00f6nigreich Bayern<\/title>\n<meta name=\"robots\" content=\"index, follow, max-snippet:-1, max-image-preview:large, max-video-preview:-1\" \/>\n<link rel=\"canonical\" href=\"https:\/\/www.ewigerbund.org\/bayern\/geschichte\/die-tuerkenkriege\/\" \/>\n<meta property=\"og:locale\" content=\"de_DE\" \/>\n<meta property=\"og:type\" content=\"article\" \/>\n<meta property=\"og:title\" content=\"1683-1697. Die T\u00fcrkenkriege. - K\u00f6nigreich Bayern\" \/>\n<meta property=\"og:description\" content=\"W\u00e4hrend der deutsche Westen zertr\u00fcmmert und geknechtet wurde, litt der deutsche Osten schwer unter den Einf\u00e4llen der T\u00fcrken. Die T\u00fcrken hatten 1453 Konstantinopel, die Hauptstadt des ostr\u00f6mischen Reiches, erobert, im 16. Jahrhundert den gr\u00f6\u00dften Teil Ungarns besetzt und kurz nach dem Westf\u00e4lischen Frieden auch Siebenb\u00fcrgen erobert. Im Jahre 1683 zogen sie, aufgereizt von Ludwig XIV. ... Weiterlesen ...\" \/>\n<meta property=\"og:url\" content=\"https:\/\/www.ewigerbund.org\/bayern\/geschichte\/die-tuerkenkriege\/\" \/>\n<meta property=\"og:site_name\" content=\"K\u00f6nigreich Bayern\" \/>\n<meta property=\"article:modified_time\" content=\"2023-07-19T23:01:20+00:00\" \/>\n<meta property=\"og:image\" content=\"https:\/\/www.ewigerbund.org\/bayern\/wp-content\/uploads\/sites\/12\/2023\/06\/1683-1697.jpg\" \/>\n\t<meta property=\"og:image:width\" content=\"1024\" \/>\n\t<meta property=\"og:image:height\" content=\"580\" \/>\n\t<meta property=\"og:image:type\" content=\"image\/jpeg\" \/>\n<meta name=\"twitter:card\" content=\"summary_large_image\" \/>\n<meta name=\"twitter:label1\" content=\"Gesch\u00e4tzte Lesezeit\" \/>\n\t<meta name=\"twitter:data1\" content=\"3\u00a0Minuten\" \/>\n<script type=\"application\/ld+json\" class=\"yoast-schema-graph\">{\"@context\":\"https:\/\/schema.org\",\"@graph\":[{\"@type\":\"WebPage\",\"@id\":\"https:\/\/www.ewigerbund.org\/bayern\/geschichte\/die-tuerkenkriege\/\",\"url\":\"https:\/\/www.ewigerbund.org\/bayern\/geschichte\/die-tuerkenkriege\/\",\"name\":\"1683-1697. Die T\u00fcrkenkriege. - K\u00f6nigreich Bayern\",\"isPartOf\":{\"@id\":\"https:\/\/www.ewigerbund.org\/bayern\/#website\"},\"primaryImageOfPage\":{\"@id\":\"https:\/\/www.ewigerbund.org\/bayern\/geschichte\/die-tuerkenkriege\/#primaryimage\"},\"image\":{\"@id\":\"https:\/\/www.ewigerbund.org\/bayern\/geschichte\/die-tuerkenkriege\/#primaryimage\"},\"thumbnailUrl\":\"https:\/\/www.ewigerbund.org\/bayern\/wp-content\/uploads\/sites\/12\/2023\/06\/1683-1697.jpg\",\"datePublished\":\"2022-08-10T19:33:32+00:00\",\"dateModified\":\"2023-07-19T23:01:20+00:00\",\"breadcrumb\":{\"@id\":\"https:\/\/www.ewigerbund.org\/bayern\/geschichte\/die-tuerkenkriege\/#breadcrumb\"},\"inLanguage\":\"de\",\"potentialAction\":[{\"@type\":\"ReadAction\",\"target\":[\"https:\/\/www.ewigerbund.org\/bayern\/geschichte\/die-tuerkenkriege\/\"]}]},{\"@type\":\"ImageObject\",\"inLanguage\":\"de\",\"@id\":\"https:\/\/www.ewigerbund.org\/bayern\/geschichte\/die-tuerkenkriege\/#primaryimage\",\"url\":\"https:\/\/www.ewigerbund.org\/bayern\/wp-content\/uploads\/sites\/12\/2023\/06\/1683-1697.jpg\",\"contentUrl\":\"https:\/\/www.ewigerbund.org\/bayern\/wp-content\/uploads\/sites\/12\/2023\/06\/1683-1697.jpg\",\"width\":1024,\"height\":580,\"caption\":\"1683-1697. Die T\u00fcrkenkriege.\"},{\"@type\":\"BreadcrumbList\",\"@id\":\"https:\/\/www.ewigerbund.org\/bayern\/geschichte\/die-tuerkenkriege\/#breadcrumb\",\"itemListElement\":[{\"@type\":\"ListItem\",\"position\":1,\"name\":\"Startseite\",\"item\":\"https:\/\/www.ewigerbund.org\/bayern\/\"},{\"@type\":\"ListItem\",\"position\":2,\"name\":\"Geschichte\",\"item\":\"https:\/\/www.ewigerbund.org\/bayern\/geschichte\/\"},{\"@type\":\"ListItem\",\"position\":3,\"name\":\"1683-1697. Die T\u00fcrkenkriege.\"}]},{\"@type\":\"WebSite\",\"@id\":\"https:\/\/www.ewigerbund.org\/bayern\/#website\",\"url\":\"https:\/\/www.ewigerbund.org\/bayern\/\",\"name\":\"K\u00f6nigreich Bayern\",\"description\":\"im ewigen Bund.\",\"publisher\":{\"@id\":\"https:\/\/www.ewigerbund.org\/bayern\/#organization\"},\"potentialAction\":[{\"@type\":\"SearchAction\",\"target\":{\"@type\":\"EntryPoint\",\"urlTemplate\":\"https:\/\/www.ewigerbund.org\/bayern\/?s={search_term_string}\"},\"query-input\":\"required name=search_term_string\"}],\"inLanguage\":\"de\"},{\"@type\":\"Organization\",\"@id\":\"https:\/\/www.ewigerbund.org\/bayern\/#organization\",\"name\":\"K\u00f6nigreich Bayern\",\"url\":\"https:\/\/www.ewigerbund.org\/bayern\/\",\"logo\":{\"@type\":\"ImageObject\",\"inLanguage\":\"de\",\"@id\":\"https:\/\/www.ewigerbund.org\/bayern\/#\/schema\/logo\/image\/\",\"url\":\"https:\/\/www.ewigerbund.org\/bayern\/wp-content\/uploads\/sites\/12\/2023\/02\/2023-02-24-Logo-EB-Bayern-Schutzzone_Schatten_BGweiss_V2_1200px.png\",\"contentUrl\":\"https:\/\/www.ewigerbund.org\/bayern\/wp-content\/uploads\/sites\/12\/2023\/02\/2023-02-24-Logo-EB-Bayern-Schutzzone_Schatten_BGweiss_V2_1200px.png\",\"width\":1200,\"height\":1200,\"caption\":\"K\u00f6nigreich Bayern\"},\"image\":{\"@id\":\"https:\/\/www.ewigerbund.org\/bayern\/#\/schema\/logo\/image\/\"}}]}<\/script>\n<!-- \/ Yoast SEO plugin. -->","yoast_head_json":{"title":"1683-1697. Die T\u00fcrkenkriege. - K\u00f6nigreich Bayern","robots":{"index":"index","follow":"follow","max-snippet":"max-snippet:-1","max-image-preview":"max-image-preview:large","max-video-preview":"max-video-preview:-1"},"canonical":"https:\/\/www.ewigerbund.org\/bayern\/geschichte\/die-tuerkenkriege\/","og_locale":"de_DE","og_type":"article","og_title":"1683-1697. Die T\u00fcrkenkriege. - K\u00f6nigreich Bayern","og_description":"W\u00e4hrend der deutsche Westen zertr\u00fcmmert und geknechtet wurde, litt der deutsche Osten schwer unter den Einf\u00e4llen der T\u00fcrken. Die T\u00fcrken hatten 1453 Konstantinopel, die Hauptstadt des ostr\u00f6mischen Reiches, erobert, im 16. Jahrhundert den gr\u00f6\u00dften Teil Ungarns besetzt und kurz nach dem Westf\u00e4lischen Frieden auch Siebenb\u00fcrgen erobert. Im Jahre 1683 zogen sie, aufgereizt von Ludwig XIV. ... Weiterlesen ...","og_url":"https:\/\/www.ewigerbund.org\/bayern\/geschichte\/die-tuerkenkriege\/","og_site_name":"K\u00f6nigreich Bayern","article_modified_time":"2023-07-19T23:01:20+00:00","og_image":[{"width":1024,"height":580,"url":"https:\/\/www.ewigerbund.org\/bayern\/wp-content\/uploads\/sites\/12\/2023\/06\/1683-1697.jpg","type":"image\/jpeg"}],"twitter_card":"summary_large_image","twitter_misc":{"Gesch\u00e4tzte Lesezeit":"3\u00a0Minuten"},"schema":{"@context":"https:\/\/schema.org","@graph":[{"@type":"WebPage","@id":"https:\/\/www.ewigerbund.org\/bayern\/geschichte\/die-tuerkenkriege\/","url":"https:\/\/www.ewigerbund.org\/bayern\/geschichte\/die-tuerkenkriege\/","name":"1683-1697. Die T\u00fcrkenkriege. - K\u00f6nigreich Bayern","isPartOf":{"@id":"https:\/\/www.ewigerbund.org\/bayern\/#website"},"primaryImageOfPage":{"@id":"https:\/\/www.ewigerbund.org\/bayern\/geschichte\/die-tuerkenkriege\/#primaryimage"},"image":{"@id":"https:\/\/www.ewigerbund.org\/bayern\/geschichte\/die-tuerkenkriege\/#primaryimage"},"thumbnailUrl":"https:\/\/www.ewigerbund.org\/bayern\/wp-content\/uploads\/sites\/12\/2023\/06\/1683-1697.jpg","datePublished":"2022-08-10T19:33:32+00:00","dateModified":"2023-07-19T23:01:20+00:00","breadcrumb":{"@id":"https:\/\/www.ewigerbund.org\/bayern\/geschichte\/die-tuerkenkriege\/#breadcrumb"},"inLanguage":"de","potentialAction":[{"@type":"ReadAction","target":["https:\/\/www.ewigerbund.org\/bayern\/geschichte\/die-tuerkenkriege\/"]}]},{"@type":"ImageObject","inLanguage":"de","@id":"https:\/\/www.ewigerbund.org\/bayern\/geschichte\/die-tuerkenkriege\/#primaryimage","url":"https:\/\/www.ewigerbund.org\/bayern\/wp-content\/uploads\/sites\/12\/2023\/06\/1683-1697.jpg","contentUrl":"https:\/\/www.ewigerbund.org\/bayern\/wp-content\/uploads\/sites\/12\/2023\/06\/1683-1697.jpg","width":1024,"height":580,"caption":"1683-1697. Die T\u00fcrkenkriege."},{"@type":"BreadcrumbList","@id":"https:\/\/www.ewigerbund.org\/bayern\/geschichte\/die-tuerkenkriege\/#breadcrumb","itemListElement":[{"@type":"ListItem","position":1,"name":"Startseite","item":"https:\/\/www.ewigerbund.org\/bayern\/"},{"@type":"ListItem","position":2,"name":"Geschichte","item":"https:\/\/www.ewigerbund.org\/bayern\/geschichte\/"},{"@type":"ListItem","position":3,"name":"1683-1697. Die T\u00fcrkenkriege."}]},{"@type":"WebSite","@id":"https:\/\/www.ewigerbund.org\/bayern\/#website","url":"https:\/\/www.ewigerbund.org\/bayern\/","name":"K\u00f6nigreich Bayern","description":"im ewigen Bund.","publisher":{"@id":"https:\/\/www.ewigerbund.org\/bayern\/#organization"},"potentialAction":[{"@type":"SearchAction","target":{"@type":"EntryPoint","urlTemplate":"https:\/\/www.ewigerbund.org\/bayern\/?s={search_term_string}"},"query-input":"required name=search_term_string"}],"inLanguage":"de"},{"@type":"Organization","@id":"https:\/\/www.ewigerbund.org\/bayern\/#organization","name":"K\u00f6nigreich Bayern","url":"https:\/\/www.ewigerbund.org\/bayern\/","logo":{"@type":"ImageObject","inLanguage":"de","@id":"https:\/\/www.ewigerbund.org\/bayern\/#\/schema\/logo\/image\/","url":"https:\/\/www.ewigerbund.org\/bayern\/wp-content\/uploads\/sites\/12\/2023\/02\/2023-02-24-Logo-EB-Bayern-Schutzzone_Schatten_BGweiss_V2_1200px.png","contentUrl":"https:\/\/www.ewigerbund.org\/bayern\/wp-content\/uploads\/sites\/12\/2023\/02\/2023-02-24-Logo-EB-Bayern-Schutzzone_Schatten_BGweiss_V2_1200px.png","width":1200,"height":1200,"caption":"K\u00f6nigreich Bayern"},"image":{"@id":"https:\/\/www.ewigerbund.org\/bayern\/#\/schema\/logo\/image\/"}}]}},"_links":{"self":[{"href":"https:\/\/www.ewigerbund.org\/bayern\/wp-json\/wp\/v2\/pages\/282","targetHints":{"allow":["GET"]}}],"collection":[{"href":"https:\/\/www.ewigerbund.org\/bayern\/wp-json\/wp\/v2\/pages"}],"about":[{"href":"https:\/\/www.ewigerbund.org\/bayern\/wp-json\/wp\/v2\/types\/page"}],"author":[{"embeddable":true,"href":"https:\/\/www.ewigerbund.org\/bayern\/wp-json\/wp\/v2\/users\/1"}],"replies":[{"embeddable":true,"href":"https:\/\/www.ewigerbund.org\/bayern\/wp-json\/wp\/v2\/comments?post=282"}],"version-history":[{"count":11,"href":"https:\/\/www.ewigerbund.org\/bayern\/wp-json\/wp\/v2\/pages\/282\/revisions"}],"predecessor-version":[{"id":1716,"href":"https:\/\/www.ewigerbund.org\/bayern\/wp-json\/wp\/v2\/pages\/282\/revisions\/1716"}],"up":[{"embeddable":true,"href":"https:\/\/www.ewigerbund.org\/bayern\/wp-json\/wp\/v2\/pages\/215"}],"wp:featuredmedia":[{"embeddable":true,"href":"https:\/\/www.ewigerbund.org\/bayern\/wp-json\/wp\/v2\/media\/2877"}],"wp:attachment":[{"href":"https:\/\/www.ewigerbund.org\/bayern\/wp-json\/wp\/v2\/media?parent=282"}],"wp:term":[{"taxonomy":"category","embeddable":true,"href":"https:\/\/www.ewigerbund.org\/bayern\/wp-json\/wp\/v2\/categories?post=282"},{"taxonomy":"post_tag","embeddable":true,"href":"https:\/\/www.ewigerbund.org\/bayern\/wp-json\/wp\/v2\/tags?post=282"}],"curies":[{"name":"wp","href":"https:\/\/api.w.org\/{rel}","templated":true}]}}