{"id":258,"date":"2022-08-10T19:44:26","date_gmt":"2022-08-10T17:44:26","guid":{"rendered":"https:\/\/www.ewigerbund.org\/bayern\/?page_id=258"},"modified":"2023-10-10T23:37:10","modified_gmt":"2023-10-10T21:37:10","slug":"das-koenigreich-bayern","status":"publish","type":"page","link":"https:\/\/www.ewigerbund.org\/bayern\/geographie\/das-koenigreich-bayern\/","title":{"rendered":"Das K\u00f6nigreich Bayern."},"content":{"rendered":"\n<h5 class=\"wp-block-heading\">Eine Beschreibung aus 1884.<\/h5>\n\n\n\n<h4 class=\"wp-block-heading\">1. Lage, Gr\u00f6\u00dfe und Grenzen.<\/h4>\n\n\n\n<p>Das K\u00f6nigreich Bayern, der zweitgr\u00f6\u00dfte Staat des am 18. Januar 1871 neu aufgerichteten Deutschen Reiches, liegt in S\u00fcddeutschland und besteht aus zwei durch W\u00fcrttemberg, Baden und Hessen getrennten Teilen. Einem Gr\u00f6\u00dferen, \u00f6stlichen und einem kleineren westlichen. Der \u00f6stliche Teil, das Hauptland, hat 1270 Quadratmeilen, der westliche, die Pfalz, 108 Q. M. Fl\u00e4cheninhalt; der Gesamtfl\u00e4chenraum von Bayern betr\u00e4gt demnach 1378 Quadratmeilen. Das Hauptland grenzt gegen Osten und S\u00fcden an \u00d6sterreich (B\u00f6hmen, Ober\u00f6sterreich, Salzburg, Tirol, Vorarlberg) und an den Bodensee, gegen Westen und Norden an Staaten des Deutschen Reiches (W\u00fcrttemberg, Baden, Hessen, Preu\u00dfen, Sachsen-Weimar, Sachsen-Meiningen, Sachsen-Coburg-Gotha, Reu\u00df j\u00fcngere Linie, K\u00f6nigreich Sachsen); die Pfalz grenzt \u00f6stlich an Baden (Rhein), s\u00fcdlich an das Reichsland Elsa\u00df-Lothringen, westlich an Preu\u00dfen, n\u00f6rdlich an Hessen.<\/p>\n\n\n\n<h4 class=\"gb-headline gb-headline-fd9a49d9 gb-headline-text\">2. Gebirge.<\/h4>\n\n\n\n<p>1) Z\u00fcge der <strong>Alpen<\/strong>, von Westen nach Osten streichend, etwa 6-10 Stunden breit und 70 Stunden lang, ganz im S\u00fcden Bayerns. Man unterscheidet<\/p>\n\n\n\n<p>a) die <strong>Allg\u00e4uer Alpen<\/strong> zwischen Bodensee und Lech mit dem Hochvogel (2590m)                und dem Gr\u00fcnten (1750m);<\/p>\n\n\n\n<p>b) die <strong>bayerischen Alpen<\/strong> zwischen Lech und Inn mit dem h\u00f6chsten deutschen Berge, der Zugspitze (2960m);<\/p>\n\n\n\n<p>c) die <strong>Salzburger Alpen<\/strong> zwischen Inn und Salzach mit dem Watzmann (2715 m) und dem Untersberg (1975m);<\/p>\n\n\n\n<p>2) der <strong>schw\u00e4bisch-fr\u00e4nkische Jura<\/strong>, eine Fortsetzung der rauhen Alp; er zieht sich von Ulm bis zur Altm\u00fchl n\u00f6rdlich von der Donau l\u00e4ngs derselben hin, wendet sich dann nach Norden und erstreckt sich bis an den Main; ein Teil von ihm am rechten Altm\u00fchlufer hei\u00dft der Hahnenkamm; nordwestlich davon erhebt sich der alleinstehende Hesselberg (709m); der Norden des Jura wird <a href=\"https:\/\/www.ewigerbund.org\/bayern\/geographie\/die-fraenkische-schweiz\/\">\u201eFr\u00e4nkische Schweiz\u201c<\/a> genannt; dort finden sich viele Tropfsteinh\u00f6hlen, unter denen die Gailenreuther H\u00f6hle die merkw\u00fcrdigste ist;<\/p>\n\n\n\n<p>3) der <strong>Steigerwald<\/strong>, ein Waldgebirge mit fruchtbaren T\u00e4lern, das sich zwischen dem Main und der Aisch gegen die Rednitz hinzieht;<\/p>\n\n\n\n<p>4) das <strong>Fichtelgebirge<\/strong> mit dem Schneeberg (1060m) und dem Ochsenkopf (1020m), im Nordosten Bayerns; von ihm aus flie\u00dft die Saale nach Norden, die Eger nach Osten, die Naab nach S\u00fcden, der Main nach Westen;<\/p>\n\n\n\n<p>5) der <strong><a href=\"https:\/\/www.ewigerbund.org\/bayern\/geographie\/der-boehmerwald\/\">B\u00f6hmerwald<\/a><\/strong>, Bayerns Ostgrenze gegen B\u00f6hmen; er zieht sich vom Fichtelgebirge s\u00fcd\u00f6stlich gegen die Donau; seine h\u00f6chsten Gipfel sind der Arber (1475m), der Rachel (1460m), der Lusen (1370m) und der Dreisesselberg (1315m);<\/p>\n\n\n\n<p>6) der <strong>Bayerische Wald<\/strong>, der s\u00fcdwestliche Teil des B\u00f6hmerwaldes zwischen dem Regen und der Donau mit dem Dreitannenriegel (1225m);<\/p>\n\n\n\n<p>7) der <strong>Frankenwald<\/strong>, der sich vom Fichtelgebirge nordwestlich hinzieht, mit dem D\u00f6braberg (780m);<\/p>\n\n\n\n<p>8) der <strong>Spessart<\/strong>, ein waldiges H\u00fcgelland im Nordwesten Bayerns, auf drei Seiten vom Main eingeschlossen, mit dem Geiersberg (615m);<\/p>\n\n\n\n<p>9) die <strong>Rh\u00f6n<\/strong> mit dem Kreuzberg (930m) nord\u00f6stlich vom Spessart.<\/p>\n\n\n\n<p class=\"has-small-font-size\"><em>Quelle: Geographie des K\u00f6nigreichs Bayern 1884, S. 3-8, von Friedr. Born. F\u00fcnfte Auflage<\/em>.<\/p>\n","protected":false},"excerpt":{"rendered":"<p>Eine Beschreibung aus 1884. 1. Lage, Gr\u00f6\u00dfe und Grenzen. Das K\u00f6nigreich Bayern, der zweitgr\u00f6\u00dfte Staat des am 18. Januar 1871 neu aufgerichteten Deutschen Reiches, liegt in S\u00fcddeutschland und besteht aus zwei durch W\u00fcrttemberg, Baden und Hessen getrennten Teilen. Einem Gr\u00f6\u00dferen, \u00f6stlichen und einem kleineren westlichen. Der \u00f6stliche Teil, das Hauptland, hat 1270 Quadratmeilen, der westliche, &#8230; <a title=\"Das K\u00f6nigreich Bayern.\" class=\"read-more\" href=\"https:\/\/www.ewigerbund.org\/bayern\/geographie\/das-koenigreich-bayern\/\" aria-label=\"Mehr zu Das K\u00f6nigreich Bayern.\">Weiterlesen &#8230;<\/a><\/p>\n","protected":false},"author":1,"featured_media":759,"parent":262,"menu_order":0,"comment_status":"closed","ping_status":"closed","template":"template-6-beide-seitenleiste.php","meta":{"footnotes":""},"categories":[8],"tags":[44,49,48,47,55,50,43,52,51,46],"class_list":["post-258","page","type-page","status-publish","has-post-thumbnail","hentry","category-geographie","tag-alpen","tag-bayerischer-wald","tag-boehmerwald","tag-fichtelgebirge","tag-frankenjura","tag-frankenwald","tag-koenigreich-bayern","tag-rhoen","tag-spessart","tag-steigerwald"],"yoast_head":"<!-- This site is optimized with the Yoast SEO plugin v23.1 - https:\/\/yoast.com\/wordpress\/plugins\/seo\/ -->\n<title>Das K\u00f6nigreich Bayern. - K\u00f6nigreich Bayern<\/title>\n<meta name=\"description\" content=\"Das K\u00f6nigreich Bayern, der zweitgr\u00f6\u00dfte Staat des am 18. Januar 1871 neu aufgerichteten deutschen Reiches, liegt in S\u00fcddeutschland.\" \/>\n<meta name=\"robots\" content=\"index, follow, max-snippet:-1, max-image-preview:large, max-video-preview:-1\" \/>\n<link rel=\"canonical\" href=\"https:\/\/www.ewigerbund.org\/bayern\/geographie\/das-koenigreich-bayern\/\" \/>\n<meta property=\"og:locale\" content=\"de_DE\" \/>\n<meta property=\"og:type\" content=\"article\" \/>\n<meta property=\"og:title\" content=\"Das K\u00f6nigreich Bayern. - K\u00f6nigreich Bayern\" \/>\n<meta property=\"og:description\" content=\"Das K\u00f6nigreich Bayern, der zweitgr\u00f6\u00dfte Staat des am 18. Januar 1871 neu aufgerichteten deutschen Reiches, liegt in S\u00fcddeutschland.\" \/>\n<meta property=\"og:url\" content=\"https:\/\/www.ewigerbund.org\/bayern\/geographie\/das-koenigreich-bayern\/\" \/>\n<meta property=\"og:site_name\" content=\"K\u00f6nigreich Bayern\" \/>\n<meta property=\"article:modified_time\" content=\"2023-10-10T21:37:10+00:00\" \/>\n<meta property=\"og:image\" content=\"https:\/\/www.ewigerbund.org\/bayern\/wp-content\/uploads\/sites\/12\/2022\/08\/Geographie-des-Koenigreich-Bayerns-e1660390407928.jpg\" \/>\n\t<meta property=\"og:image:width\" content=\"800\" \/>\n\t<meta property=\"og:image:height\" content=\"453\" \/>\n\t<meta property=\"og:image:type\" content=\"image\/jpeg\" \/>\n<meta name=\"twitter:card\" content=\"summary_large_image\" \/>\n<meta name=\"twitter:label1\" content=\"Gesch\u00e4tzte Lesezeit\" \/>\n\t<meta name=\"twitter:data1\" content=\"3\u00a0Minuten\" \/>\n<script type=\"application\/ld+json\" class=\"yoast-schema-graph\">{\"@context\":\"https:\/\/schema.org\",\"@graph\":[{\"@type\":\"WebPage\",\"@id\":\"https:\/\/www.ewigerbund.org\/bayern\/geographie\/das-koenigreich-bayern\/\",\"url\":\"https:\/\/www.ewigerbund.org\/bayern\/geographie\/das-koenigreich-bayern\/\",\"name\":\"Das K\u00f6nigreich Bayern. - K\u00f6nigreich Bayern\",\"isPartOf\":{\"@id\":\"https:\/\/www.ewigerbund.org\/bayern\/#website\"},\"primaryImageOfPage\":{\"@id\":\"https:\/\/www.ewigerbund.org\/bayern\/geographie\/das-koenigreich-bayern\/#primaryimage\"},\"image\":{\"@id\":\"https:\/\/www.ewigerbund.org\/bayern\/geographie\/das-koenigreich-bayern\/#primaryimage\"},\"thumbnailUrl\":\"https:\/\/www.ewigerbund.org\/bayern\/wp-content\/uploads\/sites\/12\/2022\/08\/Geographie-des-Koenigreich-Bayerns-e1660390407928.jpg\",\"datePublished\":\"2022-08-10T17:44:26+00:00\",\"dateModified\":\"2023-10-10T21:37:10+00:00\",\"description\":\"Das K\u00f6nigreich Bayern, der zweitgr\u00f6\u00dfte Staat des am 18. Januar 1871 neu aufgerichteten deutschen Reiches, liegt in S\u00fcddeutschland.\",\"breadcrumb\":{\"@id\":\"https:\/\/www.ewigerbund.org\/bayern\/geographie\/das-koenigreich-bayern\/#breadcrumb\"},\"inLanguage\":\"de\",\"potentialAction\":[{\"@type\":\"ReadAction\",\"target\":[\"https:\/\/www.ewigerbund.org\/bayern\/geographie\/das-koenigreich-bayern\/\"]}]},{\"@type\":\"ImageObject\",\"inLanguage\":\"de\",\"@id\":\"https:\/\/www.ewigerbund.org\/bayern\/geographie\/das-koenigreich-bayern\/#primaryimage\",\"url\":\"https:\/\/www.ewigerbund.org\/bayern\/wp-content\/uploads\/sites\/12\/2022\/08\/Geographie-des-Koenigreich-Bayerns-e1660390407928.jpg\",\"contentUrl\":\"https:\/\/www.ewigerbund.org\/bayern\/wp-content\/uploads\/sites\/12\/2022\/08\/Geographie-des-Koenigreich-Bayerns-e1660390407928.jpg\",\"width\":800,\"height\":453},{\"@type\":\"BreadcrumbList\",\"@id\":\"https:\/\/www.ewigerbund.org\/bayern\/geographie\/das-koenigreich-bayern\/#breadcrumb\",\"itemListElement\":[{\"@type\":\"ListItem\",\"position\":1,\"name\":\"Startseite\",\"item\":\"https:\/\/www.ewigerbund.org\/bayern\/\"},{\"@type\":\"ListItem\",\"position\":2,\"name\":\"Geographie.\",\"item\":\"https:\/\/www.ewigerbund.org\/bayern\/geographie\/\"},{\"@type\":\"ListItem\",\"position\":3,\"name\":\"Das K\u00f6nigreich Bayern.\"}]},{\"@type\":\"WebSite\",\"@id\":\"https:\/\/www.ewigerbund.org\/bayern\/#website\",\"url\":\"https:\/\/www.ewigerbund.org\/bayern\/\",\"name\":\"K\u00f6nigreich Bayern\",\"description\":\"im ewigen Bund.\",\"publisher\":{\"@id\":\"https:\/\/www.ewigerbund.org\/bayern\/#organization\"},\"potentialAction\":[{\"@type\":\"SearchAction\",\"target\":{\"@type\":\"EntryPoint\",\"urlTemplate\":\"https:\/\/www.ewigerbund.org\/bayern\/?s={search_term_string}\"},\"query-input\":\"required name=search_term_string\"}],\"inLanguage\":\"de\"},{\"@type\":\"Organization\",\"@id\":\"https:\/\/www.ewigerbund.org\/bayern\/#organization\",\"name\":\"K\u00f6nigreich Bayern\",\"url\":\"https:\/\/www.ewigerbund.org\/bayern\/\",\"logo\":{\"@type\":\"ImageObject\",\"inLanguage\":\"de\",\"@id\":\"https:\/\/www.ewigerbund.org\/bayern\/#\/schema\/logo\/image\/\",\"url\":\"https:\/\/www.ewigerbund.org\/bayern\/wp-content\/uploads\/sites\/12\/2023\/02\/2023-02-24-Logo-EB-Bayern-Schutzzone_Schatten_BGweiss_V2_1200px.png\",\"contentUrl\":\"https:\/\/www.ewigerbund.org\/bayern\/wp-content\/uploads\/sites\/12\/2023\/02\/2023-02-24-Logo-EB-Bayern-Schutzzone_Schatten_BGweiss_V2_1200px.png\",\"width\":1200,\"height\":1200,\"caption\":\"K\u00f6nigreich Bayern\"},\"image\":{\"@id\":\"https:\/\/www.ewigerbund.org\/bayern\/#\/schema\/logo\/image\/\"}}]}<\/script>\n<!-- \/ Yoast SEO plugin. -->","yoast_head_json":{"title":"Das K\u00f6nigreich Bayern. - K\u00f6nigreich Bayern","description":"Das K\u00f6nigreich Bayern, der zweitgr\u00f6\u00dfte Staat des am 18. Januar 1871 neu aufgerichteten deutschen Reiches, liegt in S\u00fcddeutschland.","robots":{"index":"index","follow":"follow","max-snippet":"max-snippet:-1","max-image-preview":"max-image-preview:large","max-video-preview":"max-video-preview:-1"},"canonical":"https:\/\/www.ewigerbund.org\/bayern\/geographie\/das-koenigreich-bayern\/","og_locale":"de_DE","og_type":"article","og_title":"Das K\u00f6nigreich Bayern. - K\u00f6nigreich Bayern","og_description":"Das K\u00f6nigreich Bayern, der zweitgr\u00f6\u00dfte Staat des am 18. Januar 1871 neu aufgerichteten deutschen Reiches, liegt in S\u00fcddeutschland.","og_url":"https:\/\/www.ewigerbund.org\/bayern\/geographie\/das-koenigreich-bayern\/","og_site_name":"K\u00f6nigreich Bayern","article_modified_time":"2023-10-10T21:37:10+00:00","og_image":[{"width":800,"height":453,"url":"https:\/\/www.ewigerbund.org\/bayern\/wp-content\/uploads\/sites\/12\/2022\/08\/Geographie-des-Koenigreich-Bayerns-e1660390407928.jpg","type":"image\/jpeg"}],"twitter_card":"summary_large_image","twitter_misc":{"Gesch\u00e4tzte Lesezeit":"3\u00a0Minuten"},"schema":{"@context":"https:\/\/schema.org","@graph":[{"@type":"WebPage","@id":"https:\/\/www.ewigerbund.org\/bayern\/geographie\/das-koenigreich-bayern\/","url":"https:\/\/www.ewigerbund.org\/bayern\/geographie\/das-koenigreich-bayern\/","name":"Das K\u00f6nigreich Bayern. - K\u00f6nigreich Bayern","isPartOf":{"@id":"https:\/\/www.ewigerbund.org\/bayern\/#website"},"primaryImageOfPage":{"@id":"https:\/\/www.ewigerbund.org\/bayern\/geographie\/das-koenigreich-bayern\/#primaryimage"},"image":{"@id":"https:\/\/www.ewigerbund.org\/bayern\/geographie\/das-koenigreich-bayern\/#primaryimage"},"thumbnailUrl":"https:\/\/www.ewigerbund.org\/bayern\/wp-content\/uploads\/sites\/12\/2022\/08\/Geographie-des-Koenigreich-Bayerns-e1660390407928.jpg","datePublished":"2022-08-10T17:44:26+00:00","dateModified":"2023-10-10T21:37:10+00:00","description":"Das K\u00f6nigreich Bayern, der zweitgr\u00f6\u00dfte Staat des am 18. Januar 1871 neu aufgerichteten deutschen Reiches, liegt in S\u00fcddeutschland.","breadcrumb":{"@id":"https:\/\/www.ewigerbund.org\/bayern\/geographie\/das-koenigreich-bayern\/#breadcrumb"},"inLanguage":"de","potentialAction":[{"@type":"ReadAction","target":["https:\/\/www.ewigerbund.org\/bayern\/geographie\/das-koenigreich-bayern\/"]}]},{"@type":"ImageObject","inLanguage":"de","@id":"https:\/\/www.ewigerbund.org\/bayern\/geographie\/das-koenigreich-bayern\/#primaryimage","url":"https:\/\/www.ewigerbund.org\/bayern\/wp-content\/uploads\/sites\/12\/2022\/08\/Geographie-des-Koenigreich-Bayerns-e1660390407928.jpg","contentUrl":"https:\/\/www.ewigerbund.org\/bayern\/wp-content\/uploads\/sites\/12\/2022\/08\/Geographie-des-Koenigreich-Bayerns-e1660390407928.jpg","width":800,"height":453},{"@type":"BreadcrumbList","@id":"https:\/\/www.ewigerbund.org\/bayern\/geographie\/das-koenigreich-bayern\/#breadcrumb","itemListElement":[{"@type":"ListItem","position":1,"name":"Startseite","item":"https:\/\/www.ewigerbund.org\/bayern\/"},{"@type":"ListItem","position":2,"name":"Geographie.","item":"https:\/\/www.ewigerbund.org\/bayern\/geographie\/"},{"@type":"ListItem","position":3,"name":"Das K\u00f6nigreich Bayern."}]},{"@type":"WebSite","@id":"https:\/\/www.ewigerbund.org\/bayern\/#website","url":"https:\/\/www.ewigerbund.org\/bayern\/","name":"K\u00f6nigreich Bayern","description":"im ewigen Bund.","publisher":{"@id":"https:\/\/www.ewigerbund.org\/bayern\/#organization"},"potentialAction":[{"@type":"SearchAction","target":{"@type":"EntryPoint","urlTemplate":"https:\/\/www.ewigerbund.org\/bayern\/?s={search_term_string}"},"query-input":"required name=search_term_string"}],"inLanguage":"de"},{"@type":"Organization","@id":"https:\/\/www.ewigerbund.org\/bayern\/#organization","name":"K\u00f6nigreich Bayern","url":"https:\/\/www.ewigerbund.org\/bayern\/","logo":{"@type":"ImageObject","inLanguage":"de","@id":"https:\/\/www.ewigerbund.org\/bayern\/#\/schema\/logo\/image\/","url":"https:\/\/www.ewigerbund.org\/bayern\/wp-content\/uploads\/sites\/12\/2023\/02\/2023-02-24-Logo-EB-Bayern-Schutzzone_Schatten_BGweiss_V2_1200px.png","contentUrl":"https:\/\/www.ewigerbund.org\/bayern\/wp-content\/uploads\/sites\/12\/2023\/02\/2023-02-24-Logo-EB-Bayern-Schutzzone_Schatten_BGweiss_V2_1200px.png","width":1200,"height":1200,"caption":"K\u00f6nigreich Bayern"},"image":{"@id":"https:\/\/www.ewigerbund.org\/bayern\/#\/schema\/logo\/image\/"}}]}},"_links":{"self":[{"href":"https:\/\/www.ewigerbund.org\/bayern\/wp-json\/wp\/v2\/pages\/258","targetHints":{"allow":["GET"]}}],"collection":[{"href":"https:\/\/www.ewigerbund.org\/bayern\/wp-json\/wp\/v2\/pages"}],"about":[{"href":"https:\/\/www.ewigerbund.org\/bayern\/wp-json\/wp\/v2\/types\/page"}],"author":[{"embeddable":true,"href":"https:\/\/www.ewigerbund.org\/bayern\/wp-json\/wp\/v2\/users\/1"}],"replies":[{"embeddable":true,"href":"https:\/\/www.ewigerbund.org\/bayern\/wp-json\/wp\/v2\/comments?post=258"}],"version-history":[{"count":11,"href":"https:\/\/www.ewigerbund.org\/bayern\/wp-json\/wp\/v2\/pages\/258\/revisions"}],"predecessor-version":[{"id":4094,"href":"https:\/\/www.ewigerbund.org\/bayern\/wp-json\/wp\/v2\/pages\/258\/revisions\/4094"}],"up":[{"embeddable":true,"href":"https:\/\/www.ewigerbund.org\/bayern\/wp-json\/wp\/v2\/pages\/262"}],"wp:featuredmedia":[{"embeddable":true,"href":"https:\/\/www.ewigerbund.org\/bayern\/wp-json\/wp\/v2\/media\/759"}],"wp:attachment":[{"href":"https:\/\/www.ewigerbund.org\/bayern\/wp-json\/wp\/v2\/media?parent=258"}],"wp:term":[{"taxonomy":"category","embeddable":true,"href":"https:\/\/www.ewigerbund.org\/bayern\/wp-json\/wp\/v2\/categories?post=258"},{"taxonomy":"post_tag","embeddable":true,"href":"https:\/\/www.ewigerbund.org\/bayern\/wp-json\/wp\/v2\/tags?post=258"}],"curies":[{"name":"wp","href":"https:\/\/api.w.org\/{rel}","templated":true}]}}