{"id":242,"date":"2022-08-09T21:15:36","date_gmt":"2022-08-09T19:15:36","guid":{"rendered":"https:\/\/www.ewigerbund.org\/bayern\/?page_id=242"},"modified":"2023-07-20T00:59:23","modified_gmt":"2023-07-19T22:59:23","slug":"ludwig-xiv-von-frankreich","status":"publish","type":"page","link":"https:\/\/www.ewigerbund.org\/bayern\/geschichte\/ludwig-xiv-von-frankreich\/","title":{"rendered":"1643-1715. Ludwig XIV. von Frankreich."},"content":{"rendered":"\n<p>Nach Abschluss des Westf\u00e4lischen Friedens konnte sich Deutschland nur schwer von dem Elend des furchtbaren Krieges erholen, der seine Kultur vernichtet, seinen Wohlstand gebrochen hatte. M\u00e4chtige Feinde bedrohten das ersch\u00f6pfte Land und suchten dessen Schw\u00e4che zu ihrem Vorteil auszubeuten: im Osten fluteten die Scharen raubs\u00fcchtiger T\u00fcrken mit wachsender Gewalt \u00fcber die deutschen Grenzen; im Westen suchte Ludwig XIV., mit den T\u00fcrken im Bunde, durch schn\u00f6den Raub deutsches Gebiet f\u00fcr Frankreich zu gewinnen.<\/p>\n\n\n<div class=\"wp-block-image\">\n<figure class=\"alignright size-full\"><img loading=\"lazy\" decoding=\"async\" width=\"251\" height=\"356\" src=\"https:\/\/www.ewigerbund.org\/bayern\/wp-content\/uploads\/sites\/12\/2023\/07\/Ludwig-XIV.-Kroenungsornat-e1660072753390.jpg\" alt=\"\" class=\"wp-image-3223\" srcset=\"https:\/\/www.ewigerbund.org\/bayern\/wp-content\/uploads\/sites\/12\/2023\/07\/Ludwig-XIV.-Kroenungsornat-e1660072753390.jpg 251w, https:\/\/www.ewigerbund.org\/bayern\/wp-content\/uploads\/sites\/12\/2023\/07\/Ludwig-XIV.-Kroenungsornat-e1660072753390-212x300.jpg 212w\" sizes=\"auto, (max-width: 251px) 100vw, 251px\" \/><figcaption class=\"wp-element-caption\"><em>Ludwig XIV. im Kr\u00f6nungsornat, Portr\u00e4t von Hyacinthe Rigaud (1701; Mus\u00e9e du Louvre)<\/em><\/figcaption><\/figure><\/div>\n\n\n<p>Dieser ruhm- und l\u00e4ndergierige K\u00f6nig f\u00fchrte ein frevelhaft \u00fcppiges Leben. In Versailles schuf er mit ungeheuren Kosten einen F\u00fcrstensitz, der an Pracht und Glanz nicht seinesgleichen hatte. Ein Fest jagte hier im Schlosse des \u201eSonnenk\u00f6nigs\u201c das andere. Er hatte sich zum unumschr\u00e4nkten Herrscher gemacht, und nach dem Grundsatze \u201eder Staat bin ich\u201c schaltete er mit \u00fcberm\u00fctiger Willk\u00fcr in seinem Lande. Um sein Reich zu vergr\u00f6\u00dfern, wollte er die Niederlande und das linke Rheinufer an sich rei\u00dfen. Er setzte Gerichtsh\u00f6fe ein, die untersuchen mussten, welche Gebiete einst zu den Landschaften geh\u00f6rt hatten, die ihm in den letzten Friedensschl\u00fcssen zugefallen waren. Bald fand man 600 solcher Ortschaften heraus. Ludwig lie\u00df dort Truppen einr\u00fccken und erkl\u00e4rte die besetzten Orte als franz\u00f6sisches Gebiet. Das ohnm\u00e4chtige Deutschland wehrte sich nicht. Ja, es sah sogar unt\u00e4tig zu, als Ludwig 1681 mitten im Frieden die Reichsstadt Stra\u00dfburg raubte. Als dann endlich fast ganz Europa gegen ihn r\u00fcstete, gab er den Befehl, die ganze Gegend am Oberrhein und die Pfalz zu verw\u00fcsten, damit die feindlichen Heere daselbst keinen Unterhalt f\u00e4nden. Die deutschen Lande bis nach Stuttgart und Ulm herein wurden durch die Franzosen unter M\u00e9lac entsetzlich verw\u00fcstet.<\/p>\n\n\n\n<p>Mannheim, Heidelberg, Worms, Speyer und 1.000 D\u00f6rfer wurden in Brand gesteckt, das pr\u00e4chtige Heidelberger Schloss wurde zerst\u00f6rt. Die Pl\u00fcnderer drangen sogar in die Kaisergruft zu Speyer ein, raubten alle Kostbarkeiten und streuten die Gebeine umher.<\/p>\n\n\n<div class=\"gb-button-wrapper gb-button-wrapper-f156a41b\">\n\n<a class=\"gb-button gb-button-2b823ed4 gb-button-text\" href=\"https:\/\/forum.bayern.ewigerbund.org\/viewtopic.php?t=84\" target=\"_blank\" rel=\"noopener noreferrer\">Dieser Beitrag hat dir gefallen? Hier kommentieren.<\/a>\n\n<\/div>\n\n\n<p><\/p>\n\n\n\n<p class=\"has-small-font-size\"><em>Quelle: Bayerisches Realienbuch. Bearbeitet von Dr. Hans Reinlein, Oberlehrer in M\u00fcnchen Realienbuch Nr. 63, 171. bis 180 Gesamt-Auflage. Bielefeld und Leipzig 1915, Seite 81.<\/em><\/p>\n","protected":false},"excerpt":{"rendered":"<p>Nach Abschluss des Westf\u00e4lischen Friedens konnte sich Deutschland nur schwer von dem Elend des furchtbaren Krieges erholen, der seine Kultur vernichtet, seinen Wohlstand gebrochen hatte. M\u00e4chtige Feinde bedrohten das ersch\u00f6pfte Land und suchten dessen Schw\u00e4che zu ihrem Vorteil auszubeuten: im Osten fluteten die Scharen raubs\u00fcchtiger T\u00fcrken mit wachsender Gewalt \u00fcber die deutschen Grenzen; im Westen &#8230; <a title=\"1643-1715. Ludwig XIV. von Frankreich.\" class=\"read-more\" href=\"https:\/\/www.ewigerbund.org\/bayern\/geschichte\/ludwig-xiv-von-frankreich\/\" aria-label=\"Mehr zu 1643-1715. Ludwig XIV. von Frankreich.\">Weiterlesen &#8230;<\/a><\/p>\n","protected":false},"author":1,"featured_media":2874,"parent":215,"menu_order":8,"comment_status":"closed","ping_status":"closed","template":"","meta":{"footnotes":""},"categories":[6,5,7],"tags":[168,156,32,33,30,77,31,29,70,172,62],"class_list":["post-242","page","type-page","status-publish","has-post-thumbnail","hentry","category-bayern","category-bundesstaat","category-geschichte","tag-deutschland","tag-frankreich","tag-heidelberger-schloss","tag-kaisergruft-zu-speyer","tag-ludwig-xiv","tag-melac","tag-pfalz","tag-sonnenkoenig","tag-strassburg","tag-versailles","tag-westfaelischer-frieden"],"yoast_head":"<!-- This site is optimized with the Yoast SEO plugin v23.1 - https:\/\/yoast.com\/wordpress\/plugins\/seo\/ -->\n<title>1643-1715. Ludwig XIV. von Frankreich. - K\u00f6nigreich Bayern<\/title>\n<meta name=\"robots\" content=\"index, follow, max-snippet:-1, max-image-preview:large, max-video-preview:-1\" \/>\n<link rel=\"canonical\" href=\"https:\/\/www.ewigerbund.org\/bayern\/geschichte\/ludwig-xiv-von-frankreich\/\" \/>\n<meta property=\"og:locale\" content=\"de_DE\" \/>\n<meta property=\"og:type\" content=\"article\" \/>\n<meta property=\"og:title\" content=\"1643-1715. Ludwig XIV. von Frankreich. - K\u00f6nigreich Bayern\" \/>\n<meta property=\"og:description\" content=\"Nach Abschluss des Westf\u00e4lischen Friedens konnte sich Deutschland nur schwer von dem Elend des furchtbaren Krieges erholen, der seine Kultur vernichtet, seinen Wohlstand gebrochen hatte. M\u00e4chtige Feinde bedrohten das ersch\u00f6pfte Land und suchten dessen Schw\u00e4che zu ihrem Vorteil auszubeuten: im Osten fluteten die Scharen raubs\u00fcchtiger T\u00fcrken mit wachsender Gewalt \u00fcber die deutschen Grenzen; im Westen ... Weiterlesen ...\" \/>\n<meta property=\"og:url\" content=\"https:\/\/www.ewigerbund.org\/bayern\/geschichte\/ludwig-xiv-von-frankreich\/\" \/>\n<meta property=\"og:site_name\" content=\"K\u00f6nigreich Bayern\" \/>\n<meta property=\"article:modified_time\" content=\"2023-07-19T22:59:23+00:00\" \/>\n<meta property=\"og:image\" content=\"https:\/\/www.ewigerbund.org\/bayern\/wp-content\/uploads\/sites\/12\/2023\/06\/KouenigLudwigVonFrankreich-1200px-1024x580-1.jpg\" \/>\n\t<meta property=\"og:image:width\" content=\"1024\" \/>\n\t<meta property=\"og:image:height\" content=\"580\" \/>\n\t<meta property=\"og:image:type\" content=\"image\/jpeg\" \/>\n<meta name=\"twitter:card\" content=\"summary_large_image\" \/>\n<meta name=\"twitter:label1\" content=\"Gesch\u00e4tzte Lesezeit\" \/>\n\t<meta name=\"twitter:data1\" content=\"3\u00a0Minuten\" \/>\n<script type=\"application\/ld+json\" class=\"yoast-schema-graph\">{\"@context\":\"https:\/\/schema.org\",\"@graph\":[{\"@type\":\"WebPage\",\"@id\":\"https:\/\/www.ewigerbund.org\/bayern\/geschichte\/ludwig-xiv-von-frankreich\/\",\"url\":\"https:\/\/www.ewigerbund.org\/bayern\/geschichte\/ludwig-xiv-von-frankreich\/\",\"name\":\"1643-1715. Ludwig XIV. von Frankreich. - K\u00f6nigreich Bayern\",\"isPartOf\":{\"@id\":\"https:\/\/www.ewigerbund.org\/bayern\/#website\"},\"primaryImageOfPage\":{\"@id\":\"https:\/\/www.ewigerbund.org\/bayern\/geschichte\/ludwig-xiv-von-frankreich\/#primaryimage\"},\"image\":{\"@id\":\"https:\/\/www.ewigerbund.org\/bayern\/geschichte\/ludwig-xiv-von-frankreich\/#primaryimage\"},\"thumbnailUrl\":\"https:\/\/www.ewigerbund.org\/bayern\/wp-content\/uploads\/sites\/12\/2023\/06\/KouenigLudwigVonFrankreich-1200px-1024x580-1.jpg\",\"datePublished\":\"2022-08-09T19:15:36+00:00\",\"dateModified\":\"2023-07-19T22:59:23+00:00\",\"breadcrumb\":{\"@id\":\"https:\/\/www.ewigerbund.org\/bayern\/geschichte\/ludwig-xiv-von-frankreich\/#breadcrumb\"},\"inLanguage\":\"de\",\"potentialAction\":[{\"@type\":\"ReadAction\",\"target\":[\"https:\/\/www.ewigerbund.org\/bayern\/geschichte\/ludwig-xiv-von-frankreich\/\"]}]},{\"@type\":\"ImageObject\",\"inLanguage\":\"de\",\"@id\":\"https:\/\/www.ewigerbund.org\/bayern\/geschichte\/ludwig-xiv-von-frankreich\/#primaryimage\",\"url\":\"https:\/\/www.ewigerbund.org\/bayern\/wp-content\/uploads\/sites\/12\/2023\/06\/KouenigLudwigVonFrankreich-1200px-1024x580-1.jpg\",\"contentUrl\":\"https:\/\/www.ewigerbund.org\/bayern\/wp-content\/uploads\/sites\/12\/2023\/06\/KouenigLudwigVonFrankreich-1200px-1024x580-1.jpg\",\"width\":1024,\"height\":580,\"caption\":\"KouenigLudwigVonFrankreich-1200px-1024x580\"},{\"@type\":\"BreadcrumbList\",\"@id\":\"https:\/\/www.ewigerbund.org\/bayern\/geschichte\/ludwig-xiv-von-frankreich\/#breadcrumb\",\"itemListElement\":[{\"@type\":\"ListItem\",\"position\":1,\"name\":\"Startseite\",\"item\":\"https:\/\/www.ewigerbund.org\/bayern\/\"},{\"@type\":\"ListItem\",\"position\":2,\"name\":\"Geschichte\",\"item\":\"https:\/\/www.ewigerbund.org\/bayern\/geschichte\/\"},{\"@type\":\"ListItem\",\"position\":3,\"name\":\"1643-1715. Ludwig XIV. von Frankreich.\"}]},{\"@type\":\"WebSite\",\"@id\":\"https:\/\/www.ewigerbund.org\/bayern\/#website\",\"url\":\"https:\/\/www.ewigerbund.org\/bayern\/\",\"name\":\"K\u00f6nigreich Bayern\",\"description\":\"im ewigen Bund.\",\"publisher\":{\"@id\":\"https:\/\/www.ewigerbund.org\/bayern\/#organization\"},\"potentialAction\":[{\"@type\":\"SearchAction\",\"target\":{\"@type\":\"EntryPoint\",\"urlTemplate\":\"https:\/\/www.ewigerbund.org\/bayern\/?s={search_term_string}\"},\"query-input\":\"required name=search_term_string\"}],\"inLanguage\":\"de\"},{\"@type\":\"Organization\",\"@id\":\"https:\/\/www.ewigerbund.org\/bayern\/#organization\",\"name\":\"K\u00f6nigreich Bayern\",\"url\":\"https:\/\/www.ewigerbund.org\/bayern\/\",\"logo\":{\"@type\":\"ImageObject\",\"inLanguage\":\"de\",\"@id\":\"https:\/\/www.ewigerbund.org\/bayern\/#\/schema\/logo\/image\/\",\"url\":\"https:\/\/www.ewigerbund.org\/bayern\/wp-content\/uploads\/sites\/12\/2023\/02\/2023-02-24-Logo-EB-Bayern-Schutzzone_Schatten_BGweiss_V2_1200px.png\",\"contentUrl\":\"https:\/\/www.ewigerbund.org\/bayern\/wp-content\/uploads\/sites\/12\/2023\/02\/2023-02-24-Logo-EB-Bayern-Schutzzone_Schatten_BGweiss_V2_1200px.png\",\"width\":1200,\"height\":1200,\"caption\":\"K\u00f6nigreich Bayern\"},\"image\":{\"@id\":\"https:\/\/www.ewigerbund.org\/bayern\/#\/schema\/logo\/image\/\"}}]}<\/script>\n<!-- \/ Yoast SEO plugin. -->","yoast_head_json":{"title":"1643-1715. Ludwig XIV. von Frankreich. - K\u00f6nigreich Bayern","robots":{"index":"index","follow":"follow","max-snippet":"max-snippet:-1","max-image-preview":"max-image-preview:large","max-video-preview":"max-video-preview:-1"},"canonical":"https:\/\/www.ewigerbund.org\/bayern\/geschichte\/ludwig-xiv-von-frankreich\/","og_locale":"de_DE","og_type":"article","og_title":"1643-1715. Ludwig XIV. von Frankreich. - K\u00f6nigreich Bayern","og_description":"Nach Abschluss des Westf\u00e4lischen Friedens konnte sich Deutschland nur schwer von dem Elend des furchtbaren Krieges erholen, der seine Kultur vernichtet, seinen Wohlstand gebrochen hatte. M\u00e4chtige Feinde bedrohten das ersch\u00f6pfte Land und suchten dessen Schw\u00e4che zu ihrem Vorteil auszubeuten: im Osten fluteten die Scharen raubs\u00fcchtiger T\u00fcrken mit wachsender Gewalt \u00fcber die deutschen Grenzen; im Westen ... Weiterlesen ...","og_url":"https:\/\/www.ewigerbund.org\/bayern\/geschichte\/ludwig-xiv-von-frankreich\/","og_site_name":"K\u00f6nigreich Bayern","article_modified_time":"2023-07-19T22:59:23+00:00","og_image":[{"width":1024,"height":580,"url":"https:\/\/www.ewigerbund.org\/bayern\/wp-content\/uploads\/sites\/12\/2023\/06\/KouenigLudwigVonFrankreich-1200px-1024x580-1.jpg","type":"image\/jpeg"}],"twitter_card":"summary_large_image","twitter_misc":{"Gesch\u00e4tzte Lesezeit":"3\u00a0Minuten"},"schema":{"@context":"https:\/\/schema.org","@graph":[{"@type":"WebPage","@id":"https:\/\/www.ewigerbund.org\/bayern\/geschichte\/ludwig-xiv-von-frankreich\/","url":"https:\/\/www.ewigerbund.org\/bayern\/geschichte\/ludwig-xiv-von-frankreich\/","name":"1643-1715. Ludwig XIV. von Frankreich. - K\u00f6nigreich Bayern","isPartOf":{"@id":"https:\/\/www.ewigerbund.org\/bayern\/#website"},"primaryImageOfPage":{"@id":"https:\/\/www.ewigerbund.org\/bayern\/geschichte\/ludwig-xiv-von-frankreich\/#primaryimage"},"image":{"@id":"https:\/\/www.ewigerbund.org\/bayern\/geschichte\/ludwig-xiv-von-frankreich\/#primaryimage"},"thumbnailUrl":"https:\/\/www.ewigerbund.org\/bayern\/wp-content\/uploads\/sites\/12\/2023\/06\/KouenigLudwigVonFrankreich-1200px-1024x580-1.jpg","datePublished":"2022-08-09T19:15:36+00:00","dateModified":"2023-07-19T22:59:23+00:00","breadcrumb":{"@id":"https:\/\/www.ewigerbund.org\/bayern\/geschichte\/ludwig-xiv-von-frankreich\/#breadcrumb"},"inLanguage":"de","potentialAction":[{"@type":"ReadAction","target":["https:\/\/www.ewigerbund.org\/bayern\/geschichte\/ludwig-xiv-von-frankreich\/"]}]},{"@type":"ImageObject","inLanguage":"de","@id":"https:\/\/www.ewigerbund.org\/bayern\/geschichte\/ludwig-xiv-von-frankreich\/#primaryimage","url":"https:\/\/www.ewigerbund.org\/bayern\/wp-content\/uploads\/sites\/12\/2023\/06\/KouenigLudwigVonFrankreich-1200px-1024x580-1.jpg","contentUrl":"https:\/\/www.ewigerbund.org\/bayern\/wp-content\/uploads\/sites\/12\/2023\/06\/KouenigLudwigVonFrankreich-1200px-1024x580-1.jpg","width":1024,"height":580,"caption":"KouenigLudwigVonFrankreich-1200px-1024x580"},{"@type":"BreadcrumbList","@id":"https:\/\/www.ewigerbund.org\/bayern\/geschichte\/ludwig-xiv-von-frankreich\/#breadcrumb","itemListElement":[{"@type":"ListItem","position":1,"name":"Startseite","item":"https:\/\/www.ewigerbund.org\/bayern\/"},{"@type":"ListItem","position":2,"name":"Geschichte","item":"https:\/\/www.ewigerbund.org\/bayern\/geschichte\/"},{"@type":"ListItem","position":3,"name":"1643-1715. Ludwig XIV. von Frankreich."}]},{"@type":"WebSite","@id":"https:\/\/www.ewigerbund.org\/bayern\/#website","url":"https:\/\/www.ewigerbund.org\/bayern\/","name":"K\u00f6nigreich Bayern","description":"im ewigen Bund.","publisher":{"@id":"https:\/\/www.ewigerbund.org\/bayern\/#organization"},"potentialAction":[{"@type":"SearchAction","target":{"@type":"EntryPoint","urlTemplate":"https:\/\/www.ewigerbund.org\/bayern\/?s={search_term_string}"},"query-input":"required name=search_term_string"}],"inLanguage":"de"},{"@type":"Organization","@id":"https:\/\/www.ewigerbund.org\/bayern\/#organization","name":"K\u00f6nigreich Bayern","url":"https:\/\/www.ewigerbund.org\/bayern\/","logo":{"@type":"ImageObject","inLanguage":"de","@id":"https:\/\/www.ewigerbund.org\/bayern\/#\/schema\/logo\/image\/","url":"https:\/\/www.ewigerbund.org\/bayern\/wp-content\/uploads\/sites\/12\/2023\/02\/2023-02-24-Logo-EB-Bayern-Schutzzone_Schatten_BGweiss_V2_1200px.png","contentUrl":"https:\/\/www.ewigerbund.org\/bayern\/wp-content\/uploads\/sites\/12\/2023\/02\/2023-02-24-Logo-EB-Bayern-Schutzzone_Schatten_BGweiss_V2_1200px.png","width":1200,"height":1200,"caption":"K\u00f6nigreich Bayern"},"image":{"@id":"https:\/\/www.ewigerbund.org\/bayern\/#\/schema\/logo\/image\/"}}]}},"_links":{"self":[{"href":"https:\/\/www.ewigerbund.org\/bayern\/wp-json\/wp\/v2\/pages\/242","targetHints":{"allow":["GET"]}}],"collection":[{"href":"https:\/\/www.ewigerbund.org\/bayern\/wp-json\/wp\/v2\/pages"}],"about":[{"href":"https:\/\/www.ewigerbund.org\/bayern\/wp-json\/wp\/v2\/types\/page"}],"author":[{"embeddable":true,"href":"https:\/\/www.ewigerbund.org\/bayern\/wp-json\/wp\/v2\/users\/1"}],"replies":[{"embeddable":true,"href":"https:\/\/www.ewigerbund.org\/bayern\/wp-json\/wp\/v2\/comments?post=242"}],"version-history":[{"count":11,"href":"https:\/\/www.ewigerbund.org\/bayern\/wp-json\/wp\/v2\/pages\/242\/revisions"}],"predecessor-version":[{"id":3224,"href":"https:\/\/www.ewigerbund.org\/bayern\/wp-json\/wp\/v2\/pages\/242\/revisions\/3224"}],"up":[{"embeddable":true,"href":"https:\/\/www.ewigerbund.org\/bayern\/wp-json\/wp\/v2\/pages\/215"}],"wp:featuredmedia":[{"embeddable":true,"href":"https:\/\/www.ewigerbund.org\/bayern\/wp-json\/wp\/v2\/media\/2874"}],"wp:attachment":[{"href":"https:\/\/www.ewigerbund.org\/bayern\/wp-json\/wp\/v2\/media?parent=242"}],"wp:term":[{"taxonomy":"category","embeddable":true,"href":"https:\/\/www.ewigerbund.org\/bayern\/wp-json\/wp\/v2\/categories?post=242"},{"taxonomy":"post_tag","embeddable":true,"href":"https:\/\/www.ewigerbund.org\/bayern\/wp-json\/wp\/v2\/tags?post=242"}],"curies":[{"name":"wp","href":"https:\/\/api.w.org\/{rel}","templated":true}]}}