{"id":2379,"date":"2023-06-04T09:12:36","date_gmt":"2023-06-04T07:12:36","guid":{"rendered":"https:\/\/www.ewigerbund.org\/bayern\/?page_id=2379"},"modified":"2024-01-20T11:31:19","modified_gmt":"2024-01-20T10:31:19","slug":"bauwerke","status":"publish","type":"page","link":"https:\/\/www.ewigerbund.org\/bayern\/bauwerke\/","title":{"rendered":"Wahrzeichen."},"content":{"rendered":"\n<p>Eine Sammlung bayerischer Wahrzeichen bestehend aus Prunkbauten, Denkm\u00e4lern, Statuen und anderen kunstvollen Objekten.<\/p>\n\n\n<div class=\"gb-container gb-container-5f4d5f67\"><div class=\"gb-inside-container\">\n\n<div class=\"wp-block-columns is-layout-flex wp-container-core-columns-is-layout-1 wp-block-columns-is-layout-flex\">\n<div class=\"wp-block-column cat-box-border is-layout-flow wp-block-column-is-layout-flow\">\n<figure class=\"gb-block-image gb-block-image-7d025ed2\"><a href=\"https:\/\/www.ewigerbund.org\/bayern\/bauwerke\/die-walhalla\/\"><img loading=\"lazy\" decoding=\"async\" width=\"1024\" height=\"576\" class=\"gb-image gb-image-7d025ed2\" src=\"https:\/\/www.ewigerbund.org\/bayern\/wp-content\/uploads\/sites\/12\/2023\/08\/1842_Walhalla-1024x576.jpg\" alt=\"\" title=\"1842_Walhalla\" srcset=\"https:\/\/www.ewigerbund.org\/bayern\/wp-content\/uploads\/sites\/12\/2023\/08\/1842_Walhalla-1024x576.jpg 1024w, https:\/\/www.ewigerbund.org\/bayern\/wp-content\/uploads\/sites\/12\/2023\/08\/1842_Walhalla-300x169.jpg 300w, https:\/\/www.ewigerbund.org\/bayern\/wp-content\/uploads\/sites\/12\/2023\/08\/1842_Walhalla-768x432.jpg 768w, https:\/\/www.ewigerbund.org\/bayern\/wp-content\/uploads\/sites\/12\/2023\/08\/1842_Walhalla.jpg 1200w\" sizes=\"auto, (max-width: 1024px) 100vw, 1024px\" \/><\/a><\/figure>\n\n\n\n<h2 class=\"wp-block-heading has-medium-font-size\"><strong>Die Walhalla.<\/strong><\/h2>\n\n\n\n<p style=\"font-size:16px\">Als den sch\u00f6nsten Festtag seiner langen Regierungszeit bezeichnet&nbsp;Ludwig&nbsp;selbst den Tag der Grundsteinlegung zur Walhalla. Am 2. Oktober 1808 hatte der J\u00fcngling an Johannes M\u00fcller geschrieben: \u201eWalhalla ist kein Werk f\u00fcr einen Kronprinzen, w\u00e4re zu kostspielig; soll ich einst K\u00f6nig werden, errichte ich es!\u201c<\/p>\n\n\n\n<p><a href=\"https:\/\/www.ewigerbund.org\/bayern\/die-walhalla\/\">Auf nach Walhalla \u2192<\/a><\/p>\n<\/div>\n\n\n\n<div class=\"wp-block-column cat-box-border is-layout-flow wp-block-column-is-layout-flow\">\n<figure class=\"gb-block-image gb-block-image-e06a360e\"><a href=\"https:\/\/www.ewigerbund.org\/bayern\/bauwerke\/schloss-herren-chiemsee\/\"><img loading=\"lazy\" decoding=\"async\" width=\"1024\" height=\"580\" class=\"gb-image gb-image-e06a360e\" src=\"https:\/\/www.ewigerbund.org\/bayern\/wp-content\/uploads\/sites\/12\/2023\/08\/1878-1886_Das_Zauberschloss_Herren_Chiemsee-1024x580.jpg\" alt=\"\" title=\"1878-1886_Das_Zauberschloss_Herren_Chiemsee\" srcset=\"https:\/\/www.ewigerbund.org\/bayern\/wp-content\/uploads\/sites\/12\/2023\/08\/1878-1886_Das_Zauberschloss_Herren_Chiemsee-1024x580.jpg 1024w, https:\/\/www.ewigerbund.org\/bayern\/wp-content\/uploads\/sites\/12\/2023\/08\/1878-1886_Das_Zauberschloss_Herren_Chiemsee-300x170.jpg 300w, https:\/\/www.ewigerbund.org\/bayern\/wp-content\/uploads\/sites\/12\/2023\/08\/1878-1886_Das_Zauberschloss_Herren_Chiemsee-768x435.jpg 768w, https:\/\/www.ewigerbund.org\/bayern\/wp-content\/uploads\/sites\/12\/2023\/08\/1878-1886_Das_Zauberschloss_Herren_Chiemsee.jpg 1200w\" sizes=\"auto, (max-width: 1024px) 100vw, 1024px\" \/><\/a><\/figure>\n\n\n\n<h2 class=\"wp-block-heading\" style=\"font-size:20px;font-style:normal;font-weight:500;text-transform:capitalize\"><strong>Schlo\u00df Herren-Chiemsee.<\/strong><\/h2>\n\n\n\n<p style=\"font-size:16px\">In weltferner Einsamkeit, eingebettet in den jetzt gelichteten Urwald der etwa 600 Morgen gro\u00dfen Insel Herren-Chiemsee, gro\u00dfartig und doch tr\u00e4umerisch, liegt das hohe Schlo\u00df am bayrischen Meere, wie Bayerns gr\u00f6\u00dfter See, der malerische Chiemsee, genannt wird.<\/p>\n\n\n\n<p><a href=\"https:\/\/www.ewigerbund.org\/bayern\/bauwerke\/schloss-herren-chiemsee\/\">Ab ins Zauberschlo\u00df \u2192<\/a><\/p>\n<\/div>\n<\/div>\n\n<\/div><\/div>\n\n<div class=\"gb-container gb-container-84ed7d63\"><div class=\"gb-inside-container\">\n\n<div class=\"wp-block-columns is-layout-flex wp-container-core-columns-is-layout-2 wp-block-columns-is-layout-flex\">\n<div class=\"wp-block-column cat-box-border is-layout-flow wp-block-column-is-layout-flow\">\n<figure class=\"wp-block-image size-large\"><a href=\"https:\/\/www.ewigerbund.org\/bayern\/bauwerke\/siegestor-1843-1850\/\"><img loading=\"lazy\" decoding=\"async\" width=\"1024\" height=\"576\" src=\"https:\/\/www.ewigerbund.org\/bayern\/wp-content\/uploads\/sites\/12\/2023\/08\/Siegestor_Fahne-1024x576.jpg\" alt=\"\" class=\"wp-image-3689\" srcset=\"https:\/\/www.ewigerbund.org\/bayern\/wp-content\/uploads\/sites\/12\/2023\/08\/Siegestor_Fahne-1024x576.jpg 1024w, https:\/\/www.ewigerbund.org\/bayern\/wp-content\/uploads\/sites\/12\/2023\/08\/Siegestor_Fahne-300x169.jpg 300w, https:\/\/www.ewigerbund.org\/bayern\/wp-content\/uploads\/sites\/12\/2023\/08\/Siegestor_Fahne-768x432.jpg 768w, https:\/\/www.ewigerbund.org\/bayern\/wp-content\/uploads\/sites\/12\/2023\/08\/Siegestor_Fahne.jpg 1200w\" sizes=\"auto, (max-width: 1024px) 100vw, 1024px\" \/><\/a><\/figure>\n\n\n\n<h2 class=\"gb-headline gb-headline-5931510e gb-headline-text\"><strong>Siegestor. (1843-1850)<\/strong><\/h2>\n\n\n\n<p style=\"font-size:16px\">Das Siegestor am n\u00f6rdlichen Ende der Ludwigstra\u00dfe in M\u00fcnchen, welchem nach der Intention von&nbsp;<a href=\"https:\/\/www.ewigerbund.org\/bayern\/geschichte\/koenig-ludwig-i\/\" target=\"_blank\" rel=\"noreferrer noopener\">K\u00f6nig Ludwig I.<\/a>&nbsp;der Konstantinsbogen in Rom als Vorbild diente, ist nach den Pl\u00e4nen von Friedrich von G\u00e4rtner im r\u00f6mischen Rundbogenstile auf Kosten der K. Civilliste erbaut&#8230;.<\/p>\n\n\n\n<p><a href=\"https:\/\/www.ewigerbund.org\/bayern\/bauwerke\/siegestor-1843-1850\/\">Auf zum Siegestor \u2192<\/a><\/p>\n<\/div>\n\n\n\n<div class=\"wp-block-column cat-box-border is-layout-flow wp-block-column-is-layout-flow\">\n<figure class=\"wp-block-image size-large\"><img loading=\"lazy\" decoding=\"async\" width=\"1024\" height=\"576\" src=\"https:\/\/www.ewigerbund.org\/bayern\/wp-content\/uploads\/sites\/12\/2023\/08\/Gustav_Seeberger_Feldherrnhalle_mit_Theatinerkirche_Muenchen-1024x576.jpg\" alt=\"\" class=\"wp-image-3632\" srcset=\"https:\/\/www.ewigerbund.org\/bayern\/wp-content\/uploads\/sites\/12\/2023\/08\/Gustav_Seeberger_Feldherrnhalle_mit_Theatinerkirche_Muenchen-1024x576.jpg 1024w, https:\/\/www.ewigerbund.org\/bayern\/wp-content\/uploads\/sites\/12\/2023\/08\/Gustav_Seeberger_Feldherrnhalle_mit_Theatinerkirche_Muenchen-300x169.jpg 300w, https:\/\/www.ewigerbund.org\/bayern\/wp-content\/uploads\/sites\/12\/2023\/08\/Gustav_Seeberger_Feldherrnhalle_mit_Theatinerkirche_Muenchen-768x432.jpg 768w, https:\/\/www.ewigerbund.org\/bayern\/wp-content\/uploads\/sites\/12\/2023\/08\/Gustav_Seeberger_Feldherrnhalle_mit_Theatinerkirche_Muenchen.jpg 1200w\" sizes=\"auto, (max-width: 1024px) 100vw, 1024px\" \/><\/figure>\n\n\n\n<h2 class=\"gb-headline gb-headline-ce0b4a89 gb-headline-text\">Feldherrn-Halle. (1840-1844)<\/h2>\n\n\n\n<p style=\"font-size:16px\">Die Feldherrnhalle, zwischen der k. Residenz und der Theatinerkirche, wurde w\u00e4hrend der Zeitperiode von 1840-1844 aus den Mitteln der k\u00f6niglichen Civilliste im florentinischen Style erbaut und als\u2026<\/p>\n\n\n\n<p><a href=\"https:\/\/www.ewigerbund.org\/bayern\/bauwerke\/feldherrn-halle-1840-1844\/\">Auf zur Feldherrn-Halle \u2192<\/a><\/p>\n<\/div>\n<\/div>\n\n<\/div><\/div>\n\n<div class=\"gb-container gb-container-92dacbab\"><div class=\"gb-inside-container\">\n\n<div class=\"wp-block-columns is-layout-flex wp-container-core-columns-is-layout-3 wp-block-columns-is-layout-flex\">\n<div class=\"wp-block-column cat-box-border is-layout-flow wp-block-column-is-layout-flow\">\n<figure class=\"wp-block-image size-large\"><a href=\"https:\/\/www.ewigerbund.org\/bayern\/bauwerke\/wittelsbacher-palast-1843-1850\/\"><img loading=\"lazy\" decoding=\"async\" width=\"1024\" height=\"540\" src=\"https:\/\/www.ewigerbund.org\/bayern\/wp-content\/uploads\/sites\/12\/2023\/08\/Wittelsbacher_Palast_1-1024x540.jpg\" alt=\"\" class=\"wp-image-3670\" srcset=\"https:\/\/www.ewigerbund.org\/bayern\/wp-content\/uploads\/sites\/12\/2023\/08\/Wittelsbacher_Palast_1-1024x540.jpg 1024w, https:\/\/www.ewigerbund.org\/bayern\/wp-content\/uploads\/sites\/12\/2023\/08\/Wittelsbacher_Palast_1-300x158.jpg 300w, https:\/\/www.ewigerbund.org\/bayern\/wp-content\/uploads\/sites\/12\/2023\/08\/Wittelsbacher_Palast_1-768x405.jpg 768w, https:\/\/www.ewigerbund.org\/bayern\/wp-content\/uploads\/sites\/12\/2023\/08\/Wittelsbacher_Palast_1.jpg 1280w\" sizes=\"auto, (max-width: 1024px) 100vw, 1024px\" \/><\/a><\/figure>\n\n\n\n<h2 class=\"wp-block-heading has-medium-font-size\"><strong>Wittelsbacher Palast. (1843-1850)<\/strong><\/h2>\n\n\n\n<p style=\"font-size:16px\">Der Bau des Wittelsbacher Palastes, an der Briennerstra\u00dfe und am Eck der T\u00fcrkenstra\u00dfe gelegen, wurde nach den Pl\u00e4nen und Direktiven des Baumeisters Friedrich von G\u00e4rtner im Jahre 1843 begonnen. Das im mittelalterlich \u2013 englischen Baustil mit hohen Spitzbogenfenstern im I. und II. Stock konzipierte Geb\u00e4ude ist&#8230;<\/p>\n\n\n\n<p><a href=\"https:\/\/www.ewigerbund.org\/bayern\/wittelsbacher-palast-1843-1850\/\"><\/a><a href=\"https:\/\/www.ewigerbund.org\/bayern\/bauwerke\/wittelsbacher-palast-1843-1850\/\">Ab in den Palast \u2192<\/a><\/p>\n<\/div>\n\n\n\n<div class=\"wp-block-column cat-box-border is-layout-flow wp-block-column-is-layout-flow\">\n<figure class=\"gb-block-image gb-block-image-93e2bc85\"><a href=\"https:\/\/www.ewigerbund.org\/bayern\/bauwerke\/universitaet-1835-1840\/\"><img loading=\"lazy\" decoding=\"async\" width=\"1024\" height=\"576\" class=\"gb-image gb-image-93e2bc85\" src=\"https:\/\/www.ewigerbund.org\/bayern\/wp-content\/uploads\/sites\/12\/2023\/08\/Muenchen_Amalienstrasse_bei_Universitaet-1024x576.jpg\" alt=\"\" title=\"M\u00fcnchen_Amalienstra\u00dfe_bei_Universit\u00e4t\" srcset=\"https:\/\/www.ewigerbund.org\/bayern\/wp-content\/uploads\/sites\/12\/2023\/08\/Muenchen_Amalienstrasse_bei_Universitaet-1024x576.jpg 1024w, https:\/\/www.ewigerbund.org\/bayern\/wp-content\/uploads\/sites\/12\/2023\/08\/Muenchen_Amalienstrasse_bei_Universitaet-300x169.jpg 300w, https:\/\/www.ewigerbund.org\/bayern\/wp-content\/uploads\/sites\/12\/2023\/08\/Muenchen_Amalienstrasse_bei_Universitaet-768x432.jpg 768w, https:\/\/www.ewigerbund.org\/bayern\/wp-content\/uploads\/sites\/12\/2023\/08\/Muenchen_Amalienstrasse_bei_Universitaet.jpg 1200w\" sizes=\"auto, (max-width: 1024px) 100vw, 1024px\" \/><\/a><\/figure>\n\n\n\n<h2 class=\"wp-block-heading\" style=\"font-size:20px\"><strong>Universit\u00e4t. (1835-1840)<\/strong><\/h2>\n\n\n\n<p style=\"font-size:16px\">Das Geb\u00e4ude f\u00fcr die k\u00f6nigliche Ludwigs-Maximilians-Universit\u00e4t wurde im byzantinisch-florentinischen Stil w\u00e4hrend der Zeitdauer von 1835 bis 1840 in der Ludwigstra\u00dfe..<\/p>\n\n\n\n<p><a href=\"https:\/\/www.ewigerbund.org\/bayern\/bauwerke\/universitaet-1835-1840\/\">Auf zur Uni \u2192<\/a><\/p>\n<\/div>\n<\/div>\n\n<\/div><\/div>\n\n<div class=\"gb-container gb-container-076650ac\"><div class=\"gb-inside-container\">\n\n<div class=\"wp-block-columns is-layout-flex wp-container-core-columns-is-layout-4 wp-block-columns-is-layout-flex\">\n<div class=\"wp-block-column cat-box-border is-layout-flow wp-block-column-is-layout-flow\">\n<figure class=\"wp-block-image size-large\"><a href=\"https:\/\/www.ewigerbund.org\/bayern\/bauwerke\/die-ruhmeshalle-mit-der-bavaria-1843-1850\"><img loading=\"lazy\" decoding=\"async\" width=\"1024\" height=\"576\" src=\"https:\/\/www.ewigerbund.org\/bayern\/wp-content\/uploads\/sites\/12\/2023\/08\/Ruhmeshalle-Fahne-1024x576.jpg\" alt=\"\" class=\"wp-image-3717\" srcset=\"https:\/\/www.ewigerbund.org\/bayern\/wp-content\/uploads\/sites\/12\/2023\/08\/Ruhmeshalle-Fahne-1024x576.jpg 1024w, https:\/\/www.ewigerbund.org\/bayern\/wp-content\/uploads\/sites\/12\/2023\/08\/Ruhmeshalle-Fahne-300x169.jpg 300w, https:\/\/www.ewigerbund.org\/bayern\/wp-content\/uploads\/sites\/12\/2023\/08\/Ruhmeshalle-Fahne-768x432.jpg 768w, https:\/\/www.ewigerbund.org\/bayern\/wp-content\/uploads\/sites\/12\/2023\/08\/Ruhmeshalle-Fahne.jpg 1200w\" sizes=\"auto, (max-width: 1024px) 100vw, 1024px\" \/><\/a><\/figure>\n\n\n\n<h2 class=\"gb-headline gb-headline-41e87470 gb-headline-text\"><strong>Die Ruhmeshalle mit der Bavaria. (1843-1850)<\/strong><\/h2>\n\n\n\n<p>Der Bau der Ruhmeshalle wurde auf Befehl<a href=\"https:\/\/www.ewigerbund.org\/bayern\/geschichte\/koenig-ludwig-i\/\" target=\"_blank\" rel=\"noreferrer noopener\">&nbsp;K\u00f6nig Ludwigs&nbsp;<\/a>von L. v. Klenze im altdorischen Tempelstil aus Marmor des Untersbergs bei Salzburg ausgef\u00fchrt und 1843 begonnen.<\/p>\n\n\n\n<p>Dieser, nach dem Willen seines erhabenen Gr\u00fcnders, dem Ruhm ausgezeichneter M\u00e4nner Bayerns gewidmete, Ehrentempel erhebt sich auf&#8230;<\/p>\n\n\n\n<p><a href=\"https:\/\/www.ewigerbund.org\/bayern\/bauwerke\/die-ruhmeshalle-mit-der-bavaria-1843-1850\/\">Zur Ruhmeshalle mit der Bavaria \u2192<\/a><\/p>\n<\/div>\n\n\n\n<div class=\"wp-block-column cat-box-border is-layout-flow wp-block-column-is-layout-flow\">\n<figure class=\"wp-block-image size-large\"><a href=\"https:\/\/www.ewigerbund.org\/bayern\/die-allerheiligen-hofkirche-1826-1837\/\"><img loading=\"lazy\" decoding=\"async\" width=\"1024\" height=\"576\" src=\"https:\/\/www.ewigerbund.org\/bayern\/wp-content\/uploads\/sites\/12\/2023\/08\/AllerheiligenHofkirche-1024x576.jpg\" alt=\"\" class=\"wp-image-3725\" srcset=\"https:\/\/www.ewigerbund.org\/bayern\/wp-content\/uploads\/sites\/12\/2023\/08\/AllerheiligenHofkirche-1024x576.jpg 1024w, https:\/\/www.ewigerbund.org\/bayern\/wp-content\/uploads\/sites\/12\/2023\/08\/AllerheiligenHofkirche-300x169.jpg 300w, https:\/\/www.ewigerbund.org\/bayern\/wp-content\/uploads\/sites\/12\/2023\/08\/AllerheiligenHofkirche-768x432.jpg 768w, https:\/\/www.ewigerbund.org\/bayern\/wp-content\/uploads\/sites\/12\/2023\/08\/AllerheiligenHofkirche.jpg 1200w\" sizes=\"auto, (max-width: 1024px) 100vw, 1024px\" \/><\/a><\/figure>\n\n\n\n<h2 class=\"gb-headline gb-headline-f4b96bf3 gb-headline-text\">Die Allerheiligen-Hofkirche. (1826-1837)<\/h2>\n\n\n\n<p>Diese Hofkirche auch neue Hofkapelle genannt, durch mehrere Korridore mit der Residenz verbunden, ist ohne Turm in alt-romanischen Rundbogenstil des 11. Jahrhunderts im Auftrage des&nbsp;<a href=\"https:\/\/www.ewigerbund.org\/bayern\/geschichte\/koenig-ludwig-i\/\">K\u00f6nig Ludwig<\/a>&nbsp;von L. v. Klenze 1826 bis 1837 erbaut. &nbsp;Ihre Breite betr\u00e4gt 100 Fu\u00df, ihre Tiefe 165 Fu\u00df und ihre H\u00f6he 80 Fu\u00df. Die nach Morgen gerichtete&#8230;<\/p>\n\n\n\n<p><a href=\"https:\/\/www.ewigerbund.org\/bayern\/die-allerheiligen-hofkirche-1826-1837\/\">Auf zur Allerheiligen-Hofkirche \u2192<\/a><\/p>\n<\/div>\n<\/div>\n\n<\/div><\/div>\n\n<div class=\"gb-container gb-container-f6f8bb8d\">\n<div class=\"gb-container gb-container-f82ed6b0\"><div class=\"gb-inside-container\">\n\n<div class=\"wp-block-columns is-layout-flex wp-container-core-columns-is-layout-5 wp-block-columns-is-layout-flex\">\n<div class=\"wp-block-column is-layout-flow wp-block-column-is-layout-flow\"><div class=\"gb-container gb-container-0c25a0ba cat-box-border\">\n\n<div class=\"wp-block-group\"><div class=\"wp-block-group__inner-container is-layout-constrained wp-block-group-is-layout-constrained\">\n<div class=\"wp-block-group cat-bx-border\"><div class=\"wp-block-group__inner-container is-layout-constrained wp-block-group-is-layout-constrained\">\n<div class=\"wp-block-group\"><div class=\"wp-block-group__inner-container is-layout-constrained wp-block-group-is-layout-constrained\">\n<figure class=\"wp-block-image size-large\"><a href=\"https:\/\/www.ewigerbund.org\/bayern\/pfarrkirche-zum-heiligen-bonifacius\/\"><img loading=\"lazy\" decoding=\"async\" width=\"1024\" height=\"576\" src=\"https:\/\/www.ewigerbund.org\/bayern\/wp-content\/uploads\/sites\/12\/2023\/08\/Muenchen_St_Bonifaz-F-1024x576.jpg\" alt=\"\" class=\"wp-image-3762\" srcset=\"https:\/\/www.ewigerbund.org\/bayern\/wp-content\/uploads\/sites\/12\/2023\/08\/Muenchen_St_Bonifaz-F-1024x576.jpg 1024w, https:\/\/www.ewigerbund.org\/bayern\/wp-content\/uploads\/sites\/12\/2023\/08\/Muenchen_St_Bonifaz-F-300x169.jpg 300w, https:\/\/www.ewigerbund.org\/bayern\/wp-content\/uploads\/sites\/12\/2023\/08\/Muenchen_St_Bonifaz-F-768x432.jpg 768w, https:\/\/www.ewigerbund.org\/bayern\/wp-content\/uploads\/sites\/12\/2023\/08\/Muenchen_St_Bonifaz-F.jpg 1200w\" sizes=\"auto, (max-width: 1024px) 100vw, 1024px\" \/><\/a><\/figure>\n\n\n\n<h2 class=\"gb-headline gb-headline-6cc151f7 gb-headline-text\"><strong>Die Basilika oder Pfarrkirche zum Heiligen Bonifacius. (1835-1850)<\/strong><\/h2>\n\n\n\n<p>Die Basilike, Geb\u00e4ude von l\u00e4nglich viereckiger Form mit S\u00e4uleng\u00e4ngen dienten urspr\u00fcnglich den alten Griechen und R\u00f6mern zu \u00f6ffentlichen Gerichtshallen, nachher zu Constantin des Gro\u00dfen Zeiten im 4ten Jahrhundert und sp\u00e4ter wandte man die Basilikenform zu kirchlichen Geb\u00e4uden, welche \u00fcber den Gr\u00e4bern der Heiligen errichtet wurden, an.<\/p>\n\n\n\n<p><a href=\"https:\/\/www.ewigerbund.org\/bayern\/bauwerke\/pfarrkirche-zum-heiligen-bonifacius\/\">Die Basilika besichtigen \u2192<\/a><\/p>\n<\/div><\/div>\n<\/div><\/div>\n<\/div><\/div>\n\n<\/div><\/div>\n\n\n\n<div class=\"wp-block-column is-layout-flow wp-block-column-is-layout-flow\"><\/div>\n<\/div>\n\n<\/div><\/div>\n<\/div>\n\n\n<div style=\"height:40px\" aria-hidden=\"true\" class=\"wp-block-spacer\"><\/div>\n","protected":false},"excerpt":{"rendered":"<p>Eine Sammlung bayerischer Wahrzeichen bestehend aus Prunkbauten, Denkm\u00e4lern, Statuen und anderen kunstvollen Objekten.<\/p>\n","protected":false},"author":16,"featured_media":3360,"parent":0,"menu_order":0,"comment_status":"closed","ping_status":"closed","template":"","meta":{"footnotes":""},"categories":[1,6,5,531],"tags":[548,549,545],"class_list":["post-2379","page","type-page","status-publish","has-post-thumbnail","hentry","category-allgemein","category-bayern","category-bundesstaat","category-bauwerke","tag-bauwerke","tag-statuen","tag-wahrzeichen"],"yoast_head":"<!-- This site is optimized with the Yoast SEO plugin v23.1 - https:\/\/yoast.com\/wordpress\/plugins\/seo\/ -->\n<title>Wahrzeichen. - K\u00f6nigreich Bayern<\/title>\n<meta name=\"description\" content=\"Eine Sammlung bayerischer Wahrzeichen bestehend aus Prunkbauten, Denkm\u00e4lern, Statuen und anderen kunstvollen Objekten...\" \/>\n<meta name=\"robots\" content=\"index, follow, max-snippet:-1, max-image-preview:large, max-video-preview:-1\" \/>\n<link rel=\"canonical\" href=\"https:\/\/www.ewigerbund.org\/bayern\/bauwerke\/\" \/>\n<meta property=\"og:locale\" content=\"de_DE\" \/>\n<meta property=\"og:type\" content=\"article\" \/>\n<meta property=\"og:title\" content=\"Wahrzeichen. - K\u00f6nigreich Bayern\" \/>\n<meta property=\"og:description\" content=\"Eine Sammlung bayerischer Wahrzeichen bestehend aus Prunkbauten, Denkm\u00e4lern, Statuen und anderen kunstvollen Objekten...\" \/>\n<meta property=\"og:url\" content=\"https:\/\/www.ewigerbund.org\/bayern\/bauwerke\/\" \/>\n<meta property=\"og:site_name\" content=\"K\u00f6nigreich Bayern\" \/>\n<meta property=\"article:modified_time\" content=\"2024-01-20T10:31:19+00:00\" \/>\n<meta property=\"og:image\" content=\"https:\/\/www.ewigerbund.org\/bayern\/wp-content\/uploads\/sites\/12\/2023\/08\/herrenchiemsee_1200_sw.jpg\" \/>\n\t<meta property=\"og:image:width\" content=\"1920\" \/>\n\t<meta property=\"og:image:height\" content=\"400\" \/>\n\t<meta property=\"og:image:type\" content=\"image\/jpeg\" \/>\n<meta name=\"twitter:card\" content=\"summary_large_image\" \/>\n<meta name=\"twitter:label1\" content=\"Gesch\u00e4tzte Lesezeit\" \/>\n\t<meta name=\"twitter:data1\" content=\"1\u00a0Minute\" \/>\n<script type=\"application\/ld+json\" class=\"yoast-schema-graph\">{\"@context\":\"https:\/\/schema.org\",\"@graph\":[{\"@type\":\"WebPage\",\"@id\":\"https:\/\/www.ewigerbund.org\/bayern\/bauwerke\/\",\"url\":\"https:\/\/www.ewigerbund.org\/bayern\/bauwerke\/\",\"name\":\"Wahrzeichen. - K\u00f6nigreich Bayern\",\"isPartOf\":{\"@id\":\"https:\/\/www.ewigerbund.org\/bayern\/#website\"},\"primaryImageOfPage\":{\"@id\":\"https:\/\/www.ewigerbund.org\/bayern\/bauwerke\/#primaryimage\"},\"image\":{\"@id\":\"https:\/\/www.ewigerbund.org\/bayern\/bauwerke\/#primaryimage\"},\"thumbnailUrl\":\"https:\/\/www.ewigerbund.org\/bayern\/wp-content\/uploads\/sites\/12\/2023\/08\/herrenchiemsee_1200_sw.jpg\",\"datePublished\":\"2023-06-04T07:12:36+00:00\",\"dateModified\":\"2024-01-20T10:31:19+00:00\",\"description\":\"Eine Sammlung bayerischer Wahrzeichen bestehend aus Prunkbauten, Denkm\u00e4lern, Statuen und anderen kunstvollen Objekten...\",\"breadcrumb\":{\"@id\":\"https:\/\/www.ewigerbund.org\/bayern\/bauwerke\/#breadcrumb\"},\"inLanguage\":\"de\",\"potentialAction\":[{\"@type\":\"ReadAction\",\"target\":[\"https:\/\/www.ewigerbund.org\/bayern\/bauwerke\/\"]}]},{\"@type\":\"ImageObject\",\"inLanguage\":\"de\",\"@id\":\"https:\/\/www.ewigerbund.org\/bayern\/bauwerke\/#primaryimage\",\"url\":\"https:\/\/www.ewigerbund.org\/bayern\/wp-content\/uploads\/sites\/12\/2023\/08\/herrenchiemsee_1200_sw.jpg\",\"contentUrl\":\"https:\/\/www.ewigerbund.org\/bayern\/wp-content\/uploads\/sites\/12\/2023\/08\/herrenchiemsee_1200_sw.jpg\",\"width\":1920,\"height\":400},{\"@type\":\"BreadcrumbList\",\"@id\":\"https:\/\/www.ewigerbund.org\/bayern\/bauwerke\/#breadcrumb\",\"itemListElement\":[{\"@type\":\"ListItem\",\"position\":1,\"name\":\"Startseite\",\"item\":\"https:\/\/www.ewigerbund.org\/bayern\/\"},{\"@type\":\"ListItem\",\"position\":2,\"name\":\"Wahrzeichen.\"}]},{\"@type\":\"WebSite\",\"@id\":\"https:\/\/www.ewigerbund.org\/bayern\/#website\",\"url\":\"https:\/\/www.ewigerbund.org\/bayern\/\",\"name\":\"K\u00f6nigreich Bayern\",\"description\":\"im ewigen Bund.\",\"publisher\":{\"@id\":\"https:\/\/www.ewigerbund.org\/bayern\/#organization\"},\"potentialAction\":[{\"@type\":\"SearchAction\",\"target\":{\"@type\":\"EntryPoint\",\"urlTemplate\":\"https:\/\/www.ewigerbund.org\/bayern\/?s={search_term_string}\"},\"query-input\":\"required name=search_term_string\"}],\"inLanguage\":\"de\"},{\"@type\":\"Organization\",\"@id\":\"https:\/\/www.ewigerbund.org\/bayern\/#organization\",\"name\":\"K\u00f6nigreich Bayern\",\"url\":\"https:\/\/www.ewigerbund.org\/bayern\/\",\"logo\":{\"@type\":\"ImageObject\",\"inLanguage\":\"de\",\"@id\":\"https:\/\/www.ewigerbund.org\/bayern\/#\/schema\/logo\/image\/\",\"url\":\"https:\/\/www.ewigerbund.org\/bayern\/wp-content\/uploads\/sites\/12\/2023\/02\/2023-02-24-Logo-EB-Bayern-Schutzzone_Schatten_BGweiss_V2_1200px.png\",\"contentUrl\":\"https:\/\/www.ewigerbund.org\/bayern\/wp-content\/uploads\/sites\/12\/2023\/02\/2023-02-24-Logo-EB-Bayern-Schutzzone_Schatten_BGweiss_V2_1200px.png\",\"width\":1200,\"height\":1200,\"caption\":\"K\u00f6nigreich Bayern\"},\"image\":{\"@id\":\"https:\/\/www.ewigerbund.org\/bayern\/#\/schema\/logo\/image\/\"}}]}<\/script>\n<!-- \/ Yoast SEO plugin. -->","yoast_head_json":{"title":"Wahrzeichen. - K\u00f6nigreich Bayern","description":"Eine Sammlung bayerischer Wahrzeichen bestehend aus Prunkbauten, Denkm\u00e4lern, Statuen und anderen kunstvollen Objekten...","robots":{"index":"index","follow":"follow","max-snippet":"max-snippet:-1","max-image-preview":"max-image-preview:large","max-video-preview":"max-video-preview:-1"},"canonical":"https:\/\/www.ewigerbund.org\/bayern\/bauwerke\/","og_locale":"de_DE","og_type":"article","og_title":"Wahrzeichen. - K\u00f6nigreich Bayern","og_description":"Eine Sammlung bayerischer Wahrzeichen bestehend aus Prunkbauten, Denkm\u00e4lern, Statuen und anderen kunstvollen Objekten...","og_url":"https:\/\/www.ewigerbund.org\/bayern\/bauwerke\/","og_site_name":"K\u00f6nigreich Bayern","article_modified_time":"2024-01-20T10:31:19+00:00","og_image":[{"width":1920,"height":400,"url":"https:\/\/www.ewigerbund.org\/bayern\/wp-content\/uploads\/sites\/12\/2023\/08\/herrenchiemsee_1200_sw.jpg","type":"image\/jpeg"}],"twitter_card":"summary_large_image","twitter_misc":{"Gesch\u00e4tzte Lesezeit":"1\u00a0Minute"},"schema":{"@context":"https:\/\/schema.org","@graph":[{"@type":"WebPage","@id":"https:\/\/www.ewigerbund.org\/bayern\/bauwerke\/","url":"https:\/\/www.ewigerbund.org\/bayern\/bauwerke\/","name":"Wahrzeichen. - K\u00f6nigreich Bayern","isPartOf":{"@id":"https:\/\/www.ewigerbund.org\/bayern\/#website"},"primaryImageOfPage":{"@id":"https:\/\/www.ewigerbund.org\/bayern\/bauwerke\/#primaryimage"},"image":{"@id":"https:\/\/www.ewigerbund.org\/bayern\/bauwerke\/#primaryimage"},"thumbnailUrl":"https:\/\/www.ewigerbund.org\/bayern\/wp-content\/uploads\/sites\/12\/2023\/08\/herrenchiemsee_1200_sw.jpg","datePublished":"2023-06-04T07:12:36+00:00","dateModified":"2024-01-20T10:31:19+00:00","description":"Eine Sammlung bayerischer Wahrzeichen bestehend aus Prunkbauten, Denkm\u00e4lern, Statuen und anderen kunstvollen Objekten...","breadcrumb":{"@id":"https:\/\/www.ewigerbund.org\/bayern\/bauwerke\/#breadcrumb"},"inLanguage":"de","potentialAction":[{"@type":"ReadAction","target":["https:\/\/www.ewigerbund.org\/bayern\/bauwerke\/"]}]},{"@type":"ImageObject","inLanguage":"de","@id":"https:\/\/www.ewigerbund.org\/bayern\/bauwerke\/#primaryimage","url":"https:\/\/www.ewigerbund.org\/bayern\/wp-content\/uploads\/sites\/12\/2023\/08\/herrenchiemsee_1200_sw.jpg","contentUrl":"https:\/\/www.ewigerbund.org\/bayern\/wp-content\/uploads\/sites\/12\/2023\/08\/herrenchiemsee_1200_sw.jpg","width":1920,"height":400},{"@type":"BreadcrumbList","@id":"https:\/\/www.ewigerbund.org\/bayern\/bauwerke\/#breadcrumb","itemListElement":[{"@type":"ListItem","position":1,"name":"Startseite","item":"https:\/\/www.ewigerbund.org\/bayern\/"},{"@type":"ListItem","position":2,"name":"Wahrzeichen."}]},{"@type":"WebSite","@id":"https:\/\/www.ewigerbund.org\/bayern\/#website","url":"https:\/\/www.ewigerbund.org\/bayern\/","name":"K\u00f6nigreich Bayern","description":"im ewigen Bund.","publisher":{"@id":"https:\/\/www.ewigerbund.org\/bayern\/#organization"},"potentialAction":[{"@type":"SearchAction","target":{"@type":"EntryPoint","urlTemplate":"https:\/\/www.ewigerbund.org\/bayern\/?s={search_term_string}"},"query-input":"required name=search_term_string"}],"inLanguage":"de"},{"@type":"Organization","@id":"https:\/\/www.ewigerbund.org\/bayern\/#organization","name":"K\u00f6nigreich Bayern","url":"https:\/\/www.ewigerbund.org\/bayern\/","logo":{"@type":"ImageObject","inLanguage":"de","@id":"https:\/\/www.ewigerbund.org\/bayern\/#\/schema\/logo\/image\/","url":"https:\/\/www.ewigerbund.org\/bayern\/wp-content\/uploads\/sites\/12\/2023\/02\/2023-02-24-Logo-EB-Bayern-Schutzzone_Schatten_BGweiss_V2_1200px.png","contentUrl":"https:\/\/www.ewigerbund.org\/bayern\/wp-content\/uploads\/sites\/12\/2023\/02\/2023-02-24-Logo-EB-Bayern-Schutzzone_Schatten_BGweiss_V2_1200px.png","width":1200,"height":1200,"caption":"K\u00f6nigreich Bayern"},"image":{"@id":"https:\/\/www.ewigerbund.org\/bayern\/#\/schema\/logo\/image\/"}}]}},"_links":{"self":[{"href":"https:\/\/www.ewigerbund.org\/bayern\/wp-json\/wp\/v2\/pages\/2379","targetHints":{"allow":["GET"]}}],"collection":[{"href":"https:\/\/www.ewigerbund.org\/bayern\/wp-json\/wp\/v2\/pages"}],"about":[{"href":"https:\/\/www.ewigerbund.org\/bayern\/wp-json\/wp\/v2\/types\/page"}],"author":[{"embeddable":true,"href":"https:\/\/www.ewigerbund.org\/bayern\/wp-json\/wp\/v2\/users\/16"}],"replies":[{"embeddable":true,"href":"https:\/\/www.ewigerbund.org\/bayern\/wp-json\/wp\/v2\/comments?post=2379"}],"version-history":[{"count":54,"href":"https:\/\/www.ewigerbund.org\/bayern\/wp-json\/wp\/v2\/pages\/2379\/revisions"}],"predecessor-version":[{"id":5107,"href":"https:\/\/www.ewigerbund.org\/bayern\/wp-json\/wp\/v2\/pages\/2379\/revisions\/5107"}],"wp:featuredmedia":[{"embeddable":true,"href":"https:\/\/www.ewigerbund.org\/bayern\/wp-json\/wp\/v2\/media\/3360"}],"wp:attachment":[{"href":"https:\/\/www.ewigerbund.org\/bayern\/wp-json\/wp\/v2\/media?parent=2379"}],"wp:term":[{"taxonomy":"category","embeddable":true,"href":"https:\/\/www.ewigerbund.org\/bayern\/wp-json\/wp\/v2\/categories?post=2379"},{"taxonomy":"post_tag","embeddable":true,"href":"https:\/\/www.ewigerbund.org\/bayern\/wp-json\/wp\/v2\/tags?post=2379"}],"curies":[{"name":"wp","href":"https:\/\/api.w.org\/{rel}","templated":true}]}}