{"id":234,"date":"2022-08-09T20:39:50","date_gmt":"2022-08-09T18:39:50","guid":{"rendered":"https:\/\/www.ewigerbund.org\/bayern\/?page_id=234"},"modified":"2024-02-06T21:23:55","modified_gmt":"2024-02-06T20:23:55","slug":"friedrich-von-oesterreich-und-ludwig-von-bayern","status":"publish","type":"page","link":"https:\/\/www.ewigerbund.org\/bayern\/geschichte\/friedrich-von-oesterreich-und-ludwig-von-bayern\/","title":{"rendered":"1314-1347. Friedrich von \u00d6sterreich und Ludwig von Bayern."},"content":{"rendered":"<div class=\"gb-container gb-container-260e799e\"><div class=\"gb-inside-container\">\n\n<h2 class=\"gb-headline gb-headline-1d66557c gb-headline-text\">1314-1347. Friedrich von \u00d6sterreich und Ludwig von Bayern.<\/h2>\n\n\n\n<p><a href=\"https:\/\/www.ewigerbund.org\/bayern\/geschichte\/heinrich-xiii-in-niederbayern\/\">Heinrichs <\/a>Tod war f\u00fcr Deutschland ein Ungl\u00fcck; denn es kam nun zu einer Doppelwahl. Die Mehrheit stimmte f\u00fcr den <a href=\"https:\/\/www.ewigerbund.org\/bayern\/geschichte\/ludwig-der-bayer\/\">Herzog Ludwig von Bayern<\/a> und die \u00fcbrigen, darunter Ludwigs eigener Bruder <a href=\"https:\/\/www.ewigerbund.org\/bayern\/geschichte\/oberbayern-unter-rudolf-ii-dem-stammler\/\">Rudolf<\/a>, f\u00fcr den Herzog Friedrich den Sch\u00f6nen von \u00d6sterreich.<\/p>\n\n\n\n<p>Bei der ersten Theilung Bayerns 1255 hatte <a href=\"https:\/\/www.ewigerbund.org\/bayern\/geschichte\/ludwig-der-strenge-herzog-in-oberbayern\/\">Ludwig der Strenge<\/a> (von 1255-1294), der sich seinen Beinamen durch die Hinrichtung seiner unschuldigen Gemahlin Maria von Brabant erwarb, Oberbayern und die Rheinpfalz und <a href=\"https:\/\/www.ewigerbund.org\/bayern\/geschichte\/heinrich-xiii-in-niederbayern\/\">Heinrich XIII.<\/a> Niederbayern erhalten. Ludwigs S\u00f6hne <a href=\"https:\/\/www.ewigerbund.org\/bayern\/geschichte\/oberbayern-unter-rudolf-ii-dem-stammler\/\">Rudolf <\/a>und Ludwig der Bayer regierten anfangs gemeinschaftlich, theilten sich aber 1310 in Folge einer eigenm\u00e4chtigen Verf\u00fcgung <a href=\"https:\/\/www.ewigerbund.org\/bayern\/geschichte\/oberbayern-unter-rudolf-ii-dem-stammler\/\">Rudolfs<\/a> \u00fcber pf\u00e4lzische G\u00fcter so das Land, da\u00df <a href=\"https:\/\/www.ewigerbund.org\/bayern\/geschichte\/oberbayern-unter-rudolf-ii-dem-stammler\/\">Rudolf <\/a>den gr\u00f6\u00dften Theil von Oberbayern, die Rheinpfalz und die Kurw\u00fcrde erhielt, w\u00e4hrend der Rest von Oberbayern Ludwig dem Bayern zufiel. Letzteren \u00fcbertrug 1312 der <a href=\"https:\/\/www.ewigerbund.org\/bayern\/geschichte\/otto-der-erlauchte-bayern-und-die-pfalz\/\">Herzog Otto IV.<\/a> von Niederbayern die Vormundschaft \u00fcber die drei noch unm\u00fcndigen Erben von Niederbayern, und da der Adel von Niederbayern dieselbe nach <a href=\"https:\/\/www.ewigerbund.org\/bayern\/geschichte\/otto-der-erlauchte-bayern-und-die-pfalz\/\">Ottos<\/a> Tode dem Herzog Friedrich dem Sch\u00f6nen von \u00d6sterreich \u00fcbertrug, so kam es zwischen Ludwig und Friedrich zu dem sogenannten Vormundschaftskrieg. Bei Gammelsdorf, unweit Moosburg in Oberbayern, wurde Friedrich 1313 besiegt, worauf er unter der Bedingung auf die Vormundschaft verzichtete, da\u00df Ludwig ihm bei der Kaiserwahl seine Stimme gebe. In demselben Jahre hoben <a href=\"https:\/\/www.ewigerbund.org\/bayern\/geschichte\/oberbayern-unter-rudolf-ii-dem-stammler\/\">Rudolf<\/a> und Ludwig die Theilung von 1310 auf und regierten wieder gemeinschaftlich. Als aber 1314 Ludwig, gedr\u00e4ngt von seiner Partei, die Kaiserkrone annahm, entzweiten sich die Br\u00fcder so, dass <a href=\"https:\/\/www.ewigerbund.org\/bayern\/geschichte\/oberbayern-unter-rudolf-ii-dem-stammler\/\">Rudolf<\/a> das Land verlassen mu\u00dfte und 1321 in \u00d6sterreich starb.<\/p>\n\n\n\n<p>Die Folge der Kaiserwahl war, da\u00df der Krieg zwischen Ludwig und Friedrich abermals entbrannte, und erst 1322 kam es zur Entscheidungsschlacht bei M\u00fchldorf und Ampfing. Ludwig, f\u00fcr den die B\u00f6hmen, der Burggraf von N\u00fcrnberg, Heinrich von Niederbayern und die treuen St\u00e4dte k\u00e4mpften, blieb durch die Kriegskunst des erfahrenen N\u00fcrnberger Feldhauptmanns Friedrich Schweppermann Sieger, und Friedrich der Sch\u00f6ne wurde gefangen genommen und auf die feste Burg Trausnitz bei Nabburg in ritterliche Haft gebracht. Friedrichs Bruder Leopold f\u00fchrte jedoch den Krieg fort und verband sich mit dem K\u00f6nig Karl IV. von Frankreich und dem zu Avignon in Frankreich residierenden Papst Johann XXII. Letzterer schleuderte gegen Ludwig den Bann, belegte sein Land mit dem Interdikt, reizte die Polen zu einem Einfall in Brandenburg, mit welcher Mark Ludwig seinen \u00e4ltesten Sohn Ludwig 1324 belehnt hatte, und forderte die Kurf\u00fcrsten auf, dem franz\u00f6sischen K\u00f6nig die deutsche Krone zu \u00fcbertragen. Um mit seinen verschiedenen Gegnern eher fertig zu werden, suchte sich Ludwig mit der \u00f6sterreichischen Partei auszus\u00f6hnen. Er gab Friedrich dem Sch\u00f6nen die Freiheit, wogegen dieser seinen Bruder Leopold zum Frieden bewegen sollte. Da dies Friedrich nicht gelang, so kehrte er, dem Trausnitzer Vertrage gem\u00e4\u00df, in die Gefangenschaft zur\u00fcck, worauf Ludwig die Regierung des Reiches mit ihm theilte, obwohl die Kurf\u00fcrsten hierzu nie ihre Einwilligung gaben.<\/p>\n\n\n\n<p>Hierauf unternahm Ludwig einen R\u00f6merzug, empfing zu Mailand die eiserne und zu Rom 1328 die Kaiserkrone, setzte einen Gegenpapst ein und vers\u00f6hnte sich auf dem Heimwege am 4. August 1329 mit den S\u00f6hnen seines inzwischen verstorbenen Bruders <a href=\"https:\/\/www.ewigerbund.org\/bayern\/geschichte\/oberbayern-unter-rudolf-ii-dem-stammler\/\">Rudolf<\/a> durch den f\u00fcr Bayern sehr wichtigen <a href=\"https:\/\/www.ewigerbund.org\/bayern\/geschichte\/der-vertrag-von-pavia\/\">Hausvertrag von Pavia<\/a>.<\/p>\n\n\n\n<p>Durch diesen wurde die Rheinpfalz mit der Hauptstadt Heidelberg und der gr\u00f6\u00dfte Theil des Nordgaues (der Oberpfalz) von Oberbayern getrennt und den S\u00f6hnen <a href=\"https:\/\/www.ewigerbund.org\/bayern\/geschichte\/oberbayern-unter-rudolf-ii-dem-stammler\/\">Rudolfs<\/a> \u00fcbergeben. Die Kurw\u00fcrde sollte von nun an zwischen Bayern und der Pfalz abwechseln, und f\u00fcr den Fall des Aussterbens der einen oder andern Linie wurde gegenseitige Erbfolge festgesetzt.<\/p>\n\n\n\n<p>Da Ludwig auch nach seiner R\u00fcckkehr von Rom, obwohl er sich zur Kirchenbu\u00dfe und zum Huldigungseid erbot, keine Auss\u00f6hnung mit dem p\u00e4pstlichen Stuhle zu Avignon herbeif\u00fchren konnte, so legte er den ganzen Streit auf dem Reichstage zu Frankfurt der Versammlung vor, und diese erkl\u00e4rte, da\u00df der Kaiser alles gethan habe, was nur von ihm verlangt werden k\u00f6nne, und da\u00df diejenigen Geistlichen, die dem Interdikte Folge leisteten, verjagt werden sollen. Und noch in demselben Jahre erkl\u00e4rten die Kurf\u00fcrsten zu Rense am Rhein, da\u00df die Kaiserliche Gewalt von Gott komme und nicht vom Papste, und dass derjenige, welcher von s\u00e4mtlichen Wahlf\u00fcrsten, oder der Mehrzahl derselben auch in Zwiespalt gew\u00e4hlt sei, zur F\u00fchrung des K\u00f6nigstitels und Reichsgewalt die p\u00e4pstliche Best\u00e4tigung nicht bed\u00fcrfe.<\/p>\n\n\n\n<p>Ludwig konnte sich nunmehr auch auf seine eigene Macht mehr verlassen, da dieselbe bedeutend zugenommen hatte. Schon 1324 hatte er seinem Sohne Ludwig die erledigte Mark Brandenburg gegeben. 1340 fiel ihm Niederbayern zu, 1342 brachte er, indem er eigenm\u00e4chtig die Ehe der Gr\u00e4fin Margaretha Maultasche von Tyrol mit Johann von B\u00f6hmen l\u00f6ste und erstere mit seinem eigenen Sohn Ludwig verheiratete, auch Tirol an sein Haus, und nach dem Tode seines Schwagers, des Grafen von Holland, fielen ihm die niederl\u00e4ndischen Grafschaften Holland, Seeland, Hennegau und Friesland zu.<\/p>\n\n\n\n<p>Durch diese L\u00e4ndererwerbungen verlor Ludwig die Gunst manches Kurf\u00fcrsten, und da er durch die Trennung der Ehe zwischen Margaretha von Tyrol und Johann von B\u00f6hmen auch den Papst Clemens VI. erz\u00fcrnte, so belegte ihn dieser abermals mit dem gro\u00dfen Kirchenbanne und gewann f\u00fcnf Kurf\u00fcrsten f\u00fcr sich, welche hierauf zu Rense 1346 Ludwig f\u00fcr abgesetzt erkl\u00e4rten und den b\u00f6hmisch-luxemburgischen Prinzen Karl zum K\u00f6nige w\u00e4hlten.<\/p>\n\n\n\n<p>Bei dieser Wahl fiel das deutsche Reichsbanner in den Rhein und konnte nicht wieder gefunden werden. Da jedoch mehrere Kurf\u00fcrsten und vor allem die St\u00e4dte, denen Ludwig stets ein wohlgesinnter Kaiser war, diesem treu blieben, so konnte Karl trotz aller Schliche und Wendungen nicht aufkommen, so lange Ludwig lebte. Auf einer B\u00e4renjagd endete ein pl\u00f6tzlicher Tod am 11.10.1347 bei F\u00fcrstenfeld unweit M\u00fcnchen das bewegte Leben dieses Kaisers; seine dankbaren M\u00fcnchner geleiteten die Leiche in feierlichem Zuge in ihre Stadt, und <a href=\"https:\/\/www.ewigerbund.org\/bayern\/geschichte\/kurfuerst-maximilian-i-von-bayern\/\">Kurf\u00fcrst Max I.<\/a> lie\u00df seinem gro\u00dfen Ahnen nachmals in der Frauenkirche zu M\u00fcnchen ein w\u00fcrdiges Denkmal errichten.<\/p>\n\n\n\n<p>Der gro\u00dfe L\u00e4nderbesitz, den Ludwig seinen sechs S\u00f6hnen hinterlie\u00df (circa 1200 Quadratmeilen), sollte jedoch nicht lange Bestand haben. Schon am 13. Sept. 1349 erfolgte zu Landsberg die zweite Theilung Bayerns, wodurch Ludwig der Brandenburger, Ludwig der R\u00f6mer und Otto Oberbayern, Brandenburg und Tyrol, und Stephan mit der Haste, Wilhelm und Albrecht Niederbayern und Holland erhielten, und da bald darauf zwei weitere Theilungen stattfanden, indem Ludwig der Brandenburger zu Luckau am 24. Dez. 1351 seinen beiden Mitregenten Brandenburg, und Stephan den seinen zu Regensburg am 3. Juni 1353 Holland und den \u00f6stlichsten Theil von Niederbayern mit Straubing abtrat, so entstanden aus der Erbschaft Ludwigs des Bayern vier Linien: Oberbayern-Tirol, Brandenburg, Niederbayern-Landshut und Niederbayern-Straubing-Holland, was zur Folge hatte, da\u00df die Nebenl\u00e4nder bald ganz f\u00fcr das Haus Wittelsbach verloren gingen.<\/p>\n\n\n\n<p>Als 1363 die Linie Oberbayern erlosch, kam Tyrol an \u00d6sterreich. Brandenburg wu\u00dfte Karl IV. 1373 f\u00fcr seine S\u00f6hne zu erwerben. Holland fiel 1433 an Burgund, und nur Bayern-Straubing fiel nach dem Aussterben dieser Linie im Mannesstamme 1425 die \u00fcbrigen Linien Bayerns zur\u00fcck. Das 1363 wieder vereinigte Ober- und Niederbayern wurde aber am 19. Nov. 1392 zum dritten mal geteilt (in Bayern \u2013 M\u00fcnchen, Landshut und Ingolstadt), und erst 1506 kam eine bleibende Vereinigung zu Stande.<\/p>\n\n\n<div class=\"gb-button-wrapper gb-button-wrapper-275fbf16\">\n\n<a class=\"gb-button gb-button-31e542d4 gb-button-text\" href=\"https:\/\/forum.bayern.ewigerbund.org\/viewtopic.php?t=149\" target=\"_blank\" rel=\"noopener noreferrer\">Dieser Beitrag hat dir gefallen? Hier kommentieren.<\/a>\n\n<\/div>\n\n\n<p class=\"has-small-font-size\"><em>Quelle: Deutsche Geschichte in Verbindung mit dem Wichtigsten aus der bayerischen Geschichte Karl Keppel 1875. Seite 105-108.<\/em><\/p>\n\n<\/div><\/div>","protected":false},"excerpt":{"rendered":"<p>1314-1347. Friedrich von \u00d6sterreich und Ludwig von Bayern. Heinrichs Tod war f\u00fcr Deutschland ein Ungl\u00fcck; denn es kam nun zu einer Doppelwahl. Die Mehrheit stimmte f\u00fcr den Herzog Ludwig von Bayern und die \u00fcbrigen, darunter Ludwigs eigener Bruder Rudolf, f\u00fcr den Herzog Friedrich den Sch\u00f6nen von \u00d6sterreich. Bei der ersten Theilung Bayerns 1255 hatte Ludwig &#8230; <a title=\"1314-1347. Friedrich von \u00d6sterreich und Ludwig von Bayern.\" class=\"read-more\" href=\"https:\/\/www.ewigerbund.org\/bayern\/geschichte\/friedrich-von-oesterreich-und-ludwig-von-bayern\/\" aria-label=\"Mehr zu 1314-1347. Friedrich von \u00d6sterreich und Ludwig von Bayern.\">Weiterlesen &#8230;<\/a><\/p>\n","protected":false},"author":1,"featured_media":3216,"parent":215,"menu_order":5,"comment_status":"closed","ping_status":"closed","template":"","meta":{"footnotes":""},"categories":[6,5,7],"tags":[171,26,156,22,170,139,140,23,31,141],"class_list":["post-234","page","type-page","status-publish","has-post-thumbnail","hentry","category-bayern","category-bundesstaat","category-geschichte","tag-bayern","tag-entscheidungsschlacht","tag-frankreich","tag-friedrich-von-oesterreich","tag-hausvertrag-von-pavia","tag-herzog-otto-iv","tag-koenig-karl-iv","tag-ludwig-von-bayern","tag-pfalz","tag-polen"],"yoast_head":"<!-- This site is optimized with the Yoast SEO plugin v23.1 - https:\/\/yoast.com\/wordpress\/plugins\/seo\/ -->\n<title>1314-1347. Friedrich von \u00d6sterreich und Ludwig von Bayern. - K\u00f6nigreich Bayern<\/title>\n<meta name=\"robots\" content=\"index, follow, max-snippet:-1, max-image-preview:large, max-video-preview:-1\" \/>\n<link rel=\"canonical\" href=\"https:\/\/www.ewigerbund.org\/bayern\/geschichte\/friedrich-von-oesterreich-und-ludwig-von-bayern\/\" \/>\n<meta property=\"og:locale\" content=\"de_DE\" \/>\n<meta property=\"og:type\" content=\"article\" \/>\n<meta property=\"og:title\" content=\"1314-1347. Friedrich von \u00d6sterreich und Ludwig von Bayern. - K\u00f6nigreich Bayern\" \/>\n<meta property=\"og:description\" content=\"1314-1347. Friedrich von \u00d6sterreich und Ludwig von Bayern. Heinrichs Tod war f\u00fcr Deutschland ein Ungl\u00fcck; denn es kam nun zu einer Doppelwahl. Die Mehrheit stimmte f\u00fcr den Herzog Ludwig von Bayern und die \u00fcbrigen, darunter Ludwigs eigener Bruder Rudolf, f\u00fcr den Herzog Friedrich den Sch\u00f6nen von \u00d6sterreich. Bei der ersten Theilung Bayerns 1255 hatte Ludwig ... Weiterlesen ...\" \/>\n<meta property=\"og:url\" content=\"https:\/\/www.ewigerbund.org\/bayern\/geschichte\/friedrich-von-oesterreich-und-ludwig-von-bayern\/\" \/>\n<meta property=\"og:site_name\" content=\"K\u00f6nigreich Bayern\" \/>\n<meta property=\"article:modified_time\" content=\"2024-02-06T20:23:55+00:00\" \/>\n<meta property=\"og:image\" content=\"https:\/\/www.ewigerbund.org\/bayern\/wp-content\/uploads\/sites\/12\/2023\/07\/1314-1347.jpg\" \/>\n\t<meta property=\"og:image:width\" content=\"1200\" \/>\n\t<meta property=\"og:image:height\" content=\"680\" \/>\n\t<meta property=\"og:image:type\" content=\"image\/jpeg\" \/>\n<meta name=\"twitter:card\" content=\"summary_large_image\" \/>\n<meta name=\"twitter:label1\" content=\"Gesch\u00e4tzte Lesezeit\" \/>\n\t<meta name=\"twitter:data1\" content=\"7\u00a0Minuten\" \/>\n<script type=\"application\/ld+json\" class=\"yoast-schema-graph\">{\"@context\":\"https:\/\/schema.org\",\"@graph\":[{\"@type\":\"WebPage\",\"@id\":\"https:\/\/www.ewigerbund.org\/bayern\/geschichte\/friedrich-von-oesterreich-und-ludwig-von-bayern\/\",\"url\":\"https:\/\/www.ewigerbund.org\/bayern\/geschichte\/friedrich-von-oesterreich-und-ludwig-von-bayern\/\",\"name\":\"1314-1347. Friedrich von \u00d6sterreich und Ludwig von Bayern. - K\u00f6nigreich Bayern\",\"isPartOf\":{\"@id\":\"https:\/\/www.ewigerbund.org\/bayern\/#website\"},\"primaryImageOfPage\":{\"@id\":\"https:\/\/www.ewigerbund.org\/bayern\/geschichte\/friedrich-von-oesterreich-und-ludwig-von-bayern\/#primaryimage\"},\"image\":{\"@id\":\"https:\/\/www.ewigerbund.org\/bayern\/geschichte\/friedrich-von-oesterreich-und-ludwig-von-bayern\/#primaryimage\"},\"thumbnailUrl\":\"https:\/\/www.ewigerbund.org\/bayern\/wp-content\/uploads\/sites\/12\/2023\/07\/1314-1347.jpg\",\"datePublished\":\"2022-08-09T18:39:50+00:00\",\"dateModified\":\"2024-02-06T20:23:55+00:00\",\"breadcrumb\":{\"@id\":\"https:\/\/www.ewigerbund.org\/bayern\/geschichte\/friedrich-von-oesterreich-und-ludwig-von-bayern\/#breadcrumb\"},\"inLanguage\":\"de\",\"potentialAction\":[{\"@type\":\"ReadAction\",\"target\":[\"https:\/\/www.ewigerbund.org\/bayern\/geschichte\/friedrich-von-oesterreich-und-ludwig-von-bayern\/\"]}]},{\"@type\":\"ImageObject\",\"inLanguage\":\"de\",\"@id\":\"https:\/\/www.ewigerbund.org\/bayern\/geschichte\/friedrich-von-oesterreich-und-ludwig-von-bayern\/#primaryimage\",\"url\":\"https:\/\/www.ewigerbund.org\/bayern\/wp-content\/uploads\/sites\/12\/2023\/07\/1314-1347.jpg\",\"contentUrl\":\"https:\/\/www.ewigerbund.org\/bayern\/wp-content\/uploads\/sites\/12\/2023\/07\/1314-1347.jpg\",\"width\":1200,\"height\":680,\"caption\":\"1314-1347\"},{\"@type\":\"BreadcrumbList\",\"@id\":\"https:\/\/www.ewigerbund.org\/bayern\/geschichte\/friedrich-von-oesterreich-und-ludwig-von-bayern\/#breadcrumb\",\"itemListElement\":[{\"@type\":\"ListItem\",\"position\":1,\"name\":\"Startseite\",\"item\":\"https:\/\/www.ewigerbund.org\/bayern\/\"},{\"@type\":\"ListItem\",\"position\":2,\"name\":\"Geschichte\",\"item\":\"https:\/\/www.ewigerbund.org\/bayern\/geschichte\/\"},{\"@type\":\"ListItem\",\"position\":3,\"name\":\"1314-1347. Friedrich von \u00d6sterreich und Ludwig von Bayern.\"}]},{\"@type\":\"WebSite\",\"@id\":\"https:\/\/www.ewigerbund.org\/bayern\/#website\",\"url\":\"https:\/\/www.ewigerbund.org\/bayern\/\",\"name\":\"K\u00f6nigreich Bayern\",\"description\":\"im ewigen Bund.\",\"publisher\":{\"@id\":\"https:\/\/www.ewigerbund.org\/bayern\/#organization\"},\"potentialAction\":[{\"@type\":\"SearchAction\",\"target\":{\"@type\":\"EntryPoint\",\"urlTemplate\":\"https:\/\/www.ewigerbund.org\/bayern\/?s={search_term_string}\"},\"query-input\":\"required name=search_term_string\"}],\"inLanguage\":\"de\"},{\"@type\":\"Organization\",\"@id\":\"https:\/\/www.ewigerbund.org\/bayern\/#organization\",\"name\":\"K\u00f6nigreich Bayern\",\"url\":\"https:\/\/www.ewigerbund.org\/bayern\/\",\"logo\":{\"@type\":\"ImageObject\",\"inLanguage\":\"de\",\"@id\":\"https:\/\/www.ewigerbund.org\/bayern\/#\/schema\/logo\/image\/\",\"url\":\"https:\/\/www.ewigerbund.org\/bayern\/wp-content\/uploads\/sites\/12\/2023\/02\/2023-02-24-Logo-EB-Bayern-Schutzzone_Schatten_BGweiss_V2_1200px.png\",\"contentUrl\":\"https:\/\/www.ewigerbund.org\/bayern\/wp-content\/uploads\/sites\/12\/2023\/02\/2023-02-24-Logo-EB-Bayern-Schutzzone_Schatten_BGweiss_V2_1200px.png\",\"width\":1200,\"height\":1200,\"caption\":\"K\u00f6nigreich Bayern\"},\"image\":{\"@id\":\"https:\/\/www.ewigerbund.org\/bayern\/#\/schema\/logo\/image\/\"}}]}<\/script>\n<!-- \/ Yoast SEO plugin. -->","yoast_head_json":{"title":"1314-1347. Friedrich von \u00d6sterreich und Ludwig von Bayern. - K\u00f6nigreich Bayern","robots":{"index":"index","follow":"follow","max-snippet":"max-snippet:-1","max-image-preview":"max-image-preview:large","max-video-preview":"max-video-preview:-1"},"canonical":"https:\/\/www.ewigerbund.org\/bayern\/geschichte\/friedrich-von-oesterreich-und-ludwig-von-bayern\/","og_locale":"de_DE","og_type":"article","og_title":"1314-1347. Friedrich von \u00d6sterreich und Ludwig von Bayern. - K\u00f6nigreich Bayern","og_description":"1314-1347. Friedrich von \u00d6sterreich und Ludwig von Bayern. Heinrichs Tod war f\u00fcr Deutschland ein Ungl\u00fcck; denn es kam nun zu einer Doppelwahl. Die Mehrheit stimmte f\u00fcr den Herzog Ludwig von Bayern und die \u00fcbrigen, darunter Ludwigs eigener Bruder Rudolf, f\u00fcr den Herzog Friedrich den Sch\u00f6nen von \u00d6sterreich. Bei der ersten Theilung Bayerns 1255 hatte Ludwig ... Weiterlesen ...","og_url":"https:\/\/www.ewigerbund.org\/bayern\/geschichte\/friedrich-von-oesterreich-und-ludwig-von-bayern\/","og_site_name":"K\u00f6nigreich Bayern","article_modified_time":"2024-02-06T20:23:55+00:00","og_image":[{"width":1200,"height":680,"url":"https:\/\/www.ewigerbund.org\/bayern\/wp-content\/uploads\/sites\/12\/2023\/07\/1314-1347.jpg","type":"image\/jpeg"}],"twitter_card":"summary_large_image","twitter_misc":{"Gesch\u00e4tzte Lesezeit":"7\u00a0Minuten"},"schema":{"@context":"https:\/\/schema.org","@graph":[{"@type":"WebPage","@id":"https:\/\/www.ewigerbund.org\/bayern\/geschichte\/friedrich-von-oesterreich-und-ludwig-von-bayern\/","url":"https:\/\/www.ewigerbund.org\/bayern\/geschichte\/friedrich-von-oesterreich-und-ludwig-von-bayern\/","name":"1314-1347. Friedrich von \u00d6sterreich und Ludwig von Bayern. - K\u00f6nigreich Bayern","isPartOf":{"@id":"https:\/\/www.ewigerbund.org\/bayern\/#website"},"primaryImageOfPage":{"@id":"https:\/\/www.ewigerbund.org\/bayern\/geschichte\/friedrich-von-oesterreich-und-ludwig-von-bayern\/#primaryimage"},"image":{"@id":"https:\/\/www.ewigerbund.org\/bayern\/geschichte\/friedrich-von-oesterreich-und-ludwig-von-bayern\/#primaryimage"},"thumbnailUrl":"https:\/\/www.ewigerbund.org\/bayern\/wp-content\/uploads\/sites\/12\/2023\/07\/1314-1347.jpg","datePublished":"2022-08-09T18:39:50+00:00","dateModified":"2024-02-06T20:23:55+00:00","breadcrumb":{"@id":"https:\/\/www.ewigerbund.org\/bayern\/geschichte\/friedrich-von-oesterreich-und-ludwig-von-bayern\/#breadcrumb"},"inLanguage":"de","potentialAction":[{"@type":"ReadAction","target":["https:\/\/www.ewigerbund.org\/bayern\/geschichte\/friedrich-von-oesterreich-und-ludwig-von-bayern\/"]}]},{"@type":"ImageObject","inLanguage":"de","@id":"https:\/\/www.ewigerbund.org\/bayern\/geschichte\/friedrich-von-oesterreich-und-ludwig-von-bayern\/#primaryimage","url":"https:\/\/www.ewigerbund.org\/bayern\/wp-content\/uploads\/sites\/12\/2023\/07\/1314-1347.jpg","contentUrl":"https:\/\/www.ewigerbund.org\/bayern\/wp-content\/uploads\/sites\/12\/2023\/07\/1314-1347.jpg","width":1200,"height":680,"caption":"1314-1347"},{"@type":"BreadcrumbList","@id":"https:\/\/www.ewigerbund.org\/bayern\/geschichte\/friedrich-von-oesterreich-und-ludwig-von-bayern\/#breadcrumb","itemListElement":[{"@type":"ListItem","position":1,"name":"Startseite","item":"https:\/\/www.ewigerbund.org\/bayern\/"},{"@type":"ListItem","position":2,"name":"Geschichte","item":"https:\/\/www.ewigerbund.org\/bayern\/geschichte\/"},{"@type":"ListItem","position":3,"name":"1314-1347. Friedrich von \u00d6sterreich und Ludwig von Bayern."}]},{"@type":"WebSite","@id":"https:\/\/www.ewigerbund.org\/bayern\/#website","url":"https:\/\/www.ewigerbund.org\/bayern\/","name":"K\u00f6nigreich Bayern","description":"im ewigen Bund.","publisher":{"@id":"https:\/\/www.ewigerbund.org\/bayern\/#organization"},"potentialAction":[{"@type":"SearchAction","target":{"@type":"EntryPoint","urlTemplate":"https:\/\/www.ewigerbund.org\/bayern\/?s={search_term_string}"},"query-input":"required name=search_term_string"}],"inLanguage":"de"},{"@type":"Organization","@id":"https:\/\/www.ewigerbund.org\/bayern\/#organization","name":"K\u00f6nigreich Bayern","url":"https:\/\/www.ewigerbund.org\/bayern\/","logo":{"@type":"ImageObject","inLanguage":"de","@id":"https:\/\/www.ewigerbund.org\/bayern\/#\/schema\/logo\/image\/","url":"https:\/\/www.ewigerbund.org\/bayern\/wp-content\/uploads\/sites\/12\/2023\/02\/2023-02-24-Logo-EB-Bayern-Schutzzone_Schatten_BGweiss_V2_1200px.png","contentUrl":"https:\/\/www.ewigerbund.org\/bayern\/wp-content\/uploads\/sites\/12\/2023\/02\/2023-02-24-Logo-EB-Bayern-Schutzzone_Schatten_BGweiss_V2_1200px.png","width":1200,"height":1200,"caption":"K\u00f6nigreich Bayern"},"image":{"@id":"https:\/\/www.ewigerbund.org\/bayern\/#\/schema\/logo\/image\/"}}]}},"_links":{"self":[{"href":"https:\/\/www.ewigerbund.org\/bayern\/wp-json\/wp\/v2\/pages\/234","targetHints":{"allow":["GET"]}}],"collection":[{"href":"https:\/\/www.ewigerbund.org\/bayern\/wp-json\/wp\/v2\/pages"}],"about":[{"href":"https:\/\/www.ewigerbund.org\/bayern\/wp-json\/wp\/v2\/types\/page"}],"author":[{"embeddable":true,"href":"https:\/\/www.ewigerbund.org\/bayern\/wp-json\/wp\/v2\/users\/1"}],"replies":[{"embeddable":true,"href":"https:\/\/www.ewigerbund.org\/bayern\/wp-json\/wp\/v2\/comments?post=234"}],"version-history":[{"count":13,"href":"https:\/\/www.ewigerbund.org\/bayern\/wp-json\/wp\/v2\/pages\/234\/revisions"}],"predecessor-version":[{"id":5142,"href":"https:\/\/www.ewigerbund.org\/bayern\/wp-json\/wp\/v2\/pages\/234\/revisions\/5142"}],"up":[{"embeddable":true,"href":"https:\/\/www.ewigerbund.org\/bayern\/wp-json\/wp\/v2\/pages\/215"}],"wp:featuredmedia":[{"embeddable":true,"href":"https:\/\/www.ewigerbund.org\/bayern\/wp-json\/wp\/v2\/media\/3216"}],"wp:attachment":[{"href":"https:\/\/www.ewigerbund.org\/bayern\/wp-json\/wp\/v2\/media?parent=234"}],"wp:term":[{"taxonomy":"category","embeddable":true,"href":"https:\/\/www.ewigerbund.org\/bayern\/wp-json\/wp\/v2\/categories?post=234"},{"taxonomy":"post_tag","embeddable":true,"href":"https:\/\/www.ewigerbund.org\/bayern\/wp-json\/wp\/v2\/tags?post=234"}],"curies":[{"name":"wp","href":"https:\/\/api.w.org\/{rel}","templated":true}]}}