{"id":223,"date":"2022-08-09T19:51:51","date_gmt":"2022-08-09T17:51:51","guid":{"rendered":"https:\/\/www.ewigerbund.org\/bayern\/?page_id=223"},"modified":"2023-11-07T23:12:15","modified_gmt":"2023-11-07T22:12:15","slug":"rudolf-von-habsburg","status":"publish","type":"page","link":"https:\/\/www.ewigerbund.org\/bayern\/geschichte\/rudolf-von-habsburg\/","title":{"rendered":"1273-1291. Rudolf von Habsburg."},"content":{"rendered":"<div class=\"gb-container gb-container-636dafa6\"><div class=\"gb-inside-container\">\n\n<h2 class=\"wp-block-heading\">1273-1291. Rudolf von Habsburg.<\/h2>\n\n\n\n<p>Gegen Ende des 13. Jahrhunderts sank in Deutschland das kaiserliche Ansehen immer mehr. Die m\u00e4chtigen Gro\u00dfen des Reiches taten, was ihnen beliebte, niemand wollte mehr gehorchen. Da kein deutscher F\u00fcrst die Kaiserkrone tragen mochte, so wurden nacheinander zwei Ausl\u00e4nder gew\u00e4hlt. Das waren aber nur Scheinkaiser. Sie hielten sich von Deutschland fern und dasselbe war in der Tat kaiserlos. Dies war eine schreckliche Zeit, es galt kein Recht und kein Gesetz. Es gab keine Richter. Jeder half sich selbst, jeden Streit entschieden die F\u00e4uste und die st\u00e4rkste behielt Recht.<\/p>\n\n\n\n<p>In dieser Not versammelten sich die Reichsf\u00fcrsten im Jahre 1273 wieder zur Kaiserwahl. Der Erzbischof Werner von Mainz brachte den Grafen Rudolf von Habsburg in der Schweiz in Vorschlag. Der Graf war nicht m\u00e4chtig an Land und Leuten, aber ein gar tapferer, kluger und biederer Herr. Auch r\u00fchmte man seine Fr\u00f6mmigkeit. Werner hatte Rudolf auf einer Reise nach Rom kennengelernt. An der Habsburg vor\u00fcberziehend, bat er den Grafen um sicheres Geleit durch die gef\u00e4hrlichen Alpent\u00e4ler. Rudolf brachte den Erzbischof ungef\u00e4hrdet \u00fcber die Alpen. Da sagte Werner beim Abschied: \u201eWollte Gott, Herr Graf, ich lebte so lange, dass ich euch diesen Dienst vergelten k\u00f6nnte!\u201c Jetzt gedachte der Erzbischof dieses Versprechens und der Graf von Habsburg wurde deutscher Kaiser.<\/p>\n\n\n\n<p>Rudolf lag eben mit seinem Kriegsvolke vor der Stadt Basel, deren B\u00fcrger einige von seinen Leuten erschlagen und andere verjagt hatten. Dahin \u00fcberbrachte ihm der Burggraf zu N\u00fcrnberg Friedrich von Zollern die Botschaft. Rudolf nahm die Krone an. Die Stadt \u00f6ffnete die Tore, lie\u00df den Kaiser einziehen und schenkte ihm 900 Mark Silber als Beitrag zu den Kr\u00f6nungskosten.<\/p>\n\n\n\n<p>Hierauf begab sich Rudolf mit einem zahlreichen Gefolge nach Aachen, wo ihn der Erzbischof von K\u00f6ln am 28. Oktober 1273 feierlich kr\u00f6nte. Als die F\u00fcrsten dem neuen Kaiser Treue schworen, fand man im Augenblicke das Reichszepter nicht, auf welches der Eid geleistet werden sollte. Da ergriff Rudolf rasch ein Kruzifix und sprach: \u201eDieses Zeichen, in welchem wir und die ganze Welt erl\u00f6set sind wird ja wohl die Stelle des Zepters vertreten k\u00f6nnen.\u201c Festlichkeiten aller Art verherrlichten Rudolfs Kr\u00f6nung. Das Volk wurde gespeist und 2.000 Mark Silber unter dasselbe verteilt. F\u00fcnf Tage w\u00e4hrte das Ritterspiel.<\/p>\n\n\n\n<p>Der neue Kaiser stellte nun Recht und Gesetz im Reiche wieder her. Er zerst\u00f6rte die Schl\u00f6sser der Raubritter, welche von ihren Burgen herab St\u00e4dte und D\u00f6rfer \u00fcberfallen und den Landfrieden gebrochen hatten. Die sich nicht reuig zeigten lie\u00df er hinrichten. Gegen den stolzen K\u00f6nig Ottokar von B\u00f6hmen, der den armen Schweizergrafen nicht als Kaiser anerkennen wollte, zog er ins Feld. Er besiegte ihn, nahm ihm die Herzogt\u00fcmer \u00d6sterreich, Steiermark, K\u00e4rnten und Krain ab und belehnte damit seine S\u00f6hne. Diese L\u00e4nder blieben fortan im Besitze seiner Nachkommen und so wurde Rudolf der Gr\u00fcnder Habsburgischen Hauses das heute noch in \u00d6sterreich regiert.<\/p>\n\n\n<div class=\"gb-button-wrapper gb-button-wrapper-75abd868\">\n\n<a class=\"gb-button gb-button-e7a4de92 gb-button-text\" href=\"https:\/\/forum.bayern.ewigerbund.org\/viewtopic.php?t=147\" target=\"_blank\" rel=\"noopener noreferrer\">Dieser Beitrag hat dir gefallen? Hier kommentieren.<\/a>\n\n<\/div>\n\n\n<p class=\"has-small-font-size\"><em>Quelle: Deutsches Lesebuch. F\u00fcr das Bed\u00fcrfni\u00df ungetheilter Volksschulen bearbeitet. Zweiter Theil: Realienbuch (Ausgabe f\u00fcr protestantische Schulen) Seite 271-272, M\u00fcnchen 1879<\/em>.<\/p>\n\n\n\n<p class=\"has-small-font-size\"><em>Bildquelle: Wikipedia, Linsengericht<\/em><\/p>\n\n<\/div><\/div>","protected":false},"excerpt":{"rendered":"<p>1273-1291. Rudolf von Habsburg. Gegen Ende des 13. Jahrhunderts sank in Deutschland das kaiserliche Ansehen immer mehr. Die m\u00e4chtigen Gro\u00dfen des Reiches taten, was ihnen beliebte, niemand wollte mehr gehorchen. Da kein deutscher F\u00fcrst die Kaiserkrone tragen mochte, so wurden nacheinander zwei Ausl\u00e4nder gew\u00e4hlt. Das waren aber nur Scheinkaiser. Sie hielten sich von Deutschland fern &#8230; <a title=\"1273-1291. Rudolf von Habsburg.\" class=\"read-more\" href=\"https:\/\/www.ewigerbund.org\/bayern\/geschichte\/rudolf-von-habsburg\/\" aria-label=\"Mehr zu 1273-1291. Rudolf von Habsburg.\">Weiterlesen &#8230;<\/a><\/p>\n","protected":false},"author":1,"featured_media":2861,"parent":215,"menu_order":4,"comment_status":"closed","ping_status":"closed","template":"template-6-beide-seitenleiste.php","meta":{"footnotes":""},"categories":[7],"tags":[168,16,18,15,19,169,14,17],"class_list":["post-223","page","type-page","status-publish","has-post-thumbnail","hentry","category-geschichte","tag-deutschland","tag-herzogthuemer-oesterreich","tag-kaernten","tag-koenig-ottokar-von-boehmen","tag-krain","tag-oesterreich","tag-rudolf-von-habsburg","tag-steiermark"],"yoast_head":"<!-- This site is optimized with the Yoast SEO plugin v23.1 - https:\/\/yoast.com\/wordpress\/plugins\/seo\/ -->\n<title>1273-1291. Rudolf von Habsburg. - K\u00f6nigreich Bayern<\/title>\n<meta name=\"robots\" content=\"index, follow, max-snippet:-1, max-image-preview:large, max-video-preview:-1\" \/>\n<link rel=\"canonical\" href=\"https:\/\/www.ewigerbund.org\/bayern\/geschichte\/rudolf-von-habsburg\/\" \/>\n<meta property=\"og:locale\" content=\"de_DE\" \/>\n<meta property=\"og:type\" content=\"article\" \/>\n<meta property=\"og:title\" content=\"1273-1291. Rudolf von Habsburg. - K\u00f6nigreich Bayern\" \/>\n<meta property=\"og:description\" content=\"1273-1291. Rudolf von Habsburg. Gegen Ende des 13. Jahrhunderts sank in Deutschland das kaiserliche Ansehen immer mehr. Die m\u00e4chtigen Gro\u00dfen des Reiches taten, was ihnen beliebte, niemand wollte mehr gehorchen. Da kein deutscher F\u00fcrst die Kaiserkrone tragen mochte, so wurden nacheinander zwei Ausl\u00e4nder gew\u00e4hlt. Das waren aber nur Scheinkaiser. Sie hielten sich von Deutschland fern ... Weiterlesen ...\" \/>\n<meta property=\"og:url\" content=\"https:\/\/www.ewigerbund.org\/bayern\/geschichte\/rudolf-von-habsburg\/\" \/>\n<meta property=\"og:site_name\" content=\"K\u00f6nigreich Bayern\" \/>\n<meta property=\"article:modified_time\" content=\"2023-11-07T22:12:15+00:00\" \/>\n<meta property=\"og:image\" content=\"https:\/\/www.ewigerbund.org\/bayern\/wp-content\/uploads\/sites\/12\/2023\/06\/1273-1291-Rudolf-von-Habsburg.-Bildunterschrift-beachten-siehe-Uebersicht-der-Artikel.jpg\" \/>\n\t<meta property=\"og:image:width\" content=\"1024\" \/>\n\t<meta property=\"og:image:height\" content=\"580\" \/>\n\t<meta property=\"og:image:type\" content=\"image\/jpeg\" \/>\n<meta name=\"twitter:card\" content=\"summary_large_image\" \/>\n<meta name=\"twitter:label1\" content=\"Gesch\u00e4tzte Lesezeit\" \/>\n\t<meta name=\"twitter:data1\" content=\"3\u00a0Minuten\" \/>\n<script type=\"application\/ld+json\" class=\"yoast-schema-graph\">{\"@context\":\"https:\/\/schema.org\",\"@graph\":[{\"@type\":\"WebPage\",\"@id\":\"https:\/\/www.ewigerbund.org\/bayern\/geschichte\/rudolf-von-habsburg\/\",\"url\":\"https:\/\/www.ewigerbund.org\/bayern\/geschichte\/rudolf-von-habsburg\/\",\"name\":\"1273-1291. Rudolf von Habsburg. - K\u00f6nigreich Bayern\",\"isPartOf\":{\"@id\":\"https:\/\/www.ewigerbund.org\/bayern\/#website\"},\"primaryImageOfPage\":{\"@id\":\"https:\/\/www.ewigerbund.org\/bayern\/geschichte\/rudolf-von-habsburg\/#primaryimage\"},\"image\":{\"@id\":\"https:\/\/www.ewigerbund.org\/bayern\/geschichte\/rudolf-von-habsburg\/#primaryimage\"},\"thumbnailUrl\":\"https:\/\/www.ewigerbund.org\/bayern\/wp-content\/uploads\/sites\/12\/2023\/06\/1273-1291-Rudolf-von-Habsburg.-Bildunterschrift-beachten-siehe-Uebersicht-der-Artikel.jpg\",\"datePublished\":\"2022-08-09T17:51:51+00:00\",\"dateModified\":\"2023-11-07T22:12:15+00:00\",\"breadcrumb\":{\"@id\":\"https:\/\/www.ewigerbund.org\/bayern\/geschichte\/rudolf-von-habsburg\/#breadcrumb\"},\"inLanguage\":\"de\",\"potentialAction\":[{\"@type\":\"ReadAction\",\"target\":[\"https:\/\/www.ewigerbund.org\/bayern\/geschichte\/rudolf-von-habsburg\/\"]}]},{\"@type\":\"ImageObject\",\"inLanguage\":\"de\",\"@id\":\"https:\/\/www.ewigerbund.org\/bayern\/geschichte\/rudolf-von-habsburg\/#primaryimage\",\"url\":\"https:\/\/www.ewigerbund.org\/bayern\/wp-content\/uploads\/sites\/12\/2023\/06\/1273-1291-Rudolf-von-Habsburg.-Bildunterschrift-beachten-siehe-Uebersicht-der-Artikel.jpg\",\"contentUrl\":\"https:\/\/www.ewigerbund.org\/bayern\/wp-content\/uploads\/sites\/12\/2023\/06\/1273-1291-Rudolf-von-Habsburg.-Bildunterschrift-beachten-siehe-Uebersicht-der-Artikel.jpg\",\"width\":1024,\"height\":580,\"caption\":\"1273-1291-Rudolf-von-Habsburg.-Bildunterschrift-beachten-siehe-Uebersicht-der-Artikel\"},{\"@type\":\"BreadcrumbList\",\"@id\":\"https:\/\/www.ewigerbund.org\/bayern\/geschichte\/rudolf-von-habsburg\/#breadcrumb\",\"itemListElement\":[{\"@type\":\"ListItem\",\"position\":1,\"name\":\"Startseite\",\"item\":\"https:\/\/www.ewigerbund.org\/bayern\/\"},{\"@type\":\"ListItem\",\"position\":2,\"name\":\"Geschichte\",\"item\":\"https:\/\/www.ewigerbund.org\/bayern\/geschichte\/\"},{\"@type\":\"ListItem\",\"position\":3,\"name\":\"1273-1291. Rudolf von Habsburg.\"}]},{\"@type\":\"WebSite\",\"@id\":\"https:\/\/www.ewigerbund.org\/bayern\/#website\",\"url\":\"https:\/\/www.ewigerbund.org\/bayern\/\",\"name\":\"K\u00f6nigreich Bayern\",\"description\":\"im ewigen Bund.\",\"publisher\":{\"@id\":\"https:\/\/www.ewigerbund.org\/bayern\/#organization\"},\"potentialAction\":[{\"@type\":\"SearchAction\",\"target\":{\"@type\":\"EntryPoint\",\"urlTemplate\":\"https:\/\/www.ewigerbund.org\/bayern\/?s={search_term_string}\"},\"query-input\":\"required name=search_term_string\"}],\"inLanguage\":\"de\"},{\"@type\":\"Organization\",\"@id\":\"https:\/\/www.ewigerbund.org\/bayern\/#organization\",\"name\":\"K\u00f6nigreich Bayern\",\"url\":\"https:\/\/www.ewigerbund.org\/bayern\/\",\"logo\":{\"@type\":\"ImageObject\",\"inLanguage\":\"de\",\"@id\":\"https:\/\/www.ewigerbund.org\/bayern\/#\/schema\/logo\/image\/\",\"url\":\"https:\/\/www.ewigerbund.org\/bayern\/wp-content\/uploads\/sites\/12\/2023\/02\/2023-02-24-Logo-EB-Bayern-Schutzzone_Schatten_BGweiss_V2_1200px.png\",\"contentUrl\":\"https:\/\/www.ewigerbund.org\/bayern\/wp-content\/uploads\/sites\/12\/2023\/02\/2023-02-24-Logo-EB-Bayern-Schutzzone_Schatten_BGweiss_V2_1200px.png\",\"width\":1200,\"height\":1200,\"caption\":\"K\u00f6nigreich Bayern\"},\"image\":{\"@id\":\"https:\/\/www.ewigerbund.org\/bayern\/#\/schema\/logo\/image\/\"}}]}<\/script>\n<!-- \/ Yoast SEO plugin. -->","yoast_head_json":{"title":"1273-1291. Rudolf von Habsburg. - K\u00f6nigreich Bayern","robots":{"index":"index","follow":"follow","max-snippet":"max-snippet:-1","max-image-preview":"max-image-preview:large","max-video-preview":"max-video-preview:-1"},"canonical":"https:\/\/www.ewigerbund.org\/bayern\/geschichte\/rudolf-von-habsburg\/","og_locale":"de_DE","og_type":"article","og_title":"1273-1291. Rudolf von Habsburg. - K\u00f6nigreich Bayern","og_description":"1273-1291. Rudolf von Habsburg. Gegen Ende des 13. Jahrhunderts sank in Deutschland das kaiserliche Ansehen immer mehr. Die m\u00e4chtigen Gro\u00dfen des Reiches taten, was ihnen beliebte, niemand wollte mehr gehorchen. Da kein deutscher F\u00fcrst die Kaiserkrone tragen mochte, so wurden nacheinander zwei Ausl\u00e4nder gew\u00e4hlt. Das waren aber nur Scheinkaiser. Sie hielten sich von Deutschland fern ... Weiterlesen ...","og_url":"https:\/\/www.ewigerbund.org\/bayern\/geschichte\/rudolf-von-habsburg\/","og_site_name":"K\u00f6nigreich Bayern","article_modified_time":"2023-11-07T22:12:15+00:00","og_image":[{"width":1024,"height":580,"url":"https:\/\/www.ewigerbund.org\/bayern\/wp-content\/uploads\/sites\/12\/2023\/06\/1273-1291-Rudolf-von-Habsburg.-Bildunterschrift-beachten-siehe-Uebersicht-der-Artikel.jpg","type":"image\/jpeg"}],"twitter_card":"summary_large_image","twitter_misc":{"Gesch\u00e4tzte Lesezeit":"3\u00a0Minuten"},"schema":{"@context":"https:\/\/schema.org","@graph":[{"@type":"WebPage","@id":"https:\/\/www.ewigerbund.org\/bayern\/geschichte\/rudolf-von-habsburg\/","url":"https:\/\/www.ewigerbund.org\/bayern\/geschichte\/rudolf-von-habsburg\/","name":"1273-1291. Rudolf von Habsburg. - K\u00f6nigreich Bayern","isPartOf":{"@id":"https:\/\/www.ewigerbund.org\/bayern\/#website"},"primaryImageOfPage":{"@id":"https:\/\/www.ewigerbund.org\/bayern\/geschichte\/rudolf-von-habsburg\/#primaryimage"},"image":{"@id":"https:\/\/www.ewigerbund.org\/bayern\/geschichte\/rudolf-von-habsburg\/#primaryimage"},"thumbnailUrl":"https:\/\/www.ewigerbund.org\/bayern\/wp-content\/uploads\/sites\/12\/2023\/06\/1273-1291-Rudolf-von-Habsburg.-Bildunterschrift-beachten-siehe-Uebersicht-der-Artikel.jpg","datePublished":"2022-08-09T17:51:51+00:00","dateModified":"2023-11-07T22:12:15+00:00","breadcrumb":{"@id":"https:\/\/www.ewigerbund.org\/bayern\/geschichte\/rudolf-von-habsburg\/#breadcrumb"},"inLanguage":"de","potentialAction":[{"@type":"ReadAction","target":["https:\/\/www.ewigerbund.org\/bayern\/geschichte\/rudolf-von-habsburg\/"]}]},{"@type":"ImageObject","inLanguage":"de","@id":"https:\/\/www.ewigerbund.org\/bayern\/geschichte\/rudolf-von-habsburg\/#primaryimage","url":"https:\/\/www.ewigerbund.org\/bayern\/wp-content\/uploads\/sites\/12\/2023\/06\/1273-1291-Rudolf-von-Habsburg.-Bildunterschrift-beachten-siehe-Uebersicht-der-Artikel.jpg","contentUrl":"https:\/\/www.ewigerbund.org\/bayern\/wp-content\/uploads\/sites\/12\/2023\/06\/1273-1291-Rudolf-von-Habsburg.-Bildunterschrift-beachten-siehe-Uebersicht-der-Artikel.jpg","width":1024,"height":580,"caption":"1273-1291-Rudolf-von-Habsburg.-Bildunterschrift-beachten-siehe-Uebersicht-der-Artikel"},{"@type":"BreadcrumbList","@id":"https:\/\/www.ewigerbund.org\/bayern\/geschichte\/rudolf-von-habsburg\/#breadcrumb","itemListElement":[{"@type":"ListItem","position":1,"name":"Startseite","item":"https:\/\/www.ewigerbund.org\/bayern\/"},{"@type":"ListItem","position":2,"name":"Geschichte","item":"https:\/\/www.ewigerbund.org\/bayern\/geschichte\/"},{"@type":"ListItem","position":3,"name":"1273-1291. Rudolf von Habsburg."}]},{"@type":"WebSite","@id":"https:\/\/www.ewigerbund.org\/bayern\/#website","url":"https:\/\/www.ewigerbund.org\/bayern\/","name":"K\u00f6nigreich Bayern","description":"im ewigen Bund.","publisher":{"@id":"https:\/\/www.ewigerbund.org\/bayern\/#organization"},"potentialAction":[{"@type":"SearchAction","target":{"@type":"EntryPoint","urlTemplate":"https:\/\/www.ewigerbund.org\/bayern\/?s={search_term_string}"},"query-input":"required name=search_term_string"}],"inLanguage":"de"},{"@type":"Organization","@id":"https:\/\/www.ewigerbund.org\/bayern\/#organization","name":"K\u00f6nigreich Bayern","url":"https:\/\/www.ewigerbund.org\/bayern\/","logo":{"@type":"ImageObject","inLanguage":"de","@id":"https:\/\/www.ewigerbund.org\/bayern\/#\/schema\/logo\/image\/","url":"https:\/\/www.ewigerbund.org\/bayern\/wp-content\/uploads\/sites\/12\/2023\/02\/2023-02-24-Logo-EB-Bayern-Schutzzone_Schatten_BGweiss_V2_1200px.png","contentUrl":"https:\/\/www.ewigerbund.org\/bayern\/wp-content\/uploads\/sites\/12\/2023\/02\/2023-02-24-Logo-EB-Bayern-Schutzzone_Schatten_BGweiss_V2_1200px.png","width":1200,"height":1200,"caption":"K\u00f6nigreich Bayern"},"image":{"@id":"https:\/\/www.ewigerbund.org\/bayern\/#\/schema\/logo\/image\/"}}]}},"_links":{"self":[{"href":"https:\/\/www.ewigerbund.org\/bayern\/wp-json\/wp\/v2\/pages\/223","targetHints":{"allow":["GET"]}}],"collection":[{"href":"https:\/\/www.ewigerbund.org\/bayern\/wp-json\/wp\/v2\/pages"}],"about":[{"href":"https:\/\/www.ewigerbund.org\/bayern\/wp-json\/wp\/v2\/types\/page"}],"author":[{"embeddable":true,"href":"https:\/\/www.ewigerbund.org\/bayern\/wp-json\/wp\/v2\/users\/1"}],"replies":[{"embeddable":true,"href":"https:\/\/www.ewigerbund.org\/bayern\/wp-json\/wp\/v2\/comments?post=223"}],"version-history":[{"count":10,"href":"https:\/\/www.ewigerbund.org\/bayern\/wp-json\/wp\/v2\/pages\/223\/revisions"}],"predecessor-version":[{"id":4429,"href":"https:\/\/www.ewigerbund.org\/bayern\/wp-json\/wp\/v2\/pages\/223\/revisions\/4429"}],"up":[{"embeddable":true,"href":"https:\/\/www.ewigerbund.org\/bayern\/wp-json\/wp\/v2\/pages\/215"}],"wp:featuredmedia":[{"embeddable":true,"href":"https:\/\/www.ewigerbund.org\/bayern\/wp-json\/wp\/v2\/media\/2861"}],"wp:attachment":[{"href":"https:\/\/www.ewigerbund.org\/bayern\/wp-json\/wp\/v2\/media?parent=223"}],"wp:term":[{"taxonomy":"category","embeddable":true,"href":"https:\/\/www.ewigerbund.org\/bayern\/wp-json\/wp\/v2\/categories?post=223"},{"taxonomy":"post_tag","embeddable":true,"href":"https:\/\/www.ewigerbund.org\/bayern\/wp-json\/wp\/v2\/tags?post=223"}],"curies":[{"name":"wp","href":"https:\/\/api.w.org\/{rel}","templated":true}]}}