{"id":215,"date":"2022-08-05T21:48:55","date_gmt":"2022-08-05T19:48:55","guid":{"rendered":"https:\/\/www.ewigerbund.org\/bayern\/?page_id=215"},"modified":"2023-12-16T05:46:00","modified_gmt":"2023-12-16T04:46:00","slug":"geschichte","status":"publish","type":"page","link":"https:\/\/www.ewigerbund.org\/bayern\/geschichte\/","title":{"rendered":"Geschichte"},"content":{"rendered":"<div class=\"wp-block-image\">\n<figure class=\"aligncenter size-full\"><img loading=\"lazy\" decoding=\"async\" width=\"1920\" height=\"350\" src=\"https:\/\/www.ewigerbund.org\/bayern\/wp-content\/uploads\/sites\/12\/2022\/08\/BannerGeschichte-2.jpg\" alt=\"Banner Geschichte2\" class=\"wp-image-772\" srcset=\"https:\/\/www.ewigerbund.org\/bayern\/wp-content\/uploads\/sites\/12\/2022\/08\/BannerGeschichte-2.jpg 1920w, https:\/\/www.ewigerbund.org\/bayern\/wp-content\/uploads\/sites\/12\/2022\/08\/BannerGeschichte-2-300x55.jpg 300w, https:\/\/www.ewigerbund.org\/bayern\/wp-content\/uploads\/sites\/12\/2022\/08\/BannerGeschichte-2-1024x187.jpg 1024w, https:\/\/www.ewigerbund.org\/bayern\/wp-content\/uploads\/sites\/12\/2022\/08\/BannerGeschichte-2-768x140.jpg 768w, https:\/\/www.ewigerbund.org\/bayern\/wp-content\/uploads\/sites\/12\/2022\/08\/BannerGeschichte-2-1536x280.jpg 1536w\" sizes=\"auto, (max-width: 1920px) 100vw, 1920px\" \/><\/figure><\/div>\n\n<div class=\"gb-container gb-container-04e12863\"><div class=\"gb-inside-container\">\n<div class=\"gb-button-wrapper gb-button-wrapper-a30aae17\">\n\n<a class=\"gb-button gb-button-b9e9720c gb-button-text\" href=\"#12.Jahrhundert\">Bis 12. Jahrhundert.<\/a>\n\n\n\n<a class=\"gb-button gb-button-489988bb gb-button-text\" href=\"#13.Jahrhundert\">13. Jahrhundert.<\/a>\n\n\n\n<a class=\"gb-button gb-button-0f0c164e gb-button-text\" href=\"#14.Jahrhundert\">14. Jahrhundert.<\/a>\n\n\n\n<a class=\"gb-button gb-button-f5f774fa gb-button-text\" href=\"#15.16.Jahrhundert\">15.\/16. Jahrhundert.<\/a>\n\n\n\n<a class=\"gb-button gb-button-39bf3b51 gb-button-text\" href=\"#17.Jahrhundert\">17. Jahrhundert.<\/a>\n\n\n\n<a class=\"gb-button gb-button-d13d42d3 gb-button-text\" href=\"#18.Jahrhundert\">18. Jahrhundert.<\/a>\n\n\n\n<a class=\"gb-button gb-button-4463395d gb-button-text\" href=\"#19.Jahrhundert\">19. Jahrhundert.<\/a>\n\n\n\n<a class=\"gb-button gb-button-4ad62ebc gb-button-text\" href=\"#20.Jahrhundert\">20. Jahrhundert.<\/a>\n\n<\/div>\n<\/div><\/div>\n\n<div class=\"gb-container gb-container-b04e5b9e\"><div class=\"gb-inside-container\">\n\n<h2 class=\"gb-headline gb-headline-49cb044e gb-headline-text\" id=\"12.Jahrhundert\">Bis 12. Jahrhundert.<\/h2>\n\n<\/div><\/div>\n\n<div class=\"gb-container gb-container-6fe35893\"><div class=\"gb-inside-container\">\n<div class=\"gb-grid-wrapper gb-grid-wrapper-e74792e2\">\n<div class=\"gb-grid-column gb-grid-column-7387bbbe\"><div class=\"gb-container gb-container-7387bbbe cat-box-border\"><div class=\"gb-inside-container\">\n\n<figure class=\"wp-block-image size-large\"><a href=\"https:\/\/www.ewigerbund.org\/bayern\/geschichte\/die-wittelsbacher\/\"><img loading=\"lazy\" decoding=\"async\" width=\"1024\" height=\"580\" src=\"https:\/\/www.ewigerbund.org\/bayern\/wp-content\/uploads\/sites\/12\/2023\/06\/900-1180_Die_Wittelsbacher-1200x680-1-1024x580.jpg\" alt=\"Die Wittelsbacher\" class=\"wp-image-2854\" srcset=\"https:\/\/www.ewigerbund.org\/bayern\/wp-content\/uploads\/sites\/12\/2023\/06\/900-1180_Die_Wittelsbacher-1200x680-1-1024x580.jpg 1024w, https:\/\/www.ewigerbund.org\/bayern\/wp-content\/uploads\/sites\/12\/2023\/06\/900-1180_Die_Wittelsbacher-1200x680-1-300x170.jpg 300w, https:\/\/www.ewigerbund.org\/bayern\/wp-content\/uploads\/sites\/12\/2023\/06\/900-1180_Die_Wittelsbacher-1200x680-1-768x435.jpg 768w, https:\/\/www.ewigerbund.org\/bayern\/wp-content\/uploads\/sites\/12\/2023\/06\/900-1180_Die_Wittelsbacher-1200x680-1.jpg 1200w\" sizes=\"auto, (max-width: 1024px) 100vw, 1024px\" \/><\/a><\/figure>\n\n\n\n<h2 class=\"wp-block-heading has-medium-font-size\"><a href=\"https:\/\/www.ewigerbund.org\/bayern\/geschichte\/die-wittelsbacher\/\"><strong>900-1180. Die Wittelsbacher Vorgeschichte.<\/strong><\/a><\/h2>\n\n\n\n<p>V\u00f6lker verrauschen und Namen verklingen und d\u00fcstre Vergessenheit deckt ganze Geschlechter. Nur wenige \u00fcberdauern die St\u00fcrme der Zeit und ragen wie die Alpenh\u00e4upter aus der Vergangenheit noch herein in die Gegenwart. An diese wenigen Geschlechter, welche von der Vorsehung bestimmt sind, die Geschicke der V\u00f6lker zu leiten, reiht sich das der Wittelsbacher.<\/p>\n\n\n\n<p><a href=\"https:\/\/www.ewigerbund.org\/bayern\/geschichte\/die-wittelsbacher\/\">Weiterlesen \u2192<\/a><\/p>\n\n<\/div><\/div><\/div>\n\n<div class=\"gb-grid-column gb-grid-column-c6666a12\"><div class=\"gb-container gb-container-c6666a12 cat-box-border\"><div class=\"gb-inside-container\">\n\n<figure class=\"wp-block-image size-large\"><a href=\"https:\/\/www.ewigerbund.org\/bayern\/geschichte\/1180-der-beginn-des-hauses-bayern-otto-von-wittelsbach\/\"><img loading=\"lazy\" decoding=\"async\" width=\"1024\" height=\"582\" src=\"https:\/\/www.ewigerbund.org\/bayern\/wp-content\/uploads\/sites\/12\/2023\/05\/1180-Otto-von-Wittelsbach_video.edited-1024x582.jpg\" alt=\"1180 Otto von Wittelsbach\" class=\"wp-image-2172\" srcset=\"https:\/\/www.ewigerbund.org\/bayern\/wp-content\/uploads\/sites\/12\/2023\/05\/1180-Otto-von-Wittelsbach_video.edited-1024x582.jpg 1024w, https:\/\/www.ewigerbund.org\/bayern\/wp-content\/uploads\/sites\/12\/2023\/05\/1180-Otto-von-Wittelsbach_video.edited-300x171.jpg 300w, https:\/\/www.ewigerbund.org\/bayern\/wp-content\/uploads\/sites\/12\/2023\/05\/1180-Otto-von-Wittelsbach_video.edited-768x437.jpg 768w, https:\/\/www.ewigerbund.org\/bayern\/wp-content\/uploads\/sites\/12\/2023\/05\/1180-Otto-von-Wittelsbach_video.edited-1536x873.jpg 1536w, https:\/\/www.ewigerbund.org\/bayern\/wp-content\/uploads\/sites\/12\/2023\/05\/1180-Otto-von-Wittelsbach_video.edited.jpg 1748w\" sizes=\"auto, (max-width: 1024px) 100vw, 1024px\" \/><\/a><\/figure>\n\n\n\n<h2 class=\"wp-block-heading has-medium-font-size\"><a href=\"https:\/\/www.ewigerbund.org\/bayern\/geschichte\/1180-der-beginn-des-hauses-bayern-otto-von-wittelsbach\/\"><strong>1180. Der Beginn des Hauses Bayern \u2013 Otto von Wittelsbach.<\/strong><\/a><\/h2>\n\n\n\n<p>Auf dem R\u00fcckzuge von Italien im Jahre 1155 nahm Kaiser Friedrich der Rothbart mit dem deutschen Heere seinen Weg durchs Etschthal, um \u00fcber den Brenner nach Deutschland zu gelangen. Auf diesem Wege kam er an den Engpa\u00df von Chiusa, die Berner Klause genannt.<\/p>\n\n\n\n<p><a href=\"https:\/\/www.ewigerbund.org\/bayern\/geschichte\/1180-der-beginn-des-hauses-bayern-otto-von-wittelsbach\/\">Weiterlesen \u2192<\/a><\/p>\n\n<\/div><\/div><\/div>\n\n<div class=\"gb-grid-column gb-grid-column-4b279227\"><div class=\"gb-container gb-container-4b279227 cat-box-border\"><div class=\"gb-inside-container\">\n\n<figure class=\"wp-block-image size-large\"><a href=\"https:\/\/www.ewigerbund.org\/bayern\/geschichte\/ludwig-der-kelheimer\/\"><img loading=\"lazy\" decoding=\"async\" width=\"1024\" height=\"580\" src=\"https:\/\/www.ewigerbund.org\/bayern\/wp-content\/uploads\/sites\/12\/2023\/06\/1183-1231_Ludwig_I_der_Kelheimer-1200x680-1-1024x580.jpg\" alt=\"1183-1231 Ludwig I der Kehlheimer\" class=\"wp-image-2853\" srcset=\"https:\/\/www.ewigerbund.org\/bayern\/wp-content\/uploads\/sites\/12\/2023\/06\/1183-1231_Ludwig_I_der_Kelheimer-1200x680-1-1024x580.jpg 1024w, https:\/\/www.ewigerbund.org\/bayern\/wp-content\/uploads\/sites\/12\/2023\/06\/1183-1231_Ludwig_I_der_Kelheimer-1200x680-1-300x170.jpg 300w, https:\/\/www.ewigerbund.org\/bayern\/wp-content\/uploads\/sites\/12\/2023\/06\/1183-1231_Ludwig_I_der_Kelheimer-1200x680-1-768x435.jpg 768w, https:\/\/www.ewigerbund.org\/bayern\/wp-content\/uploads\/sites\/12\/2023\/06\/1183-1231_Ludwig_I_der_Kelheimer-1200x680-1.jpg 1200w\" sizes=\"auto, (max-width: 1024px) 100vw, 1024px\" \/><\/a><\/figure>\n\n\n\n<h2 class=\"wp-block-heading has-medium-font-size\"><a href=\"https:\/\/www.ewigerbund.org\/bayern\/geschichte\/ludwig-der-kelheimer\/\"><strong>1183-1231. Ludwig der Kelheimer.<\/strong><\/a><\/h2>\n\n\n\n<p>Ottos Nachfolger im Herzogthume war Ludwig I., sein unm\u00fcndiger Sohn, von seiner Residenz Kelheim \u2013 wo er geboren und ermordet wurde \u2013 \u201eder Kelheimer\u201c genannt. Noch vor seiner Vollj\u00e4hrigkeit war mit dem Bischofe von Freising, der den Salzhandel von M\u00fcnchen wieder nach F\u00f6hring verlegt haben wollte, Streit ausgebrochen, in welchem die Wittelsbacher die Stadt Freising zerst\u00f6rten.<\/p>\n\n\n\n<p><a href=\"https:\/\/www.ewigerbund.org\/bayern\/geschichte\/ludwig-der-kelheimer\/\">Weiterlesen \u2192<\/a><\/p>\n\n<\/div><\/div><\/div>\n<\/div>\n\n\n<div style=\"height:20px\" aria-hidden=\"true\" class=\"wp-block-spacer\"><\/div>\n\n<\/div><\/div>\n\n<div class=\"gb-container gb-container-826cfc6b\"><div class=\"gb-inside-container\">\n\n<h2 class=\"gb-headline gb-headline-20fb93dd gb-headline-text\" id=\"13.Jahrhundert\">13. Jahrhundert.<\/h2>\n\n<\/div><\/div>\n\n<div class=\"gb-container gb-container-369f5bba\"><div class=\"gb-inside-container\">\n<div class=\"gb-grid-wrapper gb-grid-wrapper-5aea8745\">\n<div class=\"gb-grid-column gb-grid-column-70ca6c6a\"><div class=\"gb-container gb-container-70ca6c6a cat-box-border\"><div class=\"gb-inside-container\">\n\n<figure class=\"wp-block-image size-large\"><a href=\"https:\/\/www.ewigerbund.org\/bayern\/geschichte\/die-bauern-im-mittelalterlichen-bayern\/\"><img loading=\"lazy\" decoding=\"async\" width=\"1024\" height=\"580\" src=\"https:\/\/www.ewigerbund.org\/bayern\/wp-content\/uploads\/sites\/12\/2023\/06\/1200-1599_Die_Bauern_im_mittelalterlichen_Bayern-1200x680-1-1024x580.jpg\" alt=\"1200-1599_Die_Bauern_im_mittelalterlichen_Bayern\" class=\"wp-image-2857\" srcset=\"https:\/\/www.ewigerbund.org\/bayern\/wp-content\/uploads\/sites\/12\/2023\/06\/1200-1599_Die_Bauern_im_mittelalterlichen_Bayern-1200x680-1-1024x580.jpg 1024w, https:\/\/www.ewigerbund.org\/bayern\/wp-content\/uploads\/sites\/12\/2023\/06\/1200-1599_Die_Bauern_im_mittelalterlichen_Bayern-1200x680-1-300x170.jpg 300w, https:\/\/www.ewigerbund.org\/bayern\/wp-content\/uploads\/sites\/12\/2023\/06\/1200-1599_Die_Bauern_im_mittelalterlichen_Bayern-1200x680-1-768x435.jpg 768w, https:\/\/www.ewigerbund.org\/bayern\/wp-content\/uploads\/sites\/12\/2023\/06\/1200-1599_Die_Bauern_im_mittelalterlichen_Bayern-1200x680-1.jpg 1200w\" sizes=\"auto, (max-width: 1024px) 100vw, 1024px\" \/><\/a><\/figure>\n\n\n\n<h2 class=\"wp-block-heading has-medium-font-size\"><a href=\"https:\/\/www.ewigerbund.org\/bayern\/geschichte\/die-bauern-im-mittelalterlichen-bayern\/\"><strong>1200-1599. Die Bauern im mittelalterlichen Bayern.<\/strong><\/a><\/h2>\n\n\n\n<p>Die Bauern waren urspr\u00fcnglich freie Leute. Jeder hatte einen Hof mit mehreren Hufen Land. Den Hof erbte in der Regel der \u00e4lteste Sohn, die anderen S\u00f6hne blieben als Knechte bei ihm. In deutschen Landen sa\u00dfen noch im sp\u00e4ten Mittelalter freie Bauern als wohlhabende Herren auf ihren stattlichen G\u00fctern. <\/p>\n\n\n\n<p><a href=\"https:\/\/www.ewigerbund.org\/bayern\/geschichte\/die-bauern-im-mittelalterlichen-bayern\/\">Weiterlesen \u2192<\/a><\/p>\n\n<\/div><\/div><\/div>\n\n<div class=\"gb-grid-column gb-grid-column-2a83e6ce\"><div class=\"gb-container gb-container-2a83e6ce cat-box-border\"><div class=\"gb-inside-container\">\n\n<figure class=\"wp-block-image size-full\"><a href=\"https:\/\/www.ewigerbund.org\/bayern\/geschichte\/ludwig-der-strenge-herzog-in-oberbayern\/\"><img loading=\"lazy\" decoding=\"async\" width=\"1024\" height=\"580\" src=\"https:\/\/www.ewigerbund.org\/bayern\/wp-content\/uploads\/sites\/12\/2023\/06\/1253-1255_Ludwig_der_Strenge-1024x580-1.jpg\" alt=\"1253-1255_Ludwig_der_Strenge\" class=\"wp-image-2859\" srcset=\"https:\/\/www.ewigerbund.org\/bayern\/wp-content\/uploads\/sites\/12\/2023\/06\/1253-1255_Ludwig_der_Strenge-1024x580-1.jpg 1024w, https:\/\/www.ewigerbund.org\/bayern\/wp-content\/uploads\/sites\/12\/2023\/06\/1253-1255_Ludwig_der_Strenge-1024x580-1-300x170.jpg 300w, https:\/\/www.ewigerbund.org\/bayern\/wp-content\/uploads\/sites\/12\/2023\/06\/1253-1255_Ludwig_der_Strenge-1024x580-1-768x435.jpg 768w\" sizes=\"auto, (max-width: 1024px) 100vw, 1024px\" \/><\/a><\/figure>\n\n\n\n<h2 class=\"wp-block-heading has-medium-font-size\"><a href=\"https:\/\/www.ewigerbund.org\/bayern\/geschichte\/ludwig-der-strenge-herzog-in-oberbayern\/\"><strong>1229-1294. Ludwig der Strenge, Herzog in Oberbayern.<\/strong><\/a><\/h2>\n\n\n\n<p>Ungeachtet der st\u00fcrmischen Zeiten hatte Otto der Erlauchte zum Schutze und Wohle seiner Unterthanen viel Gutes im Lande gestiftet.Er gr\u00fcndete den Markt Trostberg, versch\u00f6nerte Landshut, wo er das Schlo\u00df Trausnitz erbaute und umgab mehrere St\u00e4dte mit festen Mauern. <\/p>\n\n\n\n<p><a href=\"https:\/\/www.ewigerbund.org\/bayern\/geschichte\/ludwig-der-strenge-herzog-in-oberbayern\/\">Weiterlesen \u2192<\/a><\/p>\n\n<\/div><\/div><\/div>\n\n<div class=\"gb-grid-column gb-grid-column-90074169\"><div class=\"gb-container gb-container-90074169 cat-box-border\"><div class=\"gb-inside-container\">\n\n<figure class=\"wp-block-image size-full\"><a href=\"https:\/\/www.ewigerbund.org\/bayern\/geschichte\/otto-der-erlauchte-bayern-und-die-pfalz\/\"><img loading=\"lazy\" decoding=\"async\" width=\"1024\" height=\"580\" src=\"https:\/\/www.ewigerbund.org\/bayern\/wp-content\/uploads\/sites\/12\/2023\/06\/1231-1253-Otto-II-der-Erlauchte-Bayern-und-die-Pfalz-1024x580-1.jpg\" alt=\"1231-1253-Otto-II-der-Erlauchte\" class=\"wp-image-2858\" srcset=\"https:\/\/www.ewigerbund.org\/bayern\/wp-content\/uploads\/sites\/12\/2023\/06\/1231-1253-Otto-II-der-Erlauchte-Bayern-und-die-Pfalz-1024x580-1.jpg 1024w, https:\/\/www.ewigerbund.org\/bayern\/wp-content\/uploads\/sites\/12\/2023\/06\/1231-1253-Otto-II-der-Erlauchte-Bayern-und-die-Pfalz-1024x580-1-300x170.jpg 300w, https:\/\/www.ewigerbund.org\/bayern\/wp-content\/uploads\/sites\/12\/2023\/06\/1231-1253-Otto-II-der-Erlauchte-Bayern-und-die-Pfalz-1024x580-1-768x435.jpg 768w\" sizes=\"auto, (max-width: 1024px) 100vw, 1024px\" \/><\/a><\/figure>\n\n\n\n<h2 class=\"wp-block-heading has-medium-font-size\"><a href=\"https:\/\/www.ewigerbund.org\/bayern\/geschichte\/otto-der-erlauchte-bayern-und-die-pfalz\/\"><strong>1231-1253. Otto der Erlauchte. Bayern und die Pfalz.<\/strong><\/a><\/h2>\n\n\n\n<p>Auf Ludwig den Kelheimer folgte in der Regierung Bayerns sein Sohn Otto IV., der sich durch seine kluge und standhafte Gesinnung den Beinamen \u201eder Erlauchte\u201c erwarb. Was diesen F\u00fcrsten in der Geschichte besonders denkw\u00fcrdig macht, ist die durch ihn geschehene Bereinigung der Pfalz mit Bayern.<\/p>\n\n\n\n<p><a href=\"https:\/\/www.ewigerbund.org\/bayern\/geschichte\/otto-der-erlauchte-bayern-und-die-pfalz\/\">Weiterlesen \u2192<\/a><\/p>\n\n<\/div><\/div><\/div>\n<\/div>\n\n\n<div style=\"height:40px\" aria-hidden=\"true\" class=\"wp-block-spacer\"><\/div>\n\n<\/div><\/div>\n\n<div class=\"gb-container gb-container-4e2c72bf\"><div class=\"gb-inside-container\">\n<div class=\"gb-grid-wrapper gb-grid-wrapper-84054ffb\">\n<div class=\"gb-grid-column gb-grid-column-bab5fcde\"><div class=\"gb-container gb-container-bab5fcde cat-box-border\"><div class=\"gb-inside-container\">\n\n<figure class=\"wp-block-image size-full\"><a href=\"https:\/\/www.ewigerbund.org\/bayern\/geschichte\/heinrich-xiii-in-niederbayern\/\"><img loading=\"lazy\" decoding=\"async\" width=\"1024\" height=\"580\" src=\"https:\/\/www.ewigerbund.org\/bayern\/wp-content\/uploads\/sites\/12\/2023\/06\/1255-1290-Heinrich-I.jpg\" alt=\"1255-1290-Heinrich-I\" class=\"wp-image-2860\" srcset=\"https:\/\/www.ewigerbund.org\/bayern\/wp-content\/uploads\/sites\/12\/2023\/06\/1255-1290-Heinrich-I.jpg 1024w, https:\/\/www.ewigerbund.org\/bayern\/wp-content\/uploads\/sites\/12\/2023\/06\/1255-1290-Heinrich-I-300x170.jpg 300w, https:\/\/www.ewigerbund.org\/bayern\/wp-content\/uploads\/sites\/12\/2023\/06\/1255-1290-Heinrich-I-768x435.jpg 768w\" sizes=\"auto, (max-width: 1024px) 100vw, 1024px\" \/><\/a><\/figure>\n\n\n\n<h2 class=\"wp-block-heading has-medium-font-size\"><a href=\"https:\/\/www.ewigerbund.org\/bayern\/geschichte\/heinrich-xiii-in-niederbayern\/\"><strong>1255-1290. Heinrich XIII. in Niederbayern.<\/strong><\/a><\/h2>\n\n\n\n<p>Ludwig der Strenge lebte mit seinem Bruder, dem Herzog Heinrich XIII. in Niederbayern eine Zeit lang in bester Eintracht. Heinrich wurde in einen Krieg verwickelt mit Ottokar, dem l\u00e4ndergierigen K\u00f6nige von B\u00f6hmen, der, nachdem der letzte Herzog von \u00d6sterreich, Friedrich der Streitbare gestorben war,<\/p>\n\n\n\n<p><a href=\"https:\/\/www.ewigerbund.org\/bayern\/geschichte\/heinrich-xiii-in-niederbayern\/\">Weiterlesen \u2192<\/a><\/p>\n\n<\/div><\/div><\/div>\n\n<div class=\"gb-grid-column gb-grid-column-bf7ec07a\"><div class=\"gb-container gb-container-bf7ec07a cat-box-border\"><div class=\"gb-inside-container\">\n\n<figure class=\"wp-block-image size-full\"><a href=\"https:\/\/www.ewigerbund.org\/bayern\/geschichte\/rudolf-von-habsburg\/\"><img loading=\"lazy\" decoding=\"async\" width=\"1024\" height=\"580\" src=\"https:\/\/www.ewigerbund.org\/bayern\/wp-content\/uploads\/sites\/12\/2023\/06\/1273-1291-Rudolf-von-Habsburg.-Bildunterschrift-beachten-siehe-Uebersicht-der-Artikel.jpg\" alt=\"1273-1291-Rudolf-von-Habsburg\" class=\"wp-image-2861\" srcset=\"https:\/\/www.ewigerbund.org\/bayern\/wp-content\/uploads\/sites\/12\/2023\/06\/1273-1291-Rudolf-von-Habsburg.-Bildunterschrift-beachten-siehe-Uebersicht-der-Artikel.jpg 1024w, https:\/\/www.ewigerbund.org\/bayern\/wp-content\/uploads\/sites\/12\/2023\/06\/1273-1291-Rudolf-von-Habsburg.-Bildunterschrift-beachten-siehe-Uebersicht-der-Artikel-300x170.jpg 300w, https:\/\/www.ewigerbund.org\/bayern\/wp-content\/uploads\/sites\/12\/2023\/06\/1273-1291-Rudolf-von-Habsburg.-Bildunterschrift-beachten-siehe-Uebersicht-der-Artikel-768x435.jpg 768w\" sizes=\"auto, (max-width: 1024px) 100vw, 1024px\" \/><\/a><\/figure>\n\n\n\n<h2 class=\"wp-block-heading has-medium-font-size\"><a href=\"https:\/\/www.ewigerbund.org\/bayern\/geschichte\/rudolf-von-habsburg\/\"><strong>1273-1291. Rudolf von Habsburg.<\/strong><\/a><\/h2>\n\n\n\n<p>Gegen Ende des 13. Jahrhunderts sank in Deutschland das kaiserliche Ansehen immer mehr. Die m\u00e4chtigen Gro\u00dfen des Reiches taten, was ihnen beliebte, niemand wollte mehr gehorchen. Da kein deutscher F\u00fcrst die Kaiserkrone tragen mochte, so wurden nacheinander zwei Ausl\u00e4nder gew\u00e4hlt.<\/p>\n\n\n\n<p><a href=\"https:\/\/www.ewigerbund.org\/bayern\/geschichte\/rudolf-von-habsburg\/\">Weiterlesen \u2192<\/a><\/p>\n\n<\/div><\/div><\/div>\n\n<div class=\"gb-grid-column gb-grid-column-c07cbc31\"><div class=\"gb-container gb-container-c07cbc31 cat-box-border\"><div class=\"gb-inside-container\">\n\n<figure class=\"wp-block-image size-full\"><a href=\"https:\/\/www.ewigerbund.org\/bayern\/geschichte\/1290-1312-niederbayern-unter-otto-iii-ludwig-xiii-und-stephan-i\/\"><img loading=\"lazy\" decoding=\"async\" width=\"1024\" height=\"580\" src=\"https:\/\/www.ewigerbund.org\/bayern\/wp-content\/uploads\/sites\/12\/2023\/06\/Niederbayern_unter_Otto_III_Ludwig_III_und_Stephan_I-1024x580-1.jpg\" alt=\"Niederbayern_unter_Otto_III_Ludwig_III_und_Stephan_I\" class=\"wp-image-2863\" srcset=\"https:\/\/www.ewigerbund.org\/bayern\/wp-content\/uploads\/sites\/12\/2023\/06\/Niederbayern_unter_Otto_III_Ludwig_III_und_Stephan_I-1024x580-1.jpg 1024w, https:\/\/www.ewigerbund.org\/bayern\/wp-content\/uploads\/sites\/12\/2023\/06\/Niederbayern_unter_Otto_III_Ludwig_III_und_Stephan_I-1024x580-1-300x170.jpg 300w, https:\/\/www.ewigerbund.org\/bayern\/wp-content\/uploads\/sites\/12\/2023\/06\/Niederbayern_unter_Otto_III_Ludwig_III_und_Stephan_I-1024x580-1-768x435.jpg 768w\" sizes=\"auto, (max-width: 1024px) 100vw, 1024px\" \/><\/a><\/figure>\n\n\n\n<h2 class=\"wp-block-heading has-medium-font-size\"><a href=\"https:\/\/www.ewigerbund.org\/bayern\/geschichte\/1290-1312-niederbayern-unter-otto-iii-ludwig-xiii-und-stephan-i\/\"><strong>1290-1312. Niederbayern unter Otto III., Ludwig III. und Stephan I.<\/strong><\/a><\/h2>\n\n\n\n<p>Heinrich XIII. hinterlie\u00df drei S\u00f6hne, Otto III., Ludwig III. und Stephan I., welche nach dem Tode des Vaters die Regierung gemeinsam f\u00fchrten (1290-1296). Einer dieser Br\u00fcder, Stephan, wurde nach dem Tode des Erzbischofes Rudolf von Salzburg (\u2020 1.August 1290) auf den erzbisch\u00f6flichen Stuhl berufen, <\/p>\n\n\n\n<p><a href=\"https:\/\/www.ewigerbund.org\/bayern\/geschichte\/1290-1312-niederbayern-unter-otto-iii-ludwig-xiii-und-stephan-i\/\">Weiterlesen \u2192<\/a><\/p>\n\n<\/div><\/div><\/div>\n<\/div>\n\n\n<div style=\"height:40px\" aria-hidden=\"true\" class=\"wp-block-spacer\"><\/div>\n\n<\/div><\/div>\n\n<div class=\"gb-container gb-container-f88aa76b\"><div class=\"gb-inside-container\">\n<div class=\"gb-grid-wrapper gb-grid-wrapper-6a8c250f\">\n<div class=\"gb-grid-column gb-grid-column-7a05f666\"><div class=\"gb-container gb-container-7a05f666 cat-box-border\"><div class=\"gb-inside-container\">\n\n<figure class=\"wp-block-image size-full\"><a href=\"https:\/\/www.ewigerbund.org\/bayern\/geschichte\/oberbayern-unter-rudolf-ii-dem-stammler\/\"><img loading=\"lazy\" decoding=\"async\" width=\"1024\" height=\"580\" src=\"https:\/\/www.ewigerbund.org\/bayern\/wp-content\/uploads\/sites\/12\/2023\/06\/1294-1319-Oberbayern-unter-Rudolf-II.jpg\" alt=\"1294-1319-Oberbayern-unter-Rudolf-II\" class=\"wp-image-2862\" srcset=\"https:\/\/www.ewigerbund.org\/bayern\/wp-content\/uploads\/sites\/12\/2023\/06\/1294-1319-Oberbayern-unter-Rudolf-II.jpg 1024w, https:\/\/www.ewigerbund.org\/bayern\/wp-content\/uploads\/sites\/12\/2023\/06\/1294-1319-Oberbayern-unter-Rudolf-II-300x170.jpg 300w, https:\/\/www.ewigerbund.org\/bayern\/wp-content\/uploads\/sites\/12\/2023\/06\/1294-1319-Oberbayern-unter-Rudolf-II-768x435.jpg 768w\" sizes=\"auto, (max-width: 1024px) 100vw, 1024px\" \/><\/a><\/figure>\n\n\n\n<h2 class=\"wp-block-heading has-medium-font-size\"><a href=\"https:\/\/www.ewigerbund.org\/bayern\/geschichte\/oberbayern-unter-rudolf-ii-dem-stammler\/\"><strong>1294-1319. Oberbayern unter Rudolf II. dem Stammler.<\/strong><\/a><\/h2>\n\n\n\n<p>Ludwig II. hatte aus seiner (dritten) Ehe mit Mathilde von Habsburg zwei S\u00f6hne hinterlassen: Rudolf (geb. 4. Oktober 1274), der \u201eStammler\u201d zugenannt, und Ludwig (geb. 1282), nachmals \u201eder Bayer\u201d genannt. Da Ludwig bei dem Tode des Vaters erst zw\u00f6lf Jahre z\u00e4hlte, so \u00fcbernahm Rudolf der Stammler die Regierung in der Rheinpfalz und in Oberbayern nebst der Vormundschaft \u00fcber den noch unm\u00fcndigen Ludwig.<\/p>\n\n\n\n<p><a href=\"https:\/\/www.ewigerbund.org\/bayern\/geschichte\/oberbayern-unter-rudolf-ii-dem-stammler\/\">Weiterlesen \u2192<\/a><\/p>\n\n<\/div><\/div><\/div>\n\n<div class=\"gb-grid-column gb-grid-column-b4e53742\"><div class=\"gb-container gb-container-b4e53742\"><div class=\"gb-inside-container\"><\/div><\/div><\/div>\n\n<div class=\"gb-grid-column gb-grid-column-20bda46a\"><div class=\"gb-container gb-container-20bda46a\"><div class=\"gb-inside-container\"><\/div><\/div><\/div>\n<\/div>\n\n\n<div style=\"height:20px\" aria-hidden=\"true\" class=\"wp-block-spacer\"><\/div>\n\n<\/div><\/div>\n\n<div class=\"gb-container gb-container-f7ae9299\"><div class=\"gb-inside-container\">\n\n<h2 class=\"gb-headline gb-headline-d768bef0 gb-headline-text\" id=\"14.Jahrhundert\">14. Jahrhundert.<\/h2>\n\n<\/div><\/div>\n\n<div class=\"gb-container gb-container-eb0775a8\"><div class=\"gb-inside-container\">\n<div class=\"gb-grid-wrapper gb-grid-wrapper-7ae9be82\">\n<div class=\"gb-grid-column gb-grid-column-014e548d\"><div class=\"gb-container gb-container-014e548d cat-box-border\"><div class=\"gb-inside-container\">\n\n<figure class=\"wp-block-image size-full\"><a href=\"https:\/\/www.ewigerbund.org\/bayern\/geschichte\/niederbayern-unter-vormundschaftlicher-regierung\/\"><img loading=\"lazy\" decoding=\"async\" width=\"1024\" height=\"580\" src=\"https:\/\/www.ewigerbund.org\/bayern\/wp-content\/uploads\/sites\/12\/2023\/07\/1313-1318-Niederbayern-unter-Vormundschaftlicher-Regierung-1024x580-1.jpg\" alt=\"1313-1318-Niederbayern-unter-Vormundschaftlicher-Regierung\" class=\"wp-image-3218\" srcset=\"https:\/\/www.ewigerbund.org\/bayern\/wp-content\/uploads\/sites\/12\/2023\/07\/1313-1318-Niederbayern-unter-Vormundschaftlicher-Regierung-1024x580-1.jpg 1024w, https:\/\/www.ewigerbund.org\/bayern\/wp-content\/uploads\/sites\/12\/2023\/07\/1313-1318-Niederbayern-unter-Vormundschaftlicher-Regierung-1024x580-1-300x170.jpg 300w, https:\/\/www.ewigerbund.org\/bayern\/wp-content\/uploads\/sites\/12\/2023\/07\/1313-1318-Niederbayern-unter-Vormundschaftlicher-Regierung-1024x580-1-768x435.jpg 768w\" sizes=\"auto, (max-width: 1024px) 100vw, 1024px\" \/><\/a><\/figure>\n\n\n\n<h2 class=\"wp-block-heading has-medium-font-size\"><a href=\"https:\/\/www.ewigerbund.org\/bayern\/geschichte\/niederbayern-unter-vormundschaftlicher-regierung\/\"><strong>1312-1318. Niederbayern unter Vormundschaftlicher Regierung.<\/strong><\/a><\/h2>\n\n\n\n<p>Bei dem Tode Otto\u2019s III. waren sowohl sein Sohn Heinrich XV., sp\u00e4ter der Natternberger genannt, als auch die zwei S\u00f6hne seines 1310 verstorbenen Bruders Stephan, Heinrich XIV. und Otto IV., unm\u00fcndig. Herzog Stephan hatte kurz vor seinem Ende f\u00fcr seine beiden Prinzen den Herzog Ludwig von Oberbayern als Vormund bestellt und dieser hatte als solcher die Ottonische Handveste mitbesiegelt.<\/p>\n\n\n\n<p><a href=\"https:\/\/www.ewigerbund.org\/bayern\/geschichte\/niederbayern-unter-vormundschaftlicher-regierung\/\">Weiterlesen \u2192<\/a><\/p>\n\n<\/div><\/div><\/div>\n\n<div class=\"gb-grid-column gb-grid-column-5af95e2d\"><div class=\"gb-container gb-container-5af95e2d cat-box-border\"><div class=\"gb-inside-container\">\n\n<figure class=\"wp-block-image size-large\"><a href=\"https:\/\/www.ewigerbund.org\/bayern\/geschichte\/friedrich-von-oesterreich-und-ludwig-von-bayern\/\"><img loading=\"lazy\" decoding=\"async\" width=\"1024\" height=\"580\" src=\"https:\/\/www.ewigerbund.org\/bayern\/wp-content\/uploads\/sites\/12\/2023\/07\/1314-1347-1024x580.jpg\" alt=\"1314-1347\" class=\"wp-image-3216\" srcset=\"https:\/\/www.ewigerbund.org\/bayern\/wp-content\/uploads\/sites\/12\/2023\/07\/1314-1347-1024x580.jpg 1024w, https:\/\/www.ewigerbund.org\/bayern\/wp-content\/uploads\/sites\/12\/2023\/07\/1314-1347-300x170.jpg 300w, https:\/\/www.ewigerbund.org\/bayern\/wp-content\/uploads\/sites\/12\/2023\/07\/1314-1347-768x435.jpg 768w, https:\/\/www.ewigerbund.org\/bayern\/wp-content\/uploads\/sites\/12\/2023\/07\/1314-1347.jpg 1200w\" sizes=\"auto, (max-width: 1024px) 100vw, 1024px\" \/><\/a><\/figure>\n\n\n\n<h2 class=\"wp-block-heading has-medium-font-size\"><a href=\"https:\/\/www.ewigerbund.org\/bayern\/geschichte\/friedrich-von-oesterreich-und-ludwig-von-bayern\/\"><strong>1314-1347. Friedrich von \u00d6sterreich und Ludwig von Bayern.<\/strong><\/a><\/h2>\n\n\n\n<p>Heinrichs Tod war f\u00fcr Deutschland ein Ungl\u00fcck; denn es kam nun zu einer Doppelwahl. Die Mehrheit stimmte f\u00fcr den Herzog Ludwig von Bayern und die \u00fcbrigen, darunter Ludwigs eigener Bruder Rudolf, f\u00fcr den Herzog Friedrich den Sch\u00f6nen von \u00d6sterreich.<\/p>\n\n\n\n<p><a href=\"https:\/\/www.ewigerbund.org\/bayern\/geschichte\/friedrich-von-oesterreich-und-ludwig-von-bayern\/\">Weiterlesen \u2192<\/a><\/p>\n\n<\/div><\/div><\/div>\n\n<div class=\"gb-grid-column gb-grid-column-773478f2\"><div class=\"gb-container gb-container-773478f2 cat-box-border\"><div class=\"gb-inside-container\">\n\n<figure class=\"wp-block-image size-full\"><a href=\"https:\/\/www.ewigerbund.org\/bayern\/geschichte\/niederbayern-unter-heinrich-xiv-otto-iv-und-heinrich-xv\/\"><img loading=\"lazy\" decoding=\"async\" width=\"1024\" height=\"580\" src=\"https:\/\/www.ewigerbund.org\/bayern\/wp-content\/uploads\/sites\/12\/2023\/06\/Niederbayern-unter-Heinrich-XIV-Otto-IV-und-Heinrich-XV-1024x580-1.jpg\" alt=\"Niederbayern-unter-Heinrich-XIV-Otto-IV-und-Heinrich-XV\" class=\"wp-image-2865\" srcset=\"https:\/\/www.ewigerbund.org\/bayern\/wp-content\/uploads\/sites\/12\/2023\/06\/Niederbayern-unter-Heinrich-XIV-Otto-IV-und-Heinrich-XV-1024x580-1.jpg 1024w, https:\/\/www.ewigerbund.org\/bayern\/wp-content\/uploads\/sites\/12\/2023\/06\/Niederbayern-unter-Heinrich-XIV-Otto-IV-und-Heinrich-XV-1024x580-1-300x170.jpg 300w, https:\/\/www.ewigerbund.org\/bayern\/wp-content\/uploads\/sites\/12\/2023\/06\/Niederbayern-unter-Heinrich-XIV-Otto-IV-und-Heinrich-XV-1024x580-1-768x435.jpg 768w\" sizes=\"auto, (max-width: 1024px) 100vw, 1024px\" \/><\/a><\/figure>\n\n\n\n<h2 class=\"wp-block-heading has-medium-font-size\"><a href=\"https:\/\/www.ewigerbund.org\/bayern\/geschichte\/niederbayern-unter-heinrich-xiv-otto-iv-und-heinrich-xv\/\"><strong>1318-1339. Niederbayern unter Heinrich XIV., Otto IV. und Heinrich XV.<\/strong><\/a><\/h2>\n\n\n\n<p>Die Regierung der beiden Herz\u00f6ge Heinrich XIV.und Otto IV. war nichts weniger, als eine gl\u00fcckliche. Auf ihrem Lande lag in Folge der vielen Kriege eine gro\u00dfe Schuldenlast, welche durch die gew\u00f6hnlichen Einnahmen des Landes nicht zu tilgen war. Sie k\u00fcndigten deshalb eine Klauen- oder Viehsteuer an, die auch auf den Besitz der Geistlichkeit und der Kl\u00f6ster ausgedehnt werden sollte.<\/p>\n\n\n\n<p><a href=\"https:\/\/www.ewigerbund.org\/bayern\/geschichte\/niederbayern-unter-heinrich-xiv-otto-iv-und-heinrich-xv\/\">Weiterlesen \u2192<\/a><\/p>\n\n<\/div><\/div><\/div>\n<\/div>\n\n\n<div style=\"height:40px\" aria-hidden=\"true\" class=\"wp-block-spacer\"><\/div>\n\n<\/div><\/div>\n\n<div class=\"gb-container gb-container-d4960ab6\"><div class=\"gb-inside-container\">\n<div class=\"gb-grid-wrapper gb-grid-wrapper-93c46dc7\">\n<div class=\"gb-grid-column gb-grid-column-4969d28a\"><div class=\"gb-container gb-container-4969d28a cat-box-border\"><div class=\"gb-inside-container\">\n\n<figure class=\"wp-block-image size-full\"><a href=\"https:\/\/www.ewigerbund.org\/bayern\/geschichte\/der-vertrag-von-pavia\/\"><img loading=\"lazy\" decoding=\"async\" width=\"1024\" height=\"580\" src=\"https:\/\/www.ewigerbund.org\/bayern\/wp-content\/uploads\/sites\/12\/2023\/06\/1329-Hausvertrag-von-Pavia-1024x580-1.jpg\" alt=\"1329-Hausvertrag-von-Pavia\" class=\"wp-image-2864\" srcset=\"https:\/\/www.ewigerbund.org\/bayern\/wp-content\/uploads\/sites\/12\/2023\/06\/1329-Hausvertrag-von-Pavia-1024x580-1.jpg 1024w, https:\/\/www.ewigerbund.org\/bayern\/wp-content\/uploads\/sites\/12\/2023\/06\/1329-Hausvertrag-von-Pavia-1024x580-1-300x170.jpg 300w, https:\/\/www.ewigerbund.org\/bayern\/wp-content\/uploads\/sites\/12\/2023\/06\/1329-Hausvertrag-von-Pavia-1024x580-1-768x435.jpg 768w\" sizes=\"auto, (max-width: 1024px) 100vw, 1024px\" \/><\/a><\/figure>\n\n\n\n<h2 class=\"wp-block-heading has-medium-font-size\"><a href=\"https:\/\/www.ewigerbund.org\/bayern\/geschichte\/der-vertrag-von-pavia\/\"><strong>1329. Der Vertrag von Pavia.<\/strong><\/a><\/h2>\n\n\n\n<p>Wir haben bisher viel vernommen von den Vorg\u00e4ngen im gro\u00dfen deutschen Reiche, von den Wirren und K\u00e4mpfen um die Kaiserkrone, von dem Streite zweier hochherziger F\u00fcrsten und ihrer Vers\u00f6hnung. Kehren wir nun wieder zu unserem engeren Vaterlande zur\u00fcck! Der Herzog Rudolf von Oberbayern, Ludwigs Bruder, war schon im Jahre 1319 im Ausland gestorben.<\/p>\n\n\n\n<p><a href=\"https:\/\/www.ewigerbund.org\/bayern\/geschichte\/der-vertrag-von-pavia\/\">Weiterlesen \u2192<\/a><\/p>\n\n<\/div><\/div><\/div>\n\n<div class=\"gb-grid-column gb-grid-column-7268a7e3\"><div class=\"gb-container gb-container-7268a7e3 cat-box-border\"><div class=\"gb-inside-container\">\n\n<figure class=\"wp-block-image size-full\"><a href=\"https:\/\/www.ewigerbund.org\/bayern\/geschichte\/oberbayern-und-tyrol-unter-ludwig-v\/\"><img loading=\"lazy\" decoding=\"async\" width=\"1024\" height=\"580\" src=\"https:\/\/www.ewigerbund.org\/bayern\/wp-content\/uploads\/sites\/12\/2023\/06\/1351-1361-Oberbayern-und-Tyrol-unter-Ludwig-V-1024x580-1.jpg\" alt=\"1351-1361-Oberbayern-und-Tyrol-unter-Ludwig-V\" class=\"wp-image-2866\" srcset=\"https:\/\/www.ewigerbund.org\/bayern\/wp-content\/uploads\/sites\/12\/2023\/06\/1351-1361-Oberbayern-und-Tyrol-unter-Ludwig-V-1024x580-1.jpg 1024w, https:\/\/www.ewigerbund.org\/bayern\/wp-content\/uploads\/sites\/12\/2023\/06\/1351-1361-Oberbayern-und-Tyrol-unter-Ludwig-V-1024x580-1-300x170.jpg 300w, https:\/\/www.ewigerbund.org\/bayern\/wp-content\/uploads\/sites\/12\/2023\/06\/1351-1361-Oberbayern-und-Tyrol-unter-Ludwig-V-1024x580-1-768x435.jpg 768w\" sizes=\"auto, (max-width: 1024px) 100vw, 1024px\" \/><\/a><\/figure>\n\n\n\n<h2 class=\"wp-block-heading has-medium-font-size\"><a href=\"https:\/\/www.ewigerbund.org\/bayern\/geschichte\/oberbayern-und-tyrol-unter-ludwig-v\/\"><strong>1351-1361. Oberbayern und Tyrol unter Ludwig V.<\/strong><\/a><\/h2>\n\n\n\n<p>Der Begr\u00fcnder dieser Linie, Ludwig V., der Brandenburger (1351-1361), war ein biederer, freisinniger F\u00fcrst, von Allen, die ihn n\u00e4her kannten, geachtet und geliebt. Auf seinen Wunsch stellte der Herzog Albrecht der Weise von \u00d6sterreich bei dem Papst Innocenz VI. (1352-1362) das Aufsuchen, den Kirchenbann, der noch immer auf seiner Person und seiner ganzen Familie lastete, aufzuheben.<\/p>\n\n\n\n<p><a href=\"https:\/\/www.ewigerbund.org\/bayern\/geschichte\/oberbayern-und-tyrol-unter-ludwig-v\/\">Weiterlesen \u2192<\/a><\/p>\n\n<\/div><\/div><\/div>\n\n<div class=\"gb-grid-column gb-grid-column-669f101e\"><div class=\"gb-container gb-container-669f101e cat-box-border\"><div class=\"gb-inside-container\">\n\n<figure class=\"wp-block-image size-large\"><a href=\"https:\/\/www.ewigerbund.org\/bayern\/geschichte\/ludwig-vi-der-roemer\/\"><img loading=\"lazy\" decoding=\"async\" width=\"1024\" height=\"576\" src=\"https:\/\/www.ewigerbund.org\/bayern\/wp-content\/uploads\/sites\/12\/2023\/07\/1351-1366-1024x576.jpg\" alt=\"1351-1366\" class=\"wp-image-3213\" srcset=\"https:\/\/www.ewigerbund.org\/bayern\/wp-content\/uploads\/sites\/12\/2023\/07\/1351-1366-1024x576.jpg 1024w, https:\/\/www.ewigerbund.org\/bayern\/wp-content\/uploads\/sites\/12\/2023\/07\/1351-1366-300x169.jpg 300w, https:\/\/www.ewigerbund.org\/bayern\/wp-content\/uploads\/sites\/12\/2023\/07\/1351-1366-768x432.jpg 768w, https:\/\/www.ewigerbund.org\/bayern\/wp-content\/uploads\/sites\/12\/2023\/07\/1351-1366-1536x864.jpg 1536w, https:\/\/www.ewigerbund.org\/bayern\/wp-content\/uploads\/sites\/12\/2023\/07\/1351-1366.jpg 1920w\" sizes=\"auto, (max-width: 1024px) 100vw, 1024px\" \/><\/a><\/figure>\n\n\n\n<h2 class=\"wp-block-heading has-medium-font-size\"><a href=\"https:\/\/www.ewigerbund.org\/bayern\/geschichte\/ludwig-vi-der-roemer\/\"><strong>1351-1366. Brandenburg und Niederlausitz unter Ludwig VI. der R\u00f6mer.<\/strong><\/a><\/h2>\n\n\n\n<p>Diese L\u00e4nder erhielten dem Theilvertrage von 1351 zufolge Ludwig VI. der R\u00f6mer, und sein Bruder Otto V.; jener z\u00e4hlte damals 23, dieser 4 Jahre. Wegen der Jugend Otto\u2019s V. wurde Ludwig der R\u00f6mer anf\u00e4nglich von dem Kaiser Karl IV. der Mark Brandenburg und der Niederlausitz allein belehnt.<\/p>\n\n\n\n<p><a href=\"https:\/\/www.ewigerbund.org\/bayern\/geschichte\/ludwig-vi-der-roemer\/\">Weiterlesen \u2192<\/a><\/p>\n\n<\/div><\/div><\/div>\n<\/div>\n\n\n<div style=\"height:40px\" aria-hidden=\"true\" class=\"wp-block-spacer\"><\/div>\n\n<\/div><\/div>\n\n<div class=\"gb-container gb-container-7a24a5a9\"><div class=\"gb-inside-container\">\n<div class=\"gb-grid-wrapper gb-grid-wrapper-43ca45be\">\n<div class=\"gb-grid-column gb-grid-column-86c2dd37\"><div class=\"gb-container gb-container-86c2dd37 cat-box-border\"><div class=\"gb-inside-container\">\n\n<figure class=\"wp-block-image size-full\"><a href=\"https:\/\/www.ewigerbund.org\/bayern\/geschichte\/ober-und-niederbayern-unter-stephan-ii\/\"><img loading=\"lazy\" decoding=\"async\" width=\"1024\" height=\"580\" src=\"https:\/\/www.ewigerbund.org\/bayern\/wp-content\/uploads\/sites\/12\/2023\/06\/Ober-und-Niederbayern-unter-Stephan-II-1024x580-1.jpg\" alt=\"Ober-und-Niederbayern-unter-Stephan-II\" class=\"wp-image-2868\" srcset=\"https:\/\/www.ewigerbund.org\/bayern\/wp-content\/uploads\/sites\/12\/2023\/06\/Ober-und-Niederbayern-unter-Stephan-II-1024x580-1.jpg 1024w, https:\/\/www.ewigerbund.org\/bayern\/wp-content\/uploads\/sites\/12\/2023\/06\/Ober-und-Niederbayern-unter-Stephan-II-1024x580-1-300x170.jpg 300w, https:\/\/www.ewigerbund.org\/bayern\/wp-content\/uploads\/sites\/12\/2023\/06\/Ober-und-Niederbayern-unter-Stephan-II-1024x580-1-768x435.jpg 768w\" sizes=\"auto, (max-width: 1024px) 100vw, 1024px\" \/><\/a><\/figure>\n\n\n\n<h2 class=\"wp-block-heading has-medium-font-size\"><a href=\"https:\/\/www.ewigerbund.org\/bayern\/geschichte\/ober-und-niederbayern-unter-stephan-ii\/\"><strong>1353-1375. Ober- und Niederbayern unter Stephan II.<\/strong><\/a><\/h2>\n\n\n\n<p>Stephan II. (1353-1375), der einzige von den S\u00f6hnen Ludwigs des Bayern, dessen Geschlecht sich l\u00e4ngere Zeit hindurch erhalten hat, war bei der im Jahre 1353 vorgenommenen Landestheilung mit Niederbayern-Landshut bedacht worden. Die Ruhe in diesem Theile Bayerns wurde zun\u00e4chst durch den Kaiser Karl IV. gest\u00f6rt, der (1355) die bisch\u00f6flich regensburgische Herrschaft Donaustauf ohne Wissen und Zustimmung der niederbayerischen Herz\u00f6ge in Besitz nahm<\/p>\n\n\n\n<p><a href=\"https:\/\/www.ewigerbund.org\/bayern\/geschichte\/ober-und-niederbayern-unter-stephan-ii\/\">Weiterlesen \u2192<\/a><\/p>\n\n<\/div><\/div><\/div>\n\n<div class=\"gb-grid-column gb-grid-column-4bd8b4c9\"><div class=\"gb-container gb-container-4bd8b4c9 cat-box-border\"><div class=\"gb-inside-container\">\n\n<figure class=\"wp-block-image size-full\"><a href=\"https:\/\/www.ewigerbund.org\/bayern\/geschichte\/oberbayern-und-tyrol-unter-mainhard\/\"><img loading=\"lazy\" decoding=\"async\" width=\"1024\" height=\"580\" src=\"https:\/\/www.ewigerbund.org\/bayern\/wp-content\/uploads\/sites\/12\/2023\/06\/Oberbayern_und_Tyrol_unter_Mainhard-1024x580-1.jpg\" alt=\"Oberbayern_und_Tyrol_unter_Mainhard\" class=\"wp-image-2869\" srcset=\"https:\/\/www.ewigerbund.org\/bayern\/wp-content\/uploads\/sites\/12\/2023\/06\/Oberbayern_und_Tyrol_unter_Mainhard-1024x580-1.jpg 1024w, https:\/\/www.ewigerbund.org\/bayern\/wp-content\/uploads\/sites\/12\/2023\/06\/Oberbayern_und_Tyrol_unter_Mainhard-1024x580-1-300x170.jpg 300w, https:\/\/www.ewigerbund.org\/bayern\/wp-content\/uploads\/sites\/12\/2023\/06\/Oberbayern_und_Tyrol_unter_Mainhard-1024x580-1-768x435.jpg 768w\" sizes=\"auto, (max-width: 1024px) 100vw, 1024px\" \/><\/a><\/figure>\n\n\n\n<h2 class=\"wp-block-heading has-medium-font-size\"><a href=\"https:\/\/www.ewigerbund.org\/bayern\/geschichte\/oberbayern-und-tyrol-unter-mainhard\/\"><strong>1361-1363. Oberbayern und Tyrol unter Mainhard.<\/strong><\/a><\/h2>\n\n\n\n<p>Nach dem Tode Ludwigs V. entstanden wegen der Nachfolge seines Sohnes Mainhard (1361-1363), eines bereits achtzehnj\u00e4hrigen Prinzen, gro\u00dfe Streitigkeiten, an denen nicht nur alle bayerischen F\u00fcrsten, sondern auch der Herzog Rudolf IV. von \u00d6sterreich, Mainhards Schwager, und Kaiser Karl IV. Antheil nahmen. Mainhard, ein in der Regierungskunst ganz unerfahrener J\u00fcngling, \u00fcberlie\u00df sich und die Regierung seiner L\u00e4nder einer herrschs\u00fcchtigen Partei,<\/p>\n\n\n\n<p><a href=\"https:\/\/www.ewigerbund.org\/bayern\/geschichte\/oberbayern-und-tyrol-unter-mainhard\/\">Weiterlesen \u2192<\/a><\/p>\n\n<\/div><\/div><\/div>\n\n<div class=\"gb-grid-column gb-grid-column-f2972806\"><div class=\"gb-container gb-container-f2972806 cat-box-border\"><div class=\"gb-inside-container\">\n\n<figure class=\"wp-block-image size-full\"><a href=\"https:\/\/www.ewigerbund.org\/bayern\/geschichte\/einfuehrung-des-erstgeburtsrechts\/\"><img loading=\"lazy\" decoding=\"async\" width=\"1024\" height=\"582\" src=\"https:\/\/www.ewigerbund.org\/bayern\/wp-content\/uploads\/sites\/12\/2023\/06\/1392-1506_Einfuerung_des_Erstgeburtsrechts-1024x582-1.jpg\" alt=\"1392-1506_Einfuerung_des_Erstgeburtsrechts\" class=\"wp-image-2870\" srcset=\"https:\/\/www.ewigerbund.org\/bayern\/wp-content\/uploads\/sites\/12\/2023\/06\/1392-1506_Einfuerung_des_Erstgeburtsrechts-1024x582-1.jpg 1024w, https:\/\/www.ewigerbund.org\/bayern\/wp-content\/uploads\/sites\/12\/2023\/06\/1392-1506_Einfuerung_des_Erstgeburtsrechts-1024x582-1-300x171.jpg 300w, https:\/\/www.ewigerbund.org\/bayern\/wp-content\/uploads\/sites\/12\/2023\/06\/1392-1506_Einfuerung_des_Erstgeburtsrechts-1024x582-1-768x437.jpg 768w\" sizes=\"auto, (max-width: 1024px) 100vw, 1024px\" \/><\/a><\/figure>\n\n\n\n<h2 class=\"wp-block-heading has-medium-font-size\"><a href=\"https:\/\/www.ewigerbund.org\/bayern\/geschichte\/einfuehrung-des-erstgeburtsrechts\/\"><strong>1392-1506. Einf\u00fchrung des Erstgeburtsrechts.<\/strong><\/a><\/h2>\n\n\n\n<p>Nicht lange dauerte Stephans Regierung, als er mit seinem Bruder Johann von M\u00fcnchen in Streit gerieth, und dadurch bezweckte, da\u00df die Br\u00fcder Ihre Theile zusammenwarfen (1395). Johanns Sohn Ernst behielt Landsberg, Weilheim, Wolfrathshausen und Dachau. Als Johann im Jahre 1397 starb, traten seine S\u00f6hne Wilhelm und Albert in dessen Rechte. Hierauf verlangte Stephan, vornehmlich aber sein Sohn Ludwig, M\u00fcnchen zum Sitze.<\/p>\n\n\n\n<p><a href=\"https:\/\/www.ewigerbund.org\/bayern\/geschichte\/einfuehrung-des-erstgeburtsrechts\/\">Weiterlesen \u2192<\/a><\/p>\n\n<\/div><\/div><\/div>\n<\/div>\n\n\n<div style=\"height:20px\" aria-hidden=\"true\" class=\"wp-block-spacer\"><\/div>\n\n<\/div><\/div>\n\n<div class=\"gb-container gb-container-8501d2ce\"><div class=\"gb-inside-container\">\n\n<h2 class=\"gb-headline gb-headline-e6bc512b gb-headline-text\" id=\"15.16.Jahrhundert\">15. und 16. Jahrhundert.<\/h2>\n\n<\/div><\/div>\n\n<div class=\"gb-container gb-container-b669808f\"><div class=\"gb-inside-container\">\n<div class=\"gb-grid-wrapper gb-grid-wrapper-6465a6de\">\n<div class=\"gb-grid-column gb-grid-column-63b7e2d5\"><div class=\"gb-container gb-container-63b7e2d5 cat-box-border\"><div class=\"gb-inside-container\">\n\n<figure class=\"wp-block-image size-full\"><a href=\"https:\/\/www.ewigerbund.org\/bayern\/geschichte\/die-kirchenspaltung\/\"><img loading=\"lazy\" decoding=\"async\" width=\"1024\" height=\"580\" src=\"https:\/\/www.ewigerbund.org\/bayern\/wp-content\/uploads\/sites\/12\/2023\/06\/1409-1558_Die_Kirchenspaltung-1024x580-1.jpg\" alt=\"1409-1558_Die_Kirchenspaltung\" class=\"wp-image-2871\" srcset=\"https:\/\/www.ewigerbund.org\/bayern\/wp-content\/uploads\/sites\/12\/2023\/06\/1409-1558_Die_Kirchenspaltung-1024x580-1.jpg 1024w, https:\/\/www.ewigerbund.org\/bayern\/wp-content\/uploads\/sites\/12\/2023\/06\/1409-1558_Die_Kirchenspaltung-1024x580-1-300x170.jpg 300w, https:\/\/www.ewigerbund.org\/bayern\/wp-content\/uploads\/sites\/12\/2023\/06\/1409-1558_Die_Kirchenspaltung-1024x580-1-768x435.jpg 768w\" sizes=\"auto, (max-width: 1024px) 100vw, 1024px\" \/><\/a><\/figure>\n\n\n\n<h2 class=\"wp-block-heading has-medium-font-size\"><a href=\"https:\/\/www.ewigerbund.org\/bayern\/geschichte\/die-kirchenspaltung\/\"><strong>1409-1558. Die Kirchenspaltung.<\/strong><\/a><\/h2>\n\n\n\n<p>In den ersten Jahrhunderten ging die Kirche gegen solche ihrer Mitglieder, die in grober Weise die Gebote Gottes \u00fcbertreten hatten, mit gro\u00dfer Strenge vor. So z.B. gestatte sie ihnen nicht, am \u00f6ffentlichen Gottesdienste teilzunehmen. Nur am Eingange der Kirche durften sie, mit einem B\u00fc\u00dfergewande angetan, stehen und die F\u00fcrbitte der Vor\u00fcbergehenden anflehen.&nbsp;<\/p>\n\n\n\n<p><a href=\"https:\/\/www.ewigerbund.org\/bayern\/geschichte\/die-kirchenspaltung\/\">Weiterlesen \u2192<\/a><\/p>\n\n<\/div><\/div><\/div>\n\n<div class=\"gb-grid-column gb-grid-column-0a540f1b\"><div class=\"gb-container gb-container-0a540f1b cat-box-border\"><div class=\"gb-inside-container\">\n\n<figure class=\"wp-block-image size-full\"><a href=\"https:\/\/www.ewigerbund.org\/bayern\/geschichte\/kurfuerst-maximilian-i-von-bayern\/\"><img loading=\"lazy\" decoding=\"async\" width=\"1024\" height=\"582\" src=\"https:\/\/www.ewigerbund.org\/bayern\/wp-content\/uploads\/sites\/12\/2023\/06\/1598-1651_Kurfuerst_Maximilian_I_-1024x582-1.jpg\" alt=\"1598-1651_Kurfuerst_Maximilian_I\" class=\"wp-image-2872\" srcset=\"https:\/\/www.ewigerbund.org\/bayern\/wp-content\/uploads\/sites\/12\/2023\/06\/1598-1651_Kurfuerst_Maximilian_I_-1024x582-1.jpg 1024w, https:\/\/www.ewigerbund.org\/bayern\/wp-content\/uploads\/sites\/12\/2023\/06\/1598-1651_Kurfuerst_Maximilian_I_-1024x582-1-300x171.jpg 300w, https:\/\/www.ewigerbund.org\/bayern\/wp-content\/uploads\/sites\/12\/2023\/06\/1598-1651_Kurfuerst_Maximilian_I_-1024x582-1-768x437.jpg 768w\" sizes=\"auto, (max-width: 1024px) 100vw, 1024px\" \/><\/a><\/figure>\n\n\n\n<h2 class=\"wp-block-heading has-medium-font-size\"><a href=\"https:\/\/www.ewigerbund.org\/bayern\/geschichte\/kurfuerst-maximilian-i-von-bayern\/\"><strong>1598 -1651. Kurf\u00fcrst Maximilian I. von Bayern.<\/strong><\/a><\/h2>\n\n\n\n<p>W\u00e4hrend des ganzen Drei\u00dfigj\u00e4hrigen Krieges und noch dar\u00fcber hinaus regierte in Bayern Maximilian I., zuerst (1598-1623) als Herzog und dann als Kurf\u00fcrst. Er geh\u00f6rte zu den bedeutendsten F\u00fcrsten seiner Zeit. Trotz der unseligen K\u00e4mpfe, an denen er den lebhaftesten Anteil nahm, gelang es ihm, in seinem Lande manches unverg\u00e4ngliche Werk der Kunst und der Kultur zu f\u00f6rdern.<\/p>\n\n\n\n<p><a href=\"https:\/\/www.ewigerbund.org\/bayern\/geschichte\/kurfuerst-maximilian-i-von-bayern\/\">Weiterlesen \u2192<\/a><\/p>\n\n<\/div><\/div><\/div>\n\n<div class=\"gb-grid-column gb-grid-column-d1bca01c\"><div class=\"gb-container gb-container-d1bca01c\"><div class=\"gb-inside-container\"><\/div><\/div><\/div>\n<\/div>\n\n\n<div style=\"height:20px\" aria-hidden=\"true\" class=\"wp-block-spacer\"><\/div>\n\n<\/div><\/div>\n\n<div class=\"gb-container gb-container-2123028d\"><div class=\"gb-inside-container\">\n\n<h2 class=\"gb-headline gb-headline-27474554 gb-headline-text\" id=\"17.Jahrhundert\">17. Jahrhundert.<\/h2>\n\n<\/div><\/div>\n\n<div class=\"gb-container gb-container-60903173\"><div class=\"gb-inside-container\">\n<div class=\"gb-grid-wrapper gb-grid-wrapper-6f3fdb75\">\n<div class=\"gb-grid-column gb-grid-column-2c3d40c9\"><div class=\"gb-container gb-container-2c3d40c9 cat-box-border\"><div class=\"gb-inside-container\">\n\n<figure class=\"wp-block-image size-full\"><a href=\"https:\/\/www.ewigerbund.org\/bayern\/geschichte\/der-dreissigjahrige-krieg\/\"><img loading=\"lazy\" decoding=\"async\" width=\"1024\" height=\"580\" src=\"https:\/\/www.ewigerbund.org\/bayern\/wp-content\/uploads\/sites\/12\/2023\/06\/1618-1648-Der-dreissigjaehrige-Krieg.jpg\" alt=\"1618-1648-Der-dreissigjaehrige-Krieg\" class=\"wp-image-2873\" srcset=\"https:\/\/www.ewigerbund.org\/bayern\/wp-content\/uploads\/sites\/12\/2023\/06\/1618-1648-Der-dreissigjaehrige-Krieg.jpg 1024w, https:\/\/www.ewigerbund.org\/bayern\/wp-content\/uploads\/sites\/12\/2023\/06\/1618-1648-Der-dreissigjaehrige-Krieg-300x170.jpg 300w, https:\/\/www.ewigerbund.org\/bayern\/wp-content\/uploads\/sites\/12\/2023\/06\/1618-1648-Der-dreissigjaehrige-Krieg-768x435.jpg 768w\" sizes=\"auto, (max-width: 1024px) 100vw, 1024px\" \/><\/a><\/figure>\n\n\n\n<h2 class=\"wp-block-heading has-medium-font-size\"><a href=\"https:\/\/www.ewigerbund.org\/bayern\/geschichte\/der-dreissigjahrige-krieg\/\"><strong>1618-1648. Der drei\u00dfigj\u00e4hrige Krieg. Die Schlacht am wei\u00dfen Berge.<\/strong><\/a><\/h2>\n\n\n\n<p>Der letzte Friede von Augsburg (1555) hatte die Religionsunruhen in Deutschland nur \u00e4u\u00dferlich beschwichtigt. \u00dcberall ist leichter Vers\u00f6hnung, als wo der Kampf um den Glauben, des inneren Lebens Heiligthum, die Gem\u00fcther entzweit.<\/p>\n\n\n\n<p><a href=\"https:\/\/www.ewigerbund.org\/bayern\/geschichte\/der-dreissigjahrige-krieg\/\">Weiterlesen \u2192<\/a><\/p>\n\n<\/div><\/div><\/div>\n\n<div class=\"gb-grid-column gb-grid-column-11665392\"><div class=\"gb-container gb-container-11665392 cat-box-border\"><div class=\"gb-inside-container\">\n\n<figure class=\"wp-block-image size-full\"><a href=\"https:\/\/www.ewigerbund.org\/bayern\/geschichte\/ludwig-xiv-von-frankreich\/\"><img loading=\"lazy\" decoding=\"async\" width=\"1024\" height=\"580\" src=\"https:\/\/www.ewigerbund.org\/bayern\/wp-content\/uploads\/sites\/12\/2023\/06\/KouenigLudwigVonFrankreich-1200px-1024x580-1.jpg\" alt=\"KoenigLudwigVonFrankreich\" class=\"wp-image-2874\" srcset=\"https:\/\/www.ewigerbund.org\/bayern\/wp-content\/uploads\/sites\/12\/2023\/06\/KouenigLudwigVonFrankreich-1200px-1024x580-1.jpg 1024w, https:\/\/www.ewigerbund.org\/bayern\/wp-content\/uploads\/sites\/12\/2023\/06\/KouenigLudwigVonFrankreich-1200px-1024x580-1-300x170.jpg 300w, https:\/\/www.ewigerbund.org\/bayern\/wp-content\/uploads\/sites\/12\/2023\/06\/KouenigLudwigVonFrankreich-1200px-1024x580-1-768x435.jpg 768w\" sizes=\"auto, (max-width: 1024px) 100vw, 1024px\" \/><\/a><\/figure>\n\n\n\n<h2 class=\"wp-block-heading has-medium-font-size\"><a href=\"https:\/\/www.ewigerbund.org\/bayern\/geschichte\/ludwig-xiv-von-frankreich\/\"><strong>1643-1715. Ludwig XIV. von Frankreich.<\/strong><\/a><\/h2>\n\n\n\n<p>Nach Abschluss des Westf\u00e4lischen Friedens konnte sich Deutschland nur schwer von dem Elend des furchtbaren Krieges erholen, der seine Kultur vernichtet, seinen Wohlstand gebrochen hatte. M\u00e4chtige Feinde bedrohten das ersch\u00f6pfte Land und suchten dessen Schw\u00e4che zu ihrem Vorteil auszubeuten,<\/p>\n\n\n\n<p><a href=\"https:\/\/www.ewigerbund.org\/bayern\/geschichte\/ludwig-xiv-von-frankreich\/\">Weiterlesen \u2192<\/a><\/p>\n\n<\/div><\/div><\/div>\n\n<div class=\"gb-grid-column gb-grid-column-dc41d5c7\"><div class=\"gb-container gb-container-dc41d5c7 cat-box-border\"><div class=\"gb-inside-container\">\n\n<figure class=\"wp-block-image size-full\"><a href=\"https:\/\/www.ewigerbund.org\/bayern\/geschichte\/bayern-unter-ferdinand-maria\/\"><img loading=\"lazy\" decoding=\"async\" width=\"1024\" height=\"580\" src=\"https:\/\/www.ewigerbund.org\/bayern\/wp-content\/uploads\/sites\/12\/2023\/06\/1651-1679-Bayern-unter-Ferdinand-Maria-1024x580-1.jpg\" alt=\"1651-1679-Bayern-unter-Ferdinand-Maria\" class=\"wp-image-2875\" srcset=\"https:\/\/www.ewigerbund.org\/bayern\/wp-content\/uploads\/sites\/12\/2023\/06\/1651-1679-Bayern-unter-Ferdinand-Maria-1024x580-1.jpg 1024w, https:\/\/www.ewigerbund.org\/bayern\/wp-content\/uploads\/sites\/12\/2023\/06\/1651-1679-Bayern-unter-Ferdinand-Maria-1024x580-1-300x170.jpg 300w, https:\/\/www.ewigerbund.org\/bayern\/wp-content\/uploads\/sites\/12\/2023\/06\/1651-1679-Bayern-unter-Ferdinand-Maria-1024x580-1-768x435.jpg 768w\" sizes=\"auto, (max-width: 1024px) 100vw, 1024px\" \/><\/a><\/figure>\n\n\n\n<h2 class=\"wp-block-heading has-medium-font-size\"><a href=\"https:\/\/www.ewigerbund.org\/bayern\/geschichte\/bayern-unter-ferdinand-maria\/\"><strong>1651-1679. Bayern unter Ferdinand Maria.<\/strong><\/a><\/h2>\n\n\n\n<p>Da bei dem Tode Maximilians I. sein \u00e4lterer Sohn, Ferdinand Maria (1651-1679), erst f\u00fcnfzehn Jahre z\u00e4hlte, so \u00fcbernahmen die Kurf\u00fcrstin-Mutter Anna und Albrecht VI., ein Bruder des verlebten Kurf\u00fcrsten Maximilian, die Regentschaft. S\u00e4mmtliche R\u00e4the, die dem Vater gedient,<\/p>\n\n\n\n<p><a href=\"https:\/\/www.ewigerbund.org\/bayern\/geschichte\/bayern-unter-ferdinand-maria\/\">Weiterlesen \u2192<\/a><\/p>\n\n<\/div><\/div><\/div>\n<\/div>\n\n\n<div style=\"height:40px\" aria-hidden=\"true\" class=\"wp-block-spacer\"><\/div>\n\n<\/div><\/div>\n\n<div class=\"gb-container gb-container-1a586d11\"><div class=\"gb-inside-container\">\n<div class=\"gb-grid-wrapper gb-grid-wrapper-40a0311b\">\n<div class=\"gb-grid-column gb-grid-column-fb5fb49e\"><div class=\"gb-container gb-container-fb5fb49e cat-box-border\"><div class=\"gb-inside-container\">\n\n<figure class=\"wp-block-image size-full\"><a href=\"https:\/\/www.ewigerbund.org\/bayern\/geschichte\/max-emanuel-von-bayern\/\"><img loading=\"lazy\" decoding=\"async\" width=\"1024\" height=\"580\" src=\"https:\/\/www.ewigerbund.org\/bayern\/wp-content\/uploads\/sites\/12\/2023\/06\/KurfuerstMaxEmanuel-1200px-1-1024x580-1.jpg\" alt=\"KurfuerstMaxEmanuel\" class=\"wp-image-2876\" srcset=\"https:\/\/www.ewigerbund.org\/bayern\/wp-content\/uploads\/sites\/12\/2023\/06\/KurfuerstMaxEmanuel-1200px-1-1024x580-1.jpg 1024w, https:\/\/www.ewigerbund.org\/bayern\/wp-content\/uploads\/sites\/12\/2023\/06\/KurfuerstMaxEmanuel-1200px-1-1024x580-1-300x170.jpg 300w, https:\/\/www.ewigerbund.org\/bayern\/wp-content\/uploads\/sites\/12\/2023\/06\/KurfuerstMaxEmanuel-1200px-1-1024x580-1-768x435.jpg 768w\" sizes=\"auto, (max-width: 1024px) 100vw, 1024px\" \/><\/a><\/figure>\n\n\n\n<h2 class=\"wp-block-heading has-medium-font-size\"><a href=\"https:\/\/www.ewigerbund.org\/bayern\/geschichte\/max-emanuel-von-bayern\/\"><strong>1679-1726. Kurf\u00fcrst Max Emanuel von Bayern.<\/strong><\/a><\/h2>\n\n\n\n<p>Kurf\u00fcrst Max II. Emanuel war der Enkel Maximilians I., der am Verlauf des Drei\u00dfigj\u00e4hrigen Krieges so lebhaften Anteil nahm. Sein Vater Ferdinand Maria (1651\u20141679) hatte seinem ersch\u00f6pften Lande die Segnungen des Friedens erhalten und alle Aufreizungen Frankreichs,<\/p>\n\n\n\n<p><a href=\"https:\/\/www.ewigerbund.org\/bayern\/geschichte\/max-emanuel-von-bayern\/\">Weiterlesen \u2192<\/a><\/p>\n\n<\/div><\/div><\/div>\n\n<div class=\"gb-grid-column gb-grid-column-73aaa3b6\"><div class=\"gb-container gb-container-73aaa3b6 cat-box-border\"><div class=\"gb-inside-container\">\n\n<figure class=\"wp-block-image size-full\"><a href=\"https:\/\/www.ewigerbund.org\/bayern\/geschichte\/die-tuerkenkriege\/\"><img loading=\"lazy\" decoding=\"async\" width=\"1024\" height=\"580\" src=\"https:\/\/www.ewigerbund.org\/bayern\/wp-content\/uploads\/sites\/12\/2023\/06\/1683-1697.jpg\" alt=\"1683-1697\" class=\"wp-image-2877\" srcset=\"https:\/\/www.ewigerbund.org\/bayern\/wp-content\/uploads\/sites\/12\/2023\/06\/1683-1697.jpg 1024w, https:\/\/www.ewigerbund.org\/bayern\/wp-content\/uploads\/sites\/12\/2023\/06\/1683-1697-300x170.jpg 300w, https:\/\/www.ewigerbund.org\/bayern\/wp-content\/uploads\/sites\/12\/2023\/06\/1683-1697-768x435.jpg 768w\" sizes=\"auto, (max-width: 1024px) 100vw, 1024px\" \/><\/a><\/figure>\n\n\n\n<h2 class=\"wp-block-heading has-medium-font-size\"><a href=\"https:\/\/www.ewigerbund.org\/bayern\/geschichte\/die-tuerkenkriege\/\"><strong>1683-1697. Die T\u00fcrkenkriege.<\/strong><\/a><\/h2>\n\n\n\n<p>W\u00e4hrend der deutsche Westen zertr\u00fcmmert und geknechtet wurde, litt der deutsche Osten schwer unter den Einf\u00e4llen der T\u00fcrken. Die T\u00fcrken hatten 1453 Konstantinopel, die Hauptstadt des ostr\u00f6mischen Reiches, erobert, im 16. Jahrhundert den gr\u00f6\u00dften Teil Ungarns besetzt und kurz nach dem Westf\u00e4lischen Frieden auch Siebenb\u00fcrgen erobert.<\/p>\n\n\n\n<p><a href=\"https:\/\/www.ewigerbund.org\/bayern\/geschichte\/die-tuerkenkriege\/\">Weiterlesen \u2192<\/a><\/p>\n\n<\/div><\/div><\/div>\n\n<div class=\"gb-grid-column gb-grid-column-3a15d0dc\"><div class=\"gb-container gb-container-3a15d0dc cat-box-border\"><div class=\"gb-inside-container\">\n\n<figure class=\"wp-block-image size-full\"><a href=\"https:\/\/www.ewigerbund.org\/bayern\/geschichte\/die-verwuestung-der-pfalz-und-der-brand-speiers\/\"><img loading=\"lazy\" decoding=\"async\" width=\"1024\" height=\"580\" src=\"https:\/\/www.ewigerbund.org\/bayern\/wp-content\/uploads\/sites\/12\/2023\/06\/1688.jpg\" alt=\"1688\" class=\"wp-image-2878\" srcset=\"https:\/\/www.ewigerbund.org\/bayern\/wp-content\/uploads\/sites\/12\/2023\/06\/1688.jpg 1024w, https:\/\/www.ewigerbund.org\/bayern\/wp-content\/uploads\/sites\/12\/2023\/06\/1688-300x170.jpg 300w, https:\/\/www.ewigerbund.org\/bayern\/wp-content\/uploads\/sites\/12\/2023\/06\/1688-768x435.jpg 768w\" sizes=\"auto, (max-width: 1024px) 100vw, 1024px\" \/><\/a><\/figure>\n\n\n\n<h2 class=\"wp-block-heading has-medium-font-size\"><a href=\"https:\/\/www.ewigerbund.org\/bayern\/geschichte\/die-verwuestung-der-pfalz-und-der-brand-speiers\/\"><strong>1688. Die Verw\u00fcstung der Pfalz und der Brand Speiers.<\/strong><\/a><\/h2>\n\n\n\n<p>Wie Ludwig XIV. mitten im Frieden Stra\u00dfburg geraubt hatte, so fiel er im September 1688 ohne Kriegserkl\u00e4rung in die Pfalz ein. Rasch nacheinander hatten die Franzosen Kaiserslautern, Mainz, Heidelberg und Heilbronn genommen und sich so in den Besitz der Pfalz gesetzt, ehe man in Deutschland an Widerstand denken konnte.<\/p>\n\n\n\n<p><a href=\"https:\/\/www.ewigerbund.org\/bayern\/geschichte\/die-verwuestung-der-pfalz-und-der-brand-speiers\/\">Weiterlesen \u2192<\/a><\/p>\n\n<\/div><\/div><\/div>\n<\/div>\n\n\n<div style=\"height:20px\" aria-hidden=\"true\" class=\"wp-block-spacer\"><\/div>\n\n<\/div><\/div>\n\n<div class=\"gb-container gb-container-75c8cd9b\"><div class=\"gb-inside-container\">\n\n<h2 class=\"gb-headline gb-headline-19e3e30b gb-headline-text\" id=\"18.Jahrhundert\">18. Jahrhundert.<\/h2>\n\n<\/div><\/div>\n\n<div class=\"gb-container gb-container-c1fc2d85\"><div class=\"gb-inside-container\">\n<div class=\"gb-grid-wrapper gb-grid-wrapper-22c3219e\">\n<div class=\"gb-grid-column gb-grid-column-aaff8cf3\"><div class=\"gb-container gb-container-aaff8cf3 cat-box-border\"><div class=\"gb-inside-container\">\n\n<figure class=\"wp-block-image size-full\"><a href=\"https:\/\/www.ewigerbund.org\/bayern\/geschichte\/der-spanische-erbfolgekrieg\/\"><img loading=\"lazy\" decoding=\"async\" width=\"1024\" height=\"580\" src=\"https:\/\/www.ewigerbund.org\/bayern\/wp-content\/uploads\/sites\/12\/2023\/06\/Der_Spanische_Erbfolgekrieg_Graf_Arkosss_Heldenmuthiger_Tod-1024x580-1.jpg\" alt=\"Der_Spanische_Erbfolgekrieg_Graf_Arkosss_Heldenmuthiger_Tod\" class=\"wp-image-2879\" srcset=\"https:\/\/www.ewigerbund.org\/bayern\/wp-content\/uploads\/sites\/12\/2023\/06\/Der_Spanische_Erbfolgekrieg_Graf_Arkosss_Heldenmuthiger_Tod-1024x580-1.jpg 1024w, https:\/\/www.ewigerbund.org\/bayern\/wp-content\/uploads\/sites\/12\/2023\/06\/Der_Spanische_Erbfolgekrieg_Graf_Arkosss_Heldenmuthiger_Tod-1024x580-1-300x170.jpg 300w, https:\/\/www.ewigerbund.org\/bayern\/wp-content\/uploads\/sites\/12\/2023\/06\/Der_Spanische_Erbfolgekrieg_Graf_Arkosss_Heldenmuthiger_Tod-1024x580-1-768x435.jpg 768w\" sizes=\"auto, (max-width: 1024px) 100vw, 1024px\" \/><\/a><\/figure>\n\n\n\n<h2 class=\"wp-block-heading has-medium-font-size\"><a href=\"https:\/\/www.ewigerbund.org\/bayern\/geschichte\/der-spanische-erbfolgekrieg\/\"><strong>1702-1713. Der spanische Erbfolgekrieg. Graf Arko\u2019s heldenm\u00fcthiger Tod.<\/strong><\/a><\/h2>\n\n\n\n<p>Auf Spaniens Krone waren nun die Blicke aller europ\u00e4ischen H\u00f6fe gerichtet. Langsam siechte der kinderlose K\u00f6nig dahin und man f\u00fchlte, da\u00df er Thron und Leben bald verlassen werde. \u2013 Wer nun Erbe seiner Reiche werden w\u00fcrde, das war die Frage, deren Entscheidung, mochte sie fallen wie immer, einen blutigen Kampf entz\u00fcnden mu\u00dfte.<\/p>\n\n\n\n<p><a href=\"https:\/\/www.ewigerbund.org\/bayern\/geschichte\/der-spanische-erbfolgekrieg\/\">Weiterlesen \u2192<\/a><\/p>\n\n<\/div><\/div><\/div>\n\n<div class=\"gb-grid-column gb-grid-column-171b571b\"><div class=\"gb-container gb-container-171b571b cat-box-border\"><div class=\"gb-inside-container\">\n\n<figure class=\"wp-block-image size-full\"><a href=\"https:\/\/www.ewigerbund.org\/bayern\/geschichte\/der-bayerische-befreiungskampf\/\"><img loading=\"lazy\" decoding=\"async\" width=\"1024\" height=\"580\" src=\"https:\/\/www.ewigerbund.org\/bayern\/wp-content\/uploads\/sites\/12\/2023\/06\/1705_Der_Bayerische_Befreiungskampf-1024x580-1.jpg\" alt=\"1705_Der_Bayerische_Befreiungskampf\" class=\"wp-image-2880\" srcset=\"https:\/\/www.ewigerbund.org\/bayern\/wp-content\/uploads\/sites\/12\/2023\/06\/1705_Der_Bayerische_Befreiungskampf-1024x580-1.jpg 1024w, https:\/\/www.ewigerbund.org\/bayern\/wp-content\/uploads\/sites\/12\/2023\/06\/1705_Der_Bayerische_Befreiungskampf-1024x580-1-300x170.jpg 300w, https:\/\/www.ewigerbund.org\/bayern\/wp-content\/uploads\/sites\/12\/2023\/06\/1705_Der_Bayerische_Befreiungskampf-1024x580-1-768x435.jpg 768w\" sizes=\"auto, (max-width: 1024px) 100vw, 1024px\" \/><\/a><\/figure>\n\n\n\n<h2 class=\"wp-block-heading has-medium-font-size\"><a href=\"https:\/\/www.ewigerbund.org\/bayern\/geschichte\/der-bayerische-befreiungskampf\/\"><strong>1705. Der Bayerische Befreiungskampf.<\/strong><\/a><\/h2>\n\n\n\n<p>Das r\u00fccksichtslose Auftreten der Kaiserlichen erf\u00fcllte das treu an seinem F\u00fcrstenhause h\u00e4ngende Bayernvolk mit tiefem Groll. Dies erging in offene Emp\u00f6rung \u00fcber, als man bayerische Untertanen in die \u00f6sterreichische Armee einzustellen begann und damit umging, die kurf\u00fcrstlichen Kinder nach \u00d6sterreich wegzuf\u00fchren.<\/p>\n\n\n\n<p><a href=\"https:\/\/www.ewigerbund.org\/bayern\/geschichte\/der-bayerische-befreiungskampf\/\">Weiterlesen \u2192<\/a><\/p>\n\n<\/div><\/div><\/div>\n\n<div class=\"gb-grid-column gb-grid-column-3d118c45\"><div class=\"gb-container gb-container-3d118c45 cat-box-border\"><div class=\"gb-inside-container\">\n\n<figure class=\"wp-block-image size-large\"><a href=\"https:\/\/www.ewigerbund.org\/bayern\/geschichte\/bayern-unter-karl-albrecht\/\"><img loading=\"lazy\" decoding=\"async\" width=\"1024\" height=\"580\" src=\"https:\/\/www.ewigerbund.org\/bayern\/wp-content\/uploads\/sites\/12\/2023\/07\/1726-1745-Bayern-unter-Karl-Albrecht-1024x580-1-1024x580.jpg\" alt=\"1726-1745-Bayern-unter-Karl-Albrecht\" class=\"wp-image-3226\" srcset=\"https:\/\/www.ewigerbund.org\/bayern\/wp-content\/uploads\/sites\/12\/2023\/07\/1726-1745-Bayern-unter-Karl-Albrecht-1024x580-1-1024x580.jpg 1024w, https:\/\/www.ewigerbund.org\/bayern\/wp-content\/uploads\/sites\/12\/2023\/07\/1726-1745-Bayern-unter-Karl-Albrecht-1024x580-1-300x170.jpg 300w, https:\/\/www.ewigerbund.org\/bayern\/wp-content\/uploads\/sites\/12\/2023\/07\/1726-1745-Bayern-unter-Karl-Albrecht-1024x580-1-768x435.jpg 768w, https:\/\/www.ewigerbund.org\/bayern\/wp-content\/uploads\/sites\/12\/2023\/07\/1726-1745-Bayern-unter-Karl-Albrecht-1024x580-1.jpg 1200w\" sizes=\"auto, (max-width: 1024px) 100vw, 1024px\" \/><\/a><\/figure>\n\n\n\n<h2 class=\"wp-block-heading has-medium-font-size\"><a href=\"https:\/\/www.ewigerbund.org\/bayern\/geschichte\/bayern-unter-karl-albrecht\/\"><strong>1726-1745. Bayern unter Karl Albrecht.<\/strong><\/a><\/h2>\n\n\n\n<p>Karl Albrecht (1726-1745), des Kurf\u00fcrsten Max II. Emanuel, \u00e4ltester Sohn und Nachfolger, dachte beim Antritte seiner Regierung ernstlich daran, die Leiden seines Volkes zu heilen und die Schulden des Landes zu mindern. Er beschr\u00e4nkte die Zahl seiner Diener, reduzierte die Armee auf 12.000 Mann und lie\u00df in allen Teilen des Staatshaushaltes Ersparnisse eintreten.<\/p>\n\n\n\n<p><a href=\"https:\/\/www.ewigerbund.org\/bayern\/geschichte\/bayern-unter-karl-albrecht\/\">Weiterlesen \u2192<\/a><\/p>\n\n<\/div><\/div><\/div>\n<\/div>\n\n\n<div style=\"height:40px\" aria-hidden=\"true\" class=\"wp-block-spacer\"><\/div>\n\n<\/div><\/div>\n\n<div class=\"gb-container gb-container-4a362603\"><div class=\"gb-inside-container\">\n<div class=\"gb-grid-wrapper gb-grid-wrapper-d0677c88\">\n<div class=\"gb-grid-column gb-grid-column-7d1fcb84\"><div class=\"gb-container gb-container-7d1fcb84 cat-box-border\"><div class=\"gb-inside-container\">\n\n<figure class=\"wp-block-image size-full\"><a href=\"https:\/\/www.ewigerbund.org\/bayern\/geschichte\/max-iii-der-gute-von-bayern\/\"><img loading=\"lazy\" decoding=\"async\" width=\"1024\" height=\"580\" src=\"https:\/\/www.ewigerbund.org\/bayern\/wp-content\/uploads\/sites\/12\/2023\/06\/1745-1777_Kurfuerst_Maximilian_III_Der_gute_von_Bayern-1024x580-1.jpg\" alt=\"1745-1777_Kurfuerst_Maximilian_III_Der_gute_von_Bayern\" class=\"wp-image-2881\" srcset=\"https:\/\/www.ewigerbund.org\/bayern\/wp-content\/uploads\/sites\/12\/2023\/06\/1745-1777_Kurfuerst_Maximilian_III_Der_gute_von_Bayern-1024x580-1.jpg 1024w, https:\/\/www.ewigerbund.org\/bayern\/wp-content\/uploads\/sites\/12\/2023\/06\/1745-1777_Kurfuerst_Maximilian_III_Der_gute_von_Bayern-1024x580-1-300x170.jpg 300w, https:\/\/www.ewigerbund.org\/bayern\/wp-content\/uploads\/sites\/12\/2023\/06\/1745-1777_Kurfuerst_Maximilian_III_Der_gute_von_Bayern-1024x580-1-768x435.jpg 768w\" sizes=\"auto, (max-width: 1024px) 100vw, 1024px\" \/><\/a><\/figure>\n\n\n\n<h2 class=\"wp-block-heading has-medium-font-size\"><a href=\"https:\/\/www.ewigerbund.org\/bayern\/geschichte\/max-iii-der-gute-von-bayern\/\"><strong>1745-1777. Max III. Der Gute von Bayern.<\/strong><\/a><\/h2>\n\n\n\n<p>Die Regierung Max III. Joseph brachte \u00fcber Bayern eine Zeit gl\u00fccklicher und friedlicher Entwicklung. W\u00e4hrend der Regierungszeit dieses edlen Friedensf\u00fcrsten kam kein Feind ins Land, so dass er seine ganze Kraft dem Wohle seines Volkes widmen konnte.Die wirtschaftlichen Kr\u00e4fte des Landes zu heben, erkannte er als seine erste und wichtigste Aufgabe. <\/p>\n\n\n\n<p><a href=\"https:\/\/www.ewigerbund.org\/bayern\/geschichte\/max-iii-der-gute-von-bayern\/\">Weiterlesen \u2192<\/a><\/p>\n\n<\/div><\/div><\/div>\n\n<div class=\"gb-grid-column gb-grid-column-16ea9c9b\"><div class=\"gb-container gb-container-16ea9c9b cat-box-border\"><div class=\"gb-inside-container\">\n\n<figure class=\"wp-block-image size-large\"><a href=\"https:\/\/www.ewigerbund.org\/bayern\/geschichte\/karl-theodor-kurfuerst-von-bayern\/\"><img loading=\"lazy\" decoding=\"async\" width=\"1024\" height=\"582\" src=\"https:\/\/www.ewigerbund.org\/bayern\/wp-content\/uploads\/sites\/12\/2023\/06\/Carl-Theodor-Vorschau-1024x582.jpg\" alt=\"Carl-Theodor\" class=\"wp-image-2786\" srcset=\"https:\/\/www.ewigerbund.org\/bayern\/wp-content\/uploads\/sites\/12\/2023\/06\/Carl-Theodor-Vorschau-1024x582.jpg 1024w, https:\/\/www.ewigerbund.org\/bayern\/wp-content\/uploads\/sites\/12\/2023\/06\/Carl-Theodor-Vorschau-300x171.jpg 300w, https:\/\/www.ewigerbund.org\/bayern\/wp-content\/uploads\/sites\/12\/2023\/06\/Carl-Theodor-Vorschau-768x436.jpg 768w, https:\/\/www.ewigerbund.org\/bayern\/wp-content\/uploads\/sites\/12\/2023\/06\/Carl-Theodor-Vorschau.jpg 1200w\" sizes=\"auto, (max-width: 1024px) 100vw, 1024px\" \/><\/a><\/figure>\n\n\n\n<h2 class=\"wp-block-heading has-medium-font-size\"><a href=\"https:\/\/www.ewigerbund.org\/bayern\/geschichte\/karl-theodor-kurfuerst-von-bayern\/\"><strong>1777-1799. Karl Theodor, Kurf\u00fcrst von Bayern.<\/strong><\/a><\/h2>\n\n\n\n<p>Karl Theodor hatte bereits 35 Jahre in der Pfalz regiert und sich dort pr\u00e4chtige Wohnsitze geschaffen, als ihm Bayern als ein unverhofftes Erbe zufiel. Nur ungern entschlo\u00df er sich seine bisherige Residenz Mannheim mit M\u00fcnchen zu vertauschen. Da er ohne erbberechtigte Nachkommen war, gewann ihn Kaiser Joseph II. leicht f\u00fcr seinen Plan, s\u00e4mtliche Bayern unter einem Herrscherhause zu vereinigen. <\/p>\n\n\n\n<p><a href=\"https:\/\/www.ewigerbund.org\/bayern\/geschichte\/karl-theodor-kurfuerst-von-bayern\/\">Weiterlesen \u2192<\/a><\/p>\n\n<\/div><\/div><\/div>\n\n<div class=\"gb-grid-column gb-grid-column-b03b9551\"><div class=\"gb-container gb-container-b03b9551 cat-box-border\"><div class=\"gb-inside-container\">\n\n<figure class=\"wp-block-image size-full\"><a href=\"https:\/\/www.ewigerbund.org\/bayern\/geschichte\/koenig-maximilian-i-von-bayern\/\"><img loading=\"lazy\" decoding=\"async\" width=\"1024\" height=\"582\" src=\"https:\/\/www.ewigerbund.org\/bayern\/wp-content\/uploads\/sites\/12\/2023\/06\/1709-1825_Koenig_Maiximilian_I_von_Bayern-1024x582-1.jpg\" alt=\"1709-1825_Koenig_Maiximilian_I_von_Bayern\" class=\"wp-image-2883\" srcset=\"https:\/\/www.ewigerbund.org\/bayern\/wp-content\/uploads\/sites\/12\/2023\/06\/1709-1825_Koenig_Maiximilian_I_von_Bayern-1024x582-1.jpg 1024w, https:\/\/www.ewigerbund.org\/bayern\/wp-content\/uploads\/sites\/12\/2023\/06\/1709-1825_Koenig_Maiximilian_I_von_Bayern-1024x582-1-300x171.jpg 300w, https:\/\/www.ewigerbund.org\/bayern\/wp-content\/uploads\/sites\/12\/2023\/06\/1709-1825_Koenig_Maiximilian_I_von_Bayern-1024x582-1-768x437.jpg 768w\" sizes=\"auto, (max-width: 1024px) 100vw, 1024px\" \/><\/a><\/figure>\n\n\n\n<h2 class=\"wp-block-heading has-medium-font-size\"><a href=\"https:\/\/www.ewigerbund.org\/bayern\/geschichte\/koenig-maximilian-i-von-bayern\/\"><strong>1799-1825. K\u00f6nig Maximilian I. von Bayern.<\/strong><\/a><\/h2>\n\n\n\n<p>Wer in Bayern gewesen ist, als Maximilian Joseph das Land regierte, oder wer noch jetzt dahin kommt, der wird von diesem K\u00f6nige vieles vernehmen, wor\u00fcber er sich freuen kann. Er war aber auch recht die Freude und der Hort seiner Unterthanen, und diese liebten ihn, wie Kinder ihren Vater lieben. Auch war er jedem zug\u00e4nglich, und wer mit Thr\u00e4nen des Kummers bei ihm eintrat,<\/p>\n\n\n\n<p><a href=\"https:\/\/www.ewigerbund.org\/bayern\/geschichte\/koenig-maximilian-i-von-bayern\/\">Weiterlesen \u2192<\/a><\/p>\n\n<\/div><\/div><\/div>\n<\/div>\n\n\n<div style=\"height:20px\" aria-hidden=\"true\" class=\"wp-block-spacer\"><\/div>\n\n<\/div><\/div>\n\n<div class=\"gb-container gb-container-059c6f9e\"><div class=\"gb-inside-container\">\n\n<h2 class=\"gb-headline gb-headline-209918f8 gb-headline-text\" id=\"19.Jahrhundert\">19. Jahrhundert.<\/h2>\n\n<\/div><\/div>\n\n<div class=\"gb-container gb-container-6b91e056\"><div class=\"gb-inside-container\">\n<div class=\"gb-grid-wrapper gb-grid-wrapper-446145f5\">\n<div class=\"gb-grid-column gb-grid-column-c2160b3e\"><div class=\"gb-container gb-container-c2160b3e cat-box-border\"><div class=\"gb-inside-container\">\n\n<figure class=\"wp-block-image size-full\"><a href=\"https:\/\/www.ewigerbund.org\/bayern\/geschichte\/napoleons-feldzug-nach-russland\/\"><img loading=\"lazy\" decoding=\"async\" width=\"1024\" height=\"580\" src=\"https:\/\/www.ewigerbund.org\/bayern\/wp-content\/uploads\/sites\/12\/2023\/06\/NapoleonRusslandFeldzug-1200px-1024x580-1.jpg\" alt=\"NapoleonRusslandFeldzug\" class=\"wp-image-2884\" srcset=\"https:\/\/www.ewigerbund.org\/bayern\/wp-content\/uploads\/sites\/12\/2023\/06\/NapoleonRusslandFeldzug-1200px-1024x580-1.jpg 1024w, https:\/\/www.ewigerbund.org\/bayern\/wp-content\/uploads\/sites\/12\/2023\/06\/NapoleonRusslandFeldzug-1200px-1024x580-1-300x170.jpg 300w, https:\/\/www.ewigerbund.org\/bayern\/wp-content\/uploads\/sites\/12\/2023\/06\/NapoleonRusslandFeldzug-1200px-1024x580-1-768x435.jpg 768w\" sizes=\"auto, (max-width: 1024px) 100vw, 1024px\" \/><\/a><\/figure>\n\n\n\n<h2 class=\"wp-block-heading has-medium-font-size\"><a href=\"https:\/\/www.ewigerbund.org\/bayern\/geschichte\/napoleons-feldzug-nach-russland\/\"><strong>1812. Napoleons Feldzug nach Ru\u00dfland.<\/strong><\/a><\/h2>\n\n\n\n<p>Nachdem Napoleon im Jahre 1809 auch die \u00d6sterreicher besiegt hatte, stand er auf dem Gipfel seiner Macht. Er war Herr \u00fcber 90 Millionen Menschen. Ganz Europa mit Ausnahme von England und Ru\u00dfland war bezwungen. Weil er England nicht angreifen konnte, wollte er durch die Festlandsperre den englischen Handel vernichten.<\/p>\n\n\n\n<p><a href=\"https:\/\/www.ewigerbund.org\/bayern\/geschichte\/napoleons-feldzug-nach-russland\/\">Weiterlesen \u2192<\/a><\/p>\n\n<\/div><\/div><\/div>\n\n<div class=\"gb-grid-column gb-grid-column-8facb717\"><div class=\"gb-container gb-container-8facb717 cat-box-border\"><div class=\"gb-inside-container\">\n\n<figure class=\"wp-block-image size-full\"><a href=\"https:\/\/www.ewigerbund.org\/bayern\/geschichte\/der-wiener-kongress\/\"><img loading=\"lazy\" decoding=\"async\" width=\"1024\" height=\"580\" src=\"https:\/\/www.ewigerbund.org\/bayern\/wp-content\/uploads\/sites\/12\/2023\/06\/1814-Der-Wiener-Kongress-1024x580-1.jpg\" alt=\"1814-Der-Wiener-Kongress\" class=\"wp-image-2885\" srcset=\"https:\/\/www.ewigerbund.org\/bayern\/wp-content\/uploads\/sites\/12\/2023\/06\/1814-Der-Wiener-Kongress-1024x580-1.jpg 1024w, https:\/\/www.ewigerbund.org\/bayern\/wp-content\/uploads\/sites\/12\/2023\/06\/1814-Der-Wiener-Kongress-1024x580-1-300x170.jpg 300w, https:\/\/www.ewigerbund.org\/bayern\/wp-content\/uploads\/sites\/12\/2023\/06\/1814-Der-Wiener-Kongress-1024x580-1-768x435.jpg 768w\" sizes=\"auto, (max-width: 1024px) 100vw, 1024px\" \/><\/a><\/figure>\n\n\n\n<h2 class=\"wp-block-heading has-medium-font-size\"><a href=\"https:\/\/www.ewigerbund.org\/bayern\/geschichte\/der-wiener-kongress\/\"><strong>1814. Der Wiener Kongre\u00df.<\/strong><\/a><\/h2>\n\n\n\n<p>Bald nach Beendigung des gewaltigen Krieges 1814 versammelten sich die verb\u00fcndeten F\u00fcrsten in Wien, um den L\u00e4nderbesitz der einzelnen Staaten festzustellen. Nach langem Streite kam endlich eine Einigung zustande. Preu\u00dfen erhielt alle L\u00e4nder zur\u00fcck, die es vor dem Tilsiter Frieden besessen hatte,<\/p>\n\n\n\n<p><a href=\"https:\/\/www.ewigerbund.org\/bayern\/geschichte\/der-wiener-kongress\/\">Weiterlesen \u2192<\/a><\/p>\n\n<\/div><\/div><\/div>\n\n<div class=\"gb-grid-column gb-grid-column-5e958ad2\"><div class=\"gb-container gb-container-5e958ad2 cat-box-border\"><div class=\"gb-inside-container\">\n\n<figure class=\"wp-block-image size-full\"><a href=\"https:\/\/www.ewigerbund.org\/bayern\/geschichte\/die-friedenszeit\/\"><img loading=\"lazy\" decoding=\"async\" width=\"1024\" height=\"580\" src=\"https:\/\/www.ewigerbund.org\/bayern\/wp-content\/uploads\/sites\/12\/2023\/06\/Friedenszeit-1024x580-1.jpg\" alt=\"Friedenszeit\" class=\"wp-image-2886\" srcset=\"https:\/\/www.ewigerbund.org\/bayern\/wp-content\/uploads\/sites\/12\/2023\/06\/Friedenszeit-1024x580-1.jpg 1024w, https:\/\/www.ewigerbund.org\/bayern\/wp-content\/uploads\/sites\/12\/2023\/06\/Friedenszeit-1024x580-1-300x170.jpg 300w, https:\/\/www.ewigerbund.org\/bayern\/wp-content\/uploads\/sites\/12\/2023\/06\/Friedenszeit-1024x580-1-768x435.jpg 768w\" sizes=\"auto, (max-width: 1024px) 100vw, 1024px\" \/><\/a><\/figure>\n\n\n\n<h2 class=\"wp-block-heading has-medium-font-size\"><a href=\"https:\/\/www.ewigerbund.org\/bayern\/geschichte\/die-friedenszeit\/\"><strong>1815-1840. Die Friedenszeit.<\/strong><\/a><\/h2>\n\n\n\n<p>Die lange Friedenszeit, die der Gr\u00fcndung des Deutschen Bundes folgte, wirkte erfreulich auf die wirtschaftliche Entwicklung der deutschen Staaten. Insbesondere nahm die Landwirtschaft einen kr\u00e4ftigen Aufschwung durch die fortschreitende Befreiung des Bauernstandes von den altherk\u00f6mmlichen Lasten und Fronden,<\/p>\n\n\n\n<p><a href=\"https:\/\/www.ewigerbund.org\/bayern\/geschichte\/die-friedenszeit\/\">Weiterlesen \u2192<\/a><\/p>\n\n<\/div><\/div><\/div>\n<\/div>\n\n\n<div style=\"height:40px\" aria-hidden=\"true\" class=\"wp-block-spacer\"><\/div>\n\n<\/div><\/div>\n\n<div class=\"gb-container gb-container-1d105dc2\"><div class=\"gb-inside-container\">\n<div class=\"gb-grid-wrapper gb-grid-wrapper-e588bc58\">\n<div class=\"gb-grid-column gb-grid-column-c12c8c65\"><div class=\"gb-container gb-container-c12c8c65 cat-box-border\"><div class=\"gb-inside-container\">\n\n<figure class=\"wp-block-image size-large\"><a href=\"https:\/\/www.ewigerbund.org\/bayern\/geschichte\/koenig-ludwig-i\/\"><img loading=\"lazy\" decoding=\"async\" width=\"1024\" height=\"576\" src=\"https:\/\/www.ewigerbund.org\/bayern\/wp-content\/uploads\/sites\/12\/2023\/08\/Ludwig_I-1024x576.jpg\" alt=\"\" class=\"wp-image-3593\" srcset=\"https:\/\/www.ewigerbund.org\/bayern\/wp-content\/uploads\/sites\/12\/2023\/08\/Ludwig_I-1024x576.jpg 1024w, https:\/\/www.ewigerbund.org\/bayern\/wp-content\/uploads\/sites\/12\/2023\/08\/Ludwig_I-300x169.jpg 300w, https:\/\/www.ewigerbund.org\/bayern\/wp-content\/uploads\/sites\/12\/2023\/08\/Ludwig_I-768x432.jpg 768w, https:\/\/www.ewigerbund.org\/bayern\/wp-content\/uploads\/sites\/12\/2023\/08\/Ludwig_I.jpg 1200w\" sizes=\"auto, (max-width: 1024px) 100vw, 1024px\" \/><\/a><\/figure>\n\n\n\n<h2 class=\"wp-block-heading has-medium-font-size\"><a href=\"https:\/\/www.ewigerbund.org\/bayern\/geschichte\/koenig-ludwig-i\/\"><strong>1825-1848. K\u00f6nig Ludwig I.<\/strong><\/a><\/h2>\n\n\n\n<p>Ludwig I. wurde in Stra\u00dfburg geboren. Auf den Universit\u00e4ten Landshut und G\u00f6ttingen erwarb er sich eine vorz\u00fcgliche Bildung, die er durch gro\u00dfe Reisen namentlich nach dem S\u00fcden Europas erweiterte und vertiefte. Im Jahre 1810 verm\u00e4hlte er sich mit der Prinzessin Therese von Hildburghausen.&nbsp;<\/p>\n\n\n\n<p><a href=\"https:\/\/www.ewigerbund.org\/bayern\/geschichte\/koenig-ludwig-i\/\">Weiterlesen \u2192<\/a><\/p>\n\n<\/div><\/div><\/div>\n\n<div class=\"gb-grid-column gb-grid-column-6c82903b\"><div class=\"gb-container gb-container-6c82903b cat-box-border\"><div class=\"gb-inside-container\">\n\n<figure class=\"wp-block-image size-full\"><a href=\"https:\/\/www.ewigerbund.org\/bayern\/geschichte\/hugo-graf-von-walderdorff\/\"><img loading=\"lazy\" decoding=\"async\" width=\"1024\" height=\"580\" src=\"https:\/\/www.ewigerbund.org\/bayern\/wp-content\/uploads\/sites\/12\/2023\/06\/1828-1918_Graf.v.-Waldersdorf-_Kurfuerst_Johann_Philipp-1701-1768-habe-noch-kein-besseres-Gefunden.jpg\" alt=\"1828-1918_Graf.v.-Waldersdorf\" class=\"wp-image-2888\" srcset=\"https:\/\/www.ewigerbund.org\/bayern\/wp-content\/uploads\/sites\/12\/2023\/06\/1828-1918_Graf.v.-Waldersdorf-_Kurfuerst_Johann_Philipp-1701-1768-habe-noch-kein-besseres-Gefunden.jpg 1024w, https:\/\/www.ewigerbund.org\/bayern\/wp-content\/uploads\/sites\/12\/2023\/06\/1828-1918_Graf.v.-Waldersdorf-_Kurfuerst_Johann_Philipp-1701-1768-habe-noch-kein-besseres-Gefunden-300x170.jpg 300w, https:\/\/www.ewigerbund.org\/bayern\/wp-content\/uploads\/sites\/12\/2023\/06\/1828-1918_Graf.v.-Waldersdorf-_Kurfuerst_Johann_Philipp-1701-1768-habe-noch-kein-besseres-Gefunden-768x435.jpg 768w\" sizes=\"auto, (max-width: 1024px) 100vw, 1024px\" \/><\/a><\/figure>\n\n\n\n<h2 class=\"wp-block-heading has-medium-font-size\"><a href=\"https:\/\/www.ewigerbund.org\/bayern\/geschichte\/hugo-graf-von-walderdorff\/\"><strong>1828-1918. Hugo Graf von Walderdorff.<\/strong><\/a><\/h2>\n\n\n\n<p>In der alten Kaiserstadt Frankfurt a. M. wurde am 14. Februar 1828 dem k. k. K\u00e4mmerer und Legationsrat Eduard Hugo Wilderich Grafen von Walderdorff ein Sohn geboren, der in der Taufe die in dem altadeligen Geschlechte herk\u00f6mmlichen Namen Hugo Franz Philipp Wilderich erhielt.<\/p>\n\n\n\n<p><a href=\"https:\/\/www.ewigerbund.org\/bayern\/geschichte\/hugo-graf-von-walderdorff\/\">Weiterlesen \u2192<\/a><\/p>\n\n<\/div><\/div><\/div>\n\n<div class=\"gb-grid-column gb-grid-column-b2acc798\"><div class=\"gb-container gb-container-b2acc798 cat-box-border\"><div class=\"gb-inside-container\">\n\n<figure class=\"wp-block-image size-full\"><a href=\"https:\/\/www.ewigerbund.org\/bayern\/geschichte\/gruendung-des-deutschen-zollvereines\/\"><img loading=\"lazy\" decoding=\"async\" width=\"1024\" height=\"580\" src=\"https:\/\/www.ewigerbund.org\/bayern\/wp-content\/uploads\/sites\/12\/2023\/06\/Gruendung-des-Deutschen-Zollvereins-1024x580-1.jpg\" alt=\"Gruendung-des-Deutschen-Zollvereins\" class=\"wp-image-2889\" srcset=\"https:\/\/www.ewigerbund.org\/bayern\/wp-content\/uploads\/sites\/12\/2023\/06\/Gruendung-des-Deutschen-Zollvereins-1024x580-1.jpg 1024w, https:\/\/www.ewigerbund.org\/bayern\/wp-content\/uploads\/sites\/12\/2023\/06\/Gruendung-des-Deutschen-Zollvereins-1024x580-1-300x170.jpg 300w, https:\/\/www.ewigerbund.org\/bayern\/wp-content\/uploads\/sites\/12\/2023\/06\/Gruendung-des-Deutschen-Zollvereins-1024x580-1-768x435.jpg 768w\" sizes=\"auto, (max-width: 1024px) 100vw, 1024px\" \/><\/a><\/figure>\n\n\n\n<h2 class=\"wp-block-heading has-medium-font-size\"><a href=\"https:\/\/www.ewigerbund.org\/bayern\/geschichte\/gruendung-des-deutschen-zollvereines\/\"><strong>1834. Gr\u00fcndung des deutschen Zollvereines.<\/strong><\/a><\/h2>\n\n\n\n<p>Von gro\u00dfer Wichtigkeit war die Gr\u00fcndung des Deutschen Zollvereins (1834). Bis dahin war n\u00e4mlich die Einfuhr der Waren aus einem Bundesstaat in den anderen nur gegen Zoll gestattet. Das war ungemein l\u00e4stig und hemmte den Handel sehr.<\/p>\n\n\n\n<p><a href=\"https:\/\/www.ewigerbund.org\/bayern\/geschichte\/gruendung-des-deutschen-zollvereines\/\">Weiterlesen \u2192<\/a><\/p>\n\n<\/div><\/div><\/div>\n<\/div>\n\n\n<div style=\"height:40px\" aria-hidden=\"true\" class=\"wp-block-spacer\"><\/div>\n\n<\/div><\/div>\n\n<div class=\"gb-container gb-container-409f6221\"><div class=\"gb-inside-container\">\n<div class=\"gb-grid-wrapper gb-grid-wrapper-9594196b\">\n<div class=\"gb-grid-column gb-grid-column-92d46c87\"><div class=\"gb-container gb-container-92d46c87 cat-box-border\"><div class=\"gb-inside-container\">\n\n<figure class=\"wp-block-image size-full\"><a href=\"https:\/\/www.ewigerbund.org\/bayern\/geschichte\/maximilian-ii\/\"><img loading=\"lazy\" decoding=\"async\" width=\"1024\" height=\"580\" src=\"https:\/\/www.ewigerbund.org\/bayern\/wp-content\/uploads\/sites\/12\/2023\/06\/Maximilian-II.jpg\" alt=\"Maximilian-II\" class=\"wp-image-2890\" srcset=\"https:\/\/www.ewigerbund.org\/bayern\/wp-content\/uploads\/sites\/12\/2023\/06\/Maximilian-II.jpg 1024w, https:\/\/www.ewigerbund.org\/bayern\/wp-content\/uploads\/sites\/12\/2023\/06\/Maximilian-II-300x170.jpg 300w, https:\/\/www.ewigerbund.org\/bayern\/wp-content\/uploads\/sites\/12\/2023\/06\/Maximilian-II-768x435.jpg 768w\" sizes=\"auto, (max-width: 1024px) 100vw, 1024px\" \/><\/a><\/figure>\n\n\n\n<h2 class=\"wp-block-heading has-medium-font-size\"><a href=\"https:\/\/www.ewigerbund.org\/bayern\/geschichte\/maximilian-ii\/\"><strong>1848-1864. Maximilian II.<\/strong><\/a><\/h2>\n\n\n\n<p>In bewegter Zeit trat Maximilian II. die Regierung in Bayern an. Die Februarrevolution, die in Frankreich ihren Ausgang genommen, hatte ganz Europa \u00fcberflutet und auch in Deutschland Unruhe und Verwirrung gestiftet. Der Einsicht und Vers\u00f6hnlichkeit Maximilians gelang es bald, die Ordnung in seinem Lande wieder herzustellen.<\/p>\n\n\n\n<p><a href=\"https:\/\/www.ewigerbund.org\/bayern\/geschichte\/maximilian-ii\/\">Weiterlesen \u2192<\/a><\/p>\n\n<\/div><\/div><\/div>\n\n<div class=\"gb-grid-column gb-grid-column-7d43949f\"><div class=\"gb-container gb-container-7d43949f cat-box-border\"><div class=\"gb-inside-container\">\n\n<figure class=\"wp-block-image size-large\"><a href=\"https:\/\/www.ewigerbund.org\/bayern\/geschichte\/die-deutsche-einheit-erster-theil\/\"><img loading=\"lazy\" decoding=\"async\" width=\"1024\" height=\"580\" src=\"https:\/\/www.ewigerbund.org\/bayern\/wp-content\/uploads\/sites\/12\/2022\/10\/1861-1888_erster_teil_Deutsche_Einheit-1024x580.jpg\" alt=\"1861-1888_erster_teil_Deutsche_Einheit\" class=\"wp-image-1235\" srcset=\"https:\/\/www.ewigerbund.org\/bayern\/wp-content\/uploads\/sites\/12\/2022\/10\/1861-1888_erster_teil_Deutsche_Einheit-1024x580.jpg 1024w, https:\/\/www.ewigerbund.org\/bayern\/wp-content\/uploads\/sites\/12\/2022\/10\/1861-1888_erster_teil_Deutsche_Einheit-300x170.jpg 300w, https:\/\/www.ewigerbund.org\/bayern\/wp-content\/uploads\/sites\/12\/2022\/10\/1861-1888_erster_teil_Deutsche_Einheit-768x435.jpg 768w, https:\/\/www.ewigerbund.org\/bayern\/wp-content\/uploads\/sites\/12\/2022\/10\/1861-1888_erster_teil_Deutsche_Einheit.jpg 1200w\" sizes=\"auto, (max-width: 1024px) 100vw, 1024px\" \/><\/a><\/figure>\n\n\n\n<h2 class=\"wp-block-heading has-medium-font-size\"><a href=\"https:\/\/www.ewigerbund.org\/bayern\/geschichte\/die-deutsche-einheit-erster-theil\/\"><strong>1861-1888. Die Deutsche Einheit. Erster Teil.<\/strong><\/a><\/h2>\n\n\n\n<p>In der Zeit, in der Bayern unter seinen ersten K\u00f6nigen einen gl\u00fccklichen Aufschwung nahm, vollzogen sich bedeutsame Wandlungen auch in dem Staate, der der wichtigste Tr\u00e4ger deutscher Entwicklung werden solle: in Preu\u00dfen. W\u00e4hrend Bayern schon im Jahre 1818 eine Freiheitliche Verfassung erhalten hatte,<\/p>\n\n\n\n<p><a href=\"https:\/\/www.ewigerbund.org\/bayern\/geschichte\/die-deutsche-einheit-erster-theil\/\">Weiterlesen \u2192<\/a><\/p>\n\n<\/div><\/div><\/div>\n\n<div class=\"gb-grid-column gb-grid-column-ff9e00ca\"><div class=\"gb-container gb-container-ff9e00ca cat-box-border\"><div class=\"gb-inside-container\">\n\n<figure class=\"wp-block-image size-full\"><a href=\"https:\/\/www.ewigerbund.org\/bayern\/geschichte\/die-deutsche-einheit-zweiter-theil\/\"><img loading=\"lazy\" decoding=\"async\" width=\"1024\" height=\"580\" src=\"https:\/\/www.ewigerbund.org\/bayern\/wp-content\/uploads\/sites\/12\/2023\/06\/1861-1888_zweiter_teil_Deutsche_Einheit-1024x580-1.jpg\" alt=\"1861-1888_zweiter_teil_Deutsche_Einheit\" class=\"wp-image-2891\" srcset=\"https:\/\/www.ewigerbund.org\/bayern\/wp-content\/uploads\/sites\/12\/2023\/06\/1861-1888_zweiter_teil_Deutsche_Einheit-1024x580-1.jpg 1024w, https:\/\/www.ewigerbund.org\/bayern\/wp-content\/uploads\/sites\/12\/2023\/06\/1861-1888_zweiter_teil_Deutsche_Einheit-1024x580-1-300x170.jpg 300w, https:\/\/www.ewigerbund.org\/bayern\/wp-content\/uploads\/sites\/12\/2023\/06\/1861-1888_zweiter_teil_Deutsche_Einheit-1024x580-1-768x435.jpg 768w\" sizes=\"auto, (max-width: 1024px) 100vw, 1024px\" \/><\/a><\/figure>\n\n\n\n<h2 class=\"wp-block-heading has-medium-font-size\"><a href=\"https:\/\/www.ewigerbund.org\/bayern\/geschichte\/die-deutsche-einheit-zweiter-theil\/\"><strong>1861-1888. Die Deutsche Einheit. Zweiter Teil.<\/strong><\/a><\/h2>\n\n\n\n<p>Wilhelm wurde am 22. M\u00e4rz 1797 geboren. In seinen Knabenjahren war der Prinz sehr schw\u00e4chlich; seine Mutter Luise hatte oft gro\u00dfe Sorge um ihn. Die Flucht von K\u00f6nigsberg nach Memel 1807 mitten im kalten Winter hatte seine Gesundheit so sehr angegriffen, da\u00df er noch lange Zeit nachher das Bett h\u00fcten mu\u00dfte.&nbsp;<\/p>\n\n\n\n<p><a href=\"https:\/\/www.ewigerbund.org\/bayern\/geschichte\/die-deutsche-einheit-zweiter-theil\/\">Weiterlesen \u2192<\/a><\/p>\n\n<\/div><\/div><\/div>\n<\/div>\n\n\n<div style=\"height:40px\" aria-hidden=\"true\" class=\"wp-block-spacer\"><\/div>\n\n<\/div><\/div>\n\n<div class=\"gb-container gb-container-0c8dbddd\"><div class=\"gb-inside-container\">\n<div class=\"gb-grid-wrapper gb-grid-wrapper-4add70b0\">\n<div class=\"gb-grid-column gb-grid-column-da1485c6\"><div class=\"gb-container gb-container-da1485c6 cat-box-border\"><div class=\"gb-inside-container\">\n\n<figure class=\"wp-block-image size-large\"><a href=\"https:\/\/www.ewigerbund.org\/bayern\/geschichte\/die-deutsche-einheit-dritter-theil\/\"><img loading=\"lazy\" decoding=\"async\" width=\"1024\" height=\"580\" src=\"https:\/\/www.ewigerbund.org\/bayern\/wp-content\/uploads\/sites\/12\/2022\/10\/1861-1888_dritter_teil_Deutsche_Einheit-1024x580.jpg\" alt=\"1861-1888_dritter_teil_Deutsche_Einheit\" class=\"wp-image-1242\" srcset=\"https:\/\/www.ewigerbund.org\/bayern\/wp-content\/uploads\/sites\/12\/2022\/10\/1861-1888_dritter_teil_Deutsche_Einheit-1024x580.jpg 1024w, https:\/\/www.ewigerbund.org\/bayern\/wp-content\/uploads\/sites\/12\/2022\/10\/1861-1888_dritter_teil_Deutsche_Einheit-300x170.jpg 300w, https:\/\/www.ewigerbund.org\/bayern\/wp-content\/uploads\/sites\/12\/2022\/10\/1861-1888_dritter_teil_Deutsche_Einheit-768x435.jpg 768w, https:\/\/www.ewigerbund.org\/bayern\/wp-content\/uploads\/sites\/12\/2022\/10\/1861-1888_dritter_teil_Deutsche_Einheit.jpg 1200w\" sizes=\"auto, (max-width: 1024px) 100vw, 1024px\" \/><\/a><\/figure>\n\n\n\n<h2 class=\"wp-block-heading has-medium-font-size\"><a href=\"https:\/\/www.ewigerbund.org\/bayern\/geschichte\/die-deutsche-einheit-dritter-theil\/\"><strong>1861-1888. Die Deutsche Einheit. Dritter Teil.<\/strong><\/a><\/h2>\n\n\n\n<p>Mit neidischen Augen sahen die Franzosen auf die wachsende Macht Preu\u00dfens. Man suchte nach einem Vorwande zum Kriege, und er war bald gefunden. Die Spanier w\u00e4hlten sich n\u00e4mlich um jene Zeit den Prinzen Leopold von Hohenzollern-Sigmaringen, einen Verwandten des K\u00f6nigs von Preu\u00dfen, zu ihrem K\u00f6nige. Dagegen erhoben die Franzosen heftigen Einspruch.&nbsp;<\/p>\n\n\n\n<p><a href=\"https:\/\/www.ewigerbund.org\/bayern\/geschichte\/die-deutsche-einheit-dritter-theil\/\">Weiterlesen \u2192<\/a><\/p>\n\n<\/div><\/div><\/div>\n\n<div class=\"gb-grid-column gb-grid-column-cf093538\"><div class=\"gb-container gb-container-cf093538 cat-box-border\"><div class=\"gb-inside-container\">\n\n<figure class=\"wp-block-image size-large\"><a href=\"https:\/\/www.ewigerbund.org\/bayern\/geschichte\/die-deutsche-einheit-vierter-theil\/\"><img loading=\"lazy\" decoding=\"async\" width=\"1024\" height=\"580\" src=\"https:\/\/www.ewigerbund.org\/bayern\/wp-content\/uploads\/sites\/12\/2022\/10\/1861-1888_vierter_teil_Deutsche_Einheit-1024x580.jpg\" alt=\"1861-1888_vierter_teil_Deutsche_Einheit\" class=\"wp-image-1246\" srcset=\"https:\/\/www.ewigerbund.org\/bayern\/wp-content\/uploads\/sites\/12\/2022\/10\/1861-1888_vierter_teil_Deutsche_Einheit-1024x580.jpg 1024w, https:\/\/www.ewigerbund.org\/bayern\/wp-content\/uploads\/sites\/12\/2022\/10\/1861-1888_vierter_teil_Deutsche_Einheit-300x170.jpg 300w, https:\/\/www.ewigerbund.org\/bayern\/wp-content\/uploads\/sites\/12\/2022\/10\/1861-1888_vierter_teil_Deutsche_Einheit-768x435.jpg 768w, https:\/\/www.ewigerbund.org\/bayern\/wp-content\/uploads\/sites\/12\/2022\/10\/1861-1888_vierter_teil_Deutsche_Einheit.jpg 1200w\" sizes=\"auto, (max-width: 1024px) 100vw, 1024px\" \/><\/a><\/figure>\n\n\n\n<h2 class=\"wp-block-heading has-medium-font-size\"><a href=\"https:\/\/www.ewigerbund.org\/bayern\/geschichte\/die-deutsche-einheit-vierter-theil\/\"><strong>1861-1888. Die Deutsche Einheit. Vierter Teil.<\/strong><\/a><\/h2>\n\n\n\n<p>In der nun folgenden Friedenszeit haben Kaiser Wilhelm und seine treuen Diener an dem weiteren Ausbau des Reiches gearbeitet und auf manchen Gebieten die Einheit hergestellt. \u201eUns aber und unseren Nachfolgern in der Kaiserkrone wolle Gott verleihen, allezeit Mehrer des Reiches zu sein, nicht in kriegerischen Eroberungen, sondern in den Werken des Friedens.\u201c So schlo\u00df die erste Ansprache des neuen Kaisers an das deutsche Volk 1871.<\/p>\n\n\n\n<p><a href=\"https:\/\/www.ewigerbund.org\/bayern\/geschichte\/die-deutsche-einheit-vierter-theil\/\">Weiterlesen \u2192<\/a><\/p>\n\n<\/div><\/div><\/div>\n\n<div class=\"gb-grid-column gb-grid-column-8e972558\"><div class=\"gb-container gb-container-8e972558 cat-box-border\"><div class=\"gb-inside-container\">\n\n<figure class=\"wp-block-image size-large\"><a href=\"https:\/\/www.ewigerbund.org\/bayern\/geschichte\/koenig-ludwig-ii\/\"><img loading=\"lazy\" decoding=\"async\" width=\"1024\" height=\"576\" src=\"https:\/\/www.ewigerbund.org\/bayern\/wp-content\/uploads\/sites\/12\/2023\/07\/Ludwig-II-Standbild2-1024x576.jpg\" alt=\"Ludwig-II\" class=\"wp-image-3210\" srcset=\"https:\/\/www.ewigerbund.org\/bayern\/wp-content\/uploads\/sites\/12\/2023\/07\/Ludwig-II-Standbild2-1024x576.jpg 1024w, https:\/\/www.ewigerbund.org\/bayern\/wp-content\/uploads\/sites\/12\/2023\/07\/Ludwig-II-Standbild2-300x169.jpg 300w, https:\/\/www.ewigerbund.org\/bayern\/wp-content\/uploads\/sites\/12\/2023\/07\/Ludwig-II-Standbild2-768x432.jpg 768w, https:\/\/www.ewigerbund.org\/bayern\/wp-content\/uploads\/sites\/12\/2023\/07\/Ludwig-II-Standbild2-1536x864.jpg 1536w, https:\/\/www.ewigerbund.org\/bayern\/wp-content\/uploads\/sites\/12\/2023\/07\/Ludwig-II-Standbild2.jpg 1920w\" sizes=\"auto, (max-width: 1024px) 100vw, 1024px\" \/><\/a><\/figure>\n\n\n\n<h2 class=\"wp-block-heading has-medium-font-size\"><a href=\"https:\/\/www.ewigerbund.org\/bayern\/geschichte\/koenig-ludwig-ii\/\"><strong>1864-1886. K\u00f6nig Ludwig II.<\/strong><\/a><\/h2>\n\n\n\n<p>Seine Majest\u00e4t Ludwig II. Otto Friedrich Wilhelm von Bayern, wurde am 25. August 1845 auf Schlo\u00df Nymphenburg geboren. Er entsprang der Ehe zwischen K\u00f6nig Maximilian II. und Prinzessin Marie von Preu\u00dfen. Bereits als 18-j\u00e4hriger J\u00fcngling bestieg Ludwig in ernster Zeit den bayerischen Thron.&nbsp;Wie sein Vater, so glaubte auch er an eine Erneuerung des Deutschen Reiches &#8230;<\/p>\n\n\n\n<p><a href=\"https:\/\/www.ewigerbund.org\/bayern\/geschichte\/koenig-ludwig-ii\/\">Weiterlesen \u2192<\/a><\/p>\n\n<\/div><\/div><\/div>\n<\/div>\n\n\n<div style=\"height:40px\" aria-hidden=\"true\" class=\"wp-block-spacer\"><\/div>\n\n<\/div><\/div>\n\n<div class=\"gb-container gb-container-2aaccc0c\"><div class=\"gb-inside-container\">\n<div class=\"gb-grid-wrapper gb-grid-wrapper-bda29cf6\">\n<div class=\"gb-grid-column gb-grid-column-f9ed5eff\"><div class=\"gb-container gb-container-f9ed5eff cat-box-border\"><div class=\"gb-inside-container\">\n\n<figure class=\"wp-block-image size-full\"><a href=\"https:\/\/www.ewigerbund.org\/bayern\/geschichte\/der-deutsch-franzoesische-krieg\/\"><img loading=\"lazy\" decoding=\"async\" width=\"1024\" height=\"580\" src=\"https:\/\/www.ewigerbund.org\/bayern\/wp-content\/uploads\/sites\/12\/2023\/06\/Der-Deutsch-Franzoesische-Krieg.-Bildunterschrift-Beachten.-Siehe-Uebersicht-der-Artikel.jpg\" alt=\"Der-Deutsch-Franzoesische-Krieg\" class=\"wp-image-2893\" srcset=\"https:\/\/www.ewigerbund.org\/bayern\/wp-content\/uploads\/sites\/12\/2023\/06\/Der-Deutsch-Franzoesische-Krieg.-Bildunterschrift-Beachten.-Siehe-Uebersicht-der-Artikel.jpg 1024w, https:\/\/www.ewigerbund.org\/bayern\/wp-content\/uploads\/sites\/12\/2023\/06\/Der-Deutsch-Franzoesische-Krieg.-Bildunterschrift-Beachten.-Siehe-Uebersicht-der-Artikel-300x170.jpg 300w, https:\/\/www.ewigerbund.org\/bayern\/wp-content\/uploads\/sites\/12\/2023\/06\/Der-Deutsch-Franzoesische-Krieg.-Bildunterschrift-Beachten.-Siehe-Uebersicht-der-Artikel-768x435.jpg 768w\" sizes=\"auto, (max-width: 1024px) 100vw, 1024px\" \/><\/a><\/figure>\n\n\n\n<h2 class=\"wp-block-heading has-medium-font-size\"><a href=\"https:\/\/www.ewigerbund.org\/bayern\/geschichte\/der-deutsch-franzoesische-krieg\/\"><strong>1870-1871. Der deutsch-franz\u00f6sische Krieg.<\/strong><\/a><\/h2>\n\n\n\n<p>Am 19. Juli 1870 erkl\u00e4rte der franz\u00f6sische Kaiser Napoleon III. unter freudiger Zustimmung seines Volkes, aber ohne Grund zu blutigem Kampfe, an Preu\u00dfen den Krieg. Die angebahnte Einigung Deutschlands sollte verhindert und das linke Rheinufer f\u00fcr Frankreich zur\u00fcckerobert werden. <\/p>\n\n\n\n<p><a href=\"https:\/\/www.ewigerbund.org\/bayern\/geschichte\/der-deutsch-franzoesische-krieg\/\">Weiterlesen \u2192<\/a><\/p>\n\n<\/div><\/div><\/div>\n\n<div class=\"gb-grid-column gb-grid-column-70684217\"><div class=\"gb-container gb-container-70684217 cat-box-border\"><div class=\"gb-inside-container\">\n\n<figure class=\"wp-block-image size-large\"><a href=\"https:\/\/www.ewigerbund.org\/bayern\/geschichte\/der-kulturkampf\/\"><img loading=\"lazy\" decoding=\"async\" width=\"1024\" height=\"576\" src=\"https:\/\/www.ewigerbund.org\/bayern\/wp-content\/uploads\/sites\/12\/2023\/08\/OttovWittelsbach_und_die_paepstlichen_Legaten_gross_farbig_Vorschau-1024x576.jpg\" alt=\"\" class=\"wp-image-3419\" srcset=\"https:\/\/www.ewigerbund.org\/bayern\/wp-content\/uploads\/sites\/12\/2023\/08\/OttovWittelsbach_und_die_paepstlichen_Legaten_gross_farbig_Vorschau-1024x576.jpg 1024w, https:\/\/www.ewigerbund.org\/bayern\/wp-content\/uploads\/sites\/12\/2023\/08\/OttovWittelsbach_und_die_paepstlichen_Legaten_gross_farbig_Vorschau-300x169.jpg 300w, https:\/\/www.ewigerbund.org\/bayern\/wp-content\/uploads\/sites\/12\/2023\/08\/OttovWittelsbach_und_die_paepstlichen_Legaten_gross_farbig_Vorschau-768x432.jpg 768w, https:\/\/www.ewigerbund.org\/bayern\/wp-content\/uploads\/sites\/12\/2023\/08\/OttovWittelsbach_und_die_paepstlichen_Legaten_gross_farbig_Vorschau.jpg 1200w\" sizes=\"auto, (max-width: 1024px) 100vw, 1024px\" \/><\/a><\/figure>\n\n\n<div class=\"gb-container gb-container-373a201d\"><div class=\"gb-inside-container\">\n\n<p class=\"has-medium-font-size\"><a href=\"https:\/\/www.ewigerbund.org\/bayern\/geschichte\/der-kulturkampf\/\"><strong>1873 Der &#8222;Kulturkampf&#8220;<\/strong><\/a><\/p>\n\n<\/div><\/div>\n\n\n<p>Die bayerische Geschichte ist mehr als tausend Jahre ma\u00dfgeblich beeinflu\u00dft durch den Konflikt des deutschen Kaisertums mit dem r\u00f6mischen Papsttum, f\u00fcr welchen sich im 19. Jahrhundert der Begriff des Kulturkampfes zu einem gefl\u00fcgelten Wort entwickelte.<\/p>\n\n\n\n<p><a href=\"https:\/\/www.ewigerbund.org\/bayern\/geschichte\/der-kulturkampf\/\">Weiterlesen \u2192<\/a><\/p>\n\n<\/div><\/div><\/div>\n\n<div class=\"gb-grid-column gb-grid-column-5b5191eb\"><div class=\"gb-container gb-container-5b5191eb cat-box-border\"><div class=\"gb-inside-container\">\n\n<figure class=\"wp-block-image size-full\"><a href=\"https:\/\/www.ewigerbund.org\/bayern\/geschichte\/prinzregent-luitpold\/\"><img loading=\"lazy\" decoding=\"async\" width=\"1024\" height=\"580\" src=\"https:\/\/www.ewigerbund.org\/bayern\/wp-content\/uploads\/sites\/12\/2023\/06\/Luitpold-Prinzregent-Bayern-fuer-Otto-I.jpg\" alt=\"Luitpold-Prinzregent-Bayern-fuer-Otto-I\" class=\"wp-image-2894\" srcset=\"https:\/\/www.ewigerbund.org\/bayern\/wp-content\/uploads\/sites\/12\/2023\/06\/Luitpold-Prinzregent-Bayern-fuer-Otto-I.jpg 1024w, https:\/\/www.ewigerbund.org\/bayern\/wp-content\/uploads\/sites\/12\/2023\/06\/Luitpold-Prinzregent-Bayern-fuer-Otto-I-300x170.jpg 300w, https:\/\/www.ewigerbund.org\/bayern\/wp-content\/uploads\/sites\/12\/2023\/06\/Luitpold-Prinzregent-Bayern-fuer-Otto-I-768x435.jpg 768w\" sizes=\"auto, (max-width: 1024px) 100vw, 1024px\" \/><\/a><\/figure>\n\n\n\n<h2 class=\"wp-block-heading has-medium-font-size\"><a href=\"https:\/\/www.ewigerbund.org\/bayern\/geschichte\/prinzregent-luitpold\/\"><strong>1886-1912. Prinzregent Luitpold.<\/strong><\/a><\/h2>\n\n\n\n<p>Die Erkrankung Ludwigs II., welcher im Jahre 1886 der unerwartete Tod des K\u00f6nigs folgte, legte dem Prinzen Luitpold, dem Oheim des K\u00f6nigs und seines gleichfalls schwer erkrankten Bruders Otto, die schwere Pflicht auf, die durch die Verfassung vorgeschriebene Regentschaft zu \u00fcbernehmen. Prinz Luitpold, im Jahre 1821 als dritter Sohn Ludwigs I. geboren,<\/p>\n\n\n\n<p><a href=\"https:\/\/www.ewigerbund.org\/bayern\/geschichte\/prinzregent-luitpold\/\">Weiterlesen \u2192<\/a><\/p>\n\n<\/div><\/div><\/div>\n<\/div>\n\n\n<div style=\"height:20px\" aria-hidden=\"true\" class=\"wp-block-spacer\"><\/div>\n\n<\/div><\/div>\n\n<div class=\"gb-container gb-container-36aab843\"><div class=\"gb-inside-container\">\n\n<h2 class=\"gb-headline gb-headline-ca296962 gb-headline-text\" id=\"20.Jahrhundert\">20. Jahrhundert.<\/h2>\n\n<\/div><\/div>\n\n<div class=\"gb-container gb-container-a09ffca5\"><div class=\"gb-inside-container\">\n<div class=\"gb-grid-wrapper gb-grid-wrapper-724874c5\">\n<div class=\"gb-grid-column gb-grid-column-9d6ad818\"><div class=\"gb-container gb-container-9d6ad818 cat-box-border\"><div class=\"gb-inside-container\">\n\n<figure class=\"wp-block-image size-large\"><a href=\"https:\/\/www.ewigerbund.org\/bayern\/geschichte\/ludwig-iii\/\"><img loading=\"lazy\" decoding=\"async\" width=\"1024\" height=\"580\" src=\"https:\/\/www.ewigerbund.org\/bayern\/wp-content\/uploads\/sites\/12\/2023\/07\/1912-1921-Ludwig-III-1024x580-1-1024x580.jpg\" alt=\"1912-1921-Ludwig-III\" class=\"wp-image-3230\" srcset=\"https:\/\/www.ewigerbund.org\/bayern\/wp-content\/uploads\/sites\/12\/2023\/07\/1912-1921-Ludwig-III-1024x580-1-1024x580.jpg 1024w, https:\/\/www.ewigerbund.org\/bayern\/wp-content\/uploads\/sites\/12\/2023\/07\/1912-1921-Ludwig-III-1024x580-1-300x170.jpg 300w, https:\/\/www.ewigerbund.org\/bayern\/wp-content\/uploads\/sites\/12\/2023\/07\/1912-1921-Ludwig-III-1024x580-1-768x435.jpg 768w, https:\/\/www.ewigerbund.org\/bayern\/wp-content\/uploads\/sites\/12\/2023\/07\/1912-1921-Ludwig-III-1024x580-1.jpg 1200w\" sizes=\"auto, (max-width: 1024px) 100vw, 1024px\" \/><\/a><\/figure>\n\n\n\n<h2 class=\"wp-block-heading has-medium-font-size\"><a href=\"https:\/\/www.ewigerbund.org\/bayern\/geschichte\/ludwig-iii\/\"><strong>1912-1921. K\u00f6nig Ludwig III.<\/strong><\/a><\/h2>\n\n\n\n<p>Prinz Ludwig, Luitpolds \u00e4ltester Sohn, \u00fcbernahm die Regierung als ein in Arbeit und vaterl\u00e4ndischer Hingebung erprobter F\u00fcrst. Am 7. Januar 1845 zu M\u00fcnchen geboren, geno\u00df der Prinz unter der Obhut seiner trefflichen Eltern eine sorgsame Erziehung, der er die liebensw\u00fcrdige Offenheit, die schlichte Geradheit seines Wesens vor allem verdankt. Es war das Bestreben seines Vaters Luitpold und seiner Mutter Augusta, einer geborenen Prinzessin von Toskana, dem Sohne eine umfassende und gediegene Bildung zu geben.<\/p>\n\n\n\n<p><a href=\"https:\/\/www.ewigerbund.org\/bayern\/geschichte\/ludwig-iii\/\">Weiterlesen \u2192<\/a><\/p>\n\n<\/div><\/div><\/div>\n\n<div class=\"gb-grid-column gb-grid-column-7d8d352d\"><div class=\"gb-container gb-container-7d8d352d\"><div class=\"gb-inside-container\"><\/div><\/div><\/div>\n\n<div class=\"gb-grid-column gb-grid-column-798d2b78\"><div class=\"gb-container gb-container-798d2b78\"><div class=\"gb-inside-container\"><\/div><\/div><\/div>\n<\/div>\n\n\n<div style=\"height:20px\" aria-hidden=\"true\" class=\"wp-block-spacer\"><\/div>\n\n<\/div><\/div>\n\n<div class=\"gb-container gb-container-d572f6cb\"><div class=\"gb-inside-container\">\n\n<div class=\"wp-block-columns is-layout-flex wp-container-core-columns-is-layout-1 wp-block-columns-is-layout-flex\">\n<div class=\"wp-block-column is-vertically-aligned-center is-layout-flow wp-block-column-is-layout-flow\"><div class=\"wp-block-image\">\n<figure class=\"aligncenter size-large\"><img loading=\"lazy\" decoding=\"async\" width=\"1024\" height=\"293\" src=\"https:\/\/www.ewigerbund.org\/bayern\/wp-content\/uploads\/sites\/12\/2023\/05\/2023-05-01-Themenmarker2-BayernKommtZuSich-Schutzzone-1024x293.png\" alt=\"Themenmarker2-BayernKommtZuSich\" class=\"wp-image-2176\" srcset=\"https:\/\/www.ewigerbund.org\/bayern\/wp-content\/uploads\/sites\/12\/2023\/05\/2023-05-01-Themenmarker2-BayernKommtZuSich-Schutzzone-1024x293.png 1024w, https:\/\/www.ewigerbund.org\/bayern\/wp-content\/uploads\/sites\/12\/2023\/05\/2023-05-01-Themenmarker2-BayernKommtZuSich-Schutzzone-300x86.png 300w, https:\/\/www.ewigerbund.org\/bayern\/wp-content\/uploads\/sites\/12\/2023\/05\/2023-05-01-Themenmarker2-BayernKommtZuSich-Schutzzone-768x220.png 768w, https:\/\/www.ewigerbund.org\/bayern\/wp-content\/uploads\/sites\/12\/2023\/05\/2023-05-01-Themenmarker2-BayernKommtZuSich-Schutzzone.png 1200w\" sizes=\"auto, (max-width: 1024px) 100vw, 1024px\" \/><\/figure><\/div><\/div>\n\n\n\n<div class=\"wp-block-column is-layout-flow wp-block-column-is-layout-flow\">\n<p>Wir sind pflichtbewu\u00dfte Bayern, welche sich die Restauration der bayerischen Monarchie und die R\u00fcckkehr zur Rechtsstaatlichkeit des K\u00f6nigreiches Bayern zur Aufgabe gemacht haben. Wir studieren die vorhandenen Staatsstrukturen und die g\u00fcltige Rechtslage um Volk und K\u00f6nig wieder zu vereinen. Unser Ziel ist die Wiederaufrichtung unseres gerechten und f\u00fcrsorglichen Staates samt seinen starken Gemeinden. Raum f\u00fcr Mensch und Tier, Familie und Zukunft sowie die St\u00e4rkung der nationalen Identit\u00e4t:<\/p>\n\n\n\n<p class=\"has-text-align-center has-medium-font-size\"><strong><em>Ein einig Volk \u2013 Familie \u2013 Zukunft.<\/em><\/strong><\/p>\n\n\n\n<p class=\"has-text-align-center\">Gemeinsam werden wir das K\u00f6nigreich Bayern zur alten W\u00fcrde emporheben!<\/p>\n<\/div>\n<\/div>\n\n<\/div><\/div>","protected":false},"excerpt":{"rendered":"<p>Bis 12. Jahrhundert. 13. Jahrhundert. 14. Jahrhundert. 15. und 16. Jahrhundert. 17. Jahrhundert. 18. Jahrhundert. 19. Jahrhundert. 20. Jahrhundert. Wir sind pflichtbewu\u00dfte Bayern, welche sich die Restauration der bayerischen Monarchie und die R\u00fcckkehr zur Rechtsstaatlichkeit des K\u00f6nigreiches Bayern zur Aufgabe gemacht haben. Wir studieren die vorhandenen Staatsstrukturen und die g\u00fcltige Rechtslage um Volk und K\u00f6nig &#8230; <a title=\"Geschichte\" class=\"read-more\" href=\"https:\/\/www.ewigerbund.org\/bayern\/geschichte\/\" aria-label=\"Mehr zu Geschichte\">Weiterlesen &#8230;<\/a><\/p>\n","protected":false},"author":8,"featured_media":2029,"parent":0,"menu_order":0,"comment_status":"closed","ping_status":"closed","template":"template-9-1-generateblock-clean.php","meta":{"footnotes":""},"categories":[6,5,7],"tags":[],"class_list":["post-215","page","type-page","status-publish","has-post-thumbnail","hentry","category-bayern","category-bundesstaat","category-geschichte"],"yoast_head":"<!-- This site is optimized with the Yoast SEO plugin v23.1 - https:\/\/yoast.com\/wordpress\/plugins\/seo\/ -->\n<title>Geschichte - K\u00f6nigreich Bayern<\/title>\n<meta name=\"description\" content=\"Der Beginn der Geschichte Bayerns ist ins Dunkel geh\u00fcllt. Alles was von der Abstammung, von den Wohnsitzen und von der Urgeschichte des ...\" \/>\n<meta name=\"robots\" content=\"index, follow, max-snippet:-1, max-image-preview:large, max-video-preview:-1\" \/>\n<link rel=\"canonical\" href=\"https:\/\/www.ewigerbund.org\/bayern\/geschichte\/\" \/>\n<meta property=\"og:locale\" content=\"de_DE\" \/>\n<meta property=\"og:type\" content=\"article\" \/>\n<meta property=\"og:title\" content=\"Geschichte - K\u00f6nigreich Bayern\" \/>\n<meta property=\"og:description\" content=\"Der Beginn der Geschichte Bayerns ist ins Dunkel geh\u00fcllt. Alles was von der Abstammung, von den Wohnsitzen und von der Urgeschichte des ...\" \/>\n<meta property=\"og:url\" content=\"https:\/\/www.ewigerbund.org\/bayern\/geschichte\/\" \/>\n<meta property=\"og:site_name\" content=\"K\u00f6nigreich Bayern\" \/>\n<meta property=\"article:modified_time\" content=\"2023-12-16T04:46:00+00:00\" \/>\n<meta property=\"og:image\" content=\"https:\/\/www.ewigerbund.org\/bayern\/wp-content\/uploads\/sites\/12\/2023\/04\/Kat-Geschichte.jpg\" \/>\n\t<meta property=\"og:image:width\" content=\"1200\" \/>\n\t<meta property=\"og:image:height\" content=\"680\" \/>\n\t<meta property=\"og:image:type\" content=\"image\/jpeg\" \/>\n<meta name=\"twitter:card\" content=\"summary_large_image\" \/>\n<meta name=\"twitter:label1\" content=\"Gesch\u00e4tzte Lesezeit\" \/>\n\t<meta name=\"twitter:data1\" content=\"27\u00a0Minuten\" \/>\n<script type=\"application\/ld+json\" class=\"yoast-schema-graph\">{\"@context\":\"https:\/\/schema.org\",\"@graph\":[{\"@type\":\"WebPage\",\"@id\":\"https:\/\/www.ewigerbund.org\/bayern\/geschichte\/\",\"url\":\"https:\/\/www.ewigerbund.org\/bayern\/geschichte\/\",\"name\":\"Geschichte - K\u00f6nigreich Bayern\",\"isPartOf\":{\"@id\":\"https:\/\/www.ewigerbund.org\/bayern\/#website\"},\"primaryImageOfPage\":{\"@id\":\"https:\/\/www.ewigerbund.org\/bayern\/geschichte\/#primaryimage\"},\"image\":{\"@id\":\"https:\/\/www.ewigerbund.org\/bayern\/geschichte\/#primaryimage\"},\"thumbnailUrl\":\"https:\/\/www.ewigerbund.org\/bayern\/wp-content\/uploads\/sites\/12\/2023\/04\/Kat-Geschichte.jpg\",\"datePublished\":\"2022-08-05T19:48:55+00:00\",\"dateModified\":\"2023-12-16T04:46:00+00:00\",\"description\":\"Der Beginn der Geschichte Bayerns ist ins Dunkel geh\u00fcllt. Alles was von der Abstammung, von den Wohnsitzen und von der Urgeschichte des ...\",\"breadcrumb\":{\"@id\":\"https:\/\/www.ewigerbund.org\/bayern\/geschichte\/#breadcrumb\"},\"inLanguage\":\"de\",\"potentialAction\":[{\"@type\":\"ReadAction\",\"target\":[\"https:\/\/www.ewigerbund.org\/bayern\/geschichte\/\"]}]},{\"@type\":\"ImageObject\",\"inLanguage\":\"de\",\"@id\":\"https:\/\/www.ewigerbund.org\/bayern\/geschichte\/#primaryimage\",\"url\":\"https:\/\/www.ewigerbund.org\/bayern\/wp-content\/uploads\/sites\/12\/2023\/04\/Kat-Geschichte.jpg\",\"contentUrl\":\"https:\/\/www.ewigerbund.org\/bayern\/wp-content\/uploads\/sites\/12\/2023\/04\/Kat-Geschichte.jpg\",\"width\":1200,\"height\":680},{\"@type\":\"BreadcrumbList\",\"@id\":\"https:\/\/www.ewigerbund.org\/bayern\/geschichte\/#breadcrumb\",\"itemListElement\":[{\"@type\":\"ListItem\",\"position\":1,\"name\":\"Startseite\",\"item\":\"https:\/\/www.ewigerbund.org\/bayern\/\"},{\"@type\":\"ListItem\",\"position\":2,\"name\":\"Geschichte\"}]},{\"@type\":\"WebSite\",\"@id\":\"https:\/\/www.ewigerbund.org\/bayern\/#website\",\"url\":\"https:\/\/www.ewigerbund.org\/bayern\/\",\"name\":\"K\u00f6nigreich Bayern\",\"description\":\"im ewigen Bund.\",\"publisher\":{\"@id\":\"https:\/\/www.ewigerbund.org\/bayern\/#organization\"},\"potentialAction\":[{\"@type\":\"SearchAction\",\"target\":{\"@type\":\"EntryPoint\",\"urlTemplate\":\"https:\/\/www.ewigerbund.org\/bayern\/?s={search_term_string}\"},\"query-input\":\"required name=search_term_string\"}],\"inLanguage\":\"de\"},{\"@type\":\"Organization\",\"@id\":\"https:\/\/www.ewigerbund.org\/bayern\/#organization\",\"name\":\"K\u00f6nigreich Bayern\",\"url\":\"https:\/\/www.ewigerbund.org\/bayern\/\",\"logo\":{\"@type\":\"ImageObject\",\"inLanguage\":\"de\",\"@id\":\"https:\/\/www.ewigerbund.org\/bayern\/#\/schema\/logo\/image\/\",\"url\":\"https:\/\/www.ewigerbund.org\/bayern\/wp-content\/uploads\/sites\/12\/2023\/02\/2023-02-24-Logo-EB-Bayern-Schutzzone_Schatten_BGweiss_V2_1200px.png\",\"contentUrl\":\"https:\/\/www.ewigerbund.org\/bayern\/wp-content\/uploads\/sites\/12\/2023\/02\/2023-02-24-Logo-EB-Bayern-Schutzzone_Schatten_BGweiss_V2_1200px.png\",\"width\":1200,\"height\":1200,\"caption\":\"K\u00f6nigreich Bayern\"},\"image\":{\"@id\":\"https:\/\/www.ewigerbund.org\/bayern\/#\/schema\/logo\/image\/\"}}]}<\/script>\n<!-- \/ Yoast SEO plugin. -->","yoast_head_json":{"title":"Geschichte - K\u00f6nigreich Bayern","description":"Der Beginn der Geschichte Bayerns ist ins Dunkel geh\u00fcllt. Alles was von der Abstammung, von den Wohnsitzen und von der Urgeschichte des ...","robots":{"index":"index","follow":"follow","max-snippet":"max-snippet:-1","max-image-preview":"max-image-preview:large","max-video-preview":"max-video-preview:-1"},"canonical":"https:\/\/www.ewigerbund.org\/bayern\/geschichte\/","og_locale":"de_DE","og_type":"article","og_title":"Geschichte - K\u00f6nigreich Bayern","og_description":"Der Beginn der Geschichte Bayerns ist ins Dunkel geh\u00fcllt. Alles was von der Abstammung, von den Wohnsitzen und von der Urgeschichte des ...","og_url":"https:\/\/www.ewigerbund.org\/bayern\/geschichte\/","og_site_name":"K\u00f6nigreich Bayern","article_modified_time":"2023-12-16T04:46:00+00:00","og_image":[{"width":1200,"height":680,"url":"https:\/\/www.ewigerbund.org\/bayern\/wp-content\/uploads\/sites\/12\/2023\/04\/Kat-Geschichte.jpg","type":"image\/jpeg"}],"twitter_card":"summary_large_image","twitter_misc":{"Gesch\u00e4tzte Lesezeit":"27\u00a0Minuten"},"schema":{"@context":"https:\/\/schema.org","@graph":[{"@type":"WebPage","@id":"https:\/\/www.ewigerbund.org\/bayern\/geschichte\/","url":"https:\/\/www.ewigerbund.org\/bayern\/geschichte\/","name":"Geschichte - K\u00f6nigreich Bayern","isPartOf":{"@id":"https:\/\/www.ewigerbund.org\/bayern\/#website"},"primaryImageOfPage":{"@id":"https:\/\/www.ewigerbund.org\/bayern\/geschichte\/#primaryimage"},"image":{"@id":"https:\/\/www.ewigerbund.org\/bayern\/geschichte\/#primaryimage"},"thumbnailUrl":"https:\/\/www.ewigerbund.org\/bayern\/wp-content\/uploads\/sites\/12\/2023\/04\/Kat-Geschichte.jpg","datePublished":"2022-08-05T19:48:55+00:00","dateModified":"2023-12-16T04:46:00+00:00","description":"Der Beginn der Geschichte Bayerns ist ins Dunkel geh\u00fcllt. Alles was von der Abstammung, von den Wohnsitzen und von der Urgeschichte des ...","breadcrumb":{"@id":"https:\/\/www.ewigerbund.org\/bayern\/geschichte\/#breadcrumb"},"inLanguage":"de","potentialAction":[{"@type":"ReadAction","target":["https:\/\/www.ewigerbund.org\/bayern\/geschichte\/"]}]},{"@type":"ImageObject","inLanguage":"de","@id":"https:\/\/www.ewigerbund.org\/bayern\/geschichte\/#primaryimage","url":"https:\/\/www.ewigerbund.org\/bayern\/wp-content\/uploads\/sites\/12\/2023\/04\/Kat-Geschichte.jpg","contentUrl":"https:\/\/www.ewigerbund.org\/bayern\/wp-content\/uploads\/sites\/12\/2023\/04\/Kat-Geschichte.jpg","width":1200,"height":680},{"@type":"BreadcrumbList","@id":"https:\/\/www.ewigerbund.org\/bayern\/geschichte\/#breadcrumb","itemListElement":[{"@type":"ListItem","position":1,"name":"Startseite","item":"https:\/\/www.ewigerbund.org\/bayern\/"},{"@type":"ListItem","position":2,"name":"Geschichte"}]},{"@type":"WebSite","@id":"https:\/\/www.ewigerbund.org\/bayern\/#website","url":"https:\/\/www.ewigerbund.org\/bayern\/","name":"K\u00f6nigreich Bayern","description":"im ewigen Bund.","publisher":{"@id":"https:\/\/www.ewigerbund.org\/bayern\/#organization"},"potentialAction":[{"@type":"SearchAction","target":{"@type":"EntryPoint","urlTemplate":"https:\/\/www.ewigerbund.org\/bayern\/?s={search_term_string}"},"query-input":"required name=search_term_string"}],"inLanguage":"de"},{"@type":"Organization","@id":"https:\/\/www.ewigerbund.org\/bayern\/#organization","name":"K\u00f6nigreich Bayern","url":"https:\/\/www.ewigerbund.org\/bayern\/","logo":{"@type":"ImageObject","inLanguage":"de","@id":"https:\/\/www.ewigerbund.org\/bayern\/#\/schema\/logo\/image\/","url":"https:\/\/www.ewigerbund.org\/bayern\/wp-content\/uploads\/sites\/12\/2023\/02\/2023-02-24-Logo-EB-Bayern-Schutzzone_Schatten_BGweiss_V2_1200px.png","contentUrl":"https:\/\/www.ewigerbund.org\/bayern\/wp-content\/uploads\/sites\/12\/2023\/02\/2023-02-24-Logo-EB-Bayern-Schutzzone_Schatten_BGweiss_V2_1200px.png","width":1200,"height":1200,"caption":"K\u00f6nigreich Bayern"},"image":{"@id":"https:\/\/www.ewigerbund.org\/bayern\/#\/schema\/logo\/image\/"}}]}},"_links":{"self":[{"href":"https:\/\/www.ewigerbund.org\/bayern\/wp-json\/wp\/v2\/pages\/215","targetHints":{"allow":["GET"]}}],"collection":[{"href":"https:\/\/www.ewigerbund.org\/bayern\/wp-json\/wp\/v2\/pages"}],"about":[{"href":"https:\/\/www.ewigerbund.org\/bayern\/wp-json\/wp\/v2\/types\/page"}],"author":[{"embeddable":true,"href":"https:\/\/www.ewigerbund.org\/bayern\/wp-json\/wp\/v2\/users\/8"}],"replies":[{"embeddable":true,"href":"https:\/\/www.ewigerbund.org\/bayern\/wp-json\/wp\/v2\/comments?post=215"}],"version-history":[{"count":207,"href":"https:\/\/www.ewigerbund.org\/bayern\/wp-json\/wp\/v2\/pages\/215\/revisions"}],"predecessor-version":[{"id":5150,"href":"https:\/\/www.ewigerbund.org\/bayern\/wp-json\/wp\/v2\/pages\/215\/revisions\/5150"}],"wp:featuredmedia":[{"embeddable":true,"href":"https:\/\/www.ewigerbund.org\/bayern\/wp-json\/wp\/v2\/media\/2029"}],"wp:attachment":[{"href":"https:\/\/www.ewigerbund.org\/bayern\/wp-json\/wp\/v2\/media?parent=215"}],"wp:term":[{"taxonomy":"category","embeddable":true,"href":"https:\/\/www.ewigerbund.org\/bayern\/wp-json\/wp\/v2\/categories?post=215"},{"taxonomy":"post_tag","embeddable":true,"href":"https:\/\/www.ewigerbund.org\/bayern\/wp-json\/wp\/v2\/tags?post=215"}],"curies":[{"name":"wp","href":"https:\/\/api.w.org\/{rel}","templated":true}]}}