{"id":1929,"date":"2023-04-13T09:12:30","date_gmt":"2023-04-13T07:12:30","guid":{"rendered":"https:\/\/www.ewigerbund.org\/bayern\/?page_id=1929"},"modified":"2023-12-03T15:05:42","modified_gmt":"2023-12-03T14:05:42","slug":"staats-und-verfassungsrecht","status":"publish","type":"page","link":"https:\/\/www.ewigerbund.org\/bayern\/staatsrecht\/staats-und-verfassungsrecht\/","title":{"rendered":"Staats- und Verfassungsrecht."},"content":{"rendered":"\n<h2 class=\"gb-headline gb-headline-17771471 gb-headline-text\">Das bayerische Staats- und Verfassungsrecht.<\/h2>\n\n\n\n<p>Das Staats- und Verfassungsrecht trifft Bestimmungen dar\u00fcber, in welcher Weise der Staat organisiert ist, wer die Gesetze zu erlassen hat und wie sie zustande kommen, welche staatsb\u00fcrgerlichen Rechte den Staatsb\u00fcrgern zustehen und welche Pflichten ihnen obliegen. Die Grundz\u00fcge dieses Verfassungsrechts sind in der neueren Zeit fast \u00fcberall in einem besonderen, von dem Herrscher beschworenen Staatsgrundgesetz, der Verfassungsurkunde, enthalten.<\/p>\n\n\n\n<div class=\"wp-block-columns is-layout-flex wp-container-core-columns-is-layout-1 wp-block-columns-is-layout-flex\">\n<div class=\"wp-block-column cat-box-border is-layout-flow wp-block-column-is-layout-flow\">\n<figure class=\"wp-block-image size-large\"><img loading=\"lazy\" decoding=\"async\" width=\"1024\" height=\"576\" src=\"https:\/\/www.ewigerbund.org\/bayern\/wp-content\/uploads\/sites\/12\/2023\/12\/Verfassung-mit-SiegelWasser-1024x576.jpg\" alt=\"\" class=\"wp-image-4762\" srcset=\"https:\/\/www.ewigerbund.org\/bayern\/wp-content\/uploads\/sites\/12\/2023\/12\/Verfassung-mit-SiegelWasser-1024x576.jpg 1024w, https:\/\/www.ewigerbund.org\/bayern\/wp-content\/uploads\/sites\/12\/2023\/12\/Verfassung-mit-SiegelWasser-300x169.jpg 300w, https:\/\/www.ewigerbund.org\/bayern\/wp-content\/uploads\/sites\/12\/2023\/12\/Verfassung-mit-SiegelWasser-768x432.jpg 768w, https:\/\/www.ewigerbund.org\/bayern\/wp-content\/uploads\/sites\/12\/2023\/12\/Verfassung-mit-SiegelWasser.jpg 1200w\" sizes=\"auto, (max-width: 1024px) 100vw, 1024px\" \/><\/figure>\n\n\n\n<h2 class=\"gb-headline gb-headline-898b6f5b gb-headline-text\">Die Staatsverfassung.<\/h2>\n\n\n<div class=\"gb-container gb-container-0ea34a4d\">\n\n<p>Gem\u00e4\u00df Staatsverfassung ist Bayern ein souver\u00e4ner, monarchischer Staat. Das K\u00f6nigreich Bayern bildet nach dem Versailler Vertrag vom 23. Nov. 1870 und der Reichsverfassung vom 16. April 1871 mit 21 weiteren deutschen Monarchien, drei freien St\u00e4dten und dem Reichsland Elsa\u00df-Lothringen einen Bund namens Deutsches Reich. Beim Eintritt in den Bund sicherte sich auch Bayern eine Reihe von &#8230;<br><br><a href=\"https:\/\/www.ewigerbund.org\/bayern\/staatsrecht\/staats-und-verfassungsrecht\/staatsverfassung\/\">Weiterlesen -&gt;<\/a><\/p>\n\n<\/div><\/div>\n\n\n\n<div class=\"wp-block-column cat-box-border is-layout-flow wp-block-column-is-layout-flow\">\n<h2 class=\"gb-headline gb-headline-60db4b93 gb-headline-text\">Neue Inhalte folgen in K\u00fcrze.<\/h2>\n<\/div>\n<\/div>\n","protected":false},"excerpt":{"rendered":"<p>Das bayerische Staats- und Verfassungsrecht. Das Staats- und Verfassungsrecht trifft Bestimmungen dar\u00fcber, in welcher Weise der Staat organisiert ist, wer die Gesetze zu erlassen hat und wie sie zustande kommen, welche staatsb\u00fcrgerlichen Rechte den Staatsb\u00fcrgern zustehen und welche Pflichten ihnen obliegen. Die Grundz\u00fcge dieses Verfassungsrechts sind in der neueren Zeit fast \u00fcberall in einem besonderen, &#8230; <a title=\"Staats- und Verfassungsrecht.\" class=\"read-more\" href=\"https:\/\/www.ewigerbund.org\/bayern\/staatsrecht\/staats-und-verfassungsrecht\/\" aria-label=\"Mehr zu Staats- und Verfassungsrecht.\">Weiterlesen &#8230;<\/a><\/p>\n","protected":false},"author":1,"featured_media":4683,"parent":269,"menu_order":0,"comment_status":"closed","ping_status":"closed","template":"template-4-linke-seitenleiste.php","meta":{"footnotes":""},"categories":[6,5,94],"tags":[43,524,525],"class_list":["post-1929","page","type-page","status-publish","has-post-thumbnail","hentry","category-bayern","category-bundesstaat","category-staats-und-verwaltungsrecht","tag-koenigreich-bayern","tag-staatsrecht","tag-verfassungsrecht"],"yoast_head":"<!-- This site is optimized with the Yoast SEO plugin v23.1 - https:\/\/yoast.com\/wordpress\/plugins\/seo\/ -->\n<title>Staats- und Verfassungsrecht. - K\u00f6nigreich Bayern<\/title>\n<meta name=\"description\" content=\"Das Staats- und Verfassungsrecht trifft Bestimmungen dar\u00fcber, in welcher Weise der Staat organisiert ist, wer die Gesetze zu erlassen hat ...\" \/>\n<meta name=\"robots\" content=\"index, follow, max-snippet:-1, max-image-preview:large, max-video-preview:-1\" \/>\n<link rel=\"canonical\" href=\"https:\/\/www.ewigerbund.org\/bayern\/staatsrecht\/staats-und-verfassungsrecht\/\" \/>\n<meta property=\"og:locale\" content=\"de_DE\" \/>\n<meta property=\"og:type\" content=\"article\" \/>\n<meta property=\"og:title\" content=\"Staats- und Verfassungsrecht. - K\u00f6nigreich Bayern\" \/>\n<meta property=\"og:description\" content=\"Das Staats- und Verfassungsrecht trifft Bestimmungen dar\u00fcber, in welcher Weise der Staat organisiert ist, wer die Gesetze zu erlassen hat ...\" \/>\n<meta property=\"og:url\" content=\"https:\/\/www.ewigerbund.org\/bayern\/staatsrecht\/staats-und-verfassungsrecht\/\" \/>\n<meta property=\"og:site_name\" content=\"K\u00f6nigreich Bayern\" \/>\n<meta property=\"article:modified_time\" content=\"2023-12-03T14:05:42+00:00\" \/>\n<meta property=\"og:image\" content=\"https:\/\/www.ewigerbund.org\/bayern\/wp-content\/uploads\/sites\/12\/2023\/12\/Staats_und_Verfassungsrecht.jpg\" \/>\n\t<meta property=\"og:image:width\" content=\"1280\" \/>\n\t<meta property=\"og:image:height\" content=\"720\" \/>\n\t<meta property=\"og:image:type\" content=\"image\/jpeg\" \/>\n<meta name=\"twitter:card\" content=\"summary_large_image\" \/>\n<meta name=\"twitter:label1\" content=\"Gesch\u00e4tzte Lesezeit\" \/>\n\t<meta name=\"twitter:data1\" content=\"1\u00a0Minute\" \/>\n<script type=\"application\/ld+json\" class=\"yoast-schema-graph\">{\"@context\":\"https:\/\/schema.org\",\"@graph\":[{\"@type\":\"WebPage\",\"@id\":\"https:\/\/www.ewigerbund.org\/bayern\/staatsrecht\/staats-und-verfassungsrecht\/\",\"url\":\"https:\/\/www.ewigerbund.org\/bayern\/staatsrecht\/staats-und-verfassungsrecht\/\",\"name\":\"Staats- und Verfassungsrecht. - K\u00f6nigreich Bayern\",\"isPartOf\":{\"@id\":\"https:\/\/www.ewigerbund.org\/bayern\/#website\"},\"primaryImageOfPage\":{\"@id\":\"https:\/\/www.ewigerbund.org\/bayern\/staatsrecht\/staats-und-verfassungsrecht\/#primaryimage\"},\"image\":{\"@id\":\"https:\/\/www.ewigerbund.org\/bayern\/staatsrecht\/staats-und-verfassungsrecht\/#primaryimage\"},\"thumbnailUrl\":\"https:\/\/www.ewigerbund.org\/bayern\/wp-content\/uploads\/sites\/12\/2023\/12\/Staats_und_Verfassungsrecht.jpg\",\"datePublished\":\"2023-04-13T07:12:30+00:00\",\"dateModified\":\"2023-12-03T14:05:42+00:00\",\"description\":\"Das Staats- und Verfassungsrecht trifft Bestimmungen dar\u00fcber, in welcher Weise der Staat organisiert ist, wer die Gesetze zu erlassen hat ...\",\"breadcrumb\":{\"@id\":\"https:\/\/www.ewigerbund.org\/bayern\/staatsrecht\/staats-und-verfassungsrecht\/#breadcrumb\"},\"inLanguage\":\"de\",\"potentialAction\":[{\"@type\":\"ReadAction\",\"target\":[\"https:\/\/www.ewigerbund.org\/bayern\/staatsrecht\/staats-und-verfassungsrecht\/\"]}]},{\"@type\":\"ImageObject\",\"inLanguage\":\"de\",\"@id\":\"https:\/\/www.ewigerbund.org\/bayern\/staatsrecht\/staats-und-verfassungsrecht\/#primaryimage\",\"url\":\"https:\/\/www.ewigerbund.org\/bayern\/wp-content\/uploads\/sites\/12\/2023\/12\/Staats_und_Verfassungsrecht.jpg\",\"contentUrl\":\"https:\/\/www.ewigerbund.org\/bayern\/wp-content\/uploads\/sites\/12\/2023\/12\/Staats_und_Verfassungsrecht.jpg\",\"width\":1280,\"height\":720},{\"@type\":\"BreadcrumbList\",\"@id\":\"https:\/\/www.ewigerbund.org\/bayern\/staatsrecht\/staats-und-verfassungsrecht\/#breadcrumb\",\"itemListElement\":[{\"@type\":\"ListItem\",\"position\":1,\"name\":\"Startseite\",\"item\":\"https:\/\/www.ewigerbund.org\/bayern\/\"},{\"@type\":\"ListItem\",\"position\":2,\"name\":\"Bayerisches Staatsrecht.\",\"item\":\"https:\/\/www.ewigerbund.org\/bayern\/staatsrecht\/\"},{\"@type\":\"ListItem\",\"position\":3,\"name\":\"Staats- und Verfassungsrecht.\"}]},{\"@type\":\"WebSite\",\"@id\":\"https:\/\/www.ewigerbund.org\/bayern\/#website\",\"url\":\"https:\/\/www.ewigerbund.org\/bayern\/\",\"name\":\"K\u00f6nigreich Bayern\",\"description\":\"im ewigen Bund.\",\"publisher\":{\"@id\":\"https:\/\/www.ewigerbund.org\/bayern\/#organization\"},\"potentialAction\":[{\"@type\":\"SearchAction\",\"target\":{\"@type\":\"EntryPoint\",\"urlTemplate\":\"https:\/\/www.ewigerbund.org\/bayern\/?s={search_term_string}\"},\"query-input\":\"required name=search_term_string\"}],\"inLanguage\":\"de\"},{\"@type\":\"Organization\",\"@id\":\"https:\/\/www.ewigerbund.org\/bayern\/#organization\",\"name\":\"K\u00f6nigreich Bayern\",\"url\":\"https:\/\/www.ewigerbund.org\/bayern\/\",\"logo\":{\"@type\":\"ImageObject\",\"inLanguage\":\"de\",\"@id\":\"https:\/\/www.ewigerbund.org\/bayern\/#\/schema\/logo\/image\/\",\"url\":\"https:\/\/www.ewigerbund.org\/bayern\/wp-content\/uploads\/sites\/12\/2023\/02\/2023-02-24-Logo-EB-Bayern-Schutzzone_Schatten_BGweiss_V2_1200px.png\",\"contentUrl\":\"https:\/\/www.ewigerbund.org\/bayern\/wp-content\/uploads\/sites\/12\/2023\/02\/2023-02-24-Logo-EB-Bayern-Schutzzone_Schatten_BGweiss_V2_1200px.png\",\"width\":1200,\"height\":1200,\"caption\":\"K\u00f6nigreich Bayern\"},\"image\":{\"@id\":\"https:\/\/www.ewigerbund.org\/bayern\/#\/schema\/logo\/image\/\"}}]}<\/script>\n<!-- \/ Yoast SEO plugin. -->","yoast_head_json":{"title":"Staats- und Verfassungsrecht. - K\u00f6nigreich Bayern","description":"Das Staats- und Verfassungsrecht trifft Bestimmungen dar\u00fcber, in welcher Weise der Staat organisiert ist, wer die Gesetze zu erlassen hat ...","robots":{"index":"index","follow":"follow","max-snippet":"max-snippet:-1","max-image-preview":"max-image-preview:large","max-video-preview":"max-video-preview:-1"},"canonical":"https:\/\/www.ewigerbund.org\/bayern\/staatsrecht\/staats-und-verfassungsrecht\/","og_locale":"de_DE","og_type":"article","og_title":"Staats- und Verfassungsrecht. - K\u00f6nigreich Bayern","og_description":"Das Staats- und Verfassungsrecht trifft Bestimmungen dar\u00fcber, in welcher Weise der Staat organisiert ist, wer die Gesetze zu erlassen hat ...","og_url":"https:\/\/www.ewigerbund.org\/bayern\/staatsrecht\/staats-und-verfassungsrecht\/","og_site_name":"K\u00f6nigreich Bayern","article_modified_time":"2023-12-03T14:05:42+00:00","og_image":[{"width":1280,"height":720,"url":"https:\/\/www.ewigerbund.org\/bayern\/wp-content\/uploads\/sites\/12\/2023\/12\/Staats_und_Verfassungsrecht.jpg","type":"image\/jpeg"}],"twitter_card":"summary_large_image","twitter_misc":{"Gesch\u00e4tzte Lesezeit":"1\u00a0Minute"},"schema":{"@context":"https:\/\/schema.org","@graph":[{"@type":"WebPage","@id":"https:\/\/www.ewigerbund.org\/bayern\/staatsrecht\/staats-und-verfassungsrecht\/","url":"https:\/\/www.ewigerbund.org\/bayern\/staatsrecht\/staats-und-verfassungsrecht\/","name":"Staats- und Verfassungsrecht. - K\u00f6nigreich Bayern","isPartOf":{"@id":"https:\/\/www.ewigerbund.org\/bayern\/#website"},"primaryImageOfPage":{"@id":"https:\/\/www.ewigerbund.org\/bayern\/staatsrecht\/staats-und-verfassungsrecht\/#primaryimage"},"image":{"@id":"https:\/\/www.ewigerbund.org\/bayern\/staatsrecht\/staats-und-verfassungsrecht\/#primaryimage"},"thumbnailUrl":"https:\/\/www.ewigerbund.org\/bayern\/wp-content\/uploads\/sites\/12\/2023\/12\/Staats_und_Verfassungsrecht.jpg","datePublished":"2023-04-13T07:12:30+00:00","dateModified":"2023-12-03T14:05:42+00:00","description":"Das Staats- und Verfassungsrecht trifft Bestimmungen dar\u00fcber, in welcher Weise der Staat organisiert ist, wer die Gesetze zu erlassen hat ...","breadcrumb":{"@id":"https:\/\/www.ewigerbund.org\/bayern\/staatsrecht\/staats-und-verfassungsrecht\/#breadcrumb"},"inLanguage":"de","potentialAction":[{"@type":"ReadAction","target":["https:\/\/www.ewigerbund.org\/bayern\/staatsrecht\/staats-und-verfassungsrecht\/"]}]},{"@type":"ImageObject","inLanguage":"de","@id":"https:\/\/www.ewigerbund.org\/bayern\/staatsrecht\/staats-und-verfassungsrecht\/#primaryimage","url":"https:\/\/www.ewigerbund.org\/bayern\/wp-content\/uploads\/sites\/12\/2023\/12\/Staats_und_Verfassungsrecht.jpg","contentUrl":"https:\/\/www.ewigerbund.org\/bayern\/wp-content\/uploads\/sites\/12\/2023\/12\/Staats_und_Verfassungsrecht.jpg","width":1280,"height":720},{"@type":"BreadcrumbList","@id":"https:\/\/www.ewigerbund.org\/bayern\/staatsrecht\/staats-und-verfassungsrecht\/#breadcrumb","itemListElement":[{"@type":"ListItem","position":1,"name":"Startseite","item":"https:\/\/www.ewigerbund.org\/bayern\/"},{"@type":"ListItem","position":2,"name":"Bayerisches Staatsrecht.","item":"https:\/\/www.ewigerbund.org\/bayern\/staatsrecht\/"},{"@type":"ListItem","position":3,"name":"Staats- und Verfassungsrecht."}]},{"@type":"WebSite","@id":"https:\/\/www.ewigerbund.org\/bayern\/#website","url":"https:\/\/www.ewigerbund.org\/bayern\/","name":"K\u00f6nigreich Bayern","description":"im ewigen Bund.","publisher":{"@id":"https:\/\/www.ewigerbund.org\/bayern\/#organization"},"potentialAction":[{"@type":"SearchAction","target":{"@type":"EntryPoint","urlTemplate":"https:\/\/www.ewigerbund.org\/bayern\/?s={search_term_string}"},"query-input":"required name=search_term_string"}],"inLanguage":"de"},{"@type":"Organization","@id":"https:\/\/www.ewigerbund.org\/bayern\/#organization","name":"K\u00f6nigreich Bayern","url":"https:\/\/www.ewigerbund.org\/bayern\/","logo":{"@type":"ImageObject","inLanguage":"de","@id":"https:\/\/www.ewigerbund.org\/bayern\/#\/schema\/logo\/image\/","url":"https:\/\/www.ewigerbund.org\/bayern\/wp-content\/uploads\/sites\/12\/2023\/02\/2023-02-24-Logo-EB-Bayern-Schutzzone_Schatten_BGweiss_V2_1200px.png","contentUrl":"https:\/\/www.ewigerbund.org\/bayern\/wp-content\/uploads\/sites\/12\/2023\/02\/2023-02-24-Logo-EB-Bayern-Schutzzone_Schatten_BGweiss_V2_1200px.png","width":1200,"height":1200,"caption":"K\u00f6nigreich Bayern"},"image":{"@id":"https:\/\/www.ewigerbund.org\/bayern\/#\/schema\/logo\/image\/"}}]}},"_links":{"self":[{"href":"https:\/\/www.ewigerbund.org\/bayern\/wp-json\/wp\/v2\/pages\/1929","targetHints":{"allow":["GET"]}}],"collection":[{"href":"https:\/\/www.ewigerbund.org\/bayern\/wp-json\/wp\/v2\/pages"}],"about":[{"href":"https:\/\/www.ewigerbund.org\/bayern\/wp-json\/wp\/v2\/types\/page"}],"author":[{"embeddable":true,"href":"https:\/\/www.ewigerbund.org\/bayern\/wp-json\/wp\/v2\/users\/1"}],"replies":[{"embeddable":true,"href":"https:\/\/www.ewigerbund.org\/bayern\/wp-json\/wp\/v2\/comments?post=1929"}],"version-history":[{"count":10,"href":"https:\/\/www.ewigerbund.org\/bayern\/wp-json\/wp\/v2\/pages\/1929\/revisions"}],"predecessor-version":[{"id":4772,"href":"https:\/\/www.ewigerbund.org\/bayern\/wp-json\/wp\/v2\/pages\/1929\/revisions\/4772"}],"up":[{"embeddable":true,"href":"https:\/\/www.ewigerbund.org\/bayern\/wp-json\/wp\/v2\/pages\/269"}],"wp:featuredmedia":[{"embeddable":true,"href":"https:\/\/www.ewigerbund.org\/bayern\/wp-json\/wp\/v2\/media\/4683"}],"wp:attachment":[{"href":"https:\/\/www.ewigerbund.org\/bayern\/wp-json\/wp\/v2\/media?parent=1929"}],"wp:term":[{"taxonomy":"category","embeddable":true,"href":"https:\/\/www.ewigerbund.org\/bayern\/wp-json\/wp\/v2\/categories?post=1929"},{"taxonomy":"post_tag","embeddable":true,"href":"https:\/\/www.ewigerbund.org\/bayern\/wp-json\/wp\/v2\/tags?post=1929"}],"curies":[{"name":"wp","href":"https:\/\/api.w.org\/{rel}","templated":true}]}}