{"id":1896,"date":"2023-04-12T23:45:24","date_gmt":"2023-04-12T21:45:24","guid":{"rendered":"https:\/\/www.ewigerbund.org\/bayern\/?page_id=1896"},"modified":"2024-02-06T17:29:25","modified_gmt":"2024-02-06T16:29:25","slug":"neueste-beitraege","status":"publish","type":"page","link":"https:\/\/www.ewigerbund.org\/bayern\/neueste-beitraege\/","title":{"rendered":"Neueste Beitr\u00e4ge."},"content":{"rendered":"\n<div style=\"height:50px\" aria-hidden=\"true\" class=\"wp-block-spacer\"><\/div>\n\n\n\n<div class=\"wp-block-columns is-layout-flex wp-container-core-columns-is-layout-1 wp-block-columns-is-layout-flex\">\n<div class=\"wp-block-column is-layout-flow wp-block-column-is-layout-flow\"><\/div>\n\n\n\n<div class=\"wp-block-column cat-box-border is-layout-flow wp-block-column-is-layout-flow\">\n<figure class=\"wp-block-image size-large\"><a href=\"https:\/\/www.ewigerbund.org\/bayern\/neujahrsgruss-nach-sachsen\/\"><img loading=\"lazy\" decoding=\"async\" width=\"1024\" height=\"580\" src=\"https:\/\/www.ewigerbund.org\/bayern\/wp-content\/uploads\/sites\/12\/2023\/12\/Gruesse_an_Sachsen_Titelbild-1024x580.jpg\" alt=\"\" class=\"wp-image-5027\" srcset=\"https:\/\/www.ewigerbund.org\/bayern\/wp-content\/uploads\/sites\/12\/2023\/12\/Gruesse_an_Sachsen_Titelbild-1024x580.jpg 1024w, https:\/\/www.ewigerbund.org\/bayern\/wp-content\/uploads\/sites\/12\/2023\/12\/Gruesse_an_Sachsen_Titelbild-300x170.jpg 300w, https:\/\/www.ewigerbund.org\/bayern\/wp-content\/uploads\/sites\/12\/2023\/12\/Gruesse_an_Sachsen_Titelbild-768x435.jpg 768w, https:\/\/www.ewigerbund.org\/bayern\/wp-content\/uploads\/sites\/12\/2023\/12\/Gruesse_an_Sachsen_Titelbild.jpg 1200w\" sizes=\"auto, (max-width: 1024px) 100vw, 1024px\" \/><\/a><\/figure>\n\n\n\n<h2 class=\"gb-headline gb-headline-849a3e3a gb-headline-text\">Neujahrsgru\u00df nach Sachsen.<\/h2>\n\n\n<div class=\"gb-container gb-container-fdbd2256\">\n\n<p>Beginnend mit diesen Worten und anl\u00e4sslich des neuen Jahres m\u00f6chten wir als Neujahrsgru\u00df nach <a href=\"https:\/\/www.ewigerbund.org\/sachsen\/\" target=\"_blank\" rel=\"noreferrer noopener\">Sachsen<\/a> unsere besten W\u00fcnsche \u00fcbermitteln. Seit nunmehr einem Jahr sind wir auf der gemeinsamen Reise, die K\u00f6nigreiche Sachsen und Bayern zu restaurieren.<\/p>\n\n<\/div>\n\n<div class=\"gb-container gb-container-5d6b3d5a\">\n\n<p><a href=\"https:\/\/www.ewigerbund.org\/bayern\/neujahrsgruss-nach-sachsen\/\">Herzliche Gr\u00fc\u00dfe \u2192<\/a><\/p>\n\n<\/div><\/div>\n\n\n\n<div class=\"wp-block-column is-layout-flow wp-block-column-is-layout-flow\"><\/div>\n<\/div>\n\n\n\n<div class=\"wp-block-columns is-layout-flex wp-container-core-columns-is-layout-2 wp-block-columns-is-layout-flex\">\n<div class=\"wp-block-column cat-box-border is-layout-flow wp-block-column-is-layout-flow\">\n<figure class=\"wp-block-image size-full\"><a href=\"https:\/\/www.ewigerbund.org\/bayern\/bayern-heute\/gedenkgottesdienst-ludwig-ii\/\"><img loading=\"lazy\" decoding=\"async\" width=\"750\" height=\"426\" src=\"https:\/\/www.ewigerbund.org\/bayern\/wp-content\/uploads\/sites\/12\/2023\/06\/LudwigII_Kreuz.jpg\" alt=\"\" class=\"wp-image-2828\" srcset=\"https:\/\/www.ewigerbund.org\/bayern\/wp-content\/uploads\/sites\/12\/2023\/06\/LudwigII_Kreuz.jpg 750w, https:\/\/www.ewigerbund.org\/bayern\/wp-content\/uploads\/sites\/12\/2023\/06\/LudwigII_Kreuz-300x170.jpg 300w\" sizes=\"auto, (max-width: 750px) 100vw, 750px\" \/><\/a><\/figure>\n\n\n\n<p class=\"has-medium-font-size\"><strong>Der ewige Bund Bayern beim Gedenken an Ludwig II.<\/strong><\/p>\n\n\n\n<p style=\"font-size:16px\">Anl\u00e4\u00dflich des diesj\u00e4hrigen Gedenkgottesdienst zum 137. Todestag Seiner Majest\u00e4t K\u00f6nig Ludwigs II. in der Kapelle des Schlo\u00dfparks reisten auch Mitarbeiter des Portals f\u00fcr das K\u00f6nigreich Bayern zum Andenken an K\u00f6nig Ludwig II. nach Leoni am Starnberger See.<\/p>\n\n\n<div class=\"gb-container gb-container-5cf822d0\"><div class=\"gb-inside-container\">\n\n<p><a href=\"https:\/\/www.ewigerbund.org\/bayern\/bayern-heute\/gedenkgottesdienst-ludwig-ii\/\">Gedenkgottesdienst Ludwig II \u2192<\/a><\/p>\n\n<\/div><\/div>\n\n\n<p class=\"has-text-color\" style=\"color:#0082b9\"><a href=\"https:\/\/www.ewigerbund.org\/bayern\/berichte-gedenkgottesdienst-ludwig-ii-am-11-juni-2023\/\"> <\/a><\/p>\n<\/div>\n\n\n\n<div class=\"wp-block-column cat-box-border is-layout-flow wp-block-column-is-layout-flow\">\n<figure class=\"wp-block-image size-large\"><a href=\"https:\/\/www.ewigerbund.org\/bayern\/das-staatsbad-koenig-ludwigs-i-in-brueckenau\/\"><img loading=\"lazy\" decoding=\"async\" width=\"1024\" height=\"576\" src=\"https:\/\/www.ewigerbund.org\/bayern\/wp-content\/uploads\/sites\/12\/2023\/09\/brueckenau-ludwig-i-thron-unten1-1024x576.jpg\" alt=\"\" class=\"wp-image-3818\" srcset=\"https:\/\/www.ewigerbund.org\/bayern\/wp-content\/uploads\/sites\/12\/2023\/09\/brueckenau-ludwig-i-thron-unten1-1024x576.jpg 1024w, https:\/\/www.ewigerbund.org\/bayern\/wp-content\/uploads\/sites\/12\/2023\/09\/brueckenau-ludwig-i-thron-unten1-300x169.jpg 300w, https:\/\/www.ewigerbund.org\/bayern\/wp-content\/uploads\/sites\/12\/2023\/09\/brueckenau-ludwig-i-thron-unten1-768x432.jpg 768w, https:\/\/www.ewigerbund.org\/bayern\/wp-content\/uploads\/sites\/12\/2023\/09\/brueckenau-ludwig-i-thron-unten1.jpg 1200w\" sizes=\"auto, (max-width: 1024px) 100vw, 1024px\" \/><\/a><\/figure>\n\n\n\n<h2 class=\"gb-headline gb-headline-4a720ccc gb-headline-text\"><strong>Der ewige Bund Bayern im Staatsbad K\u00f6nig Ludwigs I.<\/strong><\/h2>\n\n\n\n<p class=\"has-text-color\" style=\"color:#656565;font-size:15px\"><span style=\"font-size: revert;color: initial\">Bad Br\u00fcckenau. Nachdem der letzte Ausflug des ewigen Bundes in Bayern anl\u00e4sslich eines Gedenkgottesdienstes zum Andenken an&nbsp;<\/span>K\u00f6nig Ludwig II.<span style=\"font-size: revert;color: initial\">, an den malerischen W\u00fcrmsee f\u00fchrte, folgte man dieses Mal den Spuren<\/span>&nbsp;K\u00f6nig Ludwigs I.<span style=\"font-size: revert;color: initial\">, dem Gro\u00dfvater&nbsp;<\/span>K\u00f6nig Ludwigs II.<span style=\"font-size: revert;color: initial\">, ins sch\u00f6ne Unterfranken.<\/span><\/p>\n\n\n<div class=\"gb-container gb-container-d3141035\">\n\n<p><a href=\"https:\/\/www.ewigerbund.org\/bayern\/das-staatsbad-koenig-ludwigs-i-in-brueckenau\/\">Das Staatsbad \u2192<\/a><\/p>\n\n<\/div>\n\n\n<p><\/p>\n<\/div>\n\n\n\n<div class=\"wp-block-column cat-box-border is-layout-flow wp-block-column-is-layout-flow\">\n<figure class=\"wp-block-gallery has-nested-images columns-default is-cropped wp-block-gallery-1 is-layout-flex wp-block-gallery-is-layout-flex\">\n<figure class=\"wp-block-image size-large\"><a href=\"https:\/\/www.ewigerbund.org\/bayern\/bayern-heute\/haus-wittelsbach-herrschergeschlecht-bayerns\/\"><img loading=\"lazy\" decoding=\"async\" width=\"1024\" height=\"580\" src=\"https:\/\/www.ewigerbund.org\/bayern\/wp-content\/uploads\/sites\/12\/2023\/07\/Herzog-Franz-1024x580.jpg\" alt=\"Herzog-Franz\" class=\"wp-image-3291\" srcset=\"https:\/\/www.ewigerbund.org\/bayern\/wp-content\/uploads\/sites\/12\/2023\/07\/Herzog-Franz-1024x580.jpg 1024w, https:\/\/www.ewigerbund.org\/bayern\/wp-content\/uploads\/sites\/12\/2023\/07\/Herzog-Franz-300x170.jpg 300w, https:\/\/www.ewigerbund.org\/bayern\/wp-content\/uploads\/sites\/12\/2023\/07\/Herzog-Franz-768x435.jpg 768w, https:\/\/www.ewigerbund.org\/bayern\/wp-content\/uploads\/sites\/12\/2023\/07\/Herzog-Franz.jpg 1200w\" sizes=\"auto, (max-width: 1024px) 100vw, 1024px\" \/><\/a><\/figure>\n<\/figure>\n\n\n\n<p style=\"font-size:19px\"><strong>Das Haus Wittelsbach &#8211; Herrschergeschlecht Bayerns<\/strong>, <strong>Seine K\u00f6nigliche Majest\u00e4t Franz von Bayern.<\/strong><\/p>\n\n\n\n<p style=\"font-size:16px\">&#8222;Wenn Bayern noch eine Monarchie w\u00e4re, dann w\u00e4re er K\u00f6nig.&#8220; Nahezu in jedem \u00f6ffentlichen Interview mit ihm findet dieser Umstand seine Erw\u00e4hnung. Die Rede ist von Franz, Herzog von Bayern.<\/p>\n\n\n<div class=\"gb-container gb-container-d43b3495\"><div class=\"gb-inside-container\">\n\n<p><a href=\"https:\/\/www.ewigerbund.org\/bayern\/bayern-heute\/haus-wittelsbach-herrschergeschlecht-bayerns\/\">Franz, Herzog von Bayern. \u2192<\/a><\/p>\n\n<\/div><\/div>\n\n\n<p><\/p>\n<\/div>\n<\/div>\n\n\n\n<div class=\"wp-block-columns is-layout-flex wp-container-core-columns-is-layout-3 wp-block-columns-is-layout-flex\">\n<div class=\"wp-block-column cat-box-border is-layout-flow wp-block-column-is-layout-flow\"><div class=\"gb-container gb-container-0431f1f4\">\n\n<figure class=\"wp-block-gallery has-nested-images columns-default is-cropped wp-block-gallery-2 is-layout-flex wp-block-gallery-is-layout-flex\">\n<figure class=\"wp-block-image size-large\"><a href=\"https:\/\/www.ewigerbund.org\/bayern\/geschichte\/1743-1814-graf-rumford\/\"><img loading=\"lazy\" decoding=\"async\" width=\"1024\" height=\"576\" data-id=\"4466\" src=\"https:\/\/www.ewigerbund.org\/bayern\/wp-content\/uploads\/sites\/12\/2023\/11\/Benjamin_Thompson_wiki_bunt_Flagge-1024x576.jpg\" alt=\"\" class=\"wp-image-4466\" srcset=\"https:\/\/www.ewigerbund.org\/bayern\/wp-content\/uploads\/sites\/12\/2023\/11\/Benjamin_Thompson_wiki_bunt_Flagge-1024x576.jpg 1024w, https:\/\/www.ewigerbund.org\/bayern\/wp-content\/uploads\/sites\/12\/2023\/11\/Benjamin_Thompson_wiki_bunt_Flagge-300x169.jpg 300w, https:\/\/www.ewigerbund.org\/bayern\/wp-content\/uploads\/sites\/12\/2023\/11\/Benjamin_Thompson_wiki_bunt_Flagge-768x432.jpg 768w, https:\/\/www.ewigerbund.org\/bayern\/wp-content\/uploads\/sites\/12\/2023\/11\/Benjamin_Thompson_wiki_bunt_Flagge.jpg 1200w\" sizes=\"auto, (max-width: 1024px) 100vw, 1024px\" \/><\/a><\/figure>\n<\/figure>\n\n\n\n<h2 class=\"gb-headline gb-headline-6fb3f92c gb-headline-text\"><strong>Sir Benjamin Thompson Graf von Rumford<\/strong>.<\/h2>\n\n\n\n<p>Bayerischer Kriegsminister, Sozial- und Heeresreformer, Physiker, Erfinder.<\/p>\n\n\n\n<p style=\"font-size:15px\">Nachdem bei manchen Deutschen nach wie vor ein US-amerikanischer Unternehmer, Unterhalter und so genannter Politiker&nbsp;als der gro\u00dfe Heilsbringer f\u00fcr die Zukunft der Deutschen angesehen wird, wollen wir uns mit diesem Bericht einem Amerikaner widmen, der sich wahrhaftig mit seinen Leistungen&#8230;<\/p>\n\n\n\n<p><a href=\"https:\/\/www.ewigerbund.org\/bayern\/geschichte\/1743-1814-graf-rumford\/\">Wer war dieser Mann? \u2192<\/a><\/p>\n\n<\/div><\/div>\n\n\n\n<div class=\"wp-block-column cat-box-border is-layout-flow wp-block-column-is-layout-flow\">\n<figure class=\"wp-block-image size-large\"><a href=\"https:\/\/www.ewigerbund.org\/bayern\/startseite\/herz-eb\/aktuelles\/freistaat-oder-koenigreich\/\"><img loading=\"lazy\" decoding=\"async\" width=\"1024\" height=\"576\" src=\"https:\/\/www.ewigerbund.org\/bayern\/wp-content\/uploads\/sites\/12\/2023\/11\/Antibolschewist-1024x576.jpg\" alt=\"\" class=\"wp-image-4382\" srcset=\"https:\/\/www.ewigerbund.org\/bayern\/wp-content\/uploads\/sites\/12\/2023\/11\/Antibolschewist-1024x576.jpg 1024w, https:\/\/www.ewigerbund.org\/bayern\/wp-content\/uploads\/sites\/12\/2023\/11\/Antibolschewist-300x169.jpg 300w, https:\/\/www.ewigerbund.org\/bayern\/wp-content\/uploads\/sites\/12\/2023\/11\/Antibolschewist-768x432.jpg 768w, https:\/\/www.ewigerbund.org\/bayern\/wp-content\/uploads\/sites\/12\/2023\/11\/Antibolschewist.jpg 1200w\" sizes=\"auto, (max-width: 1024px) 100vw, 1024px\" \/><\/a><\/figure>\n\n\n\n<h2 class=\"wp-block-heading\" style=\"font-size:20px\"><strong>Freistaat oder K\u00f6nigreich?<\/strong><\/h2>\n\n\n\n<p id=\"bkmrk-herzogtum%2C-f%C3%BCrstenst\" style=\"font-size:15px\">Herzogtum, F\u00fcrstenstaat, K\u00f6nigreich. Seit dem Jahr&nbsp;1180&nbsp;wurden die bayerischen Lande durch das Haus Wittelsbach regiert. Noch immer ist das Herrschergeschlecht im Land pr\u00e4sent. Die Familie Wittelsbach wirkt bis heute&#8230;&nbsp;<\/p>\n\n\n<div class=\"gb-container gb-container-33e6760f\">\n\n<p style=\"font-size:16px\"><a href=\"https:\/\/www.ewigerbund.org\/bayern\/startseite\/herz-eb\/aktuelles\/freistaat-oder-koenigreich\/\">Weiterlesen \u2192<\/a><\/p>\n\n<\/div><\/div>\n\n\n\n<div class=\"wp-block-column cat-box-border is-layout-flow wp-block-column-is-layout-flow\">\n<figure class=\"wp-block-image size-large\"><a href=\"https:\/\/www.ewigerbund.org\/bayern\/geschichte\/begraebnis-koenig-ludwigs\/\"><img loading=\"lazy\" decoding=\"async\" width=\"1024\" height=\"576\" src=\"https:\/\/www.ewigerbund.org\/bayern\/wp-content\/uploads\/sites\/12\/2023\/11\/BeisetzungLudwigIII-1024x576.jpg\" alt=\"\" class=\"wp-image-4313\" srcset=\"https:\/\/www.ewigerbund.org\/bayern\/wp-content\/uploads\/sites\/12\/2023\/11\/BeisetzungLudwigIII-1024x576.jpg 1024w, https:\/\/www.ewigerbund.org\/bayern\/wp-content\/uploads\/sites\/12\/2023\/11\/BeisetzungLudwigIII-300x169.jpg 300w, https:\/\/www.ewigerbund.org\/bayern\/wp-content\/uploads\/sites\/12\/2023\/11\/BeisetzungLudwigIII-768x432.jpg 768w, https:\/\/www.ewigerbund.org\/bayern\/wp-content\/uploads\/sites\/12\/2023\/11\/BeisetzungLudwigIII.jpg 1200w\" sizes=\"auto, (max-width: 1024px) 100vw, 1024px\" \/><\/a><\/figure>\n\n\n\n<h2 class=\"gb-headline gb-headline-7b938206 gb-headline-text\"><strong>1921. Das denkw\u00fcrdige Begr\u00e4bnis K\u00f6nig Ludwigs III.<\/strong><\/h2>\n\n\n\n<p style=\"font-size:16px\">Seit dem gewaltsamen Umsturz durch eine extremistische Minderheit im November 1918 ist die Lage im Land instabil und das Verh\u00e4ltnis zwischen der bayerischen und der vermeintlichen&#8230;<\/p>\n\n\n<div class=\"gb-container gb-container-55c599e0\">\n\n<p><a href=\"https:\/\/www.ewigerbund.org\/bayern\/geschichte\/begraebnis-koenig-ludwigs\/\">Das Begr\u00e4bnis K\u00f6nig Ludwigs III. \u2192<\/a><\/p>\n\n<\/div><\/div>\n<\/div>\n\n\n\n<p><\/p>\n","protected":false},"excerpt":{"rendered":"<p>Neujahrsgru\u00df nach Sachsen. Beginnend mit diesen Worten und anl\u00e4sslich des neuen Jahres m\u00f6chten wir als Neujahrsgru\u00df nach Sachsen unsere besten W\u00fcnsche \u00fcbermitteln. Seit nunmehr einem Jahr sind wir auf der gemeinsamen Reise, die K\u00f6nigreiche Sachsen und Bayern zu restaurieren. Herzliche Gr\u00fc\u00dfe \u2192 Der ewige Bund Bayern beim Gedenken an Ludwig II. Anl\u00e4\u00dflich des diesj\u00e4hrigen Gedenkgottesdienst &#8230; <a title=\"Neueste Beitr\u00e4ge.\" class=\"read-more\" href=\"https:\/\/www.ewigerbund.org\/bayern\/neueste-beitraege\/\" aria-label=\"Mehr zu Neueste Beitr\u00e4ge.\">Weiterlesen &#8230;<\/a><\/p>\n","protected":false},"author":1,"featured_media":2804,"parent":0,"menu_order":2,"comment_status":"closed","ping_status":"closed","template":"","meta":{"footnotes":""},"categories":[1,6,5],"tags":[494,171,43,30,248,31],"class_list":["post-1896","page","type-page","status-publish","has-post-thumbnail","hentry","category-allgemein","category-bayern","category-bundesstaat","tag-aktuelles","tag-bayern","tag-koenigreich-bayern","tag-ludwig-xiv","tag-niederbayern","tag-pfalz"],"yoast_head":"<!-- This site is optimized with the Yoast SEO plugin v23.1 - https:\/\/yoast.com\/wordpress\/plugins\/seo\/ -->\n<title>Neueste Beitr\u00e4ge. - K\u00f6nigreich Bayern<\/title>\n<meta name=\"description\" content=\"Anl\u00e4\u00dflich des diesj\u00e4hrigen Gedenkgottesdienst zum 137. Todestag Seiner Majest\u00e4t K\u00f6nig Ludwigs II. in der Kapelle des Schlo\u00dfparks....\" \/>\n<meta name=\"robots\" content=\"index, follow, max-snippet:-1, max-image-preview:large, max-video-preview:-1\" \/>\n<link rel=\"canonical\" href=\"https:\/\/www.ewigerbund.org\/bayern\/neueste-beitraege\/\" \/>\n<meta property=\"og:locale\" content=\"de_DE\" \/>\n<meta property=\"og:type\" content=\"article\" \/>\n<meta property=\"og:title\" content=\"Neueste Beitr\u00e4ge. - K\u00f6nigreich Bayern\" \/>\n<meta property=\"og:description\" content=\"Anl\u00e4\u00dflich des diesj\u00e4hrigen Gedenkgottesdienst zum 137. Todestag Seiner Majest\u00e4t K\u00f6nig Ludwigs II. in der Kapelle des Schlo\u00dfparks....\" \/>\n<meta property=\"og:url\" content=\"https:\/\/www.ewigerbund.org\/bayern\/neueste-beitraege\/\" \/>\n<meta property=\"og:site_name\" content=\"K\u00f6nigreich Bayern\" \/>\n<meta property=\"article:modified_time\" content=\"2024-02-06T16:29:25+00:00\" \/>\n<meta property=\"og:image\" content=\"https:\/\/www.ewigerbund.org\/bayern\/wp-content\/uploads\/sites\/12\/2023\/06\/Aktuelles-Banner.jpg\" \/>\n\t<meta property=\"og:image:width\" content=\"1920\" \/>\n\t<meta property=\"og:image:height\" content=\"350\" \/>\n\t<meta property=\"og:image:type\" content=\"image\/jpeg\" \/>\n<meta name=\"twitter:card\" content=\"summary_large_image\" \/>\n<meta name=\"twitter:label1\" content=\"Gesch\u00e4tzte Lesezeit\" \/>\n\t<meta name=\"twitter:data1\" content=\"2\u00a0Minuten\" \/>\n<script type=\"application\/ld+json\" class=\"yoast-schema-graph\">{\"@context\":\"https:\/\/schema.org\",\"@graph\":[{\"@type\":\"WebPage\",\"@id\":\"https:\/\/www.ewigerbund.org\/bayern\/neueste-beitraege\/\",\"url\":\"https:\/\/www.ewigerbund.org\/bayern\/neueste-beitraege\/\",\"name\":\"Neueste Beitr\u00e4ge. - K\u00f6nigreich Bayern\",\"isPartOf\":{\"@id\":\"https:\/\/www.ewigerbund.org\/bayern\/#website\"},\"primaryImageOfPage\":{\"@id\":\"https:\/\/www.ewigerbund.org\/bayern\/neueste-beitraege\/#primaryimage\"},\"image\":{\"@id\":\"https:\/\/www.ewigerbund.org\/bayern\/neueste-beitraege\/#primaryimage\"},\"thumbnailUrl\":\"https:\/\/www.ewigerbund.org\/bayern\/wp-content\/uploads\/sites\/12\/2023\/06\/Aktuelles-Banner.jpg\",\"datePublished\":\"2023-04-12T21:45:24+00:00\",\"dateModified\":\"2024-02-06T16:29:25+00:00\",\"description\":\"Anl\u00e4\u00dflich des diesj\u00e4hrigen Gedenkgottesdienst zum 137. Todestag Seiner Majest\u00e4t K\u00f6nig Ludwigs II. in der Kapelle des Schlo\u00dfparks....\",\"breadcrumb\":{\"@id\":\"https:\/\/www.ewigerbund.org\/bayern\/neueste-beitraege\/#breadcrumb\"},\"inLanguage\":\"de\",\"potentialAction\":[{\"@type\":\"ReadAction\",\"target\":[\"https:\/\/www.ewigerbund.org\/bayern\/neueste-beitraege\/\"]}]},{\"@type\":\"ImageObject\",\"inLanguage\":\"de\",\"@id\":\"https:\/\/www.ewigerbund.org\/bayern\/neueste-beitraege\/#primaryimage\",\"url\":\"https:\/\/www.ewigerbund.org\/bayern\/wp-content\/uploads\/sites\/12\/2023\/06\/Aktuelles-Banner.jpg\",\"contentUrl\":\"https:\/\/www.ewigerbund.org\/bayern\/wp-content\/uploads\/sites\/12\/2023\/06\/Aktuelles-Banner.jpg\",\"width\":1920,\"height\":350,\"caption\":\"Aktuelles-Banner\"},{\"@type\":\"BreadcrumbList\",\"@id\":\"https:\/\/www.ewigerbund.org\/bayern\/neueste-beitraege\/#breadcrumb\",\"itemListElement\":[{\"@type\":\"ListItem\",\"position\":1,\"name\":\"Startseite\",\"item\":\"https:\/\/www.ewigerbund.org\/bayern\/\"},{\"@type\":\"ListItem\",\"position\":2,\"name\":\"Neueste Beitr\u00e4ge.\"}]},{\"@type\":\"WebSite\",\"@id\":\"https:\/\/www.ewigerbund.org\/bayern\/#website\",\"url\":\"https:\/\/www.ewigerbund.org\/bayern\/\",\"name\":\"K\u00f6nigreich Bayern\",\"description\":\"im ewigen Bund.\",\"publisher\":{\"@id\":\"https:\/\/www.ewigerbund.org\/bayern\/#organization\"},\"potentialAction\":[{\"@type\":\"SearchAction\",\"target\":{\"@type\":\"EntryPoint\",\"urlTemplate\":\"https:\/\/www.ewigerbund.org\/bayern\/?s={search_term_string}\"},\"query-input\":\"required name=search_term_string\"}],\"inLanguage\":\"de\"},{\"@type\":\"Organization\",\"@id\":\"https:\/\/www.ewigerbund.org\/bayern\/#organization\",\"name\":\"K\u00f6nigreich Bayern\",\"url\":\"https:\/\/www.ewigerbund.org\/bayern\/\",\"logo\":{\"@type\":\"ImageObject\",\"inLanguage\":\"de\",\"@id\":\"https:\/\/www.ewigerbund.org\/bayern\/#\/schema\/logo\/image\/\",\"url\":\"https:\/\/www.ewigerbund.org\/bayern\/wp-content\/uploads\/sites\/12\/2023\/02\/2023-02-24-Logo-EB-Bayern-Schutzzone_Schatten_BGweiss_V2_1200px.png\",\"contentUrl\":\"https:\/\/www.ewigerbund.org\/bayern\/wp-content\/uploads\/sites\/12\/2023\/02\/2023-02-24-Logo-EB-Bayern-Schutzzone_Schatten_BGweiss_V2_1200px.png\",\"width\":1200,\"height\":1200,\"caption\":\"K\u00f6nigreich Bayern\"},\"image\":{\"@id\":\"https:\/\/www.ewigerbund.org\/bayern\/#\/schema\/logo\/image\/\"}}]}<\/script>\n<!-- \/ Yoast SEO plugin. -->","yoast_head_json":{"title":"Neueste Beitr\u00e4ge. - K\u00f6nigreich Bayern","description":"Anl\u00e4\u00dflich des diesj\u00e4hrigen Gedenkgottesdienst zum 137. Todestag Seiner Majest\u00e4t K\u00f6nig Ludwigs II. in der Kapelle des Schlo\u00dfparks....","robots":{"index":"index","follow":"follow","max-snippet":"max-snippet:-1","max-image-preview":"max-image-preview:large","max-video-preview":"max-video-preview:-1"},"canonical":"https:\/\/www.ewigerbund.org\/bayern\/neueste-beitraege\/","og_locale":"de_DE","og_type":"article","og_title":"Neueste Beitr\u00e4ge. - K\u00f6nigreich Bayern","og_description":"Anl\u00e4\u00dflich des diesj\u00e4hrigen Gedenkgottesdienst zum 137. Todestag Seiner Majest\u00e4t K\u00f6nig Ludwigs II. in der Kapelle des Schlo\u00dfparks....","og_url":"https:\/\/www.ewigerbund.org\/bayern\/neueste-beitraege\/","og_site_name":"K\u00f6nigreich Bayern","article_modified_time":"2024-02-06T16:29:25+00:00","og_image":[{"width":1920,"height":350,"url":"https:\/\/www.ewigerbund.org\/bayern\/wp-content\/uploads\/sites\/12\/2023\/06\/Aktuelles-Banner.jpg","type":"image\/jpeg"}],"twitter_card":"summary_large_image","twitter_misc":{"Gesch\u00e4tzte Lesezeit":"2\u00a0Minuten"},"schema":{"@context":"https:\/\/schema.org","@graph":[{"@type":"WebPage","@id":"https:\/\/www.ewigerbund.org\/bayern\/neueste-beitraege\/","url":"https:\/\/www.ewigerbund.org\/bayern\/neueste-beitraege\/","name":"Neueste Beitr\u00e4ge. - K\u00f6nigreich Bayern","isPartOf":{"@id":"https:\/\/www.ewigerbund.org\/bayern\/#website"},"primaryImageOfPage":{"@id":"https:\/\/www.ewigerbund.org\/bayern\/neueste-beitraege\/#primaryimage"},"image":{"@id":"https:\/\/www.ewigerbund.org\/bayern\/neueste-beitraege\/#primaryimage"},"thumbnailUrl":"https:\/\/www.ewigerbund.org\/bayern\/wp-content\/uploads\/sites\/12\/2023\/06\/Aktuelles-Banner.jpg","datePublished":"2023-04-12T21:45:24+00:00","dateModified":"2024-02-06T16:29:25+00:00","description":"Anl\u00e4\u00dflich des diesj\u00e4hrigen Gedenkgottesdienst zum 137. Todestag Seiner Majest\u00e4t K\u00f6nig Ludwigs II. in der Kapelle des Schlo\u00dfparks....","breadcrumb":{"@id":"https:\/\/www.ewigerbund.org\/bayern\/neueste-beitraege\/#breadcrumb"},"inLanguage":"de","potentialAction":[{"@type":"ReadAction","target":["https:\/\/www.ewigerbund.org\/bayern\/neueste-beitraege\/"]}]},{"@type":"ImageObject","inLanguage":"de","@id":"https:\/\/www.ewigerbund.org\/bayern\/neueste-beitraege\/#primaryimage","url":"https:\/\/www.ewigerbund.org\/bayern\/wp-content\/uploads\/sites\/12\/2023\/06\/Aktuelles-Banner.jpg","contentUrl":"https:\/\/www.ewigerbund.org\/bayern\/wp-content\/uploads\/sites\/12\/2023\/06\/Aktuelles-Banner.jpg","width":1920,"height":350,"caption":"Aktuelles-Banner"},{"@type":"BreadcrumbList","@id":"https:\/\/www.ewigerbund.org\/bayern\/neueste-beitraege\/#breadcrumb","itemListElement":[{"@type":"ListItem","position":1,"name":"Startseite","item":"https:\/\/www.ewigerbund.org\/bayern\/"},{"@type":"ListItem","position":2,"name":"Neueste Beitr\u00e4ge."}]},{"@type":"WebSite","@id":"https:\/\/www.ewigerbund.org\/bayern\/#website","url":"https:\/\/www.ewigerbund.org\/bayern\/","name":"K\u00f6nigreich Bayern","description":"im ewigen Bund.","publisher":{"@id":"https:\/\/www.ewigerbund.org\/bayern\/#organization"},"potentialAction":[{"@type":"SearchAction","target":{"@type":"EntryPoint","urlTemplate":"https:\/\/www.ewigerbund.org\/bayern\/?s={search_term_string}"},"query-input":"required name=search_term_string"}],"inLanguage":"de"},{"@type":"Organization","@id":"https:\/\/www.ewigerbund.org\/bayern\/#organization","name":"K\u00f6nigreich Bayern","url":"https:\/\/www.ewigerbund.org\/bayern\/","logo":{"@type":"ImageObject","inLanguage":"de","@id":"https:\/\/www.ewigerbund.org\/bayern\/#\/schema\/logo\/image\/","url":"https:\/\/www.ewigerbund.org\/bayern\/wp-content\/uploads\/sites\/12\/2023\/02\/2023-02-24-Logo-EB-Bayern-Schutzzone_Schatten_BGweiss_V2_1200px.png","contentUrl":"https:\/\/www.ewigerbund.org\/bayern\/wp-content\/uploads\/sites\/12\/2023\/02\/2023-02-24-Logo-EB-Bayern-Schutzzone_Schatten_BGweiss_V2_1200px.png","width":1200,"height":1200,"caption":"K\u00f6nigreich Bayern"},"image":{"@id":"https:\/\/www.ewigerbund.org\/bayern\/#\/schema\/logo\/image\/"}}]}},"_links":{"self":[{"href":"https:\/\/www.ewigerbund.org\/bayern\/wp-json\/wp\/v2\/pages\/1896","targetHints":{"allow":["GET"]}}],"collection":[{"href":"https:\/\/www.ewigerbund.org\/bayern\/wp-json\/wp\/v2\/pages"}],"about":[{"href":"https:\/\/www.ewigerbund.org\/bayern\/wp-json\/wp\/v2\/types\/page"}],"author":[{"embeddable":true,"href":"https:\/\/www.ewigerbund.org\/bayern\/wp-json\/wp\/v2\/users\/1"}],"replies":[{"embeddable":true,"href":"https:\/\/www.ewigerbund.org\/bayern\/wp-json\/wp\/v2\/comments?post=1896"}],"version-history":[{"count":84,"href":"https:\/\/www.ewigerbund.org\/bayern\/wp-json\/wp\/v2\/pages\/1896\/revisions"}],"predecessor-version":[{"id":5139,"href":"https:\/\/www.ewigerbund.org\/bayern\/wp-json\/wp\/v2\/pages\/1896\/revisions\/5139"}],"wp:featuredmedia":[{"embeddable":true,"href":"https:\/\/www.ewigerbund.org\/bayern\/wp-json\/wp\/v2\/media\/2804"}],"wp:attachment":[{"href":"https:\/\/www.ewigerbund.org\/bayern\/wp-json\/wp\/v2\/media?parent=1896"}],"wp:term":[{"taxonomy":"category","embeddable":true,"href":"https:\/\/www.ewigerbund.org\/bayern\/wp-json\/wp\/v2\/categories?post=1896"},{"taxonomy":"post_tag","embeddable":true,"href":"https:\/\/www.ewigerbund.org\/bayern\/wp-json\/wp\/v2\/tags?post=1896"}],"curies":[{"name":"wp","href":"https:\/\/api.w.org\/{rel}","templated":true}]}}